{"id":92,"date":"2021-04-09T15:13:36","date_gmt":"2021-04-09T13:13:36","guid":{"rendered":"https:\/\/www.creilsudoise-tourisme.fr\/entre-amis\/"},"modified":"2021-04-29T15:07:13","modified_gmt":"2021-04-29T13:07:13","slug":"entre-amis","status":"publish","type":"page","link":"https:\/\/www.creilsudoise-tourisme.fr\/nl\/tussen-vrienden\/","title":{"rendered":"Tussen vrienden"},"content":{"rendered":"<h2 class=\"has-text-align-center\">Onze selectie met vrienden: uitstapjes, restaurants en accommodatie<\/h2>\n\n\n\n<p class=\"is-style-excerpt\">L'<a href=\"https:\/\/www.creilsudoise-tourisme.fr\/nl\/pratique\/loffice-de-tourisme\/equipe\/\" target=\"_blank\" rel=\"noreferrer noopener\">team<\/a> van het Bureau voor Toerisme biedt u een <strong>selectie van uitstapjes, plaatsen om te bezoeken, accommodatie of restaurants<\/strong> om een <strong>verblijf bij vrienden in het zuiden van de Oise<\/strong> !<\/p>\n\n\n<div class=\"wp-block wp-block-child-post alignwide\">\n    <div class=\"entityList clear\">\n        \n<div class=\"entityItem\" data-trigger=\"wpiris-click\" data-id=\"wpiris-entity-slider-item\">\n    <p class=\"entityItemThumbnail\">\n        <a href=\"https:\/\/www.creilsudoise-tourisme.fr\/nl\/tussen-vrienden\/activiteiten-onder-vrienden\/\" nofancybox>\n            <img data-src=\"https:\/\/www.creilsudoise-tourisme.fr\/wp-content\/uploads\/2021\/03\/Escalade-sur-le-fronton-des-Glachoirs-a\u0300-Saint-Vaast-le\u0300s-Mello-275x350.jpg\" alt=\"Activiteiten met vrienden\">\n        <\/a>\n    <\/p>\n    <div class=\"entityItemContent\">\n        <h2 class=\"entityItemContentTitle\">\n            <a href=\"https:\/\/www.creilsudoise-tourisme.fr\/nl\/tussen-vrienden\/activiteiten-onder-vrienden\/\">Activiteiten met vrienden<\/a>\n        <\/h2>\n            <\/div>\n    <a href=\"https:\/\/www.creilsudoise-tourisme.fr\/nl\/tussen-vrienden\/activiteiten-onder-vrienden\/\" class=\"seeMore\"><span class=\"sr-only\">Meer zien<\/span><\/a>\n<\/div>\n        \n<div class=\"entityItem\" data-trigger=\"wpiris-click\" data-id=\"wpiris-entity-slider-item\">\n    <p class=\"entityItemThumbnail\">\n        <a href=\"https:\/\/www.creilsudoise-tourisme.fr\/nl\/tussen-vrienden\/logies-met-vrienden\/\" nofancybox>\n            <img data-src=\"https:\/\/www.creilsudoise-tourisme.fr\/wp-content\/uploads\/2025\/03\/Hebergement-entre-amis-a-Creil-Sud-Oise-1-275x350.jpg\" alt=\"Verblijf bij vrienden\">\n        <\/a>\n    <\/p>\n    <div class=\"entityItemContent\">\n        <h2 class=\"entityItemContentTitle\">\n            <a href=\"https:\/\/www.creilsudoise-tourisme.fr\/nl\/tussen-vrienden\/logies-met-vrienden\/\">Verblijf bij vrienden<\/a>\n        <\/h2>\n            <\/div>\n    <a href=\"https:\/\/www.creilsudoise-tourisme.fr\/nl\/tussen-vrienden\/logies-met-vrienden\/\" class=\"seeMore\"><span class=\"sr-only\">Meer zien<\/span><\/a>\n<\/div>\n        \n<div class=\"entityItem\" data-trigger=\"wpiris-click\" data-id=\"wpiris-entity-slider-item\">\n    <p class=\"entityItemThumbnail\">\n        <a href=\"https:\/\/www.creilsudoise-tourisme.fr\/nl\/tussen-vrienden\/restaurant-vrienden\/\" nofancybox>\n            <img data-src=\"https:\/\/www.creilsudoise-tourisme.fr\/wp-content\/uploads\/2021\/03\/Restaurants-entre-amis-1-275x350.jpg\" alt=\"Restaurants met vrienden\">\n        <\/a>\n    <\/p>\n    <div class=\"entityItemContent\">\n        <h2 class=\"entityItemContentTitle\">\n            <a href=\"https:\/\/www.creilsudoise-tourisme.fr\/nl\/tussen-vrienden\/restaurant-vrienden\/\">Restaurants met vrienden<\/a>\n        <\/h2>\n            <\/div>\n    <a href=\"https:\/\/www.creilsudoise-tourisme.fr\/nl\/tussen-vrienden\/restaurant-vrienden\/\" class=\"seeMore\"><span class=\"sr-only\">Meer zien<\/span><\/a>\n<\/div>\n            <\/div>\n<\/div>\n\n<div class=\"wp-block wp-block-highlight\">\n            <h3 class=\"wp-block-highlight-item wp-block-highlight-title\"><strong>Wil je gaan wandelen?<\/strong><\/h3>\n                <p class=\"wp-block-highlight-item wp-block-highlight-excerpt\">De bestemming Creil Sud Oise wordt gekenmerkt door <a href=\"https:\/\/www.creilsudoise-tourisme.fr\/nl\/jexplore\/les-incontournables\/randonnee\/\" target=\"_blank\" rel=\"noreferrer noopener\"><strong>wandel- en parkpaden<\/strong> <\/a>perfect voor een natuurmoment met je vrienden!<\/p>\n    <\/div>\n\n\n<div class=\"is-layout-flex wp-block-buttons\">\n<div class=\"wp-block-button\"><a class=\"wp-block-button__link\" href=\"https:\/\/www.creilsudoise-tourisme.fr\/nl\/jexplore\/les-incontournables\/randonnee\/\" target=\"_blank\" rel=\"noreferrer noopener\">loopt<\/a><\/div>\n<\/div>\n\n\n\n<hr class=\"wp-block-separator\" \/>\n\n\n\n<div class=\"is-layout-flex wp-container-5 wp-block-columns\">\n<div class=\"is-layout-flow wp-block-column\" style=\"flex-basis:33.33%\">\n<figure class=\"wp-block-image size-large\"><img decoding=\"async\" loading=\"lazy\" width=\"1069\" height=\"1071\" data-src=\"https:\/\/www.creilsudoise-tourisme.fr\/wp-content\/uploads\/2021\/04\/Trouvez-une-activite-entre-amis-dans-lagenda-de-lOffice-de-Tourisme-Creil-Sud-Oise-edited.jpg\" alt=\"Vind een activiteit met vrienden in de agenda van het toeristenbureau van Creil Sud Oise\" class=\"wp-image-33421\" data-srcset=\"https:\/\/www.creilsudoise-tourisme.fr\/wp-content\/uploads\/2021\/04\/Trouvez-une-activite-entre-amis-dans-lagenda-de-lOffice-de-Tourisme-Creil-Sud-Oise-edited.jpg 1069w, https:\/\/www.creilsudoise-tourisme.fr\/wp-content\/uploads\/2021\/04\/Trouvez-une-activite-entre-amis-dans-lagenda-de-lOffice-de-Tourisme-Creil-Sud-Oise-edited-600x600.jpg 600w, https:\/\/www.creilsudoise-tourisme.fr\/wp-content\/uploads\/2021\/04\/Trouvez-une-activite-entre-amis-dans-lagenda-de-lOffice-de-Tourisme-Creil-Sud-Oise-edited-300x300.jpg 300w, https:\/\/www.creilsudoise-tourisme.fr\/wp-content\/uploads\/2021\/04\/Trouvez-une-activite-entre-amis-dans-lagenda-de-lOffice-de-Tourisme-Creil-Sud-Oise-edited-898x900.jpg 898w, https:\/\/www.creilsudoise-tourisme.fr\/wp-content\/uploads\/2021\/04\/Trouvez-une-activite-entre-amis-dans-lagenda-de-lOffice-de-Tourisme-Creil-Sud-Oise-edited-200x200.jpg 200w, https:\/\/www.creilsudoise-tourisme.fr\/wp-content\/uploads\/2021\/04\/Trouvez-une-activite-entre-amis-dans-lagenda-de-lOffice-de-Tourisme-Creil-Sud-Oise-edited-650x651.jpg 650w, https:\/\/www.creilsudoise-tourisme.fr\/wp-content\/uploads\/2021\/04\/Trouvez-une-activite-entre-amis-dans-lagenda-de-lOffice-de-Tourisme-Creil-Sud-Oise-edited-387x388.jpg 387w, https:\/\/www.creilsudoise-tourisme.fr\/wp-content\/uploads\/2021\/04\/Trouvez-une-activite-entre-amis-dans-lagenda-de-lOffice-de-Tourisme-Creil-Sud-Oise-edited-275x276.jpg 275w\" sizes=\"(max-width: 1069px) 100vw, 1069px\" \/><\/figure>\n<\/div>\n\n\n\n<div class=\"is-layout-flow wp-block-column\" style=\"flex-basis:66.66%\">\n<p>Ontdek <strong>wat te doen dit weekend of binnenkort<\/strong> door de<a href=\"https:\/\/www.creilsudoise-tourisme.fr\/nl\/agenda\/\" target=\"_blank\" rel=\"noreferrer noopener\">'<strong>Evenementenkalender<\/strong><\/a> !<\/p>\n\n\n\n<div class=\"is-layout-flex wp-block-buttons\">\n<div class=\"wp-block-button\"><a class=\"wp-block-button__link\" href=\"https:\/\/www.creilsudoise-tourisme.fr\/nl\/agenda\/\" target=\"_blank\" rel=\"noreferrer noopener\">agenda<\/a><\/div>\n<\/div>\n<\/div>\n<\/div>\n\n\n\n<div class=\"wp-block wp-block-accordion\" id=\"accordion\">\n    \n                    <div class=\"wp-block-accordion-item\">\n            <div id=\"heading3680\">\n                <h3 class=\"wp-block-accordion-item-title\" data-toggle=\"collapse\" data-target=\"#collapse3680\">\n                    Ben je met kinderen?                <\/h3>\n            <\/div>\n            <div class=\"wp-block-accordion-item-content collapse\" id=\"collapse3680\" data-parent=\"#accordion\">\n                <p>U bent op zoek naar <strong>idee\u00ebn voor een uitje met vrienden en kinderen<\/strong> ? Vind onze <strong>selectie van activiteiten, accommodatie en restaurants aangepast aan het verblijf <a href='https:\/\/www.creilsudoise-tourisme.fr\/nl\/in-de-familie\/' target='_blank' rel='noreferrer noopener'>in de familie<\/a><\/strong>!<\/p>            <\/div>\n        <\/div>\n                    <div class=\"wp-block-accordion-item\">\n            <div id=\"heading7560\">\n                <h3 class=\"wp-block-accordion-item-title\" data-toggle=\"collapse\" data-target=\"#collapse7560\">\n                    Of als koppel?                <\/h3>\n            <\/div>\n            <div class=\"wp-block-accordion-item-content collapse\" id=\"collapse7560\" data-parent=\"#accordion\">\n                <p>Wij hebben voor u de cocooning accommodaties, de romantische restaurants en de activiteiten geselecteerd om een verblijf door te brengen <a href='https:\/\/www.creilsudoise-tourisme.fr\/nl\/en-koppel\/' target='_blank' rel='noreferrer noopener'>in paren<\/a> in Creil Sud Oise!<\/p>            <\/div>\n        <\/div>\n    \n<\/div>","protected":false},"excerpt":{"rendered":"<p>Onze selectie uitjes, restaurants en overnachtingsmogelijkheden voor vrienden Het team van het Office du Tourisme heeft een selectie uitjes, bezienswaardigheden, overnachtingsmogelijkheden en restaurants samengesteld om je te helpen bij het organiseren van een vakantie met vrienden in het zuiden van de Oise! Ontdek wat er dit weekend of in de nabije toekomst te doen is in de evenementenkalender!<\/p>","protected":false},"author":3,"featured_media":32370,"parent":0,"menu_order":6,"comment_status":"closed","ping_status":"closed","template":"","meta":{"_relevanssi_hide_post":"","_relevanssi_hide_content":"","_relevanssi_pin_for_all":"","_relevanssi_pin_keywords":"","_relevanssi_unpin_keywords":"","_relevanssi_related_keywords":"","_relevanssi_related_include_ids":"","_relevanssi_related_exclude_ids":"","_relevanssi_related_no_append":"","_relevanssi_related_not_related":"","_relevanssi_related_posts":"275,271,273,267","_relevanssi_noindex_reason":""},"yoast_head":"<!-- This site is optimized with the Yoast SEO plugin v20.2.1 - https:\/\/yoast.com\/wordpress\/plugins\/seo\/ -->\n<title>Que faire, o\u00f9 dormir et o\u00f9 manger entre amis dans le Sud de l\u2019Oise<\/title>\n<meta name=\"description\" content=\"Nous avons s\u00e9lectionn\u00e9 pour vous les activit\u00e9s, restaurants et h\u00e9bergements id\u00e9aux pour un s\u00e9jour entre amis \u00e0 Creil Sud Oise, pr\u00e8s de Chantilly !\" \/>\n<meta name=\"robots\" content=\"index, follow, max-snippet:-1, max-image-preview:large, max-video-preview:-1\" \/>\n<link rel=\"canonical\" href=\"https:\/\/www.creilsudoise-tourisme.fr\/nl\/tussen-vrienden\/\" \/>\n<meta property=\"og:locale\" content=\"nl_NL\" \/>\n<meta property=\"og:type\" content=\"article\" \/>\n<meta property=\"og:title\" content=\"Que faire, o\u00f9 dormir et o\u00f9 manger entre amis dans le Sud de l\u2019Oise\" \/>\n<meta property=\"og:description\" content=\"Nous avons s\u00e9lectionn\u00e9 pour vous les activit\u00e9s, restaurants et h\u00e9bergements id\u00e9aux pour un s\u00e9jour entre amis \u00e0 Creil Sud Oise, pr\u00e8s de Chantilly !\" \/>\n<meta property=\"og:url\" content=\"https:\/\/www.creilsudoise-tourisme.fr\/nl\/tussen-vrienden\/\" \/>\n<meta property=\"og:site_name\" content=\"Office de Tourisme Creil Sud Oise\" \/>\n<meta property=\"article:publisher\" content=\"https:\/\/www.facebook.com\/creilsudoisetourisme\/\" \/>\n<meta property=\"article:modified_time\" content=\"2021-04-29T13:07:13+00:00\" \/>\n<meta property=\"og:image\" content=\"https:\/\/www.creilsudoise-tourisme.fr\/wp-content\/uploads\/2021\/03\/Peinture-sur-faience-une-animation-adultes-au-Musee-Galle-Juillet.jpg\" \/>\n\t<meta property=\"og:image:width\" content=\"1800\" \/>\n\t<meta property=\"og:image:height\" content=\"1200\" \/>\n\t<meta property=\"og:image:type\" content=\"image\/jpeg\" \/>\n<meta name=\"twitter:card\" content=\"summary_large_image\" \/>\n<meta name=\"twitter:site\" content=\"@CreilSudOiseOT\" \/>\n<meta name=\"twitter:label1\" content=\"Geschatte leestijd\" \/>\n\t<meta name=\"twitter:data1\" content=\"1 minuut\" \/>\n<script type=\"application\/ld+json\" class=\"yoast-schema-graph\">{\"@context\":\"https:\/\/schema.org\",\"@graph\":[{\"@type\":\"WebPage\",\"@id\":\"https:\/\/www.creilsudoise-tourisme.fr\/entre-amis\/\",\"url\":\"https:\/\/www.creilsudoise-tourisme.fr\/entre-amis\/\",\"name\":\"Que faire, o\u00f9 dormir et o\u00f9 manger entre amis dans le Sud de l\u2019Oise\",\"isPartOf\":{\"@id\":\"https:\/\/www.creilsudoise-tourisme.fr\/#website\"},\"datePublished\":\"2021-04-09T13:13:36+00:00\",\"dateModified\":\"2021-04-29T13:07:13+00:00\",\"description\":\"Nous avons s\u00e9lectionn\u00e9 pour vous les activit\u00e9s, restaurants et h\u00e9bergements id\u00e9aux pour un s\u00e9jour entre amis \u00e0 Creil Sud Oise, pr\u00e8s de Chantilly !\",\"breadcrumb\":{\"@id\":\"https:\/\/www.creilsudoise-tourisme.fr\/entre-amis\/#breadcrumb\"},\"inLanguage\":\"nl\",\"potentialAction\":[{\"@type\":\"ReadAction\",\"target\":[\"https:\/\/www.creilsudoise-tourisme.fr\/entre-amis\/\"]}]},{\"@type\":\"BreadcrumbList\",\"@id\":\"https:\/\/www.creilsudoise-tourisme.fr\/entre-amis\/#breadcrumb\",\"itemListElement\":[{\"@type\":\"ListItem\",\"position\":1,\"name\":\"Accueil\",\"item\":\"https:\/\/www.creilsudoise-tourisme.fr\/\"},{\"@type\":\"ListItem\",\"position\":2,\"name\":\"Entre amis\"}]},{\"@type\":\"WebSite\",\"@id\":\"https:\/\/www.creilsudoise-tourisme.fr\/#website\",\"url\":\"https:\/\/www.creilsudoise-tourisme.fr\/\",\"name\":\"Office de Tourisme Creil Sud Oise\",\"description\":\"Creil Sud Oise Tourisme, un territoire \u00e0 explorer !\",\"publisher\":{\"@id\":\"https:\/\/www.creilsudoise-tourisme.fr\/#organization\"},\"potentialAction\":[{\"@type\":\"SearchAction\",\"target\":{\"@type\":\"EntryPoint\",\"urlTemplate\":\"https:\/\/www.creilsudoise-tourisme.fr\/?s={search_term_string}\"},\"query-input\":\"required name=search_term_string\"}],\"inLanguage\":\"nl\"},{\"@type\":\"Organization\",\"@id\":\"https:\/\/www.creilsudoise-tourisme.fr\/#organization\",\"name\":\"Creil Sud Oise Tourisme\",\"url\":\"https:\/\/www.creilsudoise-tourisme.fr\/\",\"logo\":{\"@type\":\"ImageObject\",\"inLanguage\":\"nl\",\"@id\":\"https:\/\/www.creilsudoise-tourisme.fr\/#\/schema\/logo\/image\/\",\"url\":\"https:\/\/www.creilsudoise-tourisme.fr\/wp-content\/uploads\/2021\/05\/logo-svg.png\",\"contentUrl\":\"https:\/\/www.creilsudoise-tourisme.fr\/wp-content\/uploads\/2021\/05\/logo-svg.png\",\"width\":182,\"height\":71,\"caption\":\"Creil Sud Oise Tourisme\"},\"image\":{\"@id\":\"https:\/\/www.creilsudoise-tourisme.fr\/#\/schema\/logo\/image\/\"},\"sameAs\":[\"https:\/\/www.facebook.com\/creilsudoisetourisme\/\",\"https:\/\/twitter.com\/CreilSudOiseOT\",\"https:\/\/www.instagram.com\/creilsudoisetourisme\/\",\"https:\/\/www.youtube.com\/channel\/UC8L_QD2wwyADW14zt9fY8kw\"]}]}<\/script>\n<!-- \/ Yoast SEO plugin. -->","yoast_head_json":{"title":"Que faire, o\u00f9 dormir et o\u00f9 manger entre amis dans le Sud de l\u2019Oise","description":"Nous avons s\u00e9lectionn\u00e9 pour vous les activit\u00e9s, restaurants et h\u00e9bergements id\u00e9aux pour un s\u00e9jour entre amis \u00e0 Creil Sud Oise, pr\u00e8s de Chantilly !","robots":{"index":"index","follow":"follow","max-snippet":"max-snippet:-1","max-image-preview":"max-image-preview:large","max-video-preview":"max-video-preview:-1"},"canonical":"https:\/\/www.creilsudoise-tourisme.fr\/nl\/tussen-vrienden\/","og_locale":"nl_NL","og_type":"article","og_title":"Que faire, o\u00f9 dormir et o\u00f9 manger entre amis dans le Sud de l\u2019Oise","og_description":"Nous avons s\u00e9lectionn\u00e9 pour vous les activit\u00e9s, restaurants et h\u00e9bergements id\u00e9aux pour un s\u00e9jour entre amis \u00e0 Creil Sud Oise, pr\u00e8s de Chantilly !","og_url":"https:\/\/www.creilsudoise-tourisme.fr\/nl\/tussen-vrienden\/","og_site_name":"Office de Tourisme Creil Sud Oise","article_publisher":"https:\/\/www.facebook.com\/creilsudoisetourisme\/","article_modified_time":"2021-04-29T13:07:13+00:00","og_image":[{"width":1800,"height":1200,"url":"https:\/\/www.creilsudoise-tourisme.fr\/wp-content\/uploads\/2021\/03\/Peinture-sur-faience-une-animation-adultes-au-Musee-Galle-Juillet.jpg","type":"image\/jpeg"}],"twitter_card":"summary_large_image","twitter_site":"@CreilSudOiseOT","twitter_misc":{"Geschatte leestijd":"1 minuut"},"schema":{"@context":"https:\/\/schema.org","@graph":[{"@type":"WebPage","@id":"https:\/\/www.creilsudoise-tourisme.fr\/entre-amis\/","url":"https:\/\/www.creilsudoise-tourisme.fr\/entre-amis\/","name":"Que faire, o\u00f9 dormir et o\u00f9 manger entre amis dans le Sud de l\u2019Oise","isPartOf":{"@id":"https:\/\/www.creilsudoise-tourisme.fr\/#website"},"datePublished":"2021-04-09T13:13:36+00:00","dateModified":"2021-04-29T13:07:13+00:00","description":"Nous avons s\u00e9lectionn\u00e9 pour vous les activit\u00e9s, restaurants et h\u00e9bergements id\u00e9aux pour un s\u00e9jour entre amis \u00e0 Creil Sud Oise, pr\u00e8s de Chantilly !","breadcrumb":{"@id":"https:\/\/www.creilsudoise-tourisme.fr\/entre-amis\/#breadcrumb"},"inLanguage":"nl","potentialAction":[{"@type":"ReadAction","target":["https:\/\/www.creilsudoise-tourisme.fr\/entre-amis\/"]}]},{"@type":"BreadcrumbList","@id":"https:\/\/www.creilsudoise-tourisme.fr\/entre-amis\/#breadcrumb","itemListElement":[{"@type":"ListItem","position":1,"name":"Accueil","item":"https:\/\/www.creilsudoise-tourisme.fr\/"},{"@type":"ListItem","position":2,"name":"Entre amis"}]},{"@type":"WebSite","@id":"https:\/\/www.creilsudoise-tourisme.fr\/#website","url":"https:\/\/www.creilsudoise-tourisme.fr\/","name":"Office de Tourisme Creil Sud Oise","description":"Creil Sud Oise Tourisme, un territoire \u00e0 explorer !","publisher":{"@id":"https:\/\/www.creilsudoise-tourisme.fr\/#organization"},"potentialAction":[{"@type":"SearchAction","target":{"@type":"EntryPoint","urlTemplate":"https:\/\/www.creilsudoise-tourisme.fr\/?s={search_term_string}"},"query-input":"required name=search_term_string"}],"inLanguage":"nl"},{"@type":"Organization","@id":"https:\/\/www.creilsudoise-tourisme.fr\/#organization","name":"Creil Sud Oise Tourisme","url":"https:\/\/www.creilsudoise-tourisme.fr\/","logo":{"@type":"ImageObject","inLanguage":"nl","@id":"https:\/\/www.creilsudoise-tourisme.fr\/#\/schema\/logo\/image\/","url":"https:\/\/www.creilsudoise-tourisme.fr\/wp-content\/uploads\/2021\/05\/logo-svg.png","contentUrl":"https:\/\/www.creilsudoise-tourisme.fr\/wp-content\/uploads\/2021\/05\/logo-svg.png","width":182,"height":71,"caption":"Creil Sud Oise Tourisme"},"image":{"@id":"https:\/\/www.creilsudoise-tourisme.fr\/#\/schema\/logo\/image\/"},"sameAs":["https:\/\/www.facebook.com\/creilsudoisetourisme\/","https:\/\/twitter.com\/CreilSudOiseOT","https:\/\/www.instagram.com\/creilsudoisetourisme\/","https:\/\/www.youtube.com\/channel\/UC8L_QD2wwyADW14zt9fY8kw"]}]}},"_links":{"self":[{"href":"https:\/\/www.creilsudoise-tourisme.fr\/nl\/wp-json\/wp\/v2\/pages\/92"}],"collection":[{"href":"https:\/\/www.creilsudoise-tourisme.fr\/nl\/wp-json\/wp\/v2\/pages"}],"about":[{"href":"https:\/\/www.creilsudoise-tourisme.fr\/nl\/wp-json\/wp\/v2\/types\/page"}],"author":[{"embeddable":true,"href":"https:\/\/www.creilsudoise-tourisme.fr\/nl\/wp-json\/wp\/v2\/users\/3"}],"replies":[{"embeddable":true,"href":"https:\/\/www.creilsudoise-tourisme.fr\/nl\/wp-json\/wp\/v2\/comments?post=92"}],"version-history":[{"count":8,"href":"https:\/\/www.creilsudoise-tourisme.fr\/nl\/wp-json\/wp\/v2\/pages\/92\/revisions"}],"predecessor-version":[{"id":34238,"href":"https:\/\/www.creilsudoise-tourisme.fr\/nl\/wp-json\/wp\/v2\/pages\/92\/revisions\/34238"}],"wp:featuredmedia":[{"embeddable":true,"href":"https:\/\/www.creilsudoise-tourisme.fr\/nl\/wp-json\/wp\/v2\/media\/32370"}],"wp:attachment":[{"href":"https:\/\/www.creilsudoise-tourisme.fr\/nl\/wp-json\/wp\/v2\/media?parent=92"}],"curies":[{"name":"wp","href":"https:\/\/api.w.org\/{rel}","templated":true}]}}