{"id":76,"date":"2021-02-17T10:01:34","date_gmt":"2021-02-17T09:01:34","guid":{"rendered":"https:\/\/www.creilsudoise-tourisme.fr\/en-famille\/"},"modified":"2024-07-02T12:30:55","modified_gmt":"2024-07-02T10:30:55","slug":"en-famille","status":"publish","type":"page","link":"https:\/\/www.creilsudoise-tourisme.fr\/nl\/in-de-familie\/","title":{"rendered":"In de familie"},"content":{"rendered":"<h2 class=\"has-text-align-center\">Onze gezinskeuze: activiteiten, restaurants en accommodatie<\/h2>\n\n\n\n<p class=\"is-style-excerpt\">Om u te helpen <strong>een familie-uitje organiseren<\/strong>, l'<a href=\"https:\/\/www.creilsudoise-tourisme.fr\/nl\/pratique\/loffice-de-tourisme\/equipe\/\" target=\"_blank\" rel=\"noreferrer noopener\">team<\/a> van Creil Sud Oise Tourisme heeft geselecteerd <strong>animaties<\/strong> voor kinderen (activiteiten, uitstapjes, workshops, bezoeken, evenementen...) aangepast vanaf de jongste leeftijd, evenals <strong>restaurants<\/strong> en <strong>accommodatie<\/strong> met alle nodige uitrusting voor baby's en kinderen: kinderstoel, luiertafel, speelhoek, enz.<\/p>\n\n\n<div class=\"wp-block wp-block-child-post alignwide\">\n    <div class=\"entityList clear\">\n        \n<div class=\"entityItem\" data-trigger=\"wpiris-click\" data-id=\"wpiris-entity-slider-item\">\n    <p class=\"entityItemThumbnail\">\n        <a href=\"https:\/\/www.creilsudoise-tourisme.fr\/nl\/in-de-familie\/gezinsactiviteiten\/\" nofancybox>\n            <img data-src=\"https:\/\/www.creilsudoise-tourisme.fr\/wp-content\/uploads\/2021\/03\/Les-activite\u0301s-a\u0300-faire-en-famille-a\u0300-Creil-Sud-Oise-275x350.jpg\" alt=\"Gezinsactiviteiten\">\n        <\/a>\n    <\/p>\n    <div class=\"entityItemContent\">\n        <h2 class=\"entityItemContentTitle\">\n            <a href=\"https:\/\/www.creilsudoise-tourisme.fr\/nl\/in-de-familie\/gezinsactiviteiten\/\">Gezinsactiviteiten<\/a>\n        <\/h2>\n            <\/div>\n    <a href=\"https:\/\/www.creilsudoise-tourisme.fr\/nl\/in-de-familie\/gezinsactiviteiten\/\" class=\"seeMore\"><span class=\"sr-only\">Meer zien<\/span><\/a>\n<\/div>\n        \n<div class=\"entityItem\" data-trigger=\"wpiris-click\" data-id=\"wpiris-entity-slider-item\">\n    <p class=\"entityItemThumbnail\">\n        <a href=\"https:\/\/www.creilsudoise-tourisme.fr\/nl\/in-de-familie\/accommodatie-in-familie\/\" nofancybox>\n            <img data-src=\"https:\/\/www.creilsudoise-tourisme.fr\/wp-content\/uploads\/2021\/03\/He\u0301bergements-en-famille-Creil-Sud-Oise-275x350.jpg\" alt=\"Familie accommodatie\">\n        <\/a>\n    <\/p>\n    <div class=\"entityItemContent\">\n        <h2 class=\"entityItemContentTitle\">\n            <a href=\"https:\/\/www.creilsudoise-tourisme.fr\/nl\/in-de-familie\/accommodatie-in-familie\/\">Familie accommodatie<\/a>\n        <\/h2>\n            <\/div>\n    <a href=\"https:\/\/www.creilsudoise-tourisme.fr\/nl\/in-de-familie\/accommodatie-in-familie\/\" class=\"seeMore\"><span class=\"sr-only\">Meer zien<\/span><\/a>\n<\/div>\n        \n<div class=\"entityItem\" data-trigger=\"wpiris-click\" data-id=\"wpiris-entity-slider-item\">\n    <p class=\"entityItemThumbnail\">\n        <a href=\"https:\/\/www.creilsudoise-tourisme.fr\/nl\/in-de-familie\/restaurant-in-familie\/\" nofancybox>\n            <img data-src=\"https:\/\/www.creilsudoise-tourisme.fr\/wp-content\/uploads\/2021\/03\/Restaurants-en-famille-Creil-Sud-Oise-275x350.jpg\" alt=\"Familie restaurants\">\n        <\/a>\n    <\/p>\n    <div class=\"entityItemContent\">\n        <h2 class=\"entityItemContentTitle\">\n            <a href=\"https:\/\/www.creilsudoise-tourisme.fr\/nl\/in-de-familie\/restaurant-in-familie\/\">Familie restaurants<\/a>\n        <\/h2>\n            <\/div>\n    <a href=\"https:\/\/www.creilsudoise-tourisme.fr\/nl\/in-de-familie\/restaurant-in-familie\/\" class=\"seeMore\"><span class=\"sr-only\">Meer zien<\/span><\/a>\n<\/div>\n            <\/div>\n<\/div>\n\n<div data-related-sit=\"1\" data-block-type=\"related-sit-gt\" data-block-id=\"wpet-sit-um1z1lkn00\"><div class=\"wp-block wp-block-related-post wp-block-related-list-sit alignfull\">\n    \n    <div class=\"container\">\n\n                    <h2 class=\"wp-block-related-post-title\">Kalender van speciale familie-evenementen<\/h2>\n        \n                    <div id=\"wpiris-related-post-103\" data-id=\"wpiris-entity-slider\">\n                <div class=\"wp-block-related-post-list wp-block-related-post-list--30\" data-id=\"wpiris-entity-slider-wrapper\">\n\n                    \n<div class=\"entityItem\" data-trigger=\"wpiris-click\" data-id=\"wpiris-entity-slider-item\">\n    <p class=\"entityItemThumbnail\">\n        <a href=\"https:\/\/www.creilsudoise-tourisme.fr\/nl\/agenda-animations\/loisirs-atelier-creatif\/\" nofancybox>\n            <img data-src=\"https:\/\/www.creilsudoise-tourisme.fr\/wp-content\/uploads\/wpetourisme\/124488-ORYXPE-754-275x350.jpg\" alt=\"Vrijetijdsbesteding | Creatieve workshop\">\n        <\/a>\n    <\/p>\n    <div class=\"entityItemContent\">\n        <h2 class=\"entityItemContentTitle\">\n            <a href=\"https:\/\/www.creilsudoise-tourisme.fr\/nl\/agenda-animations\/loisirs-atelier-creatif\/\">Vrijetijdsbesteding | Creatieve workshop<\/a>\n        <\/h2>\n                    <p class=\"entityItemContentType\">Festivals en evenementen<\/p>\n            <\/div>\n    <a href=\"https:\/\/www.creilsudoise-tourisme.fr\/nl\/agenda-animations\/loisirs-atelier-creatif\/\" class=\"seeMore\"><span class=\"sr-only\">Meer zien<\/span><\/a>\n<\/div>\n\n<div class=\"entityItem\" data-trigger=\"wpiris-click\" data-id=\"wpiris-entity-slider-item\">\n    <p class=\"entityItemThumbnail\">\n        <a href=\"https:\/\/www.creilsudoise-tourisme.fr\/nl\/agenda-animations\/stage-mosaique-4\/\" nofancybox>\n            <img data-src=\"https:\/\/www.creilsudoise-tourisme.fr\/wp-content\/uploads\/wpetourisme\/1000063457-275x350.jpg\" alt=\"Workshop | Moza\u00efek\">\n        <\/a>\n    <\/p>\n    <div class=\"entityItemContent\">\n        <h2 class=\"entityItemContentTitle\">\n            <a href=\"https:\/\/www.creilsudoise-tourisme.fr\/nl\/agenda-animations\/stage-mosaique-4\/\">Workshop | Moza\u00efek<\/a>\n        <\/h2>\n                    <p class=\"entityItemContentType\">Festivals en evenementen<\/p>\n            <\/div>\n    <a href=\"https:\/\/www.creilsudoise-tourisme.fr\/nl\/agenda-animations\/stage-mosaique-4\/\" class=\"seeMore\"><span class=\"sr-only\">Meer zien<\/span><\/a>\n<\/div>\n\n<div class=\"entityItem\" data-trigger=\"wpiris-click\" data-id=\"wpiris-entity-slider-item\">\n    <p class=\"entityItemThumbnail\">\n        <a href=\"https:\/\/www.creilsudoise-tourisme.fr\/nl\/agenda-animations\/lezen-baby-theek-2\/\" nofancybox>\n            <img data-src=\"https:\/\/www.creilsudoise-tourisme.fr\/wp-content\/uploads\/wpetourisme\/bebe-theque-275x350.png\" alt=\"Lezen | Baby bibliotheek\">\n        <\/a>\n    <\/p>\n    <div class=\"entityItemContent\">\n        <h2 class=\"entityItemContentTitle\">\n            <a href=\"https:\/\/www.creilsudoise-tourisme.fr\/nl\/agenda-animations\/lezen-baby-theek-2\/\">Lezen | Baby bibliotheek<\/a>\n        <\/h2>\n                    <p class=\"entityItemContentType\">Festivals en evenementen<\/p>\n            <\/div>\n    <a href=\"https:\/\/www.creilsudoise-tourisme.fr\/nl\/agenda-animations\/lezen-baby-theek-2\/\" class=\"seeMore\"><span class=\"sr-only\">Meer zien<\/span><\/a>\n<\/div>\n\n<div class=\"entityItem\" data-trigger=\"wpiris-click\" data-id=\"wpiris-entity-slider-item\">\n    <p class=\"entityItemThumbnail\">\n        <a href=\"https:\/\/www.creilsudoise-tourisme.fr\/nl\/agenda-animations\/les-relais-de-lacso\/\" nofancybox>\n            <img data-src=\"https:\/\/www.creilsudoise-tourisme.fr\/wp-content\/uploads\/wpetourisme\/relais-de-l-ACSO-2026-700x700px-275x350.jpg\" alt=\"De ACSO Estafettes\">\n        <\/a>\n    <\/p>\n    <div class=\"entityItemContent\">\n        <h2 class=\"entityItemContentTitle\">\n            <a href=\"https:\/\/www.creilsudoise-tourisme.fr\/nl\/agenda-animations\/les-relais-de-lacso\/\">De ACSO Estafettes<\/a>\n        <\/h2>\n                    <p class=\"entityItemContentType\">Festivals en evenementen<\/p>\n            <\/div>\n    <a href=\"https:\/\/www.creilsudoise-tourisme.fr\/nl\/agenda-animations\/les-relais-de-lacso\/\" class=\"seeMore\"><span class=\"sr-only\">Meer zien<\/span><\/a>\n<\/div>\n\n<div class=\"entityItem\" data-trigger=\"wpiris-click\" data-id=\"wpiris-entity-slider-item\">\n    <p class=\"entityItemThumbnail\">\n        <a href=\"https:\/\/www.creilsudoise-tourisme.fr\/nl\/agenda-animations\/voorleesverhaal-voor-4-jarigen-en-boven\/\" nofancybox>\n            <img data-src=\"https:\/\/www.creilsudoise-tourisme.fr\/wp-content\/uploads\/wpetourisme\/Capture-d-ecran-2025-02-04-134630-275x314.png\" alt=\"Lezen | Verhaaltjestijd\">\n        <\/a>\n    <\/p>\n    <div class=\"entityItemContent\">\n        <h2 class=\"entityItemContentTitle\">\n            <a href=\"https:\/\/www.creilsudoise-tourisme.fr\/nl\/agenda-animations\/voorleesverhaal-voor-4-jarigen-en-boven\/\">Lezen | Verhaaltjestijd<\/a>\n        <\/h2>\n                    <p class=\"entityItemContentType\">Festivals en evenementen<\/p>\n            <\/div>\n    <a href=\"https:\/\/www.creilsudoise-tourisme.fr\/nl\/agenda-animations\/voorleesverhaal-voor-4-jarigen-en-boven\/\" class=\"seeMore\"><span class=\"sr-only\">Meer zien<\/span><\/a>\n<\/div>\n\n<div class=\"entityItem\" data-trigger=\"wpiris-click\" data-id=\"wpiris-entity-slider-item\">\n    <p class=\"entityItemThumbnail\">\n        <a href=\"https:\/\/www.creilsudoise-tourisme.fr\/nl\/agenda-animations\/la-fete-de-la-ville-a-villers-saint-paul\/\" nofancybox>\n            <img data-src=\"https:\/\/www.creilsudoise-tourisme.fr\/wp-content\/uploads\/wpetourisme\/CSCTU--2026-600x320-FETE-DE-LA-VILLE--275x320.jpg\" alt=\"Het stadsfeest in Villers-Saint-Paul\">\n        <\/a>\n    <\/p>\n    <div class=\"entityItemContent\">\n        <h2 class=\"entityItemContentTitle\">\n            <a href=\"https:\/\/www.creilsudoise-tourisme.fr\/nl\/agenda-animations\/la-fete-de-la-ville-a-villers-saint-paul\/\">Het stadsfeest in Villers-Saint-Paul<\/a>\n        <\/h2>\n                    <p class=\"entityItemContentType\">Festivals en evenementen<\/p>\n            <\/div>\n    <a href=\"https:\/\/www.creilsudoise-tourisme.fr\/nl\/agenda-animations\/la-fete-de-la-ville-a-villers-saint-paul\/\" class=\"seeMore\"><span class=\"sr-only\">Meer zien<\/span><\/a>\n<\/div>\n\n<div class=\"entityItem\" data-trigger=\"wpiris-click\" data-id=\"wpiris-entity-slider-item\">\n    <p class=\"entityItemThumbnail\">\n        <a href=\"https:\/\/www.creilsudoise-tourisme.fr\/nl\/agenda-animations\/stage-ceramique-2\/\" nofancybox>\n            <img data-src=\"https:\/\/www.creilsudoise-tourisme.fr\/wp-content\/uploads\/wpetourisme\/Faconnez-votre-ceramique-275x350.png\" alt=\"Stage | Keramiek\">\n        <\/a>\n    <\/p>\n    <div class=\"entityItemContent\">\n        <h2 class=\"entityItemContentTitle\">\n            <a href=\"https:\/\/www.creilsudoise-tourisme.fr\/nl\/agenda-animations\/stage-ceramique-2\/\">Stage | Keramiek<\/a>\n        <\/h2>\n                    <p class=\"entityItemContentType\">Festivals en evenementen<\/p>\n            <\/div>\n    <a href=\"https:\/\/www.creilsudoise-tourisme.fr\/nl\/agenda-animations\/stage-ceramique-2\/\" class=\"seeMore\"><span class=\"sr-only\">Meer zien<\/span><\/a>\n<\/div>\n\n<div class=\"entityItem\" data-trigger=\"wpiris-click\" data-id=\"wpiris-entity-slider-item\">\n    <p class=\"entityItemThumbnail\">\n        <a href=\"https:\/\/www.creilsudoise-tourisme.fr\/nl\/agenda-animations\/creatieve-vrijetijdsbesteding-recylcart-workshop-sieraden-maken\/\" nofancybox>\n            <img data-src=\"https:\/\/www.creilsudoise-tourisme.fr\/wp-content\/uploads\/wpetourisme\/recyclart-275x350.jpg\" alt=\"Creatieve vrijetijdsbesteding | Recylc&#039;art workshop sieraden maken\">\n        <\/a>\n    <\/p>\n    <div class=\"entityItemContent\">\n        <h2 class=\"entityItemContentTitle\">\n            <a href=\"https:\/\/www.creilsudoise-tourisme.fr\/nl\/agenda-animations\/creatieve-vrijetijdsbesteding-recylcart-workshop-sieraden-maken\/\">Creatieve vrijetijdsbesteding | Recylc'art workshop sieraden maken<\/a>\n        <\/h2>\n                    <p class=\"entityItemContentType\">Festivals en evenementen<\/p>\n            <\/div>\n    <a href=\"https:\/\/www.creilsudoise-tourisme.fr\/nl\/agenda-animations\/creatieve-vrijetijdsbesteding-recylcart-workshop-sieraden-maken\/\" class=\"seeMore\"><span class=\"sr-only\">Meer zien<\/span><\/a>\n<\/div>\n\n<div class=\"entityItem\" data-trigger=\"wpiris-click\" data-id=\"wpiris-entity-slider-item\">\n    <p class=\"entityItemThumbnail\">\n        <a href=\"https:\/\/www.creilsudoise-tourisme.fr\/nl\/agenda-animations\/kennismakingsworkshop-tuinieren-3\/\" nofancybox>\n            <img data-src=\"https:\/\/www.creilsudoise-tourisme.fr\/wp-content\/uploads\/wpetourisme\/planting-1898946-1280-275x350.jpg\" alt=\"Workshop | Aan de slag met tuinieren (zelfs in een flat!)\">\n        <\/a>\n    <\/p>\n    <div class=\"entityItemContent\">\n        <h2 class=\"entityItemContentTitle\">\n            <a href=\"https:\/\/www.creilsudoise-tourisme.fr\/nl\/agenda-animations\/kennismakingsworkshop-tuinieren-3\/\">Workshop | Aan de slag met tuinieren (zelfs in een flat!)<\/a>\n        <\/h2>\n                    <p class=\"entityItemContentType\">Festivals en evenementen<\/p>\n            <\/div>\n    <a href=\"https:\/\/www.creilsudoise-tourisme.fr\/nl\/agenda-animations\/kennismakingsworkshop-tuinieren-3\/\" class=\"seeMore\"><span class=\"sr-only\">Meer zien<\/span><\/a>\n<\/div>\n\n<div class=\"entityItem\" data-trigger=\"wpiris-click\" data-id=\"wpiris-entity-slider-item\">\n    <p class=\"entityItemThumbnail\">\n        <a href=\"https:\/\/www.creilsudoise-tourisme.fr\/nl\/agenda-animations\/loisirs-jeux-de-roles-9\/\" nofancybox>\n            <img data-src=\"https:\/\/www.creilsudoise-tourisme.fr\/wp-content\/uploads\/wpetourisme\/vue-de-dessus-sur-de-beaux-objets-de-nature-morte-rpg--1--275x350.jpg\" alt=\"Vrije tijd | Rollenspellen\">\n        <\/a>\n    <\/p>\n    <div class=\"entityItemContent\">\n        <h2 class=\"entityItemContentTitle\">\n            <a href=\"https:\/\/www.creilsudoise-tourisme.fr\/nl\/agenda-animations\/loisirs-jeux-de-roles-9\/\">Vrije tijd | Rollenspellen<\/a>\n        <\/h2>\n                    <p class=\"entityItemContentType\">Festivals en evenementen<\/p>\n            <\/div>\n    <a href=\"https:\/\/www.creilsudoise-tourisme.fr\/nl\/agenda-animations\/loisirs-jeux-de-roles-9\/\" class=\"seeMore\"><span class=\"sr-only\">Meer zien<\/span><\/a>\n<\/div>\n\n<div class=\"entityItem\" data-trigger=\"wpiris-click\" data-id=\"wpiris-entity-slider-item\">\n    <p class=\"entityItemThumbnail\">\n        <a href=\"https:\/\/www.creilsudoise-tourisme.fr\/nl\/agenda-animations\/welkom-bij-educatieve-boerderij-la-maste\/\" nofancybox>\n            <img data-src=\"https:\/\/www.creilsudoise-tourisme.fr\/wp-content\/uploads\/wpetourisme\/ferme-pedagogique-1-275x350.jpg\" alt=\"Welkom op de MASTE leerboerderij\">\n        <\/a>\n    <\/p>\n    <div class=\"entityItemContent\">\n        <h2 class=\"entityItemContentTitle\">\n            <a href=\"https:\/\/www.creilsudoise-tourisme.fr\/nl\/agenda-animations\/welkom-bij-educatieve-boerderij-la-maste\/\">Welkom op de MASTE leerboerderij<\/a>\n        <\/h2>\n                    <p class=\"entityItemContentType\">Festivals en evenementen<\/p>\n            <\/div>\n    <a href=\"https:\/\/www.creilsudoise-tourisme.fr\/nl\/agenda-animations\/welkom-bij-educatieve-boerderij-la-maste\/\" class=\"seeMore\"><span class=\"sr-only\">Meer zien<\/span><\/a>\n<\/div>\n\n<div class=\"entityItem\" data-trigger=\"wpiris-click\" data-id=\"wpiris-entity-slider-item\">\n    <p class=\"entityItemThumbnail\">\n        <a href=\"https:\/\/www.creilsudoise-tourisme.fr\/nl\/agenda-animations\/voorlezen-aan-babys\/\" nofancybox>\n            <img data-src=\"https:\/\/www.creilsudoise-tourisme.fr\/wp-content\/uploads\/wpetourisme\/AFFICHE-A3---bebe-lecteurs-janv-mai-26-275x350.png\" alt=\"Lezen | Babylezers\">\n        <\/a>\n    <\/p>\n    <div class=\"entityItemContent\">\n        <h2 class=\"entityItemContentTitle\">\n            <a href=\"https:\/\/www.creilsudoise-tourisme.fr\/nl\/agenda-animations\/voorlezen-aan-babys\/\">Lezen | Babylezers<\/a>\n        <\/h2>\n                    <p class=\"entityItemContentType\">Festivals en evenementen<\/p>\n            <\/div>\n    <a href=\"https:\/\/www.creilsudoise-tourisme.fr\/nl\/agenda-animations\/voorlezen-aan-babys\/\" class=\"seeMore\"><span class=\"sr-only\">Meer zien<\/span><\/a>\n<\/div>\n\n<div class=\"entityItem\" data-trigger=\"wpiris-click\" data-id=\"wpiris-entity-slider-item\">\n    <p class=\"entityItemThumbnail\">\n        <a href=\"https:\/\/www.creilsudoise-tourisme.fr\/nl\/agenda-animations\/salon-manga-creil-virtual-game-2026\/\" nofancybox>\n            <img data-src=\"https:\/\/www.creilsudoise-tourisme.fr\/wp-content\/uploads\/wpetourisme\/AFF-A3-MangaCreilVirtualGame2026-275x350.jpg\" alt=\"Salon | Manga Creil Virtual Game 2026\">\n        <\/a>\n    <\/p>\n    <div class=\"entityItemContent\">\n        <h2 class=\"entityItemContentTitle\">\n            <a href=\"https:\/\/www.creilsudoise-tourisme.fr\/nl\/agenda-animations\/salon-manga-creil-virtual-game-2026\/\">Salon | Manga Creil Virtual Game 2026<\/a>\n        <\/h2>\n                    <p class=\"entityItemContentType\">Festivals en evenementen<\/p>\n            <\/div>\n    <a href=\"https:\/\/www.creilsudoise-tourisme.fr\/nl\/agenda-animations\/salon-manga-creil-virtual-game-2026\/\" class=\"seeMore\"><span class=\"sr-only\">Meer zien<\/span><\/a>\n<\/div>\n\n<div class=\"entityItem\" data-trigger=\"wpiris-click\" data-id=\"wpiris-entity-slider-item\">\n    <p class=\"entityItemThumbnail\">\n        <a href=\"https:\/\/www.creilsudoise-tourisme.fr\/nl\/agenda-animations\/cursus-keramiek-kinderen-3-2\/\" nofancybox>\n            <img data-src=\"https:\/\/www.creilsudoise-tourisme.fr\/wp-content\/uploads\/wpetourisme\/Faconnez-votre-ceramique-275x350.png\" alt=\"Stage | Keramiek\">\n        <\/a>\n    <\/p>\n    <div class=\"entityItemContent\">\n        <h2 class=\"entityItemContentTitle\">\n            <a href=\"https:\/\/www.creilsudoise-tourisme.fr\/nl\/agenda-animations\/cursus-keramiek-kinderen-3-2\/\">Stage | Keramiek<\/a>\n        <\/h2>\n                    <p class=\"entityItemContentType\">Festivals en evenementen<\/p>\n            <\/div>\n    <a href=\"https:\/\/www.creilsudoise-tourisme.fr\/nl\/agenda-animations\/cursus-keramiek-kinderen-3-2\/\" class=\"seeMore\"><span class=\"sr-only\">Meer zien<\/span><\/a>\n<\/div>\n\n<div class=\"entityItem\" data-trigger=\"wpiris-click\" data-id=\"wpiris-entity-slider-item\">\n    <p class=\"entityItemThumbnail\">\n        <a href=\"https:\/\/www.creilsudoise-tourisme.fr\/nl\/agenda-animations\/lecture-club-de-lecture-enfant-tulikoi\/\" nofancybox>\n            <img data-src=\"https:\/\/www.creilsudoise-tourisme.fr\/wp-content\/uploads\/wpetourisme\/2026-BIB-600x320-tulikoi-275x320.jpg\" alt=\"Lecture | Club de lecture enfant \u00ab\u00a0Tulikoi\u00a0\u00bb\">\n        <\/a>\n    <\/p>\n    <div class=\"entityItemContent\">\n        <h2 class=\"entityItemContentTitle\">\n            <a href=\"https:\/\/www.creilsudoise-tourisme.fr\/nl\/agenda-animations\/lecture-club-de-lecture-enfant-tulikoi\/\">Lecture | Club de lecture enfant \u00ab\u00a0Tulikoi\u00a0\u00bb<\/a>\n        <\/h2>\n                    <p class=\"entityItemContentType\">Festivals en evenementen<\/p>\n            <\/div>\n    <a href=\"https:\/\/www.creilsudoise-tourisme.fr\/nl\/agenda-animations\/lecture-club-de-lecture-enfant-tulikoi\/\" class=\"seeMore\"><span class=\"sr-only\">Meer zien<\/span><\/a>\n<\/div>\n\n<div class=\"entityItem\" data-trigger=\"wpiris-click\" data-id=\"wpiris-entity-slider-item\">\n    <p class=\"entityItemThumbnail\">\n        <a href=\"https:\/\/www.creilsudoise-tourisme.fr\/nl\/agenda-animations\/chocolade-lezen-lezen\/\" nofancybox>\n            <img data-src=\"https:\/\/www.creilsudoise-tourisme.fr\/wp-content\/uploads\/wpetourisme\/lecture-choco-275x350.jpg\" alt=\"Chocolade lezen\">\n        <\/a>\n    <\/p>\n    <div class=\"entityItemContent\">\n        <h2 class=\"entityItemContentTitle\">\n            <a href=\"https:\/\/www.creilsudoise-tourisme.fr\/nl\/agenda-animations\/chocolade-lezen-lezen\/\">Chocolade lezen<\/a>\n        <\/h2>\n                    <p class=\"entityItemContentType\">Festivals en evenementen<\/p>\n            <\/div>\n    <a href=\"https:\/\/www.creilsudoise-tourisme.fr\/nl\/agenda-animations\/chocolade-lezen-lezen\/\" class=\"seeMore\"><span class=\"sr-only\">Meer zien<\/span><\/a>\n<\/div>\n\n<div class=\"entityItem\" data-trigger=\"wpiris-click\" data-id=\"wpiris-entity-slider-item\">\n    <p class=\"entityItemThumbnail\">\n        <a href=\"https:\/\/www.creilsudoise-tourisme.fr\/nl\/agenda-animations\/stage-mosaique-3\/\" nofancybox>\n            <img data-src=\"https:\/\/www.creilsudoise-tourisme.fr\/wp-content\/uploads\/wpetourisme\/1000063457-275x350.jpg\" alt=\"Workshop | Moza\u00efek\">\n        <\/a>\n    <\/p>\n    <div class=\"entityItemContent\">\n        <h2 class=\"entityItemContentTitle\">\n            <a href=\"https:\/\/www.creilsudoise-tourisme.fr\/nl\/agenda-animations\/stage-mosaique-3\/\">Workshop | Moza\u00efek<\/a>\n        <\/h2>\n                    <p class=\"entityItemContentType\">Festivals en evenementen<\/p>\n            <\/div>\n    <a href=\"https:\/\/www.creilsudoise-tourisme.fr\/nl\/agenda-animations\/stage-mosaique-3\/\" class=\"seeMore\"><span class=\"sr-only\">Meer zien<\/span><\/a>\n<\/div>\n\n<div class=\"entityItem\" data-trigger=\"wpiris-click\" data-id=\"wpiris-entity-slider-item\">\n    <p class=\"entityItemThumbnail\">\n        <a href=\"https:\/\/www.creilsudoise-tourisme.fr\/nl\/agenda-animations\/loisirs-concours-puzzle\/\" nofancybox>\n            <img data-src=\"https:\/\/www.creilsudoise-tourisme.fr\/wp-content\/uploads\/wpetourisme\/2025-BIB-600-320-Puzzle-275x320.jpg\" alt=\"Vrijetijdsbesteding | Puzzelwedstrijd\">\n        <\/a>\n    <\/p>\n    <div class=\"entityItemContent\">\n        <h2 class=\"entityItemContentTitle\">\n            <a href=\"https:\/\/www.creilsudoise-tourisme.fr\/nl\/agenda-animations\/loisirs-concours-puzzle\/\">Vrijetijdsbesteding | Puzzelwedstrijd<\/a>\n        <\/h2>\n                    <p class=\"entityItemContentType\">Festivals en evenementen<\/p>\n            <\/div>\n    <a href=\"https:\/\/www.creilsudoise-tourisme.fr\/nl\/agenda-animations\/loisirs-concours-puzzle\/\" class=\"seeMore\"><span class=\"sr-only\">Meer zien<\/span><\/a>\n<\/div>\n\n<div class=\"entityItem\" data-trigger=\"wpiris-click\" data-id=\"wpiris-entity-slider-item\">\n    <p class=\"entityItemThumbnail\">\n        <a href=\"https:\/\/www.creilsudoise-tourisme.fr\/nl\/agenda-animations\/danse-gala-de-danse-de-lamem\/\" nofancybox>\n            <img data-src=\"https:\/\/www.creilsudoise-tourisme.fr\/wp-content\/uploads\/wpetourisme\/2024-06-01-Gala-Danse-AMEM-18-1024x683-275x350.jpg\" alt=\"Danse | Gala de danse de l&rsquo;AMEM\">\n        <\/a>\n    <\/p>\n    <div class=\"entityItemContent\">\n        <h2 class=\"entityItemContentTitle\">\n            <a href=\"https:\/\/www.creilsudoise-tourisme.fr\/nl\/agenda-animations\/danse-gala-de-danse-de-lamem\/\">Danse | Gala de danse de l&rsquo;AMEM<\/a>\n        <\/h2>\n                    <p class=\"entityItemContentType\">Festivals en evenementen<\/p>\n            <\/div>\n    <a href=\"https:\/\/www.creilsudoise-tourisme.fr\/nl\/agenda-animations\/danse-gala-de-danse-de-lamem\/\" class=\"seeMore\"><span class=\"sr-only\">Meer zien<\/span><\/a>\n<\/div>\n\n<div class=\"entityItem\" data-trigger=\"wpiris-click\" data-id=\"wpiris-entity-slider-item\">\n    <p class=\"entityItemThumbnail\">\n        <a href=\"https:\/\/www.creilsudoise-tourisme.fr\/nl\/agenda-animations\/loisirs-jeux-de-roles-8\/\" nofancybox>\n            <img data-src=\"https:\/\/www.creilsudoise-tourisme.fr\/wp-content\/uploads\/wpetourisme\/vue-de-dessus-sur-de-beaux-objets-de-nature-morte-rpg--1--275x350.jpg\" alt=\"Vrije tijd | Rollenspellen\">\n        <\/a>\n    <\/p>\n    <div class=\"entityItemContent\">\n        <h2 class=\"entityItemContentTitle\">\n            <a href=\"https:\/\/www.creilsudoise-tourisme.fr\/nl\/agenda-animations\/loisirs-jeux-de-roles-8\/\">Vrije tijd | Rollenspellen<\/a>\n        <\/h2>\n                    <p class=\"entityItemContentType\">Festivals en evenementen<\/p>\n            <\/div>\n    <a href=\"https:\/\/www.creilsudoise-tourisme.fr\/nl\/agenda-animations\/loisirs-jeux-de-roles-8\/\" class=\"seeMore\"><span class=\"sr-only\">Meer zien<\/span><\/a>\n<\/div>\n\n<div class=\"entityItem\" data-trigger=\"wpiris-click\" data-id=\"wpiris-entity-slider-item\">\n    <p class=\"entityItemThumbnail\">\n        <a href=\"https:\/\/www.creilsudoise-tourisme.fr\/nl\/agenda-animations\/creatieve-hobbys-kleine-handen-workshop\/\" nofancybox>\n            <img data-src=\"https:\/\/www.creilsudoise-tourisme.fr\/wp-content\/uploads\/wpetourisme\/Capture-d-ecran-2024-03-04-141815-2-275x350.png\" alt=\"Creatieve vrijetijdsactiviteiten | workshop &quot;Kleine handen\">\n        <\/a>\n    <\/p>\n    <div class=\"entityItemContent\">\n        <h2 class=\"entityItemContentTitle\">\n            <a href=\"https:\/\/www.creilsudoise-tourisme.fr\/nl\/agenda-animations\/creatieve-hobbys-kleine-handen-workshop\/\">Creatieve vrijetijdsactiviteiten | workshop \"Kleine handen<\/a>\n        <\/h2>\n                    <p class=\"entityItemContentType\">Festivals en evenementen<\/p>\n            <\/div>\n    <a href=\"https:\/\/www.creilsudoise-tourisme.fr\/nl\/agenda-animations\/creatieve-hobbys-kleine-handen-workshop\/\" class=\"seeMore\"><span class=\"sr-only\">Meer zien<\/span><\/a>\n<\/div>\n\n<div class=\"entityItem\" data-trigger=\"wpiris-click\" data-id=\"wpiris-entity-slider-item\">\n    <p class=\"entityItemThumbnail\">\n        <a href=\"https:\/\/www.creilsudoise-tourisme.fr\/nl\/agenda-animations\/creatieve-werkplaats-cafe-tricot\/\" nofancybox>\n            <img data-src=\"https:\/\/www.creilsudoise-tourisme.fr\/wp-content\/uploads\/wpetourisme\/BIB-600x320-Tricot-275x320.jpg\" alt=\"Creatieve workshop | Breicaf\u00e9\">\n        <\/a>\n    <\/p>\n    <div class=\"entityItemContent\">\n        <h2 class=\"entityItemContentTitle\">\n            <a href=\"https:\/\/www.creilsudoise-tourisme.fr\/nl\/agenda-animations\/creatieve-werkplaats-cafe-tricot\/\">Creatieve workshop | Breicaf\u00e9<\/a>\n        <\/h2>\n                    <p class=\"entityItemContentType\">Festivals en evenementen<\/p>\n            <\/div>\n    <a href=\"https:\/\/www.creilsudoise-tourisme.fr\/nl\/agenda-animations\/creatieve-werkplaats-cafe-tricot\/\" class=\"seeMore\"><span class=\"sr-only\">Meer zien<\/span><\/a>\n<\/div>\n\n<div class=\"entityItem\" data-trigger=\"wpiris-click\" data-id=\"wpiris-entity-slider-item\">\n    <p class=\"entityItemThumbnail\">\n        <a href=\"https:\/\/www.creilsudoise-tourisme.fr\/nl\/agenda-animations\/loisirs-cine-villers-k-pop-demon-hunters\/\" nofancybox>\n            <img data-src=\"https:\/\/www.creilsudoise-tourisme.fr\/wp-content\/uploads\/wpetourisme\/happy-beautiful-asian-girl-singing-with-mic-using-microphone-enjoying-karaoke-posing-against-pink-studio-background-275x350.jpg\" alt=\"Loisirs | Cin\u00e9-Villers: \u00ab\u00a0K Pop Demon Hunters\u00a0\u00bb\">\n        <\/a>\n    <\/p>\n    <div class=\"entityItemContent\">\n        <h2 class=\"entityItemContentTitle\">\n            <a href=\"https:\/\/www.creilsudoise-tourisme.fr\/nl\/agenda-animations\/loisirs-cine-villers-k-pop-demon-hunters\/\">Loisirs | Cin\u00e9-Villers: \u00ab\u00a0K Pop Demon Hunters\u00a0\u00bb<\/a>\n        <\/h2>\n                    <p class=\"entityItemContentType\">Festivals en evenementen<\/p>\n            <\/div>\n    <a href=\"https:\/\/www.creilsudoise-tourisme.fr\/nl\/agenda-animations\/loisirs-cine-villers-k-pop-demon-hunters\/\" class=\"seeMore\"><span class=\"sr-only\">Meer zien<\/span><\/a>\n<\/div>\n\n<div class=\"entityItem\" data-trigger=\"wpiris-click\" data-id=\"wpiris-entity-slider-item\">\n    <p class=\"entityItemThumbnail\">\n        <a href=\"https:\/\/www.creilsudoise-tourisme.fr\/nl\/agenda-animations\/babylezers\/\" nofancybox>\n            <img data-src=\"https:\/\/www.creilsudoise-tourisme.fr\/wp-content\/uploads\/wpetourisme\/Bebe-lecteur-275x350.jpg\" alt=\"Lezen | Babylezers\">\n        <\/a>\n    <\/p>\n    <div class=\"entityItemContent\">\n        <h2 class=\"entityItemContentTitle\">\n            <a href=\"https:\/\/www.creilsudoise-tourisme.fr\/nl\/agenda-animations\/babylezers\/\">Lezen | Babylezers<\/a>\n        <\/h2>\n                    <p class=\"entityItemContentType\">Festivals en evenementen<\/p>\n            <\/div>\n    <a href=\"https:\/\/www.creilsudoise-tourisme.fr\/nl\/agenda-animations\/babylezers\/\" class=\"seeMore\"><span class=\"sr-only\">Meer zien<\/span><\/a>\n<\/div>\n\n<div class=\"entityItem\" data-trigger=\"wpiris-click\" data-id=\"wpiris-entity-slider-item\">\n    <p class=\"entityItemThumbnail\">\n        <a href=\"https:\/\/www.creilsudoise-tourisme.fr\/nl\/agenda-animations\/lezen-boeken-zijn-goed-voor-babys-2-2\/\" nofancybox>\n            <img data-src=\"https:\/\/www.creilsudoise-tourisme.fr\/wp-content\/uploads\/wpetourisme\/bebes-lecteur-st-vaast-275x350.png\" alt=\"Lezen | Boeken zijn goed voor baby&#039;s\">\n        <\/a>\n    <\/p>\n    <div class=\"entityItemContent\">\n        <h2 class=\"entityItemContentTitle\">\n            <a href=\"https:\/\/www.creilsudoise-tourisme.fr\/nl\/agenda-animations\/lezen-boeken-zijn-goed-voor-babys-2-2\/\">Lezen | Boeken zijn goed voor baby's<\/a>\n        <\/h2>\n                    <p class=\"entityItemContentType\">Festivals en evenementen<\/p>\n            <\/div>\n    <a href=\"https:\/\/www.creilsudoise-tourisme.fr\/nl\/agenda-animations\/lezen-boeken-zijn-goed-voor-babys-2-2\/\" class=\"seeMore\"><span class=\"sr-only\">Meer zien<\/span><\/a>\n<\/div>\n\n<div class=\"entityItem\" data-trigger=\"wpiris-click\" data-id=\"wpiris-entity-slider-item\">\n    <p class=\"entityItemThumbnail\">\n        <a href=\"https:\/\/www.creilsudoise-tourisme.fr\/nl\/agenda-animations\/lezing-club-des-bulles\/\" nofancybox>\n            <img data-src=\"https:\/\/www.creilsudoise-tourisme.fr\/wp-content\/uploads\/wpetourisme\/club-des-bulles-275x350.jpg\" alt=\"Lezen | Le club des bulles\">\n        <\/a>\n    <\/p>\n    <div class=\"entityItemContent\">\n        <h2 class=\"entityItemContentTitle\">\n            <a href=\"https:\/\/www.creilsudoise-tourisme.fr\/nl\/agenda-animations\/lezing-club-des-bulles\/\">Lezen | Le club des bulles<\/a>\n        <\/h2>\n                    <p class=\"entityItemContentType\">Festivals en evenementen<\/p>\n            <\/div>\n    <a href=\"https:\/\/www.creilsudoise-tourisme.fr\/nl\/agenda-animations\/lezing-club-des-bulles\/\" class=\"seeMore\"><span class=\"sr-only\">Meer zien<\/span><\/a>\n<\/div>\n\n<div class=\"entityItem\" data-trigger=\"wpiris-click\" data-id=\"wpiris-entity-slider-item\">\n    <p class=\"entityItemThumbnail\">\n        <a href=\"https:\/\/www.creilsudoise-tourisme.fr\/nl\/agenda-animations\/atelier-ruee-vers-lart\/\" nofancybox>\n            <img data-src=\"https:\/\/www.creilsudoise-tourisme.fr\/wp-content\/uploads\/wpetourisme\/MED-ruee-art-2-mai-275x350.jpg\" alt=\"Workshop | Kunstroes\">\n        <\/a>\n    <\/p>\n    <div class=\"entityItemContent\">\n        <h2 class=\"entityItemContentTitle\">\n            <a href=\"https:\/\/www.creilsudoise-tourisme.fr\/nl\/agenda-animations\/atelier-ruee-vers-lart\/\">Workshop | Kunstroes<\/a>\n        <\/h2>\n                    <p class=\"entityItemContentType\">Festivals en evenementen<\/p>\n            <\/div>\n    <a href=\"https:\/\/www.creilsudoise-tourisme.fr\/nl\/agenda-animations\/atelier-ruee-vers-lart\/\" class=\"seeMore\"><span class=\"sr-only\">Meer zien<\/span><\/a>\n<\/div>\n\n<div class=\"entityItem\" data-trigger=\"wpiris-click\" data-id=\"wpiris-entity-slider-item\">\n    <p class=\"entityItemThumbnail\">\n        <a href=\"https:\/\/www.creilsudoise-tourisme.fr\/nl\/agenda-animations\/voorleesverhalen-voor-kleine-oortjes-6\/\" nofancybox>\n            <img data-src=\"https:\/\/www.creilsudoise-tourisme.fr\/wp-content\/uploads\/wpetourisme\/10457104-275x350.jpg\" alt=\"Leesverhaaltjes voor kleine oren\">\n        <\/a>\n    <\/p>\n    <div class=\"entityItemContent\">\n        <h2 class=\"entityItemContentTitle\">\n            <a href=\"https:\/\/www.creilsudoise-tourisme.fr\/nl\/agenda-animations\/voorleesverhalen-voor-kleine-oortjes-6\/\">Leesverhaaltjes voor kleine oren<\/a>\n        <\/h2>\n                    <p class=\"entityItemContentType\">Festivals en evenementen<\/p>\n            <\/div>\n    <a href=\"https:\/\/www.creilsudoise-tourisme.fr\/nl\/agenda-animations\/voorleesverhalen-voor-kleine-oortjes-6\/\" class=\"seeMore\"><span class=\"sr-only\">Meer zien<\/span><\/a>\n<\/div>\n\n<div class=\"entityItem\" data-trigger=\"wpiris-click\" data-id=\"wpiris-entity-slider-item\">\n    <p class=\"entityItemThumbnail\">\n        <a href=\"https:\/\/www.creilsudoise-tourisme.fr\/nl\/agenda-animations\/loisirs-jeux-de-roles-7\/\" nofancybox>\n            <img data-src=\"https:\/\/www.creilsudoise-tourisme.fr\/wp-content\/uploads\/wpetourisme\/vue-de-dessus-sur-de-beaux-objets-de-nature-morte-rpg--1--275x350.jpg\" alt=\"Vrije tijd | Rollenspellen\">\n        <\/a>\n    <\/p>\n    <div class=\"entityItemContent\">\n        <h2 class=\"entityItemContentTitle\">\n            <a href=\"https:\/\/www.creilsudoise-tourisme.fr\/nl\/agenda-animations\/loisirs-jeux-de-roles-7\/\">Vrije tijd | Rollenspellen<\/a>\n        <\/h2>\n                    <p class=\"entityItemContentType\">Festivals en evenementen<\/p>\n            <\/div>\n    <a href=\"https:\/\/www.creilsudoise-tourisme.fr\/nl\/agenda-animations\/loisirs-jeux-de-roles-7\/\" class=\"seeMore\"><span class=\"sr-only\">Meer zien<\/span><\/a>\n<\/div>\n\n<div class=\"entityItem\" data-trigger=\"wpiris-click\" data-id=\"wpiris-entity-slider-item\">\n    <p class=\"entityItemThumbnail\">\n        <a href=\"https:\/\/www.creilsudoise-tourisme.fr\/nl\/agenda-animations\/videospelletjes\/\" nofancybox>\n            <img data-src=\"https:\/\/www.creilsudoise-tourisme.fr\/wp-content\/uploads\/wpetourisme\/jeux-video-2-275x350.jpg\" alt=\"Vrije tijd | Spelletjes\">\n        <\/a>\n    <\/p>\n    <div class=\"entityItemContent\">\n        <h2 class=\"entityItemContentTitle\">\n            <a href=\"https:\/\/www.creilsudoise-tourisme.fr\/nl\/agenda-animations\/videospelletjes\/\">Vrije tijd | Spelletjes<\/a>\n        <\/h2>\n                    <p class=\"entityItemContentType\">Festivals en evenementen<\/p>\n            <\/div>\n    <a href=\"https:\/\/www.creilsudoise-tourisme.fr\/nl\/agenda-animations\/videospelletjes\/\" class=\"seeMore\"><span class=\"sr-only\">Meer zien<\/span><\/a>\n<\/div>\n                <\/div>\n\n                \n<div class=\"sliderNav\">\n    <div class=\"sliderNavWrapper\">\n        <p class=\"swiperArrow swiperArrow--next\" data-trigger=\"swiper-next\">\n            <span class=\"sr-only\">Volgende<\/span>\n        <\/p>\n        <p class=\"swiperArrow swiperArrow--prev\" data-trigger=\"swiper-prev\">\n            <span class=\"sr-only\">Vorige<\/span>\n        <\/p>\n    <\/div>\n<\/div>\n            <\/div>\n            <\/div>\n<\/div><\/div>\n\n<div class=\"wp-block wp-block-highlight\">\n            <h3 class=\"wp-block-highlight-item wp-block-highlight-title\"><strong>Wil je gaan wandelen?<\/strong><\/h3>\n                <p class=\"wp-block-highlight-item wp-block-highlight-excerpt\">Creil Sud Oise is een ideale bestemming voor <strong>familie-uitje<\/strong> en voor de meer ervaren <a href=\"https:\/\/www.creilsudoise-tourisme.fr\/nl\/i-search\/wandeling-2\/\" target=\"_blank\" rel=\"noreferrer noopener\">loopt<\/a> zijn zelfs voor de jongsten toegankelijk.<\/p>\n    <\/div>\n\n\n<div class=\"is-layout-flex wp-block-buttons\">\n<div class=\"wp-block-button\"><a class=\"wp-block-button__link wp-element-button\" href=\"https:\/\/www.creilsudoise-tourisme.fr\/nl\/randonnee\/\" target=\"_blank\" rel=\"noreferrer noopener\">loopt<\/a><\/div>\n<\/div>\n\n\n\n<div class=\"wp-block wp-block-accordion\" id=\"accordion\">\n    \n                    <div class=\"wp-block-accordion-item\">\n            <div id=\"heading6757\">\n                <h3 class=\"wp-block-accordion-item-title\" data-toggle=\"collapse\" data-target=\"#collapse6757\">\n                    De must-haves                <\/h3>\n            <\/div>\n            <div class=\"wp-block-accordion-item-content collapse\" id=\"collapse6757\" data-parent=\"#accordion\">\n                <p>En om meer te weten te komen over de <strong>Belangrijkste toeristische bezienswaardigheden van Creil Sud Oise<\/strong>Meer weten <a href='https:\/\/www.creilsudoise-tourisme.fr\/nl\/jexplore\/must-haves\/' target='_blank' rel='noreferrer noopener'>De must-haves<\/a>.<\/p><p>U maakt deel uit van een vereniging en bent op zoek naar <strong>idee\u00ebn voor groepsuitstapjes<\/strong> ? Bekijk onze brochure of ontdek de <a href='https:\/\/www.creilsudoise-tourisme.fr\/nl\/en-groupe-seminaires\/incontournables-groupes\/' target='_blank' rel='noreferrer noopener'>7 must-sees voor groepen<\/a>.<\/p>            <\/div>\n        <\/div>\n                    <div class=\"wp-block-accordion-item\">\n            <div id=\"heading2794\">\n                <h3 class=\"wp-block-accordion-item-title\" data-toggle=\"collapse\" data-target=\"#collapse2794\">\n                    Zonder de kinderen?                <\/h3>\n            <\/div>\n            <div class=\"wp-block-accordion-item-content collapse\" id=\"collapse2794\" data-parent=\"#accordion\">\n                <p>U bent op zoek naar <strong>idee\u00ebn voor een uitje zonder kinderen<\/strong> ? Vind onze selecties <a href='https:\/\/www.creilsudoise-tourisme.fr\/nl\/en-koppel\/' target='_blank' rel='noreferrer noopener'>Als een paar<\/a> en <a href='https:\/\/www.creilsudoise-tourisme.fr\/nl\/tussen-vrienden\/' target='_blank' rel='noreferrer noopener'>Tussen vrienden<\/a>.<\/p>            <\/div>\n        <\/div>\n    \n<\/div>\n\n\n\n\n<p><\/p>","protected":false},"excerpt":{"rendered":"<p>Onze gezinskeuze: activiteiten, restaurants en accommodatie Om u te helpen bij het organiseren van een gezinsuitstapje, heeft het team van Creil Sud Oise Tourisme activiteiten voor kinderen geselecteerd (activiteiten, uitstapjes, workshops, bezoeken, evenementen, enz.) die geschikt zijn vanaf jonge leeftijd, evenals restaurants en accommodaties met alle nodige faciliteiten om [...].<\/p>","protected":false},"author":1,"featured_media":32300,"parent":0,"menu_order":4,"comment_status":"closed","ping_status":"closed","template":"","meta":{"_relevanssi_hide_post":"","_relevanssi_hide_content":"","_relevanssi_pin_for_all":"","_relevanssi_pin_keywords":"","_relevanssi_unpin_keywords":"","_relevanssi_related_keywords":"","_relevanssi_related_include_ids":"","_relevanssi_related_exclude_ids":"","_relevanssi_related_no_append":"","_relevanssi_related_not_related":"","_relevanssi_related_posts":"275,267,273,271","_relevanssi_noindex_reason":""},"yoast_head":"<!-- This site is optimized with the Yoast SEO plugin v20.2.1 - https:\/\/yoast.com\/wordpress\/plugins\/seo\/ -->\n<title>Que faire en famille : sorties enfants dans le Sud de l\u2019Oise<\/title>\n<meta name=\"description\" content=\"Nous avons s\u00e9lectionn\u00e9 pour vous les activit\u00e9s, restaurants et h\u00e9bergements adapt\u00e9s en famille, enfants et b\u00e9b\u00e9s \u00e0 Creil Sud Oise, pr\u00e8s de Chantilly !\" \/>\n<meta name=\"robots\" content=\"index, follow, max-snippet:-1, max-image-preview:large, max-video-preview:-1\" \/>\n<link rel=\"canonical\" href=\"https:\/\/www.creilsudoise-tourisme.fr\/nl\/in-de-familie\/\" \/>\n<meta property=\"og:locale\" content=\"nl_NL\" \/>\n<meta property=\"og:type\" content=\"article\" \/>\n<meta property=\"og:title\" content=\"Que faire en famille : sorties enfants dans le Sud de l\u2019Oise\" \/>\n<meta property=\"og:description\" content=\"Nous avons s\u00e9lectionn\u00e9 pour vous les activit\u00e9s, restaurants et h\u00e9bergements adapt\u00e9s en famille, enfants et b\u00e9b\u00e9s \u00e0 Creil Sud Oise, pr\u00e8s de Chantilly !\" \/>\n<meta property=\"og:url\" content=\"https:\/\/www.creilsudoise-tourisme.fr\/nl\/in-de-familie\/\" \/>\n<meta property=\"og:site_name\" content=\"Office de Tourisme Creil Sud Oise\" \/>\n<meta property=\"article:publisher\" content=\"https:\/\/www.facebook.com\/creilsudoisetourisme\/\" \/>\n<meta property=\"article:modified_time\" content=\"2024-07-02T10:30:55+00:00\" \/>\n<meta property=\"og:image\" content=\"https:\/\/www.creilsudoise-tourisme.fr\/wp-content\/uploads\/2021\/03\/Activite\u0301s-avec-les-enfants-a\u0300-Creil-Sud-Oise.jpg\" \/>\n\t<meta property=\"og:image:width\" content=\"1600\" \/>\n\t<meta property=\"og:image:height\" content=\"1067\" \/>\n\t<meta property=\"og:image:type\" content=\"image\/jpeg\" \/>\n<meta name=\"twitter:card\" content=\"summary_large_image\" \/>\n<meta name=\"twitter:site\" content=\"@CreilSudOiseOT\" \/>\n<meta name=\"twitter:label1\" content=\"Geschatte leestijd\" \/>\n\t<meta name=\"twitter:data1\" content=\"1 minuut\" \/>\n<script type=\"application\/ld+json\" class=\"yoast-schema-graph\">{\"@context\":\"https:\/\/schema.org\",\"@graph\":[{\"@type\":\"WebPage\",\"@id\":\"https:\/\/www.creilsudoise-tourisme.fr\/en-famille\/\",\"url\":\"https:\/\/www.creilsudoise-tourisme.fr\/en-famille\/\",\"name\":\"Que faire en famille : sorties enfants dans le Sud de l\u2019Oise\",\"isPartOf\":{\"@id\":\"https:\/\/www.creilsudoise-tourisme.fr\/#website\"},\"datePublished\":\"2021-02-17T09:01:34+00:00\",\"dateModified\":\"2024-07-02T10:30:55+00:00\",\"description\":\"Nous avons s\u00e9lectionn\u00e9 pour vous les activit\u00e9s, restaurants et h\u00e9bergements adapt\u00e9s en famille, enfants et b\u00e9b\u00e9s \u00e0 Creil Sud Oise, pr\u00e8s de Chantilly !\",\"breadcrumb\":{\"@id\":\"https:\/\/www.creilsudoise-tourisme.fr\/en-famille\/#breadcrumb\"},\"inLanguage\":\"nl\",\"potentialAction\":[{\"@type\":\"ReadAction\",\"target\":[\"https:\/\/www.creilsudoise-tourisme.fr\/en-famille\/\"]}]},{\"@type\":\"BreadcrumbList\",\"@id\":\"https:\/\/www.creilsudoise-tourisme.fr\/en-famille\/#breadcrumb\",\"itemListElement\":[{\"@type\":\"ListItem\",\"position\":1,\"name\":\"Accueil\",\"item\":\"https:\/\/www.creilsudoise-tourisme.fr\/\"},{\"@type\":\"ListItem\",\"position\":2,\"name\":\"En famille\"}]},{\"@type\":\"WebSite\",\"@id\":\"https:\/\/www.creilsudoise-tourisme.fr\/#website\",\"url\":\"https:\/\/www.creilsudoise-tourisme.fr\/\",\"name\":\"Office de Tourisme Creil Sud Oise\",\"description\":\"Creil Sud Oise Tourisme, un territoire \u00e0 explorer !\",\"publisher\":{\"@id\":\"https:\/\/www.creilsudoise-tourisme.fr\/#organization\"},\"potentialAction\":[{\"@type\":\"SearchAction\",\"target\":{\"@type\":\"EntryPoint\",\"urlTemplate\":\"https:\/\/www.creilsudoise-tourisme.fr\/?s={search_term_string}\"},\"query-input\":\"required name=search_term_string\"}],\"inLanguage\":\"nl\"},{\"@type\":\"Organization\",\"@id\":\"https:\/\/www.creilsudoise-tourisme.fr\/#organization\",\"name\":\"Creil Sud Oise Tourisme\",\"url\":\"https:\/\/www.creilsudoise-tourisme.fr\/\",\"logo\":{\"@type\":\"ImageObject\",\"inLanguage\":\"nl\",\"@id\":\"https:\/\/www.creilsudoise-tourisme.fr\/#\/schema\/logo\/image\/\",\"url\":\"https:\/\/www.creilsudoise-tourisme.fr\/wp-content\/uploads\/2021\/05\/logo-svg.png\",\"contentUrl\":\"https:\/\/www.creilsudoise-tourisme.fr\/wp-content\/uploads\/2021\/05\/logo-svg.png\",\"width\":182,\"height\":71,\"caption\":\"Creil Sud Oise Tourisme\"},\"image\":{\"@id\":\"https:\/\/www.creilsudoise-tourisme.fr\/#\/schema\/logo\/image\/\"},\"sameAs\":[\"https:\/\/www.facebook.com\/creilsudoisetourisme\/\",\"https:\/\/twitter.com\/CreilSudOiseOT\",\"https:\/\/www.instagram.com\/creilsudoisetourisme\/\",\"https:\/\/www.youtube.com\/channel\/UC8L_QD2wwyADW14zt9fY8kw\"]}]}<\/script>\n<!-- \/ Yoast SEO plugin. -->","yoast_head_json":{"title":"Que faire en famille : sorties enfants dans le Sud de l\u2019Oise","description":"Nous avons s\u00e9lectionn\u00e9 pour vous les activit\u00e9s, restaurants et h\u00e9bergements adapt\u00e9s en famille, enfants et b\u00e9b\u00e9s \u00e0 Creil Sud Oise, pr\u00e8s de Chantilly !","robots":{"index":"index","follow":"follow","max-snippet":"max-snippet:-1","max-image-preview":"max-image-preview:large","max-video-preview":"max-video-preview:-1"},"canonical":"https:\/\/www.creilsudoise-tourisme.fr\/nl\/in-de-familie\/","og_locale":"nl_NL","og_type":"article","og_title":"Que faire en famille : sorties enfants dans le Sud de l\u2019Oise","og_description":"Nous avons s\u00e9lectionn\u00e9 pour vous les activit\u00e9s, restaurants et h\u00e9bergements adapt\u00e9s en famille, enfants et b\u00e9b\u00e9s \u00e0 Creil Sud Oise, pr\u00e8s de Chantilly !","og_url":"https:\/\/www.creilsudoise-tourisme.fr\/nl\/in-de-familie\/","og_site_name":"Office de Tourisme Creil Sud Oise","article_publisher":"https:\/\/www.facebook.com\/creilsudoisetourisme\/","article_modified_time":"2024-07-02T10:30:55+00:00","og_image":[{"width":1600,"height":1067,"url":"https:\/\/www.creilsudoise-tourisme.fr\/wp-content\/uploads\/2021\/03\/Activite\u0301s-avec-les-enfants-a\u0300-Creil-Sud-Oise.jpg","type":"image\/jpeg"}],"twitter_card":"summary_large_image","twitter_site":"@CreilSudOiseOT","twitter_misc":{"Geschatte leestijd":"1 minuut"},"schema":{"@context":"https:\/\/schema.org","@graph":[{"@type":"WebPage","@id":"https:\/\/www.creilsudoise-tourisme.fr\/en-famille\/","url":"https:\/\/www.creilsudoise-tourisme.fr\/en-famille\/","name":"Que faire en famille : sorties enfants dans le Sud de l\u2019Oise","isPartOf":{"@id":"https:\/\/www.creilsudoise-tourisme.fr\/#website"},"datePublished":"2021-02-17T09:01:34+00:00","dateModified":"2024-07-02T10:30:55+00:00","description":"Nous avons s\u00e9lectionn\u00e9 pour vous les activit\u00e9s, restaurants et h\u00e9bergements adapt\u00e9s en famille, enfants et b\u00e9b\u00e9s \u00e0 Creil Sud Oise, pr\u00e8s de Chantilly !","breadcrumb":{"@id":"https:\/\/www.creilsudoise-tourisme.fr\/en-famille\/#breadcrumb"},"inLanguage":"nl","potentialAction":[{"@type":"ReadAction","target":["https:\/\/www.creilsudoise-tourisme.fr\/en-famille\/"]}]},{"@type":"BreadcrumbList","@id":"https:\/\/www.creilsudoise-tourisme.fr\/en-famille\/#breadcrumb","itemListElement":[{"@type":"ListItem","position":1,"name":"Accueil","item":"https:\/\/www.creilsudoise-tourisme.fr\/"},{"@type":"ListItem","position":2,"name":"En famille"}]},{"@type":"WebSite","@id":"https:\/\/www.creilsudoise-tourisme.fr\/#website","url":"https:\/\/www.creilsudoise-tourisme.fr\/","name":"Office de Tourisme Creil Sud Oise","description":"Creil Sud Oise Tourisme, un territoire \u00e0 explorer !","publisher":{"@id":"https:\/\/www.creilsudoise-tourisme.fr\/#organization"},"potentialAction":[{"@type":"SearchAction","target":{"@type":"EntryPoint","urlTemplate":"https:\/\/www.creilsudoise-tourisme.fr\/?s={search_term_string}"},"query-input":"required name=search_term_string"}],"inLanguage":"nl"},{"@type":"Organization","@id":"https:\/\/www.creilsudoise-tourisme.fr\/#organization","name":"Creil Sud Oise Tourisme","url":"https:\/\/www.creilsudoise-tourisme.fr\/","logo":{"@type":"ImageObject","inLanguage":"nl","@id":"https:\/\/www.creilsudoise-tourisme.fr\/#\/schema\/logo\/image\/","url":"https:\/\/www.creilsudoise-tourisme.fr\/wp-content\/uploads\/2021\/05\/logo-svg.png","contentUrl":"https:\/\/www.creilsudoise-tourisme.fr\/wp-content\/uploads\/2021\/05\/logo-svg.png","width":182,"height":71,"caption":"Creil Sud Oise Tourisme"},"image":{"@id":"https:\/\/www.creilsudoise-tourisme.fr\/#\/schema\/logo\/image\/"},"sameAs":["https:\/\/www.facebook.com\/creilsudoisetourisme\/","https:\/\/twitter.com\/CreilSudOiseOT","https:\/\/www.instagram.com\/creilsudoisetourisme\/","https:\/\/www.youtube.com\/channel\/UC8L_QD2wwyADW14zt9fY8kw"]}]}},"_links":{"self":[{"href":"https:\/\/www.creilsudoise-tourisme.fr\/nl\/wp-json\/wp\/v2\/pages\/76"}],"collection":[{"href":"https:\/\/www.creilsudoise-tourisme.fr\/nl\/wp-json\/wp\/v2\/pages"}],"about":[{"href":"https:\/\/www.creilsudoise-tourisme.fr\/nl\/wp-json\/wp\/v2\/types\/page"}],"author":[{"embeddable":true,"href":"https:\/\/www.creilsudoise-tourisme.fr\/nl\/wp-json\/wp\/v2\/users\/1"}],"replies":[{"embeddable":true,"href":"https:\/\/www.creilsudoise-tourisme.fr\/nl\/wp-json\/wp\/v2\/comments?post=76"}],"version-history":[{"count":70,"href":"https:\/\/www.creilsudoise-tourisme.fr\/nl\/wp-json\/wp\/v2\/pages\/76\/revisions"}],"predecessor-version":[{"id":58752,"href":"https:\/\/www.creilsudoise-tourisme.fr\/nl\/wp-json\/wp\/v2\/pages\/76\/revisions\/58752"}],"wp:featuredmedia":[{"embeddable":true,"href":"https:\/\/www.creilsudoise-tourisme.fr\/nl\/wp-json\/wp\/v2\/media\/32300"}],"wp:attachment":[{"href":"https:\/\/www.creilsudoise-tourisme.fr\/nl\/wp-json\/wp\/v2\/media?parent=76"}],"curies":[{"name":"wp","href":"https:\/\/api.w.org\/{rel}","templated":true}]}}