{"id":64155,"date":"2025-07-25T12:49:44","date_gmt":"2025-07-25T10:49:13","guid":{"rendered":"https:\/\/www.creilsudoise-tourisme.fr\/?page_id=64155"},"modified":"2025-07-25T15:03:36","modified_gmt":"2025-07-25T13:03:36","slug":"votre-actu","status":"publish","type":"page","link":"https:\/\/www.creilsudoise-tourisme.fr\/nl\/espace-pro\/oproep-voor-projecten\/uw-actu\/","title":{"rendered":"Toeristische professionals: wij zetten jullie op de kaart!"},"content":{"rendered":"<p class=\"is-style-excerpt\">Wij, bij het toeristenbureau van Creil Sud Oise, <strong>we houden van een vol dagboek! <\/strong>Om ervoor te zorgen dat je evenementen, workshops, aanbiedingen en nieuwe producten niet onopgemerkt blijven, kun je ons helpen om ze op het juiste moment bij het juiste publiek onder de aandacht te brengen. We proberen zo veel mogelijk informatie te verzamelen zodat we je effectiever kunnen promoten.<\/p>\n\n\n\n<div class=\"wp-block-cover alignfull\"><span aria-hidden=\"true\" class=\"wp-block-cover__background has-background-dim\"><\/span><img decoding=\"async\" loading=\"lazy\" width=\"1200\" height=\"800\" class=\"wp-block-cover__image-background wp-image-64169\" alt=\"\" data-src=\"https:\/\/www.creilsudoise-tourisme.fr\/wp-content\/uploads\/2025\/07\/Musee_Galle_Juillet-Creil-Escape_Game-Anne_Sophie_Flament_Ville_Creil-120-1200x800.jpg\" data-object-fit=\"cover\" data-srcset=\"https:\/\/www.creilsudoise-tourisme.fr\/wp-content\/uploads\/2025\/07\/Musee_Galle_Juillet-Creil-Escape_Game-Anne_Sophie_Flament_Ville_Creil-120-1200x800.jpg 1200w, https:\/\/www.creilsudoise-tourisme.fr\/wp-content\/uploads\/2025\/07\/Musee_Galle_Juillet-Creil-Escape_Game-Anne_Sophie_Flament_Ville_Creil-120-600x400.jpg 600w, https:\/\/www.creilsudoise-tourisme.fr\/wp-content\/uploads\/2025\/07\/Musee_Galle_Juillet-Creil-Escape_Game-Anne_Sophie_Flament_Ville_Creil-120-900x600.jpg 900w, https:\/\/www.creilsudoise-tourisme.fr\/wp-content\/uploads\/2025\/07\/Musee_Galle_Juillet-Creil-Escape_Game-Anne_Sophie_Flament_Ville_Creil-120-1536x1024.jpg 1536w, https:\/\/www.creilsudoise-tourisme.fr\/wp-content\/uploads\/2025\/07\/Musee_Galle_Juillet-Creil-Escape_Game-Anne_Sophie_Flament_Ville_Creil-120-18x12.jpg 18w, https:\/\/www.creilsudoise-tourisme.fr\/wp-content\/uploads\/2025\/07\/Musee_Galle_Juillet-Creil-Escape_Game-Anne_Sophie_Flament_Ville_Creil-120-200x133.jpg 200w, https:\/\/www.creilsudoise-tourisme.fr\/wp-content\/uploads\/2025\/07\/Musee_Galle_Juillet-Creil-Escape_Game-Anne_Sophie_Flament_Ville_Creil-120-650x433.jpg 650w, https:\/\/www.creilsudoise-tourisme.fr\/wp-content\/uploads\/2025\/07\/Musee_Galle_Juillet-Creil-Escape_Game-Anne_Sophie_Flament_Ville_Creil-120-387x258.jpg 387w, https:\/\/www.creilsudoise-tourisme.fr\/wp-content\/uploads\/2025\/07\/Musee_Galle_Juillet-Creil-Escape_Game-Anne_Sophie_Flament_Ville_Creil-120.jpg 1920w\" sizes=\"(max-width: 1200px) 100vw, 1200px\" \/><div class=\"wp-block-cover__inner-container\">\n<p class=\"has-text-align-center has-large-font-size\">Dus, ben je klaar om je stempel te drukken?<\/p>\n<\/div><\/div>\n\n\n\n<h2><strong>De kwesties die we onder de aandacht brengen <\/strong><\/h2>\n\n\n\n<h3><strong>Lokaal en nationaal nieuws: blijf bij de tijd!<\/strong><\/h3>\n\n\n\n<p><strong>Elke maand kiezen we een thema dat het nieuws van het moment weerspiegelt.<\/strong> We maken inhoud op maat... zolang we maar genoeg evenementen hebben om op te nemen! <\/p>\n\n\n\n<p>Dit zijn de onderwerpen die we zullen behandelen: (onder voorbehoud van wijzigingen in het tijdschema)<\/p>\n\n\n\n<ul>\n<li><strong>Februari<\/strong> Wintervakantie en Valentijnsdag (cadeau-idee\u00ebn, speciale menu's...)<\/li>\n\n\n\n<li><strong>Maart<\/strong> Europese Knutseldagen, Voorleesavond en Oma's Dag (cadeau-idee\u00ebn, uitjes en bezoekjes om samen te doen...)<\/li>\n\n\n\n<li><strong>April<\/strong> Voorjaarsvakantie, paasfestiviteiten, waternacht, lokale festivals en 1<sup>ers<\/sup> vlooienmarkten van het jaar<\/li>\n\n\n\n<li><strong>Mei<\/strong> Museumnacht en Moederdag (cadeau-idee\u00ebn, uitjes en bezoekjes om samen te doen...)<\/li>\n\n\n\n<li><strong>Juni<\/strong> Muziekdag, Archeologiedag, Presentatie van de seizoenen (of in september\/oktober volgens je eigen kalender), Vaderdag en Einde van het schooljaar (cadeautips, uitstapjes en bezoeken om samen te doen, enz.)<\/li>\n\n\n\n<li><strong>Juli<\/strong> Grote vakantie en wat te doen als het te warm is? <\/li>\n\n\n\n<li><strong>Augustus<\/strong> Nacht van de vleermuis<\/li>\n\n\n\n<li><strong>September<\/strong> Europese erfgoeddagen<\/li>\n\n\n\n<li><strong>Oktober<\/strong> Allerheiligen, Halloween, F\u00eate de la Science en Dag van de Architectuur<\/li>\n\n\n\n<li><strong>December<\/strong> Kerstvakantie, kerstfestiviteiten (kerstmarkten, creatieve workshops, speciale kerstmenu's, lokale cadeau-idee\u00ebn...)<\/li>\n<\/ul>\n\n\n\n<hr class=\"wp-block-separator has-alpha-channel-opacity\"\/>\n\n\n\n<h3><strong>Partner nieuws: wat gebeurt er in jouw omgeving, wij praten erover<\/strong><\/h3>\n\n\n\n<h4><strong>Nieuws: vergeet niet je informatie up-to-date te houden - we zullen er het beste van maken!<\/strong><\/h4>\n\n\n\n<p>Een nieuw toeristisch aanbod? Een nieuw gerecht op het menu? Een gerenoveerde eetzaal? Een label toegekend (of teruggegeven, het gebeurt)? <strong>Laat het ons weten!<\/strong><\/p>\n\n\n\n<p>We werken onze website regelmatig bij, maar het kan gebeuren dat we informatie over het hoofd zien (en ja, we kunnen nog steeds geen kristallen bollen lezen). Controleer of alles correct is op je pagina's:<\/p>\n\n\n\n<ul>\n<li>Klik op het vergrootglas \ud83d\udd0d en typ de naam van je aanbieding in<\/li>\n\n\n\n<li>Er kunnen meerdere pagina's bestaan voor dezelfde aanbieding: bekijk ze allemaal!<\/li>\n<\/ul>\n\n\n\n<p>En als je <strong>nieuwe foto's<\/strong>Wij nemen hem ook mee. Er gaat niets boven een frisse foto om de aandacht te trekken!<\/p>\n\n\n\n<h4><strong>Gezinsnieuws: de kleintjes krijgen hun gloriemoment<\/strong><\/h4>\n\n\n\n<p>Babyvriendelijke uitstapjes, schattenjachten, knuffelfilms, wandelingen voor kinderwagens... We hebben het allemaal hier:<\/p>\n\n\n\n<p>\ud83d\udc49 Ontdek onze pagina gewijd aan gezinnen, <strong>de meest geraadpleegde van de hele site<\/strong> :<br><a class=\"\" href=\"https:\/\/www.creilsudoise-tourisme.fr\/nl\/in-de-familie\/\">https:\/\/www.creilsudoise-tourisme.fr\/en-famille\/<\/a><\/p>\n\n\n\n<p>Stuur ons je idee\u00ebn en wij geven ze veel aandacht!<\/p>\n\n\n\n<h4><strong>Lokale anekdotes: laat ons glimlachen, verras ons!<\/strong><\/h4>\n\n\n\n<p>Een ongewoon verhaal? Een beroemdheid die je is bijgebleven? Een weinig bekend historisch feit? Vertel het ons!<br>Jij levert de bronnen (foto's, artikelen, documenten, enz.), <strong>wij zorgen voor de rest<\/strong> artikel, video, diavoorstelling... En als je wilt <strong>kijk naar de camera<\/strong>nog beter!<\/p>\n\n\n\n<hr class=\"wp-block-separator has-alpha-channel-opacity\"\/>\n\n\n\n<h3><strong>En alle evenementen buiten het thema? Die nemen we ook mee!<\/strong><\/h3>\n\n\n\n<p><strong>Niet in de dozen? Geen probleem. <\/strong>Jullie markten, rommelmarkten, cursussen, open dagen, workshops, tentoonstellingen... We willen er alles over weten, zelfs als het niet in ons maandelijkse redactionele schema past. Te weinig nieuws bestaat niet!<\/p>\n\n\n\n<hr class=\"wp-block-separator has-alpha-channel-opacity\"\/>\n\n\n\n<figure class=\"wp-block-image size-large\"><img decoding=\"async\" loading=\"lazy\" width=\"1200\" height=\"675\" data-src=\"https:\/\/www.creilsudoise-tourisme.fr\/wp-content\/uploads\/2025\/07\/Visite-guidee-de-la-carriere-souterraine-\u00a9-Smellinckx-Oise-Tourisme-41-1200x675.jpg\" alt=\"Rondleiding maison de la pierre oise saint maximin familie partners agenda communicatie\" class=\"wp-image-64172\" data-srcset=\"https:\/\/www.creilsudoise-tourisme.fr\/wp-content\/uploads\/2025\/07\/Visite-guidee-de-la-carriere-souterraine-\u00a9-Smellinckx-Oise-Tourisme-41-1200x675.jpg 1200w, https:\/\/www.creilsudoise-tourisme.fr\/wp-content\/uploads\/2025\/07\/Visite-guidee-de-la-carriere-souterraine-\u00a9-Smellinckx-Oise-Tourisme-41-600x338.jpg 600w, https:\/\/www.creilsudoise-tourisme.fr\/wp-content\/uploads\/2025\/07\/Visite-guidee-de-la-carriere-souterraine-\u00a9-Smellinckx-Oise-Tourisme-41-900x506.jpg 900w, https:\/\/www.creilsudoise-tourisme.fr\/wp-content\/uploads\/2025\/07\/Visite-guidee-de-la-carriere-souterraine-\u00a9-Smellinckx-Oise-Tourisme-41-1536x864.jpg 1536w, https:\/\/www.creilsudoise-tourisme.fr\/wp-content\/uploads\/2025\/07\/Visite-guidee-de-la-carriere-souterraine-\u00a9-Smellinckx-Oise-Tourisme-41-18x10.jpg 18w, https:\/\/www.creilsudoise-tourisme.fr\/wp-content\/uploads\/2025\/07\/Visite-guidee-de-la-carriere-souterraine-\u00a9-Smellinckx-Oise-Tourisme-41-200x113.jpg 200w, https:\/\/www.creilsudoise-tourisme.fr\/wp-content\/uploads\/2025\/07\/Visite-guidee-de-la-carriere-souterraine-\u00a9-Smellinckx-Oise-Tourisme-41-1600x900.jpg 1600w, https:\/\/www.creilsudoise-tourisme.fr\/wp-content\/uploads\/2025\/07\/Visite-guidee-de-la-carriere-souterraine-\u00a9-Smellinckx-Oise-Tourisme-41-650x366.jpg 650w, https:\/\/www.creilsudoise-tourisme.fr\/wp-content\/uploads\/2025\/07\/Visite-guidee-de-la-carriere-souterraine-\u00a9-Smellinckx-Oise-Tourisme-41-387x218.jpg 387w, https:\/\/www.creilsudoise-tourisme.fr\/wp-content\/uploads\/2025\/07\/Visite-guidee-de-la-carriere-souterraine-\u00a9-Smellinckx-Oise-Tourisme-41.jpg 1920w\" sizes=\"(max-width: 1200px) 100vw, 1200px\" \/><figcaption class=\"wp-element-caption\">Geurtjes - Oise Toerisme<\/figcaption><\/figure>\n\n\n\n<h2><strong>Hoe verstuur je je informatie?<\/strong><\/h2>\n\n\n\n<p><strong>1. Uw gedateerde gebeurtenissen?<\/strong><br>Vul ons online formulier in om opgenomen te worden in onze offici\u00eble agenda:<br>\ud83d\udc49 <a class=\"\" href=\"https:\/\/www.creilsudoise-tourisme.fr\/nl\/agenda\/\">www.creilsudoise-tourisme.fr\/agenda<\/a><\/p>\n\n\n\n<div class=\"is-layout-flex wp-block-buttons\">\n<div class=\"wp-block-button\"><a class=\"wp-block-button__link wp-element-button\" href=\"http:\/\/oise.tourinsoft.com\/questionnaire-web\/2f591c16-b52e-4dfc-8106-ffe735dad39e\/eef450e0-413e-4799-b603-660b1bec7447\/add.aspx\" target=\"_blank\" rel=\"noreferrer noopener\">Online formulier<\/a><\/div>\n<\/div>\n\n\n\n<p><strong>2. Uw niet-gedateerde aanbiedingen (nieuwe producten, cadeau-idee\u00ebn, anekdotes, enz.)?<\/strong><br>Schrijf ons rechtstreeks op: bienvenue [at] creilsudoise-tourisme.fr<\/p>\n\n\n\n<p><strong>3. Ontvang je onze herinneringse-mails niet?<\/strong><br>Meld je aan om onze maandelijkse e-mail \"speciale partners\" met aankomende thema's te ontvangen:<br>Schrijf ons op: bienvenue [at] creilsudoise-tourisme.fr<\/p>\n\n\n\n<figure class=\"wp-block-image size-large\"><img decoding=\"async\" loading=\"lazy\" width=\"1200\" height=\"675\" data-src=\"https:\/\/www.creilsudoise-tourisme.fr\/wp-content\/uploads\/2025\/07\/CRAMOISY-Usine_Parville-Creil_Sud_Oise_Tourisme-23-1200x675.jpg\" alt=\"\" class=\"wp-image-64162\" data-srcset=\"https:\/\/www.creilsudoise-tourisme.fr\/wp-content\/uploads\/2025\/07\/CRAMOISY-Usine_Parville-Creil_Sud_Oise_Tourisme-23-1200x675.jpg 1200w, https:\/\/www.creilsudoise-tourisme.fr\/wp-content\/uploads\/2025\/07\/CRAMOISY-Usine_Parville-Creil_Sud_Oise_Tourisme-23-600x338.jpg 600w, https:\/\/www.creilsudoise-tourisme.fr\/wp-content\/uploads\/2025\/07\/CRAMOISY-Usine_Parville-Creil_Sud_Oise_Tourisme-23-900x506.jpg 900w, https:\/\/www.creilsudoise-tourisme.fr\/wp-content\/uploads\/2025\/07\/CRAMOISY-Usine_Parville-Creil_Sud_Oise_Tourisme-23-1536x864.jpg 1536w, https:\/\/www.creilsudoise-tourisme.fr\/wp-content\/uploads\/2025\/07\/CRAMOISY-Usine_Parville-Creil_Sud_Oise_Tourisme-23-18x10.jpg 18w, https:\/\/www.creilsudoise-tourisme.fr\/wp-content\/uploads\/2025\/07\/CRAMOISY-Usine_Parville-Creil_Sud_Oise_Tourisme-23-200x113.jpg 200w, https:\/\/www.creilsudoise-tourisme.fr\/wp-content\/uploads\/2025\/07\/CRAMOISY-Usine_Parville-Creil_Sud_Oise_Tourisme-23-1600x900.jpg 1600w, https:\/\/www.creilsudoise-tourisme.fr\/wp-content\/uploads\/2025\/07\/CRAMOISY-Usine_Parville-Creil_Sud_Oise_Tourisme-23-650x366.jpg 650w, https:\/\/www.creilsudoise-tourisme.fr\/wp-content\/uploads\/2025\/07\/CRAMOISY-Usine_Parville-Creil_Sud_Oise_Tourisme-23-387x218.jpg 387w, https:\/\/www.creilsudoise-tourisme.fr\/wp-content\/uploads\/2025\/07\/CRAMOISY-Usine_Parville-Creil_Sud_Oise_Tourisme-23.jpg 1920w\" sizes=\"(max-width: 1200px) 100vw, 1200px\" \/><figcaption class=\"wp-element-caption\">Creil Sud Oise Toerisme<\/figcaption><\/figure>\n\n\n\n<hr class=\"wp-block-separator has-alpha-channel-opacity\"\/>\n\n\n\n<h2><strong>Waar (en hoe) verspreiden we uw informatie?<\/strong><\/h2>\n\n\n\n<h3><strong>Onze doelen: verschillende seizoenen!<\/strong><\/h3>\n\n\n\n<ul>\n<li><strong>Het hele jaar door<\/strong> :\n<ul>\n<li>Gezinnen uit ACSO en nabijgelegen gemeenten, op maximaal 2 uur rijden<\/li>\n\n\n\n<li>Actieve koppels of nieuwsgierige jonge gepensioneerden<\/li>\n<\/ul>\n<\/li>\n\n\n\n<li><strong>Zomer (en soms eerder)<\/strong> :\n<ul>\n<li>Toeristen op doorreis (tussen twee bestemmingen)<\/li>\n\n\n\n<li>Toeristen aangetrokken door naburige steden (Senlis, Chantilly, Compi\u00e8gne, Pierrefonds...)<\/li>\n<\/ul>\n<\/li>\n<\/ul>\n\n\n\n<h3><strong>Onze distributiekanalen: multimedia, maximale weergave<\/strong><\/h3>\n\n\n\n<ul>\n<li><strong>Sociale netwerken<\/strong> : <a href=\"https:\/\/www.facebook.com\/creilsudoisetourisme\" target=\"_blank\" rel=\"noreferrer noopener\">Facebook <\/a>&amp; <a href=\"https:\/\/www.instagram.com\/creilsudoisetourisme\/\" target=\"_blank\" rel=\"noreferrer noopener\">Instagram<\/a><\/li>\n\n\n\n<li><strong>Website<\/strong> : <a href=\"https:\/\/www.creilsudoise-tourisme.fr\/nl\/agenda\/\" target=\"_blank\" rel=\"noreferrer noopener\">online agenda<\/a> + <a href=\"https:\/\/www.creilsudoise-tourisme.fr\/nl\/jexplore\/actus-bons-plans\/\" target=\"_blank\" rel=\"noreferrer noopener\">blog<\/a><\/li>\n\n\n\n<li><strong>Nieuwsbrief voor het grote publiek<\/strong> (schoolvakanties en Open Monumentendagen)<\/li>\n\n\n\n<li><strong><strong>Papieren dagboek<\/strong> uitgedeeld bij de receptie van het kantoor<\/strong><\/li>\n\n\n\n<li><strong><a href=\"https:\/\/www.creilsudoise-tourisme.fr\/nl\/pers\/persberichten\/\" target=\"_blank\" rel=\"noreferrer noopener\">Persberichten<\/a><\/strong><\/li>\n\n\n\n<li><strong>Gegevensbank regionaal toerisme<\/strong><\/li>\n<\/ul>\n\n\n\n<p><strong>En dat is nog niet alles:<\/strong><br>We moedigen je aan om <strong>onze inhoud doorgeven<\/strong> op uw eigen netwerken, in uw ontvangstruimten, bij uw klanten.<\/p>\n\n\n\n<p>\ud83d\udc49 Abonneren op onze <strong><a href=\"https:\/\/www.creilsudoise-tourisme.fr\/nl\/nieuwsbrief\/\" target=\"_blank\" rel=\"noreferrer noopener\">openbare nieuwsbrief<\/a><\/strong><br>Volg ons op <strong><a class=\"\" href=\"https:\/\/www.facebook.com\/CreilSudOiseTourisme\/\">Facebook<\/a><\/strong> en <strong><a class=\"\" href=\"https:\/\/www.instagram.com\/creilsudoisetourisme\/\">Instagram<\/a><\/strong><\/p>\n\n\n\n<figure class=\"wp-block-image size-large\"><img decoding=\"async\" loading=\"lazy\" width=\"1200\" height=\"800\" data-src=\"https:\/\/www.creilsudoise-tourisme.fr\/wp-content\/uploads\/2025\/07\/Sculpture-sur-pierre-\u00a9-Smellinckx-Oise-Tourisme-18-1200x800.jpg\" alt=\"\" class=\"wp-image-64170\" data-srcset=\"https:\/\/www.creilsudoise-tourisme.fr\/wp-content\/uploads\/2025\/07\/Sculpture-sur-pierre-\u00a9-Smellinckx-Oise-Tourisme-18-1200x800.jpg 1200w, https:\/\/www.creilsudoise-tourisme.fr\/wp-content\/uploads\/2025\/07\/Sculpture-sur-pierre-\u00a9-Smellinckx-Oise-Tourisme-18-600x400.jpg 600w, https:\/\/www.creilsudoise-tourisme.fr\/wp-content\/uploads\/2025\/07\/Sculpture-sur-pierre-\u00a9-Smellinckx-Oise-Tourisme-18-900x600.jpg 900w, https:\/\/www.creilsudoise-tourisme.fr\/wp-content\/uploads\/2025\/07\/Sculpture-sur-pierre-\u00a9-Smellinckx-Oise-Tourisme-18-1536x1024.jpg 1536w, https:\/\/www.creilsudoise-tourisme.fr\/wp-content\/uploads\/2025\/07\/Sculpture-sur-pierre-\u00a9-Smellinckx-Oise-Tourisme-18-18x12.jpg 18w, https:\/\/www.creilsudoise-tourisme.fr\/wp-content\/uploads\/2025\/07\/Sculpture-sur-pierre-\u00a9-Smellinckx-Oise-Tourisme-18-200x133.jpg 200w, https:\/\/www.creilsudoise-tourisme.fr\/wp-content\/uploads\/2025\/07\/Sculpture-sur-pierre-\u00a9-Smellinckx-Oise-Tourisme-18-650x433.jpg 650w, https:\/\/www.creilsudoise-tourisme.fr\/wp-content\/uploads\/2025\/07\/Sculpture-sur-pierre-\u00a9-Smellinckx-Oise-Tourisme-18-387x258.jpg 387w, https:\/\/www.creilsudoise-tourisme.fr\/wp-content\/uploads\/2025\/07\/Sculpture-sur-pierre-\u00a9-Smellinckx-Oise-Tourisme-18.jpg 1920w\" sizes=\"(max-width: 1200px) 100vw, 1200px\" \/><figcaption class=\"wp-element-caption\">Geurtjes - Oise Toerisme<\/figcaption><\/figure>\n\n\n\n<hr class=\"wp-block-separator has-alpha-channel-opacity\"\/>\n\n\n\n<h2><strong>Hulp nodig? We zijn er (en we zijn vriendelijk)<\/strong><\/h2>\n\n\n\n<p>Twee mensen om contact mee op te nemen, afhankelijk van je behoeften:<\/p>\n\n\n\n<div class=\"is-layout-flex wp-container-5 wp-block-columns\">\n<div class=\"is-layout-flow wp-block-column is-vertically-aligned-center\" style=\"flex-basis:33.33%\">\n<figure class=\"wp-block-image size-large\"><img decoding=\"async\" loading=\"lazy\" width=\"1200\" height=\"1200\" data-src=\"https:\/\/www.creilsudoise-tourisme.fr\/wp-content\/uploads\/2025\/05\/Emilie-L-1200x1200.jpg\" alt=\"\" class=\"wp-image-62287\" data-srcset=\"https:\/\/www.creilsudoise-tourisme.fr\/wp-content\/uploads\/2025\/05\/Emilie-L-1200x1200.jpg 1200w, https:\/\/www.creilsudoise-tourisme.fr\/wp-content\/uploads\/2025\/05\/Emilie-L-600x600.jpg 600w, https:\/\/www.creilsudoise-tourisme.fr\/wp-content\/uploads\/2025\/05\/Emilie-L-300x300.jpg 300w, https:\/\/www.creilsudoise-tourisme.fr\/wp-content\/uploads\/2025\/05\/Emilie-L-900x900.jpg 900w, https:\/\/www.creilsudoise-tourisme.fr\/wp-content\/uploads\/2025\/05\/Emilie-L-1536x1536.jpg 1536w, https:\/\/www.creilsudoise-tourisme.fr\/wp-content\/uploads\/2025\/05\/Emilie-L-12x12.jpg 12w, https:\/\/www.creilsudoise-tourisme.fr\/wp-content\/uploads\/2025\/05\/Emilie-L-200x200.jpg 200w, https:\/\/www.creilsudoise-tourisme.fr\/wp-content\/uploads\/2025\/05\/Emilie-L-650x650.jpg 650w, https:\/\/www.creilsudoise-tourisme.fr\/wp-content\/uploads\/2025\/05\/Emilie-L-387x387.jpg 387w, https:\/\/www.creilsudoise-tourisme.fr\/wp-content\/uploads\/2025\/05\/Emilie-L.jpg 1920w\" sizes=\"(max-width: 1200px) 100vw, 1200px\" \/><\/figure>\n<\/div>\n\n\n\n<div class=\"is-layout-flow wp-block-column\" style=\"flex-basis:66.66%\">\n<h3>Emilie Laurentie<\/h3>\n\n\n\n<p><strong>Communicatiemedewerker<\/strong><\/p>\n\n\n\n<p><strong>Emilie <\/strong>is verantwoordelijk voor <strong>sociale netwerken<\/strong>de creatie van <strong>inhoud <\/strong>(redactioneel, foto's en video's) en de <strong>Nieuwsbrief voor particulieren.<\/strong><\/p>\n\n\n\n<p>03 75 19 01 72<\/p>\n\n\n\n<div class=\"is-layout-flex wp-block-buttons\">\n<div class=\"wp-block-button\"><a class=\"wp-block-button__link wp-element-button\" href=\"mailto:fr&#101;&#100;eri&#113;&#117;&#101;&#64;&#99;reils&#117;dois&#101;&#45;t&#111;u&#114;&#105;sme.fr\" target=\"_blank\" rel=\"noreferrer noopener\">Contact per post<\/a><\/div>\n<\/div>\n<\/div>\n<\/div>\n\n\n\n<div class=\"is-layout-flex wp-container-9 wp-block-columns\">\n<div class=\"is-layout-flow wp-block-column is-vertically-aligned-center\" style=\"flex-basis:33.33%\">\n<figure class=\"wp-block-image size-large\"><img decoding=\"async\" loading=\"lazy\" width=\"1200\" height=\"1200\" data-src=\"https:\/\/www.creilsudoise-tourisme.fr\/wp-content\/uploads\/2025\/05\/Floriane-R-1200x1200.jpg\" alt=\"\" class=\"wp-image-62288\" data-srcset=\"https:\/\/www.creilsudoise-tourisme.fr\/wp-content\/uploads\/2025\/05\/Floriane-R-1200x1200.jpg 1200w, https:\/\/www.creilsudoise-tourisme.fr\/wp-content\/uploads\/2025\/05\/Floriane-R-600x600.jpg 600w, https:\/\/www.creilsudoise-tourisme.fr\/wp-content\/uploads\/2025\/05\/Floriane-R-300x300.jpg 300w, https:\/\/www.creilsudoise-tourisme.fr\/wp-content\/uploads\/2025\/05\/Floriane-R-900x900.jpg 900w, https:\/\/www.creilsudoise-tourisme.fr\/wp-content\/uploads\/2025\/05\/Floriane-R-1536x1536.jpg 1536w, https:\/\/www.creilsudoise-tourisme.fr\/wp-content\/uploads\/2025\/05\/Floriane-R-12x12.jpg 12w, https:\/\/www.creilsudoise-tourisme.fr\/wp-content\/uploads\/2025\/05\/Floriane-R-200x200.jpg 200w, https:\/\/www.creilsudoise-tourisme.fr\/wp-content\/uploads\/2025\/05\/Floriane-R-650x650.jpg 650w, https:\/\/www.creilsudoise-tourisme.fr\/wp-content\/uploads\/2025\/05\/Floriane-R-387x387.jpg 387w, https:\/\/www.creilsudoise-tourisme.fr\/wp-content\/uploads\/2025\/05\/Floriane-R.jpg 1920w\" sizes=\"(max-width: 1200px) 100vw, 1200px\" \/><\/figure>\n<\/div>\n\n\n\n<div class=\"is-layout-flow wp-block-column\" style=\"flex-basis:66.66%\">\n<h3>Floriane Riaudel<\/h3>\n\n\n\n<p><strong>Co\u00f6rdinator partnernetwerk<\/strong><\/p>\n\n\n\n<p><strong>Floriane <\/strong>is verantwoordelijk voor het beheer van de<strong> Marketinginformatiesysteem (MIS)<\/strong>een database met alle <strong>entertainment en evenementen <\/strong>die plaatsvinden in de regio Creil Sud Oise (en de wijdere Oise-regio).<\/p>\n\n\n\n<p>03 75 19 01 71<\/p>\n\n\n\n<div class=\"is-layout-flex wp-block-buttons\">\n<div class=\"wp-block-button\"><a class=\"wp-block-button__link wp-element-button\" href=\"mailto:flo&#114;i&#97;n&#101;&#64;cre&#105;&#108;su&#100;&#111;ise-&#116;o&#117;r&#105;sme&#46;&#102;r\" target=\"_blank\" rel=\"noreferrer noopener\">Contact per post<\/a><\/div>\n<\/div>\n<\/div>\n<\/div>\n\n\n\n<hr class=\"wp-block-separator has-alpha-channel-opacity\"\/>","protected":false},"excerpt":{"rendered":"<p>Nous, \u00e0 l\u2019Office de Tourisme Creil Sud Oise, on adore les agendas bien remplis ! Pour que vos \u00e9v\u00e9nements, ateliers, offres et nouveaut\u00e9s ne passent pas inaper\u00e7us, aidez-nous \u00e0 les faire rayonner aupr\u00e8s du bon public, au bon moment. On cherche \u00e0 collecter un maximum d&rsquo;infos pour mieux vous valoriser. Les sujets qu\u2019on met en [&hellip;]<\/p>","protected":false},"author":3,"featured_media":0,"parent":38425,"menu_order":0,"comment_status":"closed","ping_status":"closed","template":"","meta":{"_relevanssi_hide_post":"","_relevanssi_hide_content":"","_relevanssi_pin_for_all":"","_relevanssi_pin_keywords":"","_relevanssi_unpin_keywords":"","_relevanssi_related_keywords":"","_relevanssi_related_include_ids":"","_relevanssi_related_exclude_ids":"","_relevanssi_related_no_append":"","_relevanssi_related_not_related":"","_relevanssi_related_posts":"41664,41684,41280,42153,40900,50806","_relevanssi_noindex_reason":""},"yoast_head":"<!-- This site is optimized with the Yoast SEO plugin v20.2.1 - https:\/\/yoast.com\/wordpress\/plugins\/seo\/ -->\n<title>Partenaires Tourisme \u2013 Diffusez vos \u00e9v\u00e9nements<\/title>\n<meta name=\"description\" content=\"Pro du tourisme \u00e0 Creil Sud Oise : diffusez vos offres, nouveaut\u00e9s, anecdotes. L&#039;Office de Tourisme vous aide \u00e0 gagner en visibilit\u00e9 !\" \/>\n<meta name=\"robots\" content=\"index, follow, max-snippet:-1, max-image-preview:large, max-video-preview:-1\" \/>\n<link rel=\"canonical\" href=\"https:\/\/www.creilsudoise-tourisme.fr\/nl\/espace-pro\/oproep-voor-projecten\/uw-actu\/\" \/>\n<meta property=\"og:locale\" content=\"nl_NL\" \/>\n<meta property=\"og:type\" content=\"article\" \/>\n<meta property=\"og:title\" content=\"Partenaires Tourisme \u2013 Diffusez vos \u00e9v\u00e9nements\" \/>\n<meta property=\"og:description\" content=\"Pro du tourisme \u00e0 Creil Sud Oise : diffusez vos offres, nouveaut\u00e9s, anecdotes. L&#039;Office de Tourisme vous aide \u00e0 gagner en visibilit\u00e9 !\" \/>\n<meta property=\"og:url\" content=\"https:\/\/www.creilsudoise-tourisme.fr\/nl\/espace-pro\/oproep-voor-projecten\/uw-actu\/\" \/>\n<meta property=\"og:site_name\" content=\"Office de Tourisme Creil Sud Oise\" \/>\n<meta property=\"article:publisher\" content=\"https:\/\/www.facebook.com\/creilsudoisetourisme\/\" \/>\n<meta property=\"article:modified_time\" content=\"2025-07-25T13:03:36+00:00\" \/>\n<meta property=\"og:image\" content=\"https:\/\/www.creilsudoise-tourisme.fr\/wp-content\/uploads\/2025\/07\/Musee_Galle_Juillet-Creil-Escape_Game-Anne_Sophie_Flament_Ville_Creil-120-1200x800.jpg\" \/>\n<meta name=\"twitter:card\" content=\"summary_large_image\" \/>\n<meta name=\"twitter:site\" content=\"@CreilSudOiseOT\" \/>\n<meta name=\"twitter:label1\" content=\"Geschatte leestijd\" \/>\n\t<meta name=\"twitter:data1\" content=\"5 minuten\" \/>\n<script type=\"application\/ld+json\" class=\"yoast-schema-graph\">{\"@context\":\"https:\/\/schema.org\",\"@graph\":[{\"@type\":\"WebPage\",\"@id\":\"https:\/\/www.creilsudoise-tourisme.fr\/espace-pro\/appel-projet\/votre-actu\/\",\"url\":\"https:\/\/www.creilsudoise-tourisme.fr\/espace-pro\/appel-projet\/votre-actu\/\",\"name\":\"Partenaires Tourisme \u2013 Diffusez vos \u00e9v\u00e9nements\",\"isPartOf\":{\"@id\":\"https:\/\/www.creilsudoise-tourisme.fr\/#website\"},\"datePublished\":\"2025-07-25T10:49:13+00:00\",\"dateModified\":\"2025-07-25T13:03:36+00:00\",\"description\":\"Pro du tourisme \u00e0 Creil Sud Oise : diffusez vos offres, nouveaut\u00e9s, anecdotes. L'Office de Tourisme vous aide \u00e0 gagner en visibilit\u00e9 !\",\"breadcrumb\":{\"@id\":\"https:\/\/www.creilsudoise-tourisme.fr\/espace-pro\/appel-projet\/votre-actu\/#breadcrumb\"},\"inLanguage\":\"nl\",\"potentialAction\":[{\"@type\":\"ReadAction\",\"target\":[\"https:\/\/www.creilsudoise-tourisme.fr\/espace-pro\/appel-projet\/votre-actu\/\"]}]},{\"@type\":\"BreadcrumbList\",\"@id\":\"https:\/\/www.creilsudoise-tourisme.fr\/espace-pro\/appel-projet\/votre-actu\/#breadcrumb\",\"itemListElement\":[{\"@type\":\"ListItem\",\"position\":1,\"name\":\"Accueil\",\"item\":\"https:\/\/www.creilsudoise-tourisme.fr\/\"},{\"@type\":\"ListItem\",\"position\":2,\"name\":\"Espace pro\",\"item\":\"https:\/\/www.creilsudoise-tourisme.fr\/espace-pro\/\"},{\"@type\":\"ListItem\",\"position\":3,\"name\":\"Appels \u00e0 projets\",\"item\":\"https:\/\/www.creilsudoise-tourisme.fr\/espace-pro\/appel-projet\/\"},{\"@type\":\"ListItem\",\"position\":4,\"name\":\"Pro du tourisme : on vous met \u00e0 l&rsquo;affiche !\"}]},{\"@type\":\"WebSite\",\"@id\":\"https:\/\/www.creilsudoise-tourisme.fr\/#website\",\"url\":\"https:\/\/www.creilsudoise-tourisme.fr\/\",\"name\":\"Office de Tourisme Creil Sud Oise\",\"description\":\"Creil Sud Oise Tourisme, un territoire \u00e0 explorer !\",\"publisher\":{\"@id\":\"https:\/\/www.creilsudoise-tourisme.fr\/#organization\"},\"potentialAction\":[{\"@type\":\"SearchAction\",\"target\":{\"@type\":\"EntryPoint\",\"urlTemplate\":\"https:\/\/www.creilsudoise-tourisme.fr\/?s={search_term_string}\"},\"query-input\":\"required name=search_term_string\"}],\"inLanguage\":\"nl\"},{\"@type\":\"Organization\",\"@id\":\"https:\/\/www.creilsudoise-tourisme.fr\/#organization\",\"name\":\"Creil Sud Oise Tourisme\",\"url\":\"https:\/\/www.creilsudoise-tourisme.fr\/\",\"logo\":{\"@type\":\"ImageObject\",\"inLanguage\":\"nl\",\"@id\":\"https:\/\/www.creilsudoise-tourisme.fr\/#\/schema\/logo\/image\/\",\"url\":\"https:\/\/www.creilsudoise-tourisme.fr\/wp-content\/uploads\/2021\/05\/logo-svg.png\",\"contentUrl\":\"https:\/\/www.creilsudoise-tourisme.fr\/wp-content\/uploads\/2021\/05\/logo-svg.png\",\"width\":182,\"height\":71,\"caption\":\"Creil Sud Oise Tourisme\"},\"image\":{\"@id\":\"https:\/\/www.creilsudoise-tourisme.fr\/#\/schema\/logo\/image\/\"},\"sameAs\":[\"https:\/\/www.facebook.com\/creilsudoisetourisme\/\",\"https:\/\/twitter.com\/CreilSudOiseOT\",\"https:\/\/www.instagram.com\/creilsudoisetourisme\/\",\"https:\/\/www.youtube.com\/channel\/UC8L_QD2wwyADW14zt9fY8kw\"]}]}<\/script>\n<!-- \/ Yoast SEO plugin. -->","yoast_head_json":{"title":"Partenaires Tourisme \u2013 Diffusez vos \u00e9v\u00e9nements","description":"Pro du tourisme \u00e0 Creil Sud Oise : diffusez vos offres, nouveaut\u00e9s, anecdotes. L'Office de Tourisme vous aide \u00e0 gagner en visibilit\u00e9 !","robots":{"index":"index","follow":"follow","max-snippet":"max-snippet:-1","max-image-preview":"max-image-preview:large","max-video-preview":"max-video-preview:-1"},"canonical":"https:\/\/www.creilsudoise-tourisme.fr\/nl\/espace-pro\/oproep-voor-projecten\/uw-actu\/","og_locale":"nl_NL","og_type":"article","og_title":"Partenaires Tourisme \u2013 Diffusez vos \u00e9v\u00e9nements","og_description":"Pro du tourisme \u00e0 Creil Sud Oise : diffusez vos offres, nouveaut\u00e9s, anecdotes. L'Office de Tourisme vous aide \u00e0 gagner en visibilit\u00e9 !","og_url":"https:\/\/www.creilsudoise-tourisme.fr\/nl\/espace-pro\/oproep-voor-projecten\/uw-actu\/","og_site_name":"Office de Tourisme Creil Sud Oise","article_publisher":"https:\/\/www.facebook.com\/creilsudoisetourisme\/","article_modified_time":"2025-07-25T13:03:36+00:00","og_image":[{"url":"https:\/\/www.creilsudoise-tourisme.fr\/wp-content\/uploads\/2025\/07\/Musee_Galle_Juillet-Creil-Escape_Game-Anne_Sophie_Flament_Ville_Creil-120-1200x800.jpg"}],"twitter_card":"summary_large_image","twitter_site":"@CreilSudOiseOT","twitter_misc":{"Geschatte leestijd":"5 minuten"},"schema":{"@context":"https:\/\/schema.org","@graph":[{"@type":"WebPage","@id":"https:\/\/www.creilsudoise-tourisme.fr\/espace-pro\/appel-projet\/votre-actu\/","url":"https:\/\/www.creilsudoise-tourisme.fr\/espace-pro\/appel-projet\/votre-actu\/","name":"Partenaires Tourisme \u2013 Diffusez vos \u00e9v\u00e9nements","isPartOf":{"@id":"https:\/\/www.creilsudoise-tourisme.fr\/#website"},"datePublished":"2025-07-25T10:49:13+00:00","dateModified":"2025-07-25T13:03:36+00:00","description":"Pro du tourisme \u00e0 Creil Sud Oise : diffusez vos offres, nouveaut\u00e9s, anecdotes. L'Office de Tourisme vous aide \u00e0 gagner en visibilit\u00e9 !","breadcrumb":{"@id":"https:\/\/www.creilsudoise-tourisme.fr\/espace-pro\/appel-projet\/votre-actu\/#breadcrumb"},"inLanguage":"nl","potentialAction":[{"@type":"ReadAction","target":["https:\/\/www.creilsudoise-tourisme.fr\/espace-pro\/appel-projet\/votre-actu\/"]}]},{"@type":"BreadcrumbList","@id":"https:\/\/www.creilsudoise-tourisme.fr\/espace-pro\/appel-projet\/votre-actu\/#breadcrumb","itemListElement":[{"@type":"ListItem","position":1,"name":"Accueil","item":"https:\/\/www.creilsudoise-tourisme.fr\/"},{"@type":"ListItem","position":2,"name":"Espace pro","item":"https:\/\/www.creilsudoise-tourisme.fr\/espace-pro\/"},{"@type":"ListItem","position":3,"name":"Appels \u00e0 projets","item":"https:\/\/www.creilsudoise-tourisme.fr\/espace-pro\/appel-projet\/"},{"@type":"ListItem","position":4,"name":"Pro du tourisme : on vous met \u00e0 l&rsquo;affiche !"}]},{"@type":"WebSite","@id":"https:\/\/www.creilsudoise-tourisme.fr\/#website","url":"https:\/\/www.creilsudoise-tourisme.fr\/","name":"Office de Tourisme Creil Sud Oise","description":"Creil Sud Oise Tourisme, un territoire \u00e0 explorer !","publisher":{"@id":"https:\/\/www.creilsudoise-tourisme.fr\/#organization"},"potentialAction":[{"@type":"SearchAction","target":{"@type":"EntryPoint","urlTemplate":"https:\/\/www.creilsudoise-tourisme.fr\/?s={search_term_string}"},"query-input":"required name=search_term_string"}],"inLanguage":"nl"},{"@type":"Organization","@id":"https:\/\/www.creilsudoise-tourisme.fr\/#organization","name":"Creil Sud Oise Tourisme","url":"https:\/\/www.creilsudoise-tourisme.fr\/","logo":{"@type":"ImageObject","inLanguage":"nl","@id":"https:\/\/www.creilsudoise-tourisme.fr\/#\/schema\/logo\/image\/","url":"https:\/\/www.creilsudoise-tourisme.fr\/wp-content\/uploads\/2021\/05\/logo-svg.png","contentUrl":"https:\/\/www.creilsudoise-tourisme.fr\/wp-content\/uploads\/2021\/05\/logo-svg.png","width":182,"height":71,"caption":"Creil Sud Oise Tourisme"},"image":{"@id":"https:\/\/www.creilsudoise-tourisme.fr\/#\/schema\/logo\/image\/"},"sameAs":["https:\/\/www.facebook.com\/creilsudoisetourisme\/","https:\/\/twitter.com\/CreilSudOiseOT","https:\/\/www.instagram.com\/creilsudoisetourisme\/","https:\/\/www.youtube.com\/channel\/UC8L_QD2wwyADW14zt9fY8kw"]}]}},"_links":{"self":[{"href":"https:\/\/www.creilsudoise-tourisme.fr\/nl\/wp-json\/wp\/v2\/pages\/64155"}],"collection":[{"href":"https:\/\/www.creilsudoise-tourisme.fr\/nl\/wp-json\/wp\/v2\/pages"}],"about":[{"href":"https:\/\/www.creilsudoise-tourisme.fr\/nl\/wp-json\/wp\/v2\/types\/page"}],"author":[{"embeddable":true,"href":"https:\/\/www.creilsudoise-tourisme.fr\/nl\/wp-json\/wp\/v2\/users\/3"}],"replies":[{"embeddable":true,"href":"https:\/\/www.creilsudoise-tourisme.fr\/nl\/wp-json\/wp\/v2\/comments?post=64155"}],"version-history":[{"count":7,"href":"https:\/\/www.creilsudoise-tourisme.fr\/nl\/wp-json\/wp\/v2\/pages\/64155\/revisions"}],"predecessor-version":[{"id":64181,"href":"https:\/\/www.creilsudoise-tourisme.fr\/nl\/wp-json\/wp\/v2\/pages\/64155\/revisions\/64181"}],"up":[{"embeddable":true,"href":"https:\/\/www.creilsudoise-tourisme.fr\/nl\/wp-json\/wp\/v2\/pages\/38425"}],"wp:attachment":[{"href":"https:\/\/www.creilsudoise-tourisme.fr\/nl\/wp-json\/wp\/v2\/media?parent=64155"}],"curies":[{"name":"wp","href":"https:\/\/api.w.org\/{rel}","templated":true}]}}