{"id":51576,"date":"2024-02-06T14:36:33","date_gmt":"2024-02-06T13:36:33","guid":{"rendered":"https:\/\/www.creilsudoise-tourisme.fr\/?page_id=51576"},"modified":"2024-02-19T13:55:50","modified_gmt":"2024-02-19T12:55:50","slug":"decor-jardin-de-la-maion-gallet-juillet","status":"publish","type":"page","link":"https:\/\/www.creilsudoise-tourisme.fr\/nl\/i-search\/schieten\/natuurdecoratie\/decor-tuin-van-de-maion-gallet-juli\/","title":{"rendered":"La Maison Gallet Juli"},"content":{"rendered":"<p class=\"is-style-excerpt\"><em>Het Gall\u00e9-Juillet huis, bewoond gedurende de 19e<sup>e<\/sup> Dit historische verblijf, gebouwd in de 19e eeuw door een vooraanstaande familie uit Creillon, is ingericht in de stijl van de Belle \u00c9poque. De sfeer van de 19<sup>e<\/sup> De geest van de 19e eeuw is voelbaar in elke kamer, van de keuken tot de slaapkamers, de neogotische eetkamer, de romantische salon, de studeerkamer, het atelier van de kunstenaar en het boudoir. <\/em><\/p>\n\n\n\n<h2><strong><em>Het huis Gall\u00e9-Juillet<\/em><\/strong><\/h2>\n\n\n\n<figure class=\"is-layout-flex wp-block-gallery-1 wp-block-gallery has-nested-images columns-default is-cropped\">\n<figure class=\"wp-block-image size-large\"><img decoding=\"async\" loading=\"lazy\" width=\"1200\" height=\"798\" data-id=\"38915\"  data-src=\"https:\/\/www.creilsudoise-tourisme.fr\/wp-content\/uploads\/2021\/11\/Musee-Galle-Juillet-\u00a9X.-RENOUX-Oise-Tourisme-1200x798.jpg\" alt=\"Gall\u00e9-Juillet Museum\" class=\"wp-image-38915\" data-srcset=\"https:\/\/www.creilsudoise-tourisme.fr\/wp-content\/uploads\/2021\/11\/Musee-Galle-Juillet-\u00a9X.-RENOUX-Oise-Tourisme-1200x798.jpg 1200w, https:\/\/www.creilsudoise-tourisme.fr\/wp-content\/uploads\/2021\/11\/Musee-Galle-Juillet-\u00a9X.-RENOUX-Oise-Tourisme-600x399.jpg 600w, https:\/\/www.creilsudoise-tourisme.fr\/wp-content\/uploads\/2021\/11\/Musee-Galle-Juillet-\u00a9X.-RENOUX-Oise-Tourisme-900x598.jpg 900w, https:\/\/www.creilsudoise-tourisme.fr\/wp-content\/uploads\/2021\/11\/Musee-Galle-Juillet-\u00a9X.-RENOUX-Oise-Tourisme-200x133.jpg 200w, https:\/\/www.creilsudoise-tourisme.fr\/wp-content\/uploads\/2021\/11\/Musee-Galle-Juillet-\u00a9X.-RENOUX-Oise-Tourisme-650x432.jpg 650w, https:\/\/www.creilsudoise-tourisme.fr\/wp-content\/uploads\/2021\/11\/Musee-Galle-Juillet-\u00a9X.-RENOUX-Oise-Tourisme-387x257.jpg 387w, https:\/\/www.creilsudoise-tourisme.fr\/wp-content\/uploads\/2021\/11\/Musee-Galle-Juillet-\u00a9X.-RENOUX-Oise-Tourisme.jpg 1480w\" sizes=\"(max-width: 1200px) 100vw, 1200px\" \/><\/figure>\n<\/figure>\n\n\n\n<h3>Type locatie<\/h3>\n\n\n\n<p>ERP Type: Y &nbsp;&nbsp;&nbsp;&nbsp;&nbsp;&nbsp;<\/p>\n\n\n\n<h3>Categorie<\/h3>\n\n\n\n<p>Categorie : 5<\/p>\n\n\n\n<p>Museum.<\/p>\n\n\n\n<h4>Milieu <\/h4>\n\n\n\n<p>Prive binnenplaats, tuinen, stad.<\/p>\n\n\n<div class=\"wp-block wp-block-highlight\">\n            <h3 class=\"wp-block-highlight-item wp-block-highlight-title\">Situatie<\/h3>\n                <p class=\"wp-block-highlight-item wp-block-highlight-excerpt\">Plaats: 60100 Creil <br>Provincie : Oise<br>Regio: Hauts-de-France<\/p>\n    <\/div>\n\n\n<h3>Algemene presentatie<\/h3>\n\n\n\n<p>19e eeuws burgerlijk huis<sup>e<\/sup> Het is geklasseerd als Mus\u00e9e de France, met meubels, kunstvoorwerpen en schilderijen.<\/p>\n\n\n\n<h4>Staat van de site<\/h4>\n\n\n\n<p>Goede staat. <\/p>\n\n\n\n<h4>Geschiedenis van de site<\/h4>\n\n\n\n<p>Huis gebouwd op de eerste verdieping van het voormalige koninklijke kasteel van Creil, gebouwd door de graven van Clermont aan het einde van de 12e eeuw.<sup>e<\/sup> eeuw, de geboorteplaats van koning Karel IV, vervolgens uitgebreid door Karel V aan het einde van de 14e eeuw.<sup>e<\/sup> eeuw en bezet door de koningen van Frankrijk tot de 17e eeuw.<sup>e<\/sup> eeuw.<\/p>\n\n\n\n<p>Dit was het huis van de directeur van de aardewerkfabriek van Creil aan het begin van de 19e eeuw.<sup>e<\/sup> eeuw, vervolgens door de familie Gall\u00e9-Juillet van notabelen uit Creillon tot de 20<sup>e<\/sup> eeuw. Het huis en de collecties werden in 1930 aan de stad Creil geschonken door Berthe Gall\u00e9, na de dood van haar enige zoon in de Eerste Wereldoorlog en van haar man in 1928.<\/p>\n\n\n\n<h4>Bouwperiode<\/h4>\n\n\n\n<p>Gebouwd in 1788 op een eerste verdieping aan het eind van 12<sup>e<\/sup> - begin 13<sup>e<\/sup> eeuw.<\/p>\n\n\n\n<h4>Dominante stijl<\/h4>\n\n\n\n<p>19<sup>e<\/sup> eeuw tot Belle \u00e9poque.<\/p>\n\n\n\n<h4>Bijzondere stijlen <\/h4>\n\n\n\n<p>Gedekt. <\/p>\n\n\n\n<h4>Opmerkelijke architecturale kenmerken<\/h4>\n\n\n\n<p>Middeleeuwse gewelven, terras, serre.<\/p>\n\n\n\n<h4>Technische gegevens<\/h4>\n\n\n\n<p>X Stroomvoorziening X Parkeren \u25a1 Toegang voor vrachtwagens \u25a1 Kleedkamers&nbsp;&nbsp;&nbsp;&nbsp;&nbsp;&nbsp;&nbsp;&nbsp;&nbsp;&nbsp;&nbsp;&nbsp; &nbsp;<\/p>\n\n\n\n<p>X Toiletten<\/p>\n\n\n\n<p>Andere: oppervlakte van ongeveer 600 m\u00b2.<\/p>\n\n\n\n<h4>Speciale functies<\/h4>\n\n\n\n<p>Tuin, uitzicht op de Oise, priv\u00e9 binnenplaats<\/p>\n\n\n\n<p>Talrijke kunstwerken (fragiel)<\/p>\n\n\n\n<hr class=\"wp-block-separator has-alpha-channel-opacity\"\/>\n\n\n\n<hr class=\"wp-block-separator has-alpha-channel-opacity\"\/>","protected":false},"excerpt":{"rendered":"<p>Het huis Gall\u00e9-Juillet, dat gedurende de hele 19e eeuw werd bewoond door een familie van notabelen uit Creillon, is een historische woning ingericht in de stijl van de Belle \u00c9poque. De 19e-eeuwse sfeer is voelbaar in elke kamer, van de keuken tot de slaapkamers, waaronder de neogotische eetkamer, de romantische salon, de werkkamer, het atelier [...].<\/p>","protected":false},"author":12,"featured_media":38915,"parent":50605,"menu_order":2,"comment_status":"closed","ping_status":"closed","template":"","meta":{"_relevanssi_hide_post":"","_relevanssi_hide_content":"","_relevanssi_pin_for_all":"","_relevanssi_pin_keywords":"","_relevanssi_unpin_keywords":"","_relevanssi_related_keywords":"","_relevanssi_related_include_ids":"","_relevanssi_related_exclude_ids":"","_relevanssi_related_no_append":"","_relevanssi_related_not_related":"","_relevanssi_related_posts":"38921,40150,43606,39785,42107,39133","_relevanssi_noindex_reason":""},"yoast_head":"<!-- This site is optimized with the Yoast SEO plugin v20.2.1 - https:\/\/yoast.com\/wordpress\/plugins\/seo\/ -->\n<title>D\u00e9cor de tournage : la Maison Gall\u00e9 Juillet.<\/title>\n<meta name=\"description\" content=\"La maison Gall\u00e9-Juillet, habit\u00e9e tout au long du 19e si\u00e8cle par une famille de notables creillois, est une demeure historique meubl\u00e9e comme \u00e0 la Belle Voici la fiche technique du d\u00e9cor b\u00e2ti dans la a Maison Gall\u00e9-Juillet. Le jardin de la Maison Gallet -Juillet de Creil \u00e0 60km de Paris.\" \/>\n<meta name=\"robots\" content=\"index, follow, max-snippet:-1, max-image-preview:large, max-video-preview:-1\" \/>\n<link rel=\"canonical\" href=\"https:\/\/www.creilsudoise-tourisme.fr\/nl\/i-search\/schieten\/natuurdecoratie\/decor-tuin-van-de-maion-gallet-juli\/\" \/>\n<meta property=\"og:locale\" content=\"nl_NL\" \/>\n<meta property=\"og:type\" content=\"article\" \/>\n<meta property=\"og:title\" content=\"D\u00e9cor de tournage : la Maison Gall\u00e9 Juillet.\" \/>\n<meta property=\"og:description\" content=\"La maison Gall\u00e9-Juillet, habit\u00e9e tout au long du 19e si\u00e8cle par une famille de notables creillois, est une demeure historique meubl\u00e9e comme \u00e0 la Belle Voici la fiche technique du d\u00e9cor b\u00e2ti dans la a Maison Gall\u00e9-Juillet. Le jardin de la Maison Gallet -Juillet de Creil \u00e0 60km de Paris.\" \/>\n<meta property=\"og:url\" content=\"https:\/\/www.creilsudoise-tourisme.fr\/nl\/i-search\/schieten\/natuurdecoratie\/decor-tuin-van-de-maion-gallet-juli\/\" \/>\n<meta property=\"og:site_name\" content=\"Office de Tourisme Creil Sud Oise\" \/>\n<meta property=\"article:publisher\" content=\"https:\/\/www.facebook.com\/creilsudoisetourisme\/\" \/>\n<meta property=\"article:modified_time\" content=\"2024-02-19T12:55:50+00:00\" \/>\n<meta property=\"og:image\" content=\"https:\/\/www.creilsudoise-tourisme.fr\/wp-content\/uploads\/2021\/11\/Musee-Galle-Juillet-\u00a9X.-RENOUX-Oise-Tourisme.jpg\" \/>\n\t<meta property=\"og:image:width\" content=\"1480\" \/>\n\t<meta property=\"og:image:height\" content=\"984\" \/>\n\t<meta property=\"og:image:type\" content=\"image\/jpeg\" \/>\n<meta name=\"twitter:card\" content=\"summary_large_image\" \/>\n<meta name=\"twitter:site\" content=\"@CreilSudOiseOT\" \/>\n<meta name=\"twitter:label1\" content=\"Geschatte leestijd\" \/>\n\t<meta name=\"twitter:data1\" content=\"2 minuten\" \/>\n<script type=\"application\/ld+json\" class=\"yoast-schema-graph\">{\"@context\":\"https:\/\/schema.org\",\"@graph\":[{\"@type\":\"WebPage\",\"@id\":\"https:\/\/www.creilsudoise-tourisme.fr\/je-cherche\/tournage\/decors-naturels\/decor-jardin-de-la-maion-gallet-juillet\/\",\"url\":\"https:\/\/www.creilsudoise-tourisme.fr\/je-cherche\/tournage\/decors-naturels\/decor-jardin-de-la-maion-gallet-juillet\/\",\"name\":\"D\u00e9cor de tournage : la Maison Gall\u00e9 Juillet.\",\"isPartOf\":{\"@id\":\"https:\/\/www.creilsudoise-tourisme.fr\/#website\"},\"datePublished\":\"2024-02-06T13:36:33+00:00\",\"dateModified\":\"2024-02-19T12:55:50+00:00\",\"description\":\"La maison Gall\u00e9-Juillet, habit\u00e9e tout au long du 19e si\u00e8cle par une famille de notables creillois, est une demeure historique meubl\u00e9e comme \u00e0 la Belle Voici la fiche technique du d\u00e9cor b\u00e2ti dans la a Maison Gall\u00e9-Juillet. Le jardin de la Maison Gallet -Juillet de Creil \u00e0 60km de Paris.\",\"breadcrumb\":{\"@id\":\"https:\/\/www.creilsudoise-tourisme.fr\/je-cherche\/tournage\/decors-naturels\/decor-jardin-de-la-maion-gallet-juillet\/#breadcrumb\"},\"inLanguage\":\"nl\",\"potentialAction\":[{\"@type\":\"ReadAction\",\"target\":[\"https:\/\/www.creilsudoise-tourisme.fr\/je-cherche\/tournage\/decors-naturels\/decor-jardin-de-la-maion-gallet-juillet\/\"]}]},{\"@type\":\"BreadcrumbList\",\"@id\":\"https:\/\/www.creilsudoise-tourisme.fr\/je-cherche\/tournage\/decors-naturels\/decor-jardin-de-la-maion-gallet-juillet\/#breadcrumb\",\"itemListElement\":[{\"@type\":\"ListItem\",\"position\":1,\"name\":\"Accueil\",\"item\":\"https:\/\/www.creilsudoise-tourisme.fr\/\"},{\"@type\":\"ListItem\",\"position\":2,\"name\":\"Je cherche\",\"item\":\"https:\/\/www.creilsudoise-tourisme.fr\/je-cherche\/\"},{\"@type\":\"ListItem\",\"position\":3,\"name\":\"Un lieu de tournage\",\"item\":\"https:\/\/www.creilsudoise-tourisme.fr\/je-cherche\/tournage\/\"},{\"@type\":\"ListItem\",\"position\":4,\"name\":\"D\u00e9cors naturels\",\"item\":\"https:\/\/www.creilsudoise-tourisme.fr\/je-cherche\/tournage\/decors-naturels\/\"},{\"@type\":\"ListItem\",\"position\":5,\"name\":\"La Maison Gallet Juillet\"}]},{\"@type\":\"WebSite\",\"@id\":\"https:\/\/www.creilsudoise-tourisme.fr\/#website\",\"url\":\"https:\/\/www.creilsudoise-tourisme.fr\/\",\"name\":\"Office de Tourisme Creil Sud Oise\",\"description\":\"Creil Sud Oise Tourisme, un territoire \u00e0 explorer !\",\"publisher\":{\"@id\":\"https:\/\/www.creilsudoise-tourisme.fr\/#organization\"},\"potentialAction\":[{\"@type\":\"SearchAction\",\"target\":{\"@type\":\"EntryPoint\",\"urlTemplate\":\"https:\/\/www.creilsudoise-tourisme.fr\/?s={search_term_string}\"},\"query-input\":\"required name=search_term_string\"}],\"inLanguage\":\"nl\"},{\"@type\":\"Organization\",\"@id\":\"https:\/\/www.creilsudoise-tourisme.fr\/#organization\",\"name\":\"Creil Sud Oise Tourisme\",\"url\":\"https:\/\/www.creilsudoise-tourisme.fr\/\",\"logo\":{\"@type\":\"ImageObject\",\"inLanguage\":\"nl\",\"@id\":\"https:\/\/www.creilsudoise-tourisme.fr\/#\/schema\/logo\/image\/\",\"url\":\"https:\/\/www.creilsudoise-tourisme.fr\/wp-content\/uploads\/2021\/05\/logo-svg.png\",\"contentUrl\":\"https:\/\/www.creilsudoise-tourisme.fr\/wp-content\/uploads\/2021\/05\/logo-svg.png\",\"width\":182,\"height\":71,\"caption\":\"Creil Sud Oise Tourisme\"},\"image\":{\"@id\":\"https:\/\/www.creilsudoise-tourisme.fr\/#\/schema\/logo\/image\/\"},\"sameAs\":[\"https:\/\/www.facebook.com\/creilsudoisetourisme\/\",\"https:\/\/twitter.com\/CreilSudOiseOT\",\"https:\/\/www.instagram.com\/creilsudoisetourisme\/\",\"https:\/\/www.youtube.com\/channel\/UC8L_QD2wwyADW14zt9fY8kw\"]}]}<\/script>\n<!-- \/ Yoast SEO plugin. -->","yoast_head_json":{"title":"D\u00e9cor de tournage : la Maison Gall\u00e9 Juillet.","description":"La maison Gall\u00e9-Juillet, habit\u00e9e tout au long du 19e si\u00e8cle par une famille de notables creillois, est une demeure historique meubl\u00e9e comme \u00e0 la Belle Voici la fiche technique du d\u00e9cor b\u00e2ti dans la a Maison Gall\u00e9-Juillet. Le jardin de la Maison Gallet -Juillet de Creil \u00e0 60km de Paris.","robots":{"index":"index","follow":"follow","max-snippet":"max-snippet:-1","max-image-preview":"max-image-preview:large","max-video-preview":"max-video-preview:-1"},"canonical":"https:\/\/www.creilsudoise-tourisme.fr\/nl\/i-search\/schieten\/natuurdecoratie\/decor-tuin-van-de-maion-gallet-juli\/","og_locale":"nl_NL","og_type":"article","og_title":"D\u00e9cor de tournage : la Maison Gall\u00e9 Juillet.","og_description":"La maison Gall\u00e9-Juillet, habit\u00e9e tout au long du 19e si\u00e8cle par une famille de notables creillois, est une demeure historique meubl\u00e9e comme \u00e0 la Belle Voici la fiche technique du d\u00e9cor b\u00e2ti dans la a Maison Gall\u00e9-Juillet. Le jardin de la Maison Gallet -Juillet de Creil \u00e0 60km de Paris.","og_url":"https:\/\/www.creilsudoise-tourisme.fr\/nl\/i-search\/schieten\/natuurdecoratie\/decor-tuin-van-de-maion-gallet-juli\/","og_site_name":"Office de Tourisme Creil Sud Oise","article_publisher":"https:\/\/www.facebook.com\/creilsudoisetourisme\/","article_modified_time":"2024-02-19T12:55:50+00:00","og_image":[{"width":1480,"height":984,"url":"https:\/\/www.creilsudoise-tourisme.fr\/wp-content\/uploads\/2021\/11\/Musee-Galle-Juillet-\u00a9X.-RENOUX-Oise-Tourisme.jpg","type":"image\/jpeg"}],"twitter_card":"summary_large_image","twitter_site":"@CreilSudOiseOT","twitter_misc":{"Geschatte leestijd":"2 minuten"},"schema":{"@context":"https:\/\/schema.org","@graph":[{"@type":"WebPage","@id":"https:\/\/www.creilsudoise-tourisme.fr\/je-cherche\/tournage\/decors-naturels\/decor-jardin-de-la-maion-gallet-juillet\/","url":"https:\/\/www.creilsudoise-tourisme.fr\/je-cherche\/tournage\/decors-naturels\/decor-jardin-de-la-maion-gallet-juillet\/","name":"D\u00e9cor de tournage : la Maison Gall\u00e9 Juillet.","isPartOf":{"@id":"https:\/\/www.creilsudoise-tourisme.fr\/#website"},"datePublished":"2024-02-06T13:36:33+00:00","dateModified":"2024-02-19T12:55:50+00:00","description":"La maison Gall\u00e9-Juillet, habit\u00e9e tout au long du 19e si\u00e8cle par une famille de notables creillois, est une demeure historique meubl\u00e9e comme \u00e0 la Belle Voici la fiche technique du d\u00e9cor b\u00e2ti dans la a Maison Gall\u00e9-Juillet. Le jardin de la Maison Gallet -Juillet de Creil \u00e0 60km de Paris.","breadcrumb":{"@id":"https:\/\/www.creilsudoise-tourisme.fr\/je-cherche\/tournage\/decors-naturels\/decor-jardin-de-la-maion-gallet-juillet\/#breadcrumb"},"inLanguage":"nl","potentialAction":[{"@type":"ReadAction","target":["https:\/\/www.creilsudoise-tourisme.fr\/je-cherche\/tournage\/decors-naturels\/decor-jardin-de-la-maion-gallet-juillet\/"]}]},{"@type":"BreadcrumbList","@id":"https:\/\/www.creilsudoise-tourisme.fr\/je-cherche\/tournage\/decors-naturels\/decor-jardin-de-la-maion-gallet-juillet\/#breadcrumb","itemListElement":[{"@type":"ListItem","position":1,"name":"Accueil","item":"https:\/\/www.creilsudoise-tourisme.fr\/"},{"@type":"ListItem","position":2,"name":"Je cherche","item":"https:\/\/www.creilsudoise-tourisme.fr\/je-cherche\/"},{"@type":"ListItem","position":3,"name":"Un lieu de tournage","item":"https:\/\/www.creilsudoise-tourisme.fr\/je-cherche\/tournage\/"},{"@type":"ListItem","position":4,"name":"D\u00e9cors naturels","item":"https:\/\/www.creilsudoise-tourisme.fr\/je-cherche\/tournage\/decors-naturels\/"},{"@type":"ListItem","position":5,"name":"La Maison Gallet Juillet"}]},{"@type":"WebSite","@id":"https:\/\/www.creilsudoise-tourisme.fr\/#website","url":"https:\/\/www.creilsudoise-tourisme.fr\/","name":"Office de Tourisme Creil Sud Oise","description":"Creil Sud Oise Tourisme, un territoire \u00e0 explorer !","publisher":{"@id":"https:\/\/www.creilsudoise-tourisme.fr\/#organization"},"potentialAction":[{"@type":"SearchAction","target":{"@type":"EntryPoint","urlTemplate":"https:\/\/www.creilsudoise-tourisme.fr\/?s={search_term_string}"},"query-input":"required name=search_term_string"}],"inLanguage":"nl"},{"@type":"Organization","@id":"https:\/\/www.creilsudoise-tourisme.fr\/#organization","name":"Creil Sud Oise Tourisme","url":"https:\/\/www.creilsudoise-tourisme.fr\/","logo":{"@type":"ImageObject","inLanguage":"nl","@id":"https:\/\/www.creilsudoise-tourisme.fr\/#\/schema\/logo\/image\/","url":"https:\/\/www.creilsudoise-tourisme.fr\/wp-content\/uploads\/2021\/05\/logo-svg.png","contentUrl":"https:\/\/www.creilsudoise-tourisme.fr\/wp-content\/uploads\/2021\/05\/logo-svg.png","width":182,"height":71,"caption":"Creil Sud Oise Tourisme"},"image":{"@id":"https:\/\/www.creilsudoise-tourisme.fr\/#\/schema\/logo\/image\/"},"sameAs":["https:\/\/www.facebook.com\/creilsudoisetourisme\/","https:\/\/twitter.com\/CreilSudOiseOT","https:\/\/www.instagram.com\/creilsudoisetourisme\/","https:\/\/www.youtube.com\/channel\/UC8L_QD2wwyADW14zt9fY8kw"]}]}},"_links":{"self":[{"href":"https:\/\/www.creilsudoise-tourisme.fr\/nl\/wp-json\/wp\/v2\/pages\/51576"}],"collection":[{"href":"https:\/\/www.creilsudoise-tourisme.fr\/nl\/wp-json\/wp\/v2\/pages"}],"about":[{"href":"https:\/\/www.creilsudoise-tourisme.fr\/nl\/wp-json\/wp\/v2\/types\/page"}],"author":[{"embeddable":true,"href":"https:\/\/www.creilsudoise-tourisme.fr\/nl\/wp-json\/wp\/v2\/users\/12"}],"replies":[{"embeddable":true,"href":"https:\/\/www.creilsudoise-tourisme.fr\/nl\/wp-json\/wp\/v2\/comments?post=51576"}],"version-history":[{"count":11,"href":"https:\/\/www.creilsudoise-tourisme.fr\/nl\/wp-json\/wp\/v2\/pages\/51576\/revisions"}],"predecessor-version":[{"id":52235,"href":"https:\/\/www.creilsudoise-tourisme.fr\/nl\/wp-json\/wp\/v2\/pages\/51576\/revisions\/52235"}],"up":[{"embeddable":true,"href":"https:\/\/www.creilsudoise-tourisme.fr\/nl\/wp-json\/wp\/v2\/pages\/50605"}],"wp:featuredmedia":[{"embeddable":true,"href":"https:\/\/www.creilsudoise-tourisme.fr\/nl\/wp-json\/wp\/v2\/media\/38915"}],"wp:attachment":[{"href":"https:\/\/www.creilsudoise-tourisme.fr\/nl\/wp-json\/wp\/v2\/media?parent=51576"}],"curies":[{"name":"wp","href":"https:\/\/api.w.org\/{rel}","templated":true}]}}