{"id":51570,"date":"2024-02-06T14:36:23","date_gmt":"2024-02-06T13:36:23","guid":{"rendered":"https:\/\/www.creilsudoise-tourisme.fr\/?page_id=51570"},"modified":"2024-02-19T16:24:08","modified_gmt":"2024-02-19T15:24:08","slug":"decor-jardin-de-la-maion-gallet-juillet-2","status":"publish","type":"page","link":"https:\/\/www.creilsudoise-tourisme.fr\/nl\/i-search\/schieten\/natuurdecoratie\/decor-tuin-van-de-maion-gallet-juli-2\/","title":{"rendered":"De tuin van Maison Gallet Juli"},"content":{"rendered":"<p class=\"is-style-excerpt\">Het Gall\u00e9-Juillet huis, bewoond gedurende de XIX<sup>e<\/sup> Dit historische verblijf, gebouwd in de 19e eeuw door een vooraanstaande familie uit Creillon, is ingericht in de stijl van de Belle \u00c9poque. De ommuurde tuinen van het pand zijn verdeeld in een regelmatige Franse tuin en een onregelmatige Engelse tuin. \u00a0<\/p>\n\n\n\n<h2><strong><em>TUIN VAN HET GALL\u00c9-JUILLET MUSEUM<\/em><\/strong><\/h2>\n\n\n\n<figure class=\"is-layout-flex wp-block-gallery-1 wp-block-gallery has-nested-images columns-default is-cropped\">\n<figure class=\"wp-block-image size-large\"><img decoding=\"async\" loading=\"lazy\" width=\"647\" height=\"485\" data-id=\"51589\"  data-src=\"https:\/\/www.creilsudoise-tourisme.fr\/wp-content\/uploads\/2024\/01\/12.jpg\" alt=\"Le Jardin du Mus\u00e9e Gall\u00e9-Juillet bioscoop opnames south oise paris\" class=\"wp-image-51589\" data-srcset=\"https:\/\/www.creilsudoise-tourisme.fr\/wp-content\/uploads\/2024\/01\/12.jpg 647w, https:\/\/www.creilsudoise-tourisme.fr\/wp-content\/uploads\/2024\/01\/12-600x450.jpg 600w, https:\/\/www.creilsudoise-tourisme.fr\/wp-content\/uploads\/2024\/01\/12-16x12.jpg 16w, https:\/\/www.creilsudoise-tourisme.fr\/wp-content\/uploads\/2024\/01\/12-200x150.jpg 200w, https:\/\/www.creilsudoise-tourisme.fr\/wp-content\/uploads\/2024\/01\/12-387x290.jpg 387w\" sizes=\"(max-width: 647px) 100vw, 647px\" \/><figcaption class=\"wp-element-caption\">Creil Sud Oise Toerisme - Nouara Lebachiche<\/figcaption><\/figure>\n\n\n\n<figure class=\"wp-block-image size-large\"><img decoding=\"async\" loading=\"lazy\" width=\"660\" height=\"440\" data-id=\"51592\"  data-src=\"https:\/\/www.creilsudoise-tourisme.fr\/wp-content\/uploads\/2024\/01\/jar2.jpg\" alt=\"Le Jardin du Mus\u00e9e Gall\u00e9-Juillet bioscoop opnames south oise paris\" class=\"wp-image-51592\" data-srcset=\"https:\/\/www.creilsudoise-tourisme.fr\/wp-content\/uploads\/2024\/01\/jar2.jpg 660w, https:\/\/www.creilsudoise-tourisme.fr\/wp-content\/uploads\/2024\/01\/jar2-600x400.jpg 600w, https:\/\/www.creilsudoise-tourisme.fr\/wp-content\/uploads\/2024\/01\/jar2-18x12.jpg 18w, https:\/\/www.creilsudoise-tourisme.fr\/wp-content\/uploads\/2024\/01\/jar2-200x133.jpg 200w, https:\/\/www.creilsudoise-tourisme.fr\/wp-content\/uploads\/2024\/01\/jar2-650x433.jpg 650w, https:\/\/www.creilsudoise-tourisme.fr\/wp-content\/uploads\/2024\/01\/jar2-387x258.jpg 387w\" sizes=\"(max-width: 660px) 100vw, 660px\" \/><figcaption class=\"wp-element-caption\">Creil Sud Oise Toerisme - Nouara Lebachiche<\/figcaption><\/figure>\n\n\n\n<figure class=\"wp-block-image size-large\"><img decoding=\"async\" loading=\"lazy\" width=\"605\" height=\"437\" data-id=\"51591\"  data-src=\"https:\/\/www.creilsudoise-tourisme.fr\/wp-content\/uploads\/2024\/01\/65.jpg\" alt=\"Le Jardin du Mus\u00e9e Gall\u00e9-Juillet bioscoop opnames south oise paris\" class=\"wp-image-51591\" data-srcset=\"https:\/\/www.creilsudoise-tourisme.fr\/wp-content\/uploads\/2024\/01\/65.jpg 605w, https:\/\/www.creilsudoise-tourisme.fr\/wp-content\/uploads\/2024\/01\/65-600x433.jpg 600w, https:\/\/www.creilsudoise-tourisme.fr\/wp-content\/uploads\/2024\/01\/65-18x12.jpg 18w, https:\/\/www.creilsudoise-tourisme.fr\/wp-content\/uploads\/2024\/01\/65-200x144.jpg 200w, https:\/\/www.creilsudoise-tourisme.fr\/wp-content\/uploads\/2024\/01\/65-387x280.jpg 387w\" sizes=\"(max-width: 605px) 100vw, 605px\" \/><figcaption class=\"wp-element-caption\">Creil Sud Oise Toerisme - Nouara Lebachiche<\/figcaption><\/figure>\n\n\n\n<figure class=\"wp-block-image size-large\"><img decoding=\"async\" loading=\"lazy\" width=\"318\" height=\"479\" data-id=\"51590\"  data-src=\"https:\/\/www.creilsudoise-tourisme.fr\/wp-content\/uploads\/2024\/01\/62.jpg\" alt=\"Le Jardin du Mus\u00e9e Gall\u00e9-Juillet bioscoop opnames south oise paris\" class=\"wp-image-51590\" data-srcset=\"https:\/\/www.creilsudoise-tourisme.fr\/wp-content\/uploads\/2024\/01\/62.jpg 318w, https:\/\/www.creilsudoise-tourisme.fr\/wp-content\/uploads\/2024\/01\/62-8x12.jpg 8w, https:\/\/www.creilsudoise-tourisme.fr\/wp-content\/uploads\/2024\/01\/62-200x301.jpg 200w, https:\/\/www.creilsudoise-tourisme.fr\/wp-content\/uploads\/2024\/01\/62-282x424.jpg 282w\" sizes=\"(max-width: 318px) 100vw, 318px\" \/><figcaption class=\"wp-element-caption\">Creil Sud Oise Toerisme - Nouara Lebachiche<\/figcaption><\/figure>\n\n\n\n<figure class=\"wp-block-image size-large\"><img decoding=\"async\" loading=\"lazy\" width=\"360\" height=\"480\" data-id=\"51588\"  data-src=\"https:\/\/www.creilsudoise-tourisme.fr\/wp-content\/uploads\/2024\/01\/3-1.jpg\" alt=\"Le Jardin du Mus\u00e9e Gall\u00e9-Juillet bioscoop opnames south oise paris\" class=\"wp-image-51588\" data-srcset=\"https:\/\/www.creilsudoise-tourisme.fr\/wp-content\/uploads\/2024\/01\/3-1.jpg 360w, https:\/\/www.creilsudoise-tourisme.fr\/wp-content\/uploads\/2024\/01\/3-1-9x12.jpg 9w, https:\/\/www.creilsudoise-tourisme.fr\/wp-content\/uploads\/2024\/01\/3-1-200x267.jpg 200w\" sizes=\"(max-width: 360px) 100vw, 360px\" \/><figcaption class=\"wp-element-caption\">Creil Sud Oise Toerisme - Nouara Lebachiche<\/figcaption><\/figure>\n<\/figure>\n\n\n\n<h3>Type locatie<\/h3>\n\n\n\n<p>ERP Type: Y &nbsp;&nbsp;<\/p>\n\n\n\n<h3>Categorie<\/h3>\n\n\n\n<p>&nbsp;Categorie : 5<\/p>\n\n\n\n<p>Tuin.<\/p>\n\n\n\n<h4>Milieu <\/h4>\n\n\n\n<p>Priv\u00e9 binnenplaats, Mus\u00e9e Gall\u00e9-Juillet, Maison de la Fa\u00efence, noordelijke vleugel van het middeleeuwse kasteel in Creil.<\/p>\n\n\n<div class=\"wp-block wp-block-highlight\">\n            <h3 class=\"wp-block-highlight-item wp-block-highlight-title\">Situatie<\/h3>\n                <p class=\"wp-block-highlight-item wp-block-highlight-excerpt\">Plaats: 60100 Creil <br>Provincie : Oise<br>Regio: Hauts-de-France<\/p>\n    <\/div>\n\n\n<h3>Algemene presentatie<\/h3>\n\n\n\n<p>Het zuidwestelijke deel van de tuin is aangelegd in Engelse stijl. Een klein torentje, waarschijnlijk ooit gebruikt als duiventil, is op de top van een heuvel geplaatst. Een rond beeldhouwwerk, gesigneerd door Gossin Fr\u00e8res, stelt waarschijnlijk Ceres voor.<\/p>\n\n\n\n<p><\/p>\n\n\n\n<p>Voor het lage muurtje dat de tuin omringt, is een cenotaaf opgericht door de avant-garde van Saint-M\u00e9dard ter nagedachtenis aan Maurice Gall\u00e9, die sneuvelde in de Eerste Wereldoorlog.<\/p>\n\n\n\n<p><\/p>\n\n\n\n<p>In tegenstelling tot de Jardin \u00e0 l'Anglaise geeft de Jardin \u00e0 la Fran\u00e7aise het beeld van de natuur onder controle van de mens. De tuin ligt in het noordoosten en bestaat uit symmetrisch aangelegde parterres en Medici-vormige bloemperken. De put in het midden van de tuin was een essentieel element dat het water leverde dat nodig was voor de persoonlijke hygi\u00ebne, het schoonmaken van het huis en het eten.<\/p>\n\n\n\n<h4>Staat van de site<\/h4>\n\n\n\n<p>Goede staat.<\/p>\n\n\n\n<h4>Geschiedenis van de site<\/h4>\n\n\n\n<p>Door de eeuwen heen veranderde tuin, voornamelijk bewaard in 19e-eeuwse staat<sup>e<\/sup> eeuw.<\/p>\n\n\n\n<h4>Bouwperiode<\/h4>\n\n\n\n<p>19<sup>e<\/sup> eeuw.<\/p>\n\n\n\n<h4>Dominante stijl<\/h4>\n\n\n\n<p>19<sup>e<\/sup> eeuw tot Belle \u00e9poque.<\/p>\n\n\n\n<h4>Bijzondere stijlen <\/h4>\n\n\n\n<p>In de buitenlucht. <\/p>\n\n\n\n<h4>Opmerkelijke architecturale kenmerken<\/h4>\n\n\n\n<p>Franse tuin, Engelse tuin, waterput, duiventil.<\/p>\n\n\n\n<h4>Technische gegevens<\/h4>\n\n\n\n<p>&nbsp;&nbsp; Stroomvoorziening X Parkeren \u25a1 Toegang voor vrachtwagens \u25a1 Kleedkamers&nbsp;&nbsp;&nbsp;&nbsp;&nbsp;&nbsp;&nbsp;&nbsp;&nbsp;&nbsp;&nbsp;&nbsp; &nbsp;<\/p>\n\n\n\n<p>X Toiletten<\/p>\n\n\n\n<p>Overige: oppervlakte van ongeveer 6.500 m\u00b2.<\/p>\n\n\n\n<h4>Speciale functies<\/h4>\n\n\n\n<p>Tuin, uitzicht op de rivier de Oise, eigen binnenplaats. <\/p>\n\n\n\n<hr class=\"wp-block-separator has-alpha-channel-opacity\"\/>\n\n\n\n<hr class=\"wp-block-separator has-alpha-channel-opacity\"\/>","protected":false},"excerpt":{"rendered":"<p>Het huis Gall\u00e9-Juillet, dat in de 19e eeuw werd bewoond door een familie van notabelen uit Creillon, is een historisch verblijf ingericht in de stijl van de Belle \u00c9poque. De ommuurde tuinen van het landgoed bestaan uit een regelmatige Franse tuin en een onregelmatige Engelse tuin.   GALL\u00c9-JUILLET MUSEUM TUIN [...]<\/p>","protected":false},"author":12,"featured_media":51589,"parent":50605,"menu_order":0,"comment_status":"closed","ping_status":"closed","template":"","meta":{"_relevanssi_hide_post":"","_relevanssi_hide_content":"","_relevanssi_pin_for_all":"","_relevanssi_pin_keywords":"","_relevanssi_unpin_keywords":"","_relevanssi_related_keywords":"","_relevanssi_related_include_ids":"","_relevanssi_related_exclude_ids":"","_relevanssi_related_no_append":"","_relevanssi_related_not_related":"","_relevanssi_related_posts":"38921,40150,43606,39785,42107,39133","_relevanssi_noindex_reason":""},"yoast_head":"<!-- This site is optimized with the Yoast SEO plugin v20.2.1 - https:\/\/yoast.com\/wordpress\/plugins\/seo\/ -->\n<title>D\u00e9cor de tournage : le Jardin du la Maison Gall\u00e9 Juillet.<\/title>\n<meta name=\"description\" content=\"La maison Gall\u00e9-Juillet, habit\u00e9e tout au long du XIXe si\u00e8cle par une famille de notables creillois, est une demeure historique meubl\u00e9e comme \u00e0 la Belle Voici la fiche technique du d\u00e9cor naturel dans le Jardin de la Maison Gallet-Juillet. Le jardin de la Maison Gallet -Juillet de Creil \u00e0 60km de Paris.\" \/>\n<meta name=\"robots\" content=\"index, follow, max-snippet:-1, max-image-preview:large, max-video-preview:-1\" \/>\n<link rel=\"canonical\" href=\"https:\/\/www.creilsudoise-tourisme.fr\/nl\/i-search\/schieten\/natuurdecoratie\/decor-tuin-van-de-maion-gallet-juli-2\/\" \/>\n<meta property=\"og:locale\" content=\"nl_NL\" \/>\n<meta property=\"og:type\" content=\"article\" \/>\n<meta property=\"og:title\" content=\"D\u00e9cor de tournage : le Jardin du la Maison Gall\u00e9 Juillet.\" \/>\n<meta property=\"og:description\" content=\"La maison Gall\u00e9-Juillet, habit\u00e9e tout au long du XIXe si\u00e8cle par une famille de notables creillois, est une demeure historique meubl\u00e9e comme \u00e0 la Belle Voici la fiche technique du d\u00e9cor naturel dans le Jardin de la Maison Gallet-Juillet. Le jardin de la Maison Gallet -Juillet de Creil \u00e0 60km de Paris.\" \/>\n<meta property=\"og:url\" content=\"https:\/\/www.creilsudoise-tourisme.fr\/nl\/i-search\/schieten\/natuurdecoratie\/decor-tuin-van-de-maion-gallet-juli-2\/\" \/>\n<meta property=\"og:site_name\" content=\"Office de Tourisme Creil Sud Oise\" \/>\n<meta property=\"article:publisher\" content=\"https:\/\/www.facebook.com\/creilsudoisetourisme\/\" \/>\n<meta property=\"article:modified_time\" content=\"2024-02-19T15:24:08+00:00\" \/>\n<meta property=\"og:image\" content=\"https:\/\/www.creilsudoise-tourisme.fr\/wp-content\/uploads\/2024\/01\/12.jpg\" \/>\n\t<meta property=\"og:image:width\" content=\"647\" \/>\n\t<meta property=\"og:image:height\" content=\"485\" \/>\n\t<meta property=\"og:image:type\" content=\"image\/jpeg\" \/>\n<meta name=\"twitter:card\" content=\"summary_large_image\" \/>\n<meta name=\"twitter:site\" content=\"@CreilSudOiseOT\" \/>\n<meta name=\"twitter:label1\" content=\"Geschatte leestijd\" \/>\n\t<meta name=\"twitter:data1\" content=\"2 minuten\" \/>\n<script type=\"application\/ld+json\" class=\"yoast-schema-graph\">{\"@context\":\"https:\/\/schema.org\",\"@graph\":[{\"@type\":\"WebPage\",\"@id\":\"https:\/\/www.creilsudoise-tourisme.fr\/je-cherche\/tournage\/decors-naturels\/decor-jardin-de-la-maion-gallet-juillet-2\/\",\"url\":\"https:\/\/www.creilsudoise-tourisme.fr\/je-cherche\/tournage\/decors-naturels\/decor-jardin-de-la-maion-gallet-juillet-2\/\",\"name\":\"D\u00e9cor de tournage : le Jardin du la Maison Gall\u00e9 Juillet.\",\"isPartOf\":{\"@id\":\"https:\/\/www.creilsudoise-tourisme.fr\/#website\"},\"datePublished\":\"2024-02-06T13:36:23+00:00\",\"dateModified\":\"2024-02-19T15:24:08+00:00\",\"description\":\"La maison Gall\u00e9-Juillet, habit\u00e9e tout au long du XIXe si\u00e8cle par une famille de notables creillois, est une demeure historique meubl\u00e9e comme \u00e0 la Belle Voici la fiche technique du d\u00e9cor naturel dans le Jardin de la Maison Gallet-Juillet. Le jardin de la Maison Gallet -Juillet de Creil \u00e0 60km de Paris.\",\"breadcrumb\":{\"@id\":\"https:\/\/www.creilsudoise-tourisme.fr\/je-cherche\/tournage\/decors-naturels\/decor-jardin-de-la-maion-gallet-juillet-2\/#breadcrumb\"},\"inLanguage\":\"nl\",\"potentialAction\":[{\"@type\":\"ReadAction\",\"target\":[\"https:\/\/www.creilsudoise-tourisme.fr\/je-cherche\/tournage\/decors-naturels\/decor-jardin-de-la-maion-gallet-juillet-2\/\"]}]},{\"@type\":\"BreadcrumbList\",\"@id\":\"https:\/\/www.creilsudoise-tourisme.fr\/je-cherche\/tournage\/decors-naturels\/decor-jardin-de-la-maion-gallet-juillet-2\/#breadcrumb\",\"itemListElement\":[{\"@type\":\"ListItem\",\"position\":1,\"name\":\"Accueil\",\"item\":\"https:\/\/www.creilsudoise-tourisme.fr\/\"},{\"@type\":\"ListItem\",\"position\":2,\"name\":\"Je cherche\",\"item\":\"https:\/\/www.creilsudoise-tourisme.fr\/je-cherche\/\"},{\"@type\":\"ListItem\",\"position\":3,\"name\":\"Un lieu de tournage\",\"item\":\"https:\/\/www.creilsudoise-tourisme.fr\/je-cherche\/tournage\/\"},{\"@type\":\"ListItem\",\"position\":4,\"name\":\"D\u00e9cors naturels\",\"item\":\"https:\/\/www.creilsudoise-tourisme.fr\/je-cherche\/tournage\/decors-naturels\/\"},{\"@type\":\"ListItem\",\"position\":5,\"name\":\"Le Jardin de la Maison Gallet Juillet\"}]},{\"@type\":\"WebSite\",\"@id\":\"https:\/\/www.creilsudoise-tourisme.fr\/#website\",\"url\":\"https:\/\/www.creilsudoise-tourisme.fr\/\",\"name\":\"Office de Tourisme Creil Sud Oise\",\"description\":\"Creil Sud Oise Tourisme, un territoire \u00e0 explorer !\",\"publisher\":{\"@id\":\"https:\/\/www.creilsudoise-tourisme.fr\/#organization\"},\"potentialAction\":[{\"@type\":\"SearchAction\",\"target\":{\"@type\":\"EntryPoint\",\"urlTemplate\":\"https:\/\/www.creilsudoise-tourisme.fr\/?s={search_term_string}\"},\"query-input\":\"required name=search_term_string\"}],\"inLanguage\":\"nl\"},{\"@type\":\"Organization\",\"@id\":\"https:\/\/www.creilsudoise-tourisme.fr\/#organization\",\"name\":\"Creil Sud Oise Tourisme\",\"url\":\"https:\/\/www.creilsudoise-tourisme.fr\/\",\"logo\":{\"@type\":\"ImageObject\",\"inLanguage\":\"nl\",\"@id\":\"https:\/\/www.creilsudoise-tourisme.fr\/#\/schema\/logo\/image\/\",\"url\":\"https:\/\/www.creilsudoise-tourisme.fr\/wp-content\/uploads\/2021\/05\/logo-svg.png\",\"contentUrl\":\"https:\/\/www.creilsudoise-tourisme.fr\/wp-content\/uploads\/2021\/05\/logo-svg.png\",\"width\":182,\"height\":71,\"caption\":\"Creil Sud Oise Tourisme\"},\"image\":{\"@id\":\"https:\/\/www.creilsudoise-tourisme.fr\/#\/schema\/logo\/image\/\"},\"sameAs\":[\"https:\/\/www.facebook.com\/creilsudoisetourisme\/\",\"https:\/\/twitter.com\/CreilSudOiseOT\",\"https:\/\/www.instagram.com\/creilsudoisetourisme\/\",\"https:\/\/www.youtube.com\/channel\/UC8L_QD2wwyADW14zt9fY8kw\"]}]}<\/script>\n<!-- \/ Yoast SEO plugin. -->","yoast_head_json":{"title":"D\u00e9cor de tournage : le Jardin du la Maison Gall\u00e9 Juillet.","description":"La maison Gall\u00e9-Juillet, habit\u00e9e tout au long du XIXe si\u00e8cle par une famille de notables creillois, est une demeure historique meubl\u00e9e comme \u00e0 la Belle Voici la fiche technique du d\u00e9cor naturel dans le Jardin de la Maison Gallet-Juillet. Le jardin de la Maison Gallet -Juillet de Creil \u00e0 60km de Paris.","robots":{"index":"index","follow":"follow","max-snippet":"max-snippet:-1","max-image-preview":"max-image-preview:large","max-video-preview":"max-video-preview:-1"},"canonical":"https:\/\/www.creilsudoise-tourisme.fr\/nl\/i-search\/schieten\/natuurdecoratie\/decor-tuin-van-de-maion-gallet-juli-2\/","og_locale":"nl_NL","og_type":"article","og_title":"D\u00e9cor de tournage : le Jardin du la Maison Gall\u00e9 Juillet.","og_description":"La maison Gall\u00e9-Juillet, habit\u00e9e tout au long du XIXe si\u00e8cle par une famille de notables creillois, est une demeure historique meubl\u00e9e comme \u00e0 la Belle Voici la fiche technique du d\u00e9cor naturel dans le Jardin de la Maison Gallet-Juillet. Le jardin de la Maison Gallet -Juillet de Creil \u00e0 60km de Paris.","og_url":"https:\/\/www.creilsudoise-tourisme.fr\/nl\/i-search\/schieten\/natuurdecoratie\/decor-tuin-van-de-maion-gallet-juli-2\/","og_site_name":"Office de Tourisme Creil Sud Oise","article_publisher":"https:\/\/www.facebook.com\/creilsudoisetourisme\/","article_modified_time":"2024-02-19T15:24:08+00:00","og_image":[{"width":647,"height":485,"url":"https:\/\/www.creilsudoise-tourisme.fr\/wp-content\/uploads\/2024\/01\/12.jpg","type":"image\/jpeg"}],"twitter_card":"summary_large_image","twitter_site":"@CreilSudOiseOT","twitter_misc":{"Geschatte leestijd":"2 minuten"},"schema":{"@context":"https:\/\/schema.org","@graph":[{"@type":"WebPage","@id":"https:\/\/www.creilsudoise-tourisme.fr\/je-cherche\/tournage\/decors-naturels\/decor-jardin-de-la-maion-gallet-juillet-2\/","url":"https:\/\/www.creilsudoise-tourisme.fr\/je-cherche\/tournage\/decors-naturels\/decor-jardin-de-la-maion-gallet-juillet-2\/","name":"D\u00e9cor de tournage : le Jardin du la Maison Gall\u00e9 Juillet.","isPartOf":{"@id":"https:\/\/www.creilsudoise-tourisme.fr\/#website"},"datePublished":"2024-02-06T13:36:23+00:00","dateModified":"2024-02-19T15:24:08+00:00","description":"La maison Gall\u00e9-Juillet, habit\u00e9e tout au long du XIXe si\u00e8cle par une famille de notables creillois, est une demeure historique meubl\u00e9e comme \u00e0 la Belle Voici la fiche technique du d\u00e9cor naturel dans le Jardin de la Maison Gallet-Juillet. Le jardin de la Maison Gallet -Juillet de Creil \u00e0 60km de Paris.","breadcrumb":{"@id":"https:\/\/www.creilsudoise-tourisme.fr\/je-cherche\/tournage\/decors-naturels\/decor-jardin-de-la-maion-gallet-juillet-2\/#breadcrumb"},"inLanguage":"nl","potentialAction":[{"@type":"ReadAction","target":["https:\/\/www.creilsudoise-tourisme.fr\/je-cherche\/tournage\/decors-naturels\/decor-jardin-de-la-maion-gallet-juillet-2\/"]}]},{"@type":"BreadcrumbList","@id":"https:\/\/www.creilsudoise-tourisme.fr\/je-cherche\/tournage\/decors-naturels\/decor-jardin-de-la-maion-gallet-juillet-2\/#breadcrumb","itemListElement":[{"@type":"ListItem","position":1,"name":"Accueil","item":"https:\/\/www.creilsudoise-tourisme.fr\/"},{"@type":"ListItem","position":2,"name":"Je cherche","item":"https:\/\/www.creilsudoise-tourisme.fr\/je-cherche\/"},{"@type":"ListItem","position":3,"name":"Un lieu de tournage","item":"https:\/\/www.creilsudoise-tourisme.fr\/je-cherche\/tournage\/"},{"@type":"ListItem","position":4,"name":"D\u00e9cors naturels","item":"https:\/\/www.creilsudoise-tourisme.fr\/je-cherche\/tournage\/decors-naturels\/"},{"@type":"ListItem","position":5,"name":"Le Jardin de la Maison Gallet Juillet"}]},{"@type":"WebSite","@id":"https:\/\/www.creilsudoise-tourisme.fr\/#website","url":"https:\/\/www.creilsudoise-tourisme.fr\/","name":"Office de Tourisme Creil Sud Oise","description":"Creil Sud Oise Tourisme, un territoire \u00e0 explorer !","publisher":{"@id":"https:\/\/www.creilsudoise-tourisme.fr\/#organization"},"potentialAction":[{"@type":"SearchAction","target":{"@type":"EntryPoint","urlTemplate":"https:\/\/www.creilsudoise-tourisme.fr\/?s={search_term_string}"},"query-input":"required name=search_term_string"}],"inLanguage":"nl"},{"@type":"Organization","@id":"https:\/\/www.creilsudoise-tourisme.fr\/#organization","name":"Creil Sud Oise Tourisme","url":"https:\/\/www.creilsudoise-tourisme.fr\/","logo":{"@type":"ImageObject","inLanguage":"nl","@id":"https:\/\/www.creilsudoise-tourisme.fr\/#\/schema\/logo\/image\/","url":"https:\/\/www.creilsudoise-tourisme.fr\/wp-content\/uploads\/2021\/05\/logo-svg.png","contentUrl":"https:\/\/www.creilsudoise-tourisme.fr\/wp-content\/uploads\/2021\/05\/logo-svg.png","width":182,"height":71,"caption":"Creil Sud Oise Tourisme"},"image":{"@id":"https:\/\/www.creilsudoise-tourisme.fr\/#\/schema\/logo\/image\/"},"sameAs":["https:\/\/www.facebook.com\/creilsudoisetourisme\/","https:\/\/twitter.com\/CreilSudOiseOT","https:\/\/www.instagram.com\/creilsudoisetourisme\/","https:\/\/www.youtube.com\/channel\/UC8L_QD2wwyADW14zt9fY8kw"]}]}},"_links":{"self":[{"href":"https:\/\/www.creilsudoise-tourisme.fr\/nl\/wp-json\/wp\/v2\/pages\/51570"}],"collection":[{"href":"https:\/\/www.creilsudoise-tourisme.fr\/nl\/wp-json\/wp\/v2\/pages"}],"about":[{"href":"https:\/\/www.creilsudoise-tourisme.fr\/nl\/wp-json\/wp\/v2\/types\/page"}],"author":[{"embeddable":true,"href":"https:\/\/www.creilsudoise-tourisme.fr\/nl\/wp-json\/wp\/v2\/users\/12"}],"replies":[{"embeddable":true,"href":"https:\/\/www.creilsudoise-tourisme.fr\/nl\/wp-json\/wp\/v2\/comments?post=51570"}],"version-history":[{"count":10,"href":"https:\/\/www.creilsudoise-tourisme.fr\/nl\/wp-json\/wp\/v2\/pages\/51570\/revisions"}],"predecessor-version":[{"id":52241,"href":"https:\/\/www.creilsudoise-tourisme.fr\/nl\/wp-json\/wp\/v2\/pages\/51570\/revisions\/52241"}],"up":[{"embeddable":true,"href":"https:\/\/www.creilsudoise-tourisme.fr\/nl\/wp-json\/wp\/v2\/pages\/50605"}],"wp:featuredmedia":[{"embeddable":true,"href":"https:\/\/www.creilsudoise-tourisme.fr\/nl\/wp-json\/wp\/v2\/media\/51589"}],"wp:attachment":[{"href":"https:\/\/www.creilsudoise-tourisme.fr\/nl\/wp-json\/wp\/v2\/media?parent=51570"}],"curies":[{"name":"wp","href":"https:\/\/api.w.org\/{rel}","templated":true}]}}