{"id":51558,"date":"2024-02-06T14:35:44","date_gmt":"2024-02-06T13:35:44","guid":{"rendered":"https:\/\/www.creilsudoise-tourisme.fr\/?page_id=51558"},"modified":"2024-02-21T15:37:48","modified_gmt":"2024-02-21T14:37:48","slug":"tournage-eglise-gothique","status":"publish","type":"page","link":"https:\/\/www.creilsudoise-tourisme.fr\/nl\/i-search\/schieten\/decors-batis\/draaikerk-gotisch\/","title":{"rendered":"Saint-M\u00e9dard Kerk"},"content":{"rendered":"<p class=\"is-style-excerpt\"><em>Voornamelijk gebouwd in de middeleeuwen, tussen de 13<sup>e<\/sup> en 15<sup>e<\/sup> De kerk Saint-M\u00e9dard is een van de erfgoedschatten van Creil. Sinds haar ontstaan wordt ze gebruikt voor katholieke erediensten en sinds de wet van 9 december 1905 over de scheiding van kerk en staat is ze eigendom van de stad Creil. <\/em><\/p>\n\n\n\n<h2> <\/h2>\n\n\n\n<figure class=\"is-layout-flex wp-block-gallery-1 wp-block-gallery has-nested-images columns-default is-cropped\">\n<figure class=\"wp-block-image size-large\"><img decoding=\"async\" data-id=\"929\"  data-src=\"https:\/\/www.creilsudoise-tourisme.fr\/wp-content\/uploads\/wpetourisme\/Eglise-Saint-Medard-Creil--9--scaled-1200x797.jpg\" alt=\"\" class=\"wp-image-929\"\/><\/figure>\n\n\n\n<figure class=\"wp-block-image size-large\"><img decoding=\"async\" loading=\"lazy\" width=\"1200\" height=\"800\" data-id=\"50897\"  data-src=\"https:\/\/www.creilsudoise-tourisme.fr\/wp-content\/uploads\/2023\/11\/tournage-abbatiale-nef-egilse-gothique-1200x800.jpg\" alt=\"\" class=\"wp-image-50897\" data-srcset=\"https:\/\/www.creilsudoise-tourisme.fr\/wp-content\/uploads\/2023\/11\/tournage-abbatiale-nef-egilse-gothique-1200x800.jpg 1200w, https:\/\/www.creilsudoise-tourisme.fr\/wp-content\/uploads\/2023\/11\/tournage-abbatiale-nef-egilse-gothique-600x400.jpg 600w, https:\/\/www.creilsudoise-tourisme.fr\/wp-content\/uploads\/2023\/11\/tournage-abbatiale-nef-egilse-gothique-900x600.jpg 900w, https:\/\/www.creilsudoise-tourisme.fr\/wp-content\/uploads\/2023\/11\/tournage-abbatiale-nef-egilse-gothique-18x12.jpg 18w, https:\/\/www.creilsudoise-tourisme.fr\/wp-content\/uploads\/2023\/11\/tournage-abbatiale-nef-egilse-gothique-200x133.jpg 200w, https:\/\/www.creilsudoise-tourisme.fr\/wp-content\/uploads\/2023\/11\/tournage-abbatiale-nef-egilse-gothique-650x433.jpg 650w, https:\/\/www.creilsudoise-tourisme.fr\/wp-content\/uploads\/2023\/11\/tournage-abbatiale-nef-egilse-gothique-387x258.jpg 387w, https:\/\/www.creilsudoise-tourisme.fr\/wp-content\/uploads\/2023\/11\/tournage-abbatiale-nef-egilse-gothique.jpg 1480w\" sizes=\"(max-width: 1200px) 100vw, 1200px\" \/><\/figure>\n\n\n\n<figure class=\"wp-block-image size-large\"><img decoding=\"async\" data-id=\"930\"  data-src=\"https:\/\/www.creilsudoise-tourisme.fr\/wp-content\/uploads\/wpetourisme\/Eglise-Saint-Medard-Creil--19--934x1200.jpg\" alt=\"\" class=\"wp-image-930\"\/><\/figure>\n\n\n\n<figure class=\"wp-block-image size-large\"><img decoding=\"async\" data-id=\"931\"  data-src=\"https:\/\/www.creilsudoise-tourisme.fr\/wp-content\/uploads\/wpetourisme\/Eglise-Saint-Medard-Creil--24--796x1200.jpg\" alt=\"\" class=\"wp-image-931\"\/><\/figure>\n<\/figure>\n\n\n\n<p>ERP Type: V  <\/p>\n\n\n\n<h3>Categorie<\/h3>\n\n\n\n<p>Categorie 4<\/p>\n\n\n\n<p>Parochiekerk.<\/p>\n\n\n<div class=\"wp-block wp-block-highlight\">\n            <h3 class=\"wp-block-highlight-item wp-block-highlight-title\">Situatie<\/h3>\n                <p class=\"wp-block-highlight-item wp-block-highlight-excerpt\">Plaats: 60100 Creil <br>Provincie : Oise<br>Regio: Hauts-de-France<\/p>\n    <\/div>\n\n\n<h3>Algemene presentatie<\/h3>\n\n\n\n<p>De kerk Saint-M\u00e9dard is het resultaat van een verbazingwekkende juxtapositie van verschillende architecturale stijlen en periodes. Ze werd gebouwd op de ru\u00efnes van een Romaanse kerk, naast de middeleeuwse stadsmuren.<\/p>\n\n\n\n<h4><strong>\u00c9<\/strong>Locatie <\/h4>\n\n\n\n<p>In redelijk goede staat.<\/p>\n\n\n\n<h4>Geschiedenis van de site <\/h4>\n\n\n\n<p>De oudste delen die vandaag bewaard zijn gebleven dateren van rond 1200. De kerk van Saint-M\u00e9dard werd in de Middeleeuwen meerdere keren uitgebreid, leed onder de Honderdjarige Oorlog en werd in de 20e eeuw herbouwd.<sup>e<\/sup> De kerk werd herbouwd in de 16e eeuw na de Eerste en Tweede Wereldoorlog, wat de aanwezigheid van gebrandschilderde ramen uit de wederopbouwperiode verklaart. De 49 meter hoge klokkentoren werd gebouwd in de 16e eeuw.<sup>e<\/sup> eeuw.<\/p>\n\n\n\n<h4>Bouwperiode<\/h4>\n\n\n\n<p>Tussen de 12e en 12e eeuw.<\/p>\n\n\n\n<h4>Dominante stijl<\/h4>\n\n\n\n<p>Gotisch.<\/p>\n\n\n\n<h4>Bijzondere stijlen <\/h4>\n\n\n\n<p>Gedekt.<\/p>\n\n\n\n<h4><strong>\u00c9<\/strong>opmerkelijke architecturale kenmerken <\/h4>\n\n\n\n<p>Middeleeuwse gewelven, driehoekige plattegrond, middeleeuwse omringende muur.<\/p>\n\n\n\n<h4>Materialen <\/h4>\n\n\n\n<p>Steen, glas, hout, zink, tegels, metaal.<\/p>\n\n\n\n<h4>Technische gegevens <\/h4>\n\n\n\n<p>X Stroomvoorziening X Parkeren \u25a1 Toegang voor vrachtwagens \u25a1 Kleedkamers&nbsp;&nbsp;&nbsp;&nbsp;&nbsp;&nbsp;&nbsp;&nbsp;&nbsp;&nbsp;&nbsp;&nbsp; &nbsp;<\/p>\n\n\n\n<p>X Toiletten   <\/p>\n\n\n\n<p>Andere: oppervlakte van ongeveer 800 m\u00b2.<\/p>\n\n\n\n<h4>Speciale functies<\/h4>\n\n\n\n<p>Plaats.<\/p>\n\n\n\n<p>Altaarstuk uit 18<sup>e<\/sup> eeuw, bas-reli\u00ebfs en grafplaten uit de 16e eeuw.<sup>e<\/sup> eeuw.<\/p>\n\n\n\n<hr class=\"wp-block-separator has-alpha-channel-opacity\"\/>","protected":false},"excerpt":{"rendered":"<p>De kerk Saint-M\u00e9dard is voornamelijk gebouwd in de middeleeuwen, tussen de 13e en 15e eeuw, en is een van de pareltjes van het erfgoed van Creil. Ze wordt al sinds haar ontstaan gebruikt voor katholieke erediensten en behoort sinds de wet van 9 december 1905 over de scheiding van kerk en staat toe aan de stad Creil. ERP Type: V [...]<\/p>","protected":false},"author":12,"featured_media":0,"parent":50622,"menu_order":4,"comment_status":"closed","ping_status":"closed","template":"","meta":{"_relevanssi_hide_post":"","_relevanssi_hide_content":"","_relevanssi_pin_for_all":"","_relevanssi_pin_keywords":"","_relevanssi_unpin_keywords":"","_relevanssi_related_keywords":"","_relevanssi_related_include_ids":"","_relevanssi_related_exclude_ids":"","_relevanssi_related_no_append":"","_relevanssi_related_not_related":"","_relevanssi_related_posts":"38921,40150,43606,39785,42107,39133","_relevanssi_noindex_reason":""},"yoast_head":"<!-- This site is optimized with the Yoast SEO plugin v20.2.1 - https:\/\/yoast.com\/wordpress\/plugins\/seo\/ -->\n<title>Eglise Saint-M\u00e9dard<\/title>\n<meta name=\"description\" content=\"Voici la fiche technique du d\u00e9cor b\u00e2ti dans une \u00e9glise gothique du 12\u00e8me et 13\u00e8me si\u00e8cle, L&#039;Eglise Saint-M\u00e9dard de Creil \u00e0 60km de Paris.\" \/>\n<meta name=\"robots\" content=\"index, follow, max-snippet:-1, max-image-preview:large, max-video-preview:-1\" \/>\n<link rel=\"canonical\" href=\"https:\/\/www.creilsudoise-tourisme.fr\/nl\/i-search\/schieten\/decors-batis\/draaikerk-gotisch\/\" \/>\n<meta property=\"og:locale\" content=\"nl_NL\" \/>\n<meta property=\"og:type\" content=\"article\" \/>\n<meta property=\"og:title\" content=\"Eglise Saint-M\u00e9dard\" \/>\n<meta property=\"og:description\" content=\"Voici la fiche technique du d\u00e9cor b\u00e2ti dans une \u00e9glise gothique du 12\u00e8me et 13\u00e8me si\u00e8cle, L&#039;Eglise Saint-M\u00e9dard de Creil \u00e0 60km de Paris.\" \/>\n<meta property=\"og:url\" content=\"https:\/\/www.creilsudoise-tourisme.fr\/nl\/i-search\/schieten\/decors-batis\/draaikerk-gotisch\/\" \/>\n<meta property=\"og:site_name\" content=\"Office de Tourisme Creil Sud Oise\" \/>\n<meta property=\"article:publisher\" content=\"https:\/\/www.facebook.com\/creilsudoisetourisme\/\" \/>\n<meta property=\"article:modified_time\" content=\"2024-02-21T14:37:48+00:00\" \/>\n<meta property=\"og:image\" content=\"https:\/\/www.creilsudoise-tourisme.fr\/wp-content\/uploads\/wpetourisme\/Eglise-Saint-Medard-Creil--9--scaled.jpg\" \/>\n\t<meta property=\"og:image:width\" content=\"1600\" \/>\n\t<meta property=\"og:image:height\" content=\"1063\" \/>\n\t<meta property=\"og:image:type\" content=\"image\/jpeg\" \/>\n<meta name=\"twitter:card\" content=\"summary_large_image\" \/>\n<meta name=\"twitter:site\" content=\"@CreilSudOiseOT\" \/>\n<meta name=\"twitter:label1\" content=\"Geschatte leestijd\" \/>\n\t<meta name=\"twitter:data1\" content=\"2 minuten\" \/>\n<script type=\"application\/ld+json\" class=\"yoast-schema-graph\">{\"@context\":\"https:\/\/schema.org\",\"@graph\":[{\"@type\":\"WebPage\",\"@id\":\"https:\/\/www.creilsudoise-tourisme.fr\/je-cherche\/tournage\/decors-batis\/tournage-eglise-gothique\/\",\"url\":\"https:\/\/www.creilsudoise-tourisme.fr\/je-cherche\/tournage\/decors-batis\/tournage-eglise-gothique\/\",\"name\":\"Eglise Saint-M\u00e9dard\",\"isPartOf\":{\"@id\":\"https:\/\/www.creilsudoise-tourisme.fr\/#website\"},\"datePublished\":\"2024-02-06T13:35:44+00:00\",\"dateModified\":\"2024-02-21T14:37:48+00:00\",\"description\":\"Voici la fiche technique du d\u00e9cor b\u00e2ti dans une \u00e9glise gothique du 12\u00e8me et 13\u00e8me si\u00e8cle, L'Eglise Saint-M\u00e9dard de Creil \u00e0 60km de Paris.\",\"breadcrumb\":{\"@id\":\"https:\/\/www.creilsudoise-tourisme.fr\/je-cherche\/tournage\/decors-batis\/tournage-eglise-gothique\/#breadcrumb\"},\"inLanguage\":\"nl\",\"potentialAction\":[{\"@type\":\"ReadAction\",\"target\":[\"https:\/\/www.creilsudoise-tourisme.fr\/je-cherche\/tournage\/decors-batis\/tournage-eglise-gothique\/\"]}]},{\"@type\":\"BreadcrumbList\",\"@id\":\"https:\/\/www.creilsudoise-tourisme.fr\/je-cherche\/tournage\/decors-batis\/tournage-eglise-gothique\/#breadcrumb\",\"itemListElement\":[{\"@type\":\"ListItem\",\"position\":1,\"name\":\"Accueil\",\"item\":\"https:\/\/www.creilsudoise-tourisme.fr\/\"},{\"@type\":\"ListItem\",\"position\":2,\"name\":\"Je cherche\",\"item\":\"https:\/\/www.creilsudoise-tourisme.fr\/je-cherche\/\"},{\"@type\":\"ListItem\",\"position\":3,\"name\":\"Un lieu de tournage\",\"item\":\"https:\/\/www.creilsudoise-tourisme.fr\/je-cherche\/tournage\/\"},{\"@type\":\"ListItem\",\"position\":4,\"name\":\"D\u00e9cors b\u00e2tis\",\"item\":\"https:\/\/www.creilsudoise-tourisme.fr\/je-cherche\/tournage\/decors-batis\/\"},{\"@type\":\"ListItem\",\"position\":5,\"name\":\"Eglise Saint-M\u00e9dard\"}]},{\"@type\":\"WebSite\",\"@id\":\"https:\/\/www.creilsudoise-tourisme.fr\/#website\",\"url\":\"https:\/\/www.creilsudoise-tourisme.fr\/\",\"name\":\"Office de Tourisme Creil Sud Oise\",\"description\":\"Creil Sud Oise Tourisme, un territoire \u00e0 explorer !\",\"publisher\":{\"@id\":\"https:\/\/www.creilsudoise-tourisme.fr\/#organization\"},\"potentialAction\":[{\"@type\":\"SearchAction\",\"target\":{\"@type\":\"EntryPoint\",\"urlTemplate\":\"https:\/\/www.creilsudoise-tourisme.fr\/?s={search_term_string}\"},\"query-input\":\"required name=search_term_string\"}],\"inLanguage\":\"nl\"},{\"@type\":\"Organization\",\"@id\":\"https:\/\/www.creilsudoise-tourisme.fr\/#organization\",\"name\":\"Creil Sud Oise Tourisme\",\"url\":\"https:\/\/www.creilsudoise-tourisme.fr\/\",\"logo\":{\"@type\":\"ImageObject\",\"inLanguage\":\"nl\",\"@id\":\"https:\/\/www.creilsudoise-tourisme.fr\/#\/schema\/logo\/image\/\",\"url\":\"https:\/\/www.creilsudoise-tourisme.fr\/wp-content\/uploads\/2021\/05\/logo-svg.png\",\"contentUrl\":\"https:\/\/www.creilsudoise-tourisme.fr\/wp-content\/uploads\/2021\/05\/logo-svg.png\",\"width\":182,\"height\":71,\"caption\":\"Creil Sud Oise Tourisme\"},\"image\":{\"@id\":\"https:\/\/www.creilsudoise-tourisme.fr\/#\/schema\/logo\/image\/\"},\"sameAs\":[\"https:\/\/www.facebook.com\/creilsudoisetourisme\/\",\"https:\/\/twitter.com\/CreilSudOiseOT\",\"https:\/\/www.instagram.com\/creilsudoisetourisme\/\",\"https:\/\/www.youtube.com\/channel\/UC8L_QD2wwyADW14zt9fY8kw\"]}]}<\/script>\n<!-- \/ Yoast SEO plugin. -->","yoast_head_json":{"title":"Eglise Saint-M\u00e9dard","description":"Voici la fiche technique du d\u00e9cor b\u00e2ti dans une \u00e9glise gothique du 12\u00e8me et 13\u00e8me si\u00e8cle, L'Eglise Saint-M\u00e9dard de Creil \u00e0 60km de Paris.","robots":{"index":"index","follow":"follow","max-snippet":"max-snippet:-1","max-image-preview":"max-image-preview:large","max-video-preview":"max-video-preview:-1"},"canonical":"https:\/\/www.creilsudoise-tourisme.fr\/nl\/i-search\/schieten\/decors-batis\/draaikerk-gotisch\/","og_locale":"nl_NL","og_type":"article","og_title":"Eglise Saint-M\u00e9dard","og_description":"Voici la fiche technique du d\u00e9cor b\u00e2ti dans une \u00e9glise gothique du 12\u00e8me et 13\u00e8me si\u00e8cle, L'Eglise Saint-M\u00e9dard de Creil \u00e0 60km de Paris.","og_url":"https:\/\/www.creilsudoise-tourisme.fr\/nl\/i-search\/schieten\/decors-batis\/draaikerk-gotisch\/","og_site_name":"Office de Tourisme Creil Sud Oise","article_publisher":"https:\/\/www.facebook.com\/creilsudoisetourisme\/","article_modified_time":"2024-02-21T14:37:48+00:00","og_image":[{"width":1600,"height":1063,"url":"https:\/\/www.creilsudoise-tourisme.fr\/wp-content\/uploads\/wpetourisme\/Eglise-Saint-Medard-Creil--9--scaled.jpg","type":"image\/jpeg"}],"twitter_card":"summary_large_image","twitter_site":"@CreilSudOiseOT","twitter_misc":{"Geschatte leestijd":"2 minuten"},"schema":{"@context":"https:\/\/schema.org","@graph":[{"@type":"WebPage","@id":"https:\/\/www.creilsudoise-tourisme.fr\/je-cherche\/tournage\/decors-batis\/tournage-eglise-gothique\/","url":"https:\/\/www.creilsudoise-tourisme.fr\/je-cherche\/tournage\/decors-batis\/tournage-eglise-gothique\/","name":"Eglise Saint-M\u00e9dard","isPartOf":{"@id":"https:\/\/www.creilsudoise-tourisme.fr\/#website"},"datePublished":"2024-02-06T13:35:44+00:00","dateModified":"2024-02-21T14:37:48+00:00","description":"Voici la fiche technique du d\u00e9cor b\u00e2ti dans une \u00e9glise gothique du 12\u00e8me et 13\u00e8me si\u00e8cle, L'Eglise Saint-M\u00e9dard de Creil \u00e0 60km de Paris.","breadcrumb":{"@id":"https:\/\/www.creilsudoise-tourisme.fr\/je-cherche\/tournage\/decors-batis\/tournage-eglise-gothique\/#breadcrumb"},"inLanguage":"nl","potentialAction":[{"@type":"ReadAction","target":["https:\/\/www.creilsudoise-tourisme.fr\/je-cherche\/tournage\/decors-batis\/tournage-eglise-gothique\/"]}]},{"@type":"BreadcrumbList","@id":"https:\/\/www.creilsudoise-tourisme.fr\/je-cherche\/tournage\/decors-batis\/tournage-eglise-gothique\/#breadcrumb","itemListElement":[{"@type":"ListItem","position":1,"name":"Accueil","item":"https:\/\/www.creilsudoise-tourisme.fr\/"},{"@type":"ListItem","position":2,"name":"Je cherche","item":"https:\/\/www.creilsudoise-tourisme.fr\/je-cherche\/"},{"@type":"ListItem","position":3,"name":"Un lieu de tournage","item":"https:\/\/www.creilsudoise-tourisme.fr\/je-cherche\/tournage\/"},{"@type":"ListItem","position":4,"name":"D\u00e9cors b\u00e2tis","item":"https:\/\/www.creilsudoise-tourisme.fr\/je-cherche\/tournage\/decors-batis\/"},{"@type":"ListItem","position":5,"name":"Eglise Saint-M\u00e9dard"}]},{"@type":"WebSite","@id":"https:\/\/www.creilsudoise-tourisme.fr\/#website","url":"https:\/\/www.creilsudoise-tourisme.fr\/","name":"Office de Tourisme Creil Sud Oise","description":"Creil Sud Oise Tourisme, un territoire \u00e0 explorer !","publisher":{"@id":"https:\/\/www.creilsudoise-tourisme.fr\/#organization"},"potentialAction":[{"@type":"SearchAction","target":{"@type":"EntryPoint","urlTemplate":"https:\/\/www.creilsudoise-tourisme.fr\/?s={search_term_string}"},"query-input":"required name=search_term_string"}],"inLanguage":"nl"},{"@type":"Organization","@id":"https:\/\/www.creilsudoise-tourisme.fr\/#organization","name":"Creil Sud Oise Tourisme","url":"https:\/\/www.creilsudoise-tourisme.fr\/","logo":{"@type":"ImageObject","inLanguage":"nl","@id":"https:\/\/www.creilsudoise-tourisme.fr\/#\/schema\/logo\/image\/","url":"https:\/\/www.creilsudoise-tourisme.fr\/wp-content\/uploads\/2021\/05\/logo-svg.png","contentUrl":"https:\/\/www.creilsudoise-tourisme.fr\/wp-content\/uploads\/2021\/05\/logo-svg.png","width":182,"height":71,"caption":"Creil Sud Oise Tourisme"},"image":{"@id":"https:\/\/www.creilsudoise-tourisme.fr\/#\/schema\/logo\/image\/"},"sameAs":["https:\/\/www.facebook.com\/creilsudoisetourisme\/","https:\/\/twitter.com\/CreilSudOiseOT","https:\/\/www.instagram.com\/creilsudoisetourisme\/","https:\/\/www.youtube.com\/channel\/UC8L_QD2wwyADW14zt9fY8kw"]}]}},"_links":{"self":[{"href":"https:\/\/www.creilsudoise-tourisme.fr\/nl\/wp-json\/wp\/v2\/pages\/51558"}],"collection":[{"href":"https:\/\/www.creilsudoise-tourisme.fr\/nl\/wp-json\/wp\/v2\/pages"}],"about":[{"href":"https:\/\/www.creilsudoise-tourisme.fr\/nl\/wp-json\/wp\/v2\/types\/page"}],"author":[{"embeddable":true,"href":"https:\/\/www.creilsudoise-tourisme.fr\/nl\/wp-json\/wp\/v2\/users\/12"}],"replies":[{"embeddable":true,"href":"https:\/\/www.creilsudoise-tourisme.fr\/nl\/wp-json\/wp\/v2\/comments?post=51558"}],"version-history":[{"count":6,"href":"https:\/\/www.creilsudoise-tourisme.fr\/nl\/wp-json\/wp\/v2\/pages\/51558\/revisions"}],"predecessor-version":[{"id":52236,"href":"https:\/\/www.creilsudoise-tourisme.fr\/nl\/wp-json\/wp\/v2\/pages\/51558\/revisions\/52236"}],"up":[{"embeddable":true,"href":"https:\/\/www.creilsudoise-tourisme.fr\/nl\/wp-json\/wp\/v2\/pages\/50622"}],"wp:attachment":[{"href":"https:\/\/www.creilsudoise-tourisme.fr\/nl\/wp-json\/wp\/v2\/media?parent=51558"}],"curies":[{"name":"wp","href":"https:\/\/api.w.org\/{rel}","templated":true}]}}