{"id":51555,"date":"2024-02-06T14:35:52","date_gmt":"2024-02-06T13:35:52","guid":{"rendered":"https:\/\/www.creilsudoise-tourisme.fr\/?page_id=51555"},"modified":"2024-02-19T16:28:19","modified_gmt":"2024-02-19T15:28:19","slug":"tournage-salle-aux-poutres","status":"publish","type":"page","link":"https:\/\/www.creilsudoise-tourisme.fr\/nl\/i-search\/schieten\/decors-batis\/tournage-salle-aux-poutres\/","title":{"rendered":"De Salle aux Poutres"},"content":{"rendered":"<p>Deze kamer is halfopen, overdekt, met een ongewoon decor. Hij bestaat uit een natuurlijke muur en<br>industri\u00eble elementen (metalen balken).<\/p>\n\n\n\n<h2> <\/h2>\n\n\n\n<figure class=\"is-layout-flex wp-block-gallery-1 wp-block-gallery has-nested-images columns-2 is-cropped\">\n<figure class=\"wp-block-image size-full\"><img decoding=\"async\" loading=\"lazy\" width=\"1110\" height=\"740\" data-id=\"51833\"  data-src=\"https:\/\/www.creilsudoise-tourisme.fr\/wp-content\/uploads\/2024\/01\/Maison_Pierre-Saint_Maximin-Galerie_Front_Taille-Comdesimages_B_Teissedre_Oise_Tourisme-21.jpg\" alt=\"La salle aux poutres de Taille cinema tournage sud Oise paris filmsets\" class=\"wp-image-51833\" data-srcset=\"https:\/\/www.creilsudoise-tourisme.fr\/wp-content\/uploads\/2024\/01\/Maison_Pierre-Saint_Maximin-Galerie_Front_Taille-Comdesimages_B_Teissedre_Oise_Tourisme-21.jpg 1110w, https:\/\/www.creilsudoise-tourisme.fr\/wp-content\/uploads\/2024\/01\/Maison_Pierre-Saint_Maximin-Galerie_Front_Taille-Comdesimages_B_Teissedre_Oise_Tourisme-21-600x400.jpg 600w, https:\/\/www.creilsudoise-tourisme.fr\/wp-content\/uploads\/2024\/01\/Maison_Pierre-Saint_Maximin-Galerie_Front_Taille-Comdesimages_B_Teissedre_Oise_Tourisme-21-900x600.jpg 900w, https:\/\/www.creilsudoise-tourisme.fr\/wp-content\/uploads\/2024\/01\/Maison_Pierre-Saint_Maximin-Galerie_Front_Taille-Comdesimages_B_Teissedre_Oise_Tourisme-21-18x12.jpg 18w, https:\/\/www.creilsudoise-tourisme.fr\/wp-content\/uploads\/2024\/01\/Maison_Pierre-Saint_Maximin-Galerie_Front_Taille-Comdesimages_B_Teissedre_Oise_Tourisme-21-200x133.jpg 200w, https:\/\/www.creilsudoise-tourisme.fr\/wp-content\/uploads\/2024\/01\/Maison_Pierre-Saint_Maximin-Galerie_Front_Taille-Comdesimages_B_Teissedre_Oise_Tourisme-21-650x433.jpg 650w, https:\/\/www.creilsudoise-tourisme.fr\/wp-content\/uploads\/2024\/01\/Maison_Pierre-Saint_Maximin-Galerie_Front_Taille-Comdesimages_B_Teissedre_Oise_Tourisme-21-387x258.jpg 387w\" sizes=\"(max-width: 1110px) 100vw, 1110px\" \/><figcaption class=\"wp-element-caption\">Creil Sud Oise Toerisme - Nouara Lebachiche<\/figcaption><\/figure>\n\n\n\n<figure class=\"wp-block-image size-full\"><img decoding=\"async\" loading=\"lazy\" width=\"1110\" height=\"740\" data-id=\"51837\"  data-src=\"https:\/\/www.creilsudoise-tourisme.fr\/wp-content\/uploads\/2024\/01\/Maison_Pierre-Saint_Maximin-Galerie_Front_Taille-Comdesimages_B_Teissedre_Oise_Tourisme-23.jpg\" alt=\"La salle aux poutres de Taille cinema tournage sud Oise paris filmsets\" class=\"wp-image-51837\" data-srcset=\"https:\/\/www.creilsudoise-tourisme.fr\/wp-content\/uploads\/2024\/01\/Maison_Pierre-Saint_Maximin-Galerie_Front_Taille-Comdesimages_B_Teissedre_Oise_Tourisme-23.jpg 1110w, https:\/\/www.creilsudoise-tourisme.fr\/wp-content\/uploads\/2024\/01\/Maison_Pierre-Saint_Maximin-Galerie_Front_Taille-Comdesimages_B_Teissedre_Oise_Tourisme-23-600x400.jpg 600w, https:\/\/www.creilsudoise-tourisme.fr\/wp-content\/uploads\/2024\/01\/Maison_Pierre-Saint_Maximin-Galerie_Front_Taille-Comdesimages_B_Teissedre_Oise_Tourisme-23-900x600.jpg 900w, https:\/\/www.creilsudoise-tourisme.fr\/wp-content\/uploads\/2024\/01\/Maison_Pierre-Saint_Maximin-Galerie_Front_Taille-Comdesimages_B_Teissedre_Oise_Tourisme-23-18x12.jpg 18w, https:\/\/www.creilsudoise-tourisme.fr\/wp-content\/uploads\/2024\/01\/Maison_Pierre-Saint_Maximin-Galerie_Front_Taille-Comdesimages_B_Teissedre_Oise_Tourisme-23-200x133.jpg 200w, https:\/\/www.creilsudoise-tourisme.fr\/wp-content\/uploads\/2024\/01\/Maison_Pierre-Saint_Maximin-Galerie_Front_Taille-Comdesimages_B_Teissedre_Oise_Tourisme-23-650x433.jpg 650w, https:\/\/www.creilsudoise-tourisme.fr\/wp-content\/uploads\/2024\/01\/Maison_Pierre-Saint_Maximin-Galerie_Front_Taille-Comdesimages_B_Teissedre_Oise_Tourisme-23-387x258.jpg 387w\" sizes=\"(max-width: 1110px) 100vw, 1110px\" \/><figcaption class=\"wp-element-caption\">Creil Sud Oise Toerisme - Nouara Lebachiche<\/figcaption><\/figure>\n\n\n\n<figure class=\"wp-block-image size-large\"><img decoding=\"async\" loading=\"lazy\" width=\"1110\" height=\"740\" data-id=\"51901\"  data-src=\"https:\/\/www.creilsudoise-tourisme.fr\/wp-content\/uploads\/2024\/02\/Maison_Pierre-Saint_Maximin-Smellinckx_Oise_Tourisme-10.jpg\" alt=\"\" class=\"wp-image-51901\" data-srcset=\"https:\/\/www.creilsudoise-tourisme.fr\/wp-content\/uploads\/2024\/02\/Maison_Pierre-Saint_Maximin-Smellinckx_Oise_Tourisme-10.jpg 1110w, https:\/\/www.creilsudoise-tourisme.fr\/wp-content\/uploads\/2024\/02\/Maison_Pierre-Saint_Maximin-Smellinckx_Oise_Tourisme-10-600x400.jpg 600w, https:\/\/www.creilsudoise-tourisme.fr\/wp-content\/uploads\/2024\/02\/Maison_Pierre-Saint_Maximin-Smellinckx_Oise_Tourisme-10-900x600.jpg 900w, https:\/\/www.creilsudoise-tourisme.fr\/wp-content\/uploads\/2024\/02\/Maison_Pierre-Saint_Maximin-Smellinckx_Oise_Tourisme-10-18x12.jpg 18w, https:\/\/www.creilsudoise-tourisme.fr\/wp-content\/uploads\/2024\/02\/Maison_Pierre-Saint_Maximin-Smellinckx_Oise_Tourisme-10-200x133.jpg 200w, https:\/\/www.creilsudoise-tourisme.fr\/wp-content\/uploads\/2024\/02\/Maison_Pierre-Saint_Maximin-Smellinckx_Oise_Tourisme-10-650x433.jpg 650w, https:\/\/www.creilsudoise-tourisme.fr\/wp-content\/uploads\/2024\/02\/Maison_Pierre-Saint_Maximin-Smellinckx_Oise_Tourisme-10-387x258.jpg 387w\" sizes=\"(max-width: 1110px) 100vw, 1110px\" \/><\/figure>\n<\/figure>\n\n\n\n<h3>Type<\/h3>\n\n\n\n<p>ERP V<\/p>\n\n\n\n<h3>Categorie<\/h3>\n\n\n\n<p><\/p>\n\n\n\n<h4>Milieu<\/h4>\n\n\n<div class=\"wp-block wp-block-highlight\">\n            <h3 class=\"wp-block-highlight-item wp-block-highlight-title\">Situatie<\/h3>\n                <p class=\"wp-block-highlight-item wp-block-highlight-excerpt\">Stad: 60740 Sint-Maximin <br>Provincie : Oise<br>Regio: Hauts-de-France<\/p>\n    <\/div>\n\n\n<h3>Algemene presentatie<\/h3>\n\n\n\n<p>Deze kamer is halfopen, overdekt, met een ongewoon decor. Hij bestaat uit een natuurlijke muur en<br>industri\u00eble elementen (metalen balken).<\/p>\n\n\n\n<h4><strong>\u00c9<\/strong>Locatie <\/h4>\n\n\n\n<p>Zeer goede staat.<\/p>\n\n\n\n<h4>Geschiedenis van de site <\/h4>\n\n\n\n<p>De bouw werd voltooid in 1930.<\/p>\n\n\n\n<h4>Bouwperiode<\/h4>\n\n\n\n<p>19e eeuw.<\/p>\n\n\n\n<h4>Dominante stijl<\/h4>\n\n\n\n<p>19e eeuw.<\/p>\n\n\n\n<h4>Bijzondere stijlen <\/h4>\n\n\n\n<p>Traditionele regionale architectuur. <\/p>\n\n\n\n<h4><strong>\u00c9<\/strong>opmerkelijke architecturale kenmerken <\/h4>\n\n\n\n<p>Workshop.<\/p>\n\n\n\n<h4>Materialen <\/h4>\n\n\n\n<p><\/p>\n\n\n\n<h4>Technische gegevens <\/h4>\n\n\n\n<p>Stroomvoorziening \u25a1 Parkeren \u25a1 Toegang vrachtwagens X dozen&nbsp;&nbsp;&nbsp;&nbsp;&nbsp;&nbsp;&nbsp;&nbsp;&nbsp;&nbsp;&nbsp;&nbsp; &nbsp;<\/p>\n\n\n\n<p>X Toiletten   <\/p>\n\n\n\n<h4>Speciale functies<\/h4>\n\n\n\n<p>Tuin, uitzicht op de Oise, priv\u00e9 binnenplaats<\/p>\n\n\n\n<p>Talrijke vitrines en kunstwerken (fragiel)<\/p>\n\n\n\n<hr class=\"wp-block-separator has-alpha-channel-opacity\"\/>","protected":false},"excerpt":{"rendered":"<p>Deze kamer is halfopen, overdekt, met een ongewoon decor. Hij bestaat uit een natuurlijke wand en industri\u00eble elementen (metalen balken). Type ERP V Categorie Milieu Algemene presentatie Deze ruimte is halfopen, overdekt, met een ongebruikelijk decor Het bestaat uit een natuurlijke muur en industri\u00eble elementen (metalen balken). Staat van het pand Zeer goede algemene staat. Geschiedenis van het pand Einde [...]<\/p>","protected":false},"author":12,"featured_media":51833,"parent":50622,"menu_order":2,"comment_status":"closed","ping_status":"closed","template":"","meta":{"_relevanssi_hide_post":"","_relevanssi_hide_content":"","_relevanssi_pin_for_all":"","_relevanssi_pin_keywords":"","_relevanssi_unpin_keywords":"","_relevanssi_related_keywords":"","_relevanssi_related_include_ids":"","_relevanssi_related_exclude_ids":"","_relevanssi_related_no_append":"","_relevanssi_related_not_related":"","_relevanssi_related_posts":"38921,40150,43606,39785,42107,39133","_relevanssi_noindex_reason":""},"yoast_head":"<!-- This site is optimized with the Yoast SEO plugin v20.2.1 - https:\/\/yoast.com\/wordpress\/plugins\/seo\/ -->\n<title>La Salle aux poutres<\/title>\n<meta name=\"description\" content=\"Voici la fiche technique du d\u00e9cor b\u00e2ti de la Salle au Poutres de la Maison de la Fa\u00efence de Saint- Maximin \u00e0 60km de Paris.\" \/>\n<meta name=\"robots\" content=\"index, follow, max-snippet:-1, max-image-preview:large, max-video-preview:-1\" \/>\n<link rel=\"canonical\" href=\"https:\/\/www.creilsudoise-tourisme.fr\/nl\/i-search\/schieten\/decors-batis\/tournage-salle-aux-poutres\/\" \/>\n<meta property=\"og:locale\" content=\"nl_NL\" \/>\n<meta property=\"og:type\" content=\"article\" \/>\n<meta property=\"og:title\" content=\"La Salle aux poutres\" \/>\n<meta property=\"og:description\" content=\"Voici la fiche technique du d\u00e9cor b\u00e2ti de la Salle au Poutres de la Maison de la Fa\u00efence de Saint- Maximin \u00e0 60km de Paris.\" \/>\n<meta property=\"og:url\" content=\"https:\/\/www.creilsudoise-tourisme.fr\/nl\/i-search\/schieten\/decors-batis\/tournage-salle-aux-poutres\/\" \/>\n<meta property=\"og:site_name\" content=\"Office de Tourisme Creil Sud Oise\" \/>\n<meta property=\"article:publisher\" content=\"https:\/\/www.facebook.com\/creilsudoisetourisme\/\" \/>\n<meta property=\"article:modified_time\" content=\"2024-02-19T15:28:19+00:00\" \/>\n<meta property=\"og:image\" content=\"https:\/\/www.creilsudoise-tourisme.fr\/wp-content\/uploads\/2024\/01\/Maison_Pierre-Saint_Maximin-Galerie_Front_Taille-Comdesimages_B_Teissedre_Oise_Tourisme-21.jpg\" \/>\n\t<meta property=\"og:image:width\" content=\"1110\" \/>\n\t<meta property=\"og:image:height\" content=\"740\" \/>\n\t<meta property=\"og:image:type\" content=\"image\/jpeg\" \/>\n<meta name=\"twitter:card\" content=\"summary_large_image\" \/>\n<meta name=\"twitter:site\" content=\"@CreilSudOiseOT\" \/>\n<meta name=\"twitter:label1\" content=\"Geschatte leestijd\" \/>\n\t<meta name=\"twitter:data1\" content=\"1 minuut\" \/>\n<script type=\"application\/ld+json\" class=\"yoast-schema-graph\">{\"@context\":\"https:\/\/schema.org\",\"@graph\":[{\"@type\":\"WebPage\",\"@id\":\"https:\/\/www.creilsudoise-tourisme.fr\/je-cherche\/tournage\/decors-batis\/tournage-salle-aux-poutres\/\",\"url\":\"https:\/\/www.creilsudoise-tourisme.fr\/je-cherche\/tournage\/decors-batis\/tournage-salle-aux-poutres\/\",\"name\":\"La Salle aux poutres\",\"isPartOf\":{\"@id\":\"https:\/\/www.creilsudoise-tourisme.fr\/#website\"},\"datePublished\":\"2024-02-06T13:35:52+00:00\",\"dateModified\":\"2024-02-19T15:28:19+00:00\",\"description\":\"Voici la fiche technique du d\u00e9cor b\u00e2ti de la Salle au Poutres de la Maison de la Fa\u00efence de Saint- Maximin \u00e0 60km de Paris.\",\"breadcrumb\":{\"@id\":\"https:\/\/www.creilsudoise-tourisme.fr\/je-cherche\/tournage\/decors-batis\/tournage-salle-aux-poutres\/#breadcrumb\"},\"inLanguage\":\"nl\",\"potentialAction\":[{\"@type\":\"ReadAction\",\"target\":[\"https:\/\/www.creilsudoise-tourisme.fr\/je-cherche\/tournage\/decors-batis\/tournage-salle-aux-poutres\/\"]}]},{\"@type\":\"BreadcrumbList\",\"@id\":\"https:\/\/www.creilsudoise-tourisme.fr\/je-cherche\/tournage\/decors-batis\/tournage-salle-aux-poutres\/#breadcrumb\",\"itemListElement\":[{\"@type\":\"ListItem\",\"position\":1,\"name\":\"Accueil\",\"item\":\"https:\/\/www.creilsudoise-tourisme.fr\/\"},{\"@type\":\"ListItem\",\"position\":2,\"name\":\"Je cherche\",\"item\":\"https:\/\/www.creilsudoise-tourisme.fr\/je-cherche\/\"},{\"@type\":\"ListItem\",\"position\":3,\"name\":\"Un lieu de tournage\",\"item\":\"https:\/\/www.creilsudoise-tourisme.fr\/je-cherche\/tournage\/\"},{\"@type\":\"ListItem\",\"position\":4,\"name\":\"D\u00e9cors b\u00e2tis\",\"item\":\"https:\/\/www.creilsudoise-tourisme.fr\/je-cherche\/tournage\/decors-batis\/\"},{\"@type\":\"ListItem\",\"position\":5,\"name\":\"La salle aux Poutres\"}]},{\"@type\":\"WebSite\",\"@id\":\"https:\/\/www.creilsudoise-tourisme.fr\/#website\",\"url\":\"https:\/\/www.creilsudoise-tourisme.fr\/\",\"name\":\"Office de Tourisme Creil Sud Oise\",\"description\":\"Creil Sud Oise Tourisme, un territoire \u00e0 explorer !\",\"publisher\":{\"@id\":\"https:\/\/www.creilsudoise-tourisme.fr\/#organization\"},\"potentialAction\":[{\"@type\":\"SearchAction\",\"target\":{\"@type\":\"EntryPoint\",\"urlTemplate\":\"https:\/\/www.creilsudoise-tourisme.fr\/?s={search_term_string}\"},\"query-input\":\"required name=search_term_string\"}],\"inLanguage\":\"nl\"},{\"@type\":\"Organization\",\"@id\":\"https:\/\/www.creilsudoise-tourisme.fr\/#organization\",\"name\":\"Creil Sud Oise Tourisme\",\"url\":\"https:\/\/www.creilsudoise-tourisme.fr\/\",\"logo\":{\"@type\":\"ImageObject\",\"inLanguage\":\"nl\",\"@id\":\"https:\/\/www.creilsudoise-tourisme.fr\/#\/schema\/logo\/image\/\",\"url\":\"https:\/\/www.creilsudoise-tourisme.fr\/wp-content\/uploads\/2021\/05\/logo-svg.png\",\"contentUrl\":\"https:\/\/www.creilsudoise-tourisme.fr\/wp-content\/uploads\/2021\/05\/logo-svg.png\",\"width\":182,\"height\":71,\"caption\":\"Creil Sud Oise Tourisme\"},\"image\":{\"@id\":\"https:\/\/www.creilsudoise-tourisme.fr\/#\/schema\/logo\/image\/\"},\"sameAs\":[\"https:\/\/www.facebook.com\/creilsudoisetourisme\/\",\"https:\/\/twitter.com\/CreilSudOiseOT\",\"https:\/\/www.instagram.com\/creilsudoisetourisme\/\",\"https:\/\/www.youtube.com\/channel\/UC8L_QD2wwyADW14zt9fY8kw\"]}]}<\/script>\n<!-- \/ Yoast SEO plugin. -->","yoast_head_json":{"title":"La Salle aux poutres","description":"Voici la fiche technique du d\u00e9cor b\u00e2ti de la Salle au Poutres de la Maison de la Fa\u00efence de Saint- Maximin \u00e0 60km de Paris.","robots":{"index":"index","follow":"follow","max-snippet":"max-snippet:-1","max-image-preview":"max-image-preview:large","max-video-preview":"max-video-preview:-1"},"canonical":"https:\/\/www.creilsudoise-tourisme.fr\/nl\/i-search\/schieten\/decors-batis\/tournage-salle-aux-poutres\/","og_locale":"nl_NL","og_type":"article","og_title":"La Salle aux poutres","og_description":"Voici la fiche technique du d\u00e9cor b\u00e2ti de la Salle au Poutres de la Maison de la Fa\u00efence de Saint- Maximin \u00e0 60km de Paris.","og_url":"https:\/\/www.creilsudoise-tourisme.fr\/nl\/i-search\/schieten\/decors-batis\/tournage-salle-aux-poutres\/","og_site_name":"Office de Tourisme Creil Sud Oise","article_publisher":"https:\/\/www.facebook.com\/creilsudoisetourisme\/","article_modified_time":"2024-02-19T15:28:19+00:00","og_image":[{"width":1110,"height":740,"url":"https:\/\/www.creilsudoise-tourisme.fr\/wp-content\/uploads\/2024\/01\/Maison_Pierre-Saint_Maximin-Galerie_Front_Taille-Comdesimages_B_Teissedre_Oise_Tourisme-21.jpg","type":"image\/jpeg"}],"twitter_card":"summary_large_image","twitter_site":"@CreilSudOiseOT","twitter_misc":{"Geschatte leestijd":"1 minuut"},"schema":{"@context":"https:\/\/schema.org","@graph":[{"@type":"WebPage","@id":"https:\/\/www.creilsudoise-tourisme.fr\/je-cherche\/tournage\/decors-batis\/tournage-salle-aux-poutres\/","url":"https:\/\/www.creilsudoise-tourisme.fr\/je-cherche\/tournage\/decors-batis\/tournage-salle-aux-poutres\/","name":"La Salle aux poutres","isPartOf":{"@id":"https:\/\/www.creilsudoise-tourisme.fr\/#website"},"datePublished":"2024-02-06T13:35:52+00:00","dateModified":"2024-02-19T15:28:19+00:00","description":"Voici la fiche technique du d\u00e9cor b\u00e2ti de la Salle au Poutres de la Maison de la Fa\u00efence de Saint- Maximin \u00e0 60km de Paris.","breadcrumb":{"@id":"https:\/\/www.creilsudoise-tourisme.fr\/je-cherche\/tournage\/decors-batis\/tournage-salle-aux-poutres\/#breadcrumb"},"inLanguage":"nl","potentialAction":[{"@type":"ReadAction","target":["https:\/\/www.creilsudoise-tourisme.fr\/je-cherche\/tournage\/decors-batis\/tournage-salle-aux-poutres\/"]}]},{"@type":"BreadcrumbList","@id":"https:\/\/www.creilsudoise-tourisme.fr\/je-cherche\/tournage\/decors-batis\/tournage-salle-aux-poutres\/#breadcrumb","itemListElement":[{"@type":"ListItem","position":1,"name":"Accueil","item":"https:\/\/www.creilsudoise-tourisme.fr\/"},{"@type":"ListItem","position":2,"name":"Je cherche","item":"https:\/\/www.creilsudoise-tourisme.fr\/je-cherche\/"},{"@type":"ListItem","position":3,"name":"Un lieu de tournage","item":"https:\/\/www.creilsudoise-tourisme.fr\/je-cherche\/tournage\/"},{"@type":"ListItem","position":4,"name":"D\u00e9cors b\u00e2tis","item":"https:\/\/www.creilsudoise-tourisme.fr\/je-cherche\/tournage\/decors-batis\/"},{"@type":"ListItem","position":5,"name":"La salle aux Poutres"}]},{"@type":"WebSite","@id":"https:\/\/www.creilsudoise-tourisme.fr\/#website","url":"https:\/\/www.creilsudoise-tourisme.fr\/","name":"Office de Tourisme Creil Sud Oise","description":"Creil Sud Oise Tourisme, un territoire \u00e0 explorer !","publisher":{"@id":"https:\/\/www.creilsudoise-tourisme.fr\/#organization"},"potentialAction":[{"@type":"SearchAction","target":{"@type":"EntryPoint","urlTemplate":"https:\/\/www.creilsudoise-tourisme.fr\/?s={search_term_string}"},"query-input":"required name=search_term_string"}],"inLanguage":"nl"},{"@type":"Organization","@id":"https:\/\/www.creilsudoise-tourisme.fr\/#organization","name":"Creil Sud Oise Tourisme","url":"https:\/\/www.creilsudoise-tourisme.fr\/","logo":{"@type":"ImageObject","inLanguage":"nl","@id":"https:\/\/www.creilsudoise-tourisme.fr\/#\/schema\/logo\/image\/","url":"https:\/\/www.creilsudoise-tourisme.fr\/wp-content\/uploads\/2021\/05\/logo-svg.png","contentUrl":"https:\/\/www.creilsudoise-tourisme.fr\/wp-content\/uploads\/2021\/05\/logo-svg.png","width":182,"height":71,"caption":"Creil Sud Oise Tourisme"},"image":{"@id":"https:\/\/www.creilsudoise-tourisme.fr\/#\/schema\/logo\/image\/"},"sameAs":["https:\/\/www.facebook.com\/creilsudoisetourisme\/","https:\/\/twitter.com\/CreilSudOiseOT","https:\/\/www.instagram.com\/creilsudoisetourisme\/","https:\/\/www.youtube.com\/channel\/UC8L_QD2wwyADW14zt9fY8kw"]}]}},"_links":{"self":[{"href":"https:\/\/www.creilsudoise-tourisme.fr\/nl\/wp-json\/wp\/v2\/pages\/51555"}],"collection":[{"href":"https:\/\/www.creilsudoise-tourisme.fr\/nl\/wp-json\/wp\/v2\/pages"}],"about":[{"href":"https:\/\/www.creilsudoise-tourisme.fr\/nl\/wp-json\/wp\/v2\/types\/page"}],"author":[{"embeddable":true,"href":"https:\/\/www.creilsudoise-tourisme.fr\/nl\/wp-json\/wp\/v2\/users\/12"}],"replies":[{"embeddable":true,"href":"https:\/\/www.creilsudoise-tourisme.fr\/nl\/wp-json\/wp\/v2\/comments?post=51555"}],"version-history":[{"count":29,"href":"https:\/\/www.creilsudoise-tourisme.fr\/nl\/wp-json\/wp\/v2\/pages\/51555\/revisions"}],"predecessor-version":[{"id":52243,"href":"https:\/\/www.creilsudoise-tourisme.fr\/nl\/wp-json\/wp\/v2\/pages\/51555\/revisions\/52243"}],"up":[{"embeddable":true,"href":"https:\/\/www.creilsudoise-tourisme.fr\/nl\/wp-json\/wp\/v2\/pages\/50622"}],"wp:featuredmedia":[{"embeddable":true,"href":"https:\/\/www.creilsudoise-tourisme.fr\/nl\/wp-json\/wp\/v2\/media\/51833"}],"wp:attachment":[{"href":"https:\/\/www.creilsudoise-tourisme.fr\/nl\/wp-json\/wp\/v2\/media?parent=51555"}],"curies":[{"name":"wp","href":"https:\/\/api.w.org\/{rel}","templated":true}]}}