{"id":50634,"date":"2024-02-06T14:35:21","date_gmt":"2024-02-06T13:35:21","guid":{"rendered":"https:\/\/www.creilsudoise-tourisme.fr\/?page_id=50634"},"modified":"2024-02-19T16:29:19","modified_gmt":"2024-02-19T15:29:19","slug":"decor-cave-banvin","status":"publish","type":"page","link":"https:\/\/www.creilsudoise-tourisme.fr\/nl\/i-search\/schieten\/decors-batis\/decor-grot-banvin\/","title":{"rendered":"Cave Banvin in Saint-Leu-d'Esserent"},"content":{"rendered":"<p class=\"is-style-excerpt\">Gewelfde middeleeuwse hal met ondergrondse kelder en terras.<\/p>\n\n\n\n<h2><strong>CAVE BANVIN (kloosterlandgoed)<\/strong><\/h2>\n\n\n\n<figure class=\"is-layout-flex wp-block-gallery-1 wp-block-gallery has-nested-images columns-default is-cropped\">\n<figure class=\"wp-block-image size-large\"><img decoding=\"async\" loading=\"lazy\" width=\"1200\" height=\"674\" data-id=\"51517\"  data-src=\"https:\/\/www.creilsudoise-tourisme.fr\/wp-content\/uploads\/2024\/01\/Cave-r-1200x674.jpg\" alt=\"trefwoorden voor verwijzingen. Ex : Cave Banvin bioscoop industrieel filmen zuid oise parijs filmsets\" class=\"wp-image-51517\" data-srcset=\"https:\/\/www.creilsudoise-tourisme.fr\/wp-content\/uploads\/2024\/01\/Cave-r-1200x674.jpg 1200w, https:\/\/www.creilsudoise-tourisme.fr\/wp-content\/uploads\/2024\/01\/Cave-r-600x337.jpg 600w, https:\/\/www.creilsudoise-tourisme.fr\/wp-content\/uploads\/2024\/01\/Cave-r-900x506.jpg 900w, https:\/\/www.creilsudoise-tourisme.fr\/wp-content\/uploads\/2024\/01\/Cave-r-18x10.jpg 18w, https:\/\/www.creilsudoise-tourisme.fr\/wp-content\/uploads\/2024\/01\/Cave-r-200x112.jpg 200w, https:\/\/www.creilsudoise-tourisme.fr\/wp-content\/uploads\/2024\/01\/Cave-r-650x365.jpg 650w, https:\/\/www.creilsudoise-tourisme.fr\/wp-content\/uploads\/2024\/01\/Cave-r-387x217.jpg 387w, https:\/\/www.creilsudoise-tourisme.fr\/wp-content\/uploads\/2024\/01\/Cave-r.jpg 1317w\" sizes=\"(max-width: 1200px) 100vw, 1200px\" \/><figcaption class=\"wp-element-caption\">Fotocredit. Ex : \u00a9 Creil Sud Oise Toerisme - Nouara Lebachiche<\/figcaption><\/figure>\n\n\n\n<figure class=\"wp-block-image size-large\"><img decoding=\"async\" loading=\"lazy\" width=\"555\" height=\"740\" data-id=\"51510\"  data-src=\"https:\/\/www.creilsudoise-tourisme.fr\/wp-content\/uploads\/2024\/01\/Cave-mise-en-avant-r.jpg\" alt=\"trefwoorden voor verwijzingen. Ex : Cave Banvin bioscoop industrieel filmen zuid oise parijs filmsets\" class=\"wp-image-51510\" data-srcset=\"https:\/\/www.creilsudoise-tourisme.fr\/wp-content\/uploads\/2024\/01\/Cave-mise-en-avant-r.jpg 555w, https:\/\/www.creilsudoise-tourisme.fr\/wp-content\/uploads\/2024\/01\/Cave-mise-en-avant-r-450x600.jpg 450w, https:\/\/www.creilsudoise-tourisme.fr\/wp-content\/uploads\/2024\/01\/Cave-mise-en-avant-r-9x12.jpg 9w, https:\/\/www.creilsudoise-tourisme.fr\/wp-content\/uploads\/2024\/01\/Cave-mise-en-avant-r-200x267.jpg 200w, https:\/\/www.creilsudoise-tourisme.fr\/wp-content\/uploads\/2024\/01\/Cave-mise-en-avant-r-387x516.jpg 387w\" sizes=\"(max-width: 555px) 100vw, 555px\" \/><figcaption class=\"wp-element-caption\">Fotocredit. Ex : \u00a9 Creil Sud Oise Toerisme - Nouara Lebachiche<\/figcaption><\/figure>\n<\/figure>\n\n\n\n<h3>Type locatie<\/h3>\n\n\n\n<p>ERP-type: L<\/p>\n\n\n\n<h3>Categorie<\/h3>\n\n\n\n<p>Categorie 5 <\/p>\n\n\n\n<p>Middeleeuwse kelder.<\/p>\n\n\n<div class=\"wp-block wp-block-highlight\">\n            <h3 class=\"wp-block-highlight-item wp-block-highlight-title\">Situatie<\/h3>\n                <p class=\"wp-block-highlight-item wp-block-highlight-excerpt\">Plaats: 60340 Saint-Leu d'Esserent <br>Provincie : Oise<br>Regio: Hauts-de-France<\/p>\n    <\/div>\n\n\n<h3>Algemene presentatie<\/h3>\n\n\n\n<p>Gewelfde kamer met kelder.<\/p>\n\n\n\n<h4>Staat van de site<\/h4>\n\n\n\n<p>Goede staat. <\/p>\n\n\n\n<h4>Geschiedenis van de site<\/h4>\n\n\n\n<p>Een ruimte die ooit door het klooster van Saint-Leu werd gebruikt om wijn te verkopen; nu de thuisbasis van de activiteiten van een plaatselijke vereniging die opnieuw wijnstokken heeft aangeplant in Saint-Leu (opmerkelijk uitzicht op de abdijkerk vanaf de wijngaard.<\/p>\n\n\n\n<h4>Bouwperiode<\/h4>\n\n\n\n<p>Bouw XIII<sup>\u00e8me<\/sup> eeuw.<\/p>\n\n\n\n<h4>Dominante stijl<\/h4>\n\n\n\n<p>Middeleeuws.<\/p>\n\n\n\n<h4>Opmerkelijke architecturale kenmerken<\/h4>\n\n\n\n<p>Gewelfde hal, stenen helling die leidt naar een honingraatkelder, terras.<\/p>\n\n\n\n<h4>Technische gegevens<\/h4>\n\n\n\n<p>X Stroomvoorziening X Parkeren \u25a1 Toegang voor vrachtwagens \u25a1 Kleedkamers&nbsp;&nbsp;&nbsp;&nbsp;&nbsp;&nbsp;&nbsp;&nbsp;&nbsp;&nbsp;&nbsp;&nbsp; &nbsp;<\/p>\n\n\n\n<p>X Toiletten<\/p>\n\n\n\n<h4>Speciale functies<\/h4>\n\n\n\n<p>Speciale functies<\/p>\n\n\n\n<hr class=\"wp-block-separator has-alpha-channel-opacity\"\/>","protected":false},"excerpt":{"rendered":"<p>Gewelfde middeleeuwse zaal met ondergrondse kelder en terras. CAVE BANVIN (kloosterlandgoed) Type locatie ERP Type : L Categorie 5 Middeleeuwse kelder. Algemene presentatie Gewelfde zaal met kelder. Staat van het gebouw Goede staat. Geschiedenis van de plaats Deze ruimte werd door het klooster van Saint-Leu gebruikt om wijn te verkopen; nu is er een wijnkelder in gevestigd.<\/p>","protected":false},"author":12,"featured_media":51517,"parent":50622,"menu_order":7,"comment_status":"closed","ping_status":"closed","template":"","meta":{"_relevanssi_hide_post":"","_relevanssi_hide_content":"","_relevanssi_pin_for_all":"","_relevanssi_pin_keywords":"","_relevanssi_unpin_keywords":"","_relevanssi_related_keywords":"","_relevanssi_related_include_ids":"","_relevanssi_related_exclude_ids":"","_relevanssi_related_no_append":"","_relevanssi_related_not_related":"","_relevanssi_related_posts":"38921,40150,43606,39785,42107,39133","_relevanssi_noindex_reason":""},"yoast_head":"<!-- This site is optimized with the Yoast SEO plugin v20.2.1 - https:\/\/yoast.com\/wordpress\/plugins\/seo\/ -->\n<title>La cave banvin \u00e0 Saint-Leu d&#039;Esserent.<\/title>\n<meta name=\"description\" content=\"Voici la fiche technique du d\u00e9cor b\u00e2ti dans une cave du 13\u00e8me si\u00e8cle :la Cave Banvin de Saint-Leu d&#039;Esserent \u00e0 60km de Paris.\" \/>\n<meta name=\"robots\" content=\"index, follow, max-snippet:-1, max-image-preview:large, max-video-preview:-1\" \/>\n<link rel=\"canonical\" href=\"https:\/\/www.creilsudoise-tourisme.fr\/nl\/i-search\/schieten\/decors-batis\/decor-grot-banvin\/\" \/>\n<meta property=\"og:locale\" content=\"nl_NL\" \/>\n<meta property=\"og:type\" content=\"article\" \/>\n<meta property=\"og:title\" content=\"La cave banvin \u00e0 Saint-Leu d&#039;Esserent.\" \/>\n<meta property=\"og:description\" content=\"Voici la fiche technique du d\u00e9cor b\u00e2ti dans une cave du 13\u00e8me si\u00e8cle :la Cave Banvin de Saint-Leu d&#039;Esserent \u00e0 60km de Paris.\" \/>\n<meta property=\"og:url\" content=\"https:\/\/www.creilsudoise-tourisme.fr\/nl\/i-search\/schieten\/decors-batis\/decor-grot-banvin\/\" \/>\n<meta property=\"og:site_name\" content=\"Office de Tourisme Creil Sud Oise\" \/>\n<meta property=\"article:publisher\" content=\"https:\/\/www.facebook.com\/creilsudoisetourisme\/\" \/>\n<meta property=\"article:modified_time\" content=\"2024-02-19T15:29:19+00:00\" \/>\n<meta property=\"og:image\" content=\"https:\/\/www.creilsudoise-tourisme.fr\/wp-content\/uploads\/2024\/01\/Cave-r.jpg\" \/>\n\t<meta property=\"og:image:width\" content=\"1317\" \/>\n\t<meta property=\"og:image:height\" content=\"740\" \/>\n\t<meta property=\"og:image:type\" content=\"image\/jpeg\" \/>\n<meta name=\"twitter:card\" content=\"summary_large_image\" \/>\n<meta name=\"twitter:site\" content=\"@CreilSudOiseOT\" \/>\n<meta name=\"twitter:label1\" content=\"Geschatte leestijd\" \/>\n\t<meta name=\"twitter:data1\" content=\"1 minuut\" \/>\n<script type=\"application\/ld+json\" class=\"yoast-schema-graph\">{\"@context\":\"https:\/\/schema.org\",\"@graph\":[{\"@type\":\"WebPage\",\"@id\":\"https:\/\/www.creilsudoise-tourisme.fr\/je-cherche\/tournage\/decors-batis\/decor-cave-banvin\/\",\"url\":\"https:\/\/www.creilsudoise-tourisme.fr\/je-cherche\/tournage\/decors-batis\/decor-cave-banvin\/\",\"name\":\"La cave banvin \u00e0 Saint-Leu d'Esserent.\",\"isPartOf\":{\"@id\":\"https:\/\/www.creilsudoise-tourisme.fr\/#website\"},\"datePublished\":\"2024-02-06T13:35:21+00:00\",\"dateModified\":\"2024-02-19T15:29:19+00:00\",\"description\":\"Voici la fiche technique du d\u00e9cor b\u00e2ti dans une cave du 13\u00e8me si\u00e8cle :la Cave Banvin de Saint-Leu d'Esserent \u00e0 60km de Paris.\",\"breadcrumb\":{\"@id\":\"https:\/\/www.creilsudoise-tourisme.fr\/je-cherche\/tournage\/decors-batis\/decor-cave-banvin\/#breadcrumb\"},\"inLanguage\":\"nl\",\"potentialAction\":[{\"@type\":\"ReadAction\",\"target\":[\"https:\/\/www.creilsudoise-tourisme.fr\/je-cherche\/tournage\/decors-batis\/decor-cave-banvin\/\"]}]},{\"@type\":\"BreadcrumbList\",\"@id\":\"https:\/\/www.creilsudoise-tourisme.fr\/je-cherche\/tournage\/decors-batis\/decor-cave-banvin\/#breadcrumb\",\"itemListElement\":[{\"@type\":\"ListItem\",\"position\":1,\"name\":\"Accueil\",\"item\":\"https:\/\/www.creilsudoise-tourisme.fr\/\"},{\"@type\":\"ListItem\",\"position\":2,\"name\":\"Je cherche\",\"item\":\"https:\/\/www.creilsudoise-tourisme.fr\/je-cherche\/\"},{\"@type\":\"ListItem\",\"position\":3,\"name\":\"Un lieu de tournage\",\"item\":\"https:\/\/www.creilsudoise-tourisme.fr\/je-cherche\/tournage\/\"},{\"@type\":\"ListItem\",\"position\":4,\"name\":\"D\u00e9cors b\u00e2tis\",\"item\":\"https:\/\/www.creilsudoise-tourisme.fr\/je-cherche\/tournage\/decors-batis\/\"},{\"@type\":\"ListItem\",\"position\":5,\"name\":\"Cave Banvin \u00e0 Saint-Leu-d&rsquo;Esserent\"}]},{\"@type\":\"WebSite\",\"@id\":\"https:\/\/www.creilsudoise-tourisme.fr\/#website\",\"url\":\"https:\/\/www.creilsudoise-tourisme.fr\/\",\"name\":\"Office de Tourisme Creil Sud Oise\",\"description\":\"Creil Sud Oise Tourisme, un territoire \u00e0 explorer !\",\"publisher\":{\"@id\":\"https:\/\/www.creilsudoise-tourisme.fr\/#organization\"},\"potentialAction\":[{\"@type\":\"SearchAction\",\"target\":{\"@type\":\"EntryPoint\",\"urlTemplate\":\"https:\/\/www.creilsudoise-tourisme.fr\/?s={search_term_string}\"},\"query-input\":\"required name=search_term_string\"}],\"inLanguage\":\"nl\"},{\"@type\":\"Organization\",\"@id\":\"https:\/\/www.creilsudoise-tourisme.fr\/#organization\",\"name\":\"Creil Sud Oise Tourisme\",\"url\":\"https:\/\/www.creilsudoise-tourisme.fr\/\",\"logo\":{\"@type\":\"ImageObject\",\"inLanguage\":\"nl\",\"@id\":\"https:\/\/www.creilsudoise-tourisme.fr\/#\/schema\/logo\/image\/\",\"url\":\"https:\/\/www.creilsudoise-tourisme.fr\/wp-content\/uploads\/2021\/05\/logo-svg.png\",\"contentUrl\":\"https:\/\/www.creilsudoise-tourisme.fr\/wp-content\/uploads\/2021\/05\/logo-svg.png\",\"width\":182,\"height\":71,\"caption\":\"Creil Sud Oise Tourisme\"},\"image\":{\"@id\":\"https:\/\/www.creilsudoise-tourisme.fr\/#\/schema\/logo\/image\/\"},\"sameAs\":[\"https:\/\/www.facebook.com\/creilsudoisetourisme\/\",\"https:\/\/twitter.com\/CreilSudOiseOT\",\"https:\/\/www.instagram.com\/creilsudoisetourisme\/\",\"https:\/\/www.youtube.com\/channel\/UC8L_QD2wwyADW14zt9fY8kw\"]}]}<\/script>\n<!-- \/ Yoast SEO plugin. -->","yoast_head_json":{"title":"La cave banvin \u00e0 Saint-Leu d'Esserent.","description":"Voici la fiche technique du d\u00e9cor b\u00e2ti dans une cave du 13\u00e8me si\u00e8cle :la Cave Banvin de Saint-Leu d'Esserent \u00e0 60km de Paris.","robots":{"index":"index","follow":"follow","max-snippet":"max-snippet:-1","max-image-preview":"max-image-preview:large","max-video-preview":"max-video-preview:-1"},"canonical":"https:\/\/www.creilsudoise-tourisme.fr\/nl\/i-search\/schieten\/decors-batis\/decor-grot-banvin\/","og_locale":"nl_NL","og_type":"article","og_title":"La cave banvin \u00e0 Saint-Leu d'Esserent.","og_description":"Voici la fiche technique du d\u00e9cor b\u00e2ti dans une cave du 13\u00e8me si\u00e8cle :la Cave Banvin de Saint-Leu d'Esserent \u00e0 60km de Paris.","og_url":"https:\/\/www.creilsudoise-tourisme.fr\/nl\/i-search\/schieten\/decors-batis\/decor-grot-banvin\/","og_site_name":"Office de Tourisme Creil Sud Oise","article_publisher":"https:\/\/www.facebook.com\/creilsudoisetourisme\/","article_modified_time":"2024-02-19T15:29:19+00:00","og_image":[{"width":1317,"height":740,"url":"https:\/\/www.creilsudoise-tourisme.fr\/wp-content\/uploads\/2024\/01\/Cave-r.jpg","type":"image\/jpeg"}],"twitter_card":"summary_large_image","twitter_site":"@CreilSudOiseOT","twitter_misc":{"Geschatte leestijd":"1 minuut"},"schema":{"@context":"https:\/\/schema.org","@graph":[{"@type":"WebPage","@id":"https:\/\/www.creilsudoise-tourisme.fr\/je-cherche\/tournage\/decors-batis\/decor-cave-banvin\/","url":"https:\/\/www.creilsudoise-tourisme.fr\/je-cherche\/tournage\/decors-batis\/decor-cave-banvin\/","name":"La cave banvin \u00e0 Saint-Leu d'Esserent.","isPartOf":{"@id":"https:\/\/www.creilsudoise-tourisme.fr\/#website"},"datePublished":"2024-02-06T13:35:21+00:00","dateModified":"2024-02-19T15:29:19+00:00","description":"Voici la fiche technique du d\u00e9cor b\u00e2ti dans une cave du 13\u00e8me si\u00e8cle :la Cave Banvin de Saint-Leu d'Esserent \u00e0 60km de Paris.","breadcrumb":{"@id":"https:\/\/www.creilsudoise-tourisme.fr\/je-cherche\/tournage\/decors-batis\/decor-cave-banvin\/#breadcrumb"},"inLanguage":"nl","potentialAction":[{"@type":"ReadAction","target":["https:\/\/www.creilsudoise-tourisme.fr\/je-cherche\/tournage\/decors-batis\/decor-cave-banvin\/"]}]},{"@type":"BreadcrumbList","@id":"https:\/\/www.creilsudoise-tourisme.fr\/je-cherche\/tournage\/decors-batis\/decor-cave-banvin\/#breadcrumb","itemListElement":[{"@type":"ListItem","position":1,"name":"Accueil","item":"https:\/\/www.creilsudoise-tourisme.fr\/"},{"@type":"ListItem","position":2,"name":"Je cherche","item":"https:\/\/www.creilsudoise-tourisme.fr\/je-cherche\/"},{"@type":"ListItem","position":3,"name":"Un lieu de tournage","item":"https:\/\/www.creilsudoise-tourisme.fr\/je-cherche\/tournage\/"},{"@type":"ListItem","position":4,"name":"D\u00e9cors b\u00e2tis","item":"https:\/\/www.creilsudoise-tourisme.fr\/je-cherche\/tournage\/decors-batis\/"},{"@type":"ListItem","position":5,"name":"Cave Banvin \u00e0 Saint-Leu-d&rsquo;Esserent"}]},{"@type":"WebSite","@id":"https:\/\/www.creilsudoise-tourisme.fr\/#website","url":"https:\/\/www.creilsudoise-tourisme.fr\/","name":"Office de Tourisme Creil Sud Oise","description":"Creil Sud Oise Tourisme, un territoire \u00e0 explorer !","publisher":{"@id":"https:\/\/www.creilsudoise-tourisme.fr\/#organization"},"potentialAction":[{"@type":"SearchAction","target":{"@type":"EntryPoint","urlTemplate":"https:\/\/www.creilsudoise-tourisme.fr\/?s={search_term_string}"},"query-input":"required name=search_term_string"}],"inLanguage":"nl"},{"@type":"Organization","@id":"https:\/\/www.creilsudoise-tourisme.fr\/#organization","name":"Creil Sud Oise Tourisme","url":"https:\/\/www.creilsudoise-tourisme.fr\/","logo":{"@type":"ImageObject","inLanguage":"nl","@id":"https:\/\/www.creilsudoise-tourisme.fr\/#\/schema\/logo\/image\/","url":"https:\/\/www.creilsudoise-tourisme.fr\/wp-content\/uploads\/2021\/05\/logo-svg.png","contentUrl":"https:\/\/www.creilsudoise-tourisme.fr\/wp-content\/uploads\/2021\/05\/logo-svg.png","width":182,"height":71,"caption":"Creil Sud Oise Tourisme"},"image":{"@id":"https:\/\/www.creilsudoise-tourisme.fr\/#\/schema\/logo\/image\/"},"sameAs":["https:\/\/www.facebook.com\/creilsudoisetourisme\/","https:\/\/twitter.com\/CreilSudOiseOT","https:\/\/www.instagram.com\/creilsudoisetourisme\/","https:\/\/www.youtube.com\/channel\/UC8L_QD2wwyADW14zt9fY8kw"]}]}},"_links":{"self":[{"href":"https:\/\/www.creilsudoise-tourisme.fr\/nl\/wp-json\/wp\/v2\/pages\/50634"}],"collection":[{"href":"https:\/\/www.creilsudoise-tourisme.fr\/nl\/wp-json\/wp\/v2\/pages"}],"about":[{"href":"https:\/\/www.creilsudoise-tourisme.fr\/nl\/wp-json\/wp\/v2\/types\/page"}],"author":[{"embeddable":true,"href":"https:\/\/www.creilsudoise-tourisme.fr\/nl\/wp-json\/wp\/v2\/users\/12"}],"replies":[{"embeddable":true,"href":"https:\/\/www.creilsudoise-tourisme.fr\/nl\/wp-json\/wp\/v2\/comments?post=50634"}],"version-history":[{"count":12,"href":"https:\/\/www.creilsudoise-tourisme.fr\/nl\/wp-json\/wp\/v2\/pages\/50634\/revisions"}],"predecessor-version":[{"id":52244,"href":"https:\/\/www.creilsudoise-tourisme.fr\/nl\/wp-json\/wp\/v2\/pages\/50634\/revisions\/52244"}],"up":[{"embeddable":true,"href":"https:\/\/www.creilsudoise-tourisme.fr\/nl\/wp-json\/wp\/v2\/pages\/50622"}],"wp:featuredmedia":[{"embeddable":true,"href":"https:\/\/www.creilsudoise-tourisme.fr\/nl\/wp-json\/wp\/v2\/media\/51517"}],"wp:attachment":[{"href":"https:\/\/www.creilsudoise-tourisme.fr\/nl\/wp-json\/wp\/v2\/media?parent=50634"}],"curies":[{"name":"wp","href":"https:\/\/api.w.org\/{rel}","templated":true}]}}