{"id":47202,"date":"2023-04-17T16:58:29","date_gmt":"2023-04-17T14:58:29","guid":{"rendered":"https:\/\/www.creilsudoise-tourisme.fr\/?page_id=47202"},"modified":"2025-09-15T09:43:27","modified_gmt":"2025-09-15T07:43:27","slug":"randonner","status":"publish","type":"page","link":"https:\/\/www.creilsudoise-tourisme.fr\/nl\/jexplore\/must-haves\/wandelen\/","title":{"rendered":"Wandelingen"},"content":{"rendered":"<p class=\"is-style-excerpt\">Tussen bossen en steengroeven, dynamische steden en typische dorpen van het zuiden van de Oise, de <strong>Bestemming Creil Sud Oise biedt u een ideale omgeving om te wandelen.<\/strong><\/p>\n\n\n\n<div class=\"is-layout-flex wp-container-7 wp-block-columns\">\n<div class=\"is-layout-flow wp-block-column\">\n<div class=\"is-content-justification-center is-layout-flex wp-container-1 wp-block-buttons\">\n<div class=\"wp-block-button\"><a class=\"wp-block-button__link wp-element-button\" href=\"https:\/\/www.creilsudoise-tourisme.fr\/nl\/i-search\/wandeling-2\/\" target=\"_blank\" rel=\"noreferrer noopener\">bewegwijzerde paden<\/a><\/div>\n<\/div>\n<\/div>\n\n\n\n<div class=\"is-layout-flow wp-block-column\">\n<div class=\"is-content-justification-center is-layout-flex wp-container-3 wp-block-buttons\">\n<div class=\"wp-block-button\"><a class=\"wp-block-button__link wp-element-button\" href=\"#balade\" target=\"_blank\" rel=\"noreferrer noopener\">wandelen in de parken<\/a><\/div>\n<\/div>\n<\/div>\n\n\n\n<div class=\"is-layout-flow wp-block-column\">\n<div class=\"is-content-justification-center is-layout-flex wp-container-5 wp-block-buttons\">\n<div class=\"wp-block-button\"><a class=\"wp-block-button__link wp-element-button\" href=\"#itineraires-departementaux\" target=\"_blank\" rel=\"noreferrer noopener\">grote afdelingsroutes<\/a><\/div>\n<\/div>\n<\/div>\n<\/div>\n\n\n\n<div class=\"is-layout-flex wp-container-12 wp-block-columns\">\n<div class=\"is-layout-flow wp-block-column\">\n<div class=\"is-content-justification-center is-layout-flex wp-container-8 wp-block-buttons\">\n<div class=\"wp-block-button\"><a class=\"wp-block-button__link wp-element-button\" href=\"https:\/\/www.creilsudoise-tourisme.fr\/nl\/2022\/01\/24\/wandeling\/\" target=\"_blank\" rel=\"noreferrer noopener\">wandelclubs<\/a><\/div>\n<\/div>\n<\/div>\n\n\n\n<div class=\"is-layout-flow wp-block-column\">\n<div class=\"is-content-justification-center is-layout-flex wp-container-10 wp-block-buttons\">\n<div class=\"wp-block-button\"><a class=\"wp-block-button__link wp-element-button\" href=\"https:\/\/www.creilsudoise-tourisme.fr\/nl\/praktijk\/brochures\/\" target=\"_blank\" rel=\"noreferrer noopener\">EEN GIDS BESTELLEN<\/a><\/div>\n<\/div>\n<\/div>\n<\/div>\n\n\n\n<div class=\"wp-block-strate-full alignfull\">\n\n    <div class=\"wp-block-strate-full-thumbnail\">\n        <img data-src=\"https:\/\/www.creilsudoise-tourisme.fr\/wp-content\/uploads\/2023\/04\/Itineraire-balise-de-randonnee-1600x900.jpg\" alt=\"Gemarkeerde wandelroute\">\n    <\/div>\n\n\t\n        <div class=\"wp-block-strate-full-content wp-block-strate-full-content-left\">\n\t\t\t\t\t\t                <p class=\"wp-block-strate-full-content-excerpt\"> Creil Sud Oise zit vol met<strong> onvermoede landschappen<\/strong>Te ontdekken tijdens een wandeling! <\/p>\n\t\t\t        <\/div>\n\n\t\n<\/div>\n\n\n\n<h2>Wandelen op gemarkeerde paden<\/h2>\n\n\n\n<p><strong>De bestemming Creil Sud Oise is vol met wandelpaden<\/strong>Verschillende daarvan zijn bewegwijzerd en opgenomen in het Plan D\u00e9partemental des Itin\u00e9raires de Promenade et de Randonn\u00e9e (PDIPR). <\/p>\n\n\n<div class=\"wp-block wp-block-highlight\">\n            <h3 class=\"wp-block-highlight-item wp-block-highlight-title\">Handvest voor goede wandelaars<\/h3>\n                <p class=\"wp-block-highlight-item wp-block-highlight-excerpt\">Respect voor de natuur en veiligheid: ontdek het handvest van de wandelaar.<br><strong><a href=\"https:\/\/www.creilsudoise-tourisme.fr\/wp-content\/uploads\/2025\/09\/charte-du-randonneur-bdef.pdf\" target=\"_blank\" rel=\"noreferrer noopener\">Lees het handvest<\/a><\/strong><\/p>\n    <\/div>\n\n\n<h3>Land van steen, water en natuur<\/h3>\n\n\n\n<p><a href=\"https:\/\/www.creilsudoise-tourisme.fr\/nl\/jexplore\/must-haves\/maison-de-la-pierre\/\" target=\"_blank\" rel=\"noreferrer noopener\">Land van steen<\/a>U ontdekt tijdens uw wandelingen <strong>verlaten of nog actieve steengroeven. <\/strong><\/p>\n\n\n\n<p>Je gaat mee <strong>waterlopen <\/strong>zoals de Th\u00e9rain waar het mogelijk is om <a href=\"https:\/\/www.creilsudoise-tourisme.fr\/nl\/loisirs\/kano-kajak-club-du-therain\/\" target=\"_blank\" rel=\"noreferrer noopener\">Kano\u00ebn en kajakken<\/a> of de Oise, waarop in de zomer cruises worden georganiseerd (zie onze <a href=\"https:\/\/www.creilsudoise-tourisme.fr\/nl\/agenda\/\" target=\"_blank\" rel=\"noreferrer noopener\">agenda<\/a> !). In de lente en de zomer zijn er <a href=\"https:\/\/www.youtube.com\/watch?v=NuNOli6iKDA\" target=\"_blank\" rel=\"noreferrer noopener\">roei-initiaties<\/a> worden ook aangeboden in Creil. <\/p>\n\n\n\n<p><strong>Bossen, velden en typische dorpen van het zuiden van de Oise, gemaakt van stenen huizen, volgen elkaar op en lijken niet op elkaar!<\/strong><\/p>\n\n\n\n<figure class=\"wp-block-embed is-type-video is-provider-youtube wp-block-embed-youtube wp-embed-aspect-4-3 wp-has-aspect-ratio\"><div class=\"wp-block-embed__wrapper\">\n<iframe loading=\"lazy\" title=\"[LES INCONTOURNABLES] De wandeling &quot;In de voetsporen van de bouwers&quot; | Creil Sud Oise Tourisme\" width=\"500\" height=\"375\" data-src=\"https:\/\/www.youtube.com\/embed\/OhgD3hy0xqg?feature=oembed\" frameborder=\"0\" allow=\"accelerometer; autoplay; clipboard-write; encrypted-media; gyroscope; picture-in-picture; web-share\" referrerpolicy=\"strict-origin-when-cross-origin\" allowfullscreen><\/iframe>\n<\/div><figcaption class=\"wp-element-caption\">Anthony heeft de wandelroute voor u getest <a href=\"https:\/\/www.creilsudoise-tourisme.fr\/nl\/balade-randonnee\/sur-les-pas-des-batisseurs\/\" target=\"_blank\" rel=\"noreferrer noopener\">In de voetsporen van de bouwers<\/a><\/figcaption><\/figure>\n\n\n\n<h3>Te voet, per fiets of te paard<\/h3>\n\n\n\n<p>De routes zijn toegankelijk voor iedereen, afhankelijk van uw niveau, vari\u00ebrend van <strong>van 6 km tot 13 km<\/strong>. U kunt ze doorbladeren <strong>te voet, per fiets en zelfs te paard.<\/strong> !<\/p>\n\n\n\n<p>Van <strong><a href=\"https:\/\/www.creilsudoise-tourisme.fr\/nl\/i-search\/activiteit-natuur\/#Pique-nique\" target=\"_blank\" rel=\"noreferrer noopener\">picknickplaatsen<\/a> de paden onderbreken<\/strong>Denk aan je snack!<\/p>\n\n\n\n<h3>De routes<\/h3>\n\n\n\n<p>Lees hieronder meer <strong>de routes van deze bewegwijzerde wandelingen<\/strong> op de bestemming Creil Sud Oise!<\/p>\n\n\n\n<p>Goed om te weten: u kunt <strong>routes combineren<\/strong> en ontdek Creil Sud Oise tijdens een <strong>Een luswandeling van bijna 50 km!<\/strong><\/p>\n\n\n\n<div class=\"is-content-justification-center is-layout-flex wp-container-13 wp-block-buttons\">\n<div class=\"wp-block-button\"><a class=\"wp-block-button__link wp-element-button\" href=\"https:\/\/www.creilsudoise-tourisme.fr\/nl\/i-search\/wandeling-2\/\" target=\"_blank\" rel=\"noreferrer noopener\">bewegwijzerde paden<\/a><\/div>\n<\/div>\n\n\n\n<div class=\"is-layout-flex wp-container-16 wp-block-columns\">\n<div class=\"is-layout-flow wp-block-column\">\n<figure class=\"wp-block-image size-large\"><img decoding=\"async\" loading=\"lazy\" width=\"1200\" height=\"583\" data-src=\"https:\/\/www.creilsudoise-tourisme.fr\/wp-content\/uploads\/2023\/04\/MaRando-1200x583.jpg\" alt=\"bewegwijzerde wandelroute\" class=\"wp-image-47231\" data-srcset=\"https:\/\/www.creilsudoise-tourisme.fr\/wp-content\/uploads\/2023\/04\/MaRando-1200x583.jpg 1200w, https:\/\/www.creilsudoise-tourisme.fr\/wp-content\/uploads\/2023\/04\/MaRando-600x292.jpg 600w, https:\/\/www.creilsudoise-tourisme.fr\/wp-content\/uploads\/2023\/04\/MaRando-900x438.jpg 900w, https:\/\/www.creilsudoise-tourisme.fr\/wp-content\/uploads\/2023\/04\/MaRando-18x9.jpg 18w, https:\/\/www.creilsudoise-tourisme.fr\/wp-content\/uploads\/2023\/04\/MaRando-200x97.jpg 200w, https:\/\/www.creilsudoise-tourisme.fr\/wp-content\/uploads\/2023\/04\/MaRando-650x316.jpg 650w, https:\/\/www.creilsudoise-tourisme.fr\/wp-content\/uploads\/2023\/04\/MaRando-387x188.jpg 387w, https:\/\/www.creilsudoise-tourisme.fr\/wp-content\/uploads\/2023\/04\/MaRando.jpg 1440w\" sizes=\"(max-width: 1200px) 100vw, 1200px\" \/><\/figure>\n<\/div>\n\n\n\n<div class=\"is-layout-flow wp-block-column\">\n<p>U kunt ook <strong>vind de routes op de applicatie <a href=\"https:\/\/www.ffrandonnee.fr\/s-informer\/actualites\/marando-l-application-officielle-de-la-ffrandonnee\" target=\"_blank\" rel=\"noreferrer noopener\">MaRando<\/a><\/strong>Dit is een zeer praktische manier om met een gerust hart de weg te vinden!<\/p>\n<\/div>\n<\/div>\n\n\n\n<div class=\"is-layout-flex wp-container-19 wp-block-columns\">\n<div class=\"is-layout-flow wp-block-column\">\n<figure class=\"wp-block-image size-full\"><img decoding=\"async\" loading=\"lazy\" width=\"768\" height=\"564\" data-src=\"https:\/\/www.creilsudoise-tourisme.fr\/wp-content\/uploads\/2025\/09\/caroussel-plan1-768x1365-2.jpg\" alt=\"\" class=\"wp-image-65145\" data-srcset=\"https:\/\/www.creilsudoise-tourisme.fr\/wp-content\/uploads\/2025\/09\/caroussel-plan1-768x1365-2.jpg 768w, https:\/\/www.creilsudoise-tourisme.fr\/wp-content\/uploads\/2025\/09\/caroussel-plan1-768x1365-2-600x441.jpg 600w, https:\/\/www.creilsudoise-tourisme.fr\/wp-content\/uploads\/2025\/09\/caroussel-plan1-768x1365-2-16x12.jpg 16w, https:\/\/www.creilsudoise-tourisme.fr\/wp-content\/uploads\/2025\/09\/caroussel-plan1-768x1365-2-200x147.jpg 200w, https:\/\/www.creilsudoise-tourisme.fr\/wp-content\/uploads\/2025\/09\/caroussel-plan1-768x1365-2-650x477.jpg 650w, https:\/\/www.creilsudoise-tourisme.fr\/wp-content\/uploads\/2025\/09\/caroussel-plan1-768x1365-2-387x284.jpg 387w\" sizes=\"(max-width: 768px) 100vw, 768px\" \/><\/figure>\n<\/div>\n\n\n\n<div class=\"is-layout-flow wp-block-column\">\n<p>Met <strong>de toepassing <a href=\"https:\/\/www.oisetourisme.com\/oise-rando-lappli-de-vos-randos-a-pied-ou-a-velo\/\" target=\"_blank\" rel=\"noreferrer noopener\">Oise Rando<\/a><\/strong>Ontdek de wandel- en fietsroutes van het departement!<\/p>\n<\/div>\n<\/div>\n\n\n\n<div class=\"is-layout-flex wp-container-22 wp-block-columns\">\n<div class=\"is-layout-flow wp-block-column\">\n<figure class=\"wp-block-image size-full\"><img decoding=\"async\" loading=\"lazy\" width=\"1200\" height=\"800\" data-src=\"https:\/\/www.creilsudoise-tourisme.fr\/wp-content\/uploads\/2025\/09\/Velo_013_HD_\u00a9_cyril_badet.jpg\" alt=\"\" class=\"wp-image-65144\" data-srcset=\"https:\/\/www.creilsudoise-tourisme.fr\/wp-content\/uploads\/2025\/09\/Velo_013_HD_\u00a9_cyril_badet.jpg 1200w, https:\/\/www.creilsudoise-tourisme.fr\/wp-content\/uploads\/2025\/09\/Velo_013_HD_\u00a9_cyril_badet-600x400.jpg 600w, https:\/\/www.creilsudoise-tourisme.fr\/wp-content\/uploads\/2025\/09\/Velo_013_HD_\u00a9_cyril_badet-900x600.jpg 900w, https:\/\/www.creilsudoise-tourisme.fr\/wp-content\/uploads\/2025\/09\/Velo_013_HD_\u00a9_cyril_badet-18x12.jpg 18w, https:\/\/www.creilsudoise-tourisme.fr\/wp-content\/uploads\/2025\/09\/Velo_013_HD_\u00a9_cyril_badet-200x133.jpg 200w, https:\/\/www.creilsudoise-tourisme.fr\/wp-content\/uploads\/2025\/09\/Velo_013_HD_\u00a9_cyril_badet-650x433.jpg 650w, https:\/\/www.creilsudoise-tourisme.fr\/wp-content\/uploads\/2025\/09\/Velo_013_HD_\u00a9_cyril_badet-387x258.jpg 387w\" sizes=\"(max-width: 1200px) 100vw, 1200px\" \/><\/figure>\n<\/div>\n\n\n\n<div class=\"is-layout-flow wp-block-column\">\n<p>Het regionale natuurpark Oise Pays de France biedt <strong>routes over de toepassing ervan <a href=\"https:\/\/destination.parc-oise-paysdefrance.fr\/sorganiser\/lapplication-rando\/\" target=\"_blank\" rel=\"noreferrer noopener\">Rando Parc<\/a> <\/strong>om te downloaden op je smartphone!<\/p>\n<\/div>\n<\/div>\n\n\n\n<div class=\"wp-block-strate-full alignfull\">\n\n    <div class=\"wp-block-strate-full-thumbnail\">\n        <img data-src=\"https:\/\/www.creilsudoise-tourisme.fr\/wp-content\/uploads\/2023\/04\/Berges-de-lOise-1600x900.jpg\" alt=\"Oevers van de Oise\">\n    <\/div>\n\n\t\n        <div class=\"wp-block-strate-full-content wp-block-strate-full-content-left\">\n\t\t\t\t\t\t                <p class=\"wp-block-strate-full-content-excerpt\"> <strong>Vijvers, rivieroevers, parken, beschermde natuurgebieden<\/strong> Profiteer van de diversiteit van Creil Sud Oise tijdens uw wandelingen! <\/p>\n\t\t\t        <\/div>\n\n\t\n<\/div>\n\n\n\n<h2 id=\"balade\">Wandelingen in de parken en langs de rivieroevers<\/h2>\n\n\n\n<p>Tijdens uw wandeling door de steden en dorpen van Bestemming Creil Sud Oise ontdekt u <strong>diverse en soms verrassende landschappen<\/strong> ! A <a href=\"https:\/\/www.creilsudoise-tourisme.fr\/nl\/espace-naturel\/etang-sainte-barbe\/\" target=\"_blank\" rel=\"noreferrer noopener\">azuurblauwe vijver<\/a>a <a href=\"https:\/\/www.creilsudoise-tourisme.fr\/nl\/loisirs\/les-glachoirs\/\" target=\"_blank\" rel=\"noreferrer noopener\">biodiversiteit uit het zuiden<\/a>van de oevers langs de <a href=\"https:\/\/www.creilsudoise-tourisme.fr\/nl\/espace-naturel\/berges-du-therain-a-montataire\/\" target=\"_blank\" rel=\"noreferrer noopener\">snel <\/a>of een <a href=\"https:\/\/www.creilsudoise-tourisme.fr\/nl\/espace-naturel\/marais-de-chantraine\/\" target=\"_blank\" rel=\"noreferrer noopener\">moeras<\/a>...er zijn zelfs <a href=\"https:\/\/www.creilsudoise-tourisme.fr\/nl\/espace-naturel\/vierkant-japans-phillippe-decourtray\/\" target=\"_blank\" rel=\"noreferrer noopener\">een park met een Japanse uitstraling<\/a> !<\/p>\n\n\n\n<figure class=\"wp-block-embed is-type-video is-provider-youtube wp-block-embed-youtube wp-embed-aspect-16-9 wp-has-aspect-ratio\"><div class=\"wp-block-embed__wrapper\">\n<iframe loading=\"lazy\" title=\"Wandel langs de oevers van Saint-Leu-d&#039;Esserent | Creil Sud Oise Tourisme\" width=\"500\" height=\"281\" data-src=\"https:\/\/www.youtube.com\/embed\/Lrdcfwg_4bY?feature=oembed\" frameborder=\"0\" allow=\"accelerometer; autoplay; clipboard-write; encrypted-media; gyroscope; picture-in-picture; web-share\" referrerpolicy=\"strict-origin-when-cross-origin\" allowfullscreen><\/iframe>\n<\/div><figcaption class=\"wp-element-caption\">Ontdek de oevers van de Oise in Saint-Leu-d'Esserent<\/figcaption><\/figure>\n\n\n\n\n\n<div class=\"wp-block-strate-full alignfull\">\n\n    <div class=\"wp-block-strate-full-thumbnail\">\n        <img data-src=\"https:\/\/www.creilsudoise-tourisme.fr\/wp-content\/uploads\/2023\/04\/Promenade-aux-Glachoirs.jpg\" alt=\"Wandeling naar de Iceboxes\">\n    <\/div>\n\n\t\n        <div class=\"wp-block-strate-full-content wp-block-strate-full-content-left\">\n\t\t\t\t\t\t                <p class=\"wp-block-strate-full-content-excerpt\"> Van <strong>zachte paden<\/strong> steken de bestemming Creil Sud Oise over en voegen zich bij de<strong> afdelingsroutes.<\/strong> <\/p>\n\t\t\t        <\/div>\n\n\t\n<\/div>\n\n\n\n<h2 id=\"itineraires-departementaux\">Belangrijke afdelingsroutes<\/h2>\n\n\n\n<p>De bestemming Creil Sud Oise wordt doorkruist door <strong>twee grote afdelingsroutes<\/strong> : <strong>De Trans'Oise <\/strong>en de fietstocht <strong>Het massief van de Trois For\u00eats<\/strong>.<\/p>\n\n\n\n<h3>De Trans'Oise<\/h3>\n\n\n\n<p>Niet ver van de bestemming Creil Sud Oise, de<a href=\"https:\/\/www.avenuevertelondonparis.com\/\" target=\"_blank\" rel=\"noreferrer noopener\">Avenue Verte Londen-Parijs<\/a> en de<a href=\"https:\/\/www.scandiberique.fr\/\" target=\"_blank\" rel=\"noreferrer noopener\">Euroveloroute n\u00b03 Scandiberique<\/a>. Voeg deze routes samen door de <strong>Trans'Oise<\/strong>a <strong>een zachte rijbaan die te voet, met de fiets of zelfs op skeelers kan worden gebruikt!<\/strong><\/p>\n\n\n\n<p>Plan uw route in zachte modus met&nbsp;<a href=\"https:\/\/www.oise-mobilite.fr\/\" target=\"_blank\" rel=\"noreferrer noopener\">Oise Mobiliteit<\/a>&nbsp;(door te kiezen voor vervoer per fiets)!<\/p>\n\n\n\n<div class=\"is-content-justification-center is-layout-flex wp-container-23 wp-block-buttons\">\n<div class=\"wp-block-button\"><a class=\"wp-block-button__link wp-element-button\" href=\"https:\/\/www.oise-mobilite.fr\/fr\/part14\/transoise\/1014\" target=\"_blank\" rel=\"noreferrer noopener\">De Trans'Oise<\/a><\/div>\n<\/div>\n\n\n\n<h3>Het massief van de Trois For\u00eats<\/h3>\n\n\n\n<p>Ga fietsen in <strong>de ontdekking van de drie mooiste bossen van de Oise<\/strong> ! Volg de afdelingsroute <strong>Het massief van de Trois For\u00eat<\/strong> en bewonder de natuurgebieden van Chantilly, Ermenonville en Halatte vanuit Saint-Maximin (waar u ook de <a href=\"https:\/\/www.creilsudoise-tourisme.fr\/nl\/jexplore\/must-haves\/maison-de-la-pierre\/\" target=\"_blank\" rel=\"noreferrer noopener\">Stone House<\/a> om de geschiedenis te ontdekken van de steengroeven die het zuiden van de Oise hebben gevormd). <\/p>\n\n\n\n<p>Deze route kruist de <a href=\"https:\/\/www.parc-oise-paysdefrance.fr\/\" target=\"_blank\" rel=\"noreferrer noopener\">Regionaal Natuurpark Oise-Pays de France<\/a>die voorstelt om<strong> veel idee\u00ebn voor wandelingen en trektochten<\/strong> Aarzel niet om hun gemarkeerde routes te volgen! <\/p>\n\n\n\n<div class=\"is-content-justification-center is-layout-flex wp-container-24 wp-block-buttons\">\n<div class=\"wp-block-button\"><a class=\"wp-block-button__link wp-element-button\" href=\"https:\/\/www.oisetourisme.com\/itineraire\/le-massif-des-trois-forets\/\" target=\"_blank\" rel=\"noreferrer noopener\">Het Drie Wouden Massief<\/a><\/div>\n<\/div>\n\n\n\n<div class=\"wp-block-strate-full alignfull\">\n\n    <div class=\"wp-block-strate-full-thumbnail\">\n        <img data-src=\"https:\/\/www.creilsudoise-tourisme.fr\/wp-content\/uploads\/2023\/04\/Randonnee-Entre-Champs-et-Vallee-1600x900.jpg\" alt=\"Wandelen tussen velden en dalen\">\n    <\/div>\n\n\t\n        <div class=\"wp-block-strate-full-content wp-block-strate-full-content-right\">\n\t\t\t\t\t\t                <p class=\"wp-block-strate-full-content-excerpt\"> Geniet van een <strong>Een door de club georganiseerde wandeling om in een groep te lopen!<\/strong> <\/p>\n\t\t\t        <\/div>\n\n\t\n<\/div>\n\n\n\n<h2>Wandelen met een wandelclub<\/h2>\n\n\n\n<p>Je bent op zoek naar een <strong><a href=\"https:\/\/www.creilsudoise-tourisme.fr\/nl\/2022\/01\/24\/wandeling\/\" target=\"_blank\" rel=\"noreferrer noopener\">wandelclub<\/a> om in een groep te lopen <\/strong>of wat sportievere wandelactiviteiten uitproberen? Ontdek<strong> verenigingen die regelmatig uitstapjes en wandelingen organiseren <\/strong>in en rond Creil Sud Oise!<\/p>\n\n\n\n<p>Sommige bieden alleen <strong>wandelend<\/strong>Anderen associ\u00ebren ook de <strong>fiets<\/strong>.<\/p>\n\n\n\n<div class=\"is-content-justification-center is-layout-flex wp-container-25 wp-block-buttons\">\n<div class=\"wp-block-button\"><a class=\"wp-block-button__link wp-element-button\" href=\"https:\/\/www.creilsudoise-tourisme.fr\/nl\/2022\/01\/24\/wandeling\/\" target=\"_blank\" rel=\"noreferrer noopener\">De clubs<\/a><\/div>\n<\/div>\n\n\n<div data-related-sit=\"1\" data-block-type=\"related-sit-gt\" data-block-id=\"wpet-sit-18fnhwwa5hs\"><div class=\"wp-block wp-block-related-post wp-block-related-list-sit alignfull\">\n    \n    <div class=\"container\">\n\n                    <h2 class=\"wp-block-related-post-title\">Komende wandelingen<\/h2>\n        \n                    <div id=\"wpiris-related-post-140\" data-id=\"wpiris-entity-slider\">\n                <div class=\"wp-block-related-post-list wp-block-related-post-list--3\" data-id=\"wpiris-entity-slider-wrapper\">\n\n                    \n<div class=\"entityItem\" data-trigger=\"wpiris-click\" data-id=\"wpiris-entity-slider-item\">\n    <p class=\"entityItemThumbnail\">\n        <a href=\"https:\/\/www.creilsudoise-tourisme.fr\/nl\/agenda-animations\/les-relais-de-lacso\/\" nofancybox>\n            <img data-src=\"https:\/\/www.creilsudoise-tourisme.fr\/wp-content\/uploads\/wpetourisme\/relais-de-l-ACSO-2026-700x700px-275x350.jpg\" alt=\"De ACSO Estafettes\">\n        <\/a>\n    <\/p>\n    <div class=\"entityItemContent\">\n        <h2 class=\"entityItemContentTitle\">\n            <a href=\"https:\/\/www.creilsudoise-tourisme.fr\/nl\/agenda-animations\/les-relais-de-lacso\/\">De ACSO Estafettes<\/a>\n        <\/h2>\n                    <p class=\"entityItemContentType\">Festivals en evenementen<\/p>\n            <\/div>\n    <a href=\"https:\/\/www.creilsudoise-tourisme.fr\/nl\/agenda-animations\/les-relais-de-lacso\/\" class=\"seeMore\"><span class=\"sr-only\">Meer zien<\/span><\/a>\n<\/div>\n\n<div class=\"entityItem\" data-trigger=\"wpiris-click\" data-id=\"wpiris-entity-slider-item\">\n    <p class=\"entityItemThumbnail\">\n        <a href=\"https:\/\/www.creilsudoise-tourisme.fr\/nl\/agenda-animations\/60-kms-de-marche-de-loise-10e-editie\/\" nofancybox>\n            <img data-src=\"https:\/\/www.creilsudoise-tourisme.fr\/wp-content\/uploads\/wpetourisme\/Affiche-Les-60-km-marche-Rando-Sud-Oise-27-28-juin-2026-275x350.jpg\" alt=\"LES 60 KMS DE MARCHE DE L&#039;OISE 10e EDE\">\n        <\/a>\n    <\/p>\n    <div class=\"entityItemContent\">\n        <h2 class=\"entityItemContentTitle\">\n            <a href=\"https:\/\/www.creilsudoise-tourisme.fr\/nl\/agenda-animations\/60-kms-de-marche-de-loise-10e-editie\/\">LES 60 KMS DE MARCHE DE L'OISE 10e EDE<\/a>\n        <\/h2>\n                    <p class=\"entityItemContentType\">Festivals en evenementen<\/p>\n            <\/div>\n    <a href=\"https:\/\/www.creilsudoise-tourisme.fr\/nl\/agenda-animations\/60-kms-de-marche-de-loise-10e-editie\/\" class=\"seeMore\"><span class=\"sr-only\">Meer zien<\/span><\/a>\n<\/div>\n\n<div class=\"entityItem\" data-trigger=\"wpiris-click\" data-id=\"wpiris-entity-slider-item\">\n    <p class=\"entityItemThumbnail\">\n        <a href=\"https:\/\/www.creilsudoise-tourisme.fr\/nl\/agenda-animations\/wandel-de-60kms-van-loise-wandelen\/\" nofancybox>\n            <img data-src=\"https:\/\/www.creilsudoise-tourisme.fr\/wp-content\/uploads\/wpetourisme\/Affiche-Les-60-km-marche-Rando-Sud-Oise-27-28-juin-2026-2-275x350.jpg\" alt=\"Wandelen | De 60 km lange wandeling in de Oise\">\n        <\/a>\n    <\/p>\n    <div class=\"entityItemContent\">\n        <h2 class=\"entityItemContentTitle\">\n            <a href=\"https:\/\/www.creilsudoise-tourisme.fr\/nl\/agenda-animations\/wandel-de-60kms-van-loise-wandelen\/\">Wandelen | De 60 km lange wandeling in de Oise<\/a>\n        <\/h2>\n                    <p class=\"entityItemContentType\">Festivals en evenementen<\/p>\n            <\/div>\n    <a href=\"https:\/\/www.creilsudoise-tourisme.fr\/nl\/agenda-animations\/wandel-de-60kms-van-loise-wandelen\/\" class=\"seeMore\"><span class=\"sr-only\">Meer zien<\/span><\/a>\n<\/div>\n                <\/div>\n\n                            <\/div>\n            <\/div>\n<\/div><\/div>\n\n\n<hr class=\"wp-block-separator has-alpha-channel-opacity\"\/>","protected":false},"excerpt":{"rendered":"<p>Tussen bossen en steengroeven, dynamische steden en dorpen die typisch zijn voor het zuiden van de Oise, biedt de Destination Creil Sud Oise je een ideale omgeving om te wandelen en te hiken. Wandelen op bewegwijzerde paden Bestemming Creil Sud Oise is vol met wandelpaden, waarvan vele bewegwijzerd zijn en zijn opgenomen in het departementale wandelplan.<\/p>","protected":false},"author":3,"featured_media":47225,"parent":131,"menu_order":1,"comment_status":"closed","ping_status":"closed","template":"","meta":{"_relevanssi_hide_post":"","_relevanssi_hide_content":"","_relevanssi_pin_for_all":"","_relevanssi_pin_keywords":"","_relevanssi_unpin_keywords":"","_relevanssi_related_keywords":"","_relevanssi_related_include_ids":"","_relevanssi_related_exclude_ids":"","_relevanssi_related_no_append":"","_relevanssi_related_not_related":"","_relevanssi_related_posts":"37951,40454,36653,43630,37932,36660","_relevanssi_noindex_reason":""},"yoast_head":"<!-- This site is optimized with the Yoast SEO plugin v20.2.1 - https:\/\/yoast.com\/wordpress\/plugins\/seo\/ -->\n<title>Randonner \u00e0 Creil Sud Oise<\/title>\n<meta name=\"description\" content=\"Envie de partir en randonn\u00e9e ? D\u00e9couvrez des chemins de randonn\u00e9es et des itin\u00e9raires balis\u00e9s, pour des balades \u00e0 pied, en v\u00e9lo ou \u00e0 cheval !\" \/>\n<meta name=\"robots\" content=\"index, follow, max-snippet:-1, max-image-preview:large, max-video-preview:-1\" \/>\n<link rel=\"canonical\" href=\"https:\/\/www.creilsudoise-tourisme.fr\/nl\/jexplore\/must-haves\/wandelen\/\" \/>\n<meta property=\"og:locale\" content=\"nl_NL\" \/>\n<meta property=\"og:type\" content=\"article\" \/>\n<meta property=\"og:title\" content=\"Randonner \u00e0 Creil Sud Oise\" \/>\n<meta property=\"og:description\" content=\"Envie de partir en randonn\u00e9e ? D\u00e9couvrez des chemins de randonn\u00e9es et des itin\u00e9raires balis\u00e9s, pour des balades \u00e0 pied, en v\u00e9lo ou \u00e0 cheval !\" \/>\n<meta property=\"og:url\" content=\"https:\/\/www.creilsudoise-tourisme.fr\/nl\/jexplore\/must-haves\/wandelen\/\" \/>\n<meta property=\"og:site_name\" content=\"Office de Tourisme Creil Sud Oise\" \/>\n<meta property=\"article:publisher\" content=\"https:\/\/www.facebook.com\/creilsudoisetourisme\/\" \/>\n<meta property=\"article:modified_time\" content=\"2025-09-15T07:43:27+00:00\" \/>\n<meta property=\"og:image\" content=\"https:\/\/www.creilsudoise-tourisme.fr\/wp-content\/uploads\/2023\/04\/Randonnee_Creil-Sud-Oise.jpg\" \/>\n\t<meta property=\"og:image:width\" content=\"1740\" \/>\n\t<meta property=\"og:image:height\" content=\"979\" \/>\n\t<meta property=\"og:image:type\" content=\"image\/jpeg\" \/>\n<meta name=\"twitter:card\" content=\"summary_large_image\" \/>\n<meta name=\"twitter:site\" content=\"@CreilSudOiseOT\" \/>\n<meta name=\"twitter:label1\" content=\"Geschatte leestijd\" \/>\n\t<meta name=\"twitter:data1\" content=\"4 minuten\" \/>\n<script type=\"application\/ld+json\" class=\"yoast-schema-graph\">{\"@context\":\"https:\/\/schema.org\",\"@graph\":[{\"@type\":\"WebPage\",\"@id\":\"https:\/\/www.creilsudoise-tourisme.fr\/jexplore\/incontournables\/randonner\/\",\"url\":\"https:\/\/www.creilsudoise-tourisme.fr\/jexplore\/incontournables\/randonner\/\",\"name\":\"Randonner \u00e0 Creil Sud Oise\",\"isPartOf\":{\"@id\":\"https:\/\/www.creilsudoise-tourisme.fr\/#website\"},\"datePublished\":\"2023-04-17T14:58:29+00:00\",\"dateModified\":\"2025-09-15T07:43:27+00:00\",\"description\":\"Envie de partir en randonn\u00e9e ? D\u00e9couvrez des chemins de randonn\u00e9es et des itin\u00e9raires balis\u00e9s, pour des balades \u00e0 pied, en v\u00e9lo ou \u00e0 cheval !\",\"breadcrumb\":{\"@id\":\"https:\/\/www.creilsudoise-tourisme.fr\/jexplore\/incontournables\/randonner\/#breadcrumb\"},\"inLanguage\":\"nl\",\"potentialAction\":[{\"@type\":\"ReadAction\",\"target\":[\"https:\/\/www.creilsudoise-tourisme.fr\/jexplore\/incontournables\/randonner\/\"]}]},{\"@type\":\"BreadcrumbList\",\"@id\":\"https:\/\/www.creilsudoise-tourisme.fr\/jexplore\/incontournables\/randonner\/#breadcrumb\",\"itemListElement\":[{\"@type\":\"ListItem\",\"position\":1,\"name\":\"Accueil\",\"item\":\"https:\/\/www.creilsudoise-tourisme.fr\/\"},{\"@type\":\"ListItem\",\"position\":2,\"name\":\"J&rsquo;explore\",\"item\":\"https:\/\/www.creilsudoise-tourisme.fr\/jexplore\/\"},{\"@type\":\"ListItem\",\"position\":3,\"name\":\"Les incontournables\",\"item\":\"https:\/\/www.creilsudoise-tourisme.fr\/jexplore\/incontournables\/\"},{\"@type\":\"ListItem\",\"position\":4,\"name\":\"Les balades &#038; randonn\u00e9es\"}]},{\"@type\":\"WebSite\",\"@id\":\"https:\/\/www.creilsudoise-tourisme.fr\/#website\",\"url\":\"https:\/\/www.creilsudoise-tourisme.fr\/\",\"name\":\"Office de Tourisme Creil Sud Oise\",\"description\":\"Creil Sud Oise Tourisme, un territoire \u00e0 explorer !\",\"publisher\":{\"@id\":\"https:\/\/www.creilsudoise-tourisme.fr\/#organization\"},\"potentialAction\":[{\"@type\":\"SearchAction\",\"target\":{\"@type\":\"EntryPoint\",\"urlTemplate\":\"https:\/\/www.creilsudoise-tourisme.fr\/?s={search_term_string}\"},\"query-input\":\"required name=search_term_string\"}],\"inLanguage\":\"nl\"},{\"@type\":\"Organization\",\"@id\":\"https:\/\/www.creilsudoise-tourisme.fr\/#organization\",\"name\":\"Creil Sud Oise Tourisme\",\"url\":\"https:\/\/www.creilsudoise-tourisme.fr\/\",\"logo\":{\"@type\":\"ImageObject\",\"inLanguage\":\"nl\",\"@id\":\"https:\/\/www.creilsudoise-tourisme.fr\/#\/schema\/logo\/image\/\",\"url\":\"https:\/\/www.creilsudoise-tourisme.fr\/wp-content\/uploads\/2021\/05\/logo-svg.png\",\"contentUrl\":\"https:\/\/www.creilsudoise-tourisme.fr\/wp-content\/uploads\/2021\/05\/logo-svg.png\",\"width\":182,\"height\":71,\"caption\":\"Creil Sud Oise Tourisme\"},\"image\":{\"@id\":\"https:\/\/www.creilsudoise-tourisme.fr\/#\/schema\/logo\/image\/\"},\"sameAs\":[\"https:\/\/www.facebook.com\/creilsudoisetourisme\/\",\"https:\/\/twitter.com\/CreilSudOiseOT\",\"https:\/\/www.instagram.com\/creilsudoisetourisme\/\",\"https:\/\/www.youtube.com\/channel\/UC8L_QD2wwyADW14zt9fY8kw\"]}]}<\/script>\n<!-- \/ Yoast SEO plugin. -->","yoast_head_json":{"title":"Randonner \u00e0 Creil Sud Oise","description":"Envie de partir en randonn\u00e9e ? D\u00e9couvrez des chemins de randonn\u00e9es et des itin\u00e9raires balis\u00e9s, pour des balades \u00e0 pied, en v\u00e9lo ou \u00e0 cheval !","robots":{"index":"index","follow":"follow","max-snippet":"max-snippet:-1","max-image-preview":"max-image-preview:large","max-video-preview":"max-video-preview:-1"},"canonical":"https:\/\/www.creilsudoise-tourisme.fr\/nl\/jexplore\/must-haves\/wandelen\/","og_locale":"nl_NL","og_type":"article","og_title":"Randonner \u00e0 Creil Sud Oise","og_description":"Envie de partir en randonn\u00e9e ? D\u00e9couvrez des chemins de randonn\u00e9es et des itin\u00e9raires balis\u00e9s, pour des balades \u00e0 pied, en v\u00e9lo ou \u00e0 cheval !","og_url":"https:\/\/www.creilsudoise-tourisme.fr\/nl\/jexplore\/must-haves\/wandelen\/","og_site_name":"Office de Tourisme Creil Sud Oise","article_publisher":"https:\/\/www.facebook.com\/creilsudoisetourisme\/","article_modified_time":"2025-09-15T07:43:27+00:00","og_image":[{"width":1740,"height":979,"url":"https:\/\/www.creilsudoise-tourisme.fr\/wp-content\/uploads\/2023\/04\/Randonnee_Creil-Sud-Oise.jpg","type":"image\/jpeg"}],"twitter_card":"summary_large_image","twitter_site":"@CreilSudOiseOT","twitter_misc":{"Geschatte leestijd":"4 minuten"},"schema":{"@context":"https:\/\/schema.org","@graph":[{"@type":"WebPage","@id":"https:\/\/www.creilsudoise-tourisme.fr\/jexplore\/incontournables\/randonner\/","url":"https:\/\/www.creilsudoise-tourisme.fr\/jexplore\/incontournables\/randonner\/","name":"Randonner \u00e0 Creil Sud Oise","isPartOf":{"@id":"https:\/\/www.creilsudoise-tourisme.fr\/#website"},"datePublished":"2023-04-17T14:58:29+00:00","dateModified":"2025-09-15T07:43:27+00:00","description":"Envie de partir en randonn\u00e9e ? D\u00e9couvrez des chemins de randonn\u00e9es et des itin\u00e9raires balis\u00e9s, pour des balades \u00e0 pied, en v\u00e9lo ou \u00e0 cheval !","breadcrumb":{"@id":"https:\/\/www.creilsudoise-tourisme.fr\/jexplore\/incontournables\/randonner\/#breadcrumb"},"inLanguage":"nl","potentialAction":[{"@type":"ReadAction","target":["https:\/\/www.creilsudoise-tourisme.fr\/jexplore\/incontournables\/randonner\/"]}]},{"@type":"BreadcrumbList","@id":"https:\/\/www.creilsudoise-tourisme.fr\/jexplore\/incontournables\/randonner\/#breadcrumb","itemListElement":[{"@type":"ListItem","position":1,"name":"Accueil","item":"https:\/\/www.creilsudoise-tourisme.fr\/"},{"@type":"ListItem","position":2,"name":"J&rsquo;explore","item":"https:\/\/www.creilsudoise-tourisme.fr\/jexplore\/"},{"@type":"ListItem","position":3,"name":"Les incontournables","item":"https:\/\/www.creilsudoise-tourisme.fr\/jexplore\/incontournables\/"},{"@type":"ListItem","position":4,"name":"Les balades &#038; randonn\u00e9es"}]},{"@type":"WebSite","@id":"https:\/\/www.creilsudoise-tourisme.fr\/#website","url":"https:\/\/www.creilsudoise-tourisme.fr\/","name":"Office de Tourisme Creil Sud Oise","description":"Creil Sud Oise Tourisme, un territoire \u00e0 explorer !","publisher":{"@id":"https:\/\/www.creilsudoise-tourisme.fr\/#organization"},"potentialAction":[{"@type":"SearchAction","target":{"@type":"EntryPoint","urlTemplate":"https:\/\/www.creilsudoise-tourisme.fr\/?s={search_term_string}"},"query-input":"required name=search_term_string"}],"inLanguage":"nl"},{"@type":"Organization","@id":"https:\/\/www.creilsudoise-tourisme.fr\/#organization","name":"Creil Sud Oise Tourisme","url":"https:\/\/www.creilsudoise-tourisme.fr\/","logo":{"@type":"ImageObject","inLanguage":"nl","@id":"https:\/\/www.creilsudoise-tourisme.fr\/#\/schema\/logo\/image\/","url":"https:\/\/www.creilsudoise-tourisme.fr\/wp-content\/uploads\/2021\/05\/logo-svg.png","contentUrl":"https:\/\/www.creilsudoise-tourisme.fr\/wp-content\/uploads\/2021\/05\/logo-svg.png","width":182,"height":71,"caption":"Creil Sud Oise Tourisme"},"image":{"@id":"https:\/\/www.creilsudoise-tourisme.fr\/#\/schema\/logo\/image\/"},"sameAs":["https:\/\/www.facebook.com\/creilsudoisetourisme\/","https:\/\/twitter.com\/CreilSudOiseOT","https:\/\/www.instagram.com\/creilsudoisetourisme\/","https:\/\/www.youtube.com\/channel\/UC8L_QD2wwyADW14zt9fY8kw"]}]}},"_links":{"self":[{"href":"https:\/\/www.creilsudoise-tourisme.fr\/nl\/wp-json\/wp\/v2\/pages\/47202"}],"collection":[{"href":"https:\/\/www.creilsudoise-tourisme.fr\/nl\/wp-json\/wp\/v2\/pages"}],"about":[{"href":"https:\/\/www.creilsudoise-tourisme.fr\/nl\/wp-json\/wp\/v2\/types\/page"}],"author":[{"embeddable":true,"href":"https:\/\/www.creilsudoise-tourisme.fr\/nl\/wp-json\/wp\/v2\/users\/3"}],"replies":[{"embeddable":true,"href":"https:\/\/www.creilsudoise-tourisme.fr\/nl\/wp-json\/wp\/v2\/comments?post=47202"}],"version-history":[{"count":26,"href":"https:\/\/www.creilsudoise-tourisme.fr\/nl\/wp-json\/wp\/v2\/pages\/47202\/revisions"}],"predecessor-version":[{"id":65146,"href":"https:\/\/www.creilsudoise-tourisme.fr\/nl\/wp-json\/wp\/v2\/pages\/47202\/revisions\/65146"}],"up":[{"embeddable":true,"href":"https:\/\/www.creilsudoise-tourisme.fr\/nl\/wp-json\/wp\/v2\/pages\/131"}],"wp:featuredmedia":[{"embeddable":true,"href":"https:\/\/www.creilsudoise-tourisme.fr\/nl\/wp-json\/wp\/v2\/media\/47225"}],"wp:attachment":[{"href":"https:\/\/www.creilsudoise-tourisme.fr\/nl\/wp-json\/wp\/v2\/media?parent=47202"}],"curies":[{"name":"wp","href":"https:\/\/api.w.org\/{rel}","templated":true}]}}