{"id":44192,"date":"2023-01-27T15:46:56","date_gmt":"2023-01-27T14:46:56","guid":{"rendered":"https:\/\/www.creilsudoise-tourisme.fr\/?page_id=44192"},"modified":"2023-03-15T09:49:53","modified_gmt":"2023-03-15T08:49:53","slug":"rencontre-des-explorateurs-2023","status":"publish","type":"page","link":"https:\/\/www.creilsudoise-tourisme.fr\/nl\/espace-pro\/rencontres-ontdekkingsreizigers\/rencontres-des-explorateurs-2023\/","title":{"rendered":"#4 Ontmoeting van de Ontdekkingsreizigers (2023)"},"content":{"rendered":"<p class=\"is-style-excerpt\">De <strong>28 februari 2023<\/strong>, \u00e0 <strong>de culturele ruimte van de Fa\u00efencerie<\/strong> in Creil was de vierde <strong>Ontmoeting van ontdekkingsreizigers<\/strong>een evenement georganiseerd door het bureau voor toerisme van Creil Sud Oise en <strong>gewijd aan toeristische professionals en ambassadeurs van de Bestemming<\/strong>.<\/p>\n\n\n\n<div class=\"is-layout-flex wp-container-3 wp-block-columns\">\n<div class=\"is-layout-flow wp-block-column\" style=\"flex-basis:33.33%\">\n<figure class=\"wp-block-image size-large\"><img decoding=\"async\" loading=\"lazy\" width=\"817\" height=\"989\" data-src=\"https:\/\/www.creilsudoise-tourisme.fr\/wp-content\/uploads\/2023\/01\/Rex4.jpg\" alt=\"Ontmoet de ontdekkingsreizigers 4\" class=\"wp-image-44194\" data-srcset=\"https:\/\/www.creilsudoise-tourisme.fr\/wp-content\/uploads\/2023\/01\/Rex4.jpg 817w, https:\/\/www.creilsudoise-tourisme.fr\/wp-content\/uploads\/2023\/01\/Rex4-496x600.jpg 496w, https:\/\/www.creilsudoise-tourisme.fr\/wp-content\/uploads\/2023\/01\/Rex4-743x900.jpg 743w, https:\/\/www.creilsudoise-tourisme.fr\/wp-content\/uploads\/2023\/01\/Rex4-200x242.jpg 200w, https:\/\/www.creilsudoise-tourisme.fr\/wp-content\/uploads\/2023\/01\/Rex4-650x787.jpg 650w, https:\/\/www.creilsudoise-tourisme.fr\/wp-content\/uploads\/2023\/01\/Rex4-387x468.jpg 387w\" sizes=\"(max-width: 817px) 100vw, 817px\" \/><\/figure>\n<\/div>\n\n\n\n<div class=\"is-layout-flow wp-block-column\" style=\"flex-basis:66.66%\">\n<p>Raadpleeg de <strong>recensie van de vierde Ontdekkingsreiziger Encounter<\/strong> en kom meer te weten over het programma van deze dag, met onder andere twee workshops over de communicatiemiddelen van het toeristenbureau en de <strong>backstage tour van de <a href=\"https:\/\/www.creilsudoise-tourisme.fr\/nl\/loisirs\/la-faiencerie-theatre\/\" target=\"_blank\" rel=\"noreferrer noopener\">Faience-Theater<\/a> Creil en <a href=\"https:\/\/www.creilsudoise-tourisme.fr\/nl\/patrimoine\/musee-galle-juillet-2\/\" target=\"_blank\" rel=\"noreferrer noopener\">Gall\u00e9-Juillet Museum<\/a> ook in Creil<\/strong> ! De dag bracht 34 deelnemers samen!<\/p>\n\n\n\n<p><a href=\"https:\/\/www.creilsudoise-tourisme.fr\/wp-content\/uploads\/2023\/03\/Bilan-de-la-4e-Rencontre-des-explorateurs-2023-1.pdf\" target=\"_blank\" rel=\"noreferrer noopener\">Herziening van de 4<sup>\u00e8me <\/sup>Ontmoeting van ontdekkingsreizigers<\/a><\/p>\n<\/div>\n<\/div>","protected":false},"excerpt":{"rendered":"<p>Op 28 februari 2023 vond in het Espace culturel de la Fa\u00efencerie in Creil de vierde Rencontre des Explorateurs plaats, een bijeenkomst georganiseerd door het Office de Tourisme Creil Sud Oise en bestemd voor toeristische professionals en ambassadeurs van de Bestemming. Lees het verslag van de vierde Rencontre des Explorateurs en ontdek het programma [...]<\/p>","protected":false},"author":3,"featured_media":45982,"parent":211,"menu_order":2,"comment_status":"closed","ping_status":"closed","template":"","meta":{"_relevanssi_hide_post":"","_relevanssi_hide_content":"","_relevanssi_pin_for_all":"","_relevanssi_pin_keywords":"","_relevanssi_unpin_keywords":"","_relevanssi_related_keywords":"","_relevanssi_related_include_ids":"","_relevanssi_related_exclude_ids":"","_relevanssi_related_no_append":"","_relevanssi_related_not_related":"","_relevanssi_related_posts":"275,271,267,273","_relevanssi_noindex_reason":""},"yoast_head":"<!-- This site is optimized with the Yoast SEO plugin v20.2.1 - https:\/\/yoast.com\/wordpress\/plugins\/seo\/ -->\n<title>4\u00e8me Rencontre des Explorateurs a eu lieu \u00e0 la Fa\u00efencerie-Th\u00e9\u00e2tre<\/title>\n<meta name=\"description\" content=\"D\u00e9couvrez la quatri\u00e8me Rencontre des Explorateurs qui a eu lieu \u00e0 la Fa\u00efencerie-Th\u00e9\u00e2tre de Creil le 28 f\u00e9vrier 2023.\" \/>\n<meta name=\"robots\" content=\"index, follow, max-snippet:-1, max-image-preview:large, max-video-preview:-1\" \/>\n<link rel=\"canonical\" href=\"https:\/\/www.creilsudoise-tourisme.fr\/nl\/espace-pro\/rencontres-ontdekkingsreizigers\/rencontres-des-explorateurs-2023\/\" \/>\n<meta property=\"og:locale\" content=\"nl_NL\" \/>\n<meta property=\"og:type\" content=\"article\" \/>\n<meta property=\"og:title\" content=\"4\u00e8me Rencontre des Explorateurs a eu lieu \u00e0 la Fa\u00efencerie-Th\u00e9\u00e2tre\" \/>\n<meta property=\"og:description\" content=\"D\u00e9couvrez la quatri\u00e8me Rencontre des Explorateurs qui a eu lieu \u00e0 la Fa\u00efencerie-Th\u00e9\u00e2tre de Creil le 28 f\u00e9vrier 2023.\" \/>\n<meta property=\"og:url\" content=\"https:\/\/www.creilsudoise-tourisme.fr\/nl\/espace-pro\/rencontres-ontdekkingsreizigers\/rencontres-des-explorateurs-2023\/\" \/>\n<meta property=\"og:site_name\" content=\"Office de Tourisme Creil Sud Oise\" \/>\n<meta property=\"article:publisher\" content=\"https:\/\/www.facebook.com\/creilsudoisetourisme\/\" \/>\n<meta property=\"article:modified_time\" content=\"2023-03-15T08:49:53+00:00\" \/>\n<meta property=\"og:image\" content=\"https:\/\/www.creilsudoise-tourisme.fr\/wp-content\/uploads\/2023\/03\/4eme-Rencontre-des-Explorateurs.jpg\" \/>\n\t<meta property=\"og:image:width\" content=\"1920\" \/>\n\t<meta property=\"og:image:height\" content=\"1080\" \/>\n\t<meta property=\"og:image:type\" content=\"image\/jpeg\" \/>\n<meta name=\"twitter:card\" content=\"summary_large_image\" \/>\n<meta name=\"twitter:site\" content=\"@CreilSudOiseOT\" \/>\n<meta name=\"twitter:label1\" content=\"Geschatte leestijd\" \/>\n\t<meta name=\"twitter:data1\" content=\"1 minuut\" \/>\n<script type=\"application\/ld+json\" class=\"yoast-schema-graph\">{\"@context\":\"https:\/\/schema.org\",\"@graph\":[{\"@type\":\"WebPage\",\"@id\":\"https:\/\/www.creilsudoise-tourisme.fr\/espace-pro\/rencontres-explorateurs\/rencontre-des-explorateurs-2023\/\",\"url\":\"https:\/\/www.creilsudoise-tourisme.fr\/espace-pro\/rencontres-explorateurs\/rencontre-des-explorateurs-2023\/\",\"name\":\"4\u00e8me Rencontre des Explorateurs a eu lieu \u00e0 la Fa\u00efencerie-Th\u00e9\u00e2tre\",\"isPartOf\":{\"@id\":\"https:\/\/www.creilsudoise-tourisme.fr\/#website\"},\"datePublished\":\"2023-01-27T14:46:56+00:00\",\"dateModified\":\"2023-03-15T08:49:53+00:00\",\"description\":\"D\u00e9couvrez la quatri\u00e8me Rencontre des Explorateurs qui a eu lieu \u00e0 la Fa\u00efencerie-Th\u00e9\u00e2tre de Creil le 28 f\u00e9vrier 2023.\",\"breadcrumb\":{\"@id\":\"https:\/\/www.creilsudoise-tourisme.fr\/espace-pro\/rencontres-explorateurs\/rencontre-des-explorateurs-2023\/#breadcrumb\"},\"inLanguage\":\"nl\",\"potentialAction\":[{\"@type\":\"ReadAction\",\"target\":[\"https:\/\/www.creilsudoise-tourisme.fr\/espace-pro\/rencontres-explorateurs\/rencontre-des-explorateurs-2023\/\"]}]},{\"@type\":\"BreadcrumbList\",\"@id\":\"https:\/\/www.creilsudoise-tourisme.fr\/espace-pro\/rencontres-explorateurs\/rencontre-des-explorateurs-2023\/#breadcrumb\",\"itemListElement\":[{\"@type\":\"ListItem\",\"position\":1,\"name\":\"Accueil\",\"item\":\"https:\/\/www.creilsudoise-tourisme.fr\/\"},{\"@type\":\"ListItem\",\"position\":2,\"name\":\"Espace pro\",\"item\":\"https:\/\/www.creilsudoise-tourisme.fr\/espace-pro\/\"},{\"@type\":\"ListItem\",\"position\":3,\"name\":\"Rencontres des explorateurs\",\"item\":\"https:\/\/www.creilsudoise-tourisme.fr\/espace-pro\/rencontres-explorateurs\/\"},{\"@type\":\"ListItem\",\"position\":4,\"name\":\"#4 Rencontre des Explorateurs (2023)\"}]},{\"@type\":\"WebSite\",\"@id\":\"https:\/\/www.creilsudoise-tourisme.fr\/#website\",\"url\":\"https:\/\/www.creilsudoise-tourisme.fr\/\",\"name\":\"Office de Tourisme Creil Sud Oise\",\"description\":\"Creil Sud Oise Tourisme, un territoire \u00e0 explorer !\",\"publisher\":{\"@id\":\"https:\/\/www.creilsudoise-tourisme.fr\/#organization\"},\"potentialAction\":[{\"@type\":\"SearchAction\",\"target\":{\"@type\":\"EntryPoint\",\"urlTemplate\":\"https:\/\/www.creilsudoise-tourisme.fr\/?s={search_term_string}\"},\"query-input\":\"required name=search_term_string\"}],\"inLanguage\":\"nl\"},{\"@type\":\"Organization\",\"@id\":\"https:\/\/www.creilsudoise-tourisme.fr\/#organization\",\"name\":\"Creil Sud Oise Tourisme\",\"url\":\"https:\/\/www.creilsudoise-tourisme.fr\/\",\"logo\":{\"@type\":\"ImageObject\",\"inLanguage\":\"nl\",\"@id\":\"https:\/\/www.creilsudoise-tourisme.fr\/#\/schema\/logo\/image\/\",\"url\":\"https:\/\/www.creilsudoise-tourisme.fr\/wp-content\/uploads\/2021\/05\/logo-svg.png\",\"contentUrl\":\"https:\/\/www.creilsudoise-tourisme.fr\/wp-content\/uploads\/2021\/05\/logo-svg.png\",\"width\":182,\"height\":71,\"caption\":\"Creil Sud Oise Tourisme\"},\"image\":{\"@id\":\"https:\/\/www.creilsudoise-tourisme.fr\/#\/schema\/logo\/image\/\"},\"sameAs\":[\"https:\/\/www.facebook.com\/creilsudoisetourisme\/\",\"https:\/\/twitter.com\/CreilSudOiseOT\",\"https:\/\/www.instagram.com\/creilsudoisetourisme\/\",\"https:\/\/www.youtube.com\/channel\/UC8L_QD2wwyADW14zt9fY8kw\"]}]}<\/script>\n<!-- \/ Yoast SEO plugin. -->","yoast_head_json":{"title":"4\u00e8me Rencontre des Explorateurs a eu lieu \u00e0 la Fa\u00efencerie-Th\u00e9\u00e2tre","description":"D\u00e9couvrez la quatri\u00e8me Rencontre des Explorateurs qui a eu lieu \u00e0 la Fa\u00efencerie-Th\u00e9\u00e2tre de Creil le 28 f\u00e9vrier 2023.","robots":{"index":"index","follow":"follow","max-snippet":"max-snippet:-1","max-image-preview":"max-image-preview:large","max-video-preview":"max-video-preview:-1"},"canonical":"https:\/\/www.creilsudoise-tourisme.fr\/nl\/espace-pro\/rencontres-ontdekkingsreizigers\/rencontres-des-explorateurs-2023\/","og_locale":"nl_NL","og_type":"article","og_title":"4\u00e8me Rencontre des Explorateurs a eu lieu \u00e0 la Fa\u00efencerie-Th\u00e9\u00e2tre","og_description":"D\u00e9couvrez la quatri\u00e8me Rencontre des Explorateurs qui a eu lieu \u00e0 la Fa\u00efencerie-Th\u00e9\u00e2tre de Creil le 28 f\u00e9vrier 2023.","og_url":"https:\/\/www.creilsudoise-tourisme.fr\/nl\/espace-pro\/rencontres-ontdekkingsreizigers\/rencontres-des-explorateurs-2023\/","og_site_name":"Office de Tourisme Creil Sud Oise","article_publisher":"https:\/\/www.facebook.com\/creilsudoisetourisme\/","article_modified_time":"2023-03-15T08:49:53+00:00","og_image":[{"width":1920,"height":1080,"url":"https:\/\/www.creilsudoise-tourisme.fr\/wp-content\/uploads\/2023\/03\/4eme-Rencontre-des-Explorateurs.jpg","type":"image\/jpeg"}],"twitter_card":"summary_large_image","twitter_site":"@CreilSudOiseOT","twitter_misc":{"Geschatte leestijd":"1 minuut"},"schema":{"@context":"https:\/\/schema.org","@graph":[{"@type":"WebPage","@id":"https:\/\/www.creilsudoise-tourisme.fr\/espace-pro\/rencontres-explorateurs\/rencontre-des-explorateurs-2023\/","url":"https:\/\/www.creilsudoise-tourisme.fr\/espace-pro\/rencontres-explorateurs\/rencontre-des-explorateurs-2023\/","name":"4\u00e8me Rencontre des Explorateurs a eu lieu \u00e0 la Fa\u00efencerie-Th\u00e9\u00e2tre","isPartOf":{"@id":"https:\/\/www.creilsudoise-tourisme.fr\/#website"},"datePublished":"2023-01-27T14:46:56+00:00","dateModified":"2023-03-15T08:49:53+00:00","description":"D\u00e9couvrez la quatri\u00e8me Rencontre des Explorateurs qui a eu lieu \u00e0 la Fa\u00efencerie-Th\u00e9\u00e2tre de Creil le 28 f\u00e9vrier 2023.","breadcrumb":{"@id":"https:\/\/www.creilsudoise-tourisme.fr\/espace-pro\/rencontres-explorateurs\/rencontre-des-explorateurs-2023\/#breadcrumb"},"inLanguage":"nl","potentialAction":[{"@type":"ReadAction","target":["https:\/\/www.creilsudoise-tourisme.fr\/espace-pro\/rencontres-explorateurs\/rencontre-des-explorateurs-2023\/"]}]},{"@type":"BreadcrumbList","@id":"https:\/\/www.creilsudoise-tourisme.fr\/espace-pro\/rencontres-explorateurs\/rencontre-des-explorateurs-2023\/#breadcrumb","itemListElement":[{"@type":"ListItem","position":1,"name":"Accueil","item":"https:\/\/www.creilsudoise-tourisme.fr\/"},{"@type":"ListItem","position":2,"name":"Espace pro","item":"https:\/\/www.creilsudoise-tourisme.fr\/espace-pro\/"},{"@type":"ListItem","position":3,"name":"Rencontres des explorateurs","item":"https:\/\/www.creilsudoise-tourisme.fr\/espace-pro\/rencontres-explorateurs\/"},{"@type":"ListItem","position":4,"name":"#4 Rencontre des Explorateurs (2023)"}]},{"@type":"WebSite","@id":"https:\/\/www.creilsudoise-tourisme.fr\/#website","url":"https:\/\/www.creilsudoise-tourisme.fr\/","name":"Office de Tourisme Creil Sud Oise","description":"Creil Sud Oise Tourisme, un territoire \u00e0 explorer !","publisher":{"@id":"https:\/\/www.creilsudoise-tourisme.fr\/#organization"},"potentialAction":[{"@type":"SearchAction","target":{"@type":"EntryPoint","urlTemplate":"https:\/\/www.creilsudoise-tourisme.fr\/?s={search_term_string}"},"query-input":"required name=search_term_string"}],"inLanguage":"nl"},{"@type":"Organization","@id":"https:\/\/www.creilsudoise-tourisme.fr\/#organization","name":"Creil Sud Oise Tourisme","url":"https:\/\/www.creilsudoise-tourisme.fr\/","logo":{"@type":"ImageObject","inLanguage":"nl","@id":"https:\/\/www.creilsudoise-tourisme.fr\/#\/schema\/logo\/image\/","url":"https:\/\/www.creilsudoise-tourisme.fr\/wp-content\/uploads\/2021\/05\/logo-svg.png","contentUrl":"https:\/\/www.creilsudoise-tourisme.fr\/wp-content\/uploads\/2021\/05\/logo-svg.png","width":182,"height":71,"caption":"Creil Sud Oise Tourisme"},"image":{"@id":"https:\/\/www.creilsudoise-tourisme.fr\/#\/schema\/logo\/image\/"},"sameAs":["https:\/\/www.facebook.com\/creilsudoisetourisme\/","https:\/\/twitter.com\/CreilSudOiseOT","https:\/\/www.instagram.com\/creilsudoisetourisme\/","https:\/\/www.youtube.com\/channel\/UC8L_QD2wwyADW14zt9fY8kw"]}]}},"_links":{"self":[{"href":"https:\/\/www.creilsudoise-tourisme.fr\/nl\/wp-json\/wp\/v2\/pages\/44192"}],"collection":[{"href":"https:\/\/www.creilsudoise-tourisme.fr\/nl\/wp-json\/wp\/v2\/pages"}],"about":[{"href":"https:\/\/www.creilsudoise-tourisme.fr\/nl\/wp-json\/wp\/v2\/types\/page"}],"author":[{"embeddable":true,"href":"https:\/\/www.creilsudoise-tourisme.fr\/nl\/wp-json\/wp\/v2\/users\/3"}],"replies":[{"embeddable":true,"href":"https:\/\/www.creilsudoise-tourisme.fr\/nl\/wp-json\/wp\/v2\/comments?post=44192"}],"version-history":[{"count":10,"href":"https:\/\/www.creilsudoise-tourisme.fr\/nl\/wp-json\/wp\/v2\/pages\/44192\/revisions"}],"predecessor-version":[{"id":46569,"href":"https:\/\/www.creilsudoise-tourisme.fr\/nl\/wp-json\/wp\/v2\/pages\/44192\/revisions\/46569"}],"up":[{"embeddable":true,"href":"https:\/\/www.creilsudoise-tourisme.fr\/nl\/wp-json\/wp\/v2\/pages\/211"}],"wp:featuredmedia":[{"embeddable":true,"href":"https:\/\/www.creilsudoise-tourisme.fr\/nl\/wp-json\/wp\/v2\/media\/45982"}],"wp:attachment":[{"href":"https:\/\/www.creilsudoise-tourisme.fr\/nl\/wp-json\/wp\/v2\/media?parent=44192"}],"curies":[{"name":"wp","href":"https:\/\/api.w.org\/{rel}","templated":true}]}}