{"id":41374,"date":"2022-05-31T16:51:44","date_gmt":"2022-05-31T14:51:18","guid":{"rendered":"https:\/\/www.creilsudoise-tourisme.fr\/?page_id=41374"},"modified":"2024-02-13T11:10:11","modified_gmt":"2024-02-13T10:10:11","slug":"commande-kit-accueil","status":"publish","type":"page","link":"https:\/\/www.creilsudoise-tourisme.fr\/nl\/espace-pro\/gereedschapskist\/bestel-toeristenkaart\/","title":{"rendered":"Een welkomstpakket bestellen"},"content":{"rendered":"<p class=\"is-style-excerpt\">U organiseert een <strong>welkomstceremonie voor je nieuwe bewoners?<\/strong> Het toeristenbureau van Creil Sud Oise biedt u<strong> welkomstpakketten <\/strong>inclusief een tas van het merk Creil Sud Oise Tourisme gevuld met <strong>reisliteratuur. <\/strong><\/p>\n\n\n\n<p>Reken een week tussen bestellen en ophalen bij het toeristenbureau (door jezelf).<\/p>\n\n\n<div class=\"frm_forms  with_frm_style frm_style_style-formidable\" id=\"frm_form_36_container\" data-token=\"312eed962a92d57d1caccb4b64178a5d\">\n<form enctype=\"multipart\/form-data\" method=\"post\" class=\"frm-show-form  frm_pro_form\" id=\"form_commandenewshabitants\"  data-token=\"312eed962a92d57d1caccb4b64178a5d\" action=\"\">\n<div class=\"frm_form_fields\">\n<fieldset>\n<legend class=\"frm_screen_reader\">Een welkomstpakket bestellen voor nieuwe bewoners<\/legend>\n\n<div class=\"frm_fields_container\">\n<input type=\"hidden\" name=\"frm_action\" value=\"create\" \/>\n<input type=\"hidden\" name=\"form_id\" value=\"36\" \/>\n<input type=\"hidden\" name=\"frm_hide_fields_36\" id=\"frm_hide_fields_36\" value=\"\" \/>\n<input type=\"hidden\" name=\"form_key\" value=\"commandenewshabitants\" \/>\n<input type=\"hidden\" name=\"item_meta[0]\" value=\"\" \/>\n<input type=\"hidden\" id=\"frm_submit_entry_36\" name=\"frm_submit_entry_36\" value=\"1eb7c3f2b0\" \/><input type=\"hidden\" name=\"_wp_http_referer\" value=\"\/nl\/wp-json\/wp\/v2\/pages\/41374\" \/><div id=\"frm_field_520_container\" class=\"frm_form_field frm_section_heading form-field formGroup formGroup--divider\">\r\n<h3 class=\"frm_pos_top frm_section_spacing\">Uw bestelling<\/h3>\r\n\r\n\r\n<!DOCTYPE html PUBLIC \"-\/\/W3C\/\/DTD HTML 4.0 Transitional\/\/EN\" \"http:\/\/www.w3.org\/TR\/REC-html40\/loose.dtd\">\n<html><body><div id=\"frm_field_522_container\" class=\"frm_form_field form-field  frm_required_field formGroup formGroup--checkbox  frm_top_container vertical_radio frm_other_container\">\r\n    <div id=\"field_rdakk2_label\" class=\"frm_primary_label formGroupLabel\">Aantal kits\r\n        <span class=\"frm_required\" aria-hidden=\"true\">*<\/span>\r\n    <\/div>\r\n    <div class=\"frm_opt_container\" aria-labelledby=\"field_rdakk2_label\" role=\"group\"><div class=\"formGroupField\">\t\t<div class=\"frm_checkbox\" id=\"frm_checkbox_522-520-0\"><input type=\"checkbox\" name=\"item_meta[522][]\" id=\"field_rdakk2-0\" value=\"10\" data-sectionid=\"520\" data-frmlimit=\"1\" data-reqmsg=\"C'est not&eacute; !\" aria-required=\"true\" data-invmsg=\"Nombre de kits is ongeldig\" aria-invalid=\"false\"><label for=\"field_rdakk2-0\"> 10<\/label><\/div>\n\t\t<div class=\"frm_checkbox\" id=\"frm_checkbox_522-520-1\"><input type=\"checkbox\" name=\"item_meta[522][]\" id=\"field_rdakk2-1\" value=\"30\" data-sectionid=\"520\" data-frmlimit=\"1\" data-reqmsg=\"C'est not&eacute; !\" aria-required=\"true\" data-invmsg=\"Nombre de kits is ongeldig\" aria-invalid=\"false\"><label for=\"field_rdakk2-1\"> 30<\/label><\/div>\n\t\t<div class=\"frm_checkbox\" id=\"frm_checkbox_522-520-other_4\"><input type=\"checkbox\" name=\"item_meta[522][other_4]\" id=\"field_rdakk2-other_4\" value=\"Ou pr&eacute;cisez-moi votre besoin !\" data-sectionid=\"520\" data-frmlimit=\"1\" data-reqmsg=\"C'est not&eacute; !\" aria-required=\"true\" data-invmsg=\"Nombre de kits is ongeldig\" aria-invalid=\"false\"><label for=\"field_rdakk2-other_4\"> Of vertel me wat je nodig hebt!<\/label><label for=\"field_rdakk2-other_4-otext\" class=\"frm_screen_reader frm_hidden\">Of vertel me wat je nodig hebt!<\/label><input type=\"text\" id=\"field_rdakk2-other_4-otext\" class=\"frm_other_input frm_pos_none\" name=\"item_meta[other][522][other_4]\" value=\"\"><\/div>\n<\/div>\r\n    \r\n    \r\n<\/div><\/div><\/body><\/html>\n<\/div>\n<div id=\"frm_field_527_container\" class=\"frm_form_field frm_section_heading form-field formGroup formGroup--divider\">\r\n<h3 class=\"frm_pos_top frm_section_spacing\">Uw adres<\/h3>\r\n\r\n\r\n<div id=\"frm_field_528_container\" class=\"frm_form_field form-field  frm_required_field formGroup formGroup--text  frm_top_container\">\r\n    <label for=\"field_c0ls2\" id=\"field_c0ls2_label\" class=\"frm_primary_label formGroupLabel\">Structuur\r\n        <span class=\"frm_required\" aria-hidden=\"true\">*<\/span>\r\n    <\/label>\r\n    <div class=\"formGroupField\"><input type=\"text\" id=\"field_c0ls2\" name=\"item_meta[528]\" value=\"\"  data-sectionid=\"527\" data-reqmsg=\"Ce champ ne peut pas \u00eatre vide\" aria-required=\"true\" data-invmsg=\"texte est non valide\" aria-invalid=\"false\"  \/>\r\n    \r\n    \r\n<\/div><\/div>\n<div id=\"frm_field_529_container\" class=\"frm_form_field form-field  frm_required_field formGroup formGroup--text  frm_top_container\">\r\n    <label for=\"field_ng4kv2\" id=\"field_ng4kv2_label\" class=\"frm_primary_label formGroupLabel\">Adres (nummer en straat)\r\n        <span class=\"frm_required\" aria-hidden=\"true\">*<\/span>\r\n    <\/label>\r\n    <div class=\"formGroupField\"><input type=\"text\" id=\"field_ng4kv2\" name=\"item_meta[529]\" value=\"\"  data-sectionid=\"527\" data-reqmsg=\"Ce champ ne peut pas \u00eatre vide\" aria-required=\"true\" data-invmsg=\"texte est non valide\" aria-invalid=\"false\"  \/>\r\n    \r\n    \r\n<\/div><\/div>\n<div id=\"frm_field_530_container\" class=\"frm_form_field form-field  frm_required_field formGroup formGroup--text  frm_top_container\">\r\n    <label for=\"field_ncloq2\" id=\"field_ncloq2_label\" class=\"frm_primary_label formGroupLabel\">Postcode en stad\r\n        <span class=\"frm_required\" aria-hidden=\"true\">*<\/span>\r\n    <\/label>\r\n    <div class=\"formGroupField\"><input type=\"text\" id=\"field_ncloq2\" name=\"item_meta[530]\" value=\"\"  data-sectionid=\"527\" data-reqmsg=\"Ce champ ne peut pas \u00eatre vide\" aria-required=\"true\" data-invmsg=\"texte est non valide\" aria-invalid=\"false\"  \/>\r\n    \r\n    \r\n<\/div><\/div>\n<\/div>\n<div id=\"frm_field_532_container\" class=\"frm_form_field frm_section_heading form-field formGroup formGroup--divider\">\r\n<h3 class=\"frm_pos_top frm_section_spacing\">Om af te halen bij het toeristenbureau (Creil)<\/h3>\r\n\r\n\r\n<div id=\"frm_field_533_container\" class=\"frm_form_field form-field  frm_required_field formGroup formGroup--text  frm_top_container\">\r\n    <label for=\"field_gyenf2\" id=\"field_gyenf2_label\" class=\"frm_primary_label formGroupLabel\">Achternaam Voornaam\r\n        <span class=\"frm_required\" aria-hidden=\"true\">*<\/span>\r\n    <\/label>\r\n    <div class=\"formGroupField\"><input type=\"text\" id=\"field_gyenf2\" name=\"item_meta[533]\" value=\"\"  data-sectionid=\"532\" data-reqmsg=\"Ce champ ne peut pas \u00eatre vide\" aria-required=\"true\" data-invmsg=\"texte est non valide\" aria-invalid=\"false\"  \/>\r\n    \r\n    \r\n<\/div><\/div>\n<div id=\"frm_field_534_container\" class=\"frm_form_field form-field  frm_required_field formGroup formGroup--text  frm_top_container\">\r\n    <label for=\"field_xalp72\" id=\"field_xalp72_label\" class=\"frm_primary_label formGroupLabel\">Mail en\/of telefoon\r\n        <span class=\"frm_required\" aria-hidden=\"true\">*<\/span>\r\n    <\/label>\r\n    <div class=\"formGroupField\"><input type=\"text\" id=\"field_xalp72\" name=\"item_meta[534]\" value=\"\"  data-sectionid=\"532\" data-reqmsg=\"Ce champ ne peut pas \u00eatre vide\" aria-required=\"true\" data-invmsg=\"texte est non valide\" aria-invalid=\"false\"  \/>\r\n    \r\n    \r\n<\/div><\/div>\n<\/div>\n\t<input type=\"hidden\" name=\"item_key\" value=\"\" \/>\n\t\t\t\t<div class=\"frm_verify\" >\n\t\t\t\t<label for=\"frm_email_36\">\n\t\t\t\t\tAls je een mens bent, laat je dit veld leeg.\t\t\t\t<\/label>\n\t\t\t\t<input type=\"email\" class=\"frm_verify\" id=\"frm_email_36\" name=\"frm_verify\" value=\"\"  \/>\n\t\t\t<\/div>\n\t\t<input name=\"frm_state\" type=\"hidden\" value=\"lReVYc7J+CAuHDZocIFlZPEf17reRR6huxRtnRrb\/Mg=\" \/><div class=\"formGroup formGroup--nolabel\"><span class=\"required\">Velden gemarkeerd met * zijn verplicht<\/span><\/div><div class=\"frm_submit formGroup--nolabel\">\n\n<button class=\"frm_button_submit frm_final_submit button\" type=\"submit\"  >Stuur<\/button>\n\n\n<\/div><\/div>\n<\/fieldset>\n<\/div>\n<input type=\"hidden\" name=\"trp-form-language\" value=\"nl\"\/><\/form>\n<\/div>\n\n\n\n<p><em>Let op: dit formulier is alleen beschikbaar voor gemeentehuizen in de agglomeratie Creil Sud Oise.<\/em>.<\/p>","protected":false},"excerpt":{"rendered":"<p>Vous organisez une c\u00e9r\u00e9monie d&rsquo;accueil pour vos nouveaux habitants ? L&rsquo;Office de Tourisme Creil Sud Oise met \u00e0 votre disposition des kits d&rsquo;accueil comprenant un sac aux couleurs de Creil Sud Oise Tourisme rempli de documentation touristique. Pr\u00e9voir une semaine entre la commande et le retrait \u00e0 l&rsquo;Office de Tourisme (par vos soins) \u00c0 noter [&hellip;]<\/p>","protected":false},"author":3,"featured_media":0,"parent":39597,"menu_order":1,"comment_status":"closed","ping_status":"closed","template":"","meta":{"_relevanssi_hide_post":"","_relevanssi_hide_content":"","_relevanssi_pin_for_all":"","_relevanssi_pin_keywords":"","_relevanssi_unpin_keywords":"","_relevanssi_related_keywords":"","_relevanssi_related_include_ids":"","_relevanssi_related_exclude_ids":"","_relevanssi_related_no_append":"","_relevanssi_related_not_related":"","_relevanssi_related_posts":"39315,41280,38921,39133,37307,39862","_relevanssi_noindex_reason":""},"yoast_head":"<!-- This site is optimized with the Yoast SEO plugin v20.2.1 - https:\/\/yoast.com\/wordpress\/plugins\/seo\/ -->\n<title>Commande de kits d&#039;accueil pour nouveaux habitants<\/title>\n<meta name=\"description\" content=\"Page r\u00e9serv\u00e9e aux mairies de l&#039;Agglom\u00e9ration Creil Sud Oise.\" \/>\n<meta name=\"robots\" content=\"index, follow, max-snippet:-1, max-image-preview:large, max-video-preview:-1\" \/>\n<link rel=\"canonical\" href=\"https:\/\/www.creilsudoise-tourisme.fr\/nl\/espace-pro\/gereedschapskist\/bestel-toeristenkaart\/\" \/>\n<meta property=\"og:locale\" content=\"nl_NL\" \/>\n<meta property=\"og:type\" content=\"article\" \/>\n<meta property=\"og:title\" content=\"Commande de kits d&#039;accueil pour nouveaux habitants\" \/>\n<meta property=\"og:description\" content=\"Page r\u00e9serv\u00e9e aux mairies de l&#039;Agglom\u00e9ration Creil Sud Oise.\" \/>\n<meta property=\"og:url\" content=\"https:\/\/www.creilsudoise-tourisme.fr\/nl\/espace-pro\/gereedschapskist\/bestel-toeristenkaart\/\" \/>\n<meta property=\"og:site_name\" content=\"Office de Tourisme Creil Sud Oise\" \/>\n<meta property=\"article:publisher\" content=\"https:\/\/www.facebook.com\/creilsudoisetourisme\/\" \/>\n<meta property=\"article:modified_time\" content=\"2024-02-13T10:10:11+00:00\" \/>\n<meta property=\"og:image\" content=\"https:\/\/www.creilsudoise-tourisme.fr\/wp-content\/uploads\/2021\/02\/defaut.jpg\" \/>\n\t<meta property=\"og:image:width\" content=\"800\" \/>\n\t<meta property=\"og:image:height\" content=\"800\" \/>\n\t<meta property=\"og:image:type\" content=\"image\/jpeg\" \/>\n<meta name=\"twitter:card\" content=\"summary_large_image\" \/>\n<meta name=\"twitter:site\" content=\"@CreilSudOiseOT\" \/>\n<meta name=\"twitter:label1\" content=\"Geschatte leestijd\" \/>\n\t<meta name=\"twitter:data1\" content=\"1 minuut\" \/>\n<script type=\"application\/ld+json\" class=\"yoast-schema-graph\">{\"@context\":\"https:\/\/schema.org\",\"@graph\":[{\"@type\":\"WebPage\",\"@id\":\"https:\/\/www.creilsudoise-tourisme.fr\/espace-pro\/boite-outils\/commande-kit-accueil\/\",\"url\":\"https:\/\/www.creilsudoise-tourisme.fr\/espace-pro\/boite-outils\/commande-kit-accueil\/\",\"name\":\"Commande de kits d'accueil pour nouveaux habitants\",\"isPartOf\":{\"@id\":\"https:\/\/www.creilsudoise-tourisme.fr\/#website\"},\"datePublished\":\"2022-05-31T14:51:18+00:00\",\"dateModified\":\"2024-02-13T10:10:11+00:00\",\"description\":\"Page r\u00e9serv\u00e9e aux mairies de l'Agglom\u00e9ration Creil Sud Oise.\",\"breadcrumb\":{\"@id\":\"https:\/\/www.creilsudoise-tourisme.fr\/espace-pro\/boite-outils\/commande-kit-accueil\/#breadcrumb\"},\"inLanguage\":\"nl\",\"potentialAction\":[{\"@type\":\"ReadAction\",\"target\":[\"https:\/\/www.creilsudoise-tourisme.fr\/espace-pro\/boite-outils\/commande-kit-accueil\/\"]}]},{\"@type\":\"BreadcrumbList\",\"@id\":\"https:\/\/www.creilsudoise-tourisme.fr\/espace-pro\/boite-outils\/commande-kit-accueil\/#breadcrumb\",\"itemListElement\":[{\"@type\":\"ListItem\",\"position\":1,\"name\":\"Accueil\",\"item\":\"https:\/\/www.creilsudoise-tourisme.fr\/\"},{\"@type\":\"ListItem\",\"position\":2,\"name\":\"Espace pro\",\"item\":\"https:\/\/www.creilsudoise-tourisme.fr\/espace-pro\/\"},{\"@type\":\"ListItem\",\"position\":3,\"name\":\"Boite \u00e0 outils\",\"item\":\"https:\/\/www.creilsudoise-tourisme.fr\/espace-pro\/boite-outils\/\"},{\"@type\":\"ListItem\",\"position\":4,\"name\":\"Commande de kit d&rsquo;accueil\"}]},{\"@type\":\"WebSite\",\"@id\":\"https:\/\/www.creilsudoise-tourisme.fr\/#website\",\"url\":\"https:\/\/www.creilsudoise-tourisme.fr\/\",\"name\":\"Office de Tourisme Creil Sud Oise\",\"description\":\"Creil Sud Oise Tourisme, un territoire \u00e0 explorer !\",\"publisher\":{\"@id\":\"https:\/\/www.creilsudoise-tourisme.fr\/#organization\"},\"potentialAction\":[{\"@type\":\"SearchAction\",\"target\":{\"@type\":\"EntryPoint\",\"urlTemplate\":\"https:\/\/www.creilsudoise-tourisme.fr\/?s={search_term_string}\"},\"query-input\":\"required name=search_term_string\"}],\"inLanguage\":\"nl\"},{\"@type\":\"Organization\",\"@id\":\"https:\/\/www.creilsudoise-tourisme.fr\/#organization\",\"name\":\"Creil Sud Oise Tourisme\",\"url\":\"https:\/\/www.creilsudoise-tourisme.fr\/\",\"logo\":{\"@type\":\"ImageObject\",\"inLanguage\":\"nl\",\"@id\":\"https:\/\/www.creilsudoise-tourisme.fr\/#\/schema\/logo\/image\/\",\"url\":\"https:\/\/www.creilsudoise-tourisme.fr\/wp-content\/uploads\/2021\/05\/logo-svg.png\",\"contentUrl\":\"https:\/\/www.creilsudoise-tourisme.fr\/wp-content\/uploads\/2021\/05\/logo-svg.png\",\"width\":182,\"height\":71,\"caption\":\"Creil Sud Oise Tourisme\"},\"image\":{\"@id\":\"https:\/\/www.creilsudoise-tourisme.fr\/#\/schema\/logo\/image\/\"},\"sameAs\":[\"https:\/\/www.facebook.com\/creilsudoisetourisme\/\",\"https:\/\/twitter.com\/CreilSudOiseOT\",\"https:\/\/www.instagram.com\/creilsudoisetourisme\/\",\"https:\/\/www.youtube.com\/channel\/UC8L_QD2wwyADW14zt9fY8kw\"]}]}<\/script>\n<!-- \/ Yoast SEO plugin. -->","yoast_head_json":{"title":"Commande de kits d'accueil pour nouveaux habitants","description":"Page r\u00e9serv\u00e9e aux mairies de l'Agglom\u00e9ration Creil Sud Oise.","robots":{"index":"index","follow":"follow","max-snippet":"max-snippet:-1","max-image-preview":"max-image-preview:large","max-video-preview":"max-video-preview:-1"},"canonical":"https:\/\/www.creilsudoise-tourisme.fr\/nl\/espace-pro\/gereedschapskist\/bestel-toeristenkaart\/","og_locale":"nl_NL","og_type":"article","og_title":"Commande de kits d'accueil pour nouveaux habitants","og_description":"Page r\u00e9serv\u00e9e aux mairies de l'Agglom\u00e9ration Creil Sud Oise.","og_url":"https:\/\/www.creilsudoise-tourisme.fr\/nl\/espace-pro\/gereedschapskist\/bestel-toeristenkaart\/","og_site_name":"Office de Tourisme Creil Sud Oise","article_publisher":"https:\/\/www.facebook.com\/creilsudoisetourisme\/","article_modified_time":"2024-02-13T10:10:11+00:00","og_image":[{"width":800,"height":800,"url":"https:\/\/www.creilsudoise-tourisme.fr\/wp-content\/uploads\/2021\/02\/defaut.jpg","type":"image\/jpeg"}],"twitter_card":"summary_large_image","twitter_site":"@CreilSudOiseOT","twitter_misc":{"Geschatte leestijd":"1 minuut"},"schema":{"@context":"https:\/\/schema.org","@graph":[{"@type":"WebPage","@id":"https:\/\/www.creilsudoise-tourisme.fr\/espace-pro\/boite-outils\/commande-kit-accueil\/","url":"https:\/\/www.creilsudoise-tourisme.fr\/espace-pro\/boite-outils\/commande-kit-accueil\/","name":"Commande de kits d'accueil pour nouveaux habitants","isPartOf":{"@id":"https:\/\/www.creilsudoise-tourisme.fr\/#website"},"datePublished":"2022-05-31T14:51:18+00:00","dateModified":"2024-02-13T10:10:11+00:00","description":"Page r\u00e9serv\u00e9e aux mairies de l'Agglom\u00e9ration Creil Sud Oise.","breadcrumb":{"@id":"https:\/\/www.creilsudoise-tourisme.fr\/espace-pro\/boite-outils\/commande-kit-accueil\/#breadcrumb"},"inLanguage":"nl","potentialAction":[{"@type":"ReadAction","target":["https:\/\/www.creilsudoise-tourisme.fr\/espace-pro\/boite-outils\/commande-kit-accueil\/"]}]},{"@type":"BreadcrumbList","@id":"https:\/\/www.creilsudoise-tourisme.fr\/espace-pro\/boite-outils\/commande-kit-accueil\/#breadcrumb","itemListElement":[{"@type":"ListItem","position":1,"name":"Accueil","item":"https:\/\/www.creilsudoise-tourisme.fr\/"},{"@type":"ListItem","position":2,"name":"Espace pro","item":"https:\/\/www.creilsudoise-tourisme.fr\/espace-pro\/"},{"@type":"ListItem","position":3,"name":"Boite \u00e0 outils","item":"https:\/\/www.creilsudoise-tourisme.fr\/espace-pro\/boite-outils\/"},{"@type":"ListItem","position":4,"name":"Commande de kit d&rsquo;accueil"}]},{"@type":"WebSite","@id":"https:\/\/www.creilsudoise-tourisme.fr\/#website","url":"https:\/\/www.creilsudoise-tourisme.fr\/","name":"Office de Tourisme Creil Sud Oise","description":"Creil Sud Oise Tourisme, un territoire \u00e0 explorer !","publisher":{"@id":"https:\/\/www.creilsudoise-tourisme.fr\/#organization"},"potentialAction":[{"@type":"SearchAction","target":{"@type":"EntryPoint","urlTemplate":"https:\/\/www.creilsudoise-tourisme.fr\/?s={search_term_string}"},"query-input":"required name=search_term_string"}],"inLanguage":"nl"},{"@type":"Organization","@id":"https:\/\/www.creilsudoise-tourisme.fr\/#organization","name":"Creil Sud Oise Tourisme","url":"https:\/\/www.creilsudoise-tourisme.fr\/","logo":{"@type":"ImageObject","inLanguage":"nl","@id":"https:\/\/www.creilsudoise-tourisme.fr\/#\/schema\/logo\/image\/","url":"https:\/\/www.creilsudoise-tourisme.fr\/wp-content\/uploads\/2021\/05\/logo-svg.png","contentUrl":"https:\/\/www.creilsudoise-tourisme.fr\/wp-content\/uploads\/2021\/05\/logo-svg.png","width":182,"height":71,"caption":"Creil Sud Oise Tourisme"},"image":{"@id":"https:\/\/www.creilsudoise-tourisme.fr\/#\/schema\/logo\/image\/"},"sameAs":["https:\/\/www.facebook.com\/creilsudoisetourisme\/","https:\/\/twitter.com\/CreilSudOiseOT","https:\/\/www.instagram.com\/creilsudoisetourisme\/","https:\/\/www.youtube.com\/channel\/UC8L_QD2wwyADW14zt9fY8kw"]}]}},"_links":{"self":[{"href":"https:\/\/www.creilsudoise-tourisme.fr\/nl\/wp-json\/wp\/v2\/pages\/41374"}],"collection":[{"href":"https:\/\/www.creilsudoise-tourisme.fr\/nl\/wp-json\/wp\/v2\/pages"}],"about":[{"href":"https:\/\/www.creilsudoise-tourisme.fr\/nl\/wp-json\/wp\/v2\/types\/page"}],"author":[{"embeddable":true,"href":"https:\/\/www.creilsudoise-tourisme.fr\/nl\/wp-json\/wp\/v2\/users\/3"}],"replies":[{"embeddable":true,"href":"https:\/\/www.creilsudoise-tourisme.fr\/nl\/wp-json\/wp\/v2\/comments?post=41374"}],"version-history":[{"count":12,"href":"https:\/\/www.creilsudoise-tourisme.fr\/nl\/wp-json\/wp\/v2\/pages\/41374\/revisions"}],"predecessor-version":[{"id":52070,"href":"https:\/\/www.creilsudoise-tourisme.fr\/nl\/wp-json\/wp\/v2\/pages\/41374\/revisions\/52070"}],"up":[{"embeddable":true,"href":"https:\/\/www.creilsudoise-tourisme.fr\/nl\/wp-json\/wp\/v2\/pages\/39597"}],"wp:attachment":[{"href":"https:\/\/www.creilsudoise-tourisme.fr\/nl\/wp-json\/wp\/v2\/media?parent=41374"}],"curies":[{"name":"wp","href":"https:\/\/api.w.org\/{rel}","templated":true}]}}