{"id":33212,"date":"2021-04-07T18:06:44","date_gmt":"2021-04-07T16:06:09","guid":{"rendered":"https:\/\/www.creilsudoise-tourisme.fr\/espace-pro\/rencontres-des-explorateurs\/2-rencontre-des-explorateur-2020\/"},"modified":"2022-06-14T14:33:25","modified_gmt":"2022-06-14T12:33:25","slug":"rencontre-des-explorateurs-2022","status":"publish","type":"page","link":"https:\/\/www.creilsudoise-tourisme.fr\/nl\/espace-pro\/rencontres-ontdekkingsreizigers\/rencontres-des-explorateurs-2022\/","title":{"rendered":"#3 Ontmoeting van de Ontdekkingsreizigers (2022)"},"content":{"rendered":"<p class=\"is-style-excerpt\">De <strong>31 maart 2022<\/strong>De derde <strong>Ontmoeting van ontdekkingsreizigers<\/strong>een evenement georganiseerd door het bureau voor toerisme van Creil Sud Oise en <strong>gewijd aan toeristische professionals en ambassadeurs van de Bestemming<\/strong>.<\/p>\n\n\n\n<div class=\"is-layout-flex wp-container-3 wp-block-columns\">\n<div class=\"is-layout-flow wp-block-column\" style=\"flex-basis:33.33%\">\n<figure class=\"wp-block-image size-large is-resized\"><img decoding=\"async\" loading=\"lazy\" data-src=\"https:\/\/www.creilsudoise-tourisme.fr\/wp-content\/uploads\/2022\/02\/3eme-Rencontre-des-Explorateurs-1200x798.jpg\" alt=\"3e Ontdekkingsreizigersbijeenkomst\" class=\"wp-image-40121\" width=\"472\" height=\"312\" data-srcset=\"https:\/\/www.creilsudoise-tourisme.fr\/wp-content\/uploads\/2022\/02\/3eme-Rencontre-des-Explorateurs-200x133.jpg 200w, https:\/\/www.creilsudoise-tourisme.fr\/wp-content\/uploads\/2022\/02\/3eme-Rencontre-des-Explorateurs-387x257.jpg 387w\" sizes=\"(max-width: 472px) 100vw, 472px\" \/><\/figure>\n<\/div>\n\n\n\n<div class=\"is-layout-flow wp-block-column\" style=\"flex-basis:66.66%\">\n<p class=\"is-style-default\">Raadpleeg de <strong>Evaluatie van de derde Ontdekkingsreizigersbijeenkomst<\/strong> en kom meer te weten over het dagprogramma, waaronder een conferentie over <strong>Contract voor toeristische ontwikkeling<\/strong> het samenbrengen van de toeristenbureaus van Creil Sud Oise en Pays d'Oise et d'Halatte, evenals de <strong>bezoek aan de <a href=\"https:\/\/www.creilsudoise-tourisme.fr\/nl\/jexplore\/must-haves\/maison-de-la-pierre\/\" target=\"_blank\" rel=\"noreferrer noopener\">Stone House<\/a> en <a href=\"https:\/\/www.creilsudoise-tourisme.fr\/nl\/jexplore\/must-haves\/museum-bombardement\/\" target=\"_blank\" rel=\"noreferrer noopener\">Bommuseum <\/a>in Saint-Maximin<\/strong> ! De dag bracht 34 deelnemers samen! <\/p>\n\n\n\n<p><a href=\"https:\/\/www.creilsudoise-tourisme.fr\/wp-content\/uploads\/2022\/06\/BILAN-de-la-3eme-Rencontre-des-explorateurs.pdf\" target=\"_blank\" rel=\"noreferrer noopener\">Herziening van de 3<sup>\u00e8me<\/sup> Ontmoeting van ontdekkingsreizigers<\/a><\/p>\n<\/div>\n<\/div>\n\n\n\n<div class=\"wp-block wp-block-accordion\" id=\"accordion\">\n    \n                    <div class=\"wp-block-accordion-item\">\n            <div id=\"heading6986\">\n                <h3 class=\"wp-block-accordion-item-title\" data-toggle=\"collapse\" data-target=\"#collapse6986\">\n                    Bekijk het programma                <\/h3>\n            <\/div>\n            <div class=\"wp-block-accordion-item-content collapse\" id=\"collapse6986\" data-parent=\"#accordion\">\n                <p><strong>&gt; 9h00<\/strong>\u00a0Koffieontvangst<\/p><p><strong>&gt; 9h20\u00a0<\/strong>Welkom<\/p><p><strong>&gt; 9h40\u00a0<\/strong>Inleiding en presentatie van de dag<\/p><p><strong>&gt; 9.50 uur Groepsactiviteiten om elkaar beter te leren kennen<\/strong><\/p><p><strong>&gt; 10h20<\/strong>\u00a0Presentatie van de <strong>Contract voor toeristische ontwikkeling van de Oise- en steenvallei<\/strong>\u00a0ondersteund door de Agglom\u00e9ration Creil Sud Oise, de Communaut\u00e9 de communes Pays d'Oise et d'Halatte en Creil Sud Oise Tourisme. Samen zijn we op weg naar een gezamenlijke ontwikkeling van het toerisme!<\/p><p><strong>&gt; 11h30<\/strong>\u00a0<strong>Quiz Ken jij het gebied Creil Sud Oise?<\/strong><\/p><p>><strong> 12.30 Lunch in de snackbar<\/strong>restaurant in Saint-Maximin<\/p><p>><strong> 14:30 Rondleiding door Saint-Maximin,\u00a0<\/strong>keuze uit rondleiding (registratie verplicht) :<\/p><p><strong>Carri\u00e8re Parrain in het Maison de la Pierre<\/strong> <em>en\/of<\/em> <strong>Museum van bombardementen<\/strong><\/p><p>><strong> 15h30\u00a0<\/strong>Einde van de dag (of <strong>17h<\/strong>\u00a0als u beide sites bezoekt)<\/p>            <\/div>\n        <\/div>\n    \n<\/div>","protected":false},"excerpt":{"rendered":"<p>De derde Rencontre des Explorateurs vond plaats op 31 maart 2022, georganiseerd door het Office de Tourisme Creil Sud Oise en gewijd aan toeristische professionals en ambassadeurs voor de Bestemming. Bekijk de resultaten van de derde Ontmoeting van Verkenners en ontdek het programma van de dag, met onder andere een conferentie over het Contract voor Toerisme [...].<\/p>","protected":false},"author":1,"featured_media":41631,"parent":211,"menu_order":3,"comment_status":"closed","ping_status":"closed","template":"","meta":{"_relevanssi_hide_post":"","_relevanssi_hide_content":"","_relevanssi_pin_for_all":"","_relevanssi_pin_keywords":"","_relevanssi_unpin_keywords":"","_relevanssi_related_keywords":"","_relevanssi_related_include_ids":"","_relevanssi_related_exclude_ids":"","_relevanssi_related_no_append":"","_relevanssi_related_not_related":"","_relevanssi_related_posts":"275,271,267,273","_relevanssi_noindex_reason":""},"yoast_head":"<!-- This site is optimized with the Yoast SEO plugin v20.2.1 - https:\/\/yoast.com\/wordpress\/plugins\/seo\/ -->\n<title>3\u00e8me Rencontre des Explorateurs a eu lieu \u00e0 la Maison de la Pierre<\/title>\n<meta name=\"description\" content=\"D\u00e9couvrez la troisi\u00e8me Rencontre des Explorateurs qui a eu lieu \u00e0 la Maison de la Pierre \u00e0 Saint-Maximin le 31 mars 2022.\" \/>\n<meta name=\"robots\" content=\"index, follow, max-snippet:-1, max-image-preview:large, max-video-preview:-1\" \/>\n<link rel=\"canonical\" href=\"https:\/\/www.creilsudoise-tourisme.fr\/nl\/espace-pro\/rencontres-explorateurs\/rencontre-des-explorateurs-2022\/\" \/>\n<meta property=\"og:locale\" content=\"nl_NL\" \/>\n<meta property=\"og:type\" content=\"article\" \/>\n<meta property=\"og:title\" content=\"3\u00e8me Rencontre des Explorateurs a eu lieu \u00e0 la Maison de la Pierre\" \/>\n<meta property=\"og:description\" content=\"D\u00e9couvrez la troisi\u00e8me Rencontre des Explorateurs qui a eu lieu \u00e0 la Maison de la Pierre \u00e0 Saint-Maximin le 31 mars 2022.\" \/>\n<meta property=\"og:url\" content=\"https:\/\/www.creilsudoise-tourisme.fr\/nl\/espace-pro\/rencontres-explorateurs\/rencontre-des-explorateurs-2022\/\" \/>\n<meta property=\"og:site_name\" content=\"Office de Tourisme Creil Sud Oise\" \/>\n<meta property=\"article:publisher\" content=\"https:\/\/www.facebook.com\/creilsudoisetourisme\/\" \/>\n<meta property=\"article:modified_time\" content=\"2022-06-14T12:33:25+00:00\" \/>\n<meta property=\"og:image\" content=\"https:\/\/www.creilsudoise-tourisme.fr\/wp-content\/uploads\/2022\/06\/Rencontre-des-Explorateurs-3eme.jpg\" \/>\n\t<meta property=\"og:image:width\" content=\"905\" \/>\n\t<meta property=\"og:image:height\" content=\"987\" \/>\n\t<meta property=\"og:image:type\" content=\"image\/jpeg\" \/>\n<meta name=\"twitter:card\" content=\"summary_large_image\" \/>\n<meta name=\"twitter:site\" content=\"@CreilSudOiseOT\" \/>\n<meta name=\"twitter:label1\" content=\"Geschatte leestijd\" \/>\n\t<meta name=\"twitter:data1\" content=\"1 minuut\" \/>\n<script type=\"application\/ld+json\" class=\"yoast-schema-graph\">{\"@context\":\"https:\/\/schema.org\",\"@graph\":[{\"@type\":\"WebPage\",\"@id\":\"https:\/\/www.creilsudoise-tourisme.fr\/es\/espace-pro\/rencontres-explorateurs\/rencontre-des-explorateurs-2022\/\",\"url\":\"https:\/\/www.creilsudoise-tourisme.fr\/es\/espace-pro\/rencontres-explorateurs\/rencontre-des-explorateurs-2022\/\",\"name\":\"3\u00e8me Rencontre des Explorateurs a eu lieu \u00e0 la Maison de la Pierre\",\"isPartOf\":{\"@id\":\"https:\/\/www.creilsudoise-tourisme.fr\/#website\"},\"datePublished\":\"2021-04-07T16:06:09+00:00\",\"dateModified\":\"2022-06-14T12:33:25+00:00\",\"description\":\"D\u00e9couvrez la troisi\u00e8me Rencontre des Explorateurs qui a eu lieu \u00e0 la Maison de la Pierre \u00e0 Saint-Maximin le 31 mars 2022.\",\"breadcrumb\":{\"@id\":\"https:\/\/www.creilsudoise-tourisme.fr\/es\/espace-pro\/rencontres-explorateurs\/rencontre-des-explorateurs-2022\/#breadcrumb\"},\"inLanguage\":\"nl\",\"potentialAction\":[{\"@type\":\"ReadAction\",\"target\":[\"https:\/\/www.creilsudoise-tourisme.fr\/es\/espace-pro\/rencontres-explorateurs\/rencontre-des-explorateurs-2022\/\"]}]},{\"@type\":\"BreadcrumbList\",\"@id\":\"https:\/\/www.creilsudoise-tourisme.fr\/es\/espace-pro\/rencontres-explorateurs\/rencontre-des-explorateurs-2022\/#breadcrumb\",\"itemListElement\":[{\"@type\":\"ListItem\",\"position\":1,\"name\":\"Accueil\",\"item\":\"https:\/\/www.creilsudoise-tourisme.fr\/\"},{\"@type\":\"ListItem\",\"position\":2,\"name\":\"Espace pro\",\"item\":\"https:\/\/www.creilsudoise-tourisme.fr\/espace-pro\/\"},{\"@type\":\"ListItem\",\"position\":3,\"name\":\"Rencontres des explorateurs\",\"item\":\"https:\/\/www.creilsudoise-tourisme.fr\/espace-pro\/rencontres-explorateurs\/\"},{\"@type\":\"ListItem\",\"position\":4,\"name\":\"#3 Rencontre des Explorateurs (2022)\"}]},{\"@type\":\"WebSite\",\"@id\":\"https:\/\/www.creilsudoise-tourisme.fr\/#website\",\"url\":\"https:\/\/www.creilsudoise-tourisme.fr\/\",\"name\":\"Office de Tourisme Creil Sud Oise\",\"description\":\"Creil Sud Oise Tourisme, un territoire \u00e0 explorer !\",\"publisher\":{\"@id\":\"https:\/\/www.creilsudoise-tourisme.fr\/#organization\"},\"potentialAction\":[{\"@type\":\"SearchAction\",\"target\":{\"@type\":\"EntryPoint\",\"urlTemplate\":\"https:\/\/www.creilsudoise-tourisme.fr\/?s={search_term_string}\"},\"query-input\":\"required name=search_term_string\"}],\"inLanguage\":\"nl\"},{\"@type\":\"Organization\",\"@id\":\"https:\/\/www.creilsudoise-tourisme.fr\/#organization\",\"name\":\"Creil Sud Oise Tourisme\",\"url\":\"https:\/\/www.creilsudoise-tourisme.fr\/\",\"logo\":{\"@type\":\"ImageObject\",\"inLanguage\":\"nl\",\"@id\":\"https:\/\/www.creilsudoise-tourisme.fr\/#\/schema\/logo\/image\/\",\"url\":\"https:\/\/www.creilsudoise-tourisme.fr\/wp-content\/uploads\/2021\/05\/logo-svg.png\",\"contentUrl\":\"https:\/\/www.creilsudoise-tourisme.fr\/wp-content\/uploads\/2021\/05\/logo-svg.png\",\"width\":182,\"height\":71,\"caption\":\"Creil Sud Oise Tourisme\"},\"image\":{\"@id\":\"https:\/\/www.creilsudoise-tourisme.fr\/#\/schema\/logo\/image\/\"},\"sameAs\":[\"https:\/\/www.facebook.com\/creilsudoisetourisme\/\",\"https:\/\/twitter.com\/CreilSudOiseOT\",\"https:\/\/www.instagram.com\/creilsudoisetourisme\/\",\"https:\/\/www.youtube.com\/channel\/UC8L_QD2wwyADW14zt9fY8kw\"]}]}<\/script>\n<!-- \/ Yoast SEO plugin. -->","yoast_head_json":{"title":"3\u00e8me Rencontre des Explorateurs a eu lieu \u00e0 la Maison de la Pierre","description":"D\u00e9couvrez la troisi\u00e8me Rencontre des Explorateurs qui a eu lieu \u00e0 la Maison de la Pierre \u00e0 Saint-Maximin le 31 mars 2022.","robots":{"index":"index","follow":"follow","max-snippet":"max-snippet:-1","max-image-preview":"max-image-preview:large","max-video-preview":"max-video-preview:-1"},"canonical":"https:\/\/www.creilsudoise-tourisme.fr\/nl\/espace-pro\/rencontres-explorateurs\/rencontre-des-explorateurs-2022\/","og_locale":"nl_NL","og_type":"article","og_title":"3\u00e8me Rencontre des Explorateurs a eu lieu \u00e0 la Maison de la Pierre","og_description":"D\u00e9couvrez la troisi\u00e8me Rencontre des Explorateurs qui a eu lieu \u00e0 la Maison de la Pierre \u00e0 Saint-Maximin le 31 mars 2022.","og_url":"https:\/\/www.creilsudoise-tourisme.fr\/nl\/espace-pro\/rencontres-explorateurs\/rencontre-des-explorateurs-2022\/","og_site_name":"Office de Tourisme Creil Sud Oise","article_publisher":"https:\/\/www.facebook.com\/creilsudoisetourisme\/","article_modified_time":"2022-06-14T12:33:25+00:00","og_image":[{"width":905,"height":987,"url":"https:\/\/www.creilsudoise-tourisme.fr\/wp-content\/uploads\/2022\/06\/Rencontre-des-Explorateurs-3eme.jpg","type":"image\/jpeg"}],"twitter_card":"summary_large_image","twitter_site":"@CreilSudOiseOT","twitter_misc":{"Geschatte leestijd":"1 minuut"},"schema":{"@context":"https:\/\/schema.org","@graph":[{"@type":"WebPage","@id":"https:\/\/www.creilsudoise-tourisme.fr\/es\/espace-pro\/rencontres-explorateurs\/rencontre-des-explorateurs-2022\/","url":"https:\/\/www.creilsudoise-tourisme.fr\/es\/espace-pro\/rencontres-explorateurs\/rencontre-des-explorateurs-2022\/","name":"3\u00e8me Rencontre des Explorateurs a eu lieu \u00e0 la Maison de la Pierre","isPartOf":{"@id":"https:\/\/www.creilsudoise-tourisme.fr\/#website"},"datePublished":"2021-04-07T16:06:09+00:00","dateModified":"2022-06-14T12:33:25+00:00","description":"D\u00e9couvrez la troisi\u00e8me Rencontre des Explorateurs qui a eu lieu \u00e0 la Maison de la Pierre \u00e0 Saint-Maximin le 31 mars 2022.","breadcrumb":{"@id":"https:\/\/www.creilsudoise-tourisme.fr\/es\/espace-pro\/rencontres-explorateurs\/rencontre-des-explorateurs-2022\/#breadcrumb"},"inLanguage":"nl","potentialAction":[{"@type":"ReadAction","target":["https:\/\/www.creilsudoise-tourisme.fr\/es\/espace-pro\/rencontres-explorateurs\/rencontre-des-explorateurs-2022\/"]}]},{"@type":"BreadcrumbList","@id":"https:\/\/www.creilsudoise-tourisme.fr\/es\/espace-pro\/rencontres-explorateurs\/rencontre-des-explorateurs-2022\/#breadcrumb","itemListElement":[{"@type":"ListItem","position":1,"name":"Accueil","item":"https:\/\/www.creilsudoise-tourisme.fr\/"},{"@type":"ListItem","position":2,"name":"Espace pro","item":"https:\/\/www.creilsudoise-tourisme.fr\/espace-pro\/"},{"@type":"ListItem","position":3,"name":"Rencontres des explorateurs","item":"https:\/\/www.creilsudoise-tourisme.fr\/espace-pro\/rencontres-explorateurs\/"},{"@type":"ListItem","position":4,"name":"#3 Rencontre des Explorateurs (2022)"}]},{"@type":"WebSite","@id":"https:\/\/www.creilsudoise-tourisme.fr\/#website","url":"https:\/\/www.creilsudoise-tourisme.fr\/","name":"Office de Tourisme Creil Sud Oise","description":"Creil Sud Oise Tourisme, un territoire \u00e0 explorer !","publisher":{"@id":"https:\/\/www.creilsudoise-tourisme.fr\/#organization"},"potentialAction":[{"@type":"SearchAction","target":{"@type":"EntryPoint","urlTemplate":"https:\/\/www.creilsudoise-tourisme.fr\/?s={search_term_string}"},"query-input":"required name=search_term_string"}],"inLanguage":"nl"},{"@type":"Organization","@id":"https:\/\/www.creilsudoise-tourisme.fr\/#organization","name":"Creil Sud Oise Tourisme","url":"https:\/\/www.creilsudoise-tourisme.fr\/","logo":{"@type":"ImageObject","inLanguage":"nl","@id":"https:\/\/www.creilsudoise-tourisme.fr\/#\/schema\/logo\/image\/","url":"https:\/\/www.creilsudoise-tourisme.fr\/wp-content\/uploads\/2021\/05\/logo-svg.png","contentUrl":"https:\/\/www.creilsudoise-tourisme.fr\/wp-content\/uploads\/2021\/05\/logo-svg.png","width":182,"height":71,"caption":"Creil Sud Oise Tourisme"},"image":{"@id":"https:\/\/www.creilsudoise-tourisme.fr\/#\/schema\/logo\/image\/"},"sameAs":["https:\/\/www.facebook.com\/creilsudoisetourisme\/","https:\/\/twitter.com\/CreilSudOiseOT","https:\/\/www.instagram.com\/creilsudoisetourisme\/","https:\/\/www.youtube.com\/channel\/UC8L_QD2wwyADW14zt9fY8kw"]}]}},"_links":{"self":[{"href":"https:\/\/www.creilsudoise-tourisme.fr\/nl\/wp-json\/wp\/v2\/pages\/33212"}],"collection":[{"href":"https:\/\/www.creilsudoise-tourisme.fr\/nl\/wp-json\/wp\/v2\/pages"}],"about":[{"href":"https:\/\/www.creilsudoise-tourisme.fr\/nl\/wp-json\/wp\/v2\/types\/page"}],"author":[{"embeddable":true,"href":"https:\/\/www.creilsudoise-tourisme.fr\/nl\/wp-json\/wp\/v2\/users\/1"}],"replies":[{"embeddable":true,"href":"https:\/\/www.creilsudoise-tourisme.fr\/nl\/wp-json\/wp\/v2\/comments?post=33212"}],"version-history":[{"count":18,"href":"https:\/\/www.creilsudoise-tourisme.fr\/nl\/wp-json\/wp\/v2\/pages\/33212\/revisions"}],"predecessor-version":[{"id":41639,"href":"https:\/\/www.creilsudoise-tourisme.fr\/nl\/wp-json\/wp\/v2\/pages\/33212\/revisions\/41639"}],"up":[{"embeddable":true,"href":"https:\/\/www.creilsudoise-tourisme.fr\/nl\/wp-json\/wp\/v2\/pages\/211"}],"wp:featuredmedia":[{"embeddable":true,"href":"https:\/\/www.creilsudoise-tourisme.fr\/nl\/wp-json\/wp\/v2\/media\/41631"}],"wp:attachment":[{"href":"https:\/\/www.creilsudoise-tourisme.fr\/nl\/wp-json\/wp\/v2\/media?parent=33212"}],"curies":[{"name":"wp","href":"https:\/\/api.w.org\/{rel}","templated":true}]}}