{"id":229,"date":"2021-02-17T10:03:55","date_gmt":"2021-02-17T09:03:55","guid":{"rendered":"https:\/\/www.creilsudoise-tourisme.fr\/on-parle-de-nous\/"},"modified":"2025-08-06T11:42:40","modified_gmt":"2025-08-06T09:42:40","slug":"revue-presse","status":"publish","type":"page","link":"https:\/\/www.creilsudoise-tourisme.fr\/nl\/pers\/persoverzicht\/","title":{"rendered":"We staan in de pers!"},"content":{"rendered":"<p class=\"is-style-excerpt\">Wij delen met u de <strong>persartikelen<\/strong> over Bestemming Creil Sud Oise.<\/p>\n\n\n\n<div class=\"wp-block wp-block-accordion\" id=\"accordion\">\n    \n                    <div class=\"wp-block-accordion-item\">\n            <div id=\"heading8123\">\n                <h3 class=\"wp-block-accordion-item-title\" data-toggle=\"collapse\" data-target=\"#collapse8123\">\n                    2025                <\/h3>\n            <\/div>\n            <div class=\"wp-block-accordion-item-content collapse\" id=\"collapse8123\" data-parent=\"#accordion\">\n                <p><a href='https:\/\/www.creilsudoise-tourisme.fr\/wp-content\/uploads\/2025\/08\/2025_08-Courrier_Picard-MGJ.pdf' target='_blank' rel='noreferrer noopener'>2025 08 - Courrier Picard Mus\u00e9e Gall\u00e9-Juillet<\/a><\/p><p><a href='https:\/\/www.creilsudoise-tourisme.fr\/wp-content\/uploads\/2025\/05\/2025_05-Parisien-Verbois.pdf' target='_blank' rel='noreferrer noopener'>2025 05 - Parijs Le Verbois<\/a><\/p><p><a href='https:\/\/www.creilsudoise-tourisme.fr\/wp-content\/uploads\/2025\/05\/2025_05-Courrier_Picard-Festival_Clochers.pdf' target='_blank' rel='noreferrer noopener'>2025 05 - Courrier Picard Festival des Clochers<\/a><\/p><p><a href='https:\/\/www.creilsudoise-tourisme.fr\/wp-content\/uploads\/2025\/03\/2025_03-Courrier_Picard-Creil_Sud_Oise-Tournages.pdf' target='_blank' rel='noreferrer noopener'>2025 03 - Courrier Picard Creil Sud Oise Verfilming<\/a><\/p><p><a href='https:\/\/www.creilsudoise-tourisme.fr\/wp-content\/uploads\/2025\/03\/2025_03-Parisien-Creil_Sud_Oise-Tournages.pdf' target='_blank' rel='noreferrer noopener'>2025 03 - Film Parijs Creil Sud Oise<\/a><\/p>            <\/div>\n        <\/div>\n    \n<\/div>\n\n\n\n\n<div class=\"wp-block wp-block-accordion\" id=\"accordion\">\n    \n                    <div class=\"wp-block-accordion-item\">\n            <div id=\"heading4159\">\n                <h3 class=\"wp-block-accordion-item-title\" data-toggle=\"collapse\" data-target=\"#collapse4159\">\n                    2024                <\/h3>\n            <\/div>\n            <div class=\"wp-block-accordion-item-content collapse\" id=\"collapse4159\" data-parent=\"#accordion\">\n                <p><\/p><p><a href='https:\/\/www.creilsudoise-tourisme.fr\/wp-content\/uploads\/2025\/01\/2024_12-Actu-Freeing.pdf' target='_blank' rel='noreferrer noopener'>2024 12 - Nieuws Ontsnappingsspelletjes<\/a><\/p><p><a href='https:\/\/www.creilsudoise-tourisme.fr\/wp-content\/uploads\/2024\/10\/2024_10-Actu-Freeing.pdf' target='_blank' rel='noreferrer noopener'>2024 10 - Nieuws Ontsnappingsspellen<\/a><\/p><p><a href='https:\/\/www.creilsudoise-tourisme.fr\/wp-content\/uploads\/2024\/10\/2024_10-Parisien-Egua.pdf' target='_blank' rel='noreferrer noopener'>2024 10 - Parijs Egua<\/a><\/p><p><a href='https:\/\/www.creilsudoise-tourisme.fr\/wp-content\/uploads\/2024\/10\/2024_10-Actu-Egua.pdf' target='_blank' rel='noreferrer noopener'>2024 10 - Nieuws Egua<\/a><\/p><p><a href='https:\/\/www.creilsudoise-tourisme.fr\/wp-content\/uploads\/2024\/09\/2024_09-Gazette_Oise-Sortie_mycologique.pdf' target='_blank' rel='noreferrer noopener'>2024 09 - Gazette Oise Mycologisch uitstapje<\/a><\/p><p><a href='https:\/\/www.creilsudoise-tourisme.fr\/wp-content\/uploads\/2024\/09\/2024_09-Parisien-Speleo_Maysel.pdf' target='_blank' rel='noreferrer noopener'>2024 09 - Speleologie in Parijs<\/a><\/p><p><a href='https:\/\/www.creilsudoise-tourisme.fr\/wp-content\/uploads\/2024\/09\/2024_09-Parisien-JEP_Creil.pdf' target='_blank' rel='noreferrer noopener'>2024 09 - Le Parisien De daken van Creil<\/a><\/p><p><a href='https:\/\/www.creilsudoise-tourisme.fr\/wp-content\/uploads\/2024\/09\/2024_09-Parisien-JEP_SLE_EDF.pdf' target='_blank' rel='noreferrer noopener'>2026 09 - Le Parisien Etudiant Bezoek EDF<\/a><\/p><p><a href='https:\/\/www.creilsudoise-tourisme.fr\/wp-content\/uploads\/2024\/08\/2024_08-Oise_Hebdo-Sorte_nocturne.pdf' target='_blank' rel='noreferrer noopener'>2024 08 - Oise Hebdo Natuur- en nachtuitstapje<\/a><\/p><p><a href='https:\/\/www.creilsudoise-tourisme.fr\/wp-content\/uploads\/2024\/07\/2024_07-Parisien-MDP.pdf' target='_blank' rel='noreferrer noopener'>2024 07 - Parijs Maison de la Pierre<\/a><\/p><p><a href='https:\/\/www.creilsudoise-tourisme.fr\/wp-content\/uploads\/2024\/06\/2024_06-Region_Hauts_de_France-Week_end.pdf' target='_blank' rel='noreferrer noopener'>2024 06 - Regio Hauts-de-France Dit weekend<\/a><\/p><p><a href='https:\/\/www.creilsudoise-tourisme.fr\/wp-content\/uploads\/2024\/06\/2024_06-Oise_Hebdo-weekend.pdf' target='_blank' rel='noreferrer noopener'>2024 06 - Oise Hebdo Wat te doen dit weekend? Steen Festival<\/a><\/p><p><a href='https:\/\/www.creilsudoise-tourisme.fr\/wp-content\/uploads\/2024\/06\/2024_06-Actu-BDL.pdf' target='_blank' rel='noreferrer noopener'>2024 06 - Nieuws Vrijetijdscentrum<\/a><\/p><p><a href='https:\/\/www.creilsudoise-tourisme.fr\/wp-content\/uploads\/2024\/06\/2024_06-Parisien-BDL.pdf' target='_blank' rel='noreferrer noopener'>2024 06 - Le Parisien Base de Loisirs<\/a><\/p><p><a href='https:\/\/www.creilsudoise-tourisme.fr\/wp-content\/uploads\/2024\/05\/2024_05-Figaro-Clouterie-JO.pdf' target='_blank' rel='noreferrer noopener'>2024 05 - Figaro Clouterie en de Olympische Spelen<\/a><\/p><p><a href='https:\/\/www.creilsudoise-tourisme.fr\/wp-content\/uploads\/2024\/05\/2024-05-NewsDay-MdP.pdf' target='_blank' rel='noreferrer noopener'>2024 05 - Nieuwsdag Pierres de Saint-Maximin<\/a><\/p><p><a href='https:\/\/www.creilsudoise-tourisme.fr\/wp-content\/uploads\/2024\/04\/2024_04-Parisien-JO.pdf' target='_blank' rel='noreferrer noopener'>2024 04 - Olympische Spelen in Parijs<\/a><\/p><p><a href='https:\/\/www.creilsudoise-tourisme.fr\/wp-content\/uploads\/2024\/04\/2024_04-Actu-Tournage_MDP.pdf' target='_blank' rel='noreferrer noopener'>2024 04 - Nieuws Filmen in het Maison de la Pierre<\/a><\/p><p><a href='https:\/\/www.creilsudoise-tourisme.fr\/wp-content\/uploads\/2024\/04\/2024_02-Actu-Chateau_Montataire.pdf' target='_blank' rel='noreferrer noopener'>2024 02 - Nieuws Ch\u00e2teau de Montataire<\/a><\/p><p><a href='https:\/\/www.creilsudoise-tourisme.fr\/wp-content\/uploads\/2024\/04\/2024_02-Grimper-Glachoirs.pdf' target='_blank' rel='noreferrer noopener'>2024 02 - Beklimming van de Glachoirs<\/a><\/p><p><a href='https:\/\/www.creilsudoise-tourisme.fr\/wp-content\/uploads\/2024\/04\/2024_02-Parisien-Faiencerie.pdf' target='_blank' rel='noreferrer noopener'>2024 02 - Le Parisien La Fa\u00efencerie-Th\u00e9\u00e2tre de Creil<\/a><\/p><p><a href='https:\/\/www.creilsudoise-tourisme.fr\/wp-content\/uploads\/2024\/04\/2024_02-Parisien-Musee_bombardements.pdf' target='_blank' rel='noreferrer noopener'>2024 02 - Le Parisien Het bommenmuseum<\/a><\/p>            <\/div>\n        <\/div>\n    \n<\/div>\n\n\n\n\n<div class=\"wp-block wp-block-accordion\" id=\"accordion\">\n    \n                    <div class=\"wp-block-accordion-item\">\n            <div id=\"heading9983\">\n                <h3 class=\"wp-block-accordion-item-title\" data-toggle=\"collapse\" data-target=\"#collapse9983\">\n                    2023                <\/h3>\n            <\/div>\n            <div class=\"wp-block-accordion-item-content collapse\" id=\"collapse9983\" data-parent=\"#accordion\">\n                <p><a href='https:\/\/www.creilsudoise-tourisme.fr\/wp-content\/uploads\/2023\/09\/2023-France3-Picardie_Clouterie-Rivierre.pdf' target='_blank' rel='noreferrer noopener'>2023 09 - Frankrijk 3 Picardi\u00eb Clouterie Rivierre<\/a><\/p><p><a href='https:\/\/www.creilsudoise-tourisme.fr\/wp-content\/uploads\/2023\/09\/2023-Parisien_Festival-Mosaique.pdf' target='_blank' rel='noreferrer noopener'>2023 09 - Mosa\u00efque Festival Parijs<\/a><\/p><p><a href='https:\/\/www.creilsudoise-tourisme.fr\/wp-content\/uploads\/2023\/08\/2023-Oise-Hebdo_Ferme-NSO.pdf' target='_blank' rel='noreferrer noopener'>2023 08 - Oise Hebdo Nogent-sur-Oise educatieve boerderij<\/a><\/p><p><a href='https:\/\/www.creilsudoise-tourisme.fr\/wp-content\/uploads\/2023\/07\/2023-FranceTVinfo_Verbois.pdf' target='_blank' rel='noreferrer noopener'>2023 07 - Frankrijk TV info Le Verbois *.<\/a><\/p><p><a href='https:\/\/www.creilsudoise-tourisme.fr\/wp-content\/uploads\/2023\/06\/2023-Oise-Hebdo_Creil-medievale.pdf' target='_blank' rel='noreferrer noopener'>2023 05 - Oise Hebdo Creil in de Middeleeuwen<\/a><\/p><p><a href='https:\/\/www.creilsudoise-tourisme.fr\/wp-content\/uploads\/2023\/05\/2023-BonhommePicard_Champignonniere.pdf' target='_blank' rel='noreferrer noopener'>2023 05 - Bonhomme Picard La Champignonni\u00e8re de Laigneville<\/a><\/p><p><a href='https:\/\/www.creilsudoise-tourisme.fr\/wp-content\/uploads\/2023\/05\/2023-Oise-Hebdo_Fete-andouille.pdf' target='_blank' rel='noreferrer noopener'>2023 04 - Oise Hebdo Het Cramoisy andouille festival<\/a><\/p><p><a href='https:\/\/www.creilsudoise-tourisme.fr\/wp-content\/uploads\/2023\/04\/2023-Parisien_Riviere.pdf' target='_blank' rel='noreferrer noopener'>2023 04 - Le Parisien Activiteiten op de rivieren Oise en Th\u00e9rain<\/a><\/p><p><a href='https:\/\/www.creilsudoise-tourisme.fr\/wp-content\/uploads\/2023\/04\/2023-Parisien_Champignonniere.pdf' target='_blank' rel='noreferrer noopener'>2023 04 - Le Parisien La Champignonni\u00e8re de Laigneville<\/a><\/p><p><a href='https:\/\/www.creilsudoise-tourisme.fr\/wp-content\/uploads\/2023\/04\/2023-Parisien_Cirque-Faiencerie.pdf' target='_blank' rel='noreferrer noopener'>2023 04 - Parijs Le Chapiteau des loups<\/a><\/p><p><a href='https:\/\/www.creilsudoise-tourisme.fr\/wp-content\/uploads\/2023\/03\/Revue-presse_Verbois_AR.pdf' target='_blank' rel='noreferrer noopener'>Voorjaar 2023 - AR Tijdschrift Voyageur Verbois *<\/a><\/p><p><a href='https:\/\/www.creilsudoise-tourisme.fr\/wp-content\/uploads\/2023\/03\/Revue-presse_Verbois_Grand-seigneur.pdf' target='_blank' rel='noreferrer noopener'>2023 03 - Grand Seigneur Le magazine du plaisir \u00e0 table Verbois *.<\/a><\/p>            <\/div>\n        <\/div>\n    \n<\/div>\n\n\n\n\n<div class=\"wp-block wp-block-accordion\" id=\"accordion\">\n    \n                    <div class=\"wp-block-accordion-item\">\n            <div id=\"heading6855\">\n                <h3 class=\"wp-block-accordion-item-title\" data-toggle=\"collapse\" data-target=\"#collapse6855\">\n                    2022                <\/h3>\n            <\/div>\n            <div class=\"wp-block-accordion-item-content collapse\" id=\"collapse6855\" data-parent=\"#accordion\">\n                <p><a href='https:\/\/www.creilsudoise-tourisme.fr\/wp-content\/uploads\/2022\/06\/2022-06-Bonhomme-Picard-Croisiere.pdf' target='_blank' rel='noreferrer noopener'>2022 06 - De Bonhomme Picard Croisi\u00e8res<\/a><\/p><p><a href='https:\/\/www.creilsudoise-tourisme.fr\/wp-content\/uploads\/2022\/03\/2022-03-Le-Parisien-Monte-Laster.pdf' target='_blank' rel='noreferrer noopener'>2022 03 - Le Parisien Monte Laster<\/a><\/p>            <\/div>\n        <\/div>\n    \n<\/div>\n\n\n\n\n<div class=\"wp-block wp-block-accordion\" id=\"accordion\">\n    \n                    <div class=\"wp-block-accordion-item\">\n            <div id=\"heading2712\">\n                <h3 class=\"wp-block-accordion-item-title\" data-toggle=\"collapse\" data-target=\"#collapse2712\">\n                    2021                <\/h3>\n            <\/div>\n            <div class=\"wp-block-accordion-item-content collapse\" id=\"collapse2712\" data-parent=\"#accordion\">\n                <p><a href='https:\/\/www.creilsudoise-tourisme.fr\/wp-content\/uploads\/2022\/03\/2021-12-Le-Parisien-Faiencerie.pdf' target='_blank' rel='noreferrer noopener'>2021 12 - Le Parisien La Fa\u00efencerie<\/a><\/p><p><a href='https:\/\/www.creilsudoise-tourisme.fr\/wp-content\/uploads\/2022\/03\/2021-12-Le-Parisien-Faiencerie-Chapiteau-des-loups.pdf' target='_blank' rel='noreferrer noopener'>2021 12 - Le Parisien La Fa\u00efencerie<\/a><\/p><p><a href='https:\/\/www.creilsudoise-tourisme.fr\/wp-content\/uploads\/2021\/06\/2021-06-Le-Parisien-La-Faiencerie.pdf' target='_blank' rel='noreferrer noopener'>2021 06 - Le Parisien La Fa\u00efencerie<\/a><\/p><p><a href='https:\/\/www.creilsudoise-tourisme.fr\/wp-content\/uploads\/2021\/03\/2021-02-L_observateur-Champignonnie\u0300re.pdf' target='_blank' rel='noreferrer noopener'>2021 02 - De waarnemer van de champignonkwekerij<\/a><\/p><p><a href='https:\/\/www.creilsudoise-tourisme.fr\/wp-content\/uploads\/2021\/03\/2021-02-Courrier-Picard-Verbois.pdf' target='_blank' rel='noreferrer noopener'>2021 02 - Courrier Picard Verbois<\/a><\/p><p><a href='https:\/\/www.creilsudoise-tourisme.fr\/wp-content\/uploads\/2021\/03\/2021-01-Le-Parisien-Studio-NSO.pdf' target='_blank' rel='noreferrer noopener'>2021 01 - Studio NSO Parijs<\/a><\/p><p><a href='https:\/\/www.creilsudoise-tourisme.fr\/wp-content\/uploads\/2021\/03\/2021-01-Le-Parisien-Location-ve\u0301lo-ACSO.pdf' target='_blank' rel='noreferrer noopener'>2021 01 - Le Parisien ACSO fietsverhuur<\/a><\/p><p><a href='https:\/\/www.creilsudoise-tourisme.fr\/wp-content\/uploads\/2021\/03\/2021-01-Le-Parisien-Le-Verbois-e\u0301toile\u0301.pdf' target='_blank' rel='noreferrer noopener'>2021 01 - Parijs Le Verbois \u00e9toil\u00e9<\/a><\/p><p><a href='https:\/\/www.creilsudoise-tourisme.fr\/wp-content\/uploads\/2021\/03\/2021-01-Le-Parisien-Arbre-a\u0300-poule.pdf' target='_blank' rel='noreferrer noopener'>2021 01 - Le Parisien Kippenboom<\/a><\/p><p><a href='https:\/\/www.creilsudoise-tourisme.fr\/wp-content\/uploads\/2021\/03\/2021-01-France-3-Clouterie.pdf' target='_blank' rel='noreferrer noopener'>2021 01 - Frankrijk 3 Clouterie<\/a><\/p><p><a href='https:\/\/www.creilsudoise-tourisme.fr\/wp-content\/uploads\/2021\/03\/2021-01-Courrier-picard-Week-end.pdf' target='_blank' rel='noreferrer noopener'>2021 01 - Courrier picard Week-end<\/a><\/p><p><a href='https:\/\/www.creilsudoise-tourisme.fr\/wp-content\/uploads\/2021\/03\/2020-02-Le-Parisien-Maison-colore\u0301e.pdf' target='_blank' rel='noreferrer noopener'>2021 02 - Le Parisien Kleurrijk huis<\/a><\/p>            <\/div>\n        <\/div>\n    \n<\/div>\n\n\n\n\n<div class=\"wp-block wp-block-accordion\" id=\"accordion\">\n    \n                    <div class=\"wp-block-accordion-item\">\n            <div id=\"heading4537\">\n                <h3 class=\"wp-block-accordion-item-title\" data-toggle=\"collapse\" data-target=\"#collapse4537\">\n                    2020                <\/h3>\n            <\/div>\n            <div class=\"wp-block-accordion-item-content collapse\" id=\"collapse4537\" data-parent=\"#accordion\">\n                <p><a href='https:\/\/www.creilsudoise-tourisme.fr\/wp-content\/uploads\/2021\/05\/2020-01-Actu-sortie-du-week-end.pdf' target='_blank' rel='noreferrer noopener'>2020 01 Weekendje weg nieuws.pdf<\/a><\/p><p><a href='https:\/\/www.creilsudoise-tourisme.fr\/wp-content\/uploads\/2021\/05\/2020-01-Evasion-FM-Artistes-en-liberte\u0301.pdf' target='_blank' rel='noreferrer noopener'>2020 01 Ontduiking FM Artiesten en vrijheid.pdf<\/a><\/p><p><a href='https:\/\/www.creilsudoise-tourisme.fr\/wp-content\/uploads\/2021\/05\/2020-01-Evasion-FM-Clouterie.pdf' target='_blank' rel='noreferrer noopener'>2020 01 Ontwijking FM Clouterie.pdf<\/a><\/p><p><a href='https:\/\/www.creilsudoise-tourisme.fr\/wp-content\/uploads\/2021\/05\/2020-01-France-3-sortie-du-week-end.pdf' target='_blank' rel='noreferrer noopener'>2020 01 Frankrijk 3 weekend uitgave.pdf<\/a><\/p><p><a href='https:\/\/www.creilsudoise-tourisme.fr\/wp-content\/uploads\/2021\/05\/2020-01-Le-Parisien-BdL.pdf' target='_blank' rel='noreferrer noopener'>2020 01 Le Parisien BdL.pdf<\/a><\/p><p><a href='https:\/\/www.creilsudoise-tourisme.fr\/wp-content\/uploads\/2021\/05\/2020-01-Le-Parisien-Cha\u0302teau-de-Montataire.pdf' target='_blank' rel='noreferrer noopener'>2020 01 Le Parisien Ch\u00e2teau de Montataire.pdf<\/a><\/p><p><a href='https:\/\/www.creilsudoise-tourisme.fr\/wp-content\/uploads\/2021\/05\/2020-01-Le-Parisien-sortie-du-week-end-2.pdf' target='_blank' rel='noreferrer noopener'>2020 01 Le Parisien weekendje weg 2.pdf<\/a><\/p><p><a href='https:\/\/www.creilsudoise-tourisme.fr\/wp-content\/uploads\/2021\/05\/2020-01-Le-Parisien-sortie-du-week-end.pdf' target='_blank' rel='noreferrer noopener'>2020 01 Le Parisien weekendje weg.pdf<\/a><\/p><p><a href='https:\/\/www.creilsudoise-tourisme.fr\/wp-content\/uploads\/2021\/05\/2020-02-Actu-GAM-Muse\u0301e-des-bombardements.pdf' target='_blank' rel='noreferrer noopener'>2020 02 GAM Nieuws + Bommuseum.pdf<\/a><\/p><p><a href='https:\/\/www.creilsudoise-tourisme.fr\/wp-content\/uploads\/2021\/05\/2020-02-Actu-Saint-Maximin-sur-sce\u0300ne.pdf' target='_blank' rel='noreferrer noopener'>2020 02 Sint-Maximin op het podium nieuws.pdf<\/a><\/p><p><a href='https:\/\/www.creilsudoise-tourisme.fr\/wp-content\/uploads\/2021\/05\/2020-02-France-3-sortie-du-week-end.pdf' target='_blank' rel='noreferrer noopener'>2020 02 Frankrijk 3 weekend uitgave.pdf<\/a><\/p><p><a href='https:\/\/www.creilsudoise-tourisme.fr\/wp-content\/uploads\/2021\/05\/2020-02-Le-Parisien-Arbre-a\u0300-poule.pdf' target='_blank' rel='noreferrer noopener'>2020 02 Le Parisien Kippenboom.pdf<\/a><\/p><p><a href='https:\/\/www.creilsudoise-tourisme.fr\/wp-content\/uploads\/2021\/05\/2020-02-Le-Parisien-sortie-du-week-end-2.pdf' target='_blank' rel='noreferrer noopener'>2020 02 Le Parisien weekendje weg 2.pdf<\/a><\/p><p><a href='https:\/\/www.creilsudoise-tourisme.fr\/wp-content\/uploads\/2021\/05\/2020-02-Le-Parisien-sortie-du-week-end.pdf' target='_blank' rel='noreferrer noopener'>2020 02 Le Parisien weekendje weg.pdf<\/a><\/p><p><a href='https:\/\/www.creilsudoise-tourisme.fr\/wp-content\/uploads\/2021\/05\/2020-02-Le-Parisien-Sorties-vacances-MDP-2.pdf' target='_blank' rel='noreferrer noopener'>2020 02 Le Parisien Vakantie-uitjes MDP 2.pdf<\/a><\/p><p><a href='https:\/\/www.creilsudoise-tourisme.fr\/wp-content\/uploads\/2021\/05\/2020-02-Le-Parisien-Sorties-vacances-MDP.pdf' target='_blank' rel='noreferrer noopener'>2020 02 Le Parisien Vakantie-uitjes MDP.pdf<\/a><\/p><p><a href='https:\/\/www.creilsudoise-tourisme.fr\/wp-content\/uploads\/2021\/05\/2020-02-Unidivers-Crapeauduc.pdf' target='_blank' rel='noreferrer noopener'>2020 02 Unidivers Crapeauduc.pdf<\/a><\/p><p><a href='https:\/\/www.creilsudoise-tourisme.fr\/wp-content\/uploads\/2021\/05\/2020-03-Courrier-Picard-Champignonnie\u0300re.pdf' target='_blank' rel='noreferrer noopener'>2020 03 Courrier Picard Champignonni\u00e8re.pdf<\/a><\/p><p><a href='https:\/\/www.creilsudoise-tourisme.fr\/wp-content\/uploads\/2021\/05\/2020-03-Le-Parisien-bus-amphibie.pdf' target='_blank' rel='noreferrer noopener'>2020 03 Le Parisien amfibiebus.pdf<\/a><\/p><p><a href='https:\/\/www.creilsudoise-tourisme.fr\/wp-content\/uploads\/2021\/05\/2020-04-Le-Parisien-BdL.pdf' target='_blank' rel='noreferrer noopener'>2020 04 Le Parisien BdL.pdf<\/a><\/p><p><a href='https:\/\/www.creilsudoise-tourisme.fr\/wp-content\/uploads\/2021\/05\/2020-04-Le-Parisien-Verbois.pdf' target='_blank' rel='noreferrer noopener'>2020 04 Le Parisien Verbois.pdf<\/a><\/p><p><a href='https:\/\/www.creilsudoise-tourisme.fr\/wp-content\/uploads\/2021\/05\/2020-05-Le-Parisien-BDL.pdf' target='_blank' rel='noreferrer noopener'>2020 05 Le Parisien BDL.pdf<\/a><\/p><p><a href='https:\/\/www.creilsudoise-tourisme.fr\/wp-content\/uploads\/2021\/05\/2020-05-Le-Parisien-Glachoirs.pdf' target='_blank' rel='noreferrer noopener'>2020 05 Le Parisien Glachoirs.pdf<\/a><\/p><p><a href='https:\/\/www.creilsudoise-tourisme.fr\/wp-content\/uploads\/2021\/05\/2020-05-Maxi-Cuisine-Champignonnie\u0300re.pdf' target='_blank' rel='noreferrer noopener'>2020 05 Maxi Keuken Champignonni\u00e8re.pdf<\/a><\/p><p><a href='https:\/\/www.creilsudoise-tourisme.fr\/wp-content\/uploads\/2021\/05\/2020-06-France-3-Fai\u0308encerie.pdf' target='_blank' rel='noreferrer noopener'>2020 06 Frankrijk 3 Fa\u00efencerie.pdf<\/a><\/p><p><a href='https:\/\/www.creilsudoise-tourisme.fr\/wp-content\/uploads\/2021\/05\/2020-06-FranceInfo-Fai\u0308encerie.pdf' target='_blank' rel='noreferrer noopener'>2020 06 FrankrijkInfo Fa\u00efencerie.pdf<\/a><\/p><p><a href='https:\/\/www.creilsudoise-tourisme.fr\/wp-content\/uploads\/2021\/05\/2020-06-Le-Parisien-Clouterie.pdf' target='_blank' rel='noreferrer noopener'>2020 06 Le Parisien Clouterie.pdf<\/a><\/p><p><a href='https:\/\/www.creilsudoise-tourisme.fr\/wp-content\/uploads\/2021\/05\/2020-06-Le-Parisien-Fai\u0308encerie.pdf' target='_blank' rel='noreferrer noopener'>2020 06 Le Parisien Fa\u00efencerie.pdf<\/a><\/p><p><a href='https:\/\/www.creilsudoise-tourisme.fr\/wp-content\/uploads\/2021\/05\/2020-06-Le-Parisien-Fe\u0302te-de-la-musique-NSO.pdf' target='_blank' rel='noreferrer noopener'>2020 06 Le Parisien F\u00eate de la musique NSO.pdf<\/a><\/p><p><a href='https:\/\/www.creilsudoise-tourisme.fr\/wp-content\/uploads\/2021\/05\/2020-06-Le-Parisien-Parc-des-Loups.pdf' target='_blank' rel='noreferrer noopener'>2020 06 Le Parisien Parc des Loups.pdf<\/a><\/p><p><a href='https:\/\/www.creilsudoise-tourisme.fr\/wp-content\/uploads\/2021\/05\/2020-06-Le-Parisien-Picardhistoire.pdf' target='_blank' rel='noreferrer noopener'>2020 06 Le Parisien Picardhistoire.pdf<\/a><\/p><p><a href='https:\/\/www.creilsudoise-tourisme.fr\/wp-content\/uploads\/2021\/05\/2020-07-France-3-MDP.pdf' target='_blank' rel='noreferrer noopener'>2020 07 Frankrijk 3 MDP.pdf<\/a><\/p><p><a href='https:\/\/www.creilsudoise-tourisme.fr\/wp-content\/uploads\/2021\/05\/2020-07-Le-Parisien-Abbatiale.pdf' target='_blank' rel='noreferrer noopener'>2020 07 Le Parisien Abbatiale.pdf<\/a><\/p><p><a href='https:\/\/www.creilsudoise-tourisme.fr\/wp-content\/uploads\/2021\/05\/2020-07-Le-Parisien-animations-estivales.pdf' target='_blank' rel='noreferrer noopener'>2020 07 Le Parisien zomerevenementen.pdf<\/a><\/p><p><a href='https:\/\/www.creilsudoise-tourisme.fr\/wp-content\/uploads\/2021\/05\/2020-07-Le-Parisien-PontRoyal.pdf' target='_blank' rel='noreferrer noopener'>2020 07 Le Parisien PontRoyal.pdf<\/a><\/p><p><a href='https:\/\/www.creilsudoise-tourisme.fr\/wp-content\/uploads\/2021\/05\/2020-08-France-3-Champignonnie\u0300re-Maison-de-la-Pierre.pdf' target='_blank' rel='noreferrer noopener'>2020 08 Frankrijk 3 Champignonni\u00e8re + Maison de la Pierre.pdf<\/a><\/p><p><a href='https:\/\/www.creilsudoise-tourisme.fr\/wp-content\/uploads\/2021\/05\/2020-08-Le-Parisien-Base-de-loisirs.pdf' target='_blank' rel='noreferrer noopener'>2020 08 De Parijse winkelstraat.pdf<\/a><\/p><p><a href='https:\/\/www.creilsudoise-tourisme.fr\/wp-content\/uploads\/2021\/05\/2020-08-Le-Parisien-concours-photos-e\u0301glises.pdf' target='_blank' rel='noreferrer noopener'>2020 08 Le Parisien fotowedstrijd kerk.pdf<\/a><\/p><p><a href='https:\/\/www.creilsudoise-tourisme.fr\/wp-content\/uploads\/2021\/05\/2020-08-Le-Parisien-MDP.pdf' target='_blank' rel='noreferrer noopener'>2020 08 Le Parisien MDP.pdf<\/a><\/p><p><a href='https:\/\/www.creilsudoise-tourisme.fr\/wp-content\/uploads\/2021\/05\/2020-08-Le-Parisien-MGJ-quartiers.pdf' target='_blank' rel='noreferrer noopener'>2020 08 Le Parisien MGJ wijken.pdf<\/a><\/p><p><a href='https:\/\/www.creilsudoise-tourisme.fr\/wp-content\/uploads\/2021\/05\/2020-08-Le-Parisien-Parc-des-loups.pdf' target='_blank' rel='noreferrer noopener'>2020 08 Le Parisien Parc des loups.pdf<\/a><\/p><p><a href='https:\/\/www.creilsudoise-tourisme.fr\/wp-content\/uploads\/2021\/05\/2020-08-Le-Parisien-sortie-du-week-end.pdf' target='_blank' rel='noreferrer noopener'>2020 08 Le Parisien weekendje weg.pdf<\/a><\/p><p><a href='https:\/\/www.creilsudoise-tourisme.fr\/wp-content\/uploads\/2021\/05\/2020-08-Unidivers-Gournay.pdf' target='_blank' rel='noreferrer noopener'>2020 08 Unidivers Gournay.pdf<\/a><\/p><p><a href='https:\/\/www.creilsudoise-tourisme.fr\/wp-content\/uploads\/2021\/05\/2020-08-Unidivers-MGJ.pdf' target='_blank' rel='noreferrer noopener'>2020 08 Unidivers MGJ.pdf<\/a><\/p><p><a href='https:\/\/www.creilsudoise-tourisme.fr\/wp-content\/uploads\/2021\/05\/2020-08-Unidivers-Moulin.pdf' target='_blank' rel='noreferrer noopener'>2020 08 Moulin.pdf<\/a><\/p><p><a href='https:\/\/www.creilsudoise-tourisme.fr\/wp-content\/uploads\/2021\/05\/2020-08-Unidivers-StMedard.pdf' target='_blank' rel='noreferrer noopener'>2020 08 Unidivers StMedard.pdf<\/a><\/p><p><a href='https:\/\/www.creilsudoise-tourisme.fr\/wp-content\/uploads\/2021\/05\/2020-08-UsineNouvelle-Clouterie.pdf' target='_blank' rel='noreferrer noopener'>2020 08 Gebruiksklaar.pdf<\/a><\/p><p><a href='https:\/\/www.creilsudoise-tourisme.fr\/wp-content\/uploads\/2021\/05\/2020-09-ActuOise-JEP-Clouterie.pdf' target='_blank' rel='noreferrer noopener'>2020 09 ActuOise JEP Clouterie.pdf<\/a><\/p><p><a href='https:\/\/www.creilsudoise-tourisme.fr\/wp-content\/uploads\/2021\/05\/2020-09-Le-Parisien-Festival-Mosai\u0308que.pdf' target='_blank' rel='noreferrer noopener'>2020 09 Parijs Festival Moza\u00efek.pdf<\/a><\/p><p><a href='https:\/\/www.creilsudoise-tourisme.fr\/wp-content\/uploads\/2021\/05\/2020-09-Le-Parisien-JEP-Clouterie.pdf' target='_blank' rel='noreferrer noopener'>2020 09 Le Parisien JEP Clouterie.pdf<\/a><\/p><p><a href='https:\/\/www.creilsudoise-tourisme.fr\/wp-content\/uploads\/2021\/05\/2020-09-Unidivers-JEP-Cave\u0301es.pdf' target='_blank' rel='noreferrer noopener'>2020 09 Medewerkers JEP Cav\u00e9es.pdf<\/a><\/p><p><a href='https:\/\/www.creilsudoise-tourisme.fr\/wp-content\/uploads\/2021\/05\/2020-09-Unidivers-JEP-Cha\u0302teau-de-Montataire.pdf' target='_blank' rel='noreferrer noopener'>2020 09 Unidivers JEP Ch\u00e2teau de Montataire.pdf<\/a><\/p><p><a href='https:\/\/www.creilsudoise-tourisme.fr\/wp-content\/uploads\/2021\/05\/2020-09-Unidivers-JEP-Clouterie.pdf' target='_blank' rel='noreferrer noopener'>2020 09 Unidivers JEP Clouterie.pdf<\/a><\/p><p><a href='https:\/\/www.creilsudoise-tourisme.fr\/wp-content\/uploads\/2021\/05\/2020-09-Unidivers-JEP-Cramoisy.pdf' target='_blank' rel='noreferrer noopener'>2020 09 Unidivers JEP Cramoisy.pdf<\/a><\/p><p><a href='https:\/\/www.creilsudoise-tourisme.fr\/wp-content\/uploads\/2021\/05\/2020-09-Unidivers-JEP-MGJ-2.pdf' target='_blank' rel='noreferrer noopener'>2020 09 Unidivers JEP MGJ 2.pdf<\/a><\/p><p><a href='https:\/\/www.creilsudoise-tourisme.fr\/wp-content\/uploads\/2021\/05\/2020-09-Unidivers-JEP-MGJ-3.pdf' target='_blank' rel='noreferrer noopener'>2020 09 Unidivers JEP MGJ 3.pdf<\/a><\/p><p><a href='https:\/\/www.creilsudoise-tourisme.fr\/wp-content\/uploads\/2021\/05\/2020-09-Unidivers-JEP-MGJ-4.pdf' target='_blank' rel='noreferrer noopener'>2020 09 Unidivers JEP MGJ 4.pdf<\/a><\/p><p><a href='https:\/\/www.creilsudoise-tourisme.fr\/wp-content\/uploads\/2021\/05\/2020-09-Unidivers-JEP-MGJ-5.pdf' target='_blank' rel='noreferrer noopener'>2020 09 Unidivers JEP MGJ 5.pdf<\/a><\/p><p><a href='https:\/\/www.creilsudoise-tourisme.fr\/wp-content\/uploads\/2021\/05\/2020-09-Unidivers-JEP-MGJ-6.pdf' target='_blank' rel='noreferrer noopener'>2020 09 Unidivers JEP MGJ 6.pdf<\/a><\/p><p><a href='https:\/\/www.creilsudoise-tourisme.fr\/wp-content\/uploads\/2021\/05\/2020-09-Unidivers-JEP-MGJ-7.pdf' target='_blank' rel='noreferrer noopener'>2020 09 Unidivers JEP MGJ 7.pdf<\/a><\/p><p><a href='https:\/\/www.creilsudoise-tourisme.fr\/wp-content\/uploads\/2021\/05\/2020-09-Unidivers-JEP-MGJ-8.pdf' target='_blank' rel='noreferrer noopener'>2020 09 Unidivers JEP MGJ 8.pdf<\/a><\/p><p><a href='https:\/\/www.creilsudoise-tourisme.fr\/wp-content\/uploads\/2021\/05\/2020-09-Unidivers-JEP-MGJ.pdf' target='_blank' rel='noreferrer noopener'>2020 09 Unidivers JEP MGJ.pdf<\/a><\/p><p><a href='https:\/\/www.creilsudoise-tourisme.fr\/wp-content\/uploads\/2021\/05\/2020-09-Unidivers-JEP-StLeu-Abbatiale.pdf' target='_blank' rel='noreferrer noopener'>2020 09 Unidivers JEP StLeu Abbatiale.pdf<\/a><\/p><p><a href='https:\/\/www.creilsudoise-tourisme.fr\/wp-content\/uploads\/2021\/05\/2020-09-Unidivers-JEP-StLeu-expo.pdf' target='_blank' rel='noreferrer noopener'>2020 09 Unidivers JEP StLeu expo.pdf<\/a><\/p><p><a href='https:\/\/www.creilsudoise-tourisme.fr\/wp-content\/uploads\/2021\/05\/2020-09-Unidivers-JEP-StLeu-Prieure\u0301.pdf' target='_blank' rel='noreferrer noopener'>2020 09 Medewerkers JEP StLeu Prieur\u00e9.pdf<\/a><\/p><p><a href='https:\/\/www.creilsudoise-tourisme.fr\/wp-content\/uploads\/2021\/05\/2020-09-Unidivers-JEP-StLeu-Quartier-me\u0301die\u0301val.pdf' target='_blank' rel='noreferrer noopener'>2020 09 Unidivers JEP StLeu Wijkcentrum.pdf<\/a><\/p><p><a href='https:\/\/www.creilsudoise-tourisme.fr\/wp-content\/uploads\/2021\/05\/2020-09-Unidivers-JEP-StLeu.pdf' target='_blank' rel='noreferrer noopener'>2020 09 Unidivers JEP StLeu.pdf<\/a><\/p><p><a href='https:\/\/www.creilsudoise-tourisme.fr\/wp-content\/uploads\/2021\/05\/2020-09-Unidivers-JEP-Thiverny.pdf' target='_blank' rel='noreferrer noopener'>2020 09 Unidivers JEP Thiverny.pdf<\/a><\/p><p><a href='https:\/\/www.creilsudoise-tourisme.fr\/wp-content\/uploads\/2021\/05\/2020-09-Unidivers-Spe\u0301le\u0301ologie.pdf' target='_blank' rel='noreferrer noopener'>2020 09 Unidivers Sp\u00e9l\u00e9ologie.pdf<\/a><\/p><p><a href='https:\/\/www.creilsudoise-tourisme.fr\/wp-content\/uploads\/2021\/05\/2020-10-Le-Parisien-Carrie\u0300res-de-pierre.pdf' target='_blank' rel='noreferrer noopener'>2020 10 Steengroeven Parijs.pdf<\/a><\/p><p><a href='https:\/\/www.creilsudoise-tourisme.fr\/wp-content\/uploads\/2021\/05\/2020-10-Unidivers-MGJ.pdf' target='_blank' rel='noreferrer noopener'>2020 10 Unidivers MGJ.pdf<\/a><\/p><p><a href='https:\/\/www.creilsudoise-tourisme.fr\/wp-content\/uploads\/2021\/05\/2020-11-Courrier-Picard-Abbatiale.pdf' target='_blank' rel='noreferrer noopener'>2020 11 Courrier Picard Abbatiale.pdf<\/a><\/p><p><a href='https:\/\/www.creilsudoise-tourisme.fr\/wp-content\/uploads\/2021\/05\/2020-11-Evasion-restaurants-ouverts.pdf' target='_blank' rel='noreferrer noopener'>2020 11 Ontwijking open restaurants.pdf<\/a><\/p><p><a href='https:\/\/www.creilsudoise-tourisme.fr\/wp-content\/uploads\/2021\/05\/2020-12-ActuOise-Location-ve\u0301lo-ACSO.pdf' target='_blank' rel='noreferrer noopener'>2020 12 ActuOise Fietsverhuur ACSO.pdf<\/a><\/p>            <\/div>\n        <\/div>\n    \n<\/div>\n\n\n\n\n<div class=\"wp-block wp-block-accordion\" id=\"accordion\">\n    \n                    <div class=\"wp-block-accordion-item\">\n            <div id=\"heading5952\">\n                <h3 class=\"wp-block-accordion-item-title\" data-toggle=\"collapse\" data-target=\"#collapse5952\">\n                    2019                <\/h3>\n            <\/div>\n            <div class=\"wp-block-accordion-item-content collapse\" id=\"collapse5952\" data-parent=\"#accordion\">\n                <p><a href='https:\/\/www.creilsudoise-tourisme.fr\/wp-content\/uploads\/2021\/05\/2019-02-24-Oise-Me\u0301dia-atelier-cuisine-Centre-georges-brassens.pdf' target='_blank' rel='noreferrer noopener'>2019 02 24 Oise M\u00e9dia kookworkshop Centre georges brassens.pdf<\/a><\/p><p><a href='https:\/\/www.creilsudoise-tourisme.fr\/wp-content\/uploads\/2021\/05\/2019-02-24-Oise-me\u0301dia-Champignonnie\u0300re.pdf' target='_blank' rel='noreferrer noopener'>2019 02 24 Oise media Champignonni\u00e8re.pdf<\/a><\/p><p><a href='https:\/\/www.creilsudoise-tourisme.fr\/wp-content\/uploads\/2021\/05\/2019-03-03-Oise-Me\u0301dia-MDP-Carnaval.pdf' target='_blank' rel='noreferrer noopener'>2019 03 03 Oise M\u00e9dia MDP Carnaval.pdf<\/a><\/p><p><a href='https:\/\/www.creilsudoise-tourisme.fr\/wp-content\/uploads\/2021\/05\/2019-03-07-Oise-Me\u0301dia-expo-MGJ-Hygie\u0300ne-moderne.pdf' target='_blank' rel='noreferrer noopener'>2019 03 07 Oise M\u00e9dia expo MGJ Hygi\u00e8ne modern.pdf<\/a><\/p><p><a href='https:\/\/www.creilsudoise-tourisme.fr\/wp-content\/uploads\/2021\/05\/2019-03-08-Oise-Me\u0301dia-clouterie.pdf' target='_blank' rel='noreferrer noopener'>2019 03 08 Oise M\u00e9dia clouterie.pdf<\/a><\/p><p><a href='https:\/\/www.creilsudoise-tourisme.fr\/wp-content\/uploads\/2021\/05\/2019-03-08-Oise-Me\u0301dia-e\u0301tang-saint-vaast.pdf' target='_blank' rel='noreferrer noopener'>2019 03 08 Oise M\u00e9dia \u00e9tang saint vaast.pdf<\/a><\/p><p><a href='https:\/\/www.creilsudoise-tourisme.fr\/wp-content\/uploads\/2021\/05\/2019-06-10-Le-Parisien-Escape-Game-MDP.pdf' target='_blank' rel='noreferrer noopener'>2019 06 10 Le Parisien Ontsnappingsspel MDP.pdf<\/a><\/p><p><a href='https:\/\/www.creilsudoise-tourisme.fr\/wp-content\/uploads\/2021\/05\/2019-06-28-Le-Parisien-Chemin-de-fer.pdf' target='_blank' rel='noreferrer noopener'>2019 06 28 Le Parisien Chemin de fer.pdf<\/a><\/p><p><a href='https:\/\/www.creilsudoise-tourisme.fr\/wp-content\/uploads\/2021\/05\/2019-07-03-Le-Parisien-Escape-game-MDP.pdf' target='_blank' rel='noreferrer noopener'>2019 07 03 Le Parisien Ontsnappingsspel MDP.pdf<\/a><\/p><p><a href='https:\/\/www.creilsudoise-tourisme.fr\/wp-content\/uploads\/2021\/05\/2019-07-05-Le-Parisien-Cha\u0302teau-de-Creil.pdf' target='_blank' rel='noreferrer noopener'>2019 07 05 Le Parisien Ch\u00e2teau de Creil.pdf<\/a><\/p><p><a href='https:\/\/www.creilsudoise-tourisme.fr\/wp-content\/uploads\/2021\/05\/2019-07-10-Le-Parisien-Escape-game-MGJ.pdf' target='_blank' rel='noreferrer noopener'>2019 07 10 Le Parisien Ontsnappingsspel MGJ.pdf<\/a><\/p><p><a href='https:\/\/www.creilsudoise-tourisme.fr\/wp-content\/uploads\/2021\/05\/2019-07-ACSO-Newsletter.pdf' target='_blank' rel='noreferrer noopener'>2019 07 ACSO Nieuwsbrief.pdf<\/a><\/p><p><a href='https:\/\/www.creilsudoise-tourisme.fr\/wp-content\/uploads\/2021\/05\/2019-07-Bonhomme-Picard-RDV-1.pdf' target='_blank' rel='noreferrer noopener'>2019 07 Bonhomme Picard RDV 1.pdf<\/a><\/p><p><a href='https:\/\/www.creilsudoise-tourisme.fr\/wp-content\/uploads\/2021\/05\/2019-07-Bonhomme-Picard-RDV-2.pdf' target='_blank' rel='noreferrer noopener'>2019 07 Bonhomme Picard RDV 2.pdf<\/a><\/p><p><a href='https:\/\/www.creilsudoise-tourisme.fr\/wp-content\/uploads\/2021\/05\/2019-07-Info-Mairie-Montataire.pdf' target='_blank' rel='noreferrer noopener'>2019 07 Info gemeente Montataire.pdf<\/a><\/p><p><a href='https:\/\/www.creilsudoise-tourisme.fr\/wp-content\/uploads\/2021\/05\/2019-07-Le-Parisien-Abbatiale.pdf' target='_blank' rel='noreferrer noopener'>2019 07 Le Parisien Abbatiale.pdf<\/a><\/p><p><a href='https:\/\/www.creilsudoise-tourisme.fr\/wp-content\/uploads\/2021\/05\/2019-07-Oise-Me\u0301dia-Maison-de-la-Pierre.pdf' target='_blank' rel='noreferrer noopener'>2019 07 Oise M\u00e9dia Maison de la Pierre.pdf<\/a><\/p><p><a href='https:\/\/www.creilsudoise-tourisme.fr\/wp-content\/uploads\/2021\/05\/2019-07-Oise-Me\u0301dia-MdB-1.pdf' target='_blank' rel='noreferrer noopener'>2019 07 Oise M\u00e9dia MdB 1.pdf<\/a><\/p><p><a href='https:\/\/www.creilsudoise-tourisme.fr\/wp-content\/uploads\/2021\/05\/2019-07-Oise-Me\u0301dia-MdB.pdf' target='_blank' rel='noreferrer noopener'>2019 07 Oise M\u00e9dia MdB.pdf<\/a><\/p><p><a href='https:\/\/www.creilsudoise-tourisme.fr\/wp-content\/uploads\/2021\/05\/2019-08-Le-Parisien-Maison-de-la-Pierre.pdf' target='_blank' rel='noreferrer noopener'>2019 08 Le Parisien Maison de la Pierre.pdf<\/a><\/p><p><a href='https:\/\/www.creilsudoise-tourisme.fr\/wp-content\/uploads\/2021\/05\/2019-09-Evasion-concours-photos-Saint-Leu-d_Esserent.pdf' target='_blank' rel='noreferrer noopener'>2019 09 Evasion fotowedstrijd Saint-Leu-d_Esserent.pdf<\/a><\/p><p><a href='https:\/\/www.creilsudoise-tourisme.fr\/wp-content\/uploads\/2021\/05\/2019-09-Evasion-Socie\u0301te\u0301-Mycologique-Montataire.pdf' target='_blank' rel='noreferrer noopener'>2019 09 Ontwijking Soci\u00e9t\u00e9 Mycologique Montataire.pdf<\/a><\/p><p><a href='https:\/\/www.creilsudoise-tourisme.fr\/wp-content\/uploads\/2021\/05\/2019-09-France-3-Hygie\u0300ne-moderne.pdf' target='_blank' rel='noreferrer noopener'>2019 09 Frankrijk 3 Moderne hygi\u00ebne.pdf<\/a><\/p><p><a href='https:\/\/www.creilsudoise-tourisme.fr\/wp-content\/uploads\/2021\/05\/2019-09-France-3-Kamini.pdf' target='_blank' rel='noreferrer noopener'>2019 09 Frankrijk 3 Kamini.pdf<\/a><\/p><p><a href='https:\/\/www.creilsudoise-tourisme.fr\/wp-content\/uploads\/2021\/05\/2019-09-France-3-re\u0301novation-Saint-Me\u0301dard.pdf' target='_blank' rel='noreferrer noopener'>2019 09 Frankrijk 3 renovatie Saint-M\u00e9dard.pdf<\/a><\/p><p><a href='https:\/\/www.creilsudoise-tourisme.fr\/wp-content\/uploads\/2021\/05\/2019-09-Le-Parisien-BdL.pdf' target='_blank' rel='noreferrer noopener'>2019 09 Le Parisien BdL.pdf<\/a><\/p><p><a href='https:\/\/www.creilsudoise-tourisme.fr\/wp-content\/uploads\/2021\/05\/2019-09-Le-Parisien-Champignonnie\u0300re.pdf' target='_blank' rel='noreferrer noopener'>2019 09 Le Parisien Champignonni\u00e8re.pdf<\/a><\/p><p><a href='https:\/\/www.creilsudoise-tourisme.fr\/wp-content\/uploads\/2021\/05\/2019-09-Le-Parisien-Clouterie-cordonnier.pdf' target='_blank' rel='noreferrer noopener'>2019 09 Le Parisien Clouterie cordonnier.pdf<\/a><\/p><p><a href='https:\/\/www.creilsudoise-tourisme.fr\/wp-content\/uploads\/2021\/05\/2019-09-Le-Parisien-RDV-Secret.pdf' target='_blank' rel='noreferrer noopener'>2019 09 Le Parisien RDV Geheim.pdf<\/a><\/p><p><a href='https:\/\/www.creilsudoise-tourisme.fr\/wp-content\/uploads\/2021\/05\/2019-09-Le-Parisien-Sorties-du-week-end-2.pdf' target='_blank' rel='noreferrer noopener'>2019 09 Le Parisien Weekendje weg 2.pdf<\/a><\/p><p><a href='https:\/\/www.creilsudoise-tourisme.fr\/wp-content\/uploads\/2021\/05\/2019-09-Le-Parisien-Sorties-du-week-end.pdf' target='_blank' rel='noreferrer noopener'>2019 09 Le Parisien Weekendje weg.pdf<\/a><\/p><p><a href='https:\/\/www.creilsudoise-tourisme.fr\/wp-content\/uploads\/2021\/05\/2019-09-Oise-Me\u0301dia-Pouvoir-des-plantes.pdf' target='_blank' rel='noreferrer noopener'>2019 09 Oise M\u00e9dia Plant power.pdf<\/a><\/p><p><a href='https:\/\/www.creilsudoise-tourisme.fr\/wp-content\/uploads\/2021\/05\/2019-09-Unidivers-Arbre-a\u0300-poule.pdf' target='_blank' rel='noreferrer noopener'>2019 09 Unidivers Kippenboom.pdf<\/a><\/p><p><a href='https:\/\/www.creilsudoise-tourisme.fr\/wp-content\/uploads\/2021\/05\/2019-09-Unidivers-Spe\u0301le\u0301o-Maysel.pdf' target='_blank' rel='noreferrer noopener'>2019 09 Unidivers Sp\u00e9l\u00e9o Maysel.pdf<\/a><\/p><p><a href='https:\/\/www.creilsudoise-tourisme.fr\/wp-content\/uploads\/2021\/05\/2019-10-Actu-Kamini.pdf' target='_blank' rel='noreferrer noopener'>2019 10 Kamini Nieuws.pdf<\/a><\/p><p><a href='https:\/\/www.creilsudoise-tourisme.fr\/wp-content\/uploads\/2021\/05\/2019-10-Le-Parisien-Cha\u0302teau-de-Creil.pdf' target='_blank' rel='noreferrer noopener'>2019 10 Le Parisien Ch\u00e2teau de Creil.pdf<\/a><\/p><p><a href='https:\/\/www.creilsudoise-tourisme.fr\/wp-content\/uploads\/2021\/05\/2019-10-Le-Parisien-Correspondant-MDP.pdf' target='_blank' rel='noreferrer noopener'>2019 10 Le Parisien Correspondant MDP.pdf<\/a><\/p><p><a href='https:\/\/www.creilsudoise-tourisme.fr\/wp-content\/uploads\/2021\/05\/2019-10-Le-Parisien-Fe\u0302te-de-la-science.pdf' target='_blank' rel='noreferrer noopener'>2019 10 Le Parisien F\u00eate de la science.pdf<\/a><\/p><p><a href='https:\/\/www.creilsudoise-tourisme.fr\/wp-content\/uploads\/2021\/05\/2019-10-Le-Parisien-RDV-Secret-EDF.pdf' target='_blank' rel='noreferrer noopener'>2019 10 Le Parisien RDV Secret EDF.pdf<\/a><\/p><p><a href='https:\/\/www.creilsudoise-tourisme.fr\/wp-content\/uploads\/2021\/05\/2019-10-Le-Parisien-Sorties-du-week-end-n\u00b02.pdf' target='_blank' rel='noreferrer noopener'>2019 10 Le Parisien Weekenduitstapjes n\u00b02.pdf<\/a><\/p><p><a href='https:\/\/www.creilsudoise-tourisme.fr\/wp-content\/uploads\/2021\/05\/2019-10-Le-Parisien-Sorties-du-week-end.pdf' target='_blank' rel='noreferrer noopener'>2019 10 Le Parisien Weekendje weg.pdf<\/a><\/p><p><a href='https:\/\/www.creilsudoise-tourisme.fr\/wp-content\/uploads\/2021\/05\/2019-10-Le-Parisien-Spe\u0301le\u0301ologie.pdf' target='_blank' rel='noreferrer noopener'>2019 10 Le Parisien Sp\u00e9l\u00e9ologie.pdf<\/a><\/p><p><a href='https:\/\/www.creilsudoise-tourisme.fr\/wp-content\/uploads\/2021\/05\/2019-10-Unidivers-MGJ.pdf' target='_blank' rel='noreferrer noopener'>2019 10 Unidivers MGJ.pdf<\/a><\/p><p><a href='https:\/\/www.creilsudoise-tourisme.fr\/wp-content\/uploads\/2021\/05\/2019-11-Le-Parisien-Salon-Fai\u0308ence.pdf' target='_blank' rel='noreferrer noopener'>2019 11 Le Parisien Aardewerk Salon.pdf<\/a><\/p><p><a href='https:\/\/www.creilsudoise-tourisme.fr\/wp-content\/uploads\/2021\/05\/2019-11-Actu-Sorties-du-week-end.pdf' target='_blank' rel='noreferrer noopener'>2019 11 Nieuws Weekendje weg.pdf<\/a><\/p><p><a href='https:\/\/www.creilsudoise-tourisme.fr\/wp-content\/uploads\/2021\/05\/2019-11-France-3-Hauts-de-France-EG-MGJ.pdf' target='_blank' rel='noreferrer noopener'>2019 11 Frankrijk 3 Hauts-de-France EG MGJ.pdf<\/a><\/p><p><a href='https:\/\/www.creilsudoise-tourisme.fr\/wp-content\/uploads\/2021\/05\/2019-11-France-3-Hauts-de-France-Sorties-du-week-end.pdf' target='_blank' rel='noreferrer noopener'>2019 11 Frankrijk 3 Hauts-de-France Weekendje weg.pdf<\/a><\/p><p><a href='https:\/\/www.creilsudoise-tourisme.fr\/wp-content\/uploads\/2021\/05\/2019-11-Le-Parisien-Re\u0301ouverture-Fai\u0308encerie-the\u0301a\u0302tre.pdf' target='_blank' rel='noreferrer noopener'>2019 11 Le Parisien Heropening Fa\u00efencerie-th\u00e9\u00e2tre.pdf<\/a><\/p><p><a href='https:\/\/www.creilsudoise-tourisme.fr\/wp-content\/uploads\/2021\/05\/2019-11-Sorties-du-week-end-2.pdf' target='_blank' rel='noreferrer noopener'>2019 11 Weekendje weg 2.pdf<\/a><\/p><p><a href='https:\/\/www.creilsudoise-tourisme.fr\/wp-content\/uploads\/2021\/05\/2019-11-Sorties-du-week-end.pdf' target='_blank' rel='noreferrer noopener'>2019 11 Weekendje weg.pdf<\/a><\/p><p><a href='https:\/\/www.creilsudoise-tourisme.fr\/wp-content\/uploads\/2021\/05\/2019-12-Sorties-du-week-end.pdf' target='_blank' rel='noreferrer noopener'>2019 12 Weekendje weg.pdf<\/a><\/p><p><a href='https:\/\/www.creilsudoise-tourisme.fr\/wp-content\/uploads\/2021\/05\/2019-alle\u0301e-a\u0300-cricri.pdf' target='_blank' rel='noreferrer noopener'>2019 all\u00e9e \u00e0 cricri.pdf<\/a><\/p><p><a href='https:\/\/www.creilsudoise-tourisme.fr\/wp-content\/uploads\/2021\/05\/2019-Art-critique-Usimages.pdf' target='_blank' rel='noreferrer noopener'>2019 Kunstkritiek Gebruiksmateriaal.pdf<\/a><\/p><p><a href='https:\/\/www.creilsudoise-tourisme.fr\/wp-content\/uploads\/2021\/05\/2019-Arts-in-the-city-USIMAGES-ACSO.pdf' target='_blank' rel='noreferrer noopener'>2019 Kunst in de stad USIMAGES ACSO.pdf<\/a><\/p><p><a href='https:\/\/www.creilsudoise-tourisme.fr\/wp-content\/uploads\/2021\/05\/2019-Blogueur-Creil.pdf' target='_blank' rel='noreferrer noopener'>2019 Blogueur Creil.pdf<\/a><\/p><p><a href='https:\/\/www.creilsudoise-tourisme.fr\/wp-content\/uploads\/2021\/05\/2019-Categorynet-Croisie\u0300res-Marche\u0301-Picard.pdf' target='_blank' rel='noreferrer noopener'>2019 Categorienet Croisi\u00e8res March\u00e9 Picard.pdf<\/a><\/p><p><a href='https:\/\/www.creilsudoise-tourisme.fr\/wp-content\/uploads\/2021\/05\/2019-Courrier-picard-Champignonnie\u0300re-annonce-sortie.pdf' target='_blank' rel='noreferrer noopener'>2019 Courrier picard Champignonni\u00e8re aankondiging vrijgave.pdf<\/a><\/p><p><a href='https:\/\/www.creilsudoise-tourisme.fr\/wp-content\/uploads\/2021\/05\/2019-Escape-Game-MDP-Le-Monde.pdf' target='_blank' rel='noreferrer noopener'>2019 Escape Game MDP Le Monde.pdf<\/a><\/p><p><a href='https:\/\/www.creilsudoise-tourisme.fr\/wp-content\/uploads\/2021\/05\/2019-e\u0301te\u0301-ACSO.pdf' target='_blank' rel='noreferrer noopener'>2019 zomer ACSO.pdf<\/a><\/p><p><a href='https:\/\/www.creilsudoise-tourisme.fr\/wp-content\/uploads\/2021\/05\/2019-Evasion-FM-Abbatiale.pdf' target='_blank' rel='noreferrer noopener'>2019 Evasion FM Abbatiale.pdf<\/a><\/p><p><a href='https:\/\/www.creilsudoise-tourisme.fr\/wp-content\/uploads\/2021\/05\/2019-Evasion-FM-Arbre-a\u0300-poule.pdf' target='_blank' rel='noreferrer noopener'>2019 Evasion FM Poezenboom.pdf<\/a><\/p><p><a href='https:\/\/www.creilsudoise-tourisme.fr\/wp-content\/uploads\/2021\/05\/2019-Evasion-FM-Atelier-Nichoirs.pdf' target='_blank' rel='noreferrer noopener'>2019 Evasion FM Nestkast workshop.pdf<\/a><\/p><p><a href='https:\/\/www.creilsudoise-tourisme.fr\/wp-content\/uploads\/2021\/05\/2019-Evasion-FM-Balade-e\u0301tang-Saint-Vaast.pdf' target='_blank' rel='noreferrer noopener'>2019 Evasion FM Vijverwandeling Sint Vaast.pdf<\/a><\/p><p><a href='https:\/\/www.creilsudoise-tourisme.fr\/wp-content\/uploads\/2021\/05\/2019-Evasion-FM-Hygiene-moderne-Muse\u0301e-Galle\u0301-Juillet.pdf' target='_blank' rel='noreferrer noopener'>2019 Evasion FM Hygi\u00ebne modern Mus\u00e9e Gall\u00e9 Juillet.pdf<\/a><\/p><p><a href='https:\/\/www.creilsudoise-tourisme.fr\/wp-content\/uploads\/2021\/05\/2019-Evasion-FM-Kamini-Abbatiale.pdf' target='_blank' rel='noreferrer noopener'>2019 Ontwijk FM Kamini Abbatiale.pdf<\/a><\/p><p><a href='https:\/\/www.creilsudoise-tourisme.fr\/wp-content\/uploads\/2021\/05\/2019-Evasion-FM-Serres-de-Creil.pdf' target='_blank' rel='noreferrer noopener'>2019 Evasion FM Serres de Creil.pdf<\/a><\/p><p><a href='https:\/\/www.creilsudoise-tourisme.fr\/wp-content\/uploads\/2021\/05\/2019-Evasion-FM-Sortie-AU5V.pdf' target='_blank' rel='noreferrer noopener'>2019 Evasion FM Sortie AU5V.pdf<\/a><\/p><p><a href='https:\/\/www.creilsudoise-tourisme.fr\/wp-content\/uploads\/2021\/05\/2019-FR3-Escape-game.pdf' target='_blank' rel='noreferrer noopener'>2019 FR3 Ontsnappingsspel.pdf<\/a><\/p><p><a href='https:\/\/www.creilsudoise-tourisme.fr\/wp-content\/uploads\/2021\/05\/2019-JEP-Evasion.pdf' target='_blank' rel='noreferrer noopener'>2019 JEP ontwijking.pdf<\/a><\/p><p><a href='https:\/\/www.creilsudoise-tourisme.fr\/wp-content\/uploads\/2021\/05\/2019-JEP-L_actu.pdf' target='_blank' rel='noreferrer noopener'>2019 GEP L_actu.pdf<\/a><\/p><p><a href='https:\/\/www.creilsudoise-tourisme.fr\/wp-content\/uploads\/2021\/05\/2019-JEP-L_express.pdf' target='_blank' rel='noreferrer noopener'>2019 JEP L_express.pdf<\/a><\/p><p><a href='https:\/\/www.creilsudoise-tourisme.fr\/wp-content\/uploads\/2021\/05\/2019-LCI-Clouterie.pdf' target='_blank' rel='noreferrer noopener'>2019 LCI Clouterie.pdf<\/a><\/p><p><a href='https:\/\/www.creilsudoise-tourisme.fr\/wp-content\/uploads\/2021\/05\/2019-Le-Parisien-chambre-d_ho\u0302tes-Clos-Barisseuse-site\u0301.pdf' target='_blank' rel='noreferrer noopener'>2019 Le Parisien bed and breakfast Clos Barisseuse sit\u00e9.pdf<\/a><\/p><p><a href='https:\/\/www.creilsudoise-tourisme.fr\/wp-content\/uploads\/2021\/05\/2019-Le-Parisien-Escape-Game.pdf' target='_blank' rel='noreferrer noopener'>2019 Le Parisien Ontsnappingsspel.pdf<\/a><\/p><p><a href='https:\/\/www.creilsudoise-tourisme.fr\/wp-content\/uploads\/2021\/05\/2019-Le-Parisien-Kayak.pdf' target='_blank' rel='noreferrer noopener'>2019 Le Parisien Kajak.pdf<\/a><\/p><p><a href='https:\/\/www.creilsudoise-tourisme.fr\/wp-content\/uploads\/2021\/05\/2019-Le-Parisien-Les-Glachoirs.pdf' target='_blank' rel='noreferrer noopener'>2019 Le Parisien Les Glachoirs.pdf<\/a><\/p><p><a href='https:\/\/www.creilsudoise-tourisme.fr\/wp-content\/uploads\/2021\/05\/2019-Le-Parisien-Marche\u0301-de-Noe\u0308l.pdf' target='_blank' rel='noreferrer noopener'>2019 Kerstmarkt Le Parisien.pdf<\/a><\/p><p><a href='https:\/\/www.creilsudoise-tourisme.fr\/wp-content\/uploads\/2021\/05\/2019-Le-Parisien-Marche\u0301-Picard-e\u0301dition-du-1er-juin.pdf' target='_blank' rel='noreferrer noopener'>2019 Le Parisien March\u00e9 Picard 1e editie juni.pdf<\/a><\/p><p><a href='https:\/\/www.creilsudoise-tourisme.fr\/wp-content\/uploads\/2021\/05\/2019-Le-Parisien-Muse\u0301e-des-bombardements.pdf' target='_blank' rel='noreferrer noopener'>2019 Le Parisien Mus\u00e9e des bombardements.pdf<\/a><\/p><p><a href='https:\/\/www.creilsudoise-tourisme.fr\/wp-content\/uploads\/2021\/05\/2019-Le-Parisien-Oise-vendredi-15-fe\u0301vrier-2019-Brochure-groupes-2019.pdf' target='_blank' rel='noreferrer noopener'>2019 Le Parisien Oise vrijdag 15 februari 2019 Groepen brochure 2019.pdf<\/a><\/p><p><a href='https:\/\/www.creilsudoise-tourisme.fr\/wp-content\/uploads\/2021\/05\/2019-Le-Parisien-RDV-Secret-Muse\u0301e-Galle\u0301-Juillet.pdf' target='_blank' rel='noreferrer noopener'>2019 Le Parisien RDV Secret Mus\u00e9e Gall\u00e9-Juillet.pdf<\/a><\/p><p><a href='https:\/\/www.creilsudoise-tourisme.fr\/wp-content\/uploads\/2021\/05\/2019-Le-Parisien-RDV-Secret-Se\u0301son-e\u0301dition-du-30-mai.pdf' target='_blank' rel='noreferrer noopener'>2019 Le Parisien RDV Secret S\u00e9son 30 mei editie.pdf<\/a><\/p><p><a href='https:\/\/www.creilsudoise-tourisme.fr\/wp-content\/uploads\/2021\/05\/2019-Le-Parisien-Saint-Vaast-les-Mello-e\u0301dition-du-4-juin.pdf' target='_blank' rel='noreferrer noopener'>2019 Le Parisien Saint Vaast les Mello 4e editie juni.pdf<\/a><\/p><p><a href='https:\/\/www.creilsudoise-tourisme.fr\/wp-content\/uploads\/2021\/05\/2019-Le-Parisien-sorties-du-week-end-aou\u0302t.pdf' target='_blank' rel='noreferrer noopener'>2019 Le Parisien weekendje weg augustus.pdf<\/a><\/p><p><a href='https:\/\/www.creilsudoise-tourisme.fr\/wp-content\/uploads\/2021\/05\/2019-Le-Parisien-sorties-du-week-end-avril.pdf' target='_blank' rel='noreferrer noopener'>2019 Le Parisien weekendje weg april.pdf<\/a><\/p><p><a href='https:\/\/www.creilsudoise-tourisme.fr\/wp-content\/uploads\/2021\/05\/2019-Le-Parisien-sorties-du-week-end-juillet.pdf' target='_blank' rel='noreferrer noopener'>2019 Le Parisien weekendje weg juli.pdf<\/a><\/p><p><a href='https:\/\/www.creilsudoise-tourisme.fr\/wp-content\/uploads\/2021\/05\/2019-Le-Parisien-sorties-du-week-end-mai.pdf' target='_blank' rel='noreferrer noopener'>2019 Le Parisien weekendje weg mei.pdf<\/a><\/p><p><a href='https:\/\/www.creilsudoise-tourisme.fr\/wp-content\/uploads\/2021\/05\/2019-Le-Parisien-sorties-du-week-end-mai2.pdf' target='_blank' rel='noreferrer noopener'>2019 Le Parisien weekenduitstapjes mai2.pdf<\/a><\/p><p><a href='https:\/\/www.creilsudoise-tourisme.fr\/wp-content\/uploads\/2021\/05\/2019-Le-Parisien-sorties-du-week-end-mars-2.pdf' target='_blank' rel='noreferrer noopener'>2019 Le Parisien weekend uitjes maart 2.pdf<\/a><\/p><p><a href='https:\/\/www.creilsudoise-tourisme.fr\/wp-content\/uploads\/2021\/05\/2019-Le-Parisien-sorties-du-week-end-mars.pdf' target='_blank' rel='noreferrer noopener'>2019 Le Parisien weekendje weg maart.pdf<\/a><\/p><p><a href='https:\/\/www.creilsudoise-tourisme.fr\/wp-content\/uploads\/2021\/05\/2019-Le-Parisien-sorties-du-week-end-novembre.pdf' target='_blank' rel='noreferrer noopener'>2019 Le Parisien weekendje weg november.pdf<\/a><\/p><p><a href='https:\/\/www.creilsudoise-tourisme.fr\/wp-content\/uploads\/2021\/05\/2019-moto.be-Clouterie-et-MDP.pdf' target='_blank' rel='noreferrer noopener'>2019 moto.be Clouterie en MDP.pdf<\/a><\/p><p><a href='https:\/\/www.creilsudoise-tourisme.fr\/wp-content\/uploads\/2021\/05\/2019-muse\u0301e-galle\u0301-juillet-escape-game.pdf' target='_blank' rel='noreferrer noopener'>2019 mus\u00e9e gall\u00e9 juli ontsnappingsspel.pdf<\/a><\/p><p><a href='https:\/\/www.creilsudoise-tourisme.fr\/wp-content\/uploads\/2021\/05\/2019-Oise-me\u0301dia-Arbre-a\u0300-poule.pdf' target='_blank' rel='noreferrer noopener'>2019 Oise media Kippenboom.pdf<\/a><\/p><p><a href='https:\/\/www.creilsudoise-tourisme.fr\/wp-content\/uploads\/2021\/05\/2019-Oise-me\u0301dia-Champignonnie\u0300re-reportage-filme\u0301.pdf' target='_blank' rel='noreferrer noopener'>2019 Oise m\u00e9dia Champignonni\u00e8re filmverslag.pdf<\/a><\/p><p><a href='https:\/\/www.creilsudoise-tourisme.fr\/wp-content\/uploads\/2021\/05\/2019-Oise-me\u0301dia-Chateau-de-Montataire.pdf' target='_blank' rel='noreferrer noopener'>2019 Oise media Chateau de Montataire.pdf<\/a><\/p><p><a href='https:\/\/www.creilsudoise-tourisme.fr\/wp-content\/uploads\/2021\/05\/2019-Oise-me\u0301dia-Croisie\u0300res-juillet.pdf' target='_blank' rel='noreferrer noopener'>2019 Oise media juli cruises.pdf<\/a><\/p><p><a href='https:\/\/www.creilsudoise-tourisme.fr\/wp-content\/uploads\/2021\/05\/2019-Parisien-sorties-du-week-end-juin.pdf' target='_blank' rel='noreferrer noopener'>2019 Parisien weekendje weg juni.pdf<\/a><\/p><p><a href='https:\/\/www.creilsudoise-tourisme.fr\/wp-content\/uploads\/2021\/05\/2019-RDV-Secrets-Le-Parisien-papier.pdf' target='_blank' rel='noreferrer noopener'>2019 RDV Geheimen Le Parisien papier.pdf<\/a><\/p><p><a href='https:\/\/www.creilsudoise-tourisme.fr\/wp-content\/uploads\/2021\/05\/2019-RDV-Secrets-Le-Parisien.pdf' target='_blank' rel='noreferrer noopener'>2019 RDV Geheimen Le Parisien.pdf<\/a><\/p><p><a href='https:\/\/www.creilsudoise-tourisme.fr\/wp-content\/uploads\/2021\/05\/2019-travel-home-autocariste-belge-programme-groupes.pdf' target='_blank' rel='noreferrer noopener'>2019 reizen home autocariste belge programma groupes.pdf<\/a><\/p><p><a href='https:\/\/www.creilsudoise-tourisme.fr\/wp-content\/uploads\/2021\/05\/2019-Unidivers-Maison-de-la-Pierre-2.pdf' target='_blank' rel='noreferrer noopener'>2019 Unidivers Maison de la Pierre 2.pdf<\/a><\/p><p><a href='https:\/\/www.creilsudoise-tourisme.fr\/wp-content\/uploads\/2021\/05\/2019-Unidivers-Maison-de-la-Pierre.pdf' target='_blank' rel='noreferrer noopener'>2019 Unidivers Maison de la Pierre.pdf<\/a><\/p><p><a href='https:\/\/www.creilsudoise-tourisme.fr\/wp-content\/uploads\/2021\/05\/2019-Voyages-et-groupes-brochure-groupes.pdf' target='_blank' rel='noreferrer noopener'>2019 Reizen en groepen brochure groepen.pdf<\/a><\/p>            <\/div>\n        <\/div>\n    \n<\/div>\n\n\n\n\n<div class=\"wp-block wp-block-accordion\" id=\"accordion\">\n    \n                    <div class=\"wp-block-accordion-item\">\n            <div id=\"heading972\">\n                <h3 class=\"wp-block-accordion-item-title\" data-toggle=\"collapse\" data-target=\"#collapse972\">\n                    2018                <\/h3>\n            <\/div>\n            <div class=\"wp-block-accordion-item-content collapse\" id=\"collapse972\" data-parent=\"#accordion\">\n                <p><a href='https:\/\/www.creilsudoise-tourisme.fr\/wp-content\/uploads\/2021\/05\/2018-WeTourisme-newsletter-Nouvelle-charte-graphique-OT.pdf' target='_blank' rel='noreferrer noopener'>2018 WeTourisme nieuwsbrief Nieuw TO grafisch charter.pdf<\/a><\/p><p><a href='https:\/\/www.creilsudoise-tourisme.fr\/wp-content\/uploads\/2021\/05\/2018-Le-Parisien-inauguration-nouvel-OT.pdf' target='_blank' rel='noreferrer noopener'>2018 Le Parisien inhuldiging nouvel OT.pdf<\/a><\/p><p><a href='https:\/\/www.creilsudoise-tourisme.fr\/wp-content\/uploads\/2021\/05\/2018-06-06-OH-Office-de-Tourisme-et-manifestation.pdf' target='_blank' rel='noreferrer noopener'>2018 06 06 OH VVV en evenement.pdf<\/a><\/p><p><a href='https:\/\/www.creilsudoise-tourisme.fr\/wp-content\/uploads\/2021\/05\/2018-Le-parisien-ne\u0301cropole-me\u0301rovingienne.pdf' target='_blank' rel='noreferrer noopener'>2018 Merovingische necropool.pdf<\/a><\/p><p><a href='https:\/\/www.creilsudoise-tourisme.fr\/wp-content\/uploads\/2021\/05\/2018-CP_SavoirFaire_juil18.pdf' target='_blank' rel='noreferrer noopener'>2018 CP_SavoirFaire_juil18.pdf<\/a><\/p><p><a href='https:\/\/www.creilsudoise-tourisme.fr\/wp-content\/uploads\/2021\/05\/2018-Revue-de-Presse-29-mai-2018-Parisien.docx' target='_blank' rel='noreferrer noopener'>2018 Persoverzicht 29 mei 2018 Parisien.docx<\/a><\/p><p><a href='https:\/\/www.creilsudoise-tourisme.fr\/wp-content\/uploads\/2021\/05\/2018-Le-bonhomme-picard-champignonnie\u0300re.pdf' target='_blank' rel='noreferrer noopener'>2018 De bonhomme picard champignonni\u00e8re.pdf<\/a><\/p><p><a href='https:\/\/www.creilsudoise-tourisme.fr\/wp-content\/uploads\/2021\/05\/2018-Bienvenue-a\u0300-bord-a\u0300-de-lIsara-_-une-heure-en-bateau-sur-lOise-Oise-Me\u0301dia.pdf' target='_blank' rel='noreferrer noopener'>2018 Welkom aan boord van de l'Isara _ een boottocht van een uur op de Oise! - Oise M\u00e9dia.pdf<\/a><\/p><p><a href='https:\/\/www.creilsudoise-tourisme.fr\/wp-content\/uploads\/2021\/05\/2018-Laigneville-_-visite-de-la-dernie\u0300re-champignonnie\u0300re-de-lOise-samedi-9-juin-Oise-Me\u0301dia.pdf' target='_blank' rel='noreferrer noopener'>2018 Laigneville _ bezoek aan de laatste champignonkwekerij in de Oise, zaterdag 9 juni - Oise M\u00e9dia.pdf<\/a><\/p><p><a href='https:\/\/www.creilsudoise-tourisme.fr\/wp-content\/uploads\/2021\/05\/2018-gazetteofficelletourismejuin18.pdf' target='_blank' rel='noreferrer noopener'>2018 gazetofficelletourismejuin18.pdf<\/a><\/p><p><a href='https:\/\/www.creilsudoise-tourisme.fr\/wp-content\/uploads\/2021\/05\/2018-wetourisme-mobile.png' target='_blank' rel='noreferrer noopener'>2018 wetourisme mobiel.PNG<\/a><\/p><p><a href='https:\/\/www.creilsudoise-tourisme.fr\/wp-content\/uploads\/2021\/05\/2018-le-parisien-29mai18.jpg' target='_blank' rel='noreferrer noopener'>2018 le parisien 29mai18.jpg<\/a><\/p><p><a href='https:\/\/www.creilsudoise-tourisme.fr\/wp-content\/uploads\/2021\/05\/2016-06-18-La-Gazette-du-tourisme.pdf' target='_blank' rel='noreferrer noopener'>2016 06 18 Het toerismeblad.pdf<\/a><\/p><p><a href='https:\/\/www.creilsudoise-tourisme.fr\/wp-content\/uploads\/2021\/05\/2018-wetourisme.jpg' target='_blank' rel='noreferrer noopener'>2018 wetourisme.jpg<\/a><\/p><p><a href='https:\/\/www.creilsudoise-tourisme.fr\/wp-content\/uploads\/2021\/05\/2018-oisehebdo6juin18.jpg' target='_blank' rel='noreferrer noopener'>2018 oisehebdo6juin18.jpg<\/a><\/p><p><a href='https:\/\/www.creilsudoise-tourisme.fr\/wp-content\/uploads\/2021\/05\/2018-leparsieinh29mai18-2.jpg' target='_blank' rel='noreferrer noopener'>2018 leparsieinh29mai18-2.jpg<\/a><\/p>            <\/div>\n        <\/div>\n    \n<\/div>","protected":false},"excerpt":{"rendered":"<p>We delen de persartikelen over Bestemming Creil Sud Oise met je.<\/p>","protected":false},"author":1,"featured_media":34947,"parent":225,"menu_order":1,"comment_status":"closed","ping_status":"closed","template":"","meta":{"_relevanssi_hide_post":"","_relevanssi_hide_content":"","_relevanssi_pin_for_all":"","_relevanssi_pin_keywords":"","_relevanssi_unpin_keywords":"","_relevanssi_related_keywords":"","_relevanssi_related_include_ids":"","_relevanssi_related_exclude_ids":"","_relevanssi_related_no_append":"","_relevanssi_related_not_related":"","_relevanssi_related_posts":"267,273,271,275","_relevanssi_noindex_reason":""},"yoast_head":"<!-- This site is optimized with the Yoast SEO plugin v20.2.1 - https:\/\/yoast.com\/wordpress\/plugins\/seo\/ -->\n<title>On parle de nous dans la presse !<\/title>\n<meta name=\"description\" content=\"Retrouvez la revue de presse de l\u2019Office de Tourisme et de la Destination Creil Sud Oise !\" \/>\n<meta name=\"robots\" content=\"index, follow, max-snippet:-1, max-image-preview:large, max-video-preview:-1\" \/>\n<link rel=\"canonical\" href=\"https:\/\/www.creilsudoise-tourisme.fr\/nl\/pers\/persoverzicht\/\" \/>\n<meta property=\"og:locale\" content=\"nl_NL\" \/>\n<meta property=\"og:type\" content=\"article\" \/>\n<meta property=\"og:title\" content=\"On parle de nous dans la presse !\" \/>\n<meta property=\"og:description\" content=\"Retrouvez la revue de presse de l\u2019Office de Tourisme et de la Destination Creil Sud Oise !\" \/>\n<meta property=\"og:url\" content=\"https:\/\/www.creilsudoise-tourisme.fr\/nl\/pers\/persoverzicht\/\" \/>\n<meta property=\"og:site_name\" content=\"Office de Tourisme Creil Sud Oise\" \/>\n<meta property=\"article:publisher\" content=\"https:\/\/www.facebook.com\/creilsudoisetourisme\/\" \/>\n<meta property=\"article:modified_time\" content=\"2025-08-06T09:42:40+00:00\" \/>\n<meta property=\"og:image\" content=\"https:\/\/www.creilsudoise-tourisme.fr\/wp-content\/uploads\/2021\/05\/La-pierre-est-lADN-de-Creil-Sud-Oise.jpg\" \/>\n\t<meta property=\"og:image:width\" content=\"1600\" \/>\n\t<meta property=\"og:image:height\" content=\"1064\" \/>\n\t<meta property=\"og:image:type\" content=\"image\/jpeg\" \/>\n<meta name=\"twitter:card\" content=\"summary_large_image\" \/>\n<meta name=\"twitter:site\" content=\"@CreilSudOiseOT\" \/>\n<meta name=\"twitter:label1\" content=\"Geschatte leestijd\" \/>\n\t<meta name=\"twitter:data1\" content=\"1 minuut\" \/>\n<script type=\"application\/ld+json\" class=\"yoast-schema-graph\">{\"@context\":\"https:\/\/schema.org\",\"@graph\":[{\"@type\":\"WebPage\",\"@id\":\"https:\/\/www.creilsudoise-tourisme.fr\/presse\/revue-presse\/\",\"url\":\"https:\/\/www.creilsudoise-tourisme.fr\/presse\/revue-presse\/\",\"name\":\"On parle de nous dans la presse !\",\"isPartOf\":{\"@id\":\"https:\/\/www.creilsudoise-tourisme.fr\/#website\"},\"datePublished\":\"2021-02-17T09:03:55+00:00\",\"dateModified\":\"2025-08-06T09:42:40+00:00\",\"description\":\"Retrouvez la revue de presse de l\u2019Office de Tourisme et de la Destination Creil Sud Oise !\",\"breadcrumb\":{\"@id\":\"https:\/\/www.creilsudoise-tourisme.fr\/presse\/revue-presse\/#breadcrumb\"},\"inLanguage\":\"nl\",\"potentialAction\":[{\"@type\":\"ReadAction\",\"target\":[\"https:\/\/www.creilsudoise-tourisme.fr\/presse\/revue-presse\/\"]}]},{\"@type\":\"BreadcrumbList\",\"@id\":\"https:\/\/www.creilsudoise-tourisme.fr\/presse\/revue-presse\/#breadcrumb\",\"itemListElement\":[{\"@type\":\"ListItem\",\"position\":1,\"name\":\"Accueil\",\"item\":\"https:\/\/www.creilsudoise-tourisme.fr\/\"},{\"@type\":\"ListItem\",\"position\":2,\"name\":\"Espace presse\",\"item\":\"https:\/\/www.creilsudoise-tourisme.fr\/presse\/\"},{\"@type\":\"ListItem\",\"position\":3,\"name\":\"On parle de nous dans la presse !\"}]},{\"@type\":\"WebSite\",\"@id\":\"https:\/\/www.creilsudoise-tourisme.fr\/#website\",\"url\":\"https:\/\/www.creilsudoise-tourisme.fr\/\",\"name\":\"Office de Tourisme Creil Sud Oise\",\"description\":\"Creil Sud Oise Tourisme, un territoire \u00e0 explorer !\",\"publisher\":{\"@id\":\"https:\/\/www.creilsudoise-tourisme.fr\/#organization\"},\"potentialAction\":[{\"@type\":\"SearchAction\",\"target\":{\"@type\":\"EntryPoint\",\"urlTemplate\":\"https:\/\/www.creilsudoise-tourisme.fr\/?s={search_term_string}\"},\"query-input\":\"required name=search_term_string\"}],\"inLanguage\":\"nl\"},{\"@type\":\"Organization\",\"@id\":\"https:\/\/www.creilsudoise-tourisme.fr\/#organization\",\"name\":\"Creil Sud Oise Tourisme\",\"url\":\"https:\/\/www.creilsudoise-tourisme.fr\/\",\"logo\":{\"@type\":\"ImageObject\",\"inLanguage\":\"nl\",\"@id\":\"https:\/\/www.creilsudoise-tourisme.fr\/#\/schema\/logo\/image\/\",\"url\":\"https:\/\/www.creilsudoise-tourisme.fr\/wp-content\/uploads\/2021\/05\/logo-svg.png\",\"contentUrl\":\"https:\/\/www.creilsudoise-tourisme.fr\/wp-content\/uploads\/2021\/05\/logo-svg.png\",\"width\":182,\"height\":71,\"caption\":\"Creil Sud Oise Tourisme\"},\"image\":{\"@id\":\"https:\/\/www.creilsudoise-tourisme.fr\/#\/schema\/logo\/image\/\"},\"sameAs\":[\"https:\/\/www.facebook.com\/creilsudoisetourisme\/\",\"https:\/\/twitter.com\/CreilSudOiseOT\",\"https:\/\/www.instagram.com\/creilsudoisetourisme\/\",\"https:\/\/www.youtube.com\/channel\/UC8L_QD2wwyADW14zt9fY8kw\"]}]}<\/script>\n<!-- \/ Yoast SEO plugin. -->","yoast_head_json":{"title":"On parle de nous dans la presse !","description":"Retrouvez la revue de presse de l\u2019Office de Tourisme et de la Destination Creil Sud Oise !","robots":{"index":"index","follow":"follow","max-snippet":"max-snippet:-1","max-image-preview":"max-image-preview:large","max-video-preview":"max-video-preview:-1"},"canonical":"https:\/\/www.creilsudoise-tourisme.fr\/nl\/pers\/persoverzicht\/","og_locale":"nl_NL","og_type":"article","og_title":"On parle de nous dans la presse !","og_description":"Retrouvez la revue de presse de l\u2019Office de Tourisme et de la Destination Creil Sud Oise !","og_url":"https:\/\/www.creilsudoise-tourisme.fr\/nl\/pers\/persoverzicht\/","og_site_name":"Office de Tourisme Creil Sud Oise","article_publisher":"https:\/\/www.facebook.com\/creilsudoisetourisme\/","article_modified_time":"2025-08-06T09:42:40+00:00","og_image":[{"width":1600,"height":1064,"url":"https:\/\/www.creilsudoise-tourisme.fr\/wp-content\/uploads\/2021\/05\/La-pierre-est-lADN-de-Creil-Sud-Oise.jpg","type":"image\/jpeg"}],"twitter_card":"summary_large_image","twitter_site":"@CreilSudOiseOT","twitter_misc":{"Geschatte leestijd":"1 minuut"},"schema":{"@context":"https:\/\/schema.org","@graph":[{"@type":"WebPage","@id":"https:\/\/www.creilsudoise-tourisme.fr\/presse\/revue-presse\/","url":"https:\/\/www.creilsudoise-tourisme.fr\/presse\/revue-presse\/","name":"On parle de nous dans la presse !","isPartOf":{"@id":"https:\/\/www.creilsudoise-tourisme.fr\/#website"},"datePublished":"2021-02-17T09:03:55+00:00","dateModified":"2025-08-06T09:42:40+00:00","description":"Retrouvez la revue de presse de l\u2019Office de Tourisme et de la Destination Creil Sud Oise !","breadcrumb":{"@id":"https:\/\/www.creilsudoise-tourisme.fr\/presse\/revue-presse\/#breadcrumb"},"inLanguage":"nl","potentialAction":[{"@type":"ReadAction","target":["https:\/\/www.creilsudoise-tourisme.fr\/presse\/revue-presse\/"]}]},{"@type":"BreadcrumbList","@id":"https:\/\/www.creilsudoise-tourisme.fr\/presse\/revue-presse\/#breadcrumb","itemListElement":[{"@type":"ListItem","position":1,"name":"Accueil","item":"https:\/\/www.creilsudoise-tourisme.fr\/"},{"@type":"ListItem","position":2,"name":"Espace presse","item":"https:\/\/www.creilsudoise-tourisme.fr\/presse\/"},{"@type":"ListItem","position":3,"name":"On parle de nous dans la presse !"}]},{"@type":"WebSite","@id":"https:\/\/www.creilsudoise-tourisme.fr\/#website","url":"https:\/\/www.creilsudoise-tourisme.fr\/","name":"Office de Tourisme Creil Sud Oise","description":"Creil Sud Oise Tourisme, un territoire \u00e0 explorer !","publisher":{"@id":"https:\/\/www.creilsudoise-tourisme.fr\/#organization"},"potentialAction":[{"@type":"SearchAction","target":{"@type":"EntryPoint","urlTemplate":"https:\/\/www.creilsudoise-tourisme.fr\/?s={search_term_string}"},"query-input":"required name=search_term_string"}],"inLanguage":"nl"},{"@type":"Organization","@id":"https:\/\/www.creilsudoise-tourisme.fr\/#organization","name":"Creil Sud Oise Tourisme","url":"https:\/\/www.creilsudoise-tourisme.fr\/","logo":{"@type":"ImageObject","inLanguage":"nl","@id":"https:\/\/www.creilsudoise-tourisme.fr\/#\/schema\/logo\/image\/","url":"https:\/\/www.creilsudoise-tourisme.fr\/wp-content\/uploads\/2021\/05\/logo-svg.png","contentUrl":"https:\/\/www.creilsudoise-tourisme.fr\/wp-content\/uploads\/2021\/05\/logo-svg.png","width":182,"height":71,"caption":"Creil Sud Oise Tourisme"},"image":{"@id":"https:\/\/www.creilsudoise-tourisme.fr\/#\/schema\/logo\/image\/"},"sameAs":["https:\/\/www.facebook.com\/creilsudoisetourisme\/","https:\/\/twitter.com\/CreilSudOiseOT","https:\/\/www.instagram.com\/creilsudoisetourisme\/","https:\/\/www.youtube.com\/channel\/UC8L_QD2wwyADW14zt9fY8kw"]}]}},"_links":{"self":[{"href":"https:\/\/www.creilsudoise-tourisme.fr\/nl\/wp-json\/wp\/v2\/pages\/229"}],"collection":[{"href":"https:\/\/www.creilsudoise-tourisme.fr\/nl\/wp-json\/wp\/v2\/pages"}],"about":[{"href":"https:\/\/www.creilsudoise-tourisme.fr\/nl\/wp-json\/wp\/v2\/types\/page"}],"author":[{"embeddable":true,"href":"https:\/\/www.creilsudoise-tourisme.fr\/nl\/wp-json\/wp\/v2\/users\/1"}],"replies":[{"embeddable":true,"href":"https:\/\/www.creilsudoise-tourisme.fr\/nl\/wp-json\/wp\/v2\/comments?post=229"}],"version-history":[{"count":53,"href":"https:\/\/www.creilsudoise-tourisme.fr\/nl\/wp-json\/wp\/v2\/pages\/229\/revisions"}],"predecessor-version":[{"id":64359,"href":"https:\/\/www.creilsudoise-tourisme.fr\/nl\/wp-json\/wp\/v2\/pages\/229\/revisions\/64359"}],"up":[{"embeddable":true,"href":"https:\/\/www.creilsudoise-tourisme.fr\/nl\/wp-json\/wp\/v2\/pages\/225"}],"wp:featuredmedia":[{"embeddable":true,"href":"https:\/\/www.creilsudoise-tourisme.fr\/nl\/wp-json\/wp\/v2\/media\/34947"}],"wp:attachment":[{"href":"https:\/\/www.creilsudoise-tourisme.fr\/nl\/wp-json\/wp\/v2\/media?parent=229"}],"curies":[{"name":"wp","href":"https:\/\/api.w.org\/{rel}","templated":true}]}}