{"id":219,"date":"2021-02-17T10:03:47","date_gmt":"2021-02-17T09:03:47","guid":{"rendered":"https:\/\/www.creilsudoise-tourisme.fr\/les-deliberations\/"},"modified":"2025-11-13T14:33:46","modified_gmt":"2025-11-13T13:33:46","slug":"deliberations","status":"publish","type":"page","link":"https:\/\/www.creilsudoise-tourisme.fr\/nl\/espace-pro\/beraadslagingen\/","title":{"rendered":"De beraadslagingen"},"content":{"rendered":"<p class=\"is-style-excerpt\"><strong>Professionele partners van Creil Sud Oise Tourisme<\/strong> (Office de Tourisme Creil Sud Oise + Maison de la Pierre du Sud de l'Oise), raadpleeg het <strong>beslissingen van het uitvoerend comit\u00e9<\/strong>Klik gewoon op het document van je keuze.<\/p>\n\n\n\n<h3>2025<\/h3>\n\n\n\n<p><a href=\"https:\/\/www.creilsudoise-tourisme.fr\/wp-content\/uploads\/2025\/11\/Deliberation-n\u00b018-2025-Conditions-de-vente-billetterie-en-ligne-et-sur-place-CL.pdf\" target=\"_blank\" rel=\"noreferrer noopener\">Beraadslaging nr. 18 Verkoopvoorwaarden voor online en ter plaatse verkochte tickets<\/a><\/p>\n\n\n\n<p><a href=\"https:\/\/www.creilsudoise-tourisme.fr\/wp-content\/uploads\/2025\/11\/Deliberation-n\u00b018-2025-Annexe-Conditions-de-vente-billetterie-en-ligne-et-sur-place-CL.pdf\">Bijlage-Ticketverkoopvoorwaarden voor online en on-site kaartverkoop<\/a><br><a href=\"https:\/\/www.creilsudoise-tourisme.fr\/wp-content\/uploads\/2025\/04\/Deliberation-n\u00b09-2025-Tarif-accueil-de-tournages-sur-le-site-des-glachoirs-CL.pdf\" target=\"_blank\" rel=\"noreferrer noopener\">Beraadslaging nr. 9 Tarief voor filmopnames in Les Glachoirs<\/a><\/p>\n\n\n\n<p><a href=\"https:\/\/www.creilsudoise-tourisme.fr\/wp-content\/uploads\/2025\/04\/Deliberation-n\u00b08-2025-Budget-primitif-2025-CL.pdf\" target=\"_blank\" rel=\"noreferrer noopener\">Beraadslaging nr. 8 Begroting 2025<\/a><\/p>\n\n\n\n<p><a href=\"https:\/\/www.creilsudoise-tourisme.fr\/wp-content\/uploads\/2025\/04\/Deliberation-n\u00b07-2025-Affectation-du-resultat-CL.pdf\" target=\"_blank\" rel=\"noreferrer noopener\">Beraadslaging nr. 7 Bestemming van het nettoresultaat<\/a><\/p>\n\n\n\n<p><a href=\"https:\/\/www.creilsudoise-tourisme.fr\/wp-content\/uploads\/2025\/04\/Deliberation-n\u00b06-2025-Examen-du-compte-de-Gestion-exercice-2024-CL.pdf\" target=\"_blank\" rel=\"noreferrer noopener\">Beraadslaging nr. 6 Onderzoek van de resultatenrekening van 2024<\/a><\/p>\n\n\n\n<p><a href=\"https:\/\/www.creilsudoise-tourisme.fr\/wp-content\/uploads\/2025\/04\/Deliberation-n\u00b05-2025-Examen-du-compte-administratif-CL.pdf\" target=\"_blank\" rel=\"noreferrer noopener\">Beraadslaging nr. 5 Onderzoek van de administratieve rekening<\/a><\/p>\n\n\n\n<p><a href=\"https:\/\/www.creilsudoise-tourisme.fr\/wp-content\/uploads\/2025\/02\/Deliberation-n\u00b04-2025-Mise-a-jour-des-tarifs-de-lactivite-de-la-Maison-de-la-Pierre-2025-CL.pdf\" target=\"_blank\" rel=\"noreferrer noopener\">Beraadslaging nr. 4 Actualisering van de tarieven voor activiteiten in het Maison de la Pierre<\/a><\/p>\n\n\n\n<p><a href=\"https:\/\/www.creilsudoise-tourisme.fr\/wp-content\/uploads\/2025\/02\/Deliberation-n\u00b03-2025-convention-dautorisation-provisoire-dusage-de-terrain-BPE-Lecieux-CL.pdf\" target=\"_blank\" rel=\"noreferrer noopener\">Beraadslaging nr. 3 Voorlopige vergunningsovereenkomst voor het gebruik van de gronden van BPE Lecieux<\/a><\/p>\n\n\n\n<p><a href=\"https:\/\/www.creilsudoise-tourisme.fr\/wp-content\/uploads\/2025\/02\/Deliberation-n\u00b02-2025-nouvelles-modalites-tickets-restaurant-CL.pdf\" target=\"_blank\" rel=\"noreferrer noopener\">Beraadslaging nr. 2 Lunchcheques<\/a><\/p>\n\n\n\n<p><a href=\"https:\/\/www.creilsudoise-tourisme.fr\/wp-content\/uploads\/2025\/02\/Deliberation-n\u00b01-2025-DOB-2025.pdf\" target=\"_blank\" rel=\"noreferrer noopener\">Beraadslaging nr. 1 DOB 2025<\/a><\/p>\n\n\n\n<h3>2024<\/h3>\n\n\n\n<p><a href=\"https:\/\/www.creilsudoise-tourisme.fr\/wp-content\/uploads\/2025\/01\/Rapport_activites-2024-CSOT.pdf\" target=\"_blank\" rel=\"noreferrer noopener\">Activiteitenverslag 2024<\/a><\/p>\n\n\n\n<p><a href=\"https:\/\/www.creilsudoise-tourisme.fr\/wp-content\/uploads\/2025\/01\/Deliberation-N\u00b020_24_CONVENTION-ACSO-CSOT.pdf\" target=\"_blank\" rel=\"noreferrer noopener\">Beraadslaging nr. 20 Overeenkomst ACSO-CSOT<\/a><\/p>\n\n\n\n<p><a href=\"https:\/\/www.creilsudoise-tourisme.fr\/wp-content\/uploads\/2025\/01\/Deliberation-N\u00b019_24_CDT-REGION-ASCO-CCPOH-CSOT-OT-CRT.pdf\" target=\"_blank\" rel=\"noreferrer noopener\">Beraadslaging nr. 19 CDT<\/a><\/p>\n\n\n\n<p><a href=\"https:\/\/www.creilsudoise-tourisme.fr\/wp-content\/uploads\/2024\/06\/Deliberation-n\u00b015_24-REVALORISATION-DES-PLAFONDS-DE-REMBOURSEMENT-DES-FRAIS-DE-REPAS-ET-DHEBERGEMENT.pdf\" target=\"_blank\" rel=\"noreferrer noopener\">Beraadslaging nr. 15 Herwaardering van vergoedingen<\/a><\/p>\n\n\n\n<p><a href=\"https:\/\/www.creilsudoise-tourisme.fr\/wp-content\/uploads\/2024\/06\/Deliberation-n\u00b012_24-VALIDATION-DE-LA-CONVENTION-ENTRE-LA-CC-DU-PAYS-DE-BRAY-ET-OT-CSO-ENGAGE-DANS-LE-CLUB-GROUPE-DE-LA-DESTINATION-OISE.pdf\" target=\"_blank\" rel=\"noreferrer noopener\">Beraadslaging nr. 12 Club Groupe<\/a><\/p>\n\n\n\n<p><a href=\"https:\/\/www.creilsudoise-tourisme.fr\/wp-content\/uploads\/2024\/06\/Deliberation-n\u00b011_24-ADHESION-GROUPEMENT-DE-COMMANDES-ACSO-COMMUNES-CSOT-AUTOCAR.pdf\" target=\"_blank\" rel=\"noreferrer noopener\">Beraadslaging nr. 11 Groepering van busorders<\/a><\/p>\n\n\n\n<p><a href=\"https:\/\/www.creilsudoise-tourisme.fr\/wp-content\/uploads\/2024\/03\/Deliberation-n\u00b08_24-MAJ-STATUTS-CSOT_CL.pdf\" target=\"_blank\" rel=\"noreferrer noopener\">Beraadslaging nr. 8 Actualisering van de statuten<\/a><\/p>\n\n\n\n<p><a href=\"https:\/\/www.creilsudoise-tourisme.fr\/wp-content\/uploads\/2025\/01\/Deliberation-n\u00b07_24-BP-CSOT2024_CL-.pdf\" target=\"_blank\" rel=\"noreferrer noopener\">Beraadslaging nr. 7 Primitieve begroting<\/a><\/p>\n\n\n\n<p><a href=\"https:\/\/www.creilsudoise-tourisme.fr\/wp-content\/uploads\/2024\/03\/Deliberation-n\u00b06_24-AFFECTATION-DU-RESULTAT-CSOT2024_CL.pdf\" target=\"_blank\" rel=\"noreferrer noopener\">Beraadslaging nr. 6 Bestemming van het resultaat<\/a><\/p>\n\n\n\n<p><a href=\"https:\/\/www.creilsudoise-tourisme.fr\/wp-content\/uploads\/2025\/01\/Deliberation-n\u00b05_24-EXAMEN-COMPTE-DE-GESTION-CSOT2023_CL-.pdf\" target=\"_blank\" rel=\"noreferrer noopener\">Beraadslaging nr. 5 Onderzoek van de jaarrekening<\/a><\/p>\n\n\n\n<p><a href=\"https:\/\/www.creilsudoise-tourisme.fr\/wp-content\/uploads\/2025\/01\/Deliberation-n\u00b04_24-EXAMEN-COMPTE-ADMINISTATIF-CSOT2023_CL-.pdf\" target=\"_blank\" rel=\"noreferrer noopener\">Beraadslaging nr. 4 Onderzoek van de administratieve rekening<\/a><\/p>\n\n\n\n<p><a href=\"https:\/\/www.creilsudoise-tourisme.fr\/wp-content\/uploads\/2024\/02\/Deliberation-n\u00b03_24-visites-guidees-CSOT_CL.pdf\" target=\"_blank\" rel=\"noreferrer noopener\">Beraadslaging nr. 2 Rondleidingen door het VVV-kantoor<\/a><\/p>\n\n\n\n<p><a href=\"https:\/\/www.creilsudoise-tourisme.fr\/wp-content\/uploads\/2024\/02\/Deliberation-n\u00b01_24-DOB_CL.pdf\" target=\"_blank\" rel=\"noreferrer noopener\">Beraadslaging nr. 1 DOB 2024<\/a><\/p>\n\n\n\n<h3>2023<\/h3>\n\n\n\n<p><a href=\"https:\/\/www.creilsudoise-tourisme.fr\/wp-content\/uploads\/2024\/04\/Rapport_activites-2023.pdf\" target=\"_blank\" rel=\"noreferrer noopener\">2023 Activiteitenverslag<\/a><\/p>\n\n\n\n<p><a href=\"https:\/\/www.creilsudoise-tourisme.fr\/wp-content\/uploads\/2024\/01\/Deliberation-n\u00b027-2023-DELEGATIONS-DIRECTRICE-CSOT-CL.pdf\" target=\"_blank\" rel=\"noreferrer noopener\">Beraadslaging nr. 27 Delegaties aan de directeur<\/a><\/p>\n\n\n\n<p><a href=\"https:\/\/www.creilsudoise-tourisme.fr\/wp-content\/uploads\/2024\/01\/Deliberation-n\u00b026-2023-NOUVELLE-NOMINATION-DOT-CL.pdf\" target=\"_blank\" rel=\"noreferrer noopener\">Beraadslaging nr. 26 Benoeming nieuwe bestuurder<\/a><\/p>\n\n\n\n<p><a href=\"https:\/\/www.creilsudoise-tourisme.fr\/wp-content\/uploads\/2024\/01\/Deliberation-n\u00b021-2023-DM3-CL.pdf\" target=\"_blank\" rel=\"noreferrer noopener\">Beraadslaging nr. 21 Wijziging 3 begroting<\/a><\/p>\n\n\n\n<p><a href=\"https:\/\/www.creilsudoise-tourisme.fr\/wp-content\/uploads\/2023\/11\/Deliberation-n\u00b020-2023-SEMINAIRE-AVEC-OT-CHANTILLY-SENLIS-CL.pdf\" target=\"_blank\" rel=\"noreferrer noopener\">Beraadslaging nr. 20 Verkoop van seminar met de OTCS<\/a><\/p>\n\n\n\n<p><a href=\"https:\/\/www.creilsudoise-tourisme.fr\/wp-content\/uploads\/2023\/11\/Deliberation-n\u00b019-2023-STAGE-PLUS-DE-2-MOIS-CL.pdf\" target=\"_blank\" rel=\"noreferrer noopener\">Beraadslaging nr. 19 Werkstage van meer dan 2 maanden<\/a><\/p>\n\n\n\n<p><a href=\"https:\/\/www.creilsudoise-tourisme.fr\/wp-content\/uploads\/2023\/11\/Deliberation-n\u00b018-2023-COMPLEMENT-N\u00b03-AMORTISSEMENT-CL.pdf\" target=\"_blank\" rel=\"noreferrer noopener\">Beraadslaging nr. 18 Aanvullend akkoord nr. 3<\/a><\/p>\n\n\n\n<p><a href=\"https:\/\/www.creilsudoise-tourisme.fr\/wp-content\/uploads\/2023\/11\/Deliberation-n\u00b017-2023-DM2-CSOT-CL.pdf\" target=\"_blank\" rel=\"noreferrer noopener\">Beraadslaging nr. 17 Wijziging 2 begroting<\/a><\/p>\n\n\n\n<p><a href=\"https:\/\/www.creilsudoise-tourisme.fr\/wp-content\/uploads\/2023\/11\/Deliberation-n\u00b016-2023-avenant-n\u00b06-convention-ACSO-CSOT-CL.pdf\" target=\"_blank\" rel=\"noreferrer noopener\">Beraadslaging 16 Amendement 6 op de ACSO-CSTO-overeenkomst<\/a><\/p>\n\n\n\n<p><a href=\"https:\/\/www.creilsudoise-tourisme.fr\/wp-content\/uploads\/2023\/08\/Deliberation-n\u00b015-2023complement-N\u00b02-et-duree-damortissement-CL.pdf\" target=\"_blank\" rel=\"noreferrer noopener\">Beraadslaging nr. 15 Afronding nr. 2<\/a><\/p>\n\n\n\n<p><a href=\"http:\/\/D\u00e9lib\u00e9ration n\u00b014-2023frais veto et nourriture animaux MDP-CL\" target=\"_blank\" rel=\"noreferrer noopener\">Beraadslaging 14 MDP dierenuitgaven<\/a><\/p>\n\n\n\n<p><a href=\"http:\/\/D\u00e9lib\u00e9ration n\u00b013-2023MAJ trf prestations MDP-CL\" target=\"_blank\" rel=\"noreferrer noopener\">Beraadslaging nr. 13 MDP servicekosten<\/a><\/p>\n\n\n\n<p><a href=\"http:\/\/D\u00e9lib\u00e9ration n\u00b012-2023 actions promo jeu et lots-CL\" target=\"_blank\" rel=\"noreferrer noopener\">Beraadslaging 12 Spelletjes en prijzen<\/a><\/p>\n\n\n\n<p><a href=\"https:\/\/www.creilsudoise-tourisme.fr\/wp-content\/uploads\/2023\/08\/Deliberation-n\u00b011-2023-trf-htl-tournage-CL.pdf\" target=\"_blank\" rel=\"noreferrer noopener\">Beraadslaging nr. 11 Tarieven voor draaiende accommodatie<\/a><\/p>\n\n\n\n<p><a href=\"http:\/\/D\u00e9lib\u00e9ration n\u00b08 DM1-2023 budget mouvement chap 11 vers chap 65-CL\" target=\"_blank\" rel=\"noreferrer noopener\">Beraadslaging nr. 8 Begroting<\/a><\/p>\n\n\n\n<p><a href=\"https:\/\/www.creilsudoise-tourisme.fr\/wp-content\/uploads\/2023\/04\/Deliberation-n\u00b07-2023-Convention-avenant-n\u00b02-MDP-ST-Max-et-CSOT-CL.pdf\" target=\"_blank\" rel=\"noreferrer noopener\">Beraadslaging nr. 7 Amendement 2 Bezetting van MDP-terreinen<\/a><\/p>\n\n\n\n<p><a href=\"https:\/\/www.creilsudoise-tourisme.fr\/wp-content\/uploads\/2023\/04\/Deliberation-n\u00b05-2023-BP-2023-CL.pdf\" target=\"_blank\" rel=\"noreferrer noopener\">Beraadslaging nr. 5 BP<\/a><\/p>\n\n\n\n<p><a href=\"https:\/\/www.creilsudoise-tourisme.fr\/wp-content\/uploads\/2023\/04\/Deliberation-n\u00b04-2023-affectation-du-resultat-CL.pdf\" target=\"_blank\" rel=\"noreferrer noopener\">Beraadslaging nr. 4 Toewijzing van inkomsten<\/a><\/p>\n\n\n\n<p><a href=\"https:\/\/www.creilsudoise-tourisme.fr\/wp-content\/uploads\/2023\/04\/Deliberation-n\u00b03-2023-maquette-CG-CL.pdf\" target=\"_blank\" rel=\"noreferrer noopener\">Beraadslaging nr. 3 CG-model<\/a><\/p>\n\n\n\n<p><a href=\"https:\/\/www.creilsudoise-tourisme.fr\/wp-content\/uploads\/2023\/04\/Deliberation-n\u00b03-2023-CG-CL.pdf\" target=\"_blank\" rel=\"noreferrer noopener\">Beraadslaging nr. 3 CG<\/a><\/p>\n\n\n\n<p><a href=\"https:\/\/www.creilsudoise-tourisme.fr\/wp-content\/uploads\/2023\/04\/Deliberation-n\u00b02-2023-maquette-CA-CL.pdf\" target=\"_blank\" rel=\"noreferrer noopener\">Beraadslaging nr. 2 CA-model<\/a><\/p>\n\n\n\n<p><a href=\"https:\/\/www.creilsudoise-tourisme.fr\/wp-content\/uploads\/2023\/04\/Deliberation-n\u00b02-2023-CA-CL.pdf\" target=\"_blank\" rel=\"noreferrer noopener\">Beraadslaging nr. 2 CA<\/a><\/p>\n\n\n\n<p><a href=\"https:\/\/www.creilsudoise-tourisme.fr\/wp-content\/uploads\/2023\/04\/Deliberation-n\u00b01-2023-DOB_CL.pdf\" target=\"_blank\" rel=\"noreferrer noopener\">Beraadslaging nr. 1 DOB 2023<\/a><\/p>\n\n\n\n<h3>2022<\/h3>\n\n\n\n<p><a href=\"https:\/\/www.creilsudoise-tourisme.fr\/wp-content\/uploads\/2023\/03\/Rapport-activites_2022.pdf\" target=\"_blank\" rel=\"noreferrer noopener\">2022 Activiteitenverslag<\/a><\/p>\n\n\n\n<p><a href=\"https:\/\/www.creilsudoise-tourisme.fr\/wp-content\/uploads\/2023\/01\/deliberation-n\u00b025-2022-mise-a-jour-du-tableau-des-effectifs-pemanents-et-non-permanents-CL.pdf\" target=\"_blank\" rel=\"noreferrer noopener\">Beraadslaging nr. 25 Bijwerking van het personeelsbestand<\/a><\/p>\n\n\n\n<p><a href=\"https:\/\/www.creilsudoise-tourisme.fr\/wp-content\/uploads\/2023\/01\/deliberation-n\u00b021-2022-modification-des-remboursements-hebergements-et-restauration-CL.pdf\" target=\"_blank\" rel=\"noreferrer noopener\">Beraadslaging nr. 21 Wijzigingen in vergoedingen voor maaltijden en accommodatie<\/a><\/p>\n\n\n\n<p><a href=\"https:\/\/www.creilsudoise-tourisme.fr\/wp-content\/uploads\/2023\/01\/Deliberation-n\u00b020-2022-Avenant-N\u00b05-convention-dobjectif-ACSO-CSOT-CL.pdf\" target=\"_blank\" rel=\"noreferrer noopener\">Beraadslaging 20 Amendement 5 op de ACSO CSOT-overeenkomst<\/a><\/p>\n\n\n\n<p><a href=\"https:\/\/www.creilsudoise-tourisme.fr\/wp-content\/uploads\/2023\/01\/Deliberation-n\u00b019-2022-DM1-CL.pdf\" target=\"_blank\" rel=\"noreferrer noopener\">Beraadslaging nr. 19 DM 1<\/a><\/p>\n\n\n\n<p><a href=\"https:\/\/www.creilsudoise-tourisme.fr\/wp-content\/uploads\/2023\/01\/Deliberation-n\u00b018-2022-ADHESION-CNAS-CL.pdf\" target=\"_blank\" rel=\"noreferrer noopener\">Beraadslaging nr. 18 CNAS-lidmaatschap<\/a><\/p>\n\n\n\n<p><a href=\"https:\/\/www.creilsudoise-tourisme.fr\/wp-content\/uploads\/2023\/01\/Deliberation-n\u00b017-2022-OT-CHANTILLY-SENLIS-CL.pdf\" target=\"_blank\" rel=\"noreferrer noopener\">Beraadslaging nr. 17 OT Chantilly-Senlis<\/a><\/p>\n\n\n\n<p><a href=\"https:\/\/www.creilsudoise-tourisme.fr\/wp-content\/uploads\/2023\/01\/Deliberation-n\u00b016-2022-AVENANT-4-COVENTION-D-OBJ-CSOT-ACSO-CL.pdf\" target=\"_blank\" rel=\"noreferrer noopener\">Beraadslaging 16 Amendement 4 op de ACSO CSOT-overeenkomst<\/a><\/p>\n\n\n\n<p><a href=\"https:\/\/www.creilsudoise-tourisme.fr\/wp-content\/uploads\/2023\/01\/Deliberation-n\u00b015-2022-ATTRIBUTION-MARCHE-MDPMDM-CL.pdf\" target=\"_blank\" rel=\"noreferrer noopener\">Beraadslaging nr. 15 Gunning CRT-contract<\/a><\/p>\n\n\n\n<p><a href=\"https:\/\/www.creilsudoise-tourisme.fr\/wp-content\/uploads\/2022\/09\/Deliberation-n\u00b014-2022-ANIMATIONS-ESTIVALES-ET-ESCALES-BATEAU-CL.pdf\" target=\"_blank\" rel=\"noreferrer noopener\">Beraadslaging nr. 14 Zomerevenementen en aanloophavens<\/a><\/p>\n\n\n\n<p><a href=\"https:\/\/www.creilsudoise-tourisme.fr\/wp-content\/uploads\/2022\/09\/Deliberation-n\u00b012-2022-AVENANT1-CONVENTION-OCCUPATION-LOCAUX-MDP-CL.pdf\" target=\"_blank\" rel=\"noreferrer noopener\">Beraadslaging nr. 12 Wijziging 1 Bezetting van MDP-terreinen<\/a><\/p>\n\n\n\n<p><a href=\"https:\/\/www.creilsudoise-tourisme.fr\/wp-content\/uploads\/2022\/09\/Deliberation-n\u00b011-2022-CONVENTION-ETUDE-PIERRE-MDP-MMM-CRT-CL.pdf\" target=\"_blank\" rel=\"noreferrer noopener\">Beraadslaging nr. 11 CRT<\/a><\/p>\n\n\n\n<p><a href=\"https:\/\/www.creilsudoise-tourisme.fr\/wp-content\/uploads\/2022\/09\/Deliberation-n\u00b010-2022-CONVENTION-GRPMENT-COMMANDE-ASCO-COMMUNE-CSOT-TRANSPORT-CL.pdf\" target=\"_blank\" rel=\"noreferrer noopener\">Beraadslaging nr. 10 Overeenkomst bestelgroep ACSO CSOT<\/a><\/p>\n\n\n\n<p><a href=\"https:\/\/www.creilsudoise-tourisme.fr\/wp-content\/uploads\/2022\/09\/Deliberation-n\u00b07-2022-AVENANT-N\u00b03-ACSO-CSOT-CL.pdf\" target=\"_blank\" rel=\"noreferrer noopener\">Beraadslaging 7 Amendement 3 op de ACSO CSOT-overeenkomst<\/a><\/p>\n\n\n\n<p><a href=\"https:\/\/www.creilsudoise-tourisme.fr\/wp-content\/uploads\/2022\/09\/Deliberation-n\u00b06-2022-BUDGET-PRIMITIF-maquette-2022-CL.pdf\" target=\"_blank\" rel=\"noreferrer noopener\">Beraadslaging nr. 6 begroting 2022 - 2<\/a><\/p>\n\n\n\n<p><a href=\"https:\/\/www.creilsudoise-tourisme.fr\/wp-content\/uploads\/2022\/09\/Deliberation-n\u00b06-2022-BUDGET-PRIMITIF-2022-CL.pdf\" target=\"_blank\" rel=\"noreferrer noopener\">Beraadslaging nr. 6 Begroting voor 2022<\/a><\/p>\n\n\n\n<p><a href=\"https:\/\/www.creilsudoise-tourisme.fr\/wp-content\/uploads\/2022\/09\/Deliberation-n\u00b05-2022-AFFECTATION-DU-RESULTAT-CL.pdf\" target=\"_blank\" rel=\"noreferrer noopener\">Beraadslaging nr. 5 Toewijzing van inkomsten<\/a><\/p>\n\n\n\n<p><a href=\"https:\/\/www.creilsudoise-tourisme.fr\/wp-content\/uploads\/2022\/09\/Deliberation-n\u00b04-2022-CG2021-CL.pdf\" target=\"_blank\" rel=\"noreferrer noopener\">Beraadslaging nr. 4 CG<\/a><\/p>\n\n\n\n<p><a href=\"https:\/\/www.creilsudoise-tourisme.fr\/wp-content\/uploads\/2022\/09\/Deliberation-n\u00b03-2022-CA201-CL.pdf\" target=\"_blank\" rel=\"noreferrer noopener\">Beraadslaging nr. 3 CA<\/a><\/p>\n\n\n\n<p><a href=\"https:\/\/www.creilsudoise-tourisme.fr\/wp-content\/uploads\/2022\/09\/Deliberation-n\u00b02-2022-complement-et-dureedamortissement-CL.pdf\" target=\"_blank\" rel=\"noreferrer noopener\">Beraadslaging nr. 2 Extra afschrijvingsperiode<\/a><\/p>\n\n\n\n<p><a href=\"https:\/\/www.creilsudoise-tourisme.fr\/wp-content\/uploads\/2022\/09\/Deliberation-n\u00b01-2022-DOB-CL.pdf\" target=\"_blank\" rel=\"noreferrer noopener\">Beraadslaging nr. 1 DOB 2022<\/a><\/p>\n\n\n\n<h3>2021<\/h3>\n\n\n\n<p><a href=\"https:\/\/www.creilsudoise-tourisme.fr\/wp-content\/uploads\/2022\/02\/Rapport-activites-2021.pdf\" target=\"_blank\" rel=\"noreferrer noopener\">2021 Activiteitenverslag<\/a> <\/p>\n\n\n\n<p>2021 projecten in <a href=\"https:\/\/youtu.be\/1VQXhRuFzzY\" target=\"_blank\" rel=\"noreferrer noopener\">video<\/a><\/p>\n\n\n\n<p><a href=\"https:\/\/www.creilsudoise-tourisme.fr\/wp-content\/uploads\/2022\/02\/Deliberation-n\u00b021-2021-Reglement-conseil-scientifiqueMDP-CL.pdf\" target=\"_blank\" rel=\"noreferrer noopener\">Beraadslaging nr. 21 Reglement wetenschappelijke adviesraad MDP<\/a><\/p>\n\n\n\n<p><a href=\"https:\/\/www.creilsudoise-tourisme.fr\/wp-content\/uploads\/2022\/02\/Deliberation-n\u00b019-2021-professionalisation-des-rh-avec-mise-en-place-dun-logiciel-CL.pdf\" target=\"_blank\" rel=\"noreferrer noopener\">Beraadslaging 19 Professionalisering van HR met de introductie van software<\/a><\/p>\n\n\n\n<p><a href=\"https:\/\/www.creilsudoise-tourisme.fr\/wp-content\/uploads\/2022\/02\/Deliberation-n\u00b018-2021-approbation-et-demande-de-subventionPNRenjeu1-Pierre-CL.pdf\" target=\"_blank\" rel=\"noreferrer noopener\">Beraadslaging nr. 18 goedkeuring en aanvraag PNR-subsidie<\/a><\/p>\n\n\n\n<p><a href=\"https:\/\/www.creilsudoise-tourisme.fr\/wp-content\/uploads\/2022\/02\/Deliberation-n\u00b017-2021-approbation-et-demande-de-subventionCRT-enjeu-1-2-CL.pdf\" target=\"_blank\" rel=\"noreferrer noopener\">Goedkeuring beraadslaging nr. 17 en CRT-subsidieaanvraag<\/a><\/p>\n\n\n\n<p><a href=\"https:\/\/www.creilsudoise-tourisme.fr\/wp-content\/uploads\/2022\/02\/Deliberation-n\u00b015-2021-MiseenplaceChartedeteletravail-CL.pdf\" target=\"_blank\" rel=\"noreferrer noopener\">Beraadslaging nr. 15 Implementatie van een handvest voor telewerken<\/a><\/p>\n\n\n\n<p><a href=\"https:\/\/www.creilsudoise-tourisme.fr\/wp-content\/uploads\/2022\/02\/Deliberation-n\u00b014-2021-Creation-conseil_scientifiqueMDP.pdf\" target=\"_blank\" rel=\"noreferrer noopener\">Beraadslaging nr. 14 Oprichting wetenschappelijke raad MDP<\/a><\/p>\n\n\n\n<p><a href=\"https:\/\/www.creilsudoise-tourisme.fr\/wp-content\/uploads\/2022\/02\/Deliberation-n\u00b013-2021-CTR-CSOT-CL.pdf\" target=\"_blank\" rel=\"noreferrer noopener\">Beraadslaging nr. 13 CTR CSOT<\/a><\/p>\n\n\n\n<p><a href=\"https:\/\/www.creilsudoise-tourisme.fr\/wp-content\/uploads\/2022\/02\/Deliberation-n\u00b012-2021-avenant2conventionAcsoCSOT-cl.pdf\" target=\"_blank\" rel=\"noreferrer noopener\">Beraadslaging 12 Amendement 2 op de ACSO CSOT-overeenkomst<\/a><\/p>\n\n\n\n<p><a href=\"https:\/\/www.creilsudoise-tourisme.fr\/wp-content\/uploads\/2022\/02\/Deliberation-n\u00b011-2021-Examenducomptedegestion2020-cl.pdf\" target=\"_blank\" rel=\"noreferrer noopener\">Beraadslaging nr. 11 Onderzoek van de jaarrekening 2020<\/a><\/p>\n\n\n\n<p><a href=\"https:\/\/www.creilsudoise-tourisme.fr\/wp-content\/uploads\/2022\/02\/Deliberation-n\u00b010-2021-Examenducompteadministratif2020-cl.pdf\" target=\"_blank\" rel=\"noreferrer noopener\">Beraadslaging nr. 10 Onderzoek van de administratieve rekening 2020<\/a><\/p>\n\n\n\n<p><a href=\"https:\/\/www.creilsudoise-tourisme.fr\/wp-content\/uploads\/2021\/06\/Deliberation-n\u00b09-2021-conventiondepartenariat-accompagnementoisetourismeMDP-museesergeramond.pdf\" target=\"_blank\" rel=\"noreferrer noopener\">Beraadslaging nr. 9 Partnerschapsovereenkomst - Steun aan Oise Tourisme MDP \/ Serge Ramond Museum<\/a><\/p>\n\n\n\n<p><a href=\"https:\/\/www.creilsudoise-tourisme.fr\/wp-content\/uploads\/2021\/06\/Deliberation-n\u00b08-2021-MAJ-trf-MDP.pdf\" target=\"_blank\" rel=\"noreferrer noopener\">Beraadslaging nr. 8 Actualisering MDP-tarieven<\/a><\/p>\n\n\n\n<p><a href=\"https:\/\/www.creilsudoise-tourisme.fr\/wp-content\/uploads\/2021\/06\/Deliberation-n\u00b07-2021-tarification-nouvellesprestationschateauMontataire.pdf\" target=\"_blank\" rel=\"noreferrer noopener\">Beraadslaging 7 Prijzen - Nieuwe diensten op Ch\u00e2teau Montataire<\/a><\/p>\n\n\n\n<p><a href=\"https:\/\/www.creilsudoise-tourisme.fr\/wp-content\/uploads\/2021\/06\/Deliberation-n\u00b06-2021-BP21.pdf\" target=\"_blank\" rel=\"noreferrer noopener\">Beraadslaging nr. 6 BP 2021<\/a><\/p>\n\n\n\n<p><a href=\"https:\/\/www.creilsudoise-tourisme.fr\/wp-content\/uploads\/2021\/06\/Deliberation-n\u00b05-2021-Reprise-anticipeeetaffectationdu-resultat.pdf\" target=\"_blank\" rel=\"noreferrer noopener\">Beraadslaging nr. 5 Vervroegde opname en bestemming van netto-inkomsten<\/a><\/p>\n\n\n\n<p><a href=\"https:\/\/www.creilsudoise-tourisme.fr\/wp-content\/uploads\/2021\/06\/Deliberation-n\u00b04-2021-election-vicepresident.pdf\" target=\"_blank\" rel=\"noreferrer noopener\">Beraadslaging 4 Verkiezing van een ondervoorzitter<\/a><\/p>\n\n\n\n<p><a href=\"https:\/\/www.creilsudoise-tourisme.fr\/wp-content\/uploads\/2021\/06\/Deliberation-n\u00b03-2021-electionpresident.pdf\" target=\"_blank\" rel=\"noreferrer noopener\">Beraadslaging nr. 3 Verkiezing voorzitter<\/a><\/p>\n\n\n\n<p><a href=\"https:\/\/www.creilsudoise-tourisme.fr\/wp-content\/uploads\/2021\/06\/Deliberation-n\u00b02-2021-Convention-Atelier-de-la-Pierre-dAngle.pdf\" target=\"_blank\" rel=\"noreferrer noopener\">Beraadslaging nr. 2 Overeenkomst Atelier de la Pierre d'Angle<\/a><\/p>\n\n\n\n<p><a href=\"https:\/\/www.creilsudoise-tourisme.fr\/wp-content\/uploads\/2021\/06\/Deliberation-n\u00b01-2021-DOB21-CL.pdf\" target=\"_blank\" rel=\"noreferrer noopener\">Beraadslaging nr. 1 DOB 2021<\/a><\/p>\n\n\n\n<h3>2020<\/h3>\n\n\n\n<p><a href=\"https:\/\/www.creilsudoise-tourisme.fr\/wp-content\/uploads\/2021\/06\/Rapport-dactivites-Creil-Sud-Oise-Tourisme-2020.pdf\" target=\"_blank\" rel=\"noreferrer noopener\">Activiteitenverslag 2020<\/a><\/p>\n\n\n\n<h3>2019<\/h3>\n\n\n\n<p><a href=\"https:\/\/www.creilsudoise-tourisme.fr\/wp-content\/uploads\/2021\/06\/Rapport-dactivites-Creil-Sud-Oise-Tourisme-2019.pdf\" target=\"_blank\" rel=\"noreferrer noopener\">Activiteitenverslag 2019<\/a><\/p>\n\n\n\n<h3>2018<\/h3>\n\n\n\n<p><a href=\"https:\/\/www.creilsudoise-tourisme.fr\/wp-content\/uploads\/2021\/06\/Rapport-dactivites-Office-de-Tourisme-Creil-Sud-Oise-2018.pdf\" target=\"_blank\" rel=\"noreferrer noopener\">Activiteitenverslag 2018<\/a><\/p>\n\n\n\n<div class=\"wp-block wp-block-accordion\" id=\"accordion\">\n    \n    \n<\/div>","protected":false},"excerpt":{"rendered":"<p>Partenaires professionnels de Creil Sud Oise Tourisme (Office de Tourisme Creil Sud Oise + Maison de la Pierre du Sud de l\u2019Oise), consultez les d\u00e9lib\u00e9rations prises par le comit\u00e9 de direction, en cliquant simplement sur le document de votre choix. 2025 Deliberation-n\u00b018 Conditions de vente billetterie en ligne et sur place Annexe-Conditions de vente billetterie [&hellip;]<\/p>","protected":false},"author":1,"featured_media":34941,"parent":209,"menu_order":5,"comment_status":"closed","ping_status":"closed","template":"","meta":{"_relevanssi_hide_post":"","_relevanssi_hide_content":"","_relevanssi_pin_for_all":"","_relevanssi_pin_keywords":"","_relevanssi_unpin_keywords":"","_relevanssi_related_keywords":"","_relevanssi_related_include_ids":"","_relevanssi_related_exclude_ids":"","_relevanssi_related_no_append":"","_relevanssi_related_not_related":"","_relevanssi_related_posts":"271,273,267,275","_relevanssi_noindex_reason":""},"yoast_head":"<!-- This site is optimized with the Yoast SEO plugin v20.2.1 - https:\/\/yoast.com\/wordpress\/plugins\/seo\/ -->\n<title>Espace r\u00e9serv\u00e9 aux partenaires de l\u2019Office de Tourisme Creil Sud Oise<\/title>\n<meta name=\"description\" content=\"Espace r\u00e9serv\u00e9 aux partenaires professionnels de l\u2019Office de Tourisme Creil Sud Oise : les d\u00e9lib\u00e9rations du comit\u00e9 de direction.\" \/>\n<meta name=\"robots\" content=\"index, follow, max-snippet:-1, max-image-preview:large, max-video-preview:-1\" \/>\n<link rel=\"canonical\" href=\"https:\/\/www.creilsudoise-tourisme.fr\/nl\/espace-pro\/beraadslagingen\/\" \/>\n<meta property=\"og:locale\" content=\"nl_NL\" \/>\n<meta property=\"og:type\" content=\"article\" \/>\n<meta property=\"og:title\" content=\"Espace r\u00e9serv\u00e9 aux partenaires de l\u2019Office de Tourisme Creil Sud Oise\" \/>\n<meta property=\"og:description\" content=\"Espace r\u00e9serv\u00e9 aux partenaires professionnels de l\u2019Office de Tourisme Creil Sud Oise : les d\u00e9lib\u00e9rations du comit\u00e9 de direction.\" \/>\n<meta property=\"og:url\" content=\"https:\/\/www.creilsudoise-tourisme.fr\/nl\/espace-pro\/beraadslagingen\/\" \/>\n<meta property=\"og:site_name\" content=\"Office de Tourisme Creil Sud Oise\" \/>\n<meta property=\"article:publisher\" content=\"https:\/\/www.facebook.com\/creilsudoisetourisme\/\" \/>\n<meta property=\"article:modified_time\" content=\"2025-11-13T13:33:46+00:00\" \/>\n<meta property=\"og:image\" content=\"https:\/\/www.creilsudoise-tourisme.fr\/wp-content\/uploads\/2021\/05\/Comite-de-direction-de-lOffice-de-Tourisme-Creil-Sud-Oise.jpg\" \/>\n\t<meta property=\"og:image:width\" content=\"1600\" \/>\n\t<meta property=\"og:image:height\" content=\"764\" \/>\n\t<meta property=\"og:image:type\" content=\"image\/jpeg\" \/>\n<meta name=\"twitter:card\" content=\"summary_large_image\" \/>\n<meta name=\"twitter:site\" content=\"@CreilSudOiseOT\" \/>\n<meta name=\"twitter:label1\" content=\"Geschatte leestijd\" \/>\n\t<meta name=\"twitter:data1\" content=\"2 minuten\" \/>\n<script type=\"application\/ld+json\" class=\"yoast-schema-graph\">{\"@context\":\"https:\/\/schema.org\",\"@graph\":[{\"@type\":\"WebPage\",\"@id\":\"https:\/\/www.creilsudoise-tourisme.fr\/espace-pro\/deliberations\/\",\"url\":\"https:\/\/www.creilsudoise-tourisme.fr\/espace-pro\/deliberations\/\",\"name\":\"Espace r\u00e9serv\u00e9 aux partenaires de l\u2019Office de Tourisme Creil Sud Oise\",\"isPartOf\":{\"@id\":\"https:\/\/www.creilsudoise-tourisme.fr\/#website\"},\"datePublished\":\"2021-02-17T09:03:47+00:00\",\"dateModified\":\"2025-11-13T13:33:46+00:00\",\"description\":\"Espace r\u00e9serv\u00e9 aux partenaires professionnels de l\u2019Office de Tourisme Creil Sud Oise : les d\u00e9lib\u00e9rations du comit\u00e9 de direction.\",\"breadcrumb\":{\"@id\":\"https:\/\/www.creilsudoise-tourisme.fr\/espace-pro\/deliberations\/#breadcrumb\"},\"inLanguage\":\"nl\",\"potentialAction\":[{\"@type\":\"ReadAction\",\"target\":[\"https:\/\/www.creilsudoise-tourisme.fr\/espace-pro\/deliberations\/\"]}]},{\"@type\":\"BreadcrumbList\",\"@id\":\"https:\/\/www.creilsudoise-tourisme.fr\/espace-pro\/deliberations\/#breadcrumb\",\"itemListElement\":[{\"@type\":\"ListItem\",\"position\":1,\"name\":\"Accueil\",\"item\":\"https:\/\/www.creilsudoise-tourisme.fr\/\"},{\"@type\":\"ListItem\",\"position\":2,\"name\":\"Espace pro\",\"item\":\"https:\/\/www.creilsudoise-tourisme.fr\/espace-pro\/\"},{\"@type\":\"ListItem\",\"position\":3,\"name\":\"Les d\u00e9lib\u00e9rations\"}]},{\"@type\":\"WebSite\",\"@id\":\"https:\/\/www.creilsudoise-tourisme.fr\/#website\",\"url\":\"https:\/\/www.creilsudoise-tourisme.fr\/\",\"name\":\"Office de Tourisme Creil Sud Oise\",\"description\":\"Creil Sud Oise Tourisme, un territoire \u00e0 explorer !\",\"publisher\":{\"@id\":\"https:\/\/www.creilsudoise-tourisme.fr\/#organization\"},\"potentialAction\":[{\"@type\":\"SearchAction\",\"target\":{\"@type\":\"EntryPoint\",\"urlTemplate\":\"https:\/\/www.creilsudoise-tourisme.fr\/?s={search_term_string}\"},\"query-input\":\"required name=search_term_string\"}],\"inLanguage\":\"nl\"},{\"@type\":\"Organization\",\"@id\":\"https:\/\/www.creilsudoise-tourisme.fr\/#organization\",\"name\":\"Creil Sud Oise Tourisme\",\"url\":\"https:\/\/www.creilsudoise-tourisme.fr\/\",\"logo\":{\"@type\":\"ImageObject\",\"inLanguage\":\"nl\",\"@id\":\"https:\/\/www.creilsudoise-tourisme.fr\/#\/schema\/logo\/image\/\",\"url\":\"https:\/\/www.creilsudoise-tourisme.fr\/wp-content\/uploads\/2021\/05\/logo-svg.png\",\"contentUrl\":\"https:\/\/www.creilsudoise-tourisme.fr\/wp-content\/uploads\/2021\/05\/logo-svg.png\",\"width\":182,\"height\":71,\"caption\":\"Creil Sud Oise Tourisme\"},\"image\":{\"@id\":\"https:\/\/www.creilsudoise-tourisme.fr\/#\/schema\/logo\/image\/\"},\"sameAs\":[\"https:\/\/www.facebook.com\/creilsudoisetourisme\/\",\"https:\/\/twitter.com\/CreilSudOiseOT\",\"https:\/\/www.instagram.com\/creilsudoisetourisme\/\",\"https:\/\/www.youtube.com\/channel\/UC8L_QD2wwyADW14zt9fY8kw\"]}]}<\/script>\n<!-- \/ Yoast SEO plugin. -->","yoast_head_json":{"title":"Espace r\u00e9serv\u00e9 aux partenaires de l\u2019Office de Tourisme Creil Sud Oise","description":"Espace r\u00e9serv\u00e9 aux partenaires professionnels de l\u2019Office de Tourisme Creil Sud Oise : les d\u00e9lib\u00e9rations du comit\u00e9 de direction.","robots":{"index":"index","follow":"follow","max-snippet":"max-snippet:-1","max-image-preview":"max-image-preview:large","max-video-preview":"max-video-preview:-1"},"canonical":"https:\/\/www.creilsudoise-tourisme.fr\/nl\/espace-pro\/beraadslagingen\/","og_locale":"nl_NL","og_type":"article","og_title":"Espace r\u00e9serv\u00e9 aux partenaires de l\u2019Office de Tourisme Creil Sud Oise","og_description":"Espace r\u00e9serv\u00e9 aux partenaires professionnels de l\u2019Office de Tourisme Creil Sud Oise : les d\u00e9lib\u00e9rations du comit\u00e9 de direction.","og_url":"https:\/\/www.creilsudoise-tourisme.fr\/nl\/espace-pro\/beraadslagingen\/","og_site_name":"Office de Tourisme Creil Sud Oise","article_publisher":"https:\/\/www.facebook.com\/creilsudoisetourisme\/","article_modified_time":"2025-11-13T13:33:46+00:00","og_image":[{"width":1600,"height":764,"url":"https:\/\/www.creilsudoise-tourisme.fr\/wp-content\/uploads\/2021\/05\/Comite-de-direction-de-lOffice-de-Tourisme-Creil-Sud-Oise.jpg","type":"image\/jpeg"}],"twitter_card":"summary_large_image","twitter_site":"@CreilSudOiseOT","twitter_misc":{"Geschatte leestijd":"2 minuten"},"schema":{"@context":"https:\/\/schema.org","@graph":[{"@type":"WebPage","@id":"https:\/\/www.creilsudoise-tourisme.fr\/espace-pro\/deliberations\/","url":"https:\/\/www.creilsudoise-tourisme.fr\/espace-pro\/deliberations\/","name":"Espace r\u00e9serv\u00e9 aux partenaires de l\u2019Office de Tourisme Creil Sud Oise","isPartOf":{"@id":"https:\/\/www.creilsudoise-tourisme.fr\/#website"},"datePublished":"2021-02-17T09:03:47+00:00","dateModified":"2025-11-13T13:33:46+00:00","description":"Espace r\u00e9serv\u00e9 aux partenaires professionnels de l\u2019Office de Tourisme Creil Sud Oise : les d\u00e9lib\u00e9rations du comit\u00e9 de direction.","breadcrumb":{"@id":"https:\/\/www.creilsudoise-tourisme.fr\/espace-pro\/deliberations\/#breadcrumb"},"inLanguage":"nl","potentialAction":[{"@type":"ReadAction","target":["https:\/\/www.creilsudoise-tourisme.fr\/espace-pro\/deliberations\/"]}]},{"@type":"BreadcrumbList","@id":"https:\/\/www.creilsudoise-tourisme.fr\/espace-pro\/deliberations\/#breadcrumb","itemListElement":[{"@type":"ListItem","position":1,"name":"Accueil","item":"https:\/\/www.creilsudoise-tourisme.fr\/"},{"@type":"ListItem","position":2,"name":"Espace pro","item":"https:\/\/www.creilsudoise-tourisme.fr\/espace-pro\/"},{"@type":"ListItem","position":3,"name":"Les d\u00e9lib\u00e9rations"}]},{"@type":"WebSite","@id":"https:\/\/www.creilsudoise-tourisme.fr\/#website","url":"https:\/\/www.creilsudoise-tourisme.fr\/","name":"Office de Tourisme Creil Sud Oise","description":"Creil Sud Oise Tourisme, un territoire \u00e0 explorer !","publisher":{"@id":"https:\/\/www.creilsudoise-tourisme.fr\/#organization"},"potentialAction":[{"@type":"SearchAction","target":{"@type":"EntryPoint","urlTemplate":"https:\/\/www.creilsudoise-tourisme.fr\/?s={search_term_string}"},"query-input":"required name=search_term_string"}],"inLanguage":"nl"},{"@type":"Organization","@id":"https:\/\/www.creilsudoise-tourisme.fr\/#organization","name":"Creil Sud Oise Tourisme","url":"https:\/\/www.creilsudoise-tourisme.fr\/","logo":{"@type":"ImageObject","inLanguage":"nl","@id":"https:\/\/www.creilsudoise-tourisme.fr\/#\/schema\/logo\/image\/","url":"https:\/\/www.creilsudoise-tourisme.fr\/wp-content\/uploads\/2021\/05\/logo-svg.png","contentUrl":"https:\/\/www.creilsudoise-tourisme.fr\/wp-content\/uploads\/2021\/05\/logo-svg.png","width":182,"height":71,"caption":"Creil Sud Oise Tourisme"},"image":{"@id":"https:\/\/www.creilsudoise-tourisme.fr\/#\/schema\/logo\/image\/"},"sameAs":["https:\/\/www.facebook.com\/creilsudoisetourisme\/","https:\/\/twitter.com\/CreilSudOiseOT","https:\/\/www.instagram.com\/creilsudoisetourisme\/","https:\/\/www.youtube.com\/channel\/UC8L_QD2wwyADW14zt9fY8kw"]}]}},"_links":{"self":[{"href":"https:\/\/www.creilsudoise-tourisme.fr\/nl\/wp-json\/wp\/v2\/pages\/219"}],"collection":[{"href":"https:\/\/www.creilsudoise-tourisme.fr\/nl\/wp-json\/wp\/v2\/pages"}],"about":[{"href":"https:\/\/www.creilsudoise-tourisme.fr\/nl\/wp-json\/wp\/v2\/types\/page"}],"author":[{"embeddable":true,"href":"https:\/\/www.creilsudoise-tourisme.fr\/nl\/wp-json\/wp\/v2\/users\/1"}],"replies":[{"embeddable":true,"href":"https:\/\/www.creilsudoise-tourisme.fr\/nl\/wp-json\/wp\/v2\/comments?post=219"}],"version-history":[{"count":35,"href":"https:\/\/www.creilsudoise-tourisme.fr\/nl\/wp-json\/wp\/v2\/pages\/219\/revisions"}],"predecessor-version":[{"id":68573,"href":"https:\/\/www.creilsudoise-tourisme.fr\/nl\/wp-json\/wp\/v2\/pages\/219\/revisions\/68573"}],"up":[{"embeddable":true,"href":"https:\/\/www.creilsudoise-tourisme.fr\/nl\/wp-json\/wp\/v2\/pages\/209"}],"wp:featuredmedia":[{"embeddable":true,"href":"https:\/\/www.creilsudoise-tourisme.fr\/nl\/wp-json\/wp\/v2\/media\/34941"}],"wp:attachment":[{"href":"https:\/\/www.creilsudoise-tourisme.fr\/nl\/wp-json\/wp\/v2\/media?parent=219"}],"curies":[{"name":"wp","href":"https:\/\/api.w.org\/{rel}","templated":true}]}}