{"id":207,"date":"2021-02-17T10:03:36","date_gmt":"2021-02-17T09:03:36","guid":{"rendered":"https:\/\/www.creilsudoise-tourisme.fr\/la-boutique\/"},"modified":"2026-04-03T12:30:26","modified_gmt":"2026-04-03T10:30:26","slug":"boutique","status":"publish","type":"page","link":"https:\/\/www.creilsudoise-tourisme.fr\/nl\/praktijk\/toerisme-kantoor\/winkel\/","title":{"rendered":"De winkel"},"content":{"rendered":"<p class=\"is-style-excerpt\">U bent op zoek naar <strong>een souvenir uit Creil Sud Oise<\/strong> ? <\/p>\n\n\n\n<div class=\"wp-block-strate-full alignfull\">\n\n    <div class=\"wp-block-strate-full-thumbnail\">\n        <img data-src=\"https:\/\/www.creilsudoise-tourisme.fr\/wp-content\/uploads\/2023\/11\/Boutique-de-lOffice-de-Tourisme-Creil-Sud-Oise-4.jpg\" alt=\"Creil Sud Oise Dienst voor Toerisme winkel\">\n    <\/div>\n\n\t\n        <div class=\"wp-block-strate-full-content wp-block-strate-full-content-left\">\n\t\t\t                <h3 class=\"wp-block-strate-full-content-title\"> Lokale producenten en ambachtslieden <\/h3>\n\t\t\t\t\t\t                <p class=\"wp-block-strate-full-content-excerpt\"> Het toeristenbureau van Creil Sud Oise wil u graag helpen bij het ontdekken van de <strong>zoetigheden en lokaal talent <\/strong>wij selecteren de beste voor jou! <\/p>\n\t\t\t        <\/div>\n\n\t\n<\/div>\n\n\n\n<h2>Delicatessen en souvenirs<\/h2>\n\n\n\n<p>In Creil, op 30 minuten met de trein van Parijs (Gare du Nord) en op enkele minuten van Chantilly en Senlis, biedt het toeristenbureau Creil Sud Oise in zijn winkel een breed scala aan lokale producten. U vindt er<strong>Een kruidenierswinkel, een boekhandel, schrijfwaren, decoratie, souvenirs en sieraden.<\/strong>alle vervaardigd of gemaakt door<strong> ambachtslieden uit de Oise en omgeving.<\/strong><\/p>\n\n\n\n<h2>Geef een lokale 100% doos cadeau!<\/h2>\n\n\n\n<p>Op zoek naar een <strong>Een cadeautip voor Kerstmis, een verjaardag, een pensioen, een eindejaarscadeau voor een leraar of gewoon om iemand een plezier te doen?<\/strong> Het toeristenbureau biedt je de mogelijkheid om <strong>je \"Verrassingen d'ici\" box<\/strong>met producten gemaakt in of rond de Oise!<\/p>\n\n\n\n<figure class=\"wp-block-image size-large\"><img decoding=\"async\" loading=\"lazy\" width=\"1200\" height=\"1200\" data-src=\"https:\/\/www.creilsudoise-tourisme.fr\/wp-content\/uploads\/2023\/11\/Boutique-de-lOffice-de-Tourisme-Creil-Sud-Oise-8-1200x1200.jpg\" alt=\"\" class=\"wp-image-50765\" data-srcset=\"https:\/\/www.creilsudoise-tourisme.fr\/wp-content\/uploads\/2023\/11\/Boutique-de-lOffice-de-Tourisme-Creil-Sud-Oise-8-1200x1200.jpg 1200w, https:\/\/www.creilsudoise-tourisme.fr\/wp-content\/uploads\/2023\/11\/Boutique-de-lOffice-de-Tourisme-Creil-Sud-Oise-8-600x600.jpg 600w, https:\/\/www.creilsudoise-tourisme.fr\/wp-content\/uploads\/2023\/11\/Boutique-de-lOffice-de-Tourisme-Creil-Sud-Oise-8-300x300.jpg 300w, https:\/\/www.creilsudoise-tourisme.fr\/wp-content\/uploads\/2023\/11\/Boutique-de-lOffice-de-Tourisme-Creil-Sud-Oise-8-900x900.jpg 900w, https:\/\/www.creilsudoise-tourisme.fr\/wp-content\/uploads\/2023\/11\/Boutique-de-lOffice-de-Tourisme-Creil-Sud-Oise-8-1536x1536.jpg 1536w, https:\/\/www.creilsudoise-tourisme.fr\/wp-content\/uploads\/2023\/11\/Boutique-de-lOffice-de-Tourisme-Creil-Sud-Oise-8-12x12.jpg 12w, https:\/\/www.creilsudoise-tourisme.fr\/wp-content\/uploads\/2023\/11\/Boutique-de-lOffice-de-Tourisme-Creil-Sud-Oise-8-200x200.jpg 200w, https:\/\/www.creilsudoise-tourisme.fr\/wp-content\/uploads\/2023\/11\/Boutique-de-lOffice-de-Tourisme-Creil-Sud-Oise-8-650x650.jpg 650w, https:\/\/www.creilsudoise-tourisme.fr\/wp-content\/uploads\/2023\/11\/Boutique-de-lOffice-de-Tourisme-Creil-Sud-Oise-8-387x387.jpg 387w, https:\/\/www.creilsudoise-tourisme.fr\/wp-content\/uploads\/2023\/11\/Boutique-de-lOffice-de-Tourisme-Creil-Sud-Oise-8.jpg 1920w\" sizes=\"(max-width: 1200px) 100vw, 1200px\" \/><\/figure>\n\n\n\n<figure class=\"is-layout-flex wp-block-gallery-1 wp-block-gallery has-nested-images columns-default is-cropped\">\n<figure class=\"wp-block-image size-large\"><img decoding=\"async\" loading=\"lazy\" width=\"1200\" height=\"1200\" data-id=\"50764\"  data-src=\"https:\/\/www.creilsudoise-tourisme.fr\/wp-content\/uploads\/2023\/11\/Boutique-de-lOffice-de-Tourisme-Creil-Sud-Oise-7-1200x1200.jpg\" alt=\"\" class=\"wp-image-50764\" data-srcset=\"https:\/\/www.creilsudoise-tourisme.fr\/wp-content\/uploads\/2023\/11\/Boutique-de-lOffice-de-Tourisme-Creil-Sud-Oise-7-1200x1200.jpg 1200w, https:\/\/www.creilsudoise-tourisme.fr\/wp-content\/uploads\/2023\/11\/Boutique-de-lOffice-de-Tourisme-Creil-Sud-Oise-7-600x600.jpg 600w, https:\/\/www.creilsudoise-tourisme.fr\/wp-content\/uploads\/2023\/11\/Boutique-de-lOffice-de-Tourisme-Creil-Sud-Oise-7-300x300.jpg 300w, https:\/\/www.creilsudoise-tourisme.fr\/wp-content\/uploads\/2023\/11\/Boutique-de-lOffice-de-Tourisme-Creil-Sud-Oise-7-900x900.jpg 900w, https:\/\/www.creilsudoise-tourisme.fr\/wp-content\/uploads\/2023\/11\/Boutique-de-lOffice-de-Tourisme-Creil-Sud-Oise-7-1536x1536.jpg 1536w, https:\/\/www.creilsudoise-tourisme.fr\/wp-content\/uploads\/2023\/11\/Boutique-de-lOffice-de-Tourisme-Creil-Sud-Oise-7-12x12.jpg 12w, https:\/\/www.creilsudoise-tourisme.fr\/wp-content\/uploads\/2023\/11\/Boutique-de-lOffice-de-Tourisme-Creil-Sud-Oise-7-200x200.jpg 200w, https:\/\/www.creilsudoise-tourisme.fr\/wp-content\/uploads\/2023\/11\/Boutique-de-lOffice-de-Tourisme-Creil-Sud-Oise-7-650x650.jpg 650w, https:\/\/www.creilsudoise-tourisme.fr\/wp-content\/uploads\/2023\/11\/Boutique-de-lOffice-de-Tourisme-Creil-Sud-Oise-7-387x387.jpg 387w, https:\/\/www.creilsudoise-tourisme.fr\/wp-content\/uploads\/2023\/11\/Boutique-de-lOffice-de-Tourisme-Creil-Sud-Oise-7.jpg 1920w\" sizes=\"(max-width: 1200px) 100vw, 1200px\" \/><\/figure>\n\n\n\n<figure class=\"wp-block-image size-large\"><img decoding=\"async\" loading=\"lazy\" width=\"1200\" height=\"1200\" data-id=\"50763\"  data-src=\"https:\/\/www.creilsudoise-tourisme.fr\/wp-content\/uploads\/2023\/11\/Boutique-de-lOffice-de-Tourisme-Creil-Sud-Oise-6-1200x1200.jpg\" alt=\"\" class=\"wp-image-50763\" data-srcset=\"https:\/\/www.creilsudoise-tourisme.fr\/wp-content\/uploads\/2023\/11\/Boutique-de-lOffice-de-Tourisme-Creil-Sud-Oise-6-1200x1200.jpg 1200w, https:\/\/www.creilsudoise-tourisme.fr\/wp-content\/uploads\/2023\/11\/Boutique-de-lOffice-de-Tourisme-Creil-Sud-Oise-6-600x600.jpg 600w, https:\/\/www.creilsudoise-tourisme.fr\/wp-content\/uploads\/2023\/11\/Boutique-de-lOffice-de-Tourisme-Creil-Sud-Oise-6-300x300.jpg 300w, https:\/\/www.creilsudoise-tourisme.fr\/wp-content\/uploads\/2023\/11\/Boutique-de-lOffice-de-Tourisme-Creil-Sud-Oise-6-900x900.jpg 900w, https:\/\/www.creilsudoise-tourisme.fr\/wp-content\/uploads\/2023\/11\/Boutique-de-lOffice-de-Tourisme-Creil-Sud-Oise-6-1536x1536.jpg 1536w, https:\/\/www.creilsudoise-tourisme.fr\/wp-content\/uploads\/2023\/11\/Boutique-de-lOffice-de-Tourisme-Creil-Sud-Oise-6-12x12.jpg 12w, https:\/\/www.creilsudoise-tourisme.fr\/wp-content\/uploads\/2023\/11\/Boutique-de-lOffice-de-Tourisme-Creil-Sud-Oise-6-200x200.jpg 200w, https:\/\/www.creilsudoise-tourisme.fr\/wp-content\/uploads\/2023\/11\/Boutique-de-lOffice-de-Tourisme-Creil-Sud-Oise-6-650x650.jpg 650w, https:\/\/www.creilsudoise-tourisme.fr\/wp-content\/uploads\/2023\/11\/Boutique-de-lOffice-de-Tourisme-Creil-Sud-Oise-6-387x387.jpg 387w, https:\/\/www.creilsudoise-tourisme.fr\/wp-content\/uploads\/2023\/11\/Boutique-de-lOffice-de-Tourisme-Creil-Sud-Oise-6.jpg 1920w\" sizes=\"(max-width: 1200px) 100vw, 1200px\" \/><\/figure>\n<\/figure>\n\n\n\n<p>U kunt ook uw<strong> gourmetmand<\/strong> (de rieten mand kost 2\u20ac)<\/p>\n\n\n\n<div class=\"wp-block-strate-full alignfull\">\n\n    <div class=\"wp-block-strate-full-thumbnail\">\n        <img data-src=\"https:\/\/www.creilsudoise-tourisme.fr\/wp-content\/uploads\/2023\/11\/Boutique-de-lOffice-de-Tourisme-Creil-Sud-Oise-1.jpg\" alt=\"Creil Sud Oise Dienst voor Toerisme winkel\">\n    <\/div>\n\n\t\n        <div class=\"wp-block-strate-full-content wp-block-strate-full-content-left\">\n\t\t\t                <h3 class=\"wp-block-strate-full-content-title\"> Producten die momenteel te koop zijn <\/h3>\n\t\t\t\t\t\t                <p class=\"wp-block-strate-full-content-excerpt\"> Lees hieronder meer <strong>onze producten momenteel in de winkel! <\/strong>Het assortiment wordt regelmatig bijgewerkt! <\/p>\n\t\t\t        <\/div>\n\n\t\n<\/div>\n\n\n\n<h2>Delicatessen<\/h2>\n\n\n\n<h3>Gezouten<\/h3>\n\n\n\n<div class=\"is-layout-flex wp-container-6 wp-block-columns\">\n<div class=\"is-layout-flow wp-block-column\">\n<figure class=\"wp-block-image size-full\"><img decoding=\"async\" loading=\"lazy\" width=\"1000\" height=\"1000\" data-src=\"https:\/\/www.creilsudoise-tourisme.fr\/wp-content\/uploads\/2023\/11\/Rillettes-Pur-Canard-Ginette-Boutique-de-Creil-Sud-Oise-Tourisme.jpg\" alt=\"winkel Creil Sud Oise Tourisme Kantoor Tourisme lokale artisanat cadeau idee kerst verjaardag handgemaakt producent Hauts-de-France Oise Picardie terrine pat\u00e9 rillettes\" class=\"wp-image-50715\" data-srcset=\"https:\/\/www.creilsudoise-tourisme.fr\/wp-content\/uploads\/2023\/11\/Rillettes-Pur-Canard-Ginette-Boutique-de-Creil-Sud-Oise-Tourisme.jpg 1000w, https:\/\/www.creilsudoise-tourisme.fr\/wp-content\/uploads\/2023\/11\/Rillettes-Pur-Canard-Ginette-Boutique-de-Creil-Sud-Oise-Tourisme-600x600.jpg 600w, https:\/\/www.creilsudoise-tourisme.fr\/wp-content\/uploads\/2023\/11\/Rillettes-Pur-Canard-Ginette-Boutique-de-Creil-Sud-Oise-Tourisme-300x300.jpg 300w, https:\/\/www.creilsudoise-tourisme.fr\/wp-content\/uploads\/2023\/11\/Rillettes-Pur-Canard-Ginette-Boutique-de-Creil-Sud-Oise-Tourisme-900x900.jpg 900w, https:\/\/www.creilsudoise-tourisme.fr\/wp-content\/uploads\/2023\/11\/Rillettes-Pur-Canard-Ginette-Boutique-de-Creil-Sud-Oise-Tourisme-12x12.jpg 12w, https:\/\/www.creilsudoise-tourisme.fr\/wp-content\/uploads\/2023\/11\/Rillettes-Pur-Canard-Ginette-Boutique-de-Creil-Sud-Oise-Tourisme-200x200.jpg 200w, https:\/\/www.creilsudoise-tourisme.fr\/wp-content\/uploads\/2023\/11\/Rillettes-Pur-Canard-Ginette-Boutique-de-Creil-Sud-Oise-Tourisme-650x650.jpg 650w, https:\/\/www.creilsudoise-tourisme.fr\/wp-content\/uploads\/2023\/11\/Rillettes-Pur-Canard-Ginette-Boutique-de-Creil-Sud-Oise-Tourisme-387x387.jpg 387w\" sizes=\"(max-width: 1000px) 100vw, 1000px\" \/><\/figure>\n\n\n\n<p><strong>Rillettes van eend<\/strong> | <strong>6,90\u20ac<\/strong> | 180g | <em>Ginette's recepten <\/em>| <em>Hauts-de-France<\/em> <\/p>\n<\/div>\n\n\n\n<div class=\"is-layout-flow wp-block-column\">\n<figure class=\"wp-block-image size-large\"><img decoding=\"async\" loading=\"lazy\" width=\"1200\" height=\"1200\" data-src=\"https:\/\/www.creilsudoise-tourisme.fr\/wp-content\/uploads\/2024\/11\/Rillettes-pur-porc-1200x1200.jpg\" alt=\"\" class=\"wp-image-58750\" data-srcset=\"https:\/\/www.creilsudoise-tourisme.fr\/wp-content\/uploads\/2024\/11\/Rillettes-pur-porc-1200x1200.jpg 1200w, https:\/\/www.creilsudoise-tourisme.fr\/wp-content\/uploads\/2024\/11\/Rillettes-pur-porc-600x600.jpg 600w, https:\/\/www.creilsudoise-tourisme.fr\/wp-content\/uploads\/2024\/11\/Rillettes-pur-porc-300x300.jpg 300w, https:\/\/www.creilsudoise-tourisme.fr\/wp-content\/uploads\/2024\/11\/Rillettes-pur-porc-900x900.jpg 900w, https:\/\/www.creilsudoise-tourisme.fr\/wp-content\/uploads\/2024\/11\/Rillettes-pur-porc-1536x1536.jpg 1536w, https:\/\/www.creilsudoise-tourisme.fr\/wp-content\/uploads\/2024\/11\/Rillettes-pur-porc-12x12.jpg 12w, https:\/\/www.creilsudoise-tourisme.fr\/wp-content\/uploads\/2024\/11\/Rillettes-pur-porc-200x200.jpg 200w, https:\/\/www.creilsudoise-tourisme.fr\/wp-content\/uploads\/2024\/11\/Rillettes-pur-porc-650x650.jpg 650w, https:\/\/www.creilsudoise-tourisme.fr\/wp-content\/uploads\/2024\/11\/Rillettes-pur-porc-387x387.jpg 387w, https:\/\/www.creilsudoise-tourisme.fr\/wp-content\/uploads\/2024\/11\/Rillettes-pur-porc.jpg 1920w\" sizes=\"(max-width: 1200px) 100vw, 1200px\" \/><\/figure>\n\n\n\n<p><strong>Rillettes van puur varkensvlees<\/strong> | <strong>5,50\u20ac<\/strong> | 180g | <em>Ginette's recepten <\/em>| <em>Hauts-de-France<\/em><\/p>\n<\/div>\n\n\n\n<div class=\"is-layout-flow wp-block-column\">\n<figure class=\"wp-block-image size-full\"><img decoding=\"async\" loading=\"lazy\" width=\"1000\" height=\"1000\" data-src=\"https:\/\/www.creilsudoise-tourisme.fr\/wp-content\/uploads\/2023\/11\/Pate-de-Campagne-Ginette-Boutique-de-Creil-Sud-Oise-Tourisme.jpg\" alt=\"winkel Creil Sud Oise Tourisme Kantoor Tourisme lokale artisanat cadeau idee kerst verjaardag handgemaakt producent Hauts-de-France Oise Picardie terrine pat\u00e9 rillettes\" class=\"wp-image-50710\" data-srcset=\"https:\/\/www.creilsudoise-tourisme.fr\/wp-content\/uploads\/2023\/11\/Pate-de-Campagne-Ginette-Boutique-de-Creil-Sud-Oise-Tourisme.jpg 1000w, https:\/\/www.creilsudoise-tourisme.fr\/wp-content\/uploads\/2023\/11\/Pate-de-Campagne-Ginette-Boutique-de-Creil-Sud-Oise-Tourisme-600x600.jpg 600w, https:\/\/www.creilsudoise-tourisme.fr\/wp-content\/uploads\/2023\/11\/Pate-de-Campagne-Ginette-Boutique-de-Creil-Sud-Oise-Tourisme-300x300.jpg 300w, https:\/\/www.creilsudoise-tourisme.fr\/wp-content\/uploads\/2023\/11\/Pate-de-Campagne-Ginette-Boutique-de-Creil-Sud-Oise-Tourisme-900x900.jpg 900w, https:\/\/www.creilsudoise-tourisme.fr\/wp-content\/uploads\/2023\/11\/Pate-de-Campagne-Ginette-Boutique-de-Creil-Sud-Oise-Tourisme-12x12.jpg 12w, https:\/\/www.creilsudoise-tourisme.fr\/wp-content\/uploads\/2023\/11\/Pate-de-Campagne-Ginette-Boutique-de-Creil-Sud-Oise-Tourisme-200x200.jpg 200w, https:\/\/www.creilsudoise-tourisme.fr\/wp-content\/uploads\/2023\/11\/Pate-de-Campagne-Ginette-Boutique-de-Creil-Sud-Oise-Tourisme-650x650.jpg 650w, https:\/\/www.creilsudoise-tourisme.fr\/wp-content\/uploads\/2023\/11\/Pate-de-Campagne-Ginette-Boutique-de-Creil-Sud-Oise-Tourisme-387x387.jpg 387w\" sizes=\"(max-width: 1000px) 100vw, 1000px\" \/><\/figure>\n\n\n\n<p><strong>Pat\u00e9 op z'n landelijk<\/strong> | <strong>4,20\u20ac<\/strong> | 180g | <em>Ginette's recepten <\/em>| <em>Hauts-de-France<\/em> <\/p>\n<\/div>\n<\/div>\n\n\n\n<div class=\"is-layout-flex wp-container-10 wp-block-columns\">\n<div class=\"is-layout-flow wp-block-column\">\n<figure class=\"wp-block-image size-full\"><img decoding=\"async\" loading=\"lazy\" width=\"1000\" height=\"1000\" data-src=\"https:\/\/www.creilsudoise-tourisme.fr\/wp-content\/uploads\/2023\/11\/Terrine-de-Truite-fumee-de-la-Conserverie-Saint-Christophe-Boutique-de-Creil-Sud-Oise-Tourisme.jpg\" alt=\"winkel Creil Sud Oise Tourisme Kantoor Tourisme lokale artisanat cadeau idee kerst verjaardag handgemaakt producent Hauts-de-France Oise Picardie terrine pat\u00e9\" class=\"wp-image-50720\" data-srcset=\"https:\/\/www.creilsudoise-tourisme.fr\/wp-content\/uploads\/2023\/11\/Terrine-de-Truite-fumee-de-la-Conserverie-Saint-Christophe-Boutique-de-Creil-Sud-Oise-Tourisme.jpg 1000w, https:\/\/www.creilsudoise-tourisme.fr\/wp-content\/uploads\/2023\/11\/Terrine-de-Truite-fumee-de-la-Conserverie-Saint-Christophe-Boutique-de-Creil-Sud-Oise-Tourisme-600x600.jpg 600w, https:\/\/www.creilsudoise-tourisme.fr\/wp-content\/uploads\/2023\/11\/Terrine-de-Truite-fumee-de-la-Conserverie-Saint-Christophe-Boutique-de-Creil-Sud-Oise-Tourisme-300x300.jpg 300w, https:\/\/www.creilsudoise-tourisme.fr\/wp-content\/uploads\/2023\/11\/Terrine-de-Truite-fumee-de-la-Conserverie-Saint-Christophe-Boutique-de-Creil-Sud-Oise-Tourisme-900x900.jpg 900w, https:\/\/www.creilsudoise-tourisme.fr\/wp-content\/uploads\/2023\/11\/Terrine-de-Truite-fumee-de-la-Conserverie-Saint-Christophe-Boutique-de-Creil-Sud-Oise-Tourisme-12x12.jpg 12w, https:\/\/www.creilsudoise-tourisme.fr\/wp-content\/uploads\/2023\/11\/Terrine-de-Truite-fumee-de-la-Conserverie-Saint-Christophe-Boutique-de-Creil-Sud-Oise-Tourisme-200x200.jpg 200w, https:\/\/www.creilsudoise-tourisme.fr\/wp-content\/uploads\/2023\/11\/Terrine-de-Truite-fumee-de-la-Conserverie-Saint-Christophe-Boutique-de-Creil-Sud-Oise-Tourisme-650x650.jpg 650w, https:\/\/www.creilsudoise-tourisme.fr\/wp-content\/uploads\/2023\/11\/Terrine-de-Truite-fumee-de-la-Conserverie-Saint-Christophe-Boutique-de-Creil-Sud-Oise-Tourisme-387x387.jpg 387w\" sizes=\"(max-width: 1000px) 100vw, 1000px\" \/><\/figure>\n\n\n\n<p><strong>Terrine van gerookte forel<\/strong> | <strong>12,50\u20ac<\/strong> | 270g | <em>Conservering St Christophe <\/em>|<em> Hauts-de-France<\/em><\/p>\n<\/div>\n\n\n\n<div class=\"is-layout-flow wp-block-column\">\n<figure class=\"wp-block-image size-large\"><img decoding=\"async\" loading=\"lazy\" width=\"1200\" height=\"1200\" data-src=\"https:\/\/www.creilsudoise-tourisme.fr\/wp-content\/uploads\/2024\/01\/Salicorne-Boutique-de-Creil-Sud-Oise-Tourisme-1200x1200.jpg\" alt=\"winkel Creil Sud Oise Bureau voor toerisme plaatselijke ambacht cadeau-idee kerstmis\" class=\"wp-image-51214\" data-srcset=\"https:\/\/www.creilsudoise-tourisme.fr\/wp-content\/uploads\/2024\/01\/Salicorne-Boutique-de-Creil-Sud-Oise-Tourisme-1200x1200.jpg 1200w, https:\/\/www.creilsudoise-tourisme.fr\/wp-content\/uploads\/2024\/01\/Salicorne-Boutique-de-Creil-Sud-Oise-Tourisme-600x600.jpg 600w, https:\/\/www.creilsudoise-tourisme.fr\/wp-content\/uploads\/2024\/01\/Salicorne-Boutique-de-Creil-Sud-Oise-Tourisme-300x300.jpg 300w, https:\/\/www.creilsudoise-tourisme.fr\/wp-content\/uploads\/2024\/01\/Salicorne-Boutique-de-Creil-Sud-Oise-Tourisme-900x900.jpg 900w, https:\/\/www.creilsudoise-tourisme.fr\/wp-content\/uploads\/2024\/01\/Salicorne-Boutique-de-Creil-Sud-Oise-Tourisme-1536x1536.jpg 1536w, https:\/\/www.creilsudoise-tourisme.fr\/wp-content\/uploads\/2024\/01\/Salicorne-Boutique-de-Creil-Sud-Oise-Tourisme-12x12.jpg 12w, https:\/\/www.creilsudoise-tourisme.fr\/wp-content\/uploads\/2024\/01\/Salicorne-Boutique-de-Creil-Sud-Oise-Tourisme-200x200.jpg 200w, https:\/\/www.creilsudoise-tourisme.fr\/wp-content\/uploads\/2024\/01\/Salicorne-Boutique-de-Creil-Sud-Oise-Tourisme-650x650.jpg 650w, https:\/\/www.creilsudoise-tourisme.fr\/wp-content\/uploads\/2024\/01\/Salicorne-Boutique-de-Creil-Sud-Oise-Tourisme-387x387.jpg 387w, https:\/\/www.creilsudoise-tourisme.fr\/wp-content\/uploads\/2024\/01\/Salicorne-Boutique-de-Creil-Sud-Oise-Tourisme.jpg 1920w\" sizes=\"(max-width: 1200px) 100vw, 1200px\" \/><\/figure>\n\n\n\n<p><strong>Zeekraal in de Baie de Somme <\/strong>| <strong>7\u20ac<\/strong> | 200g | <em>Conservering St Christophe <\/em>| <em>Hauts-de-France<\/em><\/p>\n<\/div>\n\n\n\n<div class=\"is-layout-flow wp-block-column\">\n<figure class=\"wp-block-image size-full\"><img decoding=\"async\" loading=\"lazy\" width=\"1000\" height=\"1000\" data-src=\"https:\/\/www.creilsudoise-tourisme.fr\/wp-content\/uploads\/2023\/11\/Aperico-de-Soissons-Boutique-de-Creil-Sud-Oise-Tourisme.jpg\" alt=\"winkel Creil Sud Oise Tourisme Kantoor Tourisme lokale artisanat cadeau idee kerst verjaardag handgemaakt producent Hauts-de-France Oise Picardie aperitief\" class=\"wp-image-50678\" data-srcset=\"https:\/\/www.creilsudoise-tourisme.fr\/wp-content\/uploads\/2023\/11\/Aperico-de-Soissons-Boutique-de-Creil-Sud-Oise-Tourisme.jpg 1000w, https:\/\/www.creilsudoise-tourisme.fr\/wp-content\/uploads\/2023\/11\/Aperico-de-Soissons-Boutique-de-Creil-Sud-Oise-Tourisme-600x600.jpg 600w, https:\/\/www.creilsudoise-tourisme.fr\/wp-content\/uploads\/2023\/11\/Aperico-de-Soissons-Boutique-de-Creil-Sud-Oise-Tourisme-300x300.jpg 300w, https:\/\/www.creilsudoise-tourisme.fr\/wp-content\/uploads\/2023\/11\/Aperico-de-Soissons-Boutique-de-Creil-Sud-Oise-Tourisme-900x900.jpg 900w, https:\/\/www.creilsudoise-tourisme.fr\/wp-content\/uploads\/2023\/11\/Aperico-de-Soissons-Boutique-de-Creil-Sud-Oise-Tourisme-12x12.jpg 12w, https:\/\/www.creilsudoise-tourisme.fr\/wp-content\/uploads\/2023\/11\/Aperico-de-Soissons-Boutique-de-Creil-Sud-Oise-Tourisme-200x200.jpg 200w, https:\/\/www.creilsudoise-tourisme.fr\/wp-content\/uploads\/2023\/11\/Aperico-de-Soissons-Boutique-de-Creil-Sud-Oise-Tourisme-650x650.jpg 650w, https:\/\/www.creilsudoise-tourisme.fr\/wp-content\/uploads\/2023\/11\/Aperico-de-Soissons-Boutique-de-Creil-Sud-Oise-Tourisme-387x387.jpg 387w\" sizes=\"(max-width: 1000px) 100vw, 1000px\" \/><\/figure>\n\n\n\n<p><strong>Ap\u00e9rico de Soissons<\/strong> proven\u00e7ale, pip\u00e9rade ou m\u00e9ridional | <strong>5,50\u20ac<\/strong> | 120g | <em>Cultuur hier <\/em>|<em> Hauts-de-France<\/em><\/p>\n<\/div>\n<\/div>\n\n\n\n<div class=\"is-layout-flex wp-container-14 wp-block-columns\">\n<div class=\"is-layout-flow wp-block-column\">\n<figure class=\"wp-block-image size-large\"><img decoding=\"async\" loading=\"lazy\" width=\"1200\" height=\"1200\" data-src=\"https:\/\/www.creilsudoise-tourisme.fr\/wp-content\/uploads\/2026\/02\/terrine-porc-maroilles_les-recettes-ginette_creil-sud-oise-tourisme-4-1200x1200.jpg\" alt=\"\" class=\"wp-image-68038\" data-srcset=\"https:\/\/www.creilsudoise-tourisme.fr\/wp-content\/uploads\/2026\/02\/terrine-porc-maroilles_les-recettes-ginette_creil-sud-oise-tourisme-4-1200x1200.jpg 1200w, https:\/\/www.creilsudoise-tourisme.fr\/wp-content\/uploads\/2026\/02\/terrine-porc-maroilles_les-recettes-ginette_creil-sud-oise-tourisme-4-600x600.jpg 600w, https:\/\/www.creilsudoise-tourisme.fr\/wp-content\/uploads\/2026\/02\/terrine-porc-maroilles_les-recettes-ginette_creil-sud-oise-tourisme-4-300x300.jpg 300w, https:\/\/www.creilsudoise-tourisme.fr\/wp-content\/uploads\/2026\/02\/terrine-porc-maroilles_les-recettes-ginette_creil-sud-oise-tourisme-4-900x900.jpg 900w, https:\/\/www.creilsudoise-tourisme.fr\/wp-content\/uploads\/2026\/02\/terrine-porc-maroilles_les-recettes-ginette_creil-sud-oise-tourisme-4-1536x1536.jpg 1536w, https:\/\/www.creilsudoise-tourisme.fr\/wp-content\/uploads\/2026\/02\/terrine-porc-maroilles_les-recettes-ginette_creil-sud-oise-tourisme-4-12x12.jpg 12w, https:\/\/www.creilsudoise-tourisme.fr\/wp-content\/uploads\/2026\/02\/terrine-porc-maroilles_les-recettes-ginette_creil-sud-oise-tourisme-4-200x200.jpg 200w, https:\/\/www.creilsudoise-tourisme.fr\/wp-content\/uploads\/2026\/02\/terrine-porc-maroilles_les-recettes-ginette_creil-sud-oise-tourisme-4-650x650.jpg 650w, https:\/\/www.creilsudoise-tourisme.fr\/wp-content\/uploads\/2026\/02\/terrine-porc-maroilles_les-recettes-ginette_creil-sud-oise-tourisme-4-387x387.jpg 387w, https:\/\/www.creilsudoise-tourisme.fr\/wp-content\/uploads\/2026\/02\/terrine-porc-maroilles_les-recettes-ginette_creil-sud-oise-tourisme-4.jpg 1920w\" sizes=\"(max-width: 1200px) 100vw, 1200px\" \/><\/figure>\n<\/div>\n\n\n\n<div class=\"is-layout-flow wp-block-column\"><\/div>\n\n\n\n<div class=\"is-layout-flow wp-block-column\"><\/div>\n<\/div>\n\n\n\n<div class=\"is-layout-flex wp-container-18 wp-block-columns\">\n<div class=\"is-layout-flow wp-block-column\">\n<p><strong>Terrine de porc aux maroilles<\/strong> | <strong>4,80\u20ac<\/strong> | 180g | <em>Ginette's recepten<\/em> | <em>Hauts-de-France<\/em><\/p>\n<\/div>\n\n\n\n<div class=\"is-layout-flow wp-block-column\"><\/div>\n\n\n\n<div class=\"is-layout-flow wp-block-column\"><\/div>\n<\/div>\n\n\n\n<h3>Zoet<\/h3>\n\n\n\n<div class=\"is-layout-flex wp-container-22 wp-block-columns\">\n<div class=\"is-layout-flow wp-block-column\">\n<figure class=\"wp-block-image size-full\"><img decoding=\"async\" loading=\"lazy\" width=\"1000\" height=\"1000\" data-src=\"https:\/\/www.creilsudoise-tourisme.fr\/wp-content\/uploads\/2023\/11\/Confiture-de-lArbre-a-Poule-a-Villers-Saint-Paul-Boutique-de-Creil-Sud-Oise-Tourisme.jpg\" alt=\"winkel Creil Sud Oise Tourisme Office lokale artisanat cadeau idee kerst verjaardag handgemaakt producent Hauts-de-France Oise Picardie jam\" class=\"wp-image-50683\" data-srcset=\"https:\/\/www.creilsudoise-tourisme.fr\/wp-content\/uploads\/2023\/11\/Confiture-de-lArbre-a-Poule-a-Villers-Saint-Paul-Boutique-de-Creil-Sud-Oise-Tourisme.jpg 1000w, https:\/\/www.creilsudoise-tourisme.fr\/wp-content\/uploads\/2023\/11\/Confiture-de-lArbre-a-Poule-a-Villers-Saint-Paul-Boutique-de-Creil-Sud-Oise-Tourisme-600x600.jpg 600w, https:\/\/www.creilsudoise-tourisme.fr\/wp-content\/uploads\/2023\/11\/Confiture-de-lArbre-a-Poule-a-Villers-Saint-Paul-Boutique-de-Creil-Sud-Oise-Tourisme-300x300.jpg 300w, https:\/\/www.creilsudoise-tourisme.fr\/wp-content\/uploads\/2023\/11\/Confiture-de-lArbre-a-Poule-a-Villers-Saint-Paul-Boutique-de-Creil-Sud-Oise-Tourisme-900x900.jpg 900w, https:\/\/www.creilsudoise-tourisme.fr\/wp-content\/uploads\/2023\/11\/Confiture-de-lArbre-a-Poule-a-Villers-Saint-Paul-Boutique-de-Creil-Sud-Oise-Tourisme-12x12.jpg 12w, https:\/\/www.creilsudoise-tourisme.fr\/wp-content\/uploads\/2023\/11\/Confiture-de-lArbre-a-Poule-a-Villers-Saint-Paul-Boutique-de-Creil-Sud-Oise-Tourisme-200x200.jpg 200w, https:\/\/www.creilsudoise-tourisme.fr\/wp-content\/uploads\/2023\/11\/Confiture-de-lArbre-a-Poule-a-Villers-Saint-Paul-Boutique-de-Creil-Sud-Oise-Tourisme-650x650.jpg 650w, https:\/\/www.creilsudoise-tourisme.fr\/wp-content\/uploads\/2023\/11\/Confiture-de-lArbre-a-Poule-a-Villers-Saint-Paul-Boutique-de-Creil-Sud-Oise-Tourisme-387x387.jpg 387w\" sizes=\"(max-width: 1000px) 100vw, 1000px\" \/><\/figure>\n\n\n\n<p><strong>Jam of gelei<\/strong> | <strong>6\u20ac<\/strong> per eenheid | 350g | <em><a href=\"https:\/\/www.youtube.com\/watch?v=q-Jrxbr_oGE\" target=\"_blank\" rel=\"noreferrer noopener\">De Kippenboom<\/a> <\/em>|<em> Villers-Saint-Paul<\/em><\/p>\n<\/div>\n\n\n\n<div class=\"is-layout-flow wp-block-column\">\n<figure class=\"wp-block-image size-full\"><img decoding=\"async\" loading=\"lazy\" width=\"1000\" height=\"1000\" data-src=\"https:\/\/www.creilsudoise-tourisme.fr\/wp-content\/uploads\/2023\/11\/Miel-de-Creil-Oise-Boutique-de-Creil-Sud-Oise-Tourisme.jpg\" alt=\"winkel Creil Sud Oise Tourisme Kantoor Tourisme lokale artisanat cadeau idee kerst verjaardag handgemaakt producent Hauts-de-France Oise Picardie honing\" class=\"wp-image-50709\" data-srcset=\"https:\/\/www.creilsudoise-tourisme.fr\/wp-content\/uploads\/2023\/11\/Miel-de-Creil-Oise-Boutique-de-Creil-Sud-Oise-Tourisme.jpg 1000w, https:\/\/www.creilsudoise-tourisme.fr\/wp-content\/uploads\/2023\/11\/Miel-de-Creil-Oise-Boutique-de-Creil-Sud-Oise-Tourisme-600x600.jpg 600w, https:\/\/www.creilsudoise-tourisme.fr\/wp-content\/uploads\/2023\/11\/Miel-de-Creil-Oise-Boutique-de-Creil-Sud-Oise-Tourisme-300x300.jpg 300w, https:\/\/www.creilsudoise-tourisme.fr\/wp-content\/uploads\/2023\/11\/Miel-de-Creil-Oise-Boutique-de-Creil-Sud-Oise-Tourisme-900x900.jpg 900w, https:\/\/www.creilsudoise-tourisme.fr\/wp-content\/uploads\/2023\/11\/Miel-de-Creil-Oise-Boutique-de-Creil-Sud-Oise-Tourisme-12x12.jpg 12w, https:\/\/www.creilsudoise-tourisme.fr\/wp-content\/uploads\/2023\/11\/Miel-de-Creil-Oise-Boutique-de-Creil-Sud-Oise-Tourisme-200x200.jpg 200w, https:\/\/www.creilsudoise-tourisme.fr\/wp-content\/uploads\/2023\/11\/Miel-de-Creil-Oise-Boutique-de-Creil-Sud-Oise-Tourisme-650x650.jpg 650w, https:\/\/www.creilsudoise-tourisme.fr\/wp-content\/uploads\/2023\/11\/Miel-de-Creil-Oise-Boutique-de-Creil-Sud-Oise-Tourisme-387x387.jpg 387w\" sizes=\"(max-width: 1000px) 100vw, 1000px\" \/><\/figure>\n\n\n\n<p><strong>Honing uit Oise<\/strong><em> <\/em>| <strong>3,60\u20ac<\/strong> | 250g of <strong>7,20\u20ac<\/strong> | 500g | <em>De Ruchers van Montilles <\/em>|<em> Creil<\/em><\/p>\n\n\n\n<p><\/p>\n<\/div>\n\n\n\n<div class=\"is-layout-flow wp-block-column\">\n<figure class=\"wp-block-image size-large\"><img decoding=\"async\" loading=\"lazy\" width=\"1200\" height=\"1200\" data-src=\"https:\/\/www.creilsudoise-tourisme.fr\/wp-content\/uploads\/2026\/02\/miel_les-ateliers-de-l-abeille_creil-sud-oise-tourisme-4-1200x1200.jpg\" alt=\"\" class=\"wp-image-68039\" data-srcset=\"https:\/\/www.creilsudoise-tourisme.fr\/wp-content\/uploads\/2026\/02\/miel_les-ateliers-de-l-abeille_creil-sud-oise-tourisme-4-1200x1200.jpg 1200w, https:\/\/www.creilsudoise-tourisme.fr\/wp-content\/uploads\/2026\/02\/miel_les-ateliers-de-l-abeille_creil-sud-oise-tourisme-4-600x600.jpg 600w, https:\/\/www.creilsudoise-tourisme.fr\/wp-content\/uploads\/2026\/02\/miel_les-ateliers-de-l-abeille_creil-sud-oise-tourisme-4-300x300.jpg 300w, https:\/\/www.creilsudoise-tourisme.fr\/wp-content\/uploads\/2026\/02\/miel_les-ateliers-de-l-abeille_creil-sud-oise-tourisme-4-900x900.jpg 900w, https:\/\/www.creilsudoise-tourisme.fr\/wp-content\/uploads\/2026\/02\/miel_les-ateliers-de-l-abeille_creil-sud-oise-tourisme-4-1536x1536.jpg 1536w, https:\/\/www.creilsudoise-tourisme.fr\/wp-content\/uploads\/2026\/02\/miel_les-ateliers-de-l-abeille_creil-sud-oise-tourisme-4-12x12.jpg 12w, https:\/\/www.creilsudoise-tourisme.fr\/wp-content\/uploads\/2026\/02\/miel_les-ateliers-de-l-abeille_creil-sud-oise-tourisme-4-200x200.jpg 200w, https:\/\/www.creilsudoise-tourisme.fr\/wp-content\/uploads\/2026\/02\/miel_les-ateliers-de-l-abeille_creil-sud-oise-tourisme-4-650x650.jpg 650w, https:\/\/www.creilsudoise-tourisme.fr\/wp-content\/uploads\/2026\/02\/miel_les-ateliers-de-l-abeille_creil-sud-oise-tourisme-4-387x387.jpg 387w, https:\/\/www.creilsudoise-tourisme.fr\/wp-content\/uploads\/2026\/02\/miel_les-ateliers-de-l-abeille_creil-sud-oise-tourisme-4.jpg 1920w\" sizes=\"(max-width: 1200px) 100vw, 1200px\" \/><\/figure>\n\n\n\n<p><strong>Miel de tilleul<\/strong> | <strong>4,65\u20ac<\/strong> | 250 g | <em>Les Ateliers de l&rsquo;Abeille<\/em> | <em>Aisne<\/em><\/p>\n<\/div>\n<\/div>\n\n\n\n<div class=\"is-layout-flex wp-container-26 wp-block-columns\">\n<div class=\"is-layout-flow wp-block-column\">\n<figure class=\"wp-block-image size-large\"><img decoding=\"async\" loading=\"lazy\" width=\"1200\" height=\"1200\" data-src=\"https:\/\/www.creilsudoise-tourisme.fr\/wp-content\/uploads\/2026\/02\/sables-chocolat_coeur-picardie_creil-sud-oise-tourisme-7-1200x1200.jpg\" alt=\"\" class=\"wp-image-68040\" data-srcset=\"https:\/\/www.creilsudoise-tourisme.fr\/wp-content\/uploads\/2026\/02\/sables-chocolat_coeur-picardie_creil-sud-oise-tourisme-7-1200x1200.jpg 1200w, https:\/\/www.creilsudoise-tourisme.fr\/wp-content\/uploads\/2026\/02\/sables-chocolat_coeur-picardie_creil-sud-oise-tourisme-7-600x600.jpg 600w, https:\/\/www.creilsudoise-tourisme.fr\/wp-content\/uploads\/2026\/02\/sables-chocolat_coeur-picardie_creil-sud-oise-tourisme-7-300x300.jpg 300w, https:\/\/www.creilsudoise-tourisme.fr\/wp-content\/uploads\/2026\/02\/sables-chocolat_coeur-picardie_creil-sud-oise-tourisme-7-900x900.jpg 900w, https:\/\/www.creilsudoise-tourisme.fr\/wp-content\/uploads\/2026\/02\/sables-chocolat_coeur-picardie_creil-sud-oise-tourisme-7-1536x1536.jpg 1536w, https:\/\/www.creilsudoise-tourisme.fr\/wp-content\/uploads\/2026\/02\/sables-chocolat_coeur-picardie_creil-sud-oise-tourisme-7-12x12.jpg 12w, https:\/\/www.creilsudoise-tourisme.fr\/wp-content\/uploads\/2026\/02\/sables-chocolat_coeur-picardie_creil-sud-oise-tourisme-7-200x200.jpg 200w, https:\/\/www.creilsudoise-tourisme.fr\/wp-content\/uploads\/2026\/02\/sables-chocolat_coeur-picardie_creil-sud-oise-tourisme-7-650x650.jpg 650w, https:\/\/www.creilsudoise-tourisme.fr\/wp-content\/uploads\/2026\/02\/sables-chocolat_coeur-picardie_creil-sud-oise-tourisme-7-387x387.jpg 387w, https:\/\/www.creilsudoise-tourisme.fr\/wp-content\/uploads\/2026\/02\/sables-chocolat_coeur-picardie_creil-sud-oise-tourisme-7.jpg 1920w\" sizes=\"(max-width: 1200px) 100vw, 1200px\" \/><\/figure>\n<\/div>\n\n\n\n<div class=\"is-layout-flow wp-block-column\"><\/div>\n\n\n\n<div class=\"is-layout-flow wp-block-column\"><\/div>\n<\/div>\n\n\n\n<div class=\"is-layout-flex wp-container-30 wp-block-columns\">\n<div class=\"is-layout-flow wp-block-column\">\n<p><strong>Sabl\u00e9s <\/strong><br> <strong>3,90\u20ac<\/strong> | Chocolat ou vanille |120 g | <em>C\u0153ur de Picardie<\/em> | <em>Cr\u00e8vecoeur-le-grand<\/em><\/p>\n<\/div>\n\n\n\n<div class=\"is-layout-flow wp-block-column\"><\/div>\n\n\n\n<div class=\"is-layout-flow wp-block-column\"><\/div>\n<\/div>\n\n\n\n<h3>Drink<\/h3>\n\n\n\n<div class=\"is-layout-flex wp-container-34 wp-block-columns\">\n<div class=\"is-layout-flow wp-block-column\">\n<figure class=\"wp-block-image size-large\"><img decoding=\"async\" loading=\"lazy\" width=\"649\" height=\"1200\" data-src=\"https:\/\/www.creilsudoise-tourisme.fr\/wp-content\/uploads\/2023\/11\/Jus-pomme-cassis-de-la-Garenne-Boutique-de-Creil-Sud-Oise-Tourisme-649x1200.jpg\" alt=\"winkel Creil Sud Oise Tourisme Kantoor Tourisme lokale artisanat cadeau idee kerst verjaardag handgemaakt producent Hauts-de-France Oise Picardie sap\" class=\"wp-image-50701\" data-srcset=\"https:\/\/www.creilsudoise-tourisme.fr\/wp-content\/uploads\/2023\/11\/Jus-pomme-cassis-de-la-Garenne-Boutique-de-Creil-Sud-Oise-Tourisme-649x1200.jpg 649w, https:\/\/www.creilsudoise-tourisme.fr\/wp-content\/uploads\/2023\/11\/Jus-pomme-cassis-de-la-Garenne-Boutique-de-Creil-Sud-Oise-Tourisme-324x600.jpg 324w, https:\/\/www.creilsudoise-tourisme.fr\/wp-content\/uploads\/2023\/11\/Jus-pomme-cassis-de-la-Garenne-Boutique-de-Creil-Sud-Oise-Tourisme-486x900.jpg 486w, https:\/\/www.creilsudoise-tourisme.fr\/wp-content\/uploads\/2023\/11\/Jus-pomme-cassis-de-la-Garenne-Boutique-de-Creil-Sud-Oise-Tourisme-830x1536.jpg 830w, https:\/\/www.creilsudoise-tourisme.fr\/wp-content\/uploads\/2023\/11\/Jus-pomme-cassis-de-la-Garenne-Boutique-de-Creil-Sud-Oise-Tourisme-6x12.jpg 6w, https:\/\/www.creilsudoise-tourisme.fr\/wp-content\/uploads\/2023\/11\/Jus-pomme-cassis-de-la-Garenne-Boutique-de-Creil-Sud-Oise-Tourisme-200x370.jpg 200w, https:\/\/www.creilsudoise-tourisme.fr\/wp-content\/uploads\/2023\/11\/Jus-pomme-cassis-de-la-Garenne-Boutique-de-Creil-Sud-Oise-Tourisme-650x1203.jpg 650w, https:\/\/www.creilsudoise-tourisme.fr\/wp-content\/uploads\/2023\/11\/Jus-pomme-cassis-de-la-Garenne-Boutique-de-Creil-Sud-Oise-Tourisme-387x716.jpg 387w, https:\/\/www.creilsudoise-tourisme.fr\/wp-content\/uploads\/2023\/11\/Jus-pomme-cassis-de-la-Garenne-Boutique-de-Creil-Sud-Oise-Tourisme.jpg 1000w\" sizes=\"(max-width: 649px) 100vw, 649px\" \/><\/figure>\n\n\n\n<p><strong>Pom'Cassis sap<\/strong> | <strong>5,80\u20ac<\/strong> | 1L | <em>La Garenne <\/em>| <em>Hauts-de-France<\/em> <\/p>\n<\/div>\n\n\n\n<div class=\"is-layout-flow wp-block-column\">\n<figure class=\"wp-block-image size-large\"><img decoding=\"async\" loading=\"lazy\" width=\"648\" height=\"1200\" data-src=\"https:\/\/www.creilsudoise-tourisme.fr\/wp-content\/uploads\/2023\/11\/Jus-de-pomme-de-lArbre-a-poule-a-Villers-Saint-Paul-Boutique-de-Creil-Sud-Oise-Tourisme-648x1200.jpg\" alt=\"winkel Creil Sud Oise Tourisme Kantoor Tourisme lokale artisanat cadeau idee kerst verjaardag handgemaakt producent Hauts-de-France Oise Picardie sap\" class=\"wp-image-50700\" data-srcset=\"https:\/\/www.creilsudoise-tourisme.fr\/wp-content\/uploads\/2023\/11\/Jus-de-pomme-de-lArbre-a-poule-a-Villers-Saint-Paul-Boutique-de-Creil-Sud-Oise-Tourisme-648x1200.jpg 648w, https:\/\/www.creilsudoise-tourisme.fr\/wp-content\/uploads\/2023\/11\/Jus-de-pomme-de-lArbre-a-poule-a-Villers-Saint-Paul-Boutique-de-Creil-Sud-Oise-Tourisme-324x600.jpg 324w, https:\/\/www.creilsudoise-tourisme.fr\/wp-content\/uploads\/2023\/11\/Jus-de-pomme-de-lArbre-a-poule-a-Villers-Saint-Paul-Boutique-de-Creil-Sud-Oise-Tourisme-486x900.jpg 486w, https:\/\/www.creilsudoise-tourisme.fr\/wp-content\/uploads\/2023\/11\/Jus-de-pomme-de-lArbre-a-poule-a-Villers-Saint-Paul-Boutique-de-Creil-Sud-Oise-Tourisme-829x1536.jpg 829w, https:\/\/www.creilsudoise-tourisme.fr\/wp-content\/uploads\/2023\/11\/Jus-de-pomme-de-lArbre-a-poule-a-Villers-Saint-Paul-Boutique-de-Creil-Sud-Oise-Tourisme-6x12.jpg 6w, https:\/\/www.creilsudoise-tourisme.fr\/wp-content\/uploads\/2023\/11\/Jus-de-pomme-de-lArbre-a-poule-a-Villers-Saint-Paul-Boutique-de-Creil-Sud-Oise-Tourisme-200x371.jpg 200w, https:\/\/www.creilsudoise-tourisme.fr\/wp-content\/uploads\/2023\/11\/Jus-de-pomme-de-lArbre-a-poule-a-Villers-Saint-Paul-Boutique-de-Creil-Sud-Oise-Tourisme-650x1204.jpg 650w, https:\/\/www.creilsudoise-tourisme.fr\/wp-content\/uploads\/2023\/11\/Jus-de-pomme-de-lArbre-a-poule-a-Villers-Saint-Paul-Boutique-de-Creil-Sud-Oise-Tourisme-387x717.jpg 387w, https:\/\/www.creilsudoise-tourisme.fr\/wp-content\/uploads\/2023\/11\/Jus-de-pomme-de-lArbre-a-poule-a-Villers-Saint-Paul-Boutique-de-Creil-Sud-Oise-Tourisme.jpg 1000w\" sizes=\"(max-width: 648px) 100vw, 648px\" \/><\/figure>\n\n\n\n<p><strong>Appelsap<\/strong> | <strong>4,5\u20ac<\/strong> | 1L | <a href=\"https:\/\/www.youtube.com\/watch?v=q-Jrxbr_oGE\" target=\"_blank\" rel=\"noreferrer noopener\"><em>De Kippenboom<\/em><\/a><em> <\/em>|<em> Villers-Saint-Paul<\/em><\/p>\n<\/div>\n\n\n\n<div class=\"is-layout-flow wp-block-column\">\n<figure class=\"wp-block-image size-large is-resized\"><img decoding=\"async\" loading=\"lazy\" data-src=\"https:\/\/www.creilsudoise-tourisme.fr\/wp-content\/uploads\/2023\/11\/Jus-pomme-poire-du-Domaine-de-Moismont-Boutique-de-Creil-Sud-Oise-Tourisme-e1700740158789-603x1200.jpg\" alt=\"winkel Creil Sud Oise Tourisme Kantoor Tourisme lokale artisanat cadeau idee kerst verjaardag handgemaakt producent Hauts-de-France Oise Picardie sap\" class=\"wp-image-50702\" width=\"226\" height=\"449\" data-srcset=\"https:\/\/www.creilsudoise-tourisme.fr\/wp-content\/uploads\/2023\/11\/Jus-pomme-poire-du-Domaine-de-Moismont-Boutique-de-Creil-Sud-Oise-Tourisme-e1700740158789-603x1200.jpg 603w, https:\/\/www.creilsudoise-tourisme.fr\/wp-content\/uploads\/2023\/11\/Jus-pomme-poire-du-Domaine-de-Moismont-Boutique-de-Creil-Sud-Oise-Tourisme-e1700740158789-301x600.jpg 301w, https:\/\/www.creilsudoise-tourisme.fr\/wp-content\/uploads\/2023\/11\/Jus-pomme-poire-du-Domaine-de-Moismont-Boutique-de-Creil-Sud-Oise-Tourisme-e1700740158789-452x900.jpg 452w, https:\/\/www.creilsudoise-tourisme.fr\/wp-content\/uploads\/2023\/11\/Jus-pomme-poire-du-Domaine-de-Moismont-Boutique-de-Creil-Sud-Oise-Tourisme-e1700740158789-771x1536.jpg 771w, https:\/\/www.creilsudoise-tourisme.fr\/wp-content\/uploads\/2023\/11\/Jus-pomme-poire-du-Domaine-de-Moismont-Boutique-de-Creil-Sud-Oise-Tourisme-e1700740158789-6x12.jpg 6w, https:\/\/www.creilsudoise-tourisme.fr\/wp-content\/uploads\/2023\/11\/Jus-pomme-poire-du-Domaine-de-Moismont-Boutique-de-Creil-Sud-Oise-Tourisme-e1700740158789-200x398.jpg 200w, https:\/\/www.creilsudoise-tourisme.fr\/wp-content\/uploads\/2023\/11\/Jus-pomme-poire-du-Domaine-de-Moismont-Boutique-de-Creil-Sud-Oise-Tourisme-e1700740158789-650x1295.jpg 650w, https:\/\/www.creilsudoise-tourisme.fr\/wp-content\/uploads\/2023\/11\/Jus-pomme-poire-du-Domaine-de-Moismont-Boutique-de-Creil-Sud-Oise-Tourisme-e1700740158789-387x771.jpg 387w, https:\/\/www.creilsudoise-tourisme.fr\/wp-content\/uploads\/2023\/11\/Jus-pomme-poire-du-Domaine-de-Moismont-Boutique-de-Creil-Sud-Oise-Tourisme-e1700740158789.jpg 964w\" sizes=\"(max-width: 226px) 100vw, 226px\" \/><\/figure>\n\n\n\n<p><strong>Appel- en perensap<\/strong>| <strong>5\u20ac<\/strong> | 1L | <em>Domaine de Moismont <\/em>| <em>Hauts-de-France<\/em> <\/p>\n<\/div>\n<\/div>\n\n\n\n<div class=\"is-layout-flex wp-container-38 wp-block-columns\">\n<div class=\"is-layout-flow wp-block-column\">\n<figure class=\"wp-block-image size-large\"><img decoding=\"async\" loading=\"lazy\" width=\"613\" height=\"1200\" data-src=\"https:\/\/www.creilsudoise-tourisme.fr\/wp-content\/uploads\/2024\/01\/Jus-pomme-fraise-du-Domaine-de-Moismont-Boutique-de-Creil-Sud-Oise-Tourisme-613x1200.jpg\" alt=\"winkel Creil Sud Oise Bureau voor toerisme plaatselijke ambacht cadeau-idee kerstmis\" class=\"wp-image-51215\" data-srcset=\"https:\/\/www.creilsudoise-tourisme.fr\/wp-content\/uploads\/2024\/01\/Jus-pomme-fraise-du-Domaine-de-Moismont-Boutique-de-Creil-Sud-Oise-Tourisme-613x1200.jpg 613w, https:\/\/www.creilsudoise-tourisme.fr\/wp-content\/uploads\/2024\/01\/Jus-pomme-fraise-du-Domaine-de-Moismont-Boutique-de-Creil-Sud-Oise-Tourisme-306x600.jpg 306w, https:\/\/www.creilsudoise-tourisme.fr\/wp-content\/uploads\/2024\/01\/Jus-pomme-fraise-du-Domaine-de-Moismont-Boutique-de-Creil-Sud-Oise-Tourisme-459x900.jpg 459w, https:\/\/www.creilsudoise-tourisme.fr\/wp-content\/uploads\/2024\/01\/Jus-pomme-fraise-du-Domaine-de-Moismont-Boutique-de-Creil-Sud-Oise-Tourisme-784x1536.jpg 784w, https:\/\/www.creilsudoise-tourisme.fr\/wp-content\/uploads\/2024\/01\/Jus-pomme-fraise-du-Domaine-de-Moismont-Boutique-de-Creil-Sud-Oise-Tourisme-6x12.jpg 6w, https:\/\/www.creilsudoise-tourisme.fr\/wp-content\/uploads\/2024\/01\/Jus-pomme-fraise-du-Domaine-de-Moismont-Boutique-de-Creil-Sud-Oise-Tourisme-200x392.jpg 200w, https:\/\/www.creilsudoise-tourisme.fr\/wp-content\/uploads\/2024\/01\/Jus-pomme-fraise-du-Domaine-de-Moismont-Boutique-de-Creil-Sud-Oise-Tourisme-650x1273.jpg 650w, https:\/\/www.creilsudoise-tourisme.fr\/wp-content\/uploads\/2024\/01\/Jus-pomme-fraise-du-Domaine-de-Moismont-Boutique-de-Creil-Sud-Oise-Tourisme-387x758.jpg 387w, https:\/\/www.creilsudoise-tourisme.fr\/wp-content\/uploads\/2024\/01\/Jus-pomme-fraise-du-Domaine-de-Moismont-Boutique-de-Creil-Sud-Oise-Tourisme.jpg 980w\" sizes=\"(max-width: 613px) 100vw, 613px\" \/><\/figure>\n\n\n\n<p><strong>Appel- en aardbeiensap<\/strong> | <strong>6,50\u20ac<\/strong> | 1L | <em>Domaine de Moismont <\/em>| <em>Hauts-de-France<\/em><\/p>\n<\/div>\n\n\n\n<div class=\"is-layout-flow wp-block-column\">\n<figure class=\"wp-block-image size-large is-resized\"><img decoding=\"async\" loading=\"lazy\" data-src=\"https:\/\/www.creilsudoise-tourisme.fr\/wp-content\/uploads\/2023\/11\/Petillant-de-rhubarbe-des-Jardins-de-Milly-Boutique-de-Creil-Sud-Oise-Tourisme-675x1200.jpg\" alt=\"winkel Creil Sud Oise Tourisme Kantoor Tourisme lokale artisanat cadeau idee kerst verjaardag handgemaakt producent Hauts-de-France Oise Picardie sap\" class=\"wp-image-50711\" width=\"266\" height=\"473\" data-srcset=\"https:\/\/www.creilsudoise-tourisme.fr\/wp-content\/uploads\/2023\/11\/Petillant-de-rhubarbe-des-Jardins-de-Milly-Boutique-de-Creil-Sud-Oise-Tourisme-675x1200.jpg 675w, https:\/\/www.creilsudoise-tourisme.fr\/wp-content\/uploads\/2023\/11\/Petillant-de-rhubarbe-des-Jardins-de-Milly-Boutique-de-Creil-Sud-Oise-Tourisme-338x600.jpg 338w, https:\/\/www.creilsudoise-tourisme.fr\/wp-content\/uploads\/2023\/11\/Petillant-de-rhubarbe-des-Jardins-de-Milly-Boutique-de-Creil-Sud-Oise-Tourisme-506x900.jpg 506w, https:\/\/www.creilsudoise-tourisme.fr\/wp-content\/uploads\/2023\/11\/Petillant-de-rhubarbe-des-Jardins-de-Milly-Boutique-de-Creil-Sud-Oise-Tourisme-864x1536.jpg 864w, https:\/\/www.creilsudoise-tourisme.fr\/wp-content\/uploads\/2023\/11\/Petillant-de-rhubarbe-des-Jardins-de-Milly-Boutique-de-Creil-Sud-Oise-Tourisme-7x12.jpg 7w, https:\/\/www.creilsudoise-tourisme.fr\/wp-content\/uploads\/2023\/11\/Petillant-de-rhubarbe-des-Jardins-de-Milly-Boutique-de-Creil-Sud-Oise-Tourisme-200x355.jpg 200w, https:\/\/www.creilsudoise-tourisme.fr\/wp-content\/uploads\/2023\/11\/Petillant-de-rhubarbe-des-Jardins-de-Milly-Boutique-de-Creil-Sud-Oise-Tourisme-650x1155.jpg 650w, https:\/\/www.creilsudoise-tourisme.fr\/wp-content\/uploads\/2023\/11\/Petillant-de-rhubarbe-des-Jardins-de-Milly-Boutique-de-Creil-Sud-Oise-Tourisme-387x688.jpg 387w, https:\/\/www.creilsudoise-tourisme.fr\/wp-content\/uploads\/2023\/11\/Petillant-de-rhubarbe-des-Jardins-de-Milly-Boutique-de-Creil-Sud-Oise-Tourisme.jpg 1000w\" sizes=\"(max-width: 266px) 100vw, 266px\" \/><\/figure>\n\n\n\n<p><strong>Sprankelende rabarber<\/strong> | <strong>6,50\u20ac<\/strong> | 75cl <em>De boomgaarden van Milly | Oise<\/em><\/p>\n<\/div>\n\n\n\n<div class=\"is-layout-flow wp-block-column\">\n<p><\/p>\n<\/div>\n<\/div>\n\n\n\n<h2>Herinneringen<\/h2>\n\n\n\n<div class=\"is-layout-flex wp-container-42 wp-block-columns\">\n<div class=\"is-layout-flow wp-block-column\">\n<figure class=\"wp-block-image size-full\"><img decoding=\"async\" loading=\"lazy\" width=\"1000\" height=\"1000\" data-src=\"https:\/\/www.creilsudoise-tourisme.fr\/wp-content\/uploads\/2023\/11\/Carte-postale-Boutique-de-Creil-Sud-Oise-Tourisme.jpg\" alt=\"winkel Creil Sud Oise Tourisme Kantoor Tourisme lokale artisanat cadeau idee kerst verjaardag handgemaakt producent Hauts-de-France Oise Picardie ansichtkaart\" class=\"wp-image-50681\" data-srcset=\"https:\/\/www.creilsudoise-tourisme.fr\/wp-content\/uploads\/2023\/11\/Carte-postale-Boutique-de-Creil-Sud-Oise-Tourisme.jpg 1000w, https:\/\/www.creilsudoise-tourisme.fr\/wp-content\/uploads\/2023\/11\/Carte-postale-Boutique-de-Creil-Sud-Oise-Tourisme-600x600.jpg 600w, https:\/\/www.creilsudoise-tourisme.fr\/wp-content\/uploads\/2023\/11\/Carte-postale-Boutique-de-Creil-Sud-Oise-Tourisme-300x300.jpg 300w, https:\/\/www.creilsudoise-tourisme.fr\/wp-content\/uploads\/2023\/11\/Carte-postale-Boutique-de-Creil-Sud-Oise-Tourisme-900x900.jpg 900w, https:\/\/www.creilsudoise-tourisme.fr\/wp-content\/uploads\/2023\/11\/Carte-postale-Boutique-de-Creil-Sud-Oise-Tourisme-12x12.jpg 12w, https:\/\/www.creilsudoise-tourisme.fr\/wp-content\/uploads\/2023\/11\/Carte-postale-Boutique-de-Creil-Sud-Oise-Tourisme-200x200.jpg 200w, https:\/\/www.creilsudoise-tourisme.fr\/wp-content\/uploads\/2023\/11\/Carte-postale-Boutique-de-Creil-Sud-Oise-Tourisme-650x650.jpg 650w, https:\/\/www.creilsudoise-tourisme.fr\/wp-content\/uploads\/2023\/11\/Carte-postale-Boutique-de-Creil-Sud-Oise-Tourisme-387x387.jpg 387w\" sizes=\"(max-width: 1000px) 100vw, 1000px\" \/><\/figure>\n\n\n\n<p><strong>Creil Sud Oise ansichtkaart <\/strong>| <strong>1\u20ac<\/strong> de eenheid of <strong>4,50\u20ac<\/strong> verpakking van 5 of <strong>8,50\u20ac<\/strong> Set van 10<\/p>\n<\/div>\n\n\n\n<div class=\"is-layout-flow wp-block-column\">\n<figure class=\"wp-block-image size-full\"><img decoding=\"async\" loading=\"lazy\" width=\"1000\" height=\"1000\" data-src=\"https:\/\/www.creilsudoise-tourisme.fr\/wp-content\/uploads\/2023\/11\/Savon-artisanal-de-lOise-Boutique-de-Creil-Sud-Oise-Tourisme.jpg\" alt=\"winkel Creil Sud Oise Tourisme Kantoor Tourisme lokale artisanat cadeau idee kerst verjaardag handgemaakt producent Hauts-de-France Oise Picardie zeep\" class=\"wp-image-50717\" data-srcset=\"https:\/\/www.creilsudoise-tourisme.fr\/wp-content\/uploads\/2023\/11\/Savon-artisanal-de-lOise-Boutique-de-Creil-Sud-Oise-Tourisme.jpg 1000w, https:\/\/www.creilsudoise-tourisme.fr\/wp-content\/uploads\/2023\/11\/Savon-artisanal-de-lOise-Boutique-de-Creil-Sud-Oise-Tourisme-600x600.jpg 600w, https:\/\/www.creilsudoise-tourisme.fr\/wp-content\/uploads\/2023\/11\/Savon-artisanal-de-lOise-Boutique-de-Creil-Sud-Oise-Tourisme-300x300.jpg 300w, https:\/\/www.creilsudoise-tourisme.fr\/wp-content\/uploads\/2023\/11\/Savon-artisanal-de-lOise-Boutique-de-Creil-Sud-Oise-Tourisme-900x900.jpg 900w, https:\/\/www.creilsudoise-tourisme.fr\/wp-content\/uploads\/2023\/11\/Savon-artisanal-de-lOise-Boutique-de-Creil-Sud-Oise-Tourisme-12x12.jpg 12w, https:\/\/www.creilsudoise-tourisme.fr\/wp-content\/uploads\/2023\/11\/Savon-artisanal-de-lOise-Boutique-de-Creil-Sud-Oise-Tourisme-200x200.jpg 200w, https:\/\/www.creilsudoise-tourisme.fr\/wp-content\/uploads\/2023\/11\/Savon-artisanal-de-lOise-Boutique-de-Creil-Sud-Oise-Tourisme-650x650.jpg 650w, https:\/\/www.creilsudoise-tourisme.fr\/wp-content\/uploads\/2023\/11\/Savon-artisanal-de-lOise-Boutique-de-Creil-Sud-Oise-Tourisme-387x387.jpg 387w\" sizes=\"(max-width: 1000px) 100vw, 1000px\" \/><\/figure>\n\n\n\n<p><strong>Handgemaakte zeep<\/strong> | <strong>7,50\u20ac<\/strong> de eenheid | <em><a href=\"https:\/\/www.savonnerie-sao.fr\/\" target=\"_blank\" rel=\"noreferrer noopener\">Ambachtelijke Savonnerie de l'Oise<\/a> <\/em>| <em>Saint-Vaast-l\u00e8s-Mello<\/em><\/p>\n<\/div>\n\n\n\n<div class=\"is-layout-flow wp-block-column\">\n<figure class=\"wp-block-image size-large\"><img decoding=\"async\" loading=\"lazy\" width=\"1200\" height=\"1198\" data-src=\"https:\/\/www.creilsudoise-tourisme.fr\/wp-content\/uploads\/2024\/01\/Porte-monnaie-en-cuir-et-nacre-Boutique-de-Creil-Sud-Oise-Tourisme-1200x1198.jpg\" alt=\"winkel Creil Sud Oise Bureau voor toerisme plaatselijke ambacht cadeau-idee kerstmis\" class=\"wp-image-51216\" data-srcset=\"https:\/\/www.creilsudoise-tourisme.fr\/wp-content\/uploads\/2024\/01\/Porte-monnaie-en-cuir-et-nacre-Boutique-de-Creil-Sud-Oise-Tourisme-1200x1198.jpg 1200w, https:\/\/www.creilsudoise-tourisme.fr\/wp-content\/uploads\/2024\/01\/Porte-monnaie-en-cuir-et-nacre-Boutique-de-Creil-Sud-Oise-Tourisme-600x600.jpg 600w, https:\/\/www.creilsudoise-tourisme.fr\/wp-content\/uploads\/2024\/01\/Porte-monnaie-en-cuir-et-nacre-Boutique-de-Creil-Sud-Oise-Tourisme-300x300.jpg 300w, https:\/\/www.creilsudoise-tourisme.fr\/wp-content\/uploads\/2024\/01\/Porte-monnaie-en-cuir-et-nacre-Boutique-de-Creil-Sud-Oise-Tourisme-900x898.jpg 900w, https:\/\/www.creilsudoise-tourisme.fr\/wp-content\/uploads\/2024\/01\/Porte-monnaie-en-cuir-et-nacre-Boutique-de-Creil-Sud-Oise-Tourisme-1536x1533.jpg 1536w, https:\/\/www.creilsudoise-tourisme.fr\/wp-content\/uploads\/2024\/01\/Porte-monnaie-en-cuir-et-nacre-Boutique-de-Creil-Sud-Oise-Tourisme-12x12.jpg 12w, https:\/\/www.creilsudoise-tourisme.fr\/wp-content\/uploads\/2024\/01\/Porte-monnaie-en-cuir-et-nacre-Boutique-de-Creil-Sud-Oise-Tourisme-200x200.jpg 200w, https:\/\/www.creilsudoise-tourisme.fr\/wp-content\/uploads\/2024\/01\/Porte-monnaie-en-cuir-et-nacre-Boutique-de-Creil-Sud-Oise-Tourisme-650x649.jpg 650w, https:\/\/www.creilsudoise-tourisme.fr\/wp-content\/uploads\/2024\/01\/Porte-monnaie-en-cuir-et-nacre-Boutique-de-Creil-Sud-Oise-Tourisme-387x386.jpg 387w, https:\/\/www.creilsudoise-tourisme.fr\/wp-content\/uploads\/2024\/01\/Porte-monnaie-en-cuir-et-nacre-Boutique-de-Creil-Sud-Oise-Tourisme.jpg 1920w\" sizes=\"(max-width: 1200px) 100vw, 1200px\" \/><\/figure>\n\n\n\n<p><strong>Portemonnee van leer en parelmoer<\/strong> | <strong>34\u20ac<\/strong> | <em><a href=\"https:\/\/musee-nacre.fr\/\" target=\"_blank\" rel=\"noreferrer noopener\">Parelmoer en serviesmuseum<\/a> <\/em>| <em>M\u00e9ru<\/em><\/p>\n\n\n\n<p><sup>Aanvulling<\/sup><\/p>\n<\/div>\n<\/div>\n\n\n\n<div class=\"is-layout-flex wp-container-46 wp-block-columns\">\n<div class=\"is-layout-flow wp-block-column\">\n<figure class=\"wp-block-image size-full\"><img decoding=\"async\" loading=\"lazy\" width=\"1000\" height=\"1000\" data-src=\"https:\/\/www.creilsudoise-tourisme.fr\/wp-content\/uploads\/2023\/11\/Kit-de-sculpture-de-pierre-Boutique-de-Creil-Sud-Oise-Tourisme.jpg\" alt=\"winkel Creil Sud Oise Bureau voor toerisme lokale ambacht cadeau idee kerst verjaardag handgemaakt producent Hauts-de-France Oise Picardie steen\" class=\"wp-image-50703\" data-srcset=\"https:\/\/www.creilsudoise-tourisme.fr\/wp-content\/uploads\/2023\/11\/Kit-de-sculpture-de-pierre-Boutique-de-Creil-Sud-Oise-Tourisme.jpg 1000w, https:\/\/www.creilsudoise-tourisme.fr\/wp-content\/uploads\/2023\/11\/Kit-de-sculpture-de-pierre-Boutique-de-Creil-Sud-Oise-Tourisme-600x600.jpg 600w, https:\/\/www.creilsudoise-tourisme.fr\/wp-content\/uploads\/2023\/11\/Kit-de-sculpture-de-pierre-Boutique-de-Creil-Sud-Oise-Tourisme-300x300.jpg 300w, https:\/\/www.creilsudoise-tourisme.fr\/wp-content\/uploads\/2023\/11\/Kit-de-sculpture-de-pierre-Boutique-de-Creil-Sud-Oise-Tourisme-900x900.jpg 900w, https:\/\/www.creilsudoise-tourisme.fr\/wp-content\/uploads\/2023\/11\/Kit-de-sculpture-de-pierre-Boutique-de-Creil-Sud-Oise-Tourisme-12x12.jpg 12w, https:\/\/www.creilsudoise-tourisme.fr\/wp-content\/uploads\/2023\/11\/Kit-de-sculpture-de-pierre-Boutique-de-Creil-Sud-Oise-Tourisme-200x200.jpg 200w, https:\/\/www.creilsudoise-tourisme.fr\/wp-content\/uploads\/2023\/11\/Kit-de-sculpture-de-pierre-Boutique-de-Creil-Sud-Oise-Tourisme-650x650.jpg 650w, https:\/\/www.creilsudoise-tourisme.fr\/wp-content\/uploads\/2023\/11\/Kit-de-sculpture-de-pierre-Boutique-de-Creil-Sud-Oise-Tourisme-387x387.jpg 387w\" sizes=\"(max-width: 1000px) 100vw, 1000px\" \/><\/figure>\n\n\n\n<p><strong>Set voor steenhouwen <\/strong>| <strong>12\u20ac<\/strong> | <em><a href=\"https:\/\/www.creilsudoise-tourisme.fr\/nl\/jexplore\/must-haves\/maison-de-la-pierre\/\" target=\"_blank\" rel=\"noreferrer noopener\">Stone House<\/a> <\/em>| <em>Saint-Maximin<\/em><\/p>\n<\/div>\n\n\n\n<div class=\"is-layout-flow wp-block-column\">\n<figure class=\"wp-block-image size-full\"><img decoding=\"async\" loading=\"lazy\" width=\"1000\" height=\"1000\" data-src=\"https:\/\/www.creilsudoise-tourisme.fr\/wp-content\/uploads\/2023\/11\/Pierres-semi-precieuses-Boutique-de-Creil-Sud-Oise-Tourisme.jpg\" alt=\"winkel Creil Sud Oise Bureau voor toerisme lokale ambacht cadeau idee kerst verjaardag handgemaakt producent Hauts-de-France Oise Picardie steen\" class=\"wp-image-50712\" data-srcset=\"https:\/\/www.creilsudoise-tourisme.fr\/wp-content\/uploads\/2023\/11\/Pierres-semi-precieuses-Boutique-de-Creil-Sud-Oise-Tourisme.jpg 1000w, https:\/\/www.creilsudoise-tourisme.fr\/wp-content\/uploads\/2023\/11\/Pierres-semi-precieuses-Boutique-de-Creil-Sud-Oise-Tourisme-600x600.jpg 600w, https:\/\/www.creilsudoise-tourisme.fr\/wp-content\/uploads\/2023\/11\/Pierres-semi-precieuses-Boutique-de-Creil-Sud-Oise-Tourisme-300x300.jpg 300w, https:\/\/www.creilsudoise-tourisme.fr\/wp-content\/uploads\/2023\/11\/Pierres-semi-precieuses-Boutique-de-Creil-Sud-Oise-Tourisme-900x900.jpg 900w, https:\/\/www.creilsudoise-tourisme.fr\/wp-content\/uploads\/2023\/11\/Pierres-semi-precieuses-Boutique-de-Creil-Sud-Oise-Tourisme-12x12.jpg 12w, https:\/\/www.creilsudoise-tourisme.fr\/wp-content\/uploads\/2023\/11\/Pierres-semi-precieuses-Boutique-de-Creil-Sud-Oise-Tourisme-200x200.jpg 200w, https:\/\/www.creilsudoise-tourisme.fr\/wp-content\/uploads\/2023\/11\/Pierres-semi-precieuses-Boutique-de-Creil-Sud-Oise-Tourisme-650x650.jpg 650w, https:\/\/www.creilsudoise-tourisme.fr\/wp-content\/uploads\/2023\/11\/Pierres-semi-precieuses-Boutique-de-Creil-Sud-Oise-Tourisme-387x387.jpg 387w\" sizes=\"(max-width: 1000px) 100vw, 1000px\" \/><\/figure>\n\n\n\n<p><strong>Mineraal doosje <\/strong>| <strong>9\u20ac<\/strong> | <em><a href=\"https:\/\/www.creilsudoise-tourisme.fr\/nl\/jexplore\/must-haves\/maison-de-la-pierre\/\" target=\"_blank\" rel=\"noreferrer noopener\">Stone House<\/a> <\/em>| <em>Saint-Maximin<\/em><\/p>\n<\/div>\n\n\n\n<div class=\"is-layout-flow wp-block-column\">\n<figure class=\"wp-block-image size-full\"><img decoding=\"async\" loading=\"lazy\" width=\"1000\" height=\"1000\" data-src=\"https:\/\/www.creilsudoise-tourisme.fr\/wp-content\/uploads\/2023\/11\/Pochette-de-pierres-semi-precieuses-Boutique-de-Creil-Sud-Oise-Tourisme.jpg\" alt=\"winkel Creil Sud Oise Bureau voor toerisme lokale ambacht cadeau idee kerst verjaardag handgemaakt producent Hauts-de-France Oise Picardie steen\" class=\"wp-image-50714\" data-srcset=\"https:\/\/www.creilsudoise-tourisme.fr\/wp-content\/uploads\/2023\/11\/Pochette-de-pierres-semi-precieuses-Boutique-de-Creil-Sud-Oise-Tourisme.jpg 1000w, https:\/\/www.creilsudoise-tourisme.fr\/wp-content\/uploads\/2023\/11\/Pochette-de-pierres-semi-precieuses-Boutique-de-Creil-Sud-Oise-Tourisme-600x600.jpg 600w, https:\/\/www.creilsudoise-tourisme.fr\/wp-content\/uploads\/2023\/11\/Pochette-de-pierres-semi-precieuses-Boutique-de-Creil-Sud-Oise-Tourisme-300x300.jpg 300w, https:\/\/www.creilsudoise-tourisme.fr\/wp-content\/uploads\/2023\/11\/Pochette-de-pierres-semi-precieuses-Boutique-de-Creil-Sud-Oise-Tourisme-900x900.jpg 900w, https:\/\/www.creilsudoise-tourisme.fr\/wp-content\/uploads\/2023\/11\/Pochette-de-pierres-semi-precieuses-Boutique-de-Creil-Sud-Oise-Tourisme-12x12.jpg 12w, https:\/\/www.creilsudoise-tourisme.fr\/wp-content\/uploads\/2023\/11\/Pochette-de-pierres-semi-precieuses-Boutique-de-Creil-Sud-Oise-Tourisme-200x200.jpg 200w, https:\/\/www.creilsudoise-tourisme.fr\/wp-content\/uploads\/2023\/11\/Pochette-de-pierres-semi-precieuses-Boutique-de-Creil-Sud-Oise-Tourisme-650x650.jpg 650w, https:\/\/www.creilsudoise-tourisme.fr\/wp-content\/uploads\/2023\/11\/Pochette-de-pierres-semi-precieuses-Boutique-de-Creil-Sud-Oise-Tourisme-387x387.jpg 387w\" sizes=\"(max-width: 1000px) 100vw, 1000px\" \/><\/figure>\n\n\n\n<p><strong>Mineraal zakje<\/strong> | <strong>4,50\u20ac<\/strong> de eenheid | <em><a href=\"https:\/\/www.creilsudoise-tourisme.fr\/nl\/jexplore\/must-haves\/maison-de-la-pierre\/\" target=\"_blank\" rel=\"noreferrer noopener\">Stone House<\/a> <\/em>| <em>Saint-Maximin<\/em><\/p>\n<\/div>\n<\/div>\n\n\n\n<div class=\"is-layout-flex wp-container-50 wp-block-columns\">\n<div class=\"is-layout-flow wp-block-column\">\n<figure class=\"wp-block-image size-full\"><img decoding=\"async\" loading=\"lazy\" width=\"1000\" height=\"1000\" data-src=\"https:\/\/www.creilsudoise-tourisme.fr\/wp-content\/uploads\/2023\/11\/Figurine-animal-en-ste-Boutique-de-Creil-Sud-Oise-Tourisme.jpg\" alt=\"winkel Creil Sud Oise Tourisme Office lokale artisanat cadeau idee kerst verjaardag handgemaakt producent Hauts-de-France Oise Picardie steatiet decoratie dier\" class=\"wp-image-50694\" data-srcset=\"https:\/\/www.creilsudoise-tourisme.fr\/wp-content\/uploads\/2023\/11\/Figurine-animal-en-ste-Boutique-de-Creil-Sud-Oise-Tourisme.jpg 1000w, https:\/\/www.creilsudoise-tourisme.fr\/wp-content\/uploads\/2023\/11\/Figurine-animal-en-ste-Boutique-de-Creil-Sud-Oise-Tourisme-600x600.jpg 600w, https:\/\/www.creilsudoise-tourisme.fr\/wp-content\/uploads\/2023\/11\/Figurine-animal-en-ste-Boutique-de-Creil-Sud-Oise-Tourisme-300x300.jpg 300w, https:\/\/www.creilsudoise-tourisme.fr\/wp-content\/uploads\/2023\/11\/Figurine-animal-en-ste-Boutique-de-Creil-Sud-Oise-Tourisme-900x900.jpg 900w, https:\/\/www.creilsudoise-tourisme.fr\/wp-content\/uploads\/2023\/11\/Figurine-animal-en-ste-Boutique-de-Creil-Sud-Oise-Tourisme-12x12.jpg 12w, https:\/\/www.creilsudoise-tourisme.fr\/wp-content\/uploads\/2023\/11\/Figurine-animal-en-ste-Boutique-de-Creil-Sud-Oise-Tourisme-200x200.jpg 200w, https:\/\/www.creilsudoise-tourisme.fr\/wp-content\/uploads\/2023\/11\/Figurine-animal-en-ste-Boutique-de-Creil-Sud-Oise-Tourisme-650x650.jpg 650w, https:\/\/www.creilsudoise-tourisme.fr\/wp-content\/uploads\/2023\/11\/Figurine-animal-en-ste-Boutique-de-Creil-Sud-Oise-Tourisme-387x387.jpg 387w\" sizes=\"(max-width: 1000px) 100vw, 1000px\" \/><\/figure>\n\n\n\n<p><strong>Dieren in speksteen <\/strong>| <strong>3,50\u20ac<\/strong> de eenheid | <em><a href=\"https:\/\/www.creilsudoise-tourisme.fr\/nl\/jexplore\/must-haves\/maison-de-la-pierre\/\" target=\"_blank\" rel=\"noreferrer noopener\">Stone House<\/a> <\/em>| <em>Saint-Maximin<\/em><\/p>\n<\/div>\n\n\n\n<div class=\"is-layout-flow wp-block-column\">\n<figure class=\"wp-block-image size-large\"><img decoding=\"async\" loading=\"lazy\" width=\"1200\" height=\"1200\" data-src=\"https:\/\/www.creilsudoise-tourisme.fr\/wp-content\/uploads\/2024\/01\/Sachet-de-pointes-melangees-Clouterie-Rivierre-Boutique-de-Creil-Sud-Oise-Tourisme-1200x1200.jpg\" alt=\"winkel Creil Sud Oise Bureau voor toerisme plaatselijke ambacht cadeau-idee kerstmis\" class=\"wp-image-51187\" data-srcset=\"https:\/\/www.creilsudoise-tourisme.fr\/wp-content\/uploads\/2024\/01\/Sachet-de-pointes-melangees-Clouterie-Rivierre-Boutique-de-Creil-Sud-Oise-Tourisme-1200x1200.jpg 1200w, https:\/\/www.creilsudoise-tourisme.fr\/wp-content\/uploads\/2024\/01\/Sachet-de-pointes-melangees-Clouterie-Rivierre-Boutique-de-Creil-Sud-Oise-Tourisme-600x600.jpg 600w, https:\/\/www.creilsudoise-tourisme.fr\/wp-content\/uploads\/2024\/01\/Sachet-de-pointes-melangees-Clouterie-Rivierre-Boutique-de-Creil-Sud-Oise-Tourisme-300x300.jpg 300w, https:\/\/www.creilsudoise-tourisme.fr\/wp-content\/uploads\/2024\/01\/Sachet-de-pointes-melangees-Clouterie-Rivierre-Boutique-de-Creil-Sud-Oise-Tourisme-900x900.jpg 900w, https:\/\/www.creilsudoise-tourisme.fr\/wp-content\/uploads\/2024\/01\/Sachet-de-pointes-melangees-Clouterie-Rivierre-Boutique-de-Creil-Sud-Oise-Tourisme-1536x1536.jpg 1536w, https:\/\/www.creilsudoise-tourisme.fr\/wp-content\/uploads\/2024\/01\/Sachet-de-pointes-melangees-Clouterie-Rivierre-Boutique-de-Creil-Sud-Oise-Tourisme-12x12.jpg 12w, https:\/\/www.creilsudoise-tourisme.fr\/wp-content\/uploads\/2024\/01\/Sachet-de-pointes-melangees-Clouterie-Rivierre-Boutique-de-Creil-Sud-Oise-Tourisme-200x200.jpg 200w, https:\/\/www.creilsudoise-tourisme.fr\/wp-content\/uploads\/2024\/01\/Sachet-de-pointes-melangees-Clouterie-Rivierre-Boutique-de-Creil-Sud-Oise-Tourisme-650x650.jpg 650w, https:\/\/www.creilsudoise-tourisme.fr\/wp-content\/uploads\/2024\/01\/Sachet-de-pointes-melangees-Clouterie-Rivierre-Boutique-de-Creil-Sud-Oise-Tourisme-387x387.jpg 387w, https:\/\/www.creilsudoise-tourisme.fr\/wp-content\/uploads\/2024\/01\/Sachet-de-pointes-melangees-Clouterie-Rivierre-Boutique-de-Creil-Sud-Oise-Tourisme.jpg 1920w\" sizes=\"(max-width: 1200px) 100vw, 1200px\" \/><\/figure>\n\n\n\n<p><strong>Zak spijkers <\/strong>| <strong>1\u20ac<\/strong> | <\/p>\n\n\n\n<p><em><a href=\"https:\/\/www.creilsudoise-tourisme.fr\/nl\/jexplore\/must-haves\/clouterie-rivierre\/\" target=\"_blank\" rel=\"noreferrer noopener\">Clouterie Rivierre<\/a> <\/em>| <em>Creil<\/em><\/p>\n\n\n\n<p><sup>Aanvulling<\/sup><\/p>\n<\/div>\n\n\n\n<div class=\"is-layout-flow wp-block-column\">\n<figure class=\"wp-block-image size-full\"><img decoding=\"async\" loading=\"lazy\" width=\"1000\" height=\"1000\" data-src=\"https:\/\/www.creilsudoise-tourisme.fr\/wp-content\/uploads\/2023\/11\/Magnet-fait-main-de-lAbbatiale-a-Saint-Leu-dEsserent-Boutique-de-Creil-Sud-Oise-Tourisme.jpg\" alt=\"winkel Creil Sud Oise Tourisme Kantoor Tourisme lokale artisanat cadeau idee kerst verjaardag handgemaakt producent Hauts-de-France Oise Picardie abdij\" class=\"wp-image-50707\" data-srcset=\"https:\/\/www.creilsudoise-tourisme.fr\/wp-content\/uploads\/2023\/11\/Magnet-fait-main-de-lAbbatiale-a-Saint-Leu-dEsserent-Boutique-de-Creil-Sud-Oise-Tourisme.jpg 1000w, https:\/\/www.creilsudoise-tourisme.fr\/wp-content\/uploads\/2023\/11\/Magnet-fait-main-de-lAbbatiale-a-Saint-Leu-dEsserent-Boutique-de-Creil-Sud-Oise-Tourisme-600x600.jpg 600w, https:\/\/www.creilsudoise-tourisme.fr\/wp-content\/uploads\/2023\/11\/Magnet-fait-main-de-lAbbatiale-a-Saint-Leu-dEsserent-Boutique-de-Creil-Sud-Oise-Tourisme-300x300.jpg 300w, https:\/\/www.creilsudoise-tourisme.fr\/wp-content\/uploads\/2023\/11\/Magnet-fait-main-de-lAbbatiale-a-Saint-Leu-dEsserent-Boutique-de-Creil-Sud-Oise-Tourisme-900x900.jpg 900w, https:\/\/www.creilsudoise-tourisme.fr\/wp-content\/uploads\/2023\/11\/Magnet-fait-main-de-lAbbatiale-a-Saint-Leu-dEsserent-Boutique-de-Creil-Sud-Oise-Tourisme-12x12.jpg 12w, https:\/\/www.creilsudoise-tourisme.fr\/wp-content\/uploads\/2023\/11\/Magnet-fait-main-de-lAbbatiale-a-Saint-Leu-dEsserent-Boutique-de-Creil-Sud-Oise-Tourisme-200x200.jpg 200w, https:\/\/www.creilsudoise-tourisme.fr\/wp-content\/uploads\/2023\/11\/Magnet-fait-main-de-lAbbatiale-a-Saint-Leu-dEsserent-Boutique-de-Creil-Sud-Oise-Tourisme-650x650.jpg 650w, https:\/\/www.creilsudoise-tourisme.fr\/wp-content\/uploads\/2023\/11\/Magnet-fait-main-de-lAbbatiale-a-Saint-Leu-dEsserent-Boutique-de-Creil-Sud-Oise-Tourisme-387x387.jpg 387w\" sizes=\"(max-width: 1000px) 100vw, 1000px\" \/><\/figure>\n\n\n\n<p><strong>Porseleinen magneet Abbatiale Saint-Leu-d'Esserent<\/strong> | <strong>18\u20ac<\/strong> de eenheid | <em>Porselein van Acanthe<\/em><\/p>\n<\/div>\n<\/div>\n\n\n\n<div class=\"is-layout-flex wp-container-54 wp-block-columns\">\n<div class=\"is-layout-flow wp-block-column\">\n<figure class=\"wp-block-image size-full\"><img decoding=\"async\" loading=\"lazy\" width=\"1000\" height=\"1000\" data-src=\"https:\/\/www.creilsudoise-tourisme.fr\/wp-content\/uploads\/2023\/11\/Gravure-du-Sarcus-a-Nogent-sur-Oise-Boutique-de-Creil-Sud-Oise-Tourisme.jpg\" alt=\"winkel Creil Sud Oise Tourisme Kantoor Tourisme lokale artisanat cadeau idee kerst verjaardag handgemaakt producent Hauts-de-France Oise Picardie decoratie\" class=\"wp-image-50698\" data-srcset=\"https:\/\/www.creilsudoise-tourisme.fr\/wp-content\/uploads\/2023\/11\/Gravure-du-Sarcus-a-Nogent-sur-Oise-Boutique-de-Creil-Sud-Oise-Tourisme.jpg 1000w, https:\/\/www.creilsudoise-tourisme.fr\/wp-content\/uploads\/2023\/11\/Gravure-du-Sarcus-a-Nogent-sur-Oise-Boutique-de-Creil-Sud-Oise-Tourisme-600x600.jpg 600w, https:\/\/www.creilsudoise-tourisme.fr\/wp-content\/uploads\/2023\/11\/Gravure-du-Sarcus-a-Nogent-sur-Oise-Boutique-de-Creil-Sud-Oise-Tourisme-300x300.jpg 300w, https:\/\/www.creilsudoise-tourisme.fr\/wp-content\/uploads\/2023\/11\/Gravure-du-Sarcus-a-Nogent-sur-Oise-Boutique-de-Creil-Sud-Oise-Tourisme-900x900.jpg 900w, https:\/\/www.creilsudoise-tourisme.fr\/wp-content\/uploads\/2023\/11\/Gravure-du-Sarcus-a-Nogent-sur-Oise-Boutique-de-Creil-Sud-Oise-Tourisme-12x12.jpg 12w, https:\/\/www.creilsudoise-tourisme.fr\/wp-content\/uploads\/2023\/11\/Gravure-du-Sarcus-a-Nogent-sur-Oise-Boutique-de-Creil-Sud-Oise-Tourisme-200x200.jpg 200w, https:\/\/www.creilsudoise-tourisme.fr\/wp-content\/uploads\/2023\/11\/Gravure-du-Sarcus-a-Nogent-sur-Oise-Boutique-de-Creil-Sud-Oise-Tourisme-650x650.jpg 650w, https:\/\/www.creilsudoise-tourisme.fr\/wp-content\/uploads\/2023\/11\/Gravure-du-Sarcus-a-Nogent-sur-Oise-Boutique-de-Creil-Sud-Oise-Tourisme-387x387.jpg 387w\" sizes=\"(max-width: 1000px) 100vw, 1000px\" \/><\/figure>\n\n\n\n<p><strong>Schets van Nogent-sur-Oise <\/strong>| <strong>2\u20ac<\/strong> alleen of <strong>12\u20ac <\/strong>ingelijst<\/p>\n<\/div>\n\n\n\n<div class=\"is-layout-flow wp-block-column\">\n<figure class=\"wp-block-image size-full\"><img decoding=\"async\" loading=\"lazy\" width=\"1000\" height=\"1000\" data-src=\"https:\/\/www.creilsudoise-tourisme.fr\/wp-content\/uploads\/2023\/11\/Gravure-de-leglise-de-Nogent-sur-Oise-Boutique-de-Creil-Sud-Oise-Tourisme.jpg\" alt=\"winkel Creil Sud Oise Tourisme Kantoor Tourisme lokale artisanat cadeau idee kerst verjaardag handgemaakt producent Hauts-de-France Oise Picardie decoratie\" class=\"wp-image-50696\" data-srcset=\"https:\/\/www.creilsudoise-tourisme.fr\/wp-content\/uploads\/2023\/11\/Gravure-de-leglise-de-Nogent-sur-Oise-Boutique-de-Creil-Sud-Oise-Tourisme.jpg 1000w, https:\/\/www.creilsudoise-tourisme.fr\/wp-content\/uploads\/2023\/11\/Gravure-de-leglise-de-Nogent-sur-Oise-Boutique-de-Creil-Sud-Oise-Tourisme-600x600.jpg 600w, https:\/\/www.creilsudoise-tourisme.fr\/wp-content\/uploads\/2023\/11\/Gravure-de-leglise-de-Nogent-sur-Oise-Boutique-de-Creil-Sud-Oise-Tourisme-300x300.jpg 300w, https:\/\/www.creilsudoise-tourisme.fr\/wp-content\/uploads\/2023\/11\/Gravure-de-leglise-de-Nogent-sur-Oise-Boutique-de-Creil-Sud-Oise-Tourisme-900x900.jpg 900w, https:\/\/www.creilsudoise-tourisme.fr\/wp-content\/uploads\/2023\/11\/Gravure-de-leglise-de-Nogent-sur-Oise-Boutique-de-Creil-Sud-Oise-Tourisme-12x12.jpg 12w, https:\/\/www.creilsudoise-tourisme.fr\/wp-content\/uploads\/2023\/11\/Gravure-de-leglise-de-Nogent-sur-Oise-Boutique-de-Creil-Sud-Oise-Tourisme-200x200.jpg 200w, https:\/\/www.creilsudoise-tourisme.fr\/wp-content\/uploads\/2023\/11\/Gravure-de-leglise-de-Nogent-sur-Oise-Boutique-de-Creil-Sud-Oise-Tourisme-650x650.jpg 650w, https:\/\/www.creilsudoise-tourisme.fr\/wp-content\/uploads\/2023\/11\/Gravure-de-leglise-de-Nogent-sur-Oise-Boutique-de-Creil-Sud-Oise-Tourisme-387x387.jpg 387w\" sizes=\"(max-width: 1000px) 100vw, 1000px\" \/><\/figure>\n\n\n\n<p><strong>Schets van Nogent-sur-Oise <\/strong>| <strong>2\u20ac<\/strong> alleen of <strong>12\u20ac <\/strong>ingelijst<\/p>\n<\/div>\n\n\n\n<div class=\"is-layout-flow wp-block-column\">\n<figure class=\"wp-block-image size-full\"><img decoding=\"async\" loading=\"lazy\" width=\"1000\" height=\"1000\" data-src=\"https:\/\/www.creilsudoise-tourisme.fr\/wp-content\/uploads\/2023\/11\/Gravure-du-parc-Hebert-a-Nogent-sur-Oise-Boutique-de-Creil-Sud-Oise-Tourisme.jpg\" alt=\"winkel Creil Sud Oise Tourisme Kantoor Tourisme lokale artisanat cadeau idee kerst verjaardag handgemaakt producent Hauts-de-France Oise Picardie decoratie\" class=\"wp-image-50697\" data-srcset=\"https:\/\/www.creilsudoise-tourisme.fr\/wp-content\/uploads\/2023\/11\/Gravure-du-parc-Hebert-a-Nogent-sur-Oise-Boutique-de-Creil-Sud-Oise-Tourisme.jpg 1000w, https:\/\/www.creilsudoise-tourisme.fr\/wp-content\/uploads\/2023\/11\/Gravure-du-parc-Hebert-a-Nogent-sur-Oise-Boutique-de-Creil-Sud-Oise-Tourisme-600x600.jpg 600w, https:\/\/www.creilsudoise-tourisme.fr\/wp-content\/uploads\/2023\/11\/Gravure-du-parc-Hebert-a-Nogent-sur-Oise-Boutique-de-Creil-Sud-Oise-Tourisme-300x300.jpg 300w, https:\/\/www.creilsudoise-tourisme.fr\/wp-content\/uploads\/2023\/11\/Gravure-du-parc-Hebert-a-Nogent-sur-Oise-Boutique-de-Creil-Sud-Oise-Tourisme-900x900.jpg 900w, https:\/\/www.creilsudoise-tourisme.fr\/wp-content\/uploads\/2023\/11\/Gravure-du-parc-Hebert-a-Nogent-sur-Oise-Boutique-de-Creil-Sud-Oise-Tourisme-12x12.jpg 12w, https:\/\/www.creilsudoise-tourisme.fr\/wp-content\/uploads\/2023\/11\/Gravure-du-parc-Hebert-a-Nogent-sur-Oise-Boutique-de-Creil-Sud-Oise-Tourisme-200x200.jpg 200w, https:\/\/www.creilsudoise-tourisme.fr\/wp-content\/uploads\/2023\/11\/Gravure-du-parc-Hebert-a-Nogent-sur-Oise-Boutique-de-Creil-Sud-Oise-Tourisme-650x650.jpg 650w, https:\/\/www.creilsudoise-tourisme.fr\/wp-content\/uploads\/2023\/11\/Gravure-du-parc-Hebert-a-Nogent-sur-Oise-Boutique-de-Creil-Sud-Oise-Tourisme-387x387.jpg 387w\" sizes=\"(max-width: 1000px) 100vw, 1000px\" \/><\/figure>\n\n\n\n<p><strong>Schets van Nogent-sur-Oise <\/strong>| <strong>2\u20ac<\/strong> alleen of <strong>12\u20ac <\/strong>ingelijst<\/p>\n<\/div>\n<\/div>\n\n\n\n<div class=\"is-layout-flex wp-container-58 wp-block-columns\">\n<div class=\"is-layout-flow wp-block-column\">\n<figure class=\"wp-block-image size-full\"><img decoding=\"async\" loading=\"lazy\" width=\"1000\" height=\"1000\" data-src=\"https:\/\/www.creilsudoise-tourisme.fr\/wp-content\/uploads\/2023\/11\/Bague-en-nacre-Boutique-de-Creil-Sud-Oise-Tourisme.jpg\" alt=\"winkel Creil Sud Oise Tourisme Kantoor Tourisme lokale artisanat cadeau idee kerst verjaardag handgemaakt producent Hauts-de-France Oise Picardie ring sieraden parelmoer\" class=\"wp-image-50680\" data-srcset=\"https:\/\/www.creilsudoise-tourisme.fr\/wp-content\/uploads\/2023\/11\/Bague-en-nacre-Boutique-de-Creil-Sud-Oise-Tourisme.jpg 1000w, https:\/\/www.creilsudoise-tourisme.fr\/wp-content\/uploads\/2023\/11\/Bague-en-nacre-Boutique-de-Creil-Sud-Oise-Tourisme-600x600.jpg 600w, https:\/\/www.creilsudoise-tourisme.fr\/wp-content\/uploads\/2023\/11\/Bague-en-nacre-Boutique-de-Creil-Sud-Oise-Tourisme-300x300.jpg 300w, https:\/\/www.creilsudoise-tourisme.fr\/wp-content\/uploads\/2023\/11\/Bague-en-nacre-Boutique-de-Creil-Sud-Oise-Tourisme-900x900.jpg 900w, https:\/\/www.creilsudoise-tourisme.fr\/wp-content\/uploads\/2023\/11\/Bague-en-nacre-Boutique-de-Creil-Sud-Oise-Tourisme-12x12.jpg 12w, https:\/\/www.creilsudoise-tourisme.fr\/wp-content\/uploads\/2023\/11\/Bague-en-nacre-Boutique-de-Creil-Sud-Oise-Tourisme-200x200.jpg 200w, https:\/\/www.creilsudoise-tourisme.fr\/wp-content\/uploads\/2023\/11\/Bague-en-nacre-Boutique-de-Creil-Sud-Oise-Tourisme-650x650.jpg 650w, https:\/\/www.creilsudoise-tourisme.fr\/wp-content\/uploads\/2023\/11\/Bague-en-nacre-Boutique-de-Creil-Sud-Oise-Tourisme-387x387.jpg 387w\" sizes=\"(max-width: 1000px) 100vw, 1000px\" \/><\/figure>\n\n\n\n<p><strong>Parelmoer ring <\/strong>| Van <strong>11,90\u20ac<\/strong> | <em><a href=\"https:\/\/musee-nacre.fr\/\" target=\"_blank\" rel=\"noreferrer noopener\">Parelmoer en serviesmuseum<\/a> <\/em>| <em>M\u00e9ru<\/em> <\/p>\n<\/div>\n\n\n\n<div class=\"is-layout-flow wp-block-column\">\n<figure class=\"wp-block-image size-full\"><img decoding=\"async\" loading=\"lazy\" width=\"1000\" height=\"1000\" data-src=\"https:\/\/www.creilsudoise-tourisme.fr\/wp-content\/uploads\/2023\/11\/Boucle-doreilles-en-nacre-et-bois-Boutique-de-Creil-Sud-Oise-Tourisme.jpg\" alt=\"winkel Creil Sud Oise Tourisme Kantoor Tourisme lokale artisanat cadeau idee kerst verjaardag handgemaakt producent Hauts-de-France Oise Picardie parelmoer sieraden\" class=\"wp-image-50723\" data-srcset=\"https:\/\/www.creilsudoise-tourisme.fr\/wp-content\/uploads\/2023\/11\/Boucle-doreilles-en-nacre-et-bois-Boutique-de-Creil-Sud-Oise-Tourisme.jpg 1000w, https:\/\/www.creilsudoise-tourisme.fr\/wp-content\/uploads\/2023\/11\/Boucle-doreilles-en-nacre-et-bois-Boutique-de-Creil-Sud-Oise-Tourisme-600x600.jpg 600w, https:\/\/www.creilsudoise-tourisme.fr\/wp-content\/uploads\/2023\/11\/Boucle-doreilles-en-nacre-et-bois-Boutique-de-Creil-Sud-Oise-Tourisme-300x300.jpg 300w, https:\/\/www.creilsudoise-tourisme.fr\/wp-content\/uploads\/2023\/11\/Boucle-doreilles-en-nacre-et-bois-Boutique-de-Creil-Sud-Oise-Tourisme-900x900.jpg 900w, https:\/\/www.creilsudoise-tourisme.fr\/wp-content\/uploads\/2023\/11\/Boucle-doreilles-en-nacre-et-bois-Boutique-de-Creil-Sud-Oise-Tourisme-12x12.jpg 12w, https:\/\/www.creilsudoise-tourisme.fr\/wp-content\/uploads\/2023\/11\/Boucle-doreilles-en-nacre-et-bois-Boutique-de-Creil-Sud-Oise-Tourisme-200x200.jpg 200w, https:\/\/www.creilsudoise-tourisme.fr\/wp-content\/uploads\/2023\/11\/Boucle-doreilles-en-nacre-et-bois-Boutique-de-Creil-Sud-Oise-Tourisme-650x650.jpg 650w, https:\/\/www.creilsudoise-tourisme.fr\/wp-content\/uploads\/2023\/11\/Boucle-doreilles-en-nacre-et-bois-Boutique-de-Creil-Sud-Oise-Tourisme-387x387.jpg 387w\" sizes=\"(max-width: 1000px) 100vw, 1000px\" \/><\/figure>\n\n\n\n<p><strong>Oorbellen van parelmoer en hout<\/strong> | <strong>59,50\u20ac<\/strong> | <em><a href=\"https:\/\/musee-nacre.fr\/\" target=\"_blank\" rel=\"noreferrer noopener\">Parelmoer en serviesmuseum<\/a> <\/em>| <em>M\u00e9ru<\/em><\/p>\n<\/div>\n\n\n\n<div class=\"is-layout-flow wp-block-column\">\n<figure class=\"wp-block-image size-full\"><img decoding=\"async\" loading=\"lazy\" width=\"1000\" height=\"1000\" data-src=\"https:\/\/www.creilsudoise-tourisme.fr\/wp-content\/uploads\/2023\/11\/Des-en-nacre-et-en-ebene-Boutique-de-Creil-Sud-Oise-Tourisme.jpg\" alt=\"winkel Creil Sud Oise Tourisme Kantoor Tourisme lokale artisanat cadeau idee kerst verjaardag handgemaakt producent Hauts-de-France Oise Picardie parelmoer ebbenhout\" class=\"wp-image-50725\" data-srcset=\"https:\/\/www.creilsudoise-tourisme.fr\/wp-content\/uploads\/2023\/11\/Des-en-nacre-et-en-ebene-Boutique-de-Creil-Sud-Oise-Tourisme.jpg 1000w, https:\/\/www.creilsudoise-tourisme.fr\/wp-content\/uploads\/2023\/11\/Des-en-nacre-et-en-ebene-Boutique-de-Creil-Sud-Oise-Tourisme-600x600.jpg 600w, https:\/\/www.creilsudoise-tourisme.fr\/wp-content\/uploads\/2023\/11\/Des-en-nacre-et-en-ebene-Boutique-de-Creil-Sud-Oise-Tourisme-300x300.jpg 300w, https:\/\/www.creilsudoise-tourisme.fr\/wp-content\/uploads\/2023\/11\/Des-en-nacre-et-en-ebene-Boutique-de-Creil-Sud-Oise-Tourisme-900x900.jpg 900w, https:\/\/www.creilsudoise-tourisme.fr\/wp-content\/uploads\/2023\/11\/Des-en-nacre-et-en-ebene-Boutique-de-Creil-Sud-Oise-Tourisme-12x12.jpg 12w, https:\/\/www.creilsudoise-tourisme.fr\/wp-content\/uploads\/2023\/11\/Des-en-nacre-et-en-ebene-Boutique-de-Creil-Sud-Oise-Tourisme-200x200.jpg 200w, https:\/\/www.creilsudoise-tourisme.fr\/wp-content\/uploads\/2023\/11\/Des-en-nacre-et-en-ebene-Boutique-de-Creil-Sud-Oise-Tourisme-650x650.jpg 650w, https:\/\/www.creilsudoise-tourisme.fr\/wp-content\/uploads\/2023\/11\/Des-en-nacre-et-en-ebene-Boutique-de-Creil-Sud-Oise-Tourisme-387x387.jpg 387w\" sizes=\"(max-width: 1000px) 100vw, 1000px\" \/><\/figure>\n\n\n\n<p><strong>Parelmoer en ebbenhouten vingerhoed <\/strong>| <strong>32.50\u20ac per stuk<\/strong> | <em><a href=\"https:\/\/musee-nacre.fr\/\" target=\"_blank\" rel=\"noreferrer noopener\">Parelmoer en serviesmuseum<\/a> <\/em>| <em>M\u00e9ru<\/em><\/p>\n<\/div>\n<\/div>\n\n\n\n<div class=\"is-layout-flex wp-container-62 wp-block-columns\">\n<div class=\"is-layout-flow wp-block-column\">\n<figure class=\"wp-block-image size-large is-resized\"><img decoding=\"async\" loading=\"lazy\" data-src=\"https:\/\/www.creilsudoise-tourisme.fr\/wp-content\/uploads\/2025\/08\/Magnets-aimants_boutique_creil-sud-oise-tourisme-28-1200x1109.jpg\" alt=\"\" class=\"wp-image-64585\" width=\"268\" height=\"247\" data-srcset=\"https:\/\/www.creilsudoise-tourisme.fr\/wp-content\/uploads\/2025\/08\/Magnets-aimants_boutique_creil-sud-oise-tourisme-28-1200x1109.jpg 1200w, https:\/\/www.creilsudoise-tourisme.fr\/wp-content\/uploads\/2025\/08\/Magnets-aimants_boutique_creil-sud-oise-tourisme-28-600x554.jpg 600w, https:\/\/www.creilsudoise-tourisme.fr\/wp-content\/uploads\/2025\/08\/Magnets-aimants_boutique_creil-sud-oise-tourisme-28-900x832.jpg 900w, https:\/\/www.creilsudoise-tourisme.fr\/wp-content\/uploads\/2025\/08\/Magnets-aimants_boutique_creil-sud-oise-tourisme-28-1536x1419.jpg 1536w, https:\/\/www.creilsudoise-tourisme.fr\/wp-content\/uploads\/2025\/08\/Magnets-aimants_boutique_creil-sud-oise-tourisme-28-13x12.jpg 13w, https:\/\/www.creilsudoise-tourisme.fr\/wp-content\/uploads\/2025\/08\/Magnets-aimants_boutique_creil-sud-oise-tourisme-28-200x185.jpg 200w, https:\/\/www.creilsudoise-tourisme.fr\/wp-content\/uploads\/2025\/08\/Magnets-aimants_boutique_creil-sud-oise-tourisme-28-650x601.jpg 650w, https:\/\/www.creilsudoise-tourisme.fr\/wp-content\/uploads\/2025\/08\/Magnets-aimants_boutique_creil-sud-oise-tourisme-28-387x358.jpg 387w, https:\/\/www.creilsudoise-tourisme.fr\/wp-content\/uploads\/2025\/08\/Magnets-aimants_boutique_creil-sud-oise-tourisme-28.jpg 1920w\" sizes=\"(max-width: 268px) 100vw, 268px\" \/><\/figure>\n\n\n\n<p class=\"has-text-align-center\"><strong>Magneet<\/strong> | <strong>3\u20ac<\/strong> de eenheid<\/p>\n<\/div>\n\n\n\n<div class=\"is-layout-flow wp-block-column\">\n<figure class=\"wp-block-image size-large\"><img decoding=\"async\" loading=\"lazy\" width=\"1200\" height=\"1200\" data-src=\"https:\/\/www.creilsudoise-tourisme.fr\/wp-content\/uploads\/2024\/01\/Bracelet-en-pierre-semi-precieuse-Boutique-de-Creil-Sud-Oise-Tourisme-1200x1200.jpg\" alt=\"winkel Creil Sud Oise Bureau voor toerisme plaatselijke ambacht cadeau-idee kerstmis\" class=\"wp-image-51189\" data-srcset=\"https:\/\/www.creilsudoise-tourisme.fr\/wp-content\/uploads\/2024\/01\/Bracelet-en-pierre-semi-precieuse-Boutique-de-Creil-Sud-Oise-Tourisme-1200x1200.jpg 1200w, https:\/\/www.creilsudoise-tourisme.fr\/wp-content\/uploads\/2024\/01\/Bracelet-en-pierre-semi-precieuse-Boutique-de-Creil-Sud-Oise-Tourisme-600x600.jpg 600w, https:\/\/www.creilsudoise-tourisme.fr\/wp-content\/uploads\/2024\/01\/Bracelet-en-pierre-semi-precieuse-Boutique-de-Creil-Sud-Oise-Tourisme-300x300.jpg 300w, https:\/\/www.creilsudoise-tourisme.fr\/wp-content\/uploads\/2024\/01\/Bracelet-en-pierre-semi-precieuse-Boutique-de-Creil-Sud-Oise-Tourisme-900x900.jpg 900w, https:\/\/www.creilsudoise-tourisme.fr\/wp-content\/uploads\/2024\/01\/Bracelet-en-pierre-semi-precieuse-Boutique-de-Creil-Sud-Oise-Tourisme-1536x1536.jpg 1536w, https:\/\/www.creilsudoise-tourisme.fr\/wp-content\/uploads\/2024\/01\/Bracelet-en-pierre-semi-precieuse-Boutique-de-Creil-Sud-Oise-Tourisme-12x12.jpg 12w, https:\/\/www.creilsudoise-tourisme.fr\/wp-content\/uploads\/2024\/01\/Bracelet-en-pierre-semi-precieuse-Boutique-de-Creil-Sud-Oise-Tourisme-200x200.jpg 200w, https:\/\/www.creilsudoise-tourisme.fr\/wp-content\/uploads\/2024\/01\/Bracelet-en-pierre-semi-precieuse-Boutique-de-Creil-Sud-Oise-Tourisme-650x650.jpg 650w, https:\/\/www.creilsudoise-tourisme.fr\/wp-content\/uploads\/2024\/01\/Bracelet-en-pierre-semi-precieuse-Boutique-de-Creil-Sud-Oise-Tourisme-387x387.jpg 387w, https:\/\/www.creilsudoise-tourisme.fr\/wp-content\/uploads\/2024\/01\/Bracelet-en-pierre-semi-precieuse-Boutique-de-Creil-Sud-Oise-Tourisme.jpg 1920w\" sizes=\"(max-width: 1200px) 100vw, 1200px\" \/><\/figure>\n\n\n\n<p><strong>Armband van halfedelstenen <\/strong>| <strong>9\u20ac per stuk<\/strong> | Verschillende modellen<\/p>\n<\/div>\n\n\n\n<div class=\"is-layout-flow wp-block-column\">\n<figure class=\"wp-block-image size-large\"><img decoding=\"async\" loading=\"lazy\" width=\"1200\" height=\"1200\" data-src=\"https:\/\/www.creilsudoise-tourisme.fr\/wp-content\/uploads\/2024\/01\/Pendentif-en-pierre-semi-precieuse-Boutique-de-Creil-Sud-Oise-Tourisme-1200x1200.jpg\" alt=\"winkel Creil Sud Oise Bureau voor toerisme plaatselijke ambacht cadeau-idee kerstmis\" class=\"wp-image-51188\" data-srcset=\"https:\/\/www.creilsudoise-tourisme.fr\/wp-content\/uploads\/2024\/01\/Pendentif-en-pierre-semi-precieuse-Boutique-de-Creil-Sud-Oise-Tourisme-1200x1200.jpg 1200w, https:\/\/www.creilsudoise-tourisme.fr\/wp-content\/uploads\/2024\/01\/Pendentif-en-pierre-semi-precieuse-Boutique-de-Creil-Sud-Oise-Tourisme-600x600.jpg 600w, https:\/\/www.creilsudoise-tourisme.fr\/wp-content\/uploads\/2024\/01\/Pendentif-en-pierre-semi-precieuse-Boutique-de-Creil-Sud-Oise-Tourisme-300x300.jpg 300w, https:\/\/www.creilsudoise-tourisme.fr\/wp-content\/uploads\/2024\/01\/Pendentif-en-pierre-semi-precieuse-Boutique-de-Creil-Sud-Oise-Tourisme-900x900.jpg 900w, https:\/\/www.creilsudoise-tourisme.fr\/wp-content\/uploads\/2024\/01\/Pendentif-en-pierre-semi-precieuse-Boutique-de-Creil-Sud-Oise-Tourisme-1536x1536.jpg 1536w, https:\/\/www.creilsudoise-tourisme.fr\/wp-content\/uploads\/2024\/01\/Pendentif-en-pierre-semi-precieuse-Boutique-de-Creil-Sud-Oise-Tourisme-12x12.jpg 12w, https:\/\/www.creilsudoise-tourisme.fr\/wp-content\/uploads\/2024\/01\/Pendentif-en-pierre-semi-precieuse-Boutique-de-Creil-Sud-Oise-Tourisme-200x200.jpg 200w, https:\/\/www.creilsudoise-tourisme.fr\/wp-content\/uploads\/2024\/01\/Pendentif-en-pierre-semi-precieuse-Boutique-de-Creil-Sud-Oise-Tourisme-650x650.jpg 650w, https:\/\/www.creilsudoise-tourisme.fr\/wp-content\/uploads\/2024\/01\/Pendentif-en-pierre-semi-precieuse-Boutique-de-Creil-Sud-Oise-Tourisme-387x387.jpg 387w, https:\/\/www.creilsudoise-tourisme.fr\/wp-content\/uploads\/2024\/01\/Pendentif-en-pierre-semi-precieuse-Boutique-de-Creil-Sud-Oise-Tourisme.jpg 1920w\" sizes=\"(max-width: 1200px) 100vw, 1200px\" \/><\/figure>\n\n\n\n<p><strong>Hanger van halfedelsteen <\/strong>| <strong>7\u20ac per stuk<\/strong><\/p>\n<\/div>\n<\/div>\n\n\n\n<div class=\"is-layout-flex wp-container-66 wp-block-columns\">\n<div class=\"is-layout-flow wp-block-column\">\n<figure class=\"wp-block-image size-large\"><img decoding=\"async\" loading=\"lazy\" width=\"1200\" height=\"1193\" data-src=\"https:\/\/www.creilsudoise-tourisme.fr\/wp-content\/uploads\/2024\/11\/Aimant-Clouterie-1200x1193.jpg\" alt=\"\" class=\"wp-image-58749\" data-srcset=\"https:\/\/www.creilsudoise-tourisme.fr\/wp-content\/uploads\/2024\/11\/Aimant-Clouterie-1200x1193.jpg 1200w, https:\/\/www.creilsudoise-tourisme.fr\/wp-content\/uploads\/2024\/11\/Aimant-Clouterie-600x597.jpg 600w, https:\/\/www.creilsudoise-tourisme.fr\/wp-content\/uploads\/2024\/11\/Aimant-Clouterie-900x895.jpg 900w, https:\/\/www.creilsudoise-tourisme.fr\/wp-content\/uploads\/2024\/11\/Aimant-Clouterie-1536x1527.jpg 1536w, https:\/\/www.creilsudoise-tourisme.fr\/wp-content\/uploads\/2024\/11\/Aimant-Clouterie-12x12.jpg 12w, https:\/\/www.creilsudoise-tourisme.fr\/wp-content\/uploads\/2024\/11\/Aimant-Clouterie-200x199.jpg 200w, https:\/\/www.creilsudoise-tourisme.fr\/wp-content\/uploads\/2024\/11\/Aimant-Clouterie-650x646.jpg 650w, https:\/\/www.creilsudoise-tourisme.fr\/wp-content\/uploads\/2024\/11\/Aimant-Clouterie-387x385.jpg 387w, https:\/\/www.creilsudoise-tourisme.fr\/wp-content\/uploads\/2024\/11\/Aimant-Clouterie.jpg 1920w\" sizes=\"(max-width: 1200px) 100vw, 1200px\" \/><\/figure>\n\n\n\n<p><strong>Magneet Clouterie Rivierre <\/strong>| <strong>1\u20ac<\/strong> |<em><a href=\"https:\/\/www.creilsudoise-tourisme.fr\/nl\/jexplore\/must-haves\/clouterie-rivierre\/\" target=\"_blank\" rel=\"noreferrer noopener\"> Clouterie Rivierre<\/a> <\/em>| <em>Creil<\/em><\/p>\n<\/div>\n\n\n\n<div class=\"is-layout-flow wp-block-column\">\n<figure class=\"wp-block-image size-large\"><img decoding=\"async\" loading=\"lazy\" width=\"1200\" height=\"1200\" data-src=\"https:\/\/www.creilsudoise-tourisme.fr\/wp-content\/uploads\/2025\/05\/koko-bijoux-dentelle_creil-sud-oise-tourisme-7-1200x1200.jpg\" alt=\"\" class=\"wp-image-62264\" data-srcset=\"https:\/\/www.creilsudoise-tourisme.fr\/wp-content\/uploads\/2025\/05\/koko-bijoux-dentelle_creil-sud-oise-tourisme-7-1200x1200.jpg 1200w, https:\/\/www.creilsudoise-tourisme.fr\/wp-content\/uploads\/2025\/05\/koko-bijoux-dentelle_creil-sud-oise-tourisme-7-600x600.jpg 600w, https:\/\/www.creilsudoise-tourisme.fr\/wp-content\/uploads\/2025\/05\/koko-bijoux-dentelle_creil-sud-oise-tourisme-7-300x300.jpg 300w, https:\/\/www.creilsudoise-tourisme.fr\/wp-content\/uploads\/2025\/05\/koko-bijoux-dentelle_creil-sud-oise-tourisme-7-900x900.jpg 900w, https:\/\/www.creilsudoise-tourisme.fr\/wp-content\/uploads\/2025\/05\/koko-bijoux-dentelle_creil-sud-oise-tourisme-7-1536x1536.jpg 1536w, https:\/\/www.creilsudoise-tourisme.fr\/wp-content\/uploads\/2025\/05\/koko-bijoux-dentelle_creil-sud-oise-tourisme-7-12x12.jpg 12w, https:\/\/www.creilsudoise-tourisme.fr\/wp-content\/uploads\/2025\/05\/koko-bijoux-dentelle_creil-sud-oise-tourisme-7-200x200.jpg 200w, https:\/\/www.creilsudoise-tourisme.fr\/wp-content\/uploads\/2025\/05\/koko-bijoux-dentelle_creil-sud-oise-tourisme-7-650x650.jpg 650w, https:\/\/www.creilsudoise-tourisme.fr\/wp-content\/uploads\/2025\/05\/koko-bijoux-dentelle_creil-sud-oise-tourisme-7-387x387.jpg 387w, https:\/\/www.creilsudoise-tourisme.fr\/wp-content\/uploads\/2025\/05\/koko-bijoux-dentelle_creil-sud-oise-tourisme-7.jpg 1920w\" sizes=\"(max-width: 1200px) 100vw, 1200px\" \/><\/figure>\n\n\n\n<p><strong>Creoolse Pastilles<\/strong> | <strong>42\u20ac<\/strong> | <a href=\"https:\/\/www.kokobijouxdentelle.fr\/\" target=\"_blank\" rel=\"noreferrer noopener\">Koko kant sieraden<\/a> | <em>Creil<\/em><\/p>\n<\/div>\n\n\n\n<div class=\"is-layout-flow wp-block-column\">\n<figure class=\"wp-block-image size-large\"><img decoding=\"async\" loading=\"lazy\" width=\"1200\" height=\"1200\" data-src=\"https:\/\/www.creilsudoise-tourisme.fr\/wp-content\/uploads\/2025\/05\/koko-bijoux-dentelle_creil-sud-oise-tourisme-6-1200x1200.jpg\" alt=\"\" class=\"wp-image-62263\" data-srcset=\"https:\/\/www.creilsudoise-tourisme.fr\/wp-content\/uploads\/2025\/05\/koko-bijoux-dentelle_creil-sud-oise-tourisme-6-1200x1200.jpg 1200w, https:\/\/www.creilsudoise-tourisme.fr\/wp-content\/uploads\/2025\/05\/koko-bijoux-dentelle_creil-sud-oise-tourisme-6-600x600.jpg 600w, https:\/\/www.creilsudoise-tourisme.fr\/wp-content\/uploads\/2025\/05\/koko-bijoux-dentelle_creil-sud-oise-tourisme-6-300x300.jpg 300w, https:\/\/www.creilsudoise-tourisme.fr\/wp-content\/uploads\/2025\/05\/koko-bijoux-dentelle_creil-sud-oise-tourisme-6-900x900.jpg 900w, https:\/\/www.creilsudoise-tourisme.fr\/wp-content\/uploads\/2025\/05\/koko-bijoux-dentelle_creil-sud-oise-tourisme-6-1536x1536.jpg 1536w, https:\/\/www.creilsudoise-tourisme.fr\/wp-content\/uploads\/2025\/05\/koko-bijoux-dentelle_creil-sud-oise-tourisme-6-12x12.jpg 12w, https:\/\/www.creilsudoise-tourisme.fr\/wp-content\/uploads\/2025\/05\/koko-bijoux-dentelle_creil-sud-oise-tourisme-6-200x200.jpg 200w, https:\/\/www.creilsudoise-tourisme.fr\/wp-content\/uploads\/2025\/05\/koko-bijoux-dentelle_creil-sud-oise-tourisme-6-650x650.jpg 650w, https:\/\/www.creilsudoise-tourisme.fr\/wp-content\/uploads\/2025\/05\/koko-bijoux-dentelle_creil-sud-oise-tourisme-6-387x387.jpg 387w, https:\/\/www.creilsudoise-tourisme.fr\/wp-content\/uploads\/2025\/05\/koko-bijoux-dentelle_creil-sud-oise-tourisme-6.jpg 1920w\" sizes=\"(max-width: 1200px) 100vw, 1200px\" \/><\/figure>\n\n\n\n<p><strong>Blauwe of zwarte bandring<\/strong> | <strong>45\u20ac<\/strong> | <a href=\"https:\/\/www.kokobijouxdentelle.fr\/\" target=\"_blank\" rel=\"noreferrer noopener\">Koko kant sieraden<\/a> | <em>Creil<\/em><\/p>\n<\/div>\n<\/div>\n\n\n\n<div class=\"is-layout-flex wp-container-70 wp-block-columns\">\n<div class=\"is-layout-flow wp-block-column\">\n<figure class=\"wp-block-image size-large\"><img decoding=\"async\" loading=\"lazy\" width=\"1200\" height=\"1200\" data-src=\"https:\/\/www.creilsudoise-tourisme.fr\/wp-content\/uploads\/2025\/05\/koko-bijoux-dentelle_creil-sud-oise-tourisme-4-1200x1200.jpg\" alt=\"\" class=\"wp-image-62262\" data-srcset=\"https:\/\/www.creilsudoise-tourisme.fr\/wp-content\/uploads\/2025\/05\/koko-bijoux-dentelle_creil-sud-oise-tourisme-4-1200x1200.jpg 1200w, https:\/\/www.creilsudoise-tourisme.fr\/wp-content\/uploads\/2025\/05\/koko-bijoux-dentelle_creil-sud-oise-tourisme-4-600x600.jpg 600w, https:\/\/www.creilsudoise-tourisme.fr\/wp-content\/uploads\/2025\/05\/koko-bijoux-dentelle_creil-sud-oise-tourisme-4-300x300.jpg 300w, https:\/\/www.creilsudoise-tourisme.fr\/wp-content\/uploads\/2025\/05\/koko-bijoux-dentelle_creil-sud-oise-tourisme-4-900x900.jpg 900w, https:\/\/www.creilsudoise-tourisme.fr\/wp-content\/uploads\/2025\/05\/koko-bijoux-dentelle_creil-sud-oise-tourisme-4-1536x1536.jpg 1536w, https:\/\/www.creilsudoise-tourisme.fr\/wp-content\/uploads\/2025\/05\/koko-bijoux-dentelle_creil-sud-oise-tourisme-4-12x12.jpg 12w, https:\/\/www.creilsudoise-tourisme.fr\/wp-content\/uploads\/2025\/05\/koko-bijoux-dentelle_creil-sud-oise-tourisme-4-200x200.jpg 200w, https:\/\/www.creilsudoise-tourisme.fr\/wp-content\/uploads\/2025\/05\/koko-bijoux-dentelle_creil-sud-oise-tourisme-4-650x650.jpg 650w, https:\/\/www.creilsudoise-tourisme.fr\/wp-content\/uploads\/2025\/05\/koko-bijoux-dentelle_creil-sud-oise-tourisme-4-387x387.jpg 387w, https:\/\/www.creilsudoise-tourisme.fr\/wp-content\/uploads\/2025\/05\/koko-bijoux-dentelle_creil-sud-oise-tourisme-4.jpg 1920w\" sizes=\"(max-width: 1200px) 100vw, 1200px\" \/><\/figure>\n\n\n\n<p><strong><strong>Pastilles oorbellen<\/strong><\/strong> | <strong><strong>42\u20ac<\/strong><\/strong> | <a href=\"https:\/\/www.kokobijouxdentelle.fr\/\" target=\"_blank\" rel=\"noreferrer noopener\">Koko kant sieraden<\/a> | <em>Creil<\/em><\/p>\n<\/div>\n\n\n\n<div class=\"is-layout-flow wp-block-column\">\n<figure class=\"wp-block-image size-large\"><img decoding=\"async\" loading=\"lazy\" width=\"1200\" height=\"1200\" data-src=\"https:\/\/www.creilsudoise-tourisme.fr\/wp-content\/uploads\/2025\/05\/koko-bijoux-dentelle_creil-sud-oise-tourisme-2-1200x1200.jpg\" alt=\"\" class=\"wp-image-62261\" data-srcset=\"https:\/\/www.creilsudoise-tourisme.fr\/wp-content\/uploads\/2025\/05\/koko-bijoux-dentelle_creil-sud-oise-tourisme-2-1200x1200.jpg 1200w, https:\/\/www.creilsudoise-tourisme.fr\/wp-content\/uploads\/2025\/05\/koko-bijoux-dentelle_creil-sud-oise-tourisme-2-600x600.jpg 600w, https:\/\/www.creilsudoise-tourisme.fr\/wp-content\/uploads\/2025\/05\/koko-bijoux-dentelle_creil-sud-oise-tourisme-2-300x300.jpg 300w, https:\/\/www.creilsudoise-tourisme.fr\/wp-content\/uploads\/2025\/05\/koko-bijoux-dentelle_creil-sud-oise-tourisme-2-900x900.jpg 900w, https:\/\/www.creilsudoise-tourisme.fr\/wp-content\/uploads\/2025\/05\/koko-bijoux-dentelle_creil-sud-oise-tourisme-2-1536x1536.jpg 1536w, https:\/\/www.creilsudoise-tourisme.fr\/wp-content\/uploads\/2025\/05\/koko-bijoux-dentelle_creil-sud-oise-tourisme-2-12x12.jpg 12w, https:\/\/www.creilsudoise-tourisme.fr\/wp-content\/uploads\/2025\/05\/koko-bijoux-dentelle_creil-sud-oise-tourisme-2-200x200.jpg 200w, https:\/\/www.creilsudoise-tourisme.fr\/wp-content\/uploads\/2025\/05\/koko-bijoux-dentelle_creil-sud-oise-tourisme-2-650x650.jpg 650w, https:\/\/www.creilsudoise-tourisme.fr\/wp-content\/uploads\/2025\/05\/koko-bijoux-dentelle_creil-sud-oise-tourisme-2-387x387.jpg 387w, https:\/\/www.creilsudoise-tourisme.fr\/wp-content\/uploads\/2025\/05\/koko-bijoux-dentelle_creil-sud-oise-tourisme-2.jpg 1920w\" sizes=\"(max-width: 1200px) 100vw, 1200px\" \/><\/figure>\n\n\n\n<p><strong>Kanten ketting<\/strong>| <strong>55\u20ac<\/strong> | <a href=\"https:\/\/www.kokobijouxdentelle.fr\/\" target=\"_blank\" rel=\"noreferrer noopener\">Koko kant sieraden<\/a> | <em>Creil<\/em><\/p>\n<\/div>\n\n\n\n<div class=\"is-layout-flow wp-block-column\">\n<figure class=\"wp-block-image size-large\"><img decoding=\"async\" loading=\"lazy\" width=\"1200\" height=\"1200\" data-src=\"https:\/\/www.creilsudoise-tourisme.fr\/wp-content\/uploads\/2025\/05\/Bougies_Boudoir-A-Cire_\u00a9Creil-Sud-Oise-Tourisme-59-1200x1200.jpg\" alt=\"\" class=\"wp-image-62260\" data-srcset=\"https:\/\/www.creilsudoise-tourisme.fr\/wp-content\/uploads\/2025\/05\/Bougies_Boudoir-A-Cire_\u00a9Creil-Sud-Oise-Tourisme-59-1200x1200.jpg 1200w, https:\/\/www.creilsudoise-tourisme.fr\/wp-content\/uploads\/2025\/05\/Bougies_Boudoir-A-Cire_\u00a9Creil-Sud-Oise-Tourisme-59-600x600.jpg 600w, https:\/\/www.creilsudoise-tourisme.fr\/wp-content\/uploads\/2025\/05\/Bougies_Boudoir-A-Cire_\u00a9Creil-Sud-Oise-Tourisme-59-300x300.jpg 300w, https:\/\/www.creilsudoise-tourisme.fr\/wp-content\/uploads\/2025\/05\/Bougies_Boudoir-A-Cire_\u00a9Creil-Sud-Oise-Tourisme-59-900x900.jpg 900w, https:\/\/www.creilsudoise-tourisme.fr\/wp-content\/uploads\/2025\/05\/Bougies_Boudoir-A-Cire_\u00a9Creil-Sud-Oise-Tourisme-59-1536x1536.jpg 1536w, https:\/\/www.creilsudoise-tourisme.fr\/wp-content\/uploads\/2025\/05\/Bougies_Boudoir-A-Cire_\u00a9Creil-Sud-Oise-Tourisme-59-12x12.jpg 12w, https:\/\/www.creilsudoise-tourisme.fr\/wp-content\/uploads\/2025\/05\/Bougies_Boudoir-A-Cire_\u00a9Creil-Sud-Oise-Tourisme-59-200x200.jpg 200w, https:\/\/www.creilsudoise-tourisme.fr\/wp-content\/uploads\/2025\/05\/Bougies_Boudoir-A-Cire_\u00a9Creil-Sud-Oise-Tourisme-59-650x650.jpg 650w, https:\/\/www.creilsudoise-tourisme.fr\/wp-content\/uploads\/2025\/05\/Bougies_Boudoir-A-Cire_\u00a9Creil-Sud-Oise-Tourisme-59-387x387.jpg 387w, https:\/\/www.creilsudoise-tourisme.fr\/wp-content\/uploads\/2025\/05\/Bougies_Boudoir-A-Cire_\u00a9Creil-Sud-Oise-Tourisme-59.jpg 1920w\" sizes=\"(max-width: 1200px) 100vw, 1200px\" \/><\/figure>\n\n\n\n<p><strong>Decoratieve geurende hanglamp<\/strong> | <strong>16\u20ac<\/strong> | <a href=\"https:\/\/monboudoiracire.com\/\" target=\"_blank\" rel=\"noreferrer noopener\">Mijn wassen boudoir<\/a> | <em>Saint-Maximin<\/em><\/p>\n<\/div>\n<\/div>\n\n\n\n<div class=\"is-layout-flex wp-container-74 wp-block-columns\">\n<div class=\"is-layout-flow wp-block-column\">\n<figure class=\"wp-block-image size-large\"><img decoding=\"async\" loading=\"lazy\" width=\"1200\" height=\"1200\" data-src=\"https:\/\/www.creilsudoise-tourisme.fr\/wp-content\/uploads\/2025\/05\/Bougies_Boudoir-A-Cire_\u00a9Creil-Sud-Oise-Tourisme-57-1200x1200.jpg\" alt=\"\" class=\"wp-image-62259\" data-srcset=\"https:\/\/www.creilsudoise-tourisme.fr\/wp-content\/uploads\/2025\/05\/Bougies_Boudoir-A-Cire_\u00a9Creil-Sud-Oise-Tourisme-57-1200x1200.jpg 1200w, https:\/\/www.creilsudoise-tourisme.fr\/wp-content\/uploads\/2025\/05\/Bougies_Boudoir-A-Cire_\u00a9Creil-Sud-Oise-Tourisme-57-600x600.jpg 600w, https:\/\/www.creilsudoise-tourisme.fr\/wp-content\/uploads\/2025\/05\/Bougies_Boudoir-A-Cire_\u00a9Creil-Sud-Oise-Tourisme-57-300x300.jpg 300w, https:\/\/www.creilsudoise-tourisme.fr\/wp-content\/uploads\/2025\/05\/Bougies_Boudoir-A-Cire_\u00a9Creil-Sud-Oise-Tourisme-57-900x900.jpg 900w, https:\/\/www.creilsudoise-tourisme.fr\/wp-content\/uploads\/2025\/05\/Bougies_Boudoir-A-Cire_\u00a9Creil-Sud-Oise-Tourisme-57-1536x1536.jpg 1536w, https:\/\/www.creilsudoise-tourisme.fr\/wp-content\/uploads\/2025\/05\/Bougies_Boudoir-A-Cire_\u00a9Creil-Sud-Oise-Tourisme-57-12x12.jpg 12w, https:\/\/www.creilsudoise-tourisme.fr\/wp-content\/uploads\/2025\/05\/Bougies_Boudoir-A-Cire_\u00a9Creil-Sud-Oise-Tourisme-57-200x200.jpg 200w, https:\/\/www.creilsudoise-tourisme.fr\/wp-content\/uploads\/2025\/05\/Bougies_Boudoir-A-Cire_\u00a9Creil-Sud-Oise-Tourisme-57-650x650.jpg 650w, https:\/\/www.creilsudoise-tourisme.fr\/wp-content\/uploads\/2025\/05\/Bougies_Boudoir-A-Cire_\u00a9Creil-Sud-Oise-Tourisme-57-387x387.jpg 387w, https:\/\/www.creilsudoise-tourisme.fr\/wp-content\/uploads\/2025\/05\/Bougies_Boudoir-A-Cire_\u00a9Creil-Sud-Oise-Tourisme-57.jpg 1920w\" sizes=\"(max-width: 1200px) 100vw, 1200px\" \/><\/figure>\n\n\n\n<p><strong>Decoratieve geurende hanglamp<\/strong> | <strong>16\u20ac<\/strong> | <a href=\"https:\/\/monboudoiracire.com\/\" target=\"_blank\" rel=\"noreferrer noopener\">Mijn wassen boudoir<\/a> | <em>Saint-Maximin<\/em><\/p>\n<\/div>\n\n\n\n<div class=\"is-layout-flow wp-block-column\">\n<figure class=\"wp-block-image size-large\"><img decoding=\"async\" loading=\"lazy\" width=\"1200\" height=\"1200\" data-src=\"https:\/\/www.creilsudoise-tourisme.fr\/wp-content\/uploads\/2025\/05\/Bougies_Boudoir-A-Cire_\u00a9Creil-Sud-Oise-Tourisme-53-1200x1200.jpg\" alt=\"\" class=\"wp-image-62258\" data-srcset=\"https:\/\/www.creilsudoise-tourisme.fr\/wp-content\/uploads\/2025\/05\/Bougies_Boudoir-A-Cire_\u00a9Creil-Sud-Oise-Tourisme-53-1200x1200.jpg 1200w, https:\/\/www.creilsudoise-tourisme.fr\/wp-content\/uploads\/2025\/05\/Bougies_Boudoir-A-Cire_\u00a9Creil-Sud-Oise-Tourisme-53-600x600.jpg 600w, https:\/\/www.creilsudoise-tourisme.fr\/wp-content\/uploads\/2025\/05\/Bougies_Boudoir-A-Cire_\u00a9Creil-Sud-Oise-Tourisme-53-300x300.jpg 300w, https:\/\/www.creilsudoise-tourisme.fr\/wp-content\/uploads\/2025\/05\/Bougies_Boudoir-A-Cire_\u00a9Creil-Sud-Oise-Tourisme-53-900x900.jpg 900w, https:\/\/www.creilsudoise-tourisme.fr\/wp-content\/uploads\/2025\/05\/Bougies_Boudoir-A-Cire_\u00a9Creil-Sud-Oise-Tourisme-53-1536x1536.jpg 1536w, https:\/\/www.creilsudoise-tourisme.fr\/wp-content\/uploads\/2025\/05\/Bougies_Boudoir-A-Cire_\u00a9Creil-Sud-Oise-Tourisme-53-12x12.jpg 12w, https:\/\/www.creilsudoise-tourisme.fr\/wp-content\/uploads\/2025\/05\/Bougies_Boudoir-A-Cire_\u00a9Creil-Sud-Oise-Tourisme-53-200x200.jpg 200w, https:\/\/www.creilsudoise-tourisme.fr\/wp-content\/uploads\/2025\/05\/Bougies_Boudoir-A-Cire_\u00a9Creil-Sud-Oise-Tourisme-53-650x650.jpg 650w, https:\/\/www.creilsudoise-tourisme.fr\/wp-content\/uploads\/2025\/05\/Bougies_Boudoir-A-Cire_\u00a9Creil-Sud-Oise-Tourisme-53-387x387.jpg 387w, https:\/\/www.creilsudoise-tourisme.fr\/wp-content\/uploads\/2025\/05\/Bougies_Boudoir-A-Cire_\u00a9Creil-Sud-Oise-Tourisme-53.jpg 1920w\" sizes=\"(max-width: 1200px) 100vw, 1200px\" \/><\/figure>\n\n\n\n<p><strong>Decoratieve geurende hanglamp<\/strong> | <strong>16\u20ac<\/strong> | <a href=\"https:\/\/monboudoiracire.com\/\" target=\"_blank\" rel=\"noreferrer noopener\">Mijn wassen boudoir<\/a> | <em>Saint-Maximin<\/em><\/p>\n<\/div>\n\n\n\n<div class=\"is-layout-flow wp-block-column\">\n<figure class=\"wp-block-image size-large\"><img decoding=\"async\" loading=\"lazy\" width=\"1200\" height=\"1200\" data-src=\"https:\/\/www.creilsudoise-tourisme.fr\/wp-content\/uploads\/2025\/05\/Bougies_Boudoir-A-Cire_\u00a9Creil-Sud-Oise-Tourisme-27-1200x1200.jpg\" alt=\"\" class=\"wp-image-62254\" data-srcset=\"https:\/\/www.creilsudoise-tourisme.fr\/wp-content\/uploads\/2025\/05\/Bougies_Boudoir-A-Cire_\u00a9Creil-Sud-Oise-Tourisme-27-1200x1200.jpg 1200w, https:\/\/www.creilsudoise-tourisme.fr\/wp-content\/uploads\/2025\/05\/Bougies_Boudoir-A-Cire_\u00a9Creil-Sud-Oise-Tourisme-27-600x600.jpg 600w, https:\/\/www.creilsudoise-tourisme.fr\/wp-content\/uploads\/2025\/05\/Bougies_Boudoir-A-Cire_\u00a9Creil-Sud-Oise-Tourisme-27-300x300.jpg 300w, https:\/\/www.creilsudoise-tourisme.fr\/wp-content\/uploads\/2025\/05\/Bougies_Boudoir-A-Cire_\u00a9Creil-Sud-Oise-Tourisme-27-900x900.jpg 900w, https:\/\/www.creilsudoise-tourisme.fr\/wp-content\/uploads\/2025\/05\/Bougies_Boudoir-A-Cire_\u00a9Creil-Sud-Oise-Tourisme-27-1536x1536.jpg 1536w, https:\/\/www.creilsudoise-tourisme.fr\/wp-content\/uploads\/2025\/05\/Bougies_Boudoir-A-Cire_\u00a9Creil-Sud-Oise-Tourisme-27-12x12.jpg 12w, https:\/\/www.creilsudoise-tourisme.fr\/wp-content\/uploads\/2025\/05\/Bougies_Boudoir-A-Cire_\u00a9Creil-Sud-Oise-Tourisme-27-200x200.jpg 200w, https:\/\/www.creilsudoise-tourisme.fr\/wp-content\/uploads\/2025\/05\/Bougies_Boudoir-A-Cire_\u00a9Creil-Sud-Oise-Tourisme-27-650x650.jpg 650w, https:\/\/www.creilsudoise-tourisme.fr\/wp-content\/uploads\/2025\/05\/Bougies_Boudoir-A-Cire_\u00a9Creil-Sud-Oise-Tourisme-27-387x387.jpg 387w, https:\/\/www.creilsudoise-tourisme.fr\/wp-content\/uploads\/2025\/05\/Bougies_Boudoir-A-Cire_\u00a9Creil-Sud-Oise-Tourisme-27.jpg 1920w\" sizes=\"(max-width: 1200px) 100vw, 1200px\" \/><\/figure>\n\n\n\n<p><strong>Diamanten kaars<\/strong> | <strong>13,50\u20ac<\/strong> | <a href=\"https:\/\/monboudoiracire.com\/\" target=\"_blank\" rel=\"noreferrer noopener\">Mijn wassen boudoir<\/a> | <em>Saint-Maximin<\/em><br><sup>Aanvulling<\/sup><\/p>\n<\/div>\n<\/div>\n\n\n\n<div class=\"is-layout-flex wp-container-78 wp-block-columns\">\n<div class=\"is-layout-flow wp-block-column\">\n<figure class=\"wp-block-image size-large\"><img decoding=\"async\" loading=\"lazy\" width=\"1200\" height=\"1200\" data-src=\"https:\/\/www.creilsudoise-tourisme.fr\/wp-content\/uploads\/2025\/05\/Bougies_Boudoir-A-Cire_\u00a9Creil-Sud-Oise-Tourisme-24-1200x1200.jpg\" alt=\"\" class=\"wp-image-62253\" data-srcset=\"https:\/\/www.creilsudoise-tourisme.fr\/wp-content\/uploads\/2025\/05\/Bougies_Boudoir-A-Cire_\u00a9Creil-Sud-Oise-Tourisme-24-1200x1200.jpg 1200w, https:\/\/www.creilsudoise-tourisme.fr\/wp-content\/uploads\/2025\/05\/Bougies_Boudoir-A-Cire_\u00a9Creil-Sud-Oise-Tourisme-24-600x600.jpg 600w, https:\/\/www.creilsudoise-tourisme.fr\/wp-content\/uploads\/2025\/05\/Bougies_Boudoir-A-Cire_\u00a9Creil-Sud-Oise-Tourisme-24-300x300.jpg 300w, https:\/\/www.creilsudoise-tourisme.fr\/wp-content\/uploads\/2025\/05\/Bougies_Boudoir-A-Cire_\u00a9Creil-Sud-Oise-Tourisme-24-900x900.jpg 900w, https:\/\/www.creilsudoise-tourisme.fr\/wp-content\/uploads\/2025\/05\/Bougies_Boudoir-A-Cire_\u00a9Creil-Sud-Oise-Tourisme-24-1536x1536.jpg 1536w, https:\/\/www.creilsudoise-tourisme.fr\/wp-content\/uploads\/2025\/05\/Bougies_Boudoir-A-Cire_\u00a9Creil-Sud-Oise-Tourisme-24-12x12.jpg 12w, https:\/\/www.creilsudoise-tourisme.fr\/wp-content\/uploads\/2025\/05\/Bougies_Boudoir-A-Cire_\u00a9Creil-Sud-Oise-Tourisme-24-200x200.jpg 200w, https:\/\/www.creilsudoise-tourisme.fr\/wp-content\/uploads\/2025\/05\/Bougies_Boudoir-A-Cire_\u00a9Creil-Sud-Oise-Tourisme-24-650x650.jpg 650w, https:\/\/www.creilsudoise-tourisme.fr\/wp-content\/uploads\/2025\/05\/Bougies_Boudoir-A-Cire_\u00a9Creil-Sud-Oise-Tourisme-24-387x387.jpg 387w, https:\/\/www.creilsudoise-tourisme.fr\/wp-content\/uploads\/2025\/05\/Bougies_Boudoir-A-Cire_\u00a9Creil-Sud-Oise-Tourisme-24.jpg 1920w\" sizes=\"(max-width: 1200px) 100vw, 1200px\" \/><\/figure>\n\n\n\n<p><strong>Kaarshouder<\/strong> | <strong>20,50\u20ac<\/strong> | <a href=\"https:\/\/monboudoiracire.com\/\" target=\"_blank\" rel=\"noreferrer noopener\">Mijn wassen boudoir<\/a> | <em>Saint-Maximin<\/em><\/p>\n<\/div>\n\n\n\n<div class=\"is-layout-flow wp-block-column\">\n<figure class=\"wp-block-image size-large\"><img decoding=\"async\" loading=\"lazy\" width=\"1200\" height=\"1200\" data-src=\"https:\/\/www.creilsudoise-tourisme.fr\/wp-content\/uploads\/2025\/05\/Bougies_Boudoir-A-Cire_\u00a9Creil-Sud-Oise-Tourisme-37-1200x1200.jpg\" alt=\"\" class=\"wp-image-62256\" data-srcset=\"https:\/\/www.creilsudoise-tourisme.fr\/wp-content\/uploads\/2025\/05\/Bougies_Boudoir-A-Cire_\u00a9Creil-Sud-Oise-Tourisme-37-1200x1200.jpg 1200w, https:\/\/www.creilsudoise-tourisme.fr\/wp-content\/uploads\/2025\/05\/Bougies_Boudoir-A-Cire_\u00a9Creil-Sud-Oise-Tourisme-37-600x600.jpg 600w, https:\/\/www.creilsudoise-tourisme.fr\/wp-content\/uploads\/2025\/05\/Bougies_Boudoir-A-Cire_\u00a9Creil-Sud-Oise-Tourisme-37-300x300.jpg 300w, https:\/\/www.creilsudoise-tourisme.fr\/wp-content\/uploads\/2025\/05\/Bougies_Boudoir-A-Cire_\u00a9Creil-Sud-Oise-Tourisme-37-900x900.jpg 900w, https:\/\/www.creilsudoise-tourisme.fr\/wp-content\/uploads\/2025\/05\/Bougies_Boudoir-A-Cire_\u00a9Creil-Sud-Oise-Tourisme-37-1536x1536.jpg 1536w, https:\/\/www.creilsudoise-tourisme.fr\/wp-content\/uploads\/2025\/05\/Bougies_Boudoir-A-Cire_\u00a9Creil-Sud-Oise-Tourisme-37-12x12.jpg 12w, https:\/\/www.creilsudoise-tourisme.fr\/wp-content\/uploads\/2025\/05\/Bougies_Boudoir-A-Cire_\u00a9Creil-Sud-Oise-Tourisme-37-200x200.jpg 200w, https:\/\/www.creilsudoise-tourisme.fr\/wp-content\/uploads\/2025\/05\/Bougies_Boudoir-A-Cire_\u00a9Creil-Sud-Oise-Tourisme-37-650x650.jpg 650w, https:\/\/www.creilsudoise-tourisme.fr\/wp-content\/uploads\/2025\/05\/Bougies_Boudoir-A-Cire_\u00a9Creil-Sud-Oise-Tourisme-37-387x387.jpg 387w, https:\/\/www.creilsudoise-tourisme.fr\/wp-content\/uploads\/2025\/05\/Bougies_Boudoir-A-Cire_\u00a9Creil-Sud-Oise-Tourisme-37.jpg 1920w\" sizes=\"(max-width: 1200px) 100vw, 1200px\" \/><\/figure>\n\n\n\n<p><strong>Pioen kaars <\/strong>| <strong>16.20\u20ac<\/strong> | <a href=\"https:\/\/monboudoiracire.com\/\" target=\"_blank\" rel=\"noreferrer noopener\">Mijn wassen boudoir<\/a> | <em>Saint-Maximin<\/em><\/p>\n<\/div>\n\n\n\n<div class=\"is-layout-flow wp-block-column\">\n<figure class=\"wp-block-image size-large\"><img decoding=\"async\" loading=\"lazy\" width=\"1200\" height=\"1200\" data-src=\"https:\/\/www.creilsudoise-tourisme.fr\/wp-content\/uploads\/2025\/05\/Bougies_Boudoir-A-Cire_\u00a9Creil-Sud-Oise-Tourisme-34-1200x1200.jpg\" alt=\"\" class=\"wp-image-62255\" data-srcset=\"https:\/\/www.creilsudoise-tourisme.fr\/wp-content\/uploads\/2025\/05\/Bougies_Boudoir-A-Cire_\u00a9Creil-Sud-Oise-Tourisme-34-1200x1200.jpg 1200w, https:\/\/www.creilsudoise-tourisme.fr\/wp-content\/uploads\/2025\/05\/Bougies_Boudoir-A-Cire_\u00a9Creil-Sud-Oise-Tourisme-34-600x600.jpg 600w, https:\/\/www.creilsudoise-tourisme.fr\/wp-content\/uploads\/2025\/05\/Bougies_Boudoir-A-Cire_\u00a9Creil-Sud-Oise-Tourisme-34-300x300.jpg 300w, https:\/\/www.creilsudoise-tourisme.fr\/wp-content\/uploads\/2025\/05\/Bougies_Boudoir-A-Cire_\u00a9Creil-Sud-Oise-Tourisme-34-900x900.jpg 900w, https:\/\/www.creilsudoise-tourisme.fr\/wp-content\/uploads\/2025\/05\/Bougies_Boudoir-A-Cire_\u00a9Creil-Sud-Oise-Tourisme-34-1536x1536.jpg 1536w, https:\/\/www.creilsudoise-tourisme.fr\/wp-content\/uploads\/2025\/05\/Bougies_Boudoir-A-Cire_\u00a9Creil-Sud-Oise-Tourisme-34-12x12.jpg 12w, https:\/\/www.creilsudoise-tourisme.fr\/wp-content\/uploads\/2025\/05\/Bougies_Boudoir-A-Cire_\u00a9Creil-Sud-Oise-Tourisme-34-200x200.jpg 200w, https:\/\/www.creilsudoise-tourisme.fr\/wp-content\/uploads\/2025\/05\/Bougies_Boudoir-A-Cire_\u00a9Creil-Sud-Oise-Tourisme-34-650x650.jpg 650w, https:\/\/www.creilsudoise-tourisme.fr\/wp-content\/uploads\/2025\/05\/Bougies_Boudoir-A-Cire_\u00a9Creil-Sud-Oise-Tourisme-34-387x387.jpg 387w, https:\/\/www.creilsudoise-tourisme.fr\/wp-content\/uploads\/2025\/05\/Bougies_Boudoir-A-Cire_\u00a9Creil-Sud-Oise-Tourisme-34.jpg 1920w\" sizes=\"(max-width: 1200px) 100vw, 1200px\" \/><\/figure>\n\n\n\n<p><strong>Hortensia kaars<\/strong> | <strong>16.20\u20ac<\/strong> | <a href=\"https:\/\/monboudoiracire.com\/\" target=\"_blank\" rel=\"noreferrer noopener\">Mijn wassen boudoir<\/a> | <em>Saint-Maximin<\/em><br><sup>Aanvulling<\/sup><\/p>\n<\/div>\n<\/div>\n\n\n\n<div class=\"is-layout-flex wp-container-82 wp-block-columns\">\n<div class=\"is-layout-flow wp-block-column\">\n<figure class=\"wp-block-image size-large is-resized\"><img decoding=\"async\" loading=\"lazy\" data-src=\"https:\/\/www.creilsudoise-tourisme.fr\/wp-content\/uploads\/2026\/04\/sao-chantilly-karite_creil-sud-oise-tourisme-11-987x1200.jpg\" alt=\"\" class=\"wp-image-68590\" width=\"241\" height=\"293\" data-srcset=\"https:\/\/www.creilsudoise-tourisme.fr\/wp-content\/uploads\/2026\/04\/sao-chantilly-karite_creil-sud-oise-tourisme-11-987x1200.jpg 987w, https:\/\/www.creilsudoise-tourisme.fr\/wp-content\/uploads\/2026\/04\/sao-chantilly-karite_creil-sud-oise-tourisme-11-493x600.jpg 493w, https:\/\/www.creilsudoise-tourisme.fr\/wp-content\/uploads\/2026\/04\/sao-chantilly-karite_creil-sud-oise-tourisme-11-740x900.jpg 740w, https:\/\/www.creilsudoise-tourisme.fr\/wp-content\/uploads\/2026\/04\/sao-chantilly-karite_creil-sud-oise-tourisme-11-1263x1536.jpg 1263w, https:\/\/www.creilsudoise-tourisme.fr\/wp-content\/uploads\/2026\/04\/sao-chantilly-karite_creil-sud-oise-tourisme-11-10x12.jpg 10w, https:\/\/www.creilsudoise-tourisme.fr\/wp-content\/uploads\/2026\/04\/sao-chantilly-karite_creil-sud-oise-tourisme-11-200x243.jpg 200w, https:\/\/www.creilsudoise-tourisme.fr\/wp-content\/uploads\/2026\/04\/sao-chantilly-karite_creil-sud-oise-tourisme-11-650x790.jpg 650w, https:\/\/www.creilsudoise-tourisme.fr\/wp-content\/uploads\/2026\/04\/sao-chantilly-karite_creil-sud-oise-tourisme-11-387x471.jpg 387w, https:\/\/www.creilsudoise-tourisme.fr\/wp-content\/uploads\/2026\/04\/sao-chantilly-karite_creil-sud-oise-tourisme-11.jpg 1579w\" sizes=\"(max-width: 241px) 100vw, 241px\" \/><\/figure>\n<\/div>\n\n\n\n<div class=\"is-layout-flow wp-block-column\">\n<figure class=\"wp-block-image\"><img alt=\"\"\/><\/figure>\n<\/div>\n\n\n\n<div class=\"is-layout-flow wp-block-column\"><\/div>\n<\/div>\n\n\n\n<div class=\"is-layout-flex wp-container-86 wp-block-columns\">\n<div class=\"is-layout-flow wp-block-column\">\n<p><strong>Chantilly de karit\u00e9<\/strong> | <strong>22\u20ac<\/strong> l&rsquo;unit\u00e9 | Amande douce ou coco &amp; noisette | <em><a href=\"https:\/\/www.savonnerie-sao.fr\/\" target=\"_blank\" rel=\"noreferrer noopener\">Ambachtelijke Savonnerie de l'Oise<\/a> <\/em>| <em>Saint-Vaast-l\u00e8s-Mello<\/em><\/p>\n<\/div>\n\n\n\n<div class=\"is-layout-flow wp-block-column\"><\/div>\n\n\n\n<div class=\"is-layout-flow wp-block-column\"><\/div>\n<\/div>\n\n\n\n<h2>De boeken<\/h2>\n\n\n\n<div class=\"is-layout-flex wp-container-90 wp-block-columns\">\n<div class=\"is-layout-flow wp-block-column\">\n<figure class=\"wp-block-image size-full\"><img decoding=\"async\" loading=\"lazy\" width=\"1000\" height=\"1000\" data-src=\"https:\/\/www.creilsudoise-tourisme.fr\/wp-content\/uploads\/2023\/11\/Maurice-Galle-Boutique-de-Creil-Sud-Oise-Tourisme.jpg\" alt=\"winkel Creil Sud Oise Tourisme Kantoor Tourisme lokale artisanat cadeau idee kerst verjaardag handgemaakt producent Hauts-de-France Oise Picardie boek\" class=\"wp-image-50708\" data-srcset=\"https:\/\/www.creilsudoise-tourisme.fr\/wp-content\/uploads\/2023\/11\/Maurice-Galle-Boutique-de-Creil-Sud-Oise-Tourisme.jpg 1000w, https:\/\/www.creilsudoise-tourisme.fr\/wp-content\/uploads\/2023\/11\/Maurice-Galle-Boutique-de-Creil-Sud-Oise-Tourisme-600x600.jpg 600w, https:\/\/www.creilsudoise-tourisme.fr\/wp-content\/uploads\/2023\/11\/Maurice-Galle-Boutique-de-Creil-Sud-Oise-Tourisme-300x300.jpg 300w, https:\/\/www.creilsudoise-tourisme.fr\/wp-content\/uploads\/2023\/11\/Maurice-Galle-Boutique-de-Creil-Sud-Oise-Tourisme-900x900.jpg 900w, https:\/\/www.creilsudoise-tourisme.fr\/wp-content\/uploads\/2023\/11\/Maurice-Galle-Boutique-de-Creil-Sud-Oise-Tourisme-12x12.jpg 12w, https:\/\/www.creilsudoise-tourisme.fr\/wp-content\/uploads\/2023\/11\/Maurice-Galle-Boutique-de-Creil-Sud-Oise-Tourisme-200x200.jpg 200w, https:\/\/www.creilsudoise-tourisme.fr\/wp-content\/uploads\/2023\/11\/Maurice-Galle-Boutique-de-Creil-Sud-Oise-Tourisme-650x650.jpg 650w, https:\/\/www.creilsudoise-tourisme.fr\/wp-content\/uploads\/2023\/11\/Maurice-Galle-Boutique-de-Creil-Sud-Oise-Tourisme-387x387.jpg 387w\" sizes=\"(max-width: 1000px) 100vw, 1000px\" \/><\/figure>\n\n\n\n<p><em>Maurice Gall\u00e9 <\/em>door S. Audoin-Rouseau en N. Garreau-Demilly | <strong>15\u20ac<\/strong> <\/p>\n<\/div>\n\n\n\n<div class=\"is-layout-flow wp-block-column\">\n<figure class=\"wp-block-image size-full\"><img decoding=\"async\" loading=\"lazy\" width=\"1000\" height=\"1000\" data-src=\"https:\/\/www.creilsudoise-tourisme.fr\/wp-content\/uploads\/2023\/11\/La-Faience-fine-de-Creil-Boutique-de-Creil-Sud-Oise-Tourisme.jpg\" alt=\"winkel Creil Sud Oise Tourisme Kantoor Tourisme lokale artisanat cadeau idee kerst verjaardag handgemaakt producent Hauts-de-France Oise Picardie boek\" class=\"wp-image-50704\" data-srcset=\"https:\/\/www.creilsudoise-tourisme.fr\/wp-content\/uploads\/2023\/11\/La-Faience-fine-de-Creil-Boutique-de-Creil-Sud-Oise-Tourisme.jpg 1000w, https:\/\/www.creilsudoise-tourisme.fr\/wp-content\/uploads\/2023\/11\/La-Faience-fine-de-Creil-Boutique-de-Creil-Sud-Oise-Tourisme-600x600.jpg 600w, https:\/\/www.creilsudoise-tourisme.fr\/wp-content\/uploads\/2023\/11\/La-Faience-fine-de-Creil-Boutique-de-Creil-Sud-Oise-Tourisme-300x300.jpg 300w, https:\/\/www.creilsudoise-tourisme.fr\/wp-content\/uploads\/2023\/11\/La-Faience-fine-de-Creil-Boutique-de-Creil-Sud-Oise-Tourisme-900x900.jpg 900w, https:\/\/www.creilsudoise-tourisme.fr\/wp-content\/uploads\/2023\/11\/La-Faience-fine-de-Creil-Boutique-de-Creil-Sud-Oise-Tourisme-12x12.jpg 12w, https:\/\/www.creilsudoise-tourisme.fr\/wp-content\/uploads\/2023\/11\/La-Faience-fine-de-Creil-Boutique-de-Creil-Sud-Oise-Tourisme-200x200.jpg 200w, https:\/\/www.creilsudoise-tourisme.fr\/wp-content\/uploads\/2023\/11\/La-Faience-fine-de-Creil-Boutique-de-Creil-Sud-Oise-Tourisme-650x650.jpg 650w, https:\/\/www.creilsudoise-tourisme.fr\/wp-content\/uploads\/2023\/11\/La-Faience-fine-de-Creil-Boutique-de-Creil-Sud-Oise-Tourisme-387x387.jpg 387w\" sizes=\"(max-width: 1000px) 100vw, 1000px\" \/><\/figure>\n\n\n\n<p><em>Fijn aardewerk uit Creil<\/em> | <strong>10\u20ac<\/strong><\/p>\n<\/div>\n\n\n\n<div class=\"is-layout-flow wp-block-column\">\n<figure class=\"wp-block-image size-full\"><img decoding=\"async\" loading=\"lazy\" width=\"1000\" height=\"1000\" data-src=\"https:\/\/www.creilsudoise-tourisme.fr\/wp-content\/uploads\/2023\/11\/English-Influences-on-Creil-Ceramic-Boutique-de-Creil-Sud-Oise-Tourisme.jpg\" alt=\"boutique Creil Sud Oise Tourisme Office Tourisme local artisanat id\u00e9e no\u00ebl anniversaire fait main producteur Hauts-de-France Oise Picardie livre english\" class=\"wp-image-50693\" data-srcset=\"https:\/\/www.creilsudoise-tourisme.fr\/wp-content\/uploads\/2023\/11\/English-Influences-on-Creil-Ceramic-Boutique-de-Creil-Sud-Oise-Tourisme.jpg 1000w, https:\/\/www.creilsudoise-tourisme.fr\/wp-content\/uploads\/2023\/11\/English-Influences-on-Creil-Ceramic-Boutique-de-Creil-Sud-Oise-Tourisme-600x600.jpg 600w, https:\/\/www.creilsudoise-tourisme.fr\/wp-content\/uploads\/2023\/11\/English-Influences-on-Creil-Ceramic-Boutique-de-Creil-Sud-Oise-Tourisme-300x300.jpg 300w, https:\/\/www.creilsudoise-tourisme.fr\/wp-content\/uploads\/2023\/11\/English-Influences-on-Creil-Ceramic-Boutique-de-Creil-Sud-Oise-Tourisme-900x900.jpg 900w, https:\/\/www.creilsudoise-tourisme.fr\/wp-content\/uploads\/2023\/11\/English-Influences-on-Creil-Ceramic-Boutique-de-Creil-Sud-Oise-Tourisme-12x12.jpg 12w, https:\/\/www.creilsudoise-tourisme.fr\/wp-content\/uploads\/2023\/11\/English-Influences-on-Creil-Ceramic-Boutique-de-Creil-Sud-Oise-Tourisme-200x200.jpg 200w, https:\/\/www.creilsudoise-tourisme.fr\/wp-content\/uploads\/2023\/11\/English-Influences-on-Creil-Ceramic-Boutique-de-Creil-Sud-Oise-Tourisme-650x650.jpg 650w, https:\/\/www.creilsudoise-tourisme.fr\/wp-content\/uploads\/2023\/11\/English-Influences-on-Creil-Ceramic-Boutique-de-Creil-Sud-Oise-Tourisme-387x387.jpg 387w\" sizes=\"(max-width: 1000px) 100vw, 1000px\" \/><\/figure>\n\n\n\n<p><em>Engelse invloeden op Creilse keramiek<\/em> | <strong>5\u20ac<\/strong><\/p>\n<\/div>\n<\/div>\n\n\n\n<div class=\"is-layout-flex wp-container-94 wp-block-columns\">\n<div class=\"is-layout-flow wp-block-column\">\n<figure class=\"wp-block-image size-full\"><img decoding=\"async\" loading=\"lazy\" width=\"1000\" height=\"1000\" data-src=\"https:\/\/www.creilsudoise-tourisme.fr\/wp-content\/uploads\/2023\/11\/Une-pierre-dans-mon-jardin-Boutique-de-Creil-Sud-Oise-Tourisme.jpg\" alt=\"winkel Creil Sud Oise Tourisme Kantoor Tourisme lokale artisanat cadeau idee kerst verjaardag handgemaakt producent Hauts-de-France Oise Picardie boek\" class=\"wp-image-50721\" data-srcset=\"https:\/\/www.creilsudoise-tourisme.fr\/wp-content\/uploads\/2023\/11\/Une-pierre-dans-mon-jardin-Boutique-de-Creil-Sud-Oise-Tourisme.jpg 1000w, https:\/\/www.creilsudoise-tourisme.fr\/wp-content\/uploads\/2023\/11\/Une-pierre-dans-mon-jardin-Boutique-de-Creil-Sud-Oise-Tourisme-600x600.jpg 600w, https:\/\/www.creilsudoise-tourisme.fr\/wp-content\/uploads\/2023\/11\/Une-pierre-dans-mon-jardin-Boutique-de-Creil-Sud-Oise-Tourisme-300x300.jpg 300w, https:\/\/www.creilsudoise-tourisme.fr\/wp-content\/uploads\/2023\/11\/Une-pierre-dans-mon-jardin-Boutique-de-Creil-Sud-Oise-Tourisme-900x900.jpg 900w, https:\/\/www.creilsudoise-tourisme.fr\/wp-content\/uploads\/2023\/11\/Une-pierre-dans-mon-jardin-Boutique-de-Creil-Sud-Oise-Tourisme-12x12.jpg 12w, https:\/\/www.creilsudoise-tourisme.fr\/wp-content\/uploads\/2023\/11\/Une-pierre-dans-mon-jardin-Boutique-de-Creil-Sud-Oise-Tourisme-200x200.jpg 200w, https:\/\/www.creilsudoise-tourisme.fr\/wp-content\/uploads\/2023\/11\/Une-pierre-dans-mon-jardin-Boutique-de-Creil-Sud-Oise-Tourisme-650x650.jpg 650w, https:\/\/www.creilsudoise-tourisme.fr\/wp-content\/uploads\/2023\/11\/Une-pierre-dans-mon-jardin-Boutique-de-Creil-Sud-Oise-Tourisme-387x387.jpg 387w\" sizes=\"(max-width: 1000px) 100vw, 1000px\" \/><\/figure>\n\n\n\n<p><em>Een steen in mijn tuin verborgen door het bos! <\/em>door Georges Sebbag | <strong>15\u20ac<\/strong> <\/p>\n<\/div>\n\n\n\n<div class=\"is-layout-flow wp-block-column\">\n<figure class=\"wp-block-image size-full\"><img decoding=\"async\" loading=\"lazy\" width=\"1000\" height=\"1000\" data-src=\"https:\/\/www.creilsudoise-tourisme.fr\/wp-content\/uploads\/2023\/11\/Georges-le-gamin-qui-revait-dans-les-pierres-Boutique-de-Creil-Sud-Oise-Tourisme.jpg\" alt=\"winkel Creil Sud Oise Tourisme Kantoor Tourisme lokale artisanat cadeau idee kerst verjaardag handgemaakt producent Hauts-de-France Oise Picardie boek\" class=\"wp-image-50695\" data-srcset=\"https:\/\/www.creilsudoise-tourisme.fr\/wp-content\/uploads\/2023\/11\/Georges-le-gamin-qui-revait-dans-les-pierres-Boutique-de-Creil-Sud-Oise-Tourisme.jpg 1000w, https:\/\/www.creilsudoise-tourisme.fr\/wp-content\/uploads\/2023\/11\/Georges-le-gamin-qui-revait-dans-les-pierres-Boutique-de-Creil-Sud-Oise-Tourisme-600x600.jpg 600w, https:\/\/www.creilsudoise-tourisme.fr\/wp-content\/uploads\/2023\/11\/Georges-le-gamin-qui-revait-dans-les-pierres-Boutique-de-Creil-Sud-Oise-Tourisme-300x300.jpg 300w, https:\/\/www.creilsudoise-tourisme.fr\/wp-content\/uploads\/2023\/11\/Georges-le-gamin-qui-revait-dans-les-pierres-Boutique-de-Creil-Sud-Oise-Tourisme-900x900.jpg 900w, https:\/\/www.creilsudoise-tourisme.fr\/wp-content\/uploads\/2023\/11\/Georges-le-gamin-qui-revait-dans-les-pierres-Boutique-de-Creil-Sud-Oise-Tourisme-12x12.jpg 12w, https:\/\/www.creilsudoise-tourisme.fr\/wp-content\/uploads\/2023\/11\/Georges-le-gamin-qui-revait-dans-les-pierres-Boutique-de-Creil-Sud-Oise-Tourisme-200x200.jpg 200w, https:\/\/www.creilsudoise-tourisme.fr\/wp-content\/uploads\/2023\/11\/Georges-le-gamin-qui-revait-dans-les-pierres-Boutique-de-Creil-Sud-Oise-Tourisme-650x650.jpg 650w, https:\/\/www.creilsudoise-tourisme.fr\/wp-content\/uploads\/2023\/11\/Georges-le-gamin-qui-revait-dans-les-pierres-Boutique-de-Creil-Sud-Oise-Tourisme-387x387.jpg 387w\" sizes=\"(max-width: 1000px) 100vw, 1000px\" \/><\/figure>\n\n\n\n<p><em>Georges een jongen die droomde in stenen <\/em>door N. D\u00e9sir\u00e9e-Frisque en R. Wallet |. <strong>18\u20ac<\/strong><\/p>\n<\/div>\n\n\n\n<div class=\"is-layout-flow wp-block-column\">\n<figure class=\"wp-block-image size-full\"><img decoding=\"async\" loading=\"lazy\" width=\"1000\" height=\"1000\" data-src=\"https:\/\/www.creilsudoise-tourisme.fr\/wp-content\/uploads\/2023\/11\/Site-V1-en-Picardie-Boutique-de-Creil-Sud-Oise-Tourisme.jpg\" alt=\"winkel Creil Sud Oise Tourisme Kantoor Tourisme lokale artisanat cadeau idee kerst verjaardag handgemaakt producent Hauts-de-France Oise Picardie boek\" class=\"wp-image-50718\" data-srcset=\"https:\/\/www.creilsudoise-tourisme.fr\/wp-content\/uploads\/2023\/11\/Site-V1-en-Picardie-Boutique-de-Creil-Sud-Oise-Tourisme.jpg 1000w, https:\/\/www.creilsudoise-tourisme.fr\/wp-content\/uploads\/2023\/11\/Site-V1-en-Picardie-Boutique-de-Creil-Sud-Oise-Tourisme-600x600.jpg 600w, https:\/\/www.creilsudoise-tourisme.fr\/wp-content\/uploads\/2023\/11\/Site-V1-en-Picardie-Boutique-de-Creil-Sud-Oise-Tourisme-300x300.jpg 300w, https:\/\/www.creilsudoise-tourisme.fr\/wp-content\/uploads\/2023\/11\/Site-V1-en-Picardie-Boutique-de-Creil-Sud-Oise-Tourisme-900x900.jpg 900w, https:\/\/www.creilsudoise-tourisme.fr\/wp-content\/uploads\/2023\/11\/Site-V1-en-Picardie-Boutique-de-Creil-Sud-Oise-Tourisme-12x12.jpg 12w, https:\/\/www.creilsudoise-tourisme.fr\/wp-content\/uploads\/2023\/11\/Site-V1-en-Picardie-Boutique-de-Creil-Sud-Oise-Tourisme-200x200.jpg 200w, https:\/\/www.creilsudoise-tourisme.fr\/wp-content\/uploads\/2023\/11\/Site-V1-en-Picardie-Boutique-de-Creil-Sud-Oise-Tourisme-650x650.jpg 650w, https:\/\/www.creilsudoise-tourisme.fr\/wp-content\/uploads\/2023\/11\/Site-V1-en-Picardie-Boutique-de-Creil-Sud-Oise-Tourisme-387x387.jpg 387w\" sizes=\"(max-width: 1000px) 100vw, 1000px\" \/><\/figure>\n\n\n\n<p><em>V1-sites in Picardi\u00eb<\/em> door Laurent Bailleul | <strong>30\u20ac<\/strong><\/p>\n<\/div>\n<\/div>\n\n\n\n<div class=\"is-layout-flex wp-container-98 wp-block-columns\">\n<div class=\"is-layout-flow wp-block-column\">\n<figure class=\"wp-block-image size-full\"><img decoding=\"async\" loading=\"lazy\" width=\"1000\" height=\"1000\" data-src=\"https:\/\/www.creilsudoise-tourisme.fr\/wp-content\/uploads\/2023\/11\/Histoire-dun-vieux-chateau-de-France-a-Montataire-Boutique-de-Creil-Sud-Oise-Tourisme.jpg\" alt=\"winkel Creil Sud Oise Tourisme Kantoor Tourisme lokale artisanat cadeau idee kerst verjaardag handgemaakt producent Hauts-de-France Oise Picardie boek\" class=\"wp-image-50699\" data-srcset=\"https:\/\/www.creilsudoise-tourisme.fr\/wp-content\/uploads\/2023\/11\/Histoire-dun-vieux-chateau-de-France-a-Montataire-Boutique-de-Creil-Sud-Oise-Tourisme.jpg 1000w, https:\/\/www.creilsudoise-tourisme.fr\/wp-content\/uploads\/2023\/11\/Histoire-dun-vieux-chateau-de-France-a-Montataire-Boutique-de-Creil-Sud-Oise-Tourisme-600x600.jpg 600w, https:\/\/www.creilsudoise-tourisme.fr\/wp-content\/uploads\/2023\/11\/Histoire-dun-vieux-chateau-de-France-a-Montataire-Boutique-de-Creil-Sud-Oise-Tourisme-300x300.jpg 300w, https:\/\/www.creilsudoise-tourisme.fr\/wp-content\/uploads\/2023\/11\/Histoire-dun-vieux-chateau-de-France-a-Montataire-Boutique-de-Creil-Sud-Oise-Tourisme-900x900.jpg 900w, https:\/\/www.creilsudoise-tourisme.fr\/wp-content\/uploads\/2023\/11\/Histoire-dun-vieux-chateau-de-France-a-Montataire-Boutique-de-Creil-Sud-Oise-Tourisme-12x12.jpg 12w, https:\/\/www.creilsudoise-tourisme.fr\/wp-content\/uploads\/2023\/11\/Histoire-dun-vieux-chateau-de-France-a-Montataire-Boutique-de-Creil-Sud-Oise-Tourisme-200x200.jpg 200w, https:\/\/www.creilsudoise-tourisme.fr\/wp-content\/uploads\/2023\/11\/Histoire-dun-vieux-chateau-de-France-a-Montataire-Boutique-de-Creil-Sud-Oise-Tourisme-650x650.jpg 650w, https:\/\/www.creilsudoise-tourisme.fr\/wp-content\/uploads\/2023\/11\/Histoire-dun-vieux-chateau-de-France-a-Montataire-Boutique-de-Creil-Sud-Oise-Tourisme-387x387.jpg 387w\" sizes=\"(max-width: 1000px) 100vw, 1000px\" \/><\/figure>\n\n\n\n<p><em>Geschiedenis van een oud Frans kasteel <\/em>door Baron de Cond\u00e9 | <strong>16\u20ac<\/strong> <\/p>\n<\/div>\n\n\n\n<div class=\"is-layout-flow wp-block-column\">\n<figure class=\"wp-block-image size-full\"><img decoding=\"async\" loading=\"lazy\" width=\"1000\" height=\"1000\" data-src=\"https:\/\/www.creilsudoise-tourisme.fr\/wp-content\/uploads\/2023\/11\/Au-fil-de-lOise-Boutique-de-Creil-Sud-Oise-Tourisme.jpg\" alt=\"winkel Creil Sud Oise Tourisme Kantoor Tourisme lokale artisanat cadeau idee kerst verjaardag handgemaakt producent Hauts-de-France Oise Picardie boek\" class=\"wp-image-50679\" data-srcset=\"https:\/\/www.creilsudoise-tourisme.fr\/wp-content\/uploads\/2023\/11\/Au-fil-de-lOise-Boutique-de-Creil-Sud-Oise-Tourisme.jpg 1000w, https:\/\/www.creilsudoise-tourisme.fr\/wp-content\/uploads\/2023\/11\/Au-fil-de-lOise-Boutique-de-Creil-Sud-Oise-Tourisme-600x600.jpg 600w, https:\/\/www.creilsudoise-tourisme.fr\/wp-content\/uploads\/2023\/11\/Au-fil-de-lOise-Boutique-de-Creil-Sud-Oise-Tourisme-300x300.jpg 300w, https:\/\/www.creilsudoise-tourisme.fr\/wp-content\/uploads\/2023\/11\/Au-fil-de-lOise-Boutique-de-Creil-Sud-Oise-Tourisme-900x900.jpg 900w, https:\/\/www.creilsudoise-tourisme.fr\/wp-content\/uploads\/2023\/11\/Au-fil-de-lOise-Boutique-de-Creil-Sud-Oise-Tourisme-12x12.jpg 12w, https:\/\/www.creilsudoise-tourisme.fr\/wp-content\/uploads\/2023\/11\/Au-fil-de-lOise-Boutique-de-Creil-Sud-Oise-Tourisme-200x200.jpg 200w, https:\/\/www.creilsudoise-tourisme.fr\/wp-content\/uploads\/2023\/11\/Au-fil-de-lOise-Boutique-de-Creil-Sud-Oise-Tourisme-650x650.jpg 650w, https:\/\/www.creilsudoise-tourisme.fr\/wp-content\/uploads\/2023\/11\/Au-fil-de-lOise-Boutique-de-Creil-Sud-Oise-Tourisme-387x387.jpg 387w\" sizes=\"(max-width: 1000px) 100vw, 1000px\" \/><\/figure>\n\n\n\n<p><em>Langs de Oise<\/em> door Jean Lahousse | <strong>38\u20ac<\/strong><\/p>\n<\/div>\n\n\n\n<div class=\"is-layout-flow wp-block-column\">\n<figure class=\"wp-block-image size-full\"><img decoding=\"async\" loading=\"lazy\" width=\"1000\" height=\"1000\" data-src=\"https:\/\/www.creilsudoise-tourisme.fr\/wp-content\/uploads\/2023\/11\/Sites-clunisiens-en-Europe-Boutique-de-Creil-Sud-Oise-Tourisme.jpg\" alt=\"winkel Creil Sud Oise Tourisme Kantoor Tourisme lokale artisanat cadeau idee kerst verjaardag handgemaakt producent Hauts-de-France Oise Picardie boek\" class=\"wp-image-50719\" data-srcset=\"https:\/\/www.creilsudoise-tourisme.fr\/wp-content\/uploads\/2023\/11\/Sites-clunisiens-en-Europe-Boutique-de-Creil-Sud-Oise-Tourisme.jpg 1000w, https:\/\/www.creilsudoise-tourisme.fr\/wp-content\/uploads\/2023\/11\/Sites-clunisiens-en-Europe-Boutique-de-Creil-Sud-Oise-Tourisme-600x600.jpg 600w, https:\/\/www.creilsudoise-tourisme.fr\/wp-content\/uploads\/2023\/11\/Sites-clunisiens-en-Europe-Boutique-de-Creil-Sud-Oise-Tourisme-300x300.jpg 300w, https:\/\/www.creilsudoise-tourisme.fr\/wp-content\/uploads\/2023\/11\/Sites-clunisiens-en-Europe-Boutique-de-Creil-Sud-Oise-Tourisme-900x900.jpg 900w, https:\/\/www.creilsudoise-tourisme.fr\/wp-content\/uploads\/2023\/11\/Sites-clunisiens-en-Europe-Boutique-de-Creil-Sud-Oise-Tourisme-12x12.jpg 12w, https:\/\/www.creilsudoise-tourisme.fr\/wp-content\/uploads\/2023\/11\/Sites-clunisiens-en-Europe-Boutique-de-Creil-Sud-Oise-Tourisme-200x200.jpg 200w, https:\/\/www.creilsudoise-tourisme.fr\/wp-content\/uploads\/2023\/11\/Sites-clunisiens-en-Europe-Boutique-de-Creil-Sud-Oise-Tourisme-650x650.jpg 650w, https:\/\/www.creilsudoise-tourisme.fr\/wp-content\/uploads\/2023\/11\/Sites-clunisiens-en-Europe-Boutique-de-Creil-Sud-Oise-Tourisme-387x387.jpg 387w\" sizes=\"(max-width: 1000px) 100vw, 1000px\" \/><\/figure>\n\n\n\n<p><em>Cluniac sites in Europa <\/em>| <strong>18\u20ac<\/strong><\/p>\n<\/div>\n<\/div>\n\n\n\n<div class=\"is-layout-flex wp-container-102 wp-block-columns\">\n<div class=\"is-layout-flow wp-block-column\">\n<figure class=\"wp-block-image size-full\"><img decoding=\"async\" loading=\"lazy\" width=\"1000\" height=\"1000\" data-src=\"https:\/\/www.creilsudoise-tourisme.fr\/wp-content\/uploads\/2023\/11\/La-Prieurale-de-Saint-Leu-dEsserent-Boutique-de-Creil-Sud-Oise-Tourisme.jpg\" alt=\"winkel Creil Sud Oise Tourisme Kantoor Tourisme lokale artisanat cadeau idee kerst verjaardag handgemaakt producent Hauts-de-France Oise Picardie boek\" class=\"wp-image-50726\" data-srcset=\"https:\/\/www.creilsudoise-tourisme.fr\/wp-content\/uploads\/2023\/11\/La-Prieurale-de-Saint-Leu-dEsserent-Boutique-de-Creil-Sud-Oise-Tourisme.jpg 1000w, https:\/\/www.creilsudoise-tourisme.fr\/wp-content\/uploads\/2023\/11\/La-Prieurale-de-Saint-Leu-dEsserent-Boutique-de-Creil-Sud-Oise-Tourisme-600x600.jpg 600w, https:\/\/www.creilsudoise-tourisme.fr\/wp-content\/uploads\/2023\/11\/La-Prieurale-de-Saint-Leu-dEsserent-Boutique-de-Creil-Sud-Oise-Tourisme-300x300.jpg 300w, https:\/\/www.creilsudoise-tourisme.fr\/wp-content\/uploads\/2023\/11\/La-Prieurale-de-Saint-Leu-dEsserent-Boutique-de-Creil-Sud-Oise-Tourisme-900x900.jpg 900w, https:\/\/www.creilsudoise-tourisme.fr\/wp-content\/uploads\/2023\/11\/La-Prieurale-de-Saint-Leu-dEsserent-Boutique-de-Creil-Sud-Oise-Tourisme-12x12.jpg 12w, https:\/\/www.creilsudoise-tourisme.fr\/wp-content\/uploads\/2023\/11\/La-Prieurale-de-Saint-Leu-dEsserent-Boutique-de-Creil-Sud-Oise-Tourisme-200x200.jpg 200w, https:\/\/www.creilsudoise-tourisme.fr\/wp-content\/uploads\/2023\/11\/La-Prieurale-de-Saint-Leu-dEsserent-Boutique-de-Creil-Sud-Oise-Tourisme-650x650.jpg 650w, https:\/\/www.creilsudoise-tourisme.fr\/wp-content\/uploads\/2023\/11\/La-Prieurale-de-Saint-Leu-dEsserent-Boutique-de-Creil-Sud-Oise-Tourisme-387x387.jpg 387w\" sizes=\"(max-width: 1000px) 100vw, 1000px\" \/><\/figure>\n\n\n\n<p><em>De priorij van Saint-Leu-d'Esserent<\/em> | <strong>2,60\u20ac<\/strong><\/p>\n<\/div>\n\n\n\n<div class=\"is-layout-flow wp-block-column\">\n<figure class=\"wp-block-image size-full\"><img decoding=\"async\" loading=\"lazy\" width=\"1000\" height=\"1000\" data-src=\"https:\/\/www.creilsudoise-tourisme.fr\/wp-content\/uploads\/2023\/11\/LAbbatiale-de-Saint-Leu-dEsserent-Boutique-de-Creil-Sud-Oise-Tourisme.jpg\" alt=\"winkel Creil Sud Oise Tourisme Kantoor Tourisme lokale artisanat cadeau idee kerst verjaardag handgemaakt producent Hauts-de-France Oise Picardie boek\" class=\"wp-image-50727\" data-srcset=\"https:\/\/www.creilsudoise-tourisme.fr\/wp-content\/uploads\/2023\/11\/LAbbatiale-de-Saint-Leu-dEsserent-Boutique-de-Creil-Sud-Oise-Tourisme.jpg 1000w, https:\/\/www.creilsudoise-tourisme.fr\/wp-content\/uploads\/2023\/11\/LAbbatiale-de-Saint-Leu-dEsserent-Boutique-de-Creil-Sud-Oise-Tourisme-600x600.jpg 600w, https:\/\/www.creilsudoise-tourisme.fr\/wp-content\/uploads\/2023\/11\/LAbbatiale-de-Saint-Leu-dEsserent-Boutique-de-Creil-Sud-Oise-Tourisme-300x300.jpg 300w, https:\/\/www.creilsudoise-tourisme.fr\/wp-content\/uploads\/2023\/11\/LAbbatiale-de-Saint-Leu-dEsserent-Boutique-de-Creil-Sud-Oise-Tourisme-900x900.jpg 900w, https:\/\/www.creilsudoise-tourisme.fr\/wp-content\/uploads\/2023\/11\/LAbbatiale-de-Saint-Leu-dEsserent-Boutique-de-Creil-Sud-Oise-Tourisme-12x12.jpg 12w, https:\/\/www.creilsudoise-tourisme.fr\/wp-content\/uploads\/2023\/11\/LAbbatiale-de-Saint-Leu-dEsserent-Boutique-de-Creil-Sud-Oise-Tourisme-200x200.jpg 200w, https:\/\/www.creilsudoise-tourisme.fr\/wp-content\/uploads\/2023\/11\/LAbbatiale-de-Saint-Leu-dEsserent-Boutique-de-Creil-Sud-Oise-Tourisme-650x650.jpg 650w, https:\/\/www.creilsudoise-tourisme.fr\/wp-content\/uploads\/2023\/11\/LAbbatiale-de-Saint-Leu-dEsserent-Boutique-de-Creil-Sud-Oise-Tourisme-387x387.jpg 387w\" sizes=\"(max-width: 1000px) 100vw, 1000px\" \/><\/figure>\n\n\n\n<p><em>Audiogids naar de abdij van Saint-Leu-d'Esserent<\/em> | <strong>2,60\u20ac<\/strong><\/p>\n<\/div>\n\n\n\n<div class=\"is-layout-flow wp-block-column\">\n<figure class=\"wp-block-image size-full\"><img decoding=\"async\" loading=\"lazy\" width=\"1000\" height=\"1000\" data-src=\"https:\/\/www.creilsudoise-tourisme.fr\/wp-content\/uploads\/2023\/11\/Le-Grand-Creillois-Industriel-Boutique-de-Creil-Sud-Oise-Tourisme.jpg\" alt=\"winkel Creil Sud Oise Tourisme Kantoor Tourisme lokale artisanat cadeau idee kerst verjaardag handgemaakt producent Hauts-de-France Oise Picardie boek\" class=\"wp-image-50705\" data-srcset=\"https:\/\/www.creilsudoise-tourisme.fr\/wp-content\/uploads\/2023\/11\/Le-Grand-Creillois-Industriel-Boutique-de-Creil-Sud-Oise-Tourisme.jpg 1000w, https:\/\/www.creilsudoise-tourisme.fr\/wp-content\/uploads\/2023\/11\/Le-Grand-Creillois-Industriel-Boutique-de-Creil-Sud-Oise-Tourisme-600x600.jpg 600w, https:\/\/www.creilsudoise-tourisme.fr\/wp-content\/uploads\/2023\/11\/Le-Grand-Creillois-Industriel-Boutique-de-Creil-Sud-Oise-Tourisme-300x300.jpg 300w, https:\/\/www.creilsudoise-tourisme.fr\/wp-content\/uploads\/2023\/11\/Le-Grand-Creillois-Industriel-Boutique-de-Creil-Sud-Oise-Tourisme-900x900.jpg 900w, https:\/\/www.creilsudoise-tourisme.fr\/wp-content\/uploads\/2023\/11\/Le-Grand-Creillois-Industriel-Boutique-de-Creil-Sud-Oise-Tourisme-12x12.jpg 12w, https:\/\/www.creilsudoise-tourisme.fr\/wp-content\/uploads\/2023\/11\/Le-Grand-Creillois-Industriel-Boutique-de-Creil-Sud-Oise-Tourisme-200x200.jpg 200w, https:\/\/www.creilsudoise-tourisme.fr\/wp-content\/uploads\/2023\/11\/Le-Grand-Creillois-Industriel-Boutique-de-Creil-Sud-Oise-Tourisme-650x650.jpg 650w, https:\/\/www.creilsudoise-tourisme.fr\/wp-content\/uploads\/2023\/11\/Le-Grand-Creillois-Industriel-Boutique-de-Creil-Sud-Oise-Tourisme-387x387.jpg 387w\" sizes=\"(max-width: 1000px) 100vw, 1000px\" \/><\/figure>\n\n\n\n<p><em>Het industriegebied van Creillois <\/em>door Clarisse Lorieux | <strong>25\u20ac<\/strong><\/p>\n<\/div>\n<\/div>\n\n\n\n<div class=\"is-layout-flex wp-container-106 wp-block-columns\">\n<div class=\"is-layout-flow wp-block-column\">\n<figure class=\"wp-block-image size-full\"><img decoding=\"async\" loading=\"lazy\" width=\"1000\" height=\"1000\" data-src=\"https:\/\/www.creilsudoise-tourisme.fr\/wp-content\/uploads\/2023\/11\/Les-Cahiers-de-lAMOI.jpg\" alt=\"winkel Creil Sud Oise Tourisme Kantoor Tourisme lokale artisanat cadeau idee kerst verjaardag handgemaakt producent Hauts-de-France Oise Picardie boek\" class=\"wp-image-50706\" data-srcset=\"https:\/\/www.creilsudoise-tourisme.fr\/wp-content\/uploads\/2023\/11\/Les-Cahiers-de-lAMOI.jpg 1000w, https:\/\/www.creilsudoise-tourisme.fr\/wp-content\/uploads\/2023\/11\/Les-Cahiers-de-lAMOI-600x600.jpg 600w, https:\/\/www.creilsudoise-tourisme.fr\/wp-content\/uploads\/2023\/11\/Les-Cahiers-de-lAMOI-300x300.jpg 300w, https:\/\/www.creilsudoise-tourisme.fr\/wp-content\/uploads\/2023\/11\/Les-Cahiers-de-lAMOI-900x900.jpg 900w, https:\/\/www.creilsudoise-tourisme.fr\/wp-content\/uploads\/2023\/11\/Les-Cahiers-de-lAMOI-12x12.jpg 12w, https:\/\/www.creilsudoise-tourisme.fr\/wp-content\/uploads\/2023\/11\/Les-Cahiers-de-lAMOI-200x200.jpg 200w, https:\/\/www.creilsudoise-tourisme.fr\/wp-content\/uploads\/2023\/11\/Les-Cahiers-de-lAMOI-650x650.jpg 650w, https:\/\/www.creilsudoise-tourisme.fr\/wp-content\/uploads\/2023\/11\/Les-Cahiers-de-lAMOI-387x387.jpg 387w\" sizes=\"(max-width: 1000px) 100vw, 1000px\" \/><\/figure>\n\n\n\n<p><em>Les cahiers de l'AMOI<\/em> | <strong>6\u20ac<\/strong> Bij thema<\/p>\n<\/div>\n\n\n\n<div class=\"is-layout-flow wp-block-column\">\n<figure class=\"wp-block-image size-full\"><img decoding=\"async\" loading=\"lazy\" width=\"1000\" height=\"1000\" data-src=\"https:\/\/www.creilsudoise-tourisme.fr\/wp-content\/uploads\/2023\/11\/Routard-Picardie-14-18-Boutique-de-Creil-Sud-Oise-Tourisme.jpg\" alt=\"winkel Creil Sud Oise Tourisme Kantoor Tourisme lokale artisanat cadeau idee kerst verjaardag handgemaakt producent Hauts-de-France Oise Picardie boek\" class=\"wp-image-50716\" data-srcset=\"https:\/\/www.creilsudoise-tourisme.fr\/wp-content\/uploads\/2023\/11\/Routard-Picardie-14-18-Boutique-de-Creil-Sud-Oise-Tourisme.jpg 1000w, https:\/\/www.creilsudoise-tourisme.fr\/wp-content\/uploads\/2023\/11\/Routard-Picardie-14-18-Boutique-de-Creil-Sud-Oise-Tourisme-600x600.jpg 600w, https:\/\/www.creilsudoise-tourisme.fr\/wp-content\/uploads\/2023\/11\/Routard-Picardie-14-18-Boutique-de-Creil-Sud-Oise-Tourisme-300x300.jpg 300w, https:\/\/www.creilsudoise-tourisme.fr\/wp-content\/uploads\/2023\/11\/Routard-Picardie-14-18-Boutique-de-Creil-Sud-Oise-Tourisme-900x900.jpg 900w, https:\/\/www.creilsudoise-tourisme.fr\/wp-content\/uploads\/2023\/11\/Routard-Picardie-14-18-Boutique-de-Creil-Sud-Oise-Tourisme-12x12.jpg 12w, https:\/\/www.creilsudoise-tourisme.fr\/wp-content\/uploads\/2023\/11\/Routard-Picardie-14-18-Boutique-de-Creil-Sud-Oise-Tourisme-200x200.jpg 200w, https:\/\/www.creilsudoise-tourisme.fr\/wp-content\/uploads\/2023\/11\/Routard-Picardie-14-18-Boutique-de-Creil-Sud-Oise-Tourisme-650x650.jpg 650w, https:\/\/www.creilsudoise-tourisme.fr\/wp-content\/uploads\/2023\/11\/Routard-Picardie-14-18-Boutique-de-Creil-Sud-Oise-Tourisme-387x387.jpg 387w\" sizes=\"(max-width: 1000px) 100vw, 1000px\" \/><\/figure>\n\n\n\n<p><em>Routard Picardie 14-18<\/em> | <strong>14,95\u20ac<\/strong><\/p>\n<\/div>\n\n\n\n<div class=\"is-layout-flow wp-block-column\">\n<figure class=\"wp-block-image size-large is-resized\"><img decoding=\"async\" loading=\"lazy\" data-src=\"https:\/\/www.creilsudoise-tourisme.fr\/wp-content\/uploads\/2026\/02\/dictionnaire-creil-1104x1200.jpg\" alt=\"\" class=\"wp-image-67539\" width=\"239\" height=\"260\" data-srcset=\"https:\/\/www.creilsudoise-tourisme.fr\/wp-content\/uploads\/2026\/02\/dictionnaire-creil-1104x1200.jpg 1104w, https:\/\/www.creilsudoise-tourisme.fr\/wp-content\/uploads\/2026\/02\/dictionnaire-creil-552x600.jpg 552w, https:\/\/www.creilsudoise-tourisme.fr\/wp-content\/uploads\/2026\/02\/dictionnaire-creil-828x900.jpg 828w, https:\/\/www.creilsudoise-tourisme.fr\/wp-content\/uploads\/2026\/02\/dictionnaire-creil-1413x1536.jpg 1413w, https:\/\/www.creilsudoise-tourisme.fr\/wp-content\/uploads\/2026\/02\/dictionnaire-creil-1883x2048.jpg 1883w, https:\/\/www.creilsudoise-tourisme.fr\/wp-content\/uploads\/2026\/02\/dictionnaire-creil-11x12.jpg 11w, https:\/\/www.creilsudoise-tourisme.fr\/wp-content\/uploads\/2026\/02\/dictionnaire-creil-200x217.jpg 200w, https:\/\/www.creilsudoise-tourisme.fr\/wp-content\/uploads\/2026\/02\/dictionnaire-creil-650x707.jpg 650w, https:\/\/www.creilsudoise-tourisme.fr\/wp-content\/uploads\/2026\/02\/dictionnaire-creil-387x421.jpg 387w\" sizes=\"(max-width: 239px) 100vw, 239px\" \/><\/figure>\n\n\n\n<p><em>Le petit dictionnaire de l&rsquo;Histoire de Creil<\/em> de Emmanuel Perrin | <strong>29\u20ac<\/strong><\/p>\n<\/div>\n<\/div>\n\n\n\n<div class=\"is-layout-flex wp-container-110 wp-block-columns\">\n<div class=\"is-layout-flow wp-block-column\">\n<figure class=\"wp-block-image size-large\"><img decoding=\"async\" loading=\"lazy\" width=\"965\" height=\"1200\" data-src=\"https:\/\/www.creilsudoise-tourisme.fr\/wp-content\/uploads\/2026\/04\/livre-faience-fine-creil_kalt_creil-sud-oise-tourisme-10-965x1200.jpg\" alt=\"\" class=\"wp-image-68591\" data-srcset=\"https:\/\/www.creilsudoise-tourisme.fr\/wp-content\/uploads\/2026\/04\/livre-faience-fine-creil_kalt_creil-sud-oise-tourisme-10-965x1200.jpg 965w, https:\/\/www.creilsudoise-tourisme.fr\/wp-content\/uploads\/2026\/04\/livre-faience-fine-creil_kalt_creil-sud-oise-tourisme-10-483x600.jpg 483w, https:\/\/www.creilsudoise-tourisme.fr\/wp-content\/uploads\/2026\/04\/livre-faience-fine-creil_kalt_creil-sud-oise-tourisme-10-724x900.jpg 724w, https:\/\/www.creilsudoise-tourisme.fr\/wp-content\/uploads\/2026\/04\/livre-faience-fine-creil_kalt_creil-sud-oise-tourisme-10-1235x1536.jpg 1235w, https:\/\/www.creilsudoise-tourisme.fr\/wp-content\/uploads\/2026\/04\/livre-faience-fine-creil_kalt_creil-sud-oise-tourisme-10-10x12.jpg 10w, https:\/\/www.creilsudoise-tourisme.fr\/wp-content\/uploads\/2026\/04\/livre-faience-fine-creil_kalt_creil-sud-oise-tourisme-10-200x249.jpg 200w, https:\/\/www.creilsudoise-tourisme.fr\/wp-content\/uploads\/2026\/04\/livre-faience-fine-creil_kalt_creil-sud-oise-tourisme-10-650x808.jpg 650w, https:\/\/www.creilsudoise-tourisme.fr\/wp-content\/uploads\/2026\/04\/livre-faience-fine-creil_kalt_creil-sud-oise-tourisme-10-387x481.jpg 387w, https:\/\/www.creilsudoise-tourisme.fr\/wp-content\/uploads\/2026\/04\/livre-faience-fine-creil_kalt_creil-sud-oise-tourisme-10.jpg 1544w\" sizes=\"(max-width: 965px) 100vw, 965px\" \/><\/figure>\n<\/div>\n\n\n\n<div class=\"is-layout-flow wp-block-column\"><\/div>\n\n\n\n<div class=\"is-layout-flow wp-block-column\"><\/div>\n<\/div>\n\n\n\n<div class=\"is-layout-flex wp-container-114 wp-block-columns\">\n<div class=\"is-layout-flow wp-block-column\">\n<p><em>Fijn aardewerk uit Creil <\/em>de Marion Kalt | <strong>14,95\u20ac<\/strong><\/p>\n<\/div>\n\n\n\n<div class=\"is-layout-flow wp-block-column\"><\/div>\n\n\n\n<div class=\"is-layout-flow wp-block-column\"><\/div>\n<\/div>\n\n\n\n<p><em>Niet-uitputtende lijst. Zolang de voorraad strekt.<\/em><\/p>\n\n\n\n<hr class=\"wp-block-separator has-alpha-channel-opacity\"\/>\n\n\n<div class=\"wp-block wp-block-highlight\">\n            <h3 class=\"wp-block-highlight-item wp-block-highlight-title\">Kom langs in de winkel!<\/h3>\n                <p class=\"wp-block-highlight-item wp-block-highlight-excerpt\">De winkel van het toeristenbureau is <strong>open tijdens receptie-uren<\/strong> (zie hieronder).<br><strong>Heb je een vraag? <\/strong>We luisteren: <a href=\"telto:03 75 19 01 70\" target=\"_blank\" rel=\"noreferrer noopener\">03 75 19 01 70<\/a><\/p>\n    <\/div>","protected":false},"excerpt":{"rendered":"<p>Op zoek naar een souvenir van Creil Sud Oise? Delicatessen en souvenirs Het Office de Tourisme Creil Sud Oise ligt in Creil, op 30 minuten met de trein van Parijs (Gare du Nord) en op slechts een paar minuten van Chantilly en Senlis. In de winkel vind je een breed scala aan lokale producten. U vindt er kruidenierswaren, een selectie van lokale [...]<\/p>","protected":false},"author":1,"featured_media":50758,"parent":203,"menu_order":1,"comment_status":"closed","ping_status":"closed","template":"","meta":{"_relevanssi_hide_post":"","_relevanssi_hide_content":"","_relevanssi_pin_for_all":"","_relevanssi_pin_keywords":"","_relevanssi_unpin_keywords":"","_relevanssi_related_keywords":"","_relevanssi_related_include_ids":"","_relevanssi_related_exclude_ids":"","_relevanssi_related_no_append":"","_relevanssi_related_not_related":"","_relevanssi_related_posts":"273,267,275,271","_relevanssi_noindex_reason":""},"yoast_head":"<!-- This site is optimized with the Yoast SEO plugin v20.2.1 - https:\/\/yoast.com\/wordpress\/plugins\/seo\/ -->\n<title>La boutique de produits locaux de l\u2019Office de Tourisme<\/title>\n<meta name=\"description\" content=\"Offrez un souvenir et faites d\u00e9couvrir les sp\u00e9cialit\u00e9s locales gr\u00e2ce \u00e0 la boutique de l\u2019Office de Tourisme Creil Sud Oise !\" \/>\n<meta name=\"robots\" content=\"index, follow, max-snippet:-1, max-image-preview:large, max-video-preview:-1\" \/>\n<link rel=\"canonical\" href=\"https:\/\/www.creilsudoise-tourisme.fr\/nl\/praktijk\/toerisme-kantoor\/winkel\/\" \/>\n<meta property=\"og:locale\" content=\"nl_NL\" \/>\n<meta property=\"og:type\" content=\"article\" \/>\n<meta property=\"og:title\" content=\"La boutique de produits locaux de l\u2019Office de Tourisme\" \/>\n<meta property=\"og:description\" content=\"Offrez un souvenir et faites d\u00e9couvrir les sp\u00e9cialit\u00e9s locales gr\u00e2ce \u00e0 la boutique de l\u2019Office de Tourisme Creil Sud Oise !\" \/>\n<meta property=\"og:url\" content=\"https:\/\/www.creilsudoise-tourisme.fr\/nl\/praktijk\/toerisme-kantoor\/winkel\/\" \/>\n<meta property=\"og:site_name\" content=\"Office de Tourisme Creil Sud Oise\" \/>\n<meta property=\"article:publisher\" content=\"https:\/\/www.facebook.com\/creilsudoisetourisme\/\" \/>\n<meta property=\"article:modified_time\" content=\"2026-04-03T10:30:26+00:00\" \/>\n<meta property=\"og:image\" content=\"https:\/\/www.creilsudoise-tourisme.fr\/wp-content\/uploads\/2023\/11\/Boutique-de-lOffice-de-Tourisme-Creil-Sud-Oise-1.jpg\" \/>\n\t<meta property=\"og:image:width\" content=\"1480\" \/>\n\t<meta property=\"og:image:height\" content=\"833\" \/>\n\t<meta property=\"og:image:type\" content=\"image\/jpeg\" \/>\n<meta name=\"twitter:card\" content=\"summary_large_image\" \/>\n<meta name=\"twitter:site\" content=\"@CreilSudOiseOT\" \/>\n<meta name=\"twitter:label1\" content=\"Geschatte leestijd\" \/>\n\t<meta name=\"twitter:data1\" content=\"3 minuten\" \/>\n<script type=\"application\/ld+json\" class=\"yoast-schema-graph\">{\"@context\":\"https:\/\/schema.org\",\"@graph\":[{\"@type\":\"WebPage\",\"@id\":\"https:\/\/www.creilsudoise-tourisme.fr\/pratique\/office-de-tourisme\/boutique\/\",\"url\":\"https:\/\/www.creilsudoise-tourisme.fr\/pratique\/office-de-tourisme\/boutique\/\",\"name\":\"La boutique de produits locaux de l\u2019Office de Tourisme\",\"isPartOf\":{\"@id\":\"https:\/\/www.creilsudoise-tourisme.fr\/#website\"},\"datePublished\":\"2021-02-17T09:03:36+00:00\",\"dateModified\":\"2026-04-03T10:30:26+00:00\",\"description\":\"Offrez un souvenir et faites d\u00e9couvrir les sp\u00e9cialit\u00e9s locales gr\u00e2ce \u00e0 la boutique de l\u2019Office de Tourisme Creil Sud Oise !\",\"breadcrumb\":{\"@id\":\"https:\/\/www.creilsudoise-tourisme.fr\/pratique\/office-de-tourisme\/boutique\/#breadcrumb\"},\"inLanguage\":\"nl\",\"potentialAction\":[{\"@type\":\"ReadAction\",\"target\":[\"https:\/\/www.creilsudoise-tourisme.fr\/pratique\/office-de-tourisme\/boutique\/\"]}]},{\"@type\":\"BreadcrumbList\",\"@id\":\"https:\/\/www.creilsudoise-tourisme.fr\/pratique\/office-de-tourisme\/boutique\/#breadcrumb\",\"itemListElement\":[{\"@type\":\"ListItem\",\"position\":1,\"name\":\"Accueil\",\"item\":\"https:\/\/www.creilsudoise-tourisme.fr\/\"},{\"@type\":\"ListItem\",\"position\":2,\"name\":\"Pratique\",\"item\":\"https:\/\/www.creilsudoise-tourisme.fr\/pratique\/\"},{\"@type\":\"ListItem\",\"position\":3,\"name\":\"L&rsquo;Office de Tourisme\",\"item\":\"https:\/\/www.creilsudoise-tourisme.fr\/pratique\/office-de-tourisme\/\"},{\"@type\":\"ListItem\",\"position\":4,\"name\":\"La boutique\"}]},{\"@type\":\"WebSite\",\"@id\":\"https:\/\/www.creilsudoise-tourisme.fr\/#website\",\"url\":\"https:\/\/www.creilsudoise-tourisme.fr\/\",\"name\":\"Office de Tourisme Creil Sud Oise\",\"description\":\"Creil Sud Oise Tourisme, un territoire \u00e0 explorer !\",\"publisher\":{\"@id\":\"https:\/\/www.creilsudoise-tourisme.fr\/#organization\"},\"potentialAction\":[{\"@type\":\"SearchAction\",\"target\":{\"@type\":\"EntryPoint\",\"urlTemplate\":\"https:\/\/www.creilsudoise-tourisme.fr\/?s={search_term_string}\"},\"query-input\":\"required name=search_term_string\"}],\"inLanguage\":\"nl\"},{\"@type\":\"Organization\",\"@id\":\"https:\/\/www.creilsudoise-tourisme.fr\/#organization\",\"name\":\"Creil Sud Oise Tourisme\",\"url\":\"https:\/\/www.creilsudoise-tourisme.fr\/\",\"logo\":{\"@type\":\"ImageObject\",\"inLanguage\":\"nl\",\"@id\":\"https:\/\/www.creilsudoise-tourisme.fr\/#\/schema\/logo\/image\/\",\"url\":\"https:\/\/www.creilsudoise-tourisme.fr\/wp-content\/uploads\/2021\/05\/logo-svg.png\",\"contentUrl\":\"https:\/\/www.creilsudoise-tourisme.fr\/wp-content\/uploads\/2021\/05\/logo-svg.png\",\"width\":182,\"height\":71,\"caption\":\"Creil Sud Oise Tourisme\"},\"image\":{\"@id\":\"https:\/\/www.creilsudoise-tourisme.fr\/#\/schema\/logo\/image\/\"},\"sameAs\":[\"https:\/\/www.facebook.com\/creilsudoisetourisme\/\",\"https:\/\/twitter.com\/CreilSudOiseOT\",\"https:\/\/www.instagram.com\/creilsudoisetourisme\/\",\"https:\/\/www.youtube.com\/channel\/UC8L_QD2wwyADW14zt9fY8kw\"]}]}<\/script>\n<!-- \/ Yoast SEO plugin. -->","yoast_head_json":{"title":"La boutique de produits locaux de l\u2019Office de Tourisme","description":"Offrez un souvenir et faites d\u00e9couvrir les sp\u00e9cialit\u00e9s locales gr\u00e2ce \u00e0 la boutique de l\u2019Office de Tourisme Creil Sud Oise !","robots":{"index":"index","follow":"follow","max-snippet":"max-snippet:-1","max-image-preview":"max-image-preview:large","max-video-preview":"max-video-preview:-1"},"canonical":"https:\/\/www.creilsudoise-tourisme.fr\/nl\/praktijk\/toerisme-kantoor\/winkel\/","og_locale":"nl_NL","og_type":"article","og_title":"La boutique de produits locaux de l\u2019Office de Tourisme","og_description":"Offrez un souvenir et faites d\u00e9couvrir les sp\u00e9cialit\u00e9s locales gr\u00e2ce \u00e0 la boutique de l\u2019Office de Tourisme Creil Sud Oise !","og_url":"https:\/\/www.creilsudoise-tourisme.fr\/nl\/praktijk\/toerisme-kantoor\/winkel\/","og_site_name":"Office de Tourisme Creil Sud Oise","article_publisher":"https:\/\/www.facebook.com\/creilsudoisetourisme\/","article_modified_time":"2026-04-03T10:30:26+00:00","og_image":[{"width":1480,"height":833,"url":"https:\/\/www.creilsudoise-tourisme.fr\/wp-content\/uploads\/2023\/11\/Boutique-de-lOffice-de-Tourisme-Creil-Sud-Oise-1.jpg","type":"image\/jpeg"}],"twitter_card":"summary_large_image","twitter_site":"@CreilSudOiseOT","twitter_misc":{"Geschatte leestijd":"3 minuten"},"schema":{"@context":"https:\/\/schema.org","@graph":[{"@type":"WebPage","@id":"https:\/\/www.creilsudoise-tourisme.fr\/pratique\/office-de-tourisme\/boutique\/","url":"https:\/\/www.creilsudoise-tourisme.fr\/pratique\/office-de-tourisme\/boutique\/","name":"La boutique de produits locaux de l\u2019Office de Tourisme","isPartOf":{"@id":"https:\/\/www.creilsudoise-tourisme.fr\/#website"},"datePublished":"2021-02-17T09:03:36+00:00","dateModified":"2026-04-03T10:30:26+00:00","description":"Offrez un souvenir et faites d\u00e9couvrir les sp\u00e9cialit\u00e9s locales gr\u00e2ce \u00e0 la boutique de l\u2019Office de Tourisme Creil Sud Oise !","breadcrumb":{"@id":"https:\/\/www.creilsudoise-tourisme.fr\/pratique\/office-de-tourisme\/boutique\/#breadcrumb"},"inLanguage":"nl","potentialAction":[{"@type":"ReadAction","target":["https:\/\/www.creilsudoise-tourisme.fr\/pratique\/office-de-tourisme\/boutique\/"]}]},{"@type":"BreadcrumbList","@id":"https:\/\/www.creilsudoise-tourisme.fr\/pratique\/office-de-tourisme\/boutique\/#breadcrumb","itemListElement":[{"@type":"ListItem","position":1,"name":"Accueil","item":"https:\/\/www.creilsudoise-tourisme.fr\/"},{"@type":"ListItem","position":2,"name":"Pratique","item":"https:\/\/www.creilsudoise-tourisme.fr\/pratique\/"},{"@type":"ListItem","position":3,"name":"L&rsquo;Office de Tourisme","item":"https:\/\/www.creilsudoise-tourisme.fr\/pratique\/office-de-tourisme\/"},{"@type":"ListItem","position":4,"name":"La boutique"}]},{"@type":"WebSite","@id":"https:\/\/www.creilsudoise-tourisme.fr\/#website","url":"https:\/\/www.creilsudoise-tourisme.fr\/","name":"Office de Tourisme Creil Sud Oise","description":"Creil Sud Oise Tourisme, un territoire \u00e0 explorer !","publisher":{"@id":"https:\/\/www.creilsudoise-tourisme.fr\/#organization"},"potentialAction":[{"@type":"SearchAction","target":{"@type":"EntryPoint","urlTemplate":"https:\/\/www.creilsudoise-tourisme.fr\/?s={search_term_string}"},"query-input":"required name=search_term_string"}],"inLanguage":"nl"},{"@type":"Organization","@id":"https:\/\/www.creilsudoise-tourisme.fr\/#organization","name":"Creil Sud Oise Tourisme","url":"https:\/\/www.creilsudoise-tourisme.fr\/","logo":{"@type":"ImageObject","inLanguage":"nl","@id":"https:\/\/www.creilsudoise-tourisme.fr\/#\/schema\/logo\/image\/","url":"https:\/\/www.creilsudoise-tourisme.fr\/wp-content\/uploads\/2021\/05\/logo-svg.png","contentUrl":"https:\/\/www.creilsudoise-tourisme.fr\/wp-content\/uploads\/2021\/05\/logo-svg.png","width":182,"height":71,"caption":"Creil Sud Oise Tourisme"},"image":{"@id":"https:\/\/www.creilsudoise-tourisme.fr\/#\/schema\/logo\/image\/"},"sameAs":["https:\/\/www.facebook.com\/creilsudoisetourisme\/","https:\/\/twitter.com\/CreilSudOiseOT","https:\/\/www.instagram.com\/creilsudoisetourisme\/","https:\/\/www.youtube.com\/channel\/UC8L_QD2wwyADW14zt9fY8kw"]}]}},"_links":{"self":[{"href":"https:\/\/www.creilsudoise-tourisme.fr\/nl\/wp-json\/wp\/v2\/pages\/207"}],"collection":[{"href":"https:\/\/www.creilsudoise-tourisme.fr\/nl\/wp-json\/wp\/v2\/pages"}],"about":[{"href":"https:\/\/www.creilsudoise-tourisme.fr\/nl\/wp-json\/wp\/v2\/types\/page"}],"author":[{"embeddable":true,"href":"https:\/\/www.creilsudoise-tourisme.fr\/nl\/wp-json\/wp\/v2\/users\/1"}],"replies":[{"embeddable":true,"href":"https:\/\/www.creilsudoise-tourisme.fr\/nl\/wp-json\/wp\/v2\/comments?post=207"}],"version-history":[{"count":50,"href":"https:\/\/www.creilsudoise-tourisme.fr\/nl\/wp-json\/wp\/v2\/pages\/207\/revisions"}],"predecessor-version":[{"id":68596,"href":"https:\/\/www.creilsudoise-tourisme.fr\/nl\/wp-json\/wp\/v2\/pages\/207\/revisions\/68596"}],"up":[{"embeddable":true,"href":"https:\/\/www.creilsudoise-tourisme.fr\/nl\/wp-json\/wp\/v2\/pages\/203"}],"wp:featuredmedia":[{"embeddable":true,"href":"https:\/\/www.creilsudoise-tourisme.fr\/nl\/wp-json\/wp\/v2\/media\/50758"}],"wp:attachment":[{"href":"https:\/\/www.creilsudoise-tourisme.fr\/nl\/wp-json\/wp\/v2\/media?parent=207"}],"curies":[{"name":"wp","href":"https:\/\/api.w.org\/{rel}","templated":true}]}}