{"id":201,"date":"2021-02-17T10:03:31","date_gmt":"2021-02-17T09:03:31","guid":{"rendered":"https:\/\/www.creilsudoise-tourisme.fr\/comment-venir\/"},"modified":"2025-05-12T15:39:45","modified_gmt":"2025-05-12T13:39:45","slug":"comment-venir","status":"publish","type":"page","link":"https:\/\/www.creilsudoise-tourisme.fr\/nl\/praktijk\/hoe-word-je\/","title":{"rendered":"Hoe kom je daar?"},"content":{"rendered":"<p class=\"is-style-excerpt\">Gelegen in de regio Hauts-de-France, in de Oise, op 30 min van Parijs, 1u15 van Amiens, 40 min van Compi\u00e8gne of Pierrefonds, 40 min van Beauvais, en 15 min van Chantilly of Senlis, <strong>Bestemming Creil Sud Oise is gemakkelijk bereikbaar per auto, bus en openbaar vervoer.<\/strong><\/p>\n\n\n\n<div class=\"is-layout-flex wp-container-11 wp-block-columns\">\n<div class=\"is-layout-flow wp-block-column\">\n<div class=\"is-horizontal is-content-justification-right is-layout-flex wp-container-1 wp-block-buttons\">\n<div class=\"wp-block-button\"><a class=\"wp-block-button__link wp-element-button\" href=\"#train\">met de trein<\/a><\/div>\n<\/div>\n\n\n\n<div class=\"is-horizontal is-content-justification-right is-layout-flex wp-container-2 wp-block-buttons\">\n<div class=\"wp-block-button\"><a class=\"wp-block-button__link wp-element-button\" href=\"#covoiturage\">door te carpoolen<\/a><\/div>\n<\/div>\n<\/div>\n\n\n\n<div class=\"is-layout-flow wp-block-column\">\n<div class=\"is-horizontal is-content-justification-center is-layout-flex wp-container-4 wp-block-buttons\">\n<div class=\"wp-block-button\"><a class=\"wp-block-button__link wp-element-button\" href=\"#bus\">met de bus<\/a><\/div>\n<\/div>\n\n\n\n<div class=\"is-horizontal is-content-justification-center is-layout-flex wp-container-5 wp-block-buttons\">\n<div class=\"wp-block-button\"><a class=\"wp-block-button__link wp-element-button\" href=\"#pied\">Te voet Met de fiets<\/a><\/div>\n<\/div>\n\n\n\n<div class=\"is-horizontal is-content-justification-center is-layout-flex wp-container-6 wp-block-buttons\">\n<div class=\"wp-block-button\"><a class=\"wp-block-button__link wp-element-button\" href=\"#bateau\">met de boot<\/a><\/div>\n<\/div>\n<\/div>\n\n\n\n<div class=\"is-layout-flow wp-block-column\">\n<div class=\"is-layout-flex wp-block-buttons\">\n<div class=\"wp-block-button\"><a class=\"wp-block-button__link wp-element-button\" href=\"#voiture\">met de auto<\/a><\/div>\n<\/div>\n\n\n\n<div class=\"is-layout-flex wp-block-buttons\">\n<div class=\"wp-block-button\"><a class=\"wp-block-button__link wp-element-button\" href=\"#avion\">met het vliegtuig<\/a><\/div>\n<\/div>\n<\/div>\n<\/div>\n\n\n\n<h2>Met de trein<\/h2>\n\n\n\n<p><strong>Creil heeft een treinstation<\/strong> Het is een zeer druk en regelmatig bediend gebied dat gemakkelijk te bereiken is vanuit vele grote steden in het noorden van Frankrijk, waaronder Parijs dat op slechts 25 minuten afstand ligt (50 ritten per dag)!<\/p>\n\n\n\n<p>Station Creil wordt regelmatig bediend door TER-treinen vanuit Paris-Gare du Nord, Chantilly, Amiens, Abbeville, Boulogne-sur-Mer, Calais, Beauvais (tot Abancourt), Compi\u00e8gne, Noyon en Saint-Quentin. Er rijden ook RER-treinen vanuit Pontoise en Corbeil-Essonnes, Transilien H-treinen vanuit Pontoise en RER D-treinen vanuit Melun en Corbeil-Essonnes.<\/p>\n\n\n\n<p>Eenmaal ter plaatse, de <strong>Montataire station<\/strong> is bereikbaar met de trein in 4 minuten vanaf het station van Creil, in de richting van Beauvais (TER). De <strong>Villers-Saint-Paul station<\/strong> is per trein bereikbaar in 3 minuten vanaf het station van Creil, in de richting van Compi\u00e8gne (TER). De <strong>Saint-Leu-d'Esserent station<\/strong> is bereikbaar met de trein in 6 minuten vanaf het station van Creil, in de richting van Pontoise (RER).<\/p>\n\n\n<div class=\"wp-block wp-block-highlight\">\n                <p class=\"wp-block-highlight-item wp-block-highlight-excerpt\">U kunt uw tickets kopen op de <a href=\"https:\/\/www.sncf.com\/fr\" target=\"_blank\" rel=\"noreferrer noopener\">SNCF<\/a> of de <a href=\"https:\/\/www.transilien.com\/\" target=\"_blank\" rel=\"noreferrer noopener\">Transilien<\/a><\/p>\n    <\/div>\n\n\n<h3 id=\"bus\">Met de bus<\/h3>\n\n\n\n<p><strong>Creil heeft een centraal busstation<\/strong> zeer goed bediend door het regionale vervoersnetwerk (Amiens, Saint-Quentin, Beauvais en Roissy via Senlis) en door het interstedelijke netwerk van de Oise (Chantilly, Clermont, Pont-Sainte-Maxence). Alle openbare vervoersdiensten kunnen worden geraadpleegd op de website van <a href=\"https:\/\/www.oise-mobilite.fr\/fr\/plan-interactif-des-lignes\/5\/LinesMap\/FilterByLocality?KeywordsLocality=60100+CREIL&amp;LocalityId=60175\" target=\"_blank\" rel=\"noreferrer noopener\">Oise Mobiliteit<\/a>.<\/p>\n\n\n\n<p>Eenmaal ter plaatse, de <strong>Bestemming Creil Sud Oise profiteert van een <\/strong><a href=\"https:\/\/www.creilsudoise.fr\/services-aux-habitants\/mobilites#alerte\" target=\"_blank\" rel=\"noreferrer noopener\"><strong>busnetwerk<\/strong> <\/a>die alle steden en dorpen bedient, dankzij een compleet netwerk. Busroutes en dienstregelingen zijn beschikbaar op de <a href=\"https:\/\/www.oise-mobilite.fr\/fr\/part8\/a-propos-de-nous\/154\">AXO website<\/a>.<\/p>\n\n\n\n<h3 id=\"voiture\">Met de auto<\/h3>\n\n\n\n<p><strong>Dichtbij grote wegen<\/strong> zoals de snelweg A1 (afrit nr. 8 in Senlis, op 25 min van Creil), de snelweg A16 (afrit nr. 14 in Beauvais, op 45 min van Creil), de toegang met de auto wordt dan vergemakkelijkt door grote wegen zoals de D1016 en de D200.<\/p>\n\n\n\n<p>Eenmaal daar aangekomen kunt u weliswaar gemakkelijk parkeren in de dorpen (Cramoisy, Maysel, Rousseloy, Saint-Vaast-l\u00e8s-Mello) en bepaalde steden (Saint-Leu-d'Esserent, Saint-Maximin, Thiverny of Villers-Saint-Paul), die verschillende gratis parkeerplaatsen bieden, maar er zij op gewezen dat Creil, Montataire en Nogent-sur-Oise parkeeroplossingen bieden met een beperkte duur (1,5 uur in de blauwe zone): neem een parkeerschijf mee.<\/p>\n\n\n\n<h3 id=\"covoiturage\">Door te carpoolen<\/h3>\n\n\n\n<p class=\"is-style-blockquote\">Reis samen en bespaar geld!<\/p>\n\n\n\n<p>Ga naar <a href=\"https:\/\/www.covoiturage-oise.fr\/\" target=\"_blank\" rel=\"noreferrer noopener\">Covoitur'Oise <\/a>of <a href=\"https:\/\/www.blablacar.fr\/\" target=\"_blank\" rel=\"noreferrer noopener\">Blablacar <\/a>om uw bezoek aan <strong>carpooling<\/strong>.<\/p>\n\n\n\n<p>Eenmaal daar, profiteer van de <a href=\"https:\/\/www.rezopouce.fr\/territoire\/Creil_Sud_Oise\" target=\"_blank\" rel=\"noreferrer noopener\">Rezo pouce<\/a> om de bestemming Creil Sud Oise te ontdekken door het maken van<strong> Liften!<\/strong><\/p>\n\n\n\n<h3 id=\"pied\">Te voet of met de fiets<\/h3>\n\n\n\n<p><strong>De bestemming Creil Sud Oise wordt doorkruist door de GR11.<\/strong><\/p>\n\n\n\n<p>Eenmaal ter plaatse, een netwerk van <a href=\"https:\/\/www.creilsudoise-tourisme.fr\/nl\/i-search\/wandeling-2\/\" target=\"_blank\" rel=\"noreferrer noopener\">wandelroutes<\/a> maakt het mogelijk de dorpen Saint-Maximin, Saint-Leu-d'Esserent, Thiverny, Cramoisy, Maysel, Saint-Vaast-l\u00e8s-Mello en Rousseloy met elkaar te verbinden.<\/p>\n\n\n\n<p>Groene wegen voor de <a href=\"https:\/\/www.creilsudoise-tourisme.fr\/nl\/jexplore\/les-incontournables\/balades-parcs\/\" target=\"_blank\" rel=\"noreferrer noopener\">zacht verkeer<\/a> verbinden Thiverny en Saint-Leu-d'Esserent, Maysel met Creil via Saint-Vaast-l\u00e8s-Mello en Cramoisy, alsmede een route die Saint-Maximin met Creil verbindt via de oevers van de Oise bij Saint-Leu-d'Esserent.<\/p>\n\n\n\n<h3 id=\"avion\">Door de lucht<\/h3>\n\n\n\n<p><strong>Ideaal gelegen bij de internationale luchthavens van <a href=\"https:\/\/www.parisaeroport.fr\/\" target=\"_blank\" rel=\"noreferrer noopener\">Parijs-Charles de Gaulle<\/a> in Roissy en <a href=\"https:\/\/www.aeroportparisbeauvais.com\/passagers\/\" target=\"_blank\" rel=\"noreferrer noopener\">Paris-Beauvais<\/a> in Till\u00e9,<\/strong> Creil Sud Oise is toegankelijk vanuit de hele wereld!<\/p>\n\n\n\n<p>Vanaf de luchthaven Charles-de-Gaulle biedt de lijn Picardie-Roissy regelmatige pendeldiensten van ongeveer 50 minuten tussen Roissy-P\u00f4le Gare Routi\u00e8re (dan directe toegang tot de terminals) en het SNCF-station Creil.<\/p>\n\n\n\n<p>Met de auto ligt de luchthaven Charles-de-Gaulle op slechts 40 km van Creil Sud Oise, een reis van 35 minuten.<\/p>\n\n\n<div class=\"wp-block wp-block-highlight\">\n                <p class=\"wp-block-highlight-item wp-block-highlight-excerpt\"><strong>Let op: <\/strong>De bushalte is in de Rue Georges Stephenson, vlakbij de Eiffia parkeerplaats.<\/p>\n    <\/div>\n\n\n<p>Van de luchthaven Parijs-Beauvais, de <a href=\"https:\/\/www.oise-mobilite.fr\/fr\/itineraires\/4\/JourneyPlanner\/result?Date=16%2F02%2F2021&amp;TypeDate=68&amp;Hour=16&amp;Minute=35&amp;Algorithm=Fastest&amp;TypeTrip=PlanTrip&amp;ListModes=Bus%7CCoach%7CTrain%7CTod%7CTer%7CBus_Access%7CMetro%7CTram%7CTgv&amp;ListPartners=14%7C6%7C9%7C8%7C7%7C10%7C3%7C18%7C17%7C4%7C12%7C11%7C5%7C2%7C50%7C44%7C52%7C51%7C48%7C43%7C49%7C41%7C45%7C47%7C55%7C54%7C53%7C22%7C39%7C38%7C29%7C20%7C42%7C40%7C46%7C30%7C21%7C23%7C19&amp;CarDistance=20&amp;CarLeave=0&amp;BikeDistance=10&amp;BikeLeave=0&amp;BikeSpeed=15&amp;WalkDistance=2000&amp;WalkSpeed=4&amp;DurationVia=30&amp;PointDep=425_4&amp;LatDep=49.4597918384&amp;LngDep=2.11283865656&amp;PointArr=64_4&amp;LatArr=49.4266630852625&amp;LngArr=2.0878110762125\" target=\"_blank\" rel=\"noreferrer noopener\">Corolis netwerk<\/a> brengt u naar het SNCF-station van Beauvais, waar u een trein kunt nemen naar het SNCF-station van Creil of een bus naar het busstation van Creil.<\/p>\n\n\n\n<p>Met de auto ligt de luchthaven Parijs-Beauvais op slechts 50 km van Creil Sud Oise, een reis van 50 minuten.<\/p>\n\n\n\n<h3>Tictactrip<\/h3>\n\n\n\n<p>Ontdek de beste manier om Creil Sud Oise te bezoeken! Met <strong>Tictactrip<\/strong>In \u00e9\u00e9n klik kunt u uw intermodale reis boeken: trein, bus, vliegtuig...<\/p>\n\n\n\n<a href=\"https:\/\/www.tictactrip.eu\" data-iframe-src=\"https:\/\/widgetsearch.tictactrip.eu\" data-iframe-width=\"100%\" id=\"ttt-widget\" data-iframe-lang=\"fr\" data-iframe-cstmbg=\"http:\/\/www.tictactrip.eu\/blog\/wp-content\/uploads\/widget_backgrounds\/IMG-Creil.jpg\" data-iframe-blackfilter=\"0,9\" data-iframe-header=\"true\" data-iframe-headerlogo=\"false\" data-iframe-title=\"Rendez-nous visite\" data-iframe-customtitle=\"true\" data-iframe-headercolor=\"black\" data-iframe-presetorigin=\"\" data-iframe-presetdestination=\"Creil\" data-iframe-lockorigin=\"false\" data-iframe-lockdestination=\"false\" data-iframe-oneway=\"false\" data-iframe-customcolor=\"22E4AA\" data-iframe-bottomlogo=\"true\" data-iframe-newpartnerid=\"FR-OT-CREIL\"> . <\/a>\n<script async=\"\" type=\"text\/javascript\" src=\"https:\/\/widgetsearch.tictactrip.eu\/embed.js\"><\/script>\n\n\n\n<h3 id=\"bateau\">Met de boot<\/h3>\n\n\n\n<p>De <strong>Bestemming Creil Sud Oise wordt doorkruist door de rivier de Oise<\/strong> aan de rand waarvan verschillende watersportfaciliteiten beschikbaar zijn:<\/p>\n\n\n\n<ul>\n<li>Een nautische halte in Creil, in de onmiddellijke nabijheid van het stadscentrum (te voet bereikbaar).<\/li>\n\n\n\n<li>Een watersportcentrum in Saint-Leu-d'Esserent, eveneens in de onmiddellijke nabijheid van het stadscentrum (te voet bereikbaar).<\/li>\n<\/ul>\n\n\n<div class=\"wp-block wp-block-highlight\">\n                <p class=\"wp-block-highlight-item wp-block-highlight-excerpt\">Voor meer informatie kunt u contact opnemen met de gemeentehuizen van <a href=\"https:\/\/www.creil.fr\/\" target=\"_blank\" rel=\"noreferrer noopener\">Creil <\/a>: <a href=\"tel:0344295000\">03 44 29 50 00<\/a> en <a href=\"https:\/\/www.saintleudesserent.fr\/ville-d-eau_fr.html\" target=\"_blank\" rel=\"noreferrer noopener\">Saint-Leu-d'Esserent<\/a> : <a href=\"tel:0344568700\">03 44 56 87 00<\/a><\/p>\n    <\/div>","protected":false},"excerpt":{"rendered":"<p>Gelegen in de regio Hauts-de-France, in het departement Oise, op 30 minuten van Parijs, 1u15 van Amiens, 40 minuten van Compi\u00e8gne of Pierrefonds, 40 minuten van Beauvais en 15 minuten van Chantilly of Senlis, is de bestemming Creil Sud Oise gemakkelijk bereikbaar met de auto, de bus en het openbaar vervoer. Met de trein is Creil uitgerust met een [...]<\/p>","protected":false},"author":1,"featured_media":32264,"parent":191,"menu_order":2,"comment_status":"closed","ping_status":"closed","template":"","meta":{"_relevanssi_hide_post":"","_relevanssi_hide_content":"","_relevanssi_pin_for_all":"","_relevanssi_pin_keywords":"","_relevanssi_unpin_keywords":"","_relevanssi_related_keywords":"","_relevanssi_related_include_ids":"","_relevanssi_related_exclude_ids":"","_relevanssi_related_no_append":"","_relevanssi_related_not_related":"","_relevanssi_related_posts":"267,275,271,273","_relevanssi_noindex_reason":""},"yoast_head":"<!-- This site is optimized with the Yoast SEO plugin v20.2.1 - https:\/\/yoast.com\/wordpress\/plugins\/seo\/ -->\n<title>Destination Creil Sud Oise : y venir et s\u2019y d\u00e9placer<\/title>\n<meta name=\"description\" content=\"La destination Creil Sud Oise est accessible gr\u00e2ce aux nombreux transports en commun qui la desservent et \u00e0 sa proximit\u00e9 avec de grands axes routiers.\" \/>\n<meta name=\"robots\" content=\"index, follow, max-snippet:-1, max-image-preview:large, max-video-preview:-1\" \/>\n<link rel=\"canonical\" href=\"https:\/\/www.creilsudoise-tourisme.fr\/nl\/praktijk\/hoe-word-je\/\" \/>\n<meta property=\"og:locale\" content=\"nl_NL\" \/>\n<meta property=\"og:type\" content=\"article\" \/>\n<meta property=\"og:title\" content=\"Destination Creil Sud Oise : y venir et s\u2019y d\u00e9placer\" \/>\n<meta property=\"og:description\" content=\"La destination Creil Sud Oise est accessible gr\u00e2ce aux nombreux transports en commun qui la desservent et \u00e0 sa proximit\u00e9 avec de grands axes routiers.\" \/>\n<meta property=\"og:url\" content=\"https:\/\/www.creilsudoise-tourisme.fr\/nl\/praktijk\/hoe-word-je\/\" \/>\n<meta property=\"og:site_name\" content=\"Office de Tourisme Creil Sud Oise\" \/>\n<meta property=\"article:publisher\" content=\"https:\/\/www.facebook.com\/creilsudoisetourisme\/\" \/>\n<meta property=\"article:modified_time\" content=\"2025-05-12T13:39:45+00:00\" \/>\n<meta property=\"og:image\" content=\"https:\/\/www.creilsudoise-tourisme.fr\/wp-content\/uploads\/2021\/03\/transports-en-commun-de-la-destination-creil-sud-oise.jpg\" \/>\n\t<meta property=\"og:image:width\" content=\"1884\" \/>\n\t<meta property=\"og:image:height\" content=\"1060\" \/>\n\t<meta property=\"og:image:type\" content=\"image\/jpeg\" \/>\n<meta name=\"twitter:card\" content=\"summary_large_image\" \/>\n<meta name=\"twitter:site\" content=\"@CreilSudOiseOT\" \/>\n<meta name=\"twitter:label1\" content=\"Geschatte leestijd\" \/>\n\t<meta name=\"twitter:data1\" content=\"4 minuten\" \/>\n<script type=\"application\/ld+json\" class=\"yoast-schema-graph\">{\"@context\":\"https:\/\/schema.org\",\"@graph\":[{\"@type\":\"WebPage\",\"@id\":\"https:\/\/www.creilsudoise-tourisme.fr\/pratique\/comment-venir\/\",\"url\":\"https:\/\/www.creilsudoise-tourisme.fr\/pratique\/comment-venir\/\",\"name\":\"Destination Creil Sud Oise : y venir et s\u2019y d\u00e9placer\",\"isPartOf\":{\"@id\":\"https:\/\/www.creilsudoise-tourisme.fr\/#website\"},\"datePublished\":\"2021-02-17T09:03:31+00:00\",\"dateModified\":\"2025-05-12T13:39:45+00:00\",\"description\":\"La destination Creil Sud Oise est accessible gr\u00e2ce aux nombreux transports en commun qui la desservent et \u00e0 sa proximit\u00e9 avec de grands axes routiers.\",\"breadcrumb\":{\"@id\":\"https:\/\/www.creilsudoise-tourisme.fr\/pratique\/comment-venir\/#breadcrumb\"},\"inLanguage\":\"nl\",\"potentialAction\":[{\"@type\":\"ReadAction\",\"target\":[\"https:\/\/www.creilsudoise-tourisme.fr\/pratique\/comment-venir\/\"]}]},{\"@type\":\"BreadcrumbList\",\"@id\":\"https:\/\/www.creilsudoise-tourisme.fr\/pratique\/comment-venir\/#breadcrumb\",\"itemListElement\":[{\"@type\":\"ListItem\",\"position\":1,\"name\":\"Accueil\",\"item\":\"https:\/\/www.creilsudoise-tourisme.fr\/\"},{\"@type\":\"ListItem\",\"position\":2,\"name\":\"Pratique\",\"item\":\"https:\/\/www.creilsudoise-tourisme.fr\/pratique\/\"},{\"@type\":\"ListItem\",\"position\":3,\"name\":\"Comment venir ?\"}]},{\"@type\":\"WebSite\",\"@id\":\"https:\/\/www.creilsudoise-tourisme.fr\/#website\",\"url\":\"https:\/\/www.creilsudoise-tourisme.fr\/\",\"name\":\"Office de Tourisme Creil Sud Oise\",\"description\":\"Creil Sud Oise Tourisme, un territoire \u00e0 explorer !\",\"publisher\":{\"@id\":\"https:\/\/www.creilsudoise-tourisme.fr\/#organization\"},\"potentialAction\":[{\"@type\":\"SearchAction\",\"target\":{\"@type\":\"EntryPoint\",\"urlTemplate\":\"https:\/\/www.creilsudoise-tourisme.fr\/?s={search_term_string}\"},\"query-input\":\"required name=search_term_string\"}],\"inLanguage\":\"nl\"},{\"@type\":\"Organization\",\"@id\":\"https:\/\/www.creilsudoise-tourisme.fr\/#organization\",\"name\":\"Creil Sud Oise Tourisme\",\"url\":\"https:\/\/www.creilsudoise-tourisme.fr\/\",\"logo\":{\"@type\":\"ImageObject\",\"inLanguage\":\"nl\",\"@id\":\"https:\/\/www.creilsudoise-tourisme.fr\/#\/schema\/logo\/image\/\",\"url\":\"https:\/\/www.creilsudoise-tourisme.fr\/wp-content\/uploads\/2021\/05\/logo-svg.png\",\"contentUrl\":\"https:\/\/www.creilsudoise-tourisme.fr\/wp-content\/uploads\/2021\/05\/logo-svg.png\",\"width\":182,\"height\":71,\"caption\":\"Creil Sud Oise Tourisme\"},\"image\":{\"@id\":\"https:\/\/www.creilsudoise-tourisme.fr\/#\/schema\/logo\/image\/\"},\"sameAs\":[\"https:\/\/www.facebook.com\/creilsudoisetourisme\/\",\"https:\/\/twitter.com\/CreilSudOiseOT\",\"https:\/\/www.instagram.com\/creilsudoisetourisme\/\",\"https:\/\/www.youtube.com\/channel\/UC8L_QD2wwyADW14zt9fY8kw\"]}]}<\/script>\n<!-- \/ Yoast SEO plugin. -->","yoast_head_json":{"title":"Destination Creil Sud Oise : y venir et s\u2019y d\u00e9placer","description":"La destination Creil Sud Oise est accessible gr\u00e2ce aux nombreux transports en commun qui la desservent et \u00e0 sa proximit\u00e9 avec de grands axes routiers.","robots":{"index":"index","follow":"follow","max-snippet":"max-snippet:-1","max-image-preview":"max-image-preview:large","max-video-preview":"max-video-preview:-1"},"canonical":"https:\/\/www.creilsudoise-tourisme.fr\/nl\/praktijk\/hoe-word-je\/","og_locale":"nl_NL","og_type":"article","og_title":"Destination Creil Sud Oise : y venir et s\u2019y d\u00e9placer","og_description":"La destination Creil Sud Oise est accessible gr\u00e2ce aux nombreux transports en commun qui la desservent et \u00e0 sa proximit\u00e9 avec de grands axes routiers.","og_url":"https:\/\/www.creilsudoise-tourisme.fr\/nl\/praktijk\/hoe-word-je\/","og_site_name":"Office de Tourisme Creil Sud Oise","article_publisher":"https:\/\/www.facebook.com\/creilsudoisetourisme\/","article_modified_time":"2025-05-12T13:39:45+00:00","og_image":[{"width":1884,"height":1060,"url":"https:\/\/www.creilsudoise-tourisme.fr\/wp-content\/uploads\/2021\/03\/transports-en-commun-de-la-destination-creil-sud-oise.jpg","type":"image\/jpeg"}],"twitter_card":"summary_large_image","twitter_site":"@CreilSudOiseOT","twitter_misc":{"Geschatte leestijd":"4 minuten"},"schema":{"@context":"https:\/\/schema.org","@graph":[{"@type":"WebPage","@id":"https:\/\/www.creilsudoise-tourisme.fr\/pratique\/comment-venir\/","url":"https:\/\/www.creilsudoise-tourisme.fr\/pratique\/comment-venir\/","name":"Destination Creil Sud Oise : y venir et s\u2019y d\u00e9placer","isPartOf":{"@id":"https:\/\/www.creilsudoise-tourisme.fr\/#website"},"datePublished":"2021-02-17T09:03:31+00:00","dateModified":"2025-05-12T13:39:45+00:00","description":"La destination Creil Sud Oise est accessible gr\u00e2ce aux nombreux transports en commun qui la desservent et \u00e0 sa proximit\u00e9 avec de grands axes routiers.","breadcrumb":{"@id":"https:\/\/www.creilsudoise-tourisme.fr\/pratique\/comment-venir\/#breadcrumb"},"inLanguage":"nl","potentialAction":[{"@type":"ReadAction","target":["https:\/\/www.creilsudoise-tourisme.fr\/pratique\/comment-venir\/"]}]},{"@type":"BreadcrumbList","@id":"https:\/\/www.creilsudoise-tourisme.fr\/pratique\/comment-venir\/#breadcrumb","itemListElement":[{"@type":"ListItem","position":1,"name":"Accueil","item":"https:\/\/www.creilsudoise-tourisme.fr\/"},{"@type":"ListItem","position":2,"name":"Pratique","item":"https:\/\/www.creilsudoise-tourisme.fr\/pratique\/"},{"@type":"ListItem","position":3,"name":"Comment venir ?"}]},{"@type":"WebSite","@id":"https:\/\/www.creilsudoise-tourisme.fr\/#website","url":"https:\/\/www.creilsudoise-tourisme.fr\/","name":"Office de Tourisme Creil Sud Oise","description":"Creil Sud Oise Tourisme, un territoire \u00e0 explorer !","publisher":{"@id":"https:\/\/www.creilsudoise-tourisme.fr\/#organization"},"potentialAction":[{"@type":"SearchAction","target":{"@type":"EntryPoint","urlTemplate":"https:\/\/www.creilsudoise-tourisme.fr\/?s={search_term_string}"},"query-input":"required name=search_term_string"}],"inLanguage":"nl"},{"@type":"Organization","@id":"https:\/\/www.creilsudoise-tourisme.fr\/#organization","name":"Creil Sud Oise Tourisme","url":"https:\/\/www.creilsudoise-tourisme.fr\/","logo":{"@type":"ImageObject","inLanguage":"nl","@id":"https:\/\/www.creilsudoise-tourisme.fr\/#\/schema\/logo\/image\/","url":"https:\/\/www.creilsudoise-tourisme.fr\/wp-content\/uploads\/2021\/05\/logo-svg.png","contentUrl":"https:\/\/www.creilsudoise-tourisme.fr\/wp-content\/uploads\/2021\/05\/logo-svg.png","width":182,"height":71,"caption":"Creil Sud Oise Tourisme"},"image":{"@id":"https:\/\/www.creilsudoise-tourisme.fr\/#\/schema\/logo\/image\/"},"sameAs":["https:\/\/www.facebook.com\/creilsudoisetourisme\/","https:\/\/twitter.com\/CreilSudOiseOT","https:\/\/www.instagram.com\/creilsudoisetourisme\/","https:\/\/www.youtube.com\/channel\/UC8L_QD2wwyADW14zt9fY8kw"]}]}},"_links":{"self":[{"href":"https:\/\/www.creilsudoise-tourisme.fr\/nl\/wp-json\/wp\/v2\/pages\/201"}],"collection":[{"href":"https:\/\/www.creilsudoise-tourisme.fr\/nl\/wp-json\/wp\/v2\/pages"}],"about":[{"href":"https:\/\/www.creilsudoise-tourisme.fr\/nl\/wp-json\/wp\/v2\/types\/page"}],"author":[{"embeddable":true,"href":"https:\/\/www.creilsudoise-tourisme.fr\/nl\/wp-json\/wp\/v2\/users\/1"}],"replies":[{"embeddable":true,"href":"https:\/\/www.creilsudoise-tourisme.fr\/nl\/wp-json\/wp\/v2\/comments?post=201"}],"version-history":[{"count":29,"href":"https:\/\/www.creilsudoise-tourisme.fr\/nl\/wp-json\/wp\/v2\/pages\/201\/revisions"}],"predecessor-version":[{"id":62098,"href":"https:\/\/www.creilsudoise-tourisme.fr\/nl\/wp-json\/wp\/v2\/pages\/201\/revisions\/62098"}],"up":[{"embeddable":true,"href":"https:\/\/www.creilsudoise-tourisme.fr\/nl\/wp-json\/wp\/v2\/pages\/191"}],"wp:featuredmedia":[{"embeddable":true,"href":"https:\/\/www.creilsudoise-tourisme.fr\/nl\/wp-json\/wp\/v2\/media\/32264"}],"wp:attachment":[{"href":"https:\/\/www.creilsudoise-tourisme.fr\/nl\/wp-json\/wp\/v2\/media?parent=201"}],"curies":[{"name":"wp","href":"https:\/\/api.w.org\/{rel}","templated":true}]}}