{"id":185,"date":"2021-02-17T10:03:15","date_gmt":"2021-02-17T09:03:15","guid":{"rendered":"https:\/\/www.creilsudoise-tourisme.fr\/une-activite-sur-leau\/"},"modified":"2025-09-15T10:08:20","modified_gmt":"2025-09-15T08:08:20","slug":"activite-nautique","status":"publish","type":"page","link":"https:\/\/www.creilsudoise-tourisme.fr\/nl\/i-search\/wateractiviteit\/","title":{"rendered":"Een activiteit op het water"},"content":{"rendered":"<p class=\"is-style-excerpt\">Op slechts <strong>30 min met de trein vanaf Gare du Nord in Parijs<\/strong>s, de <strong>deuren van de Val d'Oise<\/strong>De bestemming Creil Sud Oise stelt voor <strong>talrijke activiteiten op het water<\/strong> ! Reis langs de rivieren Oise, Th\u00e9rain en Br\u00e8che om Creil Sud Oise vanaf het water te verkennen...<\/p>\n\n\n\n<div class=\"is-layout-flex wp-container-5 wp-block-columns\">\n<div class=\"is-layout-flow wp-block-column\">\n<div class=\"is-horizontal is-content-justification-right is-layout-flex wp-container-1 wp-block-buttons\">\n<div class=\"wp-block-button\"><a class=\"wp-block-button__link wp-element-button\" href=\"#Nautique\">Watersportactiviteiten<\/a><\/div>\n<\/div>\n<\/div>\n\n\n\n<div class=\"is-layout-flow wp-block-column\">\n<div class=\"is-layout-flex wp-block-buttons\">\n<div class=\"wp-block-button\"><a class=\"wp-block-button__link wp-element-button\" href=\"#P\u00eache\">visstekken<\/a><\/div>\n<\/div>\n<\/div>\n<\/div>\n\n\n\n<h2 id=\"Nautique\">Watersportactiviteiten<\/h2>\n\n\n\n<figure class=\"wp-block-embed is-type-video is-provider-youtube wp-block-embed-youtube wp-embed-aspect-16-9 wp-has-aspect-ratio\"><div class=\"wp-block-embed__wrapper\">\n<iframe loading=\"lazy\" title=\"[MEET] met Isabelle &amp; Christos van de Creil Roeiclub | Creil Sud Oise Tourisme\" width=\"500\" height=\"281\" data-src=\"https:\/\/www.youtube.com\/embed\/foSyZd71td0?feature=oembed\" frameborder=\"0\" allow=\"accelerometer; autoplay; clipboard-write; encrypted-media; gyroscope; picture-in-picture; web-share\" referrerpolicy=\"strict-origin-when-cross-origin\" allowfullscreen><\/iframe>\n<\/div><\/figure>\n\n\n<div data-related-sit=\"1\" data-block-type=\"related-sit-gt\" data-block-id=\"wpet-sit-1i2qontxvg0\"><div class=\"wp-block wp-block-related-post wp-block-related-list-sit alignfull\">\n    \n    <div class=\"container\">\n\n                    <h2 class=\"wp-block-related-post-title\">Ontdek de selectie!<\/h2>\n        \n                    <div id=\"wpiris-related-post-34\" data-id=\"wpiris-entity-slider\">\n                <div class=\"wp-block-related-post-list wp-block-related-post-list--7\" data-id=\"wpiris-entity-slider-wrapper\">\n\n                    \n<div class=\"entityItem\" data-trigger=\"wpiris-click\" data-id=\"wpiris-entity-slider-item\">\n    <p class=\"entityItemThumbnail\">\n        <a href=\"https:\/\/www.creilsudoise-tourisme.fr\/nl\/loisirs\/club-de-voile-de-saint-leu-desserent\/\" nofancybox>\n            <img data-src=\"https:\/\/www.creilsudoise-tourisme.fr\/wp-content\/uploads\/wpetourisme\/Base-nautique-CreilSudOiseTourisme--20--275x350.jpg\" alt=\"Zeilclub Saint-Leu-d&#039;Esserent\">\n        <\/a>\n    <\/p>\n    <div class=\"entityItemContent\">\n        <h2 class=\"entityItemContentTitle\">\n            <a href=\"https:\/\/www.creilsudoise-tourisme.fr\/nl\/loisirs\/club-de-voile-de-saint-leu-desserent\/\">Zeilclub Saint-Leu-d'Esserent<\/a>\n        <\/h2>\n                    <p class=\"entityItemContentType\">Sportieve, culturele en toeristische activiteiten<\/p>\n            <\/div>\n    <a href=\"https:\/\/www.creilsudoise-tourisme.fr\/nl\/loisirs\/club-de-voile-de-saint-leu-desserent\/\" class=\"seeMore\"><span class=\"sr-only\">Meer zien<\/span><\/a>\n<\/div>\n\n<div class=\"entityItem\" data-trigger=\"wpiris-click\" data-id=\"wpiris-entity-slider-item\">\n    <p class=\"entityItemThumbnail\">\n        <a href=\"https:\/\/www.creilsudoise-tourisme.fr\/nl\/loisirs\/club-daviron-etoile-nautique-de-loise-2\/\" nofancybox>\n            <img data-src=\"https:\/\/www.creilsudoise-tourisme.fr\/wp-content\/uploads\/wpetourisme\/Initiation-a-l-aviron-gratuite-a-Creil-275x350.jpg\" alt=\"Etoile Nautique de l&#039;Oise (Creil Eno) - Roeien\">\n        <\/a>\n    <\/p>\n    <div class=\"entityItemContent\">\n        <h2 class=\"entityItemContentTitle\">\n            <a href=\"https:\/\/www.creilsudoise-tourisme.fr\/nl\/loisirs\/club-daviron-etoile-nautique-de-loise-2\/\">Etoile Nautique de l'Oise (Creil Eno) - Roeien<\/a>\n        <\/h2>\n                    <p class=\"entityItemContentType\">Sportieve, culturele en toeristische activiteiten<\/p>\n            <\/div>\n    <a href=\"https:\/\/www.creilsudoise-tourisme.fr\/nl\/loisirs\/club-daviron-etoile-nautique-de-loise-2\/\" class=\"seeMore\"><span class=\"sr-only\">Meer zien<\/span><\/a>\n<\/div>\n\n<div class=\"entityItem\" data-trigger=\"wpiris-click\" data-id=\"wpiris-entity-slider-item\">\n    <p class=\"entityItemThumbnail\">\n        <a href=\"https:\/\/www.creilsudoise-tourisme.fr\/nl\/loisirs\/kano-kajak-club-du-therain\/\" nofancybox>\n            <img data-src=\"https:\/\/www.creilsudoise-tourisme.fr\/wp-content\/uploads\/wpetourisme\/Canoe-Kayak-Montataire-CreilSudOiseTourisme--2--275x350.jpg\" alt=\"Therain Kano en Kajak Club\">\n        <\/a>\n    <\/p>\n    <div class=\"entityItemContent\">\n        <h2 class=\"entityItemContentTitle\">\n            <a href=\"https:\/\/www.creilsudoise-tourisme.fr\/nl\/loisirs\/kano-kajak-club-du-therain\/\">Therain Kano en Kajak Club<\/a>\n        <\/h2>\n                    <p class=\"entityItemContentType\">Sportieve, culturele en toeristische activiteiten<\/p>\n            <\/div>\n    <a href=\"https:\/\/www.creilsudoise-tourisme.fr\/nl\/loisirs\/kano-kajak-club-du-therain\/\" class=\"seeMore\"><span class=\"sr-only\">Meer zien<\/span><\/a>\n<\/div>\n\n<div class=\"entityItem\" data-trigger=\"wpiris-click\" data-id=\"wpiris-entity-slider-item\">\n    <p class=\"entityItemThumbnail\">\n        <a href=\"https:\/\/www.creilsudoise-tourisme.fr\/nl\/loisirs\/piscine-de-creil\/\" nofancybox>\n            <img data-src=\"https:\/\/www.creilsudoise-tourisme.fr\/wp-content\/uploads\/wpetourisme\/CREIL-Piscine-Ville-de-Creil-Sylvia-Dhersignerie--4--275x350.jpg\" alt=\"Zwembad van Creil\">\n        <\/a>\n    <\/p>\n    <div class=\"entityItemContent\">\n        <h2 class=\"entityItemContentTitle\">\n            <a href=\"https:\/\/www.creilsudoise-tourisme.fr\/nl\/loisirs\/piscine-de-creil\/\">Zwembad van Creil<\/a>\n        <\/h2>\n                    <p class=\"entityItemContentType\">Sportieve, culturele en toeristische activiteiten<\/p>\n            <\/div>\n    <a href=\"https:\/\/www.creilsudoise-tourisme.fr\/nl\/loisirs\/piscine-de-creil\/\" class=\"seeMore\"><span class=\"sr-only\">Meer zien<\/span><\/a>\n<\/div>\n\n<div class=\"entityItem\" data-trigger=\"wpiris-click\" data-id=\"wpiris-entity-slider-item\">\n    <p class=\"entityItemThumbnail\">\n        <a href=\"https:\/\/www.creilsudoise-tourisme.fr\/nl\/loisirs\/centrum-nautique-nogent-villers\/\" nofancybox>\n            <img data-src=\"https:\/\/www.creilsudoise-tourisme.fr\/wp-content\/uploads\/wpetourisme\/Centre-nautique-Nogent-Villers-Creil-Sud-Oise-Tourisme--49--275x350.jpg\" alt=\"Nogent-Villers Watersportcentrum\">\n        <\/a>\n    <\/p>\n    <div class=\"entityItemContent\">\n        <h2 class=\"entityItemContentTitle\">\n            <a href=\"https:\/\/www.creilsudoise-tourisme.fr\/nl\/loisirs\/centrum-nautique-nogent-villers\/\">Nogent-Villers Watersportcentrum<\/a>\n        <\/h2>\n                    <p class=\"entityItemContentType\">Sportieve, culturele en toeristische activiteiten<\/p>\n            <\/div>\n    <a href=\"https:\/\/www.creilsudoise-tourisme.fr\/nl\/loisirs\/centrum-nautique-nogent-villers\/\" class=\"seeMore\"><span class=\"sr-only\">Meer zien<\/span><\/a>\n<\/div>\n\n<div class=\"entityItem\" data-trigger=\"wpiris-click\" data-id=\"wpiris-entity-slider-item\">\n    <p class=\"entityItemThumbnail\">\n        <a href=\"https:\/\/www.creilsudoise-tourisme.fr\/nl\/loisirs\/piscine-de-montataire\/\" nofancybox>\n            <img data-src=\"https:\/\/www.creilsudoise-tourisme.fr\/wp-content\/uploads\/wpetourisme\/grand-bassin-wallpaper-275x350.jpg\" alt=\"Montataire zwembad\">\n        <\/a>\n    <\/p>\n    <div class=\"entityItemContent\">\n        <h2 class=\"entityItemContentTitle\">\n            <a href=\"https:\/\/www.creilsudoise-tourisme.fr\/nl\/loisirs\/piscine-de-montataire\/\">Montataire zwembad<\/a>\n        <\/h2>\n                    <p class=\"entityItemContentType\">Sportieve, culturele en toeristische activiteiten<\/p>\n            <\/div>\n    <a href=\"https:\/\/www.creilsudoise-tourisme.fr\/nl\/loisirs\/piscine-de-montataire\/\" class=\"seeMore\"><span class=\"sr-only\">Meer zien<\/span><\/a>\n<\/div>\n\n<div class=\"entityItem\" data-trigger=\"wpiris-click\" data-id=\"wpiris-entity-slider-item\">\n    <p class=\"entityItemThumbnail\">\n        <a href=\"https:\/\/www.creilsudoise-tourisme.fr\/nl\/loisirs\/base-de-loisirs-saint-leu-desserent\/\" nofancybox>\n            <img data-src=\"https:\/\/www.creilsudoise-tourisme.fr\/wp-content\/uploads\/wpetourisme\/Base-de-Loisirs-de-Saint-Leu-d-Esserent-275x350.jpg\" alt=\"Recreatiecentrum Saint-Leu-d&#039;Esserent\">\n        <\/a>\n    <\/p>\n    <div class=\"entityItemContent\">\n        <h2 class=\"entityItemContentTitle\">\n            <a href=\"https:\/\/www.creilsudoise-tourisme.fr\/nl\/loisirs\/base-de-loisirs-saint-leu-desserent\/\">Recreatiecentrum Saint-Leu-d'Esserent<\/a>\n        <\/h2>\n                    <p class=\"entityItemContentType\">Sportieve, culturele en toeristische activiteiten<\/p>\n            <\/div>\n    <a href=\"https:\/\/www.creilsudoise-tourisme.fr\/nl\/loisirs\/base-de-loisirs-saint-leu-desserent\/\" class=\"seeMore\"><span class=\"sr-only\">Meer zien<\/span><\/a>\n<\/div>\n                <\/div>\n\n                \n<div class=\"sliderNav\">\n    <div class=\"sliderNavWrapper\">\n        <p class=\"swiperArrow swiperArrow--next\" data-trigger=\"swiper-next\">\n            <span class=\"sr-only\">Volgende<\/span>\n        <\/p>\n        <p class=\"swiperArrow swiperArrow--prev\" data-trigger=\"swiper-prev\">\n            <span class=\"sr-only\">Vorige<\/span>\n        <\/p>\n    <\/div>\n<\/div>\n            <\/div>\n            <\/div>\n<\/div><\/div>\n\n\n<hr class=\"wp-block-separator has-css-opacity\"\/>\n\n\n\n<div class=\"wp-block-cover alignfull is-light\"><span aria-hidden=\"true\" class=\"wp-block-cover__background has-background-dim\"><\/span><img decoding=\"async\" loading=\"lazy\" width=\"1200\" height=\"677\" class=\"wp-block-cover__image-background wp-image-33296\" alt=\"\" data-src=\"https:\/\/www.creilsudoise-tourisme.fr\/wp-content\/uploads\/2021\/04\/Ou\u0300-pe\u0302cher-dans-le-Sud-de-l_Oise-1200x677.jpg\" data-object-fit=\"cover\" data-srcset=\"https:\/\/www.creilsudoise-tourisme.fr\/wp-content\/uploads\/2021\/04\/Ou\u0300-pe\u0302cher-dans-le-Sud-de-l_Oise-1200x677.jpg 1200w, https:\/\/www.creilsudoise-tourisme.fr\/wp-content\/uploads\/2021\/04\/Ou\u0300-pe\u0302cher-dans-le-Sud-de-l_Oise-600x338.jpg 600w, https:\/\/www.creilsudoise-tourisme.fr\/wp-content\/uploads\/2021\/04\/Ou\u0300-pe\u0302cher-dans-le-Sud-de-l_Oise-900x507.jpg 900w, https:\/\/www.creilsudoise-tourisme.fr\/wp-content\/uploads\/2021\/04\/Ou\u0300-pe\u0302cher-dans-le-Sud-de-l_Oise-1536x866.jpg 1536w, https:\/\/www.creilsudoise-tourisme.fr\/wp-content\/uploads\/2021\/04\/Ou\u0300-pe\u0302cher-dans-le-Sud-de-l_Oise-200x113.jpg 200w, https:\/\/www.creilsudoise-tourisme.fr\/wp-content\/uploads\/2021\/04\/Ou\u0300-pe\u0302cher-dans-le-Sud-de-l_Oise-650x366.jpg 650w, https:\/\/www.creilsudoise-tourisme.fr\/wp-content\/uploads\/2021\/04\/Ou\u0300-pe\u0302cher-dans-le-Sud-de-l_Oise-387x218.jpg 387w, https:\/\/www.creilsudoise-tourisme.fr\/wp-content\/uploads\/2021\/04\/Ou\u0300-pe\u0302cher-dans-le-Sud-de-l_Oise-275x155.jpg 275w, https:\/\/www.creilsudoise-tourisme.fr\/wp-content\/uploads\/2021\/04\/Ou\u0300-pe\u0302cher-dans-le-Sud-de-l_Oise.jpg 1600w\" sizes=\"(max-width: 1200px) 100vw, 1200px\" \/><div class=\"wp-block-cover__inner-container\">\n<p class=\"has-large-font-size\"><\/p>\n<\/div><\/div>\n\n\n\n<h2 id=\"P\u00eache\">Visplekken<\/h2>\n\n\n\n<h3>Cramoisy<\/h3>\n\n\n\n<p>Rivier Le Th\u00e9rain du Pont SNCF (Maysel) jusqu'au Moulin de Saint-Leu (Cramoisy) sur le lot de l'<a href=\"https:\/\/www.peche60.fr\/1807-aappma-de-precy-sur-oise-l-entente-des-pecheurs-reunis-de-pvgslcm.htm\" target=\"_blank\" rel=\"noreferrer noopener\">Pr\u00e9cy-sur-Oise AAPMA<\/a><\/p>\n\n\n\n<h3>Creil<\/h3>\n\n\n\n<p>Berges de l'Oise op het perceel de l'<a href=\"https:\/\/www.peche60.fr\/1731-aappma-de-creil-les-pecheurs-creillois.htm\" target=\"_blank\" rel=\"noreferrer noopener\">AAPMA van Creil-Les p\u00eacheurs creillois<\/a><\/p>\n\n\n\n<h3>Maysel<\/h3>\n\n\n\n<p>Rivier Le Th\u00e9rain du Pont SNCF (Maysel) jusqu'au Moulin de Saint-Leu (Cramoisy) sur le lot de l'<a href=\"https:\/\/www.peche60.fr\/1807-aappma-de-precy-sur-oise-l-entente-des-pecheurs-reunis-de-pvgslcm.htm\" target=\"_blank\" rel=\"noreferrer noopener\">Pr\u00e9cy-sur-Oise AAPMA<\/a><\/p>\n\n\n\n<h3>Montataire<\/h3>\n\n\n\n<p>\u00c9tang de la Maladrerie met een toegankelijk ponton (park met het label <a href=\"https:\/\/tourisme-handicaps.org\/\" target=\"_blank\" rel=\"noreferrer noopener\">Toerisme &amp; Handicap<\/a> voor motorische, mentale en auditieve handicaps)<br>Oevers van de Th\u00e9rain op de<a href=\"https:\/\/www.peche60.fr\/1796-aappma-de-montataire-les-martins-pecheurs.htm\" target=\"_blank\" rel=\"noreferrer noopener\">AAPPMA van Montataire<\/a><\/p>\n\n\n\n<h3>Nogent-sur-Oise<\/h3>\n\n\n\n<p>De rivier La Br\u00e8che op de<a href=\"https:\/\/www.peche60.fr\/1778-aappma-de-monchy-nogent-villers-la-truite.htm\" target=\"_blank\" rel=\"noreferrer noopener\">AAPPMA van La truite Monchy-Nogent-Villers<\/a> <\/p>\n\n\n\n<h3>Saint-Leu-d'Esserent<\/h3>\n\n\n\n<p>Berges de l'Oise op het perceel de l'<a href=\"https:\/\/www.peche60.fr\/1807-aappma-de-precy-sur-oise-l-entente-des-pecheurs-reunis-de-pvgslcm.htm\" target=\"_blank\" rel=\"noreferrer noopener\">Pr\u00e9cy-sur-Oise AAPMA<\/a><br>Gemeenschappelijke vijver van La Garenne: gereserveerd voor leden van de Entente des P\u00eacheurs R\u00e9unis (<a href=\"https:\/\/pvgslcm.jimdofree.com\/\" target=\"_blank\" rel=\"noreferrer noopener\">AAPPMA van Pr\u00e9cy-sur-Oise<\/a>) en aan de inwoners van Saint-Leu-d'Esserent met een visvergunning<\/p>\n\n\n\n<h3>Saint-Maximin<\/h3>\n\n\n\n<p>Gemeenschappelijke vijver Sainte-Barbe alleen toegankelijk voor leden van de vereniging Saint-Maximin P\u00eache (lidmaatschap op sponsoring van 2 leden)<br>Berges de l'Oise op het perceel de l'<a href=\"https:\/\/www.peche60.fr\/1807-aappma-de-precy-sur-oise-l-entente-des-pecheurs-reunis-de-pvgslcm.htm\" target=\"_blank\" rel=\"noreferrer noopener\">Pr\u00e9cy-sur-Oise AAPMA<\/a><\/p>\n\n\n\n<h3>Saint-Vaast-l\u00e8s-Mello<\/h3>\n\n\n\n<p>Gemeenschappelijke vijver voor houders van het jaarlijkse gemeenschappelijke aandeel (informatie <a href=\"https:\/\/saintvaastlesmello.neopse-site.fr\/fr\/rb\/2250744\/reglement-de-peche\" target=\"_blank\" rel=\"noreferrer noopener\">op het gemeentehuis <\/a>)<\/p>\n\n\n\n<h3>Villers-Saint-Paul<\/h3>\n\n\n\n<p>Vijvers van het Parc de la Br\u00e8che (<a href=\"https:\/\/www.peche60.fr\/1778-aappma-de-monchy-nogent-villers-la-truite.htm\" target=\"_blank\" rel=\"noreferrer noopener\">AAPPMA van La truite Monchy-Nogent-Villers<\/a>)<\/p>\n\n\n\n<p>Rivier \" La Br\u00e8che \" op het perceel van de<a href=\"https:\/\/www.peche60.fr\/1778-aappma-de-monchy-nogent-villers-la-truite.htm\" target=\"_blank\" rel=\"noreferrer noopener\">AAPPMA van La truite Monchy-Nogent-Villers<\/a> en de<a href=\"https:\/\/www.peche60.fr\/1731-aappma-de-creil-les-pecheurs-creillois.htm\">AAPPMA van Creil<\/a><\/p>\n\n\n\n<hr class=\"wp-block-separator has-css-opacity\"\/>\n\n\n<div class=\"wp-block wp-block-highlight\">\n            <h3 class=\"wp-block-highlight-item wp-block-highlight-title\">De wandelingen<\/h3>\n                <p class=\"wp-block-highlight-item wp-block-highlight-excerpt\">Ontdek alle\u00a0<strong><a href=\"https:\/\/www.creilsudoise-tourisme.fr\/nl\/i-search\/wandeling-2\/\" target=\"_blank\" rel=\"noreferrer noopener\">Bestemming Creil Sud Oise wandelingen<\/a><\/strong>\u00a0! Te voet, op de fiets of zelfs te paard, ze zijn geschikt voor alle niveaus.<\/p>\n    <\/div>\n\n\n<div class=\"is-layout-flex wp-block-buttons\">\n<div class=\"wp-block-button\"><a class=\"wp-block-button__link wp-element-button\" href=\"https:\/\/www.creilsudoise-tourisme.fr\/nl\/i-search\/wandeling-2\/\" target=\"_blank\" rel=\"noreferrer noopener\">loopt<\/a><\/div>\n<\/div>","protected":false},"excerpt":{"rendered":"<p>Op slechts 30 minuten met de trein van Gare du Nord in Parijs, aan de poort van de Val d'Oise, biedt Destination Creil Sud Oise een scala aan activiteiten op het water! Ontdek Creil Sud Oise vanaf het water op de Oise, de Th\u00e9rain en de Br\u00e8che... Wateractiviteiten Visstekken Cramoisy De Th\u00e9rain van de Oise tot de Br\u00e8che... [...]<\/p>","protected":false},"author":1,"featured_media":32723,"parent":167,"menu_order":2,"comment_status":"closed","ping_status":"closed","template":"","meta":{"_relevanssi_hide_post":"","_relevanssi_hide_content":"","_relevanssi_pin_for_all":"","_relevanssi_pin_keywords":"","_relevanssi_unpin_keywords":"","_relevanssi_related_keywords":"","_relevanssi_related_include_ids":"","_relevanssi_related_exclude_ids":"","_relevanssi_related_no_append":"","_relevanssi_related_not_related":"","_relevanssi_related_posts":"267,275,273,271","_relevanssi_noindex_reason":""},"yoast_head":"<!-- This site is optimized with the Yoast SEO plugin v20.2.1 - https:\/\/yoast.com\/wordpress\/plugins\/seo\/ -->\n<title>Pratiquez une activit\u00e9 nautique \u00e0 30 min de Paris - Office de Tourisme Creil Sud Oise<\/title>\n<meta name=\"description\" content=\"Aviron, cano\u00eb-kayak, voile, baignade, croisi\u00e8res ou paddle vous attendent aux portes du Val d\u2019Oise !\" \/>\n<meta name=\"robots\" content=\"index, follow, max-snippet:-1, max-image-preview:large, max-video-preview:-1\" \/>\n<link rel=\"canonical\" href=\"https:\/\/www.creilsudoise-tourisme.fr\/nl\/i-search\/wateractiviteit\/\" \/>\n<meta property=\"og:locale\" content=\"nl_NL\" \/>\n<meta property=\"og:type\" content=\"article\" \/>\n<meta property=\"og:title\" content=\"Pratiquez une activit\u00e9 nautique \u00e0 30 min de Paris - Office de Tourisme Creil Sud Oise\" \/>\n<meta property=\"og:description\" content=\"Aviron, cano\u00eb-kayak, voile, baignade, croisi\u00e8res ou paddle vous attendent aux portes du Val d\u2019Oise !\" \/>\n<meta property=\"og:url\" content=\"https:\/\/www.creilsudoise-tourisme.fr\/nl\/i-search\/wateractiviteit\/\" \/>\n<meta property=\"og:site_name\" content=\"Office de Tourisme Creil Sud Oise\" \/>\n<meta property=\"article:publisher\" content=\"https:\/\/www.facebook.com\/creilsudoisetourisme\/\" \/>\n<meta property=\"article:modified_time\" content=\"2025-09-15T08:08:20+00:00\" \/>\n<meta property=\"og:image\" content=\"https:\/\/www.creilsudoise-tourisme.fr\/wp-content\/uploads\/2021\/03\/Je-cherche-une-activite\u0301-sur-l_eau.jpg\" \/>\n\t<meta property=\"og:image:width\" content=\"1920\" \/>\n\t<meta property=\"og:image:height\" content=\"1285\" \/>\n\t<meta property=\"og:image:type\" content=\"image\/jpeg\" \/>\n<meta name=\"twitter:card\" content=\"summary_large_image\" \/>\n<meta name=\"twitter:site\" content=\"@CreilSudOiseOT\" \/>\n<meta name=\"twitter:label1\" content=\"Geschatte leestijd\" \/>\n\t<meta name=\"twitter:data1\" content=\"2 minuten\" \/>\n<script type=\"application\/ld+json\" class=\"yoast-schema-graph\">{\"@context\":\"https:\/\/schema.org\",\"@graph\":[{\"@type\":\"WebPage\",\"@id\":\"https:\/\/www.creilsudoise-tourisme.fr\/je-cherche\/activite-nautique\/\",\"url\":\"https:\/\/www.creilsudoise-tourisme.fr\/je-cherche\/activite-nautique\/\",\"name\":\"Pratiquez une activit\u00e9 nautique \u00e0 30 min de Paris - Office de Tourisme Creil Sud Oise\",\"isPartOf\":{\"@id\":\"https:\/\/www.creilsudoise-tourisme.fr\/#website\"},\"datePublished\":\"2021-02-17T09:03:15+00:00\",\"dateModified\":\"2025-09-15T08:08:20+00:00\",\"description\":\"Aviron, cano\u00eb-kayak, voile, baignade, croisi\u00e8res ou paddle vous attendent aux portes du Val d\u2019Oise !\",\"breadcrumb\":{\"@id\":\"https:\/\/www.creilsudoise-tourisme.fr\/je-cherche\/activite-nautique\/#breadcrumb\"},\"inLanguage\":\"nl\",\"potentialAction\":[{\"@type\":\"ReadAction\",\"target\":[\"https:\/\/www.creilsudoise-tourisme.fr\/je-cherche\/activite-nautique\/\"]}]},{\"@type\":\"BreadcrumbList\",\"@id\":\"https:\/\/www.creilsudoise-tourisme.fr\/je-cherche\/activite-nautique\/#breadcrumb\",\"itemListElement\":[{\"@type\":\"ListItem\",\"position\":1,\"name\":\"Accueil\",\"item\":\"https:\/\/www.creilsudoise-tourisme.fr\/\"},{\"@type\":\"ListItem\",\"position\":2,\"name\":\"Je cherche\",\"item\":\"https:\/\/www.creilsudoise-tourisme.fr\/je-cherche\/\"},{\"@type\":\"ListItem\",\"position\":3,\"name\":\"Une activit\u00e9 sur l&rsquo;eau\"}]},{\"@type\":\"WebSite\",\"@id\":\"https:\/\/www.creilsudoise-tourisme.fr\/#website\",\"url\":\"https:\/\/www.creilsudoise-tourisme.fr\/\",\"name\":\"Office de Tourisme Creil Sud Oise\",\"description\":\"Creil Sud Oise Tourisme, un territoire \u00e0 explorer !\",\"publisher\":{\"@id\":\"https:\/\/www.creilsudoise-tourisme.fr\/#organization\"},\"potentialAction\":[{\"@type\":\"SearchAction\",\"target\":{\"@type\":\"EntryPoint\",\"urlTemplate\":\"https:\/\/www.creilsudoise-tourisme.fr\/?s={search_term_string}\"},\"query-input\":\"required name=search_term_string\"}],\"inLanguage\":\"nl\"},{\"@type\":\"Organization\",\"@id\":\"https:\/\/www.creilsudoise-tourisme.fr\/#organization\",\"name\":\"Creil Sud Oise Tourisme\",\"url\":\"https:\/\/www.creilsudoise-tourisme.fr\/\",\"logo\":{\"@type\":\"ImageObject\",\"inLanguage\":\"nl\",\"@id\":\"https:\/\/www.creilsudoise-tourisme.fr\/#\/schema\/logo\/image\/\",\"url\":\"https:\/\/www.creilsudoise-tourisme.fr\/wp-content\/uploads\/2021\/05\/logo-svg.png\",\"contentUrl\":\"https:\/\/www.creilsudoise-tourisme.fr\/wp-content\/uploads\/2021\/05\/logo-svg.png\",\"width\":182,\"height\":71,\"caption\":\"Creil Sud Oise Tourisme\"},\"image\":{\"@id\":\"https:\/\/www.creilsudoise-tourisme.fr\/#\/schema\/logo\/image\/\"},\"sameAs\":[\"https:\/\/www.facebook.com\/creilsudoisetourisme\/\",\"https:\/\/twitter.com\/CreilSudOiseOT\",\"https:\/\/www.instagram.com\/creilsudoisetourisme\/\",\"https:\/\/www.youtube.com\/channel\/UC8L_QD2wwyADW14zt9fY8kw\"]}]}<\/script>\n<!-- \/ Yoast SEO plugin. -->","yoast_head_json":{"title":"Pratiquez une activit\u00e9 nautique \u00e0 30 min de Paris - Office de Tourisme Creil Sud Oise","description":"Aviron, cano\u00eb-kayak, voile, baignade, croisi\u00e8res ou paddle vous attendent aux portes du Val d\u2019Oise !","robots":{"index":"index","follow":"follow","max-snippet":"max-snippet:-1","max-image-preview":"max-image-preview:large","max-video-preview":"max-video-preview:-1"},"canonical":"https:\/\/www.creilsudoise-tourisme.fr\/nl\/i-search\/wateractiviteit\/","og_locale":"nl_NL","og_type":"article","og_title":"Pratiquez une activit\u00e9 nautique \u00e0 30 min de Paris - Office de Tourisme Creil Sud Oise","og_description":"Aviron, cano\u00eb-kayak, voile, baignade, croisi\u00e8res ou paddle vous attendent aux portes du Val d\u2019Oise !","og_url":"https:\/\/www.creilsudoise-tourisme.fr\/nl\/i-search\/wateractiviteit\/","og_site_name":"Office de Tourisme Creil Sud Oise","article_publisher":"https:\/\/www.facebook.com\/creilsudoisetourisme\/","article_modified_time":"2025-09-15T08:08:20+00:00","og_image":[{"width":1920,"height":1285,"url":"https:\/\/www.creilsudoise-tourisme.fr\/wp-content\/uploads\/2021\/03\/Je-cherche-une-activite\u0301-sur-l_eau.jpg","type":"image\/jpeg"}],"twitter_card":"summary_large_image","twitter_site":"@CreilSudOiseOT","twitter_misc":{"Geschatte leestijd":"2 minuten"},"schema":{"@context":"https:\/\/schema.org","@graph":[{"@type":"WebPage","@id":"https:\/\/www.creilsudoise-tourisme.fr\/je-cherche\/activite-nautique\/","url":"https:\/\/www.creilsudoise-tourisme.fr\/je-cherche\/activite-nautique\/","name":"Pratiquez une activit\u00e9 nautique \u00e0 30 min de Paris - Office de Tourisme Creil Sud Oise","isPartOf":{"@id":"https:\/\/www.creilsudoise-tourisme.fr\/#website"},"datePublished":"2021-02-17T09:03:15+00:00","dateModified":"2025-09-15T08:08:20+00:00","description":"Aviron, cano\u00eb-kayak, voile, baignade, croisi\u00e8res ou paddle vous attendent aux portes du Val d\u2019Oise !","breadcrumb":{"@id":"https:\/\/www.creilsudoise-tourisme.fr\/je-cherche\/activite-nautique\/#breadcrumb"},"inLanguage":"nl","potentialAction":[{"@type":"ReadAction","target":["https:\/\/www.creilsudoise-tourisme.fr\/je-cherche\/activite-nautique\/"]}]},{"@type":"BreadcrumbList","@id":"https:\/\/www.creilsudoise-tourisme.fr\/je-cherche\/activite-nautique\/#breadcrumb","itemListElement":[{"@type":"ListItem","position":1,"name":"Accueil","item":"https:\/\/www.creilsudoise-tourisme.fr\/"},{"@type":"ListItem","position":2,"name":"Je cherche","item":"https:\/\/www.creilsudoise-tourisme.fr\/je-cherche\/"},{"@type":"ListItem","position":3,"name":"Une activit\u00e9 sur l&rsquo;eau"}]},{"@type":"WebSite","@id":"https:\/\/www.creilsudoise-tourisme.fr\/#website","url":"https:\/\/www.creilsudoise-tourisme.fr\/","name":"Office de Tourisme Creil Sud Oise","description":"Creil Sud Oise Tourisme, un territoire \u00e0 explorer !","publisher":{"@id":"https:\/\/www.creilsudoise-tourisme.fr\/#organization"},"potentialAction":[{"@type":"SearchAction","target":{"@type":"EntryPoint","urlTemplate":"https:\/\/www.creilsudoise-tourisme.fr\/?s={search_term_string}"},"query-input":"required name=search_term_string"}],"inLanguage":"nl"},{"@type":"Organization","@id":"https:\/\/www.creilsudoise-tourisme.fr\/#organization","name":"Creil Sud Oise Tourisme","url":"https:\/\/www.creilsudoise-tourisme.fr\/","logo":{"@type":"ImageObject","inLanguage":"nl","@id":"https:\/\/www.creilsudoise-tourisme.fr\/#\/schema\/logo\/image\/","url":"https:\/\/www.creilsudoise-tourisme.fr\/wp-content\/uploads\/2021\/05\/logo-svg.png","contentUrl":"https:\/\/www.creilsudoise-tourisme.fr\/wp-content\/uploads\/2021\/05\/logo-svg.png","width":182,"height":71,"caption":"Creil Sud Oise Tourisme"},"image":{"@id":"https:\/\/www.creilsudoise-tourisme.fr\/#\/schema\/logo\/image\/"},"sameAs":["https:\/\/www.facebook.com\/creilsudoisetourisme\/","https:\/\/twitter.com\/CreilSudOiseOT","https:\/\/www.instagram.com\/creilsudoisetourisme\/","https:\/\/www.youtube.com\/channel\/UC8L_QD2wwyADW14zt9fY8kw"]}]}},"_links":{"self":[{"href":"https:\/\/www.creilsudoise-tourisme.fr\/nl\/wp-json\/wp\/v2\/pages\/185"}],"collection":[{"href":"https:\/\/www.creilsudoise-tourisme.fr\/nl\/wp-json\/wp\/v2\/pages"}],"about":[{"href":"https:\/\/www.creilsudoise-tourisme.fr\/nl\/wp-json\/wp\/v2\/types\/page"}],"author":[{"embeddable":true,"href":"https:\/\/www.creilsudoise-tourisme.fr\/nl\/wp-json\/wp\/v2\/users\/1"}],"replies":[{"embeddable":true,"href":"https:\/\/www.creilsudoise-tourisme.fr\/nl\/wp-json\/wp\/v2\/comments?post=185"}],"version-history":[{"count":20,"href":"https:\/\/www.creilsudoise-tourisme.fr\/nl\/wp-json\/wp\/v2\/pages\/185\/revisions"}],"predecessor-version":[{"id":65149,"href":"https:\/\/www.creilsudoise-tourisme.fr\/nl\/wp-json\/wp\/v2\/pages\/185\/revisions\/65149"}],"up":[{"embeddable":true,"href":"https:\/\/www.creilsudoise-tourisme.fr\/nl\/wp-json\/wp\/v2\/pages\/167"}],"wp:featuredmedia":[{"embeddable":true,"href":"https:\/\/www.creilsudoise-tourisme.fr\/nl\/wp-json\/wp\/v2\/media\/32723"}],"wp:attachment":[{"href":"https:\/\/www.creilsudoise-tourisme.fr\/nl\/wp-json\/wp\/v2\/media?parent=185"}],"curies":[{"name":"wp","href":"https:\/\/api.w.org\/{rel}","templated":true}]}}