{"id":159,"date":"2021-02-17T10:02:50","date_gmt":"2021-02-17T09:02:50","guid":{"rendered":"https:\/\/www.creilsudoise-tourisme.fr\/le-musee-de-la-guesdiere\/"},"modified":"2026-02-10T17:01:53","modified_gmt":"2026-02-10T16:01:53","slug":"musee-guesdiere","status":"publish","type":"page","link":"https:\/\/www.creilsudoise-tourisme.fr\/nl\/jexplore\/must-haves\/musee-guesdiere\/","title":{"rendered":"Het Guesdi\u00e8re Museum"},"content":{"rendered":"<p class=\"is-style-excerpt\"><strong>Het Mus\u00e9e de la Guesdi\u00e8re is gelegen in het historische hart van Saint-Leu-d'Esserent<\/strong>Het ligt in de buurt van Chantilly en Senlis. Het bestaat uit vier zalen in de oudste delen van het oude kasteel van Saint-Leu-d'Esserent waaraan het zijn naam te danken heeft: het kasteel van Guesdi\u00e8re.<\/p>\n\n\n\n<h2>Een museum over lokale geschiedenis<\/h2>\n\n\n\n<p class=\"has-text-align-center\"><strong>Le Mus\u00e9e de la Guesdi\u00e8re est actuellement ferm\u00e9 pour se faire une beaut\u00e9 ! [Mise \u00e0 jour f\u00e9vrier 2026]<\/strong><\/p>\n\n\n\n<p>Wanneer je aankomt op de binnenplaats van het museum, kun je niet anders dan de <strong>de schoonheid van het kalkstenen architecturale geheel dat typisch is voor het zuiden van de Oise<\/strong> die het warme zonlicht reflecteert. Het is de perfecte omgeving voor een<strong> herinneringsfoto<\/strong> ! In de zomer zie je bruidsparen vaak door het park wandelen voor hun trouwfoto's.<\/p>\n\n\n\n<figure class=\"wp-block-image alignwide size-large\"><img decoding=\"async\" loading=\"lazy\" width=\"1200\" height=\"675\" data-src=\"https:\/\/www.creilsudoise-tourisme.fr\/wp-content\/uploads\/2021\/03\/Exte\u0301rieurs-du-Muse\u0301e-de-la-Guesdie\u0300re-1200x675.jpg\" alt=\"\" class=\"wp-image-32741\" data-srcset=\"https:\/\/www.creilsudoise-tourisme.fr\/wp-content\/uploads\/2021\/03\/Exte\u0301rieurs-du-Muse\u0301e-de-la-Guesdie\u0300re-1200x675.jpg 1200w, https:\/\/www.creilsudoise-tourisme.fr\/wp-content\/uploads\/2021\/03\/Exte\u0301rieurs-du-Muse\u0301e-de-la-Guesdie\u0300re-600x338.jpg 600w, https:\/\/www.creilsudoise-tourisme.fr\/wp-content\/uploads\/2021\/03\/Exte\u0301rieurs-du-Muse\u0301e-de-la-Guesdie\u0300re-900x506.jpg 900w, https:\/\/www.creilsudoise-tourisme.fr\/wp-content\/uploads\/2021\/03\/Exte\u0301rieurs-du-Muse\u0301e-de-la-Guesdie\u0300re-1536x864.jpg 1536w, https:\/\/www.creilsudoise-tourisme.fr\/wp-content\/uploads\/2021\/03\/Exte\u0301rieurs-du-Muse\u0301e-de-la-Guesdie\u0300re-200x113.jpg 200w, https:\/\/www.creilsudoise-tourisme.fr\/wp-content\/uploads\/2021\/03\/Exte\u0301rieurs-du-Muse\u0301e-de-la-Guesdie\u0300re-650x366.jpg 650w, https:\/\/www.creilsudoise-tourisme.fr\/wp-content\/uploads\/2021\/03\/Exte\u0301rieurs-du-Muse\u0301e-de-la-Guesdie\u0300re-387x218.jpg 387w, https:\/\/www.creilsudoise-tourisme.fr\/wp-content\/uploads\/2021\/03\/Exte\u0301rieurs-du-Muse\u0301e-de-la-Guesdie\u0300re.jpg 1600w\" sizes=\"(max-width: 1200px) 100vw, 1200px\" \/><figcaption class=\"wp-element-caption\">Het Mus\u00e9e de la Guesdi\u00e8re is gevestigd in de voormalige stallen van het kasteel, nu het stadhuis.<\/figcaption><\/figure>\n\n\n\n<p>De charme van dit museum is de ziel van deze plaats die de eeuwen heeft doorkruist: de hoofdzaal, waardoor men binnenkomt, is in feite <strong>de voormalige stal van het middeleeuwse kasteel<\/strong> gekenmerkt door een grote poort en een zeer hoog plafond. Het halve licht dat hier heerst, dompelt ons onder in een cocon buiten de tijd, bevorderlijk voor contemplatie. In deze eerste kamer ontdekken we <strong>een tentoonstelling over de belangrijkste gebeurtenissen en illustere persoonlijkheden van Saint-Leu-d'Esserent zoals Marie F\u00e9licie Orsini<\/strong> (nicht van Marie de Medici)<strong> en haar man, Henri II de Montmorency...<\/strong> (achterkleinzoon van de Constable Anne de Montmorency).<\/p>\n\n\n\n<figure class=\"wp-block-image size-large\"><img decoding=\"async\" loading=\"lazy\" width=\"800\" height=\"1195\" data-src=\"https:\/\/www.creilsudoise-tourisme.fr\/wp-content\/uploads\/2021\/03\/Le-Muse\u0301e-de-la-Guesdie\u0300re-a\u0300-Saint-Leu-dEsserent.jpg\" alt=\"\" class=\"wp-image-32747\" data-srcset=\"https:\/\/www.creilsudoise-tourisme.fr\/wp-content\/uploads\/2021\/03\/Le-Muse\u0301e-de-la-Guesdie\u0300re-a\u0300-Saint-Leu-dEsserent.jpg 800w, https:\/\/www.creilsudoise-tourisme.fr\/wp-content\/uploads\/2021\/03\/Le-Muse\u0301e-de-la-Guesdie\u0300re-a\u0300-Saint-Leu-dEsserent-402x600.jpg 402w, https:\/\/www.creilsudoise-tourisme.fr\/wp-content\/uploads\/2021\/03\/Le-Muse\u0301e-de-la-Guesdie\u0300re-a\u0300-Saint-Leu-dEsserent-603x900.jpg 603w, https:\/\/www.creilsudoise-tourisme.fr\/wp-content\/uploads\/2021\/03\/Le-Muse\u0301e-de-la-Guesdie\u0300re-a\u0300-Saint-Leu-dEsserent-200x299.jpg 200w, https:\/\/www.creilsudoise-tourisme.fr\/wp-content\/uploads\/2021\/03\/Le-Muse\u0301e-de-la-Guesdie\u0300re-a\u0300-Saint-Leu-dEsserent-650x971.jpg 650w, https:\/\/www.creilsudoise-tourisme.fr\/wp-content\/uploads\/2021\/03\/Le-Muse\u0301e-de-la-Guesdie\u0300re-a\u0300-Saint-Leu-dEsserent-387x578.jpg 387w\" sizes=\"(max-width: 800px) 100vw, 800px\" \/><\/figure>\n\n\n\n<h2>De bouwers ontdekken<\/h2>\n\n\n\n<p>A <strong>verzameling stenen beelden van de Abdijkerk<\/strong>In de volgende kamer is de hele collectie van het museum te zien. In de volgende kamer kunnen we de hele<strong> schoonheid van deze abdij dankzij een prachtig stenen model<\/strong>. De frisheid en bijzondere sfeer van de <strong>deze kamer direct in de rots gegraven<\/strong> dompelen ons onder in de wereld van de oude steenhouwers wiens gereedschap we ontdekken. We kunnen ons dan het werk van deze <a href=\"https:\/\/www.creilsudoise-tourisme.fr\/nl\/jexplore\/les-incontournables\/maison-de-la-pierre\/\" target=\"_blank\" rel=\"noreferrer noopener\">arbeiders die de steen wonnen<\/a> eeuwenlang om onze mooiste monumenten te bouwen zoals<strong> het kasteel van Versailles, de Arc de Triomphe of de Op\u00e9ra Garnier...<\/strong>. In de volgende zaal wordt het rijke middeleeuwse verleden van de stad verkend aan de hand van de geschiedenis van de monniken van de Cluniale priorij.<\/p>\n\n\n\n<h2>De recente geschiedenis van Saint-Leu-d'Esserent<\/h2>\n\n\n\n<p>Eindelijk, <strong>oude ansichtkaarten en ontroerende getuigenissen van de inwoners<\/strong> brengen ons aangrijpend tot leven <strong>de Duitse bezetting en de geallieerde bombardementen in 1944<\/strong>. Men kan zich de moeilijke tijden voorstellen die zij toen doormaakten, toen zij afdaalden in de vuile ondergrondse zoals die waarin zij schuilden.<\/p>\n\n\n\n<figure class=\"wp-block-image size-large\"><img decoding=\"async\" loading=\"lazy\" width=\"800\" height=\"712\" data-src=\"https:\/\/www.creilsudoise-tourisme.fr\/wp-content\/uploads\/2021\/03\/Souterrain-du-Muse\u0301e-de-la-Guesdie\u0300re.jpg\" alt=\"\" class=\"wp-image-32755\" data-srcset=\"https:\/\/www.creilsudoise-tourisme.fr\/wp-content\/uploads\/2021\/03\/Souterrain-du-Muse\u0301e-de-la-Guesdie\u0300re.jpg 800w, https:\/\/www.creilsudoise-tourisme.fr\/wp-content\/uploads\/2021\/03\/Souterrain-du-Muse\u0301e-de-la-Guesdie\u0300re-600x534.jpg 600w, https:\/\/www.creilsudoise-tourisme.fr\/wp-content\/uploads\/2021\/03\/Souterrain-du-Muse\u0301e-de-la-Guesdie\u0300re-200x178.jpg 200w, https:\/\/www.creilsudoise-tourisme.fr\/wp-content\/uploads\/2021\/03\/Souterrain-du-Muse\u0301e-de-la-Guesdie\u0300re-650x579.jpg 650w, https:\/\/www.creilsudoise-tourisme.fr\/wp-content\/uploads\/2021\/03\/Souterrain-du-Muse\u0301e-de-la-Guesdie\u0300re-387x344.jpg 387w\" sizes=\"(max-width: 800px) 100vw, 800px\" \/><figcaption class=\"wp-element-caption\">Het museum heeft een ondergronds gedeelte<\/figcaption><\/figure>\n\n\n\n<p>Om in te schuilen als het regent of om af te koelen in de ondergrondse ruimtes, <strong>dit museum is perfect voor het leren over de lokale geschiedenis<\/strong>. Na het bezoek kunnen we het plezier van de ontdekking uitbreiden met een<strong> wandeling door de kleine voetgangersstraatjes die leiden naar de <a href=\"https:\/\/www.creilsudoise-tourisme.fr\/nl\/patrimoine\/abbatiale-de-saint-leu-desserent\/\" target=\"_blank\" rel=\"noreferrer noopener\">de abdij<\/a><\/strong> en de<strong>oude priorij<\/strong> met uitzicht op de stad en een panoramisch uitzicht op de vallei, langs de<strong> Bavin Kelder<\/strong>Een voormalig pakhuis gebruikt door de Cluniac monniken.<\/p>\n\n\n\n<figure class=\"wp-block-image alignwide size-large\"><img decoding=\"async\" loading=\"lazy\" width=\"1200\" height=\"675\" data-src=\"https:\/\/www.creilsudoise-tourisme.fr\/wp-content\/uploads\/2021\/03\/Histoire-locale-de-Saint-Leu-d_Esserent-au-Muse\u0301e-de-la-Guesdie\u0300re-1200x675.jpg\" alt=\"\" class=\"wp-image-32759\" data-srcset=\"https:\/\/www.creilsudoise-tourisme.fr\/wp-content\/uploads\/2021\/03\/Histoire-locale-de-Saint-Leu-d_Esserent-au-Muse\u0301e-de-la-Guesdie\u0300re-1200x675.jpg 1200w, https:\/\/www.creilsudoise-tourisme.fr\/wp-content\/uploads\/2021\/03\/Histoire-locale-de-Saint-Leu-d_Esserent-au-Muse\u0301e-de-la-Guesdie\u0300re-600x338.jpg 600w, https:\/\/www.creilsudoise-tourisme.fr\/wp-content\/uploads\/2021\/03\/Histoire-locale-de-Saint-Leu-d_Esserent-au-Muse\u0301e-de-la-Guesdie\u0300re-900x506.jpg 900w, https:\/\/www.creilsudoise-tourisme.fr\/wp-content\/uploads\/2021\/03\/Histoire-locale-de-Saint-Leu-d_Esserent-au-Muse\u0301e-de-la-Guesdie\u0300re-1536x864.jpg 1536w, https:\/\/www.creilsudoise-tourisme.fr\/wp-content\/uploads\/2021\/03\/Histoire-locale-de-Saint-Leu-d_Esserent-au-Muse\u0301e-de-la-Guesdie\u0300re-200x113.jpg 200w, https:\/\/www.creilsudoise-tourisme.fr\/wp-content\/uploads\/2021\/03\/Histoire-locale-de-Saint-Leu-d_Esserent-au-Muse\u0301e-de-la-Guesdie\u0300re-1600x900.jpg 1600w, https:\/\/www.creilsudoise-tourisme.fr\/wp-content\/uploads\/2021\/03\/Histoire-locale-de-Saint-Leu-d_Esserent-au-Muse\u0301e-de-la-Guesdie\u0300re-650x366.jpg 650w, https:\/\/www.creilsudoise-tourisme.fr\/wp-content\/uploads\/2021\/03\/Histoire-locale-de-Saint-Leu-d_Esserent-au-Muse\u0301e-de-la-Guesdie\u0300re-387x218.jpg 387w, https:\/\/www.creilsudoise-tourisme.fr\/wp-content\/uploads\/2021\/03\/Histoire-locale-de-Saint-Leu-d_Esserent-au-Muse\u0301e-de-la-Guesdie\u0300re.jpg 1920w\" sizes=\"(max-width: 1200px) 100vw, 1200px\" \/><figcaption class=\"wp-element-caption\">De stad Saint-Leu-d'Esserent werd zwaar getroffen door de geallieerde bombardementen in 1944<\/figcaption><\/figure>\n\n\n\n\n\n\n<div class=\"wp-block wp-block-related-post alignfull\">\n    <div class=\"container\">\n                    <h2 class=\"wp-block-related-post-title\">De Explorers vonden ook...<\/h2>\n                <div id=\"wpiris-related-post-34182559124934186428530541\" data-id=\"wpiris-entity-slider\">\n            <div class=\"wp-block-related-post-list wp-block-related-post-list--7\" data-id=\"wpiris-entity-slider-wrapper\">\n\n                \n<div class=\"entityItem\" data-trigger=\"wpiris-click\" data-id=\"wpiris-entity-slider-item\">\n    <p class=\"entityItemThumbnail\">\n        <a href=\"https:\/\/www.creilsudoise-tourisme.fr\/nl\/espace-naturel\/garden-of-labbatiale\/\" nofancybox>\n            <img data-src=\"https:\/\/www.creilsudoise-tourisme.fr\/wp-content\/uploads\/wpetourisme\/SAINT-LEU-D-ESSERENT-Jardin-Abbatilale-Creil-Sud-Oise-Tourisme---2--275x350.jpg\" alt=\"Tuin van de Abdij\">\n        <\/a>\n    <\/p>\n    <div class=\"entityItemContent\">\n        <h2 class=\"entityItemContentTitle\">\n            <a href=\"https:\/\/www.creilsudoise-tourisme.fr\/nl\/espace-naturel\/garden-of-labbatiale\/\">Tuin van de Abdij<\/a>\n        <\/h2>\n                    <p class=\"entityItemContentType\">Natuurlijk erfgoed<\/p>\n            <\/div>\n    <a href=\"https:\/\/www.creilsudoise-tourisme.fr\/nl\/espace-naturel\/garden-of-labbatiale\/\" class=\"seeMore\"><span class=\"sr-only\">Meer zien<\/span><\/a>\n<\/div>\n\n<div class=\"entityItem\" data-trigger=\"wpiris-click\" data-id=\"wpiris-entity-slider-item\">\n    <p class=\"entityItemThumbnail\">\n        <a href=\"https:\/\/www.creilsudoise-tourisme.fr\/nl\/patrimoine\/abbatiale-de-saint-leu-desserent\/\" nofancybox>\n            <img data-src=\"https:\/\/www.creilsudoise-tourisme.fr\/wp-content\/uploads\/wpetourisme\/Abbatiale-Saint-Nicolas-a-Saint-Leu-d-Esserent--1--275x350.jpg\" alt=\"Abdij van St. Nicolaas\">\n        <\/a>\n    <\/p>\n    <div class=\"entityItemContent\">\n        <h2 class=\"entityItemContentTitle\">\n            <a href=\"https:\/\/www.creilsudoise-tourisme.fr\/nl\/patrimoine\/abbatiale-de-saint-leu-desserent\/\">Abdij van St. Nicolaas<\/a>\n        <\/h2>\n                    <p class=\"entityItemContentType\">Cultureel erfgoed<\/p>\n            <\/div>\n    <a href=\"https:\/\/www.creilsudoise-tourisme.fr\/nl\/patrimoine\/abbatiale-de-saint-leu-desserent\/\" class=\"seeMore\"><span class=\"sr-only\">Meer zien<\/span><\/a>\n<\/div>\n\n<div class=\"entityItem\" data-trigger=\"wpiris-click\" data-id=\"wpiris-entity-slider-item\">\n    <p class=\"entityItemThumbnail\">\n        <a href=\"https:\/\/www.creilsudoise-tourisme.fr\/nl\/restaurant\/hotel-de-loise-3\/\" nofancybox>\n            <img data-src=\"https:\/\/www.creilsudoise-tourisme.fr\/wp-content\/uploads\/2021\/02\/defaut-275x350.jpg\" alt=\"Hotel de l&#039;Oise\">\n        <\/a>\n    <\/p>\n    <div class=\"entityItemContent\">\n        <h2 class=\"entityItemContentTitle\">\n            <a href=\"https:\/\/www.creilsudoise-tourisme.fr\/nl\/restaurant\/hotel-de-loise-3\/\">Hotel de l'Oise<\/a>\n        <\/h2>\n                    <p class=\"entityItemContentType\">Restauratie<\/p>\n            <\/div>\n    <a href=\"https:\/\/www.creilsudoise-tourisme.fr\/nl\/restaurant\/hotel-de-loise-3\/\" class=\"seeMore\"><span class=\"sr-only\">Meer zien<\/span><\/a>\n<\/div>\n\n<div class=\"entityItem\" data-trigger=\"wpiris-click\" data-id=\"wpiris-entity-slider-item\">\n    <p class=\"entityItemThumbnail\">\n        <a href=\"https:\/\/www.creilsudoise-tourisme.fr\/nl\/espace-naturel\/jardin-de-la-mairie\/\" nofancybox>\n            <img data-src=\"https:\/\/www.creilsudoise-tourisme.fr\/wp-content\/uploads\/wpetourisme\/Saint-Leu-d-Esserent-Rencontre-explorateurs-2024-visite-medievale-Creil-Sud-Oise-Tourisme--83--275x350.jpg\" alt=\"Stadhuistuin\">\n        <\/a>\n    <\/p>\n    <div class=\"entityItemContent\">\n        <h2 class=\"entityItemContentTitle\">\n            <a href=\"https:\/\/www.creilsudoise-tourisme.fr\/nl\/espace-naturel\/jardin-de-la-mairie\/\">Stadhuistuin<\/a>\n        <\/h2>\n                    <p class=\"entityItemContentType\">Natuurlijk erfgoed<\/p>\n            <\/div>\n    <a href=\"https:\/\/www.creilsudoise-tourisme.fr\/nl\/espace-naturel\/jardin-de-la-mairie\/\" class=\"seeMore\"><span class=\"sr-only\">Meer zien<\/span><\/a>\n<\/div>\n\n<div class=\"entityItem\" data-trigger=\"wpiris-click\" data-id=\"wpiris-entity-slider-item\">\n    <p class=\"entityItemThumbnail\">\n        <a href=\"https:\/\/www.creilsudoise-tourisme.fr\/nl\/loisirs\/picknickplaats-van-saint-leu-desserent\/\" nofancybox>\n            <img data-src=\"https:\/\/www.creilsudoise-tourisme.fr\/wp-content\/uploads\/wpetourisme\/IMG20190901131144-275x350.jpg\" alt=\"Picknickplaats Saint-Leu-d&#039;Esserent\">\n        <\/a>\n    <\/p>\n    <div class=\"entityItemContent\">\n        <h2 class=\"entityItemContentTitle\">\n            <a href=\"https:\/\/www.creilsudoise-tourisme.fr\/nl\/loisirs\/picknickplaats-van-saint-leu-desserent\/\">Picknickplaats Saint-Leu-d'Esserent<\/a>\n        <\/h2>\n                    <p class=\"entityItemContentType\">Sportieve, culturele en toeristische activiteiten<\/p>\n            <\/div>\n    <a href=\"https:\/\/www.creilsudoise-tourisme.fr\/nl\/loisirs\/picknickplaats-van-saint-leu-desserent\/\" class=\"seeMore\"><span class=\"sr-only\">Meer zien<\/span><\/a>\n<\/div>\n\n<div class=\"entityItem\" data-trigger=\"wpiris-click\" data-id=\"wpiris-entity-slider-item\">\n    <p class=\"entityItemThumbnail\">\n        <a href=\"https:\/\/www.creilsudoise-tourisme.fr\/nl\/patrimoine\/chateau-de-montataire-2\/\" nofancybox>\n            <img data-src=\"https:\/\/www.creilsudoise-tourisme.fr\/wp-content\/uploads\/wpetourisme\/Chateau-de-Montataire---Creil-Sud-Oise-Tourisme--3--275x350.jpg\" alt=\"Kasteel van Montataire\">\n        <\/a>\n    <\/p>\n    <div class=\"entityItemContent\">\n        <h2 class=\"entityItemContentTitle\">\n            <a href=\"https:\/\/www.creilsudoise-tourisme.fr\/nl\/patrimoine\/chateau-de-montataire-2\/\">Kasteel van Montataire<\/a>\n        <\/h2>\n                    <p class=\"entityItemContentType\">Cultureel erfgoed<\/p>\n            <\/div>\n    <a href=\"https:\/\/www.creilsudoise-tourisme.fr\/nl\/patrimoine\/chateau-de-montataire-2\/\" class=\"seeMore\"><span class=\"sr-only\">Meer zien<\/span><\/a>\n<\/div>\n            <\/div>\n\n            \n<div class=\"sliderNav\">\n    <div class=\"sliderNavWrapper\">\n        <p class=\"swiperArrow swiperArrow--next\" data-trigger=\"swiper-next\">\n            <span class=\"sr-only\">Volgende<\/span>\n        <\/p>\n        <p class=\"swiperArrow swiperArrow--prev\" data-trigger=\"swiper-prev\">\n            <span class=\"sr-only\">Vorige<\/span>\n        <\/p>\n    <\/div>\n<\/div>\n        <\/div>\n    <\/div>\n<\/div>","protected":false},"excerpt":{"rendered":"<p>Het Mus\u00e9e de la Guesdi\u00e8re ligt in het historische hart van Saint-Leu-d'Esserent, vlakbij Chantilly en Senlis. Het bestaat uit vier zalen in de oudste delen van het voormalige kasteel van Saint-Leu-d'Esserent, waaraan het zijn naam ontleent: Ch\u00e2teau de la Guesdi\u00e8re. Een museum over de plaatselijke geschiedenis De [...]<\/p>","protected":false},"author":1,"featured_media":32740,"parent":131,"menu_order":8,"comment_status":"closed","ping_status":"closed","template":"","meta":{"_relevanssi_hide_post":"","_relevanssi_hide_content":"","_relevanssi_pin_for_all":"","_relevanssi_pin_keywords":"","_relevanssi_unpin_keywords":"","_relevanssi_related_keywords":"","_relevanssi_related_include_ids":"","_relevanssi_related_exclude_ids":"","_relevanssi_related_no_append":"","_relevanssi_related_not_related":"","_relevanssi_related_posts":"267,273,275,271","_relevanssi_noindex_reason":""},"yoast_head":"<!-- This site is optimized with the Yoast SEO plugin v20.2.1 - https:\/\/yoast.com\/wordpress\/plugins\/seo\/ -->\n<title>Histoire locale de Saint-Leu-d\u2019Esserent au Mus\u00e9e de la Guesdi\u00e8re<\/title>\n<meta name=\"description\" content=\"Situ\u00e9 en face de la Mairie de Saint-Leu-d\u2019Esserent, le Mus\u00e9e de la Guesdi\u00e8re (gratuit) retrace l\u2019histoire m\u00e9di\u00e9vale et plus r\u00e9cente de la ville.\" \/>\n<meta name=\"robots\" content=\"index, follow, max-snippet:-1, max-image-preview:large, max-video-preview:-1\" \/>\n<link rel=\"canonical\" href=\"https:\/\/www.creilsudoise-tourisme.fr\/nl\/jexplore\/must-haves\/musee-guesdiere\/\" \/>\n<meta property=\"og:locale\" content=\"nl_NL\" \/>\n<meta property=\"og:type\" content=\"article\" \/>\n<meta property=\"og:title\" content=\"Histoire locale de Saint-Leu-d\u2019Esserent au Mus\u00e9e de la Guesdi\u00e8re\" \/>\n<meta property=\"og:description\" content=\"Situ\u00e9 en face de la Mairie de Saint-Leu-d\u2019Esserent, le Mus\u00e9e de la Guesdi\u00e8re (gratuit) retrace l\u2019histoire m\u00e9di\u00e9vale et plus r\u00e9cente de la ville.\" \/>\n<meta property=\"og:url\" content=\"https:\/\/www.creilsudoise-tourisme.fr\/nl\/jexplore\/must-haves\/musee-guesdiere\/\" \/>\n<meta property=\"og:site_name\" content=\"Office de Tourisme Creil Sud Oise\" \/>\n<meta property=\"article:publisher\" content=\"https:\/\/www.facebook.com\/creilsudoisetourisme\/\" \/>\n<meta property=\"article:modified_time\" content=\"2026-02-10T16:01:53+00:00\" \/>\n<meta property=\"og:image\" content=\"https:\/\/www.creilsudoise-tourisme.fr\/wp-content\/uploads\/2021\/03\/Bateau-de-transport-des-pierres-au-Muse\u0301e-de-la-Guesdie\u0300re-1.jpg\" \/>\n\t<meta property=\"og:image:width\" content=\"1600\" \/>\n\t<meta property=\"og:image:height\" content=\"900\" \/>\n\t<meta property=\"og:image:type\" content=\"image\/jpeg\" \/>\n<meta name=\"twitter:card\" content=\"summary_large_image\" \/>\n<meta name=\"twitter:site\" content=\"@CreilSudOiseOT\" \/>\n<meta name=\"twitter:label1\" content=\"Geschatte leestijd\" \/>\n\t<meta name=\"twitter:data1\" content=\"4 minuten\" \/>\n<script type=\"application\/ld+json\" class=\"yoast-schema-graph\">{\"@context\":\"https:\/\/schema.org\",\"@graph\":[{\"@type\":\"WebPage\",\"@id\":\"https:\/\/www.creilsudoise-tourisme.fr\/jexplore\/incontournables\/musee-guesdiere\/\",\"url\":\"https:\/\/www.creilsudoise-tourisme.fr\/jexplore\/incontournables\/musee-guesdiere\/\",\"name\":\"Histoire locale de Saint-Leu-d\u2019Esserent au Mus\u00e9e de la Guesdi\u00e8re\",\"isPartOf\":{\"@id\":\"https:\/\/www.creilsudoise-tourisme.fr\/#website\"},\"datePublished\":\"2021-02-17T09:02:50+00:00\",\"dateModified\":\"2026-02-10T16:01:53+00:00\",\"description\":\"Situ\u00e9 en face de la Mairie de Saint-Leu-d\u2019Esserent, le Mus\u00e9e de la Guesdi\u00e8re (gratuit) retrace l\u2019histoire m\u00e9di\u00e9vale et plus r\u00e9cente de la ville.\",\"breadcrumb\":{\"@id\":\"https:\/\/www.creilsudoise-tourisme.fr\/jexplore\/incontournables\/musee-guesdiere\/#breadcrumb\"},\"inLanguage\":\"nl\",\"potentialAction\":[{\"@type\":\"ReadAction\",\"target\":[\"https:\/\/www.creilsudoise-tourisme.fr\/jexplore\/incontournables\/musee-guesdiere\/\"]}]},{\"@type\":\"BreadcrumbList\",\"@id\":\"https:\/\/www.creilsudoise-tourisme.fr\/jexplore\/incontournables\/musee-guesdiere\/#breadcrumb\",\"itemListElement\":[{\"@type\":\"ListItem\",\"position\":1,\"name\":\"Accueil\",\"item\":\"https:\/\/www.creilsudoise-tourisme.fr\/\"},{\"@type\":\"ListItem\",\"position\":2,\"name\":\"J&rsquo;explore\",\"item\":\"https:\/\/www.creilsudoise-tourisme.fr\/jexplore\/\"},{\"@type\":\"ListItem\",\"position\":3,\"name\":\"Les incontournables\",\"item\":\"https:\/\/www.creilsudoise-tourisme.fr\/jexplore\/incontournables\/\"},{\"@type\":\"ListItem\",\"position\":4,\"name\":\"Le Mus\u00e9e de la Guesdi\u00e8re\"}]},{\"@type\":\"WebSite\",\"@id\":\"https:\/\/www.creilsudoise-tourisme.fr\/#website\",\"url\":\"https:\/\/www.creilsudoise-tourisme.fr\/\",\"name\":\"Office de Tourisme Creil Sud Oise\",\"description\":\"Creil Sud Oise Tourisme, un territoire \u00e0 explorer !\",\"publisher\":{\"@id\":\"https:\/\/www.creilsudoise-tourisme.fr\/#organization\"},\"potentialAction\":[{\"@type\":\"SearchAction\",\"target\":{\"@type\":\"EntryPoint\",\"urlTemplate\":\"https:\/\/www.creilsudoise-tourisme.fr\/?s={search_term_string}\"},\"query-input\":\"required name=search_term_string\"}],\"inLanguage\":\"nl\"},{\"@type\":\"Organization\",\"@id\":\"https:\/\/www.creilsudoise-tourisme.fr\/#organization\",\"name\":\"Creil Sud Oise Tourisme\",\"url\":\"https:\/\/www.creilsudoise-tourisme.fr\/\",\"logo\":{\"@type\":\"ImageObject\",\"inLanguage\":\"nl\",\"@id\":\"https:\/\/www.creilsudoise-tourisme.fr\/#\/schema\/logo\/image\/\",\"url\":\"https:\/\/www.creilsudoise-tourisme.fr\/wp-content\/uploads\/2021\/05\/logo-svg.png\",\"contentUrl\":\"https:\/\/www.creilsudoise-tourisme.fr\/wp-content\/uploads\/2021\/05\/logo-svg.png\",\"width\":182,\"height\":71,\"caption\":\"Creil Sud Oise Tourisme\"},\"image\":{\"@id\":\"https:\/\/www.creilsudoise-tourisme.fr\/#\/schema\/logo\/image\/\"},\"sameAs\":[\"https:\/\/www.facebook.com\/creilsudoisetourisme\/\",\"https:\/\/twitter.com\/CreilSudOiseOT\",\"https:\/\/www.instagram.com\/creilsudoisetourisme\/\",\"https:\/\/www.youtube.com\/channel\/UC8L_QD2wwyADW14zt9fY8kw\"]}]}<\/script>\n<!-- \/ Yoast SEO plugin. -->","yoast_head_json":{"title":"Histoire locale de Saint-Leu-d\u2019Esserent au Mus\u00e9e de la Guesdi\u00e8re","description":"Situ\u00e9 en face de la Mairie de Saint-Leu-d\u2019Esserent, le Mus\u00e9e de la Guesdi\u00e8re (gratuit) retrace l\u2019histoire m\u00e9di\u00e9vale et plus r\u00e9cente de la ville.","robots":{"index":"index","follow":"follow","max-snippet":"max-snippet:-1","max-image-preview":"max-image-preview:large","max-video-preview":"max-video-preview:-1"},"canonical":"https:\/\/www.creilsudoise-tourisme.fr\/nl\/jexplore\/must-haves\/musee-guesdiere\/","og_locale":"nl_NL","og_type":"article","og_title":"Histoire locale de Saint-Leu-d\u2019Esserent au Mus\u00e9e de la Guesdi\u00e8re","og_description":"Situ\u00e9 en face de la Mairie de Saint-Leu-d\u2019Esserent, le Mus\u00e9e de la Guesdi\u00e8re (gratuit) retrace l\u2019histoire m\u00e9di\u00e9vale et plus r\u00e9cente de la ville.","og_url":"https:\/\/www.creilsudoise-tourisme.fr\/nl\/jexplore\/must-haves\/musee-guesdiere\/","og_site_name":"Office de Tourisme Creil Sud Oise","article_publisher":"https:\/\/www.facebook.com\/creilsudoisetourisme\/","article_modified_time":"2026-02-10T16:01:53+00:00","og_image":[{"width":1600,"height":900,"url":"https:\/\/www.creilsudoise-tourisme.fr\/wp-content\/uploads\/2021\/03\/Bateau-de-transport-des-pierres-au-Muse\u0301e-de-la-Guesdie\u0300re-1.jpg","type":"image\/jpeg"}],"twitter_card":"summary_large_image","twitter_site":"@CreilSudOiseOT","twitter_misc":{"Geschatte leestijd":"4 minuten"},"schema":{"@context":"https:\/\/schema.org","@graph":[{"@type":"WebPage","@id":"https:\/\/www.creilsudoise-tourisme.fr\/jexplore\/incontournables\/musee-guesdiere\/","url":"https:\/\/www.creilsudoise-tourisme.fr\/jexplore\/incontournables\/musee-guesdiere\/","name":"Histoire locale de Saint-Leu-d\u2019Esserent au Mus\u00e9e de la Guesdi\u00e8re","isPartOf":{"@id":"https:\/\/www.creilsudoise-tourisme.fr\/#website"},"datePublished":"2021-02-17T09:02:50+00:00","dateModified":"2026-02-10T16:01:53+00:00","description":"Situ\u00e9 en face de la Mairie de Saint-Leu-d\u2019Esserent, le Mus\u00e9e de la Guesdi\u00e8re (gratuit) retrace l\u2019histoire m\u00e9di\u00e9vale et plus r\u00e9cente de la ville.","breadcrumb":{"@id":"https:\/\/www.creilsudoise-tourisme.fr\/jexplore\/incontournables\/musee-guesdiere\/#breadcrumb"},"inLanguage":"nl","potentialAction":[{"@type":"ReadAction","target":["https:\/\/www.creilsudoise-tourisme.fr\/jexplore\/incontournables\/musee-guesdiere\/"]}]},{"@type":"BreadcrumbList","@id":"https:\/\/www.creilsudoise-tourisme.fr\/jexplore\/incontournables\/musee-guesdiere\/#breadcrumb","itemListElement":[{"@type":"ListItem","position":1,"name":"Accueil","item":"https:\/\/www.creilsudoise-tourisme.fr\/"},{"@type":"ListItem","position":2,"name":"J&rsquo;explore","item":"https:\/\/www.creilsudoise-tourisme.fr\/jexplore\/"},{"@type":"ListItem","position":3,"name":"Les incontournables","item":"https:\/\/www.creilsudoise-tourisme.fr\/jexplore\/incontournables\/"},{"@type":"ListItem","position":4,"name":"Le Mus\u00e9e de la Guesdi\u00e8re"}]},{"@type":"WebSite","@id":"https:\/\/www.creilsudoise-tourisme.fr\/#website","url":"https:\/\/www.creilsudoise-tourisme.fr\/","name":"Office de Tourisme Creil Sud Oise","description":"Creil Sud Oise Tourisme, un territoire \u00e0 explorer !","publisher":{"@id":"https:\/\/www.creilsudoise-tourisme.fr\/#organization"},"potentialAction":[{"@type":"SearchAction","target":{"@type":"EntryPoint","urlTemplate":"https:\/\/www.creilsudoise-tourisme.fr\/?s={search_term_string}"},"query-input":"required name=search_term_string"}],"inLanguage":"nl"},{"@type":"Organization","@id":"https:\/\/www.creilsudoise-tourisme.fr\/#organization","name":"Creil Sud Oise Tourisme","url":"https:\/\/www.creilsudoise-tourisme.fr\/","logo":{"@type":"ImageObject","inLanguage":"nl","@id":"https:\/\/www.creilsudoise-tourisme.fr\/#\/schema\/logo\/image\/","url":"https:\/\/www.creilsudoise-tourisme.fr\/wp-content\/uploads\/2021\/05\/logo-svg.png","contentUrl":"https:\/\/www.creilsudoise-tourisme.fr\/wp-content\/uploads\/2021\/05\/logo-svg.png","width":182,"height":71,"caption":"Creil Sud Oise Tourisme"},"image":{"@id":"https:\/\/www.creilsudoise-tourisme.fr\/#\/schema\/logo\/image\/"},"sameAs":["https:\/\/www.facebook.com\/creilsudoisetourisme\/","https:\/\/twitter.com\/CreilSudOiseOT","https:\/\/www.instagram.com\/creilsudoisetourisme\/","https:\/\/www.youtube.com\/channel\/UC8L_QD2wwyADW14zt9fY8kw"]}]}},"_links":{"self":[{"href":"https:\/\/www.creilsudoise-tourisme.fr\/nl\/wp-json\/wp\/v2\/pages\/159"}],"collection":[{"href":"https:\/\/www.creilsudoise-tourisme.fr\/nl\/wp-json\/wp\/v2\/pages"}],"about":[{"href":"https:\/\/www.creilsudoise-tourisme.fr\/nl\/wp-json\/wp\/v2\/types\/page"}],"author":[{"embeddable":true,"href":"https:\/\/www.creilsudoise-tourisme.fr\/nl\/wp-json\/wp\/v2\/users\/1"}],"replies":[{"embeddable":true,"href":"https:\/\/www.creilsudoise-tourisme.fr\/nl\/wp-json\/wp\/v2\/comments?post=159"}],"version-history":[{"count":23,"href":"https:\/\/www.creilsudoise-tourisme.fr\/nl\/wp-json\/wp\/v2\/pages\/159\/revisions"}],"predecessor-version":[{"id":67687,"href":"https:\/\/www.creilsudoise-tourisme.fr\/nl\/wp-json\/wp\/v2\/pages\/159\/revisions\/67687"}],"up":[{"embeddable":true,"href":"https:\/\/www.creilsudoise-tourisme.fr\/nl\/wp-json\/wp\/v2\/pages\/131"}],"wp:featuredmedia":[{"embeddable":true,"href":"https:\/\/www.creilsudoise-tourisme.fr\/nl\/wp-json\/wp\/v2\/media\/32740"}],"wp:attachment":[{"href":"https:\/\/www.creilsudoise-tourisme.fr\/nl\/wp-json\/wp\/v2\/media?parent=159"}],"curies":[{"name":"wp","href":"https:\/\/api.w.org\/{rel}","templated":true}]}}