{"id":153,"date":"2021-02-17T10:02:45","date_gmt":"2021-02-17T09:02:45","guid":{"rendered":"https:\/\/www.creilsudoise-tourisme.fr\/larbre-a-poule\/"},"modified":"2023-03-17T15:30:13","modified_gmt":"2023-03-17T14:30:13","slug":"arbre-a-poule","status":"publish","type":"page","link":"https:\/\/www.creilsudoise-tourisme.fr\/nl\/jexplore\/must-haves\/kippenboom-2\/","title":{"rendered":"De Kippenboom"},"content":{"rendered":"<p class=\"is-style-excerpt\">Op zoek naar een <strong>gezonder voedsel<\/strong>van <strong>zeer (zeer!) korte circuits<\/strong>&nbsp;? <strong>Welkom op de boerderij Arbre \u00e0 poule<\/strong>a <strong>ecolieu <\/strong>midden in het centrum van Villers-Saint-Paul, dat groeit <strong>permacultuur groenten en fruit <\/strong>en in de grootste<strong> respect voor het leven!<\/strong><\/p>\n\n\n\n<div class=\"wp-block-strate-full alignfull\">\n\n    <div class=\"wp-block-strate-full-thumbnail\">\n        <img data-src=\"https:\/\/www.creilsudoise-tourisme.fr\/wp-content\/uploads\/2021\/03\/Les-che\u0300vres-a\u0300-la-Ferme-de-L_Arbre-a\u0300-poule-1600x900.jpg\" alt=\"Educatieve boerderij Villers-Saint-Paul\">\n    <\/div>\n\n\t\n        <div class=\"wp-block-strate-full-content wp-block-strate-full-content-left\">\n\t\t\t                <h3 class=\"wp-block-strate-full-content-title\"> Een eco-omgeving <\/h3>\n\t\t\t\t\t\t                <p class=\"wp-block-strate-full-content-excerpt\"> De Ferme de l'Arbre \u00e0 poule is een<strong> een prachtig voorbeeld van een eco-omgeving beheerd met behulp van permacultuur<\/strong>dat wil zeggen, in harmonie en <strong>respect voor dieren en planten.<\/strong> <\/p>\n\t\t\t        <\/div>\n\n\t\n<\/div>\n\n\n\n<h2>Een stedelijke permacultuurboerderij in familiebeheer<\/h2>\n\n\n\n<figure class=\"wp-block-embed is-type-video is-provider-youtube wp-block-embed-youtube wp-embed-aspect-16-9 wp-has-aspect-ratio\"><div class=\"wp-block-embed__wrapper\">\n<iframe loading=\"lazy\" title=\"L&#039;arbre \u00e0 poule: de stadsboerderij in Villers-Saint-Paul\" width=\"500\" height=\"281\" data-src=\"https:\/\/www.youtube.com\/embed\/q-Jrxbr_oGE?feature=oembed\" frameborder=\"0\" allow=\"accelerometer; autoplay; clipboard-write; encrypted-media; gyroscope; picture-in-picture; web-share\" allowfullscreen><\/iframe>\n<\/div><\/figure>\n\n\n\n<p>Gelegen op <strong>in het hart van de zeer stedelijke stad Villers-Saint-Paul<\/strong>de <strong>Ferme de l'Arbre \u00e0 poule weerstaat betonnen indringers <\/strong>en biedt u een <strong>een alternatief voor de huidige consumptiemaatschappij<\/strong>. <\/p>\n\n\n\n<p><strong>Ecologische permacultuur<\/strong>Deze oase van rust is de perfecte plek om opnieuw contact te maken met onze wortels, vergezeld door de <strong>De familie Mancheron bezit de boerderij al 400 jaar.<\/strong><\/p>\n\n\n\n<p><strong>Een gezonde mix van natuur en leven (de boom en de kip)<\/strong>Op deze boerderij van 13 hectare vind je een grote verscheidenheid aan fruitbomen en -struiken, groenten en kruiden, maar ook pluimvee, varkens (die dol zijn op appels!), ezels en andere boerderijdieren.<\/p>\n\n\n\n<h3>Van oogst tot verkoop<\/h3>\n\n\n\n<p>Patrick en Magali, de eigenaars van de boerderij, zorgen voor de planten en dieren. Ze verzorgen, oogsten, verwerken en verkopen de producten. <strong>hun producten verkopen op hun eigen verkooppunt<\/strong>gelegen aan de ingang van de boerderij (er is een parkeerplaats beschikbaar).<\/p>\n\n\n\n<h4>Openingstijden<\/h4>\n\n\n\n<p>De winkel is open op <strong>Dinsdag- en vrijdagavond<\/strong>van 17.00 tot 19.00 uur en <strong>Woensdag- en zaterdagochtend<\/strong>van 10.00 tot 12.00 uur.<\/p>\n\n\n\n<div class=\"is-layout-flex wp-container-3 wp-block-columns\">\n<div class=\"is-layout-flow wp-block-column\" style=\"flex-basis:66.66%\">\n<figure class=\"wp-block-image size-full\"><img decoding=\"async\" loading=\"lazy\" width=\"960\" height=\"720\" data-src=\"https:\/\/www.creilsudoise-tourisme.fr\/wp-content\/uploads\/2021\/03\/Magasin-de-produits-locaux-de-la-Ferme-de-l_Arbre-a\u0300-poule.jpg\" alt=\"winkelen lokale producten Villers-Saint-Paul Oise Kip boom\" class=\"wp-image-33006\" data-srcset=\"https:\/\/www.creilsudoise-tourisme.fr\/wp-content\/uploads\/2021\/03\/Magasin-de-produits-locaux-de-la-Ferme-de-l_Arbre-a\u0300-poule.jpg 960w, https:\/\/www.creilsudoise-tourisme.fr\/wp-content\/uploads\/2021\/03\/Magasin-de-produits-locaux-de-la-Ferme-de-l_Arbre-a\u0300-poule-600x450.jpg 600w, https:\/\/www.creilsudoise-tourisme.fr\/wp-content\/uploads\/2021\/03\/Magasin-de-produits-locaux-de-la-Ferme-de-l_Arbre-a\u0300-poule-900x675.jpg 900w, https:\/\/www.creilsudoise-tourisme.fr\/wp-content\/uploads\/2021\/03\/Magasin-de-produits-locaux-de-la-Ferme-de-l_Arbre-a\u0300-poule-200x150.jpg 200w, https:\/\/www.creilsudoise-tourisme.fr\/wp-content\/uploads\/2021\/03\/Magasin-de-produits-locaux-de-la-Ferme-de-l_Arbre-a\u0300-poule-650x488.jpg 650w, https:\/\/www.creilsudoise-tourisme.fr\/wp-content\/uploads\/2021\/03\/Magasin-de-produits-locaux-de-la-Ferme-de-l_Arbre-a\u0300-poule-387x290.jpg 387w\" sizes=\"(max-width: 960px) 100vw, 960px\" \/><figcaption class=\"wp-element-caption\">Creil Sud Oise Toerisme<\/figcaption><\/figure>\n<\/div>\n\n\n\n<div class=\"is-layout-flow wp-block-column is-vertically-aligned-center\" style=\"flex-basis:33.33%\"><div class=\"wp-block wp-block-highlight\">\n            <h3 class=\"wp-block-highlight-item wp-block-highlight-title\">Een woordje advies<\/h3>\n                <p class=\"wp-block-highlight-item wp-block-highlight-excerpt\">Zorg dat je er vroeg bij bent, want de producten zijn zo populair dat het<strong>s gaan snel!<\/strong><\/p>\n    <\/div><\/div>\n<\/div>\n\n\n\n<div class=\"wp-block-strate-full alignfull\">\n\n    <div class=\"wp-block-strate-full-thumbnail\">\n        <img data-src=\"\" alt=\"\">\n    <\/div>\n\n\t\n        <div class=\"wp-block-strate-full-content wp-block-strate-full-content-left\">\n\t\t\t\t\t\t                <p class=\"wp-block-strate-full-content-excerpt\"> Leer groeien op levende grond met <strong>Patrick<\/strong>ook <strong>leraar aan het Lyc\u00e9e Agricole de Rib\u00e9court.<\/strong> <\/p>\n\t\t\t        <\/div>\n\n\t\n<\/div>\n\n\n\n<h2>Workshops voor gezinnen en volwassenen<\/h2>\n\n\n\n<p>Het doel van Patrick en Magalie is om hun levensfilosofie, gebaseerd op respect voor onze omgeving, door te geven en mensen te ontmoeten. Om dit te bereiken organiseren ze <strong>bezoekt <\/strong>(ontmoet de dieren van de boerderij), de <strong>cursussen <\/strong>vari\u00ebrend van een paar uur tot meerdere dagen (het cre\u00ebren van een productieve permacultuurtuin), van <strong>workshops <\/strong>(werken met schapenwol of bijenteelt). <strong>Deze activiteiten zijn gericht op zowel volwassenen als kinderen<\/strong>Het doel is dat ieder van ons zich bewust is van en dagelijks actie onderneemt om onze impact op het milieu te minimaliseren. <\/p>\n\n\n\n<div class=\"is-content-justification-center is-layout-flex wp-container-4 wp-block-buttons\">\n<div class=\"wp-block-button\"><a class=\"wp-block-button__link wp-element-button\" href=\"https:\/\/www.larbreapoule.com\/a-propos\" target=\"_blank\" rel=\"noreferrer noopener\">Programmeren<\/a><\/div>\n<\/div>\n\n\n\n<p id=\"programme\"><strong>We raden je sterk aan om te reserveren <\/strong>De activiteiten op de boerderij Arbre \u00e0 poule zijn een groot succes! <\/p>\n\n\n\n\n\n<div class=\"wp-block wp-block-testimonial\">\n    <div class=\"wp-block-testimonial-excerpt\">\n        Geweldige permacultuurcursus, geweldig welkom. Een puur moment van geluk en ontdekking. Waarden delen, een prachtig familieverhaal. Ik heb ook de boerderij met mijn kinderen bezocht tijdens de appeloogst en geleerd hoe je de pers gebruikt. Een aanrader. Lang leve de kippenboom!    <\/div>\n    <div class=\"wp-block-testimonial-details\">\n                <div class=\"wp-block-testimonial-content\">\n            <p class=\"wp-block-testimonial-content-author\">\n                <strong>Virginie C.  <\/strong>\n\n                                <span class=\"wp-block-testimonial-content-job\"> - Google beoordelingen<\/span>\n                            <\/p>\n        <\/div>\n    <\/div>\n<\/div>\n\n\n<div class=\"wp-block-strate-full alignfull\">\n\n    <div class=\"wp-block-strate-full-thumbnail\">\n        <img data-src=\"https:\/\/www.creilsudoise-tourisme.fr\/wp-content\/uploads\/2023\/03\/Gite-de-lAbre-a-poule-Antre-deux-terres-Chambre-1600x900.jpg\" alt=\"G\u00eete Antre deux terres in Villers-Saint-Paul\">\n    <\/div>\n\n\t\n        <div class=\"wp-block-strate-full-content wp-block-strate-full-content-left\">\n\t\t\t\t\t\t                <p class=\"wp-block-strate-full-content-excerpt\"> Voor een tijdloos verblijf of tijdens je stage op de boerderij, <strong>verblijf in een boerderij gerenoveerd met traditionele materialen!<\/strong> <\/p>\n\t\t\t        <\/div>\n\n\t\n<\/div>\n\n\n\n<h2>G\u00eete L'Antre Deux Terres<\/h2>\n\n\n\n<p>Naast hun boerenbedrijf bieden Patrick en Magalie ook G\u00eete de France accommodaties aan, <strong><a href=\"https:\/\/www.creilsudoise-tourisme.fr\/nl\/chambre-hote-gite\/lantre-deux-terres\/\" target=\"_blank\" rel=\"noreferrer noopener\">L'Antre Deux Terres<\/a><\/strong> (voor 3 personen). Dit is je kans om <strong>overnacht op de boerderij en proef de heerlijke lokale producten die net buiten de g\u00eete worden geoogst<\/strong> !<\/p>\n\n\n\n<figure class=\"is-layout-flex wp-block-gallery-5 wp-block-gallery has-nested-images columns-default is-cropped\">\n<figure class=\"wp-block-image size-large\"><img decoding=\"async\" loading=\"lazy\" width=\"1200\" height=\"675\" data-id=\"46799\"  data-src=\"https:\/\/www.creilsudoise-tourisme.fr\/wp-content\/uploads\/2023\/03\/Gite-de-lAbre-a-poule-Antre-deux-terres-Cuisine-1200x675.jpg\" alt=\"g\u00eete entre deux terres ferme arbre \u00e0 poule oise\" class=\"wp-image-46799\" data-srcset=\"https:\/\/www.creilsudoise-tourisme.fr\/wp-content\/uploads\/2023\/03\/Gite-de-lAbre-a-poule-Antre-deux-terres-Cuisine-1200x675.jpg 1200w, https:\/\/www.creilsudoise-tourisme.fr\/wp-content\/uploads\/2023\/03\/Gite-de-lAbre-a-poule-Antre-deux-terres-Cuisine-600x338.jpg 600w, https:\/\/www.creilsudoise-tourisme.fr\/wp-content\/uploads\/2023\/03\/Gite-de-lAbre-a-poule-Antre-deux-terres-Cuisine-900x506.jpg 900w, https:\/\/www.creilsudoise-tourisme.fr\/wp-content\/uploads\/2023\/03\/Gite-de-lAbre-a-poule-Antre-deux-terres-Cuisine-1536x864.jpg 1536w, https:\/\/www.creilsudoise-tourisme.fr\/wp-content\/uploads\/2023\/03\/Gite-de-lAbre-a-poule-Antre-deux-terres-Cuisine-18x10.jpg 18w, https:\/\/www.creilsudoise-tourisme.fr\/wp-content\/uploads\/2023\/03\/Gite-de-lAbre-a-poule-Antre-deux-terres-Cuisine-200x113.jpg 200w, https:\/\/www.creilsudoise-tourisme.fr\/wp-content\/uploads\/2023\/03\/Gite-de-lAbre-a-poule-Antre-deux-terres-Cuisine-1600x900.jpg 1600w, https:\/\/www.creilsudoise-tourisme.fr\/wp-content\/uploads\/2023\/03\/Gite-de-lAbre-a-poule-Antre-deux-terres-Cuisine-650x366.jpg 650w, https:\/\/www.creilsudoise-tourisme.fr\/wp-content\/uploads\/2023\/03\/Gite-de-lAbre-a-poule-Antre-deux-terres-Cuisine-387x218.jpg 387w, https:\/\/www.creilsudoise-tourisme.fr\/wp-content\/uploads\/2023\/03\/Gite-de-lAbre-a-poule-Antre-deux-terres-Cuisine.jpg 1920w\" sizes=\"(max-width: 1200px) 100vw, 1200px\" \/><\/figure>\n\n\n\n<figure class=\"wp-block-image size-large\"><img decoding=\"async\" loading=\"lazy\" width=\"1200\" height=\"675\" data-id=\"46801\"  data-src=\"https:\/\/www.creilsudoise-tourisme.fr\/wp-content\/uploads\/2023\/03\/Gite-de-lAbre-a-poule-Antre-deux-terres-Salle-a-manger-1200x675.jpg\" alt=\"g\u00eete entre deux terres ferme arbre \u00e0 poule oise\" class=\"wp-image-46801\" data-srcset=\"https:\/\/www.creilsudoise-tourisme.fr\/wp-content\/uploads\/2023\/03\/Gite-de-lAbre-a-poule-Antre-deux-terres-Salle-a-manger-1200x675.jpg 1200w, https:\/\/www.creilsudoise-tourisme.fr\/wp-content\/uploads\/2023\/03\/Gite-de-lAbre-a-poule-Antre-deux-terres-Salle-a-manger-600x338.jpg 600w, https:\/\/www.creilsudoise-tourisme.fr\/wp-content\/uploads\/2023\/03\/Gite-de-lAbre-a-poule-Antre-deux-terres-Salle-a-manger-900x506.jpg 900w, https:\/\/www.creilsudoise-tourisme.fr\/wp-content\/uploads\/2023\/03\/Gite-de-lAbre-a-poule-Antre-deux-terres-Salle-a-manger-1536x864.jpg 1536w, https:\/\/www.creilsudoise-tourisme.fr\/wp-content\/uploads\/2023\/03\/Gite-de-lAbre-a-poule-Antre-deux-terres-Salle-a-manger-18x10.jpg 18w, https:\/\/www.creilsudoise-tourisme.fr\/wp-content\/uploads\/2023\/03\/Gite-de-lAbre-a-poule-Antre-deux-terres-Salle-a-manger-200x113.jpg 200w, https:\/\/www.creilsudoise-tourisme.fr\/wp-content\/uploads\/2023\/03\/Gite-de-lAbre-a-poule-Antre-deux-terres-Salle-a-manger-1600x900.jpg 1600w, https:\/\/www.creilsudoise-tourisme.fr\/wp-content\/uploads\/2023\/03\/Gite-de-lAbre-a-poule-Antre-deux-terres-Salle-a-manger-650x366.jpg 650w, https:\/\/www.creilsudoise-tourisme.fr\/wp-content\/uploads\/2023\/03\/Gite-de-lAbre-a-poule-Antre-deux-terres-Salle-a-manger-387x218.jpg 387w, https:\/\/www.creilsudoise-tourisme.fr\/wp-content\/uploads\/2023\/03\/Gite-de-lAbre-a-poule-Antre-deux-terres-Salle-a-manger.jpg 1920w\" sizes=\"(max-width: 1200px) 100vw, 1200px\" \/><\/figure>\n\n\n\n<figure class=\"wp-block-image size-large\"><img decoding=\"async\" loading=\"lazy\" width=\"1200\" height=\"675\" data-id=\"46802\"  data-src=\"https:\/\/www.creilsudoise-tourisme.fr\/wp-content\/uploads\/2023\/03\/Gite-de-lAbre-a-poule-Antre-deux-terres-Salon-1200x675.jpg\" alt=\"g\u00eete entre deux terres ferme arbre \u00e0 poule oise\" class=\"wp-image-46802\" data-srcset=\"https:\/\/www.creilsudoise-tourisme.fr\/wp-content\/uploads\/2023\/03\/Gite-de-lAbre-a-poule-Antre-deux-terres-Salon-1200x675.jpg 1200w, https:\/\/www.creilsudoise-tourisme.fr\/wp-content\/uploads\/2023\/03\/Gite-de-lAbre-a-poule-Antre-deux-terres-Salon-600x338.jpg 600w, https:\/\/www.creilsudoise-tourisme.fr\/wp-content\/uploads\/2023\/03\/Gite-de-lAbre-a-poule-Antre-deux-terres-Salon-900x506.jpg 900w, https:\/\/www.creilsudoise-tourisme.fr\/wp-content\/uploads\/2023\/03\/Gite-de-lAbre-a-poule-Antre-deux-terres-Salon-1536x864.jpg 1536w, https:\/\/www.creilsudoise-tourisme.fr\/wp-content\/uploads\/2023\/03\/Gite-de-lAbre-a-poule-Antre-deux-terres-Salon-18x10.jpg 18w, https:\/\/www.creilsudoise-tourisme.fr\/wp-content\/uploads\/2023\/03\/Gite-de-lAbre-a-poule-Antre-deux-terres-Salon-200x113.jpg 200w, https:\/\/www.creilsudoise-tourisme.fr\/wp-content\/uploads\/2023\/03\/Gite-de-lAbre-a-poule-Antre-deux-terres-Salon-1600x900.jpg 1600w, https:\/\/www.creilsudoise-tourisme.fr\/wp-content\/uploads\/2023\/03\/Gite-de-lAbre-a-poule-Antre-deux-terres-Salon-650x366.jpg 650w, https:\/\/www.creilsudoise-tourisme.fr\/wp-content\/uploads\/2023\/03\/Gite-de-lAbre-a-poule-Antre-deux-terres-Salon-387x218.jpg 387w, https:\/\/www.creilsudoise-tourisme.fr\/wp-content\/uploads\/2023\/03\/Gite-de-lAbre-a-poule-Antre-deux-terres-Salon.jpg 1920w\" sizes=\"(max-width: 1200px) 100vw, 1200px\" \/><\/figure>\n\n\n\n<figure class=\"wp-block-image size-large\"><img decoding=\"async\" loading=\"lazy\" width=\"1200\" height=\"675\" data-id=\"46800\"  data-src=\"https:\/\/www.creilsudoise-tourisme.fr\/wp-content\/uploads\/2023\/03\/Gite-de-lAbre-a-poule-Antre-deux-terres-Rangements-1200x675.jpg\" alt=\"g\u00eete entre deux terres ferme arbre \u00e0 poule oise\" class=\"wp-image-46800\" data-srcset=\"https:\/\/www.creilsudoise-tourisme.fr\/wp-content\/uploads\/2023\/03\/Gite-de-lAbre-a-poule-Antre-deux-terres-Rangements-1200x675.jpg 1200w, https:\/\/www.creilsudoise-tourisme.fr\/wp-content\/uploads\/2023\/03\/Gite-de-lAbre-a-poule-Antre-deux-terres-Rangements-600x338.jpg 600w, https:\/\/www.creilsudoise-tourisme.fr\/wp-content\/uploads\/2023\/03\/Gite-de-lAbre-a-poule-Antre-deux-terres-Rangements-900x506.jpg 900w, https:\/\/www.creilsudoise-tourisme.fr\/wp-content\/uploads\/2023\/03\/Gite-de-lAbre-a-poule-Antre-deux-terres-Rangements-1536x864.jpg 1536w, https:\/\/www.creilsudoise-tourisme.fr\/wp-content\/uploads\/2023\/03\/Gite-de-lAbre-a-poule-Antre-deux-terres-Rangements-18x10.jpg 18w, https:\/\/www.creilsudoise-tourisme.fr\/wp-content\/uploads\/2023\/03\/Gite-de-lAbre-a-poule-Antre-deux-terres-Rangements-200x113.jpg 200w, https:\/\/www.creilsudoise-tourisme.fr\/wp-content\/uploads\/2023\/03\/Gite-de-lAbre-a-poule-Antre-deux-terres-Rangements-1600x900.jpg 1600w, https:\/\/www.creilsudoise-tourisme.fr\/wp-content\/uploads\/2023\/03\/Gite-de-lAbre-a-poule-Antre-deux-terres-Rangements-650x366.jpg 650w, https:\/\/www.creilsudoise-tourisme.fr\/wp-content\/uploads\/2023\/03\/Gite-de-lAbre-a-poule-Antre-deux-terres-Rangements-387x218.jpg 387w, https:\/\/www.creilsudoise-tourisme.fr\/wp-content\/uploads\/2023\/03\/Gite-de-lAbre-a-poule-Antre-deux-terres-Rangements.jpg 1920w\" sizes=\"(max-width: 1200px) 100vw, 1200px\" \/><\/figure>\n\n\n\n<figure class=\"wp-block-image size-large\"><img decoding=\"async\" loading=\"lazy\" width=\"1200\" height=\"675\" data-id=\"46798\"  data-src=\"https:\/\/www.creilsudoise-tourisme.fr\/wp-content\/uploads\/2023\/03\/Gite-de-lAbre-a-poule-Antre-deux-terres-Chambre-1200x675.jpg\" alt=\"g\u00eete entre deux terres ferme arbre \u00e0 poule oise\" class=\"wp-image-46798\" data-srcset=\"https:\/\/www.creilsudoise-tourisme.fr\/wp-content\/uploads\/2023\/03\/Gite-de-lAbre-a-poule-Antre-deux-terres-Chambre-1200x675.jpg 1200w, https:\/\/www.creilsudoise-tourisme.fr\/wp-content\/uploads\/2023\/03\/Gite-de-lAbre-a-poule-Antre-deux-terres-Chambre-600x338.jpg 600w, https:\/\/www.creilsudoise-tourisme.fr\/wp-content\/uploads\/2023\/03\/Gite-de-lAbre-a-poule-Antre-deux-terres-Chambre-900x506.jpg 900w, https:\/\/www.creilsudoise-tourisme.fr\/wp-content\/uploads\/2023\/03\/Gite-de-lAbre-a-poule-Antre-deux-terres-Chambre-1536x864.jpg 1536w, https:\/\/www.creilsudoise-tourisme.fr\/wp-content\/uploads\/2023\/03\/Gite-de-lAbre-a-poule-Antre-deux-terres-Chambre-18x10.jpg 18w, https:\/\/www.creilsudoise-tourisme.fr\/wp-content\/uploads\/2023\/03\/Gite-de-lAbre-a-poule-Antre-deux-terres-Chambre-200x113.jpg 200w, https:\/\/www.creilsudoise-tourisme.fr\/wp-content\/uploads\/2023\/03\/Gite-de-lAbre-a-poule-Antre-deux-terres-Chambre-1600x900.jpg 1600w, https:\/\/www.creilsudoise-tourisme.fr\/wp-content\/uploads\/2023\/03\/Gite-de-lAbre-a-poule-Antre-deux-terres-Chambre-650x366.jpg 650w, https:\/\/www.creilsudoise-tourisme.fr\/wp-content\/uploads\/2023\/03\/Gite-de-lAbre-a-poule-Antre-deux-terres-Chambre-387x218.jpg 387w, https:\/\/www.creilsudoise-tourisme.fr\/wp-content\/uploads\/2023\/03\/Gite-de-lAbre-a-poule-Antre-deux-terres-Chambre.jpg 1920w\" sizes=\"(max-width: 1200px) 100vw, 1200px\" \/><\/figure>\n<figcaption class=\"blocks-gallery-caption wp-element-caption\">Verblijf in de G\u00eete Antre deux terres, bij l'Arbre \u00e0 poule! Creil Sud Oise Toerisme<\/figcaption><\/figure>\n\n\n\n<hr class=\"wp-block-separator has-alpha-channel-opacity\"\/>\n\n\n\n<h2>Een gecertificeerde boerderij<\/h2>\n\n\n\n<div class=\"is-layout-flex wp-container-10 wp-block-columns\">\n<div class=\"is-layout-flow wp-block-column\" style=\"flex-basis:25%\"><div class=\"wp-block-image\">\n<figure class=\"aligncenter size-full is-resized\"><img decoding=\"async\" loading=\"lazy\" data-src=\"https:\/\/www.creilsudoise-tourisme.fr\/wp-content\/uploads\/2021\/03\/Logo_BienvenueALaFerme-1.jpeg\" alt=\"Label welkom bij de boomkwekerij arbre \u00e0 poule oise\" class=\"wp-image-33020\" width=\"92\" height=\"125\" data-srcset=\"https:\/\/www.creilsudoise-tourisme.fr\/wp-content\/uploads\/2021\/03\/Logo_BienvenueALaFerme-1.jpeg 330w, https:\/\/www.creilsudoise-tourisme.fr\/wp-content\/uploads\/2021\/03\/Logo_BienvenueALaFerme-1-200x273.jpeg 200w\" sizes=\"(max-width: 92px) 100vw, 92px\" \/><\/figure><\/div><\/div>\n\n\n\n<div class=\"is-layout-flow wp-block-column\" style=\"flex-basis:50%\">\n<p class=\"has-text-align-center\">De boerderij van<strong> L'Arbre \u00e0 poule is bekroond met de <a href=\"https:\/\/www.bienvenue-a-la-ferme.com\/hautsdefrance\/oise\/villers-st-paul\/ferme\/la-ferme-l-arbre-a-poule\/555466?lieu=Creil+-+60100+%2528Oise%2529&amp;lieu_id=28740&amp;lieu_distance=25&amp;chez_le_producteur=&amp;magasin=&amp;point_retrait=&amp;marche=&amp;callback_url=https%3A%2F%2Fwww.bienvenue-a-la-ferme.com%2Frecherche%2Fproduits-fermiers%2F2651&amp;callback_zone_geo=apca&amp;moteur=produits-fermiers&amp;id_moteur=2651&amp;view=0\" target=\"_blank\" rel=\"noreferrer noopener\">Welkom op de boerderij<\/a><\/strong>die regionale en gastronomische ontdekkingen wil promoten, en <strong>wordt ondersteund door de vereniging <\/strong><a href=\"https:\/\/fermesdavenir.org\/fermes\/les-jardins-de-larbre-a-poule\" target=\"_blank\" rel=\"noreferrer noopener\"><strong>Boerderij van de toekomst<\/strong> <\/a>dat gericht is op de ontwikkeling van agro-ecologie, d.w.z. landbouwproductie gebaseerd op respect voor ecosystemen.<\/p>\n<\/div>\n\n\n\n<div class=\"is-layout-flow wp-block-column\" style=\"flex-basis:25%\"><div class=\"wp-block-image\">\n<figure class=\"aligncenter size-large\"><img decoding=\"async\" loading=\"lazy\" width=\"1200\" height=\"717\" data-src=\"https:\/\/www.creilsudoise-tourisme.fr\/wp-content\/uploads\/2023\/03\/Fermes-dAvenir-logo-1200x717.png\" alt=\"Label Ferme d&#039;avenir boerderij arbre \u00e0 poule oise\" class=\"wp-image-46797\" data-srcset=\"https:\/\/www.creilsudoise-tourisme.fr\/wp-content\/uploads\/2023\/03\/Fermes-dAvenir-logo-1200x717.png 1200w, https:\/\/www.creilsudoise-tourisme.fr\/wp-content\/uploads\/2023\/03\/Fermes-dAvenir-logo-600x358.png 600w, https:\/\/www.creilsudoise-tourisme.fr\/wp-content\/uploads\/2023\/03\/Fermes-dAvenir-logo-900x538.png 900w, https:\/\/www.creilsudoise-tourisme.fr\/wp-content\/uploads\/2023\/03\/Fermes-dAvenir-logo-1536x918.png 1536w, https:\/\/www.creilsudoise-tourisme.fr\/wp-content\/uploads\/2023\/03\/Fermes-dAvenir-logo-18x12.png 18w, https:\/\/www.creilsudoise-tourisme.fr\/wp-content\/uploads\/2023\/03\/Fermes-dAvenir-logo-200x119.png 200w, https:\/\/www.creilsudoise-tourisme.fr\/wp-content\/uploads\/2023\/03\/Fermes-dAvenir-logo-650x388.png 650w, https:\/\/www.creilsudoise-tourisme.fr\/wp-content\/uploads\/2023\/03\/Fermes-dAvenir-logo-387x231.png 387w, https:\/\/www.creilsudoise-tourisme.fr\/wp-content\/uploads\/2023\/03\/Fermes-dAvenir-logo.png 1920w\" sizes=\"(max-width: 1200px) 100vw, 1200px\" \/><\/figure><\/div><\/div>\n<\/div>\n\n\n\n<h2>Toegang<\/h2>\n\n\n\n<div class=\"is-layout-flex wp-container-14 wp-block-columns\">\n<div class=\"is-layout-flow wp-block-column\" style=\"flex-basis:66.66%\"><div class=\"wp-block-map\">\n\t    <div class=\"map\" id=\"map\" data-id=\"wpiris-map\">\n                    <div class=\"marker hide\" data-lat=\"49.2858242\" data-lng=\"2.48393256\" data-id=\"wpiris-map-marker\">\n                <div class=\"infoboxContent\">\n                    <p class=\"infoboxContentTitle\">\n                        <a href=\"https:\/\/goo.gl\/maps\/E21VbLWxUCexVJia7\" target=\"_blank\">\n                            Poezenboerderij                        <\/a>\n                    <\/p>\n                <\/div>\n            <\/div>\n            <\/div>\n<\/div>\n\n<\/div>\n\n\n\n<div class=\"is-layout-flow wp-block-column is-vertically-aligned-center\" style=\"flex-basis:33.33%\">\n<p><em>Dinsdag + vrijdag van 17.00 tot 19.00 uur<\/em><\/p>\n\n\n\n<p><em>Woensdag + zaterdag 10u tot 12u<\/em><\/p>\n\n\n\n<p><strong>Poezenboerderij<\/strong><\/p>\n\n\n\n<p>28 Rue Mortefontaine<\/p>\n\n\n\n<p>60870 Villers-Saint-Paul<\/p>\n\n\n\n<div class=\"is-layout-flex wp-block-buttons\">\n<div class=\"wp-block-button\"><a class=\"wp-block-button__link wp-element-button\" href=\"https:\/\/www.larbreapoule.com\/accueil\" target=\"_blank\" rel=\"noreferrer noopener\">website<\/a><\/div>\n<\/div>\n<\/div>\n<\/div>\n\n\n<div class=\"wp-block wp-block-related-post alignfull\">\n    <div class=\"container\">\n                    <h2 class=\"wp-block-related-post-title\">De ontdekkingsreizigers raadpleegden ook...<\/h2>\n                <div id=\"wpiris-related-post-50233573120334191431520\" data-id=\"wpiris-entity-slider\">\n            <div class=\"wp-block-related-post-list wp-block-related-post-list--6\" data-id=\"wpiris-entity-slider-wrapper\">\n\n                \n<div class=\"entityItem\" data-trigger=\"wpiris-click\" data-id=\"wpiris-entity-slider-item\">\n    <p class=\"entityItemThumbnail\">\n        <a href=\"https:\/\/www.creilsudoise-tourisme.fr\/nl\/chambre-hote-gite\/lantre-deux-terres\/\" nofancybox>\n            <img data-src=\"https:\/\/www.creilsudoise-tourisme.fr\/wp-content\/uploads\/wpetourisme\/G600040-275x350.jpg\" alt=\"De twee landengrotten\">\n        <\/a>\n    <\/p>\n    <div class=\"entityItemContent\">\n        <h2 class=\"entityItemContentTitle\">\n            <a href=\"https:\/\/www.creilsudoise-tourisme.fr\/nl\/chambre-hote-gite\/lantre-deux-terres\/\">De twee landengrotten<\/a>\n        <\/h2>\n                    <p class=\"entityItemContentType\">Huuraccommodatie<\/p>\n            <\/div>\n    <a href=\"https:\/\/www.creilsudoise-tourisme.fr\/nl\/chambre-hote-gite\/lantre-deux-terres\/\" class=\"seeMore\"><span class=\"sr-only\">Meer zien<\/span><\/a>\n<\/div>\n\n<div class=\"entityItem\" data-trigger=\"wpiris-click\" data-id=\"wpiris-entity-slider-item\">\n    <p class=\"entityItemThumbnail\">\n        <a href=\"https:\/\/www.creilsudoise-tourisme.fr\/nl\/jexplore\/videos\/gletsjers-descalade-site\/\" nofancybox>\n            <img data-src=\"https:\/\/www.creilsudoise-tourisme.fr\/wp-content\/uploads\/2021\/05\/Glachoirs-275x350.jpg\" alt=\"[De ijssalon...\">\n        <\/a>\n    <\/p>\n    <div class=\"entityItemContent\">\n        <h2 class=\"entityItemContentTitle\">\n            <a href=\"https:\/\/www.creilsudoise-tourisme.fr\/nl\/jexplore\/videos\/gletsjers-descalade-site\/\">[De ijssalon...<\/a>\n        <\/h2>\n            <\/div>\n    <a href=\"https:\/\/www.creilsudoise-tourisme.fr\/nl\/jexplore\/videos\/gletsjers-descalade-site\/\" class=\"seeMore\"><span class=\"sr-only\">Meer zien<\/span><\/a>\n<\/div>\n\n<div class=\"entityItem\" data-trigger=\"wpiris-click\" data-id=\"wpiris-entity-slider-item\">\n    <p class=\"entityItemThumbnail\">\n        <a href=\"https:\/\/www.creilsudoise-tourisme.fr\/nl\/espace-naturel\/parc-de-la-breche\/\" nofancybox>\n            <img data-src=\"https:\/\/www.creilsudoise-tourisme.fr\/wp-content\/uploads\/wpetourisme\/VILLERS-SAINT-PAUL-Parc-Breche-Creil-Sud-Oise-Tourisme--19--275x350.jpg\" alt=\"Parc de la Br\u00e8che\">\n        <\/a>\n    <\/p>\n    <div class=\"entityItemContent\">\n        <h2 class=\"entityItemContentTitle\">\n            <a href=\"https:\/\/www.creilsudoise-tourisme.fr\/nl\/espace-naturel\/parc-de-la-breche\/\">Parc de la Br\u00e8che<\/a>\n        <\/h2>\n                    <p class=\"entityItemContentType\">Natuurlijk erfgoed<\/p>\n            <\/div>\n    <a href=\"https:\/\/www.creilsudoise-tourisme.fr\/nl\/espace-naturel\/parc-de-la-breche\/\" class=\"seeMore\"><span class=\"sr-only\">Meer zien<\/span><\/a>\n<\/div>\n\n<div class=\"entityItem\" data-trigger=\"wpiris-click\" data-id=\"wpiris-entity-slider-item\">\n    <p class=\"entityItemThumbnail\">\n        <a href=\"https:\/\/www.creilsudoise-tourisme.fr\/nl\/loisirs\/aire-de-pique-nique-du-parc-de-la-breche\/\" nofancybox>\n            <img data-src=\"https:\/\/www.creilsudoise-tourisme.fr\/wp-content\/uploads\/wpetourisme\/VILLERS-SAINT-PAUL-Parc-Breche-Creil-Sud-Oise-Tourisme--24--4-275x350.jpg\" alt=\"Picknickplaats van het Parc de la Br\u00e8che\">\n        <\/a>\n    <\/p>\n    <div class=\"entityItemContent\">\n        <h2 class=\"entityItemContentTitle\">\n            <a href=\"https:\/\/www.creilsudoise-tourisme.fr\/nl\/loisirs\/aire-de-pique-nique-du-parc-de-la-breche\/\">Picknickplaats van het Parc de la Br\u00e8che<\/a>\n        <\/h2>\n                    <p class=\"entityItemContentType\">Sportieve, culturele en toeristische activiteiten<\/p>\n            <\/div>\n    <a href=\"https:\/\/www.creilsudoise-tourisme.fr\/nl\/loisirs\/aire-de-pique-nique-du-parc-de-la-breche\/\" class=\"seeMore\"><span class=\"sr-only\">Meer zien<\/span><\/a>\n<\/div>\n\n<div class=\"entityItem\" data-trigger=\"wpiris-click\" data-id=\"wpiris-entity-slider-item\">\n    <p class=\"entityItemThumbnail\">\n        <a href=\"https:\/\/www.creilsudoise-tourisme.fr\/nl\/balade-randonnee\/la-croix-mefroid\/\" nofancybox>\n            <img data-src=\"https:\/\/www.creilsudoise-tourisme.fr\/wp-content\/uploads\/wpetourisme\/VillersSaintPaul-CreilSudOiseTourisme--12--275x350.jpg\" alt=\"La Croix M\u00e9froid\">\n        <\/a>\n    <\/p>\n    <div class=\"entityItemContent\">\n        <h2 class=\"entityItemContentTitle\">\n            <a href=\"https:\/\/www.creilsudoise-tourisme.fr\/nl\/balade-randonnee\/la-croix-mefroid\/\">La Croix M\u00e9froid<\/a>\n        <\/h2>\n                    <p class=\"entityItemContentType\">Wandelen<\/p>\n            <\/div>\n    <a href=\"https:\/\/www.creilsudoise-tourisme.fr\/nl\/balade-randonnee\/la-croix-mefroid\/\" class=\"seeMore\"><span class=\"sr-only\">Meer zien<\/span><\/a>\n<\/div>\n            <\/div>\n\n            \n<div class=\"sliderNav\">\n    <div class=\"sliderNavWrapper\">\n        <p class=\"swiperArrow swiperArrow--next\" data-trigger=\"swiper-next\">\n            <span class=\"sr-only\">Volgende<\/span>\n        <\/p>\n        <p class=\"swiperArrow swiperArrow--prev\" data-trigger=\"swiper-prev\">\n            <span class=\"sr-only\">Vorige<\/span>\n        <\/p>\n    <\/div>\n<\/div>\n        <\/div>\n    <\/div>\n<\/div>","protected":false},"excerpt":{"rendered":"<p>Op zoek naar gezonder voedsel uit zeer (zeer!) korte kringlopen? Welkom bij de Ferme de l'Arbre \u00e0 poule, een eco-omgeving in het centrum van Villers-Saint-Paul, waar groenten en fruit worden geteeld volgens permacultuurmethoden met het grootste respect voor de levende wereld! Een stedelijke permacultuurboerderij in familiebeheer Gelegen in het hart van Villers-Saint-Paul, [...]<\/p>","protected":false},"author":1,"featured_media":33015,"parent":131,"menu_order":12,"comment_status":"closed","ping_status":"closed","template":"","meta":{"_relevanssi_hide_post":"","_relevanssi_hide_content":"","_relevanssi_pin_for_all":"","_relevanssi_pin_keywords":"","_relevanssi_unpin_keywords":"","_relevanssi_related_keywords":"","_relevanssi_related_include_ids":"","_relevanssi_related_exclude_ids":"","_relevanssi_related_no_append":"","_relevanssi_related_not_related":"","_relevanssi_related_posts":"267,273,275,271","_relevanssi_noindex_reason":""},"yoast_head":"<!-- This site is optimized with the Yoast SEO plugin v20.2.1 - https:\/\/yoast.com\/wordpress\/plugins\/seo\/ -->\n<title>L\u2019Arbre \u00e0 poule : une ferme \u00e9colieu en plein c\u0153ur d\u2019une ville<\/title>\n<meta name=\"description\" content=\"L\u2019Arbre \u00e0 poule propose des ateliers enfants et adultes (rencontre des animaux, tissage de la laine\u2026), des stages de permaculture, la vente de produits locaux\" \/>\n<meta name=\"robots\" content=\"index, follow, max-snippet:-1, max-image-preview:large, max-video-preview:-1\" \/>\n<link rel=\"canonical\" href=\"https:\/\/www.creilsudoise-tourisme.fr\/nl\/jexplore\/must-haves\/kippenboom-2\/\" \/>\n<meta property=\"og:locale\" content=\"nl_NL\" \/>\n<meta property=\"og:type\" content=\"article\" \/>\n<meta property=\"og:title\" content=\"L\u2019Arbre \u00e0 poule : une ferme \u00e9colieu en plein c\u0153ur d\u2019une ville\" \/>\n<meta property=\"og:description\" content=\"L\u2019Arbre \u00e0 poule propose des ateliers enfants et adultes (rencontre des animaux, tissage de la laine\u2026), des stages de permaculture, la vente de produits locaux\" \/>\n<meta property=\"og:url\" content=\"https:\/\/www.creilsudoise-tourisme.fr\/nl\/jexplore\/must-haves\/kippenboom-2\/\" \/>\n<meta property=\"og:site_name\" content=\"Office de Tourisme Creil Sud Oise\" \/>\n<meta property=\"article:publisher\" content=\"https:\/\/www.facebook.com\/creilsudoisetourisme\/\" \/>\n<meta property=\"article:modified_time\" content=\"2023-03-17T14:30:13+00:00\" \/>\n<meta property=\"og:image\" content=\"https:\/\/www.creilsudoise-tourisme.fr\/wp-content\/uploads\/2021\/03\/La-Ferme-de-l_Arbre-a\u0300-poule.jpg\" \/>\n\t<meta property=\"og:image:width\" content=\"2133\" \/>\n\t<meta property=\"og:image:height\" content=\"1200\" \/>\n\t<meta property=\"og:image:type\" content=\"image\/jpeg\" \/>\n<meta name=\"twitter:card\" content=\"summary_large_image\" \/>\n<meta name=\"twitter:site\" content=\"@CreilSudOiseOT\" \/>\n<meta name=\"twitter:label1\" content=\"Geschatte leestijd\" \/>\n\t<meta name=\"twitter:data1\" content=\"5 minuten\" \/>\n<script type=\"application\/ld+json\" class=\"yoast-schema-graph\">{\"@context\":\"https:\/\/schema.org\",\"@graph\":[{\"@type\":\"WebPage\",\"@id\":\"https:\/\/www.creilsudoise-tourisme.fr\/jexplore\/incontournables\/arbre-a-poule\/\",\"url\":\"https:\/\/www.creilsudoise-tourisme.fr\/jexplore\/incontournables\/arbre-a-poule\/\",\"name\":\"L\u2019Arbre \u00e0 poule : une ferme \u00e9colieu en plein c\u0153ur d\u2019une ville\",\"isPartOf\":{\"@id\":\"https:\/\/www.creilsudoise-tourisme.fr\/#website\"},\"datePublished\":\"2021-02-17T09:02:45+00:00\",\"dateModified\":\"2023-03-17T14:30:13+00:00\",\"description\":\"L\u2019Arbre \u00e0 poule propose des ateliers enfants et adultes (rencontre des animaux, tissage de la laine\u2026), des stages de permaculture, la vente de produits locaux\",\"breadcrumb\":{\"@id\":\"https:\/\/www.creilsudoise-tourisme.fr\/jexplore\/incontournables\/arbre-a-poule\/#breadcrumb\"},\"inLanguage\":\"nl\",\"potentialAction\":[{\"@type\":\"ReadAction\",\"target\":[\"https:\/\/www.creilsudoise-tourisme.fr\/jexplore\/incontournables\/arbre-a-poule\/\"]}]},{\"@type\":\"BreadcrumbList\",\"@id\":\"https:\/\/www.creilsudoise-tourisme.fr\/jexplore\/incontournables\/arbre-a-poule\/#breadcrumb\",\"itemListElement\":[{\"@type\":\"ListItem\",\"position\":1,\"name\":\"Accueil\",\"item\":\"https:\/\/www.creilsudoise-tourisme.fr\/\"},{\"@type\":\"ListItem\",\"position\":2,\"name\":\"J&rsquo;explore\",\"item\":\"https:\/\/www.creilsudoise-tourisme.fr\/jexplore\/\"},{\"@type\":\"ListItem\",\"position\":3,\"name\":\"Les incontournables\",\"item\":\"https:\/\/www.creilsudoise-tourisme.fr\/jexplore\/incontournables\/\"},{\"@type\":\"ListItem\",\"position\":4,\"name\":\"L&rsquo;Arbre \u00e0 poule\"}]},{\"@type\":\"WebSite\",\"@id\":\"https:\/\/www.creilsudoise-tourisme.fr\/#website\",\"url\":\"https:\/\/www.creilsudoise-tourisme.fr\/\",\"name\":\"Office de Tourisme Creil Sud Oise\",\"description\":\"Creil Sud Oise Tourisme, un territoire \u00e0 explorer !\",\"publisher\":{\"@id\":\"https:\/\/www.creilsudoise-tourisme.fr\/#organization\"},\"potentialAction\":[{\"@type\":\"SearchAction\",\"target\":{\"@type\":\"EntryPoint\",\"urlTemplate\":\"https:\/\/www.creilsudoise-tourisme.fr\/?s={search_term_string}\"},\"query-input\":\"required name=search_term_string\"}],\"inLanguage\":\"nl\"},{\"@type\":\"Organization\",\"@id\":\"https:\/\/www.creilsudoise-tourisme.fr\/#organization\",\"name\":\"Creil Sud Oise Tourisme\",\"url\":\"https:\/\/www.creilsudoise-tourisme.fr\/\",\"logo\":{\"@type\":\"ImageObject\",\"inLanguage\":\"nl\",\"@id\":\"https:\/\/www.creilsudoise-tourisme.fr\/#\/schema\/logo\/image\/\",\"url\":\"https:\/\/www.creilsudoise-tourisme.fr\/wp-content\/uploads\/2021\/05\/logo-svg.png\",\"contentUrl\":\"https:\/\/www.creilsudoise-tourisme.fr\/wp-content\/uploads\/2021\/05\/logo-svg.png\",\"width\":182,\"height\":71,\"caption\":\"Creil Sud Oise Tourisme\"},\"image\":{\"@id\":\"https:\/\/www.creilsudoise-tourisme.fr\/#\/schema\/logo\/image\/\"},\"sameAs\":[\"https:\/\/www.facebook.com\/creilsudoisetourisme\/\",\"https:\/\/twitter.com\/CreilSudOiseOT\",\"https:\/\/www.instagram.com\/creilsudoisetourisme\/\",\"https:\/\/www.youtube.com\/channel\/UC8L_QD2wwyADW14zt9fY8kw\"]}]}<\/script>\n<!-- \/ Yoast SEO plugin. -->","yoast_head_json":{"title":"L\u2019Arbre \u00e0 poule : une ferme \u00e9colieu en plein c\u0153ur d\u2019une ville","description":"L\u2019Arbre \u00e0 poule propose des ateliers enfants et adultes (rencontre des animaux, tissage de la laine\u2026), des stages de permaculture, la vente de produits locaux","robots":{"index":"index","follow":"follow","max-snippet":"max-snippet:-1","max-image-preview":"max-image-preview:large","max-video-preview":"max-video-preview:-1"},"canonical":"https:\/\/www.creilsudoise-tourisme.fr\/nl\/jexplore\/must-haves\/kippenboom-2\/","og_locale":"nl_NL","og_type":"article","og_title":"L\u2019Arbre \u00e0 poule : une ferme \u00e9colieu en plein c\u0153ur d\u2019une ville","og_description":"L\u2019Arbre \u00e0 poule propose des ateliers enfants et adultes (rencontre des animaux, tissage de la laine\u2026), des stages de permaculture, la vente de produits locaux","og_url":"https:\/\/www.creilsudoise-tourisme.fr\/nl\/jexplore\/must-haves\/kippenboom-2\/","og_site_name":"Office de Tourisme Creil Sud Oise","article_publisher":"https:\/\/www.facebook.com\/creilsudoisetourisme\/","article_modified_time":"2023-03-17T14:30:13+00:00","og_image":[{"width":2133,"height":1200,"url":"https:\/\/www.creilsudoise-tourisme.fr\/wp-content\/uploads\/2021\/03\/La-Ferme-de-l_Arbre-a\u0300-poule.jpg","type":"image\/jpeg"}],"twitter_card":"summary_large_image","twitter_site":"@CreilSudOiseOT","twitter_misc":{"Geschatte leestijd":"5 minuten"},"schema":{"@context":"https:\/\/schema.org","@graph":[{"@type":"WebPage","@id":"https:\/\/www.creilsudoise-tourisme.fr\/jexplore\/incontournables\/arbre-a-poule\/","url":"https:\/\/www.creilsudoise-tourisme.fr\/jexplore\/incontournables\/arbre-a-poule\/","name":"L\u2019Arbre \u00e0 poule : une ferme \u00e9colieu en plein c\u0153ur d\u2019une ville","isPartOf":{"@id":"https:\/\/www.creilsudoise-tourisme.fr\/#website"},"datePublished":"2021-02-17T09:02:45+00:00","dateModified":"2023-03-17T14:30:13+00:00","description":"L\u2019Arbre \u00e0 poule propose des ateliers enfants et adultes (rencontre des animaux, tissage de la laine\u2026), des stages de permaculture, la vente de produits locaux","breadcrumb":{"@id":"https:\/\/www.creilsudoise-tourisme.fr\/jexplore\/incontournables\/arbre-a-poule\/#breadcrumb"},"inLanguage":"nl","potentialAction":[{"@type":"ReadAction","target":["https:\/\/www.creilsudoise-tourisme.fr\/jexplore\/incontournables\/arbre-a-poule\/"]}]},{"@type":"BreadcrumbList","@id":"https:\/\/www.creilsudoise-tourisme.fr\/jexplore\/incontournables\/arbre-a-poule\/#breadcrumb","itemListElement":[{"@type":"ListItem","position":1,"name":"Accueil","item":"https:\/\/www.creilsudoise-tourisme.fr\/"},{"@type":"ListItem","position":2,"name":"J&rsquo;explore","item":"https:\/\/www.creilsudoise-tourisme.fr\/jexplore\/"},{"@type":"ListItem","position":3,"name":"Les incontournables","item":"https:\/\/www.creilsudoise-tourisme.fr\/jexplore\/incontournables\/"},{"@type":"ListItem","position":4,"name":"L&rsquo;Arbre \u00e0 poule"}]},{"@type":"WebSite","@id":"https:\/\/www.creilsudoise-tourisme.fr\/#website","url":"https:\/\/www.creilsudoise-tourisme.fr\/","name":"Office de Tourisme Creil Sud Oise","description":"Creil Sud Oise Tourisme, un territoire \u00e0 explorer !","publisher":{"@id":"https:\/\/www.creilsudoise-tourisme.fr\/#organization"},"potentialAction":[{"@type":"SearchAction","target":{"@type":"EntryPoint","urlTemplate":"https:\/\/www.creilsudoise-tourisme.fr\/?s={search_term_string}"},"query-input":"required name=search_term_string"}],"inLanguage":"nl"},{"@type":"Organization","@id":"https:\/\/www.creilsudoise-tourisme.fr\/#organization","name":"Creil Sud Oise Tourisme","url":"https:\/\/www.creilsudoise-tourisme.fr\/","logo":{"@type":"ImageObject","inLanguage":"nl","@id":"https:\/\/www.creilsudoise-tourisme.fr\/#\/schema\/logo\/image\/","url":"https:\/\/www.creilsudoise-tourisme.fr\/wp-content\/uploads\/2021\/05\/logo-svg.png","contentUrl":"https:\/\/www.creilsudoise-tourisme.fr\/wp-content\/uploads\/2021\/05\/logo-svg.png","width":182,"height":71,"caption":"Creil Sud Oise Tourisme"},"image":{"@id":"https:\/\/www.creilsudoise-tourisme.fr\/#\/schema\/logo\/image\/"},"sameAs":["https:\/\/www.facebook.com\/creilsudoisetourisme\/","https:\/\/twitter.com\/CreilSudOiseOT","https:\/\/www.instagram.com\/creilsudoisetourisme\/","https:\/\/www.youtube.com\/channel\/UC8L_QD2wwyADW14zt9fY8kw"]}]}},"_links":{"self":[{"href":"https:\/\/www.creilsudoise-tourisme.fr\/nl\/wp-json\/wp\/v2\/pages\/153"}],"collection":[{"href":"https:\/\/www.creilsudoise-tourisme.fr\/nl\/wp-json\/wp\/v2\/pages"}],"about":[{"href":"https:\/\/www.creilsudoise-tourisme.fr\/nl\/wp-json\/wp\/v2\/types\/page"}],"author":[{"embeddable":true,"href":"https:\/\/www.creilsudoise-tourisme.fr\/nl\/wp-json\/wp\/v2\/users\/1"}],"replies":[{"embeddable":true,"href":"https:\/\/www.creilsudoise-tourisme.fr\/nl\/wp-json\/wp\/v2\/comments?post=153"}],"version-history":[{"count":61,"href":"https:\/\/www.creilsudoise-tourisme.fr\/nl\/wp-json\/wp\/v2\/pages\/153\/revisions"}],"predecessor-version":[{"id":46818,"href":"https:\/\/www.creilsudoise-tourisme.fr\/nl\/wp-json\/wp\/v2\/pages\/153\/revisions\/46818"}],"up":[{"embeddable":true,"href":"https:\/\/www.creilsudoise-tourisme.fr\/nl\/wp-json\/wp\/v2\/pages\/131"}],"wp:featuredmedia":[{"embeddable":true,"href":"https:\/\/www.creilsudoise-tourisme.fr\/nl\/wp-json\/wp\/v2\/media\/33015"}],"wp:attachment":[{"href":"https:\/\/www.creilsudoise-tourisme.fr\/nl\/wp-json\/wp\/v2\/media?parent=153"}],"curies":[{"name":"wp","href":"https:\/\/api.w.org\/{rel}","templated":true}]}}