{"id":149,"date":"2021-02-17T10:02:42","date_gmt":"2021-02-17T09:02:42","guid":{"rendered":"https:\/\/www.creilsudoise-tourisme.fr\/le-musee-des-bombardements\/"},"modified":"2023-10-26T09:58:29","modified_gmt":"2023-10-26T07:58:29","slug":"musee-bombardements","status":"publish","type":"page","link":"https:\/\/www.creilsudoise-tourisme.fr\/nl\/jexplore\/must-haves\/museum-bombardement\/","title":{"rendered":"Het Bommenmuseum"},"content":{"rendered":"<p class=\"is-style-excerpt\">Als je hebt genoten van het Gedenkteken van Cean of het Monument van de Wapenstilstand van Compi\u00e8gne, is het tijd om naar het <strong>Mus\u00e9e des Bombardements in Saint-Maximin en ontdek de ongelooflijke collectie over de Tweede Wereldoorlog.<\/strong><\/p>\n\n\n\n<figure class=\"wp-block-embed is-type-video is-provider-youtube wp-block-embed-youtube wp-embed-aspect-16-9 wp-has-aspect-ratio\"><div class=\"wp-block-embed__wrapper\">\n<iframe loading=\"lazy\" title=\"[RENCONTRE] met Daniel van het Mus\u00e9e des Bombardements in Saint-Maximin | Creil Sud Oise Tourisme\" width=\"500\" height=\"281\" data-src=\"https:\/\/www.youtube.com\/embed\/Q6jsNZMV93s?feature=oembed\" frameborder=\"0\" allow=\"accelerometer; autoplay; clipboard-write; encrypted-media; gyroscope; picture-in-picture; web-share\" allowfullscreen><\/iframe>\n<\/div><\/figure>\n\n\n\n<div class=\"wp-block-strate-full alignfull\">\n\n    <div class=\"wp-block-strate-full-thumbnail\">\n        <img data-src=\"https:\/\/www.creilsudoise-tourisme.fr\/wp-content\/uploads\/2023\/10\/Musee-des-bombardements-a-Saint-Maximin-\u00a9-Creil-Sud-Oise-Tourisme-7.jpg\" alt=\"Rondleiding door het Mus\u00e9e des Bombardements in Saint-Maximin in het departement Oise\">\n    <\/div>\n\n\t\n        <div class=\"wp-block-strate-full-content wp-block-strate-full-content-left\">\n\t\t\t\t\t\t                <p class=\"wp-block-strate-full-content-excerpt\"> Ontdek de <strong>Bommuseum<\/strong>Je wordt ondergedompeld in het verleden van Saint-Maximin, dat in 95% met de grond gelijk werd gemaakt tijdens... geallieerde... bombardementen. <\/p>\n\t\t\t        <\/div>\n\n\t\n<\/div>\n\n\n\n<h2>Het verhaal van een leven<\/h2>\n\n\n\n<div class=\"is-layout-flex wp-container-3 wp-block-columns are-vertically-aligned-center\">\n<div class=\"is-layout-flow wp-block-column is-vertically-aligned-center\" style=\"flex-basis:33.33%\">\n<figure class=\"wp-block-image size-large\"><img decoding=\"async\" loading=\"lazy\" width=\"900\" height=\"1200\" data-src=\"https:\/\/www.creilsudoise-tourisme.fr\/wp-content\/uploads\/2021\/04\/Monsieur-Lequien-a\u0300-l_origine-de-la-collection-du-Muse\u0301e-des-Bombardements-a\u0300-Saint-Maximin-900x1200.jpg\" alt=\"Mus\u00e9e bombardements oise guerre seconde mondiale grande guerre souvenir visite guid\u00e9e Saint-Maximin\" class=\"wp-image-33228\" data-srcset=\"https:\/\/www.creilsudoise-tourisme.fr\/wp-content\/uploads\/2021\/04\/Monsieur-Lequien-a\u0300-l_origine-de-la-collection-du-Muse\u0301e-des-Bombardements-a\u0300-Saint-Maximin-900x1200.jpg 900w, https:\/\/www.creilsudoise-tourisme.fr\/wp-content\/uploads\/2021\/04\/Monsieur-Lequien-a\u0300-l_origine-de-la-collection-du-Muse\u0301e-des-Bombardements-a\u0300-Saint-Maximin-450x600.jpg 450w, https:\/\/www.creilsudoise-tourisme.fr\/wp-content\/uploads\/2021\/04\/Monsieur-Lequien-a\u0300-l_origine-de-la-collection-du-Muse\u0301e-des-Bombardements-a\u0300-Saint-Maximin-675x900.jpg 675w, https:\/\/www.creilsudoise-tourisme.fr\/wp-content\/uploads\/2021\/04\/Monsieur-Lequien-a\u0300-l_origine-de-la-collection-du-Muse\u0301e-des-Bombardements-a\u0300-Saint-Maximin-1152x1536.jpg 1152w, https:\/\/www.creilsudoise-tourisme.fr\/wp-content\/uploads\/2021\/04\/Monsieur-Lequien-a\u0300-l_origine-de-la-collection-du-Muse\u0301e-des-Bombardements-a\u0300-Saint-Maximin-200x267.jpg 200w, https:\/\/www.creilsudoise-tourisme.fr\/wp-content\/uploads\/2021\/04\/Monsieur-Lequien-a\u0300-l_origine-de-la-collection-du-Muse\u0301e-des-Bombardements-a\u0300-Saint-Maximin-650x867.jpg 650w, https:\/\/www.creilsudoise-tourisme.fr\/wp-content\/uploads\/2021\/04\/Monsieur-Lequien-a\u0300-l_origine-de-la-collection-du-Muse\u0301e-des-Bombardements-a\u0300-Saint-Maximin-387x516.jpg 387w, https:\/\/www.creilsudoise-tourisme.fr\/wp-content\/uploads\/2021\/04\/Monsieur-Lequien-a\u0300-l_origine-de-la-collection-du-Muse\u0301e-des-Bombardements-a\u0300-Saint-Maximin-275x367.jpg 275w, https:\/\/www.creilsudoise-tourisme.fr\/wp-content\/uploads\/2021\/04\/Monsieur-Lequien-a\u0300-l_origine-de-la-collection-du-Muse\u0301e-des-Bombardements-a\u0300-Saint-Maximin.jpg 1200w\" sizes=\"(max-width: 900px) 100vw, 900px\" \/><figcaption class=\"wp-element-caption\">Creil Sud Oise Toerisme<\/figcaption><\/figure>\n<\/div>\n\n\n\n<div class=\"is-layout-flow wp-block-column is-vertically-aligned-center\" style=\"flex-basis:66.66%\">\n<p>In 1943 was G\u00e9rard Lequien 13 toen hij getuige was van de crash van een vliegtuig dat door de Duitsers in de lucht werd neergeschoten. Het was een gebeurtenis die hem fascineerde en zijn passie voor de luchtvaart vormde, <strong>Jaren later begon de heer Lequien de vermeende crashplaatsen te onderzoeken en op te graven en ontmoette hij voormalige soldaten en hun families. <\/strong>Het ontwikkelt dus een echte <strong>verzameling van kaarten, documenten, vliegtuigafval of soms ongewone objecten<\/strong> Mis de <strong>kano's gemaakt van bommenwerpers<\/strong> en Duitse Luftwaffe jagers.<\/p>\n<\/div>\n<\/div>\n\n\n\n<h2>Een rondleiding door enthousiastelingen<\/h2>\n\n\n\n<p>De tijd van een<strong> rondleiding<\/strong>Dankzij de collectie van Mr Lequien (misschien heb je net als ik het geluk om de tour samen met hem te volgen), kunnen we ons onderdompelen in<strong> het dagelijkse leven van de inwoners van de Oise <\/strong>en het grondgebied van de agglomeratie Creil Sud Oise<strong> tijdens de Tweede Wereldoorlog<\/strong>.<\/p>\n\n\n\n<p>Deze rondleiding, geleid door een <strong>een team van vrijwilligers zo gepassioneerd als Mr Lequien<\/strong>Het is alsof je naar je eigen opa luistert die herinneringen ophaalt aan zijn verleden.<\/p>\n\n\n\n<figure class=\"wp-block-image size-full\"><img decoding=\"async\" loading=\"lazy\" width=\"932\" height=\"582\" data-src=\"https:\/\/www.creilsudoise-tourisme.fr\/wp-content\/uploads\/2021\/05\/Visite-guide\u0301e-par-des-passionne\u0301s-d_histoire-au-Muse\u0301e-des-Bombardements-a\u0300-Saint-Maximin.jpg\" alt=\"Mus\u00e9e bombardements oise guerre seconde mondiale grande guerre souvenir visite guid\u00e9e Saint-Maximin\" class=\"wp-image-34700\" data-srcset=\"https:\/\/www.creilsudoise-tourisme.fr\/wp-content\/uploads\/2021\/05\/Visite-guide\u0301e-par-des-passionne\u0301s-d_histoire-au-Muse\u0301e-des-Bombardements-a\u0300-Saint-Maximin.jpg 932w, https:\/\/www.creilsudoise-tourisme.fr\/wp-content\/uploads\/2021\/05\/Visite-guide\u0301e-par-des-passionne\u0301s-d_histoire-au-Muse\u0301e-des-Bombardements-a\u0300-Saint-Maximin-600x375.jpg 600w, https:\/\/www.creilsudoise-tourisme.fr\/wp-content\/uploads\/2021\/05\/Visite-guide\u0301e-par-des-passionne\u0301s-d_histoire-au-Muse\u0301e-des-Bombardements-a\u0300-Saint-Maximin-900x562.jpg 900w, https:\/\/www.creilsudoise-tourisme.fr\/wp-content\/uploads\/2021\/05\/Visite-guide\u0301e-par-des-passionne\u0301s-d_histoire-au-Muse\u0301e-des-Bombardements-a\u0300-Saint-Maximin-200x125.jpg 200w, https:\/\/www.creilsudoise-tourisme.fr\/wp-content\/uploads\/2021\/05\/Visite-guide\u0301e-par-des-passionne\u0301s-d_histoire-au-Muse\u0301e-des-Bombardements-a\u0300-Saint-Maximin-650x406.jpg 650w, https:\/\/www.creilsudoise-tourisme.fr\/wp-content\/uploads\/2021\/05\/Visite-guide\u0301e-par-des-passionne\u0301s-d_histoire-au-Muse\u0301e-des-Bombardements-a\u0300-Saint-Maximin-387x242.jpg 387w\" sizes=\"(max-width: 932px) 100vw, 932px\" \/><figcaption class=\"wp-element-caption\">Creil Sud Oise Toerisme<\/figcaption><\/figure>\n\n\n\n<p>Een bezoek aan het bommenmuseum is ook een gelegenheid om<strong> de geschiedenis van Saint-Maximin begrijpen, een dorp dat in 95% met de grond gelijk werd gemaakt door geallieerde bombardementen<\/strong>. Het is meer leren over de <strong><a href=\"https:\/\/www.creilsudoise-tourisme.fr\/nl\/2021\/02\/22\/bommen-v1\/\" target=\"_blank\" rel=\"noreferrer noopener\">V1 bommen <\/a>en de<a href=\"https:\/\/www.creilsudoise-tourisme.fr\/nl\/patrimoine\/maison-de-la-pierre-3\/\" target=\"_blank\" rel=\"noreferrer noopener\">bezetting van de steengroeven in het zuiden van de Oise<\/a>over lokaal verzet<\/strong> en over de strategie\u00ebn waarmee de bevolking zich tegen de bombardementen kon beschermen.<\/p>\n\n\n\n<figure class=\"is-layout-flex wp-block-gallery-4 wp-block-gallery alignfull has-nested-images columns-default is-cropped\">\n<figure class=\"wp-block-image size-large\"><img decoding=\"async\" loading=\"lazy\" width=\"1200\" height=\"900\" data-id=\"34699\"  data-src=\"https:\/\/www.creilsudoise-tourisme.fr\/wp-content\/uploads\/2021\/05\/Insolite-un-canoe\u0308-dans-un-re\u0301servoir-de-bombardier-au-Muse\u0301e-des-Bombardements-a\u0300-Saint-Maximin-1200x900.jpg\" alt=\"Mus\u00e9e bombardements oise guerre seconde mondiale grande guerre souvenir visite guid\u00e9e Saint-Maximin\" class=\"wp-image-34699\" data-srcset=\"https:\/\/www.creilsudoise-tourisme.fr\/wp-content\/uploads\/2021\/05\/Insolite-un-canoe\u0308-dans-un-re\u0301servoir-de-bombardier-au-Muse\u0301e-des-Bombardements-a\u0300-Saint-Maximin-1200x900.jpg 1200w, https:\/\/www.creilsudoise-tourisme.fr\/wp-content\/uploads\/2021\/05\/Insolite-un-canoe\u0308-dans-un-re\u0301servoir-de-bombardier-au-Muse\u0301e-des-Bombardements-a\u0300-Saint-Maximin-600x450.jpg 600w, https:\/\/www.creilsudoise-tourisme.fr\/wp-content\/uploads\/2021\/05\/Insolite-un-canoe\u0308-dans-un-re\u0301servoir-de-bombardier-au-Muse\u0301e-des-Bombardements-a\u0300-Saint-Maximin-900x675.jpg 900w, https:\/\/www.creilsudoise-tourisme.fr\/wp-content\/uploads\/2021\/05\/Insolite-un-canoe\u0308-dans-un-re\u0301servoir-de-bombardier-au-Muse\u0301e-des-Bombardements-a\u0300-Saint-Maximin-1536x1152.jpg 1536w, https:\/\/www.creilsudoise-tourisme.fr\/wp-content\/uploads\/2021\/05\/Insolite-un-canoe\u0308-dans-un-re\u0301servoir-de-bombardier-au-Muse\u0301e-des-Bombardements-a\u0300-Saint-Maximin-200x150.jpg 200w, https:\/\/www.creilsudoise-tourisme.fr\/wp-content\/uploads\/2021\/05\/Insolite-un-canoe\u0308-dans-un-re\u0301servoir-de-bombardier-au-Muse\u0301e-des-Bombardements-a\u0300-Saint-Maximin-650x488.jpg 650w, https:\/\/www.creilsudoise-tourisme.fr\/wp-content\/uploads\/2021\/05\/Insolite-un-canoe\u0308-dans-un-re\u0301servoir-de-bombardier-au-Muse\u0301e-des-Bombardements-a\u0300-Saint-Maximin-387x290.jpg 387w, https:\/\/www.creilsudoise-tourisme.fr\/wp-content\/uploads\/2021\/05\/Insolite-un-canoe\u0308-dans-un-re\u0301servoir-de-bombardier-au-Muse\u0301e-des-Bombardements-a\u0300-Saint-Maximin.jpg 1600w\" sizes=\"(max-width: 1200px) 100vw, 1200px\" \/><figcaption class=\"wp-element-caption\">Creil Sud Oise Toerisme<\/figcaption><\/figure>\n\n\n\n<figure class=\"wp-block-image size-large\"><img decoding=\"async\" loading=\"lazy\" width=\"1200\" height=\"675\" data-id=\"33227\"  data-src=\"https:\/\/www.creilsudoise-tourisme.fr\/wp-content\/uploads\/2021\/04\/Le-Muse\u0301e-des-Bombardements-a\u0300-Saint-Maximin-1200x675.jpg\" alt=\"Mus\u00e9e bombardements oise guerre seconde mondiale grande guerre souvenir visite guid\u00e9e Saint-Maximin\" class=\"wp-image-33227\" data-srcset=\"https:\/\/www.creilsudoise-tourisme.fr\/wp-content\/uploads\/2021\/04\/Le-Muse\u0301e-des-Bombardements-a\u0300-Saint-Maximin-1200x675.jpg 1200w, https:\/\/www.creilsudoise-tourisme.fr\/wp-content\/uploads\/2021\/04\/Le-Muse\u0301e-des-Bombardements-a\u0300-Saint-Maximin-600x338.jpg 600w, https:\/\/www.creilsudoise-tourisme.fr\/wp-content\/uploads\/2021\/04\/Le-Muse\u0301e-des-Bombardements-a\u0300-Saint-Maximin-900x506.jpg 900w, https:\/\/www.creilsudoise-tourisme.fr\/wp-content\/uploads\/2021\/04\/Le-Muse\u0301e-des-Bombardements-a\u0300-Saint-Maximin-1536x864.jpg 1536w, https:\/\/www.creilsudoise-tourisme.fr\/wp-content\/uploads\/2021\/04\/Le-Muse\u0301e-des-Bombardements-a\u0300-Saint-Maximin-200x113.jpg 200w, https:\/\/www.creilsudoise-tourisme.fr\/wp-content\/uploads\/2021\/04\/Le-Muse\u0301e-des-Bombardements-a\u0300-Saint-Maximin-650x366.jpg 650w, https:\/\/www.creilsudoise-tourisme.fr\/wp-content\/uploads\/2021\/04\/Le-Muse\u0301e-des-Bombardements-a\u0300-Saint-Maximin-387x218.jpg 387w, https:\/\/www.creilsudoise-tourisme.fr\/wp-content\/uploads\/2021\/04\/Le-Muse\u0301e-des-Bombardements-a\u0300-Saint-Maximin-275x155.jpg 275w, https:\/\/www.creilsudoise-tourisme.fr\/wp-content\/uploads\/2021\/04\/Le-Muse\u0301e-des-Bombardements-a\u0300-Saint-Maximin.jpg 1600w\" sizes=\"(max-width: 1200px) 100vw, 1200px\" \/><figcaption class=\"wp-element-caption\">Creil Sud Oise Toerisme<\/figcaption><\/figure>\n\n\n\n<figure class=\"wp-block-image size-large\"><img decoding=\"async\" loading=\"lazy\" width=\"900\" height=\"1200\" data-id=\"46575\"  data-src=\"https:\/\/www.creilsudoise-tourisme.fr\/wp-content\/uploads\/wpetourisme\/Musee-des-bombardements-Saint-Maximin-PHOTOS-c-OT-CSO--2--900x1200.jpg\" alt=\"\" class=\"wp-image-46575\" data-srcset=\"https:\/\/www.creilsudoise-tourisme.fr\/wp-content\/uploads\/wpetourisme\/Musee-des-bombardements-Saint-Maximin-PHOTOS-c-OT-CSO--2--900x1200.jpg 900w, https:\/\/www.creilsudoise-tourisme.fr\/wp-content\/uploads\/wpetourisme\/Musee-des-bombardements-Saint-Maximin-PHOTOS-c-OT-CSO--2--450x600.jpg 450w, https:\/\/www.creilsudoise-tourisme.fr\/wp-content\/uploads\/wpetourisme\/Musee-des-bombardements-Saint-Maximin-PHOTOS-c-OT-CSO--2--675x900.jpg 675w, https:\/\/www.creilsudoise-tourisme.fr\/wp-content\/uploads\/wpetourisme\/Musee-des-bombardements-Saint-Maximin-PHOTOS-c-OT-CSO--2--1152x1536.jpg 1152w, https:\/\/www.creilsudoise-tourisme.fr\/wp-content\/uploads\/wpetourisme\/Musee-des-bombardements-Saint-Maximin-PHOTOS-c-OT-CSO--2--1536x2048.jpg 1536w, https:\/\/www.creilsudoise-tourisme.fr\/wp-content\/uploads\/wpetourisme\/Musee-des-bombardements-Saint-Maximin-PHOTOS-c-OT-CSO--2--9x12.jpg 9w, https:\/\/www.creilsudoise-tourisme.fr\/wp-content\/uploads\/wpetourisme\/Musee-des-bombardements-Saint-Maximin-PHOTOS-c-OT-CSO--2--200x267.jpg 200w, https:\/\/www.creilsudoise-tourisme.fr\/wp-content\/uploads\/wpetourisme\/Musee-des-bombardements-Saint-Maximin-PHOTOS-c-OT-CSO--2--650x867.jpg 650w, https:\/\/www.creilsudoise-tourisme.fr\/wp-content\/uploads\/wpetourisme\/Musee-des-bombardements-Saint-Maximin-PHOTOS-c-OT-CSO--2--387x516.jpg 387w, https:\/\/www.creilsudoise-tourisme.fr\/wp-content\/uploads\/wpetourisme\/Musee-des-bombardements-Saint-Maximin-PHOTOS-c-OT-CSO--2--scaled.jpg 1920w\" sizes=\"(max-width: 900px) 100vw, 900px\" \/><figcaption class=\"wp-element-caption\">Creil Sud Oise Toerisme<\/figcaption><\/figure>\n<\/figure>\n\n\n\n<h2>Programmeren<\/h2>\n\n\n\n<p>Museumvrijwilligers organiseren <strong>conferenties<\/strong> en<strong> themarondleidingen<\/strong>Dit geldt vooral voor periodes die de geschiedenis hebben getekend: de bevrijding, de wapenstilstand, de bombardementen, enz. <\/p>\n\n\n\n<p>Raadpleeg de<strong><a href=\"https:\/\/www.creilsudoise-tourisme.fr\/nl\/agenda\/\" target=\"_blank\" rel=\"noreferrer noopener\">online agenda<\/a><\/strong> om uit te vinden wanneer de volgende datum is!<\/p>\n\n\n\n\n\n<div class=\"wp-block-strate-full alignfull\">\n\n    <div class=\"wp-block-strate-full-thumbnail\">\n        <img data-src=\"https:\/\/www.creilsudoise-tourisme.fr\/wp-content\/uploads\/2023\/10\/Musee-des-bombardements-a-Saint-Maximin-\u00a9-Creil-Sud-Oise-Tourisme-5.jpg\" alt=\"Rondleiding door het Mus\u00e9e des Bombardements in Saint-Maximin in het departement Oise\">\n    <\/div>\n\n\t\n        <div class=\"wp-block-strate-full-content wp-block-strate-full-content-left\">\n\t\t\t                <h3 class=\"wp-block-strate-full-content-title\"> Bezoek als groep het Bommuseum <\/h3>\n\t\t\t\t\t\t                <p class=\"wp-block-strate-full-content-excerpt\"> De<strong> Mus\u00e9e des Bombardements verwelkomt groepen het hele jaar door<\/strong>Alleen op afspraak. Afspraak in de <strong><a href=\"https:\/\/www.creilsudoise-tourisme.fr\/nl\/explore-groepen\/\" target=\"_blank\" rel=\"noreferrer noopener\">Rubriek van de groep<\/a><\/strong> om meer te weten te komen! <\/p>\n\t\t\t        <\/div>\n\n\t\n<\/div>\n\n\n\n<h2>Goede plannen en kortingen<\/h2>\n\n\n\n<div class=\"is-layout-flex wp-container-8 wp-block-columns\">\n<div class=\"is-layout-flow wp-block-column\" style=\"flex-basis:33.33%\"><div class=\"wp-block-image\">\n<figure class=\"aligncenter size-full is-resized\"><img decoding=\"async\" loading=\"lazy\" data-src=\"https:\/\/www.creilsudoise-tourisme.fr\/wp-content\/uploads\/2021\/03\/Logo-pass-agglo.jpg\" alt=\"Speciale tarieven met de Pass&#039;Agglo\" class=\"wp-image-32742\" width=\"166\" height=\"165\" data-srcset=\"https:\/\/www.creilsudoise-tourisme.fr\/wp-content\/uploads\/2021\/03\/Logo-pass-agglo.jpg 800w, https:\/\/www.creilsudoise-tourisme.fr\/wp-content\/uploads\/2021\/03\/Logo-pass-agglo-600x598.jpg 600w, https:\/\/www.creilsudoise-tourisme.fr\/wp-content\/uploads\/2021\/03\/Logo-pass-agglo-300x300.jpg 300w, https:\/\/www.creilsudoise-tourisme.fr\/wp-content\/uploads\/2021\/03\/Logo-pass-agglo-200x199.jpg 200w, https:\/\/www.creilsudoise-tourisme.fr\/wp-content\/uploads\/2021\/03\/Logo-pass-agglo-650x648.jpg 650w, https:\/\/www.creilsudoise-tourisme.fr\/wp-content\/uploads\/2021\/03\/Logo-pass-agglo-387x386.jpg 387w\" sizes=\"(max-width: 166px) 100vw, 166px\" \/><\/figure><\/div><\/div>\n\n\n\n<div class=\"is-layout-flow wp-block-column\" style=\"flex-basis:66.66%\">\n<h3>Pass'Agglo<\/h3>\n\n\n\n<h3><\/h3>\n\n\n\n<p>Gereserveerd voor inwoners van de agglomeratie Creil Sud Oise (<em>Cramoisy, Creil, Maysel, Montataire, Nogent-sur-Oise, Rousseloy, Saint-Leu-d'Esserent, Saint-Maximin, Saint-Vaast-l\u00e8s-Mello, Thiverny en Villers-Saint-Paul.<\/em>), de<strong>&nbsp;<a href=\"https:\/\/www.creilsudoise.fr\/mon-passagglo\/?section=mon-passagglo\" target=\"_blank\" rel=\"noreferrer noopener\">Pass'Agglo<\/a>&nbsp;kunt u profiteren van voordelige tarieven&nbsp;<\/strong>voor vele activiteiten: sport, cultuur, toerisme...<\/p>\n<\/div>\n<\/div>\n\n\n\n<div class=\"wp-block wp-block-single-sit wp-block-single-sit-coordonnees\" >\n\n            <h2>Toegang<\/h2>\n    \n    <div class=\"wp-block-media-text is-stacked-on-mobile\">\n\n        <div class=\"wp-block-media-text__media wpet-map-detail\" style=\"width:100%; height: 100%;\">\n            <div class=\"wp-block-media-text__media__content\" id=\"wpetSingleSitMap\" data-wpet-type-map=\"leaflet\" ><\/div>\n        <\/div>\n\n        <div class=\"wp-block-media-text__content\">\n\n                            <p class=\"wp-block-coordonnees__status wp-block-coordonnees__status--close\">\n                    Gesloten                <\/p>\n            \n            <p class=\"wp-block-media-text__content__address\">\n                                    <strong>Bommuseum<\/strong><br \/>\n                \n                                    Economische wijk<br \/>\n                \n                                    <span>60740<\/span>\n                    <span>SAINT-MAXIMIN<\/span><br \/>\n                            <\/p>\n\n                                                <p class=\"wp-block-media-text__content__phone\"><a data-type=\"TEL\" href=\"tel: 33 3 44 61 18 40\">+33 3 44 61 18 40<\/a><\/p>\n                            \n            <a href=\"https:\/\/www.google.fr\/maps?saddr&#038;daddr=49.2177984,2.4527266\" target=\"_blank\" class=\"button GtmButtonCalculItinerairePrestataire\" rel=\"noopener noreferrer\">Mijn route berekenen<\/a>\n        <\/div>\n    <\/div>\n<\/div>\n\n\n    <div class=\"wp-block wp-block-single-sit wp-block-single-sit-ouvertures\" id=\"opening\">\n\n                    <h2>Openingstijden<\/h2>\n        \n        \t<div class=\"wpetTableList\" >\n                <div data-id=\"wpet-table-slider-wrapper\">\n\t\t    \t\t\t\t\t\t<div class=\"wpetTableContainer\" >\n\t\t\t\t<table class=\"wpetTable wpTable--opening\">\n\t\t\t\t\t<thead class=\"wpetTableHeader\">\n\t\t\t\t\t<tr>\n\t\t\t\t\t\t<td colspan=\"2\">\n\t\t\t\t\t\t\t\t\t\t\t\t\t\t\tVan 01 januari tot 31 december\t\t\t\t\t\t\t\t\t\t\t\t\t<\/td>\n\t\t\t\t\t<\/tr>\n\t\t\t\t\t<\/thead>\n\t\t\t\t\t\t\t\t\t\t\t\t\t\t\t\t\t\t<tr class=\"wpetTableLine\">\n\t\t\t\t\t\t\t\t<td class=\"wpetTableCell\">Maandag<\/td>\n\t\t\t\t\t\t\t\t<td class=\"wpetTableCell\">Gesloten<\/td>\n\t\t\t\t\t\t\t<\/tr>\n\t\t\t\t\t\t\t\t\t\t\t\t\t\t\t\t\t\t\t\t\t\t\t\t<tr class=\"wpetTableLine\">\n\t\t\t\t\t\t\t\t<td class=\"wpetTableCell\">Dinsdag<\/td>\n\t\t\t\t\t\t\t\t<td class=\"wpetTableCell\">Gesloten<\/td>\n\t\t\t\t\t\t\t<\/tr>\n\t\t\t\t\t\t\t\t\t\t\t\t\t\t\t\t\t\t\t\t\t\t\t\t<tr class=\"wpetTableLine\">\n\t\t\t\t\t\t\t\t<td class=\"wpetTableCell\">Woensdag<\/td>\n\t\t\t\t\t\t\t\t<td class=\"wpetTableCell\">Open van 14.00 tot 18.00<\/td>\n\t\t\t\t\t\t\t<\/tr>\n\t\t\t\t\t\t\t\t\t\t\t\t\t\t\t\t\t\t\t\t\t\t\t\t<tr class=\"wpetTableLine\">\n\t\t\t\t\t\t\t\t<td class=\"wpetTableCell\">Donderdag<\/td>\n\t\t\t\t\t\t\t\t<td class=\"wpetTableCell\">Gesloten<\/td>\n\t\t\t\t\t\t\t<\/tr>\n\t\t\t\t\t\t\t\t\t\t\t\t\t\t\t\t\t\t\t\t\t\t\t\t<tr class=\"wpetTableLine\">\n\t\t\t\t\t\t\t\t<td class=\"wpetTableCell\">Vrijdag<\/td>\n\t\t\t\t\t\t\t\t<td class=\"wpetTableCell\">Gesloten<\/td>\n\t\t\t\t\t\t\t<\/tr>\n\t\t\t\t\t\t\t\t\t\t\t\t\t\t\t\t\t\t\t\t\t\t\t\t<tr class=\"wpetTableLine\">\n\t\t\t\t\t\t\t\t<td class=\"wpetTableCell\">Zaterdag<\/td>\n\t\t\t\t\t\t\t\t<td class=\"wpetTableCell\">Open van 14.00 tot 18.00<\/td>\n\t\t\t\t\t\t\t<\/tr>\n\t\t\t\t\t\t\t\t\t\t\t\t\t\t\t\t\t\t\t\t\t\t\t\t<tr class=\"wpetTableLine\">\n\t\t\t\t\t\t\t\t<td class=\"wpetTableCell\">Zondag<\/td>\n\t\t\t\t\t\t\t\t<td class=\"wpetTableCell\">Open van 14.00 tot 18.00<\/td>\n\t\t\t\t\t\t\t<\/tr>\n\t\t\t\t\t\t\t\t\t\t\t\t\t\t\t<\/table>\n\t\t\t<\/div>\n\t\t        <\/div>\n\t<\/div>\n\n    <\/div>\n\n\n\n    <div class=\"wp-block wp-block-single-sit wp-block-single-sit-tarifs\">\n\n                    <h2>Tarieven<\/h2>\n        \n        \n    <table class=\"wpetTable\">\n                    <tr class=\"wpetTableLine\">\n                <td class=\"wpetTableCell\">\n                    Tarief volwassenen                                    <\/td>\n                <td class=\"wpetTableCell\">4 \u20ac<\/td>\n            <\/tr>\n                    <tr class=\"wpetTableLine\">\n                <td class=\"wpetTableCell\">\n                    Verlaagd tarief voor volwassenen                                            <span class=\"wpetTableCell--complement entryMeta\">Agglo Pass en groepen<\/span>\n                                    <\/td>\n                <td class=\"wpetTableCell\">3,50 \u20ac<\/td>\n            <\/tr>\n                    <tr class=\"wpetTableLine\">\n                <td class=\"wpetTableCell\">\n                    Gereduceerd tarief voor kinderen                                            <span class=\"wpetTableCell--complement entryMeta\">Agglo Pass en groepen<\/span>\n                                    <\/td>\n                <td class=\"wpetTableCell\">2 \u20ac<\/td>\n            <\/tr>\n                    <tr class=\"wpetTableLine\">\n                <td class=\"wpetTableCell\">\n                    Kindertarief                                    <\/td>\n                <td class=\"wpetTableCell\">2,50 \u20ac<\/td>\n            <\/tr>\n            <\/table>\n\n\n    \n    \n    \n    \n    <\/div>\n\n\n\n<div class=\"wp-block wp-block-related-post alignfull\">\n    <div class=\"container\">\n                    <h2 class=\"wp-block-related-post-title\">De Explorers vonden ook...<\/h2>\n                <div id=\"wpiris-related-post-1226337235315474475294271210\" data-id=\"wpiris-entity-slider\">\n            <div class=\"wp-block-related-post-list wp-block-related-post-list--8\" data-id=\"wpiris-entity-slider-wrapper\">\n\n                \n<div class=\"entityItem\" data-trigger=\"wpiris-click\" data-id=\"wpiris-entity-slider-item\">\n    <p class=\"entityItemThumbnail\">\n        <a href=\"https:\/\/www.creilsudoise-tourisme.fr\/nl\/restaurant\/la-buvette\/\" nofancybox>\n            <img data-src=\"https:\/\/www.creilsudoise-tourisme.fr\/wp-content\/uploads\/wpetourisme\/photo-Anne-Sophie-FLAMENT-La-Buvette--bistrot-de-pays--Saint-Maximin--Arnaud-Martle-3114-275x350.jpg\" alt=\"La Buvette\">\n        <\/a>\n    <\/p>\n    <div class=\"entityItemContent\">\n        <h2 class=\"entityItemContentTitle\">\n            <a href=\"https:\/\/www.creilsudoise-tourisme.fr\/nl\/restaurant\/la-buvette\/\">La Buvette<\/a>\n        <\/h2>\n                    <p class=\"entityItemContentType\">Restauratie<\/p>\n            <\/div>\n    <a href=\"https:\/\/www.creilsudoise-tourisme.fr\/nl\/restaurant\/la-buvette\/\" class=\"seeMore\"><span class=\"sr-only\">Meer zien<\/span><\/a>\n<\/div>\n\n<div class=\"entityItem\" data-trigger=\"wpiris-click\" data-id=\"wpiris-entity-slider-item\">\n    <p class=\"entityItemThumbnail\">\n        <a href=\"https:\/\/www.creilsudoise-tourisme.fr\/nl\/espace-naturel\/berges-de-loise-a-saint-maximin\/\" nofancybox>\n            <img data-src=\"https:\/\/www.creilsudoise-tourisme.fr\/wp-content\/uploads\/wpetourisme\/BergesSaintMaximin-Hiver2023-CreilSudOiseTourisme--1--275x350.jpg\" alt=\"Oevers van de Oise bij Saint-Maximin\">\n        <\/a>\n    <\/p>\n    <div class=\"entityItemContent\">\n        <h2 class=\"entityItemContentTitle\">\n            <a href=\"https:\/\/www.creilsudoise-tourisme.fr\/nl\/espace-naturel\/berges-de-loise-a-saint-maximin\/\">Oevers van de Oise bij Saint-Maximin<\/a>\n        <\/h2>\n                    <p class=\"entityItemContentType\">Natuurlijk erfgoed<\/p>\n            <\/div>\n    <a href=\"https:\/\/www.creilsudoise-tourisme.fr\/nl\/espace-naturel\/berges-de-loise-a-saint-maximin\/\" class=\"seeMore\"><span class=\"sr-only\">Meer zien<\/span><\/a>\n<\/div>\n\n<div class=\"entityItem\" data-trigger=\"wpiris-click\" data-id=\"wpiris-entity-slider-item\">\n    <p class=\"entityItemThumbnail\">\n        <a href=\"https:\/\/www.creilsudoise-tourisme.fr\/nl\/patrimoine\/maison-de-la-pierre-3\/\" nofancybox>\n            <img data-src=\"https:\/\/www.creilsudoise-tourisme.fr\/wp-content\/uploads\/wpetourisme\/-comdesimages-b.teissedre-ADRTOise-maison-de-la-pierre-COM0666-275x350.jpg\" alt=\"Stone House\">\n        <\/a>\n    <\/p>\n    <div class=\"entityItemContent\">\n        <h2 class=\"entityItemContentTitle\">\n            <a href=\"https:\/\/www.creilsudoise-tourisme.fr\/nl\/patrimoine\/maison-de-la-pierre-3\/\">Stone House<\/a>\n        <\/h2>\n                    <p class=\"entityItemContentType\">Cultureel erfgoed<\/p>\n            <\/div>\n    <a href=\"https:\/\/www.creilsudoise-tourisme.fr\/nl\/patrimoine\/maison-de-la-pierre-3\/\" class=\"seeMore\"><span class=\"sr-only\">Meer zien<\/span><\/a>\n<\/div>\n\n<div class=\"entityItem\" data-trigger=\"wpiris-click\" data-id=\"wpiris-entity-slider-item\">\n    <p class=\"entityItemThumbnail\">\n        <a href=\"https:\/\/www.creilsudoise-tourisme.fr\/nl\/patrimoine\/musee-galle-juillet-2\/\" nofancybox>\n            <img data-src=\"https:\/\/www.creilsudoise-tourisme.fr\/wp-content\/uploads\/wpetourisme\/1--Anne-Sophie-FLAMENT--ville-de-creil--MGJ--visite-cuisine-2-275x350.jpg\" alt=\"Gall\u00e9-Juillet Museum\">\n        <\/a>\n    <\/p>\n    <div class=\"entityItemContent\">\n        <h2 class=\"entityItemContentTitle\">\n            <a href=\"https:\/\/www.creilsudoise-tourisme.fr\/nl\/patrimoine\/musee-galle-juillet-2\/\">Gall\u00e9-Juillet Museum<\/a>\n        <\/h2>\n                    <p class=\"entityItemContentType\">Cultureel erfgoed<\/p>\n            <\/div>\n    <a href=\"https:\/\/www.creilsudoise-tourisme.fr\/nl\/patrimoine\/musee-galle-juillet-2\/\" class=\"seeMore\"><span class=\"sr-only\">Meer zien<\/span><\/a>\n<\/div>\n\n<div class=\"entityItem\" data-trigger=\"wpiris-click\" data-id=\"wpiris-entity-slider-item\">\n    <p class=\"entityItemThumbnail\">\n        <a href=\"https:\/\/www.creilsudoise-tourisme.fr\/nl\/loisirs\/base-de-loisirs-saint-leu-desserent\/\" nofancybox>\n            <img data-src=\"https:\/\/www.creilsudoise-tourisme.fr\/wp-content\/uploads\/wpetourisme\/Base-de-Loisirs-de-Saint-Leu-d-Esserent-275x350.jpg\" alt=\"Recreatiecentrum Saint-Leu-d&#039;Esserent\">\n        <\/a>\n    <\/p>\n    <div class=\"entityItemContent\">\n        <h2 class=\"entityItemContentTitle\">\n            <a href=\"https:\/\/www.creilsudoise-tourisme.fr\/nl\/loisirs\/base-de-loisirs-saint-leu-desserent\/\">Recreatiecentrum Saint-Leu-d'Esserent<\/a>\n        <\/h2>\n                    <p class=\"entityItemContentType\">Sportieve, culturele en toeristische activiteiten<\/p>\n            <\/div>\n    <a href=\"https:\/\/www.creilsudoise-tourisme.fr\/nl\/loisirs\/base-de-loisirs-saint-leu-desserent\/\" class=\"seeMore\"><span class=\"sr-only\">Meer zien<\/span><\/a>\n<\/div>\n\n<div class=\"entityItem\" data-trigger=\"wpiris-click\" data-id=\"wpiris-entity-slider-item\">\n    <p class=\"entityItemThumbnail\">\n        <a href=\"https:\/\/www.creilsudoise-tourisme.fr\/nl\/loisirs\/aire-de-pique-nique-de-saint-maximin\/\" nofancybox>\n            <img data-src=\"https:\/\/www.creilsudoise-tourisme.fr\/wp-content\/uploads\/wpetourisme\/BergesSaintMaximin-Hiver2023-CreilSudOiseTourisme--1--2-275x350.jpg\" alt=\"Picknickplaats aan de oevers van de Oise\">\n        <\/a>\n    <\/p>\n    <div class=\"entityItemContent\">\n        <h2 class=\"entityItemContentTitle\">\n            <a href=\"https:\/\/www.creilsudoise-tourisme.fr\/nl\/loisirs\/aire-de-pique-nique-de-saint-maximin\/\">Picknickplaats aan de oevers van de Oise<\/a>\n        <\/h2>\n                    <p class=\"entityItemContentType\">Sportieve, culturele en toeristische activiteiten<\/p>\n            <\/div>\n    <a href=\"https:\/\/www.creilsudoise-tourisme.fr\/nl\/loisirs\/aire-de-pique-nique-de-saint-maximin\/\" class=\"seeMore\"><span class=\"sr-only\">Meer zien<\/span><\/a>\n<\/div>\n\n<div class=\"entityItem\" data-trigger=\"wpiris-click\" data-id=\"wpiris-entity-slider-item\">\n    <p class=\"entityItemThumbnail\">\n        <a href=\"https:\/\/www.creilsudoise-tourisme.fr\/nl\/restaurant\/le-comptoir-du-malt\/\" nofancybox>\n            <img data-src=\"https:\/\/www.creilsudoise-tourisme.fr\/wp-content\/uploads\/wpetourisme\/Comptoir-du-Malt-2-2-275x350.jpg\" alt=\"Het moutloket\">\n        <\/a>\n    <\/p>\n    <div class=\"entityItemContent\">\n        <h2 class=\"entityItemContentTitle\">\n            <a href=\"https:\/\/www.creilsudoise-tourisme.fr\/nl\/restaurant\/le-comptoir-du-malt\/\">Het moutloket<\/a>\n        <\/h2>\n                    <p class=\"entityItemContentType\">Restauratie<\/p>\n            <\/div>\n    <a href=\"https:\/\/www.creilsudoise-tourisme.fr\/nl\/restaurant\/le-comptoir-du-malt\/\" class=\"seeMore\"><span class=\"sr-only\">Meer zien<\/span><\/a>\n<\/div>\n            <\/div>\n\n            \n<div class=\"sliderNav\">\n    <div class=\"sliderNavWrapper\">\n        <p class=\"swiperArrow swiperArrow--next\" data-trigger=\"swiper-next\">\n            <span class=\"sr-only\">Volgende<\/span>\n        <\/p>\n        <p class=\"swiperArrow swiperArrow--prev\" data-trigger=\"swiper-prev\">\n            <span class=\"sr-only\">Vorige<\/span>\n        <\/p>\n    <\/div>\n<\/div>\n        <\/div>\n    <\/div>\n<\/div>","protected":false},"excerpt":{"rendered":"<p>Als je hebt genoten van het Gedenkteken van Cean of het gedenkteken bij de wapenstilstand in Compi\u00e8gne, dan is het tijd om de deur van het Mus\u00e9e des Bombardements in Saint-Maximin open te duwen en de ongelooflijke collectie rond het thema van de Tweede Wereldoorlog te ontdekken. Het verhaal van een leven In 1943 was G\u00e9rard Lequien 13 jaar oud.<\/p>","protected":false},"author":1,"featured_media":42928,"parent":131,"menu_order":10,"comment_status":"closed","ping_status":"closed","template":"","meta":{"_relevanssi_hide_post":"","_relevanssi_hide_content":"","_relevanssi_pin_for_all":"","_relevanssi_pin_keywords":"","_relevanssi_unpin_keywords":"","_relevanssi_related_keywords":"","_relevanssi_related_include_ids":"","_relevanssi_related_exclude_ids":"","_relevanssi_related_no_append":"","_relevanssi_related_not_related":"","_relevanssi_related_posts":"271,275,273,267","_relevanssi_noindex_reason":""},"yoast_head":"<!-- This site is optimized with the Yoast SEO plugin v20.2.1 - https:\/\/yoast.com\/wordpress\/plugins\/seo\/ -->\n<title>Le Mus\u00e9e des Bombardements pour les passionn\u00e9s d&#039;histoire<\/title>\n<meta name=\"description\" content=\"D\u00e9couvrez le Mus\u00e9e des Bombardements \u00e0 Saint-Maximin et son impressionnante collection d\u2019objets illustrant les attaques a\u00e9riennes dans l\u2019Oise\" \/>\n<meta name=\"robots\" content=\"index, follow, max-snippet:-1, max-image-preview:large, max-video-preview:-1\" \/>\n<link rel=\"canonical\" href=\"https:\/\/www.creilsudoise-tourisme.fr\/nl\/jexplore\/must-haves\/museum-bombardement\/\" \/>\n<meta property=\"og:locale\" content=\"nl_NL\" \/>\n<meta property=\"og:type\" content=\"article\" \/>\n<meta property=\"og:title\" content=\"Le Mus\u00e9e des Bombardements pour les passionn\u00e9s d&#039;histoire\" \/>\n<meta property=\"og:description\" content=\"D\u00e9couvrez le Mus\u00e9e des Bombardements \u00e0 Saint-Maximin et son impressionnante collection d\u2019objets illustrant les attaques a\u00e9riennes dans l\u2019Oise\" \/>\n<meta property=\"og:url\" content=\"https:\/\/www.creilsudoise-tourisme.fr\/nl\/jexplore\/must-haves\/museum-bombardement\/\" \/>\n<meta property=\"og:site_name\" content=\"Office de Tourisme Creil Sud Oise\" \/>\n<meta property=\"article:publisher\" content=\"https:\/\/www.facebook.com\/creilsudoisetourisme\/\" \/>\n<meta property=\"article:modified_time\" content=\"2023-10-26T07:58:29+00:00\" \/>\n<meta property=\"og:image\" content=\"https:\/\/www.creilsudoise-tourisme.fr\/wp-content\/uploads\/wpetourisme\/Musee-des-bombardements---CreilSudOise-Tourisme--3--scaled.jpg\" \/>\n\t<meta property=\"og:image:width\" content=\"2560\" \/>\n\t<meta property=\"og:image:height\" content=\"1920\" \/>\n\t<meta property=\"og:image:type\" content=\"image\/jpeg\" \/>\n<meta name=\"twitter:card\" content=\"summary_large_image\" \/>\n<meta name=\"twitter:site\" content=\"@CreilSudOiseOT\" \/>\n<meta name=\"twitter:label1\" content=\"Geschatte leestijd\" \/>\n\t<meta name=\"twitter:data1\" content=\"3 minuten\" \/>\n<script type=\"application\/ld+json\" class=\"yoast-schema-graph\">{\"@context\":\"https:\/\/schema.org\",\"@graph\":[{\"@type\":\"WebPage\",\"@id\":\"https:\/\/www.creilsudoise-tourisme.fr\/jexplore\/incontournables\/musee-bombardements\/\",\"url\":\"https:\/\/www.creilsudoise-tourisme.fr\/jexplore\/incontournables\/musee-bombardements\/\",\"name\":\"Le Mus\u00e9e des Bombardements pour les passionn\u00e9s d'histoire\",\"isPartOf\":{\"@id\":\"https:\/\/www.creilsudoise-tourisme.fr\/#website\"},\"datePublished\":\"2021-02-17T09:02:42+00:00\",\"dateModified\":\"2023-10-26T07:58:29+00:00\",\"description\":\"D\u00e9couvrez le Mus\u00e9e des Bombardements \u00e0 Saint-Maximin et son impressionnante collection d\u2019objets illustrant les attaques a\u00e9riennes dans l\u2019Oise\",\"breadcrumb\":{\"@id\":\"https:\/\/www.creilsudoise-tourisme.fr\/jexplore\/incontournables\/musee-bombardements\/#breadcrumb\"},\"inLanguage\":\"nl\",\"potentialAction\":[{\"@type\":\"ReadAction\",\"target\":[\"https:\/\/www.creilsudoise-tourisme.fr\/jexplore\/incontournables\/musee-bombardements\/\"]}]},{\"@type\":\"BreadcrumbList\",\"@id\":\"https:\/\/www.creilsudoise-tourisme.fr\/jexplore\/incontournables\/musee-bombardements\/#breadcrumb\",\"itemListElement\":[{\"@type\":\"ListItem\",\"position\":1,\"name\":\"Accueil\",\"item\":\"https:\/\/www.creilsudoise-tourisme.fr\/\"},{\"@type\":\"ListItem\",\"position\":2,\"name\":\"J&rsquo;explore\",\"item\":\"https:\/\/www.creilsudoise-tourisme.fr\/jexplore\/\"},{\"@type\":\"ListItem\",\"position\":3,\"name\":\"Les incontournables\",\"item\":\"https:\/\/www.creilsudoise-tourisme.fr\/jexplore\/incontournables\/\"},{\"@type\":\"ListItem\",\"position\":4,\"name\":\"Le Mus\u00e9e des Bombardements\"}]},{\"@type\":\"WebSite\",\"@id\":\"https:\/\/www.creilsudoise-tourisme.fr\/#website\",\"url\":\"https:\/\/www.creilsudoise-tourisme.fr\/\",\"name\":\"Office de Tourisme Creil Sud Oise\",\"description\":\"Creil Sud Oise Tourisme, un territoire \u00e0 explorer !\",\"publisher\":{\"@id\":\"https:\/\/www.creilsudoise-tourisme.fr\/#organization\"},\"potentialAction\":[{\"@type\":\"SearchAction\",\"target\":{\"@type\":\"EntryPoint\",\"urlTemplate\":\"https:\/\/www.creilsudoise-tourisme.fr\/?s={search_term_string}\"},\"query-input\":\"required name=search_term_string\"}],\"inLanguage\":\"nl\"},{\"@type\":\"Organization\",\"@id\":\"https:\/\/www.creilsudoise-tourisme.fr\/#organization\",\"name\":\"Creil Sud Oise Tourisme\",\"url\":\"https:\/\/www.creilsudoise-tourisme.fr\/\",\"logo\":{\"@type\":\"ImageObject\",\"inLanguage\":\"nl\",\"@id\":\"https:\/\/www.creilsudoise-tourisme.fr\/#\/schema\/logo\/image\/\",\"url\":\"https:\/\/www.creilsudoise-tourisme.fr\/wp-content\/uploads\/2021\/05\/logo-svg.png\",\"contentUrl\":\"https:\/\/www.creilsudoise-tourisme.fr\/wp-content\/uploads\/2021\/05\/logo-svg.png\",\"width\":182,\"height\":71,\"caption\":\"Creil Sud Oise Tourisme\"},\"image\":{\"@id\":\"https:\/\/www.creilsudoise-tourisme.fr\/#\/schema\/logo\/image\/\"},\"sameAs\":[\"https:\/\/www.facebook.com\/creilsudoisetourisme\/\",\"https:\/\/twitter.com\/CreilSudOiseOT\",\"https:\/\/www.instagram.com\/creilsudoisetourisme\/\",\"https:\/\/www.youtube.com\/channel\/UC8L_QD2wwyADW14zt9fY8kw\"]}]}<\/script>\n<!-- \/ Yoast SEO plugin. -->","yoast_head_json":{"title":"Le Mus\u00e9e des Bombardements pour les passionn\u00e9s d'histoire","description":"D\u00e9couvrez le Mus\u00e9e des Bombardements \u00e0 Saint-Maximin et son impressionnante collection d\u2019objets illustrant les attaques a\u00e9riennes dans l\u2019Oise","robots":{"index":"index","follow":"follow","max-snippet":"max-snippet:-1","max-image-preview":"max-image-preview:large","max-video-preview":"max-video-preview:-1"},"canonical":"https:\/\/www.creilsudoise-tourisme.fr\/nl\/jexplore\/must-haves\/museum-bombardement\/","og_locale":"nl_NL","og_type":"article","og_title":"Le Mus\u00e9e des Bombardements pour les passionn\u00e9s d'histoire","og_description":"D\u00e9couvrez le Mus\u00e9e des Bombardements \u00e0 Saint-Maximin et son impressionnante collection d\u2019objets illustrant les attaques a\u00e9riennes dans l\u2019Oise","og_url":"https:\/\/www.creilsudoise-tourisme.fr\/nl\/jexplore\/must-haves\/museum-bombardement\/","og_site_name":"Office de Tourisme Creil Sud Oise","article_publisher":"https:\/\/www.facebook.com\/creilsudoisetourisme\/","article_modified_time":"2023-10-26T07:58:29+00:00","og_image":[{"width":2560,"height":1920,"url":"https:\/\/www.creilsudoise-tourisme.fr\/wp-content\/uploads\/wpetourisme\/Musee-des-bombardements---CreilSudOise-Tourisme--3--scaled.jpg","type":"image\/jpeg"}],"twitter_card":"summary_large_image","twitter_site":"@CreilSudOiseOT","twitter_misc":{"Geschatte leestijd":"3 minuten"},"schema":{"@context":"https:\/\/schema.org","@graph":[{"@type":"WebPage","@id":"https:\/\/www.creilsudoise-tourisme.fr\/jexplore\/incontournables\/musee-bombardements\/","url":"https:\/\/www.creilsudoise-tourisme.fr\/jexplore\/incontournables\/musee-bombardements\/","name":"Le Mus\u00e9e des Bombardements pour les passionn\u00e9s d'histoire","isPartOf":{"@id":"https:\/\/www.creilsudoise-tourisme.fr\/#website"},"datePublished":"2021-02-17T09:02:42+00:00","dateModified":"2023-10-26T07:58:29+00:00","description":"D\u00e9couvrez le Mus\u00e9e des Bombardements \u00e0 Saint-Maximin et son impressionnante collection d\u2019objets illustrant les attaques a\u00e9riennes dans l\u2019Oise","breadcrumb":{"@id":"https:\/\/www.creilsudoise-tourisme.fr\/jexplore\/incontournables\/musee-bombardements\/#breadcrumb"},"inLanguage":"nl","potentialAction":[{"@type":"ReadAction","target":["https:\/\/www.creilsudoise-tourisme.fr\/jexplore\/incontournables\/musee-bombardements\/"]}]},{"@type":"BreadcrumbList","@id":"https:\/\/www.creilsudoise-tourisme.fr\/jexplore\/incontournables\/musee-bombardements\/#breadcrumb","itemListElement":[{"@type":"ListItem","position":1,"name":"Accueil","item":"https:\/\/www.creilsudoise-tourisme.fr\/"},{"@type":"ListItem","position":2,"name":"J&rsquo;explore","item":"https:\/\/www.creilsudoise-tourisme.fr\/jexplore\/"},{"@type":"ListItem","position":3,"name":"Les incontournables","item":"https:\/\/www.creilsudoise-tourisme.fr\/jexplore\/incontournables\/"},{"@type":"ListItem","position":4,"name":"Le Mus\u00e9e des Bombardements"}]},{"@type":"WebSite","@id":"https:\/\/www.creilsudoise-tourisme.fr\/#website","url":"https:\/\/www.creilsudoise-tourisme.fr\/","name":"Office de Tourisme Creil Sud Oise","description":"Creil Sud Oise Tourisme, un territoire \u00e0 explorer !","publisher":{"@id":"https:\/\/www.creilsudoise-tourisme.fr\/#organization"},"potentialAction":[{"@type":"SearchAction","target":{"@type":"EntryPoint","urlTemplate":"https:\/\/www.creilsudoise-tourisme.fr\/?s={search_term_string}"},"query-input":"required name=search_term_string"}],"inLanguage":"nl"},{"@type":"Organization","@id":"https:\/\/www.creilsudoise-tourisme.fr\/#organization","name":"Creil Sud Oise Tourisme","url":"https:\/\/www.creilsudoise-tourisme.fr\/","logo":{"@type":"ImageObject","inLanguage":"nl","@id":"https:\/\/www.creilsudoise-tourisme.fr\/#\/schema\/logo\/image\/","url":"https:\/\/www.creilsudoise-tourisme.fr\/wp-content\/uploads\/2021\/05\/logo-svg.png","contentUrl":"https:\/\/www.creilsudoise-tourisme.fr\/wp-content\/uploads\/2021\/05\/logo-svg.png","width":182,"height":71,"caption":"Creil Sud Oise Tourisme"},"image":{"@id":"https:\/\/www.creilsudoise-tourisme.fr\/#\/schema\/logo\/image\/"},"sameAs":["https:\/\/www.facebook.com\/creilsudoisetourisme\/","https:\/\/twitter.com\/CreilSudOiseOT","https:\/\/www.instagram.com\/creilsudoisetourisme\/","https:\/\/www.youtube.com\/channel\/UC8L_QD2wwyADW14zt9fY8kw"]}]}},"_links":{"self":[{"href":"https:\/\/www.creilsudoise-tourisme.fr\/nl\/wp-json\/wp\/v2\/pages\/149"}],"collection":[{"href":"https:\/\/www.creilsudoise-tourisme.fr\/nl\/wp-json\/wp\/v2\/pages"}],"about":[{"href":"https:\/\/www.creilsudoise-tourisme.fr\/nl\/wp-json\/wp\/v2\/types\/page"}],"author":[{"embeddable":true,"href":"https:\/\/www.creilsudoise-tourisme.fr\/nl\/wp-json\/wp\/v2\/users\/1"}],"replies":[{"embeddable":true,"href":"https:\/\/www.creilsudoise-tourisme.fr\/nl\/wp-json\/wp\/v2\/comments?post=149"}],"version-history":[{"count":34,"href":"https:\/\/www.creilsudoise-tourisme.fr\/nl\/wp-json\/wp\/v2\/pages\/149\/revisions"}],"predecessor-version":[{"id":50246,"href":"https:\/\/www.creilsudoise-tourisme.fr\/nl\/wp-json\/wp\/v2\/pages\/149\/revisions\/50246"}],"up":[{"embeddable":true,"href":"https:\/\/www.creilsudoise-tourisme.fr\/nl\/wp-json\/wp\/v2\/pages\/131"}],"wp:featuredmedia":[{"embeddable":true,"href":"https:\/\/www.creilsudoise-tourisme.fr\/nl\/wp-json\/wp\/v2\/media\/42928"}],"wp:attachment":[{"href":"https:\/\/www.creilsudoise-tourisme.fr\/nl\/wp-json\/wp\/v2\/media?parent=149"}],"curies":[{"name":"wp","href":"https:\/\/api.w.org\/{rel}","templated":true}]}}