{"id":145,"date":"2021-02-17T10:02:38","date_gmt":"2021-02-17T09:02:38","guid":{"rendered":"https:\/\/www.creilsudoise-tourisme.fr\/le-musee-galle-juillet-et-la-maison-de-la-faience\/"},"modified":"2026-03-09T15:58:40","modified_gmt":"2026-03-09T14:58:40","slug":"musee-galle-juillet","status":"publish","type":"page","link":"https:\/\/www.creilsudoise-tourisme.fr\/nl\/jexplore\/must-haves\/musee-galle-juillet\/","title":{"rendered":"Het museum Gall\u00e9-Juillet"},"content":{"rendered":"<p class=\"is-style-excerpt\">Op enkele kilometers van Chantilly en Senlis, in Creil, ligt het <strong>Gall\u00e9-Juillet Museum <\/strong>biedt een treffend inzicht in de <strong>het verleden van de stad<\/strong>door de aangrijpende getuigenis van een<strong> familie die daar woonde aan het begin van de vorige eeuw<\/strong> en de tentoonstelling van <strong>enkele honderden stukken aardewerk<\/strong>sommige gestempeld<strong> Creil-Montereau<\/strong>. <strong>Maar dat niet alleen...<\/strong><\/p>\n\n\n\n<div class=\"wp-block-strate-full alignfull\">\n\n    <div class=\"wp-block-strate-full-thumbnail\">\n        <img data-src=\"https:\/\/www.creilsudoise-tourisme.fr\/wp-content\/uploads\/wpetourisme\/4--Anne-Sophie-FLAMENT--ville-de-creil--MGJ--chambre-1600x900.jpg\" alt=\"Bezoek aan het Gall\u00e9-Juillet museum in Creil\">\n    <\/div>\n\n\t\n        <div class=\"wp-block-strate-full-content wp-block-strate-full-content-right\">\n\t\t\t                <h3 class=\"wp-block-strate-full-content-title\"> Een reis door de tijd... <\/h3>\n\t\t\t\t\t\t                <p class=\"wp-block-strate-full-content-excerpt\"> We houden in gedachten <strong>het uiterlijk van deze bewoners <\/strong>wiens portretten te zien zijn aan de muren van hun huizen. <\/p>\n\t\t\t        <\/div>\n\n\t\n<\/div>\n\n\n\n<h2>Een meeslepend museum<\/h2>\n\n\n\n<p><strong>Aan het begin van de vorige eeuw<\/strong>de familie Gall\u00e9-Juillet, <a href=\"https:\/\/www.creilsudoise-tourisme.fr\/nl\/2021\/11\/30\/emile-galle\/\" target=\"_blank\" rel=\"noreferrer noopener\">verwant aan de beroemde schilder Ernest Gall\u00e9<\/a>Hun zoon Maurice groeide op in een prachtig huis aan de oevers van de Oise. Hun zoon, Maurice, groeide daar op, verwend en omringd door speelgoed, schilderijen, verzamelobjecten... Maar...<strong> De geschiedenis haalt deze mooie familie in<\/strong> en maaide deze enige zoon neer in de bloei van zijn leven in 1916, tijdens de gevechten aan de Somme. <\/p>\n\n\n\n<p>Enkele jaren later liet Madame Gall\u00e9-Juillet haar huis na aan<strong> de stad Creil, die er een museum van zal maken.<\/strong><\/p>\n\n\n\n<figure class=\"wp-block-image size-large\"><img decoding=\"async\" loading=\"lazy\" width=\"937\" height=\"848\" data-src=\"https:\/\/www.creilsudoise-tourisme.fr\/wp-content\/uploads\/2023\/01\/Berthe-et-Maurice.jpg\" alt=\"Foto van Berthe en haar zoon Maurice Gall\u00e9-Juillet\" class=\"wp-image-44225\" data-srcset=\"https:\/\/www.creilsudoise-tourisme.fr\/wp-content\/uploads\/2023\/01\/Berthe-et-Maurice.jpg 937w, https:\/\/www.creilsudoise-tourisme.fr\/wp-content\/uploads\/2023\/01\/Berthe-et-Maurice-600x543.jpg 600w, https:\/\/www.creilsudoise-tourisme.fr\/wp-content\/uploads\/2023\/01\/Berthe-et-Maurice-900x815.jpg 900w, https:\/\/www.creilsudoise-tourisme.fr\/wp-content\/uploads\/2023\/01\/Berthe-et-Maurice-200x181.jpg 200w, https:\/\/www.creilsudoise-tourisme.fr\/wp-content\/uploads\/2023\/01\/Berthe-et-Maurice-650x588.jpg 650w, https:\/\/www.creilsudoise-tourisme.fr\/wp-content\/uploads\/2023\/01\/Berthe-et-Maurice-387x350.jpg 387w\" sizes=\"(max-width: 937px) 100vw, 937px\" \/><figcaption class=\"wp-element-caption\">Archief - Stad Creil<\/figcaption><\/figure>\n\n\n\n<h3>De tafel is gedekt, de bedden zijn opgemaakt<\/h3>\n\n\n\n<p>Dit is hoe het nu is, <strong>je kunt door de tijd reizen<\/strong>ga terug naar<strong> In de dagen van onze voorouders<\/strong>en ontdek de tijd van een <strong>rondleiding<\/strong> hun dagelijks leven en hun geschiedenis. De tafel is gedekt met zondagsschotels, de bedden zijn opgemaakt, het speelgoed ligt klaar in de kamer, alsof ze wachten op een kind dat hen komt bevrijden van hun<strong> tijdscapsule.<\/strong><\/p>\n\n\n<div class=\"wp-block-image\">\n<figure class=\"aligncenter size-large\"><img decoding=\"async\" loading=\"lazy\" width=\"1600\" height=\"901\" data-src=\"https:\/\/www.creilsudoise-tourisme.fr\/wp-content\/uploads\/2023\/01\/3-Anne-Sophie-FLAMENT-ville-de-creil-MGJ-peintures-et-dessins-edited.jpg\" alt=\"Bezoek aan het Gall\u00e9-Juillet museum in Creil\" class=\"wp-image-44228\" data-srcset=\"https:\/\/www.creilsudoise-tourisme.fr\/wp-content\/uploads\/2023\/01\/3-Anne-Sophie-FLAMENT-ville-de-creil-MGJ-peintures-et-dessins-edited.jpg 1600w, https:\/\/www.creilsudoise-tourisme.fr\/wp-content\/uploads\/2023\/01\/3-Anne-Sophie-FLAMENT-ville-de-creil-MGJ-peintures-et-dessins-edited-600x338.jpg 600w, https:\/\/www.creilsudoise-tourisme.fr\/wp-content\/uploads\/2023\/01\/3-Anne-Sophie-FLAMENT-ville-de-creil-MGJ-peintures-et-dessins-edited-1200x676.jpg 1200w, https:\/\/www.creilsudoise-tourisme.fr\/wp-content\/uploads\/2023\/01\/3-Anne-Sophie-FLAMENT-ville-de-creil-MGJ-peintures-et-dessins-edited-900x507.jpg 900w, https:\/\/www.creilsudoise-tourisme.fr\/wp-content\/uploads\/2023\/01\/3-Anne-Sophie-FLAMENT-ville-de-creil-MGJ-peintures-et-dessins-edited-1536x865.jpg 1536w, https:\/\/www.creilsudoise-tourisme.fr\/wp-content\/uploads\/2023\/01\/3-Anne-Sophie-FLAMENT-ville-de-creil-MGJ-peintures-et-dessins-edited-200x113.jpg 200w, https:\/\/www.creilsudoise-tourisme.fr\/wp-content\/uploads\/2023\/01\/3-Anne-Sophie-FLAMENT-ville-de-creil-MGJ-peintures-et-dessins-edited-650x366.jpg 650w, https:\/\/www.creilsudoise-tourisme.fr\/wp-content\/uploads\/2023\/01\/3-Anne-Sophie-FLAMENT-ville-de-creil-MGJ-peintures-et-dessins-edited-387x218.jpg 387w\" sizes=\"(max-width: 1600px) 100vw, 1600px\" \/><figcaption class=\"wp-element-caption\">Anne-Sophie Flament - Stad Creil<\/figcaption><\/figure><\/div>\n\n<div class=\"wp-block-image\">\n<figure class=\"aligncenter size-large\"><img decoding=\"async\" loading=\"lazy\" width=\"1600\" height=\"901\" data-src=\"https:\/\/www.creilsudoise-tourisme.fr\/wp-content\/uploads\/2023\/01\/2-Anne-Sophie-FLAMENT-ville-de-creil-musee-galle-juillet-edited.jpg\" alt=\"Bezoek aan het Gall\u00e9-Juillet museum in Creil\" class=\"wp-image-44227\" data-srcset=\"https:\/\/www.creilsudoise-tourisme.fr\/wp-content\/uploads\/2023\/01\/2-Anne-Sophie-FLAMENT-ville-de-creil-musee-galle-juillet-edited.jpg 1600w, https:\/\/www.creilsudoise-tourisme.fr\/wp-content\/uploads\/2023\/01\/2-Anne-Sophie-FLAMENT-ville-de-creil-musee-galle-juillet-edited-600x338.jpg 600w, https:\/\/www.creilsudoise-tourisme.fr\/wp-content\/uploads\/2023\/01\/2-Anne-Sophie-FLAMENT-ville-de-creil-musee-galle-juillet-edited-1200x676.jpg 1200w, https:\/\/www.creilsudoise-tourisme.fr\/wp-content\/uploads\/2023\/01\/2-Anne-Sophie-FLAMENT-ville-de-creil-musee-galle-juillet-edited-900x507.jpg 900w, https:\/\/www.creilsudoise-tourisme.fr\/wp-content\/uploads\/2023\/01\/2-Anne-Sophie-FLAMENT-ville-de-creil-musee-galle-juillet-edited-1536x865.jpg 1536w, https:\/\/www.creilsudoise-tourisme.fr\/wp-content\/uploads\/2023\/01\/2-Anne-Sophie-FLAMENT-ville-de-creil-musee-galle-juillet-edited-200x113.jpg 200w, https:\/\/www.creilsudoise-tourisme.fr\/wp-content\/uploads\/2023\/01\/2-Anne-Sophie-FLAMENT-ville-de-creil-musee-galle-juillet-edited-650x366.jpg 650w, https:\/\/www.creilsudoise-tourisme.fr\/wp-content\/uploads\/2023\/01\/2-Anne-Sophie-FLAMENT-ville-de-creil-musee-galle-juillet-edited-387x218.jpg 387w\" sizes=\"(max-width: 1600px) 100vw, 1600px\" \/><figcaption class=\"wp-element-caption\">Anne-Sophie Flament - Stad Creil<\/figcaption><\/figure><\/div>\n\n\n<h3>Een ontsnappingsspel<\/h3>\n\n\n\n<p><strong>Al erg meeslepend<\/strong>Naast de rondleiding biedt het museum ook<strong> om zich nog meer onder te dompelen in het dagelijkse leven van<\/strong> van zijn bewoners door een <strong><a href=\"https:\/\/www.youtube.com\/watch?v=sBZW3Dy-0y8\" target=\"_blank\" rel=\"noreferrer noopener\">Spannend ontsnappingsspel<\/a><\/strong> met Maurice en zijn verleden. <\/p>\n\n\n\n<figure class=\"is-layout-flex wp-block-gallery-1 wp-block-gallery has-nested-images columns-default is-cropped\">\n<figure class=\"wp-block-image size-large\"><img decoding=\"async\" data-id=\"43981\"  data-src=\"https:\/\/www.creilsudoise-tourisme.fr\/wp-content\/uploads\/wpetourisme\/ESCAPE-GAME---AS-FLAMENT-01-1200x800.jpg\" alt=\"\" class=\"wp-image-43981\"\/><figcaption class=\"wp-element-caption\">Anne-Sophie Flament - Stad Creil<\/figcaption><\/figure>\n\n\n\n<figure class=\"wp-block-image size-large\"><img decoding=\"async\" data-id=\"44018\"  data-src=\"https:\/\/www.creilsudoise-tourisme.fr\/wp-content\/uploads\/wpetourisme\/Musee-Galle-Juillet---Anne-Sophie-Flament---Ville-de-Creil--106--1200x800.jpg\" alt=\"Ontsnappingsspel in het Mus\u00e9e Gall\u00e9-Juillet\" class=\"wp-image-44018\"\/><figcaption class=\"wp-element-caption\">Anne-Sophie Flament - Stad Creil<\/figcaption><\/figure>\n<figcaption class=\"blocks-gallery-caption wp-element-caption\">Kom en los het mysterie rond Maurice op!<\/figcaption><\/figure>\n\n\n\n<div class=\"is-layout-flex wp-block-buttons\">\n<div class=\"wp-block-button\"><a class=\"wp-block-button__link wp-element-button\" href=\"#programmation\">programmering<\/a><\/div>\n<\/div>\n\n\n\n<div class=\"wp-block-strate-full alignfull\">\n\n    <div class=\"wp-block-strate-full-thumbnail\">\n        <img data-src=\"https:\/\/www.creilsudoise-tourisme.fr\/wp-content\/uploads\/2023\/02\/Cour-interieure-du-Chateau-de-Creil-1600x900.jpg\" alt=\"Binnenplaats van het kasteel van Creil\">\n    <\/div>\n\n\t\n        <div class=\"wp-block-strate-full-content wp-block-strate-full-content-left\">\n\t\t\t\t\t\t                <p class=\"wp-block-strate-full-content-excerpt\"> Men vermoedt niet dat een <strong>Het kasteel, vergelijkbaar met dat van Pierrfonds, stond aan de oevers van de Oise!<\/strong> <\/p>\n\t\t\t        <\/div>\n\n\t\n<\/div>\n\n\n\n<h2>Een huis gebouwd op majestueuze ru\u00efnes<\/h2>\n\n\n\n<figure class=\"wp-block-embed is-type-video is-provider-youtube wp-block-embed-youtube wp-embed-aspect-16-9 wp-has-aspect-ratio\"><div class=\"wp-block-embed__wrapper\">\n<iframe loading=\"lazy\" title=\"[MEET Nicolas Billot, archeoloog | Creil Sud Oise Tourisme\" width=\"500\" height=\"281\" data-src=\"https:\/\/www.youtube.com\/embed\/_cg5aDCH3Os?feature=oembed\" frameborder=\"0\" allow=\"accelerometer; autoplay; clipboard-write; encrypted-media; gyroscope; picture-in-picture; web-share\" referrerpolicy=\"strict-origin-when-cross-origin\" allowfullscreen><\/iframe>\n<\/div><\/figure>\n\n\n\n<p>Wist je dat<strong>een kasteel, in omvang vergelijkbaar met het kasteel van Pierrefonds, was gebouwd in Creil<\/strong>&nbsp;? Het is op de ru\u00efnes ervan dat het huis van de familie Gall\u00e9-Juillet rust. Lang vergeten, <strong>het kasteel staat nu in het middelpunt van de belangstelling<\/strong>Dit geldt met name voor de recente archeologische opgravingen die zijn uitgevoerd. <\/p>\n\n\n\n<p>U kunt <strong>deel te nemen aan de restauratie van het kasteel van Creil<\/strong> door een <a href=\"https:\/\/www.youtube.com\/watch?v=rKIXNU1dX6Y\" target=\"_blank\" rel=\"noreferrer noopener\">donatie aan de Fondation du Patrimoine<\/a>.<\/p>\n\n\n\n<figure class=\"wp-block-image size-large\"><img decoding=\"async\" loading=\"lazy\" width=\"1200\" height=\"675\" data-src=\"https:\/\/www.creilsudoise-tourisme.fr\/wp-content\/uploads\/2024\/04\/Chateau_Creil-4-1200x675.jpg\" alt=\"toren geschiedenis creil kasteel Nicolas Bilot archeologie\" class=\"wp-image-53622\" data-srcset=\"https:\/\/www.creilsudoise-tourisme.fr\/wp-content\/uploads\/2024\/04\/Chateau_Creil-4-1200x675.jpg 1200w, https:\/\/www.creilsudoise-tourisme.fr\/wp-content\/uploads\/2024\/04\/Chateau_Creil-4-600x338.jpg 600w, https:\/\/www.creilsudoise-tourisme.fr\/wp-content\/uploads\/2024\/04\/Chateau_Creil-4-900x506.jpg 900w, https:\/\/www.creilsudoise-tourisme.fr\/wp-content\/uploads\/2024\/04\/Chateau_Creil-4-1536x864.jpg 1536w, https:\/\/www.creilsudoise-tourisme.fr\/wp-content\/uploads\/2024\/04\/Chateau_Creil-4-18x10.jpg 18w, https:\/\/www.creilsudoise-tourisme.fr\/wp-content\/uploads\/2024\/04\/Chateau_Creil-4-200x113.jpg 200w, https:\/\/www.creilsudoise-tourisme.fr\/wp-content\/uploads\/2024\/04\/Chateau_Creil-4-1600x900.jpg 1600w, https:\/\/www.creilsudoise-tourisme.fr\/wp-content\/uploads\/2024\/04\/Chateau_Creil-4-650x366.jpg 650w, https:\/\/www.creilsudoise-tourisme.fr\/wp-content\/uploads\/2024\/04\/Chateau_Creil-4-387x218.jpg 387w, https:\/\/www.creilsudoise-tourisme.fr\/wp-content\/uploads\/2024\/04\/Chateau_Creil-4.jpg 1920w\" sizes=\"(max-width: 1200px) 100vw, 1200px\" \/><figcaption class=\"wp-element-caption\">Stad Creil<\/figcaption><\/figure>\n\n\n\n<h3>Een rondleiding en een Explor'Games\u00ae-spel<\/h3>\n\n\n\n<p><strong>Elke zondag<\/strong> (exclusief 1<sup>e<\/sup> Zondag van elke maand), de rondleiding door de nog zichtbare zaal van het kasteel laat u, dankzij een<strong> 3D-visualisatie op een tablet<\/strong>, <strong>om de schaal en het belang van dit gebouw voor te stellen<\/strong>. <\/p>\n\n\n\n<p>Voor de <strong>liefhebbers van avontuur<\/strong>a <strong>Explor'Games\u00ae<\/strong> mengen Geschiedenis met een hoofdletter H en mysteries op te lossen, laat u het middeleeuwse verleden van de stad Creil ontdekken. <\/p>\n\n\n\n<p><\/p>\n\n\n\n<div class=\"is-layout-flex wp-block-buttons\">\n<div class=\"wp-block-button\"><a class=\"wp-block-button__link wp-element-button\" href=\"#programmation\">programmering<\/a><\/div>\n<\/div>\n\n\n\n<figure class=\"wp-block-image alignwide size-large\"><img decoding=\"async\" loading=\"lazy\" width=\"1200\" height=\"800\" data-src=\"https:\/\/www.creilsudoise-tourisme.fr\/wp-content\/uploads\/2025\/07\/Musee_Galle_Juillet-Creil-Escape_Game-Anne_Sophie_Flament_Ville_Creil-120-1200x800.jpg\" alt=\"\" class=\"wp-image-64169\" data-srcset=\"https:\/\/www.creilsudoise-tourisme.fr\/wp-content\/uploads\/2025\/07\/Musee_Galle_Juillet-Creil-Escape_Game-Anne_Sophie_Flament_Ville_Creil-120-1200x800.jpg 1200w, https:\/\/www.creilsudoise-tourisme.fr\/wp-content\/uploads\/2025\/07\/Musee_Galle_Juillet-Creil-Escape_Game-Anne_Sophie_Flament_Ville_Creil-120-600x400.jpg 600w, https:\/\/www.creilsudoise-tourisme.fr\/wp-content\/uploads\/2025\/07\/Musee_Galle_Juillet-Creil-Escape_Game-Anne_Sophie_Flament_Ville_Creil-120-900x600.jpg 900w, https:\/\/www.creilsudoise-tourisme.fr\/wp-content\/uploads\/2025\/07\/Musee_Galle_Juillet-Creil-Escape_Game-Anne_Sophie_Flament_Ville_Creil-120-1536x1024.jpg 1536w, https:\/\/www.creilsudoise-tourisme.fr\/wp-content\/uploads\/2025\/07\/Musee_Galle_Juillet-Creil-Escape_Game-Anne_Sophie_Flament_Ville_Creil-120-18x12.jpg 18w, https:\/\/www.creilsudoise-tourisme.fr\/wp-content\/uploads\/2025\/07\/Musee_Galle_Juillet-Creil-Escape_Game-Anne_Sophie_Flament_Ville_Creil-120-200x133.jpg 200w, https:\/\/www.creilsudoise-tourisme.fr\/wp-content\/uploads\/2025\/07\/Musee_Galle_Juillet-Creil-Escape_Game-Anne_Sophie_Flament_Ville_Creil-120-650x433.jpg 650w, https:\/\/www.creilsudoise-tourisme.fr\/wp-content\/uploads\/2025\/07\/Musee_Galle_Juillet-Creil-Escape_Game-Anne_Sophie_Flament_Ville_Creil-120-387x258.jpg 387w, https:\/\/www.creilsudoise-tourisme.fr\/wp-content\/uploads\/2025\/07\/Musee_Galle_Juillet-Creil-Escape_Game-Anne_Sophie_Flament_Ville_Creil-120.jpg 1920w\" sizes=\"(max-width: 1200px) 100vw, 1200px\" \/><figcaption class=\"wp-element-caption\">Anne-Sophie Flament - Stad Creil<\/figcaption><\/figure>\n\n\n\n<p class=\"is-style-blockquote\">Heel leuk museum om te bezoeken met de gids die je vertelt over het leven van de familie Gall\u00e9-Juillet. Schitterende collecties, waaronder serviesgoed (de Japanse collectie is prachtig).<\/p>\n\n\n\n<p><em>B\u00e9atrice G. K. - Facebook pagina van <a href=\"https:\/\/www.facebook.com\/museegallejuillet\/?ref=page_internal\" target=\"_blank\" rel=\"noreferrer noopener\">Gall\u00e9-Juillet Museum<\/a><\/em><\/p>\n\n\n\n<div class=\"wp-block-strate-full alignfull\">\n\n    <div class=\"wp-block-strate-full-thumbnail\">\n        <img data-src=\"https:\/\/www.creilsudoise-tourisme.fr\/wp-content\/uploads\/wpetourisme\/5--Anne-Sophie-FLAMENT--ville-de-creil--maison-de-la-faience--visite-guidee-individuels-et-groupes-1268-1600x900.jpg\" alt=\"Bezoek aan het Maison de la Fa\u00efence\">\n    <\/div>\n\n\t\n        <div class=\"wp-block-strate-full-content wp-block-strate-full-content-left\">\n\t\t\t\t\t\t                <p class=\"wp-block-strate-full-content-excerpt\"> Een ware getuige van het industri\u00eble verleden van de stad Creil, een <strong>schitterende collectie aardewerk<\/strong> is te zien in het Mus\u00e9e Gall\u00e9-Juillet. <\/p>\n\t\t\t        <\/div>\n\n\t\n<\/div>\n\n\n\n<h2>De aardewerkfabriek, of het glorieuze verleden van Creil<\/h2>\n\n\n\n<p>Hoewel er tegenwoordig geen overblijfselen meer zijn van de aardewerkfabriek in Creil, is de <strong>de productie van aardewerk heeft een enorme impact gehad op de stad<\/strong>zoals blijkt uit de<strong> <a href=\"https:\/\/www.creilsudoise-tourisme.fr\/nl\/loisirs\/la-faiencerie-theatre\/\" target=\"_blank\" rel=\"noreferrer noopener\">Faience-Theater<\/a>gebouwd op het terrein van de voormalige fabriek<\/strong>of de<strong> <a href=\"https:\/\/www.creilsudoise-tourisme.fr\/nl\/restaurant\/le-flora\/\" target=\"_blank\" rel=\"noreferrer noopener\">Flora<\/a>een restaurant genoemd naar het beroemde bloemmotief dat op het aardewerk is geschilderd<\/strong>. &nbsp;<\/p>\n\n\n\n<p><strong>Dit komt ook tot uiting in de prachtige collectie aardewerk die u kunt bewonderen<\/strong> tijdens een bezoek aan het Maison de la Fa\u00efence, gelegen tegenover het Maison des Gall\u00e9-Juillet. <strong>Enkele honderden zijn tentoongesteld<\/strong>Sommige daarvan bestonden uit kunstvoorwerpen, alledaagse voorwerpen, verkoopsvoorwerpen, enz. met verschillende modellen, volgens de mode van hun tijd. Andere, <a href=\"https:\/\/www.youtube.com\/watch?v=eay0i32x2JA\" target=\"_blank\" rel=\"noreferrer noopener\">kostbaar bewaard in de collecties van het museum<\/a>worden soms tentoongesteld op<strong>tijdelijke tentoonstellingen<\/strong>. <\/p>\n\n\n\n<div class=\"is-layout-flex wp-block-buttons\">\n<div class=\"wp-block-button\"><a class=\"wp-block-button__link wp-element-button\" href=\"#programmation\">programmering<\/a><\/div>\n<\/div>\n\n\n<div class=\"wp-block wp-block-highlight\">\n            <h3 class=\"wp-block-highlight-item wp-block-highlight-title\">Wist je dat?<\/h3>\n                <p class=\"wp-block-highlight-item wp-block-highlight-excerpt\">In Creil bleef het fijne aardewerk niet egaal wit: het kreeg een <strong>geschilderd of bedrukt decor <\/strong>en sommigen van hen hebben een <strong>groot commercieel succes<\/strong> als de <strong>Flora decor<\/strong> (blauwe bloemen en bladeren van winde, lelietje-van-dalen, hulst of roos) die werd gepresenteerd op de Parijse wereldtentoonstelling in 1855. Of de <strong>Rousseau dienst<\/strong> ontstaan uit de samenwerking tussen Eug\u00e8ne Rousseau, bekend om zijn rol in de verspreiding van het japonisme, en F\u00e9lix Braquemond, schilder en graveur: een zeer verfijnde decoratie van planten- en dierenmotieven.<\/p>\n    <\/div>\n\n\n<figure class=\"wp-block-image alignwide size-large\"><img decoding=\"async\" loading=\"lazy\" width=\"1200\" height=\"800\" data-src=\"https:\/\/www.creilsudoise-tourisme.fr\/wp-content\/uploads\/2021\/03\/Collection-de-faiences-a-la-Maison-de-la-Faience-1200x800.jpg\" alt=\"\" class=\"wp-image-32371\" data-srcset=\"https:\/\/www.creilsudoise-tourisme.fr\/wp-content\/uploads\/2021\/03\/Collection-de-faiences-a-la-Maison-de-la-Faience-1200x800.jpg 1200w, https:\/\/www.creilsudoise-tourisme.fr\/wp-content\/uploads\/2021\/03\/Collection-de-faiences-a-la-Maison-de-la-Faience-600x400.jpg 600w, https:\/\/www.creilsudoise-tourisme.fr\/wp-content\/uploads\/2021\/03\/Collection-de-faiences-a-la-Maison-de-la-Faience-900x600.jpg 900w, https:\/\/www.creilsudoise-tourisme.fr\/wp-content\/uploads\/2021\/03\/Collection-de-faiences-a-la-Maison-de-la-Faience-1536x1024.jpg 1536w, https:\/\/www.creilsudoise-tourisme.fr\/wp-content\/uploads\/2021\/03\/Collection-de-faiences-a-la-Maison-de-la-Faience-200x133.jpg 200w, https:\/\/www.creilsudoise-tourisme.fr\/wp-content\/uploads\/2021\/03\/Collection-de-faiences-a-la-Maison-de-la-Faience-650x433.jpg 650w, https:\/\/www.creilsudoise-tourisme.fr\/wp-content\/uploads\/2021\/03\/Collection-de-faiences-a-la-Maison-de-la-Faience-387x258.jpg 387w, https:\/\/www.creilsudoise-tourisme.fr\/wp-content\/uploads\/2021\/03\/Collection-de-faiences-a-la-Maison-de-la-Faience.jpg 1800w\" sizes=\"(max-width: 1200px) 100vw, 1200px\" \/><figcaption class=\"wp-element-caption\">Anne-Sophie Flament - Stad Creil<\/figcaption><\/figure>\n\n\n\n<h3>De schat<\/h3>\n\n\n\n<p>Direct naast deze prachtige collectie met zijn vele kleuren en patronen, is de tentoonstelling <strong>een schat waar we niets van weten... <\/strong>In de jaren zeventig, <a href=\"https:\/\/www.creilsudoise-tourisme.fr\/nl\/2021\/09\/17\/tresor-ecluse\/\" target=\"_blank\" rel=\"noreferrer noopener\">een schooljongen doet een vreemde ontdekking<\/a>... volgden opgravingen die een schat aan Gallo-Romeinse munten aan het licht brachten, tentoongesteld in de Schatkamer van het Maison de la Fa\u00efence.<strong> Deze ontdekking getuigt van het belang van het gebied vanaf de Gallo-Romeinse periode.<\/strong><\/p>\n\n\n\n<figure class=\"wp-block-image alignwide size-large\"><img decoding=\"async\" data-src=\"https:\/\/www.creilsudoise-tourisme.fr\/wp-content\/uploads\/2021\/03\/Le-muse\u0301e-Galle\u0301-Juillet-a\u0300-Creil-en-groupes-1200x800.jpg\" alt=\"Gratis bezoek aan het Maison de la Fa\u00efence en de Schattentoren\" class=\"wp-image-32349\"\/><figcaption class=\"wp-element-caption\">Anne-Sophie Flament - Stad Creil<\/figcaption><\/figure>\n\n\n\n<div class=\"wp-block-strate-full alignfull\">\n\n    <div class=\"wp-block-strate-full-thumbnail\">\n        <img data-src=\"\" alt=\"\">\n    <\/div>\n\n\t\n        <div class=\"wp-block-strate-full-content wp-block-strate-full-content-left\">\n\t\t\t\t\t\t                <p class=\"wp-block-strate-full-content-excerpt\"> Profiteer van de <strong>tal van activiteiten in de aanbieding<\/strong> tijdens de vakanties en weekends om het Gall\u00e9-Juillet museum te ontdekken met uw familie of vrienden! <\/p>\n\t\t\t        <\/div>\n\n\t\n<\/div>\n\n\n\n<h2 id=\"programmation\">Een rijk programma<\/h2>\n\n\n\n<p>Bovendien <strong>rondleidingen in het Mus\u00e9e Gall\u00e9-Juillet<\/strong>van <strong>talrijke evenementen <\/strong>worden regelmatig aangeboden aan gezinnen, kinderen en volwassenen. Van<strong> tijdelijke tentoonstellingen<\/strong>zoals de tentoonstelling over de <a href=\"https:\/\/www.youtube.com\/watch?v=b6Mgqsmtf88\" target=\"_blank\" rel=\"noreferrer noopener\">meesterwerk <em>De aanbidding van de herders<\/em>door Laurent de La Hyre, onlangs gerenoveerd<\/a>Dit is een kans om een deel van de collecties te ontdekken dat zelden wordt tentoongesteld. <\/p>\n\n\n\n<p>Meerdere zaterdagen per jaar, de <strong>Het museum nodigt u uit om de kerk van Saint-M\u00e9dard te ontdekken en te bezoeken.<\/strong> in Creil, met zijn verbazingwekkende geschiedenis en architectuur.<\/p>\n\n\n\n<figure class=\"is-layout-flex wp-block-gallery-6 wp-block-gallery aligncenter has-nested-images columns-2 is-cropped\">\n<figure class=\"wp-block-image size-full\"><a href=\"https:\/\/www.creilsudoise-tourisme.fr\/wp-content\/uploads\/2021\/03\/Une-animation-pour-les-enfants-au-Musee-Galle-Juillet-a-Creil.jpg\"><img decoding=\"async\" loading=\"lazy\" width=\"1800\" height=\"1200\" data-id=\"32368\"  data-src=\"https:\/\/www.creilsudoise-tourisme.fr\/wp-content\/uploads\/2021\/03\/Une-animation-pour-les-enfants-au-Musee-Galle-Juillet-a-Creil.jpg\" alt=\"Smaakworkshop voor kinderen in het Mus\u00e9e Gall\u00e9-Juillet in Creil\" class=\"wp-image-32368\" data-srcset=\"https:\/\/www.creilsudoise-tourisme.fr\/wp-content\/uploads\/2021\/03\/Une-animation-pour-les-enfants-au-Musee-Galle-Juillet-a-Creil.jpg 1800w, https:\/\/www.creilsudoise-tourisme.fr\/wp-content\/uploads\/2021\/03\/Une-animation-pour-les-enfants-au-Musee-Galle-Juillet-a-Creil-600x400.jpg 600w, https:\/\/www.creilsudoise-tourisme.fr\/wp-content\/uploads\/2021\/03\/Une-animation-pour-les-enfants-au-Musee-Galle-Juillet-a-Creil-1200x800.jpg 1200w, https:\/\/www.creilsudoise-tourisme.fr\/wp-content\/uploads\/2021\/03\/Une-animation-pour-les-enfants-au-Musee-Galle-Juillet-a-Creil-900x600.jpg 900w, https:\/\/www.creilsudoise-tourisme.fr\/wp-content\/uploads\/2021\/03\/Une-animation-pour-les-enfants-au-Musee-Galle-Juillet-a-Creil-1536x1024.jpg 1536w, https:\/\/www.creilsudoise-tourisme.fr\/wp-content\/uploads\/2021\/03\/Une-animation-pour-les-enfants-au-Musee-Galle-Juillet-a-Creil-200x133.jpg 200w, https:\/\/www.creilsudoise-tourisme.fr\/wp-content\/uploads\/2021\/03\/Une-animation-pour-les-enfants-au-Musee-Galle-Juillet-a-Creil-650x433.jpg 650w, https:\/\/www.creilsudoise-tourisme.fr\/wp-content\/uploads\/2021\/03\/Une-animation-pour-les-enfants-au-Musee-Galle-Juillet-a-Creil-387x258.jpg 387w\" sizes=\"(max-width: 1800px) 100vw, 1800px\" \/><\/a><figcaption class=\"wp-element-caption\">Anne-Sophie Flament - Stad Creil<\/figcaption><\/figure>\n\n\n\n<figure class=\"wp-block-image size-full\"><a href=\"https:\/\/www.creilsudoise-tourisme.fr\/wp-content\/uploads\/2021\/03\/Une-animation-enfant-au-Musee-Galle-Juillet.jpg\"><img decoding=\"async\" loading=\"lazy\" width=\"1800\" height=\"1200\" data-id=\"32367\"  data-src=\"https:\/\/www.creilsudoise-tourisme.fr\/wp-content\/uploads\/2021\/03\/Une-animation-enfant-au-Musee-Galle-Juillet.jpg\" alt=\"Workshop voor kinderen in het Mus\u00e9e Gall\u00e9-Juillet in Creil\" class=\"wp-image-32367\" data-srcset=\"https:\/\/www.creilsudoise-tourisme.fr\/wp-content\/uploads\/2021\/03\/Une-animation-enfant-au-Musee-Galle-Juillet.jpg 1800w, https:\/\/www.creilsudoise-tourisme.fr\/wp-content\/uploads\/2021\/03\/Une-animation-enfant-au-Musee-Galle-Juillet-600x400.jpg 600w, https:\/\/www.creilsudoise-tourisme.fr\/wp-content\/uploads\/2021\/03\/Une-animation-enfant-au-Musee-Galle-Juillet-1200x800.jpg 1200w, https:\/\/www.creilsudoise-tourisme.fr\/wp-content\/uploads\/2021\/03\/Une-animation-enfant-au-Musee-Galle-Juillet-900x600.jpg 900w, https:\/\/www.creilsudoise-tourisme.fr\/wp-content\/uploads\/2021\/03\/Une-animation-enfant-au-Musee-Galle-Juillet-1536x1024.jpg 1536w, https:\/\/www.creilsudoise-tourisme.fr\/wp-content\/uploads\/2021\/03\/Une-animation-enfant-au-Musee-Galle-Juillet-200x133.jpg 200w, https:\/\/www.creilsudoise-tourisme.fr\/wp-content\/uploads\/2021\/03\/Une-animation-enfant-au-Musee-Galle-Juillet-650x433.jpg 650w, https:\/\/www.creilsudoise-tourisme.fr\/wp-content\/uploads\/2021\/03\/Une-animation-enfant-au-Musee-Galle-Juillet-387x258.jpg 387w\" sizes=\"(max-width: 1800px) 100vw, 1800px\" \/><\/a><figcaption class=\"wp-element-caption\">Anne-Sophie Flament - Stad Creil<\/figcaption><\/figure>\n\n\n\n<figure class=\"wp-block-image size-full\"><a href=\"https:\/\/www.creilsudoise-tourisme.fr\/wp-content\/uploads\/2021\/03\/Peinture-sur-faience-une-animation-adultes-au-Musee-Galle-Juillet.jpg\"><img decoding=\"async\" loading=\"lazy\" width=\"1800\" height=\"1200\" data-id=\"32370\"  data-src=\"https:\/\/www.creilsudoise-tourisme.fr\/wp-content\/uploads\/2021\/03\/Peinture-sur-faience-une-animation-adultes-au-Musee-Galle-Juillet.jpg\" alt=\"Workshop voor volwassenen in het Mus\u00e9e Gall\u00e9-Juillet\" class=\"wp-image-32370\" data-srcset=\"https:\/\/www.creilsudoise-tourisme.fr\/wp-content\/uploads\/2021\/03\/Peinture-sur-faience-une-animation-adultes-au-Musee-Galle-Juillet.jpg 1800w, https:\/\/www.creilsudoise-tourisme.fr\/wp-content\/uploads\/2021\/03\/Peinture-sur-faience-une-animation-adultes-au-Musee-Galle-Juillet-600x400.jpg 600w, https:\/\/www.creilsudoise-tourisme.fr\/wp-content\/uploads\/2021\/03\/Peinture-sur-faience-une-animation-adultes-au-Musee-Galle-Juillet-1200x800.jpg 1200w, https:\/\/www.creilsudoise-tourisme.fr\/wp-content\/uploads\/2021\/03\/Peinture-sur-faience-une-animation-adultes-au-Musee-Galle-Juillet-900x600.jpg 900w, https:\/\/www.creilsudoise-tourisme.fr\/wp-content\/uploads\/2021\/03\/Peinture-sur-faience-une-animation-adultes-au-Musee-Galle-Juillet-1536x1024.jpg 1536w, https:\/\/www.creilsudoise-tourisme.fr\/wp-content\/uploads\/2021\/03\/Peinture-sur-faience-une-animation-adultes-au-Musee-Galle-Juillet-200x133.jpg 200w, https:\/\/www.creilsudoise-tourisme.fr\/wp-content\/uploads\/2021\/03\/Peinture-sur-faience-une-animation-adultes-au-Musee-Galle-Juillet-650x433.jpg 650w, https:\/\/www.creilsudoise-tourisme.fr\/wp-content\/uploads\/2021\/03\/Peinture-sur-faience-une-animation-adultes-au-Musee-Galle-Juillet-387x258.jpg 387w\" sizes=\"(max-width: 1800px) 100vw, 1800px\" \/><\/a><figcaption class=\"wp-element-caption\">Anne-Sophie Flament - Stad Creil<\/figcaption><\/figure>\n<figcaption class=\"blocks-gallery-caption wp-element-caption\">Van <strong>er worden activiteiten aangeboden voor volwassenen en kinderen<\/strong>het hele jaar door!<\/figcaption><\/figure>\n\n\n<div data-related-sit=\"1\" data-block-type=\"related-sit-gt\" data-block-id=\"wpet-sit-9oxl98jqtj\"><div class=\"wp-block wp-block-related-post wp-block-related-list-sit alignfull\">\n    \n    <div class=\"container\">\n\n                    <h2 class=\"wp-block-related-post-title\">Geniet van het programma!<\/h2>\n        \n                    <div id=\"wpiris-related-post-131\" data-id=\"wpiris-entity-slider\">\n                <div class=\"wp-block-related-post-list wp-block-related-post-list--2\" data-id=\"wpiris-entity-slider-wrapper\">\n\n                    \n<div class=\"entityItem\" data-trigger=\"wpiris-click\" data-id=\"wpiris-entity-slider-item\">\n    <p class=\"entityItemThumbnail\">\n        <a href=\"https:\/\/www.creilsudoise-tourisme.fr\/nl\/agenda-animations\/verken-games-gekke-geschiedenis-bij-creil-boot\/\" nofancybox>\n            <img data-src=\"https:\/\/www.creilsudoise-tourisme.fr\/wp-content\/uploads\/wpetourisme\/Affiche-jeu-2-275x350.jpg\" alt=\"Explor Games\u00ae | Gekke geschiedenis op het kasteel van Creil\">\n        <\/a>\n    <\/p>\n    <div class=\"entityItemContent\">\n        <h2 class=\"entityItemContentTitle\">\n            <a href=\"https:\/\/www.creilsudoise-tourisme.fr\/nl\/agenda-animations\/verken-games-gekke-geschiedenis-bij-creil-boot\/\">Explor Games\u00ae | Gekke geschiedenis op het kasteel van Creil<\/a>\n        <\/h2>\n                    <p class=\"entityItemContentType\">Festivals en evenementen<\/p>\n            <\/div>\n    <a href=\"https:\/\/www.creilsudoise-tourisme.fr\/nl\/agenda-animations\/verken-games-gekke-geschiedenis-bij-creil-boot\/\" class=\"seeMore\"><span class=\"sr-only\">Meer zien<\/span><\/a>\n<\/div>\n\n<div class=\"entityItem\" data-trigger=\"wpiris-click\" data-id=\"wpiris-entity-slider-item\">\n    <p class=\"entityItemThumbnail\">\n        <a href=\"https:\/\/www.creilsudoise-tourisme.fr\/nl\/agenda-animations\/nuit-des-musees-bienvenue-chez-les-galle\/\" nofancybox>\n            <img data-src=\"https:\/\/www.creilsudoise-tourisme.fr\/wp-content\/uploads\/wpetourisme\/NDM-MGJ-275x350.jpg\" alt=\"Nuit des mus\u00e9es |  \u00ab\u00a0Bienvenue chez les Gall\u00e9\u00a0\u00bb\">\n        <\/a>\n    <\/p>\n    <div class=\"entityItemContent\">\n        <h2 class=\"entityItemContentTitle\">\n            <a href=\"https:\/\/www.creilsudoise-tourisme.fr\/nl\/agenda-animations\/nuit-des-musees-bienvenue-chez-les-galle\/\">Nuit des mus\u00e9es |  \u00ab\u00a0Bienvenue chez les Gall\u00e9\u00a0\u00bb<\/a>\n        <\/h2>\n                    <p class=\"entityItemContentType\">Festivals en evenementen<\/p>\n            <\/div>\n    <a href=\"https:\/\/www.creilsudoise-tourisme.fr\/nl\/agenda-animations\/nuit-des-musees-bienvenue-chez-les-galle\/\" class=\"seeMore\"><span class=\"sr-only\">Meer zien<\/span><\/a>\n<\/div>\n                <\/div>\n\n                            <\/div>\n            <\/div>\n<\/div><\/div>\n\n\n<div class=\"wp-block-strate-full alignfull\">\n\n    <div class=\"wp-block-strate-full-thumbnail\">\n        <img data-src=\"https:\/\/www.creilsudoise-tourisme.fr\/wp-content\/uploads\/2021\/03\/Muse\u0301e-Galle\u0301-Juillet-a\u0300-Creil-en-groupes-1600x900.jpg\" alt=\"Gall\u00e9-Juillet Museum in Creil in groepen\">\n    <\/div>\n\n\t\n        <div class=\"wp-block-strate-full-content wp-block-strate-full-content-left\">\n\t\t\t                <h3 class=\"wp-block-strate-full-content-title\"> Bezoek in groep het Mus\u00e9e Gall\u00e9-Juillet <\/h3>\n\t\t\t\t\t\t                <p class=\"wp-block-strate-full-content-excerpt\"> <strong>In het Gall\u00e9-Juillet Museum is ook het\u00a0<a href=\"https:\/\/www.creilsudoise-tourisme.fr\/nl\/explore-groepen\/must-haves-groepen\/musee-galle-juillet-3\/\" target=\"_blank\" rel=\"noreferrer noopener\">groepen<\/a>volwassenen of jongeren<\/strong>\u00a0! Rondleidingen, workshops voor kinderen of volwassenen, de activiteiten zijn gevarieerd! <\/p>\n\t\t\t        <\/div>\n\n\t\n<\/div>\n\n\n\n<hr class=\"wp-block-separator has-css-opacity\"\/>\n\n\n\n<h2>Goede plannen en kortingen<\/h2>\n\n\n\n<div class=\"is-layout-flex wp-container-10 wp-block-columns\">\n<div class=\"is-layout-flow wp-block-column\" style=\"flex-basis:33.33%\">\n<figure class=\"wp-block-image size-large is-resized\"><img decoding=\"async\" loading=\"lazy\" data-src=\"https:\/\/www.creilsudoise-tourisme.fr\/wp-content\/uploads\/2021\/03\/Logo_MuseeDeFrance_BN-1200x1200.jpg\" alt=\"\" class=\"wp-image-32374\" width=\"152\" height=\"152\" data-srcset=\"https:\/\/www.creilsudoise-tourisme.fr\/wp-content\/uploads\/2021\/03\/Logo_MuseeDeFrance_BN-1200x1200.jpg 1200w, https:\/\/www.creilsudoise-tourisme.fr\/wp-content\/uploads\/2021\/03\/Logo_MuseeDeFrance_BN-600x600.jpg 600w, https:\/\/www.creilsudoise-tourisme.fr\/wp-content\/uploads\/2021\/03\/Logo_MuseeDeFrance_BN-300x300.jpg 300w, https:\/\/www.creilsudoise-tourisme.fr\/wp-content\/uploads\/2021\/03\/Logo_MuseeDeFrance_BN-900x900.jpg 900w, https:\/\/www.creilsudoise-tourisme.fr\/wp-content\/uploads\/2021\/03\/Logo_MuseeDeFrance_BN-1536x1536.jpg 1536w, https:\/\/www.creilsudoise-tourisme.fr\/wp-content\/uploads\/2021\/03\/Logo_MuseeDeFrance_BN-200x200.jpg 200w, https:\/\/www.creilsudoise-tourisme.fr\/wp-content\/uploads\/2021\/03\/Logo_MuseeDeFrance_BN-650x650.jpg 650w, https:\/\/www.creilsudoise-tourisme.fr\/wp-content\/uploads\/2021\/03\/Logo_MuseeDeFrance_BN-387x387.jpg 387w, https:\/\/www.creilsudoise-tourisme.fr\/wp-content\/uploads\/2021\/03\/Logo_MuseeDeFrance_BN.jpg 1879w\" sizes=\"(max-width: 152px) 100vw, 152px\" \/><\/figure>\n<\/div>\n\n\n\n<div class=\"is-layout-flow wp-block-column\" style=\"flex-basis:66.66%\">\n<h3>Gratis op 1<sup>ers<\/sup> Zondagen van de maand<\/h3>\n\n\n\n<p>Het Mus\u00e9e Gall\u00e9-Juillet, zoals alle musea van Frankrijk, is <strong>gratis elke 1<sup>ers<\/sup> Zondagen van de maand<\/strong>Maak er gebruik van!<\/p>\n<\/div>\n<\/div>\n\n\n\n<div class=\"is-layout-flex wp-container-13 wp-block-columns\">\n<div class=\"is-layout-flow wp-block-column\" style=\"flex-basis:33.33%\">\n<figure class=\"wp-block-image size-large is-resized\"><img decoding=\"async\" loading=\"lazy\" data-src=\"https:\/\/www.creilsudoise-tourisme.fr\/wp-content\/uploads\/2021\/03\/Logo-pass-agglo.jpg\" alt=\"\" class=\"wp-image-32742\" width=\"148\" height=\"147\" data-srcset=\"https:\/\/www.creilsudoise-tourisme.fr\/wp-content\/uploads\/2021\/03\/Logo-pass-agglo.jpg 800w, https:\/\/www.creilsudoise-tourisme.fr\/wp-content\/uploads\/2021\/03\/Logo-pass-agglo-600x598.jpg 600w, https:\/\/www.creilsudoise-tourisme.fr\/wp-content\/uploads\/2021\/03\/Logo-pass-agglo-300x300.jpg 300w, https:\/\/www.creilsudoise-tourisme.fr\/wp-content\/uploads\/2021\/03\/Logo-pass-agglo-200x199.jpg 200w, https:\/\/www.creilsudoise-tourisme.fr\/wp-content\/uploads\/2021\/03\/Logo-pass-agglo-650x648.jpg 650w, https:\/\/www.creilsudoise-tourisme.fr\/wp-content\/uploads\/2021\/03\/Logo-pass-agglo-387x386.jpg 387w\" sizes=\"(max-width: 148px) 100vw, 148px\" \/><\/figure>\n<\/div>\n\n\n\n<div class=\"is-layout-flow wp-block-column\" style=\"flex-basis:66.66%\">\n<h3>Pass'Agglo<\/h3>\n\n\n\n<p>Gereserveerd voor inwoners van de agglomeratie Creil Sud Oise (<em>Cramoisy, Creil, Maysel, Montataire, Nogent-sur-Oise, Rousseloy, Saint-Leu-d'Esserent, Saint-Maximin, Saint-Vaast-l\u00e8s-Mello, Thiverny en Villers-Saint-Paul.<\/em>), de<strong> <a href=\"https:\/\/www.creilsudoise.fr\/pass-agglo\" target=\"_blank\" rel=\"noreferrer noopener\">Pass'Agglo<\/a> kunt u profiteren van voordelige tarieven <\/strong>voor vele activiteiten: sport, cultuur, toerisme...<\/p>\n<\/div>\n<\/div>\n\n\n\n<div class=\"wp-block wp-block-single-sit wp-block-single-sit-coordonnees\" >\n\n            <h2>Toegang<\/h2>\n    \n    <div class=\"wp-block-media-text is-stacked-on-mobile\">\n\n        <div class=\"wp-block-media-text__media wpet-map-detail\" style=\"width:100%; height: 100%;\">\n            <div class=\"wp-block-media-text__media__content\" id=\"wpetSingleSitMap\" data-wpet-type-map=\"leaflet\" ><\/div>\n        <\/div>\n\n        <div class=\"wp-block-media-text__content\">\n\n                            <p class=\"wp-block-coordonnees__status wp-block-coordonnees__status--close\">\n                    Gesloten                <\/p>\n            \n            <p class=\"wp-block-media-text__content__address\">\n                                    <strong>Gall\u00e9-Juillet Museum<\/strong><br \/>\n                \n                                    Place Fran\u00e7ois Mitterand<br \/>\n                \n                                    <span>60100<\/span>\n                    <span>CREIL<\/span><br \/>\n                            <\/p>\n\n                                                <p class=\"wp-block-media-text__content__phone\"><a data-type=\"TEL\" href=\"tel: 33 3 44 29 51 50\">+33 3 44 29 51 50<\/a><\/p>\n                            \n            <a href=\"https:\/\/www.google.fr\/maps?saddr&#038;daddr=49.2608548,2.47237931\" target=\"_blank\" class=\"button GtmButtonCalculItinerairePrestataire\" rel=\"noopener noreferrer\">Mijn route berekenen<\/a>\n        <\/div>\n    <\/div>\n<\/div>\n\n\n    <div class=\"wp-block wp-block-single-sit wp-block-single-sit-ouvertures\" id=\"opening\">\n\n                    <h2>Opening<\/h2>\n        \n        \t<div class=\"wpetTableList\" >\n                <div data-id=\"wpet-table-slider-wrapper\">\n\t\t    \t\t\t\t\t\t<div class=\"wpetTableContainer\" >\n\t\t\t\t<table class=\"wpetTable wpTable--opening\">\n\t\t\t\t\t<thead class=\"wpetTableHeader\">\n\t\t\t\t\t<tr>\n\t\t\t\t\t\t<td colspan=\"2\">\n\t\t\t\t\t\t\t\t\t\t\t\t\t\t\tDu 05 januari au 31 december\t\t\t\t\t\t\t\t\t\t\t\t\t<\/td>\n\t\t\t\t\t<\/tr>\n\t\t\t\t\t<\/thead>\n\t\t\t\t\t\t\t\t\t\t\t\t\t\t\t\t\t\t<tr class=\"wpetTableLine\">\n\t\t\t\t\t\t\t\t<td class=\"wpetTableCell\">Maandag<\/td>\n\t\t\t\t\t\t\t\t<td class=\"wpetTableCell\">Gesloten<\/td>\n\t\t\t\t\t\t\t<\/tr>\n\t\t\t\t\t\t\t\t\t\t\t\t\t\t\t\t\t\t\t\t\t\t\t\t<tr class=\"wpetTableLine\">\n\t\t\t\t\t\t\t\t<td class=\"wpetTableCell\">Dinsdag<\/td>\n\t\t\t\t\t\t\t\t<td class=\"wpetTableCell\">Gesloten<\/td>\n\t\t\t\t\t\t\t<\/tr>\n\t\t\t\t\t\t\t\t\t\t\t\t\t\t\t\t\t\t\t\t\t\t\t\t<tr class=\"wpetTableLine\">\n\t\t\t\t\t\t\t\t<td class=\"wpetTableCell\">Woensdag<\/td>\n\t\t\t\t\t\t\t\t<td class=\"wpetTableCell\">Open van 16.00 tot 17.30<\/td>\n\t\t\t\t\t\t\t<\/tr>\n\t\t\t\t\t\t\t\t\t\t\t\t\t\t\t\t\t\t\t\t\t\t\t\t<tr class=\"wpetTableLine\">\n\t\t\t\t\t\t\t\t<td class=\"wpetTableCell\">Donderdag<\/td>\n\t\t\t\t\t\t\t\t<td class=\"wpetTableCell\">Open van 16.00 tot 17.30<\/td>\n\t\t\t\t\t\t\t<\/tr>\n\t\t\t\t\t\t\t\t\t\t\t\t\t\t\t\t\t\t\t\t\t\t\t\t<tr class=\"wpetTableLine\">\n\t\t\t\t\t\t\t\t<td class=\"wpetTableCell\">Vrijdag<\/td>\n\t\t\t\t\t\t\t\t<td class=\"wpetTableCell\">Open van 16.00 tot 17.30<\/td>\n\t\t\t\t\t\t\t<\/tr>\n\t\t\t\t\t\t\t\t\t\t\t\t\t\t\t\t\t\t\t\t\t\t\t\t<tr class=\"wpetTableLine\">\n\t\t\t\t\t\t\t\t<td class=\"wpetTableCell\">Zaterdag<\/td>\n\t\t\t\t\t\t\t\t<td class=\"wpetTableCell\">Open van 16.00 tot 17.30<\/td>\n\t\t\t\t\t\t\t<\/tr>\n\t\t\t\t\t\t\t\t\t\t\t\t\t\t\t\t\t\t\t\t\t\t\t\t<tr class=\"wpetTableLine\">\n\t\t\t\t\t\t\t\t<td class=\"wpetTableCell\">Zondag<\/td>\n\t\t\t\t\t\t\t\t<td class=\"wpetTableCell\">Open van 16.00 tot 17.30<\/td>\n\t\t\t\t\t\t\t<\/tr>\n\t\t\t\t\t\t\t\t\t\t\t\t\t\t\t<\/table>\n\t\t\t<\/div>\n\t\t        <\/div>\n\t<\/div>\n\n    <\/div>\n\n\n\n    <div class=\"wp-block wp-block-single-sit wp-block-single-sit-tarifs\">\n\n                    <h2>Tarieven<\/h2>\n        \n        \n    <table class=\"wpetTable\">\n                    <tr class=\"wpetTableLine\">\n                <td class=\"wpetTableCell\">\n                    Tarief volwassenen                                            <span class=\"wpetTableCell--complement entryMeta\">rondleiding door het Maison Gall\u00e9-Juillet<\/span>\n                                    <\/td>\n                <td class=\"wpetTableCell\">7 \u20ac<\/td>\n            <\/tr>\n                    <tr class=\"wpetTableLine\">\n                <td class=\"wpetTableCell\">\n                    Andere tarieven                                            <span class=\"wpetTableCell--complement entryMeta\">Gereduceerd tarief: studenten, Pass Agglo (met bewijs)<\/span>\n                                    <\/td>\n                <td class=\"wpetTableCell\">3,75 \u20ac<\/td>\n            <\/tr>\n            <\/table>\n\n\n    \n    \n    <\/div>\n\n\n\n<div class=\"wp-block wp-block-related-post alignfull\">\n    <div class=\"container\">\n                    <h2 class=\"wp-block-related-post-title\">De ontdekkingsreizigers raadpleegden ook...<\/h2>\n                <div id=\"wpiris-related-post-5424484341133522521\" data-id=\"wpiris-entity-slider\">\n            <div class=\"wp-block-related-post-list wp-block-related-post-list--6\" data-id=\"wpiris-entity-slider-wrapper\">\n\n                \n<div class=\"entityItem\" data-trigger=\"wpiris-click\" data-id=\"wpiris-entity-slider-item\">\n    <p class=\"entityItemThumbnail\">\n        <a href=\"https:\/\/www.creilsudoise-tourisme.fr\/nl\/loisirs\/espace-henri-matisse\/\" nofancybox>\n            <img data-src=\"https:\/\/www.creilsudoise-tourisme.fr\/wp-content\/uploads\/wpetourisme\/326491211-870364547515685-3436332937180056059-n-275x350.jpg\" alt=\"Espace Matisse\">\n        <\/a>\n    <\/p>\n    <div class=\"entityItemContent\">\n        <h2 class=\"entityItemContentTitle\">\n            <a href=\"https:\/\/www.creilsudoise-tourisme.fr\/nl\/loisirs\/espace-henri-matisse\/\">Espace Matisse<\/a>\n        <\/h2>\n                    <p class=\"entityItemContentType\">Sportieve, culturele en toeristische activiteiten<\/p>\n            <\/div>\n    <a href=\"https:\/\/www.creilsudoise-tourisme.fr\/nl\/loisirs\/espace-henri-matisse\/\" class=\"seeMore\"><span class=\"sr-only\">Meer zien<\/span><\/a>\n<\/div>\n\n<div class=\"entityItem\" data-trigger=\"wpiris-click\" data-id=\"wpiris-entity-slider-item\">\n    <p class=\"entityItemThumbnail\">\n        <a href=\"https:\/\/www.creilsudoise-tourisme.fr\/nl\/loisirs\/la-faiencerie-theater\/\" nofancybox>\n            <img data-src=\"https:\/\/www.creilsudoise-tourisme.fr\/wp-content\/uploads\/wpetourisme\/Facade-2023---4--275x350.png\" alt=\"La Fa\u00efencerie - Theater &amp; film\">\n        <\/a>\n    <\/p>\n    <div class=\"entityItemContent\">\n        <h2 class=\"entityItemContentTitle\">\n            <a href=\"https:\/\/www.creilsudoise-tourisme.fr\/nl\/loisirs\/la-faiencerie-theater\/\">La Fa\u00efencerie - Theater &amp; film<\/a>\n        <\/h2>\n                    <p class=\"entityItemContentType\">Sportieve, culturele en toeristische activiteiten<\/p>\n            <\/div>\n    <a href=\"https:\/\/www.creilsudoise-tourisme.fr\/nl\/loisirs\/la-faiencerie-theater\/\" class=\"seeMore\"><span class=\"sr-only\">Meer zien<\/span><\/a>\n<\/div>\n\n<div class=\"entityItem\" data-trigger=\"wpiris-click\" data-id=\"wpiris-entity-slider-item\">\n    <p class=\"entityItemThumbnail\">\n        <a href=\"https:\/\/www.creilsudoise-tourisme.fr\/nl\/espace-naturel\/parc-de-la-faiencerie\/\" nofancybox>\n            <img data-src=\"https:\/\/www.creilsudoise-tourisme.fr\/wp-content\/uploads\/wpetourisme\/Allee-a-Cricri-Creil--1--275x350.jpg\" alt=\"Parc de la Fa\u00efencerie\">\n        <\/a>\n    <\/p>\n    <div class=\"entityItemContent\">\n        <h2 class=\"entityItemContentTitle\">\n            <a href=\"https:\/\/www.creilsudoise-tourisme.fr\/nl\/espace-naturel\/parc-de-la-faiencerie\/\">Parc de la Fa\u00efencerie<\/a>\n        <\/h2>\n                    <p class=\"entityItemContentType\">Natuurlijk erfgoed<\/p>\n            <\/div>\n    <a href=\"https:\/\/www.creilsudoise-tourisme.fr\/nl\/espace-naturel\/parc-de-la-faiencerie\/\" class=\"seeMore\"><span class=\"sr-only\">Meer zien<\/span><\/a>\n<\/div>\n\n<div class=\"entityItem\" data-trigger=\"wpiris-click\" data-id=\"wpiris-entity-slider-item\">\n    <p class=\"entityItemThumbnail\">\n        <a href=\"https:\/\/www.creilsudoise-tourisme.fr\/nl\/balade-randonnee\/le-massif-des-trois-forets\/\" nofancybox>\n            <img data-src=\"https:\/\/www.creilsudoise-tourisme.fr\/wp-content\/uploads\/wpetourisme\/-DSC1081-275x350.jpg\" alt=\"Het Drie Wouden Massief\">\n        <\/a>\n    <\/p>\n    <div class=\"entityItemContent\">\n        <h2 class=\"entityItemContentTitle\">\n            <a href=\"https:\/\/www.creilsudoise-tourisme.fr\/nl\/balade-randonnee\/le-massif-des-trois-forets\/\">Het Drie Wouden Massief<\/a>\n        <\/h2>\n                    <p class=\"entityItemContentType\">Wandelen<\/p>\n            <\/div>\n    <a href=\"https:\/\/www.creilsudoise-tourisme.fr\/nl\/balade-randonnee\/le-massif-des-trois-forets\/\" class=\"seeMore\"><span class=\"sr-only\">Meer zien<\/span><\/a>\n<\/div>\n\n<div class=\"entityItem\" data-trigger=\"wpiris-click\" data-id=\"wpiris-entity-slider-item\">\n    <p class=\"entityItemThumbnail\">\n        <a href=\"https:\/\/www.creilsudoise-tourisme.fr\/nl\/balade-randonnee\/de-pierre-et-deau\/\" nofancybox>\n            <img data-src=\"https:\/\/www.creilsudoise-tourisme.fr\/wp-content\/uploads\/wpetourisme\/SAINT-VAAST-LES-MELLO-Etang-Drone-Creil-Sud-Oise-Tourisme--7--275x350.jpg\" alt=\"Van steen en water\">\n        <\/a>\n    <\/p>\n    <div class=\"entityItemContent\">\n        <h2 class=\"entityItemContentTitle\">\n            <a href=\"https:\/\/www.creilsudoise-tourisme.fr\/nl\/balade-randonnee\/de-pierre-et-deau\/\">Van steen en water<\/a>\n        <\/h2>\n                    <p class=\"entityItemContentType\">Wandelen<\/p>\n            <\/div>\n    <a href=\"https:\/\/www.creilsudoise-tourisme.fr\/nl\/balade-randonnee\/de-pierre-et-deau\/\" class=\"seeMore\"><span class=\"sr-only\">Meer zien<\/span><\/a>\n<\/div>\n            <\/div>\n\n            \n<div class=\"sliderNav\">\n    <div class=\"sliderNavWrapper\">\n        <p class=\"swiperArrow swiperArrow--next\" data-trigger=\"swiper-next\">\n            <span class=\"sr-only\">Volgende<\/span>\n        <\/p>\n        <p class=\"swiperArrow swiperArrow--prev\" data-trigger=\"swiper-prev\">\n            <span class=\"sr-only\">Vorige<\/span>\n        <\/p>\n    <\/div>\n<\/div>\n        <\/div>\n    <\/div>\n<\/div>\n\n\n<p><\/p>","protected":false},"excerpt":{"rendered":"<p>Op een paar kilometer van Chantilly en Senlis, in Creil, biedt het Mus\u00e9e Gall\u00e9-Juillet een levendig inzicht in het verleden van de stad, door middel van de aangrijpende getuigenis van een familie die er aan het begin van de vorige eeuw woonde en de tentoonstelling van enkele honderden stukken aardewerk, waarvan sommige met het stempel Creil-Montereau. Maar dat is nog niet alles... Een meeslepend museum In de [...]<\/p>","protected":false},"author":1,"featured_media":33102,"parent":131,"menu_order":3,"comment_status":"closed","ping_status":"closed","template":"","meta":{"_relevanssi_hide_post":"","_relevanssi_hide_content":"","_relevanssi_pin_for_all":"","_relevanssi_pin_keywords":"","_relevanssi_unpin_keywords":"","_relevanssi_related_keywords":"","_relevanssi_related_include_ids":"","_relevanssi_related_exclude_ids":"","_relevanssi_related_no_append":"","_relevanssi_related_not_related":"","_relevanssi_related_posts":"275,267,273,271","_relevanssi_noindex_reason":""},"yoast_head":"<!-- This site is optimized with the Yoast SEO plugin v20.2.1 - https:\/\/yoast.com\/wordpress\/plugins\/seo\/ -->\n<title>Le Mus\u00e9e Gall\u00e9-Juillet : un voyage immersif dans le pass\u00e9<\/title>\n<meta name=\"description\" content=\"Visitez une maison bourgeoise du 19e si\u00e8cle, admirez une collection de fa\u00efences et d\u00e9couvrez le Ch\u00e2teau de Creil, t\u00e9moin du pass\u00e9 de la ville !\" \/>\n<meta name=\"robots\" content=\"index, follow, max-snippet:-1, max-image-preview:large, max-video-preview:-1\" \/>\n<link rel=\"canonical\" href=\"https:\/\/www.creilsudoise-tourisme.fr\/nl\/jexplore\/must-haves\/musee-galle-juillet\/\" \/>\n<meta property=\"og:locale\" content=\"nl_NL\" \/>\n<meta property=\"og:type\" content=\"article\" \/>\n<meta property=\"og:title\" content=\"Le Mus\u00e9e Gall\u00e9-Juillet : un voyage immersif dans le pass\u00e9\" \/>\n<meta property=\"og:description\" content=\"Visitez une maison bourgeoise du 19e si\u00e8cle, admirez une collection de fa\u00efences et d\u00e9couvrez le Ch\u00e2teau de Creil, t\u00e9moin du pass\u00e9 de la ville !\" \/>\n<meta property=\"og:url\" content=\"https:\/\/www.creilsudoise-tourisme.fr\/nl\/jexplore\/must-haves\/musee-galle-juillet\/\" \/>\n<meta property=\"og:site_name\" content=\"Office de Tourisme Creil Sud Oise\" \/>\n<meta property=\"article:publisher\" content=\"https:\/\/www.facebook.com\/creilsudoisetourisme\/\" \/>\n<meta property=\"article:modified_time\" content=\"2026-03-09T14:58:40+00:00\" \/>\n<meta property=\"og:image\" content=\"https:\/\/www.creilsudoise-tourisme.fr\/wp-content\/uploads\/2021\/04\/Visite-guide\u0301e-des-appartements-prive\u0301s-a\u0300-la-Maison-Galle\u0301-Juillet.jpg\" \/>\n\t<meta property=\"og:image:width\" content=\"1600\" \/>\n\t<meta property=\"og:image:height\" content=\"1067\" \/>\n\t<meta property=\"og:image:type\" content=\"image\/jpeg\" \/>\n<meta name=\"twitter:card\" content=\"summary_large_image\" \/>\n<meta name=\"twitter:site\" content=\"@CreilSudOiseOT\" \/>\n<meta name=\"twitter:label1\" content=\"Geschatte leestijd\" \/>\n\t<meta name=\"twitter:data1\" content=\"7 minuten\" \/>\n<script type=\"application\/ld+json\" class=\"yoast-schema-graph\">{\"@context\":\"https:\/\/schema.org\",\"@graph\":[{\"@type\":\"WebPage\",\"@id\":\"https:\/\/www.creilsudoise-tourisme.fr\/jexplore\/incontournables\/musee-galle-juillet\/\",\"url\":\"https:\/\/www.creilsudoise-tourisme.fr\/jexplore\/incontournables\/musee-galle-juillet\/\",\"name\":\"Le Mus\u00e9e Gall\u00e9-Juillet : un voyage immersif dans le pass\u00e9\",\"isPartOf\":{\"@id\":\"https:\/\/www.creilsudoise-tourisme.fr\/#website\"},\"datePublished\":\"2021-02-17T09:02:38+00:00\",\"dateModified\":\"2026-03-09T14:58:40+00:00\",\"description\":\"Visitez une maison bourgeoise du 19e si\u00e8cle, admirez une collection de fa\u00efences et d\u00e9couvrez le Ch\u00e2teau de Creil, t\u00e9moin du pass\u00e9 de la ville !\",\"breadcrumb\":{\"@id\":\"https:\/\/www.creilsudoise-tourisme.fr\/jexplore\/incontournables\/musee-galle-juillet\/#breadcrumb\"},\"inLanguage\":\"nl\",\"potentialAction\":[{\"@type\":\"ReadAction\",\"target\":[\"https:\/\/www.creilsudoise-tourisme.fr\/jexplore\/incontournables\/musee-galle-juillet\/\"]}]},{\"@type\":\"BreadcrumbList\",\"@id\":\"https:\/\/www.creilsudoise-tourisme.fr\/jexplore\/incontournables\/musee-galle-juillet\/#breadcrumb\",\"itemListElement\":[{\"@type\":\"ListItem\",\"position\":1,\"name\":\"Accueil\",\"item\":\"https:\/\/www.creilsudoise-tourisme.fr\/\"},{\"@type\":\"ListItem\",\"position\":2,\"name\":\"J&rsquo;explore\",\"item\":\"https:\/\/www.creilsudoise-tourisme.fr\/jexplore\/\"},{\"@type\":\"ListItem\",\"position\":3,\"name\":\"Les incontournables\",\"item\":\"https:\/\/www.creilsudoise-tourisme.fr\/jexplore\/incontournables\/\"},{\"@type\":\"ListItem\",\"position\":4,\"name\":\"Le Mus\u00e9e Gall\u00e9-Juillet\"}]},{\"@type\":\"WebSite\",\"@id\":\"https:\/\/www.creilsudoise-tourisme.fr\/#website\",\"url\":\"https:\/\/www.creilsudoise-tourisme.fr\/\",\"name\":\"Office de Tourisme Creil Sud Oise\",\"description\":\"Creil Sud Oise Tourisme, un territoire \u00e0 explorer !\",\"publisher\":{\"@id\":\"https:\/\/www.creilsudoise-tourisme.fr\/#organization\"},\"potentialAction\":[{\"@type\":\"SearchAction\",\"target\":{\"@type\":\"EntryPoint\",\"urlTemplate\":\"https:\/\/www.creilsudoise-tourisme.fr\/?s={search_term_string}\"},\"query-input\":\"required name=search_term_string\"}],\"inLanguage\":\"nl\"},{\"@type\":\"Organization\",\"@id\":\"https:\/\/www.creilsudoise-tourisme.fr\/#organization\",\"name\":\"Creil Sud Oise Tourisme\",\"url\":\"https:\/\/www.creilsudoise-tourisme.fr\/\",\"logo\":{\"@type\":\"ImageObject\",\"inLanguage\":\"nl\",\"@id\":\"https:\/\/www.creilsudoise-tourisme.fr\/#\/schema\/logo\/image\/\",\"url\":\"https:\/\/www.creilsudoise-tourisme.fr\/wp-content\/uploads\/2021\/05\/logo-svg.png\",\"contentUrl\":\"https:\/\/www.creilsudoise-tourisme.fr\/wp-content\/uploads\/2021\/05\/logo-svg.png\",\"width\":182,\"height\":71,\"caption\":\"Creil Sud Oise Tourisme\"},\"image\":{\"@id\":\"https:\/\/www.creilsudoise-tourisme.fr\/#\/schema\/logo\/image\/\"},\"sameAs\":[\"https:\/\/www.facebook.com\/creilsudoisetourisme\/\",\"https:\/\/twitter.com\/CreilSudOiseOT\",\"https:\/\/www.instagram.com\/creilsudoisetourisme\/\",\"https:\/\/www.youtube.com\/channel\/UC8L_QD2wwyADW14zt9fY8kw\"]}]}<\/script>\n<!-- \/ Yoast SEO plugin. -->","yoast_head_json":{"title":"Le Mus\u00e9e Gall\u00e9-Juillet : un voyage immersif dans le pass\u00e9","description":"Visitez une maison bourgeoise du 19e si\u00e8cle, admirez une collection de fa\u00efences et d\u00e9couvrez le Ch\u00e2teau de Creil, t\u00e9moin du pass\u00e9 de la ville !","robots":{"index":"index","follow":"follow","max-snippet":"max-snippet:-1","max-image-preview":"max-image-preview:large","max-video-preview":"max-video-preview:-1"},"canonical":"https:\/\/www.creilsudoise-tourisme.fr\/nl\/jexplore\/must-haves\/musee-galle-juillet\/","og_locale":"nl_NL","og_type":"article","og_title":"Le Mus\u00e9e Gall\u00e9-Juillet : un voyage immersif dans le pass\u00e9","og_description":"Visitez une maison bourgeoise du 19e si\u00e8cle, admirez une collection de fa\u00efences et d\u00e9couvrez le Ch\u00e2teau de Creil, t\u00e9moin du pass\u00e9 de la ville !","og_url":"https:\/\/www.creilsudoise-tourisme.fr\/nl\/jexplore\/must-haves\/musee-galle-juillet\/","og_site_name":"Office de Tourisme Creil Sud Oise","article_publisher":"https:\/\/www.facebook.com\/creilsudoisetourisme\/","article_modified_time":"2026-03-09T14:58:40+00:00","og_image":[{"width":1600,"height":1067,"url":"https:\/\/www.creilsudoise-tourisme.fr\/wp-content\/uploads\/2021\/04\/Visite-guide\u0301e-des-appartements-prive\u0301s-a\u0300-la-Maison-Galle\u0301-Juillet.jpg","type":"image\/jpeg"}],"twitter_card":"summary_large_image","twitter_site":"@CreilSudOiseOT","twitter_misc":{"Geschatte leestijd":"7 minuten"},"schema":{"@context":"https:\/\/schema.org","@graph":[{"@type":"WebPage","@id":"https:\/\/www.creilsudoise-tourisme.fr\/jexplore\/incontournables\/musee-galle-juillet\/","url":"https:\/\/www.creilsudoise-tourisme.fr\/jexplore\/incontournables\/musee-galle-juillet\/","name":"Le Mus\u00e9e Gall\u00e9-Juillet : un voyage immersif dans le pass\u00e9","isPartOf":{"@id":"https:\/\/www.creilsudoise-tourisme.fr\/#website"},"datePublished":"2021-02-17T09:02:38+00:00","dateModified":"2026-03-09T14:58:40+00:00","description":"Visitez une maison bourgeoise du 19e si\u00e8cle, admirez une collection de fa\u00efences et d\u00e9couvrez le Ch\u00e2teau de Creil, t\u00e9moin du pass\u00e9 de la ville !","breadcrumb":{"@id":"https:\/\/www.creilsudoise-tourisme.fr\/jexplore\/incontournables\/musee-galle-juillet\/#breadcrumb"},"inLanguage":"nl","potentialAction":[{"@type":"ReadAction","target":["https:\/\/www.creilsudoise-tourisme.fr\/jexplore\/incontournables\/musee-galle-juillet\/"]}]},{"@type":"BreadcrumbList","@id":"https:\/\/www.creilsudoise-tourisme.fr\/jexplore\/incontournables\/musee-galle-juillet\/#breadcrumb","itemListElement":[{"@type":"ListItem","position":1,"name":"Accueil","item":"https:\/\/www.creilsudoise-tourisme.fr\/"},{"@type":"ListItem","position":2,"name":"J&rsquo;explore","item":"https:\/\/www.creilsudoise-tourisme.fr\/jexplore\/"},{"@type":"ListItem","position":3,"name":"Les incontournables","item":"https:\/\/www.creilsudoise-tourisme.fr\/jexplore\/incontournables\/"},{"@type":"ListItem","position":4,"name":"Le Mus\u00e9e Gall\u00e9-Juillet"}]},{"@type":"WebSite","@id":"https:\/\/www.creilsudoise-tourisme.fr\/#website","url":"https:\/\/www.creilsudoise-tourisme.fr\/","name":"Office de Tourisme Creil Sud Oise","description":"Creil Sud Oise Tourisme, un territoire \u00e0 explorer !","publisher":{"@id":"https:\/\/www.creilsudoise-tourisme.fr\/#organization"},"potentialAction":[{"@type":"SearchAction","target":{"@type":"EntryPoint","urlTemplate":"https:\/\/www.creilsudoise-tourisme.fr\/?s={search_term_string}"},"query-input":"required name=search_term_string"}],"inLanguage":"nl"},{"@type":"Organization","@id":"https:\/\/www.creilsudoise-tourisme.fr\/#organization","name":"Creil Sud Oise Tourisme","url":"https:\/\/www.creilsudoise-tourisme.fr\/","logo":{"@type":"ImageObject","inLanguage":"nl","@id":"https:\/\/www.creilsudoise-tourisme.fr\/#\/schema\/logo\/image\/","url":"https:\/\/www.creilsudoise-tourisme.fr\/wp-content\/uploads\/2021\/05\/logo-svg.png","contentUrl":"https:\/\/www.creilsudoise-tourisme.fr\/wp-content\/uploads\/2021\/05\/logo-svg.png","width":182,"height":71,"caption":"Creil Sud Oise Tourisme"},"image":{"@id":"https:\/\/www.creilsudoise-tourisme.fr\/#\/schema\/logo\/image\/"},"sameAs":["https:\/\/www.facebook.com\/creilsudoisetourisme\/","https:\/\/twitter.com\/CreilSudOiseOT","https:\/\/www.instagram.com\/creilsudoisetourisme\/","https:\/\/www.youtube.com\/channel\/UC8L_QD2wwyADW14zt9fY8kw"]}]}},"_links":{"self":[{"href":"https:\/\/www.creilsudoise-tourisme.fr\/nl\/wp-json\/wp\/v2\/pages\/145"}],"collection":[{"href":"https:\/\/www.creilsudoise-tourisme.fr\/nl\/wp-json\/wp\/v2\/pages"}],"about":[{"href":"https:\/\/www.creilsudoise-tourisme.fr\/nl\/wp-json\/wp\/v2\/types\/page"}],"author":[{"embeddable":true,"href":"https:\/\/www.creilsudoise-tourisme.fr\/nl\/wp-json\/wp\/v2\/users\/1"}],"replies":[{"embeddable":true,"href":"https:\/\/www.creilsudoise-tourisme.fr\/nl\/wp-json\/wp\/v2\/comments?post=145"}],"version-history":[{"count":81,"href":"https:\/\/www.creilsudoise-tourisme.fr\/nl\/wp-json\/wp\/v2\/pages\/145\/revisions"}],"predecessor-version":[{"id":68210,"href":"https:\/\/www.creilsudoise-tourisme.fr\/nl\/wp-json\/wp\/v2\/pages\/145\/revisions\/68210"}],"up":[{"embeddable":true,"href":"https:\/\/www.creilsudoise-tourisme.fr\/nl\/wp-json\/wp\/v2\/pages\/131"}],"wp:featuredmedia":[{"embeddable":true,"href":"https:\/\/www.creilsudoise-tourisme.fr\/nl\/wp-json\/wp\/v2\/media\/33102"}],"wp:attachment":[{"href":"https:\/\/www.creilsudoise-tourisme.fr\/nl\/wp-json\/wp\/v2\/media?parent=145"}],"curies":[{"name":"wp","href":"https:\/\/api.w.org\/{rel}","templated":true}]}}