{"id":133,"date":"2021-02-17T10:02:29","date_gmt":"2021-02-17T09:02:29","guid":{"rendered":"https:\/\/www.creilsudoise-tourisme.fr\/la-maison-de-la-pierre\/"},"modified":"2025-05-30T15:55:55","modified_gmt":"2025-05-30T13:55:55","slug":"maison-de-la-pierre","status":"publish","type":"page","link":"https:\/\/www.creilsudoise-tourisme.fr\/nl\/jexplore\/must-haves\/maison-de-la-pierre\/","title":{"rendered":"Het Stenen Huis"},"content":{"rendered":"<p class=\"is-style-excerpt\">Gelegen in de buurt van Chantilly en Senlis, <strong>het Maison de la Pierre is een ondergronds museum in een oude steengroeve<\/strong> ! Het is een van de zeldzame plaatsen van herinnering aan het leven van de steenhouwers van Noord-Frankrijk, die hulde brengt aan de<strong>Het DNA van de bestemming Creil Sud Oise: steen<\/strong>.<\/p>\n\n\n\n<figure class=\"wp-block-embed is-type-video is-provider-youtube wp-block-embed-youtube wp-embed-aspect-16-9 wp-has-aspect-ratio\"><div class=\"wp-block-embed__wrapper\">\n<iframe loading=\"lazy\" title=\"[LES INCONTOURNABLES] Het stenen huis in Saint-Maximin | Creil Sud Oise Toerisme\" width=\"500\" height=\"281\" data-src=\"https:\/\/www.youtube.com\/embed\/Nx6Uz5neMS8?feature=oembed\" frameborder=\"0\" allow=\"accelerometer; autoplay; clipboard-write; encrypted-media; gyroscope; picture-in-picture; web-share\" referrerpolicy=\"strict-origin-when-cross-origin\" allowfullscreen><\/iframe>\n<\/div><\/figure>\n\n\n\n<div class=\"wp-block-strate-full alignfull\">\n\n    <div class=\"wp-block-strate-full-thumbnail\">\n        <img data-src=\"https:\/\/www.creilsudoise-tourisme.fr\/wp-content\/uploads\/2023\/02\/\u00a9comdesimages-b.teissedre-ADRTOise-maison-de-la-pierre_COM06656-1-1600x870.jpg\" alt=\"Rondleiding door de ondergrondse steengroeve van het Maison de la Pierre in Saint-Maximin\">\n    <\/div>\n\n\t\n        <div class=\"wp-block-strate-full-content wp-block-strate-full-content-left\">\n\t\t\t\t\t\t                <p class=\"wp-block-strate-full-content-excerpt\"> <strong>Duik in de ondergrondse<\/strong> van het Maison de la Pierre en ontdek een <strong>ongewoon beroep: dat van steenhouwer.<\/strong> <\/p>\n\t\t\t        <\/div>\n\n\t\n<\/div>\n\n\n\n<h2>Een oude ondergrondse steengroeve die bezocht kan worden<\/h2>\n\n\n\n<p>Het Maison de la Pierre is vooral een<strong> een voormalige ondergrondse steengroeve die kan worden bezocht<\/strong>. Met een helm op betreden we een luchtige, vlakke ondergrondse ruimte met hoge plafonds, begeleid door onze gids die, terwijl we door de verschillende decors en een spel van licht en geluid lopen, de <strong>geologie <\/strong>van plaatsen, vormen <strong>steenwinning door de eeuwen heen<\/strong>s, de <strong>bezettingen van de groeve op verschillende tijdstippen<\/strong>...<\/p>\n\n\n\n<figure class=\"wp-block-image size-large\"><img decoding=\"async\" loading=\"lazy\" width=\"1200\" height=\"800\" data-src=\"https:\/\/www.creilsudoise-tourisme.fr\/wp-content\/uploads\/2023\/02\/053_Maison-de-la-Pierre\u00a92022_Smellinckx-1200x800.jpg\" alt=\"Permanente tentoonstelling in het Maison de la Pierre\" class=\"wp-image-45085\" data-srcset=\"https:\/\/www.creilsudoise-tourisme.fr\/wp-content\/uploads\/2023\/02\/053_Maison-de-la-Pierre\u00a92022_Smellinckx-1200x800.jpg 1200w, https:\/\/www.creilsudoise-tourisme.fr\/wp-content\/uploads\/2023\/02\/053_Maison-de-la-Pierre\u00a92022_Smellinckx-600x400.jpg 600w, https:\/\/www.creilsudoise-tourisme.fr\/wp-content\/uploads\/2023\/02\/053_Maison-de-la-Pierre\u00a92022_Smellinckx-900x600.jpg 900w, https:\/\/www.creilsudoise-tourisme.fr\/wp-content\/uploads\/2023\/02\/053_Maison-de-la-Pierre\u00a92022_Smellinckx-1536x1024.jpg 1536w, https:\/\/www.creilsudoise-tourisme.fr\/wp-content\/uploads\/2023\/02\/053_Maison-de-la-Pierre\u00a92022_Smellinckx-18x12.jpg 18w, https:\/\/www.creilsudoise-tourisme.fr\/wp-content\/uploads\/2023\/02\/053_Maison-de-la-Pierre\u00a92022_Smellinckx-200x133.jpg 200w, https:\/\/www.creilsudoise-tourisme.fr\/wp-content\/uploads\/2023\/02\/053_Maison-de-la-Pierre\u00a92022_Smellinckx-650x433.jpg 650w, https:\/\/www.creilsudoise-tourisme.fr\/wp-content\/uploads\/2023\/02\/053_Maison-de-la-Pierre\u00a92022_Smellinckx-387x258.jpg 387w, https:\/\/www.creilsudoise-tourisme.fr\/wp-content\/uploads\/2023\/02\/053_Maison-de-la-Pierre\u00a92022_Smellinckx.jpg 1920w\" sizes=\"(max-width: 1200px) 100vw, 1200px\" \/><figcaption class=\"wp-element-caption\">Naast een ondergrondse steengroeve is er ook een permanente tentoonstelling van het gereedschap van steenhouwers.<\/figcaption><\/figure>\n\n\n\n<p>Zo werd bijvoorbeeld ontdekt dat een groot deel van de gewonnen stenen werd gebruikt voor de <strong>bouw en restauratie van Parijs<\/strong>s, zoals <strong>Haussmanniaanse gebouwen<\/strong>op <strong>Palais Bourbon<\/strong>de <strong>Sainte Chapelle<\/strong>op <strong>Pont Neuf<\/strong> en vele anderen. En ook buitenlanders zijn er dol op: bijvoorbeeld de uitbreiding van de<strong>Stanford University in de Verenigde Staten<\/strong> is gemaakt van Saint-Maximin steen!<\/p>\n\n\n\n<p>Het is ook verrassend om te ontdekken dat<strong> Saint-Maximinois leefde hier, ondergronds, tijdens de bombardementen<\/strong> De stad werd in 95% met de grond gelijk gemaakt! We kunnen onze ontdekking van deze historische periode uitbreiden door een bezoek aan de <strong><a href=\"https:\/\/www.creilsudoise-tourisme.fr\/nl\/jexplore\/videos\/museum-van-bombardementen-2\/\" target=\"_blank\" rel=\"noreferrer noopener\">Museum van bombardementen<\/a><\/strong>ook in Saint-Maximin.<\/p>\n\n\n\n<figure class=\"is-layout-flex wp-block-gallery-1 wp-block-gallery alignfull has-nested-images columns-default is-cropped\">\n<figure class=\"wp-block-image size-large\"><img decoding=\"async\" loading=\"lazy\" width=\"1200\" height=\"546\" data-id=\"34647\"  data-src=\"https:\/\/www.creilsudoise-tourisme.fr\/wp-content\/uploads\/2021\/05\/La-Seconde-Guerre-mondiale-a-la-Maison-de-la-Pierre-a-Saint-Maximin-e1677149189843-1200x546.jpg\" alt=\"Rondleiding door de ondergrondse steengroeve van het Maison de la Pierre\" class=\"wp-image-34647\" data-srcset=\"https:\/\/www.creilsudoise-tourisme.fr\/wp-content\/uploads\/2021\/05\/La-Seconde-Guerre-mondiale-a-la-Maison-de-la-Pierre-a-Saint-Maximin-e1677149189843-1200x546.jpg 1200w, https:\/\/www.creilsudoise-tourisme.fr\/wp-content\/uploads\/2021\/05\/La-Seconde-Guerre-mondiale-a-la-Maison-de-la-Pierre-a-Saint-Maximin-e1677149189843-600x273.jpg 600w, https:\/\/www.creilsudoise-tourisme.fr\/wp-content\/uploads\/2021\/05\/La-Seconde-Guerre-mondiale-a-la-Maison-de-la-Pierre-a-Saint-Maximin-e1677149189843-900x410.jpg 900w, https:\/\/www.creilsudoise-tourisme.fr\/wp-content\/uploads\/2021\/05\/La-Seconde-Guerre-mondiale-a-la-Maison-de-la-Pierre-a-Saint-Maximin-e1677149189843-1536x699.jpg 1536w, https:\/\/www.creilsudoise-tourisme.fr\/wp-content\/uploads\/2021\/05\/La-Seconde-Guerre-mondiale-a-la-Maison-de-la-Pierre-a-Saint-Maximin-e1677149189843-200x91.jpg 200w, https:\/\/www.creilsudoise-tourisme.fr\/wp-content\/uploads\/2021\/05\/La-Seconde-Guerre-mondiale-a-la-Maison-de-la-Pierre-a-Saint-Maximin-e1677149189843-650x296.jpg 650w, https:\/\/www.creilsudoise-tourisme.fr\/wp-content\/uploads\/2021\/05\/La-Seconde-Guerre-mondiale-a-la-Maison-de-la-Pierre-a-Saint-Maximin-e1677149189843-387x176.jpg 387w, https:\/\/www.creilsudoise-tourisme.fr\/wp-content\/uploads\/2021\/05\/La-Seconde-Guerre-mondiale-a-la-Maison-de-la-Pierre-a-Saint-Maximin-e1677149189843-18x8.jpg 18w, https:\/\/www.creilsudoise-tourisme.fr\/wp-content\/uploads\/2021\/05\/La-Seconde-Guerre-mondiale-a-la-Maison-de-la-Pierre-a-Saint-Maximin-e1677149189843.jpg 1600w\" sizes=\"(max-width: 1200px) 100vw, 1200px\" \/><figcaption class=\"wp-element-caption\">Comdesimages B. Teissedre ADRTOise<\/figcaption><\/figure>\n\n\n\n<figure class=\"wp-block-image size-large\"><img decoding=\"async\" loading=\"lazy\" width=\"1200\" height=\"800\" data-id=\"34648\"  data-src=\"https:\/\/www.creilsudoise-tourisme.fr\/wp-content\/uploads\/2021\/05\/Les-outils-des-carriers-a-la-Maison-de-la-Pierre-a-Saint-Maximin-1200x800.jpg\" alt=\"Rondleiding door de ondergrondse steengroeve van het Maison de la Pierre\" class=\"wp-image-34648\" data-srcset=\"https:\/\/www.creilsudoise-tourisme.fr\/wp-content\/uploads\/2021\/05\/Les-outils-des-carriers-a-la-Maison-de-la-Pierre-a-Saint-Maximin-1200x800.jpg 1200w, https:\/\/www.creilsudoise-tourisme.fr\/wp-content\/uploads\/2021\/05\/Les-outils-des-carriers-a-la-Maison-de-la-Pierre-a-Saint-Maximin-600x400.jpg 600w, https:\/\/www.creilsudoise-tourisme.fr\/wp-content\/uploads\/2021\/05\/Les-outils-des-carriers-a-la-Maison-de-la-Pierre-a-Saint-Maximin-900x600.jpg 900w, https:\/\/www.creilsudoise-tourisme.fr\/wp-content\/uploads\/2021\/05\/Les-outils-des-carriers-a-la-Maison-de-la-Pierre-a-Saint-Maximin-1536x1024.jpg 1536w, https:\/\/www.creilsudoise-tourisme.fr\/wp-content\/uploads\/2021\/05\/Les-outils-des-carriers-a-la-Maison-de-la-Pierre-a-Saint-Maximin-200x133.jpg 200w, https:\/\/www.creilsudoise-tourisme.fr\/wp-content\/uploads\/2021\/05\/Les-outils-des-carriers-a-la-Maison-de-la-Pierre-a-Saint-Maximin-650x433.jpg 650w, https:\/\/www.creilsudoise-tourisme.fr\/wp-content\/uploads\/2021\/05\/Les-outils-des-carriers-a-la-Maison-de-la-Pierre-a-Saint-Maximin-387x258.jpg 387w, https:\/\/www.creilsudoise-tourisme.fr\/wp-content\/uploads\/2021\/05\/Les-outils-des-carriers-a-la-Maison-de-la-Pierre-a-Saint-Maximin.jpg 1600w\" sizes=\"(max-width: 1200px) 100vw, 1200px\" \/><figcaption class=\"wp-element-caption\">Comdesimages B. Teissedre ADRTOise<\/figcaption><\/figure>\n\n\n\n<figure class=\"wp-block-image size-large\"><img decoding=\"async\" loading=\"lazy\" width=\"1200\" height=\"800\" data-id=\"34660\"  data-src=\"https:\/\/www.creilsudoise-tourisme.fr\/wp-content\/uploads\/2021\/05\/Visite-guidee-de-la-Galerie-du-Front-de-Taille-a-la-Maison-de-la-Pierre-a-Saint-Maximin-1200x800.jpg\" alt=\"Rondleiding door de tijdelijke tentoonstelling in het Maison de la Pierre in Saint-Maximin\" class=\"wp-image-34660\" data-srcset=\"https:\/\/www.creilsudoise-tourisme.fr\/wp-content\/uploads\/2021\/05\/Visite-guidee-de-la-Galerie-du-Front-de-Taille-a-la-Maison-de-la-Pierre-a-Saint-Maximin-1200x800.jpg 1200w, https:\/\/www.creilsudoise-tourisme.fr\/wp-content\/uploads\/2021\/05\/Visite-guidee-de-la-Galerie-du-Front-de-Taille-a-la-Maison-de-la-Pierre-a-Saint-Maximin-600x400.jpg 600w, https:\/\/www.creilsudoise-tourisme.fr\/wp-content\/uploads\/2021\/05\/Visite-guidee-de-la-Galerie-du-Front-de-Taille-a-la-Maison-de-la-Pierre-a-Saint-Maximin-900x600.jpg 900w, https:\/\/www.creilsudoise-tourisme.fr\/wp-content\/uploads\/2021\/05\/Visite-guidee-de-la-Galerie-du-Front-de-Taille-a-la-Maison-de-la-Pierre-a-Saint-Maximin-1536x1024.jpg 1536w, https:\/\/www.creilsudoise-tourisme.fr\/wp-content\/uploads\/2021\/05\/Visite-guidee-de-la-Galerie-du-Front-de-Taille-a-la-Maison-de-la-Pierre-a-Saint-Maximin-200x133.jpg 200w, https:\/\/www.creilsudoise-tourisme.fr\/wp-content\/uploads\/2021\/05\/Visite-guidee-de-la-Galerie-du-Front-de-Taille-a-la-Maison-de-la-Pierre-a-Saint-Maximin-650x433.jpg 650w, https:\/\/www.creilsudoise-tourisme.fr\/wp-content\/uploads\/2021\/05\/Visite-guidee-de-la-Galerie-du-Front-de-Taille-a-la-Maison-de-la-Pierre-a-Saint-Maximin-387x258.jpg 387w, https:\/\/www.creilsudoise-tourisme.fr\/wp-content\/uploads\/2021\/05\/Visite-guidee-de-la-Galerie-du-Front-de-Taille-a-la-Maison-de-la-Pierre-a-Saint-Maximin.jpg 1600w\" sizes=\"(max-width: 1200px) 100vw, 1200px\" \/><figcaption class=\"wp-element-caption\">Comdesimages B. Teissedre - Oise Tourisme<\/figcaption><\/figure>\n<\/figure>\n\n\n<div class=\"wp-block wp-block-highlight\">\n            <h3 class=\"wp-block-highlight-item wp-block-highlight-title\">Wist je dat? <br>Stone, het DNA van Creil Sud Oise<\/h3>\n                <p class=\"wp-block-highlight-item wp-block-highlight-excerpt\">Wist je dat alle<strong> Het bekken van Creillois zit vol met steengroeven<\/strong> ? Meer dan honderd ondergrondse, openlucht, voormalige steengroeves en troglodische sites werden reeds ge\u00efnventariseerd!<\/p>\n    <\/div>\n\n\n<div class=\"wp-block wp-block-testimonial\">\n    <div class=\"wp-block-testimonial-excerpt\">\n        Super interessant bezoek, en zo verfrissend! Duidelijke uitleg en aangepast aan elke persoon, verrijkend en aangenaam bezoek voor een plaats waar zo hard gewerkt werd    <\/div>\n    <div class=\"wp-block-testimonial-details\">\n                <div class=\"wp-block-testimonial-content\">\n            <p class=\"wp-block-testimonial-content-author\">\n                <strong>Marie-H\u00e9l\u00e8ne P. <\/strong>\n\n                                <span class=\"wp-block-testimonial-content-job\"> - Facebook pagina van het Maison de la Pierre<\/span>\n                            <\/p>\n        <\/div>\n    <\/div>\n<\/div>\n\n\n<div class=\"wp-block-strate-full alignfull\">\n\n    <div class=\"wp-block-strate-full-thumbnail\">\n        <img data-src=\"https:\/\/www.creilsudoise-tourisme.fr\/wp-content\/uploads\/2023\/02\/086_Maison-de-la-Pierre\u00a92022_Smellinckx-e1677149073115-1600x900.jpg\" alt=\"Workshop beeldhouwen in steen in het Maison de la Pierre\">\n    <\/div>\n\n\t\n        <div class=\"wp-block-strate-full-content wp-block-strate-full-content-left\">\n\t\t\t\t\t\t                <p class=\"wp-block-strate-full-content-excerpt\"> Kom <strong>het ontdekken van voorouderlijke kunsten<\/strong> in het Maison de la Pierre in Saint-Maximin! <\/p>\n\t\t\t        <\/div>\n\n\t\n<\/div>\n\n\n\n<h2>Kunst workshops<\/h2>\n\n\n\n<p>Naast de <strong>rondleiding door een ondergrondse steengroeve<\/strong> gegraven door de mens in de kalksteen bodem van het zuiden van de Oise, het Maison de la Pierre biedt ook <strong>steenhouwerij en glas-in-lood workshops.<\/strong><\/p>\n\n\n\n<div class=\"is-layout-flex wp-block-buttons\">\n<div class=\"wp-block-button\"><a class=\"wp-block-button__link wp-element-button\" href=\"#programmation\">programmering<\/a><\/div>\n<\/div>\n\n\n\n<h3>Steenhouwen<\/h3>\n\n\n\n<figure class=\"wp-block-embed is-type-video is-provider-youtube wp-block-embed-youtube wp-embed-aspect-16-9 wp-has-aspect-ratio\"><div class=\"wp-block-embed__wrapper\">\n<iframe loading=\"lazy\" title=\"[MEET Fabrice, beeldhouwer | Creil Sud Oise Tourisme\" width=\"500\" height=\"281\" data-src=\"https:\/\/www.youtube.com\/embed\/ivRNcQLG4g8?feature=oembed\" frameborder=\"0\" allow=\"accelerometer; autoplay; clipboard-write; encrypted-media; gyroscope; picture-in-picture; web-share\" referrerpolicy=\"strict-origin-when-cross-origin\" allowfullscreen><\/iframe>\n<\/div><figcaption class=\"wp-element-caption\"><strong>Leer over steenhouwen<\/strong> in het Maison de la Pierre in Saint-Maximin!<\/figcaption><\/figure>\n\n\n\n<p>U kunt<strong> inleiding tot de kunst van het steenhouwen<\/strong> tijdens de <strong>1u30 workshops<\/strong>of perfectioneer uw techniek in het \"Maison de la Pierre\", onder leiding van een gepassioneerde gids. <strong>van een cursus van een halve dag tot 3 opeenvolgende dagen<\/strong>. Deze cursussen worden gegeven door <strong>professionele beeldhouwers<\/strong>. <\/p>\n\n\n\n<figure class=\"is-layout-flex wp-block-gallery-4 wp-block-gallery has-nested-images columns-default is-cropped\">\n<figure class=\"wp-block-image size-large\"><img decoding=\"async\" loading=\"lazy\" width=\"1200\" height=\"800\" data-id=\"34644\"  data-src=\"https:\/\/www.creilsudoise-tourisme.fr\/wp-content\/uploads\/2021\/05\/Initiation-a-la-sculpture-avec-des-enfants-a-la-Maison-de-la-Pierre-a-Saint-Maximin-1200x800.jpg\" alt=\"Inwijding in steenhouwen met kinderen in het Maison de la Pierre in Saint-Maximin\" class=\"wp-image-34644\" data-srcset=\"https:\/\/www.creilsudoise-tourisme.fr\/wp-content\/uploads\/2021\/05\/Initiation-a-la-sculpture-avec-des-enfants-a-la-Maison-de-la-Pierre-a-Saint-Maximin-1200x800.jpg 1200w, https:\/\/www.creilsudoise-tourisme.fr\/wp-content\/uploads\/2021\/05\/Initiation-a-la-sculpture-avec-des-enfants-a-la-Maison-de-la-Pierre-a-Saint-Maximin-600x400.jpg 600w, https:\/\/www.creilsudoise-tourisme.fr\/wp-content\/uploads\/2021\/05\/Initiation-a-la-sculpture-avec-des-enfants-a-la-Maison-de-la-Pierre-a-Saint-Maximin-900x600.jpg 900w, https:\/\/www.creilsudoise-tourisme.fr\/wp-content\/uploads\/2021\/05\/Initiation-a-la-sculpture-avec-des-enfants-a-la-Maison-de-la-Pierre-a-Saint-Maximin-1536x1024.jpg 1536w, https:\/\/www.creilsudoise-tourisme.fr\/wp-content\/uploads\/2021\/05\/Initiation-a-la-sculpture-avec-des-enfants-a-la-Maison-de-la-Pierre-a-Saint-Maximin-200x133.jpg 200w, https:\/\/www.creilsudoise-tourisme.fr\/wp-content\/uploads\/2021\/05\/Initiation-a-la-sculpture-avec-des-enfants-a-la-Maison-de-la-Pierre-a-Saint-Maximin-650x433.jpg 650w, https:\/\/www.creilsudoise-tourisme.fr\/wp-content\/uploads\/2021\/05\/Initiation-a-la-sculpture-avec-des-enfants-a-la-Maison-de-la-Pierre-a-Saint-Maximin-387x258.jpg 387w, https:\/\/www.creilsudoise-tourisme.fr\/wp-content\/uploads\/2021\/05\/Initiation-a-la-sculpture-avec-des-enfants-a-la-Maison-de-la-Pierre-a-Saint-Maximin.jpg 1600w\" sizes=\"(max-width: 1200px) 100vw, 1200px\" \/><\/figure>\n\n\n\n<figure class=\"wp-block-image size-large\"><img decoding=\"async\" loading=\"lazy\" width=\"800\" height=\"1200\" data-id=\"45089\"  data-src=\"https:\/\/www.creilsudoise-tourisme.fr\/wp-content\/uploads\/2023\/02\/155_Maison-de-la-Pierre\u00a92022_Smellinckx-800x1200.jpg\" alt=\"Workshop beeldhouwen in steen in het Maison de la Pierre\" class=\"wp-image-45089\" data-srcset=\"https:\/\/www.creilsudoise-tourisme.fr\/wp-content\/uploads\/2023\/02\/155_Maison-de-la-Pierre\u00a92022_Smellinckx-800x1200.jpg 800w, https:\/\/www.creilsudoise-tourisme.fr\/wp-content\/uploads\/2023\/02\/155_Maison-de-la-Pierre\u00a92022_Smellinckx-400x600.jpg 400w, https:\/\/www.creilsudoise-tourisme.fr\/wp-content\/uploads\/2023\/02\/155_Maison-de-la-Pierre\u00a92022_Smellinckx-600x900.jpg 600w, https:\/\/www.creilsudoise-tourisme.fr\/wp-content\/uploads\/2023\/02\/155_Maison-de-la-Pierre\u00a92022_Smellinckx-1024x1536.jpg 1024w, https:\/\/www.creilsudoise-tourisme.fr\/wp-content\/uploads\/2023\/02\/155_Maison-de-la-Pierre\u00a92022_Smellinckx-8x12.jpg 8w, https:\/\/www.creilsudoise-tourisme.fr\/wp-content\/uploads\/2023\/02\/155_Maison-de-la-Pierre\u00a92022_Smellinckx-200x300.jpg 200w, https:\/\/www.creilsudoise-tourisme.fr\/wp-content\/uploads\/2023\/02\/155_Maison-de-la-Pierre\u00a92022_Smellinckx-650x975.jpg 650w, https:\/\/www.creilsudoise-tourisme.fr\/wp-content\/uploads\/2023\/02\/155_Maison-de-la-Pierre\u00a92022_Smellinckx-282x424.jpg 282w, https:\/\/www.creilsudoise-tourisme.fr\/wp-content\/uploads\/2023\/02\/155_Maison-de-la-Pierre\u00a92022_Smellinckx-387x581.jpg 387w, https:\/\/www.creilsudoise-tourisme.fr\/wp-content\/uploads\/2023\/02\/155_Maison-de-la-Pierre\u00a92022_Smellinckx.jpg 1280w\" sizes=\"(max-width: 800px) 100vw, 800px\" \/><\/figure>\n\n\n\n<figure class=\"wp-block-image size-large\"><img decoding=\"async\" loading=\"lazy\" width=\"1200\" height=\"725\" data-id=\"34654\"  data-src=\"https:\/\/www.creilsudoise-tourisme.fr\/wp-content\/uploads\/2021\/05\/Stage-de-sculpture-sur-pierre-a-la-Maison-de-la-Pierre-a-Saint-Maximin-1200x725.jpg\" alt=\"Een cursus steenhouwen in het Maison de la Pierre in Saint-Maximin\" class=\"wp-image-34654\" data-srcset=\"https:\/\/www.creilsudoise-tourisme.fr\/wp-content\/uploads\/2021\/05\/Stage-de-sculpture-sur-pierre-a-la-Maison-de-la-Pierre-a-Saint-Maximin-1200x725.jpg 1200w, https:\/\/www.creilsudoise-tourisme.fr\/wp-content\/uploads\/2021\/05\/Stage-de-sculpture-sur-pierre-a-la-Maison-de-la-Pierre-a-Saint-Maximin-600x362.jpg 600w, https:\/\/www.creilsudoise-tourisme.fr\/wp-content\/uploads\/2021\/05\/Stage-de-sculpture-sur-pierre-a-la-Maison-de-la-Pierre-a-Saint-Maximin-900x543.jpg 900w, https:\/\/www.creilsudoise-tourisme.fr\/wp-content\/uploads\/2021\/05\/Stage-de-sculpture-sur-pierre-a-la-Maison-de-la-Pierre-a-Saint-Maximin-1536x927.jpg 1536w, https:\/\/www.creilsudoise-tourisme.fr\/wp-content\/uploads\/2021\/05\/Stage-de-sculpture-sur-pierre-a-la-Maison-de-la-Pierre-a-Saint-Maximin-200x121.jpg 200w, https:\/\/www.creilsudoise-tourisme.fr\/wp-content\/uploads\/2021\/05\/Stage-de-sculpture-sur-pierre-a-la-Maison-de-la-Pierre-a-Saint-Maximin-650x392.jpg 650w, https:\/\/www.creilsudoise-tourisme.fr\/wp-content\/uploads\/2021\/05\/Stage-de-sculpture-sur-pierre-a-la-Maison-de-la-Pierre-a-Saint-Maximin-416x251.jpg 416w, https:\/\/www.creilsudoise-tourisme.fr\/wp-content\/uploads\/2021\/05\/Stage-de-sculpture-sur-pierre-a-la-Maison-de-la-Pierre-a-Saint-Maximin-387x234.jpg 387w, https:\/\/www.creilsudoise-tourisme.fr\/wp-content\/uploads\/2021\/05\/Stage-de-sculpture-sur-pierre-a-la-Maison-de-la-Pierre-a-Saint-Maximin.jpg 1600w\" sizes=\"(max-width: 1200px) 100vw, 1200px\" \/><\/figure>\n\n\n\n<figure class=\"wp-block-image size-large\"><img decoding=\"async\" loading=\"lazy\" width=\"1200\" height=\"675\" data-id=\"34656\"  data-src=\"https:\/\/www.creilsudoise-tourisme.fr\/wp-content\/uploads\/2021\/05\/Un-stage-de-sculpture-sur-pierre-a-la-Maison-de-la-Pierre-a-Saint-Maximin-1200x675.jpg\" alt=\"Een cursus steenhouwen in het Maison de la Pierre in Saint-Maximin\" class=\"wp-image-34656\" data-srcset=\"https:\/\/www.creilsudoise-tourisme.fr\/wp-content\/uploads\/2021\/05\/Un-stage-de-sculpture-sur-pierre-a-la-Maison-de-la-Pierre-a-Saint-Maximin-1200x675.jpg 1200w, https:\/\/www.creilsudoise-tourisme.fr\/wp-content\/uploads\/2021\/05\/Un-stage-de-sculpture-sur-pierre-a-la-Maison-de-la-Pierre-a-Saint-Maximin-600x338.jpg 600w, https:\/\/www.creilsudoise-tourisme.fr\/wp-content\/uploads\/2021\/05\/Un-stage-de-sculpture-sur-pierre-a-la-Maison-de-la-Pierre-a-Saint-Maximin-900x506.jpg 900w, https:\/\/www.creilsudoise-tourisme.fr\/wp-content\/uploads\/2021\/05\/Un-stage-de-sculpture-sur-pierre-a-la-Maison-de-la-Pierre-a-Saint-Maximin-1536x864.jpg 1536w, https:\/\/www.creilsudoise-tourisme.fr\/wp-content\/uploads\/2021\/05\/Un-stage-de-sculpture-sur-pierre-a-la-Maison-de-la-Pierre-a-Saint-Maximin-200x113.jpg 200w, https:\/\/www.creilsudoise-tourisme.fr\/wp-content\/uploads\/2021\/05\/Un-stage-de-sculpture-sur-pierre-a-la-Maison-de-la-Pierre-a-Saint-Maximin-650x366.jpg 650w, https:\/\/www.creilsudoise-tourisme.fr\/wp-content\/uploads\/2021\/05\/Un-stage-de-sculpture-sur-pierre-a-la-Maison-de-la-Pierre-a-Saint-Maximin-387x218.jpg 387w, https:\/\/www.creilsudoise-tourisme.fr\/wp-content\/uploads\/2021\/05\/Un-stage-de-sculpture-sur-pierre-a-la-Maison-de-la-Pierre-a-Saint-Maximin.jpg 1600w\" sizes=\"(max-width: 1200px) 100vw, 1200px\" \/><\/figure>\n<figcaption class=\"blocks-gallery-caption wp-element-caption\">De workshops steenhouwen zijn <strong>toegankelijk voor zowel kinderen als volwassenen<\/strong>Dit geldt voor alle niveaus.<\/figcaption><\/figure>\n\n\n\n<h3>De kunst van glas in lood<\/h3>\n\n\n\n<p>Het Maison de la Pierre biedt u ook <strong>ontdek de kunst van glas in lood<\/strong> ! Op de<strong> cursussen van \u00e9\u00e9n tot drie dagen<\/strong>wordt u begeleid door een<strong> professionele glas-in-lood kunstenaar<\/strong>. Af en toe worden cursussen van een halve dag aangeboden, zoals voor het kerstseizoen, om versieringen voor de boom te maken!<\/p>\n\n\n\n<figure class=\"is-layout-flex wp-block-gallery-6 wp-block-gallery has-nested-images columns-default is-cropped\">\n<figure class=\"wp-block-image size-large\"><img decoding=\"async\" loading=\"lazy\" width=\"1200\" height=\"782\" data-id=\"34655\"  data-src=\"https:\/\/www.creilsudoise-tourisme.fr\/wp-content\/uploads\/2021\/05\/Stage-de-vitrail-a-la-Maison-de-la-Pierre-a-Saint-Maximin.jpg-1200x782.jpg\" alt=\"Een cursus glas-in-lood in het Maison de la Pierre in Saint-Maximin\" class=\"wp-image-34655\" data-srcset=\"https:\/\/www.creilsudoise-tourisme.fr\/wp-content\/uploads\/2021\/05\/Stage-de-vitrail-a-la-Maison-de-la-Pierre-a-Saint-Maximin.jpg-1200x782.jpg 1200w, https:\/\/www.creilsudoise-tourisme.fr\/wp-content\/uploads\/2021\/05\/Stage-de-vitrail-a-la-Maison-de-la-Pierre-a-Saint-Maximin.jpg-600x391.jpg 600w, https:\/\/www.creilsudoise-tourisme.fr\/wp-content\/uploads\/2021\/05\/Stage-de-vitrail-a-la-Maison-de-la-Pierre-a-Saint-Maximin.jpg-900x586.jpg 900w, https:\/\/www.creilsudoise-tourisme.fr\/wp-content\/uploads\/2021\/05\/Stage-de-vitrail-a-la-Maison-de-la-Pierre-a-Saint-Maximin.jpg-1536x1000.jpg 1536w, https:\/\/www.creilsudoise-tourisme.fr\/wp-content\/uploads\/2021\/05\/Stage-de-vitrail-a-la-Maison-de-la-Pierre-a-Saint-Maximin.jpg-200x130.jpg 200w, https:\/\/www.creilsudoise-tourisme.fr\/wp-content\/uploads\/2021\/05\/Stage-de-vitrail-a-la-Maison-de-la-Pierre-a-Saint-Maximin.jpg-650x423.jpg 650w, https:\/\/www.creilsudoise-tourisme.fr\/wp-content\/uploads\/2021\/05\/Stage-de-vitrail-a-la-Maison-de-la-Pierre-a-Saint-Maximin.jpg-387x252.jpg 387w, https:\/\/www.creilsudoise-tourisme.fr\/wp-content\/uploads\/2021\/05\/Stage-de-vitrail-a-la-Maison-de-la-Pierre-a-Saint-Maximin.jpg.jpg 1600w\" sizes=\"(max-width: 1200px) 100vw, 1200px\" \/><figcaption class=\"wp-element-caption\">Creil Sud Oise Toerisme<\/figcaption><\/figure>\n\n\n\n<figure class=\"wp-block-image size-large\"><img decoding=\"async\" loading=\"lazy\" width=\"1200\" height=\"675\" data-id=\"34657\"  data-src=\"https:\/\/www.creilsudoise-tourisme.fr\/wp-content\/uploads\/2021\/05\/Un-stage-de-vitrail-a-la-Maison-de-la-Pierre-a-Saint-Maximin.jpg-1200x675.jpg\" alt=\"Een cursus glas-in-lood in het Maison de la Pierre in Saint-Maximin\" class=\"wp-image-34657\" data-srcset=\"https:\/\/www.creilsudoise-tourisme.fr\/wp-content\/uploads\/2021\/05\/Un-stage-de-vitrail-a-la-Maison-de-la-Pierre-a-Saint-Maximin.jpg-1200x675.jpg 1200w, https:\/\/www.creilsudoise-tourisme.fr\/wp-content\/uploads\/2021\/05\/Un-stage-de-vitrail-a-la-Maison-de-la-Pierre-a-Saint-Maximin.jpg-600x338.jpg 600w, https:\/\/www.creilsudoise-tourisme.fr\/wp-content\/uploads\/2021\/05\/Un-stage-de-vitrail-a-la-Maison-de-la-Pierre-a-Saint-Maximin.jpg-900x506.jpg 900w, https:\/\/www.creilsudoise-tourisme.fr\/wp-content\/uploads\/2021\/05\/Un-stage-de-vitrail-a-la-Maison-de-la-Pierre-a-Saint-Maximin.jpg-1536x864.jpg 1536w, https:\/\/www.creilsudoise-tourisme.fr\/wp-content\/uploads\/2021\/05\/Un-stage-de-vitrail-a-la-Maison-de-la-Pierre-a-Saint-Maximin.jpg-200x113.jpg 200w, https:\/\/www.creilsudoise-tourisme.fr\/wp-content\/uploads\/2021\/05\/Un-stage-de-vitrail-a-la-Maison-de-la-Pierre-a-Saint-Maximin.jpg-650x366.jpg 650w, https:\/\/www.creilsudoise-tourisme.fr\/wp-content\/uploads\/2021\/05\/Un-stage-de-vitrail-a-la-Maison-de-la-Pierre-a-Saint-Maximin.jpg-387x218.jpg 387w, https:\/\/www.creilsudoise-tourisme.fr\/wp-content\/uploads\/2021\/05\/Un-stage-de-vitrail-a-la-Maison-de-la-Pierre-a-Saint-Maximin.jpg.jpg 1600w\" sizes=\"(max-width: 1200px) 100vw, 1200px\" \/><figcaption class=\"wp-element-caption\">Creil Sud Oise Toerisme<\/figcaption><\/figure>\n<\/figure>\n\n\n\n<h2>Workshops over welzijn<\/h2>\n\n\n\n<h3>Lithotherapie<\/h3>\n\n\n\n<p>Voor jou <strong>herleven<\/strong> en andere aspecten van steen ontdekken, biedt het Maison de la Pierre<strong> lithotherapie-initiatieven<\/strong>geleid door een <strong>ambachtelijke lithotherapeut <\/strong>aan het eind waarvan je weggaat met <strong>uw armband aangepast aan uw behoeften.<\/strong><\/p>\n\n\n\n<p><em>De energetische deugden worden ter indicatie gegeven en in geen geval kan lithotherapie een behandeling of een medisch advies vervangen. Stop nooit met een behandeling zonder het akkoord van uw arts.<\/em><\/p>\n\n\n\n<h3>De kracht van planten<\/h3>\n\n\n\n<p>De ondergrondse steengroeve van het Maison de la Pierre ligt vlak naast een <strong>open put<\/strong>Met andere woorden, in de open lucht. Hier heeft de natuur haar rechten opge\u00ebist. En het is deze natuur, vol met soms onvermoede voordelen, die het Maison de la Pierre u uitnodigt te ontdekken tijdens<strong>workshops over de kracht van planten<\/strong>. A <strong>kruidendokter <\/strong>zal u meer vertellen over de <strong>deugden van planten.<\/strong><\/p>\n\n\n\n<div class=\"wp-block-strate-full alignfull\">\n\n    <div class=\"wp-block-strate-full-thumbnail\">\n        <img data-src=\"https:\/\/www.creilsudoise-tourisme.fr\/wp-content\/uploads\/2023\/02\/Demonstration-extraction-1600x839.jpg\" alt=\"Demonstratie van steenwinning in het Maison de la Pierre\">\n    <\/div>\n\n\t\n        <div class=\"wp-block-strate-full-content wp-block-strate-full-content-left\">\n\t\t\t\t\t\t                <p class=\"wp-block-strate-full-content-excerpt\"> Het Maison de la Pierre organiseert regelmatig <strong>evenementen <\/strong>met vele <strong>entertainment voor kinderen en volwassenen!<\/strong> <\/p>\n\t\t\t        <\/div>\n\n\t\n<\/div>\n\n\n\n<h3 id=\"programmation\">Een rijk programma<\/h3>\n\n\n\n<p>Gedurende het hele jaar heeft de<strong> Maison de la Pierre neemt deel aan vele nationale evenementen<\/strong> als de <a href=\"https:\/\/www.nuitdelachauvesouris.com\/\" target=\"_blank\" rel=\"noreferrer noopener\">Vleermuisnacht<\/a>de <a href=\"https:\/\/nuitdesmusees.culture.gouv.fr\/\" target=\"_blank\" rel=\"noreferrer noopener\">Nacht van de Musea<\/a>s, de <a href=\"https:\/\/journeesdupatrimoine.culture.gouv.fr\/\" target=\"_blank\" rel=\"noreferrer noopener\">Europese erfgoeddagen<\/a> of de <a href=\"https:\/\/www.fetedelascience.fr\/\" target=\"_blank\" rel=\"noreferrer noopener\">Wetenschapsfestival<\/a>. Bij deze gelegenheid kunt u <strong>deelnemen aan nieuwe activiteiten<\/strong> over geologie, vleermuizen in de steengroeven en vele andere verrassingen! <\/p>\n\n\n\n<div class=\"is-layout-flex wp-container-10 wp-block-columns\">\n<div class=\"is-layout-flow wp-block-column\">\n<figure class=\"wp-block-image size-large\"><img decoding=\"async\" loading=\"lazy\" width=\"1000\" height=\"635\" data-src=\"https:\/\/www.creilsudoise-tourisme.fr\/wp-content\/uploads\/wpetourisme\/c-Maison-de-la-pierre--6--2.jpg\" alt=\"Verhalenwandeling in het Maison de la Pierre in Saint-Maximin\" class=\"wp-image-45184\" data-srcset=\"https:\/\/www.creilsudoise-tourisme.fr\/wp-content\/uploads\/wpetourisme\/c-Maison-de-la-pierre--6--2.jpg 1000w, https:\/\/www.creilsudoise-tourisme.fr\/wp-content\/uploads\/wpetourisme\/c-Maison-de-la-pierre--6--2-600x381.jpg 600w, https:\/\/www.creilsudoise-tourisme.fr\/wp-content\/uploads\/wpetourisme\/c-Maison-de-la-pierre--6--2-900x572.jpg 900w, https:\/\/www.creilsudoise-tourisme.fr\/wp-content\/uploads\/wpetourisme\/c-Maison-de-la-pierre--6--2-18x12.jpg 18w, https:\/\/www.creilsudoise-tourisme.fr\/wp-content\/uploads\/wpetourisme\/c-Maison-de-la-pierre--6--2-200x127.jpg 200w, https:\/\/www.creilsudoise-tourisme.fr\/wp-content\/uploads\/wpetourisme\/c-Maison-de-la-pierre--6--2-650x413.jpg 650w, https:\/\/www.creilsudoise-tourisme.fr\/wp-content\/uploads\/wpetourisme\/c-Maison-de-la-pierre--6--2-387x246.jpg 387w\" sizes=\"(max-width: 1000px) 100vw, 1000px\" \/><\/figure>\n<\/div>\n\n\n\n<div class=\"is-layout-flow wp-block-column\">\n<p>U kunt ook profiteren van <strong>verhalenwandelingen<\/strong> rond het thema Pasen, Halloween of Kerstmis: een gelegenheid om de ondergrondse steengroeve te ontdekken in een <strong>sprookjesachtige sfeer <\/strong>!<\/p>\n<\/div>\n<\/div>\n\n\n\n<p>Elk jaar wordt een <strong>tijdelijke tentoonstelling<\/strong> U kunt bijvoorbeeld meer te weten komen over het werk van een steenhouwer, geologie of het gebruik van steen. <\/p>\n\n\n\n<figure class=\"wp-block-image size-large\"><img decoding=\"async\" loading=\"lazy\" width=\"1200\" height=\"567\" data-src=\"https:\/\/www.creilsudoise-tourisme.fr\/wp-content\/uploads\/2023\/02\/GallerieDuFrondDeTaille_0621_ExpoCartePostale_Creilsudoisetourisme-21-e1677150559246-1200x567.jpg\" alt=\"Elk jaar zijn er tijdelijke tentoonstellingen\" class=\"wp-image-45092\" data-srcset=\"https:\/\/www.creilsudoise-tourisme.fr\/wp-content\/uploads\/2023\/02\/GallerieDuFrondDeTaille_0621_ExpoCartePostale_Creilsudoisetourisme-21-e1677150559246-1200x567.jpg 1200w, https:\/\/www.creilsudoise-tourisme.fr\/wp-content\/uploads\/2023\/02\/GallerieDuFrondDeTaille_0621_ExpoCartePostale_Creilsudoisetourisme-21-e1677150559246-600x283.jpg 600w, https:\/\/www.creilsudoise-tourisme.fr\/wp-content\/uploads\/2023\/02\/GallerieDuFrondDeTaille_0621_ExpoCartePostale_Creilsudoisetourisme-21-e1677150559246-900x425.jpg 900w, https:\/\/www.creilsudoise-tourisme.fr\/wp-content\/uploads\/2023\/02\/GallerieDuFrondDeTaille_0621_ExpoCartePostale_Creilsudoisetourisme-21-e1677150559246-1536x726.jpg 1536w, https:\/\/www.creilsudoise-tourisme.fr\/wp-content\/uploads\/2023\/02\/GallerieDuFrondDeTaille_0621_ExpoCartePostale_Creilsudoisetourisme-21-e1677150559246-18x9.jpg 18w, https:\/\/www.creilsudoise-tourisme.fr\/wp-content\/uploads\/2023\/02\/GallerieDuFrondDeTaille_0621_ExpoCartePostale_Creilsudoisetourisme-21-e1677150559246-200x94.jpg 200w, https:\/\/www.creilsudoise-tourisme.fr\/wp-content\/uploads\/2023\/02\/GallerieDuFrondDeTaille_0621_ExpoCartePostale_Creilsudoisetourisme-21-e1677150559246-650x307.jpg 650w, https:\/\/www.creilsudoise-tourisme.fr\/wp-content\/uploads\/2023\/02\/GallerieDuFrondDeTaille_0621_ExpoCartePostale_Creilsudoisetourisme-21-e1677150559246-387x183.jpg 387w, https:\/\/www.creilsudoise-tourisme.fr\/wp-content\/uploads\/2023\/02\/GallerieDuFrondDeTaille_0621_ExpoCartePostale_Creilsudoisetourisme-21-e1677150559246.jpg 1920w\" sizes=\"(max-width: 1200px) 100vw, 1200px\" \/><figcaption class=\"wp-element-caption\">Creil Sud Oise Toerisme<\/figcaption><\/figure>\n\n\n\n<p>En om uw bezoek compleet te maken, ontdek het programma van tijdelijke tentoonstellingen en<a href=\"https:\/\/www.saintmaximin.eu\/\" target=\"_blank\" rel=\"noreferrer noopener\">evenementen georganiseerd door het gemeentehuis van Saint-Maximin<\/a>.<\/p>\n\n\n<div data-related-sit=\"1\" data-block-type=\"related-sit-gt\" data-block-id=\"wpet-sit-1c5ai7pf4e0\"><div class=\"wp-block wp-block-related-post wp-block-related-list-sit alignfull\">\n    \n    <div class=\"container\">\n\n                    <h2 class=\"wp-block-related-post-title\">Geniet van het programma!<\/h2>\n        \n                    <div id=\"wpiris-related-post-135\" data-id=\"wpiris-entity-slider\">\n                <div class=\"wp-block-related-post-list wp-block-related-post-list--14\" data-id=\"wpiris-entity-slider-wrapper\">\n\n                    \n<div class=\"entityItem\" data-trigger=\"wpiris-click\" data-id=\"wpiris-entity-slider-item\">\n    <p class=\"entityItemThumbnail\">\n        <a href=\"https:\/\/www.creilsudoise-tourisme.fr\/nl\/agenda-animations\/stage-ceramique-2\/\" nofancybox>\n            <img data-src=\"https:\/\/www.creilsudoise-tourisme.fr\/wp-content\/uploads\/wpetourisme\/Faconnez-votre-ceramique-275x350.png\" alt=\"Stage | Keramiek\">\n        <\/a>\n    <\/p>\n    <div class=\"entityItemContent\">\n        <h2 class=\"entityItemContentTitle\">\n            <a href=\"https:\/\/www.creilsudoise-tourisme.fr\/nl\/agenda-animations\/stage-ceramique-2\/\">Stage | Keramiek<\/a>\n        <\/h2>\n                    <p class=\"entityItemContentType\">Festivals en evenementen<\/p>\n            <\/div>\n    <a href=\"https:\/\/www.creilsudoise-tourisme.fr\/nl\/agenda-animations\/stage-ceramique-2\/\" class=\"seeMore\"><span class=\"sr-only\">Meer zien<\/span><\/a>\n<\/div>\n\n<div class=\"entityItem\" data-trigger=\"wpiris-click\" data-id=\"wpiris-entity-slider-item\">\n    <p class=\"entityItemThumbnail\">\n        <a href=\"https:\/\/www.creilsudoise-tourisme.fr\/nl\/agenda-animations\/kerstfeest-workshop-glas-in-lood\/\" nofancybox>\n            <img data-src=\"https:\/\/www.creilsudoise-tourisme.fr\/wp-content\/uploads\/wpetourisme\/Noel---Post-FB-Insta-2-275x350.jpg\" alt=\"Kerstfestiviteiten | Glas-in-lood workshop\">\n        <\/a>\n    <\/p>\n    <div class=\"entityItemContent\">\n        <h2 class=\"entityItemContentTitle\">\n            <a href=\"https:\/\/www.creilsudoise-tourisme.fr\/nl\/agenda-animations\/kerstfeest-workshop-glas-in-lood\/\">Kerstfestiviteiten | Glas-in-lood workshop<\/a>\n        <\/h2>\n                    <p class=\"entityItemContentType\">Festivals en evenementen<\/p>\n            <\/div>\n    <a href=\"https:\/\/www.creilsudoise-tourisme.fr\/nl\/agenda-animations\/kerstfeest-workshop-glas-in-lood\/\" class=\"seeMore\"><span class=\"sr-only\">Meer zien<\/span><\/a>\n<\/div>\n\n<div class=\"entityItem\" data-trigger=\"wpiris-click\" data-id=\"wpiris-entity-slider-item\">\n    <p class=\"entityItemThumbnail\">\n        <a href=\"https:\/\/www.creilsudoise-tourisme.fr\/nl\/agenda-animations\/les-relais-de-lacso\/\" nofancybox>\n            <img data-src=\"https:\/\/www.creilsudoise-tourisme.fr\/wp-content\/uploads\/wpetourisme\/relais-de-l-ACSO-2026-700x700px-275x350.jpg\" alt=\"De ACSO Estafettes\">\n        <\/a>\n    <\/p>\n    <div class=\"entityItemContent\">\n        <h2 class=\"entityItemContentTitle\">\n            <a href=\"https:\/\/www.creilsudoise-tourisme.fr\/nl\/agenda-animations\/les-relais-de-lacso\/\">De ACSO Estafettes<\/a>\n        <\/h2>\n                    <p class=\"entityItemContentType\">Festivals en evenementen<\/p>\n            <\/div>\n    <a href=\"https:\/\/www.creilsudoise-tourisme.fr\/nl\/agenda-animations\/les-relais-de-lacso\/\" class=\"seeMore\"><span class=\"sr-only\">Meer zien<\/span><\/a>\n<\/div>\n\n<div class=\"entityItem\" data-trigger=\"wpiris-click\" data-id=\"wpiris-entity-slider-item\">\n    <p class=\"entityItemThumbnail\">\n        <a href=\"https:\/\/www.creilsudoise-tourisme.fr\/nl\/agenda-animations\/stage-mosaique-3\/\" nofancybox>\n            <img data-src=\"https:\/\/www.creilsudoise-tourisme.fr\/wp-content\/uploads\/wpetourisme\/1000063457-275x350.jpg\" alt=\"Workshop | Moza\u00efek\">\n        <\/a>\n    <\/p>\n    <div class=\"entityItemContent\">\n        <h2 class=\"entityItemContentTitle\">\n            <a href=\"https:\/\/www.creilsudoise-tourisme.fr\/nl\/agenda-animations\/stage-mosaique-3\/\">Workshop | Moza\u00efek<\/a>\n        <\/h2>\n                    <p class=\"entityItemContentType\">Festivals en evenementen<\/p>\n            <\/div>\n    <a href=\"https:\/\/www.creilsudoise-tourisme.fr\/nl\/agenda-animations\/stage-mosaique-3\/\" class=\"seeMore\"><span class=\"sr-only\">Meer zien<\/span><\/a>\n<\/div>\n\n<div class=\"entityItem\" data-trigger=\"wpiris-click\" data-id=\"wpiris-entity-slider-item\">\n    <p class=\"entityItemThumbnail\">\n        <a href=\"https:\/\/www.creilsudoise-tourisme.fr\/nl\/agenda-animations\/cursus-keramiek-kinderen-3-2\/\" nofancybox>\n            <img data-src=\"https:\/\/www.creilsudoise-tourisme.fr\/wp-content\/uploads\/wpetourisme\/Faconnez-votre-ceramique-275x350.png\" alt=\"Stage | Keramiek\">\n        <\/a>\n    <\/p>\n    <div class=\"entityItemContent\">\n        <h2 class=\"entityItemContentTitle\">\n            <a href=\"https:\/\/www.creilsudoise-tourisme.fr\/nl\/agenda-animations\/cursus-keramiek-kinderen-3-2\/\">Stage | Keramiek<\/a>\n        <\/h2>\n                    <p class=\"entityItemContentType\">Festivals en evenementen<\/p>\n            <\/div>\n    <a href=\"https:\/\/www.creilsudoise-tourisme.fr\/nl\/agenda-animations\/cursus-keramiek-kinderen-3-2\/\" class=\"seeMore\"><span class=\"sr-only\">Meer zien<\/span><\/a>\n<\/div>\n\n<div class=\"entityItem\" data-trigger=\"wpiris-click\" data-id=\"wpiris-entity-slider-item\">\n    <p class=\"entityItemThumbnail\">\n        <a href=\"https:\/\/www.creilsudoise-tourisme.fr\/nl\/agenda-animations\/stage-vitrail-6\/\" nofancybox>\n            <img data-src=\"https:\/\/www.creilsudoise-tourisme.fr\/wp-content\/uploads\/wpetourisme\/Creez-votre-vitrail-275x350.png\" alt=\"Stage | Glas in lood\">\n        <\/a>\n    <\/p>\n    <div class=\"entityItemContent\">\n        <h2 class=\"entityItemContentTitle\">\n            <a href=\"https:\/\/www.creilsudoise-tourisme.fr\/nl\/agenda-animations\/stage-vitrail-6\/\">Stage | Glas in lood<\/a>\n        <\/h2>\n                    <p class=\"entityItemContentType\">Festivals en evenementen<\/p>\n            <\/div>\n    <a href=\"https:\/\/www.creilsudoise-tourisme.fr\/nl\/agenda-animations\/stage-vitrail-6\/\" class=\"seeMore\"><span class=\"sr-only\">Meer zien<\/span><\/a>\n<\/div>\n\n<div class=\"entityItem\" data-trigger=\"wpiris-click\" data-id=\"wpiris-entity-slider-item\">\n    <p class=\"entityItemThumbnail\">\n        <a href=\"https:\/\/www.creilsudoise-tourisme.fr\/nl\/agenda-animations\/initiatie-lithotherapie-3-2\/\" nofancybox>\n            <img data-src=\"https:\/\/www.creilsudoise-tourisme.fr\/wp-content\/uploads\/wpetourisme\/Fabriquez-votre-bijou-275x350.png\" alt=\"Workshop Lithotherapie\">\n        <\/a>\n    <\/p>\n    <div class=\"entityItemContent\">\n        <h2 class=\"entityItemContentTitle\">\n            <a href=\"https:\/\/www.creilsudoise-tourisme.fr\/nl\/agenda-animations\/initiatie-lithotherapie-3-2\/\">Workshop Lithotherapie<\/a>\n        <\/h2>\n                    <p class=\"entityItemContentType\">Festivals en evenementen<\/p>\n            <\/div>\n    <a href=\"https:\/\/www.creilsudoise-tourisme.fr\/nl\/agenda-animations\/initiatie-lithotherapie-3-2\/\" class=\"seeMore\"><span class=\"sr-only\">Meer zien<\/span><\/a>\n<\/div>\n\n<div class=\"entityItem\" data-trigger=\"wpiris-click\" data-id=\"wpiris-entity-slider-item\">\n    <p class=\"entityItemThumbnail\">\n        <a href=\"https:\/\/www.creilsudoise-tourisme.fr\/nl\/agenda-animations\/stage-mosaique-2\/\" nofancybox>\n            <img data-src=\"https:\/\/www.creilsudoise-tourisme.fr\/wp-content\/uploads\/wpetourisme\/1000063457-275x350.jpg\" alt=\"Workshop | Moza\u00efek\">\n        <\/a>\n    <\/p>\n    <div class=\"entityItemContent\">\n        <h2 class=\"entityItemContentTitle\">\n            <a href=\"https:\/\/www.creilsudoise-tourisme.fr\/nl\/agenda-animations\/stage-mosaique-2\/\">Workshop | Moza\u00efek<\/a>\n        <\/h2>\n                    <p class=\"entityItemContentType\">Festivals en evenementen<\/p>\n            <\/div>\n    <a href=\"https:\/\/www.creilsudoise-tourisme.fr\/nl\/agenda-animations\/stage-mosaique-2\/\" class=\"seeMore\"><span class=\"sr-only\">Meer zien<\/span><\/a>\n<\/div>\n\n<div class=\"entityItem\" data-trigger=\"wpiris-click\" data-id=\"wpiris-entity-slider-item\">\n    <p class=\"entityItemThumbnail\">\n        <a href=\"https:\/\/www.creilsudoise-tourisme.fr\/nl\/agenda-animations\/stage-mosaique-4\/\" nofancybox>\n            <img data-src=\"https:\/\/www.creilsudoise-tourisme.fr\/wp-content\/uploads\/wpetourisme\/1000063457-275x350.jpg\" alt=\"Workshop | Moza\u00efek\">\n        <\/a>\n    <\/p>\n    <div class=\"entityItemContent\">\n        <h2 class=\"entityItemContentTitle\">\n            <a href=\"https:\/\/www.creilsudoise-tourisme.fr\/nl\/agenda-animations\/stage-mosaique-4\/\">Workshop | Moza\u00efek<\/a>\n        <\/h2>\n                    <p class=\"entityItemContentType\">Festivals en evenementen<\/p>\n            <\/div>\n    <a href=\"https:\/\/www.creilsudoise-tourisme.fr\/nl\/agenda-animations\/stage-mosaique-4\/\" class=\"seeMore\"><span class=\"sr-only\">Meer zien<\/span><\/a>\n<\/div>\n\n<div class=\"entityItem\" data-trigger=\"wpiris-click\" data-id=\"wpiris-entity-slider-item\">\n    <p class=\"entityItemThumbnail\">\n        <a href=\"https:\/\/www.creilsudoise-tourisme.fr\/nl\/agenda-animations\/stage-vitrail-5\/\" nofancybox>\n            <img data-src=\"https:\/\/www.creilsudoise-tourisme.fr\/wp-content\/uploads\/wpetourisme\/Creez-votre-vitrail-275x350.png\" alt=\"Stage | Glas in lood\">\n        <\/a>\n    <\/p>\n    <div class=\"entityItemContent\">\n        <h2 class=\"entityItemContentTitle\">\n            <a href=\"https:\/\/www.creilsudoise-tourisme.fr\/nl\/agenda-animations\/stage-vitrail-5\/\">Stage | Glas in lood<\/a>\n        <\/h2>\n                    <p class=\"entityItemContentType\">Festivals en evenementen<\/p>\n            <\/div>\n    <a href=\"https:\/\/www.creilsudoise-tourisme.fr\/nl\/agenda-animations\/stage-vitrail-5\/\" class=\"seeMore\"><span class=\"sr-only\">Meer zien<\/span><\/a>\n<\/div>\n\n<div class=\"entityItem\" data-trigger=\"wpiris-click\" data-id=\"wpiris-entity-slider-item\">\n    <p class=\"entityItemThumbnail\">\n        <a href=\"https:\/\/www.creilsudoise-tourisme.fr\/nl\/agenda-animations\/atelier-lithotherapie-2\/\" nofancybox>\n            <img data-src=\"https:\/\/www.creilsudoise-tourisme.fr\/wp-content\/uploads\/wpetourisme\/Fabriquez-votre-bijou-275x350.png\" alt=\"Workshop Lithotherapie\">\n        <\/a>\n    <\/p>\n    <div class=\"entityItemContent\">\n        <h2 class=\"entityItemContentTitle\">\n            <a href=\"https:\/\/www.creilsudoise-tourisme.fr\/nl\/agenda-animations\/atelier-lithotherapie-2\/\">Workshop Lithotherapie<\/a>\n        <\/h2>\n                    <p class=\"entityItemContentType\">Festivals en evenementen<\/p>\n            <\/div>\n    <a href=\"https:\/\/www.creilsudoise-tourisme.fr\/nl\/agenda-animations\/atelier-lithotherapie-2\/\" class=\"seeMore\"><span class=\"sr-only\">Meer zien<\/span><\/a>\n<\/div>\n\n<div class=\"entityItem\" data-trigger=\"wpiris-click\" data-id=\"wpiris-entity-slider-item\">\n    <p class=\"entityItemThumbnail\">\n        <a href=\"https:\/\/www.creilsudoise-tourisme.fr\/nl\/agenda-animations\/stage-vitrail-4\/\" nofancybox>\n            <img data-src=\"https:\/\/www.creilsudoise-tourisme.fr\/wp-content\/uploads\/wpetourisme\/Creez-votre-vitrail-275x350.png\" alt=\"Stage | Glas in lood\">\n        <\/a>\n    <\/p>\n    <div class=\"entityItemContent\">\n        <h2 class=\"entityItemContentTitle\">\n            <a href=\"https:\/\/www.creilsudoise-tourisme.fr\/nl\/agenda-animations\/stage-vitrail-4\/\">Stage | Glas in lood<\/a>\n        <\/h2>\n                    <p class=\"entityItemContentType\">Festivals en evenementen<\/p>\n            <\/div>\n    <a href=\"https:\/\/www.creilsudoise-tourisme.fr\/nl\/agenda-animations\/stage-vitrail-4\/\" class=\"seeMore\"><span class=\"sr-only\">Meer zien<\/span><\/a>\n<\/div>\n\n<div class=\"entityItem\" data-trigger=\"wpiris-click\" data-id=\"wpiris-entity-slider-item\">\n    <p class=\"entityItemThumbnail\">\n        <a href=\"https:\/\/www.creilsudoise-tourisme.fr\/nl\/agenda-animations\/glas-in-lood-cursus-3\/\" nofancybox>\n            <img data-src=\"https:\/\/www.creilsudoise-tourisme.fr\/wp-content\/uploads\/wpetourisme\/Creez-votre-vitrail-275x350.png\" alt=\"Stage | Glas in lood\">\n        <\/a>\n    <\/p>\n    <div class=\"entityItemContent\">\n        <h2 class=\"entityItemContentTitle\">\n            <a href=\"https:\/\/www.creilsudoise-tourisme.fr\/nl\/agenda-animations\/glas-in-lood-cursus-3\/\">Stage | Glas in lood<\/a>\n        <\/h2>\n                    <p class=\"entityItemContentType\">Festivals en evenementen<\/p>\n            <\/div>\n    <a href=\"https:\/\/www.creilsudoise-tourisme.fr\/nl\/agenda-animations\/glas-in-lood-cursus-3\/\" class=\"seeMore\"><span class=\"sr-only\">Meer zien<\/span><\/a>\n<\/div>\n\n<div class=\"entityItem\" data-trigger=\"wpiris-click\" data-id=\"wpiris-entity-slider-item\">\n    <p class=\"entityItemThumbnail\">\n        <a href=\"https:\/\/www.creilsudoise-tourisme.fr\/nl\/agenda-animations\/stage-vitrail-2\/\" nofancybox>\n            <img data-src=\"https:\/\/www.creilsudoise-tourisme.fr\/wp-content\/uploads\/wpetourisme\/Creez-votre-vitrail-275x350.png\" alt=\"Stage | Glas in lood\">\n        <\/a>\n    <\/p>\n    <div class=\"entityItemContent\">\n        <h2 class=\"entityItemContentTitle\">\n            <a href=\"https:\/\/www.creilsudoise-tourisme.fr\/nl\/agenda-animations\/stage-vitrail-2\/\">Stage | Glas in lood<\/a>\n        <\/h2>\n                    <p class=\"entityItemContentType\">Festivals en evenementen<\/p>\n            <\/div>\n    <a href=\"https:\/\/www.creilsudoise-tourisme.fr\/nl\/agenda-animations\/stage-vitrail-2\/\" class=\"seeMore\"><span class=\"sr-only\">Meer zien<\/span><\/a>\n<\/div>\n                <\/div>\n\n                \n<div class=\"sliderNav\">\n    <div class=\"sliderNavWrapper\">\n        <p class=\"swiperArrow swiperArrow--next\" data-trigger=\"swiper-next\">\n            <span class=\"sr-only\">Volgende<\/span>\n        <\/p>\n        <p class=\"swiperArrow swiperArrow--prev\" data-trigger=\"swiper-prev\">\n            <span class=\"sr-only\">Vorige<\/span>\n        <\/p>\n    <\/div>\n<\/div>\n            <\/div>\n            <\/div>\n<\/div><\/div>\n\n\n<div class=\"wp-block-strate-full alignfull\">\n\n    <div class=\"wp-block-strate-full-thumbnail\">\n        <img data-src=\"https:\/\/www.creilsudoise-tourisme.fr\/wp-content\/uploads\/2023\/02\/Visite-en-groupes-a-la-Maison-de-la-Pierre-1600x812.jpg\" alt=\"Groepsbezoeken aan het Maison de la Pierre\">\n    <\/div>\n\n\t\n        <div class=\"wp-block-strate-full-content wp-block-strate-full-content-left\">\n\t\t\t                <h3 class=\"wp-block-strate-full-content-title\"> Bezoek het Stenen Huis als groep <\/h3>\n\t\t\t\t\t\t                <p class=\"wp-block-strate-full-content-excerpt\"> <strong>Het Maison de la Pierre verwelkomt ook <a href=\"https:\/\/www.creilsudoise-tourisme.fr\/nl\/explore-groepen\/must-haves-groepen\/maison-de-la-pierre-2\/\" target=\"_blank\" rel=\"noreferrer noopener\">groepen<\/a>volwassenen of jongeren<\/strong> ! Rondleidingen of verhalen vertellen, cursussen steenhouwen of glas-in-lood, de activiteiten zijn gevarieerd! <\/p>\n\t\t\t        <\/div>\n\n\t\n<\/div>\n\n\n\n<h2>Goede plannen en kortingen<\/h2>\n\n\n\n<div class=\"is-layout-flex wp-container-13 wp-block-columns\">\n<div class=\"is-layout-flow wp-block-column is-vertically-aligned-center\" style=\"flex-basis:33.33%\"><div class=\"wp-block-image\">\n<figure class=\"aligncenter size-large is-resized\"><img decoding=\"async\" loading=\"lazy\" data-src=\"https:\/\/www.creilsudoise-tourisme.fr\/wp-content\/uploads\/2021\/03\/Logo-pass-agglo.jpg\" alt=\"Speciale tarieven met de Pass&#039;Agglo\" class=\"wp-image-32742\" width=\"150\" height=\"149\" data-srcset=\"https:\/\/www.creilsudoise-tourisme.fr\/wp-content\/uploads\/2021\/03\/Logo-pass-agglo.jpg 800w, https:\/\/www.creilsudoise-tourisme.fr\/wp-content\/uploads\/2021\/03\/Logo-pass-agglo-600x598.jpg 600w, https:\/\/www.creilsudoise-tourisme.fr\/wp-content\/uploads\/2021\/03\/Logo-pass-agglo-300x300.jpg 300w, https:\/\/www.creilsudoise-tourisme.fr\/wp-content\/uploads\/2021\/03\/Logo-pass-agglo-200x199.jpg 200w, https:\/\/www.creilsudoise-tourisme.fr\/wp-content\/uploads\/2021\/03\/Logo-pass-agglo-650x648.jpg 650w, https:\/\/www.creilsudoise-tourisme.fr\/wp-content\/uploads\/2021\/03\/Logo-pass-agglo-387x386.jpg 387w\" sizes=\"(max-width: 150px) 100vw, 150px\" \/><\/figure><\/div><\/div>\n\n\n\n<div class=\"is-layout-flow wp-block-column\" style=\"flex-basis:66.66%\">\n<h3>Pass'Agglo<\/h3>\n\n\n\n<p>Gereserveerd voor inwoners van de agglomeratie Creil Sud Oise (<em>Cramoisy, Creil, Maysel, Montataire, Nogent-sur-Oise, Rousseloy, Saint-Leu-d'Esserent, Saint-Maximin, Saint-Vaast-l\u00e8s-Mello, Thiverny en Villers-Saint-Paul.<\/em>), de<strong> <a href=\"https:\/\/www.creilsudoise.fr\/mon-passagglo\/?section=mon-passagglo\" target=\"_blank\" rel=\"noreferrer noopener\">Pass'Agglo<\/a> kunt u profiteren van voordelige tarieven <\/strong>voor vele activiteiten: sport, cultuur, toerisme...<\/p>\n<\/div>\n<\/div>\n\n\n\n<div class=\"is-layout-flex wp-container-16 wp-block-columns\">\n<div class=\"is-layout-flow wp-block-column is-vertically-aligned-center\" style=\"flex-basis:33.33%\"><div class=\"wp-block-image\">\n<figure class=\"aligncenter size-large\"><a href=\"https:\/\/www.pop-plainecommune.com\/\"><img decoding=\"async\" loading=\"lazy\" width=\"1200\" height=\"1200\" data-src=\"https:\/\/www.creilsudoise-tourisme.fr\/wp-content\/uploads\/2025\/05\/pop-pass-decouverte-1200x1200.jpg\" alt=\"\" class=\"wp-image-62852\" data-srcset=\"https:\/\/www.creilsudoise-tourisme.fr\/wp-content\/uploads\/2025\/05\/pop-pass-decouverte-1200x1200.jpg 1200w, https:\/\/www.creilsudoise-tourisme.fr\/wp-content\/uploads\/2025\/05\/pop-pass-decouverte-600x600.jpg 600w, https:\/\/www.creilsudoise-tourisme.fr\/wp-content\/uploads\/2025\/05\/pop-pass-decouverte-300x300.jpg 300w, https:\/\/www.creilsudoise-tourisme.fr\/wp-content\/uploads\/2025\/05\/pop-pass-decouverte-900x900.jpg 900w, https:\/\/www.creilsudoise-tourisme.fr\/wp-content\/uploads\/2025\/05\/pop-pass-decouverte-1536x1536.jpg 1536w, https:\/\/www.creilsudoise-tourisme.fr\/wp-content\/uploads\/2025\/05\/pop-pass-decouverte-12x12.jpg 12w, https:\/\/www.creilsudoise-tourisme.fr\/wp-content\/uploads\/2025\/05\/pop-pass-decouverte-200x200.jpg 200w, https:\/\/www.creilsudoise-tourisme.fr\/wp-content\/uploads\/2025\/05\/pop-pass-decouverte-650x650.jpg 650w, https:\/\/www.creilsudoise-tourisme.fr\/wp-content\/uploads\/2025\/05\/pop-pass-decouverte-387x387.jpg 387w, https:\/\/www.creilsudoise-tourisme.fr\/wp-content\/uploads\/2025\/05\/pop-pass-decouverte.jpg 1920w\" sizes=\"(max-width: 1200px) 100vw, 1200px\" \/><\/a><\/figure><\/div><\/div>\n\n\n\n<div class=\"is-layout-flow wp-block-column\" style=\"flex-basis:66.66%\">\n<h3>Pass'Pop Ontdekking <\/h3>\n\n\n\n<p>Creil Sud Oise Tourisme heeft de krachten gebundeld met de <a href=\"https:\/\/www.pop-plainecommune.com\/\">Plaine Commune opent haar deuren voor jou<\/a> om u <strong>lage tarieven om de omgeving van Saint-Denis te ontdekken<\/strong> ! Geniet ervan!<\/p>\n<\/div>\n<\/div>\n\n\n\n<hr class=\"wp-block-separator has-css-opacity\"\/>\n\n\n\n<div class=\"is-layout-flex wp-container-19 wp-block-columns\">\n<div class=\"is-layout-flow wp-block-column\" style=\"flex-basis:33.33%\"><div class=\"wp-block-image\">\n<figure class=\"aligncenter size-large is-resized\"><img decoding=\"async\" loading=\"lazy\" data-src=\"https:\/\/www.creilsudoise-tourisme.fr\/wp-content\/uploads\/2021\/05\/Logo_qualite-tourisme.jpg\" alt=\"Kwaliteit van het toerisme\" class=\"wp-image-34649\" width=\"165\" height=\"149\" data-srcset=\"https:\/\/www.creilsudoise-tourisme.fr\/wp-content\/uploads\/2021\/05\/Logo_qualite-tourisme.jpg 791w, https:\/\/www.creilsudoise-tourisme.fr\/wp-content\/uploads\/2021\/05\/Logo_qualite-tourisme-600x545.jpg 600w, https:\/\/www.creilsudoise-tourisme.fr\/wp-content\/uploads\/2021\/05\/Logo_qualite-tourisme-200x182.jpg 200w, https:\/\/www.creilsudoise-tourisme.fr\/wp-content\/uploads\/2021\/05\/Logo_qualite-tourisme-650x591.jpg 650w, https:\/\/www.creilsudoise-tourisme.fr\/wp-content\/uploads\/2021\/05\/Logo_qualite-tourisme-387x352.jpg 387w\" sizes=\"(max-width: 165px) 100vw, 165px\" \/><\/figure><\/div><\/div>\n\n\n\n<div class=\"is-layout-flow wp-block-column\" style=\"flex-basis:66.66%\">\n<p>Het Maison de la Pierre heeft de <strong><a href=\"https:\/\/www.qualite-tourisme.gouv.fr\/fr\" target=\"_blank\" rel=\"noreferrer noopener\">Kwaliteit van het toerisme<\/a><\/strong> voor zijn betrokkenheid bij de bezoekers, zijn diensten en zijn kwaliteitsontvangst.<\/p>\n<\/div>\n<\/div>\n\n\n\n<div class=\"is-layout-flex wp-container-22 wp-block-columns\">\n<div class=\"is-layout-flow wp-block-column\" style=\"flex-basis:33.33%\"><div class=\"wp-block-image\">\n<figure class=\"aligncenter size-large is-resized\"><img decoding=\"async\" loading=\"lazy\" data-src=\"https:\/\/www.creilsudoise-tourisme.fr\/wp-content\/uploads\/2022\/11\/Label_Tourisme-handicap.jpg\" alt=\"Label toerisme en handicap\" class=\"wp-image-43599\" width=\"219\" height=\"154\" data-srcset=\"https:\/\/www.creilsudoise-tourisme.fr\/wp-content\/uploads\/2022\/11\/Label_Tourisme-handicap.jpg 1179w, https:\/\/www.creilsudoise-tourisme.fr\/wp-content\/uploads\/2022\/11\/Label_Tourisme-handicap-600x422.jpg 600w, https:\/\/www.creilsudoise-tourisme.fr\/wp-content\/uploads\/2022\/11\/Label_Tourisme-handicap-900x634.jpg 900w, https:\/\/www.creilsudoise-tourisme.fr\/wp-content\/uploads\/2022\/11\/Label_Tourisme-handicap-200x141.jpg 200w, https:\/\/www.creilsudoise-tourisme.fr\/wp-content\/uploads\/2022\/11\/Label_Tourisme-handicap-650x458.jpg 650w, https:\/\/www.creilsudoise-tourisme.fr\/wp-content\/uploads\/2022\/11\/Label_Tourisme-handicap-550x385.jpg 550w, https:\/\/www.creilsudoise-tourisme.fr\/wp-content\/uploads\/2022\/11\/Label_Tourisme-handicap-387x272.jpg 387w\" sizes=\"(max-width: 219px) 100vw, 219px\" \/><\/figure><\/div><\/div>\n\n\n\n<div class=\"is-layout-flow wp-block-column\" style=\"flex-basis:66.66%\">\n<p>Het Stenen Huis staat op de lijst <strong><a href=\"https:\/\/www.tourisme-handicap.gouv.fr\/fr\" target=\"_blank\" rel=\"noreferrer noopener\">Toerisme &amp; Handicap<\/a> voor motorische, auditieve, visuele en mentale handicaps<\/strong>. De gidsen zijn opgeleid om mensen met een handicap te ontvangen en de route is aangepast.<\/p>\n<\/div>\n<\/div>\n\n\n\n<hr class=\"wp-block-separator has-css-opacity\"\/>\n\n\n\n<hr class=\"wp-block-separator has-css-opacity\"\/>\n\n\n\n<div class=\"wp-block wp-block-single-sit wp-block-single-sit-coordonnees\" >\n\n            <h2>Contactgegevens<\/h2>\n    \n    <div class=\"wp-block-media-text is-stacked-on-mobile\">\n\n        <div class=\"wp-block-media-text__media wpet-map-detail\" style=\"width:100%; height: 100%;\">\n            <div class=\"wp-block-media-text__media__content\" id=\"wpetSingleSitMap\" data-wpet-type-map=\"leaflet\" ><\/div>\n        <\/div>\n\n        <div class=\"wp-block-media-text__content\">\n\n                            <p class=\"wp-block-coordonnees__status wp-block-coordonnees__status--close\">\n                    Gesloten                <\/p>\n            \n            <p class=\"wp-block-media-text__content__address\">\n                                    <strong>Stone House<\/strong><br \/>\n                \n                                    22 Jean Jaur\u00e8s straat<br \/>\n                \n                                    <span>60740<\/span>\n                    <span>SAINT-MAXIMIN<\/span><br \/>\n                            <\/p>\n\n                                                <p class=\"wp-block-media-text__content__phone\"><a data-type=\"TEL\" href=\"tel: 33 3 44 61 18 54\">+33 3 44 61 18 54<\/a><\/p>\n                            \n            <a href=\"https:\/\/www.google.fr\/maps?saddr&#038;daddr=49.2224151,2.4444556\" target=\"_blank\" class=\"button GtmButtonCalculItinerairePrestataire\" rel=\"noopener noreferrer\">Mijn route berekenen<\/a>\n        <\/div>\n    <\/div>\n<\/div>\n\n\n    <div class=\"wp-block wp-block-single-sit wp-block-single-sit-ouvertures\" id=\"opening\">\n\n                    <h2>Openingstijden<\/h2>\n        \n        \t<div class=\"wpetTableList\" >\n                <div data-id=\"wpet-table-slider-wrapper\">\n\t\t    \t\t\t\t\t\t<div class=\"wpetTableContainer\" >\n\t\t\t\t<table class=\"wpetTable wpTable--opening\">\n\t\t\t\t\t<thead class=\"wpetTableHeader\">\n\t\t\t\t\t<tr>\n\t\t\t\t\t\t<td colspan=\"2\">\n\t\t\t\t\t\t\t\t\t\t\t\t\t\t\tDu 01 januari au 30 juni\t\t\t\t\t\t\t\t\t\t\t\t\t<\/td>\n\t\t\t\t\t<\/tr>\n\t\t\t\t\t<\/thead>\n\t\t\t\t\t\t\t\t\t\t\t\t\t\t\t\t\t\t<tr class=\"wpetTableLine\">\n\t\t\t\t\t\t\t\t<td class=\"wpetTableCell\">Maandag<\/td>\n\t\t\t\t\t\t\t\t<td class=\"wpetTableCell\">Gesloten<\/td>\n\t\t\t\t\t\t\t<\/tr>\n\t\t\t\t\t\t\t\t\t\t\t\t\t\t\t\t\t\t\t\t\t\t\t\t<tr class=\"wpetTableLine\">\n\t\t\t\t\t\t\t\t<td class=\"wpetTableCell\">Dinsdag<\/td>\n\t\t\t\t\t\t\t\t<td class=\"wpetTableCell\">Gesloten<\/td>\n\t\t\t\t\t\t\t<\/tr>\n\t\t\t\t\t\t\t\t\t\t\t\t\t\t\t\t\t\t\t\t\t\t\t\t<tr class=\"wpetTableLine\">\n\t\t\t\t\t\t\t\t<td class=\"wpetTableCell\">Woensdag<\/td>\n\t\t\t\t\t\t\t\t<td class=\"wpetTableCell\">Gesloten<\/td>\n\t\t\t\t\t\t\t<\/tr>\n\t\t\t\t\t\t\t\t\t\t\t\t\t\t\t\t\t\t\t\t\t\t\t\t<tr class=\"wpetTableLine\">\n\t\t\t\t\t\t\t\t<td class=\"wpetTableCell\">Donderdag<\/td>\n\t\t\t\t\t\t\t\t<td class=\"wpetTableCell\">Gesloten<\/td>\n\t\t\t\t\t\t\t<\/tr>\n\t\t\t\t\t\t\t\t\t\t\t\t\t\t\t\t\t\t\t\t\t\t\t\t<tr class=\"wpetTableLine\">\n\t\t\t\t\t\t\t\t<td class=\"wpetTableCell\">Vrijdag<\/td>\n\t\t\t\t\t\t\t\t<td class=\"wpetTableCell\">Gesloten<\/td>\n\t\t\t\t\t\t\t<\/tr>\n\t\t\t\t\t\t\t\t\t\t\t\t\t\t\t\t\t\t\t\t\t\t\t\t<tr class=\"wpetTableLine\">\n\t\t\t\t\t\t\t\t<td class=\"wpetTableCell\">Zaterdag<\/td>\n\t\t\t\t\t\t\t\t<td class=\"wpetTableCell\">Gesloten<\/td>\n\t\t\t\t\t\t\t<\/tr>\n\t\t\t\t\t\t\t\t\t\t\t\t\t\t\t\t\t\t\t\t\t\t\t\t<tr class=\"wpetTableLine\">\n\t\t\t\t\t\t\t\t<td class=\"wpetTableCell\">Zondag<\/td>\n\t\t\t\t\t\t\t\t<td class=\"wpetTableCell\">Gesloten<\/td>\n\t\t\t\t\t\t\t<\/tr>\n\t\t\t\t\t\t\t\t\t\t\t\t\t\t\t<\/table>\n\t\t\t<\/div>\n\t\t        <\/div>\n\t<\/div>\n\n    <\/div>\n\n\n\n    <div class=\"wp-block wp-block-single-sit wp-block-single-sit-tarifs\">\n\n                    <h2>Tarieven<\/h2>\n        \n        \n    <table class=\"wpetTable\">\n                    <tr class=\"wpetTableLine\">\n                <td class=\"wpetTableCell\">\n                    Tarief volwassenen                                            <span class=\"wpetTableCell--complement entryMeta\">Rondleiding door de ondergrondse steengroeve<\/span>\n                                    <\/td>\n                <td class=\"wpetTableCell\">7 \u20ac<\/td>\n            <\/tr>\n                    <tr class=\"wpetTableLine\">\n                <td class=\"wpetTableCell\">\n                    Andere tarieven                                            <span class=\"wpetTableCell--complement entryMeta\">tarif \u00e0 partir de&#8230; pour les stages artistiques<\/span>\n                                    <\/td>\n                <td class=\"wpetTableCell\">31 \u20ac<\/td>\n            <\/tr>\n                    <tr class=\"wpetTableLine\">\n                <td class=\"wpetTableCell\">\n                    Verlaagd tarief voor volwassenen                                            <span class=\"wpetTableCell--complement entryMeta\">Rondleiding ACSO bewoners, werklozen, gehandicapten<\/span>\n                                    <\/td>\n                <td class=\"wpetTableCell\">5 \u20ac<\/td>\n            <\/tr>\n                    <tr class=\"wpetTableLine\">\n                <td class=\"wpetTableCell\">\n                    Kindertarief                                            <span class=\"wpetTableCell--complement entryMeta\">Rondleiding door de ondergrondse steengroeve 5-17 jaar<\/span>\n                                    <\/td>\n                <td class=\"wpetTableCell\">5 \u20ac<\/td>\n            <\/tr>\n            <\/table>\n\n\n    \n    \n    \n    \n    <\/div>\n\n\n\n<div class=\"wp-block wp-block-related-post alignfull\">\n    <div class=\"container\">\n                    <h2 class=\"wp-block-related-post-title\">De ontdekkingsreizigers raadpleegden ook...<\/h2>\n                <div id=\"wpiris-related-post-427122654034189429529\" data-id=\"wpiris-entity-slider\">\n            <div class=\"wp-block-related-post-list wp-block-related-post-list--6\" data-id=\"wpiris-entity-slider-wrapper\">\n\n                \n<div class=\"entityItem\" data-trigger=\"wpiris-click\" data-id=\"wpiris-entity-slider-item\">\n    <p class=\"entityItemThumbnail\">\n        <a href=\"https:\/\/www.creilsudoise-tourisme.fr\/nl\/loisirs\/aire-de-pique-nique-de-saint-maximin\/\" nofancybox>\n            <img data-src=\"https:\/\/www.creilsudoise-tourisme.fr\/wp-content\/uploads\/wpetourisme\/BergesSaintMaximin-Hiver2023-CreilSudOiseTourisme--1--2-275x350.jpg\" alt=\"Picknickplaats aan de oevers van de Oise\">\n        <\/a>\n    <\/p>\n    <div class=\"entityItemContent\">\n        <h2 class=\"entityItemContentTitle\">\n            <a href=\"https:\/\/www.creilsudoise-tourisme.fr\/nl\/loisirs\/aire-de-pique-nique-de-saint-maximin\/\">Picknickplaats aan de oevers van de Oise<\/a>\n        <\/h2>\n                    <p class=\"entityItemContentType\">Sportieve, culturele en toeristische activiteiten<\/p>\n            <\/div>\n    <a href=\"https:\/\/www.creilsudoise-tourisme.fr\/nl\/loisirs\/aire-de-pique-nique-de-saint-maximin\/\" class=\"seeMore\"><span class=\"sr-only\">Meer zien<\/span><\/a>\n<\/div>\n\n<div class=\"entityItem\" data-trigger=\"wpiris-click\" data-id=\"wpiris-entity-slider-item\">\n    <p class=\"entityItemThumbnail\">\n        <a href=\"https:\/\/www.creilsudoise-tourisme.fr\/nl\/restaurant\/la-buvette\/\" nofancybox>\n            <img data-src=\"https:\/\/www.creilsudoise-tourisme.fr\/wp-content\/uploads\/wpetourisme\/photo-Anne-Sophie-FLAMENT-La-Buvette--bistrot-de-pays--Saint-Maximin--Arnaud-Martle-3114-275x350.jpg\" alt=\"La Buvette\">\n        <\/a>\n    <\/p>\n    <div class=\"entityItemContent\">\n        <h2 class=\"entityItemContentTitle\">\n            <a href=\"https:\/\/www.creilsudoise-tourisme.fr\/nl\/restaurant\/la-buvette\/\">La Buvette<\/a>\n        <\/h2>\n                    <p class=\"entityItemContentType\">Restauratie<\/p>\n            <\/div>\n    <a href=\"https:\/\/www.creilsudoise-tourisme.fr\/nl\/restaurant\/la-buvette\/\" class=\"seeMore\"><span class=\"sr-only\">Meer zien<\/span><\/a>\n<\/div>\n\n<div class=\"entityItem\" data-trigger=\"wpiris-click\" data-id=\"wpiris-entity-slider-item\">\n    <p class=\"entityItemThumbnail\">\n        <a href=\"https:\/\/www.creilsudoise-tourisme.fr\/nl\/patrimoine\/museum-van-bombardementen\/\" nofancybox>\n            <img data-src=\"https:\/\/www.creilsudoise-tourisme.fr\/wp-content\/uploads\/wpetourisme\/Musee-des-bombardements-a-Saint-Maximin---Creil-Sud-Oise-Tourisme--8--275x350.jpg\" alt=\"Bommuseum\">\n        <\/a>\n    <\/p>\n    <div class=\"entityItemContent\">\n        <h2 class=\"entityItemContentTitle\">\n            <a href=\"https:\/\/www.creilsudoise-tourisme.fr\/nl\/patrimoine\/museum-van-bombardementen\/\">Bommuseum<\/a>\n        <\/h2>\n                    <p class=\"entityItemContentType\">Cultureel erfgoed<\/p>\n            <\/div>\n    <a href=\"https:\/\/www.creilsudoise-tourisme.fr\/nl\/patrimoine\/museum-van-bombardementen\/\" class=\"seeMore\"><span class=\"sr-only\">Meer zien<\/span><\/a>\n<\/div>\n\n<div class=\"entityItem\" data-trigger=\"wpiris-click\" data-id=\"wpiris-entity-slider-item\">\n    <p class=\"entityItemThumbnail\">\n        <a href=\"https:\/\/www.creilsudoise-tourisme.fr\/nl\/espace-naturel\/etang-sainte-barbe\/\" nofancybox>\n            <img data-src=\"https:\/\/www.creilsudoise-tourisme.fr\/wp-content\/uploads\/wpetourisme\/EtangSainteBarbe-Novembre2021-CreilSudOiseTourisme--3--275x350.jpg\" alt=\"St. Barbara&#039;s Pond\">\n        <\/a>\n    <\/p>\n    <div class=\"entityItemContent\">\n        <h2 class=\"entityItemContentTitle\">\n            <a href=\"https:\/\/www.creilsudoise-tourisme.fr\/nl\/espace-naturel\/etang-sainte-barbe\/\">St. Barbara's Pond<\/a>\n        <\/h2>\n                    <p class=\"entityItemContentType\">Natuurlijk erfgoed<\/p>\n            <\/div>\n    <a href=\"https:\/\/www.creilsudoise-tourisme.fr\/nl\/espace-naturel\/etang-sainte-barbe\/\" class=\"seeMore\"><span class=\"sr-only\">Meer zien<\/span><\/a>\n<\/div>\n\n<div class=\"entityItem\" data-trigger=\"wpiris-click\" data-id=\"wpiris-entity-slider-item\">\n    <p class=\"entityItemThumbnail\">\n        <a href=\"https:\/\/www.creilsudoise-tourisme.fr\/nl\/loisirs\/les-glachoirs\/\" nofancybox>\n            <img data-src=\"https:\/\/www.creilsudoise-tourisme.fr\/wp-content\/uploads\/wpetourisme\/Glachoirs-Saint-Vaast-les-Mello-Escalade-Creil-Sud-Oise-Tourisme-2-275x350.jpg\" alt=\"De Ijsdozen\">\n        <\/a>\n    <\/p>\n    <div class=\"entityItemContent\">\n        <h2 class=\"entityItemContentTitle\">\n            <a href=\"https:\/\/www.creilsudoise-tourisme.fr\/nl\/loisirs\/les-glachoirs\/\">De Ijsdozen<\/a>\n        <\/h2>\n                    <p class=\"entityItemContentType\">Sportieve, culturele en toeristische activiteiten<\/p>\n            <\/div>\n    <a href=\"https:\/\/www.creilsudoise-tourisme.fr\/nl\/loisirs\/les-glachoirs\/\" class=\"seeMore\"><span class=\"sr-only\">Meer zien<\/span><\/a>\n<\/div>\n            <\/div>\n\n            \n<div class=\"sliderNav\">\n    <div class=\"sliderNavWrapper\">\n        <p class=\"swiperArrow swiperArrow--next\" data-trigger=\"swiper-next\">\n            <span class=\"sr-only\">Volgende<\/span>\n        <\/p>\n        <p class=\"swiperArrow swiperArrow--prev\" data-trigger=\"swiper-prev\">\n            <span class=\"sr-only\">Vorige<\/span>\n        <\/p>\n    <\/div>\n<\/div>\n        <\/div>\n    <\/div>\n<\/div>","protected":false},"excerpt":{"rendered":"<p>Het Maison de la Pierre, gelegen in de buurt van Chantilly en Senlis, is een ondergronds museum in een voormalige steengroeve! Het is een van de weinige plaatsen waar je meer te weten kunt komen over het leven van steengroevearbeiders in Noord-Frankrijk, en het is een eerbetoon aan het DNA van de bestemming Creil Sud Oise: de [...]<\/p>","protected":false},"author":1,"featured_media":45091,"parent":131,"menu_order":9,"comment_status":"closed","ping_status":"closed","template":"","meta":{"_relevanssi_hide_post":"","_relevanssi_hide_content":"","_relevanssi_pin_for_all":"","_relevanssi_pin_keywords":"","_relevanssi_unpin_keywords":"","_relevanssi_related_keywords":"","_relevanssi_related_include_ids":"","_relevanssi_related_exclude_ids":"","_relevanssi_related_no_append":"","_relevanssi_related_not_related":"","_relevanssi_related_posts":"275,273,267,271","_relevanssi_noindex_reason":""},"yoast_head":"<!-- This site is optimized with the Yoast SEO plugin v20.2.1 - https:\/\/yoast.com\/wordpress\/plugins\/seo\/ -->\n<title>Visitez une carri\u00e8re souterraine \u00e0 la Maison de la Pierre \u00e0 Saint-Maximin<\/title>\n<meta name=\"description\" content=\"Situ\u00e9e dans le sud de l&#039;Oise, pr\u00e8s de Chantilly, Senlis ou Compi\u00e8gne, la carri\u00e8re souterraine de la Maison de la Pierre se visite !\" \/>\n<meta name=\"robots\" content=\"index, follow, max-snippet:-1, max-image-preview:large, max-video-preview:-1\" \/>\n<link rel=\"canonical\" href=\"https:\/\/www.creilsudoise-tourisme.fr\/nl\/jexplore\/must-haves\/maison-de-la-pierre\/\" \/>\n<meta property=\"og:locale\" content=\"nl_NL\" \/>\n<meta property=\"og:type\" content=\"article\" \/>\n<meta property=\"og:title\" content=\"Visitez une carri\u00e8re souterraine \u00e0 la Maison de la Pierre \u00e0 Saint-Maximin\" \/>\n<meta property=\"og:description\" content=\"Situ\u00e9e dans le sud de l&#039;Oise, pr\u00e8s de Chantilly, Senlis ou Compi\u00e8gne, la carri\u00e8re souterraine de la Maison de la Pierre se visite !\" \/>\n<meta property=\"og:url\" content=\"https:\/\/www.creilsudoise-tourisme.fr\/nl\/jexplore\/must-haves\/maison-de-la-pierre\/\" \/>\n<meta property=\"og:site_name\" content=\"Office de Tourisme Creil Sud Oise\" \/>\n<meta property=\"article:publisher\" content=\"https:\/\/www.facebook.com\/creilsudoisetourisme\/\" \/>\n<meta property=\"article:modified_time\" content=\"2025-05-30T13:55:55+00:00\" \/>\n<meta property=\"og:image\" content=\"https:\/\/www.creilsudoise-tourisme.fr\/wp-content\/uploads\/2023\/02\/195_Maison-de-la-Pierre\u00a92022_Smellinckx-1.jpg\" \/>\n\t<meta property=\"og:image:width\" content=\"1920\" \/>\n\t<meta property=\"og:image:height\" content=\"1280\" \/>\n\t<meta property=\"og:image:type\" content=\"image\/jpeg\" \/>\n<meta name=\"twitter:card\" content=\"summary_large_image\" \/>\n<meta name=\"twitter:site\" content=\"@CreilSudOiseOT\" \/>\n<meta name=\"twitter:label1\" content=\"Geschatte leestijd\" \/>\n\t<meta name=\"twitter:data1\" content=\"7 minuten\" \/>\n<script type=\"application\/ld+json\" class=\"yoast-schema-graph\">{\"@context\":\"https:\/\/schema.org\",\"@graph\":[{\"@type\":\"WebPage\",\"@id\":\"https:\/\/www.creilsudoise-tourisme.fr\/jexplore\/incontournables\/maison-de-la-pierre\/\",\"url\":\"https:\/\/www.creilsudoise-tourisme.fr\/jexplore\/incontournables\/maison-de-la-pierre\/\",\"name\":\"Visitez une carri\u00e8re souterraine \u00e0 la Maison de la Pierre \u00e0 Saint-Maximin\",\"isPartOf\":{\"@id\":\"https:\/\/www.creilsudoise-tourisme.fr\/#website\"},\"datePublished\":\"2021-02-17T09:02:29+00:00\",\"dateModified\":\"2025-05-30T13:55:55+00:00\",\"description\":\"Situ\u00e9e dans le sud de l'Oise, pr\u00e8s de Chantilly, Senlis ou Compi\u00e8gne, la carri\u00e8re souterraine de la Maison de la Pierre se visite !\",\"breadcrumb\":{\"@id\":\"https:\/\/www.creilsudoise-tourisme.fr\/jexplore\/incontournables\/maison-de-la-pierre\/#breadcrumb\"},\"inLanguage\":\"nl\",\"potentialAction\":[{\"@type\":\"ReadAction\",\"target\":[\"https:\/\/www.creilsudoise-tourisme.fr\/jexplore\/incontournables\/maison-de-la-pierre\/\"]}]},{\"@type\":\"BreadcrumbList\",\"@id\":\"https:\/\/www.creilsudoise-tourisme.fr\/jexplore\/incontournables\/maison-de-la-pierre\/#breadcrumb\",\"itemListElement\":[{\"@type\":\"ListItem\",\"position\":1,\"name\":\"Accueil\",\"item\":\"https:\/\/www.creilsudoise-tourisme.fr\/\"},{\"@type\":\"ListItem\",\"position\":2,\"name\":\"J&rsquo;explore\",\"item\":\"https:\/\/www.creilsudoise-tourisme.fr\/jexplore\/\"},{\"@type\":\"ListItem\",\"position\":3,\"name\":\"Les incontournables\",\"item\":\"https:\/\/www.creilsudoise-tourisme.fr\/jexplore\/incontournables\/\"},{\"@type\":\"ListItem\",\"position\":4,\"name\":\"La Maison de la Pierre\"}]},{\"@type\":\"WebSite\",\"@id\":\"https:\/\/www.creilsudoise-tourisme.fr\/#website\",\"url\":\"https:\/\/www.creilsudoise-tourisme.fr\/\",\"name\":\"Office de Tourisme Creil Sud Oise\",\"description\":\"Creil Sud Oise Tourisme, un territoire \u00e0 explorer !\",\"publisher\":{\"@id\":\"https:\/\/www.creilsudoise-tourisme.fr\/#organization\"},\"potentialAction\":[{\"@type\":\"SearchAction\",\"target\":{\"@type\":\"EntryPoint\",\"urlTemplate\":\"https:\/\/www.creilsudoise-tourisme.fr\/?s={search_term_string}\"},\"query-input\":\"required name=search_term_string\"}],\"inLanguage\":\"nl\"},{\"@type\":\"Organization\",\"@id\":\"https:\/\/www.creilsudoise-tourisme.fr\/#organization\",\"name\":\"Creil Sud Oise Tourisme\",\"url\":\"https:\/\/www.creilsudoise-tourisme.fr\/\",\"logo\":{\"@type\":\"ImageObject\",\"inLanguage\":\"nl\",\"@id\":\"https:\/\/www.creilsudoise-tourisme.fr\/#\/schema\/logo\/image\/\",\"url\":\"https:\/\/www.creilsudoise-tourisme.fr\/wp-content\/uploads\/2021\/05\/logo-svg.png\",\"contentUrl\":\"https:\/\/www.creilsudoise-tourisme.fr\/wp-content\/uploads\/2021\/05\/logo-svg.png\",\"width\":182,\"height\":71,\"caption\":\"Creil Sud Oise Tourisme\"},\"image\":{\"@id\":\"https:\/\/www.creilsudoise-tourisme.fr\/#\/schema\/logo\/image\/\"},\"sameAs\":[\"https:\/\/www.facebook.com\/creilsudoisetourisme\/\",\"https:\/\/twitter.com\/CreilSudOiseOT\",\"https:\/\/www.instagram.com\/creilsudoisetourisme\/\",\"https:\/\/www.youtube.com\/channel\/UC8L_QD2wwyADW14zt9fY8kw\"]}]}<\/script>\n<!-- \/ Yoast SEO plugin. -->","yoast_head_json":{"title":"Visitez une carri\u00e8re souterraine \u00e0 la Maison de la Pierre \u00e0 Saint-Maximin","description":"Situ\u00e9e dans le sud de l'Oise, pr\u00e8s de Chantilly, Senlis ou Compi\u00e8gne, la carri\u00e8re souterraine de la Maison de la Pierre se visite !","robots":{"index":"index","follow":"follow","max-snippet":"max-snippet:-1","max-image-preview":"max-image-preview:large","max-video-preview":"max-video-preview:-1"},"canonical":"https:\/\/www.creilsudoise-tourisme.fr\/nl\/jexplore\/must-haves\/maison-de-la-pierre\/","og_locale":"nl_NL","og_type":"article","og_title":"Visitez une carri\u00e8re souterraine \u00e0 la Maison de la Pierre \u00e0 Saint-Maximin","og_description":"Situ\u00e9e dans le sud de l'Oise, pr\u00e8s de Chantilly, Senlis ou Compi\u00e8gne, la carri\u00e8re souterraine de la Maison de la Pierre se visite !","og_url":"https:\/\/www.creilsudoise-tourisme.fr\/nl\/jexplore\/must-haves\/maison-de-la-pierre\/","og_site_name":"Office de Tourisme Creil Sud Oise","article_publisher":"https:\/\/www.facebook.com\/creilsudoisetourisme\/","article_modified_time":"2025-05-30T13:55:55+00:00","og_image":[{"width":1920,"height":1280,"url":"https:\/\/www.creilsudoise-tourisme.fr\/wp-content\/uploads\/2023\/02\/195_Maison-de-la-Pierre\u00a92022_Smellinckx-1.jpg","type":"image\/jpeg"}],"twitter_card":"summary_large_image","twitter_site":"@CreilSudOiseOT","twitter_misc":{"Geschatte leestijd":"7 minuten"},"schema":{"@context":"https:\/\/schema.org","@graph":[{"@type":"WebPage","@id":"https:\/\/www.creilsudoise-tourisme.fr\/jexplore\/incontournables\/maison-de-la-pierre\/","url":"https:\/\/www.creilsudoise-tourisme.fr\/jexplore\/incontournables\/maison-de-la-pierre\/","name":"Visitez une carri\u00e8re souterraine \u00e0 la Maison de la Pierre \u00e0 Saint-Maximin","isPartOf":{"@id":"https:\/\/www.creilsudoise-tourisme.fr\/#website"},"datePublished":"2021-02-17T09:02:29+00:00","dateModified":"2025-05-30T13:55:55+00:00","description":"Situ\u00e9e dans le sud de l'Oise, pr\u00e8s de Chantilly, Senlis ou Compi\u00e8gne, la carri\u00e8re souterraine de la Maison de la Pierre se visite !","breadcrumb":{"@id":"https:\/\/www.creilsudoise-tourisme.fr\/jexplore\/incontournables\/maison-de-la-pierre\/#breadcrumb"},"inLanguage":"nl","potentialAction":[{"@type":"ReadAction","target":["https:\/\/www.creilsudoise-tourisme.fr\/jexplore\/incontournables\/maison-de-la-pierre\/"]}]},{"@type":"BreadcrumbList","@id":"https:\/\/www.creilsudoise-tourisme.fr\/jexplore\/incontournables\/maison-de-la-pierre\/#breadcrumb","itemListElement":[{"@type":"ListItem","position":1,"name":"Accueil","item":"https:\/\/www.creilsudoise-tourisme.fr\/"},{"@type":"ListItem","position":2,"name":"J&rsquo;explore","item":"https:\/\/www.creilsudoise-tourisme.fr\/jexplore\/"},{"@type":"ListItem","position":3,"name":"Les incontournables","item":"https:\/\/www.creilsudoise-tourisme.fr\/jexplore\/incontournables\/"},{"@type":"ListItem","position":4,"name":"La Maison de la Pierre"}]},{"@type":"WebSite","@id":"https:\/\/www.creilsudoise-tourisme.fr\/#website","url":"https:\/\/www.creilsudoise-tourisme.fr\/","name":"Office de Tourisme Creil Sud Oise","description":"Creil Sud Oise Tourisme, un territoire \u00e0 explorer !","publisher":{"@id":"https:\/\/www.creilsudoise-tourisme.fr\/#organization"},"potentialAction":[{"@type":"SearchAction","target":{"@type":"EntryPoint","urlTemplate":"https:\/\/www.creilsudoise-tourisme.fr\/?s={search_term_string}"},"query-input":"required name=search_term_string"}],"inLanguage":"nl"},{"@type":"Organization","@id":"https:\/\/www.creilsudoise-tourisme.fr\/#organization","name":"Creil Sud Oise Tourisme","url":"https:\/\/www.creilsudoise-tourisme.fr\/","logo":{"@type":"ImageObject","inLanguage":"nl","@id":"https:\/\/www.creilsudoise-tourisme.fr\/#\/schema\/logo\/image\/","url":"https:\/\/www.creilsudoise-tourisme.fr\/wp-content\/uploads\/2021\/05\/logo-svg.png","contentUrl":"https:\/\/www.creilsudoise-tourisme.fr\/wp-content\/uploads\/2021\/05\/logo-svg.png","width":182,"height":71,"caption":"Creil Sud Oise Tourisme"},"image":{"@id":"https:\/\/www.creilsudoise-tourisme.fr\/#\/schema\/logo\/image\/"},"sameAs":["https:\/\/www.facebook.com\/creilsudoisetourisme\/","https:\/\/twitter.com\/CreilSudOiseOT","https:\/\/www.instagram.com\/creilsudoisetourisme\/","https:\/\/www.youtube.com\/channel\/UC8L_QD2wwyADW14zt9fY8kw"]}]}},"_links":{"self":[{"href":"https:\/\/www.creilsudoise-tourisme.fr\/nl\/wp-json\/wp\/v2\/pages\/133"}],"collection":[{"href":"https:\/\/www.creilsudoise-tourisme.fr\/nl\/wp-json\/wp\/v2\/pages"}],"about":[{"href":"https:\/\/www.creilsudoise-tourisme.fr\/nl\/wp-json\/wp\/v2\/types\/page"}],"author":[{"embeddable":true,"href":"https:\/\/www.creilsudoise-tourisme.fr\/nl\/wp-json\/wp\/v2\/users\/1"}],"replies":[{"embeddable":true,"href":"https:\/\/www.creilsudoise-tourisme.fr\/nl\/wp-json\/wp\/v2\/comments?post=133"}],"version-history":[{"count":37,"href":"https:\/\/www.creilsudoise-tourisme.fr\/nl\/wp-json\/wp\/v2\/pages\/133\/revisions"}],"predecessor-version":[{"id":62854,"href":"https:\/\/www.creilsudoise-tourisme.fr\/nl\/wp-json\/wp\/v2\/pages\/133\/revisions\/62854"}],"up":[{"embeddable":true,"href":"https:\/\/www.creilsudoise-tourisme.fr\/nl\/wp-json\/wp\/v2\/pages\/131"}],"wp:featuredmedia":[{"embeddable":true,"href":"https:\/\/www.creilsudoise-tourisme.fr\/nl\/wp-json\/wp\/v2\/media\/45091"}],"wp:attachment":[{"href":"https:\/\/www.creilsudoise-tourisme.fr\/nl\/wp-json\/wp\/v2\/media?parent=133"}],"curies":[{"name":"wp","href":"https:\/\/api.w.org\/{rel}","templated":true}]}}