{"id":131,"date":"2021-02-17T10:02:26","date_gmt":"2021-02-17T09:02:26","guid":{"rendered":"https:\/\/www.creilsudoise-tourisme.fr\/les-incontournables\/"},"modified":"2021-05-17T12:34:40","modified_gmt":"2021-05-17T10:34:40","slug":"incontournables","status":"publish","type":"page","link":"https:\/\/www.creilsudoise-tourisme.fr\/nl\/jexplore\/must-haves\/","title":{"rendered":"De must-haves"},"content":{"rendered":"<p class=\"is-style-excerpt\"><strong>Ontdek de bestemming Creil Sud Oise<\/strong> door zijn <strong>must-haves <\/strong>gelegen in de <strong>Regio Hauts-de-France<\/strong>in <strong>de Oise<\/strong>30 min van Parijs, 1u15 van Amiens, 40 min van Compi\u00e8gne of Pierrefonds, 40 min van Beauvais, en 15 min van Chantilly of Senlis!<\/p>\n\n\n\n<div class=\"is-layout-flex wp-container-3 wp-block-columns\">\n<div class=\"is-layout-flow wp-block-column\">\n<div class=\"is-layout-flex wp-block-buttons is-content-justification-center\">\n<div class=\"wp-block-button\"><a class=\"wp-block-button__link\" href=\"https:\/\/www.creilsudoise-tourisme.fr\/nl\/jexplore\/#CommuneACSO\" target=\"_blank\" rel=\"noreferrer noopener\">Bezoek de 11 gemeenten van Creil Sud Oise<\/a><\/div>\n<\/div>\n<\/div>\n<\/div>\n\n\n<div class=\"wp-block wp-block-child-post alignwide\">\n    <div class=\"entityList clear\">\n        \n<div class=\"entityItem\" data-trigger=\"wpiris-click\" data-id=\"wpiris-entity-slider-item\">\n    <p class=\"entityItemThumbnail\">\n        <a href=\"https:\/\/www.creilsudoise-tourisme.fr\/nl\/jexplore\/must-haves\/wandelen\/\" nofancybox>\n            <img data-src=\"https:\/\/www.creilsudoise-tourisme.fr\/wp-content\/uploads\/2023\/04\/Randonnee_Creil-Sud-Oise-275x350.jpg\" alt=\"Wandelingen\">\n        <\/a>\n    <\/p>\n    <div class=\"entityItemContent\">\n        <h2 class=\"entityItemContentTitle\">\n            <a href=\"https:\/\/www.creilsudoise-tourisme.fr\/nl\/jexplore\/must-haves\/wandelen\/\">Wandelingen<\/a>\n        <\/h2>\n            <\/div>\n    <a href=\"https:\/\/www.creilsudoise-tourisme.fr\/nl\/jexplore\/must-haves\/wandelen\/\" class=\"seeMore\"><span class=\"sr-only\">Meer zien<\/span><\/a>\n<\/div>\n        \n<div class=\"entityItem\" data-trigger=\"wpiris-click\" data-id=\"wpiris-entity-slider-item\">\n    <p class=\"entityItemThumbnail\">\n        <a href=\"https:\/\/www.creilsudoise-tourisme.fr\/nl\/jexplore\/must-haves\/clouterie-rivierre\/\" nofancybox>\n            <img data-src=\"https:\/\/www.creilsudoise-tourisme.fr\/wp-content\/uploads\/2023\/09\/Clouterie-Rivierre-Creil-\u00a9-Arnaud-Beauvois-Oise-Tourisme-7-275x350.jpg\" alt=\"La Clouterie Rivierre\">\n        <\/a>\n    <\/p>\n    <div class=\"entityItemContent\">\n        <h2 class=\"entityItemContentTitle\">\n            <a href=\"https:\/\/www.creilsudoise-tourisme.fr\/nl\/jexplore\/must-haves\/clouterie-rivierre\/\">La Clouterie Rivierre<\/a>\n        <\/h2>\n            <\/div>\n    <a href=\"https:\/\/www.creilsudoise-tourisme.fr\/nl\/jexplore\/must-haves\/clouterie-rivierre\/\" class=\"seeMore\"><span class=\"sr-only\">Meer zien<\/span><\/a>\n<\/div>\n        \n<div class=\"entityItem\" data-trigger=\"wpiris-click\" data-id=\"wpiris-entity-slider-item\">\n    <p class=\"entityItemThumbnail\">\n        <a href=\"https:\/\/www.creilsudoise-tourisme.fr\/nl\/jexplore\/must-haves\/musee-galle-juillet\/\" nofancybox>\n            <img data-src=\"https:\/\/www.creilsudoise-tourisme.fr\/wp-content\/uploads\/2021\/04\/Visite-guide\u0301e-des-appartements-prive\u0301s-a\u0300-la-Maison-Galle\u0301-Juillet-275x350.jpg\" alt=\"Het museum Gall\u00e9-Juillet\">\n        <\/a>\n    <\/p>\n    <div class=\"entityItemContent\">\n        <h2 class=\"entityItemContentTitle\">\n            <a href=\"https:\/\/www.creilsudoise-tourisme.fr\/nl\/jexplore\/must-haves\/musee-galle-juillet\/\">Het museum Gall\u00e9-Juillet<\/a>\n        <\/h2>\n            <\/div>\n    <a href=\"https:\/\/www.creilsudoise-tourisme.fr\/nl\/jexplore\/must-haves\/musee-galle-juillet\/\" class=\"seeMore\"><span class=\"sr-only\">Meer zien<\/span><\/a>\n<\/div>\n        \n<div class=\"entityItem\" data-trigger=\"wpiris-click\" data-id=\"wpiris-entity-slider-item\">\n    <p class=\"entityItemThumbnail\">\n        <a href=\"https:\/\/www.creilsudoise-tourisme.fr\/nl\/jexplore\/must-haves\/chateau-montataire-2\/\" nofancybox>\n            <img data-src=\"https:\/\/www.creilsudoise-tourisme.fr\/wp-content\/uploads\/2021\/03\/Le-Cha\u0302teau-de-Montataire-sous-la-neige-275x350.jpg\" alt=\"Het kasteel van Montataire\">\n        <\/a>\n    <\/p>\n    <div class=\"entityItemContent\">\n        <h2 class=\"entityItemContentTitle\">\n            <a href=\"https:\/\/www.creilsudoise-tourisme.fr\/nl\/jexplore\/must-haves\/chateau-montataire-2\/\">Het kasteel van Montataire<\/a>\n        <\/h2>\n            <\/div>\n    <a href=\"https:\/\/www.creilsudoise-tourisme.fr\/nl\/jexplore\/must-haves\/chateau-montataire-2\/\" class=\"seeMore\"><span class=\"sr-only\">Meer zien<\/span><\/a>\n<\/div>\n        \n<div class=\"entityItem\" data-trigger=\"wpiris-click\" data-id=\"wpiris-entity-slider-item\">\n    <p class=\"entityItemThumbnail\">\n        <a href=\"https:\/\/www.creilsudoise-tourisme.fr\/nl\/jexplore\/must-haves\/abdijkerk\/\" nofancybox>\n            <img data-src=\"https:\/\/www.creilsudoise-tourisme.fr\/wp-content\/uploads\/2021\/03\/Abbatiale-Saint-Nicolas-de-Saint-Leu-dEsserent-275x350.jpg\" alt=\"Abdij Saint-Nicolas\">\n        <\/a>\n    <\/p>\n    <div class=\"entityItemContent\">\n        <h2 class=\"entityItemContentTitle\">\n            <a href=\"https:\/\/www.creilsudoise-tourisme.fr\/nl\/jexplore\/must-haves\/abdijkerk\/\">De abdij van Sint Nicolaas<\/a>\n        <\/h2>\n            <\/div>\n    <a href=\"https:\/\/www.creilsudoise-tourisme.fr\/nl\/jexplore\/must-haves\/abdijkerk\/\" class=\"seeMore\"><span class=\"sr-only\">Meer zien<\/span><\/a>\n<\/div>\n        \n<div class=\"entityItem\" data-trigger=\"wpiris-click\" data-id=\"wpiris-entity-slider-item\">\n    <p class=\"entityItemThumbnail\">\n        <a href=\"https:\/\/www.creilsudoise-tourisme.fr\/nl\/jexplore\/must-haves\/honkbalveld\/\" nofancybox>\n            <img data-src=\"https:\/\/www.creilsudoise-tourisme.fr\/wp-content\/uploads\/wpetourisme\/Base-de-Loisirs-de-Saint-Leu-d-Esserent-275x350.jpg\" alt=\"Het Vrijetijdscentrum\">\n        <\/a>\n    <\/p>\n    <div class=\"entityItemContent\">\n        <h2 class=\"entityItemContentTitle\">\n            <a href=\"https:\/\/www.creilsudoise-tourisme.fr\/nl\/jexplore\/must-haves\/honkbalveld\/\">Het Vrijetijdscentrum<\/a>\n        <\/h2>\n            <\/div>\n    <a href=\"https:\/\/www.creilsudoise-tourisme.fr\/nl\/jexplore\/must-haves\/honkbalveld\/\" class=\"seeMore\"><span class=\"sr-only\">Meer zien<\/span><\/a>\n<\/div>\n        \n<div class=\"entityItem\" data-trigger=\"wpiris-click\" data-id=\"wpiris-entity-slider-item\">\n    <p class=\"entityItemThumbnail\">\n        <a href=\"https:\/\/www.creilsudoise-tourisme.fr\/nl\/jexplore\/must-haves\/musee-guesdiere\/\" nofancybox>\n            <img data-src=\"https:\/\/www.creilsudoise-tourisme.fr\/wp-content\/uploads\/2021\/03\/Bateau-de-transport-des-pierres-au-Muse\u0301e-de-la-Guesdie\u0300re-1-275x350.jpg\" alt=\"Het Guesdi\u00e8re Museum\">\n        <\/a>\n    <\/p>\n    <div class=\"entityItemContent\">\n        <h2 class=\"entityItemContentTitle\">\n            <a href=\"https:\/\/www.creilsudoise-tourisme.fr\/nl\/jexplore\/must-haves\/musee-guesdiere\/\">Het Guesdi\u00e8re Museum<\/a>\n        <\/h2>\n            <\/div>\n    <a href=\"https:\/\/www.creilsudoise-tourisme.fr\/nl\/jexplore\/must-haves\/musee-guesdiere\/\" class=\"seeMore\"><span class=\"sr-only\">Meer zien<\/span><\/a>\n<\/div>\n        \n<div class=\"entityItem\" data-trigger=\"wpiris-click\" data-id=\"wpiris-entity-slider-item\">\n    <p class=\"entityItemThumbnail\">\n        <a href=\"https:\/\/www.creilsudoise-tourisme.fr\/nl\/jexplore\/must-haves\/maison-de-la-pierre\/\" nofancybox>\n            <img data-src=\"https:\/\/www.creilsudoise-tourisme.fr\/wp-content\/uploads\/2023\/02\/195_Maison-de-la-Pierre\u00a92022_Smellinckx-1-275x350.jpg\" alt=\"Het Stenen Huis\">\n        <\/a>\n    <\/p>\n    <div class=\"entityItemContent\">\n        <h2 class=\"entityItemContentTitle\">\n            <a href=\"https:\/\/www.creilsudoise-tourisme.fr\/nl\/jexplore\/must-haves\/maison-de-la-pierre\/\">Het Stenen Huis<\/a>\n        <\/h2>\n            <\/div>\n    <a href=\"https:\/\/www.creilsudoise-tourisme.fr\/nl\/jexplore\/must-haves\/maison-de-la-pierre\/\" class=\"seeMore\"><span class=\"sr-only\">Meer zien<\/span><\/a>\n<\/div>\n        \n<div class=\"entityItem\" data-trigger=\"wpiris-click\" data-id=\"wpiris-entity-slider-item\">\n    <p class=\"entityItemThumbnail\">\n        <a href=\"https:\/\/www.creilsudoise-tourisme.fr\/nl\/jexplore\/must-haves\/museum-bombardement\/\" nofancybox>\n            <img data-src=\"https:\/\/www.creilsudoise-tourisme.fr\/wp-content\/uploads\/wpetourisme\/Musee-des-bombardements---CreilSudOise-Tourisme--3--275x350.jpg\" alt=\"Het Bommenmuseum\">\n        <\/a>\n    <\/p>\n    <div class=\"entityItemContent\">\n        <h2 class=\"entityItemContentTitle\">\n            <a href=\"https:\/\/www.creilsudoise-tourisme.fr\/nl\/jexplore\/must-haves\/museum-bombardement\/\">Het Bommenmuseum<\/a>\n        <\/h2>\n            <\/div>\n    <a href=\"https:\/\/www.creilsudoise-tourisme.fr\/nl\/jexplore\/must-haves\/museum-bombardement\/\" class=\"seeMore\"><span class=\"sr-only\">Meer zien<\/span><\/a>\n<\/div>\n        \n<div class=\"entityItem\" data-trigger=\"wpiris-click\" data-id=\"wpiris-entity-slider-item\">\n    <p class=\"entityItemThumbnail\">\n        <a href=\"https:\/\/www.creilsudoise-tourisme.fr\/nl\/jexplore\/must-haves\/glaszetters\/\" nofancybox>\n            <img data-src=\"https:\/\/www.creilsudoise-tourisme.fr\/wp-content\/uploads\/2021\/03\/escalade-sur-le-fronton-des-glachoirs-a-saint-vaast-les-mello-275x350.jpg\" alt=\"De Ijsdozen\">\n        <\/a>\n    <\/p>\n    <div class=\"entityItemContent\">\n        <h2 class=\"entityItemContentTitle\">\n            <a href=\"https:\/\/www.creilsudoise-tourisme.fr\/nl\/jexplore\/must-haves\/glaszetters\/\">De Ijsdozen<\/a>\n        <\/h2>\n            <\/div>\n    <a href=\"https:\/\/www.creilsudoise-tourisme.fr\/nl\/jexplore\/must-haves\/glaszetters\/\" class=\"seeMore\"><span class=\"sr-only\">Meer zien<\/span><\/a>\n<\/div>\n        \n<div class=\"entityItem\" data-trigger=\"wpiris-click\" data-id=\"wpiris-entity-slider-item\">\n    <p class=\"entityItemThumbnail\">\n        <a href=\"https:\/\/www.creilsudoise-tourisme.fr\/nl\/jexplore\/must-haves\/kippenboom-2\/\" nofancybox>\n            <img data-src=\"https:\/\/www.creilsudoise-tourisme.fr\/wp-content\/uploads\/2021\/03\/La-Ferme-de-l_Arbre-a\u0300-poule-275x350.jpg\" alt=\"De kippenboom\">\n        <\/a>\n    <\/p>\n    <div class=\"entityItemContent\">\n        <h2 class=\"entityItemContentTitle\">\n            <a href=\"https:\/\/www.creilsudoise-tourisme.fr\/nl\/jexplore\/must-haves\/kippenboom-2\/\">De Kippenboom<\/a>\n        <\/h2>\n            <\/div>\n    <a href=\"https:\/\/www.creilsudoise-tourisme.fr\/nl\/jexplore\/must-haves\/kippenboom-2\/\" class=\"seeMore\"><span class=\"sr-only\">Meer zien<\/span><\/a>\n<\/div>\n            <\/div>\n<\/div>\n\n\n<h3>Zoek het essenti\u00eble<\/h3>\n\n\n<div class=\"wp-block-map\">\n\t    <div class=\"map\" id=\"map\" data-id=\"wpiris-map\">\n                    <div class=\"marker hide\" data-lat=\"49.2184732\" data-lng=\"2.42118102\" data-id=\"wpiris-map-marker\">\n                <div class=\"infoboxContent\">\n                    <p class=\"infoboxContentTitle\">\n                        <a href=\"https:\/\/www.creilsudoise-tourisme.fr\/nl\/jexplore\/must-haves\/abdijkerk\/\" target=\"_blank\">\n                            Abdij van St. Nicolaas                        <\/a>\n                    <\/p>\n                <\/div>\n            <\/div>\n                    <div class=\"marker hide\" data-lat=\"49.2649689\" data-lng=\"2.4671603\" data-id=\"wpiris-map-marker\">\n                <div class=\"infoboxContent\">\n                    <p class=\"infoboxContentTitle\">\n                        <a href=\"https:\/\/www.creilsudoise-tourisme.fr\/nl\/jexplore\/must-haves\/clouterie-rivierre\/\" target=\"_blank\">\n                            Clouterie Rivierre                        <\/a>\n                    <\/p>\n                <\/div>\n            <\/div>\n                    <div class=\"marker hide\" data-lat=\"49.2608548\" data-lng=\"2.47237931\" data-id=\"wpiris-map-marker\">\n                <div class=\"infoboxContent\">\n                    <p class=\"infoboxContentTitle\">\n                        <a href=\"https:\/\/www.creilsudoise-tourisme.fr\/nl\/jexplore\/must-haves\/musee-galle-juillet\/\" target=\"_blank\">\n                            Gall\u00e9-Juillet Museum                        <\/a>\n                    <\/p>\n                <\/div>\n            <\/div>\n                    <div class=\"marker hide\" data-lat=\"49.2563337\" data-lng=\"2.44298939\" data-id=\"wpiris-map-marker\">\n                <div class=\"infoboxContent\">\n                    <p class=\"infoboxContentTitle\">\n                        <a href=\"https:\/\/www.creilsudoise-tourisme.fr\/nl\/jexplore\/must-haves\/chateau-montataire-2\/\" target=\"_blank\">\n                            Kasteel van Montataire                        <\/a>\n                    <\/p>\n                <\/div>\n            <\/div>\n                    <div class=\"marker hide\" data-lat=\"49.2109623\" data-lng=\"2.41246805\" data-id=\"wpiris-map-marker\">\n                <div class=\"infoboxContent\">\n                    <p class=\"infoboxContentTitle\">\n                        <a href=\"https:\/\/www.creilsudoise-tourisme.fr\/nl\/jexplore\/incontournables\/bases-loisirs-nautique\/\" target=\"_blank\">\n                            Faciliteiten voor recreatie en watersport                        <\/a>\n                    <\/p>\n                <\/div>\n            <\/div>\n                    <div class=\"marker hide\" data-lat=\"49.2175907\" data-lng=\"2.42149280\" data-id=\"wpiris-map-marker\">\n                <div class=\"infoboxContent\">\n                    <p class=\"infoboxContentTitle\">\n                        <a href=\"https:\/\/www.creilsudoise-tourisme.fr\/nl\/jexplore\/must-haves\/musee-guesdiere\/\" target=\"_blank\">\n                            Het Guesdi\u00e8re Museum                        <\/a>\n                    <\/p>\n                <\/div>\n            <\/div>\n                    <div class=\"marker hide\" data-lat=\"49.2224537\" data-lng=\"2.4442667\" data-id=\"wpiris-map-marker\">\n                <div class=\"infoboxContent\">\n                    <p class=\"infoboxContentTitle\">\n                        <a href=\"https:\/\/www.creilsudoise-tourisme.fr\/nl\/jexplore\/must-haves\/maison-de-la-pierre\/\" target=\"_blank\">\n                            Het Stenen Huis                        <\/a>\n                    <\/p>\n                <\/div>\n            <\/div>\n                    <div class=\"marker hide\" data-lat=\"49.2178132\" data-lng=\"2.45181819\" data-id=\"wpiris-map-marker\">\n                <div class=\"infoboxContent\">\n                    <p class=\"infoboxContentTitle\">\n                        <a href=\"https:\/\/www.creilsudoise-tourisme.fr\/nl\/jexplore\/must-haves\/museum-bombardement\/\" target=\"_blank\">\n                            Het Bommenmuseum                        <\/a>\n                    <\/p>\n                <\/div>\n            <\/div>\n                    <div class=\"marker hide\" data-lat=\"49.2662784\" data-lng=\"2.39684456\" data-id=\"wpiris-map-marker\">\n                <div class=\"infoboxContent\">\n                    <p class=\"infoboxContentTitle\">\n                        <a href=\"https:\/\/www.creilsudoise-tourisme.fr\/nl\/jexplore\/must-haves\/glaszetters\/\" target=\"_blank\">\n                            De Ijsdozen                        <\/a>\n                    <\/p>\n                <\/div>\n            <\/div>\n                    <div class=\"marker hide\" data-lat=\"49.2858242\" data-lng=\"2.48393256\" data-id=\"wpiris-map-marker\">\n                <div class=\"infoboxContent\">\n                    <p class=\"infoboxContentTitle\">\n                        <a href=\"https:\/\/www.creilsudoise-tourisme.fr\/nl\/jexplore\/must-haves\/kippenboom-2\/\" target=\"_blank\">\n                            De Kippenboom                        <\/a>\n                    <\/p>\n                <\/div>\n            <\/div>\n                    <div class=\"marker hide\" data-lat=\"49.2900067\" data-lng=\"2.44546679\" data-id=\"wpiris-map-marker\">\n                <div class=\"infoboxContent\">\n                    <p class=\"infoboxContentTitle\">\n                        <a href=\"https:\/\/www.creilsudoise-tourisme.fr\/nl\/jexplore\/incontournables\/champignonniere-laigneville\/\" target=\"_blank\">\n                            La Champignonni\u00e8re de la Croix Madeleine                        <\/a>\n                    <\/p>\n                <\/div>\n            <\/div>\n            <\/div>\n<\/div>","protected":false},"excerpt":{"rendered":"<p>Ontdek de bestemming Creil Sud Oise door een bezoek te brengen aan de bezienswaardigheden in de regio Hauts-de-France, in de Oise, op 30 minuten van Parijs, 1u15 van Amiens, 40 minuten van Compi\u00e8gne of Pierrefonds, 40 minuten van Beauvais en 15 minuten van Chantilly of Senlis! Zoek de must-sees<\/p>","protected":false},"author":1,"featured_media":33003,"parent":129,"menu_order":0,"comment_status":"closed","ping_status":"closed","template":"","meta":{"_relevanssi_hide_post":"","_relevanssi_hide_content":"","_relevanssi_pin_for_all":"","_relevanssi_pin_keywords":"","_relevanssi_unpin_keywords":"","_relevanssi_related_keywords":"","_relevanssi_related_include_ids":"","_relevanssi_related_exclude_ids":"","_relevanssi_related_no_append":"","_relevanssi_related_not_related":"","_relevanssi_related_posts":"267,273,275,271","_relevanssi_noindex_reason":""},"yoast_head":"<!-- This site is optimized with the Yoast SEO plugin v20.2.1 - https:\/\/yoast.com\/wordpress\/plugins\/seo\/ -->\n<title>Incontournables \u00e0 visiter dans le Sud de l\u2019Oise<\/title>\n<meta name=\"description\" content=\"Rien que pour vous, des id\u00e9es de visites pour votre prochaine sortie en famille, en couple ou entre amis \u00e0 Creil Sud Oise, pr\u00e8s de Chantilly, Compi\u00e8gne, Paris.\" \/>\n<meta name=\"robots\" content=\"index, follow, max-snippet:-1, max-image-preview:large, max-video-preview:-1\" \/>\n<link rel=\"canonical\" href=\"https:\/\/www.creilsudoise-tourisme.fr\/nl\/jexplore\/must-haves\/\" \/>\n<meta property=\"og:locale\" content=\"nl_NL\" \/>\n<meta property=\"og:type\" content=\"article\" \/>\n<meta property=\"og:title\" content=\"Incontournables \u00e0 visiter dans le Sud de l\u2019Oise\" \/>\n<meta property=\"og:description\" content=\"Rien que pour vous, des id\u00e9es de visites pour votre prochaine sortie en famille, en couple ou entre amis \u00e0 Creil Sud Oise, pr\u00e8s de Chantilly, Compi\u00e8gne, Paris.\" \/>\n<meta property=\"og:url\" content=\"https:\/\/www.creilsudoise-tourisme.fr\/nl\/jexplore\/must-haves\/\" \/>\n<meta property=\"og:site_name\" content=\"Office de Tourisme Creil Sud Oise\" \/>\n<meta property=\"article:publisher\" content=\"https:\/\/www.facebook.com\/creilsudoisetourisme\/\" \/>\n<meta property=\"article:modified_time\" content=\"2021-05-17T10:34:40+00:00\" \/>\n<meta property=\"og:image\" content=\"https:\/\/www.creilsudoise-tourisme.fr\/wp-content\/uploads\/2021\/03\/Visite-guide\u0301e-a\u0300-la-Maison-de-la-Pierre-a\u0300-Saint-Maximin.jpg\" \/>\n\t<meta property=\"og:image:width\" content=\"1440\" \/>\n\t<meta property=\"og:image:height\" content=\"808\" \/>\n\t<meta property=\"og:image:type\" content=\"image\/jpeg\" \/>\n<meta name=\"twitter:card\" content=\"summary_large_image\" \/>\n<meta name=\"twitter:site\" content=\"@CreilSudOiseOT\" \/>\n<meta name=\"twitter:label1\" content=\"Geschatte leestijd\" \/>\n\t<meta name=\"twitter:data1\" content=\"1 minuut\" \/>\n<script type=\"application\/ld+json\" class=\"yoast-schema-graph\">{\"@context\":\"https:\/\/schema.org\",\"@graph\":[{\"@type\":\"WebPage\",\"@id\":\"https:\/\/www.creilsudoise-tourisme.fr\/jexplore\/incontournables\/\",\"url\":\"https:\/\/www.creilsudoise-tourisme.fr\/jexplore\/incontournables\/\",\"name\":\"Incontournables \u00e0 visiter dans le Sud de l\u2019Oise\",\"isPartOf\":{\"@id\":\"https:\/\/www.creilsudoise-tourisme.fr\/#website\"},\"datePublished\":\"2021-02-17T09:02:26+00:00\",\"dateModified\":\"2021-05-17T10:34:40+00:00\",\"description\":\"Rien que pour vous, des id\u00e9es de visites pour votre prochaine sortie en famille, en couple ou entre amis \u00e0 Creil Sud Oise, pr\u00e8s de Chantilly, Compi\u00e8gne, Paris.\",\"breadcrumb\":{\"@id\":\"https:\/\/www.creilsudoise-tourisme.fr\/jexplore\/incontournables\/#breadcrumb\"},\"inLanguage\":\"nl\",\"potentialAction\":[{\"@type\":\"ReadAction\",\"target\":[\"https:\/\/www.creilsudoise-tourisme.fr\/jexplore\/incontournables\/\"]}]},{\"@type\":\"BreadcrumbList\",\"@id\":\"https:\/\/www.creilsudoise-tourisme.fr\/jexplore\/incontournables\/#breadcrumb\",\"itemListElement\":[{\"@type\":\"ListItem\",\"position\":1,\"name\":\"Accueil\",\"item\":\"https:\/\/www.creilsudoise-tourisme.fr\/\"},{\"@type\":\"ListItem\",\"position\":2,\"name\":\"J&rsquo;explore\",\"item\":\"https:\/\/www.creilsudoise-tourisme.fr\/jexplore\/\"},{\"@type\":\"ListItem\",\"position\":3,\"name\":\"Les incontournables\"}]},{\"@type\":\"WebSite\",\"@id\":\"https:\/\/www.creilsudoise-tourisme.fr\/#website\",\"url\":\"https:\/\/www.creilsudoise-tourisme.fr\/\",\"name\":\"Office de Tourisme Creil Sud Oise\",\"description\":\"Creil Sud Oise Tourisme, un territoire \u00e0 explorer !\",\"publisher\":{\"@id\":\"https:\/\/www.creilsudoise-tourisme.fr\/#organization\"},\"potentialAction\":[{\"@type\":\"SearchAction\",\"target\":{\"@type\":\"EntryPoint\",\"urlTemplate\":\"https:\/\/www.creilsudoise-tourisme.fr\/?s={search_term_string}\"},\"query-input\":\"required name=search_term_string\"}],\"inLanguage\":\"nl\"},{\"@type\":\"Organization\",\"@id\":\"https:\/\/www.creilsudoise-tourisme.fr\/#organization\",\"name\":\"Creil Sud Oise Tourisme\",\"url\":\"https:\/\/www.creilsudoise-tourisme.fr\/\",\"logo\":{\"@type\":\"ImageObject\",\"inLanguage\":\"nl\",\"@id\":\"https:\/\/www.creilsudoise-tourisme.fr\/#\/schema\/logo\/image\/\",\"url\":\"https:\/\/www.creilsudoise-tourisme.fr\/wp-content\/uploads\/2021\/05\/logo-svg.png\",\"contentUrl\":\"https:\/\/www.creilsudoise-tourisme.fr\/wp-content\/uploads\/2021\/05\/logo-svg.png\",\"width\":182,\"height\":71,\"caption\":\"Creil Sud Oise Tourisme\"},\"image\":{\"@id\":\"https:\/\/www.creilsudoise-tourisme.fr\/#\/schema\/logo\/image\/\"},\"sameAs\":[\"https:\/\/www.facebook.com\/creilsudoisetourisme\/\",\"https:\/\/twitter.com\/CreilSudOiseOT\",\"https:\/\/www.instagram.com\/creilsudoisetourisme\/\",\"https:\/\/www.youtube.com\/channel\/UC8L_QD2wwyADW14zt9fY8kw\"]}]}<\/script>\n<!-- \/ Yoast SEO plugin. -->","yoast_head_json":{"title":"Incontournables \u00e0 visiter dans le Sud de l\u2019Oise","description":"Rien que pour vous, des id\u00e9es de visites pour votre prochaine sortie en famille, en couple ou entre amis \u00e0 Creil Sud Oise, pr\u00e8s de Chantilly, Compi\u00e8gne, Paris.","robots":{"index":"index","follow":"follow","max-snippet":"max-snippet:-1","max-image-preview":"max-image-preview:large","max-video-preview":"max-video-preview:-1"},"canonical":"https:\/\/www.creilsudoise-tourisme.fr\/nl\/jexplore\/must-haves\/","og_locale":"nl_NL","og_type":"article","og_title":"Incontournables \u00e0 visiter dans le Sud de l\u2019Oise","og_description":"Rien que pour vous, des id\u00e9es de visites pour votre prochaine sortie en famille, en couple ou entre amis \u00e0 Creil Sud Oise, pr\u00e8s de Chantilly, Compi\u00e8gne, Paris.","og_url":"https:\/\/www.creilsudoise-tourisme.fr\/nl\/jexplore\/must-haves\/","og_site_name":"Office de Tourisme Creil Sud Oise","article_publisher":"https:\/\/www.facebook.com\/creilsudoisetourisme\/","article_modified_time":"2021-05-17T10:34:40+00:00","og_image":[{"width":1440,"height":808,"url":"https:\/\/www.creilsudoise-tourisme.fr\/wp-content\/uploads\/2021\/03\/Visite-guide\u0301e-a\u0300-la-Maison-de-la-Pierre-a\u0300-Saint-Maximin.jpg","type":"image\/jpeg"}],"twitter_card":"summary_large_image","twitter_site":"@CreilSudOiseOT","twitter_misc":{"Geschatte leestijd":"1 minuut"},"schema":{"@context":"https:\/\/schema.org","@graph":[{"@type":"WebPage","@id":"https:\/\/www.creilsudoise-tourisme.fr\/jexplore\/incontournables\/","url":"https:\/\/www.creilsudoise-tourisme.fr\/jexplore\/incontournables\/","name":"Incontournables \u00e0 visiter dans le Sud de l\u2019Oise","isPartOf":{"@id":"https:\/\/www.creilsudoise-tourisme.fr\/#website"},"datePublished":"2021-02-17T09:02:26+00:00","dateModified":"2021-05-17T10:34:40+00:00","description":"Rien que pour vous, des id\u00e9es de visites pour votre prochaine sortie en famille, en couple ou entre amis \u00e0 Creil Sud Oise, pr\u00e8s de Chantilly, Compi\u00e8gne, Paris.","breadcrumb":{"@id":"https:\/\/www.creilsudoise-tourisme.fr\/jexplore\/incontournables\/#breadcrumb"},"inLanguage":"nl","potentialAction":[{"@type":"ReadAction","target":["https:\/\/www.creilsudoise-tourisme.fr\/jexplore\/incontournables\/"]}]},{"@type":"BreadcrumbList","@id":"https:\/\/www.creilsudoise-tourisme.fr\/jexplore\/incontournables\/#breadcrumb","itemListElement":[{"@type":"ListItem","position":1,"name":"Accueil","item":"https:\/\/www.creilsudoise-tourisme.fr\/"},{"@type":"ListItem","position":2,"name":"J&rsquo;explore","item":"https:\/\/www.creilsudoise-tourisme.fr\/jexplore\/"},{"@type":"ListItem","position":3,"name":"Les incontournables"}]},{"@type":"WebSite","@id":"https:\/\/www.creilsudoise-tourisme.fr\/#website","url":"https:\/\/www.creilsudoise-tourisme.fr\/","name":"Office de Tourisme Creil Sud Oise","description":"Creil Sud Oise Tourisme, un territoire \u00e0 explorer !","publisher":{"@id":"https:\/\/www.creilsudoise-tourisme.fr\/#organization"},"potentialAction":[{"@type":"SearchAction","target":{"@type":"EntryPoint","urlTemplate":"https:\/\/www.creilsudoise-tourisme.fr\/?s={search_term_string}"},"query-input":"required name=search_term_string"}],"inLanguage":"nl"},{"@type":"Organization","@id":"https:\/\/www.creilsudoise-tourisme.fr\/#organization","name":"Creil Sud Oise Tourisme","url":"https:\/\/www.creilsudoise-tourisme.fr\/","logo":{"@type":"ImageObject","inLanguage":"nl","@id":"https:\/\/www.creilsudoise-tourisme.fr\/#\/schema\/logo\/image\/","url":"https:\/\/www.creilsudoise-tourisme.fr\/wp-content\/uploads\/2021\/05\/logo-svg.png","contentUrl":"https:\/\/www.creilsudoise-tourisme.fr\/wp-content\/uploads\/2021\/05\/logo-svg.png","width":182,"height":71,"caption":"Creil Sud Oise Tourisme"},"image":{"@id":"https:\/\/www.creilsudoise-tourisme.fr\/#\/schema\/logo\/image\/"},"sameAs":["https:\/\/www.facebook.com\/creilsudoisetourisme\/","https:\/\/twitter.com\/CreilSudOiseOT","https:\/\/www.instagram.com\/creilsudoisetourisme\/","https:\/\/www.youtube.com\/channel\/UC8L_QD2wwyADW14zt9fY8kw"]}]}},"_links":{"self":[{"href":"https:\/\/www.creilsudoise-tourisme.fr\/nl\/wp-json\/wp\/v2\/pages\/131"}],"collection":[{"href":"https:\/\/www.creilsudoise-tourisme.fr\/nl\/wp-json\/wp\/v2\/pages"}],"about":[{"href":"https:\/\/www.creilsudoise-tourisme.fr\/nl\/wp-json\/wp\/v2\/types\/page"}],"author":[{"embeddable":true,"href":"https:\/\/www.creilsudoise-tourisme.fr\/nl\/wp-json\/wp\/v2\/users\/1"}],"replies":[{"embeddable":true,"href":"https:\/\/www.creilsudoise-tourisme.fr\/nl\/wp-json\/wp\/v2\/comments?post=131"}],"version-history":[{"count":20,"href":"https:\/\/www.creilsudoise-tourisme.fr\/nl\/wp-json\/wp\/v2\/pages\/131\/revisions"}],"predecessor-version":[{"id":35146,"href":"https:\/\/www.creilsudoise-tourisme.fr\/nl\/wp-json\/wp\/v2\/pages\/131\/revisions\/35146"}],"up":[{"embeddable":true,"href":"https:\/\/www.creilsudoise-tourisme.fr\/nl\/wp-json\/wp\/v2\/pages\/129"}],"wp:featuredmedia":[{"embeddable":true,"href":"https:\/\/www.creilsudoise-tourisme.fr\/nl\/wp-json\/wp\/v2\/media\/33003"}],"wp:attachment":[{"href":"https:\/\/www.creilsudoise-tourisme.fr\/nl\/wp-json\/wp\/v2\/media?parent=131"}],"curies":[{"name":"wp","href":"https:\/\/api.w.org\/{rel}","templated":true}]}}