{"id":129,"date":"2021-02-17T10:02:25","date_gmt":"2021-02-17T09:02:25","guid":{"rendered":"https:\/\/www.creilsudoise-tourisme.fr\/jexplore\/"},"modified":"2026-03-09T16:06:34","modified_gmt":"2026-03-09T15:06:34","slug":"jexplore","status":"publish","type":"page","link":"https:\/\/www.creilsudoise-tourisme.fr\/nl\/jexplore\/","title":{"rendered":"Ik verken"},"content":{"rendered":"<p class=\"is-style-excerpt\">Gelegen op <strong>aan de poort van de Val d'Oise<\/strong>dicht bij de <strong>Kasteel van Chantilly en de geplaveide straten van Senlis<\/strong>een paar kilometer van de <strong>Compi\u00e8gne bos<\/strong> en slechts 30 minuten met de trein van <strong>Parijs, Bestemming Creil Sud Oise raadt het niet, wij verkennen het.<\/strong><\/p>\n\n\n\n<div class=\"is-horizontal is-content-justification-center is-layout-flex wp-container-1 wp-block-buttons\">\n<div class=\"wp-block-button\"><a class=\"wp-block-button__link wp-element-button\" href=\"#CommuneACSO\">ontdek de gemeenten van Creil Sud Oise<\/a><\/div>\n<\/div>\n\n\n\n<figure class=\"wp-block-embed is-type-video is-provider-youtube wp-block-embed-youtube wp-embed-aspect-16-9 wp-has-aspect-ratio\"><div class=\"wp-block-embed__wrapper\">\n<iframe loading=\"lazy\" title=\"De omgeving van Creil Sud Oise\" width=\"500\" height=\"281\" data-src=\"https:\/\/www.youtube.com\/embed\/1lZeIcJ7auY?feature=oembed\" frameborder=\"0\" allow=\"accelerometer; autoplay; clipboard-write; encrypted-media; gyroscope; picture-in-picture; web-share\" referrerpolicy=\"strict-origin-when-cross-origin\" allowfullscreen><\/iframe>\n<\/div><\/figure>\n\n\n\n<p class=\"has-text-align-left is-style-default\">Hier lopen we niet over de Haussmann-boulevards. <strong>We leven het leven van degenen die de stenen hakken.<\/strong><br>Hier loop je niet rond in majestueuze kastelen. <strong>We ontmoeten een familie die er een aan het restaureren is.<\/strong><br>Hier lopen we niet over de slagvelden van de Somme. <strong>We leven het leven van een burgerlijke familie die hun zoon aan de Grote Oorlog heeft gegeven.<\/strong><br>Hier ga je niet aan boord van de Hermione. <strong>Wij leven het leven van degenen die de spijkers hebben gesmeed.<\/strong><br>Hier loop je niet door eeuwenoude kathedralen. <strong>We verkennen een abdijkerk die op een kathedraal lijkt.<\/strong><br>Hier hebben we het Caen Memorial niet. <strong>We leven het leven van een kleine jongen die getuige was van een bommenwerper crash in 1943<\/strong>.<br>Dit zijn niet de Proven\u00e7aalse calanques. <strong>Maar gigantische blokken gehouwen steen zijn het genot van klimmers<\/strong>.<br>Dit is niet de Ard\u00e8che. <strong>Maar het avontuur wacht op ons aan het einde van onze tocht.<\/strong><br>Hier hebben we geen azuurblauwe oceaan. <strong>Maar onze vijvers bieden de mooiste tinten<\/strong>.<br>Hier zeilen we niet vanaf hemelse stranden. <strong>Maar we zijn nog steeds erg optimistisch.<\/strong><br>Hier kun je de Eiffeltoren niet zien vanaf een boot. <strong>Maar de Oise biedt de rust van een wandeling langs het water...<\/strong>.<\/p>\n\n\n<div class=\"wp-block wp-block-child-post alignwide\">\n    <div class=\"entityList clear\">\n        \n<div class=\"entityItem\" data-trigger=\"wpiris-click\" data-id=\"wpiris-entity-slider-item\">\n    <p class=\"entityItemThumbnail\">\n        <a href=\"https:\/\/www.creilsudoise-tourisme.fr\/nl\/jexplore\/must-haves\/\" nofancybox>\n            <img data-src=\"https:\/\/www.creilsudoise-tourisme.fr\/wp-content\/uploads\/2021\/03\/Visite-guide\u0301e-a\u0300-la-Maison-de-la-Pierre-a\u0300-Saint-Maximin-275x350.jpg\" alt=\"De must-haves\">\n        <\/a>\n    <\/p>\n    <div class=\"entityItemContent\">\n        <h2 class=\"entityItemContentTitle\">\n            <a href=\"https:\/\/www.creilsudoise-tourisme.fr\/nl\/jexplore\/must-haves\/\">De must-haves<\/a>\n        <\/h2>\n            <\/div>\n    <a href=\"https:\/\/www.creilsudoise-tourisme.fr\/nl\/jexplore\/must-haves\/\" class=\"seeMore\"><span class=\"sr-only\">Meer zien<\/span><\/a>\n<\/div>\n        \n<div class=\"entityItem\" data-trigger=\"wpiris-click\" data-id=\"wpiris-entity-slider-item\">\n    <p class=\"entityItemThumbnail\">\n        <a href=\"https:\/\/www.creilsudoise-tourisme.fr\/nl\/jexplore\/actus-bons-plans\/\" nofancybox>\n            <img data-src=\"https:\/\/www.creilsudoise-tourisme.fr\/wp-content\/uploads\/2021\/04\/Balade-a\u0300-Maysel-1-275x350.jpg\" alt=\"Nieuws en goede plannen\">\n        <\/a>\n    <\/p>\n    <div class=\"entityItemContent\">\n        <h2 class=\"entityItemContentTitle\">\n            <a href=\"https:\/\/www.creilsudoise-tourisme.fr\/nl\/jexplore\/actus-bons-plans\/\">Nieuws en goede plannen<\/a>\n        <\/h2>\n            <\/div>\n    <a href=\"https:\/\/www.creilsudoise-tourisme.fr\/nl\/jexplore\/actus-bons-plans\/\" class=\"seeMore\"><span class=\"sr-only\">Meer zien<\/span><\/a>\n<\/div>\n            <\/div>\n<\/div>\n\n\n<h2 id=\"CommuneACSO\">Ontdek de 11 gemeenten van Creil Sud Oise!<\/h2>\n\n\n<div class=\"wp-block-image\">\n<figure class=\"aligncenter size-large\"><img decoding=\"async\" loading=\"lazy\" width=\"900\" height=\"900\" data-src=\"https:\/\/www.creilsudoise-tourisme.fr\/wp-content\/uploads\/2021\/05\/Carte-touristique-de-la-Destination-Creil-Sud-Oise.jpg\" alt=\"Toeristische kaart van de bestemming Creil Sud Oise\" class=\"wp-image-35028\" data-srcset=\"https:\/\/www.creilsudoise-tourisme.fr\/wp-content\/uploads\/2021\/05\/Carte-touristique-de-la-Destination-Creil-Sud-Oise.jpg 900w, https:\/\/www.creilsudoise-tourisme.fr\/wp-content\/uploads\/2021\/05\/Carte-touristique-de-la-Destination-Creil-Sud-Oise-600x600.jpg 600w, https:\/\/www.creilsudoise-tourisme.fr\/wp-content\/uploads\/2021\/05\/Carte-touristique-de-la-Destination-Creil-Sud-Oise-300x300.jpg 300w, https:\/\/www.creilsudoise-tourisme.fr\/wp-content\/uploads\/2021\/05\/Carte-touristique-de-la-Destination-Creil-Sud-Oise-200x200.jpg 200w, https:\/\/www.creilsudoise-tourisme.fr\/wp-content\/uploads\/2021\/05\/Carte-touristique-de-la-Destination-Creil-Sud-Oise-650x650.jpg 650w, https:\/\/www.creilsudoise-tourisme.fr\/wp-content\/uploads\/2021\/05\/Carte-touristique-de-la-Destination-Creil-Sud-Oise-387x387.jpg 387w\" sizes=\"(max-width: 900px) 100vw, 900px\" \/><\/figure><\/div>\n\n\n<h3>Cramoisy<\/h3>\n\n\n\n<p>De stad van<strong> <a href=\"https:\/\/www.cramoisy.org\/\" target=\"_blank\" rel=\"noreferrer noopener\">Cramoisy<\/a> <\/strong>is gelegen in een groene omgeving, tussen de rivier Th\u00e9rain en de heuvels bedekt met velden en bossen.<\/p>\n\n\n\n<div class=\"wp-block-media-text is-stacked-on-mobile\" style=\"grid-template-columns:33% auto\"><figure class=\"wp-block-media-text__media\"><img decoding=\"async\" loading=\"lazy\" width=\"480\" height=\"640\" data-src=\"https:\/\/www.creilsudoise-tourisme.fr\/wp-content\/uploads\/2021\/04\/CRAMOISY-Leglise-vitrail-rotated.jpg\" alt=\"\" class=\"wp-image-33761 size-full\" data-srcset=\"https:\/\/www.creilsudoise-tourisme.fr\/wp-content\/uploads\/2021\/04\/CRAMOISY-Leglise-vitrail-rotated.jpg 480w, https:\/\/www.creilsudoise-tourisme.fr\/wp-content\/uploads\/2021\/04\/CRAMOISY-Leglise-vitrail-450x600.jpg 450w, https:\/\/www.creilsudoise-tourisme.fr\/wp-content\/uploads\/2021\/04\/CRAMOISY-Leglise-vitrail-200x267.jpg 200w, https:\/\/www.creilsudoise-tourisme.fr\/wp-content\/uploads\/2021\/04\/CRAMOISY-Leglise-vitrail-387x516.jpg 387w, https:\/\/www.creilsudoise-tourisme.fr\/wp-content\/uploads\/2021\/04\/CRAMOISY-Leglise-vitrail-275x367.jpg 275w\" sizes=\"(max-width: 480px) 100vw, 480px\" \/><\/figure><div class=\"wp-block-media-text__content\">\n<p class=\"has-large-font-size\">Geluid <strong>kerk<\/strong> De kerk heeft zeer kleurrijke gebrandschilderde ramen en een muurschildering in het koorgedeelte. Ernaast staat een oude <strong>Dimi\u00e8re Schuur<\/strong> werd gebruikt om de tiende te innen, een belasting die de boeren verschuldigd waren aan hun heer.<\/p>\n\n\n\n<p><strong>Een fabriek, bekend als Parvill\u00e9e<\/strong> en waarvan het glazen dak is ontworpen en ge\u00efnstalleerd door de <strong>Eiffel workshops,<\/strong> Zij vervaardigde porseleinen isolatoren en gegalvaniseerde fittingen. Ze werd er gebouwd om de fabriek in Parijs, die te krap was, te verplaatsen. Tegenwoordig is de fabriek in Parvill\u00e9 gerehabiliteerd en wordt ze gebruikt voor huisvesting. Het Bureau voor Toerisme organiseert soms de <a href=\"https:\/\/www.creilsudoise-tourisme.fr\/nl\/agenda\/\" target=\"_blank\" rel=\"noreferrer noopener\">rondleiding door de gebouwen<\/a>.<\/p>\n<\/div><\/div>\n\n\n\n<p>Aan de rand van Cramoisy, in de richting van Maysel, ligt de <a href=\"https:\/\/closdunid.com\/\" target=\"_blank\" rel=\"noreferrer noopener\">Clos du Nid<\/a>een vereniging voor re\u00efntegratie door werk, die de voormalige <strong>Kasteel Sourivi\u00e8re.<\/strong><\/p>\n\n\n\n<p>De Tweede Wereldoorlog trof het dorp ook toen een <strong>heldhaftige soldaat<\/strong>De jonge Amerikaanse soldaat slaagde er ternauwernood in om zijn vliegtuig overeind te krijgen, maar verloor het leven toen zijn parachute niet openging toen hij op te lage hoogte uit het vliegtuig probeerde te klimmen. Tegenwoordig woont er een Amerikaanse kunstenaar in Cramoisy, <strong>Monte Laster,<\/strong> ontwikkelt een artistiek project rond het verhaal van deze held, in samenwerking met de <strong><a href=\"https:\/\/www.cramoisy.org\/\" target=\"_blank\" rel=\"noreferrer noopener\">Stadhuis van Cramoisy<\/a>.<\/strong><\/p>\n\n\n\n<figure class=\"wp-block-image alignwide size-large\"><img decoding=\"async\" loading=\"lazy\" width=\"1200\" height=\"675\" data-src=\"https:\/\/www.creilsudoise-tourisme.fr\/wp-content\/uploads\/2021\/04\/CRAMOISY-Lusine-Parville-Visite-1200x675.jpg\" alt=\"\" class=\"wp-image-33740\" data-srcset=\"https:\/\/www.creilsudoise-tourisme.fr\/wp-content\/uploads\/2021\/04\/CRAMOISY-Lusine-Parville-Visite-1200x675.jpg 1200w, https:\/\/www.creilsudoise-tourisme.fr\/wp-content\/uploads\/2021\/04\/CRAMOISY-Lusine-Parville-Visite-600x338.jpg 600w, https:\/\/www.creilsudoise-tourisme.fr\/wp-content\/uploads\/2021\/04\/CRAMOISY-Lusine-Parville-Visite-900x506.jpg 900w, https:\/\/www.creilsudoise-tourisme.fr\/wp-content\/uploads\/2021\/04\/CRAMOISY-Lusine-Parville-Visite-1536x864.jpg 1536w, https:\/\/www.creilsudoise-tourisme.fr\/wp-content\/uploads\/2021\/04\/CRAMOISY-Lusine-Parville-Visite-200x113.jpg 200w, https:\/\/www.creilsudoise-tourisme.fr\/wp-content\/uploads\/2021\/04\/CRAMOISY-Lusine-Parville-Visite-1600x900.jpg 1600w, https:\/\/www.creilsudoise-tourisme.fr\/wp-content\/uploads\/2021\/04\/CRAMOISY-Lusine-Parville-Visite-650x366.jpg 650w, https:\/\/www.creilsudoise-tourisme.fr\/wp-content\/uploads\/2021\/04\/CRAMOISY-Lusine-Parville-Visite-387x218.jpg 387w, https:\/\/www.creilsudoise-tourisme.fr\/wp-content\/uploads\/2021\/04\/CRAMOISY-Lusine-Parville-Visite-275x155.jpg 275w, https:\/\/www.creilsudoise-tourisme.fr\/wp-content\/uploads\/2021\/04\/CRAMOISY-Lusine-Parville-Visite.jpg 1920w\" sizes=\"(max-width: 1200px) 100vw, 1200px\" \/><figcaption class=\"wp-element-caption\">Het toeristenbureau organiseert rondleidingen in de fabriek van Parvill\u00e9 \u00a9 Creil Sud Oise Tourisme<\/figcaption><\/figure>\n\n\n\n<h3>Creil<\/h3>\n\n\n\n<p>Van zijn middeleeuws verleden,<strong><a href=\"https:\/\/www.creil.fr\/\" target=\"_blank\" rel=\"noreferrer noopener\"> Creil <\/a><\/strong>behoudt enkele overblijfselen van zijn <strong>kasteel<\/strong>een van de belangrijkste in de regio volgens recente archeologische ontdekkingen, evenals de <strong>Collegiale kerk van Sint-Evremond<\/strong> daterend uit de 11e eeuw. Je kunt de kasteeltoren en de fundamenten van de voormalige middeleeuwse kelder bewonderen. De collegiale kerk, die tegenover het stadhuis stond, werd in de 19e eeuw volledig verwoest, maar sommige kapitelen zijn bewaard gebleven in de kathedraal. <strong><a href=\"https:\/\/www.creilsudoise-tourisme.fr\/nl\/jexplore\/les-incontournables\/musee-galle-juillet\/\" target=\"_blank\" rel=\"noreferrer noopener\">Gall\u00e9-Juillet Museum<\/a><\/strong>.<\/p>\n\n\n\n<p>L'<strong>Saint-M\u00e9dard kerk<\/strong> De kerk heeft een zeer kenmerkende architectuur, die deels te danken is aan uitbreidingen die gedwongen werden door het gebrek aan open ruimte, gelegen tussen een omringende muur en een groot aantal woningen. Twee 17e-eeuwse schilderijen worden momenteel gerestaureerd. De kerk herbergt ook een zeldzaam industrieel ketelhuis uit 1930!<\/p>\n\n\n\n<figure class=\"is-layout-flex wp-block-gallery-2 wp-block-gallery alignwide has-nested-images columns-default is-cropped\">\n<figure class=\"wp-block-image size-large\"><a href=\"https:\/\/www.creilsudoise-tourisme.fr\/wp-content\/uploads\/2021\/04\/CREIL-Balade-en-aviron.jpg\"><img decoding=\"async\" loading=\"lazy\" width=\"1200\" height=\"804\" data-id=\"33734\"  data-src=\"https:\/\/www.creilsudoise-tourisme.fr\/wp-content\/uploads\/2021\/04\/CREIL-Balade-en-aviron-1200x804.jpg\" alt=\"\" class=\"wp-image-33734\" data-srcset=\"https:\/\/www.creilsudoise-tourisme.fr\/wp-content\/uploads\/2021\/04\/CREIL-Balade-en-aviron-1200x804.jpg 1200w, https:\/\/www.creilsudoise-tourisme.fr\/wp-content\/uploads\/2021\/04\/CREIL-Balade-en-aviron-600x402.jpg 600w, https:\/\/www.creilsudoise-tourisme.fr\/wp-content\/uploads\/2021\/04\/CREIL-Balade-en-aviron-900x603.jpg 900w, https:\/\/www.creilsudoise-tourisme.fr\/wp-content\/uploads\/2021\/04\/CREIL-Balade-en-aviron-200x134.jpg 200w, https:\/\/www.creilsudoise-tourisme.fr\/wp-content\/uploads\/2021\/04\/CREIL-Balade-en-aviron-650x435.jpg 650w, https:\/\/www.creilsudoise-tourisme.fr\/wp-content\/uploads\/2021\/04\/CREIL-Balade-en-aviron-387x259.jpg 387w, https:\/\/www.creilsudoise-tourisme.fr\/wp-content\/uploads\/2021\/04\/CREIL-Balade-en-aviron-275x184.jpg 275w, https:\/\/www.creilsudoise-tourisme.fr\/wp-content\/uploads\/2021\/04\/CREIL-Balade-en-aviron.jpg 1344w\" sizes=\"(max-width: 1200px) 100vw, 1200px\" \/><\/a><figcaption class=\"wp-element-caption\">Creil Sud Oise Toerisme<\/figcaption><\/figure>\n\n\n\n<figure class=\"wp-block-image size-large\"><a href=\"https:\/\/www.creilsudoise-tourisme.fr\/wp-content\/uploads\/2021\/04\/CREIL-Maison-de-la-Faience.jpg\"><img decoding=\"async\" loading=\"lazy\" width=\"1200\" height=\"798\" data-id=\"33752\"  data-src=\"https:\/\/www.creilsudoise-tourisme.fr\/wp-content\/uploads\/2021\/04\/CREIL-Maison-de-la-Faience-1200x798.jpg\" alt=\"\" class=\"wp-image-33752\" data-srcset=\"https:\/\/www.creilsudoise-tourisme.fr\/wp-content\/uploads\/2021\/04\/CREIL-Maison-de-la-Faience-1200x798.jpg 1200w, https:\/\/www.creilsudoise-tourisme.fr\/wp-content\/uploads\/2021\/04\/CREIL-Maison-de-la-Faience-600x399.jpg 600w, https:\/\/www.creilsudoise-tourisme.fr\/wp-content\/uploads\/2021\/04\/CREIL-Maison-de-la-Faience-900x598.jpg 900w, https:\/\/www.creilsudoise-tourisme.fr\/wp-content\/uploads\/2021\/04\/CREIL-Maison-de-la-Faience-200x133.jpg 200w, https:\/\/www.creilsudoise-tourisme.fr\/wp-content\/uploads\/2021\/04\/CREIL-Maison-de-la-Faience-650x432.jpg 650w, https:\/\/www.creilsudoise-tourisme.fr\/wp-content\/uploads\/2021\/04\/CREIL-Maison-de-la-Faience-387x257.jpg 387w, https:\/\/www.creilsudoise-tourisme.fr\/wp-content\/uploads\/2021\/04\/CREIL-Maison-de-la-Faience-275x183.jpg 275w, https:\/\/www.creilsudoise-tourisme.fr\/wp-content\/uploads\/2021\/04\/CREIL-Maison-de-la-Faience.jpg 1354w\" sizes=\"(max-width: 1200px) 100vw, 1200px\" \/><\/a><figcaption class=\"wp-element-caption\">Leisteen<\/figcaption><\/figure>\n<\/figure>\n\n\n\n<p>Het meer recente verleden van Creil, dat van de industri\u00eble expansie van de stad door de vervaardiging van aardewerk, wordt gepresenteerd in de <strong><a href=\"https:\/\/www.creilsudoise-tourisme.fr\/nl\/patrimoine\/maison-de-la-faience\/\" target=\"_blank\" rel=\"noreferrer noopener\">Huis van Aardewerk<\/a><\/strong>. U kunt er een belangrijke collectie alledaagse voorwerpen (serviesgoed, toiletgerei, enz.) van Creil-Montereau aardewerk bewonderen. Daar tegenover staat de <strong><a href=\"https:\/\/www.creilsudoise-tourisme.fr\/nl\/patrimoine\/musee-galle-juillet-2\/\" target=\"_blank\" rel=\"noreferrer noopener\">Huis Gall\u00e9-Juillet<\/a><\/strong>Het museum, dat nog steeds is ingericht zoals aan het begin van de vorige eeuw, toont het leven van de Gall\u00e9s, die er woonden met hun zoon Maurice, die in 1916 in de strijd omkwam.<\/p>\n\n\n\n<p>De industri\u00eble geschiedenis van Creil ging door tot in de jaren 1970 met de vestiging van talrijke metaalverwerkende fabrieken. Een zeer mooie getuigenis van dit verleden blijft door de <strong><a href=\"https:\/\/www.creilsudoise-tourisme.fr\/nl\/patrimoine\/clouterie-rivierre-4\/\" target=\"_blank\" rel=\"noreferrer noopener\">Clouterie Rivierre<\/a><\/strong>Dit is de enige fabriek in Europa die nog in bedrijf is. <a href=\"https:\/\/www.creilsudoise-tourisme.fr\/nl\/agenda\/\" target=\"_blank\" rel=\"noreferrer noopener\">bezoek<\/a>.<\/p>\n\n\n\n<div class=\"wp-block-media-text is-stacked-on-mobile\" style=\"grid-template-columns:29% auto\"><figure class=\"wp-block-media-text__media\"><img decoding=\"async\" loading=\"lazy\" width=\"720\" height=\"960\" data-src=\"https:\/\/www.creilsudoise-tourisme.fr\/wp-content\/uploads\/2021\/04\/CREIL-Faiencerie-Theatre-public.jpg\" alt=\"\" class=\"wp-image-33735 size-full\" data-srcset=\"https:\/\/www.creilsudoise-tourisme.fr\/wp-content\/uploads\/2021\/04\/CREIL-Faiencerie-Theatre-public.jpg 720w, https:\/\/www.creilsudoise-tourisme.fr\/wp-content\/uploads\/2021\/04\/CREIL-Faiencerie-Theatre-public-450x600.jpg 450w, https:\/\/www.creilsudoise-tourisme.fr\/wp-content\/uploads\/2021\/04\/CREIL-Faiencerie-Theatre-public-675x900.jpg 675w, https:\/\/www.creilsudoise-tourisme.fr\/wp-content\/uploads\/2021\/04\/CREIL-Faiencerie-Theatre-public-200x267.jpg 200w, https:\/\/www.creilsudoise-tourisme.fr\/wp-content\/uploads\/2021\/04\/CREIL-Faiencerie-Theatre-public-650x867.jpg 650w, https:\/\/www.creilsudoise-tourisme.fr\/wp-content\/uploads\/2021\/04\/CREIL-Faiencerie-Theatre-public-387x516.jpg 387w, https:\/\/www.creilsudoise-tourisme.fr\/wp-content\/uploads\/2021\/04\/CREIL-Faiencerie-Theatre-public-275x367.jpg 275w\" sizes=\"(max-width: 720px) 100vw, 720px\" \/><\/figure><div class=\"wp-block-media-text__content\">\n<p>De stad biedt een uitgebreid cultureel programma met verschillende <a href=\"https:\/\/www.creilsudoise-tourisme.fr\/nl\/agenda\/\" target=\"_blank\" rel=\"noreferrer noopener\">evenementen <\/a>die zij organiseert en de <strong><a href=\"https:\/\/www.creilsudoise-tourisme.fr\/nl\/loisirs\/la-faiencerie-theatre\/\" target=\"_blank\" rel=\"noreferrer noopener\">Fa\u00efencerie-Th\u00e9\u00e2tre-Cin\u00e9ma<\/a> <\/strong>die voorstellingen, theater, bioscoop en concerten biedt voor kinderen en volwassenen.<\/p>\n\n\n\n<p>L'<strong><a href=\"https:\/\/www.creilsudoise-tourisme.fr\/nl\/espace-naturel\/parc-de-lile-saint-maurice\/\">Saint-Maurice Eiland<\/a><\/strong> is de groene long van de stad waar u kunt wandelen, lunchen, de fauna en flora bewonderen of zelfs wandelen.<a href=\"https:\/\/www.creilsudoise-tourisme.fr\/nl\/jexplore\/galerie-videos\/club-daviron-etoile-nautique-de-loise\/\" target=\"_blank\" rel=\"noreferrer noopener\">roeien<\/a> met de <strong><a href=\"https:\/\/www.creilsudoise-tourisme.fr\/nl\/loisirs\/etoile-nautique-de-loise\/\" target=\"_blank\" rel=\"noreferrer noopener\">Club l'\u00c9toile Nautique de l'Oise<\/a><\/strong>.<\/p>\n<\/div><\/div>\n\n\n\n<h4>Wist je dat? <\/h4>\n\n\n\n<div class=\"is-layout-flex wp-container-6 wp-block-columns\">\n<div class=\"is-layout-flow wp-block-column\" style=\"flex-basis:66.66%\">\n<p>De <strong>Creil heeft het label Villes et Villages Fleuris (Steden en dorpen in bloei) gekregen, met 3 bloemen.<\/strong>. De <strong>bloemplanten worden gekweekt in gemeentelijke kassen <\/strong>en bloem de stad, die je kunt ontdekken tijdens wandelingen georganiseerd door het VVV-kantoor. <a href=\"https:\/\/www.creilsudoise-tourisme.fr\/nl\/agenda\/\" target=\"_blank\" rel=\"noreferrer noopener\">agenda<\/a> ! De technische dienst neemt regelmatig deel, samen met het Bureau voor Toerisme, aan <strong><a href=\"https:\/\/journees-des-plantes.chateaudechantilly.fr\/fr\/\" target=\"_blank\" rel=\"noreferrer noopener\">Chantilly Plantdagen<\/a><\/strong>door het ontwerp van de stand.<\/p>\n<\/div>\n\n\n\n<div class=\"is-layout-flow wp-block-column\" style=\"flex-basis:33.33%\">\n<figure class=\"wp-block-image size-large\"><img decoding=\"async\" loading=\"lazy\" width=\"600\" height=\"221\" data-src=\"https:\/\/www.creilsudoise-tourisme.fr\/wp-content\/uploads\/2022\/04\/logo_ville_fleurie.jpg\" alt=\"Steden en dorpen in bloei\" class=\"wp-image-40746\" data-srcset=\"https:\/\/www.creilsudoise-tourisme.fr\/wp-content\/uploads\/2022\/04\/logo_ville_fleurie.jpg 600w, https:\/\/www.creilsudoise-tourisme.fr\/wp-content\/uploads\/2022\/04\/logo_ville_fleurie-200x74.jpg 200w, https:\/\/www.creilsudoise-tourisme.fr\/wp-content\/uploads\/2022\/04\/logo_ville_fleurie-387x143.jpg 387w\" sizes=\"(max-width: 600px) 100vw, 600px\" \/><\/figure>\n<\/div>\n<\/div>\n\n\n\n<h3>Maysel<\/h3>\n\n\n\n<p><strong><a href=\"https:\/\/maysel.fr\/\" target=\"_blank\" rel=\"noreferrer noopener\">Maysel <\/a><\/strong>is een rustig dorp dat typisch is voor het zuiden van de Oise met zijn stenen huizen, omgeven door een bos dat ideaal is voor <strong><a href=\"https:\/\/www.creilsudoise-tourisme.fr\/nl\/i-search\/wandeling-2\/\" target=\"_blank\" rel=\"noreferrer noopener\">lopen of wandelen<\/a><\/strong>. Vreedzaam is het juiste woord aangezien dit dorp een witte zone is waar de internet- en telefoongolven niet passeren!<\/p>\n\n\n\n<figure class=\"wp-block-image size-large is-resized\"><img decoding=\"async\" loading=\"lazy\" data-src=\"https:\/\/www.creilsudoise-tourisme.fr\/wp-content\/uploads\/2021\/04\/MAYSEL-Vue-du-ciel-1200x662.jpg\" alt=\"\" class=\"wp-image-33749\" width=\"800\" height=\"441\" data-srcset=\"https:\/\/www.creilsudoise-tourisme.fr\/wp-content\/uploads\/2021\/04\/MAYSEL-Vue-du-ciel-1200x662.jpg 1200w, https:\/\/www.creilsudoise-tourisme.fr\/wp-content\/uploads\/2021\/04\/MAYSEL-Vue-du-ciel-600x331.jpg 600w, https:\/\/www.creilsudoise-tourisme.fr\/wp-content\/uploads\/2021\/04\/MAYSEL-Vue-du-ciel-900x497.jpg 900w, https:\/\/www.creilsudoise-tourisme.fr\/wp-content\/uploads\/2021\/04\/MAYSEL-Vue-du-ciel-1536x848.jpg 1536w, https:\/\/www.creilsudoise-tourisme.fr\/wp-content\/uploads\/2021\/04\/MAYSEL-Vue-du-ciel-200x110.jpg 200w, https:\/\/www.creilsudoise-tourisme.fr\/wp-content\/uploads\/2021\/04\/MAYSEL-Vue-du-ciel-650x359.jpg 650w, https:\/\/www.creilsudoise-tourisme.fr\/wp-content\/uploads\/2021\/04\/MAYSEL-Vue-du-ciel-387x214.jpg 387w, https:\/\/www.creilsudoise-tourisme.fr\/wp-content\/uploads\/2021\/04\/MAYSEL-Vue-du-ciel-275x152.jpg 275w, https:\/\/www.creilsudoise-tourisme.fr\/wp-content\/uploads\/2021\/04\/MAYSEL-Vue-du-ciel.jpg 1600w\" sizes=\"(max-width: 800px) 100vw, 800px\" \/><figcaption class=\"wp-element-caption\">Creil Sud Oise Toerisme<\/figcaption><\/figure>\n\n\n\n<p>Maysel ontleent zijn naam aan <strong>Macellum<\/strong> die al in 1157 in de archieven te vinden is. In die tijd bezat de stad een kasteel dat toebehoorde aan de baronie van Mello en dat een tijdlang werd bewoond door de graaf van Saint-Paul, die onder het bewind van Lodewijk XI consabel van Frankrijk was. <strong>De kerk van Saint Didier<\/strong> heeft een omgekeerde scheepsrompstructuur uit de 16e eeuw.<sup>\u00e8me<\/sup> eeuw.<\/p>\n\n\n\n<p>Vlakbij het dorp ligt een oude open steengroeve, de \" <strong>Carri\u00e8re aux Vignes<\/strong> \"ook bekend als \"Carri\u00e8re aux Loups\", organiseerde de <a href=\"https:\/\/www.creilsudoise-tourisme.fr\/nl\/i-search\/schieten\/\" target=\"_blank\" rel=\"noreferrer noopener\">schieten<\/a> sc\u00e8nes uit de film The <em>Pact van de Wolven<\/em>.<\/p>\n\n\n\n<figure class=\"wp-block-image alignwide size-large\"><img decoding=\"async\" loading=\"lazy\" width=\"1350\" height=\"843\" data-src=\"https:\/\/www.creilsudoise-tourisme.fr\/wp-content\/uploads\/2021\/04\/MAYSEL-Carriere-aux-vignes-edited.jpg\" alt=\"\" class=\"wp-image-33771\" data-srcset=\"https:\/\/www.creilsudoise-tourisme.fr\/wp-content\/uploads\/2021\/04\/MAYSEL-Carriere-aux-vignes-edited.jpg 1350w, https:\/\/www.creilsudoise-tourisme.fr\/wp-content\/uploads\/2021\/04\/MAYSEL-Carriere-aux-vignes-edited-600x375.jpg 600w, https:\/\/www.creilsudoise-tourisme.fr\/wp-content\/uploads\/2021\/04\/MAYSEL-Carriere-aux-vignes-edited-1200x749.jpg 1200w, https:\/\/www.creilsudoise-tourisme.fr\/wp-content\/uploads\/2021\/04\/MAYSEL-Carriere-aux-vignes-edited-900x562.jpg 900w, https:\/\/www.creilsudoise-tourisme.fr\/wp-content\/uploads\/2021\/04\/MAYSEL-Carriere-aux-vignes-edited-200x125.jpg 200w, https:\/\/www.creilsudoise-tourisme.fr\/wp-content\/uploads\/2021\/04\/MAYSEL-Carriere-aux-vignes-edited-650x406.jpg 650w, https:\/\/www.creilsudoise-tourisme.fr\/wp-content\/uploads\/2021\/04\/MAYSEL-Carriere-aux-vignes-edited-387x242.jpg 387w, https:\/\/www.creilsudoise-tourisme.fr\/wp-content\/uploads\/2021\/04\/MAYSEL-Carriere-aux-vignes-edited-275x172.jpg 275w\" sizes=\"(max-width: 1350px) 100vw, 1350px\" \/><figcaption class=\"wp-element-caption\">De wijngaardgroeve waar de opnames van Pacte des Loups plaatsvonden \u00a9 Creil Sud Oise Tourisme<\/figcaption><\/figure>\n\n\n\n<h3>Montataire<\/h3>\n\n\n\n<p><strong><a href=\"http:\/\/www.mairie-montataire.fr\/\" target=\"_blank\" rel=\"noreferrer noopener\">Montataire <\/a><\/strong>De stad kijkt uit over de valleien van de Oise en de Th\u00e9rain en ontleent daaraan haar naam: Mons ad Theram, de berg bij de Th\u00e9rain.<\/p>\n\n\n\n<p>Van een afstand kun je de<strong>Kerk van Onze Lieve Vrouw<\/strong> en aan zijn zijde de <strong><a href=\"https:\/\/www.creilsudoise-tourisme.fr\/nl\/patrimoine\/chateau-de-montataire-2\/\" target=\"_blank\" rel=\"noreferrer noopener\">Kasteel<\/a><\/strong> die dateert van 12<sup>\u00e8me<\/sup> Het huis wordt nu gerenoveerd door de eigenaars, Marie-Astrid en haar vader Fran\u00e7ois-Xavier. Deze twee geschiedenisfanaten nodigen ons uit om de geschiedenis van illustere personages en wendingen te ontdekken tijdens een <a href=\"https:\/\/www.creilsudoise-tourisme.fr\/nl\/agenda\/\" target=\"_blank\" rel=\"noreferrer noopener\">rondleiding<\/a> vol humor.<\/p>\n\n\n\n<div class=\"wp-block-media-text is-stacked-on-mobile\" style=\"grid-template-columns:43% auto\"><figure class=\"wp-block-media-text__media\"><img decoding=\"async\" loading=\"lazy\" width=\"820\" height=\"1200\" data-src=\"https:\/\/www.creilsudoise-tourisme.fr\/wp-content\/uploads\/2021\/04\/MONTATAIRE-Le-Petit-Chateau-820x1200.jpg\" alt=\"\" class=\"wp-image-33751 size-full\" data-srcset=\"https:\/\/www.creilsudoise-tourisme.fr\/wp-content\/uploads\/2021\/04\/MONTATAIRE-Le-Petit-Chateau-820x1200.jpg 820w, https:\/\/www.creilsudoise-tourisme.fr\/wp-content\/uploads\/2021\/04\/MONTATAIRE-Le-Petit-Chateau-410x600.jpg 410w, https:\/\/www.creilsudoise-tourisme.fr\/wp-content\/uploads\/2021\/04\/MONTATAIRE-Le-Petit-Chateau-615x900.jpg 615w, https:\/\/www.creilsudoise-tourisme.fr\/wp-content\/uploads\/2021\/04\/MONTATAIRE-Le-Petit-Chateau-200x293.jpg 200w, https:\/\/www.creilsudoise-tourisme.fr\/wp-content\/uploads\/2021\/04\/MONTATAIRE-Le-Petit-Chateau-650x951.jpg 650w, https:\/\/www.creilsudoise-tourisme.fr\/wp-content\/uploads\/2021\/04\/MONTATAIRE-Le-Petit-Chateau-387x566.jpg 387w, https:\/\/www.creilsudoise-tourisme.fr\/wp-content\/uploads\/2021\/04\/MONTATAIRE-Le-Petit-Chateau-275x402.jpg 275w, https:\/\/www.creilsudoise-tourisme.fr\/wp-content\/uploads\/2021\/04\/MONTATAIRE-Le-Petit-Chateau.jpg 900w\" sizes=\"(max-width: 820px) 100vw, 820px\" \/><\/figure><div class=\"wp-block-media-text__content\">\n<p>Dicht bij het Ch\u00e2teau de Montataire liet een van de illustere inwoners en burgemeester van de stad, Baron Cond\u00e9, in de 19e eeuw het kasteel bouwen.<sup>\u00e8me<\/sup> eeuw, de <strong>Klein Kasteel<\/strong> om zijn moeder aan zijn zijde te huisvesten.<\/p>\n\n\n\n<p>Tussen de twee gebouwen ligt de <strong>Jubileumfontein,<\/strong> opgericht ter ere van koningin Victoria tijdens haar diamanten jubileum door de erfgenaam van baron Cond\u00e9, Alfred Schultze (die ook eigenaar was van het kasteel). Achter de fontein, ingebed in het fronton, ziet men <strong>Merovingische sarcofagen<\/strong> die getuigen van de oudheid van de stad en de snelle vestiging van mensen op dit strategische voorgebergte. Deze sarcofagen maken deel uit van een <strong>necropolis<\/strong> waar bijna 300 graven werden ontdekt tussen 1880 en 1980.<\/p>\n<\/div><\/div>\n\n\n\n<p>Ook dicht bij het Ch\u00e2teau de Montataire, de stad is de thuisbasis van de <strong>Grot van Pierre l'Ermite<\/strong>een groot redenaar van de tijd van de Eerste Kruistochten tot 11<sup>\u00e8me<\/sup> eeuw, waar de beroemde figuur zou hebben verbleven. Deze trogloditische woningen zijn talrijk in het zuiden van de Oise en worden ook nu nog bewoond.<\/p>\n\n\n\n<p>De strategische ligging van het gebied leidde tot de industrialisatie van de stad Montataire en de vestiging van verschillende grote fabrieken. Vandaag kun je de overblijfselen bewonderen van de oude Marinoni-fabriek, waar Le Petit Journal Illustr\u00e9 werd gedrukt, daarna Goss (gespecialiseerd in rotatiepersen), evenals de <strong>Perret Hall<\/strong>Het gebouw werd ontworpen door de gebroeders Perret om er de Saxby-fabriek in onder te brengen, die hef- en transportapparatuur produceerde. Het is nu een <a href=\"http:\/\/www.mairie-montataire.fr\/pole_culturel_halle_perret.html\" target=\"_blank\" rel=\"noreferrer noopener\">conservatorium, een concertzaal en een tentoonstellingsruimte<\/a>. L'<strong>Montataire's ontmoetingsplaats<\/strong>De feestzaal van de stad roept ook het industri\u00eble verleden van de stad op door de felgekleurde golfplaten muren, die doen denken aan die van de Chausson fabriek in de carrosserie.<\/p>\n\n\n\n<figure class=\"wp-block-image alignwide size-large\"><img decoding=\"async\" loading=\"lazy\" width=\"1800\" height=\"1124\" data-src=\"https:\/\/www.creilsudoise-tourisme.fr\/wp-content\/uploads\/2021\/04\/MONTATAIRE-Le-Bois-Godart-edited.jpg\" alt=\"\" class=\"wp-image-33775\" data-srcset=\"https:\/\/www.creilsudoise-tourisme.fr\/wp-content\/uploads\/2021\/04\/MONTATAIRE-Le-Bois-Godart-edited.jpg 1800w, https:\/\/www.creilsudoise-tourisme.fr\/wp-content\/uploads\/2021\/04\/MONTATAIRE-Le-Bois-Godart-edited-600x375.jpg 600w, https:\/\/www.creilsudoise-tourisme.fr\/wp-content\/uploads\/2021\/04\/MONTATAIRE-Le-Bois-Godart-edited-1200x749.jpg 1200w, https:\/\/www.creilsudoise-tourisme.fr\/wp-content\/uploads\/2021\/04\/MONTATAIRE-Le-Bois-Godart-edited-900x562.jpg 900w, https:\/\/www.creilsudoise-tourisme.fr\/wp-content\/uploads\/2021\/04\/MONTATAIRE-Le-Bois-Godart-edited-1536x959.jpg 1536w, https:\/\/www.creilsudoise-tourisme.fr\/wp-content\/uploads\/2021\/04\/MONTATAIRE-Le-Bois-Godart-edited-200x125.jpg 200w, https:\/\/www.creilsudoise-tourisme.fr\/wp-content\/uploads\/2021\/04\/MONTATAIRE-Le-Bois-Godart-edited-650x406.jpg 650w, https:\/\/www.creilsudoise-tourisme.fr\/wp-content\/uploads\/2021\/04\/MONTATAIRE-Le-Bois-Godart-edited-387x242.jpg 387w, https:\/\/www.creilsudoise-tourisme.fr\/wp-content\/uploads\/2021\/04\/MONTATAIRE-Le-Bois-Godart-edited-275x172.jpg 275w\" sizes=\"(max-width: 1800px) 100vw, 1800px\" \/><figcaption class=\"wp-element-caption\">Montataire is vol natuurgebieden waar het goed wandelen is! JL Cormontagne - gemeente Montataire<\/figcaption><\/figure>\n\n\n\n<p>Verschillende <a href=\"https:\/\/www.creilsudoise-tourisme.fr\/nl\/jexplore\/les-incontournables\/balades-parcs\/\" target=\"_blank\" rel=\"noreferrer noopener\">groene ruimten<\/a>als de <strong><a href=\"https:\/\/www.creilsudoise-tourisme.fr\/nl\/espace-naturel\/bois-godart\/\" target=\"_blank\" rel=\"noreferrer noopener\">Godart Wood<\/a> en de <a href=\"https:\/\/www.creilsudoise-tourisme.fr\/nl\/espace-naturel\/coulee-verte-de-montataire\/\" target=\"_blank\" rel=\"noreferrer noopener\">Groene corridor<\/a><\/strong>en sporters of vissers zoals de <strong><a href=\"https:\/\/www.creilsudoise-tourisme.fr\/nl\/espace-naturel\/urban-priory-park\/\" target=\"_blank\" rel=\"noreferrer noopener\">Stadspark<\/a><\/strong>een voormalige grindgroeve. De stad Montataire is ook <strong>bekroond met het 3-bloemen label Villes et Villages Fleuris<\/strong>. De <strong><a href=\"https:\/\/www.creilsudoise-tourisme.fr\/nl\/loisirs\/kano-kajak-club-du-therain\/\" target=\"_blank\" rel=\"noreferrer noopener\">Montataire Kano-Kayak Club<\/a><\/strong> biedt ons kajaktochten aan op de Th\u00e9rain. <\/p>\n\n\n\n<h3>Nogent-sur-Oise<\/h3>\n\n\n\n<p><strong><a href=\"https:\/\/www.nogentsuroise.fr\/\" target=\"_blank\" rel=\"noreferrer noopener\">Nogent-sur-Oise<\/a><\/strong> heette tot 1905 Nogent-les-Vierges, ter ere van Sainte-Maure en Sainte-Brigide, twee vrome zusters die hun naam aan de kerk hebben gegeven en wier relikwie\u00ebn er worden bewaard. De klokkentoren van deze kerk is bijzonder opmerkelijk en is een van de mooiste romaanse klokkentorens in de regio.<\/p>\n\n\n\n<figure class=\"is-layout-flex wp-block-gallery-7 wp-block-gallery has-nested-images columns-default is-cropped\">\n<figure class=\"wp-block-image size-large\"><a href=\"https:\/\/www.creilsudoise-tourisme.fr\/wp-content\/uploads\/2021\/04\/NOGENT-SUR-OISE-Visite-guidee-de-leglise.jpg\"><img decoding=\"async\" loading=\"lazy\" width=\"1200\" height=\"800\" data-id=\"33743\"  data-src=\"https:\/\/www.creilsudoise-tourisme.fr\/wp-content\/uploads\/2021\/04\/NOGENT-SUR-OISE-Visite-guidee-de-leglise-1200x800.jpg\" alt=\"\" class=\"wp-image-33743\" data-srcset=\"https:\/\/www.creilsudoise-tourisme.fr\/wp-content\/uploads\/2021\/04\/NOGENT-SUR-OISE-Visite-guidee-de-leglise-1200x800.jpg 1200w, https:\/\/www.creilsudoise-tourisme.fr\/wp-content\/uploads\/2021\/04\/NOGENT-SUR-OISE-Visite-guidee-de-leglise-600x400.jpg 600w, https:\/\/www.creilsudoise-tourisme.fr\/wp-content\/uploads\/2021\/04\/NOGENT-SUR-OISE-Visite-guidee-de-leglise-900x600.jpg 900w, https:\/\/www.creilsudoise-tourisme.fr\/wp-content\/uploads\/2021\/04\/NOGENT-SUR-OISE-Visite-guidee-de-leglise-200x133.jpg 200w, https:\/\/www.creilsudoise-tourisme.fr\/wp-content\/uploads\/2021\/04\/NOGENT-SUR-OISE-Visite-guidee-de-leglise-650x433.jpg 650w, https:\/\/www.creilsudoise-tourisme.fr\/wp-content\/uploads\/2021\/04\/NOGENT-SUR-OISE-Visite-guidee-de-leglise-387x258.jpg 387w, https:\/\/www.creilsudoise-tourisme.fr\/wp-content\/uploads\/2021\/04\/NOGENT-SUR-OISE-Visite-guidee-de-leglise-275x183.jpg 275w, https:\/\/www.creilsudoise-tourisme.fr\/wp-content\/uploads\/2021\/04\/NOGENT-SUR-OISE-Visite-guidee-de-leglise.jpg 1350w\" sizes=\"(max-width: 1200px) 100vw, 1200px\" \/><\/a><figcaption class=\"wp-element-caption\">Creil Sud Oise Toerisme<\/figcaption><\/figure>\n\n\n\n<figure class=\"wp-block-image size-large\"><a href=\"https:\/\/www.creilsudoise-tourisme.fr\/wp-content\/uploads\/2021\/04\/NOGENT-SUR-OISE-Sainte-Brigide-et-Sainte-Maure.jpg\"><img decoding=\"async\" loading=\"lazy\" width=\"1200\" height=\"800\" data-id=\"33758\"  data-src=\"https:\/\/www.creilsudoise-tourisme.fr\/wp-content\/uploads\/2021\/04\/NOGENT-SUR-OISE-Sainte-Brigide-et-Sainte-Maure-1200x800.jpg\" alt=\"\" class=\"wp-image-33758\" data-srcset=\"https:\/\/www.creilsudoise-tourisme.fr\/wp-content\/uploads\/2021\/04\/NOGENT-SUR-OISE-Sainte-Brigide-et-Sainte-Maure-1200x800.jpg 1200w, https:\/\/www.creilsudoise-tourisme.fr\/wp-content\/uploads\/2021\/04\/NOGENT-SUR-OISE-Sainte-Brigide-et-Sainte-Maure-600x400.jpg 600w, https:\/\/www.creilsudoise-tourisme.fr\/wp-content\/uploads\/2021\/04\/NOGENT-SUR-OISE-Sainte-Brigide-et-Sainte-Maure-900x600.jpg 900w, https:\/\/www.creilsudoise-tourisme.fr\/wp-content\/uploads\/2021\/04\/NOGENT-SUR-OISE-Sainte-Brigide-et-Sainte-Maure-1536x1024.jpg 1536w, https:\/\/www.creilsudoise-tourisme.fr\/wp-content\/uploads\/2021\/04\/NOGENT-SUR-OISE-Sainte-Brigide-et-Sainte-Maure-200x133.jpg 200w, https:\/\/www.creilsudoise-tourisme.fr\/wp-content\/uploads\/2021\/04\/NOGENT-SUR-OISE-Sainte-Brigide-et-Sainte-Maure-650x433.jpg 650w, https:\/\/www.creilsudoise-tourisme.fr\/wp-content\/uploads\/2021\/04\/NOGENT-SUR-OISE-Sainte-Brigide-et-Sainte-Maure-387x258.jpg 387w, https:\/\/www.creilsudoise-tourisme.fr\/wp-content\/uploads\/2021\/04\/NOGENT-SUR-OISE-Sainte-Brigide-et-Sainte-Maure-275x183.jpg 275w, https:\/\/www.creilsudoise-tourisme.fr\/wp-content\/uploads\/2021\/04\/NOGENT-SUR-OISE-Sainte-Brigide-et-Sainte-Maure.jpg 1824w\" sizes=\"(max-width: 1200px) 100vw, 1200px\" \/><\/a><figcaption class=\"wp-element-caption\">Creil Sud Oise Toerisme<\/figcaption><\/figure>\n<\/figure>\n\n\n\n<p>De <strong>Ch\u00e2teau des Rochers<\/strong> is het voormalige huis van de Engelse industrieel Charles Burton, die de voormalige Howden BC-fabriek bouwde op de plaats van een oude molen waar vuursteen werd gemalen voor de aardewerkindustrie. Tegenwoordig herbergt het kasteel een <strong>uitvoeringsruimte<\/strong> en concerten en een opnamestudio, <strong><a href=\"https:\/\/www.facebook.com\/studionso\/\" target=\"_blank\" rel=\"noreferrer noopener\">NSO Studio<\/a><\/strong>. <\/p>\n\n\n\n<p>Binnen de <strong><a href=\"https:\/\/www.creilsudoise-tourisme.fr\/nl\/espace-naturel\/park-hebert\/\" target=\"_blank\" rel=\"noreferrer noopener\">Hebert Park<\/a>,<\/strong> de groene long van de stad, kan men tijdens een <a href=\"https:\/\/www.creilsudoise-tourisme.fr\/nl\/jexplore\/les-incontournables\/balades-parcs\/\" target=\"_blank\" rel=\"noreferrer noopener\">wandeling<\/a> met familie en vrienden, de voormalige gevel van het <strong>Kasteel Sarcus<\/strong>.<\/p>\n\n\n\n<figure class=\"wp-block-image size-large\"><img decoding=\"async\" loading=\"lazy\" width=\"1200\" height=\"675\" data-src=\"https:\/\/www.creilsudoise-tourisme.fr\/wp-content\/uploads\/2021\/04\/NOGENT-SUR-OISE-La-facade-du-Sarcus-1200x675.jpg\" alt=\"\" class=\"wp-image-33753\" data-srcset=\"https:\/\/www.creilsudoise-tourisme.fr\/wp-content\/uploads\/2021\/04\/NOGENT-SUR-OISE-La-facade-du-Sarcus-1200x675.jpg 1200w, https:\/\/www.creilsudoise-tourisme.fr\/wp-content\/uploads\/2021\/04\/NOGENT-SUR-OISE-La-facade-du-Sarcus-600x338.jpg 600w, https:\/\/www.creilsudoise-tourisme.fr\/wp-content\/uploads\/2021\/04\/NOGENT-SUR-OISE-La-facade-du-Sarcus-900x506.jpg 900w, https:\/\/www.creilsudoise-tourisme.fr\/wp-content\/uploads\/2021\/04\/NOGENT-SUR-OISE-La-facade-du-Sarcus-1536x864.jpg 1536w, https:\/\/www.creilsudoise-tourisme.fr\/wp-content\/uploads\/2021\/04\/NOGENT-SUR-OISE-La-facade-du-Sarcus-200x113.jpg 200w, https:\/\/www.creilsudoise-tourisme.fr\/wp-content\/uploads\/2021\/04\/NOGENT-SUR-OISE-La-facade-du-Sarcus-1600x900.jpg 1600w, https:\/\/www.creilsudoise-tourisme.fr\/wp-content\/uploads\/2021\/04\/NOGENT-SUR-OISE-La-facade-du-Sarcus-650x366.jpg 650w, https:\/\/www.creilsudoise-tourisme.fr\/wp-content\/uploads\/2021\/04\/NOGENT-SUR-OISE-La-facade-du-Sarcus-387x218.jpg 387w, https:\/\/www.creilsudoise-tourisme.fr\/wp-content\/uploads\/2021\/04\/NOGENT-SUR-OISE-La-facade-du-Sarcus-275x155.jpg 275w, https:\/\/www.creilsudoise-tourisme.fr\/wp-content\/uploads\/2021\/04\/NOGENT-SUR-OISE-La-facade-du-Sarcus.jpg 1920w\" sizes=\"(max-width: 1200px) 100vw, 1200px\" \/><figcaption class=\"wp-element-caption\">De voorgevel van het Ch\u00e2teau de Sarcus werd verplaatst naar Nogent-sur-Oise voor de totale vernietiging van het Ch\u00e2teau \u00a9 Creil Sud Oise Tourisme<\/figcaption><\/figure>\n\n\n\n<h3>Rousseloy<\/h3>\n\n\n\n<p><strong>Rousseloy<\/strong>De \"bron die stroomt\" is een dorp waar het leven goed is. Omgeven door bossen en steengroeven is het een ideale plek voor een <a href=\"https:\/\/www.creilsudoise-tourisme.fr\/nl\/i-search\/wandeling-2\/\" target=\"_blank\" rel=\"noreferrer noopener\">een wandeling of een trektocht!<\/a><\/p>\n\n\n\n<p>Geluid <strong>Sint-Maartenskerk<\/strong>De kerk, die op de monumentenlijst staat, heeft een klok uit 1501 en zou de oudste van de regio zijn. Zij heeft geen schip om ruimte te besparen en het kerkhof lag lange tijd rond het gebouw voordat het naar buiten de stad werd verplaatst.<\/p>\n\n\n\n<p>In 2021, ter gelegenheid van zijn 30-jarig bestaan, zal het <strong><a href=\"http:\/\/www.laroutedupoisson.com\/\" target=\"_blank\" rel=\"noreferrer noopener\">Route du Poisson,<\/a><\/strong> een paardenkoetsrace, die door Rousseloy liep. Deze race, die in 1991 in het leven werd geroepen en in 2012 werd gestaakt, volgt de route van de Route du Poisson (Visroute), die vroeger werd gebruikt door de \"chasse-mar\u00e9es\" (getijdenboten) en \"mareyeurs\" (vishandelaren) tussen Boulogne-sur-Mer en Les Halles de Paris om verse vis te leveren.<\/p>\n\n\n\n<h3>Saint-Leu-d'Esserent<\/h3>\n\n\n\n<p><strong><a href=\"https:\/\/www.saintleudesserent.fr\/\" target=\"_blank\" rel=\"noreferrer noopener\">Saint-Leu-d'Esserent<\/a><\/strong> heeft een rijk middeleeuws verleden dat nog steeds kan worden bewonderd in zijn majestueuze <strong><a href=\"https:\/\/www.creilsudoise-tourisme.fr\/nl\/patrimoine\/abbatiale-de-saint-leu-desserent\/\" target=\"_blank\" rel=\"noreferrer noopener\">Abdij van St. Nicolaas<\/a><\/strong> die uitkijkt over de stad, de omliggende middeleeuwse wijk, de <strong>Cave Banvin<\/strong> waar de reserves van de Cluniac monniken werden opgeslagen evenals de <strong>Priorij<\/strong>Tegenwoordig is het priv\u00e9-bezit en tijdens de Open Monumentendagen voor het publiek toegankelijk. Het was in de stad Saint-Leu-d'Esserent dat de <strong>Jacquerie<\/strong>De eerste was een boerenopstand tegen de adel en de hoge belastingen.<\/p>\n\n\n\n<figure class=\"wp-block-image alignwide size-large\"><img decoding=\"async\" loading=\"lazy\" width=\"1200\" height=\"668\" data-src=\"https:\/\/www.creilsudoise-tourisme.fr\/wp-content\/uploads\/2021\/04\/SAINT-LEU-DESSERENT-La-Cave-Banvin-1200x668.jpg\" alt=\"\" class=\"wp-image-33754\" data-srcset=\"https:\/\/www.creilsudoise-tourisme.fr\/wp-content\/uploads\/2021\/04\/SAINT-LEU-DESSERENT-La-Cave-Banvin-1200x668.jpg 1200w, https:\/\/www.creilsudoise-tourisme.fr\/wp-content\/uploads\/2021\/04\/SAINT-LEU-DESSERENT-La-Cave-Banvin-600x334.jpg 600w, https:\/\/www.creilsudoise-tourisme.fr\/wp-content\/uploads\/2021\/04\/SAINT-LEU-DESSERENT-La-Cave-Banvin-900x501.jpg 900w, https:\/\/www.creilsudoise-tourisme.fr\/wp-content\/uploads\/2021\/04\/SAINT-LEU-DESSERENT-La-Cave-Banvin-1536x854.jpg 1536w, https:\/\/www.creilsudoise-tourisme.fr\/wp-content\/uploads\/2021\/04\/SAINT-LEU-DESSERENT-La-Cave-Banvin-200x111.jpg 200w, https:\/\/www.creilsudoise-tourisme.fr\/wp-content\/uploads\/2021\/04\/SAINT-LEU-DESSERENT-La-Cave-Banvin-650x362.jpg 650w, https:\/\/www.creilsudoise-tourisme.fr\/wp-content\/uploads\/2021\/04\/SAINT-LEU-DESSERENT-La-Cave-Banvin-387x215.jpg 387w, https:\/\/www.creilsudoise-tourisme.fr\/wp-content\/uploads\/2021\/04\/SAINT-LEU-DESSERENT-La-Cave-Banvin-275x153.jpg 275w, https:\/\/www.creilsudoise-tourisme.fr\/wp-content\/uploads\/2021\/04\/SAINT-LEU-DESSERENT-La-Cave-Banvin.jpg 1600w\" sizes=\"(max-width: 1200px) 100vw, 1200px\" \/><figcaption class=\"wp-element-caption\">De Banvin-kelder waar de monniken hun wijn opsloegen \u00a9 Ardoise<\/figcaption><\/figure>\n\n\n\n<p>De stad is, net als die van Saint-Maximin, gebouwd rond de rivier de Oise waar de steenblokken van de <a href=\"https:\/\/www.creilsudoise-tourisme.fr\/nl\/jexplore\/les-incontournables\/maison-de-la-pierre\/\" target=\"_blank\" rel=\"noreferrer noopener\">steengroeven in en rond Saint-Leu<\/a>en aan grote plaatsen in aanbouw, zoals de Haussmann-boulevards in Parijs, de Pont Neuf, de Op\u00e9ra Garnier, enz.<\/p>\n\n\n\n<p>Dit verleden rond steen is ook zichtbaar in de typische huizen van het zuiden van de Oise, de <strong>troglodytische huizen.<\/strong><\/p>\n\n\n\n<p>De <strong><a href=\"https:\/\/www.creilsudoise-tourisme.fr\/nl\/loisirs\/base-de-loisirs-saint-leu-desserent\/\" target=\"_blank\" rel=\"noreferrer noopener\">Vrijetijdscentrum<\/a><\/strong> Het meer is verdeeld in twee delen: \u00e9\u00e9n voor zwemmen onder toezicht, met een zandstrand, en het andere voor rustige watersporten zoals waterfietsen en waterfietsen. Met zijn 50 hectare groen kunt u wandelen, picknicken of zelfs ponyrijden! Vlak ernaast ligt het <strong><a href=\"https:\/\/www.creilsudoise-tourisme.fr\/nl\/loisirs\/base-nautique-de-saint-leu-desserent\/\" target=\"_blank\" rel=\"noreferrer noopener\">Watersportcentrum<\/a><\/strong> propose des initiations et des cours de voile.<\/p>\n\n\n\n<figure class=\"is-layout-flex wp-block-gallery-9 wp-block-gallery has-nested-images columns-default is-cropped\">\n<figure class=\"wp-block-image size-large\"><a href=\"https:\/\/www.creilsudoise-tourisme.fr\/wp-content\/uploads\/2021\/04\/SAINT-LEU-DESSERENT-Baignade-surveillee-a-la-Base-de-Loisirs.jpg\"><img decoding=\"async\" loading=\"lazy\" width=\"1200\" height=\"675\" data-id=\"33738\"  data-src=\"https:\/\/www.creilsudoise-tourisme.fr\/wp-content\/uploads\/2021\/04\/SAINT-LEU-DESSERENT-Baignade-surveillee-a-la-Base-de-Loisirs-1200x675.jpg\" alt=\"recreatiecentrum saint-leu-d&#039;Esserent oise strand veilig zwemmen\" class=\"wp-image-33738\" data-srcset=\"https:\/\/www.creilsudoise-tourisme.fr\/wp-content\/uploads\/2021\/04\/SAINT-LEU-DESSERENT-Baignade-surveillee-a-la-Base-de-Loisirs-1200x675.jpg 1200w, https:\/\/www.creilsudoise-tourisme.fr\/wp-content\/uploads\/2021\/04\/SAINT-LEU-DESSERENT-Baignade-surveillee-a-la-Base-de-Loisirs-600x338.jpg 600w, https:\/\/www.creilsudoise-tourisme.fr\/wp-content\/uploads\/2021\/04\/SAINT-LEU-DESSERENT-Baignade-surveillee-a-la-Base-de-Loisirs-900x506.jpg 900w, https:\/\/www.creilsudoise-tourisme.fr\/wp-content\/uploads\/2021\/04\/SAINT-LEU-DESSERENT-Baignade-surveillee-a-la-Base-de-Loisirs-1536x864.jpg 1536w, https:\/\/www.creilsudoise-tourisme.fr\/wp-content\/uploads\/2021\/04\/SAINT-LEU-DESSERENT-Baignade-surveillee-a-la-Base-de-Loisirs-200x113.jpg 200w, https:\/\/www.creilsudoise-tourisme.fr\/wp-content\/uploads\/2021\/04\/SAINT-LEU-DESSERENT-Baignade-surveillee-a-la-Base-de-Loisirs-650x366.jpg 650w, https:\/\/www.creilsudoise-tourisme.fr\/wp-content\/uploads\/2021\/04\/SAINT-LEU-DESSERENT-Baignade-surveillee-a-la-Base-de-Loisirs-387x218.jpg 387w, https:\/\/www.creilsudoise-tourisme.fr\/wp-content\/uploads\/2021\/04\/SAINT-LEU-DESSERENT-Baignade-surveillee-a-la-Base-de-Loisirs-275x155.jpg 275w, https:\/\/www.creilsudoise-tourisme.fr\/wp-content\/uploads\/2021\/04\/SAINT-LEU-DESSERENT-Baignade-surveillee-a-la-Base-de-Loisirs.jpg 1600w\" sizes=\"(max-width: 1200px) 100vw, 1200px\" \/><\/a><figcaption class=\"wp-element-caption\">Creil Sud Oise Toerisme<\/figcaption><\/figure>\n\n\n\n<figure class=\"wp-block-image size-large\"><a href=\"https:\/\/www.creilsudoise-tourisme.fr\/wp-content\/uploads\/2021\/04\/SAINT-LEU-DESSERENT-Les-Berges-de-lOise.jpg\"><img decoding=\"async\" loading=\"lazy\" width=\"1200\" height=\"600\" data-id=\"33745\"  data-src=\"https:\/\/www.creilsudoise-tourisme.fr\/wp-content\/uploads\/2021\/04\/SAINT-LEU-DESSERENT-Les-Berges-de-lOise-1200x600.jpg\" alt=\"\" class=\"wp-image-33745\" data-srcset=\"https:\/\/www.creilsudoise-tourisme.fr\/wp-content\/uploads\/2021\/04\/SAINT-LEU-DESSERENT-Les-Berges-de-lOise-1200x600.jpg 1200w, https:\/\/www.creilsudoise-tourisme.fr\/wp-content\/uploads\/2021\/04\/SAINT-LEU-DESSERENT-Les-Berges-de-lOise-600x300.jpg 600w, https:\/\/www.creilsudoise-tourisme.fr\/wp-content\/uploads\/2021\/04\/SAINT-LEU-DESSERENT-Les-Berges-de-lOise-e1620221846433-300x150.jpg 300w, https:\/\/www.creilsudoise-tourisme.fr\/wp-content\/uploads\/2021\/04\/SAINT-LEU-DESSERENT-Les-Berges-de-lOise-900x450.jpg 900w, https:\/\/www.creilsudoise-tourisme.fr\/wp-content\/uploads\/2021\/04\/SAINT-LEU-DESSERENT-Les-Berges-de-lOise-1536x768.jpg 1536w, https:\/\/www.creilsudoise-tourisme.fr\/wp-content\/uploads\/2021\/04\/SAINT-LEU-DESSERENT-Les-Berges-de-lOise-200x100.jpg 200w, https:\/\/www.creilsudoise-tourisme.fr\/wp-content\/uploads\/2021\/04\/SAINT-LEU-DESSERENT-Les-Berges-de-lOise-1000x500.jpg 1000w, https:\/\/www.creilsudoise-tourisme.fr\/wp-content\/uploads\/2021\/04\/SAINT-LEU-DESSERENT-Les-Berges-de-lOise-650x325.jpg 650w, https:\/\/www.creilsudoise-tourisme.fr\/wp-content\/uploads\/2021\/04\/SAINT-LEU-DESSERENT-Les-Berges-de-lOise-387x194.jpg 387w, https:\/\/www.creilsudoise-tourisme.fr\/wp-content\/uploads\/2021\/04\/SAINT-LEU-DESSERENT-Les-Berges-de-lOise-275x138.jpg 275w, https:\/\/www.creilsudoise-tourisme.fr\/wp-content\/uploads\/2021\/04\/SAINT-LEU-DESSERENT-Les-Berges-de-lOise.jpg 1600w\" sizes=\"(max-width: 1200px) 100vw, 1200px\" \/><\/a><figcaption class=\"wp-element-caption\">Creil Sud Oise Toerisme<\/figcaption><\/figure>\n<\/figure>\n\n\n\n<p>De stad heeft verschillende <a href=\"https:\/\/www.creilsudoise-tourisme.fr\/nl\/jexplore\/les-incontournables\/balades-parcs\/\" target=\"_blank\" rel=\"noreferrer noopener\">groene ruimten<\/a> vrije toegang zoals de <strong><a href=\"https:\/\/www.creilsudoise-tourisme.fr\/nl\/espace-naturel\/parc-de-la-garenne\/\" target=\"_blank\" rel=\"noreferrer noopener\">Parc de la Garenne<\/a><\/strong> en zijn gezondheidscursus, de <strong>Oevers van de Oise<\/strong> onlangs ontwikkeld voor gezins- of solowandelingen of de <strong>Tuinen van <a href=\"https:\/\/www.creilsudoise-tourisme.fr\/nl\/espace-naturel\/garden-of-labbatiale\/\" target=\"_blank\" rel=\"noreferrer noopener\">de abdij <\/a>en de <a href=\"https:\/\/www.creilsudoise-tourisme.fr\/nl\/espace-naturel\/jardin-de-la-mairie\/\" target=\"_blank\" rel=\"noreferrer noopener\">Stadhuis <\/a>!<\/strong><\/p>\n\n\n\n<h3>Saint-Maximin<\/h3>\n\n\n\n<p>Wereldwijd bekend om de <strong>Pierre de Saint-Maximin<\/strong>de <a href=\"https:\/\/www.saintmaximin.eu\/accueil_fr.html\" target=\"_blank\" rel=\"noreferrer noopener\">stad <\/a>heeft een sterke activiteit behouden rond de exploitatie van de steen dankzij zijn 3 steengroeven die nog steeds in bedrijf zijn.<\/p>\n\n\n\n<div class=\"wp-block-media-text is-stacked-on-mobile\" style=\"grid-template-columns:36% auto\"><figure class=\"wp-block-media-text__media\"><img decoding=\"async\" loading=\"lazy\" width=\"800\" height=\"1200\" data-src=\"https:\/\/www.creilsudoise-tourisme.fr\/wp-content\/uploads\/2021\/04\/SAINT-MAXIMIN-La-Maison-de-la-Pierre-800x1200.jpg\" alt=\"\" class=\"wp-image-33756 size-full\" data-srcset=\"https:\/\/www.creilsudoise-tourisme.fr\/wp-content\/uploads\/2021\/04\/SAINT-MAXIMIN-La-Maison-de-la-Pierre-800x1200.jpg 800w, https:\/\/www.creilsudoise-tourisme.fr\/wp-content\/uploads\/2021\/04\/SAINT-MAXIMIN-La-Maison-de-la-Pierre-400x600.jpg 400w, https:\/\/www.creilsudoise-tourisme.fr\/wp-content\/uploads\/2021\/04\/SAINT-MAXIMIN-La-Maison-de-la-Pierre-600x900.jpg 600w, https:\/\/www.creilsudoise-tourisme.fr\/wp-content\/uploads\/2021\/04\/SAINT-MAXIMIN-La-Maison-de-la-Pierre-200x300.jpg 200w, https:\/\/www.creilsudoise-tourisme.fr\/wp-content\/uploads\/2021\/04\/SAINT-MAXIMIN-La-Maison-de-la-Pierre-650x975.jpg 650w, https:\/\/www.creilsudoise-tourisme.fr\/wp-content\/uploads\/2021\/04\/SAINT-MAXIMIN-La-Maison-de-la-Pierre-282x424.jpg 282w, https:\/\/www.creilsudoise-tourisme.fr\/wp-content\/uploads\/2021\/04\/SAINT-MAXIMIN-La-Maison-de-la-Pierre-387x581.jpg 387w, https:\/\/www.creilsudoise-tourisme.fr\/wp-content\/uploads\/2021\/04\/SAINT-MAXIMIN-La-Maison-de-la-Pierre-275x413.jpg 275w, https:\/\/www.creilsudoise-tourisme.fr\/wp-content\/uploads\/2021\/04\/SAINT-MAXIMIN-La-Maison-de-la-Pierre.jpg 900w\" sizes=\"(max-width: 800px) 100vw, 800px\" \/><\/figure><div class=\"wp-block-media-text__content\">\n<p class=\"has-large-font-size\">Van 18<sup>\u00e8me<\/sup> In de 19e eeuw werd de steen per boot over de Oise naar Parijs vervoerd voor de aanleg van de Grands Boulevards, de Pont Neuf en de Tour Saint-Jacques. Tegenwoordig wordt het vooral gebruikt voor de horeca en wordt het ge\u00ebxporteerd naar de Verenigde Staten en Azi\u00eb. U kunt de geschiedenis van deze exploitatie en van degenen die dit materiaal bewerkten ontdekken in het <strong><a href=\"https:\/\/www.creilsudoise-tourisme.fr\/nl\/patrimoine\/maison-de-la-pierre-3\/\" target=\"_blank\" rel=\"noreferrer noopener\">Steenhuis van het zuiden van de Oise<\/a><\/strong>Een centrum voor de interpretatie van steenwerk. Deze geschiedenis wordt ook uitgebeeld in de gebrandschilderde ramen van de plaatselijke kerk, die prachtige, warme kleuren hebben, vooral als de zon erdoorheen schijnt!<\/p>\n<\/div><\/div>\n\n\n\n<p>Maar daar houdt de geschiedenis van Saint-Maximin niet op: met de grond gelijk gemaakt door bijna 95% tijdens de Tweede Wereldoorlog, wilde de stad dit verleden herdenken binnen de <strong><a href=\"https:\/\/www.creilsudoise-tourisme.fr\/nl\/patrimoine\/museum-van-bombardementen\/\" target=\"_blank\" rel=\"noreferrer noopener\">Bommuseum<\/a><\/strong> en in een lopend project voor het herstel van een barak, een van de tijdelijke woningen waarin na de oorlog door rampen getroffen gezinnen werden ondergebracht.<\/p>\n\n\n\n<p>De stad heeft ook twee kastelen, de <strong>Kasteel van Laversine<\/strong> die een school en de <strong>Kasteel Civet<\/strong> waar zich een Institut m\u00e9dico-\u00e9ducatif (ITEP) bevindt.<\/p>\n\n\n\n<figure class=\"is-layout-flex wp-block-gallery-11 wp-block-gallery alignwide has-nested-images columns-default is-cropped\">\n<figure class=\"wp-block-image size-large\"><a href=\"https:\/\/www.creilsudoise-tourisme.fr\/wp-content\/uploads\/2021\/04\/SAINT-MAXIMIN-Letang-Sainte-Barbe.jpg\"><img decoding=\"async\" loading=\"lazy\" width=\"1200\" height=\"900\" data-id=\"33757\"  data-src=\"https:\/\/www.creilsudoise-tourisme.fr\/wp-content\/uploads\/2021\/04\/SAINT-MAXIMIN-Letang-Sainte-Barbe-1200x900.jpg\" alt=\"\" class=\"wp-image-33757\" data-srcset=\"https:\/\/www.creilsudoise-tourisme.fr\/wp-content\/uploads\/2021\/04\/SAINT-MAXIMIN-Letang-Sainte-Barbe-1200x900.jpg 1200w, https:\/\/www.creilsudoise-tourisme.fr\/wp-content\/uploads\/2021\/04\/SAINT-MAXIMIN-Letang-Sainte-Barbe-600x450.jpg 600w, https:\/\/www.creilsudoise-tourisme.fr\/wp-content\/uploads\/2021\/04\/SAINT-MAXIMIN-Letang-Sainte-Barbe-900x675.jpg 900w, https:\/\/www.creilsudoise-tourisme.fr\/wp-content\/uploads\/2021\/04\/SAINT-MAXIMIN-Letang-Sainte-Barbe-1536x1152.jpg 1536w, https:\/\/www.creilsudoise-tourisme.fr\/wp-content\/uploads\/2021\/04\/SAINT-MAXIMIN-Letang-Sainte-Barbe-200x150.jpg 200w, https:\/\/www.creilsudoise-tourisme.fr\/wp-content\/uploads\/2021\/04\/SAINT-MAXIMIN-Letang-Sainte-Barbe-650x488.jpg 650w, https:\/\/www.creilsudoise-tourisme.fr\/wp-content\/uploads\/2021\/04\/SAINT-MAXIMIN-Letang-Sainte-Barbe-387x290.jpg 387w, https:\/\/www.creilsudoise-tourisme.fr\/wp-content\/uploads\/2021\/04\/SAINT-MAXIMIN-Letang-Sainte-Barbe-275x206.jpg 275w, https:\/\/www.creilsudoise-tourisme.fr\/wp-content\/uploads\/2021\/04\/SAINT-MAXIMIN-Letang-Sainte-Barbe.jpg 1920w\" sizes=\"(max-width: 1200px) 100vw, 1200px\" \/><\/a><figcaption class=\"wp-element-caption\">Creil Sud Oise Toerisme<\/figcaption><\/figure>\n\n\n\n<figure class=\"wp-block-image size-large\"><a href=\"https:\/\/www.creilsudoise-tourisme.fr\/wp-content\/uploads\/2021\/04\/SAINT-MAXIMIN-Escalade-au-Mur-du-Larris.jpg\"><img decoding=\"async\" loading=\"lazy\" width=\"1200\" height=\"798\" data-id=\"33747\"  data-src=\"https:\/\/www.creilsudoise-tourisme.fr\/wp-content\/uploads\/2021\/04\/SAINT-MAXIMIN-Escalade-au-Mur-du-Larris-1200x798.jpg\" alt=\"\" class=\"wp-image-33747\" data-srcset=\"https:\/\/www.creilsudoise-tourisme.fr\/wp-content\/uploads\/2021\/04\/SAINT-MAXIMIN-Escalade-au-Mur-du-Larris-1200x798.jpg 1200w, https:\/\/www.creilsudoise-tourisme.fr\/wp-content\/uploads\/2021\/04\/SAINT-MAXIMIN-Escalade-au-Mur-du-Larris-600x399.jpg 600w, https:\/\/www.creilsudoise-tourisme.fr\/wp-content\/uploads\/2021\/04\/SAINT-MAXIMIN-Escalade-au-Mur-du-Larris-900x599.jpg 900w, https:\/\/www.creilsudoise-tourisme.fr\/wp-content\/uploads\/2021\/04\/SAINT-MAXIMIN-Escalade-au-Mur-du-Larris-1536x1022.jpg 1536w, https:\/\/www.creilsudoise-tourisme.fr\/wp-content\/uploads\/2021\/04\/SAINT-MAXIMIN-Escalade-au-Mur-du-Larris-200x133.jpg 200w, https:\/\/www.creilsudoise-tourisme.fr\/wp-content\/uploads\/2021\/04\/SAINT-MAXIMIN-Escalade-au-Mur-du-Larris-650x432.jpg 650w, https:\/\/www.creilsudoise-tourisme.fr\/wp-content\/uploads\/2021\/04\/SAINT-MAXIMIN-Escalade-au-Mur-du-Larris-387x257.jpg 387w, https:\/\/www.creilsudoise-tourisme.fr\/wp-content\/uploads\/2021\/04\/SAINT-MAXIMIN-Escalade-au-Mur-du-Larris-275x183.jpg 275w, https:\/\/www.creilsudoise-tourisme.fr\/wp-content\/uploads\/2021\/04\/SAINT-MAXIMIN-Escalade-au-Mur-du-Larris.jpg 1920w\" sizes=\"(max-width: 1200px) 100vw, 1200px\" \/><\/a><figcaption class=\"wp-element-caption\">Creil Sud Oise Toerisme<\/figcaption><\/figure>\n<\/figure>\n\n\n\n<p>De stad biedt een <strong><a href=\"https:\/\/www.creilsudoise-tourisme.fr\/nl\/agenda\/\" target=\"_blank\" rel=\"noreferrer noopener\">een rijk programma van tijdelijke tentoonstellingen<\/a><\/strong> rond lokale kunstenaars of een verscheidenheid aan onderwerpen zoals steen, vrouwenrechten, po\u00ebzie...<\/p>\n\n\n\n<p>Om er even tussenuit te zijn en te genieten van de frisse lucht, heeft Saint-Maximin verschillende <a href=\"https:\/\/www.creilsudoise-tourisme.fr\/nl\/jexplore\/incontournables\/balades-parcs\/\">natuurlijke plaatsen<\/a> als de <strong>Larris muur<\/strong> waar cursussen <a href=\"https:\/\/www.creilsudoise-tourisme.fr\/nl\/i-search\/klimactiviteit\/\" target=\"_blank\" rel=\"noreferrer noopener\">klimmen <\/a>zijn ontwikkeld of de<strong><a href=\"https:\/\/www.creilsudoise-tourisme.fr\/nl\/espace-naturel\/etang-sainte-barbe\/\" target=\"_blank\" rel=\"noreferrer noopener\">St. Barbara's Pond<\/a><\/strong>Dit is een voormalige grindgroeve met een azuurblauwe kleur, in het midden waarvan zich een rustig broedgebied voor vogels bevindt.<\/p>\n\n\n\n<p>Aan de rand van de stad, een eindje verderop, ligt... <strong>een van de grootste <a href=\"https:\/\/saintmax.biz\/\" target=\"_blank\" rel=\"noreferrer noopener\">commercieel gebied<\/a> van Europa<\/strong> waar meer dan 300 merken je uitnodigen om te ontspannen en te shoppen!<\/p>\n\n\n\n<h3>Saint-Vaast-l\u00e8s-Mello<\/h3>\n\n\n\n<p><strong><a href=\"https:\/\/saintvaastlesmello.neopse-site.fr\/fr\/\" target=\"_blank\" rel=\"noreferrer noopener\">Saint-Vaast-l\u00e8s-Mello<\/a><\/strong> is een typisch dorp in het zuiden van de Oise, wat goed te zien is aan zijn <strong>kerk van 12<sup>\u00e8me<\/sup> eeuw<\/strong> en de huizen zijn gebouwd van plaatselijke steen. Twee wasplaatsen zijn nog steeds zichtbaar en zijn gerestaureerd. Borden geven uitleg over de geschiedenis van het gebied.<\/p>\n\n\n\n<figure class=\"is-layout-flex wp-block-gallery-13 wp-block-gallery has-nested-images columns-default is-cropped\">\n<figure class=\"wp-block-image size-large\"><a href=\"https:\/\/www.creilsudoise-tourisme.fr\/wp-content\/uploads\/2021\/04\/SAINT-VAAST-LES-MELLO-Le-Marais-Chantraine-et-ses-camaieux.jpg\"><img decoding=\"async\" loading=\"lazy\" width=\"1200\" height=\"675\" data-id=\"33750\"  data-src=\"https:\/\/www.creilsudoise-tourisme.fr\/wp-content\/uploads\/2021\/04\/SAINT-VAAST-LES-MELLO-Le-Marais-Chantraine-et-ses-camaieux-1200x675.jpg\" alt=\"\" class=\"wp-image-33750\" data-srcset=\"https:\/\/www.creilsudoise-tourisme.fr\/wp-content\/uploads\/2021\/04\/SAINT-VAAST-LES-MELLO-Le-Marais-Chantraine-et-ses-camaieux-1200x675.jpg 1200w, https:\/\/www.creilsudoise-tourisme.fr\/wp-content\/uploads\/2021\/04\/SAINT-VAAST-LES-MELLO-Le-Marais-Chantraine-et-ses-camaieux-600x338.jpg 600w, https:\/\/www.creilsudoise-tourisme.fr\/wp-content\/uploads\/2021\/04\/SAINT-VAAST-LES-MELLO-Le-Marais-Chantraine-et-ses-camaieux-900x506.jpg 900w, https:\/\/www.creilsudoise-tourisme.fr\/wp-content\/uploads\/2021\/04\/SAINT-VAAST-LES-MELLO-Le-Marais-Chantraine-et-ses-camaieux-1536x864.jpg 1536w, https:\/\/www.creilsudoise-tourisme.fr\/wp-content\/uploads\/2021\/04\/SAINT-VAAST-LES-MELLO-Le-Marais-Chantraine-et-ses-camaieux-200x113.jpg 200w, https:\/\/www.creilsudoise-tourisme.fr\/wp-content\/uploads\/2021\/04\/SAINT-VAAST-LES-MELLO-Le-Marais-Chantraine-et-ses-camaieux-1600x900.jpg 1600w, https:\/\/www.creilsudoise-tourisme.fr\/wp-content\/uploads\/2021\/04\/SAINT-VAAST-LES-MELLO-Le-Marais-Chantraine-et-ses-camaieux-650x366.jpg 650w, https:\/\/www.creilsudoise-tourisme.fr\/wp-content\/uploads\/2021\/04\/SAINT-VAAST-LES-MELLO-Le-Marais-Chantraine-et-ses-camaieux-387x218.jpg 387w, https:\/\/www.creilsudoise-tourisme.fr\/wp-content\/uploads\/2021\/04\/SAINT-VAAST-LES-MELLO-Le-Marais-Chantraine-et-ses-camaieux-275x155.jpg 275w, https:\/\/www.creilsudoise-tourisme.fr\/wp-content\/uploads\/2021\/04\/SAINT-VAAST-LES-MELLO-Le-Marais-Chantraine-et-ses-camaieux.jpg 1920w\" sizes=\"(max-width: 1200px) 100vw, 1200px\" \/><\/a><figcaption class=\"wp-element-caption\">Creil Sud Oise Toerisme<\/figcaption><\/figure>\n\n\n\n<figure class=\"wp-block-image size-large\"><a href=\"https:\/\/www.creilsudoise-tourisme.fr\/wp-content\/uploads\/2021\/04\/SAINT-VAAST-LES-MELLO-Balade-et-randonnee-aux-Glachoirs.jpg\"><img decoding=\"async\" loading=\"lazy\" width=\"1200\" height=\"900\" data-id=\"33748\"  data-src=\"https:\/\/www.creilsudoise-tourisme.fr\/wp-content\/uploads\/2021\/04\/SAINT-VAAST-LES-MELLO-Balade-et-randonnee-aux-Glachoirs.jpg\" alt=\"Koelers\" class=\"wp-image-33748\" data-srcset=\"https:\/\/www.creilsudoise-tourisme.fr\/wp-content\/uploads\/2021\/04\/SAINT-VAAST-LES-MELLO-Balade-et-randonnee-aux-Glachoirs.jpg 1200w, https:\/\/www.creilsudoise-tourisme.fr\/wp-content\/uploads\/2021\/04\/SAINT-VAAST-LES-MELLO-Balade-et-randonnee-aux-Glachoirs-600x450.jpg 600w, https:\/\/www.creilsudoise-tourisme.fr\/wp-content\/uploads\/2021\/04\/SAINT-VAAST-LES-MELLO-Balade-et-randonnee-aux-Glachoirs-900x675.jpg 900w, https:\/\/www.creilsudoise-tourisme.fr\/wp-content\/uploads\/2021\/04\/SAINT-VAAST-LES-MELLO-Balade-et-randonnee-aux-Glachoirs-200x150.jpg 200w, https:\/\/www.creilsudoise-tourisme.fr\/wp-content\/uploads\/2021\/04\/SAINT-VAAST-LES-MELLO-Balade-et-randonnee-aux-Glachoirs-650x488.jpg 650w, https:\/\/www.creilsudoise-tourisme.fr\/wp-content\/uploads\/2021\/04\/SAINT-VAAST-LES-MELLO-Balade-et-randonnee-aux-Glachoirs-387x290.jpg 387w, https:\/\/www.creilsudoise-tourisme.fr\/wp-content\/uploads\/2021\/04\/SAINT-VAAST-LES-MELLO-Balade-et-randonnee-aux-Glachoirs-275x206.jpg 275w\" sizes=\"(max-width: 1200px) 100vw, 1200px\" \/><\/a><figcaption class=\"wp-element-caption\">Leisteen<\/figcaption><\/figure>\n<\/figure>\n\n\n\n<p>Onderaan het dorp is de <strong><a href=\"https:\/\/www.creilsudoise-tourisme.fr\/nl\/espace-naturel\/marais-de-chantraine\/\" target=\"_blank\" rel=\"noreferrer noopener\">Chantraine Marsh<\/a><\/strong>Een grote watermassa waaromheen een interpretatief pad met borden over de plaatselijke flora en fauna wandelaars verwelkomt. <\/p>\n\n\n\n<p>De <strong><a href=\"https:\/\/www.creilsudoise-tourisme.fr\/nl\/jexplore\/videos\/gletsjers-descalade-site\/\" target=\"_blank\" rel=\"noreferrer noopener\">Koelers<\/a><\/strong>Deze unieke plek is in feite een oude steengroeve waarvan de metershoge blokken zijn overwoekerd door een dennenbos dat Zuid-Frankrijk waardig is! Deze unieke plek is in feite een oude steengroeve waarvan de metershoge blokken zijn bedekt met een dennenbos dat Zuid-Frankrijk waardig is! Het is op de wanden van deze blokken dat de <a href=\"https:\/\/cdffme60.wixsite.com\/ctffme60\/\" target=\"_blank\" rel=\"noreferrer noopener\">Franse berg- en klimbond van de Oise<\/a> ge\u00efnstalleerd <strong><a href=\"https:\/\/www.creilsudoise-tourisme.fr\/nl\/i-search\/klimactiviteit\/\" target=\"_blank\" rel=\"noreferrer noopener\">klimcursus<\/a><\/strong> van alle niveaus, tot groot genoegen van de klimliefhebbers.<\/p>\n\n\n\n<p>Aan de rand van het dorp ligt het gehucht Barisseuse met een oude stenen boerderij uit de 18e eeuw.<sup>\u00e8me<\/sup> eeuw en omgebouwd tot een hotel, receptie en seminarieruimte, de <strong><a href=\"https:\/\/www.creilsudoise-tourisme.fr\/nl\/hotel\/le-clos-barisseuse-2\/\" target=\"_blank\" rel=\"noreferrer noopener\">Clos Barisseuse<\/a>.<\/strong><\/p>\n\n\n\n<h3 id=\"thiverny\">Thiverny<\/h3>\n\n\n\n<p>Het verhaal van <strong><a href=\"http:\/\/www.ville-de-thiverny.fr\/\" target=\"_blank\" rel=\"noreferrer noopener\">Thiverny<\/a><\/strong> dateert van 5<sup>\u00e8me<\/sup> Het dorp Thiverny werd gesticht in 918 en is een van de eerste in de regio. De gemeente Thiverny werd opgericht in 918 en is een van de eerste in de regio. Zijn <strong>kerk<\/strong> staat bekend als een van de oudste van het departement, gebouwd in de 12e eeuw.<sup>\u00e8me<\/sup> eeuw en primitieve architectuur.<\/p>\n\n\n\n<figure class=\"wp-block-image alignwide size-large\"><img decoding=\"async\" loading=\"lazy\" width=\"1200\" height=\"675\" data-src=\"https:\/\/www.creilsudoise-tourisme.fr\/wp-content\/uploads\/2021\/04\/THIVERNY-Leglise-detail-1200x675.jpg\" alt=\"\" class=\"wp-image-33744\" data-srcset=\"https:\/\/www.creilsudoise-tourisme.fr\/wp-content\/uploads\/2021\/04\/THIVERNY-Leglise-detail-1200x675.jpg 1200w, https:\/\/www.creilsudoise-tourisme.fr\/wp-content\/uploads\/2021\/04\/THIVERNY-Leglise-detail-600x338.jpg 600w, https:\/\/www.creilsudoise-tourisme.fr\/wp-content\/uploads\/2021\/04\/THIVERNY-Leglise-detail-900x506.jpg 900w, https:\/\/www.creilsudoise-tourisme.fr\/wp-content\/uploads\/2021\/04\/THIVERNY-Leglise-detail-1536x864.jpg 1536w, https:\/\/www.creilsudoise-tourisme.fr\/wp-content\/uploads\/2021\/04\/THIVERNY-Leglise-detail-200x113.jpg 200w, https:\/\/www.creilsudoise-tourisme.fr\/wp-content\/uploads\/2021\/04\/THIVERNY-Leglise-detail-650x366.jpg 650w, https:\/\/www.creilsudoise-tourisme.fr\/wp-content\/uploads\/2021\/04\/THIVERNY-Leglise-detail-387x218.jpg 387w, https:\/\/www.creilsudoise-tourisme.fr\/wp-content\/uploads\/2021\/04\/THIVERNY-Leglise-detail-275x155.jpg 275w, https:\/\/www.creilsudoise-tourisme.fr\/wp-content\/uploads\/2021\/04\/THIVERNY-Leglise-detail.jpg 1600w\" sizes=\"(max-width: 1200px) 100vw, 1200px\" \/><figcaption class=\"wp-element-caption\">Kerk van Saint-Leufroy de Thiverny \u00a9 Creil Sud Oise Tourisme<\/figcaption><\/figure>\n\n\n\n<p>Gebouwd tegen een stenen fronton, heeft de stad een <a href=\"https:\/\/www.creilsudoise-tourisme.fr\/nl\/jexplore\/les-incontournables\/balades-parcs\/\" target=\"_blank\" rel=\"noreferrer noopener\">natuurgebied<\/a>, <strong>de Maladrerie vijver<\/strong> wat een voormalige grindgroeve is. Deze grindgroeve leverde materialen voor de <a href=\"https:\/\/www.stadefrance.com\/fr\" target=\"_blank\" rel=\"noreferrer noopener\">Stade de France in Saint-Denis<\/a> toen het werd gebouwd. Tegenwoordig is het een ideale plek om met het gezin of met vrienden rond te wandelen en de fauna en flora te observeren die zich er hebben gevestigd!<\/p>\n\n\n\n<h3>Villers-Saint-Paul<\/h3>\n\n\n\n<p><strong><a href=\"https:\/\/www.villers-saint-paul.fr\/\" target=\"_blank\" rel=\"noreferrer noopener\">Villers-Saint-Paul<\/a><\/strong> is een dynamische stad met de <strong>Parc de la Br\u00e8che<\/strong> waar het aangenaam is om te zijn <a href=\"https:\/\/www.creilsudoise-tourisme.fr\/nl\/jexplore\/les-incontournables\/balades-parcs\/\" target=\"_blank\" rel=\"noreferrer noopener\">wandeling<\/a> en waar, in de zomer, een <a href=\"https:\/\/www.facebook.com\/Les-Amis-de-la-Vapeur-de-lOise-276830622352682\/\" target=\"_blank\" rel=\"noreferrer noopener\">Kleine trein<\/a> In dit park stond ooit het kasteel van de stad, waarvan de resten vandaag de dag helaas niet meer te zien zijn. In dit park stond vroeger het kasteel van de stad, waarvan vandaag helaas geen overblijfselen meer te zien zijn.<\/p>\n\n\n\n<div class=\"wp-block-media-text is-stacked-on-mobile\" style=\"grid-template-columns:26% auto\"><figure class=\"wp-block-media-text__media\"><img decoding=\"async\" loading=\"lazy\" width=\"900\" height=\"1200\" data-src=\"https:\/\/www.creilsudoise-tourisme.fr\/wp-content\/uploads\/2021\/04\/VILLERS-SAINT-PAUL-Leglise-interieurs-900x1200.jpg\" alt=\"\" class=\"wp-image-33741 size-full\" data-srcset=\"https:\/\/www.creilsudoise-tourisme.fr\/wp-content\/uploads\/2021\/04\/VILLERS-SAINT-PAUL-Leglise-interieurs-900x1200.jpg 900w, https:\/\/www.creilsudoise-tourisme.fr\/wp-content\/uploads\/2021\/04\/VILLERS-SAINT-PAUL-Leglise-interieurs-450x600.jpg 450w, https:\/\/www.creilsudoise-tourisme.fr\/wp-content\/uploads\/2021\/04\/VILLERS-SAINT-PAUL-Leglise-interieurs-675x900.jpg 675w, https:\/\/www.creilsudoise-tourisme.fr\/wp-content\/uploads\/2021\/04\/VILLERS-SAINT-PAUL-Leglise-interieurs-1152x1536.jpg 1152w, https:\/\/www.creilsudoise-tourisme.fr\/wp-content\/uploads\/2021\/04\/VILLERS-SAINT-PAUL-Leglise-interieurs-200x267.jpg 200w, https:\/\/www.creilsudoise-tourisme.fr\/wp-content\/uploads\/2021\/04\/VILLERS-SAINT-PAUL-Leglise-interieurs-650x867.jpg 650w, https:\/\/www.creilsudoise-tourisme.fr\/wp-content\/uploads\/2021\/04\/VILLERS-SAINT-PAUL-Leglise-interieurs-387x516.jpg 387w, https:\/\/www.creilsudoise-tourisme.fr\/wp-content\/uploads\/2021\/04\/VILLERS-SAINT-PAUL-Leglise-interieurs-275x367.jpg 275w, https:\/\/www.creilsudoise-tourisme.fr\/wp-content\/uploads\/2021\/04\/VILLERS-SAINT-PAUL-Leglise-interieurs.jpg 1440w\" sizes=\"(max-width: 900px) 100vw, 900px\" \/><\/figure><div class=\"wp-block-media-text__content\">\n<p class=\"has-large-font-size\">In het centrum van de stad is er <strong>de kerk van Petrus en Paulus <\/strong>die de overgang markeert tussen Romaanse en Gotische architectuur. De zijbeuken zijn ge\u00efllustreerd met hersenschimmen zoals zeemeerminnen, draken en harpijen. Onder de gebrandschilderde ramen, een ervan dateert uit 13<sup>\u00e8me<\/sup> eeuw.<\/p>\n<\/div><\/div>\n\n\n\n<p>Vlakbij de kerk, in het hart van de stad, is een stadsboerderij, <strong><a href=\"https:\/\/www.creilsudoise-tourisme.fr\/nl\/savoir-faire\/ferme-larbre-a-poule\/\" target=\"_blank\" rel=\"noreferrer noopener\">de kippenboom<\/a><\/strong>Dit is een eco-omgeving waar respect voor levende wezens, zowel dierlijk als plantaardig, de belangrijkste zorg van de eigenaars is. Van <a href=\"https:\/\/www.creilsudoise-tourisme.fr\/nl\/agenda\/\" target=\"_blank\" rel=\"noreferrer noopener\">bezoekt<\/a> Er zijn ook cursussen permacultuur, koken en wol spinnen, voor zowel kinderen als volwassenen.<\/p>\n\n\n\n<h4>Wist je dat?<\/h4>\n\n\n\n<div class=\"is-layout-flex wp-container-17 wp-block-columns\">\n<div class=\"is-layout-flow wp-block-column\" style=\"flex-basis:66.66%\">\n<p>De <strong>De stad Villers-Saint-Paul heeft het bloemenlabel Villes et Villages Fleuris 3 gekregen.<\/strong>. Sinds enkele jaren helpen de groenvoorzieningsdiensten het Bureau voor Toerisme bij het opzetten van zijn stand op de <strong><a href=\"https:\/\/journees-des-plantes.chateaudechantilly.fr\/fr\/\" target=\"_blank\" rel=\"noreferrer noopener\">Chantilly Plantdagen<\/a><\/strong>.<\/p>\n<\/div>\n\n\n\n<div class=\"is-layout-flow wp-block-column is-vertically-aligned-center\" style=\"flex-basis:33.33%\"><div class=\"wp-block-image\">\n<figure class=\"aligncenter size-large\"><img decoding=\"async\" loading=\"lazy\" width=\"600\" height=\"221\" data-src=\"https:\/\/www.creilsudoise-tourisme.fr\/wp-content\/uploads\/2022\/04\/logo_ville_fleurie.jpg\" alt=\"Steden en dorpen in bloei\" class=\"wp-image-40746\" data-srcset=\"https:\/\/www.creilsudoise-tourisme.fr\/wp-content\/uploads\/2022\/04\/logo_ville_fleurie.jpg 600w, https:\/\/www.creilsudoise-tourisme.fr\/wp-content\/uploads\/2022\/04\/logo_ville_fleurie-200x74.jpg 200w, https:\/\/www.creilsudoise-tourisme.fr\/wp-content\/uploads\/2022\/04\/logo_ville_fleurie-387x143.jpg 387w\" sizes=\"(max-width: 600px) 100vw, 600px\" \/><\/figure><\/div><\/div>\n<\/div>\n\n\n\n<figure class=\"is-layout-flex wp-block-gallery-18 wp-block-gallery alignwide has-nested-images columns-default is-cropped\">\n<figure class=\"wp-block-image size-large\"><a href=\"https:\/\/www.creilsudoise-tourisme.fr\/wp-content\/uploads\/2021\/04\/VILLERS-SAINT-PAUL-Parc-de-la-Bre\u0300che-et-le-Petit-train.jpg\"><img decoding=\"async\" loading=\"lazy\" width=\"1200\" height=\"788\" data-id=\"33742\"  data-src=\"https:\/\/www.creilsudoise-tourisme.fr\/wp-content\/uploads\/2021\/04\/VILLERS-SAINT-PAUL-Parc-de-la-Bre\u0300che-et-le-Petit-train-1200x788.jpg\" alt=\"\" class=\"wp-image-33742\" data-srcset=\"https:\/\/www.creilsudoise-tourisme.fr\/wp-content\/uploads\/2021\/04\/VILLERS-SAINT-PAUL-Parc-de-la-Bre\u0300che-et-le-Petit-train-1200x788.jpg 1200w, https:\/\/www.creilsudoise-tourisme.fr\/wp-content\/uploads\/2021\/04\/VILLERS-SAINT-PAUL-Parc-de-la-Bre\u0300che-et-le-Petit-train-600x394.jpg 600w, https:\/\/www.creilsudoise-tourisme.fr\/wp-content\/uploads\/2021\/04\/VILLERS-SAINT-PAUL-Parc-de-la-Bre\u0300che-et-le-Petit-train-900x591.jpg 900w, https:\/\/www.creilsudoise-tourisme.fr\/wp-content\/uploads\/2021\/04\/VILLERS-SAINT-PAUL-Parc-de-la-Bre\u0300che-et-le-Petit-train-200x131.jpg 200w, https:\/\/www.creilsudoise-tourisme.fr\/wp-content\/uploads\/2021\/04\/VILLERS-SAINT-PAUL-Parc-de-la-Bre\u0300che-et-le-Petit-train-650x427.jpg 650w, https:\/\/www.creilsudoise-tourisme.fr\/wp-content\/uploads\/2021\/04\/VILLERS-SAINT-PAUL-Parc-de-la-Bre\u0300che-et-le-Petit-train-387x254.jpg 387w, https:\/\/www.creilsudoise-tourisme.fr\/wp-content\/uploads\/2021\/04\/VILLERS-SAINT-PAUL-Parc-de-la-Bre\u0300che-et-le-Petit-train-275x181.jpg 275w, https:\/\/www.creilsudoise-tourisme.fr\/wp-content\/uploads\/2021\/04\/VILLERS-SAINT-PAUL-Parc-de-la-Bre\u0300che-et-le-Petit-train.jpg 1370w\" sizes=\"(max-width: 1200px) 100vw, 1200px\" \/><\/a><figcaption class=\"wp-element-caption\">Les amis de la Vapeur de l'Oise<\/figcaption><\/figure>\n\n\n\n<figure class=\"wp-block-image size-large\"><a href=\"https:\/\/www.creilsudoise-tourisme.fr\/wp-content\/uploads\/2021\/04\/VILLERS-SAINT-PAUL-Cochon-heureux-de-lArbre-a-poule.jpg\"><img decoding=\"async\" loading=\"lazy\" width=\"1200\" height=\"800\" data-id=\"33746\"  data-src=\"https:\/\/www.creilsudoise-tourisme.fr\/wp-content\/uploads\/2021\/04\/VILLERS-SAINT-PAUL-Cochon-heureux-de-lArbre-a-poule-1200x800.jpg\" alt=\"\" class=\"wp-image-33746\" data-srcset=\"https:\/\/www.creilsudoise-tourisme.fr\/wp-content\/uploads\/2021\/04\/VILLERS-SAINT-PAUL-Cochon-heureux-de-lArbre-a-poule-1200x800.jpg 1200w, https:\/\/www.creilsudoise-tourisme.fr\/wp-content\/uploads\/2021\/04\/VILLERS-SAINT-PAUL-Cochon-heureux-de-lArbre-a-poule-600x400.jpg 600w, https:\/\/www.creilsudoise-tourisme.fr\/wp-content\/uploads\/2021\/04\/VILLERS-SAINT-PAUL-Cochon-heureux-de-lArbre-a-poule-900x600.jpg 900w, https:\/\/www.creilsudoise-tourisme.fr\/wp-content\/uploads\/2021\/04\/VILLERS-SAINT-PAUL-Cochon-heureux-de-lArbre-a-poule-200x133.jpg 200w, https:\/\/www.creilsudoise-tourisme.fr\/wp-content\/uploads\/2021\/04\/VILLERS-SAINT-PAUL-Cochon-heureux-de-lArbre-a-poule-650x433.jpg 650w, https:\/\/www.creilsudoise-tourisme.fr\/wp-content\/uploads\/2021\/04\/VILLERS-SAINT-PAUL-Cochon-heureux-de-lArbre-a-poule-387x258.jpg 387w, https:\/\/www.creilsudoise-tourisme.fr\/wp-content\/uploads\/2021\/04\/VILLERS-SAINT-PAUL-Cochon-heureux-de-lArbre-a-poule-275x183.jpg 275w, https:\/\/www.creilsudoise-tourisme.fr\/wp-content\/uploads\/2021\/04\/VILLERS-SAINT-PAUL-Cochon-heureux-de-lArbre-a-poule.jpg 1350w\" sizes=\"(max-width: 1200px) 100vw, 1200px\" \/><\/a><figcaption class=\"wp-element-caption\">Creil Sud Oise Toerisme<\/figcaption><\/figure>\n<\/figure>","protected":false},"excerpt":{"rendered":"<p>Gelegen aan de poort van de Val d'Oise, dicht bij het kasteel van Chantilly en de geplaveide straten van Senlis, op slechts een paar kilometer van het bos van Compi\u00e8gne en op slechts 30 minuten met de trein van Parijs, is de bestemming Creil Sud Oise niet iets wat je kunt raden, maar iets wat je kunt ontdekken. Hier wandel je niet over de boulevards in Haussmann-stijl. Je leeft de [...]<\/p>","protected":false},"author":1,"featured_media":33733,"parent":0,"menu_order":11,"comment_status":"closed","ping_status":"closed","template":"","meta":{"_relevanssi_hide_post":"","_relevanssi_hide_content":"","_relevanssi_pin_for_all":"","_relevanssi_pin_keywords":"","_relevanssi_unpin_keywords":"","_relevanssi_related_keywords":"","_relevanssi_related_include_ids":"","_relevanssi_related_exclude_ids":"","_relevanssi_related_no_append":"","_relevanssi_related_not_related":"","_relevanssi_related_posts":"271,273,267,275","_relevanssi_noindex_reason":""},"yoast_head":"<!-- This site is optimized with the Yoast SEO plugin v20.2.1 - https:\/\/yoast.com\/wordpress\/plugins\/seo\/ -->\n<title>Explorez Creil Sud Oise, la Destination qui ne se devine pas<\/title>\n<meta name=\"description\" content=\"Creil Sud Oise, une destination \u00e0 30 min en train de Paris, quelques kilom\u00e8tres de Chantilly, Senlis, Compi\u00e8gne ou Beauvais, situ\u00e9e aux portes du Val d\u2019Oise\" \/>\n<meta name=\"robots\" content=\"index, follow, max-snippet:-1, max-image-preview:large, max-video-preview:-1\" \/>\n<link rel=\"canonical\" href=\"https:\/\/www.creilsudoise-tourisme.fr\/nl\/jexplore\/\" \/>\n<meta property=\"og:locale\" content=\"nl_NL\" \/>\n<meta property=\"og:type\" content=\"article\" \/>\n<meta property=\"og:title\" content=\"Explorez Creil Sud Oise, la Destination qui ne se devine pas\" \/>\n<meta property=\"og:description\" content=\"Creil Sud Oise, une destination \u00e0 30 min en train de Paris, quelques kilom\u00e8tres de Chantilly, Senlis, Compi\u00e8gne ou Beauvais, situ\u00e9e aux portes du Val d\u2019Oise\" \/>\n<meta property=\"og:url\" content=\"https:\/\/www.creilsudoise-tourisme.fr\/nl\/jexplore\/\" \/>\n<meta property=\"og:site_name\" content=\"Office de Tourisme Creil Sud Oise\" \/>\n<meta property=\"article:publisher\" content=\"https:\/\/www.facebook.com\/creilsudoisetourisme\/\" \/>\n<meta property=\"article:modified_time\" content=\"2026-03-09T15:06:34+00:00\" \/>\n<meta property=\"og:image\" content=\"https:\/\/www.creilsudoise-tourisme.fr\/wp-content\/uploads\/2021\/04\/ROUSSELOY-Leglise-et-son-clocher.jpg\" \/>\n\t<meta property=\"og:image:width\" content=\"1600\" \/>\n\t<meta property=\"og:image:height\" content=\"900\" \/>\n\t<meta property=\"og:image:type\" content=\"image\/jpeg\" \/>\n<meta name=\"twitter:card\" content=\"summary_large_image\" \/>\n<meta name=\"twitter:site\" content=\"@CreilSudOiseOT\" \/>\n<meta name=\"twitter:label1\" content=\"Geschatte leestijd\" \/>\n\t<meta name=\"twitter:data1\" content=\"19 minuten\" \/>\n<script type=\"application\/ld+json\" class=\"yoast-schema-graph\">{\"@context\":\"https:\/\/schema.org\",\"@graph\":[{\"@type\":\"WebPage\",\"@id\":\"https:\/\/www.creilsudoise-tourisme.fr\/jexplore\/\",\"url\":\"https:\/\/www.creilsudoise-tourisme.fr\/jexplore\/\",\"name\":\"Explorez Creil Sud Oise, la Destination qui ne se devine pas\",\"isPartOf\":{\"@id\":\"https:\/\/www.creilsudoise-tourisme.fr\/#website\"},\"datePublished\":\"2021-02-17T09:02:25+00:00\",\"dateModified\":\"2026-03-09T15:06:34+00:00\",\"description\":\"Creil Sud Oise, une destination \u00e0 30 min en train de Paris, quelques kilom\u00e8tres de Chantilly, Senlis, Compi\u00e8gne ou Beauvais, situ\u00e9e aux portes du Val d\u2019Oise\",\"breadcrumb\":{\"@id\":\"https:\/\/www.creilsudoise-tourisme.fr\/jexplore\/#breadcrumb\"},\"inLanguage\":\"nl\",\"potentialAction\":[{\"@type\":\"ReadAction\",\"target\":[\"https:\/\/www.creilsudoise-tourisme.fr\/jexplore\/\"]}]},{\"@type\":\"BreadcrumbList\",\"@id\":\"https:\/\/www.creilsudoise-tourisme.fr\/jexplore\/#breadcrumb\",\"itemListElement\":[{\"@type\":\"ListItem\",\"position\":1,\"name\":\"Accueil\",\"item\":\"https:\/\/www.creilsudoise-tourisme.fr\/\"},{\"@type\":\"ListItem\",\"position\":2,\"name\":\"J&rsquo;explore\"}]},{\"@type\":\"WebSite\",\"@id\":\"https:\/\/www.creilsudoise-tourisme.fr\/#website\",\"url\":\"https:\/\/www.creilsudoise-tourisme.fr\/\",\"name\":\"Office de Tourisme Creil Sud Oise\",\"description\":\"Creil Sud Oise Tourisme, un territoire \u00e0 explorer !\",\"publisher\":{\"@id\":\"https:\/\/www.creilsudoise-tourisme.fr\/#organization\"},\"potentialAction\":[{\"@type\":\"SearchAction\",\"target\":{\"@type\":\"EntryPoint\",\"urlTemplate\":\"https:\/\/www.creilsudoise-tourisme.fr\/?s={search_term_string}\"},\"query-input\":\"required name=search_term_string\"}],\"inLanguage\":\"nl\"},{\"@type\":\"Organization\",\"@id\":\"https:\/\/www.creilsudoise-tourisme.fr\/#organization\",\"name\":\"Creil Sud Oise Tourisme\",\"url\":\"https:\/\/www.creilsudoise-tourisme.fr\/\",\"logo\":{\"@type\":\"ImageObject\",\"inLanguage\":\"nl\",\"@id\":\"https:\/\/www.creilsudoise-tourisme.fr\/#\/schema\/logo\/image\/\",\"url\":\"https:\/\/www.creilsudoise-tourisme.fr\/wp-content\/uploads\/2021\/05\/logo-svg.png\",\"contentUrl\":\"https:\/\/www.creilsudoise-tourisme.fr\/wp-content\/uploads\/2021\/05\/logo-svg.png\",\"width\":182,\"height\":71,\"caption\":\"Creil Sud Oise Tourisme\"},\"image\":{\"@id\":\"https:\/\/www.creilsudoise-tourisme.fr\/#\/schema\/logo\/image\/\"},\"sameAs\":[\"https:\/\/www.facebook.com\/creilsudoisetourisme\/\",\"https:\/\/twitter.com\/CreilSudOiseOT\",\"https:\/\/www.instagram.com\/creilsudoisetourisme\/\",\"https:\/\/www.youtube.com\/channel\/UC8L_QD2wwyADW14zt9fY8kw\"]}]}<\/script>\n<!-- \/ Yoast SEO plugin. -->","yoast_head_json":{"title":"Explorez Creil Sud Oise, la Destination qui ne se devine pas","description":"Creil Sud Oise, une destination \u00e0 30 min en train de Paris, quelques kilom\u00e8tres de Chantilly, Senlis, Compi\u00e8gne ou Beauvais, situ\u00e9e aux portes du Val d\u2019Oise","robots":{"index":"index","follow":"follow","max-snippet":"max-snippet:-1","max-image-preview":"max-image-preview:large","max-video-preview":"max-video-preview:-1"},"canonical":"https:\/\/www.creilsudoise-tourisme.fr\/nl\/jexplore\/","og_locale":"nl_NL","og_type":"article","og_title":"Explorez Creil Sud Oise, la Destination qui ne se devine pas","og_description":"Creil Sud Oise, une destination \u00e0 30 min en train de Paris, quelques kilom\u00e8tres de Chantilly, Senlis, Compi\u00e8gne ou Beauvais, situ\u00e9e aux portes du Val d\u2019Oise","og_url":"https:\/\/www.creilsudoise-tourisme.fr\/nl\/jexplore\/","og_site_name":"Office de Tourisme Creil Sud Oise","article_publisher":"https:\/\/www.facebook.com\/creilsudoisetourisme\/","article_modified_time":"2026-03-09T15:06:34+00:00","og_image":[{"width":1600,"height":900,"url":"https:\/\/www.creilsudoise-tourisme.fr\/wp-content\/uploads\/2021\/04\/ROUSSELOY-Leglise-et-son-clocher.jpg","type":"image\/jpeg"}],"twitter_card":"summary_large_image","twitter_site":"@CreilSudOiseOT","twitter_misc":{"Geschatte leestijd":"19 minuten"},"schema":{"@context":"https:\/\/schema.org","@graph":[{"@type":"WebPage","@id":"https:\/\/www.creilsudoise-tourisme.fr\/jexplore\/","url":"https:\/\/www.creilsudoise-tourisme.fr\/jexplore\/","name":"Explorez Creil Sud Oise, la Destination qui ne se devine pas","isPartOf":{"@id":"https:\/\/www.creilsudoise-tourisme.fr\/#website"},"datePublished":"2021-02-17T09:02:25+00:00","dateModified":"2026-03-09T15:06:34+00:00","description":"Creil Sud Oise, une destination \u00e0 30 min en train de Paris, quelques kilom\u00e8tres de Chantilly, Senlis, Compi\u00e8gne ou Beauvais, situ\u00e9e aux portes du Val d\u2019Oise","breadcrumb":{"@id":"https:\/\/www.creilsudoise-tourisme.fr\/jexplore\/#breadcrumb"},"inLanguage":"nl","potentialAction":[{"@type":"ReadAction","target":["https:\/\/www.creilsudoise-tourisme.fr\/jexplore\/"]}]},{"@type":"BreadcrumbList","@id":"https:\/\/www.creilsudoise-tourisme.fr\/jexplore\/#breadcrumb","itemListElement":[{"@type":"ListItem","position":1,"name":"Accueil","item":"https:\/\/www.creilsudoise-tourisme.fr\/"},{"@type":"ListItem","position":2,"name":"J&rsquo;explore"}]},{"@type":"WebSite","@id":"https:\/\/www.creilsudoise-tourisme.fr\/#website","url":"https:\/\/www.creilsudoise-tourisme.fr\/","name":"Office de Tourisme Creil Sud Oise","description":"Creil Sud Oise Tourisme, un territoire \u00e0 explorer !","publisher":{"@id":"https:\/\/www.creilsudoise-tourisme.fr\/#organization"},"potentialAction":[{"@type":"SearchAction","target":{"@type":"EntryPoint","urlTemplate":"https:\/\/www.creilsudoise-tourisme.fr\/?s={search_term_string}"},"query-input":"required name=search_term_string"}],"inLanguage":"nl"},{"@type":"Organization","@id":"https:\/\/www.creilsudoise-tourisme.fr\/#organization","name":"Creil Sud Oise Tourisme","url":"https:\/\/www.creilsudoise-tourisme.fr\/","logo":{"@type":"ImageObject","inLanguage":"nl","@id":"https:\/\/www.creilsudoise-tourisme.fr\/#\/schema\/logo\/image\/","url":"https:\/\/www.creilsudoise-tourisme.fr\/wp-content\/uploads\/2021\/05\/logo-svg.png","contentUrl":"https:\/\/www.creilsudoise-tourisme.fr\/wp-content\/uploads\/2021\/05\/logo-svg.png","width":182,"height":71,"caption":"Creil Sud Oise Tourisme"},"image":{"@id":"https:\/\/www.creilsudoise-tourisme.fr\/#\/schema\/logo\/image\/"},"sameAs":["https:\/\/www.facebook.com\/creilsudoisetourisme\/","https:\/\/twitter.com\/CreilSudOiseOT","https:\/\/www.instagram.com\/creilsudoisetourisme\/","https:\/\/www.youtube.com\/channel\/UC8L_QD2wwyADW14zt9fY8kw"]}]}},"_links":{"self":[{"href":"https:\/\/www.creilsudoise-tourisme.fr\/nl\/wp-json\/wp\/v2\/pages\/129"}],"collection":[{"href":"https:\/\/www.creilsudoise-tourisme.fr\/nl\/wp-json\/wp\/v2\/pages"}],"about":[{"href":"https:\/\/www.creilsudoise-tourisme.fr\/nl\/wp-json\/wp\/v2\/types\/page"}],"author":[{"embeddable":true,"href":"https:\/\/www.creilsudoise-tourisme.fr\/nl\/wp-json\/wp\/v2\/users\/1"}],"replies":[{"embeddable":true,"href":"https:\/\/www.creilsudoise-tourisme.fr\/nl\/wp-json\/wp\/v2\/comments?post=129"}],"version-history":[{"count":60,"href":"https:\/\/www.creilsudoise-tourisme.fr\/nl\/wp-json\/wp\/v2\/pages\/129\/revisions"}],"predecessor-version":[{"id":68213,"href":"https:\/\/www.creilsudoise-tourisme.fr\/nl\/wp-json\/wp\/v2\/pages\/129\/revisions\/68213"}],"wp:featuredmedia":[{"embeddable":true,"href":"https:\/\/www.creilsudoise-tourisme.fr\/nl\/wp-json\/wp\/v2\/media\/33733"}],"wp:attachment":[{"href":"https:\/\/www.creilsudoise-tourisme.fr\/nl\/wp-json\/wp\/v2\/media?parent=129"}],"curies":[{"name":"wp","href":"https:\/\/api.w.org\/{rel}","templated":true}]}}