{"id":116,"date":"2021-02-17T10:02:14","date_gmt":"2021-02-17T09:02:14","guid":{"rendered":"https:\/\/www.creilsudoise-tourisme.fr\/le-musee-des-bombardements\/"},"modified":"2025-05-16T11:01:30","modified_gmt":"2025-05-16T09:01:30","slug":"musee-bombardements","status":"publish","type":"page","link":"https:\/\/www.creilsudoise-tourisme.fr\/nl\/explore-groepen\/must-haves-groepen\/museum-bombardement-2\/","title":{"rendered":"Het Bommenmuseum"},"content":{"rendered":"<p class=\"is-style-excerpt\">Als jij en de leden van je groep van geschiedenis houden, kom dan en ontdek de <strong>Mus\u00e9e des Bombardements in Saint-Maximin en zijn ongelooflijke collectie memorabilia uit de Tweede Wereldoorlog<\/strong>gelegen op een paar kilometer van het M\u00e9morial de la clairi\u00e8re de l'armistice de Compi\u00e8gne.<\/p>\n\n\n\n<figure class=\"wp-block-embed is-type-video is-provider-youtube wp-block-embed-youtube wp-embed-aspect-16-9 wp-has-aspect-ratio\"><div class=\"wp-block-embed__wrapper\">\n<iframe loading=\"lazy\" title=\"Het Sint-Maximin Bombardementsmuseum\" width=\"500\" height=\"281\" data-src=\"https:\/\/www.youtube.com\/embed\/Q6jsNZMV93s?feature=oembed\" frameborder=\"0\" allow=\"accelerometer; autoplay; clipboard-write; encrypted-media; gyroscope; picture-in-picture\" allowfullscreen><\/iframe>\n<\/div><\/figure>\n\n\n\n<p>Profiteer van een rondleiding met je groep om het Bombardementsmuseum te ontdekken: het is gevestigd in de stenen kelders van een gebouw dat tijdens de Tweede Wereldoorlog door de inwoners van Saint-Maximin werd gebruikt als schuilplaats en toont een breed scala aan tentoonstellingen, waaronder de geschiedenis van het bombardement. <strong>voorwerpen, vliegtuigresten en documenten<\/strong> en verzameld door G\u00e9rard, die getekend werd door het neerstorten van een vliegtuig in zijn gemeente in 1943.<\/p>\n\n\n\n<p>Luister naar Daniel, de museumgids, die je alles vertelt over <strong>de geschiedenis van zijn stad voor altijd getekend<\/strong>.<\/p>\n\n\n\n<figure class=\"is-layout-flex wp-block-gallery-1 wp-block-gallery alignwide has-nested-images columns-2 is-cropped\">\n<figure class=\"wp-block-image size-large\"><a href=\"https:\/\/www.creilsudoise-tourisme.fr\/wp-content\/uploads\/2021\/05\/Insolite-un-canoe\u0308-dans-un-re\u0301servoir-de-bombardier-au-Muse\u0301e-des-Bombardements-a\u0300-Saint-Maximin.jpg\"><img decoding=\"async\" loading=\"lazy\" width=\"1200\" height=\"900\" data-id=\"34699\"  data-src=\"https:\/\/www.creilsudoise-tourisme.fr\/wp-content\/uploads\/2021\/05\/Insolite-un-canoe\u0308-dans-un-re\u0301servoir-de-bombardier-au-Muse\u0301e-des-Bombardements-a\u0300-Saint-Maximin-1200x900.jpg\" alt=\"\" class=\"wp-image-34699\" data-srcset=\"https:\/\/www.creilsudoise-tourisme.fr\/wp-content\/uploads\/2021\/05\/Insolite-un-canoe\u0308-dans-un-re\u0301servoir-de-bombardier-au-Muse\u0301e-des-Bombardements-a\u0300-Saint-Maximin-1200x900.jpg 1200w, https:\/\/www.creilsudoise-tourisme.fr\/wp-content\/uploads\/2021\/05\/Insolite-un-canoe\u0308-dans-un-re\u0301servoir-de-bombardier-au-Muse\u0301e-des-Bombardements-a\u0300-Saint-Maximin-600x450.jpg 600w, https:\/\/www.creilsudoise-tourisme.fr\/wp-content\/uploads\/2021\/05\/Insolite-un-canoe\u0308-dans-un-re\u0301servoir-de-bombardier-au-Muse\u0301e-des-Bombardements-a\u0300-Saint-Maximin-900x675.jpg 900w, https:\/\/www.creilsudoise-tourisme.fr\/wp-content\/uploads\/2021\/05\/Insolite-un-canoe\u0308-dans-un-re\u0301servoir-de-bombardier-au-Muse\u0301e-des-Bombardements-a\u0300-Saint-Maximin-1536x1152.jpg 1536w, https:\/\/www.creilsudoise-tourisme.fr\/wp-content\/uploads\/2021\/05\/Insolite-un-canoe\u0308-dans-un-re\u0301servoir-de-bombardier-au-Muse\u0301e-des-Bombardements-a\u0300-Saint-Maximin-200x150.jpg 200w, https:\/\/www.creilsudoise-tourisme.fr\/wp-content\/uploads\/2021\/05\/Insolite-un-canoe\u0308-dans-un-re\u0301servoir-de-bombardier-au-Muse\u0301e-des-Bombardements-a\u0300-Saint-Maximin-650x488.jpg 650w, https:\/\/www.creilsudoise-tourisme.fr\/wp-content\/uploads\/2021\/05\/Insolite-un-canoe\u0308-dans-un-re\u0301servoir-de-bombardier-au-Muse\u0301e-des-Bombardements-a\u0300-Saint-Maximin-387x290.jpg 387w, https:\/\/www.creilsudoise-tourisme.fr\/wp-content\/uploads\/2021\/05\/Insolite-un-canoe\u0308-dans-un-re\u0301servoir-de-bombardier-au-Muse\u0301e-des-Bombardements-a\u0300-Saint-Maximin.jpg 1600w\" sizes=\"(max-width: 1200px) 100vw, 1200px\" \/><\/a><figcaption class=\"wp-element-caption\">Bekijk een kano gesneden uit een bommenwerper tank! Creil Sud Oise Toerisme<\/figcaption><\/figure>\n\n\n\n<figure class=\"wp-block-image size-large\"><a href=\"https:\/\/www.creilsudoise-tourisme.fr\/wp-content\/uploads\/2021\/05\/Visite-guide\u0301e-par-des-passionne\u0301s-d_histoire-au-Muse\u0301e-des-Bombardements-a\u0300-Saint-Maximin.jpg\"><img decoding=\"async\" loading=\"lazy\" width=\"932\" height=\"582\" data-id=\"34700\"  data-src=\"https:\/\/www.creilsudoise-tourisme.fr\/wp-content\/uploads\/2021\/05\/Visite-guide\u0301e-par-des-passionne\u0301s-d_histoire-au-Muse\u0301e-des-Bombardements-a\u0300-Saint-Maximin.jpg\" alt=\"\" class=\"wp-image-34700\" data-srcset=\"https:\/\/www.creilsudoise-tourisme.fr\/wp-content\/uploads\/2021\/05\/Visite-guide\u0301e-par-des-passionne\u0301s-d_histoire-au-Muse\u0301e-des-Bombardements-a\u0300-Saint-Maximin.jpg 932w, https:\/\/www.creilsudoise-tourisme.fr\/wp-content\/uploads\/2021\/05\/Visite-guide\u0301e-par-des-passionne\u0301s-d_histoire-au-Muse\u0301e-des-Bombardements-a\u0300-Saint-Maximin-600x375.jpg 600w, https:\/\/www.creilsudoise-tourisme.fr\/wp-content\/uploads\/2021\/05\/Visite-guide\u0301e-par-des-passionne\u0301s-d_histoire-au-Muse\u0301e-des-Bombardements-a\u0300-Saint-Maximin-900x562.jpg 900w, https:\/\/www.creilsudoise-tourisme.fr\/wp-content\/uploads\/2021\/05\/Visite-guide\u0301e-par-des-passionne\u0301s-d_histoire-au-Muse\u0301e-des-Bombardements-a\u0300-Saint-Maximin-200x125.jpg 200w, https:\/\/www.creilsudoise-tourisme.fr\/wp-content\/uploads\/2021\/05\/Visite-guide\u0301e-par-des-passionne\u0301s-d_histoire-au-Muse\u0301e-des-Bombardements-a\u0300-Saint-Maximin-650x406.jpg 650w, https:\/\/www.creilsudoise-tourisme.fr\/wp-content\/uploads\/2021\/05\/Visite-guide\u0301e-par-des-passionne\u0301s-d_histoire-au-Muse\u0301e-des-Bombardements-a\u0300-Saint-Maximin-387x242.jpg 387w\" sizes=\"(max-width: 932px) 100vw, 932px\" \/><\/a><figcaption class=\"wp-element-caption\">De rondleiding wordt gegeven door vrijwilligers met een passie voor geschiedenis \u00a9 Creil Sud Oise Tourisme<\/figcaption><\/figure>\n\n\n\n<figure class=\"wp-block-image size-large\"><a href=\"https:\/\/www.creilsudoise-tourisme.fr\/wp-content\/uploads\/2023\/10\/Musee-des-bombardements-a-Saint-Maximin-\u00a9-Creil-Sud-Oise-Tourisme-7.jpg\"><img decoding=\"async\" loading=\"lazy\" width=\"1200\" height=\"403\" data-id=\"50218\"  data-src=\"https:\/\/www.creilsudoise-tourisme.fr\/wp-content\/uploads\/2023\/10\/Musee-des-bombardements-a-Saint-Maximin-\u00a9-Creil-Sud-Oise-Tourisme-7-1200x403.jpg\" alt=\"Mus\u00e9e bombardements oise guerre seconde mondiale grande guerre souvenir visite guid\u00e9e Saint-Maximin\" class=\"wp-image-50218\" data-srcset=\"https:\/\/www.creilsudoise-tourisme.fr\/wp-content\/uploads\/2023\/10\/Musee-des-bombardements-a-Saint-Maximin-\u00a9-Creil-Sud-Oise-Tourisme-7-1200x403.jpg 1200w, https:\/\/www.creilsudoise-tourisme.fr\/wp-content\/uploads\/2023\/10\/Musee-des-bombardements-a-Saint-Maximin-\u00a9-Creil-Sud-Oise-Tourisme-7-600x201.jpg 600w, https:\/\/www.creilsudoise-tourisme.fr\/wp-content\/uploads\/2023\/10\/Musee-des-bombardements-a-Saint-Maximin-\u00a9-Creil-Sud-Oise-Tourisme-7-900x302.jpg 900w, https:\/\/www.creilsudoise-tourisme.fr\/wp-content\/uploads\/2023\/10\/Musee-des-bombardements-a-Saint-Maximin-\u00a9-Creil-Sud-Oise-Tourisme-7-18x6.jpg 18w, https:\/\/www.creilsudoise-tourisme.fr\/wp-content\/uploads\/2023\/10\/Musee-des-bombardements-a-Saint-Maximin-\u00a9-Creil-Sud-Oise-Tourisme-7-200x67.jpg 200w, https:\/\/www.creilsudoise-tourisme.fr\/wp-content\/uploads\/2023\/10\/Musee-des-bombardements-a-Saint-Maximin-\u00a9-Creil-Sud-Oise-Tourisme-7-650x218.jpg 650w, https:\/\/www.creilsudoise-tourisme.fr\/wp-content\/uploads\/2023\/10\/Musee-des-bombardements-a-Saint-Maximin-\u00a9-Creil-Sud-Oise-Tourisme-7-387x130.jpg 387w, https:\/\/www.creilsudoise-tourisme.fr\/wp-content\/uploads\/2023\/10\/Musee-des-bombardements-a-Saint-Maximin-\u00a9-Creil-Sud-Oise-Tourisme-7.jpg 1480w\" sizes=\"(max-width: 1200px) 100vw, 1200px\" \/><\/a><figcaption class=\"wp-element-caption\">Creil Sud Oise Toerisme<\/figcaption><\/figure>\n<\/figure>\n\n\n\n<h2>G\u00e9rard Lequien, de man achter de collectie<\/h2>\n\n\n\n<div class=\"wp-block-media-text is-stacked-on-mobile\" style=\"grid-template-columns:37% auto\"><figure class=\"wp-block-media-text__media\"><img decoding=\"async\" loading=\"lazy\" width=\"900\" height=\"1200\" data-src=\"https:\/\/www.creilsudoise-tourisme.fr\/wp-content\/uploads\/2021\/04\/Monsieur-Lequien-a\u0300-l_origine-de-la-collection-du-Muse\u0301e-des-Bombardements-a\u0300-Saint-Maximin-900x1200.jpg\" alt=\"\" class=\"wp-image-33228 size-full\" data-srcset=\"https:\/\/www.creilsudoise-tourisme.fr\/wp-content\/uploads\/2021\/04\/Monsieur-Lequien-a\u0300-l_origine-de-la-collection-du-Muse\u0301e-des-Bombardements-a\u0300-Saint-Maximin-900x1200.jpg 900w, https:\/\/www.creilsudoise-tourisme.fr\/wp-content\/uploads\/2021\/04\/Monsieur-Lequien-a\u0300-l_origine-de-la-collection-du-Muse\u0301e-des-Bombardements-a\u0300-Saint-Maximin-450x600.jpg 450w, https:\/\/www.creilsudoise-tourisme.fr\/wp-content\/uploads\/2021\/04\/Monsieur-Lequien-a\u0300-l_origine-de-la-collection-du-Muse\u0301e-des-Bombardements-a\u0300-Saint-Maximin-675x900.jpg 675w, https:\/\/www.creilsudoise-tourisme.fr\/wp-content\/uploads\/2021\/04\/Monsieur-Lequien-a\u0300-l_origine-de-la-collection-du-Muse\u0301e-des-Bombardements-a\u0300-Saint-Maximin-1152x1536.jpg 1152w, https:\/\/www.creilsudoise-tourisme.fr\/wp-content\/uploads\/2021\/04\/Monsieur-Lequien-a\u0300-l_origine-de-la-collection-du-Muse\u0301e-des-Bombardements-a\u0300-Saint-Maximin-200x267.jpg 200w, https:\/\/www.creilsudoise-tourisme.fr\/wp-content\/uploads\/2021\/04\/Monsieur-Lequien-a\u0300-l_origine-de-la-collection-du-Muse\u0301e-des-Bombardements-a\u0300-Saint-Maximin-650x867.jpg 650w, https:\/\/www.creilsudoise-tourisme.fr\/wp-content\/uploads\/2021\/04\/Monsieur-Lequien-a\u0300-l_origine-de-la-collection-du-Muse\u0301e-des-Bombardements-a\u0300-Saint-Maximin-387x516.jpg 387w, https:\/\/www.creilsudoise-tourisme.fr\/wp-content\/uploads\/2021\/04\/Monsieur-Lequien-a\u0300-l_origine-de-la-collection-du-Muse\u0301e-des-Bombardements-a\u0300-Saint-Maximin-275x367.jpg 275w, https:\/\/www.creilsudoise-tourisme.fr\/wp-content\/uploads\/2021\/04\/Monsieur-Lequien-a\u0300-l_origine-de-la-collection-du-Muse\u0301e-des-Bombardements-a\u0300-Saint-Maximin.jpg 1200w\" sizes=\"(max-width: 900px) 100vw, 900px\" \/><\/figure><div class=\"wp-block-media-text__content\">\n<p>Je kunt het geluk hebben om tijdens je bezoek vergezeld te worden door <strong>G\u00e9rard Lequien, de man achter de indrukwekkende collectie die wordt tentoongesteld in het Mus\u00e9e des bombardements.<\/strong>. Hij zal je zijn verhaal vertellen, dat van een jongeman die in 1943 getuige was van het neerstorten van een bommenwerper en die zijn leven heeft gewijd aan het verzamelen van voorwerpen en getuigenissen met betrekking tot de bombardementen op de Oise tijdens de Tweede Wereldoorlog.<\/p>\n<\/div><\/div>\n\n\n\n<h2>Maak uw dag compleet<\/h2>\n\n\n\n<p>Om uw dag compleet te maken, bekijk onze <a href=\"https:\/\/www.creilsudoise-tourisme.fr\/wp-content\/uploads\/2021\/04\/Explorez-Creil-Sud-Oise-en-groupes_2021.pdf\" target=\"_blank\" rel=\"noreferrer noopener\">groepsbrochure!<\/a><br>Ben je op zoek naar een dag vol ontdekkingen en nooit een saai moment? Vervolg je verblijf met een bezoek aan de <strong>Pavillon de Manse in Chantilly<\/strong> (RDV p. 11 D'une histoire \u00e0 l'autre).<\/p>\n\n\n\n<h2>Neem contact met ons op!<\/h2>\n\n\n\n<p>Aarzel niet om contact op te nemen met <strong>Brigitte, expert op het gebied<\/strong>die je het goede zal brengen <strong>advies <\/strong>volgens uw wensen en uw budget voor een <strong>volledig aangepast programma<\/strong>. A<strong> \u00e9\u00e9n aanspreekpunt<\/strong> voor een all-inclusive aanbieding.<\/p>\n\n\n\n<div class=\"wp-block-media-text is-stacked-on-mobile\"><figure class=\"wp-block-media-text__media\"><img decoding=\"async\" loading=\"lazy\" width=\"1200\" height=\"1200\" data-src=\"https:\/\/www.creilsudoise-tourisme.fr\/wp-content\/uploads\/2025\/05\/Brigitte-P-1200x1200.jpg\" alt=\"\" class=\"wp-image-62291 size-full\" data-srcset=\"https:\/\/www.creilsudoise-tourisme.fr\/wp-content\/uploads\/2025\/05\/Brigitte-P-1200x1200.jpg 1200w, https:\/\/www.creilsudoise-tourisme.fr\/wp-content\/uploads\/2025\/05\/Brigitte-P-600x600.jpg 600w, https:\/\/www.creilsudoise-tourisme.fr\/wp-content\/uploads\/2025\/05\/Brigitte-P-300x300.jpg 300w, https:\/\/www.creilsudoise-tourisme.fr\/wp-content\/uploads\/2025\/05\/Brigitte-P-900x900.jpg 900w, https:\/\/www.creilsudoise-tourisme.fr\/wp-content\/uploads\/2025\/05\/Brigitte-P-1536x1536.jpg 1536w, https:\/\/www.creilsudoise-tourisme.fr\/wp-content\/uploads\/2025\/05\/Brigitte-P-12x12.jpg 12w, https:\/\/www.creilsudoise-tourisme.fr\/wp-content\/uploads\/2025\/05\/Brigitte-P-200x200.jpg 200w, https:\/\/www.creilsudoise-tourisme.fr\/wp-content\/uploads\/2025\/05\/Brigitte-P-650x650.jpg 650w, https:\/\/www.creilsudoise-tourisme.fr\/wp-content\/uploads\/2025\/05\/Brigitte-P-387x387.jpg 387w, https:\/\/www.creilsudoise-tourisme.fr\/wp-content\/uploads\/2025\/05\/Brigitte-P.jpg 1920w\" sizes=\"(max-width: 1200px) 100vw, 1200px\" \/><\/figure><div class=\"wp-block-media-text__content\"><div class=\"wp-block wp-block-highlight\">\n                <p class=\"wp-block-highlight-item wp-block-highlight-excerpt\"><strong>Brigitte Pawly<\/strong>ontwikkelaar van op maat gemaakte groepsvakanties<br><a href=\"tel:0375190175\">03 75 19 01 75<\/a><\/p>\n    <\/div>\n\n\n<div class=\"is-layout-flex wp-block-buttons\">\n<div class=\"wp-block-button\"><a class=\"wp-block-button__link wp-element-button\" href=\"mailto:&#103;&#114;&#111;u&#112;es&#64;&#99;&#114;&#101;i&#108;s&#117;d&#111;i&#115;&#101;&#45;t&#111;&#117;&#114;ism&#101;&#46;&#102;&#114;\" target=\"_blank\" rel=\"noreferrer noopener\">Neem contact op met<\/a><\/div>\n<\/div>\n<\/div><\/div>","protected":false},"excerpt":{"rendered":"<p>Als je met je groep van geschiedenis houdt, kom dan het Mus\u00e9e des Bombardements in Saint-Maximin en zijn ongelooflijke collectie over het thema van de Tweede Wereldoorlog ontdekken, op slechts een paar kilometer van het M\u00e9morial de la clairi\u00e8re de l'armistice in Compi\u00e8gne. Profiteer van een rondleiding met uw groep om het Museum [...] te ontdekken.<\/p>","protected":false},"author":1,"featured_media":50242,"parent":102,"menu_order":6,"comment_status":"closed","ping_status":"closed","template":"","meta":{"_relevanssi_hide_post":"","_relevanssi_hide_content":"","_relevanssi_pin_for_all":"","_relevanssi_pin_keywords":"","_relevanssi_unpin_keywords":"","_relevanssi_related_keywords":"","_relevanssi_related_include_ids":"","_relevanssi_related_exclude_ids":"","_relevanssi_related_no_append":"","_relevanssi_related_not_related":"","_relevanssi_related_posts":"271,273,267,275","_relevanssi_noindex_reason":""},"yoast_head":"<!-- This site is optimized with the Yoast SEO plugin v20.2.1 - https:\/\/yoast.com\/wordpress\/plugins\/seo\/ -->\n<title>Visites guid\u00e9es et conf\u00e9rences au Mus\u00e9e des bombardements<\/title>\n<meta name=\"description\" content=\"Visitez avec votre groupe le Mus\u00e9e des Bombardements et son impressionnante collection d\u2019objets de la Seconde Guerre illustrant les attaques a\u00e9riennes dans l\u2019Oise\" \/>\n<meta name=\"robots\" content=\"index, follow, max-snippet:-1, max-image-preview:large, max-video-preview:-1\" \/>\n<link rel=\"canonical\" href=\"https:\/\/www.creilsudoise-tourisme.fr\/nl\/explore-groepen\/must-haves-groepen\/museum-bombardement-2\/\" \/>\n<meta property=\"og:locale\" content=\"nl_NL\" \/>\n<meta property=\"og:type\" content=\"article\" \/>\n<meta property=\"og:title\" content=\"Visites guid\u00e9es et conf\u00e9rences au Mus\u00e9e des bombardements\" \/>\n<meta property=\"og:description\" content=\"Visitez avec votre groupe le Mus\u00e9e des Bombardements et son impressionnante collection d\u2019objets de la Seconde Guerre illustrant les attaques a\u00e9riennes dans l\u2019Oise\" \/>\n<meta property=\"og:url\" content=\"https:\/\/www.creilsudoise-tourisme.fr\/nl\/explore-groepen\/must-haves-groepen\/museum-bombardement-2\/\" \/>\n<meta property=\"og:site_name\" content=\"Office de Tourisme Creil Sud Oise\" \/>\n<meta property=\"article:publisher\" content=\"https:\/\/www.facebook.com\/creilsudoisetourisme\/\" \/>\n<meta property=\"article:modified_time\" content=\"2025-05-16T09:01:30+00:00\" \/>\n<meta property=\"og:image\" content=\"https:\/\/www.creilsudoise-tourisme.fr\/wp-content\/uploads\/wpetourisme\/Musee-des-bombardements-a-Saint-Maximin---Creil-Sud-Oise-Tourisme--4-.jpg\" \/>\n\t<meta property=\"og:image:width\" content=\"1480\" \/>\n\t<meta property=\"og:image:height\" content=\"833\" \/>\n\t<meta property=\"og:image:type\" content=\"image\/jpeg\" \/>\n<meta name=\"twitter:card\" content=\"summary_large_image\" \/>\n<meta name=\"twitter:site\" content=\"@CreilSudOiseOT\" \/>\n<meta name=\"twitter:label1\" content=\"Geschatte leestijd\" \/>\n\t<meta name=\"twitter:data1\" content=\"3 minuten\" \/>\n<script type=\"application\/ld+json\" class=\"yoast-schema-graph\">{\"@context\":\"https:\/\/schema.org\",\"@graph\":[{\"@type\":\"WebPage\",\"@id\":\"https:\/\/www.creilsudoise-tourisme.fr\/explorez-groupes\/incontournables-groupes\/musee-bombardements\/\",\"url\":\"https:\/\/www.creilsudoise-tourisme.fr\/explorez-groupes\/incontournables-groupes\/musee-bombardements\/\",\"name\":\"Visites guid\u00e9es et conf\u00e9rences au Mus\u00e9e des bombardements\",\"isPartOf\":{\"@id\":\"https:\/\/www.creilsudoise-tourisme.fr\/#website\"},\"datePublished\":\"2021-02-17T09:02:14+00:00\",\"dateModified\":\"2025-05-16T09:01:30+00:00\",\"description\":\"Visitez avec votre groupe le Mus\u00e9e des Bombardements et son impressionnante collection d\u2019objets de la Seconde Guerre illustrant les attaques a\u00e9riennes dans l\u2019Oise\",\"breadcrumb\":{\"@id\":\"https:\/\/www.creilsudoise-tourisme.fr\/explorez-groupes\/incontournables-groupes\/musee-bombardements\/#breadcrumb\"},\"inLanguage\":\"nl\",\"potentialAction\":[{\"@type\":\"ReadAction\",\"target\":[\"https:\/\/www.creilsudoise-tourisme.fr\/explorez-groupes\/incontournables-groupes\/musee-bombardements\/\"]}]},{\"@type\":\"BreadcrumbList\",\"@id\":\"https:\/\/www.creilsudoise-tourisme.fr\/explorez-groupes\/incontournables-groupes\/musee-bombardements\/#breadcrumb\",\"itemListElement\":[{\"@type\":\"ListItem\",\"position\":1,\"name\":\"Accueil\",\"item\":\"https:\/\/www.creilsudoise-tourisme.fr\/\"},{\"@type\":\"ListItem\",\"position\":2,\"name\":\"En groupe &amp; S\u00e9minaires\",\"item\":\"https:\/\/www.creilsudoise-tourisme.fr\/explorez-groupes\/\"},{\"@type\":\"ListItem\",\"position\":3,\"name\":\"Les incontournables \u00e0 explorer en groupes\",\"item\":\"https:\/\/www.creilsudoise-tourisme.fr\/explorez-groupes\/incontournables-groupes\/\"},{\"@type\":\"ListItem\",\"position\":4,\"name\":\"Le Mus\u00e9e des Bombardements\"}]},{\"@type\":\"WebSite\",\"@id\":\"https:\/\/www.creilsudoise-tourisme.fr\/#website\",\"url\":\"https:\/\/www.creilsudoise-tourisme.fr\/\",\"name\":\"Office de Tourisme Creil Sud Oise\",\"description\":\"Creil Sud Oise Tourisme, un territoire \u00e0 explorer !\",\"publisher\":{\"@id\":\"https:\/\/www.creilsudoise-tourisme.fr\/#organization\"},\"potentialAction\":[{\"@type\":\"SearchAction\",\"target\":{\"@type\":\"EntryPoint\",\"urlTemplate\":\"https:\/\/www.creilsudoise-tourisme.fr\/?s={search_term_string}\"},\"query-input\":\"required name=search_term_string\"}],\"inLanguage\":\"nl\"},{\"@type\":\"Organization\",\"@id\":\"https:\/\/www.creilsudoise-tourisme.fr\/#organization\",\"name\":\"Creil Sud Oise Tourisme\",\"url\":\"https:\/\/www.creilsudoise-tourisme.fr\/\",\"logo\":{\"@type\":\"ImageObject\",\"inLanguage\":\"nl\",\"@id\":\"https:\/\/www.creilsudoise-tourisme.fr\/#\/schema\/logo\/image\/\",\"url\":\"https:\/\/www.creilsudoise-tourisme.fr\/wp-content\/uploads\/2021\/05\/logo-svg.png\",\"contentUrl\":\"https:\/\/www.creilsudoise-tourisme.fr\/wp-content\/uploads\/2021\/05\/logo-svg.png\",\"width\":182,\"height\":71,\"caption\":\"Creil Sud Oise Tourisme\"},\"image\":{\"@id\":\"https:\/\/www.creilsudoise-tourisme.fr\/#\/schema\/logo\/image\/\"},\"sameAs\":[\"https:\/\/www.facebook.com\/creilsudoisetourisme\/\",\"https:\/\/twitter.com\/CreilSudOiseOT\",\"https:\/\/www.instagram.com\/creilsudoisetourisme\/\",\"https:\/\/www.youtube.com\/channel\/UC8L_QD2wwyADW14zt9fY8kw\"]}]}<\/script>\n<!-- \/ Yoast SEO plugin. -->","yoast_head_json":{"title":"Visites guid\u00e9es et conf\u00e9rences au Mus\u00e9e des bombardements","description":"Visitez avec votre groupe le Mus\u00e9e des Bombardements et son impressionnante collection d\u2019objets de la Seconde Guerre illustrant les attaques a\u00e9riennes dans l\u2019Oise","robots":{"index":"index","follow":"follow","max-snippet":"max-snippet:-1","max-image-preview":"max-image-preview:large","max-video-preview":"max-video-preview:-1"},"canonical":"https:\/\/www.creilsudoise-tourisme.fr\/nl\/explore-groepen\/must-haves-groepen\/museum-bombardement-2\/","og_locale":"nl_NL","og_type":"article","og_title":"Visites guid\u00e9es et conf\u00e9rences au Mus\u00e9e des bombardements","og_description":"Visitez avec votre groupe le Mus\u00e9e des Bombardements et son impressionnante collection d\u2019objets de la Seconde Guerre illustrant les attaques a\u00e9riennes dans l\u2019Oise","og_url":"https:\/\/www.creilsudoise-tourisme.fr\/nl\/explore-groepen\/must-haves-groepen\/museum-bombardement-2\/","og_site_name":"Office de Tourisme Creil Sud Oise","article_publisher":"https:\/\/www.facebook.com\/creilsudoisetourisme\/","article_modified_time":"2025-05-16T09:01:30+00:00","og_image":[{"width":1480,"height":833,"url":"https:\/\/www.creilsudoise-tourisme.fr\/wp-content\/uploads\/wpetourisme\/Musee-des-bombardements-a-Saint-Maximin---Creil-Sud-Oise-Tourisme--4-.jpg","type":"image\/jpeg"}],"twitter_card":"summary_large_image","twitter_site":"@CreilSudOiseOT","twitter_misc":{"Geschatte leestijd":"3 minuten"},"schema":{"@context":"https:\/\/schema.org","@graph":[{"@type":"WebPage","@id":"https:\/\/www.creilsudoise-tourisme.fr\/explorez-groupes\/incontournables-groupes\/musee-bombardements\/","url":"https:\/\/www.creilsudoise-tourisme.fr\/explorez-groupes\/incontournables-groupes\/musee-bombardements\/","name":"Visites guid\u00e9es et conf\u00e9rences au Mus\u00e9e des bombardements","isPartOf":{"@id":"https:\/\/www.creilsudoise-tourisme.fr\/#website"},"datePublished":"2021-02-17T09:02:14+00:00","dateModified":"2025-05-16T09:01:30+00:00","description":"Visitez avec votre groupe le Mus\u00e9e des Bombardements et son impressionnante collection d\u2019objets de la Seconde Guerre illustrant les attaques a\u00e9riennes dans l\u2019Oise","breadcrumb":{"@id":"https:\/\/www.creilsudoise-tourisme.fr\/explorez-groupes\/incontournables-groupes\/musee-bombardements\/#breadcrumb"},"inLanguage":"nl","potentialAction":[{"@type":"ReadAction","target":["https:\/\/www.creilsudoise-tourisme.fr\/explorez-groupes\/incontournables-groupes\/musee-bombardements\/"]}]},{"@type":"BreadcrumbList","@id":"https:\/\/www.creilsudoise-tourisme.fr\/explorez-groupes\/incontournables-groupes\/musee-bombardements\/#breadcrumb","itemListElement":[{"@type":"ListItem","position":1,"name":"Accueil","item":"https:\/\/www.creilsudoise-tourisme.fr\/"},{"@type":"ListItem","position":2,"name":"En groupe &amp; S\u00e9minaires","item":"https:\/\/www.creilsudoise-tourisme.fr\/explorez-groupes\/"},{"@type":"ListItem","position":3,"name":"Les incontournables \u00e0 explorer en groupes","item":"https:\/\/www.creilsudoise-tourisme.fr\/explorez-groupes\/incontournables-groupes\/"},{"@type":"ListItem","position":4,"name":"Le Mus\u00e9e des Bombardements"}]},{"@type":"WebSite","@id":"https:\/\/www.creilsudoise-tourisme.fr\/#website","url":"https:\/\/www.creilsudoise-tourisme.fr\/","name":"Office de Tourisme Creil Sud Oise","description":"Creil Sud Oise Tourisme, un territoire \u00e0 explorer !","publisher":{"@id":"https:\/\/www.creilsudoise-tourisme.fr\/#organization"},"potentialAction":[{"@type":"SearchAction","target":{"@type":"EntryPoint","urlTemplate":"https:\/\/www.creilsudoise-tourisme.fr\/?s={search_term_string}"},"query-input":"required name=search_term_string"}],"inLanguage":"nl"},{"@type":"Organization","@id":"https:\/\/www.creilsudoise-tourisme.fr\/#organization","name":"Creil Sud Oise Tourisme","url":"https:\/\/www.creilsudoise-tourisme.fr\/","logo":{"@type":"ImageObject","inLanguage":"nl","@id":"https:\/\/www.creilsudoise-tourisme.fr\/#\/schema\/logo\/image\/","url":"https:\/\/www.creilsudoise-tourisme.fr\/wp-content\/uploads\/2021\/05\/logo-svg.png","contentUrl":"https:\/\/www.creilsudoise-tourisme.fr\/wp-content\/uploads\/2021\/05\/logo-svg.png","width":182,"height":71,"caption":"Creil Sud Oise Tourisme"},"image":{"@id":"https:\/\/www.creilsudoise-tourisme.fr\/#\/schema\/logo\/image\/"},"sameAs":["https:\/\/www.facebook.com\/creilsudoisetourisme\/","https:\/\/twitter.com\/CreilSudOiseOT","https:\/\/www.instagram.com\/creilsudoisetourisme\/","https:\/\/www.youtube.com\/channel\/UC8L_QD2wwyADW14zt9fY8kw"]}]}},"_links":{"self":[{"href":"https:\/\/www.creilsudoise-tourisme.fr\/nl\/wp-json\/wp\/v2\/pages\/116"}],"collection":[{"href":"https:\/\/www.creilsudoise-tourisme.fr\/nl\/wp-json\/wp\/v2\/pages"}],"about":[{"href":"https:\/\/www.creilsudoise-tourisme.fr\/nl\/wp-json\/wp\/v2\/types\/page"}],"author":[{"embeddable":true,"href":"https:\/\/www.creilsudoise-tourisme.fr\/nl\/wp-json\/wp\/v2\/users\/1"}],"replies":[{"embeddable":true,"href":"https:\/\/www.creilsudoise-tourisme.fr\/nl\/wp-json\/wp\/v2\/comments?post=116"}],"version-history":[{"count":13,"href":"https:\/\/www.creilsudoise-tourisme.fr\/nl\/wp-json\/wp\/v2\/pages\/116\/revisions"}],"predecessor-version":[{"id":62309,"href":"https:\/\/www.creilsudoise-tourisme.fr\/nl\/wp-json\/wp\/v2\/pages\/116\/revisions\/62309"}],"up":[{"embeddable":true,"href":"https:\/\/www.creilsudoise-tourisme.fr\/nl\/wp-json\/wp\/v2\/pages\/102"}],"wp:featuredmedia":[{"embeddable":true,"href":"https:\/\/www.creilsudoise-tourisme.fr\/nl\/wp-json\/wp\/v2\/media\/50242"}],"wp:attachment":[{"href":"https:\/\/www.creilsudoise-tourisme.fr\/nl\/wp-json\/wp\/v2\/media?parent=116"}],"curies":[{"name":"wp","href":"https:\/\/api.w.org\/{rel}","templated":true}]}}