{"id":112,"date":"2021-02-17T10:02:11","date_gmt":"2021-02-17T09:02:11","guid":{"rendered":"https:\/\/www.creilsudoise-tourisme.fr\/le-musee-galle-juillet-et-la-maison-de-la-faience\/"},"modified":"2026-03-05T16:17:01","modified_gmt":"2026-03-05T15:17:01","slug":"musee-galle-juillet","status":"publish","type":"page","link":"https:\/\/www.creilsudoise-tourisme.fr\/nl\/explore-groepen\/must-haves-groepen\/musee-galle-juillet-3\/","title":{"rendered":"Het Gall\u00e9-Juillet museum en het Maison de la Fa\u00efence"},"content":{"rendered":"<p class=\"is-style-excerpt\">Creil, in het zuiden van het departement Oise in de buurt van Chantilly en Senlis, is de thuisbasis van <strong>het Mus\u00e9e Gall\u00e9-Juillet, dat het label Mus\u00e9e de France heeft gekregen<\/strong> en biedt ons twee plaatsen om te bezoeken, de <strong>Maison Gall\u00e9-Juillet en het Huis van Faience<\/strong>toegewijd aan <strong>het verhaal van de familie Gall\u00e9-Juillet uit Creillon<\/strong>en de <strong>fa\u00efencerie<\/strong> die lange tijd in Creil werd geproduceerd.<\/p>\n\n\n\n<figure class=\"wp-block-embed is-type-video is-provider-youtube wp-block-embed-youtube wp-embed-aspect-16-9 wp-has-aspect-ratio\"><div class=\"wp-block-embed__wrapper\">\n<iframe loading=\"lazy\" title=\"[LES INCONTOURNABLES] Le Mus\u00e9e Gall\u00e9-Juillet \u00e0 Creil | Creil Sud Oise Tourisme\" width=\"500\" height=\"281\" data-src=\"https:\/\/www.youtube.com\/embed\/wY9wGoow8Vo?feature=oembed\" frameborder=\"0\" allow=\"accelerometer; autoplay; clipboard-write; encrypted-media; gyroscope; picture-in-picture; web-share\" referrerpolicy=\"strict-origin-when-cross-origin\" allowfullscreen><\/iframe>\n<\/div><\/figure>\n\n\n\n<p>Volg je gids terwijl hij je meeneemt door de geschiedenis van de <strong>Fa\u00efencerie de Creil<\/strong> die zich in de 19e eeuw ontwikkelde en een reputatie verwierf die vergelijkbaar is met die van Gien of Sarreguemines.&nbsp;<\/p>\n\n\n\n<div class=\"is-layout-flex wp-container-3 wp-block-columns\">\n<div class=\"is-layout-flow wp-block-column\" style=\"flex-basis:80%\">\n<p>Je dompelt je verder onder in het Creillois erfgoed door het ontdekken van de <strong>huis van de illustere Gall\u00e9-Juillet familie<\/strong>Het is nog steeds versierd met zo'n 5.000 decoratieve en mooie kunstvoorwerpen, meubels en persoonlijke souvenirs.&nbsp;<\/p>\n<\/div>\n\n\n\n<div class=\"is-layout-flow wp-block-column\" style=\"flex-basis:20%\">\n<figure class=\"wp-block-image size-thumbnail is-resized\"><img decoding=\"async\" loading=\"lazy\" data-src=\"https:\/\/www.creilsudoise-tourisme.fr\/wp-content\/uploads\/2021\/04\/Logo_MuseeDeFrance_BN-1-300x300.jpg\" alt=\"\" class=\"wp-image-33104\" width=\"116\" height=\"116\" data-srcset=\"https:\/\/www.creilsudoise-tourisme.fr\/wp-content\/uploads\/2021\/04\/Logo_MuseeDeFrance_BN-1-300x300.jpg 300w, https:\/\/www.creilsudoise-tourisme.fr\/wp-content\/uploads\/2021\/04\/Logo_MuseeDeFrance_BN-1-600x600.jpg 600w, https:\/\/www.creilsudoise-tourisme.fr\/wp-content\/uploads\/2021\/04\/Logo_MuseeDeFrance_BN-1-1200x1200.jpg 1200w, https:\/\/www.creilsudoise-tourisme.fr\/wp-content\/uploads\/2021\/04\/Logo_MuseeDeFrance_BN-1-900x900.jpg 900w, https:\/\/www.creilsudoise-tourisme.fr\/wp-content\/uploads\/2021\/04\/Logo_MuseeDeFrance_BN-1-1536x1536.jpg 1536w, https:\/\/www.creilsudoise-tourisme.fr\/wp-content\/uploads\/2021\/04\/Logo_MuseeDeFrance_BN-1-200x200.jpg 200w, https:\/\/www.creilsudoise-tourisme.fr\/wp-content\/uploads\/2021\/04\/Logo_MuseeDeFrance_BN-1-650x650.jpg 650w, https:\/\/www.creilsudoise-tourisme.fr\/wp-content\/uploads\/2021\/04\/Logo_MuseeDeFrance_BN-1-387x387.jpg 387w, https:\/\/www.creilsudoise-tourisme.fr\/wp-content\/uploads\/2021\/04\/Logo_MuseeDeFrance_BN-1-275x275.jpg 275w, https:\/\/www.creilsudoise-tourisme.fr\/wp-content\/uploads\/2021\/04\/Logo_MuseeDeFrance_BN-1.jpg 1879w\" sizes=\"(max-width: 116px) 100vw, 116px\" \/><\/figure>\n<\/div>\n<\/div>\n\n\n\n<p class=\"is-style-blockquote\">Een reis door de tijd: terug naar 19<sup>\u00e8me<\/sup> eeuw!<\/p>\n\n\n\n<figure class=\"is-layout-flex wp-block-gallery-4 wp-block-gallery alignwide has-nested-images columns-default is-cropped\">\n<figure class=\"wp-block-image size-full\"><a href=\"https:\/\/www.creilsudoise-tourisme.fr\/wp-content\/uploads\/2021\/04\/Collection-de-fai\u0308ences-a\u0300-la-Maison-de-la-Fai\u0308ence.jpg\"><img decoding=\"async\" loading=\"lazy\" width=\"1600\" height=\"1067\" data-id=\"33099\"  data-src=\"https:\/\/www.creilsudoise-tourisme.fr\/wp-content\/uploads\/2021\/04\/Collection-de-fai\u0308ences-a\u0300-la-Maison-de-la-Fai\u0308ence.jpg\" alt=\"\" class=\"wp-image-33099\" data-srcset=\"https:\/\/www.creilsudoise-tourisme.fr\/wp-content\/uploads\/2021\/04\/Collection-de-fai\u0308ences-a\u0300-la-Maison-de-la-Fai\u0308ence.jpg 1600w, https:\/\/www.creilsudoise-tourisme.fr\/wp-content\/uploads\/2021\/04\/Collection-de-fai\u0308ences-a\u0300-la-Maison-de-la-Fai\u0308ence-600x400.jpg 600w, https:\/\/www.creilsudoise-tourisme.fr\/wp-content\/uploads\/2021\/04\/Collection-de-fai\u0308ences-a\u0300-la-Maison-de-la-Fai\u0308ence-1200x800.jpg 1200w, https:\/\/www.creilsudoise-tourisme.fr\/wp-content\/uploads\/2021\/04\/Collection-de-fai\u0308ences-a\u0300-la-Maison-de-la-Fai\u0308ence-900x600.jpg 900w, https:\/\/www.creilsudoise-tourisme.fr\/wp-content\/uploads\/2021\/04\/Collection-de-fai\u0308ences-a\u0300-la-Maison-de-la-Fai\u0308ence-1536x1024.jpg 1536w, https:\/\/www.creilsudoise-tourisme.fr\/wp-content\/uploads\/2021\/04\/Collection-de-fai\u0308ences-a\u0300-la-Maison-de-la-Fai\u0308ence-200x133.jpg 200w, https:\/\/www.creilsudoise-tourisme.fr\/wp-content\/uploads\/2021\/04\/Collection-de-fai\u0308ences-a\u0300-la-Maison-de-la-Fai\u0308ence-650x433.jpg 650w, https:\/\/www.creilsudoise-tourisme.fr\/wp-content\/uploads\/2021\/04\/Collection-de-fai\u0308ences-a\u0300-la-Maison-de-la-Fai\u0308ence-387x258.jpg 387w, https:\/\/www.creilsudoise-tourisme.fr\/wp-content\/uploads\/2021\/04\/Collection-de-fai\u0308ences-a\u0300-la-Maison-de-la-Fai\u0308ence-275x183.jpg 275w\" sizes=\"(max-width: 1600px) 100vw, 1600px\" \/><\/a><figcaption class=\"wp-element-caption\">Meer dan 1.000 aardewerken voorwerpen tentoongesteld<br>Anne-Sophie Flament - Stad Creil<\/figcaption><\/figure>\n\n\n\n<figure class=\"wp-block-image size-full\"><a href=\"https:\/\/www.creilsudoise-tourisme.fr\/wp-content\/uploads\/2021\/04\/Peinture-sur-fai\u0308ence-une-animation-adultes-au-Muse\u0301e-Galle\u0301-Juillet.jpg\"><img decoding=\"async\" loading=\"lazy\" width=\"1600\" height=\"1067\" data-id=\"33100\"  data-src=\"https:\/\/www.creilsudoise-tourisme.fr\/wp-content\/uploads\/2021\/04\/Peinture-sur-fai\u0308ence-une-animation-adultes-au-Muse\u0301e-Galle\u0301-Juillet.jpg\" alt=\"Workshop voor volwassenen in het Mus\u00e9e Gall\u00e9-Juillet\" class=\"wp-image-33100\" data-srcset=\"https:\/\/www.creilsudoise-tourisme.fr\/wp-content\/uploads\/2021\/04\/Peinture-sur-fai\u0308ence-une-animation-adultes-au-Muse\u0301e-Galle\u0301-Juillet.jpg 1600w, https:\/\/www.creilsudoise-tourisme.fr\/wp-content\/uploads\/2021\/04\/Peinture-sur-fai\u0308ence-une-animation-adultes-au-Muse\u0301e-Galle\u0301-Juillet-600x400.jpg 600w, https:\/\/www.creilsudoise-tourisme.fr\/wp-content\/uploads\/2021\/04\/Peinture-sur-fai\u0308ence-une-animation-adultes-au-Muse\u0301e-Galle\u0301-Juillet-1200x800.jpg 1200w, https:\/\/www.creilsudoise-tourisme.fr\/wp-content\/uploads\/2021\/04\/Peinture-sur-fai\u0308ence-une-animation-adultes-au-Muse\u0301e-Galle\u0301-Juillet-900x600.jpg 900w, https:\/\/www.creilsudoise-tourisme.fr\/wp-content\/uploads\/2021\/04\/Peinture-sur-fai\u0308ence-une-animation-adultes-au-Muse\u0301e-Galle\u0301-Juillet-1536x1024.jpg 1536w, https:\/\/www.creilsudoise-tourisme.fr\/wp-content\/uploads\/2021\/04\/Peinture-sur-fai\u0308ence-une-animation-adultes-au-Muse\u0301e-Galle\u0301-Juillet-200x133.jpg 200w, https:\/\/www.creilsudoise-tourisme.fr\/wp-content\/uploads\/2021\/04\/Peinture-sur-fai\u0308ence-une-animation-adultes-au-Muse\u0301e-Galle\u0301-Juillet-650x433.jpg 650w, https:\/\/www.creilsudoise-tourisme.fr\/wp-content\/uploads\/2021\/04\/Peinture-sur-fai\u0308ence-une-animation-adultes-au-Muse\u0301e-Galle\u0301-Juillet-387x258.jpg 387w, https:\/\/www.creilsudoise-tourisme.fr\/wp-content\/uploads\/2021\/04\/Peinture-sur-fai\u0308ence-une-animation-adultes-au-Muse\u0301e-Galle\u0301-Juillet-275x183.jpg 275w\" sizes=\"(max-width: 1600px) 100vw, 1600px\" \/><\/a><figcaption class=\"wp-element-caption\">Er zijn ook activiteiten voor volwassenen.<br>Anne-Sophie Flament - Stad Creil<\/figcaption><\/figure>\n\n\n\n<figure class=\"wp-block-image size-full\"><a href=\"https:\/\/www.creilsudoise-tourisme.fr\/wp-content\/uploads\/2021\/04\/Visite-guide\u0301e-des-appartements-prive\u0301s-a\u0300-la-Maison-Galle\u0301-Juillet.jpg\"><img decoding=\"async\" loading=\"lazy\" width=\"1600\" height=\"1067\" data-id=\"33102\"  data-src=\"https:\/\/www.creilsudoise-tourisme.fr\/wp-content\/uploads\/2021\/04\/Visite-guide\u0301e-des-appartements-prive\u0301s-a\u0300-la-Maison-Galle\u0301-Juillet.jpg\" alt=\"Rondleiding door het Maison Gall\u00e9-Juillet\" class=\"wp-image-33102\" data-srcset=\"https:\/\/www.creilsudoise-tourisme.fr\/wp-content\/uploads\/2021\/04\/Visite-guide\u0301e-des-appartements-prive\u0301s-a\u0300-la-Maison-Galle\u0301-Juillet.jpg 1600w, https:\/\/www.creilsudoise-tourisme.fr\/wp-content\/uploads\/2021\/04\/Visite-guide\u0301e-des-appartements-prive\u0301s-a\u0300-la-Maison-Galle\u0301-Juillet-600x400.jpg 600w, https:\/\/www.creilsudoise-tourisme.fr\/wp-content\/uploads\/2021\/04\/Visite-guide\u0301e-des-appartements-prive\u0301s-a\u0300-la-Maison-Galle\u0301-Juillet-1200x800.jpg 1200w, https:\/\/www.creilsudoise-tourisme.fr\/wp-content\/uploads\/2021\/04\/Visite-guide\u0301e-des-appartements-prive\u0301s-a\u0300-la-Maison-Galle\u0301-Juillet-900x600.jpg 900w, https:\/\/www.creilsudoise-tourisme.fr\/wp-content\/uploads\/2021\/04\/Visite-guide\u0301e-des-appartements-prive\u0301s-a\u0300-la-Maison-Galle\u0301-Juillet-1536x1024.jpg 1536w, https:\/\/www.creilsudoise-tourisme.fr\/wp-content\/uploads\/2021\/04\/Visite-guide\u0301e-des-appartements-prive\u0301s-a\u0300-la-Maison-Galle\u0301-Juillet-200x133.jpg 200w, https:\/\/www.creilsudoise-tourisme.fr\/wp-content\/uploads\/2021\/04\/Visite-guide\u0301e-des-appartements-prive\u0301s-a\u0300-la-Maison-Galle\u0301-Juillet-650x433.jpg 650w, https:\/\/www.creilsudoise-tourisme.fr\/wp-content\/uploads\/2021\/04\/Visite-guide\u0301e-des-appartements-prive\u0301s-a\u0300-la-Maison-Galle\u0301-Juillet-387x258.jpg 387w, https:\/\/www.creilsudoise-tourisme.fr\/wp-content\/uploads\/2021\/04\/Visite-guide\u0301e-des-appartements-prive\u0301s-a\u0300-la-Maison-Galle\u0301-Juillet-275x183.jpg 275w\" sizes=\"(max-width: 1600px) 100vw, 1600px\" \/><\/a><figcaption class=\"wp-element-caption\">Anne-Sophie Flament - Stad Creil<\/figcaption><\/figure>\n\n\n\n<figure class=\"wp-block-image size-full\"><a href=\"https:\/\/www.creilsudoise-tourisme.fr\/wp-content\/uploads\/2021\/04\/Visite-costume\u0301e-a\u0300-la-Maison-Galle\u0301-Juillet-a\u0300-Creil.jpg\"><img decoding=\"async\" loading=\"lazy\" width=\"1600\" height=\"900\" data-id=\"33101\"  data-src=\"https:\/\/www.creilsudoise-tourisme.fr\/wp-content\/uploads\/2021\/04\/Visite-costume\u0301e-a\u0300-la-Maison-Galle\u0301-Juillet-a\u0300-Creil.jpg\" alt=\"Theatraal bezoek aan het Mus\u00e9e Gall\u00e9-Juillet\" class=\"wp-image-33101\" data-srcset=\"https:\/\/www.creilsudoise-tourisme.fr\/wp-content\/uploads\/2021\/04\/Visite-costume\u0301e-a\u0300-la-Maison-Galle\u0301-Juillet-a\u0300-Creil.jpg 1600w, https:\/\/www.creilsudoise-tourisme.fr\/wp-content\/uploads\/2021\/04\/Visite-costume\u0301e-a\u0300-la-Maison-Galle\u0301-Juillet-a\u0300-Creil-600x338.jpg 600w, https:\/\/www.creilsudoise-tourisme.fr\/wp-content\/uploads\/2021\/04\/Visite-costume\u0301e-a\u0300-la-Maison-Galle\u0301-Juillet-a\u0300-Creil-1200x675.jpg 1200w, https:\/\/www.creilsudoise-tourisme.fr\/wp-content\/uploads\/2021\/04\/Visite-costume\u0301e-a\u0300-la-Maison-Galle\u0301-Juillet-a\u0300-Creil-900x506.jpg 900w, https:\/\/www.creilsudoise-tourisme.fr\/wp-content\/uploads\/2021\/04\/Visite-costume\u0301e-a\u0300-la-Maison-Galle\u0301-Juillet-a\u0300-Creil-1536x864.jpg 1536w, https:\/\/www.creilsudoise-tourisme.fr\/wp-content\/uploads\/2021\/04\/Visite-costume\u0301e-a\u0300-la-Maison-Galle\u0301-Juillet-a\u0300-Creil-200x113.jpg 200w, https:\/\/www.creilsudoise-tourisme.fr\/wp-content\/uploads\/2021\/04\/Visite-costume\u0301e-a\u0300-la-Maison-Galle\u0301-Juillet-a\u0300-Creil-650x366.jpg 650w, https:\/\/www.creilsudoise-tourisme.fr\/wp-content\/uploads\/2021\/04\/Visite-costume\u0301e-a\u0300-la-Maison-Galle\u0301-Juillet-a\u0300-Creil-387x218.jpg 387w, https:\/\/www.creilsudoise-tourisme.fr\/wp-content\/uploads\/2021\/04\/Visite-costume\u0301e-a\u0300-la-Maison-Galle\u0301-Juillet-a\u0300-Creil-275x155.jpg 275w\" sizes=\"(max-width: 1600px) 100vw, 1600px\" \/><\/a><figcaption class=\"wp-element-caption\">Dompel jezelf onder in een 19e-eeuwse sfeer!<br>Creil Sud Oise Toerisme<\/figcaption><\/figure>\n<\/figure>\n\n\n\n<h2>Wist je dat?<\/h2>\n\n\n\n<p>In Creil bleef het fijne aardewerk niet egaal wit: het kreeg een <strong>geschilderd of bedrukt decor <\/strong>en sommigen van hen hebben een <strong>groot commercieel succes<\/strong> als de <strong>Flora decor<\/strong> (blauwe bloemen en bladeren van winde, lelietje-van-dalen, hulst of roos) die werd gepresenteerd op de Parijse wereldtentoonstelling in 1855. Of de <strong>Rousseau dienst<\/strong> Het resultaat van de samenwerking tussen Eug\u00e8ne Rousseau, bekend om zijn rol in de verspreiding van het japonisme, en F\u00e9lix Braquemond, een schilder en graveur, was een zeer verfijnde decoratie van planten- en dierenmotieven, zozeer zelfs dat het niet ongewoon is om borden, kopjes, terrines, diverse serviezen en toiletartikelen te vinden in antiekwinkels of op garageverkopen. <strong>gestempeld \"Creil en Montereau\".<\/strong> Dit zijn schatten waar we graag naar op zoek gaan en die we verzamelen, alsof het getuigenissen zijn van een vervlogen tijdperk.<\/p>\n\n\n\n<h2>Getuigenis<\/h2>\n\n\n\n<div class=\"wp-block wp-block-testimonial\">\n    <div class=\"wp-block-testimonial-excerpt\">\n        Een plek vol verhalen, waar je je dicht bij de vroegere bewoners kunt voelen. De kamers zijn prachtig en authentiek, een welkome afwisseling van re-enactments! Voeg daar de geweldige gidsen aan toe en je hebt een geweldig bezoek.    <\/div>\n    <div class=\"wp-block-testimonial-details\">\n                <div class=\"wp-block-testimonial-content\">\n            <p class=\"wp-block-testimonial-content-author\">\n                <strong>\"Tends la Main<\/strong>\n\n                                <span class=\"wp-block-testimonial-content-job\"> - Google beoordelingen<\/span>\n                            <\/p>\n        <\/div>\n    <\/div>\n<\/div>\n\n\n<h2>Maak uw dag compleet<\/h2>\n\n\n\n<p>Om uw dag compleet te maken, bekijk onze <a href=\"https:\/\/www.creilsudoise-tourisme.fr\/nl\/en-groupe-seminaires\/brochure-groupes\/\" target=\"_blank\" rel=\"noreferrer noopener\">groepsbrochure<\/a> !<br>Hou je van geschiedenis? Vervolg je dag met een bezoek aan het Ch\u00e2teau de Montataire (RDV p. 10 Trakteer jezelf op het leven van een ch\u00e2teau) en voor zoetekauwen: ontdek onze winteraanbieding: Gourmet Christmas at the Ch\u00e2teau (RDV p. 20).<br>Je kunt het Mus\u00e9e Gall\u00e9-Juillet ook bezoeken tijdens een verblijf van 2 dagen en 1 nacht in een hotel van Destination Creil Sud Oise, zie pagina 22 en 23 Twee dagen om Creil Sud Oise te ontdekken.<\/p>\n\n\n\n<h2>Neem contact met ons op!<\/h2>\n\n\n\n<div class=\"is-layout-flex wp-container-9 wp-block-columns are-vertically-aligned-center\">\n<div class=\"is-layout-flow wp-block-column is-vertically-aligned-center\" style=\"flex-basis:50%\"><div class=\"wp-block-image\">\n<figure class=\"alignleft size-large\"><img decoding=\"async\" loading=\"lazy\" width=\"1200\" height=\"1200\" data-src=\"https:\/\/www.creilsudoise-tourisme.fr\/wp-content\/uploads\/2025\/05\/Brigitte-P-1200x1200.jpg\" alt=\"\" class=\"wp-image-62291\" data-srcset=\"https:\/\/www.creilsudoise-tourisme.fr\/wp-content\/uploads\/2025\/05\/Brigitte-P-1200x1200.jpg 1200w, https:\/\/www.creilsudoise-tourisme.fr\/wp-content\/uploads\/2025\/05\/Brigitte-P-600x600.jpg 600w, https:\/\/www.creilsudoise-tourisme.fr\/wp-content\/uploads\/2025\/05\/Brigitte-P-300x300.jpg 300w, https:\/\/www.creilsudoise-tourisme.fr\/wp-content\/uploads\/2025\/05\/Brigitte-P-900x900.jpg 900w, https:\/\/www.creilsudoise-tourisme.fr\/wp-content\/uploads\/2025\/05\/Brigitte-P-1536x1536.jpg 1536w, https:\/\/www.creilsudoise-tourisme.fr\/wp-content\/uploads\/2025\/05\/Brigitte-P-12x12.jpg 12w, https:\/\/www.creilsudoise-tourisme.fr\/wp-content\/uploads\/2025\/05\/Brigitte-P-200x200.jpg 200w, https:\/\/www.creilsudoise-tourisme.fr\/wp-content\/uploads\/2025\/05\/Brigitte-P-650x650.jpg 650w, https:\/\/www.creilsudoise-tourisme.fr\/wp-content\/uploads\/2025\/05\/Brigitte-P-387x387.jpg 387w, https:\/\/www.creilsudoise-tourisme.fr\/wp-content\/uploads\/2025\/05\/Brigitte-P.jpg 1920w\" sizes=\"(max-width: 1200px) 100vw, 1200px\" \/><figcaption class=\"wp-element-caption\">Brigitte Pawly<\/figcaption><\/figure><\/div><\/div>\n\n\n\n<div class=\"is-layout-flow wp-block-column is-vertically-aligned-center\" style=\"flex-basis:50%\"><div class=\"wp-block wp-block-highlight\">\n                <p class=\"wp-block-highlight-item wp-block-highlight-excerpt\"><strong>Brigitte Pawly, <\/strong>schepper van groepsverblijven op maat<br><a href=\"tel:0375190175\">03 75 19 01 75<\/a><\/p>\n    <\/div>\n\n\n<div class=\"is-layout-flex wp-block-buttons\">\n<div class=\"wp-block-button\"><a class=\"wp-block-button__link wp-element-button\" href=\"mailto:gro&#117;pes&#64;c&#114;ei&#108;&#115;&#117;&#100;&#111;&#105;&#115;e&#45;&#116;o&#117;&#114;i&#115;me&#46;&#102;r\" target=\"_blank\" rel=\"noreferrer noopener\">Neem contact op met<\/a><\/div>\n<\/div>\n<\/div>\n<\/div>","protected":false},"excerpt":{"rendered":"<p>Creil, in het zuiden van het departement Oise in de buurt van Chantilly en Senlis, is de thuisbasis van het Mus\u00e9e Gall\u00e9-Juillet, dat het label 'Mus\u00e9e de France' heeft gekregen en twee plekken biedt om te bezoeken: het Maison Gall\u00e9-Juillet en het Maison de la Fa\u00efence, gewijd aan de geschiedenis van de familie Gall\u00e9-Juillet uit Creil, evenals de aardewerkfabriek [...].<\/p>","protected":false},"author":1,"featured_media":32346,"parent":102,"menu_order":4,"comment_status":"closed","ping_status":"closed","template":"","meta":{"_relevanssi_hide_post":"","_relevanssi_hide_content":"","_relevanssi_pin_for_all":"","_relevanssi_pin_keywords":"","_relevanssi_unpin_keywords":"","_relevanssi_related_keywords":"","_relevanssi_related_include_ids":"","_relevanssi_related_exclude_ids":"","_relevanssi_related_no_append":"","_relevanssi_related_not_related":"","_relevanssi_related_posts":"275,271,267,273","_relevanssi_noindex_reason":""},"yoast_head":"<!-- This site is optimized with the Yoast SEO plugin v20.2.1 - https:\/\/yoast.com\/wordpress\/plugins\/seo\/ -->\n<title>L\u2019histoire de Creil et de la fa\u00efence au Mus\u00e9e Gall\u00e9-Juillet - Office de Tourisme Creil Sud Oise<\/title>\n<meta name=\"description\" content=\"Pr\u00e8s de Chantilly, \u00e0 Creil, d\u00e9couvrez avec votre groupe une impressionnante collection de fa\u00efences et une maison o\u00f9 le temps s\u2019est arr\u00eat\u00e9 au d\u00e9but du 20\u00e8me si\u00e8cle\" \/>\n<meta name=\"robots\" content=\"index, follow, max-snippet:-1, max-image-preview:large, max-video-preview:-1\" \/>\n<link rel=\"canonical\" href=\"https:\/\/www.creilsudoise-tourisme.fr\/nl\/explore-groepen\/must-haves-groepen\/musee-galle-juillet-3\/\" \/>\n<meta property=\"og:locale\" content=\"nl_NL\" \/>\n<meta property=\"og:type\" content=\"article\" \/>\n<meta property=\"og:title\" content=\"L\u2019histoire de Creil et de la fa\u00efence au Mus\u00e9e Gall\u00e9-Juillet - Office de Tourisme Creil Sud Oise\" \/>\n<meta property=\"og:description\" content=\"Pr\u00e8s de Chantilly, \u00e0 Creil, d\u00e9couvrez avec votre groupe une impressionnante collection de fa\u00efences et une maison o\u00f9 le temps s\u2019est arr\u00eat\u00e9 au d\u00e9but du 20\u00e8me si\u00e8cle\" \/>\n<meta property=\"og:url\" content=\"https:\/\/www.creilsudoise-tourisme.fr\/nl\/explore-groepen\/must-haves-groepen\/musee-galle-juillet-3\/\" \/>\n<meta property=\"og:site_name\" content=\"Office de Tourisme Creil Sud Oise\" \/>\n<meta property=\"article:publisher\" content=\"https:\/\/www.facebook.com\/creilsudoisetourisme\/\" \/>\n<meta property=\"article:modified_time\" content=\"2026-03-05T15:17:01+00:00\" \/>\n<meta property=\"og:image\" content=\"https:\/\/www.creilsudoise-tourisme.fr\/wp-content\/uploads\/2021\/03\/La-Maison-de-la-Fai\u0308ence-a\u0300-Creil-en-groupes.jpg\" \/>\n\t<meta property=\"og:image:width\" content=\"1600\" \/>\n\t<meta property=\"og:image:height\" content=\"1067\" \/>\n\t<meta property=\"og:image:type\" content=\"image\/jpeg\" \/>\n<meta name=\"twitter:card\" content=\"summary_large_image\" \/>\n<meta name=\"twitter:site\" content=\"@CreilSudOiseOT\" \/>\n<meta name=\"twitter:label1\" content=\"Geschatte leestijd\" \/>\n\t<meta name=\"twitter:data1\" content=\"4 minuten\" \/>\n<script type=\"application\/ld+json\" class=\"yoast-schema-graph\">{\"@context\":\"https:\/\/schema.org\",\"@graph\":[{\"@type\":\"WebPage\",\"@id\":\"https:\/\/www.creilsudoise-tourisme.fr\/explorez-groupes\/incontournables-groupes\/musee-galle-juillet\/\",\"url\":\"https:\/\/www.creilsudoise-tourisme.fr\/explorez-groupes\/incontournables-groupes\/musee-galle-juillet\/\",\"name\":\"L\u2019histoire de Creil et de la fa\u00efence au Mus\u00e9e Gall\u00e9-Juillet - Office de Tourisme Creil Sud Oise\",\"isPartOf\":{\"@id\":\"https:\/\/www.creilsudoise-tourisme.fr\/#website\"},\"datePublished\":\"2021-02-17T09:02:11+00:00\",\"dateModified\":\"2026-03-05T15:17:01+00:00\",\"description\":\"Pr\u00e8s de Chantilly, \u00e0 Creil, d\u00e9couvrez avec votre groupe une impressionnante collection de fa\u00efences et une maison o\u00f9 le temps s\u2019est arr\u00eat\u00e9 au d\u00e9but du 20\u00e8me si\u00e8cle\",\"breadcrumb\":{\"@id\":\"https:\/\/www.creilsudoise-tourisme.fr\/explorez-groupes\/incontournables-groupes\/musee-galle-juillet\/#breadcrumb\"},\"inLanguage\":\"nl\",\"potentialAction\":[{\"@type\":\"ReadAction\",\"target\":[\"https:\/\/www.creilsudoise-tourisme.fr\/explorez-groupes\/incontournables-groupes\/musee-galle-juillet\/\"]}]},{\"@type\":\"BreadcrumbList\",\"@id\":\"https:\/\/www.creilsudoise-tourisme.fr\/explorez-groupes\/incontournables-groupes\/musee-galle-juillet\/#breadcrumb\",\"itemListElement\":[{\"@type\":\"ListItem\",\"position\":1,\"name\":\"Accueil\",\"item\":\"https:\/\/www.creilsudoise-tourisme.fr\/\"},{\"@type\":\"ListItem\",\"position\":2,\"name\":\"En groupe &amp; S\u00e9minaires\",\"item\":\"https:\/\/www.creilsudoise-tourisme.fr\/explorez-groupes\/\"},{\"@type\":\"ListItem\",\"position\":3,\"name\":\"Les incontournables \u00e0 explorer en groupes\",\"item\":\"https:\/\/www.creilsudoise-tourisme.fr\/explorez-groupes\/incontournables-groupes\/\"},{\"@type\":\"ListItem\",\"position\":4,\"name\":\"Le Mus\u00e9e Gall\u00e9-Juillet et la Maison de la Fa\u00efence\"}]},{\"@type\":\"WebSite\",\"@id\":\"https:\/\/www.creilsudoise-tourisme.fr\/#website\",\"url\":\"https:\/\/www.creilsudoise-tourisme.fr\/\",\"name\":\"Office de Tourisme Creil Sud Oise\",\"description\":\"Creil Sud Oise Tourisme, un territoire \u00e0 explorer !\",\"publisher\":{\"@id\":\"https:\/\/www.creilsudoise-tourisme.fr\/#organization\"},\"potentialAction\":[{\"@type\":\"SearchAction\",\"target\":{\"@type\":\"EntryPoint\",\"urlTemplate\":\"https:\/\/www.creilsudoise-tourisme.fr\/?s={search_term_string}\"},\"query-input\":\"required name=search_term_string\"}],\"inLanguage\":\"nl\"},{\"@type\":\"Organization\",\"@id\":\"https:\/\/www.creilsudoise-tourisme.fr\/#organization\",\"name\":\"Creil Sud Oise Tourisme\",\"url\":\"https:\/\/www.creilsudoise-tourisme.fr\/\",\"logo\":{\"@type\":\"ImageObject\",\"inLanguage\":\"nl\",\"@id\":\"https:\/\/www.creilsudoise-tourisme.fr\/#\/schema\/logo\/image\/\",\"url\":\"https:\/\/www.creilsudoise-tourisme.fr\/wp-content\/uploads\/2021\/05\/logo-svg.png\",\"contentUrl\":\"https:\/\/www.creilsudoise-tourisme.fr\/wp-content\/uploads\/2021\/05\/logo-svg.png\",\"width\":182,\"height\":71,\"caption\":\"Creil Sud Oise Tourisme\"},\"image\":{\"@id\":\"https:\/\/www.creilsudoise-tourisme.fr\/#\/schema\/logo\/image\/\"},\"sameAs\":[\"https:\/\/www.facebook.com\/creilsudoisetourisme\/\",\"https:\/\/twitter.com\/CreilSudOiseOT\",\"https:\/\/www.instagram.com\/creilsudoisetourisme\/\",\"https:\/\/www.youtube.com\/channel\/UC8L_QD2wwyADW14zt9fY8kw\"]}]}<\/script>\n<!-- \/ Yoast SEO plugin. -->","yoast_head_json":{"title":"L\u2019histoire de Creil et de la fa\u00efence au Mus\u00e9e Gall\u00e9-Juillet - Office de Tourisme Creil Sud Oise","description":"Pr\u00e8s de Chantilly, \u00e0 Creil, d\u00e9couvrez avec votre groupe une impressionnante collection de fa\u00efences et une maison o\u00f9 le temps s\u2019est arr\u00eat\u00e9 au d\u00e9but du 20\u00e8me si\u00e8cle","robots":{"index":"index","follow":"follow","max-snippet":"max-snippet:-1","max-image-preview":"max-image-preview:large","max-video-preview":"max-video-preview:-1"},"canonical":"https:\/\/www.creilsudoise-tourisme.fr\/nl\/explore-groepen\/must-haves-groepen\/musee-galle-juillet-3\/","og_locale":"nl_NL","og_type":"article","og_title":"L\u2019histoire de Creil et de la fa\u00efence au Mus\u00e9e Gall\u00e9-Juillet - Office de Tourisme Creil Sud Oise","og_description":"Pr\u00e8s de Chantilly, \u00e0 Creil, d\u00e9couvrez avec votre groupe une impressionnante collection de fa\u00efences et une maison o\u00f9 le temps s\u2019est arr\u00eat\u00e9 au d\u00e9but du 20\u00e8me si\u00e8cle","og_url":"https:\/\/www.creilsudoise-tourisme.fr\/nl\/explore-groepen\/must-haves-groepen\/musee-galle-juillet-3\/","og_site_name":"Office de Tourisme Creil Sud Oise","article_publisher":"https:\/\/www.facebook.com\/creilsudoisetourisme\/","article_modified_time":"2026-03-05T15:17:01+00:00","og_image":[{"width":1600,"height":1067,"url":"https:\/\/www.creilsudoise-tourisme.fr\/wp-content\/uploads\/2021\/03\/La-Maison-de-la-Fai\u0308ence-a\u0300-Creil-en-groupes.jpg","type":"image\/jpeg"}],"twitter_card":"summary_large_image","twitter_site":"@CreilSudOiseOT","twitter_misc":{"Geschatte leestijd":"4 minuten"},"schema":{"@context":"https:\/\/schema.org","@graph":[{"@type":"WebPage","@id":"https:\/\/www.creilsudoise-tourisme.fr\/explorez-groupes\/incontournables-groupes\/musee-galle-juillet\/","url":"https:\/\/www.creilsudoise-tourisme.fr\/explorez-groupes\/incontournables-groupes\/musee-galle-juillet\/","name":"L\u2019histoire de Creil et de la fa\u00efence au Mus\u00e9e Gall\u00e9-Juillet - Office de Tourisme Creil Sud Oise","isPartOf":{"@id":"https:\/\/www.creilsudoise-tourisme.fr\/#website"},"datePublished":"2021-02-17T09:02:11+00:00","dateModified":"2026-03-05T15:17:01+00:00","description":"Pr\u00e8s de Chantilly, \u00e0 Creil, d\u00e9couvrez avec votre groupe une impressionnante collection de fa\u00efences et une maison o\u00f9 le temps s\u2019est arr\u00eat\u00e9 au d\u00e9but du 20\u00e8me si\u00e8cle","breadcrumb":{"@id":"https:\/\/www.creilsudoise-tourisme.fr\/explorez-groupes\/incontournables-groupes\/musee-galle-juillet\/#breadcrumb"},"inLanguage":"nl","potentialAction":[{"@type":"ReadAction","target":["https:\/\/www.creilsudoise-tourisme.fr\/explorez-groupes\/incontournables-groupes\/musee-galle-juillet\/"]}]},{"@type":"BreadcrumbList","@id":"https:\/\/www.creilsudoise-tourisme.fr\/explorez-groupes\/incontournables-groupes\/musee-galle-juillet\/#breadcrumb","itemListElement":[{"@type":"ListItem","position":1,"name":"Accueil","item":"https:\/\/www.creilsudoise-tourisme.fr\/"},{"@type":"ListItem","position":2,"name":"En groupe &amp; S\u00e9minaires","item":"https:\/\/www.creilsudoise-tourisme.fr\/explorez-groupes\/"},{"@type":"ListItem","position":3,"name":"Les incontournables \u00e0 explorer en groupes","item":"https:\/\/www.creilsudoise-tourisme.fr\/explorez-groupes\/incontournables-groupes\/"},{"@type":"ListItem","position":4,"name":"Le Mus\u00e9e Gall\u00e9-Juillet et la Maison de la Fa\u00efence"}]},{"@type":"WebSite","@id":"https:\/\/www.creilsudoise-tourisme.fr\/#website","url":"https:\/\/www.creilsudoise-tourisme.fr\/","name":"Office de Tourisme Creil Sud Oise","description":"Creil Sud Oise Tourisme, un territoire \u00e0 explorer !","publisher":{"@id":"https:\/\/www.creilsudoise-tourisme.fr\/#organization"},"potentialAction":[{"@type":"SearchAction","target":{"@type":"EntryPoint","urlTemplate":"https:\/\/www.creilsudoise-tourisme.fr\/?s={search_term_string}"},"query-input":"required name=search_term_string"}],"inLanguage":"nl"},{"@type":"Organization","@id":"https:\/\/www.creilsudoise-tourisme.fr\/#organization","name":"Creil Sud Oise Tourisme","url":"https:\/\/www.creilsudoise-tourisme.fr\/","logo":{"@type":"ImageObject","inLanguage":"nl","@id":"https:\/\/www.creilsudoise-tourisme.fr\/#\/schema\/logo\/image\/","url":"https:\/\/www.creilsudoise-tourisme.fr\/wp-content\/uploads\/2021\/05\/logo-svg.png","contentUrl":"https:\/\/www.creilsudoise-tourisme.fr\/wp-content\/uploads\/2021\/05\/logo-svg.png","width":182,"height":71,"caption":"Creil Sud Oise Tourisme"},"image":{"@id":"https:\/\/www.creilsudoise-tourisme.fr\/#\/schema\/logo\/image\/"},"sameAs":["https:\/\/www.facebook.com\/creilsudoisetourisme\/","https:\/\/twitter.com\/CreilSudOiseOT","https:\/\/www.instagram.com\/creilsudoisetourisme\/","https:\/\/www.youtube.com\/channel\/UC8L_QD2wwyADW14zt9fY8kw"]}]}},"_links":{"self":[{"href":"https:\/\/www.creilsudoise-tourisme.fr\/nl\/wp-json\/wp\/v2\/pages\/112"}],"collection":[{"href":"https:\/\/www.creilsudoise-tourisme.fr\/nl\/wp-json\/wp\/v2\/pages"}],"about":[{"href":"https:\/\/www.creilsudoise-tourisme.fr\/nl\/wp-json\/wp\/v2\/types\/page"}],"author":[{"embeddable":true,"href":"https:\/\/www.creilsudoise-tourisme.fr\/nl\/wp-json\/wp\/v2\/users\/1"}],"replies":[{"embeddable":true,"href":"https:\/\/www.creilsudoise-tourisme.fr\/nl\/wp-json\/wp\/v2\/comments?post=112"}],"version-history":[{"count":26,"href":"https:\/\/www.creilsudoise-tourisme.fr\/nl\/wp-json\/wp\/v2\/pages\/112\/revisions"}],"predecessor-version":[{"id":68171,"href":"https:\/\/www.creilsudoise-tourisme.fr\/nl\/wp-json\/wp\/v2\/pages\/112\/revisions\/68171"}],"up":[{"embeddable":true,"href":"https:\/\/www.creilsudoise-tourisme.fr\/nl\/wp-json\/wp\/v2\/pages\/102"}],"wp:featuredmedia":[{"embeddable":true,"href":"https:\/\/www.creilsudoise-tourisme.fr\/nl\/wp-json\/wp\/v2\/media\/32346"}],"wp:attachment":[{"href":"https:\/\/www.creilsudoise-tourisme.fr\/nl\/wp-json\/wp\/v2\/media?parent=112"}],"curies":[{"name":"wp","href":"https:\/\/api.w.org\/{rel}","templated":true}]}}