{"id":106,"date":"2021-02-17T10:02:06","date_gmt":"2021-02-17T09:02:06","guid":{"rendered":"https:\/\/www.creilsudoise-tourisme.fr\/la-maison-de-la-pierre\/"},"modified":"2025-05-16T10:57:40","modified_gmt":"2025-05-16T08:57:40","slug":"maison-de-la-pierre","status":"publish","type":"page","link":"https:\/\/www.creilsudoise-tourisme.fr\/nl\/explore-groepen\/must-haves-groepen\/maison-de-la-pierre-2\/","title":{"rendered":"Het Stenen Huis"},"content":{"rendered":"<p class=\"is-style-excerpt\">In de buurt van Chantilly en Senlis, <strong>het Maison de la Pierre is een ondergronds museum in een oude steengroeve<\/strong> ! Het is een van de zeldzame plaatsen van herinnering aan het leven van de steenhouwers van Noord-Frankrijk, die hulde brengt aan de<strong>Het DNA van de bestemming Creil Sud Oise: steen<\/strong>.<\/p>\n\n\n\n<p><strong>Waar komen al die stenen vandaan waaruit onze kastelen, kerken en gebouwen bestaan?<\/strong> Van de Oise grotendeels en de <strong>Groeven van Saint-Maximin<\/strong> in het bijzonder, die sinds de 16e eeuw essentieel zijn geworden voor de bouw van grote monumenten zoals de<strong>Opera Garnier, de Pont Neuf, Haussmann gebouwen of het H\u00f4tel des Invalides...&nbsp;<\/strong><\/p>\n\n\n\n<figure class=\"is-layout-flex wp-block-gallery-1 wp-block-gallery alignwide has-nested-images columns-2 is-cropped\">\n<figure class=\"wp-block-image size-full\"><a href=\"https:\/\/www.creilsudoise-tourisme.fr\/wp-content\/uploads\/2021\/04\/Fossiles-a\u0300-la-Maison-de-la-Pierre-a\u0300-Saint-Maximin.jpg\"><img decoding=\"async\" loading=\"lazy\" width=\"1600\" height=\"1064\" data-id=\"33119\"  data-src=\"https:\/\/www.creilsudoise-tourisme.fr\/wp-content\/uploads\/2021\/04\/Fossiles-a\u0300-la-Maison-de-la-Pierre-a\u0300-Saint-Maximin.jpg\" alt=\"\" class=\"wp-image-33119\" data-srcset=\"https:\/\/www.creilsudoise-tourisme.fr\/wp-content\/uploads\/2021\/04\/Fossiles-a\u0300-la-Maison-de-la-Pierre-a\u0300-Saint-Maximin.jpg 1600w, https:\/\/www.creilsudoise-tourisme.fr\/wp-content\/uploads\/2021\/04\/Fossiles-a\u0300-la-Maison-de-la-Pierre-a\u0300-Saint-Maximin-600x399.jpg 600w, https:\/\/www.creilsudoise-tourisme.fr\/wp-content\/uploads\/2021\/04\/Fossiles-a\u0300-la-Maison-de-la-Pierre-a\u0300-Saint-Maximin-1200x798.jpg 1200w, https:\/\/www.creilsudoise-tourisme.fr\/wp-content\/uploads\/2021\/04\/Fossiles-a\u0300-la-Maison-de-la-Pierre-a\u0300-Saint-Maximin-900x599.jpg 900w, https:\/\/www.creilsudoise-tourisme.fr\/wp-content\/uploads\/2021\/04\/Fossiles-a\u0300-la-Maison-de-la-Pierre-a\u0300-Saint-Maximin-1536x1021.jpg 1536w, https:\/\/www.creilsudoise-tourisme.fr\/wp-content\/uploads\/2021\/04\/Fossiles-a\u0300-la-Maison-de-la-Pierre-a\u0300-Saint-Maximin-200x133.jpg 200w, https:\/\/www.creilsudoise-tourisme.fr\/wp-content\/uploads\/2021\/04\/Fossiles-a\u0300-la-Maison-de-la-Pierre-a\u0300-Saint-Maximin-650x432.jpg 650w, https:\/\/www.creilsudoise-tourisme.fr\/wp-content\/uploads\/2021\/04\/Fossiles-a\u0300-la-Maison-de-la-Pierre-a\u0300-Saint-Maximin-387x257.jpg 387w, https:\/\/www.creilsudoise-tourisme.fr\/wp-content\/uploads\/2021\/04\/Fossiles-a\u0300-la-Maison-de-la-Pierre-a\u0300-Saint-Maximin-275x183.jpg 275w\" sizes=\"(max-width: 1600px) 100vw, 1600px\" \/><\/a><figcaption class=\"wp-element-caption\">Kun je de kleine fossielen in de rots vinden?<br>Leisteen<\/figcaption><\/figure>\n\n\n\n<figure class=\"wp-block-image size-full\"><a href=\"https:\/\/www.creilsudoise-tourisme.fr\/wp-content\/uploads\/2021\/04\/Les-outils-des-carriers-a\u0300-la-Maison-de-la-Pierre-a\u0300-Saint-Maximin.jpg\"><img decoding=\"async\" loading=\"lazy\" width=\"1600\" height=\"1067\" data-id=\"33120\"  data-src=\"https:\/\/www.creilsudoise-tourisme.fr\/wp-content\/uploads\/2021\/04\/Les-outils-des-carriers-a\u0300-la-Maison-de-la-Pierre-a\u0300-Saint-Maximin.jpg\" alt=\"\" class=\"wp-image-33120\" data-srcset=\"https:\/\/www.creilsudoise-tourisme.fr\/wp-content\/uploads\/2021\/04\/Les-outils-des-carriers-a\u0300-la-Maison-de-la-Pierre-a\u0300-Saint-Maximin.jpg 1600w, https:\/\/www.creilsudoise-tourisme.fr\/wp-content\/uploads\/2021\/04\/Les-outils-des-carriers-a\u0300-la-Maison-de-la-Pierre-a\u0300-Saint-Maximin-600x400.jpg 600w, https:\/\/www.creilsudoise-tourisme.fr\/wp-content\/uploads\/2021\/04\/Les-outils-des-carriers-a\u0300-la-Maison-de-la-Pierre-a\u0300-Saint-Maximin-1200x800.jpg 1200w, https:\/\/www.creilsudoise-tourisme.fr\/wp-content\/uploads\/2021\/04\/Les-outils-des-carriers-a\u0300-la-Maison-de-la-Pierre-a\u0300-Saint-Maximin-900x600.jpg 900w, https:\/\/www.creilsudoise-tourisme.fr\/wp-content\/uploads\/2021\/04\/Les-outils-des-carriers-a\u0300-la-Maison-de-la-Pierre-a\u0300-Saint-Maximin-1536x1024.jpg 1536w, https:\/\/www.creilsudoise-tourisme.fr\/wp-content\/uploads\/2021\/04\/Les-outils-des-carriers-a\u0300-la-Maison-de-la-Pierre-a\u0300-Saint-Maximin-200x133.jpg 200w, https:\/\/www.creilsudoise-tourisme.fr\/wp-content\/uploads\/2021\/04\/Les-outils-des-carriers-a\u0300-la-Maison-de-la-Pierre-a\u0300-Saint-Maximin-650x433.jpg 650w, https:\/\/www.creilsudoise-tourisme.fr\/wp-content\/uploads\/2021\/04\/Les-outils-des-carriers-a\u0300-la-Maison-de-la-Pierre-a\u0300-Saint-Maximin-387x258.jpg 387w, https:\/\/www.creilsudoise-tourisme.fr\/wp-content\/uploads\/2021\/04\/Les-outils-des-carriers-a\u0300-la-Maison-de-la-Pierre-a\u0300-Saint-Maximin-275x183.jpg 275w\" sizes=\"(max-width: 1600px) 100vw, 1600px\" \/><\/a><figcaption class=\"wp-element-caption\">Het beroep van steenhouwer zal u worden voorgesteld<br>Comdesimages B. Teissedre ADRTOise<\/figcaption><\/figure>\n\n\n\n<figure class=\"wp-block-image size-full\"><a href=\"https:\/\/www.creilsudoise-tourisme.fr\/wp-content\/uploads\/2021\/04\/Maison-de-la-Pierre-a\u0300-Saint-Maximin.jpg\"><img decoding=\"async\" loading=\"lazy\" width=\"1600\" height=\"1067\" data-id=\"33121\"  data-src=\"https:\/\/www.creilsudoise-tourisme.fr\/wp-content\/uploads\/2021\/04\/Maison-de-la-Pierre-a\u0300-Saint-Maximin.jpg\" alt=\"\" class=\"wp-image-33121\" data-srcset=\"https:\/\/www.creilsudoise-tourisme.fr\/wp-content\/uploads\/2021\/04\/Maison-de-la-Pierre-a\u0300-Saint-Maximin.jpg 1600w, https:\/\/www.creilsudoise-tourisme.fr\/wp-content\/uploads\/2021\/04\/Maison-de-la-Pierre-a\u0300-Saint-Maximin-600x400.jpg 600w, https:\/\/www.creilsudoise-tourisme.fr\/wp-content\/uploads\/2021\/04\/Maison-de-la-Pierre-a\u0300-Saint-Maximin-1200x800.jpg 1200w, https:\/\/www.creilsudoise-tourisme.fr\/wp-content\/uploads\/2021\/04\/Maison-de-la-Pierre-a\u0300-Saint-Maximin-900x600.jpg 900w, https:\/\/www.creilsudoise-tourisme.fr\/wp-content\/uploads\/2021\/04\/Maison-de-la-Pierre-a\u0300-Saint-Maximin-1536x1024.jpg 1536w, https:\/\/www.creilsudoise-tourisme.fr\/wp-content\/uploads\/2021\/04\/Maison-de-la-Pierre-a\u0300-Saint-Maximin-200x133.jpg 200w, https:\/\/www.creilsudoise-tourisme.fr\/wp-content\/uploads\/2021\/04\/Maison-de-la-Pierre-a\u0300-Saint-Maximin-650x433.jpg 650w, https:\/\/www.creilsudoise-tourisme.fr\/wp-content\/uploads\/2021\/04\/Maison-de-la-Pierre-a\u0300-Saint-Maximin-387x258.jpg 387w, https:\/\/www.creilsudoise-tourisme.fr\/wp-content\/uploads\/2021\/04\/Maison-de-la-Pierre-a\u0300-Saint-Maximin-275x183.jpg 275w\" sizes=\"(max-width: 1600px) 100vw, 1600px\" \/><\/a><\/figure>\n\n\n\n<figure class=\"wp-block-image size-full\"><a href=\"https:\/\/www.creilsudoise-tourisme.fr\/wp-content\/uploads\/2021\/04\/Visite-de-la-Galerie-du-Front-de-Taille-a\u0300-la-Maison-de-la-Pierre-a\u0300-Saint-Maximin.jpg\"><img decoding=\"async\" loading=\"lazy\" width=\"1600\" height=\"1067\" data-id=\"33122\"  data-src=\"https:\/\/www.creilsudoise-tourisme.fr\/wp-content\/uploads\/2021\/04\/Visite-de-la-Galerie-du-Front-de-Taille-a\u0300-la-Maison-de-la-Pierre-a\u0300-Saint-Maximin.jpg\" alt=\"\" class=\"wp-image-33122\" data-srcset=\"https:\/\/www.creilsudoise-tourisme.fr\/wp-content\/uploads\/2021\/04\/Visite-de-la-Galerie-du-Front-de-Taille-a\u0300-la-Maison-de-la-Pierre-a\u0300-Saint-Maximin.jpg 1600w, https:\/\/www.creilsudoise-tourisme.fr\/wp-content\/uploads\/2021\/04\/Visite-de-la-Galerie-du-Front-de-Taille-a\u0300-la-Maison-de-la-Pierre-a\u0300-Saint-Maximin-600x400.jpg 600w, https:\/\/www.creilsudoise-tourisme.fr\/wp-content\/uploads\/2021\/04\/Visite-de-la-Galerie-du-Front-de-Taille-a\u0300-la-Maison-de-la-Pierre-a\u0300-Saint-Maximin-1200x800.jpg 1200w, https:\/\/www.creilsudoise-tourisme.fr\/wp-content\/uploads\/2021\/04\/Visite-de-la-Galerie-du-Front-de-Taille-a\u0300-la-Maison-de-la-Pierre-a\u0300-Saint-Maximin-900x600.jpg 900w, https:\/\/www.creilsudoise-tourisme.fr\/wp-content\/uploads\/2021\/04\/Visite-de-la-Galerie-du-Front-de-Taille-a\u0300-la-Maison-de-la-Pierre-a\u0300-Saint-Maximin-1536x1024.jpg 1536w, https:\/\/www.creilsudoise-tourisme.fr\/wp-content\/uploads\/2021\/04\/Visite-de-la-Galerie-du-Front-de-Taille-a\u0300-la-Maison-de-la-Pierre-a\u0300-Saint-Maximin-200x133.jpg 200w, https:\/\/www.creilsudoise-tourisme.fr\/wp-content\/uploads\/2021\/04\/Visite-de-la-Galerie-du-Front-de-Taille-a\u0300-la-Maison-de-la-Pierre-a\u0300-Saint-Maximin-650x433.jpg 650w, https:\/\/www.creilsudoise-tourisme.fr\/wp-content\/uploads\/2021\/04\/Visite-de-la-Galerie-du-Front-de-Taille-a\u0300-la-Maison-de-la-Pierre-a\u0300-Saint-Maximin-387x258.jpg 387w, https:\/\/www.creilsudoise-tourisme.fr\/wp-content\/uploads\/2021\/04\/Visite-de-la-Galerie-du-Front-de-Taille-a\u0300-la-Maison-de-la-Pierre-a\u0300-Saint-Maximin-275x183.jpg 275w\" sizes=\"(max-width: 1600px) 100vw, 1600px\" \/><\/a><figcaption class=\"wp-element-caption\">Breid uw bezoek uit door de tijdelijke tentoonstelling van het moment te ontdekken in de Galerie du Front de Taille<br>Comdesimages B. Teissedre ADRTOise<\/figcaption><\/figure>\n<\/figure>\n\n\n\n<p>Laat de verkenning van het Maison de la Pierre du sud de l'Oise beginnen! Uw gids neemt u mee naar de ondergrondse steengroeve en vertelt u het verhaal van deze steenhouwers: hun leven 15 meter onder de grond en de technische fasen van hun zware werk.<\/p>\n\n\n\n<h2>Wist je dat? Steen, het DNA van Creil Sud Oise<\/h2>\n\n\n\n<div class=\"is-layout-flex wp-container-5 wp-block-columns\">\n<div class=\"is-layout-flow wp-block-column\" style=\"flex-basis:50%\">\n<figure class=\"wp-block-image size-large\"><img decoding=\"async\" loading=\"lazy\" width=\"1200\" height=\"798\" data-src=\"https:\/\/www.creilsudoise-tourisme.fr\/wp-content\/uploads\/2021\/04\/Visitez-la-Maison-de-la-Pierre-a\u0300-Saint-Maximin-1200x798.jpg\" alt=\"\" class=\"wp-image-33125\" data-srcset=\"https:\/\/www.creilsudoise-tourisme.fr\/wp-content\/uploads\/2021\/04\/Visitez-la-Maison-de-la-Pierre-a\u0300-Saint-Maximin-1200x798.jpg 1200w, https:\/\/www.creilsudoise-tourisme.fr\/wp-content\/uploads\/2021\/04\/Visitez-la-Maison-de-la-Pierre-a\u0300-Saint-Maximin-600x399.jpg 600w, https:\/\/www.creilsudoise-tourisme.fr\/wp-content\/uploads\/2021\/04\/Visitez-la-Maison-de-la-Pierre-a\u0300-Saint-Maximin-900x599.jpg 900w, https:\/\/www.creilsudoise-tourisme.fr\/wp-content\/uploads\/2021\/04\/Visitez-la-Maison-de-la-Pierre-a\u0300-Saint-Maximin-1536x1021.jpg 1536w, https:\/\/www.creilsudoise-tourisme.fr\/wp-content\/uploads\/2021\/04\/Visitez-la-Maison-de-la-Pierre-a\u0300-Saint-Maximin-200x133.jpg 200w, https:\/\/www.creilsudoise-tourisme.fr\/wp-content\/uploads\/2021\/04\/Visitez-la-Maison-de-la-Pierre-a\u0300-Saint-Maximin-650x432.jpg 650w, https:\/\/www.creilsudoise-tourisme.fr\/wp-content\/uploads\/2021\/04\/Visitez-la-Maison-de-la-Pierre-a\u0300-Saint-Maximin-387x257.jpg 387w, https:\/\/www.creilsudoise-tourisme.fr\/wp-content\/uploads\/2021\/04\/Visitez-la-Maison-de-la-Pierre-a\u0300-Saint-Maximin-275x183.jpg 275w, https:\/\/www.creilsudoise-tourisme.fr\/wp-content\/uploads\/2021\/04\/Visitez-la-Maison-de-la-Pierre-a\u0300-Saint-Maximin.jpg 1600w\" sizes=\"(max-width: 1200px) 100vw, 1200px\" \/><figcaption class=\"wp-element-caption\">Breid uw bezoek uit door de tijdelijke tentoonstelling van het moment te ontdekken in de Galerie du Front de Taille<br>Comdesimages B. Teissedre ADRTOise<\/figcaption><\/figure>\n<\/div>\n\n\n\n<div class=\"is-layout-flow wp-block-column is-vertically-aligned-center\" style=\"flex-basis:50%\">\n<p>Wist je dat alle<strong> Het bekken van Creillois zit vol met steengroeven<\/strong> ? Meer dan honderd ondergrondse, openlucht, voormalige steengroeves en troglodische sites werden reeds ge\u00efnventariseerd!<\/p>\n<\/div>\n<\/div>\n\n\n\n<h3>Inwijdingen in steenhouwen en glas-in-loodkunst<\/h3>\n\n\n\n<p>Het team van Maison de la Pierre biedt <strong>inwijdingen<\/strong> <strong>steenhouwen&nbsp; <\/strong>(1,5 uur onder leiding van een gids van het Maison de la Pierre of meerdere uren onder leiding van een professionele beeldhouwer) en de kunst van het glas in lood (onder leiding van een professionele meester-glasblazer). De deelnemers leren eerst het gereedschap te gebruiken (schaar, hamer, enz.) en cre\u00ebren vervolgens hun eigen kunstwerk, dat ze mee naar huis nemen!<\/p>\n\n\n\n<p>Gereedschap wordt uitgeleend en gedesinfecteerd tussen gebruikers.<\/p>\n\n\n\n<figure class=\"is-layout-flex wp-block-gallery-6 wp-block-gallery alignwide has-nested-images columns-default is-cropped\">\n<figure class=\"wp-block-image size-full\"><a href=\"https:\/\/www.creilsudoise-tourisme.fr\/wp-content\/uploads\/2021\/04\/Un-stage-de-sculpture-sur-pierre-a\u0300-la-Maison-de-la-Pierre-a\u0300-Saint-Maximin.jpg\"><img decoding=\"async\" loading=\"lazy\" width=\"1600\" height=\"900\" data-id=\"33127\"  data-src=\"https:\/\/www.creilsudoise-tourisme.fr\/wp-content\/uploads\/2021\/04\/Un-stage-de-sculpture-sur-pierre-a\u0300-la-Maison-de-la-Pierre-a\u0300-Saint-Maximin.jpg\" alt=\"\" class=\"wp-image-33127\" data-srcset=\"https:\/\/www.creilsudoise-tourisme.fr\/wp-content\/uploads\/2021\/04\/Un-stage-de-sculpture-sur-pierre-a\u0300-la-Maison-de-la-Pierre-a\u0300-Saint-Maximin.jpg 1600w, https:\/\/www.creilsudoise-tourisme.fr\/wp-content\/uploads\/2021\/04\/Un-stage-de-sculpture-sur-pierre-a\u0300-la-Maison-de-la-Pierre-a\u0300-Saint-Maximin-600x338.jpg 600w, https:\/\/www.creilsudoise-tourisme.fr\/wp-content\/uploads\/2021\/04\/Un-stage-de-sculpture-sur-pierre-a\u0300-la-Maison-de-la-Pierre-a\u0300-Saint-Maximin-1200x675.jpg 1200w, https:\/\/www.creilsudoise-tourisme.fr\/wp-content\/uploads\/2021\/04\/Un-stage-de-sculpture-sur-pierre-a\u0300-la-Maison-de-la-Pierre-a\u0300-Saint-Maximin-900x506.jpg 900w, https:\/\/www.creilsudoise-tourisme.fr\/wp-content\/uploads\/2021\/04\/Un-stage-de-sculpture-sur-pierre-a\u0300-la-Maison-de-la-Pierre-a\u0300-Saint-Maximin-1536x864.jpg 1536w, https:\/\/www.creilsudoise-tourisme.fr\/wp-content\/uploads\/2021\/04\/Un-stage-de-sculpture-sur-pierre-a\u0300-la-Maison-de-la-Pierre-a\u0300-Saint-Maximin-200x113.jpg 200w, https:\/\/www.creilsudoise-tourisme.fr\/wp-content\/uploads\/2021\/04\/Un-stage-de-sculpture-sur-pierre-a\u0300-la-Maison-de-la-Pierre-a\u0300-Saint-Maximin-650x366.jpg 650w, https:\/\/www.creilsudoise-tourisme.fr\/wp-content\/uploads\/2021\/04\/Un-stage-de-sculpture-sur-pierre-a\u0300-la-Maison-de-la-Pierre-a\u0300-Saint-Maximin-387x218.jpg 387w, https:\/\/www.creilsudoise-tourisme.fr\/wp-content\/uploads\/2021\/04\/Un-stage-de-sculpture-sur-pierre-a\u0300-la-Maison-de-la-Pierre-a\u0300-Saint-Maximin-275x155.jpg 275w\" sizes=\"(max-width: 1600px) 100vw, 1600px\" \/><\/a><figcaption class=\"wp-element-caption\">Ontdek het plezier van steenhouwen tijdens een cursus in het Maison de la Pierre!<br>Creil Sud Oise Toerisme<\/figcaption><\/figure>\n\n\n\n<figure class=\"wp-block-image size-full\"><a href=\"https:\/\/www.creilsudoise-tourisme.fr\/wp-content\/uploads\/2021\/04\/Un-stage-de-vitrail-a\u0300-la-Maison-de-la-Pierre-a\u0300-Saint-Maximin.jpg.jpg\"><img decoding=\"async\" loading=\"lazy\" width=\"1600\" height=\"900\" data-id=\"33128\"  data-src=\"https:\/\/www.creilsudoise-tourisme.fr\/wp-content\/uploads\/2021\/04\/Un-stage-de-vitrail-a\u0300-la-Maison-de-la-Pierre-a\u0300-Saint-Maximin.jpg.jpg\" alt=\"\" class=\"wp-image-33128\" data-srcset=\"https:\/\/www.creilsudoise-tourisme.fr\/wp-content\/uploads\/2021\/04\/Un-stage-de-vitrail-a\u0300-la-Maison-de-la-Pierre-a\u0300-Saint-Maximin.jpg.jpg 1600w, https:\/\/www.creilsudoise-tourisme.fr\/wp-content\/uploads\/2021\/04\/Un-stage-de-vitrail-a\u0300-la-Maison-de-la-Pierre-a\u0300-Saint-Maximin.jpg-600x338.jpg 600w, https:\/\/www.creilsudoise-tourisme.fr\/wp-content\/uploads\/2021\/04\/Un-stage-de-vitrail-a\u0300-la-Maison-de-la-Pierre-a\u0300-Saint-Maximin.jpg-1200x675.jpg 1200w, https:\/\/www.creilsudoise-tourisme.fr\/wp-content\/uploads\/2021\/04\/Un-stage-de-vitrail-a\u0300-la-Maison-de-la-Pierre-a\u0300-Saint-Maximin.jpg-900x506.jpg 900w, https:\/\/www.creilsudoise-tourisme.fr\/wp-content\/uploads\/2021\/04\/Un-stage-de-vitrail-a\u0300-la-Maison-de-la-Pierre-a\u0300-Saint-Maximin.jpg-1536x864.jpg 1536w, https:\/\/www.creilsudoise-tourisme.fr\/wp-content\/uploads\/2021\/04\/Un-stage-de-vitrail-a\u0300-la-Maison-de-la-Pierre-a\u0300-Saint-Maximin.jpg-200x113.jpg 200w, https:\/\/www.creilsudoise-tourisme.fr\/wp-content\/uploads\/2021\/04\/Un-stage-de-vitrail-a\u0300-la-Maison-de-la-Pierre-a\u0300-Saint-Maximin.jpg-650x366.jpg 650w, https:\/\/www.creilsudoise-tourisme.fr\/wp-content\/uploads\/2021\/04\/Un-stage-de-vitrail-a\u0300-la-Maison-de-la-Pierre-a\u0300-Saint-Maximin.jpg-387x218.jpg 387w, https:\/\/www.creilsudoise-tourisme.fr\/wp-content\/uploads\/2021\/04\/Un-stage-de-vitrail-a\u0300-la-Maison-de-la-Pierre-a\u0300-Saint-Maximin.jpg-275x155.jpg 275w\" sizes=\"(max-width: 1600px) 100vw, 1600px\" \/><\/a><figcaption class=\"wp-element-caption\">Leer, onder begeleiding van een professionele meester-glasblazer, glas-in-loodramen maken<br>Creil Sud Oise Toerisme<\/figcaption><\/figure>\n<\/figure>\n\n\n\n<h2>Een souvenirwinkel<\/h2>\n\n\n\n<div class=\"is-layout-flex wp-container-10 wp-block-columns\">\n<div class=\"is-layout-flow wp-block-column\" style=\"flex-basis:50%\">\n<p>Voor degenen die de ervaring willen voortzetten, bezoek de <strong>winkel van het Maison de la Pierre<\/strong> Er is een carving kit beschikbaar waarmee elke beginneling zijn eigen carving kan maken en vele originele souvenirs (boeken, sieraden gemaakt met mineralen, fossielen...).<\/p>\n<\/div>\n\n\n\n<div class=\"is-layout-flow wp-block-column\" style=\"flex-basis:50%\">\n<figure class=\"wp-block-image size-large\"><img decoding=\"async\" loading=\"lazy\" width=\"1200\" height=\"675\" data-src=\"https:\/\/www.creilsudoise-tourisme.fr\/wp-content\/uploads\/2021\/04\/Boutique-a\u0300-la-Maison-de-la-Pierre-a\u0300-Saint-Maximin-1200x675.jpg\" alt=\"\" class=\"wp-image-33129\" data-srcset=\"https:\/\/www.creilsudoise-tourisme.fr\/wp-content\/uploads\/2021\/04\/Boutique-a\u0300-la-Maison-de-la-Pierre-a\u0300-Saint-Maximin-1200x675.jpg 1200w, https:\/\/www.creilsudoise-tourisme.fr\/wp-content\/uploads\/2021\/04\/Boutique-a\u0300-la-Maison-de-la-Pierre-a\u0300-Saint-Maximin-600x338.jpg 600w, https:\/\/www.creilsudoise-tourisme.fr\/wp-content\/uploads\/2021\/04\/Boutique-a\u0300-la-Maison-de-la-Pierre-a\u0300-Saint-Maximin-900x506.jpg 900w, https:\/\/www.creilsudoise-tourisme.fr\/wp-content\/uploads\/2021\/04\/Boutique-a\u0300-la-Maison-de-la-Pierre-a\u0300-Saint-Maximin-1536x864.jpg 1536w, https:\/\/www.creilsudoise-tourisme.fr\/wp-content\/uploads\/2021\/04\/Boutique-a\u0300-la-Maison-de-la-Pierre-a\u0300-Saint-Maximin-200x113.jpg 200w, https:\/\/www.creilsudoise-tourisme.fr\/wp-content\/uploads\/2021\/04\/Boutique-a\u0300-la-Maison-de-la-Pierre-a\u0300-Saint-Maximin-650x366.jpg 650w, https:\/\/www.creilsudoise-tourisme.fr\/wp-content\/uploads\/2021\/04\/Boutique-a\u0300-la-Maison-de-la-Pierre-a\u0300-Saint-Maximin-387x218.jpg 387w, https:\/\/www.creilsudoise-tourisme.fr\/wp-content\/uploads\/2021\/04\/Boutique-a\u0300-la-Maison-de-la-Pierre-a\u0300-Saint-Maximin-275x155.jpg 275w, https:\/\/www.creilsudoise-tourisme.fr\/wp-content\/uploads\/2021\/04\/Boutique-a\u0300-la-Maison-de-la-Pierre-a\u0300-Saint-Maximin.jpg 1600w\" sizes=\"(max-width: 1200px) 100vw, 1200px\" \/><figcaption class=\"wp-element-caption\">U kunt winkelen in de winkel van Maison de la Pierre<br>Creil Sud Oise Toerisme<\/figcaption><\/figure>\n<\/div>\n<\/div>\n\n\n\n<h2>Maak uw dag compleet<\/h2>\n\n\n\n<p>Om uw dag compleet te maken, bekijk onze <a href=\"https:\/\/www.creilsudoise-tourisme.fr\/nl\/en-groupe-seminaires\/brochure-groupes\/\" target=\"_blank\" rel=\"noreferrer noopener\">groepsbrochure<\/a> !&nbsp;<\/p>\n\n\n\n<p>Je ontdekt graag de <strong>Frans erfgoed <\/strong>? Zet de dag voort met een bezoek aan<strong> Abdij van Royaumont in Asni\u00e8res-sur-Oise<\/strong> (Zie p. 8 Voor liefhebbers van oude stenen). U kunt ook genieten van het Maison de la Pierre tijdens een <strong>2 dagen en 1 nacht verblijf <\/strong>in een hotel van de Bestemming Creil Sud Oise, zie p. 22 en 23 Twee dagen om Creil Sud Oise te ontdekken evenals p. 24 en 25 De must-sees van Zuid-Oise.<\/p>\n\n\n\n<h2>Neem contact met ons op!<\/h2>\n\n\n\n<div class=\"is-layout-flex wp-container-14 wp-block-columns are-vertically-aligned-center\">\n<div class=\"is-layout-flow wp-block-column is-vertically-aligned-center\" style=\"flex-basis:50%\"><div class=\"wp-block-image\">\n<figure class=\"alignleft size-large\"><img decoding=\"async\" loading=\"lazy\" width=\"1200\" height=\"1200\" data-src=\"https:\/\/www.creilsudoise-tourisme.fr\/wp-content\/uploads\/2025\/05\/Brigitte-P-1200x1200.jpg\" alt=\"\" class=\"wp-image-62291\" data-srcset=\"https:\/\/www.creilsudoise-tourisme.fr\/wp-content\/uploads\/2025\/05\/Brigitte-P-1200x1200.jpg 1200w, https:\/\/www.creilsudoise-tourisme.fr\/wp-content\/uploads\/2025\/05\/Brigitte-P-600x600.jpg 600w, https:\/\/www.creilsudoise-tourisme.fr\/wp-content\/uploads\/2025\/05\/Brigitte-P-300x300.jpg 300w, https:\/\/www.creilsudoise-tourisme.fr\/wp-content\/uploads\/2025\/05\/Brigitte-P-900x900.jpg 900w, https:\/\/www.creilsudoise-tourisme.fr\/wp-content\/uploads\/2025\/05\/Brigitte-P-1536x1536.jpg 1536w, https:\/\/www.creilsudoise-tourisme.fr\/wp-content\/uploads\/2025\/05\/Brigitte-P-12x12.jpg 12w, https:\/\/www.creilsudoise-tourisme.fr\/wp-content\/uploads\/2025\/05\/Brigitte-P-200x200.jpg 200w, https:\/\/www.creilsudoise-tourisme.fr\/wp-content\/uploads\/2025\/05\/Brigitte-P-650x650.jpg 650w, https:\/\/www.creilsudoise-tourisme.fr\/wp-content\/uploads\/2025\/05\/Brigitte-P-387x387.jpg 387w, https:\/\/www.creilsudoise-tourisme.fr\/wp-content\/uploads\/2025\/05\/Brigitte-P.jpg 1920w\" sizes=\"(max-width: 1200px) 100vw, 1200px\" \/><figcaption class=\"wp-element-caption\">Brigitte Pawly<\/figcaption><\/figure><\/div><\/div>\n\n\n\n<div class=\"is-layout-flow wp-block-column is-vertically-aligned-center\" style=\"flex-basis:50%\"><div class=\"wp-block wp-block-highlight\">\n                <p class=\"wp-block-highlight-item wp-block-highlight-excerpt\"><strong>Brigitte Pawly, <\/strong>schepper van groepsverblijven op maat<br><a href=\"tel:0375190175\">03 75 19 01 75<\/a><br><\/p>\n    <\/div>\n\n\n<div class=\"is-layout-flex wp-block-buttons\">\n<div class=\"wp-block-button\"><a class=\"wp-block-button__link wp-element-button\" href=\"mailto:&#103;r&#111;&#117;&#112;&#101;&#115;&#64;c&#114;ei&#108;sudo&#105;&#115;e&#45;&#116;o&#117;ris&#109;&#101;&#46;f&#114;\" target=\"_blank\" rel=\"noreferrer noopener\">Neem contact op met<\/a><\/div>\n<\/div>\n<\/div>\n<\/div>\n\n\n\n<p>Aarzel niet om contact op te nemen met <strong>Brigitte<\/strong>,<strong> expert op het gebied<\/strong>die je het goede zal brengen <strong>advies <\/strong>volgens uw wensen en uw budget voor een <strong>volledig aangepast programma<\/strong>. A <strong>\u00e9\u00e9n aanspreekpunt<\/strong> voor een all-inclusive aanbieding.<\/p>\n\n\n\n<hr class=\"wp-block-separator has-css-opacity\"\/>\n\n\n\n<h2>Getuigenis<\/h2>\n\n\n\n<div class=\"wp-block wp-block-testimonial\">\n    <div class=\"wp-block-testimonial-excerpt\">\n        Het Maison de la Pierre in Saint-Maximin was een geweldige ontdekking, het was me van harte aanbevolen! Onze gids beheerste haar onderwerp perfect en was zeer attent met ons, we hadden recht op een deken om het niet koud te hebben!    <\/div>\n    <div class=\"wp-block-testimonial-details\">\n                <div class=\"wp-block-testimonial-content\">\n            <p class=\"wp-block-testimonial-content-author\">\n                <strong>Mevrouw Lupins<\/strong>\n\n                                <span class=\"wp-block-testimonial-content-job\"> - Ondernemingsraad in de Val d'Oise<\/span>\n                            <\/p>\n        <\/div>\n    <\/div>\n<\/div>\n\n\n<h2>Een erkende kwaliteit van onthaal<\/h2>\n\n\n\n<p>Het Maison de la Pierre heeft de <strong>Kwaliteit van het toerisme<\/strong> voor zijn betrokkenheid bij de bezoekers, zijn diensten en zijn kwaliteitsontvangst.<\/p>\n\n\n\n<p>Het Stenen Huis staat op de lijst <strong>Toerisme &amp; Handicap voor motorische, auditieve en mentale handicaps<\/strong>. De gidsen zijn opgeleid om mensen met een handicap te ontvangen en de route is aangepast.<\/p>\n\n\n\n<div class=\"is-layout-flex wp-container-19 wp-block-columns\">\n<div class=\"is-layout-flow wp-block-column\" style=\"flex-basis:100%\">\n<div class=\"is-layout-flex wp-container-17 wp-block-columns\">\n<div class=\"is-layout-flow wp-block-column\"><div class=\"wp-block-image\">\n<figure class=\"alignright size-large is-resized\"><img decoding=\"async\" loading=\"lazy\" data-src=\"https:\/\/www.creilsudoise-tourisme.fr\/wp-content\/uploads\/2021\/04\/Logo_qualite\u0301-tourisme-1.jpg\" alt=\"\" class=\"wp-image-33137\" width=\"198\" height=\"180\" data-srcset=\"https:\/\/www.creilsudoise-tourisme.fr\/wp-content\/uploads\/2021\/04\/Logo_qualite\u0301-tourisme-1.jpg 791w, https:\/\/www.creilsudoise-tourisme.fr\/wp-content\/uploads\/2021\/04\/Logo_qualite\u0301-tourisme-1-600x545.jpg 600w, https:\/\/www.creilsudoise-tourisme.fr\/wp-content\/uploads\/2021\/04\/Logo_qualite\u0301-tourisme-1-200x182.jpg 200w, https:\/\/www.creilsudoise-tourisme.fr\/wp-content\/uploads\/2021\/04\/Logo_qualite\u0301-tourisme-1-650x591.jpg 650w, https:\/\/www.creilsudoise-tourisme.fr\/wp-content\/uploads\/2021\/04\/Logo_qualite\u0301-tourisme-1-387x352.jpg 387w, https:\/\/www.creilsudoise-tourisme.fr\/wp-content\/uploads\/2021\/04\/Logo_qualite\u0301-tourisme-1-275x250.jpg 275w\" sizes=\"(max-width: 198px) 100vw, 198px\" \/><\/figure><\/div><\/div>\n\n\n\n<div class=\"is-layout-flow wp-block-column\">\n<figure class=\"wp-block-image size-large is-resized\"><img decoding=\"async\" loading=\"lazy\" data-src=\"https:\/\/www.creilsudoise-tourisme.fr\/wp-content\/uploads\/2021\/04\/Logo_Tourisme_Handicap_mental_moteur_auditif-bleu-1.jpg\" alt=\"\" class=\"wp-image-33139\" width=\"219\" height=\"155\" data-srcset=\"https:\/\/www.creilsudoise-tourisme.fr\/wp-content\/uploads\/2021\/04\/Logo_Tourisme_Handicap_mental_moteur_auditif-bleu-1.jpg 876w, https:\/\/www.creilsudoise-tourisme.fr\/wp-content\/uploads\/2021\/04\/Logo_Tourisme_Handicap_mental_moteur_auditif-bleu-1-600x424.jpg 600w, https:\/\/www.creilsudoise-tourisme.fr\/wp-content\/uploads\/2021\/04\/Logo_Tourisme_Handicap_mental_moteur_auditif-bleu-1-200x141.jpg 200w, https:\/\/www.creilsudoise-tourisme.fr\/wp-content\/uploads\/2021\/04\/Logo_Tourisme_Handicap_mental_moteur_auditif-bleu-1-650x459.jpg 650w, https:\/\/www.creilsudoise-tourisme.fr\/wp-content\/uploads\/2021\/04\/Logo_Tourisme_Handicap_mental_moteur_auditif-bleu-1-387x273.jpg 387w, https:\/\/www.creilsudoise-tourisme.fr\/wp-content\/uploads\/2021\/04\/Logo_Tourisme_Handicap_mental_moteur_auditif-bleu-1-275x194.jpg 275w\" sizes=\"(max-width: 219px) 100vw, 219px\" \/><\/figure>\n<\/div>\n<\/div>\n<\/div>\n<\/div>\n\n\n\n<h2>Goed om te weten.<\/h2>\n\n\n\n<p>Een tip: zomer en winter, <strong>kleed je warm aan<\/strong>De ondergrondse groeve heeft een constante omgevingstemperatuur van 11\u00b0C!&nbsp;<\/p>\n\n\n\n<p><strong>Trek dichte schoenen aan<\/strong> Ook al is de vloer vlak, het blijft vuil en kleine stukjes kalksteen kunnen je hinderen!<\/p>","protected":false},"excerpt":{"rendered":"<p>Vlakbij Chantilly en Senlis ligt het Maison de la Pierre, een ondergronds museum in een voormalige steengroeve! Het is een van de weinige plaatsen waar je meer te weten kunt komen over het leven van steengroevearbeiders in Noord-Frankrijk, en het is een eerbetoon aan het DNA van de Bestemming Creil Sud Oise: [...]<\/p>","protected":false},"author":1,"featured_media":32347,"parent":102,"menu_order":1,"comment_status":"closed","ping_status":"closed","template":"","meta":{"_relevanssi_hide_post":"","_relevanssi_hide_content":"","_relevanssi_pin_for_all":"","_relevanssi_pin_keywords":"","_relevanssi_unpin_keywords":"","_relevanssi_related_keywords":"","_relevanssi_related_include_ids":"","_relevanssi_related_exclude_ids":"","_relevanssi_related_no_append":"","_relevanssi_related_not_related":"","_relevanssi_related_posts":"275,267,273,271","_relevanssi_noindex_reason":""},"yoast_head":"<!-- This site is optimized with the Yoast SEO plugin v20.2.1 - https:\/\/yoast.com\/wordpress\/plugins\/seo\/ -->\n<title>La Maison de la Pierre, un mus\u00e9e dans une carri\u00e8re souterraine - Office de Tourisme Creil Sud Oise<\/title>\n<meta name=\"description\" content=\"La Maison de la Pierre organise pour les groupes des visites guid\u00e9es et th\u00e9matiques de la carri\u00e8re souterraine et des initiations \u00e0 la sculpture sur pierre ou vitrail\" \/>\n<meta name=\"robots\" content=\"index, follow, max-snippet:-1, max-image-preview:large, max-video-preview:-1\" \/>\n<link rel=\"canonical\" href=\"https:\/\/www.creilsudoise-tourisme.fr\/nl\/explore-groepen\/must-haves-groepen\/maison-de-la-pierre-2\/\" \/>\n<meta property=\"og:locale\" content=\"nl_NL\" \/>\n<meta property=\"og:type\" content=\"article\" \/>\n<meta property=\"og:title\" content=\"La Maison de la Pierre, un mus\u00e9e dans une carri\u00e8re souterraine - Office de Tourisme Creil Sud Oise\" \/>\n<meta property=\"og:description\" content=\"La Maison de la Pierre organise pour les groupes des visites guid\u00e9es et th\u00e9matiques de la carri\u00e8re souterraine et des initiations \u00e0 la sculpture sur pierre ou vitrail\" \/>\n<meta property=\"og:url\" content=\"https:\/\/www.creilsudoise-tourisme.fr\/nl\/explore-groepen\/must-haves-groepen\/maison-de-la-pierre-2\/\" \/>\n<meta property=\"og:site_name\" content=\"Office de Tourisme Creil Sud Oise\" \/>\n<meta property=\"article:publisher\" content=\"https:\/\/www.facebook.com\/creilsudoisetourisme\/\" \/>\n<meta property=\"article:modified_time\" content=\"2025-05-16T08:57:40+00:00\" \/>\n<meta property=\"og:image\" content=\"https:\/\/www.creilsudoise-tourisme.fr\/wp-content\/uploads\/2021\/03\/Visite-a\u0300-la-Maison-de-la-Pierre-a\u0300-Saint-Maximin.jpg\" \/>\n\t<meta property=\"og:image:width\" content=\"1600\" \/>\n\t<meta property=\"og:image:height\" content=\"1064\" \/>\n\t<meta property=\"og:image:type\" content=\"image\/jpeg\" \/>\n<meta name=\"twitter:card\" content=\"summary_large_image\" \/>\n<meta name=\"twitter:site\" content=\"@CreilSudOiseOT\" \/>\n<meta name=\"twitter:label1\" content=\"Geschatte leestijd\" \/>\n\t<meta name=\"twitter:data1\" content=\"6 minuten\" \/>\n<script type=\"application\/ld+json\" class=\"yoast-schema-graph\">{\"@context\":\"https:\/\/schema.org\",\"@graph\":[{\"@type\":\"WebPage\",\"@id\":\"https:\/\/www.creilsudoise-tourisme.fr\/explorez-groupes\/incontournables-groupes\/maison-de-la-pierre\/\",\"url\":\"https:\/\/www.creilsudoise-tourisme.fr\/explorez-groupes\/incontournables-groupes\/maison-de-la-pierre\/\",\"name\":\"La Maison de la Pierre, un mus\u00e9e dans une carri\u00e8re souterraine - Office de Tourisme Creil Sud Oise\",\"isPartOf\":{\"@id\":\"https:\/\/www.creilsudoise-tourisme.fr\/#website\"},\"datePublished\":\"2021-02-17T09:02:06+00:00\",\"dateModified\":\"2025-05-16T08:57:40+00:00\",\"description\":\"La Maison de la Pierre organise pour les groupes des visites guid\u00e9es et th\u00e9matiques de la carri\u00e8re souterraine et des initiations \u00e0 la sculpture sur pierre ou vitrail\",\"breadcrumb\":{\"@id\":\"https:\/\/www.creilsudoise-tourisme.fr\/explorez-groupes\/incontournables-groupes\/maison-de-la-pierre\/#breadcrumb\"},\"inLanguage\":\"nl\",\"potentialAction\":[{\"@type\":\"ReadAction\",\"target\":[\"https:\/\/www.creilsudoise-tourisme.fr\/explorez-groupes\/incontournables-groupes\/maison-de-la-pierre\/\"]}]},{\"@type\":\"BreadcrumbList\",\"@id\":\"https:\/\/www.creilsudoise-tourisme.fr\/explorez-groupes\/incontournables-groupes\/maison-de-la-pierre\/#breadcrumb\",\"itemListElement\":[{\"@type\":\"ListItem\",\"position\":1,\"name\":\"Accueil\",\"item\":\"https:\/\/www.creilsudoise-tourisme.fr\/\"},{\"@type\":\"ListItem\",\"position\":2,\"name\":\"En groupe &amp; S\u00e9minaires\",\"item\":\"https:\/\/www.creilsudoise-tourisme.fr\/explorez-groupes\/\"},{\"@type\":\"ListItem\",\"position\":3,\"name\":\"Les incontournables \u00e0 explorer en groupes\",\"item\":\"https:\/\/www.creilsudoise-tourisme.fr\/explorez-groupes\/incontournables-groupes\/\"},{\"@type\":\"ListItem\",\"position\":4,\"name\":\"La Maison de la Pierre\"}]},{\"@type\":\"WebSite\",\"@id\":\"https:\/\/www.creilsudoise-tourisme.fr\/#website\",\"url\":\"https:\/\/www.creilsudoise-tourisme.fr\/\",\"name\":\"Office de Tourisme Creil Sud Oise\",\"description\":\"Creil Sud Oise Tourisme, un territoire \u00e0 explorer !\",\"publisher\":{\"@id\":\"https:\/\/www.creilsudoise-tourisme.fr\/#organization\"},\"potentialAction\":[{\"@type\":\"SearchAction\",\"target\":{\"@type\":\"EntryPoint\",\"urlTemplate\":\"https:\/\/www.creilsudoise-tourisme.fr\/?s={search_term_string}\"},\"query-input\":\"required name=search_term_string\"}],\"inLanguage\":\"nl\"},{\"@type\":\"Organization\",\"@id\":\"https:\/\/www.creilsudoise-tourisme.fr\/#organization\",\"name\":\"Creil Sud Oise Tourisme\",\"url\":\"https:\/\/www.creilsudoise-tourisme.fr\/\",\"logo\":{\"@type\":\"ImageObject\",\"inLanguage\":\"nl\",\"@id\":\"https:\/\/www.creilsudoise-tourisme.fr\/#\/schema\/logo\/image\/\",\"url\":\"https:\/\/www.creilsudoise-tourisme.fr\/wp-content\/uploads\/2021\/05\/logo-svg.png\",\"contentUrl\":\"https:\/\/www.creilsudoise-tourisme.fr\/wp-content\/uploads\/2021\/05\/logo-svg.png\",\"width\":182,\"height\":71,\"caption\":\"Creil Sud Oise Tourisme\"},\"image\":{\"@id\":\"https:\/\/www.creilsudoise-tourisme.fr\/#\/schema\/logo\/image\/\"},\"sameAs\":[\"https:\/\/www.facebook.com\/creilsudoisetourisme\/\",\"https:\/\/twitter.com\/CreilSudOiseOT\",\"https:\/\/www.instagram.com\/creilsudoisetourisme\/\",\"https:\/\/www.youtube.com\/channel\/UC8L_QD2wwyADW14zt9fY8kw\"]}]}<\/script>\n<!-- \/ Yoast SEO plugin. -->","yoast_head_json":{"title":"La Maison de la Pierre, un mus\u00e9e dans une carri\u00e8re souterraine - Office de Tourisme Creil Sud Oise","description":"La Maison de la Pierre organise pour les groupes des visites guid\u00e9es et th\u00e9matiques de la carri\u00e8re souterraine et des initiations \u00e0 la sculpture sur pierre ou vitrail","robots":{"index":"index","follow":"follow","max-snippet":"max-snippet:-1","max-image-preview":"max-image-preview:large","max-video-preview":"max-video-preview:-1"},"canonical":"https:\/\/www.creilsudoise-tourisme.fr\/nl\/explore-groepen\/must-haves-groepen\/maison-de-la-pierre-2\/","og_locale":"nl_NL","og_type":"article","og_title":"La Maison de la Pierre, un mus\u00e9e dans une carri\u00e8re souterraine - Office de Tourisme Creil Sud Oise","og_description":"La Maison de la Pierre organise pour les groupes des visites guid\u00e9es et th\u00e9matiques de la carri\u00e8re souterraine et des initiations \u00e0 la sculpture sur pierre ou vitrail","og_url":"https:\/\/www.creilsudoise-tourisme.fr\/nl\/explore-groepen\/must-haves-groepen\/maison-de-la-pierre-2\/","og_site_name":"Office de Tourisme Creil Sud Oise","article_publisher":"https:\/\/www.facebook.com\/creilsudoisetourisme\/","article_modified_time":"2025-05-16T08:57:40+00:00","og_image":[{"width":1600,"height":1064,"url":"https:\/\/www.creilsudoise-tourisme.fr\/wp-content\/uploads\/2021\/03\/Visite-a\u0300-la-Maison-de-la-Pierre-a\u0300-Saint-Maximin.jpg","type":"image\/jpeg"}],"twitter_card":"summary_large_image","twitter_site":"@CreilSudOiseOT","twitter_misc":{"Geschatte leestijd":"6 minuten"},"schema":{"@context":"https:\/\/schema.org","@graph":[{"@type":"WebPage","@id":"https:\/\/www.creilsudoise-tourisme.fr\/explorez-groupes\/incontournables-groupes\/maison-de-la-pierre\/","url":"https:\/\/www.creilsudoise-tourisme.fr\/explorez-groupes\/incontournables-groupes\/maison-de-la-pierre\/","name":"La Maison de la Pierre, un mus\u00e9e dans une carri\u00e8re souterraine - Office de Tourisme Creil Sud Oise","isPartOf":{"@id":"https:\/\/www.creilsudoise-tourisme.fr\/#website"},"datePublished":"2021-02-17T09:02:06+00:00","dateModified":"2025-05-16T08:57:40+00:00","description":"La Maison de la Pierre organise pour les groupes des visites guid\u00e9es et th\u00e9matiques de la carri\u00e8re souterraine et des initiations \u00e0 la sculpture sur pierre ou vitrail","breadcrumb":{"@id":"https:\/\/www.creilsudoise-tourisme.fr\/explorez-groupes\/incontournables-groupes\/maison-de-la-pierre\/#breadcrumb"},"inLanguage":"nl","potentialAction":[{"@type":"ReadAction","target":["https:\/\/www.creilsudoise-tourisme.fr\/explorez-groupes\/incontournables-groupes\/maison-de-la-pierre\/"]}]},{"@type":"BreadcrumbList","@id":"https:\/\/www.creilsudoise-tourisme.fr\/explorez-groupes\/incontournables-groupes\/maison-de-la-pierre\/#breadcrumb","itemListElement":[{"@type":"ListItem","position":1,"name":"Accueil","item":"https:\/\/www.creilsudoise-tourisme.fr\/"},{"@type":"ListItem","position":2,"name":"En groupe &amp; S\u00e9minaires","item":"https:\/\/www.creilsudoise-tourisme.fr\/explorez-groupes\/"},{"@type":"ListItem","position":3,"name":"Les incontournables \u00e0 explorer en groupes","item":"https:\/\/www.creilsudoise-tourisme.fr\/explorez-groupes\/incontournables-groupes\/"},{"@type":"ListItem","position":4,"name":"La Maison de la Pierre"}]},{"@type":"WebSite","@id":"https:\/\/www.creilsudoise-tourisme.fr\/#website","url":"https:\/\/www.creilsudoise-tourisme.fr\/","name":"Office de Tourisme Creil Sud Oise","description":"Creil Sud Oise Tourisme, un territoire \u00e0 explorer !","publisher":{"@id":"https:\/\/www.creilsudoise-tourisme.fr\/#organization"},"potentialAction":[{"@type":"SearchAction","target":{"@type":"EntryPoint","urlTemplate":"https:\/\/www.creilsudoise-tourisme.fr\/?s={search_term_string}"},"query-input":"required name=search_term_string"}],"inLanguage":"nl"},{"@type":"Organization","@id":"https:\/\/www.creilsudoise-tourisme.fr\/#organization","name":"Creil Sud Oise Tourisme","url":"https:\/\/www.creilsudoise-tourisme.fr\/","logo":{"@type":"ImageObject","inLanguage":"nl","@id":"https:\/\/www.creilsudoise-tourisme.fr\/#\/schema\/logo\/image\/","url":"https:\/\/www.creilsudoise-tourisme.fr\/wp-content\/uploads\/2021\/05\/logo-svg.png","contentUrl":"https:\/\/www.creilsudoise-tourisme.fr\/wp-content\/uploads\/2021\/05\/logo-svg.png","width":182,"height":71,"caption":"Creil Sud Oise Tourisme"},"image":{"@id":"https:\/\/www.creilsudoise-tourisme.fr\/#\/schema\/logo\/image\/"},"sameAs":["https:\/\/www.facebook.com\/creilsudoisetourisme\/","https:\/\/twitter.com\/CreilSudOiseOT","https:\/\/www.instagram.com\/creilsudoisetourisme\/","https:\/\/www.youtube.com\/channel\/UC8L_QD2wwyADW14zt9fY8kw"]}]}},"_links":{"self":[{"href":"https:\/\/www.creilsudoise-tourisme.fr\/nl\/wp-json\/wp\/v2\/pages\/106"}],"collection":[{"href":"https:\/\/www.creilsudoise-tourisme.fr\/nl\/wp-json\/wp\/v2\/pages"}],"about":[{"href":"https:\/\/www.creilsudoise-tourisme.fr\/nl\/wp-json\/wp\/v2\/types\/page"}],"author":[{"embeddable":true,"href":"https:\/\/www.creilsudoise-tourisme.fr\/nl\/wp-json\/wp\/v2\/users\/1"}],"replies":[{"embeddable":true,"href":"https:\/\/www.creilsudoise-tourisme.fr\/nl\/wp-json\/wp\/v2\/comments?post=106"}],"version-history":[{"count":22,"href":"https:\/\/www.creilsudoise-tourisme.fr\/nl\/wp-json\/wp\/v2\/pages\/106\/revisions"}],"predecessor-version":[{"id":62302,"href":"https:\/\/www.creilsudoise-tourisme.fr\/nl\/wp-json\/wp\/v2\/pages\/106\/revisions\/62302"}],"up":[{"embeddable":true,"href":"https:\/\/www.creilsudoise-tourisme.fr\/nl\/wp-json\/wp\/v2\/pages\/102"}],"wp:featuredmedia":[{"embeddable":true,"href":"https:\/\/www.creilsudoise-tourisme.fr\/nl\/wp-json\/wp\/v2\/media\/32347"}],"wp:attachment":[{"href":"https:\/\/www.creilsudoise-tourisme.fr\/nl\/wp-json\/wp\/v2\/media?parent=106"}],"curies":[{"name":"wp","href":"https:\/\/api.w.org\/{rel}","templated":true}]}}