{"id":64155,"date":"2025-07-25T12:49:44","date_gmt":"2025-07-25T10:49:13","guid":{"rendered":"https:\/\/www.creilsudoise-tourisme.fr\/?page_id=64155"},"modified":"2025-07-25T15:03:36","modified_gmt":"2025-07-25T13:03:36","slug":"votre-actu","status":"publish","type":"page","link":"https:\/\/www.creilsudoise-tourisme.fr\/es\/espace-pro\/convocatoria-de-proyectos\/tu-actu\/","title":{"rendered":"Profesionales del turismo: \u00a1les ponemos en el mapa!"},"content":{"rendered":"<p class=\"is-style-excerpt\">Nosotros, en la Oficina de Turismo de Creil Sud Oise, <strong>nos encantan las agendas llenas <\/strong>Para que sus eventos, talleres, ofertas y nuevos productos no pasen desapercibidos, ay\u00fadenos a promocionarlos entre el p\u00fablico adecuado en el momento oportuno. Intentamos recopilar toda la informaci\u00f3n posible para poder promocionarte con mayor eficacia.<\/p>\n\n\n\n<div class=\"wp-block-cover alignfull\"><span aria-hidden=\"true\" class=\"wp-block-cover__background has-background-dim\"><\/span><img decoding=\"async\" loading=\"lazy\" width=\"1200\" height=\"800\" class=\"wp-block-cover__image-background wp-image-64169\" alt=\"\" data-src=\"https:\/\/www.creilsudoise-tourisme.fr\/wp-content\/uploads\/2025\/07\/Musee_Galle_Juillet-Creil-Escape_Game-Anne_Sophie_Flament_Ville_Creil-120-1200x800.jpg\" data-object-fit=\"cover\" data-srcset=\"https:\/\/www.creilsudoise-tourisme.fr\/wp-content\/uploads\/2025\/07\/Musee_Galle_Juillet-Creil-Escape_Game-Anne_Sophie_Flament_Ville_Creil-120-1200x800.jpg 1200w, https:\/\/www.creilsudoise-tourisme.fr\/wp-content\/uploads\/2025\/07\/Musee_Galle_Juillet-Creil-Escape_Game-Anne_Sophie_Flament_Ville_Creil-120-600x400.jpg 600w, https:\/\/www.creilsudoise-tourisme.fr\/wp-content\/uploads\/2025\/07\/Musee_Galle_Juillet-Creil-Escape_Game-Anne_Sophie_Flament_Ville_Creil-120-900x600.jpg 900w, https:\/\/www.creilsudoise-tourisme.fr\/wp-content\/uploads\/2025\/07\/Musee_Galle_Juillet-Creil-Escape_Game-Anne_Sophie_Flament_Ville_Creil-120-1536x1024.jpg 1536w, https:\/\/www.creilsudoise-tourisme.fr\/wp-content\/uploads\/2025\/07\/Musee_Galle_Juillet-Creil-Escape_Game-Anne_Sophie_Flament_Ville_Creil-120-18x12.jpg 18w, https:\/\/www.creilsudoise-tourisme.fr\/wp-content\/uploads\/2025\/07\/Musee_Galle_Juillet-Creil-Escape_Game-Anne_Sophie_Flament_Ville_Creil-120-200x133.jpg 200w, https:\/\/www.creilsudoise-tourisme.fr\/wp-content\/uploads\/2025\/07\/Musee_Galle_Juillet-Creil-Escape_Game-Anne_Sophie_Flament_Ville_Creil-120-650x433.jpg 650w, https:\/\/www.creilsudoise-tourisme.fr\/wp-content\/uploads\/2025\/07\/Musee_Galle_Juillet-Creil-Escape_Game-Anne_Sophie_Flament_Ville_Creil-120-387x258.jpg 387w, https:\/\/www.creilsudoise-tourisme.fr\/wp-content\/uploads\/2025\/07\/Musee_Galle_Juillet-Creil-Escape_Game-Anne_Sophie_Flament_Ville_Creil-120.jpg 1920w\" sizes=\"(max-width: 1200px) 100vw, 1200px\" \/><div class=\"wp-block-cover__inner-container\">\n<p class=\"has-text-align-center has-large-font-size\">\u00bfEst\u00e1s listo para dejar tu huella?<\/p>\n<\/div><\/div>\n\n\n\n<h2><strong>Los temas que destacamos <\/strong><\/h2>\n\n\n\n<h3><strong>Noticias locales y nacionales: \u00a1al d\u00eda!<\/strong><\/h3>\n\n\n\n<p><strong>Cada mes elegimos un tema que refleje la actualidad del momento.<\/strong> Creamos contenidos a medida... \u00a1siempre que tengamos suficientes eventos que incluir! <\/p>\n\n\n\n<p>Estos son los temas que trataremos: (sujeto a cambios en el calendario)<\/p>\n\n\n\n<ul>\n<li><strong>Febrero<\/strong> Vacaciones de invierno y San Valent\u00edn (ideas para regalos, men\u00fas especiales...)<\/li>\n\n\n\n<li><strong>Marzo<\/strong> D\u00edas europeos de manualidades, noche de lectura y d\u00eda de la abuela (ideas de regalos, salidas y visitas para hacer juntos...)<\/li>\n\n\n\n<li><strong>Abril<\/strong> Vacaciones de primavera, fiestas de Pascua, Noche del Agua, fiestas locales y 1<sup>ers<\/sup> mercadillos del a\u00f1o<\/li>\n\n\n\n<li><strong>Mayo<\/strong> Noche de los Museos y D\u00eda de la Madre (ideas de regalos, salidas y visitas para hacer juntos...)<\/li>\n\n\n\n<li><strong>Junio<\/strong> D\u00eda de la M\u00fasica, D\u00eda de la Arqueolog\u00eda, Presentaci\u00f3n de las estaciones (o en septiembre\/octubre seg\u00fan su propio calendario), D\u00eda del Padre y Fin de curso (ideas de regalos, salidas y visitas para hacer juntos, etc.).<\/li>\n\n\n\n<li><strong>Julio<\/strong> : Grandes vacaciones y \u00bfqu\u00e9 hacer cuando hace demasiado calor? <\/li>\n\n\n\n<li><strong>Agosto<\/strong> Noche de murci\u00e9lagos<\/li>\n\n\n\n<li><strong>Septiembre<\/strong> Jornadas Europeas de Patrimonio<\/li>\n\n\n\n<li><strong>Octubre<\/strong> Fiestas de Todos los Santos, festividades de Halloween, Fiesta de la Ciencia y D\u00eda de la Arquitectura<\/li>\n\n\n\n<li><strong>Diciembre<\/strong> Vacaciones de Navidad, fiestas navide\u00f1as (mercados navide\u00f1os, talleres creativos, men\u00fas especiales de Navidad, ideas de regalos locales...)<\/li>\n<\/ul>\n\n\n\n<hr class=\"wp-block-separator has-alpha-channel-opacity\"\/>\n\n\n\n<h3><strong>Noticias de los socios: hablamos de lo que ocurre en su zona<\/strong><\/h3>\n\n\n\n<h4><strong>Noticias: no olvide mantener actualizada su informaci\u00f3n, \u00a1la aprovecharemos al m\u00e1ximo!<\/strong><\/h4>\n\n\n\n<p>\u00bfUna nueva oferta tur\u00edstica? \u00bfUn nuevo plato en el men\u00fa? \u00bfUn comedor renovado? \u00bfUna etiqueta concedida (o devuelta, suele ocurrir)? <strong>H\u00e1ganoslo saber.<\/strong><\/p>\n\n\n\n<p>Actualizamos nuestra web con regularidad, pero puede que se nos escape alguna informaci\u00f3n (y s\u00ed, seguimos sin saber leer las bolas de cristal). Compruebe que todo est\u00e1 correcto en sus p\u00e1ginas:<\/p>\n\n\n\n<ul>\n<li>Haz clic en la lupa \ud83d\udd0d y escribe el nombre de tu oferta<\/li>\n\n\n\n<li>Pueden existir varias p\u00e1ginas para la misma oferta: \u00a1cons\u00faltalas todas!<\/li>\n<\/ul>\n\n\n\n<p>Y si tienes <strong>nuevas fotos<\/strong>Nosotros tambi\u00e9n. No hay nada como una imagen fresca para llamar la atenci\u00f3n.<\/p>\n\n\n\n<h4><strong>Noticias en familia: los m\u00e1s peque\u00f1os tienen su momento de gloria<\/strong><\/h4>\n\n\n\n<p>Excursiones para beb\u00e9s, b\u00fasquedas del tesoro, pel\u00edculas de peluche, paseos en cochecito... Aqu\u00ed lo tenemos todo:<\/p>\n\n\n\n<p>\ud83d\udc49 Descubre nuestra p\u00e1gina dedicada a las familias, <strong>el m\u00e1s consultado de todo el sitio<\/strong> :<br><a class=\"\" href=\"https:\/\/www.creilsudoise-tourisme.fr\/es\/en-familia\/\">https:\/\/www.creilsudoise-tourisme.fr\/en-famille\/<\/a><\/p>\n\n\n\n<p>Env\u00edenos sus ideas y les daremos una gran difusi\u00f3n.<\/p>\n\n\n\n<h4><strong>An\u00e9cdotas locales: \u00a1h\u00e1ganos sonre\u00edr, sorpr\u00e9ndanos!<\/strong><\/h4>\n\n\n\n<p>\u00bfUna historia ins\u00f3lita? \u00bfUna celebridad que se te qued\u00f3 grabada? \u00bfUn hecho hist\u00f3rico poco conocido? Cu\u00e9ntenoslo.<br>Usted proporciona las fuentes (fotos, art\u00edculos, documentos, etc.), <strong>nosotros nos encargamos del resto<\/strong> art\u00edculo, v\u00eddeo, presentaci\u00f3n de diapositivas... Y si quieres <strong>mira a la c\u00e1mara<\/strong>\u00a1a\u00fan mejor!<\/p>\n\n\n\n<hr class=\"wp-block-separator has-alpha-channel-opacity\"\/>\n\n\n\n<h3><strong>\u00bfY los eventos fuera de tema? Tambi\u00e9n los aceptamos.<\/strong><\/h3>\n\n\n\n<p><strong>\u00bfNo est\u00e1 en las cajas? No hay problema. <\/strong>Sus mercados, mercadillos, cursos, jornadas de puertas abiertas, talleres, exposiciones... Queremos saberlo todo, aunque no encaje en nuestra agenda editorial mensual. No hay noticia demasiado peque\u00f1a.<\/p>\n\n\n\n<hr class=\"wp-block-separator has-alpha-channel-opacity\"\/>\n\n\n\n<figure class=\"wp-block-image size-large\"><img decoding=\"async\" loading=\"lazy\" width=\"1200\" height=\"675\" data-src=\"https:\/\/www.creilsudoise-tourisme.fr\/wp-content\/uploads\/2025\/07\/Visite-guidee-de-la-carriere-souterraine-\u00a9-Smellinckx-Oise-Tourisme-41-1200x675.jpg\" alt=\"Visita guiada maison de la pierre oise saint maximin familia socios agenda comunicaci\u00f3n\" class=\"wp-image-64172\" data-srcset=\"https:\/\/www.creilsudoise-tourisme.fr\/wp-content\/uploads\/2025\/07\/Visite-guidee-de-la-carriere-souterraine-\u00a9-Smellinckx-Oise-Tourisme-41-1200x675.jpg 1200w, https:\/\/www.creilsudoise-tourisme.fr\/wp-content\/uploads\/2025\/07\/Visite-guidee-de-la-carriere-souterraine-\u00a9-Smellinckx-Oise-Tourisme-41-600x338.jpg 600w, https:\/\/www.creilsudoise-tourisme.fr\/wp-content\/uploads\/2025\/07\/Visite-guidee-de-la-carriere-souterraine-\u00a9-Smellinckx-Oise-Tourisme-41-900x506.jpg 900w, https:\/\/www.creilsudoise-tourisme.fr\/wp-content\/uploads\/2025\/07\/Visite-guidee-de-la-carriere-souterraine-\u00a9-Smellinckx-Oise-Tourisme-41-1536x864.jpg 1536w, https:\/\/www.creilsudoise-tourisme.fr\/wp-content\/uploads\/2025\/07\/Visite-guidee-de-la-carriere-souterraine-\u00a9-Smellinckx-Oise-Tourisme-41-18x10.jpg 18w, https:\/\/www.creilsudoise-tourisme.fr\/wp-content\/uploads\/2025\/07\/Visite-guidee-de-la-carriere-souterraine-\u00a9-Smellinckx-Oise-Tourisme-41-200x113.jpg 200w, https:\/\/www.creilsudoise-tourisme.fr\/wp-content\/uploads\/2025\/07\/Visite-guidee-de-la-carriere-souterraine-\u00a9-Smellinckx-Oise-Tourisme-41-1600x900.jpg 1600w, https:\/\/www.creilsudoise-tourisme.fr\/wp-content\/uploads\/2025\/07\/Visite-guidee-de-la-carriere-souterraine-\u00a9-Smellinckx-Oise-Tourisme-41-650x366.jpg 650w, https:\/\/www.creilsudoise-tourisme.fr\/wp-content\/uploads\/2025\/07\/Visite-guidee-de-la-carriere-souterraine-\u00a9-Smellinckx-Oise-Tourisme-41-387x218.jpg 387w, https:\/\/www.creilsudoise-tourisme.fr\/wp-content\/uploads\/2025\/07\/Visite-guidee-de-la-carriere-souterraine-\u00a9-Smellinckx-Oise-Tourisme-41.jpg 1920w\" sizes=\"(max-width: 1200px) 100vw, 1200px\" \/><figcaption class=\"wp-element-caption\">Smellincks - Oise Tourisme<\/figcaption><\/figure>\n\n\n\n<h2><strong>\u00bfC\u00f3mo se env\u00eda la informaci\u00f3n?<\/strong><\/h2>\n\n\n\n<p><strong>1. \u00bfSus eventos fechados?<\/strong><br>Rellene nuestro formulario en l\u00ednea para figurar en nuestra agenda oficial:<br>\ud83d\udc49 <a class=\"\" href=\"https:\/\/www.creilsudoise-tourisme.fr\/es\/agenda\/\">www.creilsudoise-tourisme.fr\/agenda<\/a><\/p>\n\n\n\n<div class=\"is-layout-flex wp-block-buttons\">\n<div class=\"wp-block-button\"><a class=\"wp-block-button__link wp-element-button\" href=\"http:\/\/oise.tourinsoft.com\/questionnaire-web\/2f591c16-b52e-4dfc-8106-ffe735dad39e\/eef450e0-413e-4799-b603-660b1bec7447\/add.aspx\" target=\"_blank\" rel=\"noreferrer noopener\">Formulario en l\u00ednea<\/a><\/div>\n<\/div>\n\n\n\n<p><strong>2. \u00bfSus ofertas sin fecha (nuevos productos, ideas para regalos, an\u00e9cdotas, etc.)?<\/strong><br>Escr\u00edbanos directamente a: bienvenue [at] creilsudoise-tourisme.fr<\/p>\n\n\n\n<p><strong>3. \u00bfNo recibe nuestros correos electr\u00f3nicos recordatorios?<\/strong><br>Inscr\u00edbase para recibir nuestro correo electr\u00f3nico mensual de \"socios especiales\" con los pr\u00f3ximos temas:<br>\ud83d\udc49 Escr\u00edbenos a: bienvenue [at] creilsudoise-tourisme.fr<\/p>\n\n\n\n<figure class=\"wp-block-image size-large\"><img decoding=\"async\" loading=\"lazy\" width=\"1200\" height=\"675\" data-src=\"https:\/\/www.creilsudoise-tourisme.fr\/wp-content\/uploads\/2025\/07\/CRAMOISY-Usine_Parville-Creil_Sud_Oise_Tourisme-23-1200x675.jpg\" alt=\"\" class=\"wp-image-64162\" data-srcset=\"https:\/\/www.creilsudoise-tourisme.fr\/wp-content\/uploads\/2025\/07\/CRAMOISY-Usine_Parville-Creil_Sud_Oise_Tourisme-23-1200x675.jpg 1200w, https:\/\/www.creilsudoise-tourisme.fr\/wp-content\/uploads\/2025\/07\/CRAMOISY-Usine_Parville-Creil_Sud_Oise_Tourisme-23-600x338.jpg 600w, https:\/\/www.creilsudoise-tourisme.fr\/wp-content\/uploads\/2025\/07\/CRAMOISY-Usine_Parville-Creil_Sud_Oise_Tourisme-23-900x506.jpg 900w, https:\/\/www.creilsudoise-tourisme.fr\/wp-content\/uploads\/2025\/07\/CRAMOISY-Usine_Parville-Creil_Sud_Oise_Tourisme-23-1536x864.jpg 1536w, https:\/\/www.creilsudoise-tourisme.fr\/wp-content\/uploads\/2025\/07\/CRAMOISY-Usine_Parville-Creil_Sud_Oise_Tourisme-23-18x10.jpg 18w, https:\/\/www.creilsudoise-tourisme.fr\/wp-content\/uploads\/2025\/07\/CRAMOISY-Usine_Parville-Creil_Sud_Oise_Tourisme-23-200x113.jpg 200w, https:\/\/www.creilsudoise-tourisme.fr\/wp-content\/uploads\/2025\/07\/CRAMOISY-Usine_Parville-Creil_Sud_Oise_Tourisme-23-1600x900.jpg 1600w, https:\/\/www.creilsudoise-tourisme.fr\/wp-content\/uploads\/2025\/07\/CRAMOISY-Usine_Parville-Creil_Sud_Oise_Tourisme-23-650x366.jpg 650w, https:\/\/www.creilsudoise-tourisme.fr\/wp-content\/uploads\/2025\/07\/CRAMOISY-Usine_Parville-Creil_Sud_Oise_Tourisme-23-387x218.jpg 387w, https:\/\/www.creilsudoise-tourisme.fr\/wp-content\/uploads\/2025\/07\/CRAMOISY-Usine_Parville-Creil_Sud_Oise_Tourisme-23.jpg 1920w\" sizes=\"(max-width: 1200px) 100vw, 1200px\" \/><figcaption class=\"wp-element-caption\">Creil Sud Oise Tourisme<\/figcaption><\/figure>\n\n\n\n<hr class=\"wp-block-separator has-alpha-channel-opacity\"\/>\n\n\n\n<h2><strong>\u00bfD\u00f3nde (y c\u00f3mo) distribuimos su informaci\u00f3n?<\/strong><\/h2>\n\n\n\n<h3><strong>Nuestros objetivos: \u00a1temporadas diferentes!<\/strong><\/h3>\n\n\n\n<ul>\n<li><strong>Todo el a\u00f1o<\/strong> :\n<ul>\n<li>Familias de ACSO y municipios cercanos, hasta 2 horas de viaje en coche<\/li>\n\n\n\n<li>Parejas activas o j\u00f3venes jubilados curiosos<\/li>\n<\/ul>\n<\/li>\n\n\n\n<li><strong>Verano (y a veces antes)<\/strong> :\n<ul>\n<li>Turistas en transici\u00f3n (entre dos destinos)<\/li>\n\n\n\n<li>Turistas atra\u00eddos por las ciudades vecinas (Senlis, Chantilly, Compi\u00e8gne, Pierrefonds...)<\/li>\n<\/ul>\n<\/li>\n<\/ul>\n\n\n\n<h3><strong>Nuestros canales de distribuci\u00f3n: multimedia, m\u00e1xima audiencia<\/strong><\/h3>\n\n\n\n<ul>\n<li><strong>Redes sociales<\/strong> : <a href=\"https:\/\/www.facebook.com\/creilsudoisetourisme\" target=\"_blank\" rel=\"noreferrer noopener\">Facebook <\/a>&amp; <a href=\"https:\/\/www.instagram.com\/creilsudoisetourisme\/\" target=\"_blank\" rel=\"noreferrer noopener\">Instagram<\/a><\/li>\n\n\n\n<li><strong>P\u00e1gina web<\/strong> : <a href=\"https:\/\/www.creilsudoise-tourisme.fr\/es\/agenda\/\" target=\"_blank\" rel=\"noreferrer noopener\">agenda en l\u00ednea<\/a> + <a href=\"https:\/\/www.creilsudoise-tourisme.fr\/es\/jexplore\/actus-bons-plans\/\" target=\"_blank\" rel=\"noreferrer noopener\">blog<\/a><\/li>\n\n\n\n<li><strong>Bolet\u00edn para el p\u00fablico en general<\/strong> (vacaciones escolares y Jornadas del Patrimonio)<\/li>\n\n\n\n<li><strong><strong>Agenda de papel<\/strong> distribuidos en la recepci\u00f3n de la Oficina<\/strong><\/li>\n\n\n\n<li><strong><a href=\"https:\/\/www.creilsudoise-tourisme.fr\/es\/pulse\/comunicados-de-prensa\/\" target=\"_blank\" rel=\"noreferrer noopener\">Comunicados de prensa<\/a><\/strong><\/li>\n\n\n\n<li><strong>Base de datos de turismo regional<\/strong><\/li>\n<\/ul>\n\n\n\n<p><strong>Y eso no es todo:<\/strong><br>Le animamos a <strong>retransmita nuestros contenidos<\/strong> en sus propias redes, en sus zonas de recepci\u00f3n, con sus clientes.<\/p>\n\n\n\n<p>\ud83d\udc49 Suscr\u00edbete a nuestro <strong><a href=\"https:\/\/www.creilsudoise-tourisme.fr\/es\/boletin\/\" target=\"_blank\" rel=\"noreferrer noopener\">bolet\u00edn p\u00fablico<\/a><\/strong><br>\ud83d\udc49 S\u00edguenos en <strong><a class=\"\" href=\"https:\/\/www.facebook.com\/CreilSudOiseTourisme\/\">Facebook<\/a><\/strong> y <strong><a class=\"\" href=\"https:\/\/www.instagram.com\/creilsudoisetourisme\/\">Instagram<\/a><\/strong><\/p>\n\n\n\n<figure class=\"wp-block-image size-large\"><img decoding=\"async\" loading=\"lazy\" width=\"1200\" height=\"800\" data-src=\"https:\/\/www.creilsudoise-tourisme.fr\/wp-content\/uploads\/2025\/07\/Sculpture-sur-pierre-\u00a9-Smellinckx-Oise-Tourisme-18-1200x800.jpg\" alt=\"\" class=\"wp-image-64170\" data-srcset=\"https:\/\/www.creilsudoise-tourisme.fr\/wp-content\/uploads\/2025\/07\/Sculpture-sur-pierre-\u00a9-Smellinckx-Oise-Tourisme-18-1200x800.jpg 1200w, https:\/\/www.creilsudoise-tourisme.fr\/wp-content\/uploads\/2025\/07\/Sculpture-sur-pierre-\u00a9-Smellinckx-Oise-Tourisme-18-600x400.jpg 600w, https:\/\/www.creilsudoise-tourisme.fr\/wp-content\/uploads\/2025\/07\/Sculpture-sur-pierre-\u00a9-Smellinckx-Oise-Tourisme-18-900x600.jpg 900w, https:\/\/www.creilsudoise-tourisme.fr\/wp-content\/uploads\/2025\/07\/Sculpture-sur-pierre-\u00a9-Smellinckx-Oise-Tourisme-18-1536x1024.jpg 1536w, https:\/\/www.creilsudoise-tourisme.fr\/wp-content\/uploads\/2025\/07\/Sculpture-sur-pierre-\u00a9-Smellinckx-Oise-Tourisme-18-18x12.jpg 18w, https:\/\/www.creilsudoise-tourisme.fr\/wp-content\/uploads\/2025\/07\/Sculpture-sur-pierre-\u00a9-Smellinckx-Oise-Tourisme-18-200x133.jpg 200w, https:\/\/www.creilsudoise-tourisme.fr\/wp-content\/uploads\/2025\/07\/Sculpture-sur-pierre-\u00a9-Smellinckx-Oise-Tourisme-18-650x433.jpg 650w, https:\/\/www.creilsudoise-tourisme.fr\/wp-content\/uploads\/2025\/07\/Sculpture-sur-pierre-\u00a9-Smellinckx-Oise-Tourisme-18-387x258.jpg 387w, https:\/\/www.creilsudoise-tourisme.fr\/wp-content\/uploads\/2025\/07\/Sculpture-sur-pierre-\u00a9-Smellinckx-Oise-Tourisme-18.jpg 1920w\" sizes=\"(max-width: 1200px) 100vw, 1200px\" \/><figcaption class=\"wp-element-caption\">Smellincks - Oise Tourisme<\/figcaption><\/figure>\n\n\n\n<hr class=\"wp-block-separator has-alpha-channel-opacity\"\/>\n\n\n\n<h2><strong>\u00bfNecesita ayuda? Estamos aqu\u00ed (y somos amables)<\/strong><\/h2>\n\n\n\n<p>Dos personas de contacto en funci\u00f3n de sus necesidades:<\/p>\n\n\n\n<div class=\"is-layout-flex wp-container-5 wp-block-columns\">\n<div class=\"is-layout-flow wp-block-column is-vertically-aligned-center\" style=\"flex-basis:33.33%\">\n<figure class=\"wp-block-image size-large\"><img decoding=\"async\" loading=\"lazy\" width=\"1200\" height=\"1200\" data-src=\"https:\/\/www.creilsudoise-tourisme.fr\/wp-content\/uploads\/2025\/05\/Emilie-L-1200x1200.jpg\" alt=\"\" class=\"wp-image-62287\" data-srcset=\"https:\/\/www.creilsudoise-tourisme.fr\/wp-content\/uploads\/2025\/05\/Emilie-L-1200x1200.jpg 1200w, https:\/\/www.creilsudoise-tourisme.fr\/wp-content\/uploads\/2025\/05\/Emilie-L-600x600.jpg 600w, https:\/\/www.creilsudoise-tourisme.fr\/wp-content\/uploads\/2025\/05\/Emilie-L-300x300.jpg 300w, https:\/\/www.creilsudoise-tourisme.fr\/wp-content\/uploads\/2025\/05\/Emilie-L-900x900.jpg 900w, https:\/\/www.creilsudoise-tourisme.fr\/wp-content\/uploads\/2025\/05\/Emilie-L-1536x1536.jpg 1536w, https:\/\/www.creilsudoise-tourisme.fr\/wp-content\/uploads\/2025\/05\/Emilie-L-12x12.jpg 12w, https:\/\/www.creilsudoise-tourisme.fr\/wp-content\/uploads\/2025\/05\/Emilie-L-200x200.jpg 200w, https:\/\/www.creilsudoise-tourisme.fr\/wp-content\/uploads\/2025\/05\/Emilie-L-650x650.jpg 650w, https:\/\/www.creilsudoise-tourisme.fr\/wp-content\/uploads\/2025\/05\/Emilie-L-387x387.jpg 387w, https:\/\/www.creilsudoise-tourisme.fr\/wp-content\/uploads\/2025\/05\/Emilie-L.jpg 1920w\" sizes=\"(max-width: 1200px) 100vw, 1200px\" \/><\/figure>\n<\/div>\n\n\n\n<div class=\"is-layout-flow wp-block-column\" style=\"flex-basis:66.66%\">\n<h3>Emilie Laurentie<\/h3>\n\n\n\n<p><strong>Responsable de comunicaci\u00f3n<\/strong><\/p>\n\n\n\n<p><strong>Emilie <\/strong>se encarga de <strong>redes sociales<\/strong>la creaci\u00f3n de <strong>contenidos <\/strong>(editorial, fotos y v\u00eddeos) y el <strong>Bolet\u00edn para particulares.<\/strong><\/p>\n\n\n\n<p>03 75 19 01 72<\/p>\n\n\n\n<div class=\"is-layout-flex wp-block-buttons\">\n<div class=\"wp-block-button\"><a class=\"wp-block-button__link wp-element-button\" href=\"mailto:&#102;&#114;&#101;&#100;&#101;&#114;&#105;&#113;&#117;e&#64;c&#114;e&#105;lsu&#100;o&#105;se-&#116;&#111;u&#114;isme&#46;f&#114;\" target=\"_blank\" rel=\"noreferrer noopener\">Contacto por correo<\/a><\/div>\n<\/div>\n<\/div>\n<\/div>\n\n\n\n<div class=\"is-layout-flex wp-container-9 wp-block-columns\">\n<div class=\"is-layout-flow wp-block-column is-vertically-aligned-center\" style=\"flex-basis:33.33%\">\n<figure class=\"wp-block-image size-large\"><img decoding=\"async\" loading=\"lazy\" width=\"1200\" height=\"1200\" data-src=\"https:\/\/www.creilsudoise-tourisme.fr\/wp-content\/uploads\/2025\/05\/Floriane-R-1200x1200.jpg\" alt=\"\" class=\"wp-image-62288\" data-srcset=\"https:\/\/www.creilsudoise-tourisme.fr\/wp-content\/uploads\/2025\/05\/Floriane-R-1200x1200.jpg 1200w, https:\/\/www.creilsudoise-tourisme.fr\/wp-content\/uploads\/2025\/05\/Floriane-R-600x600.jpg 600w, https:\/\/www.creilsudoise-tourisme.fr\/wp-content\/uploads\/2025\/05\/Floriane-R-300x300.jpg 300w, https:\/\/www.creilsudoise-tourisme.fr\/wp-content\/uploads\/2025\/05\/Floriane-R-900x900.jpg 900w, https:\/\/www.creilsudoise-tourisme.fr\/wp-content\/uploads\/2025\/05\/Floriane-R-1536x1536.jpg 1536w, https:\/\/www.creilsudoise-tourisme.fr\/wp-content\/uploads\/2025\/05\/Floriane-R-12x12.jpg 12w, https:\/\/www.creilsudoise-tourisme.fr\/wp-content\/uploads\/2025\/05\/Floriane-R-200x200.jpg 200w, https:\/\/www.creilsudoise-tourisme.fr\/wp-content\/uploads\/2025\/05\/Floriane-R-650x650.jpg 650w, https:\/\/www.creilsudoise-tourisme.fr\/wp-content\/uploads\/2025\/05\/Floriane-R-387x387.jpg 387w, https:\/\/www.creilsudoise-tourisme.fr\/wp-content\/uploads\/2025\/05\/Floriane-R.jpg 1920w\" sizes=\"(max-width: 1200px) 100vw, 1200px\" \/><\/figure>\n<\/div>\n\n\n\n<div class=\"is-layout-flow wp-block-column\" style=\"flex-basis:66.66%\">\n<h3>Floriane Riaudel<\/h3>\n\n\n\n<p><strong>Responsable de la animaci\u00f3n de la red de socios<\/strong><\/p>\n\n\n\n<p><strong>Floriane <\/strong>se encarga de la gesti\u00f3n de la<strong> Sistema de Informaci\u00f3n Comercial (SIG)<\/strong>una base de datos en la que <strong>animaciones y eventos <\/strong>que tienen lugar en la zona de Creil Sud Oise (y m\u00e1s ampliamente en Oise).<\/p>\n\n\n\n<p>03 75 19 01 71<\/p>\n\n\n\n<div class=\"is-layout-flex wp-block-buttons\">\n<div class=\"wp-block-button\"><a class=\"wp-block-button__link wp-element-button\" href=\"mailto:flo&#114;&#105;an&#101;&#64;c&#114;eilsudo&#105;&#115;&#101;-to&#117;r&#105;sme&#46;f&#114;\" target=\"_blank\" rel=\"noreferrer noopener\">Contacto por correo<\/a><\/div>\n<\/div>\n<\/div>\n<\/div>\n\n\n\n<hr class=\"wp-block-separator has-alpha-channel-opacity\"\/>","protected":false},"excerpt":{"rendered":"<p>Nous, \u00e0 l\u2019Office de Tourisme Creil Sud Oise, on adore les agendas bien remplis ! Pour que vos \u00e9v\u00e9nements, ateliers, offres et nouveaut\u00e9s ne passent pas inaper\u00e7us, aidez-nous \u00e0 les faire rayonner aupr\u00e8s du bon public, au bon moment. On cherche \u00e0 collecter un maximum d&rsquo;infos pour mieux vous valoriser. Les sujets qu\u2019on met en [&hellip;]<\/p>","protected":false},"author":3,"featured_media":0,"parent":38425,"menu_order":0,"comment_status":"closed","ping_status":"closed","template":"","meta":{"_relevanssi_hide_post":"","_relevanssi_hide_content":"","_relevanssi_pin_for_all":"","_relevanssi_pin_keywords":"","_relevanssi_unpin_keywords":"","_relevanssi_related_keywords":"","_relevanssi_related_include_ids":"","_relevanssi_related_exclude_ids":"","_relevanssi_related_no_append":"","_relevanssi_related_not_related":"","_relevanssi_related_posts":"41664,41684,41280,42153,40900,50806","_relevanssi_noindex_reason":""},"yoast_head":"<!-- This site is optimized with the Yoast SEO plugin v20.2.1 - https:\/\/yoast.com\/wordpress\/plugins\/seo\/ -->\n<title>Partenaires Tourisme \u2013 Diffusez vos \u00e9v\u00e9nements<\/title>\n<meta name=\"description\" content=\"Pro du tourisme \u00e0 Creil Sud Oise : diffusez vos offres, nouveaut\u00e9s, anecdotes. L&#039;Office de Tourisme vous aide \u00e0 gagner en visibilit\u00e9 !\" \/>\n<meta name=\"robots\" content=\"index, follow, max-snippet:-1, max-image-preview:large, max-video-preview:-1\" \/>\n<link rel=\"canonical\" href=\"https:\/\/www.creilsudoise-tourisme.fr\/es\/espace-pro\/convocatoria-de-proyectos\/tu-actu\/\" \/>\n<meta property=\"og:locale\" content=\"es_ES\" \/>\n<meta property=\"og:type\" content=\"article\" \/>\n<meta property=\"og:title\" content=\"Partenaires Tourisme \u2013 Diffusez vos \u00e9v\u00e9nements\" \/>\n<meta property=\"og:description\" content=\"Pro du tourisme \u00e0 Creil Sud Oise : diffusez vos offres, nouveaut\u00e9s, anecdotes. L&#039;Office de Tourisme vous aide \u00e0 gagner en visibilit\u00e9 !\" \/>\n<meta property=\"og:url\" content=\"https:\/\/www.creilsudoise-tourisme.fr\/es\/espace-pro\/convocatoria-de-proyectos\/tu-actu\/\" \/>\n<meta property=\"og:site_name\" content=\"Office de Tourisme Creil Sud Oise\" \/>\n<meta property=\"article:publisher\" content=\"https:\/\/www.facebook.com\/creilsudoisetourisme\/\" \/>\n<meta property=\"article:modified_time\" content=\"2025-07-25T13:03:36+00:00\" \/>\n<meta property=\"og:image\" content=\"https:\/\/www.creilsudoise-tourisme.fr\/wp-content\/uploads\/2025\/07\/Musee_Galle_Juillet-Creil-Escape_Game-Anne_Sophie_Flament_Ville_Creil-120-1200x800.jpg\" \/>\n<meta name=\"twitter:card\" content=\"summary_large_image\" \/>\n<meta name=\"twitter:site\" content=\"@CreilSudOiseOT\" \/>\n<meta name=\"twitter:label1\" content=\"Tiempo de lectura\" \/>\n\t<meta name=\"twitter:data1\" content=\"5 minutos\" \/>\n<script type=\"application\/ld+json\" class=\"yoast-schema-graph\">{\"@context\":\"https:\/\/schema.org\",\"@graph\":[{\"@type\":\"WebPage\",\"@id\":\"https:\/\/www.creilsudoise-tourisme.fr\/espace-pro\/appel-projet\/votre-actu\/\",\"url\":\"https:\/\/www.creilsudoise-tourisme.fr\/espace-pro\/appel-projet\/votre-actu\/\",\"name\":\"Partenaires Tourisme \u2013 Diffusez vos \u00e9v\u00e9nements\",\"isPartOf\":{\"@id\":\"https:\/\/www.creilsudoise-tourisme.fr\/#website\"},\"datePublished\":\"2025-07-25T10:49:13+00:00\",\"dateModified\":\"2025-07-25T13:03:36+00:00\",\"description\":\"Pro du tourisme \u00e0 Creil Sud Oise : diffusez vos offres, nouveaut\u00e9s, anecdotes. L'Office de Tourisme vous aide \u00e0 gagner en visibilit\u00e9 !\",\"breadcrumb\":{\"@id\":\"https:\/\/www.creilsudoise-tourisme.fr\/espace-pro\/appel-projet\/votre-actu\/#breadcrumb\"},\"inLanguage\":\"es\",\"potentialAction\":[{\"@type\":\"ReadAction\",\"target\":[\"https:\/\/www.creilsudoise-tourisme.fr\/espace-pro\/appel-projet\/votre-actu\/\"]}]},{\"@type\":\"BreadcrumbList\",\"@id\":\"https:\/\/www.creilsudoise-tourisme.fr\/espace-pro\/appel-projet\/votre-actu\/#breadcrumb\",\"itemListElement\":[{\"@type\":\"ListItem\",\"position\":1,\"name\":\"Accueil\",\"item\":\"https:\/\/www.creilsudoise-tourisme.fr\/\"},{\"@type\":\"ListItem\",\"position\":2,\"name\":\"Espace pro\",\"item\":\"https:\/\/www.creilsudoise-tourisme.fr\/espace-pro\/\"},{\"@type\":\"ListItem\",\"position\":3,\"name\":\"Appels \u00e0 projets\",\"item\":\"https:\/\/www.creilsudoise-tourisme.fr\/espace-pro\/appel-projet\/\"},{\"@type\":\"ListItem\",\"position\":4,\"name\":\"Pro du tourisme : on vous met \u00e0 l&rsquo;affiche !\"}]},{\"@type\":\"WebSite\",\"@id\":\"https:\/\/www.creilsudoise-tourisme.fr\/#website\",\"url\":\"https:\/\/www.creilsudoise-tourisme.fr\/\",\"name\":\"Office de Tourisme Creil Sud Oise\",\"description\":\"Creil Sud Oise Tourisme, un territoire \u00e0 explorer !\",\"publisher\":{\"@id\":\"https:\/\/www.creilsudoise-tourisme.fr\/#organization\"},\"potentialAction\":[{\"@type\":\"SearchAction\",\"target\":{\"@type\":\"EntryPoint\",\"urlTemplate\":\"https:\/\/www.creilsudoise-tourisme.fr\/?s={search_term_string}\"},\"query-input\":\"required name=search_term_string\"}],\"inLanguage\":\"es\"},{\"@type\":\"Organization\",\"@id\":\"https:\/\/www.creilsudoise-tourisme.fr\/#organization\",\"name\":\"Creil Sud Oise Tourisme\",\"url\":\"https:\/\/www.creilsudoise-tourisme.fr\/\",\"logo\":{\"@type\":\"ImageObject\",\"inLanguage\":\"es\",\"@id\":\"https:\/\/www.creilsudoise-tourisme.fr\/#\/schema\/logo\/image\/\",\"url\":\"https:\/\/www.creilsudoise-tourisme.fr\/wp-content\/uploads\/2021\/05\/logo-svg.png\",\"contentUrl\":\"https:\/\/www.creilsudoise-tourisme.fr\/wp-content\/uploads\/2021\/05\/logo-svg.png\",\"width\":182,\"height\":71,\"caption\":\"Creil Sud Oise Tourisme\"},\"image\":{\"@id\":\"https:\/\/www.creilsudoise-tourisme.fr\/#\/schema\/logo\/image\/\"},\"sameAs\":[\"https:\/\/www.facebook.com\/creilsudoisetourisme\/\",\"https:\/\/twitter.com\/CreilSudOiseOT\",\"https:\/\/www.instagram.com\/creilsudoisetourisme\/\",\"https:\/\/www.youtube.com\/channel\/UC8L_QD2wwyADW14zt9fY8kw\"]}]}<\/script>\n<!-- \/ Yoast SEO plugin. -->","yoast_head_json":{"title":"Partenaires Tourisme \u2013 Diffusez vos \u00e9v\u00e9nements","description":"Pro du tourisme \u00e0 Creil Sud Oise : diffusez vos offres, nouveaut\u00e9s, anecdotes. L'Office de Tourisme vous aide \u00e0 gagner en visibilit\u00e9 !","robots":{"index":"index","follow":"follow","max-snippet":"max-snippet:-1","max-image-preview":"max-image-preview:large","max-video-preview":"max-video-preview:-1"},"canonical":"https:\/\/www.creilsudoise-tourisme.fr\/es\/espace-pro\/convocatoria-de-proyectos\/tu-actu\/","og_locale":"es_ES","og_type":"article","og_title":"Partenaires Tourisme \u2013 Diffusez vos \u00e9v\u00e9nements","og_description":"Pro du tourisme \u00e0 Creil Sud Oise : diffusez vos offres, nouveaut\u00e9s, anecdotes. L'Office de Tourisme vous aide \u00e0 gagner en visibilit\u00e9 !","og_url":"https:\/\/www.creilsudoise-tourisme.fr\/es\/espace-pro\/convocatoria-de-proyectos\/tu-actu\/","og_site_name":"Office de Tourisme Creil Sud Oise","article_publisher":"https:\/\/www.facebook.com\/creilsudoisetourisme\/","article_modified_time":"2025-07-25T13:03:36+00:00","og_image":[{"url":"https:\/\/www.creilsudoise-tourisme.fr\/wp-content\/uploads\/2025\/07\/Musee_Galle_Juillet-Creil-Escape_Game-Anne_Sophie_Flament_Ville_Creil-120-1200x800.jpg"}],"twitter_card":"summary_large_image","twitter_site":"@CreilSudOiseOT","twitter_misc":{"Tiempo de lectura":"5 minutos"},"schema":{"@context":"https:\/\/schema.org","@graph":[{"@type":"WebPage","@id":"https:\/\/www.creilsudoise-tourisme.fr\/espace-pro\/appel-projet\/votre-actu\/","url":"https:\/\/www.creilsudoise-tourisme.fr\/espace-pro\/appel-projet\/votre-actu\/","name":"Partenaires Tourisme \u2013 Diffusez vos \u00e9v\u00e9nements","isPartOf":{"@id":"https:\/\/www.creilsudoise-tourisme.fr\/#website"},"datePublished":"2025-07-25T10:49:13+00:00","dateModified":"2025-07-25T13:03:36+00:00","description":"Pro du tourisme \u00e0 Creil Sud Oise : diffusez vos offres, nouveaut\u00e9s, anecdotes. L'Office de Tourisme vous aide \u00e0 gagner en visibilit\u00e9 !","breadcrumb":{"@id":"https:\/\/www.creilsudoise-tourisme.fr\/espace-pro\/appel-projet\/votre-actu\/#breadcrumb"},"inLanguage":"es","potentialAction":[{"@type":"ReadAction","target":["https:\/\/www.creilsudoise-tourisme.fr\/espace-pro\/appel-projet\/votre-actu\/"]}]},{"@type":"BreadcrumbList","@id":"https:\/\/www.creilsudoise-tourisme.fr\/espace-pro\/appel-projet\/votre-actu\/#breadcrumb","itemListElement":[{"@type":"ListItem","position":1,"name":"Accueil","item":"https:\/\/www.creilsudoise-tourisme.fr\/"},{"@type":"ListItem","position":2,"name":"Espace pro","item":"https:\/\/www.creilsudoise-tourisme.fr\/espace-pro\/"},{"@type":"ListItem","position":3,"name":"Appels \u00e0 projets","item":"https:\/\/www.creilsudoise-tourisme.fr\/espace-pro\/appel-projet\/"},{"@type":"ListItem","position":4,"name":"Pro du tourisme : on vous met \u00e0 l&rsquo;affiche !"}]},{"@type":"WebSite","@id":"https:\/\/www.creilsudoise-tourisme.fr\/#website","url":"https:\/\/www.creilsudoise-tourisme.fr\/","name":"Office de Tourisme Creil Sud Oise","description":"Creil Sud Oise Tourisme, un territoire \u00e0 explorer !","publisher":{"@id":"https:\/\/www.creilsudoise-tourisme.fr\/#organization"},"potentialAction":[{"@type":"SearchAction","target":{"@type":"EntryPoint","urlTemplate":"https:\/\/www.creilsudoise-tourisme.fr\/?s={search_term_string}"},"query-input":"required name=search_term_string"}],"inLanguage":"es"},{"@type":"Organization","@id":"https:\/\/www.creilsudoise-tourisme.fr\/#organization","name":"Creil Sud Oise Tourisme","url":"https:\/\/www.creilsudoise-tourisme.fr\/","logo":{"@type":"ImageObject","inLanguage":"es","@id":"https:\/\/www.creilsudoise-tourisme.fr\/#\/schema\/logo\/image\/","url":"https:\/\/www.creilsudoise-tourisme.fr\/wp-content\/uploads\/2021\/05\/logo-svg.png","contentUrl":"https:\/\/www.creilsudoise-tourisme.fr\/wp-content\/uploads\/2021\/05\/logo-svg.png","width":182,"height":71,"caption":"Creil Sud Oise Tourisme"},"image":{"@id":"https:\/\/www.creilsudoise-tourisme.fr\/#\/schema\/logo\/image\/"},"sameAs":["https:\/\/www.facebook.com\/creilsudoisetourisme\/","https:\/\/twitter.com\/CreilSudOiseOT","https:\/\/www.instagram.com\/creilsudoisetourisme\/","https:\/\/www.youtube.com\/channel\/UC8L_QD2wwyADW14zt9fY8kw"]}]}},"_links":{"self":[{"href":"https:\/\/www.creilsudoise-tourisme.fr\/es\/wp-json\/wp\/v2\/pages\/64155"}],"collection":[{"href":"https:\/\/www.creilsudoise-tourisme.fr\/es\/wp-json\/wp\/v2\/pages"}],"about":[{"href":"https:\/\/www.creilsudoise-tourisme.fr\/es\/wp-json\/wp\/v2\/types\/page"}],"author":[{"embeddable":true,"href":"https:\/\/www.creilsudoise-tourisme.fr\/es\/wp-json\/wp\/v2\/users\/3"}],"replies":[{"embeddable":true,"href":"https:\/\/www.creilsudoise-tourisme.fr\/es\/wp-json\/wp\/v2\/comments?post=64155"}],"version-history":[{"count":7,"href":"https:\/\/www.creilsudoise-tourisme.fr\/es\/wp-json\/wp\/v2\/pages\/64155\/revisions"}],"predecessor-version":[{"id":64181,"href":"https:\/\/www.creilsudoise-tourisme.fr\/es\/wp-json\/wp\/v2\/pages\/64155\/revisions\/64181"}],"up":[{"embeddable":true,"href":"https:\/\/www.creilsudoise-tourisme.fr\/es\/wp-json\/wp\/v2\/pages\/38425"}],"wp:attachment":[{"href":"https:\/\/www.creilsudoise-tourisme.fr\/es\/wp-json\/wp\/v2\/media?parent=64155"}],"curies":[{"name":"wp","href":"https:\/\/api.w.org\/{rel}","templated":true}]}}