{"id":61,"date":"2021-02-12T15:57:31","date_gmt":"2021-02-12T14:57:31","guid":{"rendered":"https:\/\/www.creilsudoise-tourisme.fr\/mentions-legales\/"},"modified":"2025-11-13T14:29:24","modified_gmt":"2025-11-13T13:29:24","slug":"mentions-legales","status":"publish","type":"page","link":"https:\/\/www.creilsudoise-tourisme.fr\/es\/nota-maxima\/","title":{"rendered":"Informaci\u00f3n jur\u00eddica"},"content":{"rendered":"<p>Al navegar por las p\u00e1ginas del sitio, el internauta reconoce haber le\u00eddo y aceptado los l\u00edmites de responsabilidad y las condiciones de utilizaci\u00f3n del sitio. www.creilsudoise-tourisme.fr no podr\u00e1 ser considerado responsable de las dificultades de conexi\u00f3n a Internet o de visualizaci\u00f3n de las p\u00e1ginas del sitio. En particular, el internauta reconoce haber sido informado de las diferencias de interpretaci\u00f3n de las p\u00e1ginas de Internet por los distintos navegadores disponibles en el mercado.<\/p>\n\n\n\n<h2>Editor del sitio web<\/h2>\n\n\n\n<p>CREIL SUD OISE TURISMO<br>N\u00famero SIRET: 834 212 789 00046<br>Direcci\u00f3n: 6 avenue Jules Uhry 60100 Creil<br>Num\u00e9ro de t\u00e9l\u00e9phone : 03 75 19 01 70. Mail : b&#105;en&#118;&#101;&#110;&#117;&#101;&#64;&#99;&#114;e&#105;l&#115;&#117;&#100;&#111;i&#115;e-&#116;ou&#114;&#105;sme.&#102;r<br>N\u00famero de IVA: FR 64 83 42 12 789<\/p>\n\n\n\n<h2>Director editorial<\/h2>\n\n\n\n<p>Nombre completo: Elise NICOLAS-BERTHE, Directora<\/p>\n\n\n\n<h2>Desarrollo de sitios web<\/h2>\n\n\n\n<p>Nombre: IRIS Interactive<br>Direcci\u00f3n: 4 rue du Pensionnat Notre Dame de France - 43000 LE PUY EN VELAY (Sede social)<br>Mail : c&#111;&#110;t&#97;&#99;&#116;&#64;iris&#45;&#105;&#110;&#116;e&#114;a&#99;&#116;&#105;ve.f&#114;<\/p>\n\n\n\n<h2>Anfitri\u00f3n del sitio<\/h2>\n\n\n\n<p>Nombre: IRIS Interactive<br>Direcci\u00f3n: 4 rue du Pensionnat Notre Dame de France - 43000 LE PUY EN VELAY (Sede social)<br>Mail : co&#110;&#116;a&#99;t&#64;&#105;ris&#45;&#105;&#110;&#116;&#101;r&#97;c&#116;iv&#101;&#46;&#102;&#114;<\/p>\n\n\n\n<h2>Copyright \u00a9 - Enlaces<\/h2>\n\n\n\n<h3>Reproducci\u00f3n sobre papel<\/h3>\n\n\n\n<p>Con excepci\u00f3n de la iconograf\u00eda, se autoriza la reproducci\u00f3n en papel de las p\u00e1ginas de este sitio, siempre que se respeten las siguientes condiciones:<\/p>\n\n\n\n<ul>\n<li>distribuci\u00f3n gratuita,<\/li>\n\n\n\n<li>respeto de la integridad de los documentos reproducidos (sin modificaciones ni alteraciones de ning\u00fan tipo)<\/li>\n\n\n\n<li>citaci\u00f3n expl\u00edcita del sitio web www.creilsudoise-tourisme.fr como fuente y menci\u00f3n de que los derechos de reproducci\u00f3n est\u00e1n reservados y estrictamente limitados.<\/li>\n<\/ul>\n\n\n\n<h3>Reproducci\u00f3n en soporte electr\u00f3nico<\/h3>\n\n\n\n<p>Se autoriza la reproducci\u00f3n total o parcial de este sitio en un soporte electr\u00f3nico siempre que se a\u00f1ada de forma clara y legible la fuente www.creilsudoise-tourisme.fr y la menci\u00f3n \"Todos los derechos reservados\". La informaci\u00f3n s\u00f3lo podr\u00e1 utilizarse con fines personales, asociativos o profesionales; queda excluida cualquier utilizaci\u00f3n con fines comerciales o publicitarios.<\/p>\n\n\n\n<h3>Creaci\u00f3n de enlaces a www.creilsudoise-tourisme.fr<\/h3>\n\n\n\n<p>La p\u00e1gina web de CREIL SUD OISE TOURISME autoriza la creaci\u00f3n de un enlace de hipertexto hacia su contenido, a reserva de :<\/p>\n\n\n\n<ul>\n<li>no utilizar la t\u00e9cnica del enlace profundo, es decir, las p\u00e1ginas del sitio www.creilsudoise-tourisme.fr no deben estar anidadas dentro de las p\u00e1ginas de otro sitio, sino ser accesibles abriendo una ventana.<\/li>\n\n\n\n<li>mencionar la fuente mediante un enlace de hipertexto que apunte directamente al contenido en cuesti\u00f3n.<\/li>\n<\/ul>\n\n\n\n<p>La informaci\u00f3n s\u00f3lo podr\u00e1 utilizarse con fines personales, asociativos o profesionales; queda excluida cualquier utilizaci\u00f3n con fines comerciales o publicitarios. Esta autorizaci\u00f3n no se aplica a los sitios web que difundan informaci\u00f3n de car\u00e1cter pol\u00e9mico, pornogr\u00e1fico, xen\u00f3fobo o que pueda, en mayor o menor medida, herir la sensibilidad de un gran n\u00famero de personas.<br>Para otros usos, p\u00f3ngase en contacto con nosotros.<\/p>\n\n\n\n<h2>Alcance del contenido<\/h2>\n\n\n\n<p>A pesar del cuidado puesto en la recopilaci\u00f3n de la informaci\u00f3n y en la realizaci\u00f3n del sitio utilizando las t\u00e9cnicas m\u00e1s modernas, pueden subsistir o incluirse en este sitio errores, omisiones, inexactitudes, cortes o a\u00f1adidos ajenos a nuestra voluntad. Por este motivo, CREIL SUD OISE TOURISME no podr\u00e1 ser considerada responsable, ni expresa ni impl\u00edcitamente, del contenido \u00edntegro del sitio; los usuarios del sitio y de la informaci\u00f3n que contiene reconocen que lo utilizan por su cuenta y riesgo y que, por lo tanto, CREIL SUD OISE TOURISME no podr\u00e1 ser considerada responsable de ning\u00fan da\u00f1o directo o indirecto, sea cual sea su naturaleza, resultante total o parcialmente de la utilizaci\u00f3n de la informaci\u00f3n contenida en el sitio. Del mismo modo, CREIL SUD OISE TOURISME no podr\u00e1 ser considerada responsable de la naturaleza o el contenido de los sitios a los que se hace referencia en las p\u00e1ginas siguientes, en particular aquellos a los que se puede acceder mediante el uso de los enlaces de hipertexto que aparecen en las p\u00e1ginas de este sitio. De conformidad con la ley n\u00ba 78-17 de 6 de enero de 1978, usted dispone de un derecho de acceso y rectificaci\u00f3n de los datos que le conciernen.<\/p>\n\n\n\n<h2>Sistema de informaci\u00f3n tur\u00edstica<\/h2>\n\n\n\n<p>Las bases de datos est\u00e1n protegidas por la ley de 1 de julio de 1998 y el r\u00e9gimen franc\u00e9s de derechos de autor. Toda utilizaci\u00f3n o extracci\u00f3n de elementos del sitio no autorizada por CREIL SUD OISE TOURISME es il\u00edcita y sancionada por la ley como violaci\u00f3n de los derechos de autor.<\/p>\n\n\n\n<h2>Condiciones de venta en la taquilla en l\u00ednea o en persona en la Office de Tourisme Creil Sud Oise<\/h2>\n\n\n\n<p>Reserva y compra de billetes para los servicios prestados por la Oficina de Turismo de Creil<br>Sud Oise implica la aceptaci\u00f3n expresa, previa, total y completa de las condiciones de venta por parte del comprador. <a href=\"https:\/\/www.creilsudoise-tourisme.fr\/wp-content\/uploads\/2025\/11\/Deliberation-n\u00b018-2025-Annexe-Conditions-de-vente-billetterie-en-ligne-et-sur-place-CL.pdf\" target=\"_blank\" rel=\"noreferrer noopener\">Condiciones generales de venta<\/a> deliberado por el Comit\u00e9 Ejecutivo el 9 de octubre de 2025. <\/p>\n\n\n\n<h2>Socios<\/h2>\n\n\n\n<p><strong>Comunidad de la aglomeraci\u00f3n Creil Sud Oise<br><\/strong>24 Rue de la Villageoise, 60100 Creil - Francia<br>Tel: + 33 (0)3 44 64 74 74<br><a href=\"https:\/\/www.creilsudoise.fr\/\" target=\"_blank\" rel=\"noreferrer noopener\">www.creilsudoise.fr<\/a><\/p>\n\n\n\n<p><strong>Agencia de Desarrollo Tur\u00edstico de Oise - ADT OISE TOURISME<br><\/strong>22 place de la Pr\u00e9fecture<br>BP 80822<br>60 008 Beauvais Cedex<br>Tel: + 33 (0)3 64 60 60 60<br><a href=\"https:\/\/www.oisetourisme.com\/\" target=\"_blank\" rel=\"noreferrer noopener\">www.oisetourisme.com<\/a><\/p>\n\n\n\n<p><strong>Misi\u00f3n Atractivit\u00e9 Hauts-de-France<br><\/strong>Sede: 3 rue Vincent Auriol, 80011 Amiens Cedex 1, Francia<br>Tel: + 33 (0)3.22.22.33.66<br><a href=\"https:\/\/www.hautsdefrance-tourisme-congres.com\/\" target=\"_blank\" rel=\"noreferrer noopener\">www.hautsdefrance-tourisme-congres.com<\/a><\/p>\n\n\n\n<h2>Fotos<\/h2>\n\n\n\n<p>Las fotos de este sitio no est\u00e1n libres de derechos de autor.<br>Los cr\u00e9ditos se indican en las fotos.<\/p>\n\n\n\n<h2>Protecci\u00f3n de datos personales<\/h2>\n\n\n\n<p>Lea nuestro <a href=\"https:\/\/www.creilsudoise-tourisme.fr\/es\/politica-de-privacidad\/\">Pol\u00edtica de privacidad<\/a> para m\u00e1s informaci\u00f3n.<\/p>","protected":false},"excerpt":{"rendered":"<p>En parcourant les pages du site, l&rsquo;internaute reconna\u00eet avoir lu et accept\u00e9 les limites de responsabilit\u00e9s et les conditions d&rsquo;utilisation du site. www.creilsudoise-tourisme.fr ne peut \u00eatre tenu responsable des difficult\u00e9s de connexion au r\u00e9seau Internet ou de visualisation des pages du site. L&rsquo;internaute reconna\u00eet, en particulier, \u00eatre inform\u00e9 des diff\u00e9rences d&rsquo;interpr\u00e9tation des pages Internet par [&hellip;]<\/p>","protected":false},"author":3,"featured_media":0,"parent":0,"menu_order":17,"comment_status":"closed","ping_status":"closed","template":"","meta":{"_relevanssi_hide_post":"","_relevanssi_hide_content":"","_relevanssi_pin_for_all":"","_relevanssi_pin_keywords":"","_relevanssi_unpin_keywords":"","_relevanssi_related_keywords":"","_relevanssi_related_include_ids":"","_relevanssi_related_exclude_ids":"","_relevanssi_related_no_append":"","_relevanssi_related_not_related":"","_relevanssi_related_posts":"275,273,32820,271,267","_relevanssi_noindex_reason":""},"yoast_head":"<!-- This site is optimized with the Yoast SEO plugin v20.2.1 - https:\/\/yoast.com\/wordpress\/plugins\/seo\/ -->\n<title>Mentions l\u00e9gales - Office de Tourisme Creil Sud Oise<\/title>\n<meta name=\"description\" content=\"En parcourant les pages du site, l&#039;internaute reconna\u00eet avoir lu et accept\u00e9 les limites de responsabilit\u00e9s et les conditions d&#039;utilisation du site.\" \/>\n<meta name=\"robots\" content=\"index, follow, max-snippet:-1, max-image-preview:large, max-video-preview:-1\" \/>\n<link rel=\"canonical\" href=\"https:\/\/www.creilsudoise-tourisme.fr\/es\/nota-maxima\/\" \/>\n<meta property=\"og:locale\" content=\"es_ES\" \/>\n<meta property=\"og:type\" content=\"article\" \/>\n<meta property=\"og:title\" content=\"Mentions l\u00e9gales - Office de Tourisme Creil Sud Oise\" \/>\n<meta property=\"og:description\" content=\"En parcourant les pages du site, l&#039;internaute reconna\u00eet avoir lu et accept\u00e9 les limites de responsabilit\u00e9s et les conditions d&#039;utilisation du site.\" \/>\n<meta property=\"og:url\" content=\"https:\/\/www.creilsudoise-tourisme.fr\/es\/nota-maxima\/\" \/>\n<meta property=\"og:site_name\" content=\"Office de Tourisme Creil Sud Oise\" \/>\n<meta property=\"article:publisher\" content=\"https:\/\/www.facebook.com\/creilsudoisetourisme\/\" \/>\n<meta property=\"article:modified_time\" content=\"2025-11-13T13:29:24+00:00\" \/>\n<meta property=\"og:image\" content=\"https:\/\/www.creilsudoise-tourisme.fr\/wp-content\/uploads\/2021\/02\/defaut.jpg\" \/>\n\t<meta property=\"og:image:width\" content=\"800\" \/>\n\t<meta property=\"og:image:height\" content=\"800\" \/>\n\t<meta property=\"og:image:type\" content=\"image\/jpeg\" \/>\n<meta name=\"twitter:card\" content=\"summary_large_image\" \/>\n<meta name=\"twitter:site\" content=\"@CreilSudOiseOT\" \/>\n<meta name=\"twitter:label1\" content=\"Tiempo de lectura\" \/>\n\t<meta name=\"twitter:data1\" content=\"4 minutos\" \/>\n<script type=\"application\/ld+json\" class=\"yoast-schema-graph\">{\"@context\":\"https:\/\/schema.org\",\"@graph\":[{\"@type\":\"WebPage\",\"@id\":\"https:\/\/www.creilsudoise-tourisme.fr\/mentions-legales\/\",\"url\":\"https:\/\/www.creilsudoise-tourisme.fr\/mentions-legales\/\",\"name\":\"Mentions l\u00e9gales - Office de Tourisme Creil Sud Oise\",\"isPartOf\":{\"@id\":\"https:\/\/www.creilsudoise-tourisme.fr\/#website\"},\"datePublished\":\"2021-02-12T14:57:31+00:00\",\"dateModified\":\"2025-11-13T13:29:24+00:00\",\"description\":\"En parcourant les pages du site, l'internaute reconna\u00eet avoir lu et accept\u00e9 les limites de responsabilit\u00e9s et les conditions d'utilisation du site.\",\"breadcrumb\":{\"@id\":\"https:\/\/www.creilsudoise-tourisme.fr\/mentions-legales\/#breadcrumb\"},\"inLanguage\":\"es\",\"potentialAction\":[{\"@type\":\"ReadAction\",\"target\":[\"https:\/\/www.creilsudoise-tourisme.fr\/mentions-legales\/\"]}]},{\"@type\":\"BreadcrumbList\",\"@id\":\"https:\/\/www.creilsudoise-tourisme.fr\/mentions-legales\/#breadcrumb\",\"itemListElement\":[{\"@type\":\"ListItem\",\"position\":1,\"name\":\"Accueil\",\"item\":\"https:\/\/www.creilsudoise-tourisme.fr\/\"},{\"@type\":\"ListItem\",\"position\":2,\"name\":\"Mentions l\u00e9gales\"}]},{\"@type\":\"WebSite\",\"@id\":\"https:\/\/www.creilsudoise-tourisme.fr\/#website\",\"url\":\"https:\/\/www.creilsudoise-tourisme.fr\/\",\"name\":\"Office de Tourisme Creil Sud Oise\",\"description\":\"Creil Sud Oise Tourisme, un territoire \u00e0 explorer !\",\"publisher\":{\"@id\":\"https:\/\/www.creilsudoise-tourisme.fr\/#organization\"},\"potentialAction\":[{\"@type\":\"SearchAction\",\"target\":{\"@type\":\"EntryPoint\",\"urlTemplate\":\"https:\/\/www.creilsudoise-tourisme.fr\/?s={search_term_string}\"},\"query-input\":\"required name=search_term_string\"}],\"inLanguage\":\"es\"},{\"@type\":\"Organization\",\"@id\":\"https:\/\/www.creilsudoise-tourisme.fr\/#organization\",\"name\":\"Creil Sud Oise Tourisme\",\"url\":\"https:\/\/www.creilsudoise-tourisme.fr\/\",\"logo\":{\"@type\":\"ImageObject\",\"inLanguage\":\"es\",\"@id\":\"https:\/\/www.creilsudoise-tourisme.fr\/#\/schema\/logo\/image\/\",\"url\":\"https:\/\/www.creilsudoise-tourisme.fr\/wp-content\/uploads\/2021\/05\/logo-svg.png\",\"contentUrl\":\"https:\/\/www.creilsudoise-tourisme.fr\/wp-content\/uploads\/2021\/05\/logo-svg.png\",\"width\":182,\"height\":71,\"caption\":\"Creil Sud Oise Tourisme\"},\"image\":{\"@id\":\"https:\/\/www.creilsudoise-tourisme.fr\/#\/schema\/logo\/image\/\"},\"sameAs\":[\"https:\/\/www.facebook.com\/creilsudoisetourisme\/\",\"https:\/\/twitter.com\/CreilSudOiseOT\",\"https:\/\/www.instagram.com\/creilsudoisetourisme\/\",\"https:\/\/www.youtube.com\/channel\/UC8L_QD2wwyADW14zt9fY8kw\"]}]}<\/script>\n<!-- \/ Yoast SEO plugin. -->","yoast_head_json":{"title":"Mentions l\u00e9gales - Office de Tourisme Creil Sud Oise","description":"En parcourant les pages du site, l'internaute reconna\u00eet avoir lu et accept\u00e9 les limites de responsabilit\u00e9s et les conditions d'utilisation du site.","robots":{"index":"index","follow":"follow","max-snippet":"max-snippet:-1","max-image-preview":"max-image-preview:large","max-video-preview":"max-video-preview:-1"},"canonical":"https:\/\/www.creilsudoise-tourisme.fr\/es\/nota-maxima\/","og_locale":"es_ES","og_type":"article","og_title":"Mentions l\u00e9gales - Office de Tourisme Creil Sud Oise","og_description":"En parcourant les pages du site, l'internaute reconna\u00eet avoir lu et accept\u00e9 les limites de responsabilit\u00e9s et les conditions d'utilisation du site.","og_url":"https:\/\/www.creilsudoise-tourisme.fr\/es\/nota-maxima\/","og_site_name":"Office de Tourisme Creil Sud Oise","article_publisher":"https:\/\/www.facebook.com\/creilsudoisetourisme\/","article_modified_time":"2025-11-13T13:29:24+00:00","og_image":[{"width":800,"height":800,"url":"https:\/\/www.creilsudoise-tourisme.fr\/wp-content\/uploads\/2021\/02\/defaut.jpg","type":"image\/jpeg"}],"twitter_card":"summary_large_image","twitter_site":"@CreilSudOiseOT","twitter_misc":{"Tiempo de lectura":"4 minutos"},"schema":{"@context":"https:\/\/schema.org","@graph":[{"@type":"WebPage","@id":"https:\/\/www.creilsudoise-tourisme.fr\/mentions-legales\/","url":"https:\/\/www.creilsudoise-tourisme.fr\/mentions-legales\/","name":"Mentions l\u00e9gales - Office de Tourisme Creil Sud Oise","isPartOf":{"@id":"https:\/\/www.creilsudoise-tourisme.fr\/#website"},"datePublished":"2021-02-12T14:57:31+00:00","dateModified":"2025-11-13T13:29:24+00:00","description":"En parcourant les pages du site, l'internaute reconna\u00eet avoir lu et accept\u00e9 les limites de responsabilit\u00e9s et les conditions d'utilisation du site.","breadcrumb":{"@id":"https:\/\/www.creilsudoise-tourisme.fr\/mentions-legales\/#breadcrumb"},"inLanguage":"es","potentialAction":[{"@type":"ReadAction","target":["https:\/\/www.creilsudoise-tourisme.fr\/mentions-legales\/"]}]},{"@type":"BreadcrumbList","@id":"https:\/\/www.creilsudoise-tourisme.fr\/mentions-legales\/#breadcrumb","itemListElement":[{"@type":"ListItem","position":1,"name":"Accueil","item":"https:\/\/www.creilsudoise-tourisme.fr\/"},{"@type":"ListItem","position":2,"name":"Mentions l\u00e9gales"}]},{"@type":"WebSite","@id":"https:\/\/www.creilsudoise-tourisme.fr\/#website","url":"https:\/\/www.creilsudoise-tourisme.fr\/","name":"Office de Tourisme Creil Sud Oise","description":"Creil Sud Oise Tourisme, un territoire \u00e0 explorer !","publisher":{"@id":"https:\/\/www.creilsudoise-tourisme.fr\/#organization"},"potentialAction":[{"@type":"SearchAction","target":{"@type":"EntryPoint","urlTemplate":"https:\/\/www.creilsudoise-tourisme.fr\/?s={search_term_string}"},"query-input":"required name=search_term_string"}],"inLanguage":"es"},{"@type":"Organization","@id":"https:\/\/www.creilsudoise-tourisme.fr\/#organization","name":"Creil Sud Oise Tourisme","url":"https:\/\/www.creilsudoise-tourisme.fr\/","logo":{"@type":"ImageObject","inLanguage":"es","@id":"https:\/\/www.creilsudoise-tourisme.fr\/#\/schema\/logo\/image\/","url":"https:\/\/www.creilsudoise-tourisme.fr\/wp-content\/uploads\/2021\/05\/logo-svg.png","contentUrl":"https:\/\/www.creilsudoise-tourisme.fr\/wp-content\/uploads\/2021\/05\/logo-svg.png","width":182,"height":71,"caption":"Creil Sud Oise Tourisme"},"image":{"@id":"https:\/\/www.creilsudoise-tourisme.fr\/#\/schema\/logo\/image\/"},"sameAs":["https:\/\/www.facebook.com\/creilsudoisetourisme\/","https:\/\/twitter.com\/CreilSudOiseOT","https:\/\/www.instagram.com\/creilsudoisetourisme\/","https:\/\/www.youtube.com\/channel\/UC8L_QD2wwyADW14zt9fY8kw"]}]}},"_links":{"self":[{"href":"https:\/\/www.creilsudoise-tourisme.fr\/es\/wp-json\/wp\/v2\/pages\/61"}],"collection":[{"href":"https:\/\/www.creilsudoise-tourisme.fr\/es\/wp-json\/wp\/v2\/pages"}],"about":[{"href":"https:\/\/www.creilsudoise-tourisme.fr\/es\/wp-json\/wp\/v2\/types\/page"}],"author":[{"embeddable":true,"href":"https:\/\/www.creilsudoise-tourisme.fr\/es\/wp-json\/wp\/v2\/users\/3"}],"replies":[{"embeddable":true,"href":"https:\/\/www.creilsudoise-tourisme.fr\/es\/wp-json\/wp\/v2\/comments?post=61"}],"version-history":[{"count":8,"href":"https:\/\/www.creilsudoise-tourisme.fr\/es\/wp-json\/wp\/v2\/pages\/61\/revisions"}],"predecessor-version":[{"id":66326,"href":"https:\/\/www.creilsudoise-tourisme.fr\/es\/wp-json\/wp\/v2\/pages\/61\/revisions\/66326"}],"wp:attachment":[{"href":"https:\/\/www.creilsudoise-tourisme.fr\/es\/wp-json\/wp\/v2\/media?parent=61"}],"curies":[{"name":"wp","href":"https:\/\/api.w.org\/{rel}","templated":true}]}}