{"id":51753,"date":"2024-02-06T14:38:44","date_gmt":"2024-02-06T13:38:16","guid":{"rendered":"https:\/\/www.creilsudoise-tourisme.fr\/?page_id=51753"},"modified":"2024-02-19T13:44:14","modified_gmt":"2024-02-19T12:44:14","slug":"decor-tournage-carriere-souterraine","status":"publish","type":"page","link":"https:\/\/www.creilsudoise-tourisme.fr\/es\/i-search\/disparando\/decoracion-industriales\/decor-tournage-carriere-souterraine\/","title":{"rendered":"LA CANTERA SUBTERR\u00c1NEA DEL PATROCINADOR"},"content":{"rendered":"<p class=\"is-style-excerpt\">Excavadas a unos veinte metros de profundidad, las galer\u00edas de la cantera subterr\u00e1nea invitan a descubrir el mundo imaginario de la caliza de Saint Maximin.  <\/p>\n\n\n\n<figure class=\"is-layout-flex wp-block-gallery-1 wp-block-gallery has-nested-images columns-3 is-cropped\">\n<figure class=\"wp-block-image size-large\"><img decoding=\"async\" loading=\"lazy\" width=\"1110\" height=\"740\" data-id=\"51900\"  data-src=\"https:\/\/www.creilsudoise-tourisme.fr\/wp-content\/uploads\/2024\/02\/Maison_Pierre-Saint_Maximin-Smellinckx_Oise_Tourisme-1.jpg\" alt=\"\" class=\"wp-image-51900\" data-srcset=\"https:\/\/www.creilsudoise-tourisme.fr\/wp-content\/uploads\/2024\/02\/Maison_Pierre-Saint_Maximin-Smellinckx_Oise_Tourisme-1.jpg 1110w, https:\/\/www.creilsudoise-tourisme.fr\/wp-content\/uploads\/2024\/02\/Maison_Pierre-Saint_Maximin-Smellinckx_Oise_Tourisme-1-600x400.jpg 600w, https:\/\/www.creilsudoise-tourisme.fr\/wp-content\/uploads\/2024\/02\/Maison_Pierre-Saint_Maximin-Smellinckx_Oise_Tourisme-1-900x600.jpg 900w, https:\/\/www.creilsudoise-tourisme.fr\/wp-content\/uploads\/2024\/02\/Maison_Pierre-Saint_Maximin-Smellinckx_Oise_Tourisme-1-18x12.jpg 18w, https:\/\/www.creilsudoise-tourisme.fr\/wp-content\/uploads\/2024\/02\/Maison_Pierre-Saint_Maximin-Smellinckx_Oise_Tourisme-1-200x133.jpg 200w, https:\/\/www.creilsudoise-tourisme.fr\/wp-content\/uploads\/2024\/02\/Maison_Pierre-Saint_Maximin-Smellinckx_Oise_Tourisme-1-650x433.jpg 650w, https:\/\/www.creilsudoise-tourisme.fr\/wp-content\/uploads\/2024\/02\/Maison_Pierre-Saint_Maximin-Smellinckx_Oise_Tourisme-1-387x258.jpg 387w\" sizes=\"(max-width: 1110px) 100vw, 1110px\" \/><\/figure>\n\n\n\n<figure class=\"wp-block-image size-large\"><img decoding=\"async\" loading=\"lazy\" width=\"1110\" height=\"740\" data-id=\"51902\"  data-src=\"https:\/\/www.creilsudoise-tourisme.fr\/wp-content\/uploads\/2024\/02\/Maison_Pierre-Saint_Maximin-Carriere_parrain-Comdesimages_B_Teissedre_Oise_Tourisme-1.jpg\" alt=\"\" class=\"wp-image-51902\" data-srcset=\"https:\/\/www.creilsudoise-tourisme.fr\/wp-content\/uploads\/2024\/02\/Maison_Pierre-Saint_Maximin-Carriere_parrain-Comdesimages_B_Teissedre_Oise_Tourisme-1.jpg 1110w, https:\/\/www.creilsudoise-tourisme.fr\/wp-content\/uploads\/2024\/02\/Maison_Pierre-Saint_Maximin-Carriere_parrain-Comdesimages_B_Teissedre_Oise_Tourisme-1-600x400.jpg 600w, https:\/\/www.creilsudoise-tourisme.fr\/wp-content\/uploads\/2024\/02\/Maison_Pierre-Saint_Maximin-Carriere_parrain-Comdesimages_B_Teissedre_Oise_Tourisme-1-900x600.jpg 900w, https:\/\/www.creilsudoise-tourisme.fr\/wp-content\/uploads\/2024\/02\/Maison_Pierre-Saint_Maximin-Carriere_parrain-Comdesimages_B_Teissedre_Oise_Tourisme-1-18x12.jpg 18w, https:\/\/www.creilsudoise-tourisme.fr\/wp-content\/uploads\/2024\/02\/Maison_Pierre-Saint_Maximin-Carriere_parrain-Comdesimages_B_Teissedre_Oise_Tourisme-1-200x133.jpg 200w, https:\/\/www.creilsudoise-tourisme.fr\/wp-content\/uploads\/2024\/02\/Maison_Pierre-Saint_Maximin-Carriere_parrain-Comdesimages_B_Teissedre_Oise_Tourisme-1-650x433.jpg 650w, https:\/\/www.creilsudoise-tourisme.fr\/wp-content\/uploads\/2024\/02\/Maison_Pierre-Saint_Maximin-Carriere_parrain-Comdesimages_B_Teissedre_Oise_Tourisme-1-387x258.jpg 387w\" sizes=\"(max-width: 1110px) 100vw, 1110px\" \/><\/figure>\n\n\n\n<figure class=\"wp-block-image size-full\"><img decoding=\"async\" loading=\"lazy\" width=\"1113\" height=\"740\" data-id=\"51834\"  data-src=\"https:\/\/www.creilsudoise-tourisme.fr\/wp-content\/uploads\/2024\/01\/Maison_Pierre-Saint_Maximin-Galerie_rouge-Ardoise-1.jpg\" alt=\"Cantera subterr\u00e1nea El Padrino cine rodaje sur Oise par\u00eds plat\u00f3s de rodaje\" class=\"wp-image-51834\" data-srcset=\"https:\/\/www.creilsudoise-tourisme.fr\/wp-content\/uploads\/2024\/01\/Maison_Pierre-Saint_Maximin-Galerie_rouge-Ardoise-1.jpg 1113w, https:\/\/www.creilsudoise-tourisme.fr\/wp-content\/uploads\/2024\/01\/Maison_Pierre-Saint_Maximin-Galerie_rouge-Ardoise-1-600x399.jpg 600w, https:\/\/www.creilsudoise-tourisme.fr\/wp-content\/uploads\/2024\/01\/Maison_Pierre-Saint_Maximin-Galerie_rouge-Ardoise-1-900x598.jpg 900w, https:\/\/www.creilsudoise-tourisme.fr\/wp-content\/uploads\/2024\/01\/Maison_Pierre-Saint_Maximin-Galerie_rouge-Ardoise-1-18x12.jpg 18w, https:\/\/www.creilsudoise-tourisme.fr\/wp-content\/uploads\/2024\/01\/Maison_Pierre-Saint_Maximin-Galerie_rouge-Ardoise-1-200x133.jpg 200w, https:\/\/www.creilsudoise-tourisme.fr\/wp-content\/uploads\/2024\/01\/Maison_Pierre-Saint_Maximin-Galerie_rouge-Ardoise-1-650x432.jpg 650w, https:\/\/www.creilsudoise-tourisme.fr\/wp-content\/uploads\/2024\/01\/Maison_Pierre-Saint_Maximin-Galerie_rouge-Ardoise-1-387x257.jpg 387w\" sizes=\"(max-width: 1113px) 100vw, 1113px\" \/><figcaption class=\"wp-element-caption\">Creil Sud Oise Tourisme - Nouara Lebachiche<\/figcaption><\/figure>\n\n\n\n<figure class=\"wp-block-image size-large\"><img decoding=\"async\" loading=\"lazy\" width=\"1110\" height=\"740\" data-id=\"51904\"  data-src=\"https:\/\/www.creilsudoise-tourisme.fr\/wp-content\/uploads\/2024\/02\/Maison_Pierre-Saint_Maximin-Galerie_Front_Taille-Comdesimages_B_Teissedre_Oise_Tourisme-4.jpg\" alt=\"\" class=\"wp-image-51904\" data-srcset=\"https:\/\/www.creilsudoise-tourisme.fr\/wp-content\/uploads\/2024\/02\/Maison_Pierre-Saint_Maximin-Galerie_Front_Taille-Comdesimages_B_Teissedre_Oise_Tourisme-4.jpg 1110w, https:\/\/www.creilsudoise-tourisme.fr\/wp-content\/uploads\/2024\/02\/Maison_Pierre-Saint_Maximin-Galerie_Front_Taille-Comdesimages_B_Teissedre_Oise_Tourisme-4-600x400.jpg 600w, https:\/\/www.creilsudoise-tourisme.fr\/wp-content\/uploads\/2024\/02\/Maison_Pierre-Saint_Maximin-Galerie_Front_Taille-Comdesimages_B_Teissedre_Oise_Tourisme-4-900x600.jpg 900w, https:\/\/www.creilsudoise-tourisme.fr\/wp-content\/uploads\/2024\/02\/Maison_Pierre-Saint_Maximin-Galerie_Front_Taille-Comdesimages_B_Teissedre_Oise_Tourisme-4-18x12.jpg 18w, https:\/\/www.creilsudoise-tourisme.fr\/wp-content\/uploads\/2024\/02\/Maison_Pierre-Saint_Maximin-Galerie_Front_Taille-Comdesimages_B_Teissedre_Oise_Tourisme-4-200x133.jpg 200w, https:\/\/www.creilsudoise-tourisme.fr\/wp-content\/uploads\/2024\/02\/Maison_Pierre-Saint_Maximin-Galerie_Front_Taille-Comdesimages_B_Teissedre_Oise_Tourisme-4-650x433.jpg 650w, https:\/\/www.creilsudoise-tourisme.fr\/wp-content\/uploads\/2024\/02\/Maison_Pierre-Saint_Maximin-Galerie_Front_Taille-Comdesimages_B_Teissedre_Oise_Tourisme-4-387x258.jpg 387w\" sizes=\"(max-width: 1110px) 100vw, 1110px\" \/><\/figure>\n<\/figure>\n\n\n\n<h2>La cantera subterr\u00e1nea patrocinadora <\/h2>\n\n\n\n<h3>Tipo de emplazamiento<\/h3>\n\n\n\n<p>Tipo de ERP: Y <\/p>\n\n\n\n<h3>Categor\u00eda<\/h3>\n\n\n\n<p>Categor\u00eda 5 <\/p>\n\n\n\n<p>Cantera subterr\u00e1nea.<\/p>\n\n\n<div class=\"wp-block wp-block-highlight\">\n            <h3 class=\"wp-block-highlight-item wp-block-highlight-title\">Situaci\u00f3n<\/h3>\n                <p class=\"wp-block-highlight-item wp-block-highlight-excerpt\">Ciudad: 60740 Saint Maximin<br>Provincia : Oise<br>Regi\u00f3n: Hauts-de-France<\/p>\n    <\/div>\n\n\n<h3>Presentaci\u00f3n general<\/h3>\n\n\n\n<p>Excavadas a una profundidad de unos veinte metros, las galer\u00edas de la cantera subterr\u00e1nea le invitan a<br>para descubrir el mundo imaginario de la piedra caliza de Saint-Maximin. El acceso a la cantera es de una sola planta.<\/p>\n\n\n\n<h4>Estado del sitio<\/h4>\n\n\n\n<p>Muy buen estado general<\/p>\n\n\n\n<h4>Historia del sitio<\/h4>\n\n\n\n<p>Antigua cantera de sillares, creada a principios del siglo XVI<\/p>\n\n\n\n<h4>Per\u00edodo de construcci\u00f3n<\/h4>\n\n\n\n<p>Siglo XVI<\/p>\n\n\n\n<h4>Estilo dominante<\/h4>\n\n\n\n<p>Cantera \/ Cueva \/ Caverna \/ Taberna<\/p>\n\n\n\n<h4>Caracter\u00edsticas arquitect\u00f3nicas excepcionales<\/h4>\n\n\n\n<p>Caracter\u00edsticas arquitect\u00f3nicas excepcionales<\/p>\n\n\n\n<h4>Datos t\u00e9cnicos<\/h4>\n\n\n\n<p>Datos t\u00e9cnicos<\/p>\n\n\n\n<h4>Caracter\u00edsticas especiales<\/h4>\n\n\n\n<p>12\u00b0C en la cantera y 95% de humedad<\/p>\n\n\n\n<hr class=\"wp-block-separator has-alpha-channel-opacity\"\/>\n\n\n\n<hr class=\"wp-block-separator has-alpha-channel-opacity\"\/>","protected":false},"excerpt":{"rendered":"<p>Excavadas a unos veinte metros de profundidad, las galer\u00edas de la cantera subterr\u00e1nea le invitan a descubrir el mundo imaginario de la caliza de Saint Maximin. El patrocinador de la cantera subterr\u00e1nea Tipo de recinto Tipo de ERP: Y Categor\u00eda Categor\u00eda 5 Cantera subterr\u00e1nea. Presentaci\u00f3n general Excavadas a unos veinte metros de profundidad, las galer\u00edas de la [...]<\/p>","protected":false},"author":12,"featured_media":51835,"parent":50606,"menu_order":0,"comment_status":"closed","ping_status":"closed","template":"","meta":{"_relevanssi_hide_post":"","_relevanssi_hide_content":"","_relevanssi_pin_for_all":"","_relevanssi_pin_keywords":"","_relevanssi_unpin_keywords":"","_relevanssi_related_keywords":"","_relevanssi_related_include_ids":"","_relevanssi_related_exclude_ids":"","_relevanssi_related_no_append":"","_relevanssi_related_not_related":"","_relevanssi_related_posts":"38921,40150,43606,39785,42107,39133","_relevanssi_noindex_reason":""},"yoast_head":"<!-- This site is optimized with the Yoast SEO plugin v20.2.1 - https:\/\/yoast.com\/wordpress\/plugins\/seo\/ -->\n<title>La carri\u00e8re Souterraine Parrain<\/title>\n<meta name=\"description\" content=\"Voici la fiche technique du d\u00e9cor carrier de la Carri\u00e8re souterraine Parrain de la Maison de la Pierre \u00e0 Saint Maximin \u00e0 60km de Paris.\" \/>\n<meta name=\"robots\" content=\"index, follow, max-snippet:-1, max-image-preview:large, max-video-preview:-1\" \/>\n<link rel=\"canonical\" href=\"https:\/\/www.creilsudoise-tourisme.fr\/es\/i-search\/disparando\/decoracion-industriales\/decor-tournage-carriere-souterraine\/\" \/>\n<meta property=\"og:locale\" content=\"es_ES\" \/>\n<meta property=\"og:type\" content=\"article\" \/>\n<meta property=\"og:title\" content=\"La carri\u00e8re Souterraine Parrain\" \/>\n<meta property=\"og:description\" content=\"Voici la fiche technique du d\u00e9cor carrier de la Carri\u00e8re souterraine Parrain de la Maison de la Pierre \u00e0 Saint Maximin \u00e0 60km de Paris.\" \/>\n<meta property=\"og:url\" content=\"https:\/\/www.creilsudoise-tourisme.fr\/es\/i-search\/disparando\/decoracion-industriales\/decor-tournage-carriere-souterraine\/\" \/>\n<meta property=\"og:site_name\" content=\"Office de Tourisme Creil Sud Oise\" \/>\n<meta property=\"article:publisher\" content=\"https:\/\/www.facebook.com\/creilsudoisetourisme\/\" \/>\n<meta property=\"article:modified_time\" content=\"2024-02-19T12:44:14+00:00\" \/>\n<meta property=\"og:image\" content=\"https:\/\/www.creilsudoise-tourisme.fr\/wp-content\/uploads\/2024\/01\/Maison_Pierre-Saint_Maximin-Smellinckx_Oise_Tourisme-1.jpg\" \/>\n\t<meta property=\"og:image:width\" content=\"1110\" \/>\n\t<meta property=\"og:image:height\" content=\"740\" \/>\n\t<meta property=\"og:image:type\" content=\"image\/jpeg\" \/>\n<meta name=\"twitter:card\" content=\"summary_large_image\" \/>\n<meta name=\"twitter:site\" content=\"@CreilSudOiseOT\" \/>\n<meta name=\"twitter:label1\" content=\"Tiempo de lectura\" \/>\n\t<meta name=\"twitter:data1\" content=\"1 minuto\" \/>\n<script type=\"application\/ld+json\" class=\"yoast-schema-graph\">{\"@context\":\"https:\/\/schema.org\",\"@graph\":[{\"@type\":\"WebPage\",\"@id\":\"https:\/\/www.creilsudoise-tourisme.fr\/je-cherche\/tournage\/decors-industriels\/decor-tournage-carriere-souterraine\/\",\"url\":\"https:\/\/www.creilsudoise-tourisme.fr\/je-cherche\/tournage\/decors-industriels\/decor-tournage-carriere-souterraine\/\",\"name\":\"La carri\u00e8re Souterraine Parrain\",\"isPartOf\":{\"@id\":\"https:\/\/www.creilsudoise-tourisme.fr\/#website\"},\"datePublished\":\"2024-02-06T13:38:16+00:00\",\"dateModified\":\"2024-02-19T12:44:14+00:00\",\"description\":\"Voici la fiche technique du d\u00e9cor carrier de la Carri\u00e8re souterraine Parrain de la Maison de la Pierre \u00e0 Saint Maximin \u00e0 60km de Paris.\",\"breadcrumb\":{\"@id\":\"https:\/\/www.creilsudoise-tourisme.fr\/je-cherche\/tournage\/decors-industriels\/decor-tournage-carriere-souterraine\/#breadcrumb\"},\"inLanguage\":\"es\",\"potentialAction\":[{\"@type\":\"ReadAction\",\"target\":[\"https:\/\/www.creilsudoise-tourisme.fr\/je-cherche\/tournage\/decors-industriels\/decor-tournage-carriere-souterraine\/\"]}]},{\"@type\":\"BreadcrumbList\",\"@id\":\"https:\/\/www.creilsudoise-tourisme.fr\/je-cherche\/tournage\/decors-industriels\/decor-tournage-carriere-souterraine\/#breadcrumb\",\"itemListElement\":[{\"@type\":\"ListItem\",\"position\":1,\"name\":\"Accueil\",\"item\":\"https:\/\/www.creilsudoise-tourisme.fr\/\"},{\"@type\":\"ListItem\",\"position\":2,\"name\":\"Je cherche\",\"item\":\"https:\/\/www.creilsudoise-tourisme.fr\/je-cherche\/\"},{\"@type\":\"ListItem\",\"position\":3,\"name\":\"Un lieu de tournage\",\"item\":\"https:\/\/www.creilsudoise-tourisme.fr\/je-cherche\/tournage\/\"},{\"@type\":\"ListItem\",\"position\":4,\"name\":\"D\u00e9cors carriers\",\"item\":\"https:\/\/www.creilsudoise-tourisme.fr\/je-cherche\/tournage\/decors-industriels\/\"},{\"@type\":\"ListItem\",\"position\":5,\"name\":\"LA CARRIERE SOUTERRAINE PARRAIN\"}]},{\"@type\":\"WebSite\",\"@id\":\"https:\/\/www.creilsudoise-tourisme.fr\/#website\",\"url\":\"https:\/\/www.creilsudoise-tourisme.fr\/\",\"name\":\"Office de Tourisme Creil Sud Oise\",\"description\":\"Creil Sud Oise Tourisme, un territoire \u00e0 explorer !\",\"publisher\":{\"@id\":\"https:\/\/www.creilsudoise-tourisme.fr\/#organization\"},\"potentialAction\":[{\"@type\":\"SearchAction\",\"target\":{\"@type\":\"EntryPoint\",\"urlTemplate\":\"https:\/\/www.creilsudoise-tourisme.fr\/?s={search_term_string}\"},\"query-input\":\"required name=search_term_string\"}],\"inLanguage\":\"es\"},{\"@type\":\"Organization\",\"@id\":\"https:\/\/www.creilsudoise-tourisme.fr\/#organization\",\"name\":\"Creil Sud Oise Tourisme\",\"url\":\"https:\/\/www.creilsudoise-tourisme.fr\/\",\"logo\":{\"@type\":\"ImageObject\",\"inLanguage\":\"es\",\"@id\":\"https:\/\/www.creilsudoise-tourisme.fr\/#\/schema\/logo\/image\/\",\"url\":\"https:\/\/www.creilsudoise-tourisme.fr\/wp-content\/uploads\/2021\/05\/logo-svg.png\",\"contentUrl\":\"https:\/\/www.creilsudoise-tourisme.fr\/wp-content\/uploads\/2021\/05\/logo-svg.png\",\"width\":182,\"height\":71,\"caption\":\"Creil Sud Oise Tourisme\"},\"image\":{\"@id\":\"https:\/\/www.creilsudoise-tourisme.fr\/#\/schema\/logo\/image\/\"},\"sameAs\":[\"https:\/\/www.facebook.com\/creilsudoisetourisme\/\",\"https:\/\/twitter.com\/CreilSudOiseOT\",\"https:\/\/www.instagram.com\/creilsudoisetourisme\/\",\"https:\/\/www.youtube.com\/channel\/UC8L_QD2wwyADW14zt9fY8kw\"]}]}<\/script>\n<!-- \/ Yoast SEO plugin. -->","yoast_head_json":{"title":"La carri\u00e8re Souterraine Parrain","description":"Voici la fiche technique du d\u00e9cor carrier de la Carri\u00e8re souterraine Parrain de la Maison de la Pierre \u00e0 Saint Maximin \u00e0 60km de Paris.","robots":{"index":"index","follow":"follow","max-snippet":"max-snippet:-1","max-image-preview":"max-image-preview:large","max-video-preview":"max-video-preview:-1"},"canonical":"https:\/\/www.creilsudoise-tourisme.fr\/es\/i-search\/disparando\/decoracion-industriales\/decor-tournage-carriere-souterraine\/","og_locale":"es_ES","og_type":"article","og_title":"La carri\u00e8re Souterraine Parrain","og_description":"Voici la fiche technique du d\u00e9cor carrier de la Carri\u00e8re souterraine Parrain de la Maison de la Pierre \u00e0 Saint Maximin \u00e0 60km de Paris.","og_url":"https:\/\/www.creilsudoise-tourisme.fr\/es\/i-search\/disparando\/decoracion-industriales\/decor-tournage-carriere-souterraine\/","og_site_name":"Office de Tourisme Creil Sud Oise","article_publisher":"https:\/\/www.facebook.com\/creilsudoisetourisme\/","article_modified_time":"2024-02-19T12:44:14+00:00","og_image":[{"width":1110,"height":740,"url":"https:\/\/www.creilsudoise-tourisme.fr\/wp-content\/uploads\/2024\/01\/Maison_Pierre-Saint_Maximin-Smellinckx_Oise_Tourisme-1.jpg","type":"image\/jpeg"}],"twitter_card":"summary_large_image","twitter_site":"@CreilSudOiseOT","twitter_misc":{"Tiempo de lectura":"1 minuto"},"schema":{"@context":"https:\/\/schema.org","@graph":[{"@type":"WebPage","@id":"https:\/\/www.creilsudoise-tourisme.fr\/je-cherche\/tournage\/decors-industriels\/decor-tournage-carriere-souterraine\/","url":"https:\/\/www.creilsudoise-tourisme.fr\/je-cherche\/tournage\/decors-industriels\/decor-tournage-carriere-souterraine\/","name":"La carri\u00e8re Souterraine Parrain","isPartOf":{"@id":"https:\/\/www.creilsudoise-tourisme.fr\/#website"},"datePublished":"2024-02-06T13:38:16+00:00","dateModified":"2024-02-19T12:44:14+00:00","description":"Voici la fiche technique du d\u00e9cor carrier de la Carri\u00e8re souterraine Parrain de la Maison de la Pierre \u00e0 Saint Maximin \u00e0 60km de Paris.","breadcrumb":{"@id":"https:\/\/www.creilsudoise-tourisme.fr\/je-cherche\/tournage\/decors-industriels\/decor-tournage-carriere-souterraine\/#breadcrumb"},"inLanguage":"es","potentialAction":[{"@type":"ReadAction","target":["https:\/\/www.creilsudoise-tourisme.fr\/je-cherche\/tournage\/decors-industriels\/decor-tournage-carriere-souterraine\/"]}]},{"@type":"BreadcrumbList","@id":"https:\/\/www.creilsudoise-tourisme.fr\/je-cherche\/tournage\/decors-industriels\/decor-tournage-carriere-souterraine\/#breadcrumb","itemListElement":[{"@type":"ListItem","position":1,"name":"Accueil","item":"https:\/\/www.creilsudoise-tourisme.fr\/"},{"@type":"ListItem","position":2,"name":"Je cherche","item":"https:\/\/www.creilsudoise-tourisme.fr\/je-cherche\/"},{"@type":"ListItem","position":3,"name":"Un lieu de tournage","item":"https:\/\/www.creilsudoise-tourisme.fr\/je-cherche\/tournage\/"},{"@type":"ListItem","position":4,"name":"D\u00e9cors carriers","item":"https:\/\/www.creilsudoise-tourisme.fr\/je-cherche\/tournage\/decors-industriels\/"},{"@type":"ListItem","position":5,"name":"LA CARRIERE SOUTERRAINE PARRAIN"}]},{"@type":"WebSite","@id":"https:\/\/www.creilsudoise-tourisme.fr\/#website","url":"https:\/\/www.creilsudoise-tourisme.fr\/","name":"Office de Tourisme Creil Sud Oise","description":"Creil Sud Oise Tourisme, un territoire \u00e0 explorer !","publisher":{"@id":"https:\/\/www.creilsudoise-tourisme.fr\/#organization"},"potentialAction":[{"@type":"SearchAction","target":{"@type":"EntryPoint","urlTemplate":"https:\/\/www.creilsudoise-tourisme.fr\/?s={search_term_string}"},"query-input":"required name=search_term_string"}],"inLanguage":"es"},{"@type":"Organization","@id":"https:\/\/www.creilsudoise-tourisme.fr\/#organization","name":"Creil Sud Oise Tourisme","url":"https:\/\/www.creilsudoise-tourisme.fr\/","logo":{"@type":"ImageObject","inLanguage":"es","@id":"https:\/\/www.creilsudoise-tourisme.fr\/#\/schema\/logo\/image\/","url":"https:\/\/www.creilsudoise-tourisme.fr\/wp-content\/uploads\/2021\/05\/logo-svg.png","contentUrl":"https:\/\/www.creilsudoise-tourisme.fr\/wp-content\/uploads\/2021\/05\/logo-svg.png","width":182,"height":71,"caption":"Creil Sud Oise Tourisme"},"image":{"@id":"https:\/\/www.creilsudoise-tourisme.fr\/#\/schema\/logo\/image\/"},"sameAs":["https:\/\/www.facebook.com\/creilsudoisetourisme\/","https:\/\/twitter.com\/CreilSudOiseOT","https:\/\/www.instagram.com\/creilsudoisetourisme\/","https:\/\/www.youtube.com\/channel\/UC8L_QD2wwyADW14zt9fY8kw"]}]}},"_links":{"self":[{"href":"https:\/\/www.creilsudoise-tourisme.fr\/es\/wp-json\/wp\/v2\/pages\/51753"}],"collection":[{"href":"https:\/\/www.creilsudoise-tourisme.fr\/es\/wp-json\/wp\/v2\/pages"}],"about":[{"href":"https:\/\/www.creilsudoise-tourisme.fr\/es\/wp-json\/wp\/v2\/types\/page"}],"author":[{"embeddable":true,"href":"https:\/\/www.creilsudoise-tourisme.fr\/es\/wp-json\/wp\/v2\/users\/12"}],"replies":[{"embeddable":true,"href":"https:\/\/www.creilsudoise-tourisme.fr\/es\/wp-json\/wp\/v2\/comments?post=51753"}],"version-history":[{"count":12,"href":"https:\/\/www.creilsudoise-tourisme.fr\/es\/wp-json\/wp\/v2\/pages\/51753\/revisions"}],"predecessor-version":[{"id":51909,"href":"https:\/\/www.creilsudoise-tourisme.fr\/es\/wp-json\/wp\/v2\/pages\/51753\/revisions\/51909"}],"up":[{"embeddable":true,"href":"https:\/\/www.creilsudoise-tourisme.fr\/es\/wp-json\/wp\/v2\/pages\/50606"}],"wp:featuredmedia":[{"embeddable":true,"href":"https:\/\/www.creilsudoise-tourisme.fr\/es\/wp-json\/wp\/v2\/media\/51835"}],"wp:attachment":[{"href":"https:\/\/www.creilsudoise-tourisme.fr\/es\/wp-json\/wp\/v2\/media?parent=51753"}],"curies":[{"name":"wp","href":"https:\/\/api.w.org\/{rel}","templated":true}]}}