{"id":51576,"date":"2024-02-06T14:36:33","date_gmt":"2024-02-06T13:36:33","guid":{"rendered":"https:\/\/www.creilsudoise-tourisme.fr\/?page_id=51576"},"modified":"2024-02-19T13:55:50","modified_gmt":"2024-02-19T12:55:50","slug":"decor-jardin-de-la-maion-gallet-juillet","status":"publish","type":"page","link":"https:\/\/www.creilsudoise-tourisme.fr\/es\/i-search\/disparando\/naturaleza-decoracion\/decoracion-jardin-de-la-galleta-de-maleon-julio\/","title":{"rendered":"La Maison Gallet Julio"},"content":{"rendered":"<p class=\"is-style-excerpt\"><em>La casa Gall\u00e9-Juillet, habitada durante todo el siglo XIX<sup>e<\/sup> Esta residencia hist\u00f3rica, construida en el siglo XIX por una importante familia de Creillon, est\u00e1 amueblada al estilo de la Belle \u00c9poque. El ambiente de 19<sup>e<\/sup> El esp\u00edritu del siglo XIX es palpable en todas las estancias, desde la cocina a los dormitorios, el comedor neog\u00f3tico, el rom\u00e1ntico sal\u00f3n, el estudio, el estudio del artista y el tocador. <\/em><\/p>\n\n\n\n<h2><strong><em>La Maison Gall\u00e9-Juillet<\/em><\/strong><\/h2>\n\n\n\n<figure class=\"is-layout-flex wp-block-gallery-1 wp-block-gallery has-nested-images columns-default is-cropped\">\n<figure class=\"wp-block-image size-large\"><img decoding=\"async\" loading=\"lazy\" width=\"1200\" height=\"798\" data-id=\"38915\"  data-src=\"https:\/\/www.creilsudoise-tourisme.fr\/wp-content\/uploads\/2021\/11\/Musee-Galle-Juillet-\u00a9X.-RENOUX-Oise-Tourisme-1200x798.jpg\" alt=\"Museo Gall\u00e9-Juillet\" class=\"wp-image-38915\" data-srcset=\"https:\/\/www.creilsudoise-tourisme.fr\/wp-content\/uploads\/2021\/11\/Musee-Galle-Juillet-\u00a9X.-RENOUX-Oise-Tourisme-1200x798.jpg 1200w, https:\/\/www.creilsudoise-tourisme.fr\/wp-content\/uploads\/2021\/11\/Musee-Galle-Juillet-\u00a9X.-RENOUX-Oise-Tourisme-600x399.jpg 600w, https:\/\/www.creilsudoise-tourisme.fr\/wp-content\/uploads\/2021\/11\/Musee-Galle-Juillet-\u00a9X.-RENOUX-Oise-Tourisme-900x598.jpg 900w, https:\/\/www.creilsudoise-tourisme.fr\/wp-content\/uploads\/2021\/11\/Musee-Galle-Juillet-\u00a9X.-RENOUX-Oise-Tourisme-200x133.jpg 200w, https:\/\/www.creilsudoise-tourisme.fr\/wp-content\/uploads\/2021\/11\/Musee-Galle-Juillet-\u00a9X.-RENOUX-Oise-Tourisme-650x432.jpg 650w, https:\/\/www.creilsudoise-tourisme.fr\/wp-content\/uploads\/2021\/11\/Musee-Galle-Juillet-\u00a9X.-RENOUX-Oise-Tourisme-387x257.jpg 387w, https:\/\/www.creilsudoise-tourisme.fr\/wp-content\/uploads\/2021\/11\/Musee-Galle-Juillet-\u00a9X.-RENOUX-Oise-Tourisme.jpg 1480w\" sizes=\"(max-width: 1200px) 100vw, 1200px\" \/><\/figure>\n<\/figure>\n\n\n\n<h3>Tipo de emplazamiento<\/h3>\n\n\n\n<p>Tipo de ERP: Y &nbsp;&nbsp;&nbsp;&nbsp;&nbsp;&nbsp;<\/p>\n\n\n\n<h3>Categor\u00eda<\/h3>\n\n\n\n<p>Categor\u00eda : 5<\/p>\n\n\n\n<p>Museo.<\/p>\n\n\n\n<h4>Medio ambiente <\/h4>\n\n\n\n<p>Patio privado, jardines, ciudad.<\/p>\n\n\n<div class=\"wp-block wp-block-highlight\">\n            <h3 class=\"wp-block-highlight-item wp-block-highlight-title\">Situaci\u00f3n<\/h3>\n                <p class=\"wp-block-highlight-item wp-block-highlight-excerpt\">Ciudad: 60100 Creil <br>Provincia : Oise<br>Regi\u00f3n: Hauts-de-France<\/p>\n    <\/div>\n\n\n<h3>Presentaci\u00f3n general<\/h3>\n\n\n\n<p>Casa burguesa del siglo XIX<sup>e<\/sup> Est\u00e1 catalogado como Museo de Francia y en \u00e9l se exponen muebles, objetos de arte y pinturas.<\/p>\n\n\n\n<h4>Estado del sitio<\/h4>\n\n\n\n<p>Buen estado. <\/p>\n\n\n\n<h4>Historia del sitio<\/h4>\n\n\n\n<p>Casa construida en el primer piso del antiguo castillo real de Creil, edificado por los condes de Clermont a finales del siglo XII.<sup>e<\/sup> siglo XIV, cuna del rey Carlos IV y ampliada por Carlos V a finales del siglo XIV.<sup>e<\/sup> y ocupada por los reyes de Francia hasta el siglo XVII.<sup>e<\/sup> siglo.<\/p>\n\n\n\n<p>Fue la residencia del director de la f\u00e1brica de loza de Creil a principios del siglo XIX.<sup>e<\/sup> Gall\u00e9-Juillet, familia de notables de Creillon, hasta el siglo XX.<sup>e<\/sup> siglo. La casa y las colecciones fueron donadas a la ciudad de Creil en 1930 por Berthe Gall\u00e9, tras la muerte de su \u00fanico hijo en la Primera Guerra Mundial y de su marido en 1928.<\/p>\n\n\n\n<h4>Per\u00edodo de construcci\u00f3n<\/h4>\n\n\n\n<p>Construido en 1788 en un primer nivel al final de 12<sup>e<\/sup> - principios del 13<sup>e<\/sup> siglo.<\/p>\n\n\n\n<h4>Estilo dominante<\/h4>\n\n\n\n<p>19<sup>e<\/sup> a la Belle \u00e9poque.<\/p>\n\n\n\n<h4>Estilos particulares <\/h4>\n\n\n\n<p>Cubierto. <\/p>\n\n\n\n<h4>Caracter\u00edsticas arquitect\u00f3nicas excepcionales<\/h4>\n\n\n\n<p>B\u00f3vedas medievales, terraza, invernadero.<\/p>\n\n\n\n<h4>Datos t\u00e9cnicos<\/h4>\n\n\n\n<p>X Suministro el\u00e9ctrico X Aparcamiento \u25a1 Acceso para veh\u00edculos pesados \u25a1 Vestuarios&nbsp;&nbsp;&nbsp;&nbsp;&nbsp;&nbsp;&nbsp;&nbsp;&nbsp;&nbsp;&nbsp;&nbsp; &nbsp;<\/p>\n\n\n\n<p>X Aseos<\/p>\n\n\n\n<p>Otros: superficie de unos 600 m\u00b2.<\/p>\n\n\n\n<h4>Caracter\u00edsticas especiales<\/h4>\n\n\n\n<p>Jard\u00edn, vistas al Oise, patio privado<\/p>\n\n\n\n<p>Numerosas obras de arte (fr\u00e1giles)<\/p>\n\n\n\n<hr class=\"wp-block-separator has-alpha-channel-opacity\"\/>\n\n\n\n<hr class=\"wp-block-separator has-alpha-channel-opacity\"\/>","protected":false},"excerpt":{"rendered":"<p>La casa Gall\u00e9-Juillet, habitada durante todo el siglo XIX por una familia de notables de Creillon, es una residencia hist\u00f3rica amueblada al estilo de la Belle \u00c9poque. El ambiente decimon\u00f3nico se respira en todas las estancias, desde la cocina hasta las habitaciones, pasando por el comedor neog\u00f3tico, el sal\u00f3n rom\u00e1ntico, el estudio, el taller [...].<\/p>","protected":false},"author":12,"featured_media":38915,"parent":50605,"menu_order":2,"comment_status":"closed","ping_status":"closed","template":"","meta":{"_relevanssi_hide_post":"","_relevanssi_hide_content":"","_relevanssi_pin_for_all":"","_relevanssi_pin_keywords":"","_relevanssi_unpin_keywords":"","_relevanssi_related_keywords":"","_relevanssi_related_include_ids":"","_relevanssi_related_exclude_ids":"","_relevanssi_related_no_append":"","_relevanssi_related_not_related":"","_relevanssi_related_posts":"38921,40150,43606,39785,42107,39133","_relevanssi_noindex_reason":""},"yoast_head":"<!-- This site is optimized with the Yoast SEO plugin v20.2.1 - https:\/\/yoast.com\/wordpress\/plugins\/seo\/ -->\n<title>D\u00e9cor de tournage : la Maison Gall\u00e9 Juillet.<\/title>\n<meta name=\"description\" content=\"La maison Gall\u00e9-Juillet, habit\u00e9e tout au long du 19e si\u00e8cle par une famille de notables creillois, est une demeure historique meubl\u00e9e comme \u00e0 la Belle Voici la fiche technique du d\u00e9cor b\u00e2ti dans la a Maison Gall\u00e9-Juillet. Le jardin de la Maison Gallet -Juillet de Creil \u00e0 60km de Paris.\" \/>\n<meta name=\"robots\" content=\"index, follow, max-snippet:-1, max-image-preview:large, max-video-preview:-1\" \/>\n<link rel=\"canonical\" href=\"https:\/\/www.creilsudoise-tourisme.fr\/es\/i-search\/disparando\/naturaleza-decoracion\/decoracion-jardin-de-la-galleta-de-maleon-julio\/\" \/>\n<meta property=\"og:locale\" content=\"es_ES\" \/>\n<meta property=\"og:type\" content=\"article\" \/>\n<meta property=\"og:title\" content=\"D\u00e9cor de tournage : la Maison Gall\u00e9 Juillet.\" \/>\n<meta property=\"og:description\" content=\"La maison Gall\u00e9-Juillet, habit\u00e9e tout au long du 19e si\u00e8cle par une famille de notables creillois, est une demeure historique meubl\u00e9e comme \u00e0 la Belle Voici la fiche technique du d\u00e9cor b\u00e2ti dans la a Maison Gall\u00e9-Juillet. Le jardin de la Maison Gallet -Juillet de Creil \u00e0 60km de Paris.\" \/>\n<meta property=\"og:url\" content=\"https:\/\/www.creilsudoise-tourisme.fr\/es\/i-search\/disparando\/naturaleza-decoracion\/decoracion-jardin-de-la-galleta-de-maleon-julio\/\" \/>\n<meta property=\"og:site_name\" content=\"Office de Tourisme Creil Sud Oise\" \/>\n<meta property=\"article:publisher\" content=\"https:\/\/www.facebook.com\/creilsudoisetourisme\/\" \/>\n<meta property=\"article:modified_time\" content=\"2024-02-19T12:55:50+00:00\" \/>\n<meta property=\"og:image\" content=\"https:\/\/www.creilsudoise-tourisme.fr\/wp-content\/uploads\/2021\/11\/Musee-Galle-Juillet-\u00a9X.-RENOUX-Oise-Tourisme.jpg\" \/>\n\t<meta property=\"og:image:width\" content=\"1480\" \/>\n\t<meta property=\"og:image:height\" content=\"984\" \/>\n\t<meta property=\"og:image:type\" content=\"image\/jpeg\" \/>\n<meta name=\"twitter:card\" content=\"summary_large_image\" \/>\n<meta name=\"twitter:site\" content=\"@CreilSudOiseOT\" \/>\n<meta name=\"twitter:label1\" content=\"Tiempo de lectura\" \/>\n\t<meta name=\"twitter:data1\" content=\"2 minutos\" \/>\n<script type=\"application\/ld+json\" class=\"yoast-schema-graph\">{\"@context\":\"https:\/\/schema.org\",\"@graph\":[{\"@type\":\"WebPage\",\"@id\":\"https:\/\/www.creilsudoise-tourisme.fr\/je-cherche\/tournage\/decors-naturels\/decor-jardin-de-la-maion-gallet-juillet\/\",\"url\":\"https:\/\/www.creilsudoise-tourisme.fr\/je-cherche\/tournage\/decors-naturels\/decor-jardin-de-la-maion-gallet-juillet\/\",\"name\":\"D\u00e9cor de tournage : la Maison Gall\u00e9 Juillet.\",\"isPartOf\":{\"@id\":\"https:\/\/www.creilsudoise-tourisme.fr\/#website\"},\"datePublished\":\"2024-02-06T13:36:33+00:00\",\"dateModified\":\"2024-02-19T12:55:50+00:00\",\"description\":\"La maison Gall\u00e9-Juillet, habit\u00e9e tout au long du 19e si\u00e8cle par une famille de notables creillois, est une demeure historique meubl\u00e9e comme \u00e0 la Belle Voici la fiche technique du d\u00e9cor b\u00e2ti dans la a Maison Gall\u00e9-Juillet. Le jardin de la Maison Gallet -Juillet de Creil \u00e0 60km de Paris.\",\"breadcrumb\":{\"@id\":\"https:\/\/www.creilsudoise-tourisme.fr\/je-cherche\/tournage\/decors-naturels\/decor-jardin-de-la-maion-gallet-juillet\/#breadcrumb\"},\"inLanguage\":\"es\",\"potentialAction\":[{\"@type\":\"ReadAction\",\"target\":[\"https:\/\/www.creilsudoise-tourisme.fr\/je-cherche\/tournage\/decors-naturels\/decor-jardin-de-la-maion-gallet-juillet\/\"]}]},{\"@type\":\"BreadcrumbList\",\"@id\":\"https:\/\/www.creilsudoise-tourisme.fr\/je-cherche\/tournage\/decors-naturels\/decor-jardin-de-la-maion-gallet-juillet\/#breadcrumb\",\"itemListElement\":[{\"@type\":\"ListItem\",\"position\":1,\"name\":\"Accueil\",\"item\":\"https:\/\/www.creilsudoise-tourisme.fr\/\"},{\"@type\":\"ListItem\",\"position\":2,\"name\":\"Je cherche\",\"item\":\"https:\/\/www.creilsudoise-tourisme.fr\/je-cherche\/\"},{\"@type\":\"ListItem\",\"position\":3,\"name\":\"Un lieu de tournage\",\"item\":\"https:\/\/www.creilsudoise-tourisme.fr\/je-cherche\/tournage\/\"},{\"@type\":\"ListItem\",\"position\":4,\"name\":\"D\u00e9cors naturels\",\"item\":\"https:\/\/www.creilsudoise-tourisme.fr\/je-cherche\/tournage\/decors-naturels\/\"},{\"@type\":\"ListItem\",\"position\":5,\"name\":\"La Maison Gallet Juillet\"}]},{\"@type\":\"WebSite\",\"@id\":\"https:\/\/www.creilsudoise-tourisme.fr\/#website\",\"url\":\"https:\/\/www.creilsudoise-tourisme.fr\/\",\"name\":\"Office de Tourisme Creil Sud Oise\",\"description\":\"Creil Sud Oise Tourisme, un territoire \u00e0 explorer !\",\"publisher\":{\"@id\":\"https:\/\/www.creilsudoise-tourisme.fr\/#organization\"},\"potentialAction\":[{\"@type\":\"SearchAction\",\"target\":{\"@type\":\"EntryPoint\",\"urlTemplate\":\"https:\/\/www.creilsudoise-tourisme.fr\/?s={search_term_string}\"},\"query-input\":\"required name=search_term_string\"}],\"inLanguage\":\"es\"},{\"@type\":\"Organization\",\"@id\":\"https:\/\/www.creilsudoise-tourisme.fr\/#organization\",\"name\":\"Creil Sud Oise Tourisme\",\"url\":\"https:\/\/www.creilsudoise-tourisme.fr\/\",\"logo\":{\"@type\":\"ImageObject\",\"inLanguage\":\"es\",\"@id\":\"https:\/\/www.creilsudoise-tourisme.fr\/#\/schema\/logo\/image\/\",\"url\":\"https:\/\/www.creilsudoise-tourisme.fr\/wp-content\/uploads\/2021\/05\/logo-svg.png\",\"contentUrl\":\"https:\/\/www.creilsudoise-tourisme.fr\/wp-content\/uploads\/2021\/05\/logo-svg.png\",\"width\":182,\"height\":71,\"caption\":\"Creil Sud Oise Tourisme\"},\"image\":{\"@id\":\"https:\/\/www.creilsudoise-tourisme.fr\/#\/schema\/logo\/image\/\"},\"sameAs\":[\"https:\/\/www.facebook.com\/creilsudoisetourisme\/\",\"https:\/\/twitter.com\/CreilSudOiseOT\",\"https:\/\/www.instagram.com\/creilsudoisetourisme\/\",\"https:\/\/www.youtube.com\/channel\/UC8L_QD2wwyADW14zt9fY8kw\"]}]}<\/script>\n<!-- \/ Yoast SEO plugin. -->","yoast_head_json":{"title":"D\u00e9cor de tournage : la Maison Gall\u00e9 Juillet.","description":"La maison Gall\u00e9-Juillet, habit\u00e9e tout au long du 19e si\u00e8cle par une famille de notables creillois, est une demeure historique meubl\u00e9e comme \u00e0 la Belle Voici la fiche technique du d\u00e9cor b\u00e2ti dans la a Maison Gall\u00e9-Juillet. Le jardin de la Maison Gallet -Juillet de Creil \u00e0 60km de Paris.","robots":{"index":"index","follow":"follow","max-snippet":"max-snippet:-1","max-image-preview":"max-image-preview:large","max-video-preview":"max-video-preview:-1"},"canonical":"https:\/\/www.creilsudoise-tourisme.fr\/es\/i-search\/disparando\/naturaleza-decoracion\/decoracion-jardin-de-la-galleta-de-maleon-julio\/","og_locale":"es_ES","og_type":"article","og_title":"D\u00e9cor de tournage : la Maison Gall\u00e9 Juillet.","og_description":"La maison Gall\u00e9-Juillet, habit\u00e9e tout au long du 19e si\u00e8cle par une famille de notables creillois, est une demeure historique meubl\u00e9e comme \u00e0 la Belle Voici la fiche technique du d\u00e9cor b\u00e2ti dans la a Maison Gall\u00e9-Juillet. Le jardin de la Maison Gallet -Juillet de Creil \u00e0 60km de Paris.","og_url":"https:\/\/www.creilsudoise-tourisme.fr\/es\/i-search\/disparando\/naturaleza-decoracion\/decoracion-jardin-de-la-galleta-de-maleon-julio\/","og_site_name":"Office de Tourisme Creil Sud Oise","article_publisher":"https:\/\/www.facebook.com\/creilsudoisetourisme\/","article_modified_time":"2024-02-19T12:55:50+00:00","og_image":[{"width":1480,"height":984,"url":"https:\/\/www.creilsudoise-tourisme.fr\/wp-content\/uploads\/2021\/11\/Musee-Galle-Juillet-\u00a9X.-RENOUX-Oise-Tourisme.jpg","type":"image\/jpeg"}],"twitter_card":"summary_large_image","twitter_site":"@CreilSudOiseOT","twitter_misc":{"Tiempo de lectura":"2 minutos"},"schema":{"@context":"https:\/\/schema.org","@graph":[{"@type":"WebPage","@id":"https:\/\/www.creilsudoise-tourisme.fr\/je-cherche\/tournage\/decors-naturels\/decor-jardin-de-la-maion-gallet-juillet\/","url":"https:\/\/www.creilsudoise-tourisme.fr\/je-cherche\/tournage\/decors-naturels\/decor-jardin-de-la-maion-gallet-juillet\/","name":"D\u00e9cor de tournage : la Maison Gall\u00e9 Juillet.","isPartOf":{"@id":"https:\/\/www.creilsudoise-tourisme.fr\/#website"},"datePublished":"2024-02-06T13:36:33+00:00","dateModified":"2024-02-19T12:55:50+00:00","description":"La maison Gall\u00e9-Juillet, habit\u00e9e tout au long du 19e si\u00e8cle par une famille de notables creillois, est une demeure historique meubl\u00e9e comme \u00e0 la Belle Voici la fiche technique du d\u00e9cor b\u00e2ti dans la a Maison Gall\u00e9-Juillet. Le jardin de la Maison Gallet -Juillet de Creil \u00e0 60km de Paris.","breadcrumb":{"@id":"https:\/\/www.creilsudoise-tourisme.fr\/je-cherche\/tournage\/decors-naturels\/decor-jardin-de-la-maion-gallet-juillet\/#breadcrumb"},"inLanguage":"es","potentialAction":[{"@type":"ReadAction","target":["https:\/\/www.creilsudoise-tourisme.fr\/je-cherche\/tournage\/decors-naturels\/decor-jardin-de-la-maion-gallet-juillet\/"]}]},{"@type":"BreadcrumbList","@id":"https:\/\/www.creilsudoise-tourisme.fr\/je-cherche\/tournage\/decors-naturels\/decor-jardin-de-la-maion-gallet-juillet\/#breadcrumb","itemListElement":[{"@type":"ListItem","position":1,"name":"Accueil","item":"https:\/\/www.creilsudoise-tourisme.fr\/"},{"@type":"ListItem","position":2,"name":"Je cherche","item":"https:\/\/www.creilsudoise-tourisme.fr\/je-cherche\/"},{"@type":"ListItem","position":3,"name":"Un lieu de tournage","item":"https:\/\/www.creilsudoise-tourisme.fr\/je-cherche\/tournage\/"},{"@type":"ListItem","position":4,"name":"D\u00e9cors naturels","item":"https:\/\/www.creilsudoise-tourisme.fr\/je-cherche\/tournage\/decors-naturels\/"},{"@type":"ListItem","position":5,"name":"La Maison Gallet Juillet"}]},{"@type":"WebSite","@id":"https:\/\/www.creilsudoise-tourisme.fr\/#website","url":"https:\/\/www.creilsudoise-tourisme.fr\/","name":"Office de Tourisme Creil Sud Oise","description":"Creil Sud Oise Tourisme, un territoire \u00e0 explorer !","publisher":{"@id":"https:\/\/www.creilsudoise-tourisme.fr\/#organization"},"potentialAction":[{"@type":"SearchAction","target":{"@type":"EntryPoint","urlTemplate":"https:\/\/www.creilsudoise-tourisme.fr\/?s={search_term_string}"},"query-input":"required name=search_term_string"}],"inLanguage":"es"},{"@type":"Organization","@id":"https:\/\/www.creilsudoise-tourisme.fr\/#organization","name":"Creil Sud Oise Tourisme","url":"https:\/\/www.creilsudoise-tourisme.fr\/","logo":{"@type":"ImageObject","inLanguage":"es","@id":"https:\/\/www.creilsudoise-tourisme.fr\/#\/schema\/logo\/image\/","url":"https:\/\/www.creilsudoise-tourisme.fr\/wp-content\/uploads\/2021\/05\/logo-svg.png","contentUrl":"https:\/\/www.creilsudoise-tourisme.fr\/wp-content\/uploads\/2021\/05\/logo-svg.png","width":182,"height":71,"caption":"Creil Sud Oise Tourisme"},"image":{"@id":"https:\/\/www.creilsudoise-tourisme.fr\/#\/schema\/logo\/image\/"},"sameAs":["https:\/\/www.facebook.com\/creilsudoisetourisme\/","https:\/\/twitter.com\/CreilSudOiseOT","https:\/\/www.instagram.com\/creilsudoisetourisme\/","https:\/\/www.youtube.com\/channel\/UC8L_QD2wwyADW14zt9fY8kw"]}]}},"_links":{"self":[{"href":"https:\/\/www.creilsudoise-tourisme.fr\/es\/wp-json\/wp\/v2\/pages\/51576"}],"collection":[{"href":"https:\/\/www.creilsudoise-tourisme.fr\/es\/wp-json\/wp\/v2\/pages"}],"about":[{"href":"https:\/\/www.creilsudoise-tourisme.fr\/es\/wp-json\/wp\/v2\/types\/page"}],"author":[{"embeddable":true,"href":"https:\/\/www.creilsudoise-tourisme.fr\/es\/wp-json\/wp\/v2\/users\/12"}],"replies":[{"embeddable":true,"href":"https:\/\/www.creilsudoise-tourisme.fr\/es\/wp-json\/wp\/v2\/comments?post=51576"}],"version-history":[{"count":11,"href":"https:\/\/www.creilsudoise-tourisme.fr\/es\/wp-json\/wp\/v2\/pages\/51576\/revisions"}],"predecessor-version":[{"id":52235,"href":"https:\/\/www.creilsudoise-tourisme.fr\/es\/wp-json\/wp\/v2\/pages\/51576\/revisions\/52235"}],"up":[{"embeddable":true,"href":"https:\/\/www.creilsudoise-tourisme.fr\/es\/wp-json\/wp\/v2\/pages\/50605"}],"wp:featuredmedia":[{"embeddable":true,"href":"https:\/\/www.creilsudoise-tourisme.fr\/es\/wp-json\/wp\/v2\/media\/38915"}],"wp:attachment":[{"href":"https:\/\/www.creilsudoise-tourisme.fr\/es\/wp-json\/wp\/v2\/media?parent=51576"}],"curies":[{"name":"wp","href":"https:\/\/api.w.org\/{rel}","templated":true}]}}