{"id":51570,"date":"2024-02-06T14:36:23","date_gmt":"2024-02-06T13:36:23","guid":{"rendered":"https:\/\/www.creilsudoise-tourisme.fr\/?page_id=51570"},"modified":"2024-02-19T16:24:08","modified_gmt":"2024-02-19T15:24:08","slug":"decor-jardin-de-la-maion-gallet-juillet-2","status":"publish","type":"page","link":"https:\/\/www.creilsudoise-tourisme.fr\/es\/i-search\/disparando\/naturaleza-decoracion\/decoracion-jardin-del-gallo-de-maion-julio-2\/","title":{"rendered":"El jard\u00edn de la Maison Gallet Julio"},"content":{"rendered":"<p class=\"is-style-excerpt\">La casa Gall\u00e9-Juillet, habitada a lo largo del XIX<sup>e<\/sup> Esta residencia hist\u00f3rica, construida en el siglo XIX por una importante familia de Creillon, est\u00e1 amueblada al estilo de la Belle \u00c9poque. Los jardines amurallados de la propiedad se dividen en un jard\u00edn franc\u00e9s regular y un jard\u00edn ingl\u00e9s irregular. \u00a0<\/p>\n\n\n\n<h2><strong><em>JARD\u00cdN DEL MUSEO GALL\u00c9-JUILLET<\/em><\/strong><\/h2>\n\n\n\n<figure class=\"is-layout-flex wp-block-gallery-1 wp-block-gallery has-nested-images columns-default is-cropped\">\n<figure class=\"wp-block-image size-large\"><img decoding=\"async\" loading=\"lazy\" width=\"647\" height=\"485\" data-id=\"51589\"  data-src=\"https:\/\/www.creilsudoise-tourisme.fr\/wp-content\/uploads\/2024\/01\/12.jpg\" alt=\"Le Jardin du Mus\u00e9e Gall\u00e9-Juillet cine rodaje sur oise paris\" class=\"wp-image-51589\" data-srcset=\"https:\/\/www.creilsudoise-tourisme.fr\/wp-content\/uploads\/2024\/01\/12.jpg 647w, https:\/\/www.creilsudoise-tourisme.fr\/wp-content\/uploads\/2024\/01\/12-600x450.jpg 600w, https:\/\/www.creilsudoise-tourisme.fr\/wp-content\/uploads\/2024\/01\/12-16x12.jpg 16w, https:\/\/www.creilsudoise-tourisme.fr\/wp-content\/uploads\/2024\/01\/12-200x150.jpg 200w, https:\/\/www.creilsudoise-tourisme.fr\/wp-content\/uploads\/2024\/01\/12-387x290.jpg 387w\" sizes=\"(max-width: 647px) 100vw, 647px\" \/><figcaption class=\"wp-element-caption\">Creil Sud Oise Tourisme - Nouara Lebachiche<\/figcaption><\/figure>\n\n\n\n<figure class=\"wp-block-image size-large\"><img decoding=\"async\" loading=\"lazy\" width=\"660\" height=\"440\" data-id=\"51592\"  data-src=\"https:\/\/www.creilsudoise-tourisme.fr\/wp-content\/uploads\/2024\/01\/jar2.jpg\" alt=\"Le Jardin du Mus\u00e9e Gall\u00e9-Juillet cine rodaje sur oise paris\" class=\"wp-image-51592\" data-srcset=\"https:\/\/www.creilsudoise-tourisme.fr\/wp-content\/uploads\/2024\/01\/jar2.jpg 660w, https:\/\/www.creilsudoise-tourisme.fr\/wp-content\/uploads\/2024\/01\/jar2-600x400.jpg 600w, https:\/\/www.creilsudoise-tourisme.fr\/wp-content\/uploads\/2024\/01\/jar2-18x12.jpg 18w, https:\/\/www.creilsudoise-tourisme.fr\/wp-content\/uploads\/2024\/01\/jar2-200x133.jpg 200w, https:\/\/www.creilsudoise-tourisme.fr\/wp-content\/uploads\/2024\/01\/jar2-650x433.jpg 650w, https:\/\/www.creilsudoise-tourisme.fr\/wp-content\/uploads\/2024\/01\/jar2-387x258.jpg 387w\" sizes=\"(max-width: 660px) 100vw, 660px\" \/><figcaption class=\"wp-element-caption\">Creil Sud Oise Tourisme - Nouara Lebachiche<\/figcaption><\/figure>\n\n\n\n<figure class=\"wp-block-image size-large\"><img decoding=\"async\" loading=\"lazy\" width=\"605\" height=\"437\" data-id=\"51591\"  data-src=\"https:\/\/www.creilsudoise-tourisme.fr\/wp-content\/uploads\/2024\/01\/65.jpg\" alt=\"Le Jardin du Mus\u00e9e Gall\u00e9-Juillet cine rodaje sur oise paris\" class=\"wp-image-51591\" data-srcset=\"https:\/\/www.creilsudoise-tourisme.fr\/wp-content\/uploads\/2024\/01\/65.jpg 605w, https:\/\/www.creilsudoise-tourisme.fr\/wp-content\/uploads\/2024\/01\/65-600x433.jpg 600w, https:\/\/www.creilsudoise-tourisme.fr\/wp-content\/uploads\/2024\/01\/65-18x12.jpg 18w, https:\/\/www.creilsudoise-tourisme.fr\/wp-content\/uploads\/2024\/01\/65-200x144.jpg 200w, https:\/\/www.creilsudoise-tourisme.fr\/wp-content\/uploads\/2024\/01\/65-387x280.jpg 387w\" sizes=\"(max-width: 605px) 100vw, 605px\" \/><figcaption class=\"wp-element-caption\">Creil Sud Oise Tourisme - Nouara Lebachiche<\/figcaption><\/figure>\n\n\n\n<figure class=\"wp-block-image size-large\"><img decoding=\"async\" loading=\"lazy\" width=\"318\" height=\"479\" data-id=\"51590\"  data-src=\"https:\/\/www.creilsudoise-tourisme.fr\/wp-content\/uploads\/2024\/01\/62.jpg\" alt=\"Le Jardin du Mus\u00e9e Gall\u00e9-Juillet cine rodaje sur oise paris\" class=\"wp-image-51590\" data-srcset=\"https:\/\/www.creilsudoise-tourisme.fr\/wp-content\/uploads\/2024\/01\/62.jpg 318w, https:\/\/www.creilsudoise-tourisme.fr\/wp-content\/uploads\/2024\/01\/62-8x12.jpg 8w, https:\/\/www.creilsudoise-tourisme.fr\/wp-content\/uploads\/2024\/01\/62-200x301.jpg 200w, https:\/\/www.creilsudoise-tourisme.fr\/wp-content\/uploads\/2024\/01\/62-282x424.jpg 282w\" sizes=\"(max-width: 318px) 100vw, 318px\" \/><figcaption class=\"wp-element-caption\">Creil Sud Oise Tourisme - Nouara Lebachiche<\/figcaption><\/figure>\n\n\n\n<figure class=\"wp-block-image size-large\"><img decoding=\"async\" loading=\"lazy\" width=\"360\" height=\"480\" data-id=\"51588\"  data-src=\"https:\/\/www.creilsudoise-tourisme.fr\/wp-content\/uploads\/2024\/01\/3-1.jpg\" alt=\"Le Jardin du Mus\u00e9e Gall\u00e9-Juillet cine rodaje sur oise paris\" class=\"wp-image-51588\" data-srcset=\"https:\/\/www.creilsudoise-tourisme.fr\/wp-content\/uploads\/2024\/01\/3-1.jpg 360w, https:\/\/www.creilsudoise-tourisme.fr\/wp-content\/uploads\/2024\/01\/3-1-9x12.jpg 9w, https:\/\/www.creilsudoise-tourisme.fr\/wp-content\/uploads\/2024\/01\/3-1-200x267.jpg 200w\" sizes=\"(max-width: 360px) 100vw, 360px\" \/><figcaption class=\"wp-element-caption\">Creil Sud Oise Tourisme - Nouara Lebachiche<\/figcaption><\/figure>\n<\/figure>\n\n\n\n<h3>Tipo de emplazamiento<\/h3>\n\n\n\n<p>Tipo de ERP: Y &nbsp;&nbsp;<\/p>\n\n\n\n<h3>Categor\u00eda<\/h3>\n\n\n\n<p>&nbsp;Categor\u00eda : 5<\/p>\n\n\n\n<p>Jard\u00edn.<\/p>\n\n\n\n<h4>Medio ambiente <\/h4>\n\n\n\n<p>Patio privado del museo Gall\u00e9-Juillet, Maison de la Fa\u00efence, ala norte del castillo medieval de Creil.<\/p>\n\n\n<div class=\"wp-block wp-block-highlight\">\n            <h3 class=\"wp-block-highlight-item wp-block-highlight-title\">Situaci\u00f3n<\/h3>\n                <p class=\"wp-block-highlight-item wp-block-highlight-excerpt\">Ciudad: 60100 Creil <br>Provincia : Oise<br>Regi\u00f3n: Hauts-de-France<\/p>\n    <\/div>\n\n\n<h3>Presentaci\u00f3n general<\/h3>\n\n\n\n<p>La parte suroeste del jard\u00edn se ha trazado al estilo ingl\u00e9s. En la cima de un mont\u00edculo se ha colocado una peque\u00f1a torreta, probablemente utilizada como palomar. Una escultura redonda, firmada por Gossin Fr\u00e8res, representa probablemente a Ceres.<\/p>\n\n\n\n<p><\/p>\n\n\n\n<p>Frente al muro bajo que rodea el jard\u00edn, la vanguardia de Saint-M\u00e9dard ha erigido un cenotafio en memoria de Maurice Gall\u00e9, muerto en la Primera Guerra Mundial.<\/p>\n\n\n\n<p><\/p>\n\n\n\n<p>En contraste con el Jardin \u00e0 l'Anglaise, el Jardin \u00e0 la Fran\u00e7aise da la imagen de una naturaleza controlada por el hombre. Situado al noreste, se compone de parterres dispuestos sim\u00e9tricamente y de parterres en forma de Medici. Situado en el centro del jard\u00edn, el pozo era un elemento esencial que proporcionaba el agua necesaria para la higiene personal, la limpieza de la casa y la alimentaci\u00f3n.<\/p>\n\n\n\n<h4>Estado del sitio<\/h4>\n\n\n\n<p>Buen estado.<\/p>\n\n\n\n<h4>Historia del sitio<\/h4>\n\n\n\n<p>Jard\u00edn transformado a lo largo de los siglos, conservado principalmente en su estado del siglo XIX<sup>e<\/sup> siglo.<\/p>\n\n\n\n<h4>Per\u00edodo de construcci\u00f3n<\/h4>\n\n\n\n<p>19<sup>e<\/sup> siglo.<\/p>\n\n\n\n<h4>Estilo dominante<\/h4>\n\n\n\n<p>19<sup>e<\/sup> a la Belle \u00e9poque.<\/p>\n\n\n\n<h4>Estilos particulares <\/h4>\n\n\n\n<p>Al aire libre. <\/p>\n\n\n\n<h4>Caracter\u00edsticas arquitect\u00f3nicas excepcionales<\/h4>\n\n\n\n<p>Jard\u00edn franc\u00e9s, jard\u00edn ingl\u00e9s, pozo, palomar.<\/p>\n\n\n\n<h4>Datos t\u00e9cnicos<\/h4>\n\n\n\n<p>&nbsp;&nbsp; \u25a1 Suministro el\u00e9ctrico X Aparcamiento \u25a1 Acceso para veh\u00edculos pesados \u25a1 Vestuarios&nbsp;&nbsp;&nbsp;&nbsp;&nbsp;&nbsp;&nbsp;&nbsp;&nbsp;&nbsp;&nbsp;&nbsp; &nbsp;<\/p>\n\n\n\n<p>X Aseos<\/p>\n\n\n\n<p>Otros: superficie aproximada de 6.500 m\u00b2.<\/p>\n\n\n\n<h4>Caracter\u00edsticas especiales<\/h4>\n\n\n\n<p>Jard\u00edn, vistas al r\u00edo Oise, patio privado. <\/p>\n\n\n\n<hr class=\"wp-block-separator has-alpha-channel-opacity\"\/>\n\n\n\n<hr class=\"wp-block-separator has-alpha-channel-opacity\"\/>","protected":false},"excerpt":{"rendered":"<p>La casa Gall\u00e9-Juillet, habitada a lo largo del siglo XIX por una familia de notables de Creillon, es una residencia hist\u00f3rica amueblada al estilo de la Belle \u00c9poque. Los jardines amurallados de la propiedad constan de un jard\u00edn franc\u00e9s regular y un jard\u00edn ingl\u00e9s irregular.   JARD\u00cdN DEL MUSEO GALL\u00c9-JUILLET [...]<\/p>","protected":false},"author":12,"featured_media":51589,"parent":50605,"menu_order":0,"comment_status":"closed","ping_status":"closed","template":"","meta":{"_relevanssi_hide_post":"","_relevanssi_hide_content":"","_relevanssi_pin_for_all":"","_relevanssi_pin_keywords":"","_relevanssi_unpin_keywords":"","_relevanssi_related_keywords":"","_relevanssi_related_include_ids":"","_relevanssi_related_exclude_ids":"","_relevanssi_related_no_append":"","_relevanssi_related_not_related":"","_relevanssi_related_posts":"38921,40150,43606,39785,42107,39133","_relevanssi_noindex_reason":""},"yoast_head":"<!-- This site is optimized with the Yoast SEO plugin v20.2.1 - https:\/\/yoast.com\/wordpress\/plugins\/seo\/ -->\n<title>D\u00e9cor de tournage : le Jardin du la Maison Gall\u00e9 Juillet.<\/title>\n<meta name=\"description\" content=\"La maison Gall\u00e9-Juillet, habit\u00e9e tout au long du XIXe si\u00e8cle par une famille de notables creillois, est une demeure historique meubl\u00e9e comme \u00e0 la Belle Voici la fiche technique du d\u00e9cor naturel dans le Jardin de la Maison Gallet-Juillet. Le jardin de la Maison Gallet -Juillet de Creil \u00e0 60km de Paris.\" \/>\n<meta name=\"robots\" content=\"index, follow, max-snippet:-1, max-image-preview:large, max-video-preview:-1\" \/>\n<link rel=\"canonical\" href=\"https:\/\/www.creilsudoise-tourisme.fr\/es\/i-search\/disparando\/naturaleza-decoracion\/decoracion-jardin-del-gallo-de-maion-julio-2\/\" \/>\n<meta property=\"og:locale\" content=\"es_ES\" \/>\n<meta property=\"og:type\" content=\"article\" \/>\n<meta property=\"og:title\" content=\"D\u00e9cor de tournage : le Jardin du la Maison Gall\u00e9 Juillet.\" \/>\n<meta property=\"og:description\" content=\"La maison Gall\u00e9-Juillet, habit\u00e9e tout au long du XIXe si\u00e8cle par une famille de notables creillois, est une demeure historique meubl\u00e9e comme \u00e0 la Belle Voici la fiche technique du d\u00e9cor naturel dans le Jardin de la Maison Gallet-Juillet. Le jardin de la Maison Gallet -Juillet de Creil \u00e0 60km de Paris.\" \/>\n<meta property=\"og:url\" content=\"https:\/\/www.creilsudoise-tourisme.fr\/es\/i-search\/disparando\/naturaleza-decoracion\/decoracion-jardin-del-gallo-de-maion-julio-2\/\" \/>\n<meta property=\"og:site_name\" content=\"Office de Tourisme Creil Sud Oise\" \/>\n<meta property=\"article:publisher\" content=\"https:\/\/www.facebook.com\/creilsudoisetourisme\/\" \/>\n<meta property=\"article:modified_time\" content=\"2024-02-19T15:24:08+00:00\" \/>\n<meta property=\"og:image\" content=\"https:\/\/www.creilsudoise-tourisme.fr\/wp-content\/uploads\/2024\/01\/12.jpg\" \/>\n\t<meta property=\"og:image:width\" content=\"647\" \/>\n\t<meta property=\"og:image:height\" content=\"485\" \/>\n\t<meta property=\"og:image:type\" content=\"image\/jpeg\" \/>\n<meta name=\"twitter:card\" content=\"summary_large_image\" \/>\n<meta name=\"twitter:site\" content=\"@CreilSudOiseOT\" \/>\n<meta name=\"twitter:label1\" content=\"Tiempo de lectura\" \/>\n\t<meta name=\"twitter:data1\" content=\"2 minutos\" \/>\n<script type=\"application\/ld+json\" class=\"yoast-schema-graph\">{\"@context\":\"https:\/\/schema.org\",\"@graph\":[{\"@type\":\"WebPage\",\"@id\":\"https:\/\/www.creilsudoise-tourisme.fr\/je-cherche\/tournage\/decors-naturels\/decor-jardin-de-la-maion-gallet-juillet-2\/\",\"url\":\"https:\/\/www.creilsudoise-tourisme.fr\/je-cherche\/tournage\/decors-naturels\/decor-jardin-de-la-maion-gallet-juillet-2\/\",\"name\":\"D\u00e9cor de tournage : le Jardin du la Maison Gall\u00e9 Juillet.\",\"isPartOf\":{\"@id\":\"https:\/\/www.creilsudoise-tourisme.fr\/#website\"},\"datePublished\":\"2024-02-06T13:36:23+00:00\",\"dateModified\":\"2024-02-19T15:24:08+00:00\",\"description\":\"La maison Gall\u00e9-Juillet, habit\u00e9e tout au long du XIXe si\u00e8cle par une famille de notables creillois, est une demeure historique meubl\u00e9e comme \u00e0 la Belle Voici la fiche technique du d\u00e9cor naturel dans le Jardin de la Maison Gallet-Juillet. Le jardin de la Maison Gallet -Juillet de Creil \u00e0 60km de Paris.\",\"breadcrumb\":{\"@id\":\"https:\/\/www.creilsudoise-tourisme.fr\/je-cherche\/tournage\/decors-naturels\/decor-jardin-de-la-maion-gallet-juillet-2\/#breadcrumb\"},\"inLanguage\":\"es\",\"potentialAction\":[{\"@type\":\"ReadAction\",\"target\":[\"https:\/\/www.creilsudoise-tourisme.fr\/je-cherche\/tournage\/decors-naturels\/decor-jardin-de-la-maion-gallet-juillet-2\/\"]}]},{\"@type\":\"BreadcrumbList\",\"@id\":\"https:\/\/www.creilsudoise-tourisme.fr\/je-cherche\/tournage\/decors-naturels\/decor-jardin-de-la-maion-gallet-juillet-2\/#breadcrumb\",\"itemListElement\":[{\"@type\":\"ListItem\",\"position\":1,\"name\":\"Accueil\",\"item\":\"https:\/\/www.creilsudoise-tourisme.fr\/\"},{\"@type\":\"ListItem\",\"position\":2,\"name\":\"Je cherche\",\"item\":\"https:\/\/www.creilsudoise-tourisme.fr\/je-cherche\/\"},{\"@type\":\"ListItem\",\"position\":3,\"name\":\"Un lieu de tournage\",\"item\":\"https:\/\/www.creilsudoise-tourisme.fr\/je-cherche\/tournage\/\"},{\"@type\":\"ListItem\",\"position\":4,\"name\":\"D\u00e9cors naturels\",\"item\":\"https:\/\/www.creilsudoise-tourisme.fr\/je-cherche\/tournage\/decors-naturels\/\"},{\"@type\":\"ListItem\",\"position\":5,\"name\":\"Le Jardin de la Maison Gallet Juillet\"}]},{\"@type\":\"WebSite\",\"@id\":\"https:\/\/www.creilsudoise-tourisme.fr\/#website\",\"url\":\"https:\/\/www.creilsudoise-tourisme.fr\/\",\"name\":\"Office de Tourisme Creil Sud Oise\",\"description\":\"Creil Sud Oise Tourisme, un territoire \u00e0 explorer !\",\"publisher\":{\"@id\":\"https:\/\/www.creilsudoise-tourisme.fr\/#organization\"},\"potentialAction\":[{\"@type\":\"SearchAction\",\"target\":{\"@type\":\"EntryPoint\",\"urlTemplate\":\"https:\/\/www.creilsudoise-tourisme.fr\/?s={search_term_string}\"},\"query-input\":\"required name=search_term_string\"}],\"inLanguage\":\"es\"},{\"@type\":\"Organization\",\"@id\":\"https:\/\/www.creilsudoise-tourisme.fr\/#organization\",\"name\":\"Creil Sud Oise Tourisme\",\"url\":\"https:\/\/www.creilsudoise-tourisme.fr\/\",\"logo\":{\"@type\":\"ImageObject\",\"inLanguage\":\"es\",\"@id\":\"https:\/\/www.creilsudoise-tourisme.fr\/#\/schema\/logo\/image\/\",\"url\":\"https:\/\/www.creilsudoise-tourisme.fr\/wp-content\/uploads\/2021\/05\/logo-svg.png\",\"contentUrl\":\"https:\/\/www.creilsudoise-tourisme.fr\/wp-content\/uploads\/2021\/05\/logo-svg.png\",\"width\":182,\"height\":71,\"caption\":\"Creil Sud Oise Tourisme\"},\"image\":{\"@id\":\"https:\/\/www.creilsudoise-tourisme.fr\/#\/schema\/logo\/image\/\"},\"sameAs\":[\"https:\/\/www.facebook.com\/creilsudoisetourisme\/\",\"https:\/\/twitter.com\/CreilSudOiseOT\",\"https:\/\/www.instagram.com\/creilsudoisetourisme\/\",\"https:\/\/www.youtube.com\/channel\/UC8L_QD2wwyADW14zt9fY8kw\"]}]}<\/script>\n<!-- \/ Yoast SEO plugin. -->","yoast_head_json":{"title":"D\u00e9cor de tournage : le Jardin du la Maison Gall\u00e9 Juillet.","description":"La maison Gall\u00e9-Juillet, habit\u00e9e tout au long du XIXe si\u00e8cle par une famille de notables creillois, est une demeure historique meubl\u00e9e comme \u00e0 la Belle Voici la fiche technique du d\u00e9cor naturel dans le Jardin de la Maison Gallet-Juillet. Le jardin de la Maison Gallet -Juillet de Creil \u00e0 60km de Paris.","robots":{"index":"index","follow":"follow","max-snippet":"max-snippet:-1","max-image-preview":"max-image-preview:large","max-video-preview":"max-video-preview:-1"},"canonical":"https:\/\/www.creilsudoise-tourisme.fr\/es\/i-search\/disparando\/naturaleza-decoracion\/decoracion-jardin-del-gallo-de-maion-julio-2\/","og_locale":"es_ES","og_type":"article","og_title":"D\u00e9cor de tournage : le Jardin du la Maison Gall\u00e9 Juillet.","og_description":"La maison Gall\u00e9-Juillet, habit\u00e9e tout au long du XIXe si\u00e8cle par une famille de notables creillois, est une demeure historique meubl\u00e9e comme \u00e0 la Belle Voici la fiche technique du d\u00e9cor naturel dans le Jardin de la Maison Gallet-Juillet. Le jardin de la Maison Gallet -Juillet de Creil \u00e0 60km de Paris.","og_url":"https:\/\/www.creilsudoise-tourisme.fr\/es\/i-search\/disparando\/naturaleza-decoracion\/decoracion-jardin-del-gallo-de-maion-julio-2\/","og_site_name":"Office de Tourisme Creil Sud Oise","article_publisher":"https:\/\/www.facebook.com\/creilsudoisetourisme\/","article_modified_time":"2024-02-19T15:24:08+00:00","og_image":[{"width":647,"height":485,"url":"https:\/\/www.creilsudoise-tourisme.fr\/wp-content\/uploads\/2024\/01\/12.jpg","type":"image\/jpeg"}],"twitter_card":"summary_large_image","twitter_site":"@CreilSudOiseOT","twitter_misc":{"Tiempo de lectura":"2 minutos"},"schema":{"@context":"https:\/\/schema.org","@graph":[{"@type":"WebPage","@id":"https:\/\/www.creilsudoise-tourisme.fr\/je-cherche\/tournage\/decors-naturels\/decor-jardin-de-la-maion-gallet-juillet-2\/","url":"https:\/\/www.creilsudoise-tourisme.fr\/je-cherche\/tournage\/decors-naturels\/decor-jardin-de-la-maion-gallet-juillet-2\/","name":"D\u00e9cor de tournage : le Jardin du la Maison Gall\u00e9 Juillet.","isPartOf":{"@id":"https:\/\/www.creilsudoise-tourisme.fr\/#website"},"datePublished":"2024-02-06T13:36:23+00:00","dateModified":"2024-02-19T15:24:08+00:00","description":"La maison Gall\u00e9-Juillet, habit\u00e9e tout au long du XIXe si\u00e8cle par une famille de notables creillois, est une demeure historique meubl\u00e9e comme \u00e0 la Belle Voici la fiche technique du d\u00e9cor naturel dans le Jardin de la Maison Gallet-Juillet. Le jardin de la Maison Gallet -Juillet de Creil \u00e0 60km de Paris.","breadcrumb":{"@id":"https:\/\/www.creilsudoise-tourisme.fr\/je-cherche\/tournage\/decors-naturels\/decor-jardin-de-la-maion-gallet-juillet-2\/#breadcrumb"},"inLanguage":"es","potentialAction":[{"@type":"ReadAction","target":["https:\/\/www.creilsudoise-tourisme.fr\/je-cherche\/tournage\/decors-naturels\/decor-jardin-de-la-maion-gallet-juillet-2\/"]}]},{"@type":"BreadcrumbList","@id":"https:\/\/www.creilsudoise-tourisme.fr\/je-cherche\/tournage\/decors-naturels\/decor-jardin-de-la-maion-gallet-juillet-2\/#breadcrumb","itemListElement":[{"@type":"ListItem","position":1,"name":"Accueil","item":"https:\/\/www.creilsudoise-tourisme.fr\/"},{"@type":"ListItem","position":2,"name":"Je cherche","item":"https:\/\/www.creilsudoise-tourisme.fr\/je-cherche\/"},{"@type":"ListItem","position":3,"name":"Un lieu de tournage","item":"https:\/\/www.creilsudoise-tourisme.fr\/je-cherche\/tournage\/"},{"@type":"ListItem","position":4,"name":"D\u00e9cors naturels","item":"https:\/\/www.creilsudoise-tourisme.fr\/je-cherche\/tournage\/decors-naturels\/"},{"@type":"ListItem","position":5,"name":"Le Jardin de la Maison Gallet Juillet"}]},{"@type":"WebSite","@id":"https:\/\/www.creilsudoise-tourisme.fr\/#website","url":"https:\/\/www.creilsudoise-tourisme.fr\/","name":"Office de Tourisme Creil Sud Oise","description":"Creil Sud Oise Tourisme, un territoire \u00e0 explorer !","publisher":{"@id":"https:\/\/www.creilsudoise-tourisme.fr\/#organization"},"potentialAction":[{"@type":"SearchAction","target":{"@type":"EntryPoint","urlTemplate":"https:\/\/www.creilsudoise-tourisme.fr\/?s={search_term_string}"},"query-input":"required name=search_term_string"}],"inLanguage":"es"},{"@type":"Organization","@id":"https:\/\/www.creilsudoise-tourisme.fr\/#organization","name":"Creil Sud Oise Tourisme","url":"https:\/\/www.creilsudoise-tourisme.fr\/","logo":{"@type":"ImageObject","inLanguage":"es","@id":"https:\/\/www.creilsudoise-tourisme.fr\/#\/schema\/logo\/image\/","url":"https:\/\/www.creilsudoise-tourisme.fr\/wp-content\/uploads\/2021\/05\/logo-svg.png","contentUrl":"https:\/\/www.creilsudoise-tourisme.fr\/wp-content\/uploads\/2021\/05\/logo-svg.png","width":182,"height":71,"caption":"Creil Sud Oise Tourisme"},"image":{"@id":"https:\/\/www.creilsudoise-tourisme.fr\/#\/schema\/logo\/image\/"},"sameAs":["https:\/\/www.facebook.com\/creilsudoisetourisme\/","https:\/\/twitter.com\/CreilSudOiseOT","https:\/\/www.instagram.com\/creilsudoisetourisme\/","https:\/\/www.youtube.com\/channel\/UC8L_QD2wwyADW14zt9fY8kw"]}]}},"_links":{"self":[{"href":"https:\/\/www.creilsudoise-tourisme.fr\/es\/wp-json\/wp\/v2\/pages\/51570"}],"collection":[{"href":"https:\/\/www.creilsudoise-tourisme.fr\/es\/wp-json\/wp\/v2\/pages"}],"about":[{"href":"https:\/\/www.creilsudoise-tourisme.fr\/es\/wp-json\/wp\/v2\/types\/page"}],"author":[{"embeddable":true,"href":"https:\/\/www.creilsudoise-tourisme.fr\/es\/wp-json\/wp\/v2\/users\/12"}],"replies":[{"embeddable":true,"href":"https:\/\/www.creilsudoise-tourisme.fr\/es\/wp-json\/wp\/v2\/comments?post=51570"}],"version-history":[{"count":10,"href":"https:\/\/www.creilsudoise-tourisme.fr\/es\/wp-json\/wp\/v2\/pages\/51570\/revisions"}],"predecessor-version":[{"id":52241,"href":"https:\/\/www.creilsudoise-tourisme.fr\/es\/wp-json\/wp\/v2\/pages\/51570\/revisions\/52241"}],"up":[{"embeddable":true,"href":"https:\/\/www.creilsudoise-tourisme.fr\/es\/wp-json\/wp\/v2\/pages\/50605"}],"wp:featuredmedia":[{"embeddable":true,"href":"https:\/\/www.creilsudoise-tourisme.fr\/es\/wp-json\/wp\/v2\/media\/51589"}],"wp:attachment":[{"href":"https:\/\/www.creilsudoise-tourisme.fr\/es\/wp-json\/wp\/v2\/media?parent=51570"}],"curies":[{"name":"wp","href":"https:\/\/api.w.org\/{rel}","templated":true}]}}