{"id":51558,"date":"2024-02-06T14:35:44","date_gmt":"2024-02-06T13:35:44","guid":{"rendered":"https:\/\/www.creilsudoise-tourisme.fr\/?page_id=51558"},"modified":"2024-02-21T15:37:48","modified_gmt":"2024-02-21T14:37:48","slug":"tournage-eglise-gothique","status":"publish","type":"page","link":"https:\/\/www.creilsudoise-tourisme.fr\/es\/i-search\/disparando\/decors-batis\/iglesia-giratoria-gotica\/","title":{"rendered":"Iglesia de Saint-M\u00e9dard"},"content":{"rendered":"<p class=\"is-style-excerpt\"><em>Construido principalmente en la \u00e9poca medieval, entre el 13<sup>e<\/sup> y 15<sup>e<\/sup> La iglesia Saint-M\u00e9dard es uno de los tesoros patrimoniales de Creil. Desde sus or\u00edgenes, est\u00e1 destinada al culto cat\u00f3lico y pertenece a la ciudad de Creil desde la ley de 9 de diciembre de 1905 relativa a la separaci\u00f3n de las Iglesias y el Estado. <\/em><\/p>\n\n\n\n<h2> <\/h2>\n\n\n\n<figure class=\"is-layout-flex wp-block-gallery-1 wp-block-gallery has-nested-images columns-default is-cropped\">\n<figure class=\"wp-block-image size-large\"><img decoding=\"async\" data-id=\"929\"  data-src=\"https:\/\/www.creilsudoise-tourisme.fr\/wp-content\/uploads\/wpetourisme\/Eglise-Saint-Medard-Creil--9--scaled-1200x797.jpg\" alt=\"\" class=\"wp-image-929\"\/><\/figure>\n\n\n\n<figure class=\"wp-block-image size-large\"><img decoding=\"async\" loading=\"lazy\" width=\"1200\" height=\"800\" data-id=\"50897\"  data-src=\"https:\/\/www.creilsudoise-tourisme.fr\/wp-content\/uploads\/2023\/11\/tournage-abbatiale-nef-egilse-gothique-1200x800.jpg\" alt=\"\" class=\"wp-image-50897\" data-srcset=\"https:\/\/www.creilsudoise-tourisme.fr\/wp-content\/uploads\/2023\/11\/tournage-abbatiale-nef-egilse-gothique-1200x800.jpg 1200w, https:\/\/www.creilsudoise-tourisme.fr\/wp-content\/uploads\/2023\/11\/tournage-abbatiale-nef-egilse-gothique-600x400.jpg 600w, https:\/\/www.creilsudoise-tourisme.fr\/wp-content\/uploads\/2023\/11\/tournage-abbatiale-nef-egilse-gothique-900x600.jpg 900w, https:\/\/www.creilsudoise-tourisme.fr\/wp-content\/uploads\/2023\/11\/tournage-abbatiale-nef-egilse-gothique-18x12.jpg 18w, https:\/\/www.creilsudoise-tourisme.fr\/wp-content\/uploads\/2023\/11\/tournage-abbatiale-nef-egilse-gothique-200x133.jpg 200w, https:\/\/www.creilsudoise-tourisme.fr\/wp-content\/uploads\/2023\/11\/tournage-abbatiale-nef-egilse-gothique-650x433.jpg 650w, https:\/\/www.creilsudoise-tourisme.fr\/wp-content\/uploads\/2023\/11\/tournage-abbatiale-nef-egilse-gothique-387x258.jpg 387w, https:\/\/www.creilsudoise-tourisme.fr\/wp-content\/uploads\/2023\/11\/tournage-abbatiale-nef-egilse-gothique.jpg 1480w\" sizes=\"(max-width: 1200px) 100vw, 1200px\" \/><\/figure>\n\n\n\n<figure class=\"wp-block-image size-large\"><img decoding=\"async\" data-id=\"930\"  data-src=\"https:\/\/www.creilsudoise-tourisme.fr\/wp-content\/uploads\/wpetourisme\/Eglise-Saint-Medard-Creil--19--934x1200.jpg\" alt=\"\" class=\"wp-image-930\"\/><\/figure>\n\n\n\n<figure class=\"wp-block-image size-large\"><img decoding=\"async\" data-id=\"931\"  data-src=\"https:\/\/www.creilsudoise-tourisme.fr\/wp-content\/uploads\/wpetourisme\/Eglise-Saint-Medard-Creil--24--796x1200.jpg\" alt=\"\" class=\"wp-image-931\"\/><\/figure>\n<\/figure>\n\n\n\n<p>Tipo de ERP: V  <\/p>\n\n\n\n<h3>Categor\u00eda<\/h3>\n\n\n\n<p>Categor\u00eda 4<\/p>\n\n\n\n<p>Iglesia parroquial.<\/p>\n\n\n<div class=\"wp-block wp-block-highlight\">\n            <h3 class=\"wp-block-highlight-item wp-block-highlight-title\">Situaci\u00f3n<\/h3>\n                <p class=\"wp-block-highlight-item wp-block-highlight-excerpt\">Ciudad: 60100 Creil <br>Provincia : Oise<br>Regi\u00f3n: Hauts-de-France<\/p>\n    <\/div>\n\n\n<h3>Presentaci\u00f3n general<\/h3>\n\n\n\n<p>La iglesia de Saint-M\u00e9dard es el resultado de una asombrosa yuxtaposici\u00f3n de estilos y \u00e9pocas arquitect\u00f3nicas diferentes. Se construy\u00f3 sobre las ruinas de una iglesia rom\u00e1nica, junto a las murallas medievales de la ciudad.<\/p>\n\n\n\n<h4><strong>\u00c9<\/strong>Ubicaci\u00f3n <\/h4>\n\n\n\n<p>En bastante buen estado.<\/p>\n\n\n\n<h4>Historia del sitio <\/h4>\n\n\n\n<p>Las partes m\u00e1s antiguas que se conservan hoy en d\u00eda datan de alrededor de 1200. Ampliada varias veces durante la Edad Media, la iglesia de Saint-M\u00e9dard sufri\u00f3 durante la Guerra de los Cien A\u00f1os y luego, en el siglo XX, fue reconstruida.<sup>e<\/sup> La iglesia fue reconstruida en el siglo XVI tras la Primera y la Segunda Guerras Mundiales, lo que explica la presencia de vidrieras de la \u00e9poca de la Reconstrucci\u00f3n. El campanario, de 49 metros de altura, se construy\u00f3 en el siglo XVI.<sup>e<\/sup> siglo.<\/p>\n\n\n\n<h4>Per\u00edodo de construcci\u00f3n<\/h4>\n\n\n\n<p>Entre los siglos XII y XII.<\/p>\n\n\n\n<h4>Estilo dominante<\/h4>\n\n\n\n<p>G\u00f3tica.<\/p>\n\n\n\n<h4>Estilos particulares <\/h4>\n\n\n\n<p>Cubierto.<\/p>\n\n\n\n<h4><strong>\u00c9<\/strong>caracter\u00edsticas arquitect\u00f3nicas excepcionales <\/h4>\n\n\n\n<p>B\u00f3vedas medievales, planta triangular, muralla medieval circundante.<\/p>\n\n\n\n<h4>Materiales <\/h4>\n\n\n\n<p>Piedra, vidrio, madera, zinc, azulejos, metal.<\/p>\n\n\n\n<h4>Datos t\u00e9cnicos <\/h4>\n\n\n\n<p>X Suministro el\u00e9ctrico X Aparcamiento \u25a1 Acceso para veh\u00edculos pesados \u25a1 Vestuarios&nbsp;&nbsp;&nbsp;&nbsp;&nbsp;&nbsp;&nbsp;&nbsp;&nbsp;&nbsp;&nbsp;&nbsp; &nbsp;<\/p>\n\n\n\n<p>X Aseos   <\/p>\n\n\n\n<p>Otros: superficie de unos 800 m\u00b2.<\/p>\n\n\n\n<h4>Caracter\u00edsticas especiales<\/h4>\n\n\n\n<p>Lugar.<\/p>\n\n\n\n<p>Retablo de 18<sup>e<\/sup> y losas funerarias del siglo XVI.<sup>e<\/sup> siglo.<\/p>\n\n\n\n<hr class=\"wp-block-separator has-alpha-channel-opacity\"\/>","protected":false},"excerpt":{"rendered":"<p>Construida principalmente en \u00e9poca medieval, entre los siglos XIII y XV, la iglesia Saint-M\u00e9dard es una de las joyas patrimoniales de Creil. Destinada al culto cat\u00f3lico desde sus or\u00edgenes, pertenece a la ciudad de Creil desde la ley de 9 de diciembre de 1905 sobre la separaci\u00f3n de la Iglesia y el Estado. ERP Tipo: V [...]<\/p>","protected":false},"author":12,"featured_media":0,"parent":50622,"menu_order":4,"comment_status":"closed","ping_status":"closed","template":"","meta":{"_relevanssi_hide_post":"","_relevanssi_hide_content":"","_relevanssi_pin_for_all":"","_relevanssi_pin_keywords":"","_relevanssi_unpin_keywords":"","_relevanssi_related_keywords":"","_relevanssi_related_include_ids":"","_relevanssi_related_exclude_ids":"","_relevanssi_related_no_append":"","_relevanssi_related_not_related":"","_relevanssi_related_posts":"38921,40150,43606,39785,42107,39133","_relevanssi_noindex_reason":""},"yoast_head":"<!-- This site is optimized with the Yoast SEO plugin v20.2.1 - https:\/\/yoast.com\/wordpress\/plugins\/seo\/ -->\n<title>Eglise Saint-M\u00e9dard<\/title>\n<meta name=\"description\" content=\"Voici la fiche technique du d\u00e9cor b\u00e2ti dans une \u00e9glise gothique du 12\u00e8me et 13\u00e8me si\u00e8cle, L&#039;Eglise Saint-M\u00e9dard de Creil \u00e0 60km de Paris.\" \/>\n<meta name=\"robots\" content=\"index, follow, max-snippet:-1, max-image-preview:large, max-video-preview:-1\" \/>\n<link rel=\"canonical\" href=\"https:\/\/www.creilsudoise-tourisme.fr\/es\/i-search\/disparando\/decors-batis\/iglesia-giratoria-gotica\/\" \/>\n<meta property=\"og:locale\" content=\"es_ES\" \/>\n<meta property=\"og:type\" content=\"article\" \/>\n<meta property=\"og:title\" content=\"Eglise Saint-M\u00e9dard\" \/>\n<meta property=\"og:description\" content=\"Voici la fiche technique du d\u00e9cor b\u00e2ti dans une \u00e9glise gothique du 12\u00e8me et 13\u00e8me si\u00e8cle, L&#039;Eglise Saint-M\u00e9dard de Creil \u00e0 60km de Paris.\" \/>\n<meta property=\"og:url\" content=\"https:\/\/www.creilsudoise-tourisme.fr\/es\/i-search\/disparando\/decors-batis\/iglesia-giratoria-gotica\/\" \/>\n<meta property=\"og:site_name\" content=\"Office de Tourisme Creil Sud Oise\" \/>\n<meta property=\"article:publisher\" content=\"https:\/\/www.facebook.com\/creilsudoisetourisme\/\" \/>\n<meta property=\"article:modified_time\" content=\"2024-02-21T14:37:48+00:00\" \/>\n<meta property=\"og:image\" content=\"https:\/\/www.creilsudoise-tourisme.fr\/wp-content\/uploads\/wpetourisme\/Eglise-Saint-Medard-Creil--9--scaled.jpg\" \/>\n\t<meta property=\"og:image:width\" content=\"1600\" \/>\n\t<meta property=\"og:image:height\" content=\"1063\" \/>\n\t<meta property=\"og:image:type\" content=\"image\/jpeg\" \/>\n<meta name=\"twitter:card\" content=\"summary_large_image\" \/>\n<meta name=\"twitter:site\" content=\"@CreilSudOiseOT\" \/>\n<meta name=\"twitter:label1\" content=\"Tiempo de lectura\" \/>\n\t<meta name=\"twitter:data1\" content=\"2 minutos\" \/>\n<script type=\"application\/ld+json\" class=\"yoast-schema-graph\">{\"@context\":\"https:\/\/schema.org\",\"@graph\":[{\"@type\":\"WebPage\",\"@id\":\"https:\/\/www.creilsudoise-tourisme.fr\/je-cherche\/tournage\/decors-batis\/tournage-eglise-gothique\/\",\"url\":\"https:\/\/www.creilsudoise-tourisme.fr\/je-cherche\/tournage\/decors-batis\/tournage-eglise-gothique\/\",\"name\":\"Eglise Saint-M\u00e9dard\",\"isPartOf\":{\"@id\":\"https:\/\/www.creilsudoise-tourisme.fr\/#website\"},\"datePublished\":\"2024-02-06T13:35:44+00:00\",\"dateModified\":\"2024-02-21T14:37:48+00:00\",\"description\":\"Voici la fiche technique du d\u00e9cor b\u00e2ti dans une \u00e9glise gothique du 12\u00e8me et 13\u00e8me si\u00e8cle, L'Eglise Saint-M\u00e9dard de Creil \u00e0 60km de Paris.\",\"breadcrumb\":{\"@id\":\"https:\/\/www.creilsudoise-tourisme.fr\/je-cherche\/tournage\/decors-batis\/tournage-eglise-gothique\/#breadcrumb\"},\"inLanguage\":\"es\",\"potentialAction\":[{\"@type\":\"ReadAction\",\"target\":[\"https:\/\/www.creilsudoise-tourisme.fr\/je-cherche\/tournage\/decors-batis\/tournage-eglise-gothique\/\"]}]},{\"@type\":\"BreadcrumbList\",\"@id\":\"https:\/\/www.creilsudoise-tourisme.fr\/je-cherche\/tournage\/decors-batis\/tournage-eglise-gothique\/#breadcrumb\",\"itemListElement\":[{\"@type\":\"ListItem\",\"position\":1,\"name\":\"Accueil\",\"item\":\"https:\/\/www.creilsudoise-tourisme.fr\/\"},{\"@type\":\"ListItem\",\"position\":2,\"name\":\"Je cherche\",\"item\":\"https:\/\/www.creilsudoise-tourisme.fr\/je-cherche\/\"},{\"@type\":\"ListItem\",\"position\":3,\"name\":\"Un lieu de tournage\",\"item\":\"https:\/\/www.creilsudoise-tourisme.fr\/je-cherche\/tournage\/\"},{\"@type\":\"ListItem\",\"position\":4,\"name\":\"D\u00e9cors b\u00e2tis\",\"item\":\"https:\/\/www.creilsudoise-tourisme.fr\/je-cherche\/tournage\/decors-batis\/\"},{\"@type\":\"ListItem\",\"position\":5,\"name\":\"Eglise Saint-M\u00e9dard\"}]},{\"@type\":\"WebSite\",\"@id\":\"https:\/\/www.creilsudoise-tourisme.fr\/#website\",\"url\":\"https:\/\/www.creilsudoise-tourisme.fr\/\",\"name\":\"Office de Tourisme Creil Sud Oise\",\"description\":\"Creil Sud Oise Tourisme, un territoire \u00e0 explorer !\",\"publisher\":{\"@id\":\"https:\/\/www.creilsudoise-tourisme.fr\/#organization\"},\"potentialAction\":[{\"@type\":\"SearchAction\",\"target\":{\"@type\":\"EntryPoint\",\"urlTemplate\":\"https:\/\/www.creilsudoise-tourisme.fr\/?s={search_term_string}\"},\"query-input\":\"required name=search_term_string\"}],\"inLanguage\":\"es\"},{\"@type\":\"Organization\",\"@id\":\"https:\/\/www.creilsudoise-tourisme.fr\/#organization\",\"name\":\"Creil Sud Oise Tourisme\",\"url\":\"https:\/\/www.creilsudoise-tourisme.fr\/\",\"logo\":{\"@type\":\"ImageObject\",\"inLanguage\":\"es\",\"@id\":\"https:\/\/www.creilsudoise-tourisme.fr\/#\/schema\/logo\/image\/\",\"url\":\"https:\/\/www.creilsudoise-tourisme.fr\/wp-content\/uploads\/2021\/05\/logo-svg.png\",\"contentUrl\":\"https:\/\/www.creilsudoise-tourisme.fr\/wp-content\/uploads\/2021\/05\/logo-svg.png\",\"width\":182,\"height\":71,\"caption\":\"Creil Sud Oise Tourisme\"},\"image\":{\"@id\":\"https:\/\/www.creilsudoise-tourisme.fr\/#\/schema\/logo\/image\/\"},\"sameAs\":[\"https:\/\/www.facebook.com\/creilsudoisetourisme\/\",\"https:\/\/twitter.com\/CreilSudOiseOT\",\"https:\/\/www.instagram.com\/creilsudoisetourisme\/\",\"https:\/\/www.youtube.com\/channel\/UC8L_QD2wwyADW14zt9fY8kw\"]}]}<\/script>\n<!-- \/ Yoast SEO plugin. -->","yoast_head_json":{"title":"Eglise Saint-M\u00e9dard","description":"Voici la fiche technique du d\u00e9cor b\u00e2ti dans une \u00e9glise gothique du 12\u00e8me et 13\u00e8me si\u00e8cle, L'Eglise Saint-M\u00e9dard de Creil \u00e0 60km de Paris.","robots":{"index":"index","follow":"follow","max-snippet":"max-snippet:-1","max-image-preview":"max-image-preview:large","max-video-preview":"max-video-preview:-1"},"canonical":"https:\/\/www.creilsudoise-tourisme.fr\/es\/i-search\/disparando\/decors-batis\/iglesia-giratoria-gotica\/","og_locale":"es_ES","og_type":"article","og_title":"Eglise Saint-M\u00e9dard","og_description":"Voici la fiche technique du d\u00e9cor b\u00e2ti dans une \u00e9glise gothique du 12\u00e8me et 13\u00e8me si\u00e8cle, L'Eglise Saint-M\u00e9dard de Creil \u00e0 60km de Paris.","og_url":"https:\/\/www.creilsudoise-tourisme.fr\/es\/i-search\/disparando\/decors-batis\/iglesia-giratoria-gotica\/","og_site_name":"Office de Tourisme Creil Sud Oise","article_publisher":"https:\/\/www.facebook.com\/creilsudoisetourisme\/","article_modified_time":"2024-02-21T14:37:48+00:00","og_image":[{"width":1600,"height":1063,"url":"https:\/\/www.creilsudoise-tourisme.fr\/wp-content\/uploads\/wpetourisme\/Eglise-Saint-Medard-Creil--9--scaled.jpg","type":"image\/jpeg"}],"twitter_card":"summary_large_image","twitter_site":"@CreilSudOiseOT","twitter_misc":{"Tiempo de lectura":"2 minutos"},"schema":{"@context":"https:\/\/schema.org","@graph":[{"@type":"WebPage","@id":"https:\/\/www.creilsudoise-tourisme.fr\/je-cherche\/tournage\/decors-batis\/tournage-eglise-gothique\/","url":"https:\/\/www.creilsudoise-tourisme.fr\/je-cherche\/tournage\/decors-batis\/tournage-eglise-gothique\/","name":"Eglise Saint-M\u00e9dard","isPartOf":{"@id":"https:\/\/www.creilsudoise-tourisme.fr\/#website"},"datePublished":"2024-02-06T13:35:44+00:00","dateModified":"2024-02-21T14:37:48+00:00","description":"Voici la fiche technique du d\u00e9cor b\u00e2ti dans une \u00e9glise gothique du 12\u00e8me et 13\u00e8me si\u00e8cle, L'Eglise Saint-M\u00e9dard de Creil \u00e0 60km de Paris.","breadcrumb":{"@id":"https:\/\/www.creilsudoise-tourisme.fr\/je-cherche\/tournage\/decors-batis\/tournage-eglise-gothique\/#breadcrumb"},"inLanguage":"es","potentialAction":[{"@type":"ReadAction","target":["https:\/\/www.creilsudoise-tourisme.fr\/je-cherche\/tournage\/decors-batis\/tournage-eglise-gothique\/"]}]},{"@type":"BreadcrumbList","@id":"https:\/\/www.creilsudoise-tourisme.fr\/je-cherche\/tournage\/decors-batis\/tournage-eglise-gothique\/#breadcrumb","itemListElement":[{"@type":"ListItem","position":1,"name":"Accueil","item":"https:\/\/www.creilsudoise-tourisme.fr\/"},{"@type":"ListItem","position":2,"name":"Je cherche","item":"https:\/\/www.creilsudoise-tourisme.fr\/je-cherche\/"},{"@type":"ListItem","position":3,"name":"Un lieu de tournage","item":"https:\/\/www.creilsudoise-tourisme.fr\/je-cherche\/tournage\/"},{"@type":"ListItem","position":4,"name":"D\u00e9cors b\u00e2tis","item":"https:\/\/www.creilsudoise-tourisme.fr\/je-cherche\/tournage\/decors-batis\/"},{"@type":"ListItem","position":5,"name":"Eglise Saint-M\u00e9dard"}]},{"@type":"WebSite","@id":"https:\/\/www.creilsudoise-tourisme.fr\/#website","url":"https:\/\/www.creilsudoise-tourisme.fr\/","name":"Office de Tourisme Creil Sud Oise","description":"Creil Sud Oise Tourisme, un territoire \u00e0 explorer !","publisher":{"@id":"https:\/\/www.creilsudoise-tourisme.fr\/#organization"},"potentialAction":[{"@type":"SearchAction","target":{"@type":"EntryPoint","urlTemplate":"https:\/\/www.creilsudoise-tourisme.fr\/?s={search_term_string}"},"query-input":"required name=search_term_string"}],"inLanguage":"es"},{"@type":"Organization","@id":"https:\/\/www.creilsudoise-tourisme.fr\/#organization","name":"Creil Sud Oise Tourisme","url":"https:\/\/www.creilsudoise-tourisme.fr\/","logo":{"@type":"ImageObject","inLanguage":"es","@id":"https:\/\/www.creilsudoise-tourisme.fr\/#\/schema\/logo\/image\/","url":"https:\/\/www.creilsudoise-tourisme.fr\/wp-content\/uploads\/2021\/05\/logo-svg.png","contentUrl":"https:\/\/www.creilsudoise-tourisme.fr\/wp-content\/uploads\/2021\/05\/logo-svg.png","width":182,"height":71,"caption":"Creil Sud Oise Tourisme"},"image":{"@id":"https:\/\/www.creilsudoise-tourisme.fr\/#\/schema\/logo\/image\/"},"sameAs":["https:\/\/www.facebook.com\/creilsudoisetourisme\/","https:\/\/twitter.com\/CreilSudOiseOT","https:\/\/www.instagram.com\/creilsudoisetourisme\/","https:\/\/www.youtube.com\/channel\/UC8L_QD2wwyADW14zt9fY8kw"]}]}},"_links":{"self":[{"href":"https:\/\/www.creilsudoise-tourisme.fr\/es\/wp-json\/wp\/v2\/pages\/51558"}],"collection":[{"href":"https:\/\/www.creilsudoise-tourisme.fr\/es\/wp-json\/wp\/v2\/pages"}],"about":[{"href":"https:\/\/www.creilsudoise-tourisme.fr\/es\/wp-json\/wp\/v2\/types\/page"}],"author":[{"embeddable":true,"href":"https:\/\/www.creilsudoise-tourisme.fr\/es\/wp-json\/wp\/v2\/users\/12"}],"replies":[{"embeddable":true,"href":"https:\/\/www.creilsudoise-tourisme.fr\/es\/wp-json\/wp\/v2\/comments?post=51558"}],"version-history":[{"count":6,"href":"https:\/\/www.creilsudoise-tourisme.fr\/es\/wp-json\/wp\/v2\/pages\/51558\/revisions"}],"predecessor-version":[{"id":52236,"href":"https:\/\/www.creilsudoise-tourisme.fr\/es\/wp-json\/wp\/v2\/pages\/51558\/revisions\/52236"}],"up":[{"embeddable":true,"href":"https:\/\/www.creilsudoise-tourisme.fr\/es\/wp-json\/wp\/v2\/pages\/50622"}],"wp:attachment":[{"href":"https:\/\/www.creilsudoise-tourisme.fr\/es\/wp-json\/wp\/v2\/media?parent=51558"}],"curies":[{"name":"wp","href":"https:\/\/api.w.org\/{rel}","templated":true}]}}