{"id":47202,"date":"2023-04-17T16:58:29","date_gmt":"2023-04-17T14:58:29","guid":{"rendered":"https:\/\/www.creilsudoise-tourisme.fr\/?page_id=47202"},"modified":"2025-09-15T09:43:27","modified_gmt":"2025-09-15T07:43:27","slug":"randonner","status":"publish","type":"page","link":"https:\/\/www.creilsudoise-tourisme.fr\/es\/jexplore\/imprescindibles\/senderismo-3\/","title":{"rendered":"Paseos y excursiones"},"content":{"rendered":"<p class=\"is-style-excerpt\">Entre bosques y canteras de piedra, ciudades din\u00e1micas y pueblos t\u00edpicos del sur del Oise, el <strong>El destino Creil Sud Oise ofrece el marco ideal para practicar senderismo y paseos.<\/strong><\/p>\n\n\n\n<div class=\"is-layout-flex wp-container-7 wp-block-columns\">\n<div class=\"is-layout-flow wp-block-column\">\n<div class=\"is-content-justification-center is-layout-flex wp-container-1 wp-block-buttons\">\n<div class=\"wp-block-button\"><a class=\"wp-block-button__link wp-element-button\" href=\"https:\/\/www.creilsudoise-tourisme.fr\/es\/i-search\/senderismo\/\" target=\"_blank\" rel=\"noreferrer noopener\">caminos se\u00f1alizados<\/a><\/div>\n<\/div>\n<\/div>\n\n\n\n<div class=\"is-layout-flow wp-block-column\">\n<div class=\"is-content-justification-center is-layout-flex wp-container-3 wp-block-buttons\">\n<div class=\"wp-block-button\"><a class=\"wp-block-button__link wp-element-button\" href=\"#balade\" target=\"_blank\" rel=\"noreferrer noopener\">paseos por los parques<\/a><\/div>\n<\/div>\n<\/div>\n\n\n\n<div class=\"is-layout-flow wp-block-column\">\n<div class=\"is-content-justification-center is-layout-flex wp-container-5 wp-block-buttons\">\n<div class=\"wp-block-button\"><a class=\"wp-block-button__link wp-element-button\" href=\"#itineraires-departementaux\" target=\"_blank\" rel=\"noreferrer noopener\">grandes rutas departamentales<\/a><\/div>\n<\/div>\n<\/div>\n<\/div>\n\n\n\n<div class=\"is-layout-flex wp-container-12 wp-block-columns\">\n<div class=\"is-layout-flow wp-block-column\">\n<div class=\"is-content-justification-center is-layout-flex wp-container-8 wp-block-buttons\">\n<div class=\"wp-block-button\"><a class=\"wp-block-button__link wp-element-button\" href=\"https:\/\/www.creilsudoise-tourisme.fr\/es\/2022\/01\/24\/senderismo-2\/\" target=\"_blank\" rel=\"noreferrer noopener\">clubes de senderismo<\/a><\/div>\n<\/div>\n<\/div>\n\n\n\n<div class=\"is-layout-flow wp-block-column\">\n<div class=\"is-content-justification-center is-layout-flex wp-container-10 wp-block-buttons\">\n<div class=\"wp-block-button\"><a class=\"wp-block-button__link wp-element-button\" href=\"https:\/\/www.creilsudoise-tourisme.fr\/es\/practica\/folletos\/\" target=\"_blank\" rel=\"noreferrer noopener\">SOLICITAR UNA GU\u00cdA<\/a><\/div>\n<\/div>\n<\/div>\n<\/div>\n\n\n\n<div class=\"wp-block-strate-full alignfull\">\n\n    <div class=\"wp-block-strate-full-thumbnail\">\n        <img data-src=\"https:\/\/www.creilsudoise-tourisme.fr\/wp-content\/uploads\/2023\/04\/Itineraire-balise-de-randonnee-1600x900.jpg\" alt=\"Ruta a pie se\u00f1alizada\">\n    <\/div>\n\n\t\n        <div class=\"wp-block-strate-full-content wp-block-strate-full-content-left\">\n\t\t\t\t\t\t                <p class=\"wp-block-strate-full-content-excerpt\"> Creil Sud Oise rebosa de<strong> paisajes insospechados<\/strong>Desc\u00fabrelo en una excursi\u00f3n <\/p>\n\t\t\t        <\/div>\n\n\t\n<\/div>\n\n\n\n<h2>Senderismo por senderos se\u00f1alizados<\/h2>\n\n\n\n<p><strong>El destino Creil Sud Oise est\u00e1 repleto de rutas de senderismo<\/strong>Varias de ellas est\u00e1n se\u00f1alizadas y figuran en el Plan Departamental de Rutas de Senderismo (PDIPR). <\/p>\n\n\n<div class=\"wp-block wp-block-highlight\">\n            <h3 class=\"wp-block-highlight-item wp-block-highlight-title\">Carta para los buenos caminantes<\/h3>\n                <p class=\"wp-block-highlight-item wp-block-highlight-excerpt\">Respetar la naturaleza y la seguridad: descubra la carta del excursionista.<br><strong><a href=\"https:\/\/www.creilsudoise-tourisme.fr\/wp-content\/uploads\/2025\/09\/charte-du-randonneur-bdef.pdf\" target=\"_blank\" rel=\"noreferrer noopener\">Leer la Carta<\/a><\/strong><\/p>\n    <\/div>\n\n\n<h3>Tierra de piedra, agua y naturaleza<\/h3>\n\n\n\n<p><a href=\"https:\/\/www.creilsudoise-tourisme.fr\/es\/jexplore\/imprescindibles\/maison-de-la-pierre-3\/\" target=\"_blank\" rel=\"noreferrer noopener\">Tierra de piedra<\/a>En sus paseos descubrir\u00e1 lo siguiente <strong>canteras de piedra abandonadas o a\u00fan activas. <\/strong><\/p>\n\n\n\n<p>Conducir\u00e1s por <strong>v\u00edas navegables <\/strong>como el Th\u00e9rain, donde es posible hacer <a href=\"https:\/\/www.creilsudoise-tourisme.fr\/es\/loisirs\/canoa-kayak-club-du-therain\/\" target=\"_blank\" rel=\"noreferrer noopener\">Pirag\u00fcismo y kayak<\/a> o el Oise, r\u00edo por el que se organizan cruceros en verano (consulte nuestro <a href=\"https:\/\/www.creilsudoise-tourisme.fr\/es\/agenda\/\" target=\"_blank\" rel=\"noreferrer noopener\">agenda<\/a> !). En primavera y verano <a href=\"https:\/\/www.youtube.com\/watch?v=NuNOli6iKDA\" target=\"_blank\" rel=\"noreferrer noopener\">Introducci\u00f3n al remo<\/a> tambi\u00e9n est\u00e1n disponibles en Creil. <\/p>\n\n\n\n<p><strong>Bosques, campos y pueblos t\u00edpicos del sur del Oise, con sus casas de piedra, \u00a1se suceden en r\u00e1pida sucesi\u00f3n!<\/strong><\/p>\n\n\n\n<figure class=\"wp-block-embed is-type-video is-provider-youtube wp-block-embed-youtube wp-embed-aspect-4-3 wp-has-aspect-ratio\"><div class=\"wp-block-embed__wrapper\">\n<iframe loading=\"lazy\" title=\"[LES INCONTOURNABLES] La excursi\u00f3n &quot;Tras las huellas de los constructores&quot; | Creil Sud Oise Tourisme\" width=\"500\" height=\"375\" data-src=\"https:\/\/www.youtube.com\/embed\/OhgD3hy0xqg?feature=oembed\" frameborder=\"0\" allow=\"accelerometer; autoplay; clipboard-write; encrypted-media; gyroscope; picture-in-picture; web-share\" referrerpolicy=\"strict-origin-when-cross-origin\" allowfullscreen><\/iframe>\n<\/div><figcaption class=\"wp-element-caption\">Anthony ha probado la ruta a pie para usted <a href=\"https:\/\/www.creilsudoise-tourisme.fr\/es\/balade-randonnee\/sur-les-pas-des-batisseurs\/\" target=\"_blank\" rel=\"noreferrer noopener\">Tras las huellas de los constructores<\/a><\/figcaption><\/figure>\n\n\n\n<h3>A pie, en bicicleta o a caballo<\/h3>\n\n\n\n<p>Las rutas son accesibles para todos, dependiendo de su nivel, desde <strong>de 6 km a 13 km<\/strong>. Puede consultarlas <strong>a pie, en bicicleta e incluso a caballo<\/strong> !<\/p>\n\n\n\n<p>En <strong><a href=\"https:\/\/www.creilsudoise-tourisme.fr\/es\/i-search\/actividad-naturaleza\/#Pique-nique\" target=\"_blank\" rel=\"noreferrer noopener\">\u00e1reas de picnic<\/a> punt\u00faan los caminos<\/strong>No olvide su almuerzo.<\/p>\n\n\n\n<h3>Itinerarios<\/h3>\n\n\n\n<p>M\u00e1s informaci\u00f3n <strong>las rutas de estos paseos se\u00f1alizados<\/strong> sobre Destination Creil Sud Oise<\/p>\n\n\n\n<p>Conviene saber que <strong>combinar rutas<\/strong> y descubra Creil Sud Oise durante una <strong>\u00a1un bucle de casi 50 km!<\/strong><\/p>\n\n\n\n<div class=\"is-content-justification-center is-layout-flex wp-container-13 wp-block-buttons\">\n<div class=\"wp-block-button\"><a class=\"wp-block-button__link wp-element-button\" href=\"https:\/\/www.creilsudoise-tourisme.fr\/es\/i-search\/senderismo\/\" target=\"_blank\" rel=\"noreferrer noopener\">caminos se\u00f1alizados<\/a><\/div>\n<\/div>\n\n\n\n<div class=\"is-layout-flex wp-container-16 wp-block-columns\">\n<div class=\"is-layout-flow wp-block-column\">\n<figure class=\"wp-block-image size-large\"><img decoding=\"async\" loading=\"lazy\" width=\"1200\" height=\"583\" data-src=\"https:\/\/www.creilsudoise-tourisme.fr\/wp-content\/uploads\/2023\/04\/MaRando-1200x583.jpg\" alt=\"ruta de senderismo se\u00f1alizada\" class=\"wp-image-47231\" data-srcset=\"https:\/\/www.creilsudoise-tourisme.fr\/wp-content\/uploads\/2023\/04\/MaRando-1200x583.jpg 1200w, https:\/\/www.creilsudoise-tourisme.fr\/wp-content\/uploads\/2023\/04\/MaRando-600x292.jpg 600w, https:\/\/www.creilsudoise-tourisme.fr\/wp-content\/uploads\/2023\/04\/MaRando-900x438.jpg 900w, https:\/\/www.creilsudoise-tourisme.fr\/wp-content\/uploads\/2023\/04\/MaRando-18x9.jpg 18w, https:\/\/www.creilsudoise-tourisme.fr\/wp-content\/uploads\/2023\/04\/MaRando-200x97.jpg 200w, https:\/\/www.creilsudoise-tourisme.fr\/wp-content\/uploads\/2023\/04\/MaRando-650x316.jpg 650w, https:\/\/www.creilsudoise-tourisme.fr\/wp-content\/uploads\/2023\/04\/MaRando-387x188.jpg 387w, https:\/\/www.creilsudoise-tourisme.fr\/wp-content\/uploads\/2023\/04\/MaRando.jpg 1440w\" sizes=\"(max-width: 1200px) 100vw, 1200px\" \/><\/figure>\n<\/div>\n\n\n\n<div class=\"is-layout-flow wp-block-column\">\n<p>Tambi\u00e9n puede <strong>encontrar itinerarios en la aplicaci\u00f3n <a href=\"https:\/\/www.ffrandonnee.fr\/s-informer\/actualites\/marando-l-application-officielle-de-la-ffrandonnee\" target=\"_blank\" rel=\"noreferrer noopener\">MaRando<\/a><\/strong>directamente en su tel\u00e9fono, para que pueda orientarse con toda tranquilidad.<\/p>\n<\/div>\n<\/div>\n\n\n\n<div class=\"is-layout-flex wp-container-19 wp-block-columns\">\n<div class=\"is-layout-flow wp-block-column\">\n<figure class=\"wp-block-image size-full\"><img decoding=\"async\" loading=\"lazy\" width=\"768\" height=\"564\" data-src=\"https:\/\/www.creilsudoise-tourisme.fr\/wp-content\/uploads\/2025\/09\/caroussel-plan1-768x1365-2.jpg\" alt=\"\" class=\"wp-image-65145\" data-srcset=\"https:\/\/www.creilsudoise-tourisme.fr\/wp-content\/uploads\/2025\/09\/caroussel-plan1-768x1365-2.jpg 768w, https:\/\/www.creilsudoise-tourisme.fr\/wp-content\/uploads\/2025\/09\/caroussel-plan1-768x1365-2-600x441.jpg 600w, https:\/\/www.creilsudoise-tourisme.fr\/wp-content\/uploads\/2025\/09\/caroussel-plan1-768x1365-2-16x12.jpg 16w, https:\/\/www.creilsudoise-tourisme.fr\/wp-content\/uploads\/2025\/09\/caroussel-plan1-768x1365-2-200x147.jpg 200w, https:\/\/www.creilsudoise-tourisme.fr\/wp-content\/uploads\/2025\/09\/caroussel-plan1-768x1365-2-650x477.jpg 650w, https:\/\/www.creilsudoise-tourisme.fr\/wp-content\/uploads\/2025\/09\/caroussel-plan1-768x1365-2-387x284.jpg 387w\" sizes=\"(max-width: 768px) 100vw, 768px\" \/><\/figure>\n<\/div>\n\n\n\n<div class=\"is-layout-flow wp-block-column\">\n<p>Con <strong>la aplicaci\u00f3n <a href=\"https:\/\/www.oisetourisme.com\/oise-rando-lappli-de-vos-randos-a-pied-ou-a-velo\/\" target=\"_blank\" rel=\"noreferrer noopener\">Oise Rando<\/a><\/strong>Descubra las rutas a pie y en bicicleta del departamento.<\/p>\n<\/div>\n<\/div>\n\n\n\n<div class=\"is-layout-flex wp-container-22 wp-block-columns\">\n<div class=\"is-layout-flow wp-block-column\">\n<figure class=\"wp-block-image size-full\"><img decoding=\"async\" loading=\"lazy\" width=\"1200\" height=\"800\" data-src=\"https:\/\/www.creilsudoise-tourisme.fr\/wp-content\/uploads\/2025\/09\/Velo_013_HD_\u00a9_cyril_badet.jpg\" alt=\"\" class=\"wp-image-65144\" data-srcset=\"https:\/\/www.creilsudoise-tourisme.fr\/wp-content\/uploads\/2025\/09\/Velo_013_HD_\u00a9_cyril_badet.jpg 1200w, https:\/\/www.creilsudoise-tourisme.fr\/wp-content\/uploads\/2025\/09\/Velo_013_HD_\u00a9_cyril_badet-600x400.jpg 600w, https:\/\/www.creilsudoise-tourisme.fr\/wp-content\/uploads\/2025\/09\/Velo_013_HD_\u00a9_cyril_badet-900x600.jpg 900w, https:\/\/www.creilsudoise-tourisme.fr\/wp-content\/uploads\/2025\/09\/Velo_013_HD_\u00a9_cyril_badet-18x12.jpg 18w, https:\/\/www.creilsudoise-tourisme.fr\/wp-content\/uploads\/2025\/09\/Velo_013_HD_\u00a9_cyril_badet-200x133.jpg 200w, https:\/\/www.creilsudoise-tourisme.fr\/wp-content\/uploads\/2025\/09\/Velo_013_HD_\u00a9_cyril_badet-650x433.jpg 650w, https:\/\/www.creilsudoise-tourisme.fr\/wp-content\/uploads\/2025\/09\/Velo_013_HD_\u00a9_cyril_badet-387x258.jpg 387w\" sizes=\"(max-width: 1200px) 100vw, 1200px\" \/><\/figure>\n<\/div>\n\n\n\n<div class=\"is-layout-flow wp-block-column\">\n<p>El Parque Natural Regional de Oise Pays de France ofrece <strong>rutas sobre su aplicaci\u00f3n <a href=\"https:\/\/destination.parc-oise-paysdefrance.fr\/sorganiser\/lapplication-rando\/\" target=\"_blank\" rel=\"noreferrer noopener\">Parque Rando<\/a> <\/strong>\u00a1para descargar en tu smartphone!<\/p>\n<\/div>\n<\/div>\n\n\n\n<div class=\"wp-block-strate-full alignfull\">\n\n    <div class=\"wp-block-strate-full-thumbnail\">\n        <img data-src=\"https:\/\/www.creilsudoise-tourisme.fr\/wp-content\/uploads\/2023\/04\/Berges-de-lOise-1600x900.jpg\" alt=\"Orillas del Oise\">\n    <\/div>\n\n\t\n        <div class=\"wp-block-strate-full-content wp-block-strate-full-content-left\">\n\t\t\t\t\t\t                <p class=\"wp-block-strate-full-content-excerpt\"> <strong>Estanques, riberas, parques, espacios naturales protegidos<\/strong> \u00a1Aproveche la diversidad de Creil Sud Oise en sus paseos! <\/p>\n\t\t\t        <\/div>\n\n\t\n<\/div>\n\n\n\n<h2 id=\"balade\">Paseos por los parques y a orillas del r\u00edo<\/h2>\n\n\n\n<p>Paseando por las ciudades y pueblos del Destino Creil Sud Oise, descubrir\u00e1 <strong>paisajes diversos y a veces sorprendentes<\/strong> \u00a1! A <a href=\"https:\/\/www.creilsudoise-tourisme.fr\/es\/espace-naturel\/etang-sainte-barbe\/\" target=\"_blank\" rel=\"noreferrer noopener\">estanque azul celeste<\/a>a <a href=\"https:\/\/www.creilsudoise-tourisme.fr\/es\/loisirs\/les-glachoirs\/\" target=\"_blank\" rel=\"noreferrer noopener\">biodiversidad desde el sur<\/a>riberas a lo largo del <a href=\"https:\/\/www.creilsudoise-tourisme.fr\/es\/espace-naturel\/berges-du-therain-a-montataire\/\" target=\"_blank\" rel=\"noreferrer noopener\">r\u00e1pido <\/a>o un <a href=\"https:\/\/www.creilsudoise-tourisme.fr\/es\/espace-naturel\/marais-de-chantraine\/\" target=\"_blank\" rel=\"noreferrer noopener\">pantanos<\/a>... incluso hay <a href=\"https:\/\/www.creilsudoise-tourisme.fr\/es\/espace-naturel\/cuadrado-japonais-phillippe-decourtray\/\" target=\"_blank\" rel=\"noreferrer noopener\">un parque con aire japon\u00e9s<\/a> !<\/p>\n\n\n\n<figure class=\"wp-block-embed is-type-video is-provider-youtube wp-block-embed-youtube wp-embed-aspect-16-9 wp-has-aspect-ratio\"><div class=\"wp-block-embed__wrapper\">\n<iframe loading=\"lazy\" title=\"Paseo por las orillas de Saint-Leu-d&#039;Esserent | Creil Sud Oise Tourisme\" width=\"500\" height=\"281\" data-src=\"https:\/\/www.youtube.com\/embed\/Lrdcfwg_4bY?feature=oembed\" frameborder=\"0\" allow=\"accelerometer; autoplay; clipboard-write; encrypted-media; gyroscope; picture-in-picture; web-share\" referrerpolicy=\"strict-origin-when-cross-origin\" allowfullscreen><\/iframe>\n<\/div><figcaption class=\"wp-element-caption\">Descubra los Berges de l'Oise en Saint-Leu-d'Esserent<\/figcaption><\/figure>\n\n\n\n\n\n<div class=\"wp-block-strate-full alignfull\">\n\n    <div class=\"wp-block-strate-full-thumbnail\">\n        <img data-src=\"https:\/\/www.creilsudoise-tourisme.fr\/wp-content\/uploads\/2023\/04\/Promenade-aux-Glachoirs.jpg\" alt=\"Paseo a los Glaciares\">\n    <\/div>\n\n\t\n        <div class=\"wp-block-strate-full-content wp-block-strate-full-content-left\">\n\t\t\t\t\t\t                <p class=\"wp-block-strate-full-content-excerpt\"> En <strong>caminos suaves<\/strong> cruzar el Destino Creil Sud Oise y unirse al<strong> rutas departamentales.<\/strong> <\/p>\n\t\t\t        <\/div>\n\n\t\n<\/div>\n\n\n\n<h2 id=\"itineraires-departementaux\">Grandes rutas departamentales<\/h2>\n\n\n\n<p>El destino Creil Sud Oise est\u00e1 atravesado por <strong>dos grandes rutas departamentales<\/strong> : <strong>El Trans'Oise <\/strong>y la vuelta ciclista <strong>Macizo de los Tres Bosques<\/strong>.<\/p>\n\n\n\n<h3>El Trans'Oise<\/h3>\n\n\n\n<p>No lejos del Destino Creil Sud Oise, el<a href=\"https:\/\/www.avenuevertelondonparis.com\/\" target=\"_blank\" rel=\"noreferrer noopener\">Avenue Verte Londres-Par\u00eds<\/a> y el<a href=\"https:\/\/www.scandiberique.fr\/\" target=\"_blank\" rel=\"noreferrer noopener\">Euroveloroute n\u00b03 Scandib\u00e9rique<\/a>. Une estas rutas tomando el <strong>Trans'Oise<\/strong>a <strong>Una ruta de tr\u00e1fico suave que puede utilizarse a pie, en bicicleta o incluso en patines.<\/strong><\/p>\n\n\n\n<p>Planifica tu ruta en modo suave con&nbsp;<a href=\"https:\/\/www.oise-mobilite.fr\/\" target=\"_blank\" rel=\"noreferrer noopener\">Movilidad en Oise<\/a>&nbsp;(eligiendo el transporte en bicicleta)<\/p>\n\n\n\n<div class=\"is-content-justification-center is-layout-flex wp-container-23 wp-block-buttons\">\n<div class=\"wp-block-button\"><a class=\"wp-block-button__link wp-element-button\" href=\"https:\/\/www.oise-mobilite.fr\/fr\/part14\/transoise\/1014\" target=\"_blank\" rel=\"noreferrer noopener\">El Trans'Oise<\/a><\/div>\n<\/div>\n\n\n\n<h3>Macizo de los Tres Bosques<\/h3>\n\n\n\n<p>Ciclo a <strong>Descubra los tres bosques m\u00e1s bellos de la regi\u00f3n de Oise<\/strong> \u00a1! Seguir la ruta departamental <strong>Macizo de los Tres Bosques<\/strong> y admirar los dominios naturales de Chantilly, Ermenonville y Halatte desde Saint-Maximin (donde tambi\u00e9n podr\u00e1 visitar la <a href=\"https:\/\/www.creilsudoise-tourisme.fr\/es\/jexplore\/imprescindibles\/maison-de-la-pierre-3\/\" target=\"_blank\" rel=\"noreferrer noopener\">Casa de piedra<\/a> para descubrir la historia de las canteras que han dado forma al sur del Oise). <\/p>\n\n\n\n<p>Esta ruta atraviesa el <a href=\"https:\/\/www.parc-oise-paysdefrance.fr\/\" target=\"_blank\" rel=\"noreferrer noopener\">Parque Natural Regional de Oise-Pays de France<\/a>que propone<strong> muchas ideas para paseos y excursiones<\/strong> No dude en seguir sus itinerarios se\u00f1alizados. <\/p>\n\n\n\n<div class=\"is-content-justification-center is-layout-flex wp-container-24 wp-block-buttons\">\n<div class=\"wp-block-button\"><a class=\"wp-block-button__link wp-element-button\" href=\"https:\/\/www.oisetourisme.com\/itineraire\/le-massif-des-trois-forets\/\" target=\"_blank\" rel=\"noreferrer noopener\">Macizo de los Tres Bosques<\/a><\/div>\n<\/div>\n\n\n\n<div class=\"wp-block-strate-full alignfull\">\n\n    <div class=\"wp-block-strate-full-thumbnail\">\n        <img data-src=\"https:\/\/www.creilsudoise-tourisme.fr\/wp-content\/uploads\/2023\/04\/Randonnee-Entre-Champs-et-Vallee-1600x900.jpg\" alt=\"Caminar entre campos y valles\">\n    <\/div>\n\n\t\n        <div class=\"wp-block-strate-full-content wp-block-strate-full-content-right\">\n\t\t\t\t\t\t                <p class=\"wp-block-strate-full-content-excerpt\"> Disfrute de un <strong>\u00a1Una excursi\u00f3n organizada por un Club para caminar en grupo!<\/strong> <\/p>\n\t\t\t        <\/div>\n\n\t\n<\/div>\n\n\n\n<h2>Caminar con un club de senderismo<\/h2>\n\n\n\n<p>\u00bfEst\u00e1 buscando un <strong><a href=\"https:\/\/www.creilsudoise-tourisme.fr\/es\/2022\/01\/24\/senderismo-2\/\" target=\"_blank\" rel=\"noreferrer noopener\">club de senderismo<\/a> caminar en grupo <\/strong>\u00bfo probar con una marcha m\u00e1s deportiva? Descubra<strong> asociaciones que organizan regularmente excursiones y paseos <\/strong>en Creil Sud Oise y alrededores<\/p>\n\n\n\n<p>Algunos s\u00f3lo ofrecen <strong>caminando<\/strong>otros tambi\u00e9n asocian el <strong>bicicleta<\/strong>.<\/p>\n\n\n\n<div class=\"is-content-justification-center is-layout-flex wp-container-25 wp-block-buttons\">\n<div class=\"wp-block-button\"><a class=\"wp-block-button__link wp-element-button\" href=\"https:\/\/www.creilsudoise-tourisme.fr\/es\/2022\/01\/24\/senderismo-2\/\" target=\"_blank\" rel=\"noreferrer noopener\">Los clubes<\/a><\/div>\n<\/div>\n\n\n<div data-related-sit=\"1\" data-block-type=\"related-sit-gt\" data-block-id=\"wpet-sit-18fnhwwa5hs\"><div class=\"wp-block wp-block-related-post wp-block-related-list-sit alignfull\">\n    \n    <div class=\"container\">\n\n                    <h2 class=\"wp-block-related-post-title\">Pr\u00f3ximas giras<\/h2>\n        \n                    <div id=\"wpiris-related-post-140\" data-id=\"wpiris-entity-slider\">\n                <div class=\"wp-block-related-post-list wp-block-related-post-list--3\" data-id=\"wpiris-entity-slider-wrapper\">\n\n                    \n<div class=\"entityItem\" data-trigger=\"wpiris-click\" data-id=\"wpiris-entity-slider-item\">\n    <p class=\"entityItemThumbnail\">\n        <a href=\"https:\/\/www.creilsudoise-tourisme.fr\/es\/agenda-animations\/les-60-kms-de-marche-de-loise-10eme-edition\/\" nofancybox>\n            <img data-src=\"https:\/\/www.creilsudoise-tourisme.fr\/wp-content\/uploads\/wpetourisme\/Affiche-Les-60-km-marche-Rando-Sud-Oise-27-28-juin-2026-275x350.jpg\" alt=\"LES 60 KMS DE MARCHE DE L&#039;OISE 10\u00aa EDICI\u00d3N\">\n        <\/a>\n    <\/p>\n    <div class=\"entityItemContent\">\n        <h2 class=\"entityItemContentTitle\">\n            <a href=\"https:\/\/www.creilsudoise-tourisme.fr\/es\/agenda-animations\/les-60-kms-de-marche-de-loise-10eme-edition\/\">LES 60 KMS DE MARCHE DE L'OISE 10\u00aa EDICI\u00d3N<\/a>\n        <\/h2>\n                    <p class=\"entityItemContentType\">Festivales y eventos<\/p>\n            <\/div>\n    <a href=\"https:\/\/www.creilsudoise-tourisme.fr\/es\/agenda-animations\/les-60-kms-de-marche-de-loise-10eme-edition\/\" class=\"seeMore\"><span class=\"sr-only\">M\u00e1s informaci\u00f3n<\/span><\/a>\n<\/div>\n\n<div class=\"entityItem\" data-trigger=\"wpiris-click\" data-id=\"wpiris-entity-slider-item\">\n    <p class=\"entityItemThumbnail\">\n        <a href=\"https:\/\/www.creilsudoise-tourisme.fr\/es\/agenda-animations\/les-relais-de-lacso\/\" nofancybox>\n            <img data-src=\"https:\/\/www.creilsudoise-tourisme.fr\/wp-content\/uploads\/wpetourisme\/relais-de-l-ACSO-2026-700x700px-275x350.jpg\" alt=\"Los relevos de la ACSO\">\n        <\/a>\n    <\/p>\n    <div class=\"entityItemContent\">\n        <h2 class=\"entityItemContentTitle\">\n            <a href=\"https:\/\/www.creilsudoise-tourisme.fr\/es\/agenda-animations\/les-relais-de-lacso\/\">Los relevos de la ACSO<\/a>\n        <\/h2>\n                    <p class=\"entityItemContentType\">Festivales y eventos<\/p>\n            <\/div>\n    <a href=\"https:\/\/www.creilsudoise-tourisme.fr\/es\/agenda-animations\/les-relais-de-lacso\/\" class=\"seeMore\"><span class=\"sr-only\">M\u00e1s informaci\u00f3n<\/span><\/a>\n<\/div>\n\n<div class=\"entityItem\" data-trigger=\"wpiris-click\" data-id=\"wpiris-entity-slider-item\">\n    <p class=\"entityItemThumbnail\">\n        <a href=\"https:\/\/www.creilsudoise-tourisme.fr\/es\/agenda-animations\/senderismo-los-60kms-de-loise-senderismo\/\" nofancybox>\n            <img data-src=\"https:\/\/www.creilsudoise-tourisme.fr\/wp-content\/uploads\/wpetourisme\/Affiche-Les-60-km-marche-Rando-Sud-Oise-27-28-juin-2026-2-275x350.jpg\" alt=\"Senderismo | Los 60 km de marcha por la regi\u00f3n de Oise\">\n        <\/a>\n    <\/p>\n    <div class=\"entityItemContent\">\n        <h2 class=\"entityItemContentTitle\">\n            <a href=\"https:\/\/www.creilsudoise-tourisme.fr\/es\/agenda-animations\/senderismo-los-60kms-de-loise-senderismo\/\">Senderismo | Los 60 km de marcha por la regi\u00f3n de Oise<\/a>\n        <\/h2>\n                    <p class=\"entityItemContentType\">Festivales y eventos<\/p>\n            <\/div>\n    <a href=\"https:\/\/www.creilsudoise-tourisme.fr\/es\/agenda-animations\/senderismo-los-60kms-de-loise-senderismo\/\" class=\"seeMore\"><span class=\"sr-only\">M\u00e1s informaci\u00f3n<\/span><\/a>\n<\/div>\n                <\/div>\n\n                            <\/div>\n            <\/div>\n<\/div><\/div>\n\n\n<hr class=\"wp-block-separator has-alpha-channel-opacity\"\/>","protected":false},"excerpt":{"rendered":"<p>Entre bosques y canteras de piedra, ciudades din\u00e1micas y pueblos t\u00edpicos del sur del Oise, el Destino Creil Sud Oise le ofrece un marco ideal para pasear y practicar senderismo. Senderismo por senderos se\u00f1alizados El Destination Creil Sud Oise est\u00e1 repleto de senderos, muchos de ellos se\u00f1alizados e incluidos en el Plan Departamental de Senderismo.<\/p>","protected":false},"author":3,"featured_media":47225,"parent":131,"menu_order":1,"comment_status":"closed","ping_status":"closed","template":"","meta":{"_relevanssi_hide_post":"","_relevanssi_hide_content":"","_relevanssi_pin_for_all":"","_relevanssi_pin_keywords":"","_relevanssi_unpin_keywords":"","_relevanssi_related_keywords":"","_relevanssi_related_include_ids":"","_relevanssi_related_exclude_ids":"","_relevanssi_related_no_append":"","_relevanssi_related_not_related":"","_relevanssi_related_posts":"37951,40454,36653,43630,37932,36660","_relevanssi_noindex_reason":""},"yoast_head":"<!-- This site is optimized with the Yoast SEO plugin v20.2.1 - https:\/\/yoast.com\/wordpress\/plugins\/seo\/ -->\n<title>Randonner \u00e0 Creil Sud Oise<\/title>\n<meta name=\"description\" content=\"Envie de partir en randonn\u00e9e ? D\u00e9couvrez des chemins de randonn\u00e9es et des itin\u00e9raires balis\u00e9s, pour des balades \u00e0 pied, en v\u00e9lo ou \u00e0 cheval !\" \/>\n<meta name=\"robots\" content=\"index, follow, max-snippet:-1, max-image-preview:large, max-video-preview:-1\" \/>\n<link rel=\"canonical\" href=\"https:\/\/www.creilsudoise-tourisme.fr\/es\/jexplore\/imprescindibles\/senderismo-3\/\" \/>\n<meta property=\"og:locale\" content=\"es_ES\" \/>\n<meta property=\"og:type\" content=\"article\" \/>\n<meta property=\"og:title\" content=\"Randonner \u00e0 Creil Sud Oise\" \/>\n<meta property=\"og:description\" content=\"Envie de partir en randonn\u00e9e ? D\u00e9couvrez des chemins de randonn\u00e9es et des itin\u00e9raires balis\u00e9s, pour des balades \u00e0 pied, en v\u00e9lo ou \u00e0 cheval !\" \/>\n<meta property=\"og:url\" content=\"https:\/\/www.creilsudoise-tourisme.fr\/es\/jexplore\/imprescindibles\/senderismo-3\/\" \/>\n<meta property=\"og:site_name\" content=\"Office de Tourisme Creil Sud Oise\" \/>\n<meta property=\"article:publisher\" content=\"https:\/\/www.facebook.com\/creilsudoisetourisme\/\" \/>\n<meta property=\"article:modified_time\" content=\"2025-09-15T07:43:27+00:00\" \/>\n<meta property=\"og:image\" content=\"https:\/\/www.creilsudoise-tourisme.fr\/wp-content\/uploads\/2023\/04\/Randonnee_Creil-Sud-Oise.jpg\" \/>\n\t<meta property=\"og:image:width\" content=\"1740\" \/>\n\t<meta property=\"og:image:height\" content=\"979\" \/>\n\t<meta property=\"og:image:type\" content=\"image\/jpeg\" \/>\n<meta name=\"twitter:card\" content=\"summary_large_image\" \/>\n<meta name=\"twitter:site\" content=\"@CreilSudOiseOT\" \/>\n<meta name=\"twitter:label1\" content=\"Tiempo de lectura\" \/>\n\t<meta name=\"twitter:data1\" content=\"4 minutos\" \/>\n<script type=\"application\/ld+json\" class=\"yoast-schema-graph\">{\"@context\":\"https:\/\/schema.org\",\"@graph\":[{\"@type\":\"WebPage\",\"@id\":\"https:\/\/www.creilsudoise-tourisme.fr\/jexplore\/incontournables\/randonner\/\",\"url\":\"https:\/\/www.creilsudoise-tourisme.fr\/jexplore\/incontournables\/randonner\/\",\"name\":\"Randonner \u00e0 Creil Sud Oise\",\"isPartOf\":{\"@id\":\"https:\/\/www.creilsudoise-tourisme.fr\/#website\"},\"datePublished\":\"2023-04-17T14:58:29+00:00\",\"dateModified\":\"2025-09-15T07:43:27+00:00\",\"description\":\"Envie de partir en randonn\u00e9e ? D\u00e9couvrez des chemins de randonn\u00e9es et des itin\u00e9raires balis\u00e9s, pour des balades \u00e0 pied, en v\u00e9lo ou \u00e0 cheval !\",\"breadcrumb\":{\"@id\":\"https:\/\/www.creilsudoise-tourisme.fr\/jexplore\/incontournables\/randonner\/#breadcrumb\"},\"inLanguage\":\"es\",\"potentialAction\":[{\"@type\":\"ReadAction\",\"target\":[\"https:\/\/www.creilsudoise-tourisme.fr\/jexplore\/incontournables\/randonner\/\"]}]},{\"@type\":\"BreadcrumbList\",\"@id\":\"https:\/\/www.creilsudoise-tourisme.fr\/jexplore\/incontournables\/randonner\/#breadcrumb\",\"itemListElement\":[{\"@type\":\"ListItem\",\"position\":1,\"name\":\"Accueil\",\"item\":\"https:\/\/www.creilsudoise-tourisme.fr\/\"},{\"@type\":\"ListItem\",\"position\":2,\"name\":\"J&rsquo;explore\",\"item\":\"https:\/\/www.creilsudoise-tourisme.fr\/jexplore\/\"},{\"@type\":\"ListItem\",\"position\":3,\"name\":\"Les incontournables\",\"item\":\"https:\/\/www.creilsudoise-tourisme.fr\/jexplore\/incontournables\/\"},{\"@type\":\"ListItem\",\"position\":4,\"name\":\"Les balades &#038; randonn\u00e9es\"}]},{\"@type\":\"WebSite\",\"@id\":\"https:\/\/www.creilsudoise-tourisme.fr\/#website\",\"url\":\"https:\/\/www.creilsudoise-tourisme.fr\/\",\"name\":\"Office de Tourisme Creil Sud Oise\",\"description\":\"Creil Sud Oise Tourisme, un territoire \u00e0 explorer !\",\"publisher\":{\"@id\":\"https:\/\/www.creilsudoise-tourisme.fr\/#organization\"},\"potentialAction\":[{\"@type\":\"SearchAction\",\"target\":{\"@type\":\"EntryPoint\",\"urlTemplate\":\"https:\/\/www.creilsudoise-tourisme.fr\/?s={search_term_string}\"},\"query-input\":\"required name=search_term_string\"}],\"inLanguage\":\"es\"},{\"@type\":\"Organization\",\"@id\":\"https:\/\/www.creilsudoise-tourisme.fr\/#organization\",\"name\":\"Creil Sud Oise Tourisme\",\"url\":\"https:\/\/www.creilsudoise-tourisme.fr\/\",\"logo\":{\"@type\":\"ImageObject\",\"inLanguage\":\"es\",\"@id\":\"https:\/\/www.creilsudoise-tourisme.fr\/#\/schema\/logo\/image\/\",\"url\":\"https:\/\/www.creilsudoise-tourisme.fr\/wp-content\/uploads\/2021\/05\/logo-svg.png\",\"contentUrl\":\"https:\/\/www.creilsudoise-tourisme.fr\/wp-content\/uploads\/2021\/05\/logo-svg.png\",\"width\":182,\"height\":71,\"caption\":\"Creil Sud Oise Tourisme\"},\"image\":{\"@id\":\"https:\/\/www.creilsudoise-tourisme.fr\/#\/schema\/logo\/image\/\"},\"sameAs\":[\"https:\/\/www.facebook.com\/creilsudoisetourisme\/\",\"https:\/\/twitter.com\/CreilSudOiseOT\",\"https:\/\/www.instagram.com\/creilsudoisetourisme\/\",\"https:\/\/www.youtube.com\/channel\/UC8L_QD2wwyADW14zt9fY8kw\"]}]}<\/script>\n<!-- \/ Yoast SEO plugin. -->","yoast_head_json":{"title":"Randonner \u00e0 Creil Sud Oise","description":"Envie de partir en randonn\u00e9e ? D\u00e9couvrez des chemins de randonn\u00e9es et des itin\u00e9raires balis\u00e9s, pour des balades \u00e0 pied, en v\u00e9lo ou \u00e0 cheval !","robots":{"index":"index","follow":"follow","max-snippet":"max-snippet:-1","max-image-preview":"max-image-preview:large","max-video-preview":"max-video-preview:-1"},"canonical":"https:\/\/www.creilsudoise-tourisme.fr\/es\/jexplore\/imprescindibles\/senderismo-3\/","og_locale":"es_ES","og_type":"article","og_title":"Randonner \u00e0 Creil Sud Oise","og_description":"Envie de partir en randonn\u00e9e ? D\u00e9couvrez des chemins de randonn\u00e9es et des itin\u00e9raires balis\u00e9s, pour des balades \u00e0 pied, en v\u00e9lo ou \u00e0 cheval !","og_url":"https:\/\/www.creilsudoise-tourisme.fr\/es\/jexplore\/imprescindibles\/senderismo-3\/","og_site_name":"Office de Tourisme Creil Sud Oise","article_publisher":"https:\/\/www.facebook.com\/creilsudoisetourisme\/","article_modified_time":"2025-09-15T07:43:27+00:00","og_image":[{"width":1740,"height":979,"url":"https:\/\/www.creilsudoise-tourisme.fr\/wp-content\/uploads\/2023\/04\/Randonnee_Creil-Sud-Oise.jpg","type":"image\/jpeg"}],"twitter_card":"summary_large_image","twitter_site":"@CreilSudOiseOT","twitter_misc":{"Tiempo de lectura":"4 minutos"},"schema":{"@context":"https:\/\/schema.org","@graph":[{"@type":"WebPage","@id":"https:\/\/www.creilsudoise-tourisme.fr\/jexplore\/incontournables\/randonner\/","url":"https:\/\/www.creilsudoise-tourisme.fr\/jexplore\/incontournables\/randonner\/","name":"Randonner \u00e0 Creil Sud Oise","isPartOf":{"@id":"https:\/\/www.creilsudoise-tourisme.fr\/#website"},"datePublished":"2023-04-17T14:58:29+00:00","dateModified":"2025-09-15T07:43:27+00:00","description":"Envie de partir en randonn\u00e9e ? D\u00e9couvrez des chemins de randonn\u00e9es et des itin\u00e9raires balis\u00e9s, pour des balades \u00e0 pied, en v\u00e9lo ou \u00e0 cheval !","breadcrumb":{"@id":"https:\/\/www.creilsudoise-tourisme.fr\/jexplore\/incontournables\/randonner\/#breadcrumb"},"inLanguage":"es","potentialAction":[{"@type":"ReadAction","target":["https:\/\/www.creilsudoise-tourisme.fr\/jexplore\/incontournables\/randonner\/"]}]},{"@type":"BreadcrumbList","@id":"https:\/\/www.creilsudoise-tourisme.fr\/jexplore\/incontournables\/randonner\/#breadcrumb","itemListElement":[{"@type":"ListItem","position":1,"name":"Accueil","item":"https:\/\/www.creilsudoise-tourisme.fr\/"},{"@type":"ListItem","position":2,"name":"J&rsquo;explore","item":"https:\/\/www.creilsudoise-tourisme.fr\/jexplore\/"},{"@type":"ListItem","position":3,"name":"Les incontournables","item":"https:\/\/www.creilsudoise-tourisme.fr\/jexplore\/incontournables\/"},{"@type":"ListItem","position":4,"name":"Les balades &#038; randonn\u00e9es"}]},{"@type":"WebSite","@id":"https:\/\/www.creilsudoise-tourisme.fr\/#website","url":"https:\/\/www.creilsudoise-tourisme.fr\/","name":"Office de Tourisme Creil Sud Oise","description":"Creil Sud Oise Tourisme, un territoire \u00e0 explorer !","publisher":{"@id":"https:\/\/www.creilsudoise-tourisme.fr\/#organization"},"potentialAction":[{"@type":"SearchAction","target":{"@type":"EntryPoint","urlTemplate":"https:\/\/www.creilsudoise-tourisme.fr\/?s={search_term_string}"},"query-input":"required name=search_term_string"}],"inLanguage":"es"},{"@type":"Organization","@id":"https:\/\/www.creilsudoise-tourisme.fr\/#organization","name":"Creil Sud Oise Tourisme","url":"https:\/\/www.creilsudoise-tourisme.fr\/","logo":{"@type":"ImageObject","inLanguage":"es","@id":"https:\/\/www.creilsudoise-tourisme.fr\/#\/schema\/logo\/image\/","url":"https:\/\/www.creilsudoise-tourisme.fr\/wp-content\/uploads\/2021\/05\/logo-svg.png","contentUrl":"https:\/\/www.creilsudoise-tourisme.fr\/wp-content\/uploads\/2021\/05\/logo-svg.png","width":182,"height":71,"caption":"Creil Sud Oise Tourisme"},"image":{"@id":"https:\/\/www.creilsudoise-tourisme.fr\/#\/schema\/logo\/image\/"},"sameAs":["https:\/\/www.facebook.com\/creilsudoisetourisme\/","https:\/\/twitter.com\/CreilSudOiseOT","https:\/\/www.instagram.com\/creilsudoisetourisme\/","https:\/\/www.youtube.com\/channel\/UC8L_QD2wwyADW14zt9fY8kw"]}]}},"_links":{"self":[{"href":"https:\/\/www.creilsudoise-tourisme.fr\/es\/wp-json\/wp\/v2\/pages\/47202"}],"collection":[{"href":"https:\/\/www.creilsudoise-tourisme.fr\/es\/wp-json\/wp\/v2\/pages"}],"about":[{"href":"https:\/\/www.creilsudoise-tourisme.fr\/es\/wp-json\/wp\/v2\/types\/page"}],"author":[{"embeddable":true,"href":"https:\/\/www.creilsudoise-tourisme.fr\/es\/wp-json\/wp\/v2\/users\/3"}],"replies":[{"embeddable":true,"href":"https:\/\/www.creilsudoise-tourisme.fr\/es\/wp-json\/wp\/v2\/comments?post=47202"}],"version-history":[{"count":26,"href":"https:\/\/www.creilsudoise-tourisme.fr\/es\/wp-json\/wp\/v2\/pages\/47202\/revisions"}],"predecessor-version":[{"id":65146,"href":"https:\/\/www.creilsudoise-tourisme.fr\/es\/wp-json\/wp\/v2\/pages\/47202\/revisions\/65146"}],"up":[{"embeddable":true,"href":"https:\/\/www.creilsudoise-tourisme.fr\/es\/wp-json\/wp\/v2\/pages\/131"}],"wp:featuredmedia":[{"embeddable":true,"href":"https:\/\/www.creilsudoise-tourisme.fr\/es\/wp-json\/wp\/v2\/media\/47225"}],"wp:attachment":[{"href":"https:\/\/www.creilsudoise-tourisme.fr\/es\/wp-json\/wp\/v2\/media?parent=47202"}],"curies":[{"name":"wp","href":"https:\/\/api.w.org\/{rel}","templated":true}]}}