{"id":43320,"date":"2022-11-02T16:30:44","date_gmt":"2022-11-02T15:30:30","guid":{"rendered":"https:\/\/www.creilsudoise-tourisme.fr\/?page_id=43320"},"modified":"2025-07-25T13:55:32","modified_gmt":"2025-07-25T11:55:32","slug":"menus-fete","status":"publish","type":"page","link":"https:\/\/www.creilsudoise-tourisme.fr\/es\/espace-pro\/convocatoria-de-proyectos\/menu-fete\/","title":{"rendered":"Los men\u00fas de su fiesta"},"content":{"rendered":"<p class=\"is-style-excerpt\">Te has inventado un <strong>\u00bfun men\u00fa especial para las fiestas o el d\u00eda de San Valent\u00edn?<\/strong> Env\u00edenos sus men\u00fas, <strong>lo promocionaremos <\/strong>en nuestros soportes web (<strong><a href=\"https:\/\/www.facebook.com\/creilsudoisetourisme\" target=\"_blank\" rel=\"noreferrer noopener\">P\u00e1gina de Facebook<\/a> <\/strong>y secci\u00f3n <strong><a href=\"https:\/\/www.creilsudoise-tourisme.fr\/es\/o\/noticias-del-momento-gp\/\" target=\"_blank\" rel=\"noreferrer noopener\">Noticias <\/a><\/strong>del sitio)<\/p>\n\n\n\n<h2>P\u00e1gina dedicada a los restauradores profesionales<\/h2>\n\n\n\n<p>Rellene el siguiente formulario: puede <strong>env\u00edenos sus men\u00fas en formato Word o PDF<\/strong>o el<strong> enlace url <\/strong>en su sitio web que enlace con sus men\u00fas, o mediante <strong>simplemente rellenando la(s) casilla(s) correspondiente(s).<\/strong><\/p>\n\n\n\n<p><strong>OBLIGATORIO <\/strong>precio por persona, con o sin bebidas y detalles de la reserva<\/p>\n\n\n<div class=\"frm_forms  with_frm_style frm_style_style-formidable\" id=\"frm_form_20_container\" data-token=\"312eed962a92d57d1caccb4b64178a5d\">\n<form enctype=\"multipart\/form-data\" method=\"post\" class=\"frm-show-form  frm_pro_form\" id=\"form_menu\"  data-token=\"312eed962a92d57d1caccb4b64178a5d\" action=\"\">\n<div class=\"frm_form_fields\">\n<fieldset>\n<legend class=\"frm_screen_reader\">Men\u00fa<\/legend>\r\n\r\n<div class=\"frm_fields_container\">\n<input type=\"hidden\" name=\"frm_action\" value=\"create\" \/>\n<input type=\"hidden\" name=\"form_id\" value=\"20\" \/>\n<input type=\"hidden\" name=\"frm_hide_fields_20\" id=\"frm_hide_fields_20\" value=\"\" \/>\n<input type=\"hidden\" name=\"form_key\" value=\"menu\" \/>\n<input type=\"hidden\" name=\"item_meta[0]\" value=\"\" \/>\n<input type=\"hidden\" id=\"frm_submit_entry_20\" name=\"frm_submit_entry_20\" value=\"1eb7c3f2b0\" \/><input type=\"hidden\" name=\"_wp_http_referer\" value=\"\/es\/wp-json\/wp\/v2\/pages\/43320\" \/><div id=\"frm_field_237_container\" class=\"frm_form_field frm_section_heading form-field formGroup formGroup--divider\">\r\n<h3 class=\"frm_pos_top frm_section_spacing\">Su restaurante<\/h3>\r\n\r\n\r\n<div id=\"frm_field_239_container\" class=\"frm_form_field form-field  frm_required_field formGroup formGroup--text  frm_top_container\">\r\n    <label for=\"field_j30oy\" id=\"field_j30oy_label\" class=\"frm_primary_label formGroupLabel\">Nombre de su restaurante\r\n        <span class=\"frm_required\" aria-hidden=\"true\">*<\/span>\r\n    <\/label>\r\n    <div class=\"formGroupField\"><input type=\"text\" id=\"field_j30oy\" name=\"item_meta[239]\" value=\"\"  data-sectionid=\"237\" data-reqmsg=\"Ce champ ne peut pas \u00eatre vide\" aria-required=\"true\" data-invmsg=\"texte est non valide\" aria-invalid=\"false\"  \/>\r\n    \r\n    \r\n<\/div><\/div>\n<div id=\"frm_field_241_container\" class=\"frm_form_field form-field  frm_required_field formGroup formGroup--phone  frm_top_container\">\r\n    <label for=\"field_upw74\" id=\"field_upw74_label\" class=\"frm_primary_label formGroupLabel\">Tel\u00e9fono de reservas\r\n        <span class=\"frm_required\" aria-hidden=\"true\">*<\/span>\r\n    <\/label>\r\n    <div class=\"formGroupField\"><input type=\"tel\" id=\"field_upw74\" name=\"item_meta[241]\" value=\"\"  data-sectionid=\"237\" data-reqmsg=\"Ce champ ne peut pas \u00eatre vide\" aria-required=\"true\" data-invmsg=\"T\u00e9l\u00e9phone est non valide\" aria-invalid=\"false\" pattern=\"((\\+\\d{1,3}(-|.| )?\\(?\\d\\)?(-| |.)?\\d{1,5})|(\\(?\\d{2,6}\\)?))(-|.| )?(\\d{3,4})(-|.| )?(\\d{4})(( x| ext)\\d{1,5}){0,1}$\"  \/>\r\n    \r\n    \r\n<\/div><\/div>\n<\/div>\n<div id=\"frm_field_233_container\" class=\"frm_form_field frm_section_heading form-field formGroup formGroup--divider\">\r\n<h3 class=\"frm_pos_top frm_section_spacing\">Su(s) men\u00fa(s)<\/h3>\r\n\r\n\r\n<div id=\"frm_field_232_container\" class=\"frm_form_field form-field  formGroup formGroup--text  frm_top_container\">\r\n    <label for=\"field_f9f3t\" id=\"field_f9f3t_label\" class=\"frm_primary_label formGroupLabel\">Copie su men\u00fa aqu\u00ed\r\n        <span class=\"frm_required\" aria-hidden=\"true\"><\/span>\r\n    <\/label>\r\n    <div class=\"formGroupField\"><input type=\"text\" id=\"field_f9f3t\" name=\"item_meta[232]\" value=\"\"  data-sectionid=\"233\" data-invmsg=\"texte est non valide\" aria-invalid=\"false\"  \/>\r\n    \r\n    \r\n<\/div><\/div>\n<div id=\"frm_field_235_container\" class=\"frm_form_field form-field  formGroup formGroup--text  frm_top_container\">\r\n    <label for=\"field_lc6gn\" id=\"field_lc6gn_label\" class=\"frm_primary_label formGroupLabel\">Copie su men\u00fa aqu\u00ed\r\n        <span class=\"frm_required\" aria-hidden=\"true\"><\/span>\r\n    <\/label>\r\n    <div class=\"formGroupField\"><input type=\"text\" id=\"field_lc6gn\" name=\"item_meta[235]\" value=\"\"  data-sectionid=\"233\" data-invmsg=\"texte est non valide\" aria-invalid=\"false\"  \/>\r\n    \r\n    \r\n<\/div><\/div>\n<div id=\"frm_field_236_container\" class=\"frm_form_field form-field  formGroup formGroup--text  frm_top_container\">\r\n    <label for=\"field_gx52l\" id=\"field_gx52l_label\" class=\"frm_primary_label formGroupLabel\">Copie su men\u00fa aqu\u00ed\r\n        <span class=\"frm_required\" aria-hidden=\"true\"><\/span>\r\n    <\/label>\r\n    <div class=\"formGroupField\"><input type=\"text\" id=\"field_gx52l\" name=\"item_meta[236]\" value=\"\"  data-sectionid=\"233\" data-invmsg=\"texte est non valide\" aria-invalid=\"false\"  \/>\r\n    \r\n    \r\n<\/div><\/div>\n<div id=\"frm_field_231_container\" class=\"frm_form_field form-field  formGroup formGroup--file  frm_top_container\">\r\n    <label for=\"field_ieemj\" id=\"field_ieemj_label\" class=\"frm_primary_label formGroupLabel\">O env\u00edenos su(s) men\u00fa(s) en PDF \/ word\r\n        <span class=\"frm_required\" aria-hidden=\"true\"><\/span>\r\n    <\/label>\r\n    <div class=\"formGroupField\"><input type=\"hidden\" name=\"item_meta[231]\"  value=\"\" data-frmfile=\"231\" \/>\n\n<div class=\"frm_dropzone frm_single_upload frm_clearfix\" id=\"file231_dropzone\" role=\"group\" >\n\t<div class=\"fallback\">\n\t\t<input type=\"file\" name=\"file231\" id=\"field_ieemj\"\n\t\t\t data-invmsg=\"T\u00e9l\u00e9versement de fichier est non valide\" aria-invalid=\"false\"  \t\t\t\/>\n\t\t\t\t<div class=\"frm_clearfix\"><\/div>\n\t<\/div>\n\t<div class=\"dz-message needsclick\">\n\t\t<span class=\"frm_icon_font frm_upload_icon\"><\/span>\n\t\t<span class=\"frm_upload_text\"><button type=\"button\">Cargue un archivo aqu\u00ed o haga clic para descargarlo<\/button><\/span>\n\t\t<span class=\"frm_compact_text\"><button type=\"button\">Elija un archivo<\/button><\/span>\n\t\t<div class=\"frm_small_text\">\n\t\t\tTama\u00f1o m\u00e1ximo del archivo: 15,36 MB\t\t<\/div>\n\t<\/div>\n<\/div>\n\r\n    \r\n    \r\n<\/div><\/div>\n<div id=\"frm_field_228_container\" class=\"frm_form_field form-field  formGroup formGroup--url  frm_top_container\">\r\n    <label for=\"field_t0cpj\" id=\"field_t0cpj_label\" class=\"frm_primary_label formGroupLabel\">O env\u00edenos la URL donde se encuentra su men\u00fa\r\n        <span class=\"frm_required\" aria-hidden=\"true\"><\/span>\r\n    <\/label>\r\n    <div class=\"formGroupField\"><input type=\"url\" id=\"field_t0cpj\" name=\"item_meta[228]\" value=\"\"  data-invmsg=\"Site Web\/URL est non valide\" aria-invalid=\"false\"  \/>\r\n    \r\n    \r\n<\/div><\/div>\n<div id=\"frm_field_229_container\" class=\"frm_form_field form-field  formGroup formGroup--url  frm_top_container\">\r\n    <label for=\"field_yfqpb\" id=\"field_yfqpb_label\" class=\"frm_primary_label formGroupLabel\">Enlace URL a su men\u00fa\r\n        <span class=\"frm_required\" aria-hidden=\"true\"><\/span>\r\n    <\/label>\r\n    <div class=\"formGroupField\"><input type=\"url\" id=\"field_yfqpb\" name=\"item_meta[229]\" value=\"\"  data-sectionid=\"233\" data-invmsg=\"Site Web\/URL est non valide\" aria-invalid=\"false\"  \/>\r\n    \r\n    \r\n<\/div><\/div>\n<div id=\"frm_field_230_container\" class=\"frm_form_field form-field  formGroup formGroup--url  frm_top_container\">\r\n    <label for=\"field_khczc\" id=\"field_khczc_label\" class=\"frm_primary_label formGroupLabel\">Enlace URL a su men\u00fa\r\n        <span class=\"frm_required\" aria-hidden=\"true\"><\/span>\r\n    <\/label>\r\n    <div class=\"formGroupField\"><input type=\"url\" id=\"field_khczc\" name=\"item_meta[230]\" value=\"\"  data-sectionid=\"233\" data-invmsg=\"Site Web\/URL est non valide\" aria-invalid=\"false\"  \/>\r\n    \r\n    \r\n<\/div><\/div>\n<\/div>\n\t<input type=\"hidden\" name=\"item_key\" value=\"\" \/>\n\t\t\t\t<div class=\"frm_verify\" >\n\t\t\t\t<label for=\"frm_email_20\">\n\t\t\t\t\tSi eres humano, deja este campo en blanco.\t\t\t\t<\/label>\n\t\t\t\t<input type=\"email\" class=\"frm_verify\" id=\"frm_email_20\" name=\"frm_verify\" value=\"\"  \/>\n\t\t\t<\/div>\n\t\t<input name=\"frm_state\" type=\"hidden\" value=\"lReVYc7J+CAuHDZocIFlZPEf17reRR6huxRtnRrb\/Mg=\" \/><div class=\"formGroup formGroup--nolabel\"><span class=\"required\">Los campos marcados con * son obligatorios<\/span><\/div><div class=\"frm_submit formGroup--nolabel\">\r\n\r\n<button class=\"frm_button_submit frm_final_submit button\" type=\"submit\"   formnovalidate=\"formnovalidate\">Enviar<\/button>\r\n\r\n<\/div><\/div>\n<\/fieldset>\n<\/div>\n<input type=\"hidden\" name=\"trp-form-language\" value=\"es\"\/><\/form>\n<\/div>\n\n\n\n<p class=\"has-text-align-center\"><strong>\u00a1Muchas gracias!<\/strong><\/p>\n\n\n\n<hr class=\"wp-block-separator has-css-opacity\"\/>\n\n\n<div class=\"wp-block wp-block-highlight\">\n            <h3 class=\"wp-block-highlight-item wp-block-highlight-title\">\u00bfOrganiza eventos?<\/h3>\n                <p class=\"wp-block-highlight-item wp-block-highlight-excerpt\">Usted organiza <strong>eventos en su restaurante <\/strong>? H\u00e1ganoslo saber en nuestro <strong><a href=\"https:\/\/www.facebook.com\/creilsudoisetourisme\" target=\"_blank\" rel=\"noreferrer noopener\">P\u00e1gina de Facebook<\/a><\/strong> y nuestro <strong><a href=\"https:\/\/www.creilsudoise-tourisme.fr\/es\/agenda\/\" target=\"_blank\" rel=\"noreferrer noopener\">Agenda <\/a><\/strong>completando el <strong><a href=\"http:\/\/oise.tourinsoft.com\/questionnaire-web\/2f591c16-b52e-4dfc-8106-ffe735dad39e\/eef450e0-413e-4799-b603-660b1bec7447\/add.aspx\" target=\"_blank\" rel=\"noreferrer noopener\">formulario espec\u00edfico<\/a><\/strong>.<\/p>\n    <\/div>","protected":false},"excerpt":{"rendered":"<p>\u00bfHa ideado un men\u00fa especial para las fiestas o para San Valent\u00edn? Env\u00edenos sus men\u00fas y los promocionaremos en nuestra p\u00e1gina web (p\u00e1gina de Facebook y secci\u00f3n Noticias) P\u00e1gina dedicada a los restauradores profesionales Rellene el siguiente formulario: puede enviarnos sus men\u00fas [...].<\/p>","protected":false},"author":3,"featured_media":43313,"parent":38425,"menu_order":2,"comment_status":"closed","ping_status":"closed","template":"","meta":{"_relevanssi_hide_post":"","_relevanssi_hide_content":"","_relevanssi_pin_for_all":"","_relevanssi_pin_keywords":"","_relevanssi_unpin_keywords":"","_relevanssi_related_keywords":"","_relevanssi_related_include_ids":"","_relevanssi_related_exclude_ids":"","_relevanssi_related_no_append":"","_relevanssi_related_not_related":"","_relevanssi_related_posts":"32820,39133,40448,37920,271,43312","_relevanssi_noindex_reason":""},"yoast_head":"<!-- This site is optimized with the Yoast SEO plugin v20.2.1 - https:\/\/yoast.com\/wordpress\/plugins\/seo\/ -->\n<title>Restaurateurs, communiquez sur vos menus des f\u00eates<\/title>\n<meta name=\"description\" content=\"Espace d\u00e9di\u00e9 aux restaurateurs de Creil Sud Oise : remplissez le formulaire pour que l&#039;Office de Tourisme Creil Sud Oise en fasse la promo !\" \/>\n<meta name=\"robots\" content=\"index, follow, max-snippet:-1, max-image-preview:large, max-video-preview:-1\" \/>\n<link rel=\"canonical\" href=\"https:\/\/www.creilsudoise-tourisme.fr\/es\/espace-pro\/convocatoria-de-proyectos\/menu-fete\/\" \/>\n<meta property=\"og:locale\" content=\"es_ES\" \/>\n<meta property=\"og:type\" content=\"article\" \/>\n<meta property=\"og:title\" content=\"Restaurateurs, communiquez sur vos menus des f\u00eates\" \/>\n<meta property=\"og:description\" content=\"Espace d\u00e9di\u00e9 aux restaurateurs de Creil Sud Oise : remplissez le formulaire pour que l&#039;Office de Tourisme Creil Sud Oise en fasse la promo !\" \/>\n<meta property=\"og:url\" content=\"https:\/\/www.creilsudoise-tourisme.fr\/es\/espace-pro\/convocatoria-de-proyectos\/menu-fete\/\" \/>\n<meta property=\"og:site_name\" content=\"Office de Tourisme Creil Sud Oise\" \/>\n<meta property=\"article:publisher\" content=\"https:\/\/www.facebook.com\/creilsudoisetourisme\/\" \/>\n<meta property=\"article:modified_time\" content=\"2025-07-25T11:55:32+00:00\" \/>\n<meta property=\"og:image\" content=\"https:\/\/www.creilsudoise-tourisme.fr\/wp-content\/uploads\/2022\/11\/served-christmas-table-setting-in-dark-tones-with-golden-deco-1.jpg\" \/>\n\t<meta property=\"og:image:width\" content=\"1280\" \/>\n\t<meta property=\"og:image:height\" content=\"1920\" \/>\n\t<meta property=\"og:image:type\" content=\"image\/jpeg\" \/>\n<meta name=\"twitter:card\" content=\"summary_large_image\" \/>\n<meta name=\"twitter:site\" content=\"@CreilSudOiseOT\" \/>\n<meta name=\"twitter:label1\" content=\"Tiempo de lectura\" \/>\n\t<meta name=\"twitter:data1\" content=\"1 minuto\" \/>\n<script type=\"application\/ld+json\" class=\"yoast-schema-graph\">{\"@context\":\"https:\/\/schema.org\",\"@graph\":[{\"@type\":\"WebPage\",\"@id\":\"https:\/\/www.creilsudoise-tourisme.fr\/espace-pro\/appel-projet\/menus-fete\/\",\"url\":\"https:\/\/www.creilsudoise-tourisme.fr\/espace-pro\/appel-projet\/menus-fete\/\",\"name\":\"Restaurateurs, communiquez sur vos menus des f\u00eates\",\"isPartOf\":{\"@id\":\"https:\/\/www.creilsudoise-tourisme.fr\/#website\"},\"datePublished\":\"2022-11-02T15:30:30+00:00\",\"dateModified\":\"2025-07-25T11:55:32+00:00\",\"description\":\"Espace d\u00e9di\u00e9 aux restaurateurs de Creil Sud Oise : remplissez le formulaire pour que l'Office de Tourisme Creil Sud Oise en fasse la promo !\",\"breadcrumb\":{\"@id\":\"https:\/\/www.creilsudoise-tourisme.fr\/espace-pro\/appel-projet\/menus-fete\/#breadcrumb\"},\"inLanguage\":\"es\",\"potentialAction\":[{\"@type\":\"ReadAction\",\"target\":[\"https:\/\/www.creilsudoise-tourisme.fr\/espace-pro\/appel-projet\/menus-fete\/\"]}]},{\"@type\":\"BreadcrumbList\",\"@id\":\"https:\/\/www.creilsudoise-tourisme.fr\/espace-pro\/appel-projet\/menus-fete\/#breadcrumb\",\"itemListElement\":[{\"@type\":\"ListItem\",\"position\":1,\"name\":\"Accueil\",\"item\":\"https:\/\/www.creilsudoise-tourisme.fr\/\"},{\"@type\":\"ListItem\",\"position\":2,\"name\":\"Espace pro\",\"item\":\"https:\/\/www.creilsudoise-tourisme.fr\/espace-pro\/\"},{\"@type\":\"ListItem\",\"position\":3,\"name\":\"Appels \u00e0 projets\",\"item\":\"https:\/\/www.creilsudoise-tourisme.fr\/espace-pro\/appel-projet\/\"},{\"@type\":\"ListItem\",\"position\":4,\"name\":\"Vos menus de f\u00eate\"}]},{\"@type\":\"WebSite\",\"@id\":\"https:\/\/www.creilsudoise-tourisme.fr\/#website\",\"url\":\"https:\/\/www.creilsudoise-tourisme.fr\/\",\"name\":\"Office de Tourisme Creil Sud Oise\",\"description\":\"Creil Sud Oise Tourisme, un territoire \u00e0 explorer !\",\"publisher\":{\"@id\":\"https:\/\/www.creilsudoise-tourisme.fr\/#organization\"},\"potentialAction\":[{\"@type\":\"SearchAction\",\"target\":{\"@type\":\"EntryPoint\",\"urlTemplate\":\"https:\/\/www.creilsudoise-tourisme.fr\/?s={search_term_string}\"},\"query-input\":\"required name=search_term_string\"}],\"inLanguage\":\"es\"},{\"@type\":\"Organization\",\"@id\":\"https:\/\/www.creilsudoise-tourisme.fr\/#organization\",\"name\":\"Creil Sud Oise Tourisme\",\"url\":\"https:\/\/www.creilsudoise-tourisme.fr\/\",\"logo\":{\"@type\":\"ImageObject\",\"inLanguage\":\"es\",\"@id\":\"https:\/\/www.creilsudoise-tourisme.fr\/#\/schema\/logo\/image\/\",\"url\":\"https:\/\/www.creilsudoise-tourisme.fr\/wp-content\/uploads\/2021\/05\/logo-svg.png\",\"contentUrl\":\"https:\/\/www.creilsudoise-tourisme.fr\/wp-content\/uploads\/2021\/05\/logo-svg.png\",\"width\":182,\"height\":71,\"caption\":\"Creil Sud Oise Tourisme\"},\"image\":{\"@id\":\"https:\/\/www.creilsudoise-tourisme.fr\/#\/schema\/logo\/image\/\"},\"sameAs\":[\"https:\/\/www.facebook.com\/creilsudoisetourisme\/\",\"https:\/\/twitter.com\/CreilSudOiseOT\",\"https:\/\/www.instagram.com\/creilsudoisetourisme\/\",\"https:\/\/www.youtube.com\/channel\/UC8L_QD2wwyADW14zt9fY8kw\"]}]}<\/script>\n<!-- \/ Yoast SEO plugin. -->","yoast_head_json":{"title":"Restaurateurs, communiquez sur vos menus des f\u00eates","description":"Espace d\u00e9di\u00e9 aux restaurateurs de Creil Sud Oise : remplissez le formulaire pour que l'Office de Tourisme Creil Sud Oise en fasse la promo !","robots":{"index":"index","follow":"follow","max-snippet":"max-snippet:-1","max-image-preview":"max-image-preview:large","max-video-preview":"max-video-preview:-1"},"canonical":"https:\/\/www.creilsudoise-tourisme.fr\/es\/espace-pro\/convocatoria-de-proyectos\/menu-fete\/","og_locale":"es_ES","og_type":"article","og_title":"Restaurateurs, communiquez sur vos menus des f\u00eates","og_description":"Espace d\u00e9di\u00e9 aux restaurateurs de Creil Sud Oise : remplissez le formulaire pour que l'Office de Tourisme Creil Sud Oise en fasse la promo !","og_url":"https:\/\/www.creilsudoise-tourisme.fr\/es\/espace-pro\/convocatoria-de-proyectos\/menu-fete\/","og_site_name":"Office de Tourisme Creil Sud Oise","article_publisher":"https:\/\/www.facebook.com\/creilsudoisetourisme\/","article_modified_time":"2025-07-25T11:55:32+00:00","og_image":[{"width":1280,"height":1920,"url":"https:\/\/www.creilsudoise-tourisme.fr\/wp-content\/uploads\/2022\/11\/served-christmas-table-setting-in-dark-tones-with-golden-deco-1.jpg","type":"image\/jpeg"}],"twitter_card":"summary_large_image","twitter_site":"@CreilSudOiseOT","twitter_misc":{"Tiempo de lectura":"1 minuto"},"schema":{"@context":"https:\/\/schema.org","@graph":[{"@type":"WebPage","@id":"https:\/\/www.creilsudoise-tourisme.fr\/espace-pro\/appel-projet\/menus-fete\/","url":"https:\/\/www.creilsudoise-tourisme.fr\/espace-pro\/appel-projet\/menus-fete\/","name":"Restaurateurs, communiquez sur vos menus des f\u00eates","isPartOf":{"@id":"https:\/\/www.creilsudoise-tourisme.fr\/#website"},"datePublished":"2022-11-02T15:30:30+00:00","dateModified":"2025-07-25T11:55:32+00:00","description":"Espace d\u00e9di\u00e9 aux restaurateurs de Creil Sud Oise : remplissez le formulaire pour que l'Office de Tourisme Creil Sud Oise en fasse la promo !","breadcrumb":{"@id":"https:\/\/www.creilsudoise-tourisme.fr\/espace-pro\/appel-projet\/menus-fete\/#breadcrumb"},"inLanguage":"es","potentialAction":[{"@type":"ReadAction","target":["https:\/\/www.creilsudoise-tourisme.fr\/espace-pro\/appel-projet\/menus-fete\/"]}]},{"@type":"BreadcrumbList","@id":"https:\/\/www.creilsudoise-tourisme.fr\/espace-pro\/appel-projet\/menus-fete\/#breadcrumb","itemListElement":[{"@type":"ListItem","position":1,"name":"Accueil","item":"https:\/\/www.creilsudoise-tourisme.fr\/"},{"@type":"ListItem","position":2,"name":"Espace pro","item":"https:\/\/www.creilsudoise-tourisme.fr\/espace-pro\/"},{"@type":"ListItem","position":3,"name":"Appels \u00e0 projets","item":"https:\/\/www.creilsudoise-tourisme.fr\/espace-pro\/appel-projet\/"},{"@type":"ListItem","position":4,"name":"Vos menus de f\u00eate"}]},{"@type":"WebSite","@id":"https:\/\/www.creilsudoise-tourisme.fr\/#website","url":"https:\/\/www.creilsudoise-tourisme.fr\/","name":"Office de Tourisme Creil Sud Oise","description":"Creil Sud Oise Tourisme, un territoire \u00e0 explorer !","publisher":{"@id":"https:\/\/www.creilsudoise-tourisme.fr\/#organization"},"potentialAction":[{"@type":"SearchAction","target":{"@type":"EntryPoint","urlTemplate":"https:\/\/www.creilsudoise-tourisme.fr\/?s={search_term_string}"},"query-input":"required name=search_term_string"}],"inLanguage":"es"},{"@type":"Organization","@id":"https:\/\/www.creilsudoise-tourisme.fr\/#organization","name":"Creil Sud Oise Tourisme","url":"https:\/\/www.creilsudoise-tourisme.fr\/","logo":{"@type":"ImageObject","inLanguage":"es","@id":"https:\/\/www.creilsudoise-tourisme.fr\/#\/schema\/logo\/image\/","url":"https:\/\/www.creilsudoise-tourisme.fr\/wp-content\/uploads\/2021\/05\/logo-svg.png","contentUrl":"https:\/\/www.creilsudoise-tourisme.fr\/wp-content\/uploads\/2021\/05\/logo-svg.png","width":182,"height":71,"caption":"Creil Sud Oise Tourisme"},"image":{"@id":"https:\/\/www.creilsudoise-tourisme.fr\/#\/schema\/logo\/image\/"},"sameAs":["https:\/\/www.facebook.com\/creilsudoisetourisme\/","https:\/\/twitter.com\/CreilSudOiseOT","https:\/\/www.instagram.com\/creilsudoisetourisme\/","https:\/\/www.youtube.com\/channel\/UC8L_QD2wwyADW14zt9fY8kw"]}]}},"_links":{"self":[{"href":"https:\/\/www.creilsudoise-tourisme.fr\/es\/wp-json\/wp\/v2\/pages\/43320"}],"collection":[{"href":"https:\/\/www.creilsudoise-tourisme.fr\/es\/wp-json\/wp\/v2\/pages"}],"about":[{"href":"https:\/\/www.creilsudoise-tourisme.fr\/es\/wp-json\/wp\/v2\/types\/page"}],"author":[{"embeddable":true,"href":"https:\/\/www.creilsudoise-tourisme.fr\/es\/wp-json\/wp\/v2\/users\/3"}],"replies":[{"embeddable":true,"href":"https:\/\/www.creilsudoise-tourisme.fr\/es\/wp-json\/wp\/v2\/comments?post=43320"}],"version-history":[{"count":6,"href":"https:\/\/www.creilsudoise-tourisme.fr\/es\/wp-json\/wp\/v2\/pages\/43320\/revisions"}],"predecessor-version":[{"id":64177,"href":"https:\/\/www.creilsudoise-tourisme.fr\/es\/wp-json\/wp\/v2\/pages\/43320\/revisions\/64177"}],"up":[{"embeddable":true,"href":"https:\/\/www.creilsudoise-tourisme.fr\/es\/wp-json\/wp\/v2\/pages\/38425"}],"wp:featuredmedia":[{"embeddable":true,"href":"https:\/\/www.creilsudoise-tourisme.fr\/es\/wp-json\/wp\/v2\/media\/43313"}],"wp:attachment":[{"href":"https:\/\/www.creilsudoise-tourisme.fr\/es\/wp-json\/wp\/v2\/media?parent=43320"}],"curies":[{"name":"wp","href":"https:\/\/api.w.org\/{rel}","templated":true}]}}