{"id":33212,"date":"2021-04-07T18:06:44","date_gmt":"2021-04-07T16:06:09","guid":{"rendered":"https:\/\/www.creilsudoise-tourisme.fr\/espace-pro\/rencontres-des-explorateurs\/2-rencontre-des-explorateur-2020\/"},"modified":"2022-06-14T14:33:25","modified_gmt":"2022-06-14T12:33:25","slug":"rencontre-des-explorateurs-2022","status":"publish","type":"page","link":"https:\/\/www.creilsudoise-tourisme.fr\/es\/espace-pro\/rencontres-explorateurs\/rencontres-des-explorateurs-2022\/","title":{"rendered":"#3 Encuentro de los exploradores (2022)"},"content":{"rendered":"<p class=\"is-style-excerpt\">En <strong>31 de marzo de 2022<\/strong>La tercera <strong>Reuni\u00f3n de Exploradores<\/strong>un encuentro organizado por la Oficina de Turismo de Creil Sud Oise y <strong>dedicado a los profesionales del turismo y embajadores del Destino<\/strong>.<\/p>\n\n\n\n<div class=\"is-layout-flex wp-container-3 wp-block-columns\">\n<div class=\"is-layout-flow wp-block-column\" style=\"flex-basis:33.33%\">\n<figure class=\"wp-block-image size-large is-resized\"><img decoding=\"async\" loading=\"lazy\" data-src=\"https:\/\/www.creilsudoise-tourisme.fr\/wp-content\/uploads\/2022\/02\/3eme-Rencontre-des-Explorateurs-1200x798.jpg\" alt=\"3\u00aa Reuni\u00f3n de Exploradores\" class=\"wp-image-40121\" width=\"472\" height=\"312\" data-srcset=\"https:\/\/www.creilsudoise-tourisme.fr\/wp-content\/uploads\/2022\/02\/3eme-Rencontre-des-Explorateurs-200x133.jpg 200w, https:\/\/www.creilsudoise-tourisme.fr\/wp-content\/uploads\/2022\/02\/3eme-Rencontre-des-Explorateurs-387x257.jpg 387w\" sizes=\"(max-width: 472px) 100vw, 472px\" \/><\/figure>\n<\/div>\n\n\n\n<div class=\"is-layout-flow wp-block-column\" style=\"flex-basis:66.66%\">\n<p class=\"is-style-default\">V\u00e9ase el <strong>Balance del tercer Encuentro de Exploradores<\/strong> e inf\u00f3rmese sobre el programa de la jornada, que incluye una conferencia sobre <strong>Contrato de desarrollo tur\u00edstico<\/strong> que agrupa a las Oficinas de Turismo de Creil Sud Oise y Pays d'Oise et d'Halatte, as\u00ed como a la <strong>visita al <a href=\"https:\/\/www.creilsudoise-tourisme.fr\/es\/jexplore\/imprescindibles\/maison-de-la-pierre-3\/\" target=\"_blank\" rel=\"noreferrer noopener\">Casa de piedra<\/a> y <a href=\"https:\/\/www.creilsudoise-tourisme.fr\/es\/jexplore\/imprescindibles\/museo-bomba-2\/\" target=\"_blank\" rel=\"noreferrer noopener\">Museo del Bombardeo <\/a>en Saint-Maximin<\/strong> \u00a1! \u00a1Este hermoso d\u00eda reuni\u00f3 a 34 participantes! <\/p>\n\n\n\n<p><a href=\"https:\/\/www.creilsudoise-tourisme.fr\/wp-content\/uploads\/2022\/06\/BILAN-de-la-3eme-Rencontre-des-explorateurs.pdf\" target=\"_blank\" rel=\"noreferrer noopener\">Revisi\u00f3n de los 3<sup>\u00e8me<\/sup> Reuni\u00f3n de Exploradores<\/a><\/p>\n<\/div>\n<\/div>\n\n\n\n<div class=\"wp-block wp-block-accordion\" id=\"accordion\">\n    \n                    <div class=\"wp-block-accordion-item\">\n            <div id=\"heading4135\">\n                <h3 class=\"wp-block-accordion-item-title\" data-toggle=\"collapse\" data-target=\"#collapse4135\">\n                    Ver el programa                <\/h3>\n            <\/div>\n            <div class=\"wp-block-accordion-item-content collapse\" id=\"collapse4135\" data-parent=\"#accordion\">\n                <p><strong>&gt; 9h00<\/strong>\u00a0Caf\u00e9 de recepci\u00f3n<\/p><p><strong>&gt; 9h20\u00a0<\/strong>Direcci\u00f3n de bienvenida<\/p><p><strong>&gt; 9h40\u00a0<\/strong>Introducci\u00f3n y presentaci\u00f3n de la jornada<\/p><p><strong>&gt; 9.50 h Actividades de grupo para conocerse mejor<\/strong><\/p><p><strong>&gt; 10h20<\/strong>\u00a0Presentaci\u00f3n de la <strong>Contrato de desarrollo tur\u00edstico de los valles del Oise y de la Piedra<\/strong>\u00a0con el apoyo de la Agglom\u00e9ration Creil Sud Oise, la Communaut\u00e9 de communes Pays d'Oise et d'Halatte y Creil Sud Oise Tourisme. Juntos, estamos en el camino del desarrollo tur\u00edstico compartido.<\/p><p><strong>&gt; 11h30<\/strong>\u00a0<strong>Quiz \u00bfConoce la zona de Creil Sud Oise?<\/strong><\/p><p>><strong> 12.30 h Almuerzo en la Buvette<\/strong>restaurante en Saint-Maximin<\/p><p>><strong> 14:30 Tour de Saint-Maximin,\u00a0<\/strong>elecci\u00f3n de visita guiada (inscripci\u00f3n obligatoria) :<\/p><p><strong>Carri\u00e8re Parrain en la Maison de la Pierre<\/strong> <em>y\/o<\/em> <strong>Museo del bombardeo<\/strong><\/p><p>><strong> 15h30\u00a0<\/strong>Fin del d\u00eda (o <strong>17h<\/strong>\u00a0si visita ambos sitios)<\/p>            <\/div>\n        <\/div>\n    \n<\/div>","protected":false},"excerpt":{"rendered":"<p>El 31 de marzo de 2022 tuvo lugar el tercer Rencontre des Explorateurs, organizado por la Office de Tourisme Creil Sud Oise y dedicado a los profesionales del turismo y embajadores del Destino. Eche un vistazo a los resultados del tercer Encuentro de Exploradores y conozca el programa de la jornada, que inclu\u00eda una conferencia sobre el Contrato de Turismo [...].<\/p>","protected":false},"author":1,"featured_media":41631,"parent":211,"menu_order":3,"comment_status":"closed","ping_status":"closed","template":"","meta":{"_relevanssi_hide_post":"","_relevanssi_hide_content":"","_relevanssi_pin_for_all":"","_relevanssi_pin_keywords":"","_relevanssi_unpin_keywords":"","_relevanssi_related_keywords":"","_relevanssi_related_include_ids":"","_relevanssi_related_exclude_ids":"","_relevanssi_related_no_append":"","_relevanssi_related_not_related":"","_relevanssi_related_posts":"275,271,267,273","_relevanssi_noindex_reason":""},"yoast_head":"<!-- This site is optimized with the Yoast SEO plugin v20.2.1 - https:\/\/yoast.com\/wordpress\/plugins\/seo\/ -->\n<title>3\u00e8me Rencontre des Explorateurs a eu lieu \u00e0 la Maison de la Pierre<\/title>\n<meta name=\"description\" content=\"D\u00e9couvrez la troisi\u00e8me Rencontre des Explorateurs qui a eu lieu \u00e0 la Maison de la Pierre \u00e0 Saint-Maximin le 31 mars 2022.\" \/>\n<meta name=\"robots\" content=\"index, follow, max-snippet:-1, max-image-preview:large, max-video-preview:-1\" \/>\n<link rel=\"canonical\" href=\"https:\/\/www.creilsudoise-tourisme.fr\/es\/espace-pro\/rencontres-explorateurs\/rencontre-des-explorateurs-2022\/\" \/>\n<meta property=\"og:locale\" content=\"es_ES\" \/>\n<meta property=\"og:type\" content=\"article\" \/>\n<meta property=\"og:title\" content=\"3\u00e8me Rencontre des Explorateurs a eu lieu \u00e0 la Maison de la Pierre\" \/>\n<meta property=\"og:description\" content=\"D\u00e9couvrez la troisi\u00e8me Rencontre des Explorateurs qui a eu lieu \u00e0 la Maison de la Pierre \u00e0 Saint-Maximin le 31 mars 2022.\" \/>\n<meta property=\"og:url\" content=\"https:\/\/www.creilsudoise-tourisme.fr\/es\/espace-pro\/rencontres-explorateurs\/rencontre-des-explorateurs-2022\/\" \/>\n<meta property=\"og:site_name\" content=\"Office de Tourisme Creil Sud Oise\" \/>\n<meta property=\"article:publisher\" content=\"https:\/\/www.facebook.com\/creilsudoisetourisme\/\" \/>\n<meta property=\"article:modified_time\" content=\"2022-06-14T12:33:25+00:00\" \/>\n<meta property=\"og:image\" content=\"https:\/\/www.creilsudoise-tourisme.fr\/wp-content\/uploads\/2022\/06\/Rencontre-des-Explorateurs-3eme.jpg\" \/>\n\t<meta property=\"og:image:width\" content=\"905\" \/>\n\t<meta property=\"og:image:height\" content=\"987\" \/>\n\t<meta property=\"og:image:type\" content=\"image\/jpeg\" \/>\n<meta name=\"twitter:card\" content=\"summary_large_image\" \/>\n<meta name=\"twitter:site\" content=\"@CreilSudOiseOT\" \/>\n<meta name=\"twitter:label1\" content=\"Tiempo de lectura\" \/>\n\t<meta name=\"twitter:data1\" content=\"1 minuto\" \/>\n<script type=\"application\/ld+json\" class=\"yoast-schema-graph\">{\"@context\":\"https:\/\/schema.org\",\"@graph\":[{\"@type\":\"WebPage\",\"@id\":\"https:\/\/www.creilsudoise-tourisme.fr\/es\/espace-pro\/rencontres-explorateurs\/rencontre-des-explorateurs-2022\/\",\"url\":\"https:\/\/www.creilsudoise-tourisme.fr\/es\/espace-pro\/rencontres-explorateurs\/rencontre-des-explorateurs-2022\/\",\"name\":\"3\u00e8me Rencontre des Explorateurs a eu lieu \u00e0 la Maison de la Pierre\",\"isPartOf\":{\"@id\":\"https:\/\/www.creilsudoise-tourisme.fr\/#website\"},\"datePublished\":\"2021-04-07T16:06:09+00:00\",\"dateModified\":\"2022-06-14T12:33:25+00:00\",\"description\":\"D\u00e9couvrez la troisi\u00e8me Rencontre des Explorateurs qui a eu lieu \u00e0 la Maison de la Pierre \u00e0 Saint-Maximin le 31 mars 2022.\",\"breadcrumb\":{\"@id\":\"https:\/\/www.creilsudoise-tourisme.fr\/es\/espace-pro\/rencontres-explorateurs\/rencontre-des-explorateurs-2022\/#breadcrumb\"},\"inLanguage\":\"es\",\"potentialAction\":[{\"@type\":\"ReadAction\",\"target\":[\"https:\/\/www.creilsudoise-tourisme.fr\/es\/espace-pro\/rencontres-explorateurs\/rencontre-des-explorateurs-2022\/\"]}]},{\"@type\":\"BreadcrumbList\",\"@id\":\"https:\/\/www.creilsudoise-tourisme.fr\/es\/espace-pro\/rencontres-explorateurs\/rencontre-des-explorateurs-2022\/#breadcrumb\",\"itemListElement\":[{\"@type\":\"ListItem\",\"position\":1,\"name\":\"Accueil\",\"item\":\"https:\/\/www.creilsudoise-tourisme.fr\/\"},{\"@type\":\"ListItem\",\"position\":2,\"name\":\"Espace pro\",\"item\":\"https:\/\/www.creilsudoise-tourisme.fr\/espace-pro\/\"},{\"@type\":\"ListItem\",\"position\":3,\"name\":\"Rencontres des explorateurs\",\"item\":\"https:\/\/www.creilsudoise-tourisme.fr\/espace-pro\/rencontres-explorateurs\/\"},{\"@type\":\"ListItem\",\"position\":4,\"name\":\"#3 Rencontre des Explorateurs (2022)\"}]},{\"@type\":\"WebSite\",\"@id\":\"https:\/\/www.creilsudoise-tourisme.fr\/#website\",\"url\":\"https:\/\/www.creilsudoise-tourisme.fr\/\",\"name\":\"Office de Tourisme Creil Sud Oise\",\"description\":\"Creil Sud Oise Tourisme, un territoire \u00e0 explorer !\",\"publisher\":{\"@id\":\"https:\/\/www.creilsudoise-tourisme.fr\/#organization\"},\"potentialAction\":[{\"@type\":\"SearchAction\",\"target\":{\"@type\":\"EntryPoint\",\"urlTemplate\":\"https:\/\/www.creilsudoise-tourisme.fr\/?s={search_term_string}\"},\"query-input\":\"required name=search_term_string\"}],\"inLanguage\":\"es\"},{\"@type\":\"Organization\",\"@id\":\"https:\/\/www.creilsudoise-tourisme.fr\/#organization\",\"name\":\"Creil Sud Oise Tourisme\",\"url\":\"https:\/\/www.creilsudoise-tourisme.fr\/\",\"logo\":{\"@type\":\"ImageObject\",\"inLanguage\":\"es\",\"@id\":\"https:\/\/www.creilsudoise-tourisme.fr\/#\/schema\/logo\/image\/\",\"url\":\"https:\/\/www.creilsudoise-tourisme.fr\/wp-content\/uploads\/2021\/05\/logo-svg.png\",\"contentUrl\":\"https:\/\/www.creilsudoise-tourisme.fr\/wp-content\/uploads\/2021\/05\/logo-svg.png\",\"width\":182,\"height\":71,\"caption\":\"Creil Sud Oise Tourisme\"},\"image\":{\"@id\":\"https:\/\/www.creilsudoise-tourisme.fr\/#\/schema\/logo\/image\/\"},\"sameAs\":[\"https:\/\/www.facebook.com\/creilsudoisetourisme\/\",\"https:\/\/twitter.com\/CreilSudOiseOT\",\"https:\/\/www.instagram.com\/creilsudoisetourisme\/\",\"https:\/\/www.youtube.com\/channel\/UC8L_QD2wwyADW14zt9fY8kw\"]}]}<\/script>\n<!-- \/ Yoast SEO plugin. -->","yoast_head_json":{"title":"3\u00e8me Rencontre des Explorateurs a eu lieu \u00e0 la Maison de la Pierre","description":"D\u00e9couvrez la troisi\u00e8me Rencontre des Explorateurs qui a eu lieu \u00e0 la Maison de la Pierre \u00e0 Saint-Maximin le 31 mars 2022.","robots":{"index":"index","follow":"follow","max-snippet":"max-snippet:-1","max-image-preview":"max-image-preview:large","max-video-preview":"max-video-preview:-1"},"canonical":"https:\/\/www.creilsudoise-tourisme.fr\/es\/espace-pro\/rencontres-explorateurs\/rencontre-des-explorateurs-2022\/","og_locale":"es_ES","og_type":"article","og_title":"3\u00e8me Rencontre des Explorateurs a eu lieu \u00e0 la Maison de la Pierre","og_description":"D\u00e9couvrez la troisi\u00e8me Rencontre des Explorateurs qui a eu lieu \u00e0 la Maison de la Pierre \u00e0 Saint-Maximin le 31 mars 2022.","og_url":"https:\/\/www.creilsudoise-tourisme.fr\/es\/espace-pro\/rencontres-explorateurs\/rencontre-des-explorateurs-2022\/","og_site_name":"Office de Tourisme Creil Sud Oise","article_publisher":"https:\/\/www.facebook.com\/creilsudoisetourisme\/","article_modified_time":"2022-06-14T12:33:25+00:00","og_image":[{"width":905,"height":987,"url":"https:\/\/www.creilsudoise-tourisme.fr\/wp-content\/uploads\/2022\/06\/Rencontre-des-Explorateurs-3eme.jpg","type":"image\/jpeg"}],"twitter_card":"summary_large_image","twitter_site":"@CreilSudOiseOT","twitter_misc":{"Tiempo de lectura":"1 minuto"},"schema":{"@context":"https:\/\/schema.org","@graph":[{"@type":"WebPage","@id":"https:\/\/www.creilsudoise-tourisme.fr\/es\/espace-pro\/rencontres-explorateurs\/rencontre-des-explorateurs-2022\/","url":"https:\/\/www.creilsudoise-tourisme.fr\/es\/espace-pro\/rencontres-explorateurs\/rencontre-des-explorateurs-2022\/","name":"3\u00e8me Rencontre des Explorateurs a eu lieu \u00e0 la Maison de la Pierre","isPartOf":{"@id":"https:\/\/www.creilsudoise-tourisme.fr\/#website"},"datePublished":"2021-04-07T16:06:09+00:00","dateModified":"2022-06-14T12:33:25+00:00","description":"D\u00e9couvrez la troisi\u00e8me Rencontre des Explorateurs qui a eu lieu \u00e0 la Maison de la Pierre \u00e0 Saint-Maximin le 31 mars 2022.","breadcrumb":{"@id":"https:\/\/www.creilsudoise-tourisme.fr\/es\/espace-pro\/rencontres-explorateurs\/rencontre-des-explorateurs-2022\/#breadcrumb"},"inLanguage":"es","potentialAction":[{"@type":"ReadAction","target":["https:\/\/www.creilsudoise-tourisme.fr\/es\/espace-pro\/rencontres-explorateurs\/rencontre-des-explorateurs-2022\/"]}]},{"@type":"BreadcrumbList","@id":"https:\/\/www.creilsudoise-tourisme.fr\/es\/espace-pro\/rencontres-explorateurs\/rencontre-des-explorateurs-2022\/#breadcrumb","itemListElement":[{"@type":"ListItem","position":1,"name":"Accueil","item":"https:\/\/www.creilsudoise-tourisme.fr\/"},{"@type":"ListItem","position":2,"name":"Espace pro","item":"https:\/\/www.creilsudoise-tourisme.fr\/espace-pro\/"},{"@type":"ListItem","position":3,"name":"Rencontres des explorateurs","item":"https:\/\/www.creilsudoise-tourisme.fr\/espace-pro\/rencontres-explorateurs\/"},{"@type":"ListItem","position":4,"name":"#3 Rencontre des Explorateurs (2022)"}]},{"@type":"WebSite","@id":"https:\/\/www.creilsudoise-tourisme.fr\/#website","url":"https:\/\/www.creilsudoise-tourisme.fr\/","name":"Office de Tourisme Creil Sud Oise","description":"Creil Sud Oise Tourisme, un territoire \u00e0 explorer !","publisher":{"@id":"https:\/\/www.creilsudoise-tourisme.fr\/#organization"},"potentialAction":[{"@type":"SearchAction","target":{"@type":"EntryPoint","urlTemplate":"https:\/\/www.creilsudoise-tourisme.fr\/?s={search_term_string}"},"query-input":"required name=search_term_string"}],"inLanguage":"es"},{"@type":"Organization","@id":"https:\/\/www.creilsudoise-tourisme.fr\/#organization","name":"Creil Sud Oise Tourisme","url":"https:\/\/www.creilsudoise-tourisme.fr\/","logo":{"@type":"ImageObject","inLanguage":"es","@id":"https:\/\/www.creilsudoise-tourisme.fr\/#\/schema\/logo\/image\/","url":"https:\/\/www.creilsudoise-tourisme.fr\/wp-content\/uploads\/2021\/05\/logo-svg.png","contentUrl":"https:\/\/www.creilsudoise-tourisme.fr\/wp-content\/uploads\/2021\/05\/logo-svg.png","width":182,"height":71,"caption":"Creil Sud Oise Tourisme"},"image":{"@id":"https:\/\/www.creilsudoise-tourisme.fr\/#\/schema\/logo\/image\/"},"sameAs":["https:\/\/www.facebook.com\/creilsudoisetourisme\/","https:\/\/twitter.com\/CreilSudOiseOT","https:\/\/www.instagram.com\/creilsudoisetourisme\/","https:\/\/www.youtube.com\/channel\/UC8L_QD2wwyADW14zt9fY8kw"]}]}},"_links":{"self":[{"href":"https:\/\/www.creilsudoise-tourisme.fr\/es\/wp-json\/wp\/v2\/pages\/33212"}],"collection":[{"href":"https:\/\/www.creilsudoise-tourisme.fr\/es\/wp-json\/wp\/v2\/pages"}],"about":[{"href":"https:\/\/www.creilsudoise-tourisme.fr\/es\/wp-json\/wp\/v2\/types\/page"}],"author":[{"embeddable":true,"href":"https:\/\/www.creilsudoise-tourisme.fr\/es\/wp-json\/wp\/v2\/users\/1"}],"replies":[{"embeddable":true,"href":"https:\/\/www.creilsudoise-tourisme.fr\/es\/wp-json\/wp\/v2\/comments?post=33212"}],"version-history":[{"count":18,"href":"https:\/\/www.creilsudoise-tourisme.fr\/es\/wp-json\/wp\/v2\/pages\/33212\/revisions"}],"predecessor-version":[{"id":41639,"href":"https:\/\/www.creilsudoise-tourisme.fr\/es\/wp-json\/wp\/v2\/pages\/33212\/revisions\/41639"}],"up":[{"embeddable":true,"href":"https:\/\/www.creilsudoise-tourisme.fr\/es\/wp-json\/wp\/v2\/pages\/211"}],"wp:featuredmedia":[{"embeddable":true,"href":"https:\/\/www.creilsudoise-tourisme.fr\/es\/wp-json\/wp\/v2\/media\/41631"}],"wp:attachment":[{"href":"https:\/\/www.creilsudoise-tourisme.fr\/es\/wp-json\/wp\/v2\/media?parent=33212"}],"curies":[{"name":"wp","href":"https:\/\/api.w.org\/{rel}","templated":true}]}}