{"id":219,"date":"2021-02-17T10:03:47","date_gmt":"2021-02-17T09:03:47","guid":{"rendered":"https:\/\/www.creilsudoise-tourisme.fr\/les-deliberations\/"},"modified":"2025-11-13T14:33:46","modified_gmt":"2025-11-13T13:33:46","slug":"deliberations","status":"publish","type":"page","link":"https:\/\/www.creilsudoise-tourisme.fr\/es\/espace-pro\/deliberaciones\/","title":{"rendered":"Las deliberaciones"},"content":{"rendered":"<p class=\"is-style-excerpt\"><strong>Socios profesionales de Creil Sud Oise Tourisme<\/strong> (Office de Tourisme Creil Sud Oise + Maison de la Pierre du Sud de l'Oise), consulte el <strong>decisiones adoptadas por el comit\u00e9 ejecutivo<\/strong>S\u00f3lo tiene que hacer clic en el documento que desee.<\/p>\n\n\n\n<h3>2025<\/h3>\n\n\n\n<p><a href=\"https:\/\/www.creilsudoise-tourisme.fr\/wp-content\/uploads\/2025\/11\/Deliberation-n\u00b018-2025-Conditions-de-vente-billetterie-en-ligne-et-sur-place-CL.pdf\" target=\"_blank\" rel=\"noreferrer noopener\">Deliberation-n\u00b018 Condiciones de venta de entradas en l\u00ednea y presenciales<\/a><\/p>\n\n\n\n<p><a href=\"https:\/\/www.creilsudoise-tourisme.fr\/wp-content\/uploads\/2025\/11\/Deliberation-n\u00b018-2025-Annexe-Conditions-de-vente-billetterie-en-ligne-et-sur-place-CL.pdf\">Ap\u00e9ndice-Condiciones de venta de entradas en l\u00ednea y presenciales<\/a><br><a href=\"https:\/\/www.creilsudoise-tourisme.fr\/wp-content\/uploads\/2025\/04\/Deliberation-n\u00b09-2025-Tarif-accueil-de-tournages-sur-le-site-des-glachoirs-CL.pdf\" target=\"_blank\" rel=\"noreferrer noopener\">Deliberaci\u00f3n n\u00ba 9 Tarifa de los rodajes cinematogr\u00e1ficos en Les Glachoirs<\/a><\/p>\n\n\n\n<p><a href=\"https:\/\/www.creilsudoise-tourisme.fr\/wp-content\/uploads\/2025\/04\/Deliberation-n\u00b08-2025-Budget-primitif-2025-CL.pdf\" target=\"_blank\" rel=\"noreferrer noopener\">Deliberaci\u00f3n n\u00ba 8 Presupuesto 2025<\/a><\/p>\n\n\n\n<p><a href=\"https:\/\/www.creilsudoise-tourisme.fr\/wp-content\/uploads\/2025\/04\/Deliberation-n\u00b07-2025-Affectation-du-resultat-CL.pdf\" target=\"_blank\" rel=\"noreferrer noopener\">Deliberaci\u00f3n n\u00ba 7 Consignaci\u00f3n de ingresos netos<\/a><\/p>\n\n\n\n<p><a href=\"https:\/\/www.creilsudoise-tourisme.fr\/wp-content\/uploads\/2025\/04\/Deliberation-n\u00b06-2025-Examen-du-compte-de-Gestion-exercice-2024-CL.pdf\" target=\"_blank\" rel=\"noreferrer noopener\">Deliberaci\u00f3n n\u00ba 6 Examen de la cuenta de resultados 2024<\/a><\/p>\n\n\n\n<p><a href=\"https:\/\/www.creilsudoise-tourisme.fr\/wp-content\/uploads\/2025\/04\/Deliberation-n\u00b05-2025-Examen-du-compte-administratif-CL.pdf\" target=\"_blank\" rel=\"noreferrer noopener\">Deliberaci\u00f3n n\u00ba 5 Examen de la cuenta administrativa<\/a><\/p>\n\n\n\n<p><a href=\"https:\/\/www.creilsudoise-tourisme.fr\/wp-content\/uploads\/2025\/02\/Deliberation-n\u00b04-2025-Mise-a-jour-des-tarifs-de-lactivite-de-la-Maison-de-la-Pierre-2025-CL.pdf\" target=\"_blank\" rel=\"noreferrer noopener\">Deliberaci\u00f3n n\u00ba 4 Actualizaci\u00f3n de las tasas de actividad en la Maison de la Pierre<\/a><\/p>\n\n\n\n<p><a href=\"https:\/\/www.creilsudoise-tourisme.fr\/wp-content\/uploads\/2025\/02\/Deliberation-n\u00b03-2025-convention-dautorisation-provisoire-dusage-de-terrain-BPE-Lecieux-CL.pdf\" target=\"_blank\" rel=\"noreferrer noopener\">Deliberaci\u00f3n n\u00ba 3 Acuerdo de autorizaci\u00f3n provisional de utilizaci\u00f3n de los terrenos de BPE Lecieux<\/a><\/p>\n\n\n\n<p><a href=\"https:\/\/www.creilsudoise-tourisme.fr\/wp-content\/uploads\/2025\/02\/Deliberation-n\u00b02-2025-nouvelles-modalites-tickets-restaurant-CL.pdf\" target=\"_blank\" rel=\"noreferrer noopener\">Deliberaci\u00f3n n\u00ba 2 Cheques restaurante<\/a><\/p>\n\n\n\n<p><a href=\"https:\/\/www.creilsudoise-tourisme.fr\/wp-content\/uploads\/2025\/02\/Deliberation-n\u00b01-2025-DOB-2025.pdf\" target=\"_blank\" rel=\"noreferrer noopener\">Deliberaci\u00f3n n\u00b01 DOB 2025<\/a><\/p>\n\n\n\n<h3>2024<\/h3>\n\n\n\n<p><a href=\"https:\/\/www.creilsudoise-tourisme.fr\/wp-content\/uploads\/2025\/01\/Rapport_activites-2024-CSOT.pdf\" target=\"_blank\" rel=\"noreferrer noopener\">Informe de actividades 2024<\/a><\/p>\n\n\n\n<p><a href=\"https:\/\/www.creilsudoise-tourisme.fr\/wp-content\/uploads\/2025\/01\/Deliberation-N\u00b020_24_CONVENTION-ACSO-CSOT.pdf\" target=\"_blank\" rel=\"noreferrer noopener\">Deliberaci\u00f3n n\u00ba 20 Acuerdo ACSO-CSOT<\/a><\/p>\n\n\n\n<p><a href=\"https:\/\/www.creilsudoise-tourisme.fr\/wp-content\/uploads\/2025\/01\/Deliberation-N\u00b019_24_CDT-REGION-ASCO-CCPOH-CSOT-OT-CRT.pdf\" target=\"_blank\" rel=\"noreferrer noopener\">Deliberaci\u00f3n n\u00ba 19 CDT<\/a><\/p>\n\n\n\n<p><a href=\"https:\/\/www.creilsudoise-tourisme.fr\/wp-content\/uploads\/2024\/06\/Deliberation-n\u00b015_24-REVALORISATION-DES-PLAFONDS-DE-REMBOURSEMENT-DES-FRAIS-DE-REPAS-ET-DHEBERGEMENT.pdf\" target=\"_blank\" rel=\"noreferrer noopener\">Deliberaci\u00f3n n\u00ba 15 Reevaluaci\u00f3n de los reembolsos<\/a><\/p>\n\n\n\n<p><a href=\"https:\/\/www.creilsudoise-tourisme.fr\/wp-content\/uploads\/2024\/06\/Deliberation-n\u00b012_24-VALIDATION-DE-LA-CONVENTION-ENTRE-LA-CC-DU-PAYS-DE-BRAY-ET-OT-CSO-ENGAGE-DANS-LE-CLUB-GROUPE-DE-LA-DESTINATION-OISE.pdf\" target=\"_blank\" rel=\"noreferrer noopener\">Deliberaci\u00f3n n\u00ba 12 Club Groupe<\/a><\/p>\n\n\n\n<p><a href=\"https:\/\/www.creilsudoise-tourisme.fr\/wp-content\/uploads\/2024\/06\/Deliberation-n\u00b011_24-ADHESION-GROUPEMENT-DE-COMMANDES-ACSO-COMMUNES-CSOT-AUTOCAR.pdf\" target=\"_blank\" rel=\"noreferrer noopener\">Deliberaci\u00f3n n\u00ba 11 Agrupaci\u00f3n de pedidos de autobuses<\/a><\/p>\n\n\n\n<p><a href=\"https:\/\/www.creilsudoise-tourisme.fr\/wp-content\/uploads\/2024\/03\/Deliberation-n\u00b08_24-MAJ-STATUTS-CSOT_CL.pdf\" target=\"_blank\" rel=\"noreferrer noopener\">Deliberaci\u00f3n n\u00ba 8 Actualizaci\u00f3n de los estatutos<\/a><\/p>\n\n\n\n<p><a href=\"https:\/\/www.creilsudoise-tourisme.fr\/wp-content\/uploads\/2025\/01\/Deliberation-n\u00b07_24-BP-CSOT2024_CL-.pdf\" target=\"_blank\" rel=\"noreferrer noopener\">Deliberaci\u00f3n n\u00ba 7 Presupuesto primitivo<\/a><\/p>\n\n\n\n<p><a href=\"https:\/\/www.creilsudoise-tourisme.fr\/wp-content\/uploads\/2024\/03\/Deliberation-n\u00b06_24-AFFECTATION-DU-RESULTAT-CSOT2024_CL.pdf\" target=\"_blank\" rel=\"noreferrer noopener\">Deliberaci\u00f3n n\u00b06 Asignaci\u00f3n del resultado<\/a><\/p>\n\n\n\n<p><a href=\"https:\/\/www.creilsudoise-tourisme.fr\/wp-content\/uploads\/2025\/01\/Deliberation-n\u00b05_24-EXAMEN-COMPTE-DE-GESTION-CSOT2023_CL-.pdf\" target=\"_blank\" rel=\"noreferrer noopener\">Deliberaci\u00f3n n\u00ba 5 Examen de la cuenta de gesti\u00f3n<\/a><\/p>\n\n\n\n<p><a href=\"https:\/\/www.creilsudoise-tourisme.fr\/wp-content\/uploads\/2025\/01\/Deliberation-n\u00b04_24-EXAMEN-COMPTE-ADMINISTATIF-CSOT2023_CL-.pdf\" target=\"_blank\" rel=\"noreferrer noopener\">Deliberaci\u00f3n n\u00ba 4 Examen de la cuenta administrativa<\/a><\/p>\n\n\n\n<p><a href=\"https:\/\/www.creilsudoise-tourisme.fr\/wp-content\/uploads\/2024\/02\/Deliberation-n\u00b03_24-visites-guidees-CSOT_CL.pdf\" target=\"_blank\" rel=\"noreferrer noopener\">Deliberaci\u00f3n n\u00ba 2 Visitas guiadas a la Oficina de Turismo<\/a><\/p>\n\n\n\n<p><a href=\"https:\/\/www.creilsudoise-tourisme.fr\/wp-content\/uploads\/2024\/02\/Deliberation-n\u00b01_24-DOB_CL.pdf\" target=\"_blank\" rel=\"noreferrer noopener\">Deliberaci\u00f3n n\u00b01 DOB 2024<\/a><\/p>\n\n\n\n<h3>2023<\/h3>\n\n\n\n<p><a href=\"https:\/\/www.creilsudoise-tourisme.fr\/wp-content\/uploads\/2024\/04\/Rapport_activites-2023.pdf\" target=\"_blank\" rel=\"noreferrer noopener\">Informe de actividades 2023<\/a><\/p>\n\n\n\n<p><a href=\"https:\/\/www.creilsudoise-tourisme.fr\/wp-content\/uploads\/2024\/01\/Deliberation-n\u00b027-2023-DELEGATIONS-DIRECTRICE-CSOT-CL.pdf\" target=\"_blank\" rel=\"noreferrer noopener\">Deliberaci\u00f3n n\u00ba 27 Delegaciones en el Director<\/a><\/p>\n\n\n\n<p><a href=\"https:\/\/www.creilsudoise-tourisme.fr\/wp-content\/uploads\/2024\/01\/Deliberation-n\u00b026-2023-NOUVELLE-NOMINATION-DOT-CL.pdf\" target=\"_blank\" rel=\"noreferrer noopener\">Deliberaci\u00f3n n\u00ba 26 Nombramiento de un nuevo administrador<\/a><\/p>\n\n\n\n<p><a href=\"https:\/\/www.creilsudoise-tourisme.fr\/wp-content\/uploads\/2024\/01\/Deliberation-n\u00b021-2023-DM3-CL.pdf\" target=\"_blank\" rel=\"noreferrer noopener\">Deliberaci\u00f3n n\u00ba 21 Modificaci\u00f3n 3 presupuesto<\/a><\/p>\n\n\n\n<p><a href=\"https:\/\/www.creilsudoise-tourisme.fr\/wp-content\/uploads\/2023\/11\/Deliberation-n\u00b020-2023-SEMINAIRE-AVEC-OT-CHANTILLY-SENLIS-CL.pdf\" target=\"_blank\" rel=\"noreferrer noopener\">Deliberaci\u00f3n n\u00ba 20 Venta de seminario con la OTCS<\/a><\/p>\n\n\n\n<p><a href=\"https:\/\/www.creilsudoise-tourisme.fr\/wp-content\/uploads\/2023\/11\/Deliberation-n\u00b019-2023-STAGE-PLUS-DE-2-MOIS-CL.pdf\" target=\"_blank\" rel=\"noreferrer noopener\">Deliberaci\u00f3n n\u00ba 19 Pr\u00e1cticas de m\u00e1s de 2 meses<\/a><\/p>\n\n\n\n<p><a href=\"https:\/\/www.creilsudoise-tourisme.fr\/wp-content\/uploads\/2023\/11\/Deliberation-n\u00b018-2023-COMPLEMENT-N\u00b03-AMORTISSEMENT-CL.pdf\" target=\"_blank\" rel=\"noreferrer noopener\">Deliberaci\u00f3n n\u00ba 18 Acuerdo suplementario n\u00ba 3<\/a><\/p>\n\n\n\n<p><a href=\"https:\/\/www.creilsudoise-tourisme.fr\/wp-content\/uploads\/2023\/11\/Deliberation-n\u00b017-2023-DM2-CSOT-CL.pdf\" target=\"_blank\" rel=\"noreferrer noopener\">Deliberaci\u00f3n n\u00b017 Modificaci\u00f3n 2 presupuesto<\/a><\/p>\n\n\n\n<p><a href=\"https:\/\/www.creilsudoise-tourisme.fr\/wp-content\/uploads\/2023\/11\/Deliberation-n\u00b016-2023-avenant-n\u00b06-convention-ACSO-CSOT-CL.pdf\" target=\"_blank\" rel=\"noreferrer noopener\">Deliberaci\u00f3n n\u00ba 16 Enmienda 6 al acuerdo ACSO-OTC<\/a><\/p>\n\n\n\n<p><a href=\"https:\/\/www.creilsudoise-tourisme.fr\/wp-content\/uploads\/2023\/08\/Deliberation-n\u00b015-2023complement-N\u00b02-et-duree-damortissement-CL.pdf\" target=\"_blank\" rel=\"noreferrer noopener\">Deliberaci\u00f3n n\u00b015 Finalizaci\u00f3n n\u00b02<\/a><\/p>\n\n\n\n<p><a href=\"http:\/\/D\u00e9lib\u00e9ration n\u00b014-2023frais veto et nourriture animaux MDP-CL\" target=\"_blank\" rel=\"noreferrer noopener\">Deliberaci\u00f3n 14 MDP gastos animales<\/a><\/p>\n\n\n\n<p><a href=\"http:\/\/D\u00e9lib\u00e9ration n\u00b013-2023MAJ trf prestations MDP-CL\" target=\"_blank\" rel=\"noreferrer noopener\">Deliberaci\u00f3n n\u00ba 13 Gastos de servicio MDP<\/a><\/p>\n\n\n\n<p><a href=\"http:\/\/D\u00e9lib\u00e9ration n\u00b012-2023 actions promo jeu et lots-CL\" target=\"_blank\" rel=\"noreferrer noopener\">Deliberaci\u00f3n 12 Juegos y premios<\/a><\/p>\n\n\n\n<p><a href=\"https:\/\/www.creilsudoise-tourisme.fr\/wp-content\/uploads\/2023\/08\/Deliberation-n\u00b011-2023-trf-htl-tournage-CL.pdf\" target=\"_blank\" rel=\"noreferrer noopener\">Deliberaci\u00f3n n\u00ba 11 Tarifas de alojamiento por turnos<\/a><\/p>\n\n\n\n<p><a href=\"http:\/\/D\u00e9lib\u00e9ration n\u00b08 DM1-2023 budget mouvement chap 11 vers chap 65-CL\" target=\"_blank\" rel=\"noreferrer noopener\">Deliberaci\u00f3n n\u00ba 8 Presupuesto<\/a><\/p>\n\n\n\n<p><a href=\"https:\/\/www.creilsudoise-tourisme.fr\/wp-content\/uploads\/2023\/04\/Deliberation-n\u00b07-2023-Convention-avenant-n\u00b02-MDP-ST-Max-et-CSOT-CL.pdf\" target=\"_blank\" rel=\"noreferrer noopener\">Deliberaci\u00f3n n\u00b07 Enmienda 2 Ocupaci\u00f3n de los locales del MDP<\/a><\/p>\n\n\n\n<p><a href=\"https:\/\/www.creilsudoise-tourisme.fr\/wp-content\/uploads\/2023\/04\/Deliberation-n\u00b05-2023-BP-2023-CL.pdf\" target=\"_blank\" rel=\"noreferrer noopener\">Deliberaci\u00f3n n\u00ba 5 BP<\/a><\/p>\n\n\n\n<p><a href=\"https:\/\/www.creilsudoise-tourisme.fr\/wp-content\/uploads\/2023\/04\/Deliberation-n\u00b04-2023-affectation-du-resultat-CL.pdf\" target=\"_blank\" rel=\"noreferrer noopener\">Deliberaci\u00f3n n\u00ba 4 Asignaci\u00f3n de ingresos<\/a><\/p>\n\n\n\n<p><a href=\"https:\/\/www.creilsudoise-tourisme.fr\/wp-content\/uploads\/2023\/04\/Deliberation-n\u00b03-2023-maquette-CG-CL.pdf\" target=\"_blank\" rel=\"noreferrer noopener\">Deliberaci\u00f3n n\u00ba 3 Modelo de GC<\/a><\/p>\n\n\n\n<p><a href=\"https:\/\/www.creilsudoise-tourisme.fr\/wp-content\/uploads\/2023\/04\/Deliberation-n\u00b03-2023-CG-CL.pdf\" target=\"_blank\" rel=\"noreferrer noopener\">Deliberaci\u00f3n n\u00ba 3 CG<\/a><\/p>\n\n\n\n<p><a href=\"https:\/\/www.creilsudoise-tourisme.fr\/wp-content\/uploads\/2023\/04\/Deliberation-n\u00b02-2023-maquette-CA-CL.pdf\" target=\"_blank\" rel=\"noreferrer noopener\">Deliberaci\u00f3n n\u00ba 2 Modelo CA<\/a><\/p>\n\n\n\n<p><a href=\"https:\/\/www.creilsudoise-tourisme.fr\/wp-content\/uploads\/2023\/04\/Deliberation-n\u00b02-2023-CA-CL.pdf\" target=\"_blank\" rel=\"noreferrer noopener\">Deliberaci\u00f3n n\u00ba 2 CA<\/a><\/p>\n\n\n\n<p><a href=\"https:\/\/www.creilsudoise-tourisme.fr\/wp-content\/uploads\/2023\/04\/Deliberation-n\u00b01-2023-DOB_CL.pdf\" target=\"_blank\" rel=\"noreferrer noopener\">Deliberaci\u00f3n n\u00b01 DOB 2023<\/a><\/p>\n\n\n\n<h3>2022<\/h3>\n\n\n\n<p><a href=\"https:\/\/www.creilsudoise-tourisme.fr\/wp-content\/uploads\/2023\/03\/Rapport-activites_2022.pdf\" target=\"_blank\" rel=\"noreferrer noopener\">Informe de actividad 2022<\/a><\/p>\n\n\n\n<p><a href=\"https:\/\/www.creilsudoise-tourisme.fr\/wp-content\/uploads\/2023\/01\/deliberation-n\u00b025-2022-mise-a-jour-du-tableau-des-effectifs-pemanents-et-non-permanents-CL.pdf\" target=\"_blank\" rel=\"noreferrer noopener\">Deliberaci\u00f3n n\u00ba 25 Actualizaci\u00f3n de la plantilla<\/a><\/p>\n\n\n\n<p><a href=\"https:\/\/www.creilsudoise-tourisme.fr\/wp-content\/uploads\/2023\/01\/deliberation-n\u00b021-2022-modification-des-remboursements-hebergements-et-restauration-CL.pdf\" target=\"_blank\" rel=\"noreferrer noopener\">Deliberaci\u00f3n n\u00ba 21 Cambios en los reembolsos por comidas y alojamiento<\/a><\/p>\n\n\n\n<p><a href=\"https:\/\/www.creilsudoise-tourisme.fr\/wp-content\/uploads\/2023\/01\/Deliberation-n\u00b020-2022-Avenant-N\u00b05-convention-dobjectif-ACSO-CSOT-CL.pdf\" target=\"_blank\" rel=\"noreferrer noopener\">Deliberaci\u00f3n 20 Enmienda 5 al acuerdo ACSO CSOT<\/a><\/p>\n\n\n\n<p><a href=\"https:\/\/www.creilsudoise-tourisme.fr\/wp-content\/uploads\/2023\/01\/Deliberation-n\u00b019-2022-DM1-CL.pdf\" target=\"_blank\" rel=\"noreferrer noopener\">Deliberaci\u00f3n n\u00ba 19 DM 1<\/a><\/p>\n\n\n\n<p><a href=\"https:\/\/www.creilsudoise-tourisme.fr\/wp-content\/uploads\/2023\/01\/Deliberation-n\u00b018-2022-ADHESION-CNAS-CL.pdf\" target=\"_blank\" rel=\"noreferrer noopener\">Deliberaci\u00f3n n\u00ba 18 Composici\u00f3n de la CNAS<\/a><\/p>\n\n\n\n<p><a href=\"https:\/\/www.creilsudoise-tourisme.fr\/wp-content\/uploads\/2023\/01\/Deliberation-n\u00b017-2022-OT-CHANTILLY-SENLIS-CL.pdf\" target=\"_blank\" rel=\"noreferrer noopener\">Deliberaci\u00f3n n\u00b017 OT Chantilly-Senlis<\/a><\/p>\n\n\n\n<p><a href=\"https:\/\/www.creilsudoise-tourisme.fr\/wp-content\/uploads\/2023\/01\/Deliberation-n\u00b016-2022-AVENANT-4-COVENTION-D-OBJ-CSOT-ACSO-CL.pdf\" target=\"_blank\" rel=\"noreferrer noopener\">Deliberaci\u00f3n n\u00b0 16 Modificaci\u00f3n n\u00b0 4 del acuerdo ACSO CSOT<\/a><\/p>\n\n\n\n<p><a href=\"https:\/\/www.creilsudoise-tourisme.fr\/wp-content\/uploads\/2023\/01\/Deliberation-n\u00b015-2022-ATTRIBUTION-MARCHE-MDPMDM-CL.pdf\" target=\"_blank\" rel=\"noreferrer noopener\">Deliberaci\u00f3n n\u00ba 15 Adjudicaci\u00f3n del contrato CRT<\/a><\/p>\n\n\n\n<p><a href=\"https:\/\/www.creilsudoise-tourisme.fr\/wp-content\/uploads\/2022\/09\/Deliberation-n\u00b014-2022-ANIMATIONS-ESTIVALES-ET-ESCALES-BATEAU-CL.pdf\" target=\"_blank\" rel=\"noreferrer noopener\">Deliberaci\u00f3n n\u00b014 Eventos estivales y escalas<\/a><\/p>\n\n\n\n<p><a href=\"https:\/\/www.creilsudoise-tourisme.fr\/wp-content\/uploads\/2022\/09\/Deliberation-n\u00b012-2022-AVENANT1-CONVENTION-OCCUPATION-LOCAUX-MDP-CL.pdf\" target=\"_blank\" rel=\"noreferrer noopener\">Deliberaci\u00f3n n\u00ba 12 Enmienda 1 Ocupaci\u00f3n de los locales del MDP<\/a><\/p>\n\n\n\n<p><a href=\"https:\/\/www.creilsudoise-tourisme.fr\/wp-content\/uploads\/2022\/09\/Deliberation-n\u00b011-2022-CONVENTION-ETUDE-PIERRE-MDP-MMM-CRT-CL.pdf\" target=\"_blank\" rel=\"noreferrer noopener\">Deliberaci\u00f3n n\u00ba 11 CRT<\/a><\/p>\n\n\n\n<p><a href=\"https:\/\/www.creilsudoise-tourisme.fr\/wp-content\/uploads\/2022\/09\/Deliberation-n\u00b010-2022-CONVENTION-GRPMENT-COMMANDE-ASCO-COMMUNE-CSOT-TRANSPORT-CL.pdf\" target=\"_blank\" rel=\"noreferrer noopener\">Deliberaci\u00f3n n\u00ba 10 Acuerdo de grupo de pedido ACSO CSOT<\/a><\/p>\n\n\n\n<p><a href=\"https:\/\/www.creilsudoise-tourisme.fr\/wp-content\/uploads\/2022\/09\/Deliberation-n\u00b07-2022-AVENANT-N\u00b03-ACSO-CSOT-CL.pdf\" target=\"_blank\" rel=\"noreferrer noopener\">Deliberaci\u00f3n 7 Modificaci\u00f3n 3 del acuerdo ACSO CSOT<\/a><\/p>\n\n\n\n<p><a href=\"https:\/\/www.creilsudoise-tourisme.fr\/wp-content\/uploads\/2022\/09\/Deliberation-n\u00b06-2022-BUDGET-PRIMITIF-maquette-2022-CL.pdf\" target=\"_blank\" rel=\"noreferrer noopener\">Deliberaci\u00f3n n\u00ba 6 Presupuesto 2022 - 2<\/a><\/p>\n\n\n\n<p><a href=\"https:\/\/www.creilsudoise-tourisme.fr\/wp-content\/uploads\/2022\/09\/Deliberation-n\u00b06-2022-BUDGET-PRIMITIF-2022-CL.pdf\" target=\"_blank\" rel=\"noreferrer noopener\">Deliberaci\u00f3n n\u00ba 6 Presupuesto para 2022<\/a><\/p>\n\n\n\n<p><a href=\"https:\/\/www.creilsudoise-tourisme.fr\/wp-content\/uploads\/2022\/09\/Deliberation-n\u00b05-2022-AFFECTATION-DU-RESULTAT-CL.pdf\" target=\"_blank\" rel=\"noreferrer noopener\">Deliberaci\u00f3n n\u00b05 Asignaci\u00f3n del resultado<\/a><\/p>\n\n\n\n<p><a href=\"https:\/\/www.creilsudoise-tourisme.fr\/wp-content\/uploads\/2022\/09\/Deliberation-n\u00b04-2022-CG2021-CL.pdf\" target=\"_blank\" rel=\"noreferrer noopener\">Deliberaci\u00f3n n\u00ba 4 CG<\/a><\/p>\n\n\n\n<p><a href=\"https:\/\/www.creilsudoise-tourisme.fr\/wp-content\/uploads\/2022\/09\/Deliberation-n\u00b03-2022-CA201-CL.pdf\" target=\"_blank\" rel=\"noreferrer noopener\">Deliberaci\u00f3n n\u00ba 3 CA<\/a><\/p>\n\n\n\n<p><a href=\"https:\/\/www.creilsudoise-tourisme.fr\/wp-content\/uploads\/2022\/09\/Deliberation-n\u00b02-2022-complement-et-dureedamortissement-CL.pdf\" target=\"_blank\" rel=\"noreferrer noopener\">Deliberaci\u00f3n n\u00ba 2 Periodo de amortizaci\u00f3n adicional<\/a><\/p>\n\n\n\n<p><a href=\"https:\/\/www.creilsudoise-tourisme.fr\/wp-content\/uploads\/2022\/09\/Deliberation-n\u00b01-2022-DOB-CL.pdf\" target=\"_blank\" rel=\"noreferrer noopener\">Deliberaci\u00f3n n\u00b01 DOB 2022<\/a><\/p>\n\n\n\n<h3>2021<\/h3>\n\n\n\n<p><a href=\"https:\/\/www.creilsudoise-tourisme.fr\/wp-content\/uploads\/2022\/02\/Rapport-activites-2021.pdf\" target=\"_blank\" rel=\"noreferrer noopener\">Informe de actividades 2021<\/a> <\/p>\n\n\n\n<p>2021 proyectos en <a href=\"https:\/\/youtu.be\/1VQXhRuFzzY\" target=\"_blank\" rel=\"noreferrer noopener\">v\u00eddeo<\/a><\/p>\n\n\n\n<p><a href=\"https:\/\/www.creilsudoise-tourisme.fr\/wp-content\/uploads\/2022\/02\/Deliberation-n\u00b021-2021-Reglement-conseil-scientifiqueMDP-CL.pdf\" target=\"_blank\" rel=\"noreferrer noopener\">Deliberaci\u00f3n n\u00ba 21 MDP Reglamento del Consejo Consultivo Cient\u00edfico<\/a><\/p>\n\n\n\n<p><a href=\"https:\/\/www.creilsudoise-tourisme.fr\/wp-content\/uploads\/2022\/02\/Deliberation-n\u00b019-2021-professionalisation-des-rh-avec-mise-en-place-dun-logiciel-CL.pdf\" target=\"_blank\" rel=\"noreferrer noopener\">Deliberaci\u00f3n n\u00ba 19 Profesionalizaci\u00f3n de los RRHH con la introducci\u00f3n de programas inform\u00e1ticos<\/a><\/p>\n\n\n\n<p><a href=\"https:\/\/www.creilsudoise-tourisme.fr\/wp-content\/uploads\/2022\/02\/Deliberation-n\u00b018-2021-approbation-et-demande-de-subventionPNRenjeu1-Pierre-CL.pdf\" target=\"_blank\" rel=\"noreferrer noopener\">Deliberaci\u00f3n n\u00ba 18 aprobaci\u00f3n y solicitud de una subvenci\u00f3n PNR<\/a><\/p>\n\n\n\n<p><a href=\"https:\/\/www.creilsudoise-tourisme.fr\/wp-content\/uploads\/2022\/02\/Deliberation-n\u00b017-2021-approbation-et-demande-de-subventionCRT-enjeu-1-2-CL.pdf\" target=\"_blank\" rel=\"noreferrer noopener\">Aprobaci\u00f3n de la Deliberaci\u00f3n n\u00ba 17 y solicitud de subvenci\u00f3n CRT<\/a><\/p>\n\n\n\n<p><a href=\"https:\/\/www.creilsudoise-tourisme.fr\/wp-content\/uploads\/2022\/02\/Deliberation-n\u00b015-2021-MiseenplaceChartedeteletravail-CL.pdf\" target=\"_blank\" rel=\"noreferrer noopener\">Deliberaci\u00f3n n\u00ba 15 Aplicaci\u00f3n de una carta del teletrabajo<\/a><\/p>\n\n\n\n<p><a href=\"https:\/\/www.creilsudoise-tourisme.fr\/wp-content\/uploads\/2022\/02\/Deliberation-n\u00b014-2021-Creation-conseil_scientifiqueMDP.pdf\" target=\"_blank\" rel=\"noreferrer noopener\">Deliberaci\u00f3n n\u00ba 14 Creaci\u00f3n del consejo cient\u00edfico del MDP<\/a><\/p>\n\n\n\n<p><a href=\"https:\/\/www.creilsudoise-tourisme.fr\/wp-content\/uploads\/2022\/02\/Deliberation-n\u00b013-2021-CTR-CSOT-CL.pdf\" target=\"_blank\" rel=\"noreferrer noopener\">Deliberaci\u00f3n n\u00ba 13 CTR CSOT<\/a><\/p>\n\n\n\n<p><a href=\"https:\/\/www.creilsudoise-tourisme.fr\/wp-content\/uploads\/2022\/02\/Deliberation-n\u00b012-2021-avenant2conventionAcsoCSOT-cl.pdf\" target=\"_blank\" rel=\"noreferrer noopener\">Deliberaci\u00f3n n\u00b0 12 Modificaci\u00f3n n\u00b0 2 del acuerdo ACSO CSOT<\/a><\/p>\n\n\n\n<p><a href=\"https:\/\/www.creilsudoise-tourisme.fr\/wp-content\/uploads\/2022\/02\/Deliberation-n\u00b011-2021-Examenducomptedegestion2020-cl.pdf\" target=\"_blank\" rel=\"noreferrer noopener\">Deliberaci\u00f3n n\u00ba 11 Examen de la cuenta de gesti\u00f3n 2020<\/a><\/p>\n\n\n\n<p><a href=\"https:\/\/www.creilsudoise-tourisme.fr\/wp-content\/uploads\/2022\/02\/Deliberation-n\u00b010-2021-Examenducompteadministratif2020-cl.pdf\" target=\"_blank\" rel=\"noreferrer noopener\">Deliberaci\u00f3n n\u00ba 10 Examen de la cuenta administrativa 2020<\/a><\/p>\n\n\n\n<p><a href=\"https:\/\/www.creilsudoise-tourisme.fr\/wp-content\/uploads\/2021\/06\/Deliberation-n\u00b09-2021-conventiondepartenariat-accompagnementoisetourismeMDP-museesergeramond.pdf\" target=\"_blank\" rel=\"noreferrer noopener\">Deliberaci\u00f3n n\u00b09 Convenio de colaboraci\u00f3n - Apoyo a Oise Tourisme MDP \/ Museo Serge Ramond<\/a><\/p>\n\n\n\n<p><a href=\"https:\/\/www.creilsudoise-tourisme.fr\/wp-content\/uploads\/2021\/06\/Deliberation-n\u00b08-2021-MAJ-trf-MDP.pdf\" target=\"_blank\" rel=\"noreferrer noopener\">Deliberaci\u00f3n n\u00ba 8 Actualizaci\u00f3n de las tarifas MDP<\/a><\/p>\n\n\n\n<p><a href=\"https:\/\/www.creilsudoise-tourisme.fr\/wp-content\/uploads\/2021\/06\/Deliberation-n\u00b07-2021-tarification-nouvellesprestationschateauMontataire.pdf\" target=\"_blank\" rel=\"noreferrer noopener\">Deliberaci\u00f3n 7 Precios - Nuevos servicios en Ch\u00e2teau Montataire<\/a><\/p>\n\n\n\n<p><a href=\"https:\/\/www.creilsudoise-tourisme.fr\/wp-content\/uploads\/2021\/06\/Deliberation-n\u00b06-2021-BP21.pdf\" target=\"_blank\" rel=\"noreferrer noopener\">Deliberaci\u00f3n n\u00ba 6 BP 2021<\/a><\/p>\n\n\n\n<p><a href=\"https:\/\/www.creilsudoise-tourisme.fr\/wp-content\/uploads\/2021\/06\/Deliberation-n\u00b05-2021-Reprise-anticipeeetaffectationdu-resultat.pdf\" target=\"_blank\" rel=\"noreferrer noopener\">Deliberaci\u00f3n n\u00ba 5 Retirada anticipada y consignaci\u00f3n de ingresos netos<\/a><\/p>\n\n\n\n<p><a href=\"https:\/\/www.creilsudoise-tourisme.fr\/wp-content\/uploads\/2021\/06\/Deliberation-n\u00b04-2021-election-vicepresident.pdf\" target=\"_blank\" rel=\"noreferrer noopener\">Deliberaci\u00f3n n\u00ba 4 Elecci\u00f3n de un vicepresidente<\/a><\/p>\n\n\n\n<p><a href=\"https:\/\/www.creilsudoise-tourisme.fr\/wp-content\/uploads\/2021\/06\/Deliberation-n\u00b03-2021-electionpresident.pdf\" target=\"_blank\" rel=\"noreferrer noopener\">Deliberaci\u00f3n n\u00ba 3 Elecci\u00f3n del Presidente<\/a><\/p>\n\n\n\n<p><a href=\"https:\/\/www.creilsudoise-tourisme.fr\/wp-content\/uploads\/2021\/06\/Deliberation-n\u00b02-2021-Convention-Atelier-de-la-Pierre-dAngle.pdf\" target=\"_blank\" rel=\"noreferrer noopener\">Deliberaci\u00f3n n\u00ba 2 Acuerdo del Atelier de la Pierre d'Angle<\/a><\/p>\n\n\n\n<p><a href=\"https:\/\/www.creilsudoise-tourisme.fr\/wp-content\/uploads\/2021\/06\/Deliberation-n\u00b01-2021-DOB21-CL.pdf\" target=\"_blank\" rel=\"noreferrer noopener\">Deliberaci\u00f3n n\u00b01 DOB 2021<\/a><\/p>\n\n\n\n<h3>2020<\/h3>\n\n\n\n<p><a href=\"https:\/\/www.creilsudoise-tourisme.fr\/wp-content\/uploads\/2021\/06\/Rapport-dactivites-Creil-Sud-Oise-Tourisme-2020.pdf\" target=\"_blank\" rel=\"noreferrer noopener\">Informe de actividades 2020<\/a><\/p>\n\n\n\n<h3>2019<\/h3>\n\n\n\n<p><a href=\"https:\/\/www.creilsudoise-tourisme.fr\/wp-content\/uploads\/2021\/06\/Rapport-dactivites-Creil-Sud-Oise-Tourisme-2019.pdf\" target=\"_blank\" rel=\"noreferrer noopener\">Informe de actividades 2019<\/a><\/p>\n\n\n\n<h3>2018<\/h3>\n\n\n\n<p><a href=\"https:\/\/www.creilsudoise-tourisme.fr\/wp-content\/uploads\/2021\/06\/Rapport-dactivites-Office-de-Tourisme-Creil-Sud-Oise-2018.pdf\" target=\"_blank\" rel=\"noreferrer noopener\">Informe de actividades 2018<\/a><\/p>\n\n\n\n<div class=\"wp-block wp-block-accordion\" id=\"accordion\">\n    \n    \n<\/div>","protected":false},"excerpt":{"rendered":"<p>Partenaires professionnels de Creil Sud Oise Tourisme (Office de Tourisme Creil Sud Oise + Maison de la Pierre du Sud de l\u2019Oise), consultez les d\u00e9lib\u00e9rations prises par le comit\u00e9 de direction, en cliquant simplement sur le document de votre choix. 2025 Deliberation-n\u00b018 Conditions de vente billetterie en ligne et sur place Annexe-Conditions de vente billetterie [&hellip;]<\/p>","protected":false},"author":1,"featured_media":34941,"parent":209,"menu_order":5,"comment_status":"closed","ping_status":"closed","template":"","meta":{"_relevanssi_hide_post":"","_relevanssi_hide_content":"","_relevanssi_pin_for_all":"","_relevanssi_pin_keywords":"","_relevanssi_unpin_keywords":"","_relevanssi_related_keywords":"","_relevanssi_related_include_ids":"","_relevanssi_related_exclude_ids":"","_relevanssi_related_no_append":"","_relevanssi_related_not_related":"","_relevanssi_related_posts":"271,273,267,275","_relevanssi_noindex_reason":""},"yoast_head":"<!-- This site is optimized with the Yoast SEO plugin v20.2.1 - https:\/\/yoast.com\/wordpress\/plugins\/seo\/ -->\n<title>Espace r\u00e9serv\u00e9 aux partenaires de l\u2019Office de Tourisme Creil Sud Oise<\/title>\n<meta name=\"description\" content=\"Espace r\u00e9serv\u00e9 aux partenaires professionnels de l\u2019Office de Tourisme Creil Sud Oise : les d\u00e9lib\u00e9rations du comit\u00e9 de direction.\" \/>\n<meta name=\"robots\" content=\"index, follow, max-snippet:-1, max-image-preview:large, max-video-preview:-1\" \/>\n<link rel=\"canonical\" href=\"https:\/\/www.creilsudoise-tourisme.fr\/es\/espace-pro\/deliberaciones\/\" \/>\n<meta property=\"og:locale\" content=\"es_ES\" \/>\n<meta property=\"og:type\" content=\"article\" \/>\n<meta property=\"og:title\" content=\"Espace r\u00e9serv\u00e9 aux partenaires de l\u2019Office de Tourisme Creil Sud Oise\" \/>\n<meta property=\"og:description\" content=\"Espace r\u00e9serv\u00e9 aux partenaires professionnels de l\u2019Office de Tourisme Creil Sud Oise : les d\u00e9lib\u00e9rations du comit\u00e9 de direction.\" \/>\n<meta property=\"og:url\" content=\"https:\/\/www.creilsudoise-tourisme.fr\/es\/espace-pro\/deliberaciones\/\" \/>\n<meta property=\"og:site_name\" content=\"Office de Tourisme Creil Sud Oise\" \/>\n<meta property=\"article:publisher\" content=\"https:\/\/www.facebook.com\/creilsudoisetourisme\/\" \/>\n<meta property=\"article:modified_time\" content=\"2025-11-13T13:33:46+00:00\" \/>\n<meta property=\"og:image\" content=\"https:\/\/www.creilsudoise-tourisme.fr\/wp-content\/uploads\/2021\/05\/Comite-de-direction-de-lOffice-de-Tourisme-Creil-Sud-Oise.jpg\" \/>\n\t<meta property=\"og:image:width\" content=\"1600\" \/>\n\t<meta property=\"og:image:height\" content=\"764\" \/>\n\t<meta property=\"og:image:type\" content=\"image\/jpeg\" \/>\n<meta name=\"twitter:card\" content=\"summary_large_image\" \/>\n<meta name=\"twitter:site\" content=\"@CreilSudOiseOT\" \/>\n<meta name=\"twitter:label1\" content=\"Tiempo de lectura\" \/>\n\t<meta name=\"twitter:data1\" content=\"2 minutos\" \/>\n<script type=\"application\/ld+json\" class=\"yoast-schema-graph\">{\"@context\":\"https:\/\/schema.org\",\"@graph\":[{\"@type\":\"WebPage\",\"@id\":\"https:\/\/www.creilsudoise-tourisme.fr\/espace-pro\/deliberations\/\",\"url\":\"https:\/\/www.creilsudoise-tourisme.fr\/espace-pro\/deliberations\/\",\"name\":\"Espace r\u00e9serv\u00e9 aux partenaires de l\u2019Office de Tourisme Creil Sud Oise\",\"isPartOf\":{\"@id\":\"https:\/\/www.creilsudoise-tourisme.fr\/#website\"},\"datePublished\":\"2021-02-17T09:03:47+00:00\",\"dateModified\":\"2025-11-13T13:33:46+00:00\",\"description\":\"Espace r\u00e9serv\u00e9 aux partenaires professionnels de l\u2019Office de Tourisme Creil Sud Oise : les d\u00e9lib\u00e9rations du comit\u00e9 de direction.\",\"breadcrumb\":{\"@id\":\"https:\/\/www.creilsudoise-tourisme.fr\/espace-pro\/deliberations\/#breadcrumb\"},\"inLanguage\":\"es\",\"potentialAction\":[{\"@type\":\"ReadAction\",\"target\":[\"https:\/\/www.creilsudoise-tourisme.fr\/espace-pro\/deliberations\/\"]}]},{\"@type\":\"BreadcrumbList\",\"@id\":\"https:\/\/www.creilsudoise-tourisme.fr\/espace-pro\/deliberations\/#breadcrumb\",\"itemListElement\":[{\"@type\":\"ListItem\",\"position\":1,\"name\":\"Accueil\",\"item\":\"https:\/\/www.creilsudoise-tourisme.fr\/\"},{\"@type\":\"ListItem\",\"position\":2,\"name\":\"Espace pro\",\"item\":\"https:\/\/www.creilsudoise-tourisme.fr\/espace-pro\/\"},{\"@type\":\"ListItem\",\"position\":3,\"name\":\"Les d\u00e9lib\u00e9rations\"}]},{\"@type\":\"WebSite\",\"@id\":\"https:\/\/www.creilsudoise-tourisme.fr\/#website\",\"url\":\"https:\/\/www.creilsudoise-tourisme.fr\/\",\"name\":\"Office de Tourisme Creil Sud Oise\",\"description\":\"Creil Sud Oise Tourisme, un territoire \u00e0 explorer !\",\"publisher\":{\"@id\":\"https:\/\/www.creilsudoise-tourisme.fr\/#organization\"},\"potentialAction\":[{\"@type\":\"SearchAction\",\"target\":{\"@type\":\"EntryPoint\",\"urlTemplate\":\"https:\/\/www.creilsudoise-tourisme.fr\/?s={search_term_string}\"},\"query-input\":\"required name=search_term_string\"}],\"inLanguage\":\"es\"},{\"@type\":\"Organization\",\"@id\":\"https:\/\/www.creilsudoise-tourisme.fr\/#organization\",\"name\":\"Creil Sud Oise Tourisme\",\"url\":\"https:\/\/www.creilsudoise-tourisme.fr\/\",\"logo\":{\"@type\":\"ImageObject\",\"inLanguage\":\"es\",\"@id\":\"https:\/\/www.creilsudoise-tourisme.fr\/#\/schema\/logo\/image\/\",\"url\":\"https:\/\/www.creilsudoise-tourisme.fr\/wp-content\/uploads\/2021\/05\/logo-svg.png\",\"contentUrl\":\"https:\/\/www.creilsudoise-tourisme.fr\/wp-content\/uploads\/2021\/05\/logo-svg.png\",\"width\":182,\"height\":71,\"caption\":\"Creil Sud Oise Tourisme\"},\"image\":{\"@id\":\"https:\/\/www.creilsudoise-tourisme.fr\/#\/schema\/logo\/image\/\"},\"sameAs\":[\"https:\/\/www.facebook.com\/creilsudoisetourisme\/\",\"https:\/\/twitter.com\/CreilSudOiseOT\",\"https:\/\/www.instagram.com\/creilsudoisetourisme\/\",\"https:\/\/www.youtube.com\/channel\/UC8L_QD2wwyADW14zt9fY8kw\"]}]}<\/script>\n<!-- \/ Yoast SEO plugin. -->","yoast_head_json":{"title":"Espace r\u00e9serv\u00e9 aux partenaires de l\u2019Office de Tourisme Creil Sud Oise","description":"Espace r\u00e9serv\u00e9 aux partenaires professionnels de l\u2019Office de Tourisme Creil Sud Oise : les d\u00e9lib\u00e9rations du comit\u00e9 de direction.","robots":{"index":"index","follow":"follow","max-snippet":"max-snippet:-1","max-image-preview":"max-image-preview:large","max-video-preview":"max-video-preview:-1"},"canonical":"https:\/\/www.creilsudoise-tourisme.fr\/es\/espace-pro\/deliberaciones\/","og_locale":"es_ES","og_type":"article","og_title":"Espace r\u00e9serv\u00e9 aux partenaires de l\u2019Office de Tourisme Creil Sud Oise","og_description":"Espace r\u00e9serv\u00e9 aux partenaires professionnels de l\u2019Office de Tourisme Creil Sud Oise : les d\u00e9lib\u00e9rations du comit\u00e9 de direction.","og_url":"https:\/\/www.creilsudoise-tourisme.fr\/es\/espace-pro\/deliberaciones\/","og_site_name":"Office de Tourisme Creil Sud Oise","article_publisher":"https:\/\/www.facebook.com\/creilsudoisetourisme\/","article_modified_time":"2025-11-13T13:33:46+00:00","og_image":[{"width":1600,"height":764,"url":"https:\/\/www.creilsudoise-tourisme.fr\/wp-content\/uploads\/2021\/05\/Comite-de-direction-de-lOffice-de-Tourisme-Creil-Sud-Oise.jpg","type":"image\/jpeg"}],"twitter_card":"summary_large_image","twitter_site":"@CreilSudOiseOT","twitter_misc":{"Tiempo de lectura":"2 minutos"},"schema":{"@context":"https:\/\/schema.org","@graph":[{"@type":"WebPage","@id":"https:\/\/www.creilsudoise-tourisme.fr\/espace-pro\/deliberations\/","url":"https:\/\/www.creilsudoise-tourisme.fr\/espace-pro\/deliberations\/","name":"Espace r\u00e9serv\u00e9 aux partenaires de l\u2019Office de Tourisme Creil Sud Oise","isPartOf":{"@id":"https:\/\/www.creilsudoise-tourisme.fr\/#website"},"datePublished":"2021-02-17T09:03:47+00:00","dateModified":"2025-11-13T13:33:46+00:00","description":"Espace r\u00e9serv\u00e9 aux partenaires professionnels de l\u2019Office de Tourisme Creil Sud Oise : les d\u00e9lib\u00e9rations du comit\u00e9 de direction.","breadcrumb":{"@id":"https:\/\/www.creilsudoise-tourisme.fr\/espace-pro\/deliberations\/#breadcrumb"},"inLanguage":"es","potentialAction":[{"@type":"ReadAction","target":["https:\/\/www.creilsudoise-tourisme.fr\/espace-pro\/deliberations\/"]}]},{"@type":"BreadcrumbList","@id":"https:\/\/www.creilsudoise-tourisme.fr\/espace-pro\/deliberations\/#breadcrumb","itemListElement":[{"@type":"ListItem","position":1,"name":"Accueil","item":"https:\/\/www.creilsudoise-tourisme.fr\/"},{"@type":"ListItem","position":2,"name":"Espace pro","item":"https:\/\/www.creilsudoise-tourisme.fr\/espace-pro\/"},{"@type":"ListItem","position":3,"name":"Les d\u00e9lib\u00e9rations"}]},{"@type":"WebSite","@id":"https:\/\/www.creilsudoise-tourisme.fr\/#website","url":"https:\/\/www.creilsudoise-tourisme.fr\/","name":"Office de Tourisme Creil Sud Oise","description":"Creil Sud Oise Tourisme, un territoire \u00e0 explorer !","publisher":{"@id":"https:\/\/www.creilsudoise-tourisme.fr\/#organization"},"potentialAction":[{"@type":"SearchAction","target":{"@type":"EntryPoint","urlTemplate":"https:\/\/www.creilsudoise-tourisme.fr\/?s={search_term_string}"},"query-input":"required name=search_term_string"}],"inLanguage":"es"},{"@type":"Organization","@id":"https:\/\/www.creilsudoise-tourisme.fr\/#organization","name":"Creil Sud Oise Tourisme","url":"https:\/\/www.creilsudoise-tourisme.fr\/","logo":{"@type":"ImageObject","inLanguage":"es","@id":"https:\/\/www.creilsudoise-tourisme.fr\/#\/schema\/logo\/image\/","url":"https:\/\/www.creilsudoise-tourisme.fr\/wp-content\/uploads\/2021\/05\/logo-svg.png","contentUrl":"https:\/\/www.creilsudoise-tourisme.fr\/wp-content\/uploads\/2021\/05\/logo-svg.png","width":182,"height":71,"caption":"Creil Sud Oise Tourisme"},"image":{"@id":"https:\/\/www.creilsudoise-tourisme.fr\/#\/schema\/logo\/image\/"},"sameAs":["https:\/\/www.facebook.com\/creilsudoisetourisme\/","https:\/\/twitter.com\/CreilSudOiseOT","https:\/\/www.instagram.com\/creilsudoisetourisme\/","https:\/\/www.youtube.com\/channel\/UC8L_QD2wwyADW14zt9fY8kw"]}]}},"_links":{"self":[{"href":"https:\/\/www.creilsudoise-tourisme.fr\/es\/wp-json\/wp\/v2\/pages\/219"}],"collection":[{"href":"https:\/\/www.creilsudoise-tourisme.fr\/es\/wp-json\/wp\/v2\/pages"}],"about":[{"href":"https:\/\/www.creilsudoise-tourisme.fr\/es\/wp-json\/wp\/v2\/types\/page"}],"author":[{"embeddable":true,"href":"https:\/\/www.creilsudoise-tourisme.fr\/es\/wp-json\/wp\/v2\/users\/1"}],"replies":[{"embeddable":true,"href":"https:\/\/www.creilsudoise-tourisme.fr\/es\/wp-json\/wp\/v2\/comments?post=219"}],"version-history":[{"count":35,"href":"https:\/\/www.creilsudoise-tourisme.fr\/es\/wp-json\/wp\/v2\/pages\/219\/revisions"}],"predecessor-version":[{"id":68573,"href":"https:\/\/www.creilsudoise-tourisme.fr\/es\/wp-json\/wp\/v2\/pages\/219\/revisions\/68573"}],"up":[{"embeddable":true,"href":"https:\/\/www.creilsudoise-tourisme.fr\/es\/wp-json\/wp\/v2\/pages\/209"}],"wp:featuredmedia":[{"embeddable":true,"href":"https:\/\/www.creilsudoise-tourisme.fr\/es\/wp-json\/wp\/v2\/media\/34941"}],"wp:attachment":[{"href":"https:\/\/www.creilsudoise-tourisme.fr\/es\/wp-json\/wp\/v2\/media?parent=219"}],"curies":[{"name":"wp","href":"https:\/\/api.w.org\/{rel}","templated":true}]}}