{"id":215,"date":"2021-02-17T10:03:43","date_gmt":"2021-02-17T09:03:43","guid":{"rendered":"https:\/\/www.creilsudoise-tourisme.fr\/oise-tourisme\/"},"modified":"2022-01-07T09:53:53","modified_gmt":"2022-01-07T08:53:53","slug":"oise-tourisme","status":"publish","type":"page","link":"https:\/\/www.creilsudoise-tourisme.fr\/es\/espace-pro\/oise-tourisme\/","title":{"rendered":"Oise Turismo"},"content":{"rendered":"<p class=\"is-style-excerpt\">La agencia de desarrollo tur\u00edstico del departamento<strong> Oise Turismo<\/strong>situado en Beauvais <strong>observar y analizar el turismo en el departamento de Oise<\/strong>de <strong>desarrollo de la oferta tur\u00edstica<\/strong> en l\u00ednea con las expectativas de nuestros clientes mediante una oferta sostenible de alta calidad.<\/p>\n\n\n\n<h2>Apoyo a los profesionales del turismo<\/h2>\n\n\n\n<figure class=\"wp-block-image size-large\"><img decoding=\"async\" loading=\"lazy\" width=\"1200\" height=\"547\" data-src=\"https:\/\/www.creilsudoise-tourisme.fr\/wp-content\/uploads\/2021\/05\/Oise-Tourisme-pour-les-professionnels-1200x547.jpg\" alt=\"Oise Tourisme para profesionales\" class=\"wp-image-35241\" data-srcset=\"https:\/\/www.creilsudoise-tourisme.fr\/wp-content\/uploads\/2021\/05\/Oise-Tourisme-pour-les-professionnels-1200x547.jpg 1200w, https:\/\/www.creilsudoise-tourisme.fr\/wp-content\/uploads\/2021\/05\/Oise-Tourisme-pour-les-professionnels-600x273.jpg 600w, https:\/\/www.creilsudoise-tourisme.fr\/wp-content\/uploads\/2021\/05\/Oise-Tourisme-pour-les-professionnels-900x410.jpg 900w, https:\/\/www.creilsudoise-tourisme.fr\/wp-content\/uploads\/2021\/05\/Oise-Tourisme-pour-les-professionnels-1536x700.jpg 1536w, https:\/\/www.creilsudoise-tourisme.fr\/wp-content\/uploads\/2021\/05\/Oise-Tourisme-pour-les-professionnels-200x91.jpg 200w, https:\/\/www.creilsudoise-tourisme.fr\/wp-content\/uploads\/2021\/05\/Oise-Tourisme-pour-les-professionnels-650x296.jpg 650w, https:\/\/www.creilsudoise-tourisme.fr\/wp-content\/uploads\/2021\/05\/Oise-Tourisme-pour-les-professionnels-387x176.jpg 387w, https:\/\/www.creilsudoise-tourisme.fr\/wp-content\/uploads\/2021\/05\/Oise-Tourisme-pour-les-professionnels.jpg 1878w\" sizes=\"(max-width: 1200px) 100vw, 1200px\" \/><\/figure>\n\n\n\n<p>Oise Tourisme tambi\u00e9n es responsable de<strong>apoyo a los profesionales del turismo<\/strong> (proveedores de alojamiento, propietarios de restaurantes, personal de lugares tur\u00edsticos u oficinas de turismo, etc.) o personas con un inter\u00e9s especial en el turismo.<strong> proyecto de desarrollo tur\u00edstico en la regi\u00f3n de Oise.<\/strong><\/p>\n\n\n\n<div class=\"is-layout-flex wp-block-buttons is-content-justification-center\">\n<div class=\"wp-block-button\"><a class=\"wp-block-button__link\" href=\"https:\/\/www.oisetourisme-pro.com\/\" target=\"_blank\" rel=\"noreferrer noopener\">Descubra Oise Tourisme para profesionales<\/a><\/div>\n<\/div>\n\n\n\n<hr class=\"wp-block-separator\"\/>\n\n\n\n<h2>Auditor\u00eda y formaci\u00f3n<\/h2>\n\n\n\n<p>Gracias a una gran <strong>experiencia en ingenier\u00eda tur\u00edstica<\/strong>el equipo de Oise Tourisme puede <strong>audite su estructura<\/strong> para ti <strong>apoyar su desarrollo<\/strong>t y tambi\u00e9n ofrece <strong>formaci\u00f3n en web y marketing<\/strong> para su desarrollo.<\/p>\n\n\n\n<div class=\"is-layout-flex wp-block-buttons is-content-justification-center\">\n<div class=\"wp-block-button\"><a class=\"wp-block-button__link\" href=\"https:\/\/fr.calameo.com\/read\/00190299400fea74ed97c?page=1\" target=\"_blank\" rel=\"noreferrer noopener\">Descubra los cursos de formaci\u00f3n de Oise Tourisme<\/a><\/div>\n<\/div>\n\n\n\n<hr class=\"wp-block-separator\"\/>\n\n\n\n<h2>Clasificaci\u00f3n, cualificaci\u00f3n y etiquetado<\/h2>\n\n\n\n<p>Oise Tourisme puede ayudarle a obtener las siguientes clasificaciones:<\/p>\n\n\n\n<ul><li><a href=\"https:\/\/www.gites-de-france.com\/fr\/nos-valeurs\" target=\"_blank\" rel=\"noreferrer noopener\">Gites de France<\/a><\/li><li><a href=\"https:\/\/www.clevacances.com\/fr\/adherer-au-label\" target=\"_blank\" rel=\"noreferrer noopener\">Cl\u00e9vacances<\/a><\/li><li>Turismo y discapacidad<\/li><li>Bicicleta a casa<\/li><li>Calidad tur\u00edstica<\/li><li>Clasificaci\u00f3n de los alojamientos tur\u00edsticos amueblados<\/li><\/ul>\n\n\n\n<h2>Conocimiento del departamento de Oise<\/h2>\n\n\n\n<p>El equipo de <a href=\"https:\/\/www.oisetourisme.com\/\" target=\"_blank\" rel=\"noreferrer noopener\">Oise Turismo<\/a> tambi\u00e9n es responsable de<strong> desarrollar el turismo en el departamento<\/strong> promocionando los sitios y lugares que hay que visitar en nuestra hermosa regi\u00f3n de Oise, en otros lugares de Francia y en el extranjero.<\/p>\n\n\n\n<div class=\"wp-block-image is-style-default\"><figure class=\"aligncenter size-large is-resized\"><img decoding=\"async\" loading=\"lazy\" data-src=\"https:\/\/www.creilsudoise-tourisme.fr\/wp-content\/uploads\/2021\/04\/Logo-Oise-Tourisme.jpg\" alt=\"Logotipo de Oise Tourisme\" class=\"wp-image-33432\" width=\"223\" height=\"205\" data-srcset=\"https:\/\/www.creilsudoise-tourisme.fr\/wp-content\/uploads\/2021\/04\/Logo-Oise-Tourisme.jpg 600w, https:\/\/www.creilsudoise-tourisme.fr\/wp-content\/uploads\/2021\/04\/Logo-Oise-Tourisme-200x183.jpg 200w, https:\/\/www.creilsudoise-tourisme.fr\/wp-content\/uploads\/2021\/04\/Logo-Oise-Tourisme-387x355.jpg 387w, https:\/\/www.creilsudoise-tourisme.fr\/wp-content\/uploads\/2021\/04\/Logo-Oise-Tourisme-275x252.jpg 275w\" sizes=\"(max-width: 223px) 100vw, 223px\" \/><\/figure><\/div>\n\n\n<div class=\"wp-block wp-block-highlight\">\n            <h3 class=\"wp-block-highlight-item wp-block-highlight-title\">Contacte con Oise Tourisme<\/h3>\n                <p class=\"wp-block-highlight-item wp-block-highlight-excerpt\">Su equipo de expertos est\u00e1 a su disposici\u00f3n para guiarle en el proceso, as\u00ed que p\u00f3ngase en contacto con nosotros.<br><a href=\"tel:0364606060\">03 64 60 60 60<\/a><\/p>\n    <\/div>\n\n\n<div class=\"is-layout-flex wp-block-buttons is-content-justification-center\">\n<div class=\"wp-block-button\"><a class=\"wp-block-button__link\" href=\"mailto:&#99;&#111;n&#116;ac&#116;&#64;&#111;iseto&#117;rism&#101;.c&#111;m\" target=\"_blank\" rel=\"noreferrer noopener\">CONTACTO<\/a><\/div>\n<\/div>","protected":false},"excerpt":{"rendered":"<p>Oise Tourisme, la agencia departamental de desarrollo tur\u00edstico con sede en Beauvais, se encarga de observar y analizar el turismo en el departamento de Oise, y de desarrollar la oferta tur\u00edstica de acuerdo con las expectativas de los clientes mediante ofertas de calidad y sostenibles. Apoyo a los profesionales del turismo La misi\u00f3n de Oise Tourisme es tambi\u00e9n apoyar a los profesionales del turismo en su [...]<\/p>","protected":false},"author":1,"featured_media":33191,"parent":209,"menu_order":3,"comment_status":"closed","ping_status":"closed","template":"","meta":{"_relevanssi_hide_post":"","_relevanssi_hide_content":"","_relevanssi_pin_for_all":"","_relevanssi_pin_keywords":"","_relevanssi_unpin_keywords":"","_relevanssi_related_keywords":"","_relevanssi_related_include_ids":"","_relevanssi_related_exclude_ids":"","_relevanssi_related_no_append":"","_relevanssi_related_not_related":"","_relevanssi_related_posts":"275,267,273,271","_relevanssi_noindex_reason":""},"yoast_head":"<!-- This site is optimized with the Yoast SEO plugin v20.2.1 - https:\/\/yoast.com\/wordpress\/plugins\/seo\/ -->\n<title>Oise Tourisme : l\u2019agence de d\u00e9veloppement touristique de l\u2019Oise<\/title>\n<meta name=\"description\" content=\"D\u00e9couvrez les missions d\u2019observation, d\u2019accompagnement, de d\u00e9veloppement et de promotion touristique de l\u2019Agence Oise Tourisme, situ\u00e9e \u00e0 Beauvais.\" \/>\n<meta name=\"robots\" content=\"index, follow, max-snippet:-1, max-image-preview:large, max-video-preview:-1\" \/>\n<link rel=\"canonical\" href=\"https:\/\/www.creilsudoise-tourisme.fr\/es\/espace-pro\/oise-tourisme\/\" \/>\n<meta property=\"og:locale\" content=\"es_ES\" \/>\n<meta property=\"og:type\" content=\"article\" \/>\n<meta property=\"og:title\" content=\"Oise Tourisme : l\u2019agence de d\u00e9veloppement touristique de l\u2019Oise\" \/>\n<meta property=\"og:description\" content=\"D\u00e9couvrez les missions d\u2019observation, d\u2019accompagnement, de d\u00e9veloppement et de promotion touristique de l\u2019Agence Oise Tourisme, situ\u00e9e \u00e0 Beauvais.\" \/>\n<meta property=\"og:url\" content=\"https:\/\/www.creilsudoise-tourisme.fr\/es\/espace-pro\/oise-tourisme\/\" \/>\n<meta property=\"og:site_name\" content=\"Office de Tourisme Creil Sud Oise\" \/>\n<meta property=\"article:publisher\" content=\"https:\/\/www.facebook.com\/creilsudoisetourisme\/\" \/>\n<meta property=\"article:modified_time\" content=\"2022-01-07T08:53:53+00:00\" \/>\n<meta property=\"og:image\" content=\"https:\/\/www.creilsudoise-tourisme.fr\/wp-content\/uploads\/2021\/04\/Le\u0301quipe-de-Oise-Tourisme-e1617810703132.jpg\" \/>\n\t<meta property=\"og:image:width\" content=\"1516\" \/>\n\t<meta property=\"og:image:height\" content=\"600\" \/>\n\t<meta property=\"og:image:type\" content=\"image\/jpeg\" \/>\n<meta name=\"twitter:card\" content=\"summary_large_image\" \/>\n<meta name=\"twitter:site\" content=\"@CreilSudOiseOT\" \/>\n<meta name=\"twitter:label1\" content=\"Tiempo de lectura\" \/>\n\t<meta name=\"twitter:data1\" content=\"2 minutos\" \/>\n<script type=\"application\/ld+json\" class=\"yoast-schema-graph\">{\"@context\":\"https:\/\/schema.org\",\"@graph\":[{\"@type\":\"WebPage\",\"@id\":\"https:\/\/www.creilsudoise-tourisme.fr\/espace-pro\/oise-tourisme\/\",\"url\":\"https:\/\/www.creilsudoise-tourisme.fr\/espace-pro\/oise-tourisme\/\",\"name\":\"Oise Tourisme : l\u2019agence de d\u00e9veloppement touristique de l\u2019Oise\",\"isPartOf\":{\"@id\":\"https:\/\/www.creilsudoise-tourisme.fr\/#website\"},\"datePublished\":\"2021-02-17T09:03:43+00:00\",\"dateModified\":\"2022-01-07T08:53:53+00:00\",\"description\":\"D\u00e9couvrez les missions d\u2019observation, d\u2019accompagnement, de d\u00e9veloppement et de promotion touristique de l\u2019Agence Oise Tourisme, situ\u00e9e \u00e0 Beauvais.\",\"breadcrumb\":{\"@id\":\"https:\/\/www.creilsudoise-tourisme.fr\/espace-pro\/oise-tourisme\/#breadcrumb\"},\"inLanguage\":\"es\",\"potentialAction\":[{\"@type\":\"ReadAction\",\"target\":[\"https:\/\/www.creilsudoise-tourisme.fr\/espace-pro\/oise-tourisme\/\"]}]},{\"@type\":\"BreadcrumbList\",\"@id\":\"https:\/\/www.creilsudoise-tourisme.fr\/espace-pro\/oise-tourisme\/#breadcrumb\",\"itemListElement\":[{\"@type\":\"ListItem\",\"position\":1,\"name\":\"Accueil\",\"item\":\"https:\/\/www.creilsudoise-tourisme.fr\/\"},{\"@type\":\"ListItem\",\"position\":2,\"name\":\"Espace pro\",\"item\":\"https:\/\/www.creilsudoise-tourisme.fr\/espace-pro\/\"},{\"@type\":\"ListItem\",\"position\":3,\"name\":\"Oise Tourisme\"}]},{\"@type\":\"WebSite\",\"@id\":\"https:\/\/www.creilsudoise-tourisme.fr\/#website\",\"url\":\"https:\/\/www.creilsudoise-tourisme.fr\/\",\"name\":\"Office de Tourisme Creil Sud Oise\",\"description\":\"Creil Sud Oise Tourisme, un territoire \u00e0 explorer !\",\"publisher\":{\"@id\":\"https:\/\/www.creilsudoise-tourisme.fr\/#organization\"},\"potentialAction\":[{\"@type\":\"SearchAction\",\"target\":{\"@type\":\"EntryPoint\",\"urlTemplate\":\"https:\/\/www.creilsudoise-tourisme.fr\/?s={search_term_string}\"},\"query-input\":\"required name=search_term_string\"}],\"inLanguage\":\"es\"},{\"@type\":\"Organization\",\"@id\":\"https:\/\/www.creilsudoise-tourisme.fr\/#organization\",\"name\":\"Creil Sud Oise Tourisme\",\"url\":\"https:\/\/www.creilsudoise-tourisme.fr\/\",\"logo\":{\"@type\":\"ImageObject\",\"inLanguage\":\"es\",\"@id\":\"https:\/\/www.creilsudoise-tourisme.fr\/#\/schema\/logo\/image\/\",\"url\":\"https:\/\/www.creilsudoise-tourisme.fr\/wp-content\/uploads\/2021\/05\/logo-svg.png\",\"contentUrl\":\"https:\/\/www.creilsudoise-tourisme.fr\/wp-content\/uploads\/2021\/05\/logo-svg.png\",\"width\":182,\"height\":71,\"caption\":\"Creil Sud Oise Tourisme\"},\"image\":{\"@id\":\"https:\/\/www.creilsudoise-tourisme.fr\/#\/schema\/logo\/image\/\"},\"sameAs\":[\"https:\/\/www.facebook.com\/creilsudoisetourisme\/\",\"https:\/\/twitter.com\/CreilSudOiseOT\",\"https:\/\/www.instagram.com\/creilsudoisetourisme\/\",\"https:\/\/www.youtube.com\/channel\/UC8L_QD2wwyADW14zt9fY8kw\"]}]}<\/script>\n<!-- \/ Yoast SEO plugin. -->","yoast_head_json":{"title":"Oise Tourisme : l\u2019agence de d\u00e9veloppement touristique de l\u2019Oise","description":"D\u00e9couvrez les missions d\u2019observation, d\u2019accompagnement, de d\u00e9veloppement et de promotion touristique de l\u2019Agence Oise Tourisme, situ\u00e9e \u00e0 Beauvais.","robots":{"index":"index","follow":"follow","max-snippet":"max-snippet:-1","max-image-preview":"max-image-preview:large","max-video-preview":"max-video-preview:-1"},"canonical":"https:\/\/www.creilsudoise-tourisme.fr\/es\/espace-pro\/oise-tourisme\/","og_locale":"es_ES","og_type":"article","og_title":"Oise Tourisme : l\u2019agence de d\u00e9veloppement touristique de l\u2019Oise","og_description":"D\u00e9couvrez les missions d\u2019observation, d\u2019accompagnement, de d\u00e9veloppement et de promotion touristique de l\u2019Agence Oise Tourisme, situ\u00e9e \u00e0 Beauvais.","og_url":"https:\/\/www.creilsudoise-tourisme.fr\/es\/espace-pro\/oise-tourisme\/","og_site_name":"Office de Tourisme Creil Sud Oise","article_publisher":"https:\/\/www.facebook.com\/creilsudoisetourisme\/","article_modified_time":"2022-01-07T08:53:53+00:00","og_image":[{"width":1516,"height":600,"url":"https:\/\/www.creilsudoise-tourisme.fr\/wp-content\/uploads\/2021\/04\/Le\u0301quipe-de-Oise-Tourisme-e1617810703132.jpg","type":"image\/jpeg"}],"twitter_card":"summary_large_image","twitter_site":"@CreilSudOiseOT","twitter_misc":{"Tiempo de lectura":"2 minutos"},"schema":{"@context":"https:\/\/schema.org","@graph":[{"@type":"WebPage","@id":"https:\/\/www.creilsudoise-tourisme.fr\/espace-pro\/oise-tourisme\/","url":"https:\/\/www.creilsudoise-tourisme.fr\/espace-pro\/oise-tourisme\/","name":"Oise Tourisme : l\u2019agence de d\u00e9veloppement touristique de l\u2019Oise","isPartOf":{"@id":"https:\/\/www.creilsudoise-tourisme.fr\/#website"},"datePublished":"2021-02-17T09:03:43+00:00","dateModified":"2022-01-07T08:53:53+00:00","description":"D\u00e9couvrez les missions d\u2019observation, d\u2019accompagnement, de d\u00e9veloppement et de promotion touristique de l\u2019Agence Oise Tourisme, situ\u00e9e \u00e0 Beauvais.","breadcrumb":{"@id":"https:\/\/www.creilsudoise-tourisme.fr\/espace-pro\/oise-tourisme\/#breadcrumb"},"inLanguage":"es","potentialAction":[{"@type":"ReadAction","target":["https:\/\/www.creilsudoise-tourisme.fr\/espace-pro\/oise-tourisme\/"]}]},{"@type":"BreadcrumbList","@id":"https:\/\/www.creilsudoise-tourisme.fr\/espace-pro\/oise-tourisme\/#breadcrumb","itemListElement":[{"@type":"ListItem","position":1,"name":"Accueil","item":"https:\/\/www.creilsudoise-tourisme.fr\/"},{"@type":"ListItem","position":2,"name":"Espace pro","item":"https:\/\/www.creilsudoise-tourisme.fr\/espace-pro\/"},{"@type":"ListItem","position":3,"name":"Oise Tourisme"}]},{"@type":"WebSite","@id":"https:\/\/www.creilsudoise-tourisme.fr\/#website","url":"https:\/\/www.creilsudoise-tourisme.fr\/","name":"Office de Tourisme Creil Sud Oise","description":"Creil Sud Oise Tourisme, un territoire \u00e0 explorer !","publisher":{"@id":"https:\/\/www.creilsudoise-tourisme.fr\/#organization"},"potentialAction":[{"@type":"SearchAction","target":{"@type":"EntryPoint","urlTemplate":"https:\/\/www.creilsudoise-tourisme.fr\/?s={search_term_string}"},"query-input":"required name=search_term_string"}],"inLanguage":"es"},{"@type":"Organization","@id":"https:\/\/www.creilsudoise-tourisme.fr\/#organization","name":"Creil Sud Oise Tourisme","url":"https:\/\/www.creilsudoise-tourisme.fr\/","logo":{"@type":"ImageObject","inLanguage":"es","@id":"https:\/\/www.creilsudoise-tourisme.fr\/#\/schema\/logo\/image\/","url":"https:\/\/www.creilsudoise-tourisme.fr\/wp-content\/uploads\/2021\/05\/logo-svg.png","contentUrl":"https:\/\/www.creilsudoise-tourisme.fr\/wp-content\/uploads\/2021\/05\/logo-svg.png","width":182,"height":71,"caption":"Creil Sud Oise Tourisme"},"image":{"@id":"https:\/\/www.creilsudoise-tourisme.fr\/#\/schema\/logo\/image\/"},"sameAs":["https:\/\/www.facebook.com\/creilsudoisetourisme\/","https:\/\/twitter.com\/CreilSudOiseOT","https:\/\/www.instagram.com\/creilsudoisetourisme\/","https:\/\/www.youtube.com\/channel\/UC8L_QD2wwyADW14zt9fY8kw"]}]}},"_links":{"self":[{"href":"https:\/\/www.creilsudoise-tourisme.fr\/es\/wp-json\/wp\/v2\/pages\/215"}],"collection":[{"href":"https:\/\/www.creilsudoise-tourisme.fr\/es\/wp-json\/wp\/v2\/pages"}],"about":[{"href":"https:\/\/www.creilsudoise-tourisme.fr\/es\/wp-json\/wp\/v2\/types\/page"}],"author":[{"embeddable":true,"href":"https:\/\/www.creilsudoise-tourisme.fr\/es\/wp-json\/wp\/v2\/users\/1"}],"replies":[{"embeddable":true,"href":"https:\/\/www.creilsudoise-tourisme.fr\/es\/wp-json\/wp\/v2\/comments?post=215"}],"version-history":[{"count":11,"href":"https:\/\/www.creilsudoise-tourisme.fr\/es\/wp-json\/wp\/v2\/pages\/215\/revisions"}],"predecessor-version":[{"id":39334,"href":"https:\/\/www.creilsudoise-tourisme.fr\/es\/wp-json\/wp\/v2\/pages\/215\/revisions\/39334"}],"up":[{"embeddable":true,"href":"https:\/\/www.creilsudoise-tourisme.fr\/es\/wp-json\/wp\/v2\/pages\/209"}],"wp:featuredmedia":[{"embeddable":true,"href":"https:\/\/www.creilsudoise-tourisme.fr\/es\/wp-json\/wp\/v2\/media\/33191"}],"wp:attachment":[{"href":"https:\/\/www.creilsudoise-tourisme.fr\/es\/wp-json\/wp\/v2\/media?parent=215"}],"curies":[{"name":"wp","href":"https:\/\/api.w.org\/{rel}","templated":true}]}}