{"id":203,"date":"2021-02-17T10:03:33","date_gmt":"2021-02-17T09:03:33","guid":{"rendered":"https:\/\/www.creilsudoise-tourisme.fr\/loffice-de-tourisme\/"},"modified":"2024-04-19T09:56:59","modified_gmt":"2024-04-19T07:56:59","slug":"office-de-tourisme","status":"publish","type":"page","link":"https:\/\/www.creilsudoise-tourisme.fr\/es\/practica\/oficina-de-turismo\/","title":{"rendered":"Oficina de Turismo"},"content":{"rendered":"<p class=\"is-style-excerpt\"><strong>La Oficina de Turismo de Creil Sud Oise le da la bienvenida a Creil<\/strong>En el n\u00famero 6 de la avenida Jules Uhry, en la calle comercial frente a la estaci\u00f3n SNCF y cerca de la plaza Carnot, podr\u00e1 aparcar f\u00e1cilmente (\u00a1recuerde traer su disco de aparcamiento!).<\/p>\n\n\n<div class=\"wp-block wp-block-child-post alignwide\">\n    <div class=\"entityList clear\">\n        \n<div class=\"entityItem\" data-trigger=\"wpiris-click\" data-id=\"wpiris-entity-slider-item\">\n    <p class=\"entityItemThumbnail\">\n        <a href=\"https:\/\/www.creilsudoise-tourisme.fr\/es\/practica\/oficina-de-turismo\/equipo\/\" nofancybox>\n            <img data-src=\"https:\/\/www.creilsudoise-tourisme.fr\/wp-content\/uploads\/2024\/10\/Equipe-de-Creil-Sud-Oise-Tourisme-275x350.jpg\" alt=\"El equipo\">\n        <\/a>\n    <\/p>\n    <div class=\"entityItemContent\">\n        <h2 class=\"entityItemContentTitle\">\n            <a href=\"https:\/\/www.creilsudoise-tourisme.fr\/es\/practica\/oficina-de-turismo\/equipo\/\">El equipo<\/a>\n        <\/h2>\n            <\/div>\n    <a href=\"https:\/\/www.creilsudoise-tourisme.fr\/es\/practica\/oficina-de-turismo\/equipo\/\" class=\"seeMore\"><span class=\"sr-only\">M\u00e1s informaci\u00f3n<\/span><\/a>\n<\/div>\n        \n<div class=\"entityItem\" data-trigger=\"wpiris-click\" data-id=\"wpiris-entity-slider-item\">\n    <p class=\"entityItemThumbnail\">\n        <a href=\"https:\/\/www.creilsudoise-tourisme.fr\/es\/practica\/oficina-de-turismo\/tienda\/\" nofancybox>\n            <img data-src=\"https:\/\/www.creilsudoise-tourisme.fr\/wp-content\/uploads\/2023\/11\/Boutique-de-lOffice-de-Tourisme-Creil-Sud-Oise-1-275x350.jpg\" alt=\"La tienda\">\n        <\/a>\n    <\/p>\n    <div class=\"entityItemContent\">\n        <h2 class=\"entityItemContentTitle\">\n            <a href=\"https:\/\/www.creilsudoise-tourisme.fr\/es\/practica\/oficina-de-turismo\/tienda\/\">La tienda<\/a>\n        <\/h2>\n            <\/div>\n    <a href=\"https:\/\/www.creilsudoise-tourisme.fr\/es\/practica\/oficina-de-turismo\/tienda\/\" class=\"seeMore\"><span class=\"sr-only\">M\u00e1s informaci\u00f3n<\/span><\/a>\n<\/div>\n        \n<div class=\"entityItem\" data-trigger=\"wpiris-click\" data-id=\"wpiris-entity-slider-item\">\n    <p class=\"entityItemThumbnail\">\n        <a href=\"https:\/\/www.creilsudoise-tourisme.fr\/es\/practica\/oficina-de-turismo\/contratacion\/\" nofancybox>\n            <img data-src=\"https:\/\/www.creilsudoise-tourisme.fr\/wp-content\/uploads\/2022\/02\/Creil-Sud-Oise-recrute-275x350.jpg\" alt=\"Contrataci\u00f3n\">\n        <\/a>\n    <\/p>\n    <div class=\"entityItemContent\">\n        <h2 class=\"entityItemContentTitle\">\n            <a href=\"https:\/\/www.creilsudoise-tourisme.fr\/es\/practica\/oficina-de-turismo\/contratacion\/\">Contrataci\u00f3n<\/a>\n        <\/h2>\n            <\/div>\n    <a href=\"https:\/\/www.creilsudoise-tourisme.fr\/es\/practica\/oficina-de-turismo\/contratacion\/\" class=\"seeMore\"><span class=\"sr-only\">M\u00e1s informaci\u00f3n<\/span><\/a>\n<\/div>\n            <\/div>\n<\/div>\n\n\n<h2>Presentaci\u00f3n de la Oficina de Turismo<\/h2>\n\n\n\n<p>La Oficina de Turismo de Creil Sud Oise, Establecimiento P\u00fablico de Inter\u00e9s Industrial y Comercial (EPIC), fue&nbsp;<strong>creado en enero de 2018,<\/strong> tras la fusi\u00f3n de dos comunidades de municipios y su Oficina de Turismo: la Communaut\u00e9 d'Agglom\u00e9ration Creilloise (CAC) y la Communaut\u00e9 de communes Pierre Sud Oise (PSO).&nbsp;<\/p>\n\n\n\n<p><strong>En octubre de 2019<\/strong>Las instalaciones tur\u00edsticas del&nbsp;<strong><a href=\"https:\/\/www.creilsudoise-tourisme.fr\/es\/jexplore\/les-incontournables\/maison-de-la-pierre\/\" target=\"_blank\" rel=\"noreferrer noopener\">Casa de piedra del Oise Meridional<\/a><\/strong>situado en Saint-Maximin, se uni\u00f3 al EPIC.  <\/p>\n\n\n\n<p>La Oficina de Turismo de Creil Sud Oise y la Maison de la Pierre du Sud de l'Oise forman ahora <strong>Creil Sud Oise Turismo<\/strong> (EPIC).<\/p>\n\n\n\n<p>Creil Sud Oise Tourisme est\u00e1 administrado por un Comit\u00e9 de Direcci\u00f3n compuesto por dos colegios (el colegio de cargos electos y el colegio de socioprofesionales) con un Presidente y dos Vicepresidentes. <\/p>\n\n\n\n<p>El EPIC Creil Sud Oise Tourisme est\u00e1 administrado por un comit\u00e9 de gesti\u00f3n y dirigido por un director. El gobierno del EPIC Creil Sud Oise Tourisme est\u00e1 compuesto por 23 miembros titulares y 23 miembros suplentes. El comit\u00e9 delibera sobre todas las cuestiones relativas al funcionamiento y la actividad de Creil Sud Oise Tourisme.<\/p>\n\n\n\n<p>El Presidente de Creil Sud Oise Tourisme (EPIC) es Michel BLARY, 7<sup>\u00e8me<\/sup> Vicepresidente de ACSO, Alcalde de Thiverny. Los dos Vicepresidentes son Herv\u00e9 LEFEZ, 10<sup>\u00e8me<\/sup> Vicepresidente de ACSO, Alcalde de Maysel del colegio de representantes electos y Marion KALT, Directora del Departamento de Patrimonio del Museo Gall\u00e9-Juillet y de los Archivos Municipales del colegio de socioprofesionales.<\/p>\n\n\n\n<p>Creil Sud Oise Tourisme est\u00e1 dirigida por un director y cuenta con un equipo de <a href=\"https:\/\/www.creilsudoise-tourisme.fr\/es\/pratique\/loffice-de-tourisme\/equipe\/\" target=\"_blank\" rel=\"noreferrer noopener\">equipo de 9 personas<\/a>.<\/p>\n\n\n\n<p><strong>Promover la riqueza y la identidad del territorio de la comunidad de<a href=\"https:\/\/www.creilsudoise-tourisme.fr\/es\/espace-pro\/acso\/\" target=\"_blank\" rel=\"noreferrer noopener\">Aglomeraci\u00f3n Creil Sud Oise<\/a><\/strong> (ACSO) y <strong>desarrollar la asistencia<\/strong> son los <strong>objetivos de Creil Sud Oise Turismo<\/strong>. La Oficina de Turismo trabaja en colaboraci\u00f3n con el Departamento de Desarrollo Econ\u00f3mico, Empleo y Formaci\u00f3n (DDEEF), en particular con el Departamento de Turismo de la ACSO. El departamento de Turismo, Patrimonio y Ocio aplica la estrategia de desarrollo tur\u00edstico del territorio en concertaci\u00f3n con Creil Sud Oise Tourisme.<\/p>\n\n\n\n<figure class=\"wp-block-image size-large\"><img decoding=\"async\" loading=\"lazy\" width=\"1200\" height=\"675\" data-src=\"https:\/\/www.creilsudoise-tourisme.fr\/wp-content\/uploads\/2021\/04\/Coin-de\u0301tente-de-l_Office-de-Tourisme-Creil-Sud-Oise-1200x675.jpg\" alt=\"\" class=\"wp-image-33246\" data-srcset=\"https:\/\/www.creilsudoise-tourisme.fr\/wp-content\/uploads\/2021\/04\/Coin-de\u0301tente-de-l_Office-de-Tourisme-Creil-Sud-Oise-1200x675.jpg 1200w, https:\/\/www.creilsudoise-tourisme.fr\/wp-content\/uploads\/2021\/04\/Coin-de\u0301tente-de-l_Office-de-Tourisme-Creil-Sud-Oise-600x338.jpg 600w, https:\/\/www.creilsudoise-tourisme.fr\/wp-content\/uploads\/2021\/04\/Coin-de\u0301tente-de-l_Office-de-Tourisme-Creil-Sud-Oise-900x506.jpg 900w, https:\/\/www.creilsudoise-tourisme.fr\/wp-content\/uploads\/2021\/04\/Coin-de\u0301tente-de-l_Office-de-Tourisme-Creil-Sud-Oise-1536x864.jpg 1536w, https:\/\/www.creilsudoise-tourisme.fr\/wp-content\/uploads\/2021\/04\/Coin-de\u0301tente-de-l_Office-de-Tourisme-Creil-Sud-Oise-200x113.jpg 200w, https:\/\/www.creilsudoise-tourisme.fr\/wp-content\/uploads\/2021\/04\/Coin-de\u0301tente-de-l_Office-de-Tourisme-Creil-Sud-Oise-650x366.jpg 650w, https:\/\/www.creilsudoise-tourisme.fr\/wp-content\/uploads\/2021\/04\/Coin-de\u0301tente-de-l_Office-de-Tourisme-Creil-Sud-Oise-387x218.jpg 387w, https:\/\/www.creilsudoise-tourisme.fr\/wp-content\/uploads\/2021\/04\/Coin-de\u0301tente-de-l_Office-de-Tourisme-Creil-Sud-Oise-275x155.jpg 275w, https:\/\/www.creilsudoise-tourisme.fr\/wp-content\/uploads\/2021\/04\/Coin-de\u0301tente-de-l_Office-de-Tourisme-Creil-Sud-Oise.jpg 1600w\" sizes=\"(max-width: 1200px) 100vw, 1200px\" \/><figcaption class=\"wp-element-caption\">Creil Sud Oise Tourisme<\/figcaption><\/figure>\n\n\n\n<h2><strong>La Oficina de Turismo, el director del territorio<\/strong><\/h2>\n\n\n\n<p><strong>Puerta de entrada y escaparate del territorio<\/strong>La Oficina de Turismo es una aut\u00e9ntica <strong>director territorial<\/strong> en medio de varios actores: visitantes, proveedores de servicios asociados, habitantes, cargos electos y t\u00e9cnicos de la comunidad ACSO. &nbsp;<\/p>\n\n\n\n<p>Sus diversas tareas son las siguientes:<\/p>\n\n\n\n<ul>\n<li><strong>Acoger y promover los activos <\/strong>del destino Creil Sud Oise<\/li>\n\n\n\n<li><strong>Coordenadas <\/strong>las intervenciones de los distintos <strong>socios en el desarrollo del turismo local<\/strong><\/li>\n\n\n\n<li><strong>Marketing<\/strong>crear nuevos productos tur\u00edsticos e impulsar el impacto econ\u00f3mico&nbsp;<\/li>\n\n\n\n<li><strong>Desarrollo y estructuraci\u00f3n de la oferta<\/strong> con la participaci\u00f3n en el desarrollo y la aplicaci\u00f3n de la pol\u00edtica tur\u00edstica local junto con el departamento de turismo de la AECS<\/li>\n\n\n\n<li><strong>Ofrecer actividades de ocio ocasionales<\/strong> o la organizaci\u00f3n de festivales o actos culturales, y\/o la ayuda a la realizaci\u00f3n de actos de sensibilizaci\u00f3n<\/li>\n<\/ul>\n\n\n\n<p>La Oficina de Turismo dispone de un <strong>misi\u00f3n complementaria con la explotaci\u00f3n de un sitio tur\u00edstico el <a href=\"http:\/\/www.maisondelapierre-oise.fr\" target=\"_blank\" rel=\"noreferrer noopener\">Casa de piedra del Oise Meridional<\/a>.<\/strong> Este equipamiento tur\u00edstico promueve y potencia con fines tur\u00edsticos, econ\u00f3micos, culturales y educativos,<strong> patrimonio de piedra y canteras en todas sus formas<\/strong>. <\/p>\n\n\n\n<h2>Una nueva oficina en Creil<\/h2>\n\n\n\n<p>En septiembre de 2020, el equipo de la Oficina de Turismo de Creil Sud Oise se traslad\u00f3 a su<strong> nuevos locales<\/strong> \u00a1! Despu\u00e9s de 1 a\u00f1o de renovaci\u00f3n, le damos la bienvenida en un espacio concebido y dise\u00f1ado para ser el <strong>reflejo del territorio<\/strong> y un<strong> lugar agradable y funcional<\/strong>.<\/p>\n\n\n\n<p>Venga a descubrir esta nueva recepci\u00f3n dise\u00f1ada para hacerle viajar con los sentidos, desde la misma puerta:<\/p>\n\n\n\n<figure class=\"wp-block-embed is-type-video is-provider-youtube wp-block-embed-youtube wp-embed-aspect-16-9 wp-has-aspect-ratio\"><div class=\"wp-block-embed__wrapper\">\n<iframe loading=\"lazy\" title=\"Descubra el fresco XKUZ en los nuevos locales de la oficina de turismo de Creil Sud Oise\" width=\"500\" height=\"281\" data-src=\"https:\/\/www.youtube.com\/embed\/JU3AEXzfUnk?feature=oembed\" frameborder=\"0\" allow=\"accelerometer; autoplay; clipboard-write; encrypted-media; gyroscope; picture-in-picture\" allowfullscreen><\/iframe>\n<\/div><\/figure>\n\n\n\n<p>Gracias a un <strong>graffiti realizado por <a href=\"http:\/\/xkuz.net\/\" target=\"_blank\" rel=\"noreferrer noopener\">XKUZ<\/a><\/strong> y presentando las riquezas de Creil Sud Oise, ver\u00e1 la vida en <strong>azul <\/strong>y tu mente vagar\u00e1 a nuestro <strong>r\u00edos<\/strong>ver\u00e1s la vida en <strong>verde <\/strong>y tu mente vagar\u00e1 por nuestra hermosa <strong>bosques<\/strong>.<\/p>\n\n\n\n<p>Gracias a la <strong>mapa tur\u00edstico magn\u00e9tico de pared<\/strong> de casi 2 m, especialmente dise\u00f1ado para estar siempre al d\u00eda mediante imanes que se pueden reposicionar a voluntad, \u00a1no conocer\u00e1 nuestro territorio!<\/p>\n\n\n\n<p>Gracias a la<strong> muro de piedra educativo<\/strong>producido por el<strong>'<\/strong><a href=\"https:\/\/hautsdefrance.apprentis-auteuil.org\/editorial\/nos-formations\/atelier-pierre-dangle\/\" target=\"_blank\" rel=\"noreferrer noopener\"><strong>Taller de la Piedra Angular<\/strong><\/a>A lo largo del a\u00f1o, podr\u00e1 aprender lo siguiente <strong>la piedra Saint-Maximin, el verdadero ADN de Creil Sud Oise <\/strong>y aprender mucho sobre este noble material. Un gran descubrimiento para complementar la <a href=\"http:\/\/maisondelapierre-oise.fr\/\">Casa de piedra <\/a>!<\/p>\n\n\n\n<figure class=\"wp-block-image size-large\"><img decoding=\"async\" loading=\"lazy\" width=\"1200\" height=\"675\" data-src=\"https:\/\/www.creilsudoise-tourisme.fr\/wp-content\/uploads\/2021\/04\/Fre\u0301de\u0301ric-de-l_Atelier-de-la-Pierre-d_Angle-1200x675.jpg\" alt=\"\" class=\"wp-image-33244\" data-srcset=\"https:\/\/www.creilsudoise-tourisme.fr\/wp-content\/uploads\/2021\/04\/Fre\u0301de\u0301ric-de-l_Atelier-de-la-Pierre-d_Angle-1200x675.jpg 1200w, https:\/\/www.creilsudoise-tourisme.fr\/wp-content\/uploads\/2021\/04\/Fre\u0301de\u0301ric-de-l_Atelier-de-la-Pierre-d_Angle-600x338.jpg 600w, https:\/\/www.creilsudoise-tourisme.fr\/wp-content\/uploads\/2021\/04\/Fre\u0301de\u0301ric-de-l_Atelier-de-la-Pierre-d_Angle-900x506.jpg 900w, https:\/\/www.creilsudoise-tourisme.fr\/wp-content\/uploads\/2021\/04\/Fre\u0301de\u0301ric-de-l_Atelier-de-la-Pierre-d_Angle-1536x864.jpg 1536w, https:\/\/www.creilsudoise-tourisme.fr\/wp-content\/uploads\/2021\/04\/Fre\u0301de\u0301ric-de-l_Atelier-de-la-Pierre-d_Angle-200x113.jpg 200w, https:\/\/www.creilsudoise-tourisme.fr\/wp-content\/uploads\/2021\/04\/Fre\u0301de\u0301ric-de-l_Atelier-de-la-Pierre-d_Angle-650x366.jpg 650w, https:\/\/www.creilsudoise-tourisme.fr\/wp-content\/uploads\/2021\/04\/Fre\u0301de\u0301ric-de-l_Atelier-de-la-Pierre-d_Angle-387x218.jpg 387w, https:\/\/www.creilsudoise-tourisme.fr\/wp-content\/uploads\/2021\/04\/Fre\u0301de\u0301ric-de-l_Atelier-de-la-Pierre-d_Angle-275x155.jpg 275w, https:\/\/www.creilsudoise-tourisme.fr\/wp-content\/uploads\/2021\/04\/Fre\u0301de\u0301ric-de-l_Atelier-de-la-Pierre-d_Angle.jpg 1600w\" sizes=\"(max-width: 1200px) 100vw, 1200px\" \/><figcaption class=\"wp-element-caption\">Creil Sud Oise Tourisme<\/figcaption><\/figure>\n\n\n\n<p>Gracias a la <strong>Asientos estilo medall\u00f3n Luis XVI<\/strong>Podr\u00e1 tocar los clavos de la tapicer\u00eda, que recuerdan a la <a href=\"https:\/\/www.creilsudoise-tourisme.fr\/es\/jexplore\/les-incontournables\/clouterie-rivierre\/\" target=\"_blank\" rel=\"noreferrer noopener\">Clouterie Rivierre<\/a>Es el \u00fanico de este tipo en Francia y est\u00e1 situado en Creil.<\/p>\n\n\n\n<p>Gracias a un <strong>Pantalla HDTV y <\/strong><a href=\"https:\/\/www.creilsudoise-tourisme.fr\/es\/jexplore\/videos\/\"><strong>v\u00eddeos<\/strong> <\/a>presentando la riqueza de nuestro territorio, se enterar\u00e1 de las \u00faltimas novedades tur\u00edsticas.<\/p>\n\n\n\n<p>Gracias a la <strong><a href=\"https:\/\/www.creilsudoise-tourisme.fr\/es\/practica\/oficina-de-turismo\/tienda\/\">tienda<\/a><\/strong>Disfrutar\u00e1 de los productos locales<\/p>\n\n\n\n<figure class=\"wp-block-image size-large\"><img decoding=\"async\" loading=\"lazy\" width=\"1200\" height=\"675\" data-src=\"https:\/\/www.creilsudoise-tourisme.fr\/wp-content\/uploads\/2021\/04\/Mur-pierre-de-l_Office-de-Tourisme-Creil-Sud-Oise-1200x675.jpg\" alt=\"\" class=\"wp-image-33247\" data-srcset=\"https:\/\/www.creilsudoise-tourisme.fr\/wp-content\/uploads\/2021\/04\/Mur-pierre-de-l_Office-de-Tourisme-Creil-Sud-Oise-1200x675.jpg 1200w, https:\/\/www.creilsudoise-tourisme.fr\/wp-content\/uploads\/2021\/04\/Mur-pierre-de-l_Office-de-Tourisme-Creil-Sud-Oise-600x338.jpg 600w, https:\/\/www.creilsudoise-tourisme.fr\/wp-content\/uploads\/2021\/04\/Mur-pierre-de-l_Office-de-Tourisme-Creil-Sud-Oise-900x506.jpg 900w, https:\/\/www.creilsudoise-tourisme.fr\/wp-content\/uploads\/2021\/04\/Mur-pierre-de-l_Office-de-Tourisme-Creil-Sud-Oise-1536x864.jpg 1536w, https:\/\/www.creilsudoise-tourisme.fr\/wp-content\/uploads\/2021\/04\/Mur-pierre-de-l_Office-de-Tourisme-Creil-Sud-Oise-200x113.jpg 200w, https:\/\/www.creilsudoise-tourisme.fr\/wp-content\/uploads\/2021\/04\/Mur-pierre-de-l_Office-de-Tourisme-Creil-Sud-Oise-650x366.jpg 650w, https:\/\/www.creilsudoise-tourisme.fr\/wp-content\/uploads\/2021\/04\/Mur-pierre-de-l_Office-de-Tourisme-Creil-Sud-Oise-387x218.jpg 387w, https:\/\/www.creilsudoise-tourisme.fr\/wp-content\/uploads\/2021\/04\/Mur-pierre-de-l_Office-de-Tourisme-Creil-Sud-Oise-275x155.jpg 275w, https:\/\/www.creilsudoise-tourisme.fr\/wp-content\/uploads\/2021\/04\/Mur-pierre-de-l_Office-de-Tourisme-Creil-Sud-Oise.jpg 1600w\" sizes=\"(max-width: 1200px) 100vw, 1200px\" \/><figcaption class=\"wp-element-caption\">Creil Sud Oise Tourisme<\/figcaption><\/figure>\n\n\n\n<p class=\"has-text-align-center is-style-blockquote\"><strong>La Oficina de Turismo le invita a descubrir el destino Creil Sud Oise.<\/strong><\/p>","protected":false},"excerpt":{"rendered":"<p>La Oficina de Turismo de Creil Sud Oise le da la bienvenida a Creil, en el n\u00famero 6 de la avenida Jules Uhry, en la calle comercial situada frente a la estaci\u00f3n SNCF y cerca de la plaza Carnot, donde podr\u00e1 aparcar f\u00e1cilmente (\u00a1no olvide traer su disco de aparcamiento!). Presentaci\u00f3n de la Oficina de Turismo La Oficina de Turismo de Creil Sud Oise es una [...]<\/p>","protected":false},"author":1,"featured_media":33245,"parent":191,"menu_order":4,"comment_status":"closed","ping_status":"closed","template":"","meta":{"_relevanssi_hide_post":"","_relevanssi_hide_content":"","_relevanssi_pin_for_all":"","_relevanssi_pin_keywords":"","_relevanssi_unpin_keywords":"","_relevanssi_related_keywords":"","_relevanssi_related_include_ids":"","_relevanssi_related_exclude_ids":"","_relevanssi_related_no_append":"","_relevanssi_related_not_related":"","_relevanssi_related_posts":"275,273,271,267","_relevanssi_noindex_reason":""},"yoast_head":"<!-- This site is optimized with the Yoast SEO plugin v20.2.1 - https:\/\/yoast.com\/wordpress\/plugins\/seo\/ -->\n<title>D\u00e9couvrez l\u2019Office de Tourisme - Creil Sud Oise<\/title>\n<meta name=\"description\" content=\"L\u2019Office de Tourisme Creil Sud Oise vous accueille dans ses nouveaux locaux situ\u00e9s \u00e0 Creil dans un espace chaleureux et fonctionnel !\" \/>\n<meta name=\"robots\" content=\"index, follow, max-snippet:-1, max-image-preview:large, max-video-preview:-1\" \/>\n<link rel=\"canonical\" href=\"https:\/\/www.creilsudoise-tourisme.fr\/es\/practica\/oficina-de-turismo\/\" \/>\n<meta property=\"og:locale\" content=\"es_ES\" \/>\n<meta property=\"og:type\" content=\"article\" \/>\n<meta property=\"og:title\" content=\"D\u00e9couvrez l\u2019Office de Tourisme - Creil Sud Oise\" \/>\n<meta property=\"og:description\" content=\"L\u2019Office de Tourisme Creil Sud Oise vous accueille dans ses nouveaux locaux situ\u00e9s \u00e0 Creil dans un espace chaleureux et fonctionnel !\" \/>\n<meta property=\"og:url\" content=\"https:\/\/www.creilsudoise-tourisme.fr\/es\/practica\/oficina-de-turismo\/\" \/>\n<meta property=\"og:site_name\" content=\"Office de Tourisme Creil Sud Oise\" \/>\n<meta property=\"article:publisher\" content=\"https:\/\/www.facebook.com\/creilsudoisetourisme\/\" \/>\n<meta property=\"article:modified_time\" content=\"2024-04-19T07:56:59+00:00\" \/>\n<meta property=\"og:image\" content=\"https:\/\/www.creilsudoise-tourisme.fr\/wp-content\/uploads\/2021\/04\/Boutique-et-graff-de-l_Office-de-Tourisme-Creil-Sud-Oise.jpg\" \/>\n\t<meta property=\"og:image:width\" content=\"1600\" \/>\n\t<meta property=\"og:image:height\" content=\"900\" \/>\n\t<meta property=\"og:image:type\" content=\"image\/jpeg\" \/>\n<meta name=\"twitter:card\" content=\"summary_large_image\" \/>\n<meta name=\"twitter:site\" content=\"@CreilSudOiseOT\" \/>\n<meta name=\"twitter:label1\" content=\"Tiempo de lectura\" \/>\n\t<meta name=\"twitter:data1\" content=\"5 minutos\" \/>\n<script type=\"application\/ld+json\" class=\"yoast-schema-graph\">{\"@context\":\"https:\/\/schema.org\",\"@graph\":[{\"@type\":\"WebPage\",\"@id\":\"https:\/\/www.creilsudoise-tourisme.fr\/pratique\/office-de-tourisme\/\",\"url\":\"https:\/\/www.creilsudoise-tourisme.fr\/pratique\/office-de-tourisme\/\",\"name\":\"D\u00e9couvrez l\u2019Office de Tourisme - Creil Sud Oise\",\"isPartOf\":{\"@id\":\"https:\/\/www.creilsudoise-tourisme.fr\/#website\"},\"datePublished\":\"2021-02-17T09:03:33+00:00\",\"dateModified\":\"2024-04-19T07:56:59+00:00\",\"description\":\"L\u2019Office de Tourisme Creil Sud Oise vous accueille dans ses nouveaux locaux situ\u00e9s \u00e0 Creil dans un espace chaleureux et fonctionnel !\",\"breadcrumb\":{\"@id\":\"https:\/\/www.creilsudoise-tourisme.fr\/pratique\/office-de-tourisme\/#breadcrumb\"},\"inLanguage\":\"es\",\"potentialAction\":[{\"@type\":\"ReadAction\",\"target\":[\"https:\/\/www.creilsudoise-tourisme.fr\/pratique\/office-de-tourisme\/\"]}]},{\"@type\":\"BreadcrumbList\",\"@id\":\"https:\/\/www.creilsudoise-tourisme.fr\/pratique\/office-de-tourisme\/#breadcrumb\",\"itemListElement\":[{\"@type\":\"ListItem\",\"position\":1,\"name\":\"Accueil\",\"item\":\"https:\/\/www.creilsudoise-tourisme.fr\/\"},{\"@type\":\"ListItem\",\"position\":2,\"name\":\"Pratique\",\"item\":\"https:\/\/www.creilsudoise-tourisme.fr\/pratique\/\"},{\"@type\":\"ListItem\",\"position\":3,\"name\":\"L&rsquo;Office de Tourisme\"}]},{\"@type\":\"WebSite\",\"@id\":\"https:\/\/www.creilsudoise-tourisme.fr\/#website\",\"url\":\"https:\/\/www.creilsudoise-tourisme.fr\/\",\"name\":\"Office de Tourisme Creil Sud Oise\",\"description\":\"Creil Sud Oise Tourisme, un territoire \u00e0 explorer !\",\"publisher\":{\"@id\":\"https:\/\/www.creilsudoise-tourisme.fr\/#organization\"},\"potentialAction\":[{\"@type\":\"SearchAction\",\"target\":{\"@type\":\"EntryPoint\",\"urlTemplate\":\"https:\/\/www.creilsudoise-tourisme.fr\/?s={search_term_string}\"},\"query-input\":\"required name=search_term_string\"}],\"inLanguage\":\"es\"},{\"@type\":\"Organization\",\"@id\":\"https:\/\/www.creilsudoise-tourisme.fr\/#organization\",\"name\":\"Creil Sud Oise Tourisme\",\"url\":\"https:\/\/www.creilsudoise-tourisme.fr\/\",\"logo\":{\"@type\":\"ImageObject\",\"inLanguage\":\"es\",\"@id\":\"https:\/\/www.creilsudoise-tourisme.fr\/#\/schema\/logo\/image\/\",\"url\":\"https:\/\/www.creilsudoise-tourisme.fr\/wp-content\/uploads\/2021\/05\/logo-svg.png\",\"contentUrl\":\"https:\/\/www.creilsudoise-tourisme.fr\/wp-content\/uploads\/2021\/05\/logo-svg.png\",\"width\":182,\"height\":71,\"caption\":\"Creil Sud Oise Tourisme\"},\"image\":{\"@id\":\"https:\/\/www.creilsudoise-tourisme.fr\/#\/schema\/logo\/image\/\"},\"sameAs\":[\"https:\/\/www.facebook.com\/creilsudoisetourisme\/\",\"https:\/\/twitter.com\/CreilSudOiseOT\",\"https:\/\/www.instagram.com\/creilsudoisetourisme\/\",\"https:\/\/www.youtube.com\/channel\/UC8L_QD2wwyADW14zt9fY8kw\"]}]}<\/script>\n<!-- \/ Yoast SEO plugin. -->","yoast_head_json":{"title":"D\u00e9couvrez l\u2019Office de Tourisme - Creil Sud Oise","description":"L\u2019Office de Tourisme Creil Sud Oise vous accueille dans ses nouveaux locaux situ\u00e9s \u00e0 Creil dans un espace chaleureux et fonctionnel !","robots":{"index":"index","follow":"follow","max-snippet":"max-snippet:-1","max-image-preview":"max-image-preview:large","max-video-preview":"max-video-preview:-1"},"canonical":"https:\/\/www.creilsudoise-tourisme.fr\/es\/practica\/oficina-de-turismo\/","og_locale":"es_ES","og_type":"article","og_title":"D\u00e9couvrez l\u2019Office de Tourisme - Creil Sud Oise","og_description":"L\u2019Office de Tourisme Creil Sud Oise vous accueille dans ses nouveaux locaux situ\u00e9s \u00e0 Creil dans un espace chaleureux et fonctionnel !","og_url":"https:\/\/www.creilsudoise-tourisme.fr\/es\/practica\/oficina-de-turismo\/","og_site_name":"Office de Tourisme Creil Sud Oise","article_publisher":"https:\/\/www.facebook.com\/creilsudoisetourisme\/","article_modified_time":"2024-04-19T07:56:59+00:00","og_image":[{"width":1600,"height":900,"url":"https:\/\/www.creilsudoise-tourisme.fr\/wp-content\/uploads\/2021\/04\/Boutique-et-graff-de-l_Office-de-Tourisme-Creil-Sud-Oise.jpg","type":"image\/jpeg"}],"twitter_card":"summary_large_image","twitter_site":"@CreilSudOiseOT","twitter_misc":{"Tiempo de lectura":"5 minutos"},"schema":{"@context":"https:\/\/schema.org","@graph":[{"@type":"WebPage","@id":"https:\/\/www.creilsudoise-tourisme.fr\/pratique\/office-de-tourisme\/","url":"https:\/\/www.creilsudoise-tourisme.fr\/pratique\/office-de-tourisme\/","name":"D\u00e9couvrez l\u2019Office de Tourisme - Creil Sud Oise","isPartOf":{"@id":"https:\/\/www.creilsudoise-tourisme.fr\/#website"},"datePublished":"2021-02-17T09:03:33+00:00","dateModified":"2024-04-19T07:56:59+00:00","description":"L\u2019Office de Tourisme Creil Sud Oise vous accueille dans ses nouveaux locaux situ\u00e9s \u00e0 Creil dans un espace chaleureux et fonctionnel !","breadcrumb":{"@id":"https:\/\/www.creilsudoise-tourisme.fr\/pratique\/office-de-tourisme\/#breadcrumb"},"inLanguage":"es","potentialAction":[{"@type":"ReadAction","target":["https:\/\/www.creilsudoise-tourisme.fr\/pratique\/office-de-tourisme\/"]}]},{"@type":"BreadcrumbList","@id":"https:\/\/www.creilsudoise-tourisme.fr\/pratique\/office-de-tourisme\/#breadcrumb","itemListElement":[{"@type":"ListItem","position":1,"name":"Accueil","item":"https:\/\/www.creilsudoise-tourisme.fr\/"},{"@type":"ListItem","position":2,"name":"Pratique","item":"https:\/\/www.creilsudoise-tourisme.fr\/pratique\/"},{"@type":"ListItem","position":3,"name":"L&rsquo;Office de Tourisme"}]},{"@type":"WebSite","@id":"https:\/\/www.creilsudoise-tourisme.fr\/#website","url":"https:\/\/www.creilsudoise-tourisme.fr\/","name":"Office de Tourisme Creil Sud Oise","description":"Creil Sud Oise Tourisme, un territoire \u00e0 explorer !","publisher":{"@id":"https:\/\/www.creilsudoise-tourisme.fr\/#organization"},"potentialAction":[{"@type":"SearchAction","target":{"@type":"EntryPoint","urlTemplate":"https:\/\/www.creilsudoise-tourisme.fr\/?s={search_term_string}"},"query-input":"required name=search_term_string"}],"inLanguage":"es"},{"@type":"Organization","@id":"https:\/\/www.creilsudoise-tourisme.fr\/#organization","name":"Creil Sud Oise Tourisme","url":"https:\/\/www.creilsudoise-tourisme.fr\/","logo":{"@type":"ImageObject","inLanguage":"es","@id":"https:\/\/www.creilsudoise-tourisme.fr\/#\/schema\/logo\/image\/","url":"https:\/\/www.creilsudoise-tourisme.fr\/wp-content\/uploads\/2021\/05\/logo-svg.png","contentUrl":"https:\/\/www.creilsudoise-tourisme.fr\/wp-content\/uploads\/2021\/05\/logo-svg.png","width":182,"height":71,"caption":"Creil Sud Oise Tourisme"},"image":{"@id":"https:\/\/www.creilsudoise-tourisme.fr\/#\/schema\/logo\/image\/"},"sameAs":["https:\/\/www.facebook.com\/creilsudoisetourisme\/","https:\/\/twitter.com\/CreilSudOiseOT","https:\/\/www.instagram.com\/creilsudoisetourisme\/","https:\/\/www.youtube.com\/channel\/UC8L_QD2wwyADW14zt9fY8kw"]}]}},"_links":{"self":[{"href":"https:\/\/www.creilsudoise-tourisme.fr\/es\/wp-json\/wp\/v2\/pages\/203"}],"collection":[{"href":"https:\/\/www.creilsudoise-tourisme.fr\/es\/wp-json\/wp\/v2\/pages"}],"about":[{"href":"https:\/\/www.creilsudoise-tourisme.fr\/es\/wp-json\/wp\/v2\/types\/page"}],"author":[{"embeddable":true,"href":"https:\/\/www.creilsudoise-tourisme.fr\/es\/wp-json\/wp\/v2\/users\/1"}],"replies":[{"embeddable":true,"href":"https:\/\/www.creilsudoise-tourisme.fr\/es\/wp-json\/wp\/v2\/comments?post=203"}],"version-history":[{"count":16,"href":"https:\/\/www.creilsudoise-tourisme.fr\/es\/wp-json\/wp\/v2\/pages\/203\/revisions"}],"predecessor-version":[{"id":53446,"href":"https:\/\/www.creilsudoise-tourisme.fr\/es\/wp-json\/wp\/v2\/pages\/203\/revisions\/53446"}],"up":[{"embeddable":true,"href":"https:\/\/www.creilsudoise-tourisme.fr\/es\/wp-json\/wp\/v2\/pages\/191"}],"wp:featuredmedia":[{"embeddable":true,"href":"https:\/\/www.creilsudoise-tourisme.fr\/es\/wp-json\/wp\/v2\/media\/33245"}],"wp:attachment":[{"href":"https:\/\/www.creilsudoise-tourisme.fr\/es\/wp-json\/wp\/v2\/media?parent=203"}],"curies":[{"name":"wp","href":"https:\/\/api.w.org\/{rel}","templated":true}]}}