{"id":195,"date":"2021-02-17T10:03:25","date_gmt":"2021-02-17T09:03:25","guid":{"rendered":"https:\/\/www.creilsudoise-tourisme.fr\/accessibilite\/"},"modified":"2025-09-29T10:14:51","modified_gmt":"2025-09-29T08:14:51","slug":"accessibilite","status":"publish","type":"page","link":"https:\/\/www.creilsudoise-tourisme.fr\/es\/practica\/accesibilidad\/","title":{"rendered":"Accesibilidad"},"content":{"rendered":"<h2>Declaraci\u00f3n de accesibilidad<\/h2>\n\n\n\n<p>Creado el 29 de septiembre de 2025.<\/p>\n\n\n\n<p>Nuestra organizaci\u00f3n se compromete a hacer accesible su servicio, de conformidad con el art\u00edculo 47 de la ley n\u00ba 2005-102 de 11 de febrero de 2005.<\/p>\n\n\n\n<p>Esta declaraci\u00f3n de accesibilidad se aplica a&nbsp;<strong>Creil Sud Oise Turismo<\/strong>&nbsp;(https:\/\/www.creilsudoise-tourisme.fr\/).<\/p>\n\n\n\n<h3>Estado de cumplimiento<\/h3>\n\n\n\n<p><strong>Creil Sud Oise Turismo<\/strong>&nbsp;es&nbsp;<strong>cumple parcialmente<\/strong>&nbsp;con la RGAA.<\/p>\n\n\n\n<h3>Contenido no accesible<\/h3>\n\n\n\n<p>Los contenidos enumerados a continuaci\u00f3n no son accesibles por las siguientes razones.<\/p>\n\n\n\n<h4>Incumplimiento<\/h4>\n\n\n\n<p>A pesar de nuestros esfuerzos, algunos contenidos son inaccesibles. A continuaci\u00f3n encontrar\u00e1 una lista de limitaciones conocidas y posibles soluciones:<\/p>\n\n\n\n<ol id=\"statement-limitations\">\n<li><strong>Estructura \/ marcado sem\u00e1ntico<\/strong> Limitaci\u00f3n: Algunos elementos de navegaci\u00f3n o men\u00fas \"Ver m\u00e1s\" no est\u00e1n claramente marcados. Es posible que el lector de pantalla no anuncie correctamente los men\u00fas desplegables o los submen\u00fas, haciendo que la navegaci\u00f3n resulte confusa para un usuario ciego. Qu\u00e9 est\u00e1 haciendo el equipo para remediarlo: A\u00f1adir funciones para los men\u00fas desplegables; asegurarse de que los elementos tienen etiquetas HTML correctas. Utilice la funci\u00f3n <a href=\"https:\/\/www.creilsudoise-tourisme.fr\/es\/practica\/pongase-en-contacto-con\/\" target=\"_blank\" rel=\"noreferrer noopener\">formulario de contacto<\/a> si tiene alg\u00fan problema.<\/li>\n\n\n\n<li><strong>Estructura \/ marcado sem\u00e1ntico<\/strong> Limitaci\u00f3n: El \"Men\u00fa\" de la parte superior a\u00fan no muestra etiquetas expl\u00edcitas en cada enlace. Las personas que utilizan un lector de pantalla pueden o\u00edr \"Ver m\u00e1s\" sin saber de qu\u00e9 se trata, lo que degrada la experiencia. Qu\u00e9 est\u00e1 haciendo el equipo al respecto: Sustituir el gen\u00e9rico \"Ver m\u00e1s\" por \"Ver m\u00e1s - actividad \/ secci\u00f3n X\" (texto m\u00e1s descriptivo). Utilice el <a href=\"https:\/\/www.creilsudoise-tourisme.fr\/es\/practica\/pongase-en-contacto-con\/\" target=\"_blank\" rel=\"noreferrer noopener\">formulario de contacto<\/a> si tiene alg\u00fan problema.<\/li>\n\n\n\n<li><strong>Im\u00e1genes y soportes<\/strong> Limitaci\u00f3n: im\u00e1genes decorativas o ilustrativas sin atributo alt o con un atributo vac\u00edo, cuando la imagen no tiene informaci\u00f3n \u00fatil que transmitir. Los lectores de pantalla pueden leer \"im\u00e1genes\" sin contexto u omitir im\u00e1genes \u00fatiles. Esto degrada la comprensi\u00f3n visual. Qu\u00e9 hace el equipo para solucionarlo: defina para cada imagen un atributo alt (texto alternativo) adecuado: si la imagen es informativa, d\u00e9le una descripci\u00f3n; si es puramente decorativa, ponga alt= \" \" para que el lector la ignore. Utilice el atributo <a href=\"https:\/\/www.creilsudoise-tourisme.fr\/es\/practica\/pongase-en-contacto-con\/\" target=\"_blank\" rel=\"noreferrer noopener\">formulario de contacto<\/a> si tiene alg\u00fan problema.<\/li>\n\n\n\n<li><strong>Im\u00e1genes y soportes<\/strong> Limitaciones: V\u00eddeo\/media (\"El destino en v\u00eddeo\"): no hay un comando claro de subtitulaci\u00f3n, transcripci\u00f3n o control (pausa, stop). Una persona con discapacidad auditiva no puede acceder al contenido de audio\/v\u00eddeo sin subt\u00edtulos o transcripci\u00f3n. Qu\u00e9 hace el equipo para remediarlo: Proporcionar una transcripci\u00f3n o subt\u00edtulos sincronizados. A\u00f1adir controles accesibles (reproducir\/pausar, parar) e indicar en el HTML que el medio est\u00e1 subtitulado. Utilice el <a href=\"https:\/\/www.creilsudoise-tourisme.fr\/es\/practica\/pongase-en-contacto-con\/\" target=\"_blank\" rel=\"noreferrer noopener\">formulario de contacto<\/a> si tiene alg\u00fan problema.<\/li>\n\n\n\n<li><strong>Contraste de colores \/ legibilidad<\/strong> Limitaciones: algunos textos, sobre todo en los men\u00fas o en las im\u00e1genes de fondo, pueden tener un contraste insuficiente con su fondo (blanco sobre imagen, texto claro sobre fondo claro). Para las personas con deficiencias visuales, sobre todo las que tienen problemas de contraste, esto hace que algunos textos sean dif\u00edciles de leer o indescifrables. Qu\u00e9 hace el equipo para remediarlo: aplicar fondos unificados o superposiciones para garantizar el contraste. Utilice el <a href=\"https:\/\/www.creilsudoise-tourisme.fr\/es\/practica\/pongase-en-contacto-con\/\" target=\"_blank\" rel=\"noreferrer noopener\">formulario de contacto<\/a> si tiene alg\u00fan problema.<\/li>\n\n\n\n<li><strong>Contraste de colores \/ legibilidad<\/strong> Limitaci\u00f3n: texto integrado en im\u00e1genes (banners, t\u00edtulos en im\u00e1genes) sin alternativa textual. Los lectores de pantalla no pueden leer el texto \"integrado gr\u00e1ficamente\": la informaci\u00f3n se pierde para los discapacitados visuales. Qu\u00e9 hace el equipo para evitarlo: Evitar insertar texto importante en las im\u00e1genes. Si es necesario, repita el texto en el HTML de la imagen, o en un elemento espec\u00edfico. Utilice el <a href=\"https:\/\/www.creilsudoise-tourisme.fr\/es\/practica\/pongase-en-contacto-con\/\" target=\"_blank\" rel=\"noreferrer noopener\">formulario de contacto<\/a> si tiene alg\u00fan problema.<\/li>\n\n\n\n<li><strong>Navegaci\u00f3n \/ teclado \/ foco<\/strong> Limitaci\u00f3n: No hay \"saltar al contenido\" (enlace que permite a los usuarios saltar directamente del men\u00fa al contenido principal). Esto hace que la navegaci\u00f3n sea m\u00e1s larga para los usuarios con teclados o lectores de pantalla, ya que tienen que pasar por todos los enlaces de navegaci\u00f3n antes de llegar al contenido. Qu\u00e9 est\u00e1 haciendo el equipo al respecto: A\u00f1adir un enlace \"Ir al contenido\" visible en el foco... Utiliza el <a href=\"https:\/\/www.creilsudoise-tourisme.fr\/es\/practica\/pongase-en-contacto-con\/\" target=\"_blank\" rel=\"noreferrer noopener\">formulario de contacto<\/a> si tiene alg\u00fan problema.<\/li>\n\n\n\n<li><strong>Formularios \/ b\u00fasqueda \/ campos<\/strong> Limitaci\u00f3n: no hay (o hay pocos) mensajes de error o ayuda accesible (por ejemplo, para formularios de contacto). En caso de error de entrada, una persona con discapacidad visual o cognitiva puede no entender qu\u00e9 ha hecho mal o c\u00f3mo corregirlo. Qu\u00e9 est\u00e1 haciendo el equipo para solucionarlo: A\u00f1adir mensajes de error claros asociados a los campos. Aseg\u00farate de que sean anunciados por los lectores de pantalla. Utilice el <a href=\"https:\/\/www.creilsudoise-tourisme.fr\/es\/practica\/pongase-en-contacto-con\/\" target=\"_blank\" rel=\"noreferrer noopener\">formulario de contacto<\/a> si tiene alg\u00fan problema.<\/li>\n\n\n\n<li><strong>Contenido \/ claridad \/ sobrecarga cognitiva<\/strong> Limitaci\u00f3n: No hay opci\u00f3n de tama\u00f1o de letra ajustable ni \"modo de alto contraste\". Si la web no permite al usuario ajustar el tama\u00f1o del texto o activar un modo de alto contraste, las personas con problemas de visi\u00f3n se ven limitadas. Qu\u00e9 est\u00e1 haciendo el equipo para remediarlo: Ofrecer control al usuario (botones \"+ \/ -\" para el tama\u00f1o, modo de alto contraste), o garantizar que el zoom del navegador (hasta 200 %) no altere la maquetaci\u00f3n (responsive). Por favor, utilice el <a href=\"https:\/\/www.creilsudoise-tourisme.fr\/es\/practica\/pongase-en-contacto-con\/\" target=\"_blank\" rel=\"noreferrer noopener\">formulario de contacto<\/a> si tiene alg\u00fan problema.<\/li>\n<\/ol>\n\n\n\n<h3>Mejora y contacto<\/h3>\n\n\n\n<p>Si no puede acceder a alg\u00fan contenido o servicio, puede ponerse en contacto con el responsable de Creil Sud Oise Tourisme para que le indique una alternativa accesible o para obtener el contenido de otra forma.<\/p>\n\n\n\n<ul>\n<li>Tel\u00e9fono: 03 75 19 01 70<\/li>\n\n\n\n<li>Correo electr\u00f3nico :&nbsp;<a href=\"mailto:bi&#101;&#110;&#118;e&#110;ue&#64;c&#114;ei&#108;&#115;&#117;&#100;&#111;ise-&#116;ou&#114;i&#115;&#109;e&#46;&#102;r\">&#98;&#105;&#101;nv&#101;n&#117;&#101;&#64;&#99;&#114;ei&#108;s&#117;doi&#115;&#101;-&#116;&#111;u&#114;isme.f&#114;<\/a><\/li>\n\n\n\n<li>Formulario de contacto :&nbsp;<a href=\"https:\/\/www.creilsudoise-tourisme.fr\/es\/practica\/pongase-en-contacto-con\/\">P\u00f3ngase en contacto con nosotros<\/a><\/li>\n\n\n\n<li>Direcci\u00f3n: 6 avenue Jules Urhy 60100 Creil<\/li>\n<\/ul>\n\n\n\n<p>Intentamos responder en un plazo de 2 d\u00edas laborables.<\/p>\n\n\n\n<h3>Derecho de recurso<\/h3>\n\n\n\n<p>Este procedimiento debe utilizarse en el siguiente caso: usted ha notificado al gestor del sitio web una falta de accesibilidad que le impide acceder a un contenido o a uno de los servicios del portal y no ha recibido una respuesta satisfactoria.<\/p>\n\n\n\n<p>Puede :<\/p>\n\n\n\n<ul>\n<li>Escriba un mensaje a&nbsp;<a href=\"https:\/\/formulaire.defenseurdesdroits.fr\/\">Defensor del Pueblo<\/a><\/li>\n\n\n\n<li>P\u00f3ngase en contacto con&nbsp;<a href=\"https:\/\/www.defenseurdesdroits.fr\/saisir\/delegues\">el delegado del D\u00e9fenseur des droits en su regi\u00f3n<\/a><\/li>\n\n\n\n<li>Env\u00ede una carta por correo (gratuita, no utilice sellos):<br>Defensor del Pueblo<br>Respuesta libre 71120 75342 Par\u00eds CEDEX 07<\/li>\n<\/ul>\n\n\n\n<hr class=\"wp-block-separator has-alpha-channel-opacity\"\/>\n\n\n\n<p>Esta declaraci\u00f3n de accesibilidad se cre\u00f3 el 29 de septiembre de 2025 gracias a la&nbsp;<a href=\"https:\/\/betagouv.github.io\/a11y-generateur-declaration\/#create\">Generador de declaraciones de accesibilidad<\/a>.<\/p>\n\n\n\n<hr class=\"wp-block-separator has-css-opacity\"\/>\n\n\n\n<h2>Turismo para todos<\/h2>\n\n\n\n<h3>Turismo y etiqueta Handicap<\/h3>\n\n\n\n<p><strong>La Oficina de Turismo de Creil Sud Oise recibe la etiqueta Turismo y Handicap<\/strong>. <\/p>\n\n\n\n<p>La zona de recepci\u00f3n se ha dise\u00f1ado para acoger a todos los visitantes, en funci\u00f3n de sus necesidades. As\u00ed, la distribuci\u00f3n del espacio se ha <strong>dise\u00f1ados y adaptados para personas con movilidad reducida<\/strong> Rampa port\u00e1til para exteriores, <strong>mostrador de recepci\u00f3n dise\u00f1ado para acomodar una silla de ruedas<\/strong>espacio suficiente para la circulaci\u00f3n, <strong>documentaci\u00f3n y tienda accesibles<\/strong>.<strong> La se\u00f1alizaci\u00f3n y los precios de la tienda est\u00e1n impresos en caracteres de contraste<\/strong> y un folleto de bienvenida (v\u00e9ase m\u00e1s abajo) es <strong>disponible en braille<\/strong>. A <strong>bucle magn\u00e9tico<\/strong> est\u00e1 a su disposici\u00f3n. Y por \u00faltimo, <strong>El equipo de la Oficina de Turismo ha sido sensibilizado y formado sobre las necesidades de las distintas discapacidades.<\/strong><\/p>\n\n\n\n<figure class=\"wp-block-image size-large\"><img decoding=\"async\" loading=\"lazy\" width=\"1179\" height=\"830\" data-src=\"https:\/\/www.creilsudoise-tourisme.fr\/wp-content\/uploads\/2022\/11\/Label_Tourisme-handicap.jpg\" alt=\"Etiqueta Turismo y discapacidad\" class=\"wp-image-43599\" data-srcset=\"https:\/\/www.creilsudoise-tourisme.fr\/wp-content\/uploads\/2022\/11\/Label_Tourisme-handicap.jpg 1179w, https:\/\/www.creilsudoise-tourisme.fr\/wp-content\/uploads\/2022\/11\/Label_Tourisme-handicap-600x422.jpg 600w, https:\/\/www.creilsudoise-tourisme.fr\/wp-content\/uploads\/2022\/11\/Label_Tourisme-handicap-900x634.jpg 900w, https:\/\/www.creilsudoise-tourisme.fr\/wp-content\/uploads\/2022\/11\/Label_Tourisme-handicap-200x141.jpg 200w, https:\/\/www.creilsudoise-tourisme.fr\/wp-content\/uploads\/2022\/11\/Label_Tourisme-handicap-650x458.jpg 650w, https:\/\/www.creilsudoise-tourisme.fr\/wp-content\/uploads\/2022\/11\/Label_Tourisme-handicap-387x272.jpg 387w\" sizes=\"(max-width: 1179px) 100vw, 1179px\" \/><\/figure>\n\n\n\n<p>Para m\u00e1s informaci\u00f3n sobre el sello y la Association Tourisme &amp; Handicaps, visite la siguiente direcci\u00f3n <a href=\"https:\/\/tourisme-handicaps.org\/\" target=\"_blank\" rel=\"noreferrer noopener\">sitio web <\/a>!<\/p>\n\n\n\n<h3>Entretenimiento, alojamiento y comida<\/h3>\n\n\n\n<p>Encuentre todos los<strong> actividades accesibles, lugares para visitar, restaurantes y alojamiento <\/strong>en el Destino Creil Sud Oise en nuestra<strong> folleto de bienvenida <\/strong>(tambi\u00e9n disponible en la recepci\u00f3n de la Oficina de Turismo de Creil Sud Oise)<\/p>\n\n\n\n<p>Tambi\u00e9n encontrar\u00e1 el <strong>n\u00fameros de emergencia<\/strong>Los servicios disponibles cerca de la Oficina de Turismo y la <strong>informaci\u00f3n relacionada con la asistencia<\/strong>. <\/p>\n\n\n\n<div class=\"is-horizontal is-content-justification-center is-layout-flex wp-container-1 wp-block-buttons\">\n<div class=\"wp-block-button\"><a class=\"wp-block-button__link wp-element-button\" href=\"https:\/\/www.creilsudoise-tourisme.fr\/wp-content\/uploads\/2025\/06\/Livret-daccueil-2025.pdf\" target=\"_blank\" rel=\"noreferrer noopener\">folleto de bienvenida<\/a><\/div>\n<\/div>\n\n\n\n<p><strong>Este folleto est\u00e1 disponible en braille <\/strong>en la recepci\u00f3n de la Oficina de Turismo de Creil Sud Oise.<\/p>\n\n\n\n<h3>C\u00f3mo desplazarse<\/h3>\n\n\n\n<h4><strong>En tren<\/strong><\/h4>\n\n\n\n<p>Varias estaciones ofrecen servicios de asistencia gratuitos, previa reserva.<\/p>\n\n\n\n<p>La estaci\u00f3n SNCF de Creil ofrece los servicios \"ACCES TER\" y \"Acc\u00e8s Plus&nbsp;<\/p>\n\n\n\n<p>La estaci\u00f3n de Montataire, en el trayecto Beauvais-Creil, ofrece el servicio \"ACCES TER&nbsp;<\/p>\n\n\n\n<p>La estaci\u00f3n de Saint-Leu d'Esserent de la l\u00ednea Transilien H Pontoise-Creil ofrece el servicio \"Acc\u00e8s Plus\".<\/p>\n\n\n\n<p>Encontrar\u00e1 m\u00e1s informaci\u00f3n y enlaces de reserva en <a href=\"https:\/\/www.accessibilite.sncf.com\/services-aux-voyageurs\/services-adaptes\/nos-services-d-assistance\/acces-plus\" target=\"_blank\" rel=\"noreferrer noopener\">sitio web<\/a>.<\/p>\n\n\n\n<h4>En autob\u00fas<\/h4>\n\n\n\n<p><strong>Autob\u00fas regional :<\/strong> la l\u00ednea Picardie-Roissy, gestionada por la SNCF, enlaza el aeropuerto de Roissy-Charles de Gaulle con Creil.<\/p>\n\n\n\n<p>B<strong>departamento de ee.uu.<\/strong>&nbsp;El Conseil G\u00e9n\u00e9ral pone a disposici\u00f3n autobuses entre Creil y varias ciudades del departamento. Para obtener informaci\u00f3n sobre la l\u00ednea o los horarios de los autobuses, consulte el <a href=\"http:\/\/www.oise-mobilite.fr\" target=\"_blank\" rel=\"noreferrer noopener\">sitio web<\/a>.<\/p>\n\n\n\n<p><strong>Para desplazarse por la aglomeraci\u00f3n de Creil Sud Oise<\/strong>Adem\u00e1s, los autobuses y m\u00e1s de un centenar de paradas son accesibles para personas con movilidad reducida y <strong>est\u00e1n equipados con dispositivos ac\u00fasticos y peatonales para invidentes<\/strong>. La lista de paradas accesibles est\u00e1 disponible en <a href=\"https:\/\/www.creilsudoise.fr\/mon-quotidien\/deplacements\/transports-urbains-axo\/accessibilite\/\" target=\"_blank\" rel=\"noreferrer noopener\">sede de la Agglom\u00e9ration Creil Sud Oise<\/a>.<\/p>\n\n\n\n<hr class=\"wp-block-separator has-css-opacity\"\/>","protected":false},"excerpt":{"rendered":"<p>D\u00e9claration d\u2019accessibilit\u00e9 \u00c9tablie le&nbsp;29 septembre 2025. Notre organisation&nbsp;s\u2019engage \u00e0 rendre son service accessible, conform\u00e9ment \u00e0 l\u2019article 47 de la loi n\u00b0 2005-102 du 11 f\u00e9vrier 2005. Cette d\u00e9claration d\u2019accessibilit\u00e9 s\u2019applique \u00e0&nbsp;Creil Sud Oise Tourisme&nbsp;(https:\/\/www.creilsudoise-tourisme.fr\/). \u00c9tat de conformit\u00e9 Creil Sud Oise Tourisme&nbsp;est&nbsp;partiellement conforme&nbsp;avec le&nbsp;RGAA. Contenus non accessibles Les contenus list\u00e9s ci-dessous ne sont pas accessibles pour [&hellip;]<\/p>","protected":false},"author":1,"featured_media":35253,"parent":191,"menu_order":3,"comment_status":"closed","ping_status":"closed","template":"","meta":{"_relevanssi_hide_post":"","_relevanssi_hide_content":"","_relevanssi_pin_for_all":"","_relevanssi_pin_keywords":"","_relevanssi_unpin_keywords":"","_relevanssi_related_keywords":"","_relevanssi_related_include_ids":"","_relevanssi_related_exclude_ids":"","_relevanssi_related_no_append":"","_relevanssi_related_not_related":"","_relevanssi_related_posts":"271,275,267,273,32820","_relevanssi_noindex_reason":""},"yoast_head":"<!-- This site is optimized with the Yoast SEO plugin v20.2.1 - https:\/\/yoast.com\/wordpress\/plugins\/seo\/ -->\n<title>Accessibilit\u00e9 - Office de Tourisme Creil Sud Oise<\/title>\n<meta name=\"description\" content=\"D\u00e9claration d\u2019accessibilit\u00e9 \u00c9tablie le&nbsp;29 septembre 2025. Notre organisation&nbsp;s\u2019engage \u00e0 rendre son service accessible, conform\u00e9ment \u00e0 l\u2019article\" \/>\n<meta name=\"robots\" content=\"index, follow, max-snippet:-1, max-image-preview:large, max-video-preview:-1\" \/>\n<link rel=\"canonical\" href=\"https:\/\/www.creilsudoise-tourisme.fr\/es\/practica\/accesibilidad\/\" \/>\n<meta property=\"og:locale\" content=\"es_ES\" \/>\n<meta property=\"og:type\" content=\"article\" \/>\n<meta property=\"og:title\" content=\"Accessibilit\u00e9 - Office de Tourisme Creil Sud Oise\" \/>\n<meta property=\"og:description\" content=\"D\u00e9claration d\u2019accessibilit\u00e9 \u00c9tablie le&nbsp;29 septembre 2025. Notre organisation&nbsp;s\u2019engage \u00e0 rendre son service accessible, conform\u00e9ment \u00e0 l\u2019article\" \/>\n<meta property=\"og:url\" content=\"https:\/\/www.creilsudoise-tourisme.fr\/es\/practica\/accesibilidad\/\" \/>\n<meta property=\"og:site_name\" content=\"Office de Tourisme Creil Sud Oise\" \/>\n<meta property=\"article:publisher\" content=\"https:\/\/www.facebook.com\/creilsudoisetourisme\/\" \/>\n<meta property=\"article:modified_time\" content=\"2025-09-29T08:14:51+00:00\" \/>\n<meta property=\"og:image\" content=\"https:\/\/www.creilsudoise-tourisme.fr\/wp-content\/uploads\/2021\/05\/Logo_TourismeHandicap.jpg\" \/>\n\t<meta property=\"og:image:width\" content=\"512\" \/>\n\t<meta property=\"og:image:height\" content=\"293\" \/>\n\t<meta property=\"og:image:type\" content=\"image\/jpeg\" \/>\n<meta name=\"twitter:card\" content=\"summary_large_image\" \/>\n<meta name=\"twitter:site\" content=\"@CreilSudOiseOT\" \/>\n<meta name=\"twitter:label1\" content=\"Tiempo de lectura\" \/>\n\t<meta name=\"twitter:data1\" content=\"3 minutos\" \/>\n<script type=\"application\/ld+json\" class=\"yoast-schema-graph\">{\"@context\":\"https:\/\/schema.org\",\"@graph\":[{\"@type\":\"WebPage\",\"@id\":\"https:\/\/www.creilsudoise-tourisme.fr\/pratique\/accessibilite\/\",\"url\":\"https:\/\/www.creilsudoise-tourisme.fr\/pratique\/accessibilite\/\",\"name\":\"Accessibilit\u00e9 - Office de Tourisme Creil Sud Oise\",\"isPartOf\":{\"@id\":\"https:\/\/www.creilsudoise-tourisme.fr\/#website\"},\"datePublished\":\"2021-02-17T09:03:25+00:00\",\"dateModified\":\"2025-09-29T08:14:51+00:00\",\"description\":\"D\u00e9claration d\u2019accessibilit\u00e9 \u00c9tablie le&nbsp;29 septembre 2025. Notre organisation&nbsp;s\u2019engage \u00e0 rendre son service accessible, conform\u00e9ment \u00e0 l\u2019article\",\"breadcrumb\":{\"@id\":\"https:\/\/www.creilsudoise-tourisme.fr\/pratique\/accessibilite\/#breadcrumb\"},\"inLanguage\":\"es\",\"potentialAction\":[{\"@type\":\"ReadAction\",\"target\":[\"https:\/\/www.creilsudoise-tourisme.fr\/pratique\/accessibilite\/\"]}]},{\"@type\":\"BreadcrumbList\",\"@id\":\"https:\/\/www.creilsudoise-tourisme.fr\/pratique\/accessibilite\/#breadcrumb\",\"itemListElement\":[{\"@type\":\"ListItem\",\"position\":1,\"name\":\"Accueil\",\"item\":\"https:\/\/www.creilsudoise-tourisme.fr\/\"},{\"@type\":\"ListItem\",\"position\":2,\"name\":\"Pratique\",\"item\":\"https:\/\/www.creilsudoise-tourisme.fr\/pratique\/\"},{\"@type\":\"ListItem\",\"position\":3,\"name\":\"Accessibilit\u00e9\"}]},{\"@type\":\"WebSite\",\"@id\":\"https:\/\/www.creilsudoise-tourisme.fr\/#website\",\"url\":\"https:\/\/www.creilsudoise-tourisme.fr\/\",\"name\":\"Office de Tourisme Creil Sud Oise\",\"description\":\"Creil Sud Oise Tourisme, un territoire \u00e0 explorer !\",\"publisher\":{\"@id\":\"https:\/\/www.creilsudoise-tourisme.fr\/#organization\"},\"potentialAction\":[{\"@type\":\"SearchAction\",\"target\":{\"@type\":\"EntryPoint\",\"urlTemplate\":\"https:\/\/www.creilsudoise-tourisme.fr\/?s={search_term_string}\"},\"query-input\":\"required name=search_term_string\"}],\"inLanguage\":\"es\"},{\"@type\":\"Organization\",\"@id\":\"https:\/\/www.creilsudoise-tourisme.fr\/#organization\",\"name\":\"Creil Sud Oise Tourisme\",\"url\":\"https:\/\/www.creilsudoise-tourisme.fr\/\",\"logo\":{\"@type\":\"ImageObject\",\"inLanguage\":\"es\",\"@id\":\"https:\/\/www.creilsudoise-tourisme.fr\/#\/schema\/logo\/image\/\",\"url\":\"https:\/\/www.creilsudoise-tourisme.fr\/wp-content\/uploads\/2021\/05\/logo-svg.png\",\"contentUrl\":\"https:\/\/www.creilsudoise-tourisme.fr\/wp-content\/uploads\/2021\/05\/logo-svg.png\",\"width\":182,\"height\":71,\"caption\":\"Creil Sud Oise Tourisme\"},\"image\":{\"@id\":\"https:\/\/www.creilsudoise-tourisme.fr\/#\/schema\/logo\/image\/\"},\"sameAs\":[\"https:\/\/www.facebook.com\/creilsudoisetourisme\/\",\"https:\/\/twitter.com\/CreilSudOiseOT\",\"https:\/\/www.instagram.com\/creilsudoisetourisme\/\",\"https:\/\/www.youtube.com\/channel\/UC8L_QD2wwyADW14zt9fY8kw\"]}]}<\/script>\n<!-- \/ Yoast SEO plugin. -->","yoast_head_json":{"title":"Accessibilit\u00e9 - Office de Tourisme Creil Sud Oise","description":"D\u00e9claration d\u2019accessibilit\u00e9 \u00c9tablie le&nbsp;29 septembre 2025. Notre organisation&nbsp;s\u2019engage \u00e0 rendre son service accessible, conform\u00e9ment \u00e0 l\u2019article","robots":{"index":"index","follow":"follow","max-snippet":"max-snippet:-1","max-image-preview":"max-image-preview:large","max-video-preview":"max-video-preview:-1"},"canonical":"https:\/\/www.creilsudoise-tourisme.fr\/es\/practica\/accesibilidad\/","og_locale":"es_ES","og_type":"article","og_title":"Accessibilit\u00e9 - Office de Tourisme Creil Sud Oise","og_description":"D\u00e9claration d\u2019accessibilit\u00e9 \u00c9tablie le&nbsp;29 septembre 2025. Notre organisation&nbsp;s\u2019engage \u00e0 rendre son service accessible, conform\u00e9ment \u00e0 l\u2019article","og_url":"https:\/\/www.creilsudoise-tourisme.fr\/es\/practica\/accesibilidad\/","og_site_name":"Office de Tourisme Creil Sud Oise","article_publisher":"https:\/\/www.facebook.com\/creilsudoisetourisme\/","article_modified_time":"2025-09-29T08:14:51+00:00","og_image":[{"width":512,"height":293,"url":"https:\/\/www.creilsudoise-tourisme.fr\/wp-content\/uploads\/2021\/05\/Logo_TourismeHandicap.jpg","type":"image\/jpeg"}],"twitter_card":"summary_large_image","twitter_site":"@CreilSudOiseOT","twitter_misc":{"Tiempo de lectura":"3 minutos"},"schema":{"@context":"https:\/\/schema.org","@graph":[{"@type":"WebPage","@id":"https:\/\/www.creilsudoise-tourisme.fr\/pratique\/accessibilite\/","url":"https:\/\/www.creilsudoise-tourisme.fr\/pratique\/accessibilite\/","name":"Accessibilit\u00e9 - Office de Tourisme Creil Sud Oise","isPartOf":{"@id":"https:\/\/www.creilsudoise-tourisme.fr\/#website"},"datePublished":"2021-02-17T09:03:25+00:00","dateModified":"2025-09-29T08:14:51+00:00","description":"D\u00e9claration d\u2019accessibilit\u00e9 \u00c9tablie le&nbsp;29 septembre 2025. Notre organisation&nbsp;s\u2019engage \u00e0 rendre son service accessible, conform\u00e9ment \u00e0 l\u2019article","breadcrumb":{"@id":"https:\/\/www.creilsudoise-tourisme.fr\/pratique\/accessibilite\/#breadcrumb"},"inLanguage":"es","potentialAction":[{"@type":"ReadAction","target":["https:\/\/www.creilsudoise-tourisme.fr\/pratique\/accessibilite\/"]}]},{"@type":"BreadcrumbList","@id":"https:\/\/www.creilsudoise-tourisme.fr\/pratique\/accessibilite\/#breadcrumb","itemListElement":[{"@type":"ListItem","position":1,"name":"Accueil","item":"https:\/\/www.creilsudoise-tourisme.fr\/"},{"@type":"ListItem","position":2,"name":"Pratique","item":"https:\/\/www.creilsudoise-tourisme.fr\/pratique\/"},{"@type":"ListItem","position":3,"name":"Accessibilit\u00e9"}]},{"@type":"WebSite","@id":"https:\/\/www.creilsudoise-tourisme.fr\/#website","url":"https:\/\/www.creilsudoise-tourisme.fr\/","name":"Office de Tourisme Creil Sud Oise","description":"Creil Sud Oise Tourisme, un territoire \u00e0 explorer !","publisher":{"@id":"https:\/\/www.creilsudoise-tourisme.fr\/#organization"},"potentialAction":[{"@type":"SearchAction","target":{"@type":"EntryPoint","urlTemplate":"https:\/\/www.creilsudoise-tourisme.fr\/?s={search_term_string}"},"query-input":"required name=search_term_string"}],"inLanguage":"es"},{"@type":"Organization","@id":"https:\/\/www.creilsudoise-tourisme.fr\/#organization","name":"Creil Sud Oise Tourisme","url":"https:\/\/www.creilsudoise-tourisme.fr\/","logo":{"@type":"ImageObject","inLanguage":"es","@id":"https:\/\/www.creilsudoise-tourisme.fr\/#\/schema\/logo\/image\/","url":"https:\/\/www.creilsudoise-tourisme.fr\/wp-content\/uploads\/2021\/05\/logo-svg.png","contentUrl":"https:\/\/www.creilsudoise-tourisme.fr\/wp-content\/uploads\/2021\/05\/logo-svg.png","width":182,"height":71,"caption":"Creil Sud Oise Tourisme"},"image":{"@id":"https:\/\/www.creilsudoise-tourisme.fr\/#\/schema\/logo\/image\/"},"sameAs":["https:\/\/www.facebook.com\/creilsudoisetourisme\/","https:\/\/twitter.com\/CreilSudOiseOT","https:\/\/www.instagram.com\/creilsudoisetourisme\/","https:\/\/www.youtube.com\/channel\/UC8L_QD2wwyADW14zt9fY8kw"]}]}},"_links":{"self":[{"href":"https:\/\/www.creilsudoise-tourisme.fr\/es\/wp-json\/wp\/v2\/pages\/195"}],"collection":[{"href":"https:\/\/www.creilsudoise-tourisme.fr\/es\/wp-json\/wp\/v2\/pages"}],"about":[{"href":"https:\/\/www.creilsudoise-tourisme.fr\/es\/wp-json\/wp\/v2\/types\/page"}],"author":[{"embeddable":true,"href":"https:\/\/www.creilsudoise-tourisme.fr\/es\/wp-json\/wp\/v2\/users\/1"}],"replies":[{"embeddable":true,"href":"https:\/\/www.creilsudoise-tourisme.fr\/es\/wp-json\/wp\/v2\/comments?post=195"}],"version-history":[{"count":33,"href":"https:\/\/www.creilsudoise-tourisme.fr\/es\/wp-json\/wp\/v2\/pages\/195\/revisions"}],"predecessor-version":[{"id":65412,"href":"https:\/\/www.creilsudoise-tourisme.fr\/es\/wp-json\/wp\/v2\/pages\/195\/revisions\/65412"}],"up":[{"embeddable":true,"href":"https:\/\/www.creilsudoise-tourisme.fr\/es\/wp-json\/wp\/v2\/pages\/191"}],"wp:featuredmedia":[{"embeddable":true,"href":"https:\/\/www.creilsudoise-tourisme.fr\/es\/wp-json\/wp\/v2\/media\/35253"}],"wp:attachment":[{"href":"https:\/\/www.creilsudoise-tourisme.fr\/es\/wp-json\/wp\/v2\/media?parent=195"}],"curies":[{"name":"wp","href":"https:\/\/api.w.org\/{rel}","templated":true}]}}