{"id":187,"date":"2021-02-17T10:03:17","date_gmt":"2021-02-17T09:03:17","guid":{"rendered":"https:\/\/www.creilsudoise-tourisme.fr\/une-activite-de-lescalade\/"},"modified":"2022-03-04T16:45:16","modified_gmt":"2022-03-04T15:45:16","slug":"activite-escalade","status":"publish","type":"page","link":"https:\/\/www.creilsudoise-tourisme.fr\/es\/i-search\/actividad-de-escalada\/","title":{"rendered":"Una actividad de escalada"},"content":{"rendered":"<p class=\"is-style-excerpt\">La piedra y su explotaci\u00f3n han modelado el sur del Oise: casas trogloditas, canteras a cielo abierto o subterr\u00e1neas, edificios de piedra... pero tambi\u00e9n <strong>frontones convertidos en roc\u00f3dromos<\/strong><\/p>\n\n\n\n<p>A pocos kil\u00f3metros al norte de Par\u00eds, cerca de Chantilly, Senlis, Compi\u00e8gne o Beauvais, el destino Creil Sud Oise ofrece hermosas v\u00edas de escalada mantenidas por el <a href=\"https:\/\/cdffme60.wixsite.com\/ctffme60\/\" target=\"_blank\" rel=\"noreferrer noopener\">Comit\u00e9 Territorial de la Federaci\u00f3n Francesa de Monta\u00f1a y Escalada del Oise.<\/a><\/p>\n\n\n\n<p>M\u00e1s informaci\u00f3n <strong>selecci\u00f3n de lugares especialmente dedicados a la escalada<\/strong>Tanto si es un principiante como un escalador experimentado.<\/p>\n\n\n<div data-related-sit=\"1\" data-block-type=\"related-sit-gt\" data-block-id=\"wpet-sit-281a0cq50q7\"><div class=\"wp-block wp-block-related-post wp-block-related-list-sit alignfull\">\n    \n    <div class=\"container\">\n\n                    <h2 class=\"wp-block-related-post-title\">Lugares de escalada<\/h2>\n        \n                    <div id=\"wpiris-related-post-39\" data-id=\"wpiris-entity-slider\">\n                <div class=\"wp-block-related-post-list wp-block-related-post-list--2\" data-id=\"wpiris-entity-slider-wrapper\">\n\n                    \n<div class=\"entityItem\" data-trigger=\"wpiris-click\" data-id=\"wpiris-entity-slider-item\">\n    <p class=\"entityItemThumbnail\">\n        <a href=\"https:\/\/www.creilsudoise-tourisme.fr\/es\/loisirs\/site-descalade-le-larris\/\" nofancybox>\n            <img data-src=\"https:\/\/www.creilsudoise-tourisme.fr\/wp-content\/uploads\/wpetourisme\/SAINT-MAXIMIN-Carriere-Larris-Creil-Sud-Oise-Tourisme--55--275x350.jpg\" alt=\"Sitio de escalada Le Larris\">\n        <\/a>\n    <\/p>\n    <div class=\"entityItemContent\">\n        <h2 class=\"entityItemContentTitle\">\n            <a href=\"https:\/\/www.creilsudoise-tourisme.fr\/es\/loisirs\/site-descalade-le-larris\/\">Sitio de escalada Le Larris<\/a>\n        <\/h2>\n                    <p class=\"entityItemContentType\">Actividades deportivas, culturales y tur\u00edsticas<\/p>\n            <\/div>\n    <a href=\"https:\/\/www.creilsudoise-tourisme.fr\/es\/loisirs\/site-descalade-le-larris\/\" class=\"seeMore\"><span class=\"sr-only\">M\u00e1s informaci\u00f3n<\/span><\/a>\n<\/div>\n\n<div class=\"entityItem\" data-trigger=\"wpiris-click\" data-id=\"wpiris-entity-slider-item\">\n    <p class=\"entityItemThumbnail\">\n        <a href=\"https:\/\/www.creilsudoise-tourisme.fr\/es\/loisirs\/les-glachoirs\/\" nofancybox>\n            <img data-src=\"https:\/\/www.creilsudoise-tourisme.fr\/wp-content\/uploads\/wpetourisme\/Glachoirs-Saint-Vaast-les-Mello-Escalade-Creil-Sud-Oise-Tourisme-2-275x350.jpg\" alt=\"Las neveras\">\n        <\/a>\n    <\/p>\n    <div class=\"entityItemContent\">\n        <h2 class=\"entityItemContentTitle\">\n            <a href=\"https:\/\/www.creilsudoise-tourisme.fr\/es\/loisirs\/les-glachoirs\/\">Las neveras<\/a>\n        <\/h2>\n                    <p class=\"entityItemContentType\">Actividades deportivas, culturales y tur\u00edsticas<\/p>\n            <\/div>\n    <a href=\"https:\/\/www.creilsudoise-tourisme.fr\/es\/loisirs\/les-glachoirs\/\" class=\"seeMore\"><span class=\"sr-only\">M\u00e1s informaci\u00f3n<\/span><\/a>\n<\/div>\n                <\/div>\n\n                            <\/div>\n            <\/div>\n<\/div><\/div>\n\n<div class=\"wp-block wp-block-highlight\">\n            <h3 class=\"wp-block-highlight-item wp-block-highlight-title\">Tambi\u00e9n se ver\u00e1<\/h3>\n                <p class=\"wp-block-highlight-item wp-block-highlight-excerpt\">Descubre la <a href=\"https:\/\/www.creilsudoise-tourisme.fr\/es\/jexplore\/les-incontournables\/glachoirs\/\" target=\"_blank\" rel=\"noreferrer noopener\">Neveras<\/a>Se trata de un lugar excepcional donde los escaladores escalan antiguos bloques de piedra tallados en el siglo XIX.<sup>\u00e8me<\/sup> siglo<\/p>\n    <\/div>","protected":false},"excerpt":{"rendered":"<p>La piedra y sus canteras han dado forma al sur de la regi\u00f3n de Oise: casas trogloditas, canteras al aire libre o subterr\u00e1neas, edificios de piedra... \u00a1e incluso frontones convertidos en muros de escalada! A pocos kil\u00f3metros al norte de Par\u00eds, cerca de Chantilly, Senlis, Compi\u00e8gne y Beauvais, Creil Sur es el destino perfecto para [...].<\/p>","protected":false},"author":1,"featured_media":32267,"parent":167,"menu_order":5,"comment_status":"closed","ping_status":"closed","template":"","meta":{"_relevanssi_hide_post":"","_relevanssi_hide_content":"","_relevanssi_pin_for_all":"","_relevanssi_pin_keywords":"","_relevanssi_unpin_keywords":"","_relevanssi_related_keywords":"","_relevanssi_related_include_ids":"","_relevanssi_related_exclude_ids":"","_relevanssi_related_no_append":"","_relevanssi_related_not_related":"","_relevanssi_related_posts":"271,273,267,275","_relevanssi_noindex_reason":""},"yoast_head":"<!-- This site is optimized with the Yoast SEO plugin v20.2.1 - https:\/\/yoast.com\/wordpress\/plugins\/seo\/ -->\n<title>Les spots d\u2019escalade de Creil Sud Oise<\/title>\n<meta name=\"description\" content=\"Pas besoin d\u2019aller \u00e0 Fontainebleau pour faire de la grimpe ! D\u00e9couvrez les spots d\u2019escalade pr\u00e8s de Chantilly et \u00e0 quelques kilom\u00e8tres au nord de Paris\" \/>\n<meta name=\"robots\" content=\"index, follow, max-snippet:-1, max-image-preview:large, max-video-preview:-1\" \/>\n<link rel=\"canonical\" href=\"https:\/\/www.creilsudoise-tourisme.fr\/es\/i-search\/climbing-activity\/\" \/>\n<meta property=\"og:locale\" content=\"es_ES\" \/>\n<meta property=\"og:type\" content=\"article\" \/>\n<meta property=\"og:title\" content=\"Les spots d\u2019escalade de Creil Sud Oise\" \/>\n<meta property=\"og:description\" content=\"Pas besoin d\u2019aller \u00e0 Fontainebleau pour faire de la grimpe ! D\u00e9couvrez les spots d\u2019escalade pr\u00e8s de Chantilly et \u00e0 quelques kilom\u00e8tres au nord de Paris\" \/>\n<meta property=\"og:url\" content=\"https:\/\/www.creilsudoise-tourisme.fr\/es\/i-search\/climbing-activity\/\" \/>\n<meta property=\"og:site_name\" content=\"Office de Tourisme Creil Sud Oise\" \/>\n<meta property=\"article:publisher\" content=\"https:\/\/www.facebook.com\/creilsudoisetourisme\/\" \/>\n<meta property=\"article:modified_time\" content=\"2022-03-04T15:45:16+00:00\" \/>\n<meta property=\"og:image\" content=\"https:\/\/www.creilsudoise-tourisme.fr\/wp-content\/uploads\/2021\/03\/escalade-sur-le-fronton-des-glachoirs-a-saint-vaast-les-mello.jpg\" \/>\n\t<meta property=\"og:image:width\" content=\"1600\" \/>\n\t<meta property=\"og:image:height\" content=\"900\" \/>\n\t<meta property=\"og:image:type\" content=\"image\/jpeg\" \/>\n<meta name=\"twitter:card\" content=\"summary_large_image\" \/>\n<meta name=\"twitter:site\" content=\"@CreilSudOiseOT\" \/>\n<meta name=\"twitter:label1\" content=\"Tiempo de lectura\" \/>\n\t<meta name=\"twitter:data1\" content=\"1 minuto\" \/>\n<script type=\"application\/ld+json\" class=\"yoast-schema-graph\">{\"@context\":\"https:\/\/schema.org\",\"@graph\":[{\"@type\":\"WebPage\",\"@id\":\"https:\/\/www.creilsudoise-tourisme.fr\/en\/i-search\/climbing-activity\/\",\"url\":\"https:\/\/www.creilsudoise-tourisme.fr\/en\/i-search\/climbing-activity\/\",\"name\":\"Les spots d\u2019escalade de Creil Sud Oise\",\"isPartOf\":{\"@id\":\"https:\/\/www.creilsudoise-tourisme.fr\/#website\"},\"datePublished\":\"2021-02-17T09:03:17+00:00\",\"dateModified\":\"2022-03-04T15:45:16+00:00\",\"description\":\"Pas besoin d\u2019aller \u00e0 Fontainebleau pour faire de la grimpe ! D\u00e9couvrez les spots d\u2019escalade pr\u00e8s de Chantilly et \u00e0 quelques kilom\u00e8tres au nord de Paris\",\"breadcrumb\":{\"@id\":\"https:\/\/www.creilsudoise-tourisme.fr\/en\/i-search\/climbing-activity\/#breadcrumb\"},\"inLanguage\":\"es\",\"potentialAction\":[{\"@type\":\"ReadAction\",\"target\":[\"https:\/\/www.creilsudoise-tourisme.fr\/en\/i-search\/climbing-activity\/\"]}]},{\"@type\":\"BreadcrumbList\",\"@id\":\"https:\/\/www.creilsudoise-tourisme.fr\/en\/i-search\/climbing-activity\/#breadcrumb\",\"itemListElement\":[{\"@type\":\"ListItem\",\"position\":1,\"name\":\"Accueil\",\"item\":\"https:\/\/www.creilsudoise-tourisme.fr\/\"},{\"@type\":\"ListItem\",\"position\":2,\"name\":\"Je cherche\",\"item\":\"https:\/\/www.creilsudoise-tourisme.fr\/je-cherche\/\"},{\"@type\":\"ListItem\",\"position\":3,\"name\":\"Une activit\u00e9 d&rsquo;escalade\"}]},{\"@type\":\"WebSite\",\"@id\":\"https:\/\/www.creilsudoise-tourisme.fr\/#website\",\"url\":\"https:\/\/www.creilsudoise-tourisme.fr\/\",\"name\":\"Office de Tourisme Creil Sud Oise\",\"description\":\"Creil Sud Oise Tourisme, un territoire \u00e0 explorer !\",\"publisher\":{\"@id\":\"https:\/\/www.creilsudoise-tourisme.fr\/#organization\"},\"potentialAction\":[{\"@type\":\"SearchAction\",\"target\":{\"@type\":\"EntryPoint\",\"urlTemplate\":\"https:\/\/www.creilsudoise-tourisme.fr\/?s={search_term_string}\"},\"query-input\":\"required name=search_term_string\"}],\"inLanguage\":\"es\"},{\"@type\":\"Organization\",\"@id\":\"https:\/\/www.creilsudoise-tourisme.fr\/#organization\",\"name\":\"Creil Sud Oise Tourisme\",\"url\":\"https:\/\/www.creilsudoise-tourisme.fr\/\",\"logo\":{\"@type\":\"ImageObject\",\"inLanguage\":\"es\",\"@id\":\"https:\/\/www.creilsudoise-tourisme.fr\/#\/schema\/logo\/image\/\",\"url\":\"https:\/\/www.creilsudoise-tourisme.fr\/wp-content\/uploads\/2021\/05\/logo-svg.png\",\"contentUrl\":\"https:\/\/www.creilsudoise-tourisme.fr\/wp-content\/uploads\/2021\/05\/logo-svg.png\",\"width\":182,\"height\":71,\"caption\":\"Creil Sud Oise Tourisme\"},\"image\":{\"@id\":\"https:\/\/www.creilsudoise-tourisme.fr\/#\/schema\/logo\/image\/\"},\"sameAs\":[\"https:\/\/www.facebook.com\/creilsudoisetourisme\/\",\"https:\/\/twitter.com\/CreilSudOiseOT\",\"https:\/\/www.instagram.com\/creilsudoisetourisme\/\",\"https:\/\/www.youtube.com\/channel\/UC8L_QD2wwyADW14zt9fY8kw\"]}]}<\/script>\n<!-- \/ Yoast SEO plugin. -->","yoast_head_json":{"title":"Les spots d\u2019escalade de Creil Sud Oise","description":"Pas besoin d\u2019aller \u00e0 Fontainebleau pour faire de la grimpe ! D\u00e9couvrez les spots d\u2019escalade pr\u00e8s de Chantilly et \u00e0 quelques kilom\u00e8tres au nord de Paris","robots":{"index":"index","follow":"follow","max-snippet":"max-snippet:-1","max-image-preview":"max-image-preview:large","max-video-preview":"max-video-preview:-1"},"canonical":"https:\/\/www.creilsudoise-tourisme.fr\/es\/i-search\/climbing-activity\/","og_locale":"es_ES","og_type":"article","og_title":"Les spots d\u2019escalade de Creil Sud Oise","og_description":"Pas besoin d\u2019aller \u00e0 Fontainebleau pour faire de la grimpe ! D\u00e9couvrez les spots d\u2019escalade pr\u00e8s de Chantilly et \u00e0 quelques kilom\u00e8tres au nord de Paris","og_url":"https:\/\/www.creilsudoise-tourisme.fr\/es\/i-search\/climbing-activity\/","og_site_name":"Office de Tourisme Creil Sud Oise","article_publisher":"https:\/\/www.facebook.com\/creilsudoisetourisme\/","article_modified_time":"2022-03-04T15:45:16+00:00","og_image":[{"width":1600,"height":900,"url":"https:\/\/www.creilsudoise-tourisme.fr\/wp-content\/uploads\/2021\/03\/escalade-sur-le-fronton-des-glachoirs-a-saint-vaast-les-mello.jpg","type":"image\/jpeg"}],"twitter_card":"summary_large_image","twitter_site":"@CreilSudOiseOT","twitter_misc":{"Tiempo de lectura":"1 minuto"},"schema":{"@context":"https:\/\/schema.org","@graph":[{"@type":"WebPage","@id":"https:\/\/www.creilsudoise-tourisme.fr\/en\/i-search\/climbing-activity\/","url":"https:\/\/www.creilsudoise-tourisme.fr\/en\/i-search\/climbing-activity\/","name":"Les spots d\u2019escalade de Creil Sud Oise","isPartOf":{"@id":"https:\/\/www.creilsudoise-tourisme.fr\/#website"},"datePublished":"2021-02-17T09:03:17+00:00","dateModified":"2022-03-04T15:45:16+00:00","description":"Pas besoin d\u2019aller \u00e0 Fontainebleau pour faire de la grimpe ! D\u00e9couvrez les spots d\u2019escalade pr\u00e8s de Chantilly et \u00e0 quelques kilom\u00e8tres au nord de Paris","breadcrumb":{"@id":"https:\/\/www.creilsudoise-tourisme.fr\/en\/i-search\/climbing-activity\/#breadcrumb"},"inLanguage":"es","potentialAction":[{"@type":"ReadAction","target":["https:\/\/www.creilsudoise-tourisme.fr\/en\/i-search\/climbing-activity\/"]}]},{"@type":"BreadcrumbList","@id":"https:\/\/www.creilsudoise-tourisme.fr\/en\/i-search\/climbing-activity\/#breadcrumb","itemListElement":[{"@type":"ListItem","position":1,"name":"Accueil","item":"https:\/\/www.creilsudoise-tourisme.fr\/"},{"@type":"ListItem","position":2,"name":"Je cherche","item":"https:\/\/www.creilsudoise-tourisme.fr\/je-cherche\/"},{"@type":"ListItem","position":3,"name":"Une activit\u00e9 d&rsquo;escalade"}]},{"@type":"WebSite","@id":"https:\/\/www.creilsudoise-tourisme.fr\/#website","url":"https:\/\/www.creilsudoise-tourisme.fr\/","name":"Office de Tourisme Creil Sud Oise","description":"Creil Sud Oise Tourisme, un territoire \u00e0 explorer !","publisher":{"@id":"https:\/\/www.creilsudoise-tourisme.fr\/#organization"},"potentialAction":[{"@type":"SearchAction","target":{"@type":"EntryPoint","urlTemplate":"https:\/\/www.creilsudoise-tourisme.fr\/?s={search_term_string}"},"query-input":"required name=search_term_string"}],"inLanguage":"es"},{"@type":"Organization","@id":"https:\/\/www.creilsudoise-tourisme.fr\/#organization","name":"Creil Sud Oise Tourisme","url":"https:\/\/www.creilsudoise-tourisme.fr\/","logo":{"@type":"ImageObject","inLanguage":"es","@id":"https:\/\/www.creilsudoise-tourisme.fr\/#\/schema\/logo\/image\/","url":"https:\/\/www.creilsudoise-tourisme.fr\/wp-content\/uploads\/2021\/05\/logo-svg.png","contentUrl":"https:\/\/www.creilsudoise-tourisme.fr\/wp-content\/uploads\/2021\/05\/logo-svg.png","width":182,"height":71,"caption":"Creil Sud Oise Tourisme"},"image":{"@id":"https:\/\/www.creilsudoise-tourisme.fr\/#\/schema\/logo\/image\/"},"sameAs":["https:\/\/www.facebook.com\/creilsudoisetourisme\/","https:\/\/twitter.com\/CreilSudOiseOT","https:\/\/www.instagram.com\/creilsudoisetourisme\/","https:\/\/www.youtube.com\/channel\/UC8L_QD2wwyADW14zt9fY8kw"]}]}},"_links":{"self":[{"href":"https:\/\/www.creilsudoise-tourisme.fr\/es\/wp-json\/wp\/v2\/pages\/187"}],"collection":[{"href":"https:\/\/www.creilsudoise-tourisme.fr\/es\/wp-json\/wp\/v2\/pages"}],"about":[{"href":"https:\/\/www.creilsudoise-tourisme.fr\/es\/wp-json\/wp\/v2\/types\/page"}],"author":[{"embeddable":true,"href":"https:\/\/www.creilsudoise-tourisme.fr\/es\/wp-json\/wp\/v2\/users\/1"}],"replies":[{"embeddable":true,"href":"https:\/\/www.creilsudoise-tourisme.fr\/es\/wp-json\/wp\/v2\/comments?post=187"}],"version-history":[{"count":18,"href":"https:\/\/www.creilsudoise-tourisme.fr\/es\/wp-json\/wp\/v2\/pages\/187\/revisions"}],"predecessor-version":[{"id":40165,"href":"https:\/\/www.creilsudoise-tourisme.fr\/es\/wp-json\/wp\/v2\/pages\/187\/revisions\/40165"}],"up":[{"embeddable":true,"href":"https:\/\/www.creilsudoise-tourisme.fr\/es\/wp-json\/wp\/v2\/pages\/167"}],"wp:featuredmedia":[{"embeddable":true,"href":"https:\/\/www.creilsudoise-tourisme.fr\/es\/wp-json\/wp\/v2\/media\/32267"}],"wp:attachment":[{"href":"https:\/\/www.creilsudoise-tourisme.fr\/es\/wp-json\/wp\/v2\/media?parent=187"}],"curies":[{"name":"wp","href":"https:\/\/api.w.org\/{rel}","templated":true}]}}