{"id":159,"date":"2021-02-17T10:02:50","date_gmt":"2021-02-17T09:02:50","guid":{"rendered":"https:\/\/www.creilsudoise-tourisme.fr\/le-musee-de-la-guesdiere\/"},"modified":"2026-02-10T17:01:53","modified_gmt":"2026-02-10T16:01:53","slug":"musee-guesdiere","status":"publish","type":"page","link":"https:\/\/www.creilsudoise-tourisme.fr\/es\/jexplore\/imprescindibles\/musee-guesdiere\/","title":{"rendered":"Museo de la Guesdi\u00e8re"},"content":{"rendered":"<p class=\"is-style-excerpt\"><strong>El Museo de la Guesdi\u00e8re est\u00e1 situado en el centro hist\u00f3rico de Saint-Leu-d'Esserent.<\/strong>cerca de Chantilly y Senlis. Consta de cuatro habitaciones situadas en las partes m\u00e1s antiguas del antiguo castillo de Saint-Leu-d'Esserent, del que toma su nombre: Ch\u00e2teau de la Guesdi\u00e8re.<\/p>\n\n\n\n<h2>Un museo sobre la historia local<\/h2>\n\n\n\n<p class=\"has-text-align-center\"><strong>El Museo de la Guesdi\u00e8re est\u00e1 cerrado por reformas. [Actualizado en febrero de 2026]<\/strong><\/p>\n\n\n\n<p>Cuando uno llega al patio del museo, no puede dejar de admirar el <strong>la belleza de la arquitectura calc\u00e1rea t\u00edpica del sur de Oise<\/strong> reflejando la c\u00e1lida luz del sol. Es el escenario perfecto para<strong> foto de recuerdo<\/strong> \u00a1! En verano, a menudo vemos a parejas casadas paseando por el parque para sus fotos de boda.<\/p>\n\n\n\n<figure class=\"wp-block-image alignwide size-large\"><img decoding=\"async\" loading=\"lazy\" width=\"1200\" height=\"675\" data-src=\"https:\/\/www.creilsudoise-tourisme.fr\/wp-content\/uploads\/2021\/03\/Exte\u0301rieurs-du-Muse\u0301e-de-la-Guesdie\u0300re-1200x675.jpg\" alt=\"\" class=\"wp-image-32741\" data-srcset=\"https:\/\/www.creilsudoise-tourisme.fr\/wp-content\/uploads\/2021\/03\/Exte\u0301rieurs-du-Muse\u0301e-de-la-Guesdie\u0300re-1200x675.jpg 1200w, https:\/\/www.creilsudoise-tourisme.fr\/wp-content\/uploads\/2021\/03\/Exte\u0301rieurs-du-Muse\u0301e-de-la-Guesdie\u0300re-600x338.jpg 600w, https:\/\/www.creilsudoise-tourisme.fr\/wp-content\/uploads\/2021\/03\/Exte\u0301rieurs-du-Muse\u0301e-de-la-Guesdie\u0300re-900x506.jpg 900w, https:\/\/www.creilsudoise-tourisme.fr\/wp-content\/uploads\/2021\/03\/Exte\u0301rieurs-du-Muse\u0301e-de-la-Guesdie\u0300re-1536x864.jpg 1536w, https:\/\/www.creilsudoise-tourisme.fr\/wp-content\/uploads\/2021\/03\/Exte\u0301rieurs-du-Muse\u0301e-de-la-Guesdie\u0300re-200x113.jpg 200w, https:\/\/www.creilsudoise-tourisme.fr\/wp-content\/uploads\/2021\/03\/Exte\u0301rieurs-du-Muse\u0301e-de-la-Guesdie\u0300re-650x366.jpg 650w, https:\/\/www.creilsudoise-tourisme.fr\/wp-content\/uploads\/2021\/03\/Exte\u0301rieurs-du-Muse\u0301e-de-la-Guesdie\u0300re-387x218.jpg 387w, https:\/\/www.creilsudoise-tourisme.fr\/wp-content\/uploads\/2021\/03\/Exte\u0301rieurs-du-Muse\u0301e-de-la-Guesdie\u0300re.jpg 1600w\" sizes=\"(max-width: 1200px) 100vw, 1200px\" \/><figcaption class=\"wp-element-caption\">El Museo de la Guesdi\u00e8re se encuentra en las antiguas caballerizas del castillo, hoy ayuntamiento.<\/figcaption><\/figure>\n\n\n\n<p>El encanto de este museo reside en el alma de este lugar, que ha sobrevivido a los siglos: la sala principal, por la que se entra, es de hecho la entrada principal al museo. <strong>las antiguas caballerizas del castillo medieval<\/strong> con grandes puertas de entrada para carruajes y un techo muy alto. La penumbra que reina aqu\u00ed nos sumerge en un capullo fuera del tiempo, propicio a la contemplaci\u00f3n. En esta primera sala descubrimos <strong>una exposici\u00f3n sobre los principales acontecimientos y las personalidades ilustres de Saint-Leu-d'Esserent, como Marie F\u00e9licie Orsini<\/strong> (sobrina de Marie de M\u00e9dicis)<strong> y su marido, Enrique II de Montmorency<\/strong> (bisnieto del condestable Anne de Montmorency).<\/p>\n\n\n\n<figure class=\"wp-block-image size-large\"><img decoding=\"async\" loading=\"lazy\" width=\"800\" height=\"1195\" data-src=\"https:\/\/www.creilsudoise-tourisme.fr\/wp-content\/uploads\/2021\/03\/Le-Muse\u0301e-de-la-Guesdie\u0300re-a\u0300-Saint-Leu-dEsserent.jpg\" alt=\"\" class=\"wp-image-32747\" data-srcset=\"https:\/\/www.creilsudoise-tourisme.fr\/wp-content\/uploads\/2021\/03\/Le-Muse\u0301e-de-la-Guesdie\u0300re-a\u0300-Saint-Leu-dEsserent.jpg 800w, https:\/\/www.creilsudoise-tourisme.fr\/wp-content\/uploads\/2021\/03\/Le-Muse\u0301e-de-la-Guesdie\u0300re-a\u0300-Saint-Leu-dEsserent-402x600.jpg 402w, https:\/\/www.creilsudoise-tourisme.fr\/wp-content\/uploads\/2021\/03\/Le-Muse\u0301e-de-la-Guesdie\u0300re-a\u0300-Saint-Leu-dEsserent-603x900.jpg 603w, https:\/\/www.creilsudoise-tourisme.fr\/wp-content\/uploads\/2021\/03\/Le-Muse\u0301e-de-la-Guesdie\u0300re-a\u0300-Saint-Leu-dEsserent-200x299.jpg 200w, https:\/\/www.creilsudoise-tourisme.fr\/wp-content\/uploads\/2021\/03\/Le-Muse\u0301e-de-la-Guesdie\u0300re-a\u0300-Saint-Leu-dEsserent-650x971.jpg 650w, https:\/\/www.creilsudoise-tourisme.fr\/wp-content\/uploads\/2021\/03\/Le-Muse\u0301e-de-la-Guesdie\u0300re-a\u0300-Saint-Leu-dEsserent-387x578.jpg 387w\" sizes=\"(max-width: 800px) 100vw, 800px\" \/><\/figure>\n\n\n\n<h2>Descubrir a los constructores<\/h2>\n\n\n\n<p>A <strong>colecci\u00f3n de esculturas de piedra de la iglesia abacial<\/strong>situado no lejos del museo, nos transporta a la \u00e9poca de los constructores. En la sala contigua, se puede admirar toda la<strong> belleza de esta Abad\u00eda gracias a un magn\u00edfico modelo de piedra<\/strong>. La frescura y el ambiente especial que reinan en <strong>esta habitaci\u00f3n excavada directamente en la roca<\/strong> nos sumergen en el mundo de los antiguos canteros, cuyas herramientas descubrimos. Podemos entonces imaginar el trabajo de estos <a href=\"https:\/\/www.creilsudoise-tourisme.fr\/es\/jexplore\/les-incontournables\/maison-de-la-pierre\/\" target=\"_blank\" rel=\"noreferrer noopener\">trabajadores que extrajeron la piedra<\/a> durante siglos para construir nuestros monumentos m\u00e1s bellos, como<strong> el Castillo de Versalles, el Arco del Triunfo o la \u00d3pera Garnier<\/strong>. En la sala siguiente, se explora el rico pasado medieval de la ciudad a trav\u00e9s de la historia de los monjes del priorato cluniacense.<\/p>\n\n\n\n<h2>Historia reciente de Saint-Leu-d'Esserent<\/h2>\n\n\n\n<p>Y finalmente.., <strong>postales antiguas y conmovedores testimonios de vecinos de la zona<\/strong> dan vida de forma conmovedora <strong>la ocupaci\u00f3n alemana y los bombardeos aliados en 1944<\/strong>. Se pueden imaginar los duros momentos que tuvieron que soportar en aquella \u00e9poca al descender a los sucios pasadizos subterr\u00e1neos similares a aquellos en los que se refugiaron.<\/p>\n\n\n\n<figure class=\"wp-block-image size-large\"><img decoding=\"async\" loading=\"lazy\" width=\"800\" height=\"712\" data-src=\"https:\/\/www.creilsudoise-tourisme.fr\/wp-content\/uploads\/2021\/03\/Souterrain-du-Muse\u0301e-de-la-Guesdie\u0300re.jpg\" alt=\"\" class=\"wp-image-32755\" data-srcset=\"https:\/\/www.creilsudoise-tourisme.fr\/wp-content\/uploads\/2021\/03\/Souterrain-du-Muse\u0301e-de-la-Guesdie\u0300re.jpg 800w, https:\/\/www.creilsudoise-tourisme.fr\/wp-content\/uploads\/2021\/03\/Souterrain-du-Muse\u0301e-de-la-Guesdie\u0300re-600x534.jpg 600w, https:\/\/www.creilsudoise-tourisme.fr\/wp-content\/uploads\/2021\/03\/Souterrain-du-Muse\u0301e-de-la-Guesdie\u0300re-200x178.jpg 200w, https:\/\/www.creilsudoise-tourisme.fr\/wp-content\/uploads\/2021\/03\/Souterrain-du-Muse\u0301e-de-la-Guesdie\u0300re-650x579.jpg 650w, https:\/\/www.creilsudoise-tourisme.fr\/wp-content\/uploads\/2021\/03\/Souterrain-du-Muse\u0301e-de-la-Guesdie\u0300re-387x344.jpg 387w\" sizes=\"(max-width: 800px) 100vw, 800px\" \/><figcaption class=\"wp-element-caption\">El Museo cuenta con una secci\u00f3n subterr\u00e1nea<\/figcaption><\/figure>\n\n\n\n<p>Ya sea para refugiarse cuando llueve o para refrescarse en las salas subterr\u00e1neas, <strong>este museo es perfecto para conocer la historia local<\/strong>. Tras la visita, podemos prolongar el placer del descubrimiento con un<strong> pasear por las estrechas calles peatonales que conducen al <a href=\"https:\/\/www.creilsudoise-tourisme.fr\/es\/patrimoine\/abbatiale-de-saint-leu-desserent\/\" target=\"_blank\" rel=\"noreferrer noopener\">La Abad\u00eda<\/a><\/strong> y el<strong>antiguo priorato<\/strong> que domina la ciudad y ofrece una vista panor\u00e1mica del valle, al pasar el<strong> Cueva Bavin<\/strong>Antiguo almac\u00e9n utilizado por los monjes cluniacenses.<\/p>\n\n\n\n<figure class=\"wp-block-image alignwide size-large\"><img decoding=\"async\" loading=\"lazy\" width=\"1200\" height=\"675\" data-src=\"https:\/\/www.creilsudoise-tourisme.fr\/wp-content\/uploads\/2021\/03\/Histoire-locale-de-Saint-Leu-d_Esserent-au-Muse\u0301e-de-la-Guesdie\u0300re-1200x675.jpg\" alt=\"\" class=\"wp-image-32759\" data-srcset=\"https:\/\/www.creilsudoise-tourisme.fr\/wp-content\/uploads\/2021\/03\/Histoire-locale-de-Saint-Leu-d_Esserent-au-Muse\u0301e-de-la-Guesdie\u0300re-1200x675.jpg 1200w, https:\/\/www.creilsudoise-tourisme.fr\/wp-content\/uploads\/2021\/03\/Histoire-locale-de-Saint-Leu-d_Esserent-au-Muse\u0301e-de-la-Guesdie\u0300re-600x338.jpg 600w, https:\/\/www.creilsudoise-tourisme.fr\/wp-content\/uploads\/2021\/03\/Histoire-locale-de-Saint-Leu-d_Esserent-au-Muse\u0301e-de-la-Guesdie\u0300re-900x506.jpg 900w, https:\/\/www.creilsudoise-tourisme.fr\/wp-content\/uploads\/2021\/03\/Histoire-locale-de-Saint-Leu-d_Esserent-au-Muse\u0301e-de-la-Guesdie\u0300re-1536x864.jpg 1536w, https:\/\/www.creilsudoise-tourisme.fr\/wp-content\/uploads\/2021\/03\/Histoire-locale-de-Saint-Leu-d_Esserent-au-Muse\u0301e-de-la-Guesdie\u0300re-200x113.jpg 200w, https:\/\/www.creilsudoise-tourisme.fr\/wp-content\/uploads\/2021\/03\/Histoire-locale-de-Saint-Leu-d_Esserent-au-Muse\u0301e-de-la-Guesdie\u0300re-1600x900.jpg 1600w, https:\/\/www.creilsudoise-tourisme.fr\/wp-content\/uploads\/2021\/03\/Histoire-locale-de-Saint-Leu-d_Esserent-au-Muse\u0301e-de-la-Guesdie\u0300re-650x366.jpg 650w, https:\/\/www.creilsudoise-tourisme.fr\/wp-content\/uploads\/2021\/03\/Histoire-locale-de-Saint-Leu-d_Esserent-au-Muse\u0301e-de-la-Guesdie\u0300re-387x218.jpg 387w, https:\/\/www.creilsudoise-tourisme.fr\/wp-content\/uploads\/2021\/03\/Histoire-locale-de-Saint-Leu-d_Esserent-au-Muse\u0301e-de-la-Guesdie\u0300re.jpg 1920w\" sizes=\"(max-width: 1200px) 100vw, 1200px\" \/><figcaption class=\"wp-element-caption\">La ciudad de Saint-Leu-d'Esserent se vio gravemente afectada por los bombardeos aliados de 1944.<\/figcaption><\/figure>\n\n\n\n\n\n\n<div class=\"wp-block wp-block-related-post alignfull\">\n    <div class=\"container\">\n                    <h2 class=\"wp-block-related-post-title\">A los Exploradores tambi\u00e9n les gustaba...<\/h2>\n                <div id=\"wpiris-related-post-34182559124934186428530541\" data-id=\"wpiris-entity-slider\">\n            <div class=\"wp-block-related-post-list wp-block-related-post-list--7\" data-id=\"wpiris-entity-slider-wrapper\">\n\n                \n<div class=\"entityItem\" data-trigger=\"wpiris-click\" data-id=\"wpiris-entity-slider-item\">\n    <p class=\"entityItemThumbnail\">\n        <a href=\"https:\/\/www.creilsudoise-tourisme.fr\/es\/espace-naturel\/jardin-de-labbatiale\/\" nofancybox>\n            <img data-src=\"https:\/\/www.creilsudoise-tourisme.fr\/wp-content\/uploads\/wpetourisme\/SAINT-LEU-D-ESSERENT-Jardin-Abbatilale-Creil-Sud-Oise-Tourisme---2--275x350.jpg\" alt=\"Jard\u00edn de la Abad\u00eda\">\n        <\/a>\n    <\/p>\n    <div class=\"entityItemContent\">\n        <h2 class=\"entityItemContentTitle\">\n            <a href=\"https:\/\/www.creilsudoise-tourisme.fr\/es\/espace-naturel\/jardin-de-labbatiale\/\">Jard\u00edn de la Abad\u00eda<\/a>\n        <\/h2>\n                    <p class=\"entityItemContentType\">Patrimonio natural<\/p>\n            <\/div>\n    <a href=\"https:\/\/www.creilsudoise-tourisme.fr\/es\/espace-naturel\/jardin-de-labbatiale\/\" class=\"seeMore\"><span class=\"sr-only\">M\u00e1s informaci\u00f3n<\/span><\/a>\n<\/div>\n\n<div class=\"entityItem\" data-trigger=\"wpiris-click\" data-id=\"wpiris-entity-slider-item\">\n    <p class=\"entityItemThumbnail\">\n        <a href=\"https:\/\/www.creilsudoise-tourisme.fr\/es\/patrimoine\/abbatiale-de-saint-leu-desserent\/\" nofancybox>\n            <img data-src=\"https:\/\/www.creilsudoise-tourisme.fr\/wp-content\/uploads\/wpetourisme\/Abbatiale-Saint-Nicolas-a-Saint-Leu-d-Esserent--1--275x350.jpg\" alt=\"Abad\u00eda de San Nicol\u00e1s\">\n        <\/a>\n    <\/p>\n    <div class=\"entityItemContent\">\n        <h2 class=\"entityItemContentTitle\">\n            <a href=\"https:\/\/www.creilsudoise-tourisme.fr\/es\/patrimoine\/abbatiale-de-saint-leu-desserent\/\">Abad\u00eda de San Nicol\u00e1s<\/a>\n        <\/h2>\n                    <p class=\"entityItemContentType\">Patrimonio cultural<\/p>\n            <\/div>\n    <a href=\"https:\/\/www.creilsudoise-tourisme.fr\/es\/patrimoine\/abbatiale-de-saint-leu-desserent\/\" class=\"seeMore\"><span class=\"sr-only\">M\u00e1s informaci\u00f3n<\/span><\/a>\n<\/div>\n\n<div class=\"entityItem\" data-trigger=\"wpiris-click\" data-id=\"wpiris-entity-slider-item\">\n    <p class=\"entityItemThumbnail\">\n        <a href=\"https:\/\/www.creilsudoise-tourisme.fr\/es\/restaurant\/hotel-de-loise-2\/\" nofancybox>\n            <img data-src=\"https:\/\/www.creilsudoise-tourisme.fr\/wp-content\/uploads\/2021\/02\/defaut-275x350.jpg\" alt=\"Hotel de l&#039;Oise\">\n        <\/a>\n    <\/p>\n    <div class=\"entityItemContent\">\n        <h2 class=\"entityItemContentTitle\">\n            <a href=\"https:\/\/www.creilsudoise-tourisme.fr\/es\/restaurant\/hotel-de-loise-2\/\">Hotel de l'Oise<\/a>\n        <\/h2>\n                    <p class=\"entityItemContentType\">Restauraci\u00f3n<\/p>\n            <\/div>\n    <a href=\"https:\/\/www.creilsudoise-tourisme.fr\/es\/restaurant\/hotel-de-loise-2\/\" class=\"seeMore\"><span class=\"sr-only\">M\u00e1s informaci\u00f3n<\/span><\/a>\n<\/div>\n\n<div class=\"entityItem\" data-trigger=\"wpiris-click\" data-id=\"wpiris-entity-slider-item\">\n    <p class=\"entityItemThumbnail\">\n        <a href=\"https:\/\/www.creilsudoise-tourisme.fr\/es\/espace-naturel\/jardin-de-la-mairie\/\" nofancybox>\n            <img data-src=\"https:\/\/www.creilsudoise-tourisme.fr\/wp-content\/uploads\/wpetourisme\/Saint-Leu-d-Esserent-Rencontre-explorateurs-2024-visite-medievale-Creil-Sud-Oise-Tourisme--83--275x350.jpg\" alt=\"Jard\u00edn del Ayuntamiento\">\n        <\/a>\n    <\/p>\n    <div class=\"entityItemContent\">\n        <h2 class=\"entityItemContentTitle\">\n            <a href=\"https:\/\/www.creilsudoise-tourisme.fr\/es\/espace-naturel\/jardin-de-la-mairie\/\">Jard\u00edn del Ayuntamiento<\/a>\n        <\/h2>\n                    <p class=\"entityItemContentType\">Patrimonio natural<\/p>\n            <\/div>\n    <a href=\"https:\/\/www.creilsudoise-tourisme.fr\/es\/espace-naturel\/jardin-de-la-mairie\/\" class=\"seeMore\"><span class=\"sr-only\">M\u00e1s informaci\u00f3n<\/span><\/a>\n<\/div>\n\n<div class=\"entityItem\" data-trigger=\"wpiris-click\" data-id=\"wpiris-entity-slider-item\">\n    <p class=\"entityItemThumbnail\">\n        <a href=\"https:\/\/www.creilsudoise-tourisme.fr\/es\/loisirs\/merendero-de-saint-leu-desserent\/\" nofancybox>\n            <img data-src=\"https:\/\/www.creilsudoise-tourisme.fr\/wp-content\/uploads\/wpetourisme\/IMG20190901131144-275x350.jpg\" alt=\"\u00c1rea de picnic de Saint-Leu-d&#039;Esserent\">\n        <\/a>\n    <\/p>\n    <div class=\"entityItemContent\">\n        <h2 class=\"entityItemContentTitle\">\n            <a href=\"https:\/\/www.creilsudoise-tourisme.fr\/es\/loisirs\/merendero-de-saint-leu-desserent\/\">\u00c1rea de picnic de Saint-Leu-d'Esserent<\/a>\n        <\/h2>\n                    <p class=\"entityItemContentType\">Actividades deportivas, culturales y tur\u00edsticas<\/p>\n            <\/div>\n    <a href=\"https:\/\/www.creilsudoise-tourisme.fr\/es\/loisirs\/merendero-de-saint-leu-desserent\/\" class=\"seeMore\"><span class=\"sr-only\">M\u00e1s informaci\u00f3n<\/span><\/a>\n<\/div>\n\n<div class=\"entityItem\" data-trigger=\"wpiris-click\" data-id=\"wpiris-entity-slider-item\">\n    <p class=\"entityItemThumbnail\">\n        <a href=\"https:\/\/www.creilsudoise-tourisme.fr\/es\/patrimoine\/chateau-de-montataire-2\/\" nofancybox>\n            <img data-src=\"https:\/\/www.creilsudoise-tourisme.fr\/wp-content\/uploads\/wpetourisme\/Chateau-de-Montataire---Creil-Sud-Oise-Tourisme--3--275x350.jpg\" alt=\"Castillo de Montataire\">\n        <\/a>\n    <\/p>\n    <div class=\"entityItemContent\">\n        <h2 class=\"entityItemContentTitle\">\n            <a href=\"https:\/\/www.creilsudoise-tourisme.fr\/es\/patrimoine\/chateau-de-montataire-2\/\">Castillo de Montataire<\/a>\n        <\/h2>\n                    <p class=\"entityItemContentType\">Patrimonio cultural<\/p>\n            <\/div>\n    <a href=\"https:\/\/www.creilsudoise-tourisme.fr\/es\/patrimoine\/chateau-de-montataire-2\/\" class=\"seeMore\"><span class=\"sr-only\">M\u00e1s informaci\u00f3n<\/span><\/a>\n<\/div>\n            <\/div>\n\n            \n<div class=\"sliderNav\">\n    <div class=\"sliderNavWrapper\">\n        <p class=\"swiperArrow swiperArrow--next\" data-trigger=\"swiper-next\">\n            <span class=\"sr-only\">Siguiente<\/span>\n        <\/p>\n        <p class=\"swiperArrow swiperArrow--prev\" data-trigger=\"swiper-prev\">\n            <span class=\"sr-only\">Anterior<\/span>\n        <\/p>\n    <\/div>\n<\/div>\n        <\/div>\n    <\/div>\n<\/div>","protected":false},"excerpt":{"rendered":"<p>El Museo de la Guesdi\u00e8re est\u00e1 situado en el centro hist\u00f3rico de Saint-Leu-d'Esserent, cerca de Chantilly y Senlis. Consta de cuatro salas en las partes m\u00e1s antiguas del antiguo castillo de Saint-Leu-d'Esserent, del que toma su nombre: Ch\u00e2teau de la Guesdi\u00e8re. Un museo de historia local El [...]<\/p>","protected":false},"author":1,"featured_media":32740,"parent":131,"menu_order":8,"comment_status":"closed","ping_status":"closed","template":"","meta":{"_relevanssi_hide_post":"","_relevanssi_hide_content":"","_relevanssi_pin_for_all":"","_relevanssi_pin_keywords":"","_relevanssi_unpin_keywords":"","_relevanssi_related_keywords":"","_relevanssi_related_include_ids":"","_relevanssi_related_exclude_ids":"","_relevanssi_related_no_append":"","_relevanssi_related_not_related":"","_relevanssi_related_posts":"267,273,275,271","_relevanssi_noindex_reason":""},"yoast_head":"<!-- This site is optimized with the Yoast SEO plugin v20.2.1 - https:\/\/yoast.com\/wordpress\/plugins\/seo\/ -->\n<title>Histoire locale de Saint-Leu-d\u2019Esserent au Mus\u00e9e de la Guesdi\u00e8re<\/title>\n<meta name=\"description\" content=\"Situ\u00e9 en face de la Mairie de Saint-Leu-d\u2019Esserent, le Mus\u00e9e de la Guesdi\u00e8re (gratuit) retrace l\u2019histoire m\u00e9di\u00e9vale et plus r\u00e9cente de la ville.\" \/>\n<meta name=\"robots\" content=\"index, follow, max-snippet:-1, max-image-preview:large, max-video-preview:-1\" \/>\n<link rel=\"canonical\" href=\"https:\/\/www.creilsudoise-tourisme.fr\/es\/jexplore\/imprescindibles\/musee-guesdiere\/\" \/>\n<meta property=\"og:locale\" content=\"es_ES\" \/>\n<meta property=\"og:type\" content=\"article\" \/>\n<meta property=\"og:title\" content=\"Histoire locale de Saint-Leu-d\u2019Esserent au Mus\u00e9e de la Guesdi\u00e8re\" \/>\n<meta property=\"og:description\" content=\"Situ\u00e9 en face de la Mairie de Saint-Leu-d\u2019Esserent, le Mus\u00e9e de la Guesdi\u00e8re (gratuit) retrace l\u2019histoire m\u00e9di\u00e9vale et plus r\u00e9cente de la ville.\" \/>\n<meta property=\"og:url\" content=\"https:\/\/www.creilsudoise-tourisme.fr\/es\/jexplore\/imprescindibles\/musee-guesdiere\/\" \/>\n<meta property=\"og:site_name\" content=\"Office de Tourisme Creil Sud Oise\" \/>\n<meta property=\"article:publisher\" content=\"https:\/\/www.facebook.com\/creilsudoisetourisme\/\" \/>\n<meta property=\"article:modified_time\" content=\"2026-02-10T16:01:53+00:00\" \/>\n<meta property=\"og:image\" content=\"https:\/\/www.creilsudoise-tourisme.fr\/wp-content\/uploads\/2021\/03\/Bateau-de-transport-des-pierres-au-Muse\u0301e-de-la-Guesdie\u0300re-1.jpg\" \/>\n\t<meta property=\"og:image:width\" content=\"1600\" \/>\n\t<meta property=\"og:image:height\" content=\"900\" \/>\n\t<meta property=\"og:image:type\" content=\"image\/jpeg\" \/>\n<meta name=\"twitter:card\" content=\"summary_large_image\" \/>\n<meta name=\"twitter:site\" content=\"@CreilSudOiseOT\" \/>\n<meta name=\"twitter:label1\" content=\"Tiempo de lectura\" \/>\n\t<meta name=\"twitter:data1\" content=\"4 minutos\" \/>\n<script type=\"application\/ld+json\" class=\"yoast-schema-graph\">{\"@context\":\"https:\/\/schema.org\",\"@graph\":[{\"@type\":\"WebPage\",\"@id\":\"https:\/\/www.creilsudoise-tourisme.fr\/jexplore\/incontournables\/musee-guesdiere\/\",\"url\":\"https:\/\/www.creilsudoise-tourisme.fr\/jexplore\/incontournables\/musee-guesdiere\/\",\"name\":\"Histoire locale de Saint-Leu-d\u2019Esserent au Mus\u00e9e de la Guesdi\u00e8re\",\"isPartOf\":{\"@id\":\"https:\/\/www.creilsudoise-tourisme.fr\/#website\"},\"datePublished\":\"2021-02-17T09:02:50+00:00\",\"dateModified\":\"2026-02-10T16:01:53+00:00\",\"description\":\"Situ\u00e9 en face de la Mairie de Saint-Leu-d\u2019Esserent, le Mus\u00e9e de la Guesdi\u00e8re (gratuit) retrace l\u2019histoire m\u00e9di\u00e9vale et plus r\u00e9cente de la ville.\",\"breadcrumb\":{\"@id\":\"https:\/\/www.creilsudoise-tourisme.fr\/jexplore\/incontournables\/musee-guesdiere\/#breadcrumb\"},\"inLanguage\":\"es\",\"potentialAction\":[{\"@type\":\"ReadAction\",\"target\":[\"https:\/\/www.creilsudoise-tourisme.fr\/jexplore\/incontournables\/musee-guesdiere\/\"]}]},{\"@type\":\"BreadcrumbList\",\"@id\":\"https:\/\/www.creilsudoise-tourisme.fr\/jexplore\/incontournables\/musee-guesdiere\/#breadcrumb\",\"itemListElement\":[{\"@type\":\"ListItem\",\"position\":1,\"name\":\"Accueil\",\"item\":\"https:\/\/www.creilsudoise-tourisme.fr\/\"},{\"@type\":\"ListItem\",\"position\":2,\"name\":\"J&rsquo;explore\",\"item\":\"https:\/\/www.creilsudoise-tourisme.fr\/jexplore\/\"},{\"@type\":\"ListItem\",\"position\":3,\"name\":\"Les incontournables\",\"item\":\"https:\/\/www.creilsudoise-tourisme.fr\/jexplore\/incontournables\/\"},{\"@type\":\"ListItem\",\"position\":4,\"name\":\"Le Mus\u00e9e de la Guesdi\u00e8re\"}]},{\"@type\":\"WebSite\",\"@id\":\"https:\/\/www.creilsudoise-tourisme.fr\/#website\",\"url\":\"https:\/\/www.creilsudoise-tourisme.fr\/\",\"name\":\"Office de Tourisme Creil Sud Oise\",\"description\":\"Creil Sud Oise Tourisme, un territoire \u00e0 explorer !\",\"publisher\":{\"@id\":\"https:\/\/www.creilsudoise-tourisme.fr\/#organization\"},\"potentialAction\":[{\"@type\":\"SearchAction\",\"target\":{\"@type\":\"EntryPoint\",\"urlTemplate\":\"https:\/\/www.creilsudoise-tourisme.fr\/?s={search_term_string}\"},\"query-input\":\"required name=search_term_string\"}],\"inLanguage\":\"es\"},{\"@type\":\"Organization\",\"@id\":\"https:\/\/www.creilsudoise-tourisme.fr\/#organization\",\"name\":\"Creil Sud Oise Tourisme\",\"url\":\"https:\/\/www.creilsudoise-tourisme.fr\/\",\"logo\":{\"@type\":\"ImageObject\",\"inLanguage\":\"es\",\"@id\":\"https:\/\/www.creilsudoise-tourisme.fr\/#\/schema\/logo\/image\/\",\"url\":\"https:\/\/www.creilsudoise-tourisme.fr\/wp-content\/uploads\/2021\/05\/logo-svg.png\",\"contentUrl\":\"https:\/\/www.creilsudoise-tourisme.fr\/wp-content\/uploads\/2021\/05\/logo-svg.png\",\"width\":182,\"height\":71,\"caption\":\"Creil Sud Oise Tourisme\"},\"image\":{\"@id\":\"https:\/\/www.creilsudoise-tourisme.fr\/#\/schema\/logo\/image\/\"},\"sameAs\":[\"https:\/\/www.facebook.com\/creilsudoisetourisme\/\",\"https:\/\/twitter.com\/CreilSudOiseOT\",\"https:\/\/www.instagram.com\/creilsudoisetourisme\/\",\"https:\/\/www.youtube.com\/channel\/UC8L_QD2wwyADW14zt9fY8kw\"]}]}<\/script>\n<!-- \/ Yoast SEO plugin. -->","yoast_head_json":{"title":"Histoire locale de Saint-Leu-d\u2019Esserent au Mus\u00e9e de la Guesdi\u00e8re","description":"Situ\u00e9 en face de la Mairie de Saint-Leu-d\u2019Esserent, le Mus\u00e9e de la Guesdi\u00e8re (gratuit) retrace l\u2019histoire m\u00e9di\u00e9vale et plus r\u00e9cente de la ville.","robots":{"index":"index","follow":"follow","max-snippet":"max-snippet:-1","max-image-preview":"max-image-preview:large","max-video-preview":"max-video-preview:-1"},"canonical":"https:\/\/www.creilsudoise-tourisme.fr\/es\/jexplore\/imprescindibles\/musee-guesdiere\/","og_locale":"es_ES","og_type":"article","og_title":"Histoire locale de Saint-Leu-d\u2019Esserent au Mus\u00e9e de la Guesdi\u00e8re","og_description":"Situ\u00e9 en face de la Mairie de Saint-Leu-d\u2019Esserent, le Mus\u00e9e de la Guesdi\u00e8re (gratuit) retrace l\u2019histoire m\u00e9di\u00e9vale et plus r\u00e9cente de la ville.","og_url":"https:\/\/www.creilsudoise-tourisme.fr\/es\/jexplore\/imprescindibles\/musee-guesdiere\/","og_site_name":"Office de Tourisme Creil Sud Oise","article_publisher":"https:\/\/www.facebook.com\/creilsudoisetourisme\/","article_modified_time":"2026-02-10T16:01:53+00:00","og_image":[{"width":1600,"height":900,"url":"https:\/\/www.creilsudoise-tourisme.fr\/wp-content\/uploads\/2021\/03\/Bateau-de-transport-des-pierres-au-Muse\u0301e-de-la-Guesdie\u0300re-1.jpg","type":"image\/jpeg"}],"twitter_card":"summary_large_image","twitter_site":"@CreilSudOiseOT","twitter_misc":{"Tiempo de lectura":"4 minutos"},"schema":{"@context":"https:\/\/schema.org","@graph":[{"@type":"WebPage","@id":"https:\/\/www.creilsudoise-tourisme.fr\/jexplore\/incontournables\/musee-guesdiere\/","url":"https:\/\/www.creilsudoise-tourisme.fr\/jexplore\/incontournables\/musee-guesdiere\/","name":"Histoire locale de Saint-Leu-d\u2019Esserent au Mus\u00e9e de la Guesdi\u00e8re","isPartOf":{"@id":"https:\/\/www.creilsudoise-tourisme.fr\/#website"},"datePublished":"2021-02-17T09:02:50+00:00","dateModified":"2026-02-10T16:01:53+00:00","description":"Situ\u00e9 en face de la Mairie de Saint-Leu-d\u2019Esserent, le Mus\u00e9e de la Guesdi\u00e8re (gratuit) retrace l\u2019histoire m\u00e9di\u00e9vale et plus r\u00e9cente de la ville.","breadcrumb":{"@id":"https:\/\/www.creilsudoise-tourisme.fr\/jexplore\/incontournables\/musee-guesdiere\/#breadcrumb"},"inLanguage":"es","potentialAction":[{"@type":"ReadAction","target":["https:\/\/www.creilsudoise-tourisme.fr\/jexplore\/incontournables\/musee-guesdiere\/"]}]},{"@type":"BreadcrumbList","@id":"https:\/\/www.creilsudoise-tourisme.fr\/jexplore\/incontournables\/musee-guesdiere\/#breadcrumb","itemListElement":[{"@type":"ListItem","position":1,"name":"Accueil","item":"https:\/\/www.creilsudoise-tourisme.fr\/"},{"@type":"ListItem","position":2,"name":"J&rsquo;explore","item":"https:\/\/www.creilsudoise-tourisme.fr\/jexplore\/"},{"@type":"ListItem","position":3,"name":"Les incontournables","item":"https:\/\/www.creilsudoise-tourisme.fr\/jexplore\/incontournables\/"},{"@type":"ListItem","position":4,"name":"Le Mus\u00e9e de la Guesdi\u00e8re"}]},{"@type":"WebSite","@id":"https:\/\/www.creilsudoise-tourisme.fr\/#website","url":"https:\/\/www.creilsudoise-tourisme.fr\/","name":"Office de Tourisme Creil Sud Oise","description":"Creil Sud Oise Tourisme, un territoire \u00e0 explorer !","publisher":{"@id":"https:\/\/www.creilsudoise-tourisme.fr\/#organization"},"potentialAction":[{"@type":"SearchAction","target":{"@type":"EntryPoint","urlTemplate":"https:\/\/www.creilsudoise-tourisme.fr\/?s={search_term_string}"},"query-input":"required name=search_term_string"}],"inLanguage":"es"},{"@type":"Organization","@id":"https:\/\/www.creilsudoise-tourisme.fr\/#organization","name":"Creil Sud Oise Tourisme","url":"https:\/\/www.creilsudoise-tourisme.fr\/","logo":{"@type":"ImageObject","inLanguage":"es","@id":"https:\/\/www.creilsudoise-tourisme.fr\/#\/schema\/logo\/image\/","url":"https:\/\/www.creilsudoise-tourisme.fr\/wp-content\/uploads\/2021\/05\/logo-svg.png","contentUrl":"https:\/\/www.creilsudoise-tourisme.fr\/wp-content\/uploads\/2021\/05\/logo-svg.png","width":182,"height":71,"caption":"Creil Sud Oise Tourisme"},"image":{"@id":"https:\/\/www.creilsudoise-tourisme.fr\/#\/schema\/logo\/image\/"},"sameAs":["https:\/\/www.facebook.com\/creilsudoisetourisme\/","https:\/\/twitter.com\/CreilSudOiseOT","https:\/\/www.instagram.com\/creilsudoisetourisme\/","https:\/\/www.youtube.com\/channel\/UC8L_QD2wwyADW14zt9fY8kw"]}]}},"_links":{"self":[{"href":"https:\/\/www.creilsudoise-tourisme.fr\/es\/wp-json\/wp\/v2\/pages\/159"}],"collection":[{"href":"https:\/\/www.creilsudoise-tourisme.fr\/es\/wp-json\/wp\/v2\/pages"}],"about":[{"href":"https:\/\/www.creilsudoise-tourisme.fr\/es\/wp-json\/wp\/v2\/types\/page"}],"author":[{"embeddable":true,"href":"https:\/\/www.creilsudoise-tourisme.fr\/es\/wp-json\/wp\/v2\/users\/1"}],"replies":[{"embeddable":true,"href":"https:\/\/www.creilsudoise-tourisme.fr\/es\/wp-json\/wp\/v2\/comments?post=159"}],"version-history":[{"count":23,"href":"https:\/\/www.creilsudoise-tourisme.fr\/es\/wp-json\/wp\/v2\/pages\/159\/revisions"}],"predecessor-version":[{"id":67687,"href":"https:\/\/www.creilsudoise-tourisme.fr\/es\/wp-json\/wp\/v2\/pages\/159\/revisions\/67687"}],"up":[{"embeddable":true,"href":"https:\/\/www.creilsudoise-tourisme.fr\/es\/wp-json\/wp\/v2\/pages\/131"}],"wp:featuredmedia":[{"embeddable":true,"href":"https:\/\/www.creilsudoise-tourisme.fr\/es\/wp-json\/wp\/v2\/media\/32740"}],"wp:attachment":[{"href":"https:\/\/www.creilsudoise-tourisme.fr\/es\/wp-json\/wp\/v2\/media?parent=159"}],"curies":[{"name":"wp","href":"https:\/\/api.w.org\/{rel}","templated":true}]}}