{"id":157,"date":"2021-02-17T10:02:48","date_gmt":"2021-02-17T09:02:48","guid":{"rendered":"https:\/\/www.creilsudoise-tourisme.fr\/les-sites-descalade\/"},"modified":"2025-09-15T10:05:17","modified_gmt":"2025-09-15T08:05:17","slug":"glachoirs","status":"publish","type":"page","link":"https:\/\/www.creilsudoise-tourisme.fr\/es\/jexplore\/imprescindibles\/refrigeradores\/","title":{"rendered":"Las neveras"},"content":{"rendered":"<p class=\"is-style-excerpt\">Para los aficionados a la escalada, no hace falta ir hasta Fontainebleau. <strong>Las neveras<\/strong>un paraje natural excepcional situado en Saint-Vaast-l\u00e8s-Mello y Montataire,<strong> ofrecen rutas de escalada y senderismo<\/strong>A pocos kil\u00f3metros de Par\u00eds, cerca de los bosques de Chantilly y Compi\u00e8gne.<\/p>\n\n\n\n<figure class=\"wp-block-embed is-type-video is-provider-youtube wp-block-embed-youtube wp-embed-aspect-16-9 wp-has-aspect-ratio\"><div class=\"wp-block-embed__wrapper\">\n<iframe loading=\"lazy\" title=\"Descubra el sitio web de Glachoirs\" width=\"500\" height=\"281\" data-src=\"https:\/\/www.youtube.com\/embed\/QCSswhFxGYo?feature=oembed\" frameborder=\"0\" allow=\"accelerometer; autoplay; clipboard-write; encrypted-media; gyroscope; picture-in-picture\" allowfullscreen><\/iframe>\n<\/div><\/figure>\n\n\n\n<h3>Les Glachoirs, un lugar excepcional para pasear y hacer senderismo<\/h3>\n\n\n\n<p>Si es la primera vez que recorre los senderos que atraviesan los Glachoirs, es muy probable que se divierta. <strong>Efecto Wow<\/strong> !&nbsp;<\/p>\n\n\n\n<p>Nuestros sentidos se agitan en este<strong> antigua cantera de piedra a cielo abierto<\/strong> Te sorprender\u00e1 lo que puedes ver, rodeado de estos gigantescos <strong>bloques de piedra que alcanzan el cielo<\/strong>. El olor es el del Midi y sus pinos, que, sorprendentemente, crecen aqu\u00ed... Nuestros o\u00eddos captan el chasquido de los mosquetones de los escaladores que se enganchan a las paredes. Las yemas de los dedos tocan los surcos que los cortadores dejaron en la piedra a finales del siglo XIX. Y en cuanto al sabor... \u00a1le dejamos que disfrute de su picnic en este lugar m\u00e1gico!<\/p>\n\n\n\n<figure class=\"is-layout-flex wp-block-gallery-1 wp-block-gallery alignfull has-nested-images columns-default is-cropped\">\n<figure class=\"wp-block-image size-large\"><a href=\"https:\/\/www.creilsudoise-tourisme.fr\/wp-content\/uploads\/2021\/03\/Une-balade-aux-Glachoirs-a\u0300-Saint-Vaast-le\u0300s-Mello.jpg\"><img decoding=\"async\" loading=\"lazy\" width=\"1200\" height=\"675\" data-id=\"32787\"  data-src=\"https:\/\/www.creilsudoise-tourisme.fr\/wp-content\/uploads\/2021\/03\/Une-balade-aux-Glachoirs-a\u0300-Saint-Vaast-le\u0300s-Mello-1200x675.jpg\" alt=\"\" class=\"wp-image-32787\" data-srcset=\"https:\/\/www.creilsudoise-tourisme.fr\/wp-content\/uploads\/2021\/03\/Une-balade-aux-Glachoirs-a\u0300-Saint-Vaast-le\u0300s-Mello-1200x675.jpg 1200w, https:\/\/www.creilsudoise-tourisme.fr\/wp-content\/uploads\/2021\/03\/Une-balade-aux-Glachoirs-a\u0300-Saint-Vaast-le\u0300s-Mello-600x338.jpg 600w, https:\/\/www.creilsudoise-tourisme.fr\/wp-content\/uploads\/2021\/03\/Une-balade-aux-Glachoirs-a\u0300-Saint-Vaast-le\u0300s-Mello-900x506.jpg 900w, https:\/\/www.creilsudoise-tourisme.fr\/wp-content\/uploads\/2021\/03\/Une-balade-aux-Glachoirs-a\u0300-Saint-Vaast-le\u0300s-Mello-1536x864.jpg 1536w, https:\/\/www.creilsudoise-tourisme.fr\/wp-content\/uploads\/2021\/03\/Une-balade-aux-Glachoirs-a\u0300-Saint-Vaast-le\u0300s-Mello-200x113.jpg 200w, https:\/\/www.creilsudoise-tourisme.fr\/wp-content\/uploads\/2021\/03\/Une-balade-aux-Glachoirs-a\u0300-Saint-Vaast-le\u0300s-Mello-650x366.jpg 650w, https:\/\/www.creilsudoise-tourisme.fr\/wp-content\/uploads\/2021\/03\/Une-balade-aux-Glachoirs-a\u0300-Saint-Vaast-le\u0300s-Mello-387x218.jpg 387w, https:\/\/www.creilsudoise-tourisme.fr\/wp-content\/uploads\/2021\/03\/Une-balade-aux-Glachoirs-a\u0300-Saint-Vaast-le\u0300s-Mello.jpg 1600w\" sizes=\"(max-width: 1200px) 100vw, 1200px\" \/><\/a><figcaption class=\"wp-element-caption\">Les Glachoirs ofrece un panorama excepcional de un antiguo yacimiento de extracci\u00f3n de piedra<\/figcaption><\/figure>\n\n\n\n<figure class=\"wp-block-image size-large\"><a href=\"https:\/\/www.creilsudoise-tourisme.fr\/wp-content\/uploads\/2021\/03\/Balade-aux-Glachoirs-a\u0300-Saint-Vaast-le\u0300s-Mello.jpg\"><img decoding=\"async\" loading=\"lazy\" width=\"1200\" height=\"675\" data-id=\"32790\"  data-src=\"https:\/\/www.creilsudoise-tourisme.fr\/wp-content\/uploads\/2021\/03\/Balade-aux-Glachoirs-a\u0300-Saint-Vaast-le\u0300s-Mello-1200x675.jpg\" alt=\"\" class=\"wp-image-32790\" data-srcset=\"https:\/\/www.creilsudoise-tourisme.fr\/wp-content\/uploads\/2021\/03\/Balade-aux-Glachoirs-a\u0300-Saint-Vaast-le\u0300s-Mello-1200x675.jpg 1200w, https:\/\/www.creilsudoise-tourisme.fr\/wp-content\/uploads\/2021\/03\/Balade-aux-Glachoirs-a\u0300-Saint-Vaast-le\u0300s-Mello-600x338.jpg 600w, https:\/\/www.creilsudoise-tourisme.fr\/wp-content\/uploads\/2021\/03\/Balade-aux-Glachoirs-a\u0300-Saint-Vaast-le\u0300s-Mello-900x506.jpg 900w, https:\/\/www.creilsudoise-tourisme.fr\/wp-content\/uploads\/2021\/03\/Balade-aux-Glachoirs-a\u0300-Saint-Vaast-le\u0300s-Mello-1536x864.jpg 1536w, https:\/\/www.creilsudoise-tourisme.fr\/wp-content\/uploads\/2021\/03\/Balade-aux-Glachoirs-a\u0300-Saint-Vaast-le\u0300s-Mello-200x113.jpg 200w, https:\/\/www.creilsudoise-tourisme.fr\/wp-content\/uploads\/2021\/03\/Balade-aux-Glachoirs-a\u0300-Saint-Vaast-le\u0300s-Mello-650x366.jpg 650w, https:\/\/www.creilsudoise-tourisme.fr\/wp-content\/uploads\/2021\/03\/Balade-aux-Glachoirs-a\u0300-Saint-Vaast-le\u0300s-Mello-387x218.jpg 387w, https:\/\/www.creilsudoise-tourisme.fr\/wp-content\/uploads\/2021\/03\/Balade-aux-Glachoirs-a\u0300-Saint-Vaast-le\u0300s-Mello.jpg 1600w\" sizes=\"(max-width: 1200px) 100vw, 1200px\" \/><\/a><figcaption class=\"wp-element-caption\">Disfrute de un paseo entre gigantescos bloques de piedra tallados en el siglo XIX<\/figcaption><\/figure>\n\n\n\n<figure class=\"wp-block-image size-large\"><a href=\"https:\/\/www.creilsudoise-tourisme.fr\/wp-content\/uploads\/2022\/12\/311738475_542283851237787_23585244554581322_n.jpg\"><img decoding=\"async\" loading=\"lazy\" width=\"1200\" height=\"675\" data-id=\"43757\"  data-src=\"https:\/\/www.creilsudoise-tourisme.fr\/wp-content\/uploads\/2022\/12\/311738475_542283851237787_23585244554581322_n-1200x675.jpg\" alt=\"Glachoires del cielo\" class=\"wp-image-43757\" data-srcset=\"https:\/\/www.creilsudoise-tourisme.fr\/wp-content\/uploads\/2022\/12\/311738475_542283851237787_23585244554581322_n-1200x675.jpg 1200w, https:\/\/www.creilsudoise-tourisme.fr\/wp-content\/uploads\/2022\/12\/311738475_542283851237787_23585244554581322_n-600x338.jpg 600w, https:\/\/www.creilsudoise-tourisme.fr\/wp-content\/uploads\/2022\/12\/311738475_542283851237787_23585244554581322_n-900x507.jpg 900w, https:\/\/www.creilsudoise-tourisme.fr\/wp-content\/uploads\/2022\/12\/311738475_542283851237787_23585244554581322_n-200x113.jpg 200w, https:\/\/www.creilsudoise-tourisme.fr\/wp-content\/uploads\/2022\/12\/311738475_542283851237787_23585244554581322_n-650x366.jpg 650w, https:\/\/www.creilsudoise-tourisme.fr\/wp-content\/uploads\/2022\/12\/311738475_542283851237787_23585244554581322_n-387x218.jpg 387w, https:\/\/www.creilsudoise-tourisme.fr\/wp-content\/uploads\/2022\/12\/311738475_542283851237787_23585244554581322_n.jpg 1400w\" sizes=\"(max-width: 1200px) 100vw, 1200px\" \/><\/a><figcaption class=\"wp-element-caption\">Glachoires del cielo<\/figcaption><\/figure>\n\n\n\n<figure class=\"wp-block-image size-large\"><a href=\"https:\/\/www.creilsudoise-tourisme.fr\/wp-content\/uploads\/2021\/03\/Les-Glachoirs-un-site-dexception-a\u0300-Saint-Vaast-le\u0300s-Mello.jpg\"><img decoding=\"async\" loading=\"lazy\" width=\"1200\" height=\"675\" data-id=\"32789\"  data-src=\"https:\/\/www.creilsudoise-tourisme.fr\/wp-content\/uploads\/2021\/03\/Les-Glachoirs-un-site-dexception-a\u0300-Saint-Vaast-le\u0300s-Mello-1200x675.jpg\" alt=\"\" class=\"wp-image-32789\" data-srcset=\"https:\/\/www.creilsudoise-tourisme.fr\/wp-content\/uploads\/2021\/03\/Les-Glachoirs-un-site-dexception-a\u0300-Saint-Vaast-le\u0300s-Mello-1200x675.jpg 1200w, https:\/\/www.creilsudoise-tourisme.fr\/wp-content\/uploads\/2021\/03\/Les-Glachoirs-un-site-dexception-a\u0300-Saint-Vaast-le\u0300s-Mello-600x338.jpg 600w, https:\/\/www.creilsudoise-tourisme.fr\/wp-content\/uploads\/2021\/03\/Les-Glachoirs-un-site-dexception-a\u0300-Saint-Vaast-le\u0300s-Mello-900x506.jpg 900w, https:\/\/www.creilsudoise-tourisme.fr\/wp-content\/uploads\/2021\/03\/Les-Glachoirs-un-site-dexception-a\u0300-Saint-Vaast-le\u0300s-Mello-1536x864.jpg 1536w, https:\/\/www.creilsudoise-tourisme.fr\/wp-content\/uploads\/2021\/03\/Les-Glachoirs-un-site-dexception-a\u0300-Saint-Vaast-le\u0300s-Mello-200x113.jpg 200w, https:\/\/www.creilsudoise-tourisme.fr\/wp-content\/uploads\/2021\/03\/Les-Glachoirs-un-site-dexception-a\u0300-Saint-Vaast-le\u0300s-Mello-650x366.jpg 650w, https:\/\/www.creilsudoise-tourisme.fr\/wp-content\/uploads\/2021\/03\/Les-Glachoirs-un-site-dexception-a\u0300-Saint-Vaast-le\u0300s-Mello-387x218.jpg 387w, https:\/\/www.creilsudoise-tourisme.fr\/wp-content\/uploads\/2021\/03\/Les-Glachoirs-un-site-dexception-a\u0300-Saint-Vaast-le\u0300s-Mello.jpg 1600w\" sizes=\"(max-width: 1200px) 100vw, 1200px\" \/><\/a><figcaption class=\"wp-element-caption\">Paseos y descubrimientos por los Glachoires<\/figcaption><\/figure>\n<\/figure>\n\n\n\n<h3>Les Glachoirs, paraje natural protegido<\/h3>\n\n\n\n<p>Les Glachoirs tambi\u00e9n presumen de una biodiversidad \u00fanica, ofreciendo un entorno que tiene poco en com\u00fan con los paisajes locales tradicionales. L'<strong>la zona est\u00e1 clasificada como Zona Natural de Inter\u00e9s Ecol\u00f3gico, Faun\u00edstico y Flor\u00edstico<\/strong> Esta zona alberga muchas especies de plantas, como orqu\u00eddeas, y animales, y debe preservarse (aseg\u00farese de recoger todas sus pertenencias y basura cuando salga a pasear o de picnic y, sobre todo, nunca recoja flores o plantas).<\/p>\n\n\n\n<p>Para completar su paseo, no se pierda el<a href=\"https:\/\/www.creilsudoise-tourisme.fr\/es\/espace-naturel\/marais-de-chantraine\/\" target=\"_blank\" rel=\"noreferrer noopener\"><strong>Estanque de Saint-Vaast<\/strong> (o Marais de Chantraine)<\/a>Tambi\u00e9n es Zona Protegida por su excepcional flora y fauna.<\/p>\n\n\n\n<h3>Les Glachoirs, un lugar de escalada \u00fanico<\/h3>\n\n\n\n<p>Desde 2019, gracias a una asociaci\u00f3n entre la<a href=\"https:\/\/www.creilsudoise.fr\/\" target=\"_blank\" rel=\"noreferrer noopener\">Aglomeraci\u00f3n Creil Sud Oise<\/a>las ciudades de <a href=\"https:\/\/saintvaastlesmello.neopse-site.fr\/fr\/\" target=\"_blank\" rel=\"noreferrer noopener\">Saint-Vaast-l\u00e8s-Mello<\/a> y <a href=\"http:\/\/www.mairie-montataire.fr\/\" target=\"_blank\" rel=\"noreferrer noopener\">Montataire<\/a>la empresa <a href=\"http:\/\/www.bpelecieux.com\/\" target=\"_blank\" rel=\"noreferrer noopener\">B.P.E Lecieux<\/a> (propietario del emplazamiento), el <a href=\"https:\/\/cdffme60.wixsite.com\/ctffme60\/\" target=\"_blank\" rel=\"noreferrer noopener\">Comit\u00e9 Territorial de la F\u00e9d\u00e9ration Fran\u00e7aise de la Montagne et de l'Escalade de l'Oise (Comit\u00e9 Territorial de la Federaci\u00f3n Francesa de Monta\u00f1a y Escalada del Oise)<\/a> y el <a href=\"http:\/\/www.cen-hautsdefrance.org\/\" target=\"_blank\" rel=\"noreferrer noopener\">Conservatorio de Espacios Naturales de Picard\u00eda<\/a>s, el <strong>Glachoirs se ha convertido en un lugar popular para los aficionados a la escalada y en uno de los parajes m\u00e1s bellos del mundo. <a href=\"https:\/\/www.creilsudoise-tourisme.fr\/es\/i-search\/actividad-de-escalada\/\" target=\"_blank\" rel=\"noreferrer noopener\">escalada <\/a>de Hauts-de-France<\/strong>. La F\u00e9d\u00e9ration Fran\u00e7aise de la Montagne et de l'Escalade de l'Oise se encarga regularmente del mantenimiento de los cerca de 200 itinerarios abiertos, \u00a1algunos de 12 metros de altura!<\/p>\n\n\n\n<figure class=\"is-layout-flex wp-block-gallery-3 wp-block-gallery alignfull has-nested-images columns-2 is-cropped\">\n<figure class=\"wp-block-image size-large\"><a href=\"https:\/\/www.creilsudoise-tourisme.fr\/wp-content\/uploads\/2021\/03\/Escalade-aux-Glachoirs-a\u0300-Saint-Vaast-le\u0300s-Mello.jpg\"><img decoding=\"async\" loading=\"lazy\" width=\"1200\" height=\"675\" data-id=\"32794\"  data-src=\"https:\/\/www.creilsudoise-tourisme.fr\/wp-content\/uploads\/2021\/03\/Escalade-aux-Glachoirs-a\u0300-Saint-Vaast-le\u0300s-Mello-1200x675.jpg\" alt=\"\" class=\"wp-image-32794\" data-srcset=\"https:\/\/www.creilsudoise-tourisme.fr\/wp-content\/uploads\/2021\/03\/Escalade-aux-Glachoirs-a\u0300-Saint-Vaast-le\u0300s-Mello-1200x675.jpg 1200w, https:\/\/www.creilsudoise-tourisme.fr\/wp-content\/uploads\/2021\/03\/Escalade-aux-Glachoirs-a\u0300-Saint-Vaast-le\u0300s-Mello-600x338.jpg 600w, https:\/\/www.creilsudoise-tourisme.fr\/wp-content\/uploads\/2021\/03\/Escalade-aux-Glachoirs-a\u0300-Saint-Vaast-le\u0300s-Mello-900x506.jpg 900w, https:\/\/www.creilsudoise-tourisme.fr\/wp-content\/uploads\/2021\/03\/Escalade-aux-Glachoirs-a\u0300-Saint-Vaast-le\u0300s-Mello-1536x864.jpg 1536w, https:\/\/www.creilsudoise-tourisme.fr\/wp-content\/uploads\/2021\/03\/Escalade-aux-Glachoirs-a\u0300-Saint-Vaast-le\u0300s-Mello-200x113.jpg 200w, https:\/\/www.creilsudoise-tourisme.fr\/wp-content\/uploads\/2021\/03\/Escalade-aux-Glachoirs-a\u0300-Saint-Vaast-le\u0300s-Mello-650x366.jpg 650w, https:\/\/www.creilsudoise-tourisme.fr\/wp-content\/uploads\/2021\/03\/Escalade-aux-Glachoirs-a\u0300-Saint-Vaast-le\u0300s-Mello-387x218.jpg 387w, https:\/\/www.creilsudoise-tourisme.fr\/wp-content\/uploads\/2021\/03\/Escalade-aux-Glachoirs-a\u0300-Saint-Vaast-le\u0300s-Mello.jpg 1600w\" sizes=\"(max-width: 1200px) 100vw, 1200px\" \/><\/a><\/figure>\n\n\n\n<figure class=\"wp-block-image size-large\"><a href=\"https:\/\/www.creilsudoise-tourisme.fr\/wp-content\/uploads\/2021\/03\/Escalade-a\u0300-Saint-Vaast-le\u0300s-Mello.jpg\"><img decoding=\"async\" loading=\"lazy\" width=\"1200\" height=\"542\" data-id=\"32795\"  data-src=\"https:\/\/www.creilsudoise-tourisme.fr\/wp-content\/uploads\/2021\/03\/Escalade-a\u0300-Saint-Vaast-le\u0300s-Mello-1200x542.jpg\" alt=\"\" class=\"wp-image-32795\" data-srcset=\"https:\/\/www.creilsudoise-tourisme.fr\/wp-content\/uploads\/2021\/03\/Escalade-a\u0300-Saint-Vaast-le\u0300s-Mello-1200x542.jpg 1200w, https:\/\/www.creilsudoise-tourisme.fr\/wp-content\/uploads\/2021\/03\/Escalade-a\u0300-Saint-Vaast-le\u0300s-Mello-600x271.jpg 600w, https:\/\/www.creilsudoise-tourisme.fr\/wp-content\/uploads\/2021\/03\/Escalade-a\u0300-Saint-Vaast-le\u0300s-Mello-900x406.jpg 900w, https:\/\/www.creilsudoise-tourisme.fr\/wp-content\/uploads\/2021\/03\/Escalade-a\u0300-Saint-Vaast-le\u0300s-Mello-1536x693.jpg 1536w, https:\/\/www.creilsudoise-tourisme.fr\/wp-content\/uploads\/2021\/03\/Escalade-a\u0300-Saint-Vaast-le\u0300s-Mello-200x90.jpg 200w, https:\/\/www.creilsudoise-tourisme.fr\/wp-content\/uploads\/2021\/03\/Escalade-a\u0300-Saint-Vaast-le\u0300s-Mello-650x293.jpg 650w, https:\/\/www.creilsudoise-tourisme.fr\/wp-content\/uploads\/2021\/03\/Escalade-a\u0300-Saint-Vaast-le\u0300s-Mello-387x175.jpg 387w, https:\/\/www.creilsudoise-tourisme.fr\/wp-content\/uploads\/2021\/03\/Escalade-a\u0300-Saint-Vaast-le\u0300s-Mello.jpg 1600w\" sizes=\"(max-width: 1200px) 100vw, 1200px\" \/><\/a><\/figure>\n\n\n\n<figure class=\"wp-block-image size-large\"><a href=\"https:\/\/www.creilsudoise-tourisme.fr\/wp-content\/uploads\/2021\/03\/Escalade-sur-le-fronton-des-Glachoirs-a\u0300-Saint-Vaast-le\u0300s-Mello.jpg\"><img decoding=\"async\" loading=\"lazy\" width=\"1200\" height=\"675\" data-id=\"32796\"  data-src=\"https:\/\/www.creilsudoise-tourisme.fr\/wp-content\/uploads\/2021\/03\/Escalade-sur-le-fronton-des-Glachoirs-a\u0300-Saint-Vaast-le\u0300s-Mello-1200x675.jpg\" alt=\"\" class=\"wp-image-32796\" data-srcset=\"https:\/\/www.creilsudoise-tourisme.fr\/wp-content\/uploads\/2021\/03\/Escalade-sur-le-fronton-des-Glachoirs-a\u0300-Saint-Vaast-le\u0300s-Mello-1200x675.jpg 1200w, https:\/\/www.creilsudoise-tourisme.fr\/wp-content\/uploads\/2021\/03\/Escalade-sur-le-fronton-des-Glachoirs-a\u0300-Saint-Vaast-le\u0300s-Mello-600x338.jpg 600w, https:\/\/www.creilsudoise-tourisme.fr\/wp-content\/uploads\/2021\/03\/Escalade-sur-le-fronton-des-Glachoirs-a\u0300-Saint-Vaast-le\u0300s-Mello-900x506.jpg 900w, https:\/\/www.creilsudoise-tourisme.fr\/wp-content\/uploads\/2021\/03\/Escalade-sur-le-fronton-des-Glachoirs-a\u0300-Saint-Vaast-le\u0300s-Mello-1536x864.jpg 1536w, https:\/\/www.creilsudoise-tourisme.fr\/wp-content\/uploads\/2021\/03\/Escalade-sur-le-fronton-des-Glachoirs-a\u0300-Saint-Vaast-le\u0300s-Mello-200x113.jpg 200w, https:\/\/www.creilsudoise-tourisme.fr\/wp-content\/uploads\/2021\/03\/Escalade-sur-le-fronton-des-Glachoirs-a\u0300-Saint-Vaast-le\u0300s-Mello-650x366.jpg 650w, https:\/\/www.creilsudoise-tourisme.fr\/wp-content\/uploads\/2021\/03\/Escalade-sur-le-fronton-des-Glachoirs-a\u0300-Saint-Vaast-le\u0300s-Mello-387x218.jpg 387w, https:\/\/www.creilsudoise-tourisme.fr\/wp-content\/uploads\/2021\/03\/Escalade-sur-le-fronton-des-Glachoirs-a\u0300-Saint-Vaast-le\u0300s-Mello.jpg 1600w\" sizes=\"(max-width: 1200px) 100vw, 1200px\" \/><\/a><figcaption class=\"wp-element-caption\">Aseg\u00farate de que vas bien equipado para escalar los Glachoirs.<\/figcaption><\/figure>\n<\/figure>\n\n\n\n<div class=\"wp-block wp-block-single-sit wp-block-single-sit-coordonnees\" >\n\n            <h2>Acceda a<\/h2>\n    \n    <div class=\"wp-block-media-text is-stacked-on-mobile\">\n\n        <div class=\"wp-block-media-text__media wpet-map-detail\" style=\"width:100%; height: 100%;\">\n            <div class=\"wp-block-media-text__media__content\" id=\"wpetSingleSitMap\" data-wpet-type-map=\"leaflet\" ><\/div>\n        <\/div>\n\n        <div class=\"wp-block-media-text__content\">\n\n                            <p class=\"wp-block-coordonnees__status wp-block-coordonnees__status--close\">\n                    Cerrado                <\/p>\n            \n            <p class=\"wp-block-media-text__content__address\">\n                                    <strong>Las neveras<\/strong><br \/>\n                \n                                    Rue des Carrieres<br \/>\n                \n                                    <span>60660<\/span>\n                    <span>SAINT-VAAST-LES-MELLO<\/span><br \/>\n                            <\/p>\n\n                                                <p class=\"wp-block-media-text__content__phone\"><a data-type=\"TEL\" href=\"tel: 33 3 75 19 01 70\">+33 3 75 19 01 70<\/a><\/p>\n                            \n            <a href=\"https:\/\/www.google.fr\/maps?saddr&#038;daddr=49.2678676,2.40030460\" target=\"_blank\" class=\"button GtmButtonCalculItinerairePrestataire\" rel=\"noopener noreferrer\">Calcular mi ruta<\/a>\n        <\/div>\n    <\/div>\n<\/div>\n\n\n<div class=\"wp-block wp-block-related-post alignfull\">\n    <div class=\"container\">\n                    <h2 class=\"wp-block-related-post-title\">A los Exploradores tambi\u00e9n les gustaba...<\/h2>\n                <div id=\"wpiris-related-post-108034020340254304471166519428\" data-id=\"wpiris-entity-slider\">\n            <div class=\"wp-block-related-post-list wp-block-related-post-list--8\" data-id=\"wpiris-entity-slider-wrapper\">\n\n                \n<div class=\"entityItem\" data-trigger=\"wpiris-click\" data-id=\"wpiris-entity-slider-item\">\n    <p class=\"entityItemThumbnail\">\n        <a href=\"https:\/\/www.creilsudoise-tourisme.fr\/es\/espace-naturel\/marais-de-chantraine\/\" nofancybox>\n            <img data-src=\"https:\/\/www.creilsudoise-tourisme.fr\/wp-content\/uploads\/wpetourisme\/SAINT-VAAST-LES-MELLO-Etang-Ardoise--1--275x350.jpg\" alt=\"Marismas de Chantraine\">\n        <\/a>\n    <\/p>\n    <div class=\"entityItemContent\">\n        <h2 class=\"entityItemContentTitle\">\n            <a href=\"https:\/\/www.creilsudoise-tourisme.fr\/es\/espace-naturel\/marais-de-chantraine\/\">Marismas de Chantraine<\/a>\n        <\/h2>\n                    <p class=\"entityItemContentType\">Patrimonio natural<\/p>\n            <\/div>\n    <a href=\"https:\/\/www.creilsudoise-tourisme.fr\/es\/espace-naturel\/marais-de-chantraine\/\" class=\"seeMore\"><span class=\"sr-only\">M\u00e1s informaci\u00f3n<\/span><\/a>\n<\/div>\n\n<div class=\"entityItem\" data-trigger=\"wpiris-click\" data-id=\"wpiris-entity-slider-item\">\n    <p class=\"entityItemThumbnail\">\n        <a href=\"https:\/\/www.creilsudoise-tourisme.fr\/es\/loisirs\/base-nautique-de-saint-leu-desserent\/\" nofancybox>\n            <img data-src=\"https:\/\/www.creilsudoise-tourisme.fr\/wp-content\/uploads\/wpetourisme\/Base-nautique-CreilSudOiseTourisme--20--275x350.jpg\" alt=\"Club N\u00e1utico de Saint-Leu-d&#039;Esserent\">\n        <\/a>\n    <\/p>\n    <div class=\"entityItemContent\">\n        <h2 class=\"entityItemContentTitle\">\n            <a href=\"https:\/\/www.creilsudoise-tourisme.fr\/es\/loisirs\/base-nautique-de-saint-leu-desserent\/\">Club N\u00e1utico de Saint-Leu-d'Esserent<\/a>\n        <\/h2>\n                    <p class=\"entityItemContentType\">Actividades deportivas, culturales y tur\u00edsticas<\/p>\n            <\/div>\n    <a href=\"https:\/\/www.creilsudoise-tourisme.fr\/es\/loisirs\/base-nautique-de-saint-leu-desserent\/\" class=\"seeMore\"><span class=\"sr-only\">M\u00e1s informaci\u00f3n<\/span><\/a>\n<\/div>\n\n<div class=\"entityItem\" data-trigger=\"wpiris-click\" data-id=\"wpiris-entity-slider-item\">\n    <p class=\"entityItemThumbnail\">\n        <a href=\"https:\/\/www.creilsudoise-tourisme.fr\/es\/loisirs\/ubicacion-de-velo-axo\/\" nofancybox>\n            <img data-src=\"https:\/\/www.creilsudoise-tourisme.fr\/wp-content\/uploads\/wpetourisme\/Location-velo-AXO-1-275x350.jpg\" alt=\"Alquiler y reparaci\u00f3n de bicicletas_ Relai v\u00e9lo AXO\">\n        <\/a>\n    <\/p>\n    <div class=\"entityItemContent\">\n        <h2 class=\"entityItemContentTitle\">\n            <a href=\"https:\/\/www.creilsudoise-tourisme.fr\/es\/loisirs\/ubicacion-de-velo-axo\/\">Alquiler y reparaci\u00f3n de bicicletas_ Relai v\u00e9lo AXO<\/a>\n        <\/h2>\n                    <p class=\"entityItemContentType\">Actividades deportivas, culturales y tur\u00edsticas<\/p>\n            <\/div>\n    <a href=\"https:\/\/www.creilsudoise-tourisme.fr\/es\/loisirs\/ubicacion-de-velo-axo\/\" class=\"seeMore\"><span class=\"sr-only\">M\u00e1s informaci\u00f3n<\/span><\/a>\n<\/div>\n\n<div class=\"entityItem\" data-trigger=\"wpiris-click\" data-id=\"wpiris-entity-slider-item\">\n    <p class=\"entityItemThumbnail\">\n        <a href=\"https:\/\/www.creilsudoise-tourisme.fr\/es\/loisirs\/base-de-loisirs-saint-leu-desserent\/\" nofancybox>\n            <img data-src=\"https:\/\/www.creilsudoise-tourisme.fr\/wp-content\/uploads\/wpetourisme\/Base-de-Loisirs-de-Saint-Leu-d-Esserent-275x350.jpg\" alt=\"Centro de ocio de Saint-Leu-d&#039;Esserent\">\n        <\/a>\n    <\/p>\n    <div class=\"entityItemContent\">\n        <h2 class=\"entityItemContentTitle\">\n            <a href=\"https:\/\/www.creilsudoise-tourisme.fr\/es\/loisirs\/base-de-loisirs-saint-leu-desserent\/\">Centro de ocio de Saint-Leu-d'Esserent<\/a>\n        <\/h2>\n                    <p class=\"entityItemContentType\">Actividades deportivas, culturales y tur\u00edsticas<\/p>\n            <\/div>\n    <a href=\"https:\/\/www.creilsudoise-tourisme.fr\/es\/loisirs\/base-de-loisirs-saint-leu-desserent\/\" class=\"seeMore\"><span class=\"sr-only\">M\u00e1s informaci\u00f3n<\/span><\/a>\n<\/div>\n\n<div class=\"entityItem\" data-trigger=\"wpiris-click\" data-id=\"wpiris-entity-slider-item\">\n    <p class=\"entityItemThumbnail\">\n        <a href=\"https:\/\/www.creilsudoise-tourisme.fr\/es\/balade-randonnee\/la-randonnee-des-carrieres\/\" nofancybox>\n            <img data-src=\"https:\/\/www.creilsudoise-tourisme.fr\/wp-content\/uploads\/wpetourisme\/Saint-vaast-les-mello-2020-randonnee-glachoirs-CreilSudOiseTourisme-2-275x350.jpg\" alt=\"El paseo de la cantera\">\n        <\/a>\n    <\/p>\n    <div class=\"entityItemContent\">\n        <h2 class=\"entityItemContentTitle\">\n            <a href=\"https:\/\/www.creilsudoise-tourisme.fr\/es\/balade-randonnee\/la-randonnee-des-carrieres\/\">El paseo de la cantera<\/a>\n        <\/h2>\n                    <p class=\"entityItemContentType\">Senderismo<\/p>\n            <\/div>\n    <a href=\"https:\/\/www.creilsudoise-tourisme.fr\/es\/balade-randonnee\/la-randonnee-des-carrieres\/\" class=\"seeMore\"><span class=\"sr-only\">M\u00e1s informaci\u00f3n<\/span><\/a>\n<\/div>\n\n<div class=\"entityItem\" data-trigger=\"wpiris-click\" data-id=\"wpiris-entity-slider-item\">\n    <p class=\"entityItemThumbnail\">\n        <a href=\"https:\/\/www.creilsudoise-tourisme.fr\/es\/loisirs\/merendero-de-saint-leu-desserent\/\" nofancybox>\n            <img data-src=\"https:\/\/www.creilsudoise-tourisme.fr\/wp-content\/uploads\/wpetourisme\/IMG20190901131144-275x350.jpg\" alt=\"\u00c1rea de picnic de Saint-Leu-d&#039;Esserent\">\n        <\/a>\n    <\/p>\n    <div class=\"entityItemContent\">\n        <h2 class=\"entityItemContentTitle\">\n            <a href=\"https:\/\/www.creilsudoise-tourisme.fr\/es\/loisirs\/merendero-de-saint-leu-desserent\/\">\u00c1rea de picnic de Saint-Leu-d'Esserent<\/a>\n        <\/h2>\n                    <p class=\"entityItemContentType\">Actividades deportivas, culturales y tur\u00edsticas<\/p>\n            <\/div>\n    <a href=\"https:\/\/www.creilsudoise-tourisme.fr\/es\/loisirs\/merendero-de-saint-leu-desserent\/\" class=\"seeMore\"><span class=\"sr-only\">M\u00e1s informaci\u00f3n<\/span><\/a>\n<\/div>\n            <\/div>\n\n            \n<div class=\"sliderNav\">\n    <div class=\"sliderNavWrapper\">\n        <p class=\"swiperArrow swiperArrow--next\" data-trigger=\"swiper-next\">\n            <span class=\"sr-only\">Siguiente<\/span>\n        <\/p>\n        <p class=\"swiperArrow swiperArrow--prev\" data-trigger=\"swiper-prev\">\n            <span class=\"sr-only\">Anterior<\/span>\n        <\/p>\n    <\/div>\n<\/div>\n        <\/div>\n    <\/div>\n<\/div>","protected":false},"excerpt":{"rendered":"<p>Para los amantes de la escalada, no hace falta desplazarse hasta Fontainebleau. Les Glachoirs, paraje natural excepcional situado en Saint-Vaast-l\u00e8s-Mello y Montataire, ofrece rutas de escalada y senderismo a pocos kil\u00f3metros de Par\u00eds, cerca de los bosques de Chantilly y Compi\u00e8gne. Les Glachoirs, un paraje excepcional para practicar senderismo y [...]<\/p>","protected":false},"author":1,"featured_media":32267,"parent":131,"menu_order":11,"comment_status":"closed","ping_status":"closed","template":"","meta":{"_relevanssi_hide_post":"","_relevanssi_hide_content":"","_relevanssi_pin_for_all":"","_relevanssi_pin_keywords":"","_relevanssi_unpin_keywords":"","_relevanssi_related_keywords":"","_relevanssi_related_include_ids":"","_relevanssi_related_exclude_ids":"","_relevanssi_related_no_append":"","_relevanssi_related_not_related":"","_relevanssi_related_posts":"267,273,275,271","_relevanssi_noindex_reason":""},"yoast_head":"<!-- This site is optimized with the Yoast SEO plugin v20.2.1 - https:\/\/yoast.com\/wordpress\/plugins\/seo\/ -->\n<title>Les Glachoirs, un site unique de randonn\u00e9es et d\u2019escalade<\/title>\n<meta name=\"description\" content=\"Parcourez les Glachoirs et ses gigantesques blocs de pierre couverts de pins dans le Sud de l\u2019Oise, pr\u00e8s de Chantilly\" \/>\n<meta name=\"robots\" content=\"index, follow, max-snippet:-1, max-image-preview:large, max-video-preview:-1\" \/>\n<link rel=\"canonical\" href=\"https:\/\/www.creilsudoise-tourisme.fr\/es\/jexplore\/imprescindibles\/refrigeradores\/\" \/>\n<meta property=\"og:locale\" content=\"es_ES\" \/>\n<meta property=\"og:type\" content=\"article\" \/>\n<meta property=\"og:title\" content=\"Les Glachoirs, un site unique de randonn\u00e9es et d\u2019escalade\" \/>\n<meta property=\"og:description\" content=\"Parcourez les Glachoirs et ses gigantesques blocs de pierre couverts de pins dans le Sud de l\u2019Oise, pr\u00e8s de Chantilly\" \/>\n<meta property=\"og:url\" content=\"https:\/\/www.creilsudoise-tourisme.fr\/es\/jexplore\/imprescindibles\/refrigeradores\/\" \/>\n<meta property=\"og:site_name\" content=\"Office de Tourisme Creil Sud Oise\" \/>\n<meta property=\"article:publisher\" content=\"https:\/\/www.facebook.com\/creilsudoisetourisme\/\" \/>\n<meta property=\"article:modified_time\" content=\"2025-09-15T08:05:17+00:00\" \/>\n<meta property=\"og:image\" content=\"https:\/\/www.creilsudoise-tourisme.fr\/wp-content\/uploads\/2021\/03\/escalade-sur-le-fronton-des-glachoirs-a-saint-vaast-les-mello.jpg\" \/>\n\t<meta property=\"og:image:width\" content=\"1600\" \/>\n\t<meta property=\"og:image:height\" content=\"900\" \/>\n\t<meta property=\"og:image:type\" content=\"image\/jpeg\" \/>\n<meta name=\"twitter:card\" content=\"summary_large_image\" \/>\n<meta name=\"twitter:site\" content=\"@CreilSudOiseOT\" \/>\n<meta name=\"twitter:label1\" content=\"Tiempo de lectura\" \/>\n\t<meta name=\"twitter:data1\" content=\"4 minutos\" \/>\n<script type=\"application\/ld+json\" class=\"yoast-schema-graph\">{\"@context\":\"https:\/\/schema.org\",\"@graph\":[{\"@type\":\"WebPage\",\"@id\":\"https:\/\/www.creilsudoise-tourisme.fr\/jexplore\/incontournables\/glachoirs\/\",\"url\":\"https:\/\/www.creilsudoise-tourisme.fr\/jexplore\/incontournables\/glachoirs\/\",\"name\":\"Les Glachoirs, un site unique de randonn\u00e9es et d\u2019escalade\",\"isPartOf\":{\"@id\":\"https:\/\/www.creilsudoise-tourisme.fr\/#website\"},\"datePublished\":\"2021-02-17T09:02:48+00:00\",\"dateModified\":\"2025-09-15T08:05:17+00:00\",\"description\":\"Parcourez les Glachoirs et ses gigantesques blocs de pierre couverts de pins dans le Sud de l\u2019Oise, pr\u00e8s de Chantilly\",\"breadcrumb\":{\"@id\":\"https:\/\/www.creilsudoise-tourisme.fr\/jexplore\/incontournables\/glachoirs\/#breadcrumb\"},\"inLanguage\":\"es\",\"potentialAction\":[{\"@type\":\"ReadAction\",\"target\":[\"https:\/\/www.creilsudoise-tourisme.fr\/jexplore\/incontournables\/glachoirs\/\"]}]},{\"@type\":\"BreadcrumbList\",\"@id\":\"https:\/\/www.creilsudoise-tourisme.fr\/jexplore\/incontournables\/glachoirs\/#breadcrumb\",\"itemListElement\":[{\"@type\":\"ListItem\",\"position\":1,\"name\":\"Accueil\",\"item\":\"https:\/\/www.creilsudoise-tourisme.fr\/\"},{\"@type\":\"ListItem\",\"position\":2,\"name\":\"J&rsquo;explore\",\"item\":\"https:\/\/www.creilsudoise-tourisme.fr\/jexplore\/\"},{\"@type\":\"ListItem\",\"position\":3,\"name\":\"Les incontournables\",\"item\":\"https:\/\/www.creilsudoise-tourisme.fr\/jexplore\/incontournables\/\"},{\"@type\":\"ListItem\",\"position\":4,\"name\":\"Les Glachoirs\"}]},{\"@type\":\"WebSite\",\"@id\":\"https:\/\/www.creilsudoise-tourisme.fr\/#website\",\"url\":\"https:\/\/www.creilsudoise-tourisme.fr\/\",\"name\":\"Office de Tourisme Creil Sud Oise\",\"description\":\"Creil Sud Oise Tourisme, un territoire \u00e0 explorer !\",\"publisher\":{\"@id\":\"https:\/\/www.creilsudoise-tourisme.fr\/#organization\"},\"potentialAction\":[{\"@type\":\"SearchAction\",\"target\":{\"@type\":\"EntryPoint\",\"urlTemplate\":\"https:\/\/www.creilsudoise-tourisme.fr\/?s={search_term_string}\"},\"query-input\":\"required name=search_term_string\"}],\"inLanguage\":\"es\"},{\"@type\":\"Organization\",\"@id\":\"https:\/\/www.creilsudoise-tourisme.fr\/#organization\",\"name\":\"Creil Sud Oise Tourisme\",\"url\":\"https:\/\/www.creilsudoise-tourisme.fr\/\",\"logo\":{\"@type\":\"ImageObject\",\"inLanguage\":\"es\",\"@id\":\"https:\/\/www.creilsudoise-tourisme.fr\/#\/schema\/logo\/image\/\",\"url\":\"https:\/\/www.creilsudoise-tourisme.fr\/wp-content\/uploads\/2021\/05\/logo-svg.png\",\"contentUrl\":\"https:\/\/www.creilsudoise-tourisme.fr\/wp-content\/uploads\/2021\/05\/logo-svg.png\",\"width\":182,\"height\":71,\"caption\":\"Creil Sud Oise Tourisme\"},\"image\":{\"@id\":\"https:\/\/www.creilsudoise-tourisme.fr\/#\/schema\/logo\/image\/\"},\"sameAs\":[\"https:\/\/www.facebook.com\/creilsudoisetourisme\/\",\"https:\/\/twitter.com\/CreilSudOiseOT\",\"https:\/\/www.instagram.com\/creilsudoisetourisme\/\",\"https:\/\/www.youtube.com\/channel\/UC8L_QD2wwyADW14zt9fY8kw\"]}]}<\/script>\n<!-- \/ Yoast SEO plugin. -->","yoast_head_json":{"title":"Les Glachoirs, un site unique de randonn\u00e9es et d\u2019escalade","description":"Parcourez les Glachoirs et ses gigantesques blocs de pierre couverts de pins dans le Sud de l\u2019Oise, pr\u00e8s de Chantilly","robots":{"index":"index","follow":"follow","max-snippet":"max-snippet:-1","max-image-preview":"max-image-preview:large","max-video-preview":"max-video-preview:-1"},"canonical":"https:\/\/www.creilsudoise-tourisme.fr\/es\/jexplore\/imprescindibles\/refrigeradores\/","og_locale":"es_ES","og_type":"article","og_title":"Les Glachoirs, un site unique de randonn\u00e9es et d\u2019escalade","og_description":"Parcourez les Glachoirs et ses gigantesques blocs de pierre couverts de pins dans le Sud de l\u2019Oise, pr\u00e8s de Chantilly","og_url":"https:\/\/www.creilsudoise-tourisme.fr\/es\/jexplore\/imprescindibles\/refrigeradores\/","og_site_name":"Office de Tourisme Creil Sud Oise","article_publisher":"https:\/\/www.facebook.com\/creilsudoisetourisme\/","article_modified_time":"2025-09-15T08:05:17+00:00","og_image":[{"width":1600,"height":900,"url":"https:\/\/www.creilsudoise-tourisme.fr\/wp-content\/uploads\/2021\/03\/escalade-sur-le-fronton-des-glachoirs-a-saint-vaast-les-mello.jpg","type":"image\/jpeg"}],"twitter_card":"summary_large_image","twitter_site":"@CreilSudOiseOT","twitter_misc":{"Tiempo de lectura":"4 minutos"},"schema":{"@context":"https:\/\/schema.org","@graph":[{"@type":"WebPage","@id":"https:\/\/www.creilsudoise-tourisme.fr\/jexplore\/incontournables\/glachoirs\/","url":"https:\/\/www.creilsudoise-tourisme.fr\/jexplore\/incontournables\/glachoirs\/","name":"Les Glachoirs, un site unique de randonn\u00e9es et d\u2019escalade","isPartOf":{"@id":"https:\/\/www.creilsudoise-tourisme.fr\/#website"},"datePublished":"2021-02-17T09:02:48+00:00","dateModified":"2025-09-15T08:05:17+00:00","description":"Parcourez les Glachoirs et ses gigantesques blocs de pierre couverts de pins dans le Sud de l\u2019Oise, pr\u00e8s de Chantilly","breadcrumb":{"@id":"https:\/\/www.creilsudoise-tourisme.fr\/jexplore\/incontournables\/glachoirs\/#breadcrumb"},"inLanguage":"es","potentialAction":[{"@type":"ReadAction","target":["https:\/\/www.creilsudoise-tourisme.fr\/jexplore\/incontournables\/glachoirs\/"]}]},{"@type":"BreadcrumbList","@id":"https:\/\/www.creilsudoise-tourisme.fr\/jexplore\/incontournables\/glachoirs\/#breadcrumb","itemListElement":[{"@type":"ListItem","position":1,"name":"Accueil","item":"https:\/\/www.creilsudoise-tourisme.fr\/"},{"@type":"ListItem","position":2,"name":"J&rsquo;explore","item":"https:\/\/www.creilsudoise-tourisme.fr\/jexplore\/"},{"@type":"ListItem","position":3,"name":"Les incontournables","item":"https:\/\/www.creilsudoise-tourisme.fr\/jexplore\/incontournables\/"},{"@type":"ListItem","position":4,"name":"Les Glachoirs"}]},{"@type":"WebSite","@id":"https:\/\/www.creilsudoise-tourisme.fr\/#website","url":"https:\/\/www.creilsudoise-tourisme.fr\/","name":"Office de Tourisme Creil Sud Oise","description":"Creil Sud Oise Tourisme, un territoire \u00e0 explorer !","publisher":{"@id":"https:\/\/www.creilsudoise-tourisme.fr\/#organization"},"potentialAction":[{"@type":"SearchAction","target":{"@type":"EntryPoint","urlTemplate":"https:\/\/www.creilsudoise-tourisme.fr\/?s={search_term_string}"},"query-input":"required name=search_term_string"}],"inLanguage":"es"},{"@type":"Organization","@id":"https:\/\/www.creilsudoise-tourisme.fr\/#organization","name":"Creil Sud Oise Tourisme","url":"https:\/\/www.creilsudoise-tourisme.fr\/","logo":{"@type":"ImageObject","inLanguage":"es","@id":"https:\/\/www.creilsudoise-tourisme.fr\/#\/schema\/logo\/image\/","url":"https:\/\/www.creilsudoise-tourisme.fr\/wp-content\/uploads\/2021\/05\/logo-svg.png","contentUrl":"https:\/\/www.creilsudoise-tourisme.fr\/wp-content\/uploads\/2021\/05\/logo-svg.png","width":182,"height":71,"caption":"Creil Sud Oise Tourisme"},"image":{"@id":"https:\/\/www.creilsudoise-tourisme.fr\/#\/schema\/logo\/image\/"},"sameAs":["https:\/\/www.facebook.com\/creilsudoisetourisme\/","https:\/\/twitter.com\/CreilSudOiseOT","https:\/\/www.instagram.com\/creilsudoisetourisme\/","https:\/\/www.youtube.com\/channel\/UC8L_QD2wwyADW14zt9fY8kw"]}]}},"_links":{"self":[{"href":"https:\/\/www.creilsudoise-tourisme.fr\/es\/wp-json\/wp\/v2\/pages\/157"}],"collection":[{"href":"https:\/\/www.creilsudoise-tourisme.fr\/es\/wp-json\/wp\/v2\/pages"}],"about":[{"href":"https:\/\/www.creilsudoise-tourisme.fr\/es\/wp-json\/wp\/v2\/types\/page"}],"author":[{"embeddable":true,"href":"https:\/\/www.creilsudoise-tourisme.fr\/es\/wp-json\/wp\/v2\/users\/1"}],"replies":[{"embeddable":true,"href":"https:\/\/www.creilsudoise-tourisme.fr\/es\/wp-json\/wp\/v2\/comments?post=157"}],"version-history":[{"count":26,"href":"https:\/\/www.creilsudoise-tourisme.fr\/es\/wp-json\/wp\/v2\/pages\/157\/revisions"}],"predecessor-version":[{"id":65148,"href":"https:\/\/www.creilsudoise-tourisme.fr\/es\/wp-json\/wp\/v2\/pages\/157\/revisions\/65148"}],"up":[{"embeddable":true,"href":"https:\/\/www.creilsudoise-tourisme.fr\/es\/wp-json\/wp\/v2\/pages\/131"}],"wp:featuredmedia":[{"embeddable":true,"href":"https:\/\/www.creilsudoise-tourisme.fr\/es\/wp-json\/wp\/v2\/media\/32267"}],"wp:attachment":[{"href":"https:\/\/www.creilsudoise-tourisme.fr\/es\/wp-json\/wp\/v2\/media?parent=157"}],"curies":[{"name":"wp","href":"https:\/\/api.w.org\/{rel}","templated":true}]}}