{"id":145,"date":"2021-02-17T10:02:38","date_gmt":"2021-02-17T09:02:38","guid":{"rendered":"https:\/\/www.creilsudoise-tourisme.fr\/le-musee-galle-juillet-et-la-maison-de-la-faience\/"},"modified":"2026-03-09T15:58:40","modified_gmt":"2026-03-09T14:58:40","slug":"musee-galle-juillet","status":"publish","type":"page","link":"https:\/\/www.creilsudoise-tourisme.fr\/es\/jexplore\/imprescindibles\/musee-galle-juillet\/","title":{"rendered":"Museo Gall\u00e9-Juillet"},"content":{"rendered":"<p class=\"is-style-excerpt\">Situado a pocos kil\u00f3metros de Chantilly y Senlis, en Creil, el <strong>Museo Gall\u00e9-Juillet <\/strong>ofrece una visi\u00f3n sorprendente de la <strong>el pasado de la ciudad<\/strong>a trav\u00e9s del conmovedor testimonio de un<strong> familia que vivi\u00f3 all\u00ed a principios del siglo pasado<\/strong> y la exposici\u00f3n de <strong>varios centenares de piezas de loza<\/strong>algunos estampados<strong> Creil-Montereau<\/strong>. <strong>Pero no s\u00f3lo eso...<\/strong><\/p>\n\n\n\n<div class=\"wp-block-strate-full alignfull\">\n\n    <div class=\"wp-block-strate-full-thumbnail\">\n        <img data-src=\"https:\/\/www.creilsudoise-tourisme.fr\/wp-content\/uploads\/wpetourisme\/4--Anne-Sophie-FLAMENT--ville-de-creil--MGJ--chambre-1600x900.jpg\" alt=\"Visita al Museo Gall\u00e9-Juillet de Creil\">\n    <\/div>\n\n\t\n        <div class=\"wp-block-strate-full-content wp-block-strate-full-content-right\">\n\t\t\t                <h3 class=\"wp-block-strate-full-content-title\"> Un viaje en el tiempo... <\/h3>\n\t\t\t\t\t\t                <p class=\"wp-block-strate-full-content-excerpt\"> Tenemos en cuenta <strong>el aspecto de estos ocupantes <\/strong>cuyos retratos de \u00e9poca pueden verse en las paredes de sus casas. <\/p>\n\t\t\t        <\/div>\n\n\t\n<\/div>\n\n\n\n<h2>Un museo inmersivo<\/h2>\n\n\n\n<p><strong>A principios del siglo pasado<\/strong>la familia Gall\u00e9-Juillet, <a href=\"https:\/\/www.creilsudoise-tourisme.fr\/es\/2021\/11\/30\/emile-galle\/\" target=\"_blank\" rel=\"noreferrer noopener\">emparentado con el famoso pintor Ernest Gall\u00e9<\/a>Su hijo, Maurice, creci\u00f3 en una hermosa casa a orillas del Oise. Su hijo, Maurice, creci\u00f3 all\u00ed, mimado y rodeado de juguetes, cuadros, objetos de colecci\u00f3n... Pero<strong> La historia alcanza a esta hermosa familia<\/strong> y acribill\u00f3 a su \u00fanico hijo en la flor de la vida en 1916, durante las batallas del Somme. <\/p>\n\n\n\n<p>Varios a\u00f1os m\u00e1s tarde, Madame Gall\u00e9-Juillet leg\u00f3 su casa a<strong> la ciudad de Creil, que lo convertir\u00e1 en museo.<\/strong><\/p>\n\n\n\n<figure class=\"wp-block-image size-large\"><img decoding=\"async\" loading=\"lazy\" width=\"937\" height=\"848\" data-src=\"https:\/\/www.creilsudoise-tourisme.fr\/wp-content\/uploads\/2023\/01\/Berthe-et-Maurice.jpg\" alt=\"Foto de Berthe y su hijo Maurice Gall\u00e9-Juillet\" class=\"wp-image-44225\" data-srcset=\"https:\/\/www.creilsudoise-tourisme.fr\/wp-content\/uploads\/2023\/01\/Berthe-et-Maurice.jpg 937w, https:\/\/www.creilsudoise-tourisme.fr\/wp-content\/uploads\/2023\/01\/Berthe-et-Maurice-600x543.jpg 600w, https:\/\/www.creilsudoise-tourisme.fr\/wp-content\/uploads\/2023\/01\/Berthe-et-Maurice-900x815.jpg 900w, https:\/\/www.creilsudoise-tourisme.fr\/wp-content\/uploads\/2023\/01\/Berthe-et-Maurice-200x181.jpg 200w, https:\/\/www.creilsudoise-tourisme.fr\/wp-content\/uploads\/2023\/01\/Berthe-et-Maurice-650x588.jpg 650w, https:\/\/www.creilsudoise-tourisme.fr\/wp-content\/uploads\/2023\/01\/Berthe-et-Maurice-387x350.jpg 387w\" sizes=\"(max-width: 937px) 100vw, 937px\" \/><figcaption class=\"wp-element-caption\">Archivo - Ciudad de Creil<\/figcaption><\/figure>\n\n\n\n<h3>La mesa est\u00e1 puesta, las camas hechas<\/h3>\n\n\n\n<p>As\u00ed son las cosas hoy en d\u00eda, <strong>puedes viajar en el tiempo<\/strong>volver a<strong> En tiempos de nuestros antepasados<\/strong>y descubrir la hora de un <strong>visita guiada<\/strong> su vida cotidiana y su historia. La mesa est\u00e1 puesta con la vajilla de los domingos, las camas hechas, los juguetes dispuestos en la habitaci\u00f3n, como si estuvieran esperando a que un ni\u00f1o viniera a liberarles de su<strong> c\u00e1psula del tiempo.<\/strong><\/p>\n\n\n<div class=\"wp-block-image\">\n<figure class=\"aligncenter size-large\"><img decoding=\"async\" loading=\"lazy\" width=\"1600\" height=\"901\" data-src=\"https:\/\/www.creilsudoise-tourisme.fr\/wp-content\/uploads\/2023\/01\/3-Anne-Sophie-FLAMENT-ville-de-creil-MGJ-peintures-et-dessins-edited.jpg\" alt=\"Visita al Museo Gall\u00e9-Juillet de Creil\" class=\"wp-image-44228\" data-srcset=\"https:\/\/www.creilsudoise-tourisme.fr\/wp-content\/uploads\/2023\/01\/3-Anne-Sophie-FLAMENT-ville-de-creil-MGJ-peintures-et-dessins-edited.jpg 1600w, https:\/\/www.creilsudoise-tourisme.fr\/wp-content\/uploads\/2023\/01\/3-Anne-Sophie-FLAMENT-ville-de-creil-MGJ-peintures-et-dessins-edited-600x338.jpg 600w, https:\/\/www.creilsudoise-tourisme.fr\/wp-content\/uploads\/2023\/01\/3-Anne-Sophie-FLAMENT-ville-de-creil-MGJ-peintures-et-dessins-edited-1200x676.jpg 1200w, https:\/\/www.creilsudoise-tourisme.fr\/wp-content\/uploads\/2023\/01\/3-Anne-Sophie-FLAMENT-ville-de-creil-MGJ-peintures-et-dessins-edited-900x507.jpg 900w, https:\/\/www.creilsudoise-tourisme.fr\/wp-content\/uploads\/2023\/01\/3-Anne-Sophie-FLAMENT-ville-de-creil-MGJ-peintures-et-dessins-edited-1536x865.jpg 1536w, https:\/\/www.creilsudoise-tourisme.fr\/wp-content\/uploads\/2023\/01\/3-Anne-Sophie-FLAMENT-ville-de-creil-MGJ-peintures-et-dessins-edited-200x113.jpg 200w, https:\/\/www.creilsudoise-tourisme.fr\/wp-content\/uploads\/2023\/01\/3-Anne-Sophie-FLAMENT-ville-de-creil-MGJ-peintures-et-dessins-edited-650x366.jpg 650w, https:\/\/www.creilsudoise-tourisme.fr\/wp-content\/uploads\/2023\/01\/3-Anne-Sophie-FLAMENT-ville-de-creil-MGJ-peintures-et-dessins-edited-387x218.jpg 387w\" sizes=\"(max-width: 1600px) 100vw, 1600px\" \/><figcaption class=\"wp-element-caption\">Anne-Sophie Flament - Ciudad de Creil<\/figcaption><\/figure><\/div>\n\n<div class=\"wp-block-image\">\n<figure class=\"aligncenter size-large\"><img decoding=\"async\" loading=\"lazy\" width=\"1600\" height=\"901\" data-src=\"https:\/\/www.creilsudoise-tourisme.fr\/wp-content\/uploads\/2023\/01\/2-Anne-Sophie-FLAMENT-ville-de-creil-musee-galle-juillet-edited.jpg\" alt=\"Visita al Museo Gall\u00e9-Juillet de Creil\" class=\"wp-image-44227\" data-srcset=\"https:\/\/www.creilsudoise-tourisme.fr\/wp-content\/uploads\/2023\/01\/2-Anne-Sophie-FLAMENT-ville-de-creil-musee-galle-juillet-edited.jpg 1600w, https:\/\/www.creilsudoise-tourisme.fr\/wp-content\/uploads\/2023\/01\/2-Anne-Sophie-FLAMENT-ville-de-creil-musee-galle-juillet-edited-600x338.jpg 600w, https:\/\/www.creilsudoise-tourisme.fr\/wp-content\/uploads\/2023\/01\/2-Anne-Sophie-FLAMENT-ville-de-creil-musee-galle-juillet-edited-1200x676.jpg 1200w, https:\/\/www.creilsudoise-tourisme.fr\/wp-content\/uploads\/2023\/01\/2-Anne-Sophie-FLAMENT-ville-de-creil-musee-galle-juillet-edited-900x507.jpg 900w, https:\/\/www.creilsudoise-tourisme.fr\/wp-content\/uploads\/2023\/01\/2-Anne-Sophie-FLAMENT-ville-de-creil-musee-galle-juillet-edited-1536x865.jpg 1536w, https:\/\/www.creilsudoise-tourisme.fr\/wp-content\/uploads\/2023\/01\/2-Anne-Sophie-FLAMENT-ville-de-creil-musee-galle-juillet-edited-200x113.jpg 200w, https:\/\/www.creilsudoise-tourisme.fr\/wp-content\/uploads\/2023\/01\/2-Anne-Sophie-FLAMENT-ville-de-creil-musee-galle-juillet-edited-650x366.jpg 650w, https:\/\/www.creilsudoise-tourisme.fr\/wp-content\/uploads\/2023\/01\/2-Anne-Sophie-FLAMENT-ville-de-creil-musee-galle-juillet-edited-387x218.jpg 387w\" sizes=\"(max-width: 1600px) 100vw, 1600px\" \/><figcaption class=\"wp-element-caption\">Anne-Sophie Flament - Ciudad de Creil<\/figcaption><\/figure><\/div>\n\n\n<h3>Un juego de escape<\/h3>\n\n\n\n<p><strong>Ya es muy envolvente<\/strong>Adem\u00e1s de la visita guiada, el museo tambi\u00e9n ofrece<strong> sumergirse a\u00fan m\u00e1s en la vida cotidiana de<\/strong> de sus ocupantes a trav\u00e9s de un <strong><a href=\"https:\/\/www.youtube.com\/watch?v=sBZW3Dy-0y8\" target=\"_blank\" rel=\"noreferrer noopener\">Emocionante juego de escape<\/a><\/strong> con Maurice y su pasado. <\/p>\n\n\n\n<figure class=\"is-layout-flex wp-block-gallery-1 wp-block-gallery has-nested-images columns-default is-cropped\">\n<figure class=\"wp-block-image size-large\"><img decoding=\"async\" data-id=\"43981\"  data-src=\"https:\/\/www.creilsudoise-tourisme.fr\/wp-content\/uploads\/wpetourisme\/ESCAPE-GAME---AS-FLAMENT-01-1200x800.jpg\" alt=\"\" class=\"wp-image-43981\"\/><figcaption class=\"wp-element-caption\">Anne-Sophie Flament - Ciudad de Creil<\/figcaption><\/figure>\n\n\n\n<figure class=\"wp-block-image size-large\"><img decoding=\"async\" data-id=\"44018\"  data-src=\"https:\/\/www.creilsudoise-tourisme.fr\/wp-content\/uploads\/wpetourisme\/Musee-Galle-Juillet---Anne-Sophie-Flament---Ville-de-Creil--106--1200x800.jpg\" alt=\"Juego de escape en el Museo Gall\u00e9-Juillet\" class=\"wp-image-44018\"\/><figcaption class=\"wp-element-caption\">Anne-Sophie Flament - Ciudad de Creil<\/figcaption><\/figure>\n<figcaption class=\"blocks-gallery-caption wp-element-caption\">\u00a1Ven a resolver el misterio que rodea a Maurice!<\/figcaption><\/figure>\n\n\n\n<div class=\"is-layout-flex wp-block-buttons\">\n<div class=\"wp-block-button\"><a class=\"wp-block-button__link wp-element-button\" href=\"#programmation\">programaci\u00f3n<\/a><\/div>\n<\/div>\n\n\n\n<div class=\"wp-block-strate-full alignfull\">\n\n    <div class=\"wp-block-strate-full-thumbnail\">\n        <img data-src=\"https:\/\/www.creilsudoise-tourisme.fr\/wp-content\/uploads\/2023\/02\/Cour-interieure-du-Chateau-de-Creil-1600x900.jpg\" alt=\"Patio interior del castillo de Creil\">\n    <\/div>\n\n\t\n        <div class=\"wp-block-strate-full-content wp-block-strate-full-content-left\">\n\t\t\t\t\t\t                <p class=\"wp-block-strate-full-content-excerpt\"> Uno no sospecha que un <strong>El castillo, comparable al de Pierrfonds, se alzaba a orillas del Oise.<\/strong> <\/p>\n\t\t\t        <\/div>\n\n\t\n<\/div>\n\n\n\n<h2>Una casa construida sobre ruinas majestuosas<\/h2>\n\n\n\n<figure class=\"wp-block-embed is-type-video is-provider-youtube wp-block-embed-youtube wp-embed-aspect-16-9 wp-has-aspect-ratio\"><div class=\"wp-block-embed__wrapper\">\n<iframe loading=\"lazy\" title=\"[RENCONTRE] con Nicolas Billot, arque\u00f3logo | Creil Sud Oise Tourisme\" width=\"500\" height=\"281\" data-src=\"https:\/\/www.youtube.com\/embed\/_cg5aDCH3Os?feature=oembed\" frameborder=\"0\" allow=\"accelerometer; autoplay; clipboard-write; encrypted-media; gyroscope; picture-in-picture; web-share\" referrerpolicy=\"strict-origin-when-cross-origin\" allowfullscreen><\/iframe>\n<\/div><\/figure>\n\n\n\n<p>\u00bfSab\u00edas que<strong>En Creil se construy\u00f3 un castillo de dimensiones comparables a las del castillo de Pierrefonds.<\/strong>&nbsp;? Sobre sus ruinas descansa la casa de la familia Gall\u00e9-Juillet. Hace tiempo olvidada, <strong>el castillo es ahora el centro de atenci\u00f3n<\/strong>Esto es especialmente cierto en el caso de las recientes excavaciones arqueol\u00f3gicas que se han llevado a cabo. <\/p>\n\n\n\n<p>Puede <strong>participar en la restauraci\u00f3n del castillo de Creil<\/strong> haciendo un <a href=\"https:\/\/www.youtube.com\/watch?v=rKIXNU1dX6Y\" target=\"_blank\" rel=\"noreferrer noopener\">donaci\u00f3n a la Fondation du Patrimoine<\/a>.<\/p>\n\n\n\n<figure class=\"wp-block-image size-large\"><img decoding=\"async\" loading=\"lazy\" width=\"1200\" height=\"675\" data-src=\"https:\/\/www.creilsudoise-tourisme.fr\/wp-content\/uploads\/2024\/04\/Chateau_Creil-4-1200x675.jpg\" alt=\"torre historia creil castillo Nicolas Bilot arqueolog\u00eda\" class=\"wp-image-53622\" data-srcset=\"https:\/\/www.creilsudoise-tourisme.fr\/wp-content\/uploads\/2024\/04\/Chateau_Creil-4-1200x675.jpg 1200w, https:\/\/www.creilsudoise-tourisme.fr\/wp-content\/uploads\/2024\/04\/Chateau_Creil-4-600x338.jpg 600w, https:\/\/www.creilsudoise-tourisme.fr\/wp-content\/uploads\/2024\/04\/Chateau_Creil-4-900x506.jpg 900w, https:\/\/www.creilsudoise-tourisme.fr\/wp-content\/uploads\/2024\/04\/Chateau_Creil-4-1536x864.jpg 1536w, https:\/\/www.creilsudoise-tourisme.fr\/wp-content\/uploads\/2024\/04\/Chateau_Creil-4-18x10.jpg 18w, https:\/\/www.creilsudoise-tourisme.fr\/wp-content\/uploads\/2024\/04\/Chateau_Creil-4-200x113.jpg 200w, https:\/\/www.creilsudoise-tourisme.fr\/wp-content\/uploads\/2024\/04\/Chateau_Creil-4-1600x900.jpg 1600w, https:\/\/www.creilsudoise-tourisme.fr\/wp-content\/uploads\/2024\/04\/Chateau_Creil-4-650x366.jpg 650w, https:\/\/www.creilsudoise-tourisme.fr\/wp-content\/uploads\/2024\/04\/Chateau_Creil-4-387x218.jpg 387w, https:\/\/www.creilsudoise-tourisme.fr\/wp-content\/uploads\/2024\/04\/Chateau_Creil-4.jpg 1920w\" sizes=\"(max-width: 1200px) 100vw, 1200px\" \/><figcaption class=\"wp-element-caption\">Ciudad de Creil<\/figcaption><\/figure>\n\n\n\n<h3>Una visita guiada y un juego Explor'Games<\/h3>\n\n\n\n<p><strong>Todos los domingos<\/strong> (excepto 1<sup>e<\/sup> domingo de cada mes), la visita guiada a la sala a\u00fan visible del Castillo le permite, gracias a un<strong> Visualizaci\u00f3n 3D en una tableta<\/strong>, <strong>imaginar la escala y la importancia de este edificio<\/strong>. <\/p>\n\n\n\n<p>Para el <strong>entusiastas de la aventura<\/strong>a <strong>Explor'Games<\/strong> mezclando Historia con may\u00fasculas y misterios por resolver, le permite descubrir el pasado medieval de la ciudad de Creil. <\/p>\n\n\n\n<p><\/p>\n\n\n\n<div class=\"is-layout-flex wp-block-buttons\">\n<div class=\"wp-block-button\"><a class=\"wp-block-button__link wp-element-button\" href=\"#programmation\">programaci\u00f3n<\/a><\/div>\n<\/div>\n\n\n\n<figure class=\"wp-block-image alignwide size-large\"><img decoding=\"async\" loading=\"lazy\" width=\"1200\" height=\"800\" data-src=\"https:\/\/www.creilsudoise-tourisme.fr\/wp-content\/uploads\/2025\/07\/Musee_Galle_Juillet-Creil-Escape_Game-Anne_Sophie_Flament_Ville_Creil-120-1200x800.jpg\" alt=\"\" class=\"wp-image-64169\" data-srcset=\"https:\/\/www.creilsudoise-tourisme.fr\/wp-content\/uploads\/2025\/07\/Musee_Galle_Juillet-Creil-Escape_Game-Anne_Sophie_Flament_Ville_Creil-120-1200x800.jpg 1200w, https:\/\/www.creilsudoise-tourisme.fr\/wp-content\/uploads\/2025\/07\/Musee_Galle_Juillet-Creil-Escape_Game-Anne_Sophie_Flament_Ville_Creil-120-600x400.jpg 600w, https:\/\/www.creilsudoise-tourisme.fr\/wp-content\/uploads\/2025\/07\/Musee_Galle_Juillet-Creil-Escape_Game-Anne_Sophie_Flament_Ville_Creil-120-900x600.jpg 900w, https:\/\/www.creilsudoise-tourisme.fr\/wp-content\/uploads\/2025\/07\/Musee_Galle_Juillet-Creil-Escape_Game-Anne_Sophie_Flament_Ville_Creil-120-1536x1024.jpg 1536w, https:\/\/www.creilsudoise-tourisme.fr\/wp-content\/uploads\/2025\/07\/Musee_Galle_Juillet-Creil-Escape_Game-Anne_Sophie_Flament_Ville_Creil-120-18x12.jpg 18w, https:\/\/www.creilsudoise-tourisme.fr\/wp-content\/uploads\/2025\/07\/Musee_Galle_Juillet-Creil-Escape_Game-Anne_Sophie_Flament_Ville_Creil-120-200x133.jpg 200w, https:\/\/www.creilsudoise-tourisme.fr\/wp-content\/uploads\/2025\/07\/Musee_Galle_Juillet-Creil-Escape_Game-Anne_Sophie_Flament_Ville_Creil-120-650x433.jpg 650w, https:\/\/www.creilsudoise-tourisme.fr\/wp-content\/uploads\/2025\/07\/Musee_Galle_Juillet-Creil-Escape_Game-Anne_Sophie_Flament_Ville_Creil-120-387x258.jpg 387w, https:\/\/www.creilsudoise-tourisme.fr\/wp-content\/uploads\/2025\/07\/Musee_Galle_Juillet-Creil-Escape_Game-Anne_Sophie_Flament_Ville_Creil-120.jpg 1920w\" sizes=\"(max-width: 1200px) 100vw, 1200px\" \/><figcaption class=\"wp-element-caption\">Anne-Sophie Flament - Ciudad de Creil<\/figcaption><\/figure>\n\n\n\n<p class=\"is-style-blockquote\">Museo muy agradable para visitar con el gu\u00eda que te cuenta la vida de la familia Gall\u00e9-Juillet. Magn\u00edficas colecciones, incluida la vajilla (la colecci\u00f3n japonesa es magn\u00edfica).<\/p>\n\n\n\n<p><em>B\u00e9atrice G. K. - P\u00e1gina de Facebook de <a href=\"https:\/\/www.facebook.com\/museegallejuillet\/?ref=page_internal\" target=\"_blank\" rel=\"noreferrer noopener\">Museo Gall\u00e9-Juillet<\/a><\/em><\/p>\n\n\n\n<div class=\"wp-block-strate-full alignfull\">\n\n    <div class=\"wp-block-strate-full-thumbnail\">\n        <img data-src=\"https:\/\/www.creilsudoise-tourisme.fr\/wp-content\/uploads\/wpetourisme\/5--Anne-Sophie-FLAMENT--ville-de-creil--maison-de-la-faience--visite-guidee-individuels-et-groupes-1268-1600x900.jpg\" alt=\"Visita a la Maison de la Fa\u00efence\">\n    <\/div>\n\n\t\n        <div class=\"wp-block-strate-full-content wp-block-strate-full-content-left\">\n\t\t\t\t\t\t                <p class=\"wp-block-strate-full-content-excerpt\"> Aut\u00e9ntico testigo del pasado industrial de la ciudad de Creil, un <strong>magn\u00edfica colecci\u00f3n de loza<\/strong> se expone en el Museo Gall\u00e9-Juillet. <\/p>\n\t\t\t        <\/div>\n\n\t\n<\/div>\n\n\n\n<h2>La f\u00e1brica de loza, o el glorioso pasado de Creil<\/h2>\n\n\n\n<p>Aunque hoy en d\u00eda no quedan restos de la f\u00e1brica de loza de Creil, la <strong>producci\u00f3n de loza ha tenido un enorme impacto en la ciudad<\/strong>como demuestra la<strong> <a href=\"https:\/\/www.creilsudoise-tourisme.fr\/es\/loisirs\/la-faiencerie-theatre\/\" target=\"_blank\" rel=\"noreferrer noopener\">Fa\u00efencerie-Th\u00e9\u00e2tre<\/a>construida en el emplazamiento de la antigua f\u00e1brica<\/strong>o el<strong> <a href=\"https:\/\/www.creilsudoise-tourisme.fr\/es\/restaurant\/le-flora\/\" target=\"_blank\" rel=\"noreferrer noopener\">Flora<\/a>un restaurante que debe su nombre al famoso dise\u00f1o floral pintado en la loza<\/strong>. &nbsp;<\/p>\n\n\n\n<p><strong>Esto tambi\u00e9n se refleja en la magn\u00edfica colecci\u00f3n de loza que se puede admirar<\/strong> durante una visita a la Maison de la Fa\u00efence, situada justo enfrente de la Maison des Gall\u00e9-Juillet. <strong>Se exponen varios centenares<\/strong>Algunas de ellas estaban formadas por objetos de arte, de uso cotidiano, de venta, etc., con diferentes modelos, seg\u00fan la moda de su \u00e9poca. Otros, <a href=\"https:\/\/www.youtube.com\/watch?v=eay0i32x2JA\" target=\"_blank\" rel=\"noreferrer noopener\">preciosamente conservados en las colecciones del museo<\/a>se exponen a veces en<strong>exposiciones temporales<\/strong>. <\/p>\n\n\n\n<div class=\"is-layout-flex wp-block-buttons\">\n<div class=\"wp-block-button\"><a class=\"wp-block-button__link wp-element-button\" href=\"#programmation\">programaci\u00f3n<\/a><\/div>\n<\/div>\n\n\n<div class=\"wp-block wp-block-highlight\">\n            <h3 class=\"wp-block-highlight-item wp-block-highlight-title\">\u00bfLo sab\u00edas?<\/h3>\n                <p class=\"wp-block-highlight-item wp-block-highlight-excerpt\">En Creil, la loza fina no permaneci\u00f3 uniformemente blanca: recibi\u00f3 un <strong>decoraci\u00f3n pintada o impresa <\/strong>y algunos de ellos han experimentado un <strong>gran \u00e9xito comercial<\/strong> como el <strong>Decoraci\u00f3n floral<\/strong> (flores y hojas azules de correhuela, lirio de los valles, acebo o rosa) que se present\u00f3 en la Exposici\u00f3n Universal de Par\u00eds de 1855. O el <strong>Servicio Rousseau<\/strong> Nacido de la colaboraci\u00f3n de Eug\u00e8ne Rousseau, conocido por su papel en la difusi\u00f3n del japonismo, y F\u00e9lix Braquemond, pintor y grabador: una decoraci\u00f3n muy refinada de motivos vegetales y animales.<\/p>\n    <\/div>\n\n\n<figure class=\"wp-block-image alignwide size-large\"><img decoding=\"async\" loading=\"lazy\" width=\"1200\" height=\"800\" data-src=\"https:\/\/www.creilsudoise-tourisme.fr\/wp-content\/uploads\/2021\/03\/Collection-de-faiences-a-la-Maison-de-la-Faience-1200x800.jpg\" alt=\"\" class=\"wp-image-32371\" data-srcset=\"https:\/\/www.creilsudoise-tourisme.fr\/wp-content\/uploads\/2021\/03\/Collection-de-faiences-a-la-Maison-de-la-Faience-1200x800.jpg 1200w, https:\/\/www.creilsudoise-tourisme.fr\/wp-content\/uploads\/2021\/03\/Collection-de-faiences-a-la-Maison-de-la-Faience-600x400.jpg 600w, https:\/\/www.creilsudoise-tourisme.fr\/wp-content\/uploads\/2021\/03\/Collection-de-faiences-a-la-Maison-de-la-Faience-900x600.jpg 900w, https:\/\/www.creilsudoise-tourisme.fr\/wp-content\/uploads\/2021\/03\/Collection-de-faiences-a-la-Maison-de-la-Faience-1536x1024.jpg 1536w, https:\/\/www.creilsudoise-tourisme.fr\/wp-content\/uploads\/2021\/03\/Collection-de-faiences-a-la-Maison-de-la-Faience-200x133.jpg 200w, https:\/\/www.creilsudoise-tourisme.fr\/wp-content\/uploads\/2021\/03\/Collection-de-faiences-a-la-Maison-de-la-Faience-650x433.jpg 650w, https:\/\/www.creilsudoise-tourisme.fr\/wp-content\/uploads\/2021\/03\/Collection-de-faiences-a-la-Maison-de-la-Faience-387x258.jpg 387w, https:\/\/www.creilsudoise-tourisme.fr\/wp-content\/uploads\/2021\/03\/Collection-de-faiences-a-la-Maison-de-la-Faience.jpg 1800w\" sizes=\"(max-width: 1200px) 100vw, 1200px\" \/><figcaption class=\"wp-element-caption\">Anne-Sophie Flament - Ciudad de Creil<\/figcaption><\/figure>\n\n\n\n<h3>El tesoro<\/h3>\n\n\n\n<p>Justo al lado de esta magn\u00edfica colecci\u00f3n, con sus m\u00faltiples colores y motivos, se encuentra la exposici\u00f3n <strong>un tesoro que desconocemos... <\/strong>En los a\u00f1os setenta, <a href=\"https:\/\/www.creilsudoise-tourisme.fr\/es\/2021\/09\/17\/tresor-ecluse\/\" target=\"_blank\" rel=\"noreferrer noopener\">un escolar hace un extra\u00f1o descubrimiento<\/a>... siguieron excavaciones que sacaron a la luz un tesoro de monedas galo-romanas, expuesto en la Torre del Tesoro de la Casa de la Fa\u00efence.<strong> Este descubrimiento atestigua la importancia de la zona desde la \u00e9poca galo-romana.<\/strong><\/p>\n\n\n\n<figure class=\"wp-block-image alignwide size-large\"><img decoding=\"async\" data-src=\"https:\/\/www.creilsudoise-tourisme.fr\/wp-content\/uploads\/2021\/03\/Le-muse\u0301e-Galle\u0301-Juillet-a\u0300-Creil-en-groupes-1200x800.jpg\" alt=\"Visita libre de la Maison de la Fa\u00efence y de la Torre del Tesoro\" class=\"wp-image-32349\"\/><figcaption class=\"wp-element-caption\">Anne-Sophie Flament - Ciudad de Creil<\/figcaption><\/figure>\n\n\n\n<div class=\"wp-block-strate-full alignfull\">\n\n    <div class=\"wp-block-strate-full-thumbnail\">\n        <img data-src=\"\" alt=\"\">\n    <\/div>\n\n\t\n        <div class=\"wp-block-strate-full-content wp-block-strate-full-content-left\">\n\t\t\t\t\t\t                <p class=\"wp-block-strate-full-content-excerpt\"> Aproveche la <strong>numerosas actividades<\/strong> durante las vacaciones y los fines de semana para descubrir el museo Gall\u00e9-Juillet en familia o entre amigos. <\/p>\n\t\t\t        <\/div>\n\n\t\n<\/div>\n\n\n\n<h2 id=\"programmation\">Un rico programa<\/h2>\n\n\n\n<p>Adem\u00e1s <strong>visitas guiadas al museo Gall\u00e9-Juillet<\/strong>de <strong>numerosos actos <\/strong>se ofrecen regularmente a familias, ni\u00f1os y adultos. En<strong> exposiciones temporales<\/strong>como la exposici\u00f3n sobre la <a href=\"https:\/\/www.youtube.com\/watch?v=b6Mgqsmtf88\" target=\"_blank\" rel=\"noreferrer noopener\">obra maestra <em>Adoraci\u00f3n de los pastores<\/em>de Laurent de La Hyre, recientemente renovado<\/a>La exposici\u00f3n es una oportunidad \u00fanica para descubrir una parte de las colecciones que rara vez se exhibe. <\/p>\n\n\n\n<p>Varios s\u00e1bados al a\u00f1o, la <strong>El museo le invita a descubrir y visitar la iglesia de Saint-M\u00e9dard<\/strong> en Creil, con su sorprendente historia y arquitectura.<\/p>\n\n\n\n<figure class=\"is-layout-flex wp-block-gallery-6 wp-block-gallery aligncenter has-nested-images columns-2 is-cropped\">\n<figure class=\"wp-block-image size-full\"><a href=\"https:\/\/www.creilsudoise-tourisme.fr\/wp-content\/uploads\/2021\/03\/Une-animation-pour-les-enfants-au-Musee-Galle-Juillet-a-Creil.jpg\"><img decoding=\"async\" loading=\"lazy\" width=\"1800\" height=\"1200\" data-id=\"32368\"  data-src=\"https:\/\/www.creilsudoise-tourisme.fr\/wp-content\/uploads\/2021\/03\/Une-animation-pour-les-enfants-au-Musee-Galle-Juillet-a-Creil.jpg\" alt=\"Taller de degustaci\u00f3n para ni\u00f1os en el Museo Gall\u00e9-Juillet de Creil\" class=\"wp-image-32368\" data-srcset=\"https:\/\/www.creilsudoise-tourisme.fr\/wp-content\/uploads\/2021\/03\/Une-animation-pour-les-enfants-au-Musee-Galle-Juillet-a-Creil.jpg 1800w, https:\/\/www.creilsudoise-tourisme.fr\/wp-content\/uploads\/2021\/03\/Une-animation-pour-les-enfants-au-Musee-Galle-Juillet-a-Creil-600x400.jpg 600w, https:\/\/www.creilsudoise-tourisme.fr\/wp-content\/uploads\/2021\/03\/Une-animation-pour-les-enfants-au-Musee-Galle-Juillet-a-Creil-1200x800.jpg 1200w, https:\/\/www.creilsudoise-tourisme.fr\/wp-content\/uploads\/2021\/03\/Une-animation-pour-les-enfants-au-Musee-Galle-Juillet-a-Creil-900x600.jpg 900w, https:\/\/www.creilsudoise-tourisme.fr\/wp-content\/uploads\/2021\/03\/Une-animation-pour-les-enfants-au-Musee-Galle-Juillet-a-Creil-1536x1024.jpg 1536w, https:\/\/www.creilsudoise-tourisme.fr\/wp-content\/uploads\/2021\/03\/Une-animation-pour-les-enfants-au-Musee-Galle-Juillet-a-Creil-200x133.jpg 200w, https:\/\/www.creilsudoise-tourisme.fr\/wp-content\/uploads\/2021\/03\/Une-animation-pour-les-enfants-au-Musee-Galle-Juillet-a-Creil-650x433.jpg 650w, https:\/\/www.creilsudoise-tourisme.fr\/wp-content\/uploads\/2021\/03\/Une-animation-pour-les-enfants-au-Musee-Galle-Juillet-a-Creil-387x258.jpg 387w\" sizes=\"(max-width: 1800px) 100vw, 1800px\" \/><\/a><figcaption class=\"wp-element-caption\">Anne-Sophie Flament - Ciudad de Creil<\/figcaption><\/figure>\n\n\n\n<figure class=\"wp-block-image size-full\"><a href=\"https:\/\/www.creilsudoise-tourisme.fr\/wp-content\/uploads\/2021\/03\/Une-animation-enfant-au-Musee-Galle-Juillet.jpg\"><img decoding=\"async\" loading=\"lazy\" width=\"1800\" height=\"1200\" data-id=\"32367\"  data-src=\"https:\/\/www.creilsudoise-tourisme.fr\/wp-content\/uploads\/2021\/03\/Une-animation-enfant-au-Musee-Galle-Juillet.jpg\" alt=\"Taller para ni\u00f1os en el Museo Gall\u00e9-Juillet de Creil\" class=\"wp-image-32367\" data-srcset=\"https:\/\/www.creilsudoise-tourisme.fr\/wp-content\/uploads\/2021\/03\/Une-animation-enfant-au-Musee-Galle-Juillet.jpg 1800w, https:\/\/www.creilsudoise-tourisme.fr\/wp-content\/uploads\/2021\/03\/Une-animation-enfant-au-Musee-Galle-Juillet-600x400.jpg 600w, https:\/\/www.creilsudoise-tourisme.fr\/wp-content\/uploads\/2021\/03\/Une-animation-enfant-au-Musee-Galle-Juillet-1200x800.jpg 1200w, https:\/\/www.creilsudoise-tourisme.fr\/wp-content\/uploads\/2021\/03\/Une-animation-enfant-au-Musee-Galle-Juillet-900x600.jpg 900w, https:\/\/www.creilsudoise-tourisme.fr\/wp-content\/uploads\/2021\/03\/Une-animation-enfant-au-Musee-Galle-Juillet-1536x1024.jpg 1536w, https:\/\/www.creilsudoise-tourisme.fr\/wp-content\/uploads\/2021\/03\/Une-animation-enfant-au-Musee-Galle-Juillet-200x133.jpg 200w, https:\/\/www.creilsudoise-tourisme.fr\/wp-content\/uploads\/2021\/03\/Une-animation-enfant-au-Musee-Galle-Juillet-650x433.jpg 650w, https:\/\/www.creilsudoise-tourisme.fr\/wp-content\/uploads\/2021\/03\/Une-animation-enfant-au-Musee-Galle-Juillet-387x258.jpg 387w\" sizes=\"(max-width: 1800px) 100vw, 1800px\" \/><\/a><figcaption class=\"wp-element-caption\">Anne-Sophie Flament - Ciudad de Creil<\/figcaption><\/figure>\n\n\n\n<figure class=\"wp-block-image size-full\"><a href=\"https:\/\/www.creilsudoise-tourisme.fr\/wp-content\/uploads\/2021\/03\/Peinture-sur-faience-une-animation-adultes-au-Musee-Galle-Juillet.jpg\"><img decoding=\"async\" loading=\"lazy\" width=\"1800\" height=\"1200\" data-id=\"32370\"  data-src=\"https:\/\/www.creilsudoise-tourisme.fr\/wp-content\/uploads\/2021\/03\/Peinture-sur-faience-une-animation-adultes-au-Musee-Galle-Juillet.jpg\" alt=\"Taller para adultos en el museo Gall\u00e9-Juillet\" class=\"wp-image-32370\" data-srcset=\"https:\/\/www.creilsudoise-tourisme.fr\/wp-content\/uploads\/2021\/03\/Peinture-sur-faience-une-animation-adultes-au-Musee-Galle-Juillet.jpg 1800w, https:\/\/www.creilsudoise-tourisme.fr\/wp-content\/uploads\/2021\/03\/Peinture-sur-faience-une-animation-adultes-au-Musee-Galle-Juillet-600x400.jpg 600w, https:\/\/www.creilsudoise-tourisme.fr\/wp-content\/uploads\/2021\/03\/Peinture-sur-faience-une-animation-adultes-au-Musee-Galle-Juillet-1200x800.jpg 1200w, https:\/\/www.creilsudoise-tourisme.fr\/wp-content\/uploads\/2021\/03\/Peinture-sur-faience-une-animation-adultes-au-Musee-Galle-Juillet-900x600.jpg 900w, https:\/\/www.creilsudoise-tourisme.fr\/wp-content\/uploads\/2021\/03\/Peinture-sur-faience-une-animation-adultes-au-Musee-Galle-Juillet-1536x1024.jpg 1536w, https:\/\/www.creilsudoise-tourisme.fr\/wp-content\/uploads\/2021\/03\/Peinture-sur-faience-une-animation-adultes-au-Musee-Galle-Juillet-200x133.jpg 200w, https:\/\/www.creilsudoise-tourisme.fr\/wp-content\/uploads\/2021\/03\/Peinture-sur-faience-une-animation-adultes-au-Musee-Galle-Juillet-650x433.jpg 650w, https:\/\/www.creilsudoise-tourisme.fr\/wp-content\/uploads\/2021\/03\/Peinture-sur-faience-une-animation-adultes-au-Musee-Galle-Juillet-387x258.jpg 387w\" sizes=\"(max-width: 1800px) 100vw, 1800px\" \/><\/a><figcaption class=\"wp-element-caption\">Anne-Sophie Flament - Ciudad de Creil<\/figcaption><\/figure>\n<figcaption class=\"blocks-gallery-caption wp-element-caption\">En <strong>actividades para adultos y ni\u00f1os<\/strong>todo el a\u00f1o<\/figcaption><\/figure>\n\n\n<div data-related-sit=\"1\" data-block-type=\"related-sit-gt\" data-block-id=\"wpet-sit-9oxl98jqtj\"><div class=\"wp-block wp-block-related-post wp-block-related-list-sit alignfull\">\n    \n    <div class=\"container\">\n\n                    <h2 class=\"wp-block-related-post-title\">\u00a1Disfrute del programa!<\/h2>\n        \n                    <div id=\"wpiris-related-post-131\" data-id=\"wpiris-entity-slider\">\n                <div class=\"wp-block-related-post-list wp-block-related-post-list--2\" data-id=\"wpiris-entity-slider-wrapper\">\n\n                    \n<div class=\"entityItem\" data-trigger=\"wpiris-click\" data-id=\"wpiris-entity-slider-item\">\n    <p class=\"entityItemThumbnail\">\n        <a href=\"https:\/\/www.creilsudoise-tourisme.fr\/es\/agenda-animations\/explore-games-crazy-history-at-creil-boat\/\" nofancybox>\n            <img data-src=\"https:\/\/www.creilsudoise-tourisme.fr\/wp-content\/uploads\/wpetourisme\/Affiche-jeu-2-275x350.jpg\" alt=\"Explor Games\u00ae | Loca historia en el Castillo de Creil\">\n        <\/a>\n    <\/p>\n    <div class=\"entityItemContent\">\n        <h2 class=\"entityItemContentTitle\">\n            <a href=\"https:\/\/www.creilsudoise-tourisme.fr\/es\/agenda-animations\/explore-games-crazy-history-at-creil-boat\/\">Explor Games\u00ae | Loca historia en el Castillo de Creil<\/a>\n        <\/h2>\n                    <p class=\"entityItemContentType\">Festivales y eventos<\/p>\n            <\/div>\n    <a href=\"https:\/\/www.creilsudoise-tourisme.fr\/es\/agenda-animations\/explore-games-crazy-history-at-creil-boat\/\" class=\"seeMore\"><span class=\"sr-only\">M\u00e1s informaci\u00f3n<\/span><\/a>\n<\/div>\n\n<div class=\"entityItem\" data-trigger=\"wpiris-click\" data-id=\"wpiris-entity-slider-item\">\n    <p class=\"entityItemThumbnail\">\n        <a href=\"https:\/\/www.creilsudoise-tourisme.fr\/es\/agenda-animations\/nuit-des-musees-bienvenue-chez-les-galle\/\" nofancybox>\n            <img data-src=\"https:\/\/www.creilsudoise-tourisme.fr\/wp-content\/uploads\/wpetourisme\/NDM-MGJ-275x350.jpg\" alt=\"Nuit des mus\u00e9es |  \u00ab\u00a0Bienvenue chez les Gall\u00e9\u00a0\u00bb\">\n        <\/a>\n    <\/p>\n    <div class=\"entityItemContent\">\n        <h2 class=\"entityItemContentTitle\">\n            <a href=\"https:\/\/www.creilsudoise-tourisme.fr\/es\/agenda-animations\/nuit-des-musees-bienvenue-chez-les-galle\/\">Nuit des mus\u00e9es |  \u00ab\u00a0Bienvenue chez les Gall\u00e9\u00a0\u00bb<\/a>\n        <\/h2>\n                    <p class=\"entityItemContentType\">Festivales y eventos<\/p>\n            <\/div>\n    <a href=\"https:\/\/www.creilsudoise-tourisme.fr\/es\/agenda-animations\/nuit-des-musees-bienvenue-chez-les-galle\/\" class=\"seeMore\"><span class=\"sr-only\">M\u00e1s informaci\u00f3n<\/span><\/a>\n<\/div>\n                <\/div>\n\n                            <\/div>\n            <\/div>\n<\/div><\/div>\n\n\n<div class=\"wp-block-strate-full alignfull\">\n\n    <div class=\"wp-block-strate-full-thumbnail\">\n        <img data-src=\"https:\/\/www.creilsudoise-tourisme.fr\/wp-content\/uploads\/2021\/03\/Muse\u0301e-Galle\u0301-Juillet-a\u0300-Creil-en-groupes-1600x900.jpg\" alt=\"Museo Gall\u00e9-Juillet de Creil en grupos\">\n    <\/div>\n\n\t\n        <div class=\"wp-block-strate-full-content wp-block-strate-full-content-left\">\n\t\t\t                <h3 class=\"wp-block-strate-full-content-title\"> Visitar en grupo el museo Gall\u00e9-Juillet <\/h3>\n\t\t\t\t\t\t                <p class=\"wp-block-strate-full-content-excerpt\"> <strong>El Museo Gall\u00e9-Juillet tambi\u00e9n alberga la\u00a0<a href=\"https:\/\/www.creilsudoise-tourisme.fr\/es\/explore-groups\/imprescindibles-grupos\/musee-galle-juillet-3\/\" target=\"_blank\" rel=\"noreferrer noopener\">grupos<\/a>adultos o j\u00f3venes<\/strong>\u00a0\u00a1! Visitas guiadas, talleres para ni\u00f1os o adultos, \u00a1las actividades son variadas! <\/p>\n\t\t\t        <\/div>\n\n\t\n<\/div>\n\n\n\n<hr class=\"wp-block-separator has-css-opacity\"\/>\n\n\n\n<h2>Buenos planes y descuentos<\/h2>\n\n\n\n<div class=\"is-layout-flex wp-container-10 wp-block-columns\">\n<div class=\"is-layout-flow wp-block-column\" style=\"flex-basis:33.33%\">\n<figure class=\"wp-block-image size-large is-resized\"><img decoding=\"async\" loading=\"lazy\" data-src=\"https:\/\/www.creilsudoise-tourisme.fr\/wp-content\/uploads\/2021\/03\/Logo_MuseeDeFrance_BN-1200x1200.jpg\" alt=\"\" class=\"wp-image-32374\" width=\"152\" height=\"152\" data-srcset=\"https:\/\/www.creilsudoise-tourisme.fr\/wp-content\/uploads\/2021\/03\/Logo_MuseeDeFrance_BN-1200x1200.jpg 1200w, https:\/\/www.creilsudoise-tourisme.fr\/wp-content\/uploads\/2021\/03\/Logo_MuseeDeFrance_BN-600x600.jpg 600w, https:\/\/www.creilsudoise-tourisme.fr\/wp-content\/uploads\/2021\/03\/Logo_MuseeDeFrance_BN-300x300.jpg 300w, https:\/\/www.creilsudoise-tourisme.fr\/wp-content\/uploads\/2021\/03\/Logo_MuseeDeFrance_BN-900x900.jpg 900w, https:\/\/www.creilsudoise-tourisme.fr\/wp-content\/uploads\/2021\/03\/Logo_MuseeDeFrance_BN-1536x1536.jpg 1536w, https:\/\/www.creilsudoise-tourisme.fr\/wp-content\/uploads\/2021\/03\/Logo_MuseeDeFrance_BN-200x200.jpg 200w, https:\/\/www.creilsudoise-tourisme.fr\/wp-content\/uploads\/2021\/03\/Logo_MuseeDeFrance_BN-650x650.jpg 650w, https:\/\/www.creilsudoise-tourisme.fr\/wp-content\/uploads\/2021\/03\/Logo_MuseeDeFrance_BN-387x387.jpg 387w, https:\/\/www.creilsudoise-tourisme.fr\/wp-content\/uploads\/2021\/03\/Logo_MuseeDeFrance_BN.jpg 1879w\" sizes=\"(max-width: 152px) 100vw, 152px\" \/><\/figure>\n<\/div>\n\n\n\n<div class=\"is-layout-flow wp-block-column\" style=\"flex-basis:66.66%\">\n<h3>Gratuito el 1<sup>ers<\/sup> Domingos de mes<\/h3>\n\n\n\n<p>El museo Gall\u00e9-Juillet, como todos los museos de Francia, es <strong>gratis cada 1<sup>ers<\/sup> Domingos de mes<\/strong>\u00a1Aprov\u00e9chalo!<\/p>\n<\/div>\n<\/div>\n\n\n\n<div class=\"is-layout-flex wp-container-13 wp-block-columns\">\n<div class=\"is-layout-flow wp-block-column\" style=\"flex-basis:33.33%\">\n<figure class=\"wp-block-image size-large is-resized\"><img decoding=\"async\" loading=\"lazy\" data-src=\"https:\/\/www.creilsudoise-tourisme.fr\/wp-content\/uploads\/2021\/03\/Logo-pass-agglo.jpg\" alt=\"\" class=\"wp-image-32742\" width=\"148\" height=\"147\" data-srcset=\"https:\/\/www.creilsudoise-tourisme.fr\/wp-content\/uploads\/2021\/03\/Logo-pass-agglo.jpg 800w, https:\/\/www.creilsudoise-tourisme.fr\/wp-content\/uploads\/2021\/03\/Logo-pass-agglo-600x598.jpg 600w, https:\/\/www.creilsudoise-tourisme.fr\/wp-content\/uploads\/2021\/03\/Logo-pass-agglo-300x300.jpg 300w, https:\/\/www.creilsudoise-tourisme.fr\/wp-content\/uploads\/2021\/03\/Logo-pass-agglo-200x199.jpg 200w, https:\/\/www.creilsudoise-tourisme.fr\/wp-content\/uploads\/2021\/03\/Logo-pass-agglo-650x648.jpg 650w, https:\/\/www.creilsudoise-tourisme.fr\/wp-content\/uploads\/2021\/03\/Logo-pass-agglo-387x386.jpg 387w\" sizes=\"(max-width: 148px) 100vw, 148px\" \/><\/figure>\n<\/div>\n\n\n\n<div class=\"is-layout-flow wp-block-column\" style=\"flex-basis:66.66%\">\n<h3>Pass'Agglo<\/h3>\n\n\n\n<p>Reservado a los residentes de la Aglomeraci\u00f3n de Creil Sud Oise (<em>Cramoisy, Creil, Maysel, Montataire, Nogent-sur-Oise, Rousseloy, Saint-Leu-d'Esserent, Saint-Maximin, Saint-Vaast-l\u00e8s-Mello, Thiverny y Villers-Saint-Paul.<\/em>), el<strong> <a href=\"https:\/\/www.creilsudoise.fr\/pass-agglo\" target=\"_blank\" rel=\"noreferrer noopener\">Pass'Agglo<\/a> le permite beneficiarse de tarifas ventajosas <\/strong>para muchas actividades: deporte, cultura, turismo...<\/p>\n<\/div>\n<\/div>\n\n\n\n<div class=\"wp-block wp-block-single-sit wp-block-single-sit-coordonnees\" >\n\n            <h2>Acceda a<\/h2>\n    \n    <div class=\"wp-block-media-text is-stacked-on-mobile\">\n\n        <div class=\"wp-block-media-text__media wpet-map-detail\" style=\"width:100%; height: 100%;\">\n            <div class=\"wp-block-media-text__media__content\" id=\"wpetSingleSitMap\" data-wpet-type-map=\"leaflet\" ><\/div>\n        <\/div>\n\n        <div class=\"wp-block-media-text__content\">\n\n                            <p class=\"wp-block-coordonnees__status wp-block-coordonnees__status--close\">\n                    Cerrado                <\/p>\n            \n            <p class=\"wp-block-media-text__content__address\">\n                                    <strong>Museo Gall\u00e9-Juillet<\/strong><br \/>\n                \n                                    Plaza Fran\u00e7ois Mitterand<br \/>\n                \n                                    <span>60100<\/span>\n                    <span>CREIL<\/span><br \/>\n                            <\/p>\n\n                                                <p class=\"wp-block-media-text__content__phone\"><a data-type=\"TEL\" href=\"tel: 33 3 44 29 51 50\">+33 3 44 29 51 50<\/a><\/p>\n                            \n            <a href=\"https:\/\/www.google.fr\/maps?saddr&#038;daddr=49.2608548,2.47237931\" target=\"_blank\" class=\"button GtmButtonCalculItinerairePrestataire\" rel=\"noopener noreferrer\">Calcular mi ruta<\/a>\n        <\/div>\n    <\/div>\n<\/div>\n\n\n    <div class=\"wp-block wp-block-single-sit wp-block-single-sit-ouvertures\" id=\"opening\">\n\n                    <h2>Apertura<\/h2>\n        \n        \t<div class=\"wpetTableList\" >\n                <div data-id=\"wpet-table-slider-wrapper\">\n\t\t    \t\t\t\t\t\t<div class=\"wpetTableContainer\" >\n\t\t\t\t<table class=\"wpetTable wpTable--opening\">\n\t\t\t\t\t<thead class=\"wpetTableHeader\">\n\t\t\t\t\t<tr>\n\t\t\t\t\t\t<td colspan=\"2\">\n\t\t\t\t\t\t\t\t\t\t\t\t\t\t\tDu 05 enero au 31 diciembre\t\t\t\t\t\t\t\t\t\t\t\t\t<\/td>\n\t\t\t\t\t<\/tr>\n\t\t\t\t\t<\/thead>\n\t\t\t\t\t\t\t\t\t\t\t\t\t\t\t\t\t\t<tr class=\"wpetTableLine\">\n\t\t\t\t\t\t\t\t<td class=\"wpetTableCell\">Lunes<\/td>\n\t\t\t\t\t\t\t\t<td class=\"wpetTableCell\">Cerrado<\/td>\n\t\t\t\t\t\t\t<\/tr>\n\t\t\t\t\t\t\t\t\t\t\t\t\t\t\t\t\t\t\t\t\t\t\t\t<tr class=\"wpetTableLine\">\n\t\t\t\t\t\t\t\t<td class=\"wpetTableCell\">Martes<\/td>\n\t\t\t\t\t\t\t\t<td class=\"wpetTableCell\">Cerrado<\/td>\n\t\t\t\t\t\t\t<\/tr>\n\t\t\t\t\t\t\t\t\t\t\t\t\t\t\t\t\t\t\t\t\t\t\t\t<tr class=\"wpetTableLine\">\n\t\t\t\t\t\t\t\t<td class=\"wpetTableCell\">Mi\u00e9rcoles<\/td>\n\t\t\t\t\t\t\t\t<td class=\"wpetTableCell\">Abierto de 16:00 a 17:30<\/td>\n\t\t\t\t\t\t\t<\/tr>\n\t\t\t\t\t\t\t\t\t\t\t\t\t\t\t\t\t\t\t\t\t\t\t\t<tr class=\"wpetTableLine\">\n\t\t\t\t\t\t\t\t<td class=\"wpetTableCell\">Jueves<\/td>\n\t\t\t\t\t\t\t\t<td class=\"wpetTableCell\">Abierto de 16:00 a 17:30<\/td>\n\t\t\t\t\t\t\t<\/tr>\n\t\t\t\t\t\t\t\t\t\t\t\t\t\t\t\t\t\t\t\t\t\t\t\t<tr class=\"wpetTableLine\">\n\t\t\t\t\t\t\t\t<td class=\"wpetTableCell\">Viernes<\/td>\n\t\t\t\t\t\t\t\t<td class=\"wpetTableCell\">Abierto de 16:00 a 17:30<\/td>\n\t\t\t\t\t\t\t<\/tr>\n\t\t\t\t\t\t\t\t\t\t\t\t\t\t\t\t\t\t\t\t\t\t\t\t<tr class=\"wpetTableLine\">\n\t\t\t\t\t\t\t\t<td class=\"wpetTableCell\">S\u00e1bado<\/td>\n\t\t\t\t\t\t\t\t<td class=\"wpetTableCell\">Abierto de 16:00 a 17:30<\/td>\n\t\t\t\t\t\t\t<\/tr>\n\t\t\t\t\t\t\t\t\t\t\t\t\t\t\t\t\t\t\t\t\t\t\t\t<tr class=\"wpetTableLine\">\n\t\t\t\t\t\t\t\t<td class=\"wpetTableCell\">Domingo<\/td>\n\t\t\t\t\t\t\t\t<td class=\"wpetTableCell\">Abierto de 16:00 a 17:30<\/td>\n\t\t\t\t\t\t\t<\/tr>\n\t\t\t\t\t\t\t\t\t\t\t\t\t\t\t<\/table>\n\t\t\t<\/div>\n\t\t        <\/div>\n\t<\/div>\n\n    <\/div>\n\n\n\n    <div class=\"wp-block wp-block-single-sit wp-block-single-sit-tarifs\">\n\n                    <h2>Tarifas<\/h2>\n        \n        \n    <table class=\"wpetTable\">\n                    <tr class=\"wpetTableLine\">\n                <td class=\"wpetTableCell\">\n                    Tasa de adultos                                            <span class=\"wpetTableCell--complement entryMeta\">Visita guiada a la Maison Gall\u00e9-Juillet<\/span>\n                                    <\/td>\n                <td class=\"wpetTableCell\">7 \u20ac<\/td>\n            <\/tr>\n                    <tr class=\"wpetTableLine\">\n                <td class=\"wpetTableCell\">\n                    Otras tarifas                                            <span class=\"wpetTableCell--complement entryMeta\">Tarifa reducida: estudiantes, Pass Agglo (con justificante)<\/span>\n                                    <\/td>\n                <td class=\"wpetTableCell\">3,75 \u20ac<\/td>\n            <\/tr>\n            <\/table>\n\n\n    \n    \n    <\/div>\n\n\n\n<div class=\"wp-block wp-block-related-post alignfull\">\n    <div class=\"container\">\n                    <h2 class=\"wp-block-related-post-title\">Los exploradores tambi\u00e9n consultaron...<\/h2>\n                <div id=\"wpiris-related-post-5424484341133522521\" data-id=\"wpiris-entity-slider\">\n            <div class=\"wp-block-related-post-list wp-block-related-post-list--6\" data-id=\"wpiris-entity-slider-wrapper\">\n\n                \n<div class=\"entityItem\" data-trigger=\"wpiris-click\" data-id=\"wpiris-entity-slider-item\">\n    <p class=\"entityItemThumbnail\">\n        <a href=\"https:\/\/www.creilsudoise-tourisme.fr\/es\/loisirs\/espace-henri-matisse\/\" nofancybox>\n            <img data-src=\"https:\/\/www.creilsudoise-tourisme.fr\/wp-content\/uploads\/wpetourisme\/326491211-870364547515685-3436332937180056059-n-275x350.jpg\" alt=\"Espacio Matisse\">\n        <\/a>\n    <\/p>\n    <div class=\"entityItemContent\">\n        <h2 class=\"entityItemContentTitle\">\n            <a href=\"https:\/\/www.creilsudoise-tourisme.fr\/es\/loisirs\/espace-henri-matisse\/\">Espacio Matisse<\/a>\n        <\/h2>\n                    <p class=\"entityItemContentType\">Actividades deportivas, culturales y tur\u00edsticas<\/p>\n            <\/div>\n    <a href=\"https:\/\/www.creilsudoise-tourisme.fr\/es\/loisirs\/espace-henri-matisse\/\" class=\"seeMore\"><span class=\"sr-only\">M\u00e1s informaci\u00f3n<\/span><\/a>\n<\/div>\n\n<div class=\"entityItem\" data-trigger=\"wpiris-click\" data-id=\"wpiris-entity-slider-item\">\n    <p class=\"entityItemThumbnail\">\n        <a href=\"https:\/\/www.creilsudoise-tourisme.fr\/es\/loisirs\/la-faiencerie-theatre\/\" nofancybox>\n            <img data-src=\"https:\/\/www.creilsudoise-tourisme.fr\/wp-content\/uploads\/wpetourisme\/Facade-2023---4--275x350.png\" alt=\"La Fa\u00efencerie - Teatro y cine\">\n        <\/a>\n    <\/p>\n    <div class=\"entityItemContent\">\n        <h2 class=\"entityItemContentTitle\">\n            <a href=\"https:\/\/www.creilsudoise-tourisme.fr\/es\/loisirs\/la-faiencerie-theatre\/\">La Fa\u00efencerie - Teatro y cine<\/a>\n        <\/h2>\n                    <p class=\"entityItemContentType\">Actividades deportivas, culturales y tur\u00edsticas<\/p>\n            <\/div>\n    <a href=\"https:\/\/www.creilsudoise-tourisme.fr\/es\/loisirs\/la-faiencerie-theatre\/\" class=\"seeMore\"><span class=\"sr-only\">M\u00e1s informaci\u00f3n<\/span><\/a>\n<\/div>\n\n<div class=\"entityItem\" data-trigger=\"wpiris-click\" data-id=\"wpiris-entity-slider-item\">\n    <p class=\"entityItemThumbnail\">\n        <a href=\"https:\/\/www.creilsudoise-tourisme.fr\/es\/espace-naturel\/parc-de-la-faiencerie\/\" nofancybox>\n            <img data-src=\"https:\/\/www.creilsudoise-tourisme.fr\/wp-content\/uploads\/wpetourisme\/Allee-a-Cricri-Creil--1--275x350.jpg\" alt=\"Parque de la Fa\u00efencerie\">\n        <\/a>\n    <\/p>\n    <div class=\"entityItemContent\">\n        <h2 class=\"entityItemContentTitle\">\n            <a href=\"https:\/\/www.creilsudoise-tourisme.fr\/es\/espace-naturel\/parc-de-la-faiencerie\/\">Parque de la Fa\u00efencerie<\/a>\n        <\/h2>\n                    <p class=\"entityItemContentType\">Patrimonio natural<\/p>\n            <\/div>\n    <a href=\"https:\/\/www.creilsudoise-tourisme.fr\/es\/espace-naturel\/parc-de-la-faiencerie\/\" class=\"seeMore\"><span class=\"sr-only\">M\u00e1s informaci\u00f3n<\/span><\/a>\n<\/div>\n\n<div class=\"entityItem\" data-trigger=\"wpiris-click\" data-id=\"wpiris-entity-slider-item\">\n    <p class=\"entityItemThumbnail\">\n        <a href=\"https:\/\/www.creilsudoise-tourisme.fr\/es\/balade-randonnee\/le-massif-des-trois-forets\/\" nofancybox>\n            <img data-src=\"https:\/\/www.creilsudoise-tourisme.fr\/wp-content\/uploads\/wpetourisme\/-DSC1081-275x350.jpg\" alt=\"Macizo de los Tres Bosques\">\n        <\/a>\n    <\/p>\n    <div class=\"entityItemContent\">\n        <h2 class=\"entityItemContentTitle\">\n            <a href=\"https:\/\/www.creilsudoise-tourisme.fr\/es\/balade-randonnee\/le-massif-des-trois-forets\/\">Macizo de los Tres Bosques<\/a>\n        <\/h2>\n                    <p class=\"entityItemContentType\">Senderismo<\/p>\n            <\/div>\n    <a href=\"https:\/\/www.creilsudoise-tourisme.fr\/es\/balade-randonnee\/le-massif-des-trois-forets\/\" class=\"seeMore\"><span class=\"sr-only\">M\u00e1s informaci\u00f3n<\/span><\/a>\n<\/div>\n\n<div class=\"entityItem\" data-trigger=\"wpiris-click\" data-id=\"wpiris-entity-slider-item\">\n    <p class=\"entityItemThumbnail\">\n        <a href=\"https:\/\/www.creilsudoise-tourisme.fr\/es\/balade-randonnee\/de-pierre-et-deau\/\" nofancybox>\n            <img data-src=\"https:\/\/www.creilsudoise-tourisme.fr\/wp-content\/uploads\/wpetourisme\/SAINT-VAAST-LES-MELLO-Etang-Drone-Creil-Sud-Oise-Tourisme--7--275x350.jpg\" alt=\"De piedra y agua\">\n        <\/a>\n    <\/p>\n    <div class=\"entityItemContent\">\n        <h2 class=\"entityItemContentTitle\">\n            <a href=\"https:\/\/www.creilsudoise-tourisme.fr\/es\/balade-randonnee\/de-pierre-et-deau\/\">De piedra y agua<\/a>\n        <\/h2>\n                    <p class=\"entityItemContentType\">Senderismo<\/p>\n            <\/div>\n    <a href=\"https:\/\/www.creilsudoise-tourisme.fr\/es\/balade-randonnee\/de-pierre-et-deau\/\" class=\"seeMore\"><span class=\"sr-only\">M\u00e1s informaci\u00f3n<\/span><\/a>\n<\/div>\n            <\/div>\n\n            \n<div class=\"sliderNav\">\n    <div class=\"sliderNavWrapper\">\n        <p class=\"swiperArrow swiperArrow--next\" data-trigger=\"swiper-next\">\n            <span class=\"sr-only\">Siguiente<\/span>\n        <\/p>\n        <p class=\"swiperArrow swiperArrow--prev\" data-trigger=\"swiper-prev\">\n            <span class=\"sr-only\">Anterior<\/span>\n        <\/p>\n    <\/div>\n<\/div>\n        <\/div>\n    <\/div>\n<\/div>\n\n\n<p><\/p>","protected":false},"excerpt":{"rendered":"<p>Situado a pocos kil\u00f3metros de Chantilly y Senlis, en Creil, el museo Gall\u00e9-Juillet ofrece una v\u00edvida visi\u00f3n del pasado de la ciudad, a trav\u00e9s del conmovedor testimonio de una familia que vivi\u00f3 all\u00ed a principios del siglo pasado y de la exposici\u00f3n de varios centenares de piezas de loza, algunas con el sello Creil-Montereau. Pero eso no es todo... Un museo inmersivo En el [...]<\/p>","protected":false},"author":1,"featured_media":33102,"parent":131,"menu_order":3,"comment_status":"closed","ping_status":"closed","template":"","meta":{"_relevanssi_hide_post":"","_relevanssi_hide_content":"","_relevanssi_pin_for_all":"","_relevanssi_pin_keywords":"","_relevanssi_unpin_keywords":"","_relevanssi_related_keywords":"","_relevanssi_related_include_ids":"","_relevanssi_related_exclude_ids":"","_relevanssi_related_no_append":"","_relevanssi_related_not_related":"","_relevanssi_related_posts":"275,267,273,271","_relevanssi_noindex_reason":""},"yoast_head":"<!-- This site is optimized with the Yoast SEO plugin v20.2.1 - https:\/\/yoast.com\/wordpress\/plugins\/seo\/ -->\n<title>Le Mus\u00e9e Gall\u00e9-Juillet : un voyage immersif dans le pass\u00e9<\/title>\n<meta name=\"description\" content=\"Visitez une maison bourgeoise du 19e si\u00e8cle, admirez une collection de fa\u00efences et d\u00e9couvrez le Ch\u00e2teau de Creil, t\u00e9moin du pass\u00e9 de la ville !\" \/>\n<meta name=\"robots\" content=\"index, follow, max-snippet:-1, max-image-preview:large, max-video-preview:-1\" \/>\n<link rel=\"canonical\" href=\"https:\/\/www.creilsudoise-tourisme.fr\/es\/jexplore\/imprescindibles\/musee-galle-juillet\/\" \/>\n<meta property=\"og:locale\" content=\"es_ES\" \/>\n<meta property=\"og:type\" content=\"article\" \/>\n<meta property=\"og:title\" content=\"Le Mus\u00e9e Gall\u00e9-Juillet : un voyage immersif dans le pass\u00e9\" \/>\n<meta property=\"og:description\" content=\"Visitez une maison bourgeoise du 19e si\u00e8cle, admirez une collection de fa\u00efences et d\u00e9couvrez le Ch\u00e2teau de Creil, t\u00e9moin du pass\u00e9 de la ville !\" \/>\n<meta property=\"og:url\" content=\"https:\/\/www.creilsudoise-tourisme.fr\/es\/jexplore\/imprescindibles\/musee-galle-juillet\/\" \/>\n<meta property=\"og:site_name\" content=\"Office de Tourisme Creil Sud Oise\" \/>\n<meta property=\"article:publisher\" content=\"https:\/\/www.facebook.com\/creilsudoisetourisme\/\" \/>\n<meta property=\"article:modified_time\" content=\"2026-03-09T14:58:40+00:00\" \/>\n<meta property=\"og:image\" content=\"https:\/\/www.creilsudoise-tourisme.fr\/wp-content\/uploads\/2021\/04\/Visite-guide\u0301e-des-appartements-prive\u0301s-a\u0300-la-Maison-Galle\u0301-Juillet.jpg\" \/>\n\t<meta property=\"og:image:width\" content=\"1600\" \/>\n\t<meta property=\"og:image:height\" content=\"1067\" \/>\n\t<meta property=\"og:image:type\" content=\"image\/jpeg\" \/>\n<meta name=\"twitter:card\" content=\"summary_large_image\" \/>\n<meta name=\"twitter:site\" content=\"@CreilSudOiseOT\" \/>\n<meta name=\"twitter:label1\" content=\"Tiempo de lectura\" \/>\n\t<meta name=\"twitter:data1\" content=\"7 minutos\" \/>\n<script type=\"application\/ld+json\" class=\"yoast-schema-graph\">{\"@context\":\"https:\/\/schema.org\",\"@graph\":[{\"@type\":\"WebPage\",\"@id\":\"https:\/\/www.creilsudoise-tourisme.fr\/jexplore\/incontournables\/musee-galle-juillet\/\",\"url\":\"https:\/\/www.creilsudoise-tourisme.fr\/jexplore\/incontournables\/musee-galle-juillet\/\",\"name\":\"Le Mus\u00e9e Gall\u00e9-Juillet : un voyage immersif dans le pass\u00e9\",\"isPartOf\":{\"@id\":\"https:\/\/www.creilsudoise-tourisme.fr\/#website\"},\"datePublished\":\"2021-02-17T09:02:38+00:00\",\"dateModified\":\"2026-03-09T14:58:40+00:00\",\"description\":\"Visitez une maison bourgeoise du 19e si\u00e8cle, admirez une collection de fa\u00efences et d\u00e9couvrez le Ch\u00e2teau de Creil, t\u00e9moin du pass\u00e9 de la ville !\",\"breadcrumb\":{\"@id\":\"https:\/\/www.creilsudoise-tourisme.fr\/jexplore\/incontournables\/musee-galle-juillet\/#breadcrumb\"},\"inLanguage\":\"es\",\"potentialAction\":[{\"@type\":\"ReadAction\",\"target\":[\"https:\/\/www.creilsudoise-tourisme.fr\/jexplore\/incontournables\/musee-galle-juillet\/\"]}]},{\"@type\":\"BreadcrumbList\",\"@id\":\"https:\/\/www.creilsudoise-tourisme.fr\/jexplore\/incontournables\/musee-galle-juillet\/#breadcrumb\",\"itemListElement\":[{\"@type\":\"ListItem\",\"position\":1,\"name\":\"Accueil\",\"item\":\"https:\/\/www.creilsudoise-tourisme.fr\/\"},{\"@type\":\"ListItem\",\"position\":2,\"name\":\"J&rsquo;explore\",\"item\":\"https:\/\/www.creilsudoise-tourisme.fr\/jexplore\/\"},{\"@type\":\"ListItem\",\"position\":3,\"name\":\"Les incontournables\",\"item\":\"https:\/\/www.creilsudoise-tourisme.fr\/jexplore\/incontournables\/\"},{\"@type\":\"ListItem\",\"position\":4,\"name\":\"Le Mus\u00e9e Gall\u00e9-Juillet\"}]},{\"@type\":\"WebSite\",\"@id\":\"https:\/\/www.creilsudoise-tourisme.fr\/#website\",\"url\":\"https:\/\/www.creilsudoise-tourisme.fr\/\",\"name\":\"Office de Tourisme Creil Sud Oise\",\"description\":\"Creil Sud Oise Tourisme, un territoire \u00e0 explorer !\",\"publisher\":{\"@id\":\"https:\/\/www.creilsudoise-tourisme.fr\/#organization\"},\"potentialAction\":[{\"@type\":\"SearchAction\",\"target\":{\"@type\":\"EntryPoint\",\"urlTemplate\":\"https:\/\/www.creilsudoise-tourisme.fr\/?s={search_term_string}\"},\"query-input\":\"required name=search_term_string\"}],\"inLanguage\":\"es\"},{\"@type\":\"Organization\",\"@id\":\"https:\/\/www.creilsudoise-tourisme.fr\/#organization\",\"name\":\"Creil Sud Oise Tourisme\",\"url\":\"https:\/\/www.creilsudoise-tourisme.fr\/\",\"logo\":{\"@type\":\"ImageObject\",\"inLanguage\":\"es\",\"@id\":\"https:\/\/www.creilsudoise-tourisme.fr\/#\/schema\/logo\/image\/\",\"url\":\"https:\/\/www.creilsudoise-tourisme.fr\/wp-content\/uploads\/2021\/05\/logo-svg.png\",\"contentUrl\":\"https:\/\/www.creilsudoise-tourisme.fr\/wp-content\/uploads\/2021\/05\/logo-svg.png\",\"width\":182,\"height\":71,\"caption\":\"Creil Sud Oise Tourisme\"},\"image\":{\"@id\":\"https:\/\/www.creilsudoise-tourisme.fr\/#\/schema\/logo\/image\/\"},\"sameAs\":[\"https:\/\/www.facebook.com\/creilsudoisetourisme\/\",\"https:\/\/twitter.com\/CreilSudOiseOT\",\"https:\/\/www.instagram.com\/creilsudoisetourisme\/\",\"https:\/\/www.youtube.com\/channel\/UC8L_QD2wwyADW14zt9fY8kw\"]}]}<\/script>\n<!-- \/ Yoast SEO plugin. -->","yoast_head_json":{"title":"Le Mus\u00e9e Gall\u00e9-Juillet : un voyage immersif dans le pass\u00e9","description":"Visitez une maison bourgeoise du 19e si\u00e8cle, admirez une collection de fa\u00efences et d\u00e9couvrez le Ch\u00e2teau de Creil, t\u00e9moin du pass\u00e9 de la ville !","robots":{"index":"index","follow":"follow","max-snippet":"max-snippet:-1","max-image-preview":"max-image-preview:large","max-video-preview":"max-video-preview:-1"},"canonical":"https:\/\/www.creilsudoise-tourisme.fr\/es\/jexplore\/imprescindibles\/musee-galle-juillet\/","og_locale":"es_ES","og_type":"article","og_title":"Le Mus\u00e9e Gall\u00e9-Juillet : un voyage immersif dans le pass\u00e9","og_description":"Visitez une maison bourgeoise du 19e si\u00e8cle, admirez une collection de fa\u00efences et d\u00e9couvrez le Ch\u00e2teau de Creil, t\u00e9moin du pass\u00e9 de la ville !","og_url":"https:\/\/www.creilsudoise-tourisme.fr\/es\/jexplore\/imprescindibles\/musee-galle-juillet\/","og_site_name":"Office de Tourisme Creil Sud Oise","article_publisher":"https:\/\/www.facebook.com\/creilsudoisetourisme\/","article_modified_time":"2026-03-09T14:58:40+00:00","og_image":[{"width":1600,"height":1067,"url":"https:\/\/www.creilsudoise-tourisme.fr\/wp-content\/uploads\/2021\/04\/Visite-guide\u0301e-des-appartements-prive\u0301s-a\u0300-la-Maison-Galle\u0301-Juillet.jpg","type":"image\/jpeg"}],"twitter_card":"summary_large_image","twitter_site":"@CreilSudOiseOT","twitter_misc":{"Tiempo de lectura":"7 minutos"},"schema":{"@context":"https:\/\/schema.org","@graph":[{"@type":"WebPage","@id":"https:\/\/www.creilsudoise-tourisme.fr\/jexplore\/incontournables\/musee-galle-juillet\/","url":"https:\/\/www.creilsudoise-tourisme.fr\/jexplore\/incontournables\/musee-galle-juillet\/","name":"Le Mus\u00e9e Gall\u00e9-Juillet : un voyage immersif dans le pass\u00e9","isPartOf":{"@id":"https:\/\/www.creilsudoise-tourisme.fr\/#website"},"datePublished":"2021-02-17T09:02:38+00:00","dateModified":"2026-03-09T14:58:40+00:00","description":"Visitez une maison bourgeoise du 19e si\u00e8cle, admirez une collection de fa\u00efences et d\u00e9couvrez le Ch\u00e2teau de Creil, t\u00e9moin du pass\u00e9 de la ville !","breadcrumb":{"@id":"https:\/\/www.creilsudoise-tourisme.fr\/jexplore\/incontournables\/musee-galle-juillet\/#breadcrumb"},"inLanguage":"es","potentialAction":[{"@type":"ReadAction","target":["https:\/\/www.creilsudoise-tourisme.fr\/jexplore\/incontournables\/musee-galle-juillet\/"]}]},{"@type":"BreadcrumbList","@id":"https:\/\/www.creilsudoise-tourisme.fr\/jexplore\/incontournables\/musee-galle-juillet\/#breadcrumb","itemListElement":[{"@type":"ListItem","position":1,"name":"Accueil","item":"https:\/\/www.creilsudoise-tourisme.fr\/"},{"@type":"ListItem","position":2,"name":"J&rsquo;explore","item":"https:\/\/www.creilsudoise-tourisme.fr\/jexplore\/"},{"@type":"ListItem","position":3,"name":"Les incontournables","item":"https:\/\/www.creilsudoise-tourisme.fr\/jexplore\/incontournables\/"},{"@type":"ListItem","position":4,"name":"Le Mus\u00e9e Gall\u00e9-Juillet"}]},{"@type":"WebSite","@id":"https:\/\/www.creilsudoise-tourisme.fr\/#website","url":"https:\/\/www.creilsudoise-tourisme.fr\/","name":"Office de Tourisme Creil Sud Oise","description":"Creil Sud Oise Tourisme, un territoire \u00e0 explorer !","publisher":{"@id":"https:\/\/www.creilsudoise-tourisme.fr\/#organization"},"potentialAction":[{"@type":"SearchAction","target":{"@type":"EntryPoint","urlTemplate":"https:\/\/www.creilsudoise-tourisme.fr\/?s={search_term_string}"},"query-input":"required name=search_term_string"}],"inLanguage":"es"},{"@type":"Organization","@id":"https:\/\/www.creilsudoise-tourisme.fr\/#organization","name":"Creil Sud Oise Tourisme","url":"https:\/\/www.creilsudoise-tourisme.fr\/","logo":{"@type":"ImageObject","inLanguage":"es","@id":"https:\/\/www.creilsudoise-tourisme.fr\/#\/schema\/logo\/image\/","url":"https:\/\/www.creilsudoise-tourisme.fr\/wp-content\/uploads\/2021\/05\/logo-svg.png","contentUrl":"https:\/\/www.creilsudoise-tourisme.fr\/wp-content\/uploads\/2021\/05\/logo-svg.png","width":182,"height":71,"caption":"Creil Sud Oise Tourisme"},"image":{"@id":"https:\/\/www.creilsudoise-tourisme.fr\/#\/schema\/logo\/image\/"},"sameAs":["https:\/\/www.facebook.com\/creilsudoisetourisme\/","https:\/\/twitter.com\/CreilSudOiseOT","https:\/\/www.instagram.com\/creilsudoisetourisme\/","https:\/\/www.youtube.com\/channel\/UC8L_QD2wwyADW14zt9fY8kw"]}]}},"_links":{"self":[{"href":"https:\/\/www.creilsudoise-tourisme.fr\/es\/wp-json\/wp\/v2\/pages\/145"}],"collection":[{"href":"https:\/\/www.creilsudoise-tourisme.fr\/es\/wp-json\/wp\/v2\/pages"}],"about":[{"href":"https:\/\/www.creilsudoise-tourisme.fr\/es\/wp-json\/wp\/v2\/types\/page"}],"author":[{"embeddable":true,"href":"https:\/\/www.creilsudoise-tourisme.fr\/es\/wp-json\/wp\/v2\/users\/1"}],"replies":[{"embeddable":true,"href":"https:\/\/www.creilsudoise-tourisme.fr\/es\/wp-json\/wp\/v2\/comments?post=145"}],"version-history":[{"count":81,"href":"https:\/\/www.creilsudoise-tourisme.fr\/es\/wp-json\/wp\/v2\/pages\/145\/revisions"}],"predecessor-version":[{"id":68210,"href":"https:\/\/www.creilsudoise-tourisme.fr\/es\/wp-json\/wp\/v2\/pages\/145\/revisions\/68210"}],"up":[{"embeddable":true,"href":"https:\/\/www.creilsudoise-tourisme.fr\/es\/wp-json\/wp\/v2\/pages\/131"}],"wp:featuredmedia":[{"embeddable":true,"href":"https:\/\/www.creilsudoise-tourisme.fr\/es\/wp-json\/wp\/v2\/media\/33102"}],"wp:attachment":[{"href":"https:\/\/www.creilsudoise-tourisme.fr\/es\/wp-json\/wp\/v2\/media?parent=145"}],"curies":[{"name":"wp","href":"https:\/\/api.w.org\/{rel}","templated":true}]}}