{"id":133,"date":"2021-02-17T10:02:29","date_gmt":"2021-02-17T09:02:29","guid":{"rendered":"https:\/\/www.creilsudoise-tourisme.fr\/la-maison-de-la-pierre\/"},"modified":"2025-05-30T15:55:55","modified_gmt":"2025-05-30T13:55:55","slug":"maison-de-la-pierre","status":"publish","type":"page","link":"https:\/\/www.creilsudoise-tourisme.fr\/es\/jexplore\/imprescindibles\/maison-de-la-pierre-3\/","title":{"rendered":"La Casa de Piedra"},"content":{"rendered":"<p class=\"is-style-excerpt\">Situado cerca de Chantilly y Senlis, <strong>la Maison de la Pierre es un museo situado bajo tierra en una antigua cantera de piedra<\/strong> \u00a1! Es uno de los raros lugares de memoria de la vida de los canteros del norte de Francia, que rinde homenaje a la<strong>El ADN del destino Creil Sud Oise: la piedra<\/strong>.<\/p>\n\n\n\n<figure class=\"wp-block-embed is-type-video is-provider-youtube wp-block-embed-youtube wp-embed-aspect-16-9 wp-has-aspect-ratio\"><div class=\"wp-block-embed__wrapper\">\n<iframe loading=\"lazy\" title=\"[LES INCONTOURNABLES] La casa de piedra de Saint-Maximin | Creil Sud Oise Tourisme\" width=\"500\" height=\"281\" data-src=\"https:\/\/www.youtube.com\/embed\/Nx6Uz5neMS8?feature=oembed\" frameborder=\"0\" allow=\"accelerometer; autoplay; clipboard-write; encrypted-media; gyroscope; picture-in-picture; web-share\" referrerpolicy=\"strict-origin-when-cross-origin\" allowfullscreen><\/iframe>\n<\/div><\/figure>\n\n\n\n<div class=\"wp-block-strate-full alignfull\">\n\n    <div class=\"wp-block-strate-full-thumbnail\">\n        <img data-src=\"https:\/\/www.creilsudoise-tourisme.fr\/wp-content\/uploads\/2023\/02\/\u00a9comdesimages-b.teissedre-ADRTOise-maison-de-la-pierre_COM06656-1-1600x870.jpg\" alt=\"Visita guiada a la cantera subterr\u00e1nea de la Maison de la Pierre en Saint-Maximin\">\n    <\/div>\n\n\t\n        <div class=\"wp-block-strate-full-content wp-block-strate-full-content-left\">\n\t\t\t\t\t\t                <p class=\"wp-block-strate-full-content-excerpt\"> <strong>Sum\u00e9rjase en la clandestinidad<\/strong> de la Maison de la Pierre y descubra un <strong>profesi\u00f3n inusual: la de cantero.<\/strong> <\/p>\n\t\t\t        <\/div>\n\n\t\n<\/div>\n\n\n\n<h2>Una antigua cantera subterr\u00e1nea que se puede visitar<\/h2>\n\n\n\n<p>La Maison de la Pierre es ante todo un<strong> una antigua cantera de piedra subterr\u00e1nea que puede visitarse<\/strong>. Con el casco puesto, entramos en un espacio subterr\u00e1neo di\u00e1fano, plano y de techos altos, acompa\u00f1ados por nuestro gu\u00eda que nos explica, mientras avanzamos por los distintos decorados y un juego de luces y sonido, la <strong>geolog\u00eda <\/strong>de lugares, formas <strong>la extracci\u00f3n de piedra a trav\u00e9s de los tiempos<\/strong>s, el <strong>ocupaciones de la cantera en diferentes \u00e9pocas<\/strong>...<\/p>\n\n\n\n<figure class=\"wp-block-image size-large\"><img decoding=\"async\" loading=\"lazy\" width=\"1200\" height=\"800\" data-src=\"https:\/\/www.creilsudoise-tourisme.fr\/wp-content\/uploads\/2023\/02\/053_Maison-de-la-Pierre\u00a92022_Smellinckx-1200x800.jpg\" alt=\"Exposici\u00f3n permanente en la Maison de la Pierre\" class=\"wp-image-45085\" data-srcset=\"https:\/\/www.creilsudoise-tourisme.fr\/wp-content\/uploads\/2023\/02\/053_Maison-de-la-Pierre\u00a92022_Smellinckx-1200x800.jpg 1200w, https:\/\/www.creilsudoise-tourisme.fr\/wp-content\/uploads\/2023\/02\/053_Maison-de-la-Pierre\u00a92022_Smellinckx-600x400.jpg 600w, https:\/\/www.creilsudoise-tourisme.fr\/wp-content\/uploads\/2023\/02\/053_Maison-de-la-Pierre\u00a92022_Smellinckx-900x600.jpg 900w, https:\/\/www.creilsudoise-tourisme.fr\/wp-content\/uploads\/2023\/02\/053_Maison-de-la-Pierre\u00a92022_Smellinckx-1536x1024.jpg 1536w, https:\/\/www.creilsudoise-tourisme.fr\/wp-content\/uploads\/2023\/02\/053_Maison-de-la-Pierre\u00a92022_Smellinckx-18x12.jpg 18w, https:\/\/www.creilsudoise-tourisme.fr\/wp-content\/uploads\/2023\/02\/053_Maison-de-la-Pierre\u00a92022_Smellinckx-200x133.jpg 200w, https:\/\/www.creilsudoise-tourisme.fr\/wp-content\/uploads\/2023\/02\/053_Maison-de-la-Pierre\u00a92022_Smellinckx-650x433.jpg 650w, https:\/\/www.creilsudoise-tourisme.fr\/wp-content\/uploads\/2023\/02\/053_Maison-de-la-Pierre\u00a92022_Smellinckx-387x258.jpg 387w, https:\/\/www.creilsudoise-tourisme.fr\/wp-content\/uploads\/2023\/02\/053_Maison-de-la-Pierre\u00a92022_Smellinckx.jpg 1920w\" sizes=\"(max-width: 1200px) 100vw, 1200px\" \/><figcaption class=\"wp-element-caption\">Adem\u00e1s de una cantera subterr\u00e1nea, tambi\u00e9n hay una exposici\u00f3n permanente de herramientas de cantero<\/figcaption><\/figure>\n\n\n\n<p>Por ejemplo, se descubri\u00f3 que gran parte de las piedras extra\u00eddas se utilizaban para la <strong>construcci\u00f3n y restauraci\u00f3n de Par\u00eds<\/strong>s, como <strong>Edificios haussmannianos<\/strong>en <strong>Palacio Borb\u00f3n<\/strong>el <strong>Sainte Chapelle<\/strong>en <strong>Puente Nuevo<\/strong> y muchos otros. Y a los extranjeros tambi\u00e9n les gusta mucho: por ejemplo, la ampliaci\u00f3n del<strong>Universidad de Stanford en Estados Unidos<\/strong> \u00a1es de piedra de Saint-Maximin!<\/p>\n\n\n\n<p>Tambi\u00e9n es sorprendente descubrir que<strong> Saint-Maximinois vivi\u00f3 aqu\u00ed, bajo tierra, durante los bombardeos<\/strong> \u00a1La ciudad fue arrasada en 95%! Podemos ampliar nuestro descubrimiento de este periodo hist\u00f3rico visitando la <strong><a href=\"https:\/\/www.creilsudoise-tourisme.fr\/es\/jexplore\/videos\/bombardeo-museo-2\/\" target=\"_blank\" rel=\"noreferrer noopener\">Museo del bombardeo<\/a><\/strong>tambi\u00e9n en Saint-Maximin.<\/p>\n\n\n\n<figure class=\"is-layout-flex wp-block-gallery-1 wp-block-gallery alignfull has-nested-images columns-default is-cropped\">\n<figure class=\"wp-block-image size-large\"><img decoding=\"async\" loading=\"lazy\" width=\"1200\" height=\"546\" data-id=\"34647\"  data-src=\"https:\/\/www.creilsudoise-tourisme.fr\/wp-content\/uploads\/2021\/05\/La-Seconde-Guerre-mondiale-a-la-Maison-de-la-Pierre-a-Saint-Maximin-e1677149189843-1200x546.jpg\" alt=\"Visita guiada a la cantera subterr\u00e1nea de la Maison de la Pierre\" class=\"wp-image-34647\" data-srcset=\"https:\/\/www.creilsudoise-tourisme.fr\/wp-content\/uploads\/2021\/05\/La-Seconde-Guerre-mondiale-a-la-Maison-de-la-Pierre-a-Saint-Maximin-e1677149189843-1200x546.jpg 1200w, https:\/\/www.creilsudoise-tourisme.fr\/wp-content\/uploads\/2021\/05\/La-Seconde-Guerre-mondiale-a-la-Maison-de-la-Pierre-a-Saint-Maximin-e1677149189843-600x273.jpg 600w, https:\/\/www.creilsudoise-tourisme.fr\/wp-content\/uploads\/2021\/05\/La-Seconde-Guerre-mondiale-a-la-Maison-de-la-Pierre-a-Saint-Maximin-e1677149189843-900x410.jpg 900w, https:\/\/www.creilsudoise-tourisme.fr\/wp-content\/uploads\/2021\/05\/La-Seconde-Guerre-mondiale-a-la-Maison-de-la-Pierre-a-Saint-Maximin-e1677149189843-1536x699.jpg 1536w, https:\/\/www.creilsudoise-tourisme.fr\/wp-content\/uploads\/2021\/05\/La-Seconde-Guerre-mondiale-a-la-Maison-de-la-Pierre-a-Saint-Maximin-e1677149189843-200x91.jpg 200w, https:\/\/www.creilsudoise-tourisme.fr\/wp-content\/uploads\/2021\/05\/La-Seconde-Guerre-mondiale-a-la-Maison-de-la-Pierre-a-Saint-Maximin-e1677149189843-650x296.jpg 650w, https:\/\/www.creilsudoise-tourisme.fr\/wp-content\/uploads\/2021\/05\/La-Seconde-Guerre-mondiale-a-la-Maison-de-la-Pierre-a-Saint-Maximin-e1677149189843-387x176.jpg 387w, https:\/\/www.creilsudoise-tourisme.fr\/wp-content\/uploads\/2021\/05\/La-Seconde-Guerre-mondiale-a-la-Maison-de-la-Pierre-a-Saint-Maximin-e1677149189843-18x8.jpg 18w, https:\/\/www.creilsudoise-tourisme.fr\/wp-content\/uploads\/2021\/05\/La-Seconde-Guerre-mondiale-a-la-Maison-de-la-Pierre-a-Saint-Maximin-e1677149189843.jpg 1600w\" sizes=\"(max-width: 1200px) 100vw, 1200px\" \/><figcaption class=\"wp-element-caption\">Comdesimages B. Teissedre ADRTOise<\/figcaption><\/figure>\n\n\n\n<figure class=\"wp-block-image size-large\"><img decoding=\"async\" loading=\"lazy\" width=\"1200\" height=\"800\" data-id=\"34648\"  data-src=\"https:\/\/www.creilsudoise-tourisme.fr\/wp-content\/uploads\/2021\/05\/Les-outils-des-carriers-a-la-Maison-de-la-Pierre-a-Saint-Maximin-1200x800.jpg\" alt=\"Visita guiada a la cantera subterr\u00e1nea de la Maison de la Pierre\" class=\"wp-image-34648\" data-srcset=\"https:\/\/www.creilsudoise-tourisme.fr\/wp-content\/uploads\/2021\/05\/Les-outils-des-carriers-a-la-Maison-de-la-Pierre-a-Saint-Maximin-1200x800.jpg 1200w, https:\/\/www.creilsudoise-tourisme.fr\/wp-content\/uploads\/2021\/05\/Les-outils-des-carriers-a-la-Maison-de-la-Pierre-a-Saint-Maximin-600x400.jpg 600w, https:\/\/www.creilsudoise-tourisme.fr\/wp-content\/uploads\/2021\/05\/Les-outils-des-carriers-a-la-Maison-de-la-Pierre-a-Saint-Maximin-900x600.jpg 900w, https:\/\/www.creilsudoise-tourisme.fr\/wp-content\/uploads\/2021\/05\/Les-outils-des-carriers-a-la-Maison-de-la-Pierre-a-Saint-Maximin-1536x1024.jpg 1536w, https:\/\/www.creilsudoise-tourisme.fr\/wp-content\/uploads\/2021\/05\/Les-outils-des-carriers-a-la-Maison-de-la-Pierre-a-Saint-Maximin-200x133.jpg 200w, https:\/\/www.creilsudoise-tourisme.fr\/wp-content\/uploads\/2021\/05\/Les-outils-des-carriers-a-la-Maison-de-la-Pierre-a-Saint-Maximin-650x433.jpg 650w, https:\/\/www.creilsudoise-tourisme.fr\/wp-content\/uploads\/2021\/05\/Les-outils-des-carriers-a-la-Maison-de-la-Pierre-a-Saint-Maximin-387x258.jpg 387w, https:\/\/www.creilsudoise-tourisme.fr\/wp-content\/uploads\/2021\/05\/Les-outils-des-carriers-a-la-Maison-de-la-Pierre-a-Saint-Maximin.jpg 1600w\" sizes=\"(max-width: 1200px) 100vw, 1200px\" \/><figcaption class=\"wp-element-caption\">Comdesimages B. Teissedre ADRTOise<\/figcaption><\/figure>\n\n\n\n<figure class=\"wp-block-image size-large\"><img decoding=\"async\" loading=\"lazy\" width=\"1200\" height=\"800\" data-id=\"34660\"  data-src=\"https:\/\/www.creilsudoise-tourisme.fr\/wp-content\/uploads\/2021\/05\/Visite-guidee-de-la-Galerie-du-Front-de-Taille-a-la-Maison-de-la-Pierre-a-Saint-Maximin-1200x800.jpg\" alt=\"Visita guiada a la exposici\u00f3n temporal de la Maison de la Pierre en Saint-Maximin\" class=\"wp-image-34660\" data-srcset=\"https:\/\/www.creilsudoise-tourisme.fr\/wp-content\/uploads\/2021\/05\/Visite-guidee-de-la-Galerie-du-Front-de-Taille-a-la-Maison-de-la-Pierre-a-Saint-Maximin-1200x800.jpg 1200w, https:\/\/www.creilsudoise-tourisme.fr\/wp-content\/uploads\/2021\/05\/Visite-guidee-de-la-Galerie-du-Front-de-Taille-a-la-Maison-de-la-Pierre-a-Saint-Maximin-600x400.jpg 600w, https:\/\/www.creilsudoise-tourisme.fr\/wp-content\/uploads\/2021\/05\/Visite-guidee-de-la-Galerie-du-Front-de-Taille-a-la-Maison-de-la-Pierre-a-Saint-Maximin-900x600.jpg 900w, https:\/\/www.creilsudoise-tourisme.fr\/wp-content\/uploads\/2021\/05\/Visite-guidee-de-la-Galerie-du-Front-de-Taille-a-la-Maison-de-la-Pierre-a-Saint-Maximin-1536x1024.jpg 1536w, https:\/\/www.creilsudoise-tourisme.fr\/wp-content\/uploads\/2021\/05\/Visite-guidee-de-la-Galerie-du-Front-de-Taille-a-la-Maison-de-la-Pierre-a-Saint-Maximin-200x133.jpg 200w, https:\/\/www.creilsudoise-tourisme.fr\/wp-content\/uploads\/2021\/05\/Visite-guidee-de-la-Galerie-du-Front-de-Taille-a-la-Maison-de-la-Pierre-a-Saint-Maximin-650x433.jpg 650w, https:\/\/www.creilsudoise-tourisme.fr\/wp-content\/uploads\/2021\/05\/Visite-guidee-de-la-Galerie-du-Front-de-Taille-a-la-Maison-de-la-Pierre-a-Saint-Maximin-387x258.jpg 387w, https:\/\/www.creilsudoise-tourisme.fr\/wp-content\/uploads\/2021\/05\/Visite-guidee-de-la-Galerie-du-Front-de-Taille-a-la-Maison-de-la-Pierre-a-Saint-Maximin.jpg 1600w\" sizes=\"(max-width: 1200px) 100vw, 1200px\" \/><figcaption class=\"wp-element-caption\">Comdesimages B. Teissedre - Oise Tourisme<\/figcaption><\/figure>\n<\/figure>\n\n\n<div class=\"wp-block wp-block-highlight\">\n            <h3 class=\"wp-block-highlight-item wp-block-highlight-title\">\u00bfLo sab\u00edas? <br>Piedra, el ADN de Creil Sud Oise<\/h3>\n                <p class=\"wp-block-highlight-item wp-block-highlight-excerpt\">\u00bfSab\u00eda que todos los<strong> La cuenca del Creillois est\u00e1 llena de canteras<\/strong> ? Ya se han inventariado m\u00e1s de cien yacimientos subterr\u00e1neos, al aire libre, antiguos frentes de cantera y yacimientos trogloditas.<\/p>\n    <\/div>\n\n\n<div class=\"wp-block wp-block-testimonial\">\n    <div class=\"wp-block-testimonial-excerpt\">\n        \u00a1Visita super interesante y tan refrescante! Explicaciones claras y adaptadas a cada persona, visita enriquecedora y agradable para un lugar donde el trabajo era tan duro    <\/div>\n    <div class=\"wp-block-testimonial-details\">\n                <div class=\"wp-block-testimonial-content\">\n            <p class=\"wp-block-testimonial-content-author\">\n                <strong>Marie-H\u00e9l\u00e8ne P. <\/strong>\n\n                                <span class=\"wp-block-testimonial-content-job\"> - P\u00e1gina de Facebook de la Maison de la Pierre<\/span>\n                            <\/p>\n        <\/div>\n    <\/div>\n<\/div>\n\n\n<div class=\"wp-block-strate-full alignfull\">\n\n    <div class=\"wp-block-strate-full-thumbnail\">\n        <img data-src=\"https:\/\/www.creilsudoise-tourisme.fr\/wp-content\/uploads\/2023\/02\/086_Maison-de-la-Pierre\u00a92022_Smellinckx-e1677149073115-1600x900.jpg\" alt=\"Taller de escultura en piedra en la Maison de la Pierre\">\n    <\/div>\n\n\t\n        <div class=\"wp-block-strate-full-content wp-block-strate-full-content-left\">\n\t\t\t\t\t\t                <p class=\"wp-block-strate-full-content-excerpt\"> Ven a <strong>descubrir las artes ancestrales<\/strong> \u00a1en la Maison de la Pierre de Saint-Maximin! <\/p>\n\t\t\t        <\/div>\n\n\t\n<\/div>\n\n\n\n<h2>Talleres de arte<\/h2>\n\n\n\n<p>Adem\u00e1s del <strong>visita guiada a una cantera subterr\u00e1nea<\/strong> excavada por el hombre en el suelo calc\u00e1reo del sur del Oise, la Maison de la Pierre tambi\u00e9n ofrece <strong>talleres de talla en piedra y vidrieras.<\/strong><\/p>\n\n\n\n<div class=\"is-layout-flex wp-block-buttons\">\n<div class=\"wp-block-button\"><a class=\"wp-block-button__link wp-element-button\" href=\"#programmation\">programaci\u00f3n<\/a><\/div>\n<\/div>\n\n\n\n<h3>Talla de piedra<\/h3>\n\n\n\n<figure class=\"wp-block-embed is-type-video is-provider-youtube wp-block-embed-youtube wp-embed-aspect-16-9 wp-has-aspect-ratio\"><div class=\"wp-block-embed__wrapper\">\n<iframe loading=\"lazy\" title=\"[CONOZCA a Fabrice, escultor en piedra | Creil Sud Oise Tourisme\" width=\"500\" height=\"281\" data-src=\"https:\/\/www.youtube.com\/embed\/ivRNcQLG4g8?feature=oembed\" frameborder=\"0\" allow=\"accelerometer; autoplay; clipboard-write; encrypted-media; gyroscope; picture-in-picture; web-share\" referrerpolicy=\"strict-origin-when-cross-origin\" allowfullscreen><\/iframe>\n<\/div><figcaption class=\"wp-element-caption\"><strong>Aprenda a tallar la piedra<\/strong> \u00a1en la Maison de la Pierre de Saint-Maximin!<\/figcaption><\/figure>\n\n\n\n<p>Puede<strong> introducci\u00f3n al arte de la talla en piedra<\/strong> durante el <strong>1h30 talleres<\/strong>o perfeccione su t\u00e9cnica en la \"Maison de la Pierre\", de la mano de un gu\u00eda apasionado. <strong>de un curso de medio d\u00eda a 3 d\u00edas consecutivos<\/strong>. Estos cursos son impartidos por <strong>escultores profesionales<\/strong>. <\/p>\n\n\n\n<figure class=\"is-layout-flex wp-block-gallery-4 wp-block-gallery has-nested-images columns-default is-cropped\">\n<figure class=\"wp-block-image size-large\"><img decoding=\"async\" loading=\"lazy\" width=\"1200\" height=\"800\" data-id=\"34644\"  data-src=\"https:\/\/www.creilsudoise-tourisme.fr\/wp-content\/uploads\/2021\/05\/Initiation-a-la-sculpture-avec-des-enfants-a-la-Maison-de-la-Pierre-a-Saint-Maximin-1200x800.jpg\" alt=\"Iniciaci\u00f3n a la escultura en piedra con ni\u00f1os en la Maison de la Pierre de Saint-Maximin\" class=\"wp-image-34644\" data-srcset=\"https:\/\/www.creilsudoise-tourisme.fr\/wp-content\/uploads\/2021\/05\/Initiation-a-la-sculpture-avec-des-enfants-a-la-Maison-de-la-Pierre-a-Saint-Maximin-1200x800.jpg 1200w, https:\/\/www.creilsudoise-tourisme.fr\/wp-content\/uploads\/2021\/05\/Initiation-a-la-sculpture-avec-des-enfants-a-la-Maison-de-la-Pierre-a-Saint-Maximin-600x400.jpg 600w, https:\/\/www.creilsudoise-tourisme.fr\/wp-content\/uploads\/2021\/05\/Initiation-a-la-sculpture-avec-des-enfants-a-la-Maison-de-la-Pierre-a-Saint-Maximin-900x600.jpg 900w, https:\/\/www.creilsudoise-tourisme.fr\/wp-content\/uploads\/2021\/05\/Initiation-a-la-sculpture-avec-des-enfants-a-la-Maison-de-la-Pierre-a-Saint-Maximin-1536x1024.jpg 1536w, https:\/\/www.creilsudoise-tourisme.fr\/wp-content\/uploads\/2021\/05\/Initiation-a-la-sculpture-avec-des-enfants-a-la-Maison-de-la-Pierre-a-Saint-Maximin-200x133.jpg 200w, https:\/\/www.creilsudoise-tourisme.fr\/wp-content\/uploads\/2021\/05\/Initiation-a-la-sculpture-avec-des-enfants-a-la-Maison-de-la-Pierre-a-Saint-Maximin-650x433.jpg 650w, https:\/\/www.creilsudoise-tourisme.fr\/wp-content\/uploads\/2021\/05\/Initiation-a-la-sculpture-avec-des-enfants-a-la-Maison-de-la-Pierre-a-Saint-Maximin-387x258.jpg 387w, https:\/\/www.creilsudoise-tourisme.fr\/wp-content\/uploads\/2021\/05\/Initiation-a-la-sculpture-avec-des-enfants-a-la-Maison-de-la-Pierre-a-Saint-Maximin.jpg 1600w\" sizes=\"(max-width: 1200px) 100vw, 1200px\" \/><\/figure>\n\n\n\n<figure class=\"wp-block-image size-large\"><img decoding=\"async\" loading=\"lazy\" width=\"800\" height=\"1200\" data-id=\"45089\"  data-src=\"https:\/\/www.creilsudoise-tourisme.fr\/wp-content\/uploads\/2023\/02\/155_Maison-de-la-Pierre\u00a92022_Smellinckx-800x1200.jpg\" alt=\"Taller de escultura en piedra en la Maison de la Pierre\" class=\"wp-image-45089\" data-srcset=\"https:\/\/www.creilsudoise-tourisme.fr\/wp-content\/uploads\/2023\/02\/155_Maison-de-la-Pierre\u00a92022_Smellinckx-800x1200.jpg 800w, https:\/\/www.creilsudoise-tourisme.fr\/wp-content\/uploads\/2023\/02\/155_Maison-de-la-Pierre\u00a92022_Smellinckx-400x600.jpg 400w, https:\/\/www.creilsudoise-tourisme.fr\/wp-content\/uploads\/2023\/02\/155_Maison-de-la-Pierre\u00a92022_Smellinckx-600x900.jpg 600w, https:\/\/www.creilsudoise-tourisme.fr\/wp-content\/uploads\/2023\/02\/155_Maison-de-la-Pierre\u00a92022_Smellinckx-1024x1536.jpg 1024w, https:\/\/www.creilsudoise-tourisme.fr\/wp-content\/uploads\/2023\/02\/155_Maison-de-la-Pierre\u00a92022_Smellinckx-8x12.jpg 8w, https:\/\/www.creilsudoise-tourisme.fr\/wp-content\/uploads\/2023\/02\/155_Maison-de-la-Pierre\u00a92022_Smellinckx-200x300.jpg 200w, https:\/\/www.creilsudoise-tourisme.fr\/wp-content\/uploads\/2023\/02\/155_Maison-de-la-Pierre\u00a92022_Smellinckx-650x975.jpg 650w, https:\/\/www.creilsudoise-tourisme.fr\/wp-content\/uploads\/2023\/02\/155_Maison-de-la-Pierre\u00a92022_Smellinckx-282x424.jpg 282w, https:\/\/www.creilsudoise-tourisme.fr\/wp-content\/uploads\/2023\/02\/155_Maison-de-la-Pierre\u00a92022_Smellinckx-387x581.jpg 387w, https:\/\/www.creilsudoise-tourisme.fr\/wp-content\/uploads\/2023\/02\/155_Maison-de-la-Pierre\u00a92022_Smellinckx.jpg 1280w\" sizes=\"(max-width: 800px) 100vw, 800px\" \/><\/figure>\n\n\n\n<figure class=\"wp-block-image size-large\"><img decoding=\"async\" loading=\"lazy\" width=\"1200\" height=\"725\" data-id=\"34654\"  data-src=\"https:\/\/www.creilsudoise-tourisme.fr\/wp-content\/uploads\/2021\/05\/Stage-de-sculpture-sur-pierre-a-la-Maison-de-la-Pierre-a-Saint-Maximin-1200x725.jpg\" alt=\"Curso de escultura en piedra en la Maison de la Pierre de Saint-Maximin\" class=\"wp-image-34654\" data-srcset=\"https:\/\/www.creilsudoise-tourisme.fr\/wp-content\/uploads\/2021\/05\/Stage-de-sculpture-sur-pierre-a-la-Maison-de-la-Pierre-a-Saint-Maximin-1200x725.jpg 1200w, https:\/\/www.creilsudoise-tourisme.fr\/wp-content\/uploads\/2021\/05\/Stage-de-sculpture-sur-pierre-a-la-Maison-de-la-Pierre-a-Saint-Maximin-600x362.jpg 600w, https:\/\/www.creilsudoise-tourisme.fr\/wp-content\/uploads\/2021\/05\/Stage-de-sculpture-sur-pierre-a-la-Maison-de-la-Pierre-a-Saint-Maximin-900x543.jpg 900w, https:\/\/www.creilsudoise-tourisme.fr\/wp-content\/uploads\/2021\/05\/Stage-de-sculpture-sur-pierre-a-la-Maison-de-la-Pierre-a-Saint-Maximin-1536x927.jpg 1536w, https:\/\/www.creilsudoise-tourisme.fr\/wp-content\/uploads\/2021\/05\/Stage-de-sculpture-sur-pierre-a-la-Maison-de-la-Pierre-a-Saint-Maximin-200x121.jpg 200w, https:\/\/www.creilsudoise-tourisme.fr\/wp-content\/uploads\/2021\/05\/Stage-de-sculpture-sur-pierre-a-la-Maison-de-la-Pierre-a-Saint-Maximin-650x392.jpg 650w, https:\/\/www.creilsudoise-tourisme.fr\/wp-content\/uploads\/2021\/05\/Stage-de-sculpture-sur-pierre-a-la-Maison-de-la-Pierre-a-Saint-Maximin-416x251.jpg 416w, https:\/\/www.creilsudoise-tourisme.fr\/wp-content\/uploads\/2021\/05\/Stage-de-sculpture-sur-pierre-a-la-Maison-de-la-Pierre-a-Saint-Maximin-387x234.jpg 387w, https:\/\/www.creilsudoise-tourisme.fr\/wp-content\/uploads\/2021\/05\/Stage-de-sculpture-sur-pierre-a-la-Maison-de-la-Pierre-a-Saint-Maximin.jpg 1600w\" sizes=\"(max-width: 1200px) 100vw, 1200px\" \/><\/figure>\n\n\n\n<figure class=\"wp-block-image size-large\"><img decoding=\"async\" loading=\"lazy\" width=\"1200\" height=\"675\" data-id=\"34656\"  data-src=\"https:\/\/www.creilsudoise-tourisme.fr\/wp-content\/uploads\/2021\/05\/Un-stage-de-sculpture-sur-pierre-a-la-Maison-de-la-Pierre-a-Saint-Maximin-1200x675.jpg\" alt=\"Curso de escultura en piedra en la Maison de la Pierre de Saint-Maximin\" class=\"wp-image-34656\" data-srcset=\"https:\/\/www.creilsudoise-tourisme.fr\/wp-content\/uploads\/2021\/05\/Un-stage-de-sculpture-sur-pierre-a-la-Maison-de-la-Pierre-a-Saint-Maximin-1200x675.jpg 1200w, https:\/\/www.creilsudoise-tourisme.fr\/wp-content\/uploads\/2021\/05\/Un-stage-de-sculpture-sur-pierre-a-la-Maison-de-la-Pierre-a-Saint-Maximin-600x338.jpg 600w, https:\/\/www.creilsudoise-tourisme.fr\/wp-content\/uploads\/2021\/05\/Un-stage-de-sculpture-sur-pierre-a-la-Maison-de-la-Pierre-a-Saint-Maximin-900x506.jpg 900w, https:\/\/www.creilsudoise-tourisme.fr\/wp-content\/uploads\/2021\/05\/Un-stage-de-sculpture-sur-pierre-a-la-Maison-de-la-Pierre-a-Saint-Maximin-1536x864.jpg 1536w, https:\/\/www.creilsudoise-tourisme.fr\/wp-content\/uploads\/2021\/05\/Un-stage-de-sculpture-sur-pierre-a-la-Maison-de-la-Pierre-a-Saint-Maximin-200x113.jpg 200w, https:\/\/www.creilsudoise-tourisme.fr\/wp-content\/uploads\/2021\/05\/Un-stage-de-sculpture-sur-pierre-a-la-Maison-de-la-Pierre-a-Saint-Maximin-650x366.jpg 650w, https:\/\/www.creilsudoise-tourisme.fr\/wp-content\/uploads\/2021\/05\/Un-stage-de-sculpture-sur-pierre-a-la-Maison-de-la-Pierre-a-Saint-Maximin-387x218.jpg 387w, https:\/\/www.creilsudoise-tourisme.fr\/wp-content\/uploads\/2021\/05\/Un-stage-de-sculpture-sur-pierre-a-la-Maison-de-la-Pierre-a-Saint-Maximin.jpg 1600w\" sizes=\"(max-width: 1200px) 100vw, 1200px\" \/><\/figure>\n<figcaption class=\"blocks-gallery-caption wp-element-caption\">Los talleres de talla de piedra son <strong>accesible tanto para ni\u00f1os como para adultos<\/strong>Este es el caso para todos los niveles.<\/figcaption><\/figure>\n\n\n\n<h3>El arte de las vidrieras<\/h3>\n\n\n\n<p>La Maison de la Pierre tambi\u00e9n le ofrece <strong>descubra el arte de las vidrieras<\/strong> \u00a1! Durante<strong> cursos de uno a tres d\u00edas<\/strong>le acompa\u00f1ar\u00e1 un<strong> vitralista profesional<\/strong>. Ocasionalmente, se ofrecen cursos de media jornada, por ejemplo, durante la \u00e9poca navide\u00f1a, \u00a1para crear adornos para el \u00e1rbol!<\/p>\n\n\n\n<figure class=\"is-layout-flex wp-block-gallery-6 wp-block-gallery has-nested-images columns-default is-cropped\">\n<figure class=\"wp-block-image size-large\"><img decoding=\"async\" loading=\"lazy\" width=\"1200\" height=\"782\" data-id=\"34655\"  data-src=\"https:\/\/www.creilsudoise-tourisme.fr\/wp-content\/uploads\/2021\/05\/Stage-de-vitrail-a-la-Maison-de-la-Pierre-a-Saint-Maximin.jpg-1200x782.jpg\" alt=\"Curso de vidrieras en la Maison de la Pierre de Saint-Maximin\" class=\"wp-image-34655\" data-srcset=\"https:\/\/www.creilsudoise-tourisme.fr\/wp-content\/uploads\/2021\/05\/Stage-de-vitrail-a-la-Maison-de-la-Pierre-a-Saint-Maximin.jpg-1200x782.jpg 1200w, https:\/\/www.creilsudoise-tourisme.fr\/wp-content\/uploads\/2021\/05\/Stage-de-vitrail-a-la-Maison-de-la-Pierre-a-Saint-Maximin.jpg-600x391.jpg 600w, https:\/\/www.creilsudoise-tourisme.fr\/wp-content\/uploads\/2021\/05\/Stage-de-vitrail-a-la-Maison-de-la-Pierre-a-Saint-Maximin.jpg-900x586.jpg 900w, https:\/\/www.creilsudoise-tourisme.fr\/wp-content\/uploads\/2021\/05\/Stage-de-vitrail-a-la-Maison-de-la-Pierre-a-Saint-Maximin.jpg-1536x1000.jpg 1536w, https:\/\/www.creilsudoise-tourisme.fr\/wp-content\/uploads\/2021\/05\/Stage-de-vitrail-a-la-Maison-de-la-Pierre-a-Saint-Maximin.jpg-200x130.jpg 200w, https:\/\/www.creilsudoise-tourisme.fr\/wp-content\/uploads\/2021\/05\/Stage-de-vitrail-a-la-Maison-de-la-Pierre-a-Saint-Maximin.jpg-650x423.jpg 650w, https:\/\/www.creilsudoise-tourisme.fr\/wp-content\/uploads\/2021\/05\/Stage-de-vitrail-a-la-Maison-de-la-Pierre-a-Saint-Maximin.jpg-387x252.jpg 387w, https:\/\/www.creilsudoise-tourisme.fr\/wp-content\/uploads\/2021\/05\/Stage-de-vitrail-a-la-Maison-de-la-Pierre-a-Saint-Maximin.jpg.jpg 1600w\" sizes=\"(max-width: 1200px) 100vw, 1200px\" \/><figcaption class=\"wp-element-caption\">Creil Sud Oise Tourisme<\/figcaption><\/figure>\n\n\n\n<figure class=\"wp-block-image size-large\"><img decoding=\"async\" loading=\"lazy\" width=\"1200\" height=\"675\" data-id=\"34657\"  data-src=\"https:\/\/www.creilsudoise-tourisme.fr\/wp-content\/uploads\/2021\/05\/Un-stage-de-vitrail-a-la-Maison-de-la-Pierre-a-Saint-Maximin.jpg-1200x675.jpg\" alt=\"Curso de vidrieras en la Maison de la Pierre de Saint-Maximin\" class=\"wp-image-34657\" data-srcset=\"https:\/\/www.creilsudoise-tourisme.fr\/wp-content\/uploads\/2021\/05\/Un-stage-de-vitrail-a-la-Maison-de-la-Pierre-a-Saint-Maximin.jpg-1200x675.jpg 1200w, https:\/\/www.creilsudoise-tourisme.fr\/wp-content\/uploads\/2021\/05\/Un-stage-de-vitrail-a-la-Maison-de-la-Pierre-a-Saint-Maximin.jpg-600x338.jpg 600w, https:\/\/www.creilsudoise-tourisme.fr\/wp-content\/uploads\/2021\/05\/Un-stage-de-vitrail-a-la-Maison-de-la-Pierre-a-Saint-Maximin.jpg-900x506.jpg 900w, https:\/\/www.creilsudoise-tourisme.fr\/wp-content\/uploads\/2021\/05\/Un-stage-de-vitrail-a-la-Maison-de-la-Pierre-a-Saint-Maximin.jpg-1536x864.jpg 1536w, https:\/\/www.creilsudoise-tourisme.fr\/wp-content\/uploads\/2021\/05\/Un-stage-de-vitrail-a-la-Maison-de-la-Pierre-a-Saint-Maximin.jpg-200x113.jpg 200w, https:\/\/www.creilsudoise-tourisme.fr\/wp-content\/uploads\/2021\/05\/Un-stage-de-vitrail-a-la-Maison-de-la-Pierre-a-Saint-Maximin.jpg-650x366.jpg 650w, https:\/\/www.creilsudoise-tourisme.fr\/wp-content\/uploads\/2021\/05\/Un-stage-de-vitrail-a-la-Maison-de-la-Pierre-a-Saint-Maximin.jpg-387x218.jpg 387w, https:\/\/www.creilsudoise-tourisme.fr\/wp-content\/uploads\/2021\/05\/Un-stage-de-vitrail-a-la-Maison-de-la-Pierre-a-Saint-Maximin.jpg.jpg 1600w\" sizes=\"(max-width: 1200px) 100vw, 1200px\" \/><figcaption class=\"wp-element-caption\">Creil Sud Oise Tourisme<\/figcaption><\/figure>\n<\/figure>\n\n\n\n<h2>Talleres sobre bienestar<\/h2>\n\n\n\n<h3>Litoterapia<\/h3>\n\n\n\n<p>Para ti <strong>recursos<\/strong> y descubrir otros aspectos de la piedra, la Maison de la Pierre ofrece<strong> iniciaci\u00f3n a la litoterapia<\/strong>dirigido por un <strong>artesano litoterapeuta <\/strong>al final del cual saldr\u00e1 con <strong>su pulsera adaptada a sus necesidades.<\/strong><\/p>\n\n\n\n<p><em>Las virtudes energ\u00e9ticas se dan a t\u00edtulo indicativo y en ning\u00fan caso la litoterapia puede sustituir un tratamiento o un consejo m\u00e9dico. No interrumpa nunca un tratamiento sin el acuerdo de su m\u00e9dico.<\/em><\/p>\n\n\n\n<h3>El poder de las plantas<\/h3>\n\n\n\n<p>La cantera subterr\u00e1nea de la Maison de la Pierre est\u00e1 situada junto a un <strong>tajo abierto<\/strong>En otras palabras, al aire libre. Aqu\u00ed, la naturaleza ha reclamado sus derechos. Y es esta naturaleza, llena de beneficios a veces insospechados, la que la Maison de la Pierre le invita a descubrir durante<strong>talleres sobre el poder de las plantas<\/strong>. A <strong>herbolario <\/strong>le dar\u00e1 m\u00e1s informaci\u00f3n sobre el <strong>virtudes de las plantas.<\/strong><\/p>\n\n\n\n<div class=\"wp-block-strate-full alignfull\">\n\n    <div class=\"wp-block-strate-full-thumbnail\">\n        <img data-src=\"https:\/\/www.creilsudoise-tourisme.fr\/wp-content\/uploads\/2023\/02\/Demonstration-extraction-1600x839.jpg\" alt=\"Demostraci\u00f3n de extracci\u00f3n de piedra en la Maison de la Pierre\">\n    <\/div>\n\n\t\n        <div class=\"wp-block-strate-full-content wp-block-strate-full-content-left\">\n\t\t\t\t\t\t                <p class=\"wp-block-strate-full-content-excerpt\"> La Maison de la Pierre organiza regularmente <strong>eventos <\/strong>con muchos <strong>entretenimiento para ni\u00f1os y adultos<\/strong> <\/p>\n\t\t\t        <\/div>\n\n\t\n<\/div>\n\n\n\n<h3 id=\"programmation\">Un rico programa<\/h3>\n\n\n\n<p>A lo largo del a\u00f1o, la<strong> La Maison de la Pierre participa en numerosos acontecimientos nacionales<\/strong> como el <a href=\"https:\/\/www.nuitdelachauvesouris.com\/\" target=\"_blank\" rel=\"noreferrer noopener\">Noche de murci\u00e9lagos<\/a>el <a href=\"https:\/\/nuitdesmusees.culture.gouv.fr\/\" target=\"_blank\" rel=\"noreferrer noopener\">Noche de los museos<\/a>s, el <a href=\"https:\/\/journeesdupatrimoine.culture.gouv.fr\/\" target=\"_blank\" rel=\"noreferrer noopener\">Jornadas Europeas de Patrimonio<\/a> o el <a href=\"https:\/\/www.fetedelascience.fr\/\" target=\"_blank\" rel=\"noreferrer noopener\">Fiesta de la Ciencia<\/a>. En esta ocasi\u00f3n, puede <strong>participar en nuevas actividades<\/strong> sobre geolog\u00eda, murci\u00e9lagos en las canteras y muchas otras sorpresas. <\/p>\n\n\n\n<div class=\"is-layout-flex wp-container-10 wp-block-columns\">\n<div class=\"is-layout-flow wp-block-column\">\n<figure class=\"wp-block-image size-large\"><img decoding=\"async\" loading=\"lazy\" width=\"1000\" height=\"635\" data-src=\"https:\/\/www.creilsudoise-tourisme.fr\/wp-content\/uploads\/wpetourisme\/c-Maison-de-la-pierre--6--2.jpg\" alt=\"Paseo de los cuentos en la Maison de la Pierre de Saint-Maximin\" class=\"wp-image-45184\" data-srcset=\"https:\/\/www.creilsudoise-tourisme.fr\/wp-content\/uploads\/wpetourisme\/c-Maison-de-la-pierre--6--2.jpg 1000w, https:\/\/www.creilsudoise-tourisme.fr\/wp-content\/uploads\/wpetourisme\/c-Maison-de-la-pierre--6--2-600x381.jpg 600w, https:\/\/www.creilsudoise-tourisme.fr\/wp-content\/uploads\/wpetourisme\/c-Maison-de-la-pierre--6--2-900x572.jpg 900w, https:\/\/www.creilsudoise-tourisme.fr\/wp-content\/uploads\/wpetourisme\/c-Maison-de-la-pierre--6--2-18x12.jpg 18w, https:\/\/www.creilsudoise-tourisme.fr\/wp-content\/uploads\/wpetourisme\/c-Maison-de-la-pierre--6--2-200x127.jpg 200w, https:\/\/www.creilsudoise-tourisme.fr\/wp-content\/uploads\/wpetourisme\/c-Maison-de-la-pierre--6--2-650x413.jpg 650w, https:\/\/www.creilsudoise-tourisme.fr\/wp-content\/uploads\/wpetourisme\/c-Maison-de-la-pierre--6--2-387x246.jpg 387w\" sizes=\"(max-width: 1000px) 100vw, 1000px\" \/><\/figure>\n<\/div>\n\n\n\n<div class=\"is-layout-flow wp-block-column\">\n<p>Tambi\u00e9n puede beneficiarse de <strong>paseos narrativos<\/strong> sobre los temas de Pascua, Halloween o Navidad: una oportunidad para descubrir la cantera subterr\u00e1nea en un <strong>ambiente de cuento de hadas <\/strong>!<\/p>\n<\/div>\n<\/div>\n\n\n\n<p>Cada a\u00f1o, un <strong>exposici\u00f3n temporal<\/strong> Podr\u00e1 aprender m\u00e1s sobre el trabajo de un cantero, la geolog\u00eda o el uso de la piedra, por ejemplo. <\/p>\n\n\n\n<figure class=\"wp-block-image size-large\"><img decoding=\"async\" loading=\"lazy\" width=\"1200\" height=\"567\" data-src=\"https:\/\/www.creilsudoise-tourisme.fr\/wp-content\/uploads\/2023\/02\/GallerieDuFrondDeTaille_0621_ExpoCartePostale_Creilsudoisetourisme-21-e1677150559246-1200x567.jpg\" alt=\"Todos los a\u00f1os se organizan exposiciones temporales\" class=\"wp-image-45092\" data-srcset=\"https:\/\/www.creilsudoise-tourisme.fr\/wp-content\/uploads\/2023\/02\/GallerieDuFrondDeTaille_0621_ExpoCartePostale_Creilsudoisetourisme-21-e1677150559246-1200x567.jpg 1200w, https:\/\/www.creilsudoise-tourisme.fr\/wp-content\/uploads\/2023\/02\/GallerieDuFrondDeTaille_0621_ExpoCartePostale_Creilsudoisetourisme-21-e1677150559246-600x283.jpg 600w, https:\/\/www.creilsudoise-tourisme.fr\/wp-content\/uploads\/2023\/02\/GallerieDuFrondDeTaille_0621_ExpoCartePostale_Creilsudoisetourisme-21-e1677150559246-900x425.jpg 900w, https:\/\/www.creilsudoise-tourisme.fr\/wp-content\/uploads\/2023\/02\/GallerieDuFrondDeTaille_0621_ExpoCartePostale_Creilsudoisetourisme-21-e1677150559246-1536x726.jpg 1536w, https:\/\/www.creilsudoise-tourisme.fr\/wp-content\/uploads\/2023\/02\/GallerieDuFrondDeTaille_0621_ExpoCartePostale_Creilsudoisetourisme-21-e1677150559246-18x9.jpg 18w, https:\/\/www.creilsudoise-tourisme.fr\/wp-content\/uploads\/2023\/02\/GallerieDuFrondDeTaille_0621_ExpoCartePostale_Creilsudoisetourisme-21-e1677150559246-200x94.jpg 200w, https:\/\/www.creilsudoise-tourisme.fr\/wp-content\/uploads\/2023\/02\/GallerieDuFrondDeTaille_0621_ExpoCartePostale_Creilsudoisetourisme-21-e1677150559246-650x307.jpg 650w, https:\/\/www.creilsudoise-tourisme.fr\/wp-content\/uploads\/2023\/02\/GallerieDuFrondDeTaille_0621_ExpoCartePostale_Creilsudoisetourisme-21-e1677150559246-387x183.jpg 387w, https:\/\/www.creilsudoise-tourisme.fr\/wp-content\/uploads\/2023\/02\/GallerieDuFrondDeTaille_0621_ExpoCartePostale_Creilsudoisetourisme-21-e1677150559246.jpg 1920w\" sizes=\"(max-width: 1200px) 100vw, 1200px\" \/><figcaption class=\"wp-element-caption\">Creil Sud Oise Tourisme<\/figcaption><\/figure>\n\n\n\n<p>Y para completar su visita, descubra el programa de exposiciones temporales y<a href=\"https:\/\/www.saintmaximin.eu\/\" target=\"_blank\" rel=\"noreferrer noopener\">actos organizados por el Ayuntamiento de Saint-Maximin<\/a>.<\/p>\n\n\n<div data-related-sit=\"1\" data-block-type=\"related-sit-gt\" data-block-id=\"wpet-sit-1c5ai7pf4e0\"><div class=\"wp-block wp-block-related-post wp-block-related-list-sit alignfull\">\n    \n    <div class=\"container\">\n\n                    <h2 class=\"wp-block-related-post-title\">\u00a1Disfrute del programa!<\/h2>\n        \n                    <div id=\"wpiris-related-post-135\" data-id=\"wpiris-entity-slider\">\n                <div class=\"wp-block-related-post-list wp-block-related-post-list--14\" data-id=\"wpiris-entity-slider-wrapper\">\n\n                    \n<div class=\"entityItem\" data-trigger=\"wpiris-click\" data-id=\"wpiris-entity-slider-item\">\n    <p class=\"entityItemThumbnail\">\n        <a href=\"https:\/\/www.creilsudoise-tourisme.fr\/es\/agenda-animations\/stage-vitrail-6\/\" nofancybox>\n            <img data-src=\"https:\/\/www.creilsudoise-tourisme.fr\/wp-content\/uploads\/wpetourisme\/Creez-votre-vitrail-275x350.png\" alt=\"Pr\u00e1cticas | Vidrieras\">\n        <\/a>\n    <\/p>\n    <div class=\"entityItemContent\">\n        <h2 class=\"entityItemContentTitle\">\n            <a href=\"https:\/\/www.creilsudoise-tourisme.fr\/es\/agenda-animations\/stage-vitrail-6\/\">Pr\u00e1cticas | Vidrieras<\/a>\n        <\/h2>\n                    <p class=\"entityItemContentType\">Festivales y eventos<\/p>\n            <\/div>\n    <a href=\"https:\/\/www.creilsudoise-tourisme.fr\/es\/agenda-animations\/stage-vitrail-6\/\" class=\"seeMore\"><span class=\"sr-only\">M\u00e1s informaci\u00f3n<\/span><\/a>\n<\/div>\n\n<div class=\"entityItem\" data-trigger=\"wpiris-click\" data-id=\"wpiris-entity-slider-item\">\n    <p class=\"entityItemThumbnail\">\n        <a href=\"https:\/\/www.creilsudoise-tourisme.fr\/es\/agenda-animations\/stage-mosaique-4\/\" nofancybox>\n            <img data-src=\"https:\/\/www.creilsudoise-tourisme.fr\/wp-content\/uploads\/wpetourisme\/1000063457-275x350.jpg\" alt=\"Taller | Mosaico\">\n        <\/a>\n    <\/p>\n    <div class=\"entityItemContent\">\n        <h2 class=\"entityItemContentTitle\">\n            <a href=\"https:\/\/www.creilsudoise-tourisme.fr\/es\/agenda-animations\/stage-mosaique-4\/\">Taller | Mosaico<\/a>\n        <\/h2>\n                    <p class=\"entityItemContentType\">Festivales y eventos<\/p>\n            <\/div>\n    <a href=\"https:\/\/www.creilsudoise-tourisme.fr\/es\/agenda-animations\/stage-mosaique-4\/\" class=\"seeMore\"><span class=\"sr-only\">M\u00e1s informaci\u00f3n<\/span><\/a>\n<\/div>\n\n<div class=\"entityItem\" data-trigger=\"wpiris-click\" data-id=\"wpiris-entity-slider-item\">\n    <p class=\"entityItemThumbnail\">\n        <a href=\"https:\/\/www.creilsudoise-tourisme.fr\/es\/agenda-animations\/iniciacion-litoterapia-3-2\/\" nofancybox>\n            <img data-src=\"https:\/\/www.creilsudoise-tourisme.fr\/wp-content\/uploads\/wpetourisme\/Fabriquez-votre-bijou-275x350.png\" alt=\"Taller sobre litoterapia\">\n        <\/a>\n    <\/p>\n    <div class=\"entityItemContent\">\n        <h2 class=\"entityItemContentTitle\">\n            <a href=\"https:\/\/www.creilsudoise-tourisme.fr\/es\/agenda-animations\/iniciacion-litoterapia-3-2\/\">Taller sobre litoterapia<\/a>\n        <\/h2>\n                    <p class=\"entityItemContentType\">Festivales y eventos<\/p>\n            <\/div>\n    <a href=\"https:\/\/www.creilsudoise-tourisme.fr\/es\/agenda-animations\/iniciacion-litoterapia-3-2\/\" class=\"seeMore\"><span class=\"sr-only\">M\u00e1s informaci\u00f3n<\/span><\/a>\n<\/div>\n\n<div class=\"entityItem\" data-trigger=\"wpiris-click\" data-id=\"wpiris-entity-slider-item\">\n    <p class=\"entityItemThumbnail\">\n        <a href=\"https:\/\/www.creilsudoise-tourisme.fr\/es\/agenda-animations\/curso-de-vidrieras-3\/\" nofancybox>\n            <img data-src=\"https:\/\/www.creilsudoise-tourisme.fr\/wp-content\/uploads\/wpetourisme\/Creez-votre-vitrail-275x350.png\" alt=\"Pr\u00e1cticas | Vidrieras\">\n        <\/a>\n    <\/p>\n    <div class=\"entityItemContent\">\n        <h2 class=\"entityItemContentTitle\">\n            <a href=\"https:\/\/www.creilsudoise-tourisme.fr\/es\/agenda-animations\/curso-de-vidrieras-3\/\">Pr\u00e1cticas | Vidrieras<\/a>\n        <\/h2>\n                    <p class=\"entityItemContentType\">Festivales y eventos<\/p>\n            <\/div>\n    <a href=\"https:\/\/www.creilsudoise-tourisme.fr\/es\/agenda-animations\/curso-de-vidrieras-3\/\" class=\"seeMore\"><span class=\"sr-only\">M\u00e1s informaci\u00f3n<\/span><\/a>\n<\/div>\n\n<div class=\"entityItem\" data-trigger=\"wpiris-click\" data-id=\"wpiris-entity-slider-item\">\n    <p class=\"entityItemThumbnail\">\n        <a href=\"https:\/\/www.creilsudoise-tourisme.fr\/es\/agenda-animations\/les-relais-de-lacso\/\" nofancybox>\n            <img data-src=\"https:\/\/www.creilsudoise-tourisme.fr\/wp-content\/uploads\/wpetourisme\/relais-de-l-ACSO-2026-700x700px-275x350.jpg\" alt=\"Los relevos de la ACSO\">\n        <\/a>\n    <\/p>\n    <div class=\"entityItemContent\">\n        <h2 class=\"entityItemContentTitle\">\n            <a href=\"https:\/\/www.creilsudoise-tourisme.fr\/es\/agenda-animations\/les-relais-de-lacso\/\">Los relevos de la ACSO<\/a>\n        <\/h2>\n                    <p class=\"entityItemContentType\">Festivales y eventos<\/p>\n            <\/div>\n    <a href=\"https:\/\/www.creilsudoise-tourisme.fr\/es\/agenda-animations\/les-relais-de-lacso\/\" class=\"seeMore\"><span class=\"sr-only\">M\u00e1s informaci\u00f3n<\/span><\/a>\n<\/div>\n\n<div class=\"entityItem\" data-trigger=\"wpiris-click\" data-id=\"wpiris-entity-slider-item\">\n    <p class=\"entityItemThumbnail\">\n        <a href=\"https:\/\/www.creilsudoise-tourisme.fr\/es\/agenda-animations\/fiestas-de-navidad-taller-de-vidrieras\/\" nofancybox>\n            <img data-src=\"https:\/\/www.creilsudoise-tourisme.fr\/wp-content\/uploads\/wpetourisme\/Noel---Post-FB-Insta-2-275x350.jpg\" alt=\"Fiestas de Navidad | Taller de vidrieras\">\n        <\/a>\n    <\/p>\n    <div class=\"entityItemContent\">\n        <h2 class=\"entityItemContentTitle\">\n            <a href=\"https:\/\/www.creilsudoise-tourisme.fr\/es\/agenda-animations\/fiestas-de-navidad-taller-de-vidrieras\/\">Fiestas de Navidad | Taller de vidrieras<\/a>\n        <\/h2>\n                    <p class=\"entityItemContentType\">Festivales y eventos<\/p>\n            <\/div>\n    <a href=\"https:\/\/www.creilsudoise-tourisme.fr\/es\/agenda-animations\/fiestas-de-navidad-taller-de-vidrieras\/\" class=\"seeMore\"><span class=\"sr-only\">M\u00e1s informaci\u00f3n<\/span><\/a>\n<\/div>\n\n<div class=\"entityItem\" data-trigger=\"wpiris-click\" data-id=\"wpiris-entity-slider-item\">\n    <p class=\"entityItemThumbnail\">\n        <a href=\"https:\/\/www.creilsudoise-tourisme.fr\/es\/agenda-animations\/stage-ceramique-2\/\" nofancybox>\n            <img data-src=\"https:\/\/www.creilsudoise-tourisme.fr\/wp-content\/uploads\/wpetourisme\/Faconnez-votre-ceramique-275x350.png\" alt=\"Pr\u00e1cticas | Cer\u00e1mica\">\n        <\/a>\n    <\/p>\n    <div class=\"entityItemContent\">\n        <h2 class=\"entityItemContentTitle\">\n            <a href=\"https:\/\/www.creilsudoise-tourisme.fr\/es\/agenda-animations\/stage-ceramique-2\/\">Pr\u00e1cticas | Cer\u00e1mica<\/a>\n        <\/h2>\n                    <p class=\"entityItemContentType\">Festivales y eventos<\/p>\n            <\/div>\n    <a href=\"https:\/\/www.creilsudoise-tourisme.fr\/es\/agenda-animations\/stage-ceramique-2\/\" class=\"seeMore\"><span class=\"sr-only\">M\u00e1s informaci\u00f3n<\/span><\/a>\n<\/div>\n\n<div class=\"entityItem\" data-trigger=\"wpiris-click\" data-id=\"wpiris-entity-slider-item\">\n    <p class=\"entityItemThumbnail\">\n        <a href=\"https:\/\/www.creilsudoise-tourisme.fr\/es\/agenda-animations\/stage-vitrail-5\/\" nofancybox>\n            <img data-src=\"https:\/\/www.creilsudoise-tourisme.fr\/wp-content\/uploads\/wpetourisme\/Creez-votre-vitrail-275x350.png\" alt=\"Pr\u00e1cticas | Vidrieras\">\n        <\/a>\n    <\/p>\n    <div class=\"entityItemContent\">\n        <h2 class=\"entityItemContentTitle\">\n            <a href=\"https:\/\/www.creilsudoise-tourisme.fr\/es\/agenda-animations\/stage-vitrail-5\/\">Pr\u00e1cticas | Vidrieras<\/a>\n        <\/h2>\n                    <p class=\"entityItemContentType\">Festivales y eventos<\/p>\n            <\/div>\n    <a href=\"https:\/\/www.creilsudoise-tourisme.fr\/es\/agenda-animations\/stage-vitrail-5\/\" class=\"seeMore\"><span class=\"sr-only\">M\u00e1s informaci\u00f3n<\/span><\/a>\n<\/div>\n\n<div class=\"entityItem\" data-trigger=\"wpiris-click\" data-id=\"wpiris-entity-slider-item\">\n    <p class=\"entityItemThumbnail\">\n        <a href=\"https:\/\/www.creilsudoise-tourisme.fr\/es\/agenda-animations\/stage-vitrail-2\/\" nofancybox>\n            <img data-src=\"https:\/\/www.creilsudoise-tourisme.fr\/wp-content\/uploads\/wpetourisme\/Creez-votre-vitrail-275x350.png\" alt=\"Pr\u00e1cticas | Vidrieras\">\n        <\/a>\n    <\/p>\n    <div class=\"entityItemContent\">\n        <h2 class=\"entityItemContentTitle\">\n            <a href=\"https:\/\/www.creilsudoise-tourisme.fr\/es\/agenda-animations\/stage-vitrail-2\/\">Pr\u00e1cticas | Vidrieras<\/a>\n        <\/h2>\n                    <p class=\"entityItemContentType\">Festivales y eventos<\/p>\n            <\/div>\n    <a href=\"https:\/\/www.creilsudoise-tourisme.fr\/es\/agenda-animations\/stage-vitrail-2\/\" class=\"seeMore\"><span class=\"sr-only\">M\u00e1s informaci\u00f3n<\/span><\/a>\n<\/div>\n\n<div class=\"entityItem\" data-trigger=\"wpiris-click\" data-id=\"wpiris-entity-slider-item\">\n    <p class=\"entityItemThumbnail\">\n        <a href=\"https:\/\/www.creilsudoise-tourisme.fr\/es\/agenda-animations\/stage-mosaique-2\/\" nofancybox>\n            <img data-src=\"https:\/\/www.creilsudoise-tourisme.fr\/wp-content\/uploads\/wpetourisme\/1000063457-275x350.jpg\" alt=\"Taller | Mosaico\">\n        <\/a>\n    <\/p>\n    <div class=\"entityItemContent\">\n        <h2 class=\"entityItemContentTitle\">\n            <a href=\"https:\/\/www.creilsudoise-tourisme.fr\/es\/agenda-animations\/stage-mosaique-2\/\">Taller | Mosaico<\/a>\n        <\/h2>\n                    <p class=\"entityItemContentType\">Festivales y eventos<\/p>\n            <\/div>\n    <a href=\"https:\/\/www.creilsudoise-tourisme.fr\/es\/agenda-animations\/stage-mosaique-2\/\" class=\"seeMore\"><span class=\"sr-only\">M\u00e1s informaci\u00f3n<\/span><\/a>\n<\/div>\n\n<div class=\"entityItem\" data-trigger=\"wpiris-click\" data-id=\"wpiris-entity-slider-item\">\n    <p class=\"entityItemThumbnail\">\n        <a href=\"https:\/\/www.creilsudoise-tourisme.fr\/es\/agenda-animations\/curso-arte-de-ceramica-ninos-3-2\/\" nofancybox>\n            <img data-src=\"https:\/\/www.creilsudoise-tourisme.fr\/wp-content\/uploads\/wpetourisme\/Faconnez-votre-ceramique-275x350.png\" alt=\"Pr\u00e1cticas | Cer\u00e1mica\">\n        <\/a>\n    <\/p>\n    <div class=\"entityItemContent\">\n        <h2 class=\"entityItemContentTitle\">\n            <a href=\"https:\/\/www.creilsudoise-tourisme.fr\/es\/agenda-animations\/curso-arte-de-ceramica-ninos-3-2\/\">Pr\u00e1cticas | Cer\u00e1mica<\/a>\n        <\/h2>\n                    <p class=\"entityItemContentType\">Festivales y eventos<\/p>\n            <\/div>\n    <a href=\"https:\/\/www.creilsudoise-tourisme.fr\/es\/agenda-animations\/curso-arte-de-ceramica-ninos-3-2\/\" class=\"seeMore\"><span class=\"sr-only\">M\u00e1s informaci\u00f3n<\/span><\/a>\n<\/div>\n\n<div class=\"entityItem\" data-trigger=\"wpiris-click\" data-id=\"wpiris-entity-slider-item\">\n    <p class=\"entityItemThumbnail\">\n        <a href=\"https:\/\/www.creilsudoise-tourisme.fr\/es\/agenda-animations\/stage-mosaique-3\/\" nofancybox>\n            <img data-src=\"https:\/\/www.creilsudoise-tourisme.fr\/wp-content\/uploads\/wpetourisme\/1000063457-275x350.jpg\" alt=\"Taller | Mosaico\">\n        <\/a>\n    <\/p>\n    <div class=\"entityItemContent\">\n        <h2 class=\"entityItemContentTitle\">\n            <a href=\"https:\/\/www.creilsudoise-tourisme.fr\/es\/agenda-animations\/stage-mosaique-3\/\">Taller | Mosaico<\/a>\n        <\/h2>\n                    <p class=\"entityItemContentType\">Festivales y eventos<\/p>\n            <\/div>\n    <a href=\"https:\/\/www.creilsudoise-tourisme.fr\/es\/agenda-animations\/stage-mosaique-3\/\" class=\"seeMore\"><span class=\"sr-only\">M\u00e1s informaci\u00f3n<\/span><\/a>\n<\/div>\n\n<div class=\"entityItem\" data-trigger=\"wpiris-click\" data-id=\"wpiris-entity-slider-item\">\n    <p class=\"entityItemThumbnail\">\n        <a href=\"https:\/\/www.creilsudoise-tourisme.fr\/es\/agenda-animations\/stage-vitrail-4\/\" nofancybox>\n            <img data-src=\"https:\/\/www.creilsudoise-tourisme.fr\/wp-content\/uploads\/wpetourisme\/Creez-votre-vitrail-275x350.png\" alt=\"Pr\u00e1cticas | Vidrieras\">\n        <\/a>\n    <\/p>\n    <div class=\"entityItemContent\">\n        <h2 class=\"entityItemContentTitle\">\n            <a href=\"https:\/\/www.creilsudoise-tourisme.fr\/es\/agenda-animations\/stage-vitrail-4\/\">Pr\u00e1cticas | Vidrieras<\/a>\n        <\/h2>\n                    <p class=\"entityItemContentType\">Festivales y eventos<\/p>\n            <\/div>\n    <a href=\"https:\/\/www.creilsudoise-tourisme.fr\/es\/agenda-animations\/stage-vitrail-4\/\" class=\"seeMore\"><span class=\"sr-only\">M\u00e1s informaci\u00f3n<\/span><\/a>\n<\/div>\n\n<div class=\"entityItem\" data-trigger=\"wpiris-click\" data-id=\"wpiris-entity-slider-item\">\n    <p class=\"entityItemThumbnail\">\n        <a href=\"https:\/\/www.creilsudoise-tourisme.fr\/es\/agenda-animations\/atelier-lithotherapie-2\/\" nofancybox>\n            <img data-src=\"https:\/\/www.creilsudoise-tourisme.fr\/wp-content\/uploads\/wpetourisme\/Fabriquez-votre-bijou-275x350.png\" alt=\"Taller sobre litoterapia\">\n        <\/a>\n    <\/p>\n    <div class=\"entityItemContent\">\n        <h2 class=\"entityItemContentTitle\">\n            <a href=\"https:\/\/www.creilsudoise-tourisme.fr\/es\/agenda-animations\/atelier-lithotherapie-2\/\">Taller sobre litoterapia<\/a>\n        <\/h2>\n                    <p class=\"entityItemContentType\">Festivales y eventos<\/p>\n            <\/div>\n    <a href=\"https:\/\/www.creilsudoise-tourisme.fr\/es\/agenda-animations\/atelier-lithotherapie-2\/\" class=\"seeMore\"><span class=\"sr-only\">M\u00e1s informaci\u00f3n<\/span><\/a>\n<\/div>\n                <\/div>\n\n                \n<div class=\"sliderNav\">\n    <div class=\"sliderNavWrapper\">\n        <p class=\"swiperArrow swiperArrow--next\" data-trigger=\"swiper-next\">\n            <span class=\"sr-only\">Siguiente<\/span>\n        <\/p>\n        <p class=\"swiperArrow swiperArrow--prev\" data-trigger=\"swiper-prev\">\n            <span class=\"sr-only\">Anterior<\/span>\n        <\/p>\n    <\/div>\n<\/div>\n            <\/div>\n            <\/div>\n<\/div><\/div>\n\n\n<div class=\"wp-block-strate-full alignfull\">\n\n    <div class=\"wp-block-strate-full-thumbnail\">\n        <img data-src=\"https:\/\/www.creilsudoise-tourisme.fr\/wp-content\/uploads\/2023\/02\/Visite-en-groupes-a-la-Maison-de-la-Pierre-1600x812.jpg\" alt=\"Visitas en grupo a la Maison de la Pierre\">\n    <\/div>\n\n\t\n        <div class=\"wp-block-strate-full-content wp-block-strate-full-content-left\">\n\t\t\t                <h3 class=\"wp-block-strate-full-content-title\"> Visita en grupo a la Casa de Piedra <\/h3>\n\t\t\t\t\t\t                <p class=\"wp-block-strate-full-content-excerpt\"> <strong>La Maison de la Pierre tambi\u00e9n acoge <a href=\"https:\/\/www.creilsudoise-tourisme.fr\/es\/explore-groups\/imprescindibles-grupos\/maison-de-la-pierre\/\" target=\"_blank\" rel=\"noreferrer noopener\">grupos<\/a>adultos o j\u00f3venes<\/strong> \u00a1! Visitas guiadas o cuentacuentos, cursos de talla de piedra o de vidrieras, \u00a1las actividades son variadas! <\/p>\n\t\t\t        <\/div>\n\n\t\n<\/div>\n\n\n\n<h2>Buenos planes y descuentos<\/h2>\n\n\n\n<div class=\"is-layout-flex wp-container-13 wp-block-columns\">\n<div class=\"is-layout-flow wp-block-column is-vertically-aligned-center\" style=\"flex-basis:33.33%\"><div class=\"wp-block-image\">\n<figure class=\"aligncenter size-large is-resized\"><img decoding=\"async\" loading=\"lazy\" data-src=\"https:\/\/www.creilsudoise-tourisme.fr\/wp-content\/uploads\/2021\/03\/Logo-pass-agglo.jpg\" alt=\"Tarifas especiales con el Pass&#039;Agglo\" class=\"wp-image-32742\" width=\"150\" height=\"149\" data-srcset=\"https:\/\/www.creilsudoise-tourisme.fr\/wp-content\/uploads\/2021\/03\/Logo-pass-agglo.jpg 800w, https:\/\/www.creilsudoise-tourisme.fr\/wp-content\/uploads\/2021\/03\/Logo-pass-agglo-600x598.jpg 600w, https:\/\/www.creilsudoise-tourisme.fr\/wp-content\/uploads\/2021\/03\/Logo-pass-agglo-300x300.jpg 300w, https:\/\/www.creilsudoise-tourisme.fr\/wp-content\/uploads\/2021\/03\/Logo-pass-agglo-200x199.jpg 200w, https:\/\/www.creilsudoise-tourisme.fr\/wp-content\/uploads\/2021\/03\/Logo-pass-agglo-650x648.jpg 650w, https:\/\/www.creilsudoise-tourisme.fr\/wp-content\/uploads\/2021\/03\/Logo-pass-agglo-387x386.jpg 387w\" sizes=\"(max-width: 150px) 100vw, 150px\" \/><\/figure><\/div><\/div>\n\n\n\n<div class=\"is-layout-flow wp-block-column\" style=\"flex-basis:66.66%\">\n<h3>Pass'Agglo<\/h3>\n\n\n\n<p>Reservado a los residentes de la Aglomeraci\u00f3n de Creil Sud Oise (<em>Cramoisy, Creil, Maysel, Montataire, Nogent-sur-Oise, Rousseloy, Saint-Leu-d'Esserent, Saint-Maximin, Saint-Vaast-l\u00e8s-Mello, Thiverny y Villers-Saint-Paul.<\/em>), el<strong> <a href=\"https:\/\/www.creilsudoise.fr\/mon-passagglo\/?section=mon-passagglo\" target=\"_blank\" rel=\"noreferrer noopener\">Pass'Agglo<\/a> le permite beneficiarse de tarifas ventajosas <\/strong>para muchas actividades: deporte, cultura, turismo...<\/p>\n<\/div>\n<\/div>\n\n\n\n<div class=\"is-layout-flex wp-container-16 wp-block-columns\">\n<div class=\"is-layout-flow wp-block-column is-vertically-aligned-center\" style=\"flex-basis:33.33%\"><div class=\"wp-block-image\">\n<figure class=\"aligncenter size-large\"><a href=\"https:\/\/www.pop-plainecommune.com\/\"><img decoding=\"async\" loading=\"lazy\" width=\"1200\" height=\"1200\" data-src=\"https:\/\/www.creilsudoise-tourisme.fr\/wp-content\/uploads\/2025\/05\/pop-pass-decouverte-1200x1200.jpg\" alt=\"\" class=\"wp-image-62852\" data-srcset=\"https:\/\/www.creilsudoise-tourisme.fr\/wp-content\/uploads\/2025\/05\/pop-pass-decouverte-1200x1200.jpg 1200w, https:\/\/www.creilsudoise-tourisme.fr\/wp-content\/uploads\/2025\/05\/pop-pass-decouverte-600x600.jpg 600w, https:\/\/www.creilsudoise-tourisme.fr\/wp-content\/uploads\/2025\/05\/pop-pass-decouverte-300x300.jpg 300w, https:\/\/www.creilsudoise-tourisme.fr\/wp-content\/uploads\/2025\/05\/pop-pass-decouverte-900x900.jpg 900w, https:\/\/www.creilsudoise-tourisme.fr\/wp-content\/uploads\/2025\/05\/pop-pass-decouverte-1536x1536.jpg 1536w, https:\/\/www.creilsudoise-tourisme.fr\/wp-content\/uploads\/2025\/05\/pop-pass-decouverte-12x12.jpg 12w, https:\/\/www.creilsudoise-tourisme.fr\/wp-content\/uploads\/2025\/05\/pop-pass-decouverte-200x200.jpg 200w, https:\/\/www.creilsudoise-tourisme.fr\/wp-content\/uploads\/2025\/05\/pop-pass-decouverte-650x650.jpg 650w, https:\/\/www.creilsudoise-tourisme.fr\/wp-content\/uploads\/2025\/05\/pop-pass-decouverte-387x387.jpg 387w, https:\/\/www.creilsudoise-tourisme.fr\/wp-content\/uploads\/2025\/05\/pop-pass-decouverte.jpg 1920w\" sizes=\"(max-width: 1200px) 100vw, 1200px\" \/><\/a><\/figure><\/div><\/div>\n\n\n\n<div class=\"is-layout-flow wp-block-column\" style=\"flex-basis:66.66%\">\n<h3>Descubrimiento Pass'Pop <\/h3>\n\n\n\n<p>Creil Sud Oise Tourisme ha unido sus fuerzas con la <a href=\"https:\/\/www.pop-plainecommune.com\/\">Plaine Commune le abre sus puertas<\/a> para ofrecerle <strong>tarifas reducidas para descubrir los alrededores de Saint-Denis<\/strong> \u00a1! Que lo disfrutes.<\/p>\n<\/div>\n<\/div>\n\n\n\n<hr class=\"wp-block-separator has-css-opacity\"\/>\n\n\n\n<div class=\"is-layout-flex wp-container-19 wp-block-columns\">\n<div class=\"is-layout-flow wp-block-column\" style=\"flex-basis:33.33%\"><div class=\"wp-block-image\">\n<figure class=\"aligncenter size-large is-resized\"><img decoding=\"async\" loading=\"lazy\" data-src=\"https:\/\/www.creilsudoise-tourisme.fr\/wp-content\/uploads\/2021\/05\/Logo_qualite-tourisme.jpg\" alt=\"Calidad tur\u00edstica\" class=\"wp-image-34649\" width=\"165\" height=\"149\" data-srcset=\"https:\/\/www.creilsudoise-tourisme.fr\/wp-content\/uploads\/2021\/05\/Logo_qualite-tourisme.jpg 791w, https:\/\/www.creilsudoise-tourisme.fr\/wp-content\/uploads\/2021\/05\/Logo_qualite-tourisme-600x545.jpg 600w, https:\/\/www.creilsudoise-tourisme.fr\/wp-content\/uploads\/2021\/05\/Logo_qualite-tourisme-200x182.jpg 200w, https:\/\/www.creilsudoise-tourisme.fr\/wp-content\/uploads\/2021\/05\/Logo_qualite-tourisme-650x591.jpg 650w, https:\/\/www.creilsudoise-tourisme.fr\/wp-content\/uploads\/2021\/05\/Logo_qualite-tourisme-387x352.jpg 387w\" sizes=\"(max-width: 165px) 100vw, 165px\" \/><\/figure><\/div><\/div>\n\n\n\n<div class=\"is-layout-flow wp-block-column\" style=\"flex-basis:66.66%\">\n<p>La Maison de la Pierre ha sido galardonada con el <strong><a href=\"https:\/\/www.qualite-tourisme.gouv.fr\/fr\" target=\"_blank\" rel=\"noreferrer noopener\">Calidad tur\u00edstica<\/a><\/strong> por su compromiso con los visitantes, sus servicios y su acogida de calidad.<\/p>\n<\/div>\n<\/div>\n\n\n\n<div class=\"is-layout-flex wp-container-22 wp-block-columns\">\n<div class=\"is-layout-flow wp-block-column\" style=\"flex-basis:33.33%\"><div class=\"wp-block-image\">\n<figure class=\"aligncenter size-large is-resized\"><img decoding=\"async\" loading=\"lazy\" data-src=\"https:\/\/www.creilsudoise-tourisme.fr\/wp-content\/uploads\/2022\/11\/Label_Tourisme-handicap.jpg\" alt=\"Etiqueta Turismo y discapacidad\" class=\"wp-image-43599\" width=\"219\" height=\"154\" data-srcset=\"https:\/\/www.creilsudoise-tourisme.fr\/wp-content\/uploads\/2022\/11\/Label_Tourisme-handicap.jpg 1179w, https:\/\/www.creilsudoise-tourisme.fr\/wp-content\/uploads\/2022\/11\/Label_Tourisme-handicap-600x422.jpg 600w, https:\/\/www.creilsudoise-tourisme.fr\/wp-content\/uploads\/2022\/11\/Label_Tourisme-handicap-900x634.jpg 900w, https:\/\/www.creilsudoise-tourisme.fr\/wp-content\/uploads\/2022\/11\/Label_Tourisme-handicap-200x141.jpg 200w, https:\/\/www.creilsudoise-tourisme.fr\/wp-content\/uploads\/2022\/11\/Label_Tourisme-handicap-650x458.jpg 650w, https:\/\/www.creilsudoise-tourisme.fr\/wp-content\/uploads\/2022\/11\/Label_Tourisme-handicap-550x385.jpg 550w, https:\/\/www.creilsudoise-tourisme.fr\/wp-content\/uploads\/2022\/11\/Label_Tourisme-handicap-387x272.jpg 387w\" sizes=\"(max-width: 219px) 100vw, 219px\" \/><\/figure><\/div><\/div>\n\n\n\n<div class=\"is-layout-flow wp-block-column\" style=\"flex-basis:66.66%\">\n<p>La Casa de Piedra est\u00e1 catalogada <strong><a href=\"https:\/\/www.tourisme-handicap.gouv.fr\/fr\" target=\"_blank\" rel=\"noreferrer noopener\">Turismo y discapacidad<\/a> para discapacidades motrices, auditivas, visuales y mentales<\/strong>. Los gu\u00edas est\u00e1n formados para acoger a personas con discapacidad y el recorrido est\u00e1 adaptado.<\/p>\n<\/div>\n<\/div>\n\n\n\n<hr class=\"wp-block-separator has-css-opacity\"\/>\n\n\n\n<hr class=\"wp-block-separator has-css-opacity\"\/>\n\n\n\n<div class=\"wp-block wp-block-single-sit wp-block-single-sit-coordonnees\" >\n\n            <h2>Datos de contacto<\/h2>\n    \n    <div class=\"wp-block-media-text is-stacked-on-mobile\">\n\n        <div class=\"wp-block-media-text__media wpet-map-detail\" style=\"width:100%; height: 100%;\">\n            <div class=\"wp-block-media-text__media__content\" id=\"wpetSingleSitMap\" data-wpet-type-map=\"leaflet\" ><\/div>\n        <\/div>\n\n        <div class=\"wp-block-media-text__content\">\n\n                            <p class=\"wp-block-coordonnees__status wp-block-coordonnees__status--close\">\n                    Cerrado                <\/p>\n            \n            <p class=\"wp-block-media-text__content__address\">\n                                    <strong>Casa de piedra<\/strong><br \/>\n                \n                                    Calle Jean Jaur\u00e8s, 22<br \/>\n                \n                                    <span>60740<\/span>\n                    <span>SAINT-MAXIMIN<\/span><br \/>\n                            <\/p>\n\n                                                <p class=\"wp-block-media-text__content__phone\"><a data-type=\"TEL\" href=\"tel: 33 3 44 61 18 54\">+33 3 44 61 18 54<\/a><\/p>\n                            \n            <a href=\"https:\/\/www.google.fr\/maps?saddr&#038;daddr=49.2224151,2.4444556\" target=\"_blank\" class=\"button GtmButtonCalculItinerairePrestataire\" rel=\"noopener noreferrer\">Calcular mi ruta<\/a>\n        <\/div>\n    <\/div>\n<\/div>\n\n\n    <div class=\"wp-block wp-block-single-sit wp-block-single-sit-ouvertures\" id=\"opening\">\n\n                    <h2>Horarios de apertura<\/h2>\n        \n        \t<div class=\"wpetTableList\" >\n                <div data-id=\"wpet-table-slider-wrapper\">\n\t\t    \t\t\t\t\t\t<div class=\"wpetTableContainer\" >\n\t\t\t\t<table class=\"wpetTable wpTable--opening\">\n\t\t\t\t\t<thead class=\"wpetTableHeader\">\n\t\t\t\t\t<tr>\n\t\t\t\t\t\t<td colspan=\"2\">\n\t\t\t\t\t\t\t\t\t\t\t\t\t\t\tDu 01 enero au 30 junio\t\t\t\t\t\t\t\t\t\t\t\t\t<\/td>\n\t\t\t\t\t<\/tr>\n\t\t\t\t\t<\/thead>\n\t\t\t\t\t\t\t\t\t\t\t\t\t\t\t\t\t\t<tr class=\"wpetTableLine\">\n\t\t\t\t\t\t\t\t<td class=\"wpetTableCell\">Lunes<\/td>\n\t\t\t\t\t\t\t\t<td class=\"wpetTableCell\">Cerrado<\/td>\n\t\t\t\t\t\t\t<\/tr>\n\t\t\t\t\t\t\t\t\t\t\t\t\t\t\t\t\t\t\t\t\t\t\t\t<tr class=\"wpetTableLine\">\n\t\t\t\t\t\t\t\t<td class=\"wpetTableCell\">Martes<\/td>\n\t\t\t\t\t\t\t\t<td class=\"wpetTableCell\">Cerrado<\/td>\n\t\t\t\t\t\t\t<\/tr>\n\t\t\t\t\t\t\t\t\t\t\t\t\t\t\t\t\t\t\t\t\t\t\t\t<tr class=\"wpetTableLine\">\n\t\t\t\t\t\t\t\t<td class=\"wpetTableCell\">Mi\u00e9rcoles<\/td>\n\t\t\t\t\t\t\t\t<td class=\"wpetTableCell\">Cerrado<\/td>\n\t\t\t\t\t\t\t<\/tr>\n\t\t\t\t\t\t\t\t\t\t\t\t\t\t\t\t\t\t\t\t\t\t\t\t<tr class=\"wpetTableLine\">\n\t\t\t\t\t\t\t\t<td class=\"wpetTableCell\">Jueves<\/td>\n\t\t\t\t\t\t\t\t<td class=\"wpetTableCell\">Cerrado<\/td>\n\t\t\t\t\t\t\t<\/tr>\n\t\t\t\t\t\t\t\t\t\t\t\t\t\t\t\t\t\t\t\t\t\t\t\t<tr class=\"wpetTableLine\">\n\t\t\t\t\t\t\t\t<td class=\"wpetTableCell\">Viernes<\/td>\n\t\t\t\t\t\t\t\t<td class=\"wpetTableCell\">Cerrado<\/td>\n\t\t\t\t\t\t\t<\/tr>\n\t\t\t\t\t\t\t\t\t\t\t\t\t\t\t\t\t\t\t\t\t\t\t\t<tr class=\"wpetTableLine\">\n\t\t\t\t\t\t\t\t<td class=\"wpetTableCell\">S\u00e1bado<\/td>\n\t\t\t\t\t\t\t\t<td class=\"wpetTableCell\">Cerrado<\/td>\n\t\t\t\t\t\t\t<\/tr>\n\t\t\t\t\t\t\t\t\t\t\t\t\t\t\t\t\t\t\t\t\t\t\t\t<tr class=\"wpetTableLine\">\n\t\t\t\t\t\t\t\t<td class=\"wpetTableCell\">Domingo<\/td>\n\t\t\t\t\t\t\t\t<td class=\"wpetTableCell\">Cerrado<\/td>\n\t\t\t\t\t\t\t<\/tr>\n\t\t\t\t\t\t\t\t\t\t\t\t\t\t\t<\/table>\n\t\t\t<\/div>\n\t\t        <\/div>\n\t<\/div>\n\n    <\/div>\n\n\n\n    <div class=\"wp-block wp-block-single-sit wp-block-single-sit-tarifs\">\n\n                    <h2>Tarifas<\/h2>\n        \n        \n    <table class=\"wpetTable\">\n                    <tr class=\"wpetTableLine\">\n                <td class=\"wpetTableCell\">\n                    Tasa de adultos                                            <span class=\"wpetTableCell--complement entryMeta\">Visita guiada a la cantera subterr\u00e1nea<\/span>\n                                    <\/td>\n                <td class=\"wpetTableCell\">7 \u20ac<\/td>\n            <\/tr>\n                    <tr class=\"wpetTableLine\">\n                <td class=\"wpetTableCell\">\n                    Otras tarifas                                            <span class=\"wpetTableCell--complement entryMeta\">tarif \u00e0 partir de&#8230; pour les stages artistiques<\/span>\n                                    <\/td>\n                <td class=\"wpetTableCell\">31 \u20ac<\/td>\n            <\/tr>\n                    <tr class=\"wpetTableLine\">\n                <td class=\"wpetTableCell\">\n                    Tarifa reducida para adultos                                            <span class=\"wpetTableCell--complement entryMeta\">Visita guiada Residentes ACSO, Desempleados, Discapacitados<\/span>\n                                    <\/td>\n                <td class=\"wpetTableCell\">5 \u20ac<\/td>\n            <\/tr>\n                    <tr class=\"wpetTableLine\">\n                <td class=\"wpetTableCell\">\n                    Tarifa infantil                                            <span class=\"wpetTableCell--complement entryMeta\">Visita guiada a la cantera subterr\u00e1nea 5-17 a\u00f1os<\/span>\n                                    <\/td>\n                <td class=\"wpetTableCell\">5 \u20ac<\/td>\n            <\/tr>\n            <\/table>\n\n\n    \n    \n    \n    \n    <\/div>\n\n\n\n<div class=\"wp-block wp-block-related-post alignfull\">\n    <div class=\"container\">\n                    <h2 class=\"wp-block-related-post-title\">Los exploradores tambi\u00e9n consultaron...<\/h2>\n                <div id=\"wpiris-related-post-427122654034189429529\" data-id=\"wpiris-entity-slider\">\n            <div class=\"wp-block-related-post-list wp-block-related-post-list--6\" data-id=\"wpiris-entity-slider-wrapper\">\n\n                \n<div class=\"entityItem\" data-trigger=\"wpiris-click\" data-id=\"wpiris-entity-slider-item\">\n    <p class=\"entityItemThumbnail\">\n        <a href=\"https:\/\/www.creilsudoise-tourisme.fr\/es\/loisirs\/aire-de-pique-nique-de-saint-maximin\/\" nofancybox>\n            <img data-src=\"https:\/\/www.creilsudoise-tourisme.fr\/wp-content\/uploads\/wpetourisme\/BergesSaintMaximin-Hiver2023-CreilSudOiseTourisme--1--2-275x350.jpg\" alt=\"Zona de picnic a orillas del r\u00edo Oise\">\n        <\/a>\n    <\/p>\n    <div class=\"entityItemContent\">\n        <h2 class=\"entityItemContentTitle\">\n            <a href=\"https:\/\/www.creilsudoise-tourisme.fr\/es\/loisirs\/aire-de-pique-nique-de-saint-maximin\/\">Zona de picnic a orillas del r\u00edo Oise<\/a>\n        <\/h2>\n                    <p class=\"entityItemContentType\">Actividades deportivas, culturales y tur\u00edsticas<\/p>\n            <\/div>\n    <a href=\"https:\/\/www.creilsudoise-tourisme.fr\/es\/loisirs\/aire-de-pique-nique-de-saint-maximin\/\" class=\"seeMore\"><span class=\"sr-only\">M\u00e1s informaci\u00f3n<\/span><\/a>\n<\/div>\n\n<div class=\"entityItem\" data-trigger=\"wpiris-click\" data-id=\"wpiris-entity-slider-item\">\n    <p class=\"entityItemThumbnail\">\n        <a href=\"https:\/\/www.creilsudoise-tourisme.fr\/es\/restaurant\/la-buvette\/\" nofancybox>\n            <img data-src=\"https:\/\/www.creilsudoise-tourisme.fr\/wp-content\/uploads\/wpetourisme\/photo-Anne-Sophie-FLAMENT-La-Buvette--bistrot-de-pays--Saint-Maximin--Arnaud-Martle-3114-275x350.jpg\" alt=\"La Buvette\">\n        <\/a>\n    <\/p>\n    <div class=\"entityItemContent\">\n        <h2 class=\"entityItemContentTitle\">\n            <a href=\"https:\/\/www.creilsudoise-tourisme.fr\/es\/restaurant\/la-buvette\/\">La Buvette<\/a>\n        <\/h2>\n                    <p class=\"entityItemContentType\">Restauraci\u00f3n<\/p>\n            <\/div>\n    <a href=\"https:\/\/www.creilsudoise-tourisme.fr\/es\/restaurant\/la-buvette\/\" class=\"seeMore\"><span class=\"sr-only\">M\u00e1s informaci\u00f3n<\/span><\/a>\n<\/div>\n\n<div class=\"entityItem\" data-trigger=\"wpiris-click\" data-id=\"wpiris-entity-slider-item\">\n    <p class=\"entityItemThumbnail\">\n        <a href=\"https:\/\/www.creilsudoise-tourisme.fr\/es\/patrimoine\/bombardeo-museo\/\" nofancybox>\n            <img data-src=\"https:\/\/www.creilsudoise-tourisme.fr\/wp-content\/uploads\/wpetourisme\/Musee-des-bombardements-a-Saint-Maximin---Creil-Sud-Oise-Tourisme--8--275x350.jpg\" alt=\"Museo del Bombardeo\">\n        <\/a>\n    <\/p>\n    <div class=\"entityItemContent\">\n        <h2 class=\"entityItemContentTitle\">\n            <a href=\"https:\/\/www.creilsudoise-tourisme.fr\/es\/patrimoine\/bombardeo-museo\/\">Museo del Bombardeo<\/a>\n        <\/h2>\n                    <p class=\"entityItemContentType\">Patrimonio cultural<\/p>\n            <\/div>\n    <a href=\"https:\/\/www.creilsudoise-tourisme.fr\/es\/patrimoine\/bombardeo-museo\/\" class=\"seeMore\"><span class=\"sr-only\">M\u00e1s informaci\u00f3n<\/span><\/a>\n<\/div>\n\n<div class=\"entityItem\" data-trigger=\"wpiris-click\" data-id=\"wpiris-entity-slider-item\">\n    <p class=\"entityItemThumbnail\">\n        <a href=\"https:\/\/www.creilsudoise-tourisme.fr\/es\/espace-naturel\/etang-sainte-barbe\/\" nofancybox>\n            <img data-src=\"https:\/\/www.creilsudoise-tourisme.fr\/wp-content\/uploads\/wpetourisme\/EtangSainteBarbe-Novembre2021-CreilSudOiseTourisme--3--275x350.jpg\" alt=\"Estanque de Santa B\u00e1rbara\">\n        <\/a>\n    <\/p>\n    <div class=\"entityItemContent\">\n        <h2 class=\"entityItemContentTitle\">\n            <a href=\"https:\/\/www.creilsudoise-tourisme.fr\/es\/espace-naturel\/etang-sainte-barbe\/\">Estanque de Santa B\u00e1rbara<\/a>\n        <\/h2>\n                    <p class=\"entityItemContentType\">Patrimonio natural<\/p>\n            <\/div>\n    <a href=\"https:\/\/www.creilsudoise-tourisme.fr\/es\/espace-naturel\/etang-sainte-barbe\/\" class=\"seeMore\"><span class=\"sr-only\">M\u00e1s informaci\u00f3n<\/span><\/a>\n<\/div>\n\n<div class=\"entityItem\" data-trigger=\"wpiris-click\" data-id=\"wpiris-entity-slider-item\">\n    <p class=\"entityItemThumbnail\">\n        <a href=\"https:\/\/www.creilsudoise-tourisme.fr\/es\/loisirs\/les-glachoirs\/\" nofancybox>\n            <img data-src=\"https:\/\/www.creilsudoise-tourisme.fr\/wp-content\/uploads\/wpetourisme\/Glachoirs-Saint-Vaast-les-Mello-Escalade-Creil-Sud-Oise-Tourisme-2-275x350.jpg\" alt=\"Las neveras\">\n        <\/a>\n    <\/p>\n    <div class=\"entityItemContent\">\n        <h2 class=\"entityItemContentTitle\">\n            <a href=\"https:\/\/www.creilsudoise-tourisme.fr\/es\/loisirs\/les-glachoirs\/\">Las neveras<\/a>\n        <\/h2>\n                    <p class=\"entityItemContentType\">Actividades deportivas, culturales y tur\u00edsticas<\/p>\n            <\/div>\n    <a href=\"https:\/\/www.creilsudoise-tourisme.fr\/es\/loisirs\/les-glachoirs\/\" class=\"seeMore\"><span class=\"sr-only\">M\u00e1s informaci\u00f3n<\/span><\/a>\n<\/div>\n            <\/div>\n\n            \n<div class=\"sliderNav\">\n    <div class=\"sliderNavWrapper\">\n        <p class=\"swiperArrow swiperArrow--next\" data-trigger=\"swiper-next\">\n            <span class=\"sr-only\">Siguiente<\/span>\n        <\/p>\n        <p class=\"swiperArrow swiperArrow--prev\" data-trigger=\"swiper-prev\">\n            <span class=\"sr-only\">Anterior<\/span>\n        <\/p>\n    <\/div>\n<\/div>\n        <\/div>\n    <\/div>\n<\/div>","protected":false},"excerpt":{"rendered":"<p>La Maison de la Pierre, situada cerca de Chantilly y Senlis, es un museo subterr\u00e1neo en una antigua cantera. Es uno de los pocos lugares donde se puede conocer la vida de los trabajadores de las canteras del norte de Francia, y rinde homenaje al ADN del destino Creil Sud Oise: la [...]<\/p>","protected":false},"author":1,"featured_media":45091,"parent":131,"menu_order":9,"comment_status":"closed","ping_status":"closed","template":"","meta":{"_relevanssi_hide_post":"","_relevanssi_hide_content":"","_relevanssi_pin_for_all":"","_relevanssi_pin_keywords":"","_relevanssi_unpin_keywords":"","_relevanssi_related_keywords":"","_relevanssi_related_include_ids":"","_relevanssi_related_exclude_ids":"","_relevanssi_related_no_append":"","_relevanssi_related_not_related":"","_relevanssi_related_posts":"275,273,267,271","_relevanssi_noindex_reason":""},"yoast_head":"<!-- This site is optimized with the Yoast SEO plugin v20.2.1 - https:\/\/yoast.com\/wordpress\/plugins\/seo\/ -->\n<title>Visitez une carri\u00e8re souterraine \u00e0 la Maison de la Pierre \u00e0 Saint-Maximin<\/title>\n<meta name=\"description\" content=\"Situ\u00e9e dans le sud de l&#039;Oise, pr\u00e8s de Chantilly, Senlis ou Compi\u00e8gne, la carri\u00e8re souterraine de la Maison de la Pierre se visite !\" \/>\n<meta name=\"robots\" content=\"index, follow, max-snippet:-1, max-image-preview:large, max-video-preview:-1\" \/>\n<link rel=\"canonical\" href=\"https:\/\/www.creilsudoise-tourisme.fr\/es\/jexplore\/imprescindibles\/maison-de-la-pierre-3\/\" \/>\n<meta property=\"og:locale\" content=\"es_ES\" \/>\n<meta property=\"og:type\" content=\"article\" \/>\n<meta property=\"og:title\" content=\"Visitez une carri\u00e8re souterraine \u00e0 la Maison de la Pierre \u00e0 Saint-Maximin\" \/>\n<meta property=\"og:description\" content=\"Situ\u00e9e dans le sud de l&#039;Oise, pr\u00e8s de Chantilly, Senlis ou Compi\u00e8gne, la carri\u00e8re souterraine de la Maison de la Pierre se visite !\" \/>\n<meta property=\"og:url\" content=\"https:\/\/www.creilsudoise-tourisme.fr\/es\/jexplore\/imprescindibles\/maison-de-la-pierre-3\/\" \/>\n<meta property=\"og:site_name\" content=\"Office de Tourisme Creil Sud Oise\" \/>\n<meta property=\"article:publisher\" content=\"https:\/\/www.facebook.com\/creilsudoisetourisme\/\" \/>\n<meta property=\"article:modified_time\" content=\"2025-05-30T13:55:55+00:00\" \/>\n<meta property=\"og:image\" content=\"https:\/\/www.creilsudoise-tourisme.fr\/wp-content\/uploads\/2023\/02\/195_Maison-de-la-Pierre\u00a92022_Smellinckx-1.jpg\" \/>\n\t<meta property=\"og:image:width\" content=\"1920\" \/>\n\t<meta property=\"og:image:height\" content=\"1280\" \/>\n\t<meta property=\"og:image:type\" content=\"image\/jpeg\" \/>\n<meta name=\"twitter:card\" content=\"summary_large_image\" \/>\n<meta name=\"twitter:site\" content=\"@CreilSudOiseOT\" \/>\n<meta name=\"twitter:label1\" content=\"Tiempo de lectura\" \/>\n\t<meta name=\"twitter:data1\" content=\"7 minutos\" \/>\n<script type=\"application\/ld+json\" class=\"yoast-schema-graph\">{\"@context\":\"https:\/\/schema.org\",\"@graph\":[{\"@type\":\"WebPage\",\"@id\":\"https:\/\/www.creilsudoise-tourisme.fr\/jexplore\/incontournables\/maison-de-la-pierre\/\",\"url\":\"https:\/\/www.creilsudoise-tourisme.fr\/jexplore\/incontournables\/maison-de-la-pierre\/\",\"name\":\"Visitez une carri\u00e8re souterraine \u00e0 la Maison de la Pierre \u00e0 Saint-Maximin\",\"isPartOf\":{\"@id\":\"https:\/\/www.creilsudoise-tourisme.fr\/#website\"},\"datePublished\":\"2021-02-17T09:02:29+00:00\",\"dateModified\":\"2025-05-30T13:55:55+00:00\",\"description\":\"Situ\u00e9e dans le sud de l'Oise, pr\u00e8s de Chantilly, Senlis ou Compi\u00e8gne, la carri\u00e8re souterraine de la Maison de la Pierre se visite !\",\"breadcrumb\":{\"@id\":\"https:\/\/www.creilsudoise-tourisme.fr\/jexplore\/incontournables\/maison-de-la-pierre\/#breadcrumb\"},\"inLanguage\":\"es\",\"potentialAction\":[{\"@type\":\"ReadAction\",\"target\":[\"https:\/\/www.creilsudoise-tourisme.fr\/jexplore\/incontournables\/maison-de-la-pierre\/\"]}]},{\"@type\":\"BreadcrumbList\",\"@id\":\"https:\/\/www.creilsudoise-tourisme.fr\/jexplore\/incontournables\/maison-de-la-pierre\/#breadcrumb\",\"itemListElement\":[{\"@type\":\"ListItem\",\"position\":1,\"name\":\"Accueil\",\"item\":\"https:\/\/www.creilsudoise-tourisme.fr\/\"},{\"@type\":\"ListItem\",\"position\":2,\"name\":\"J&rsquo;explore\",\"item\":\"https:\/\/www.creilsudoise-tourisme.fr\/jexplore\/\"},{\"@type\":\"ListItem\",\"position\":3,\"name\":\"Les incontournables\",\"item\":\"https:\/\/www.creilsudoise-tourisme.fr\/jexplore\/incontournables\/\"},{\"@type\":\"ListItem\",\"position\":4,\"name\":\"La Maison de la Pierre\"}]},{\"@type\":\"WebSite\",\"@id\":\"https:\/\/www.creilsudoise-tourisme.fr\/#website\",\"url\":\"https:\/\/www.creilsudoise-tourisme.fr\/\",\"name\":\"Office de Tourisme Creil Sud Oise\",\"description\":\"Creil Sud Oise Tourisme, un territoire \u00e0 explorer !\",\"publisher\":{\"@id\":\"https:\/\/www.creilsudoise-tourisme.fr\/#organization\"},\"potentialAction\":[{\"@type\":\"SearchAction\",\"target\":{\"@type\":\"EntryPoint\",\"urlTemplate\":\"https:\/\/www.creilsudoise-tourisme.fr\/?s={search_term_string}\"},\"query-input\":\"required name=search_term_string\"}],\"inLanguage\":\"es\"},{\"@type\":\"Organization\",\"@id\":\"https:\/\/www.creilsudoise-tourisme.fr\/#organization\",\"name\":\"Creil Sud Oise Tourisme\",\"url\":\"https:\/\/www.creilsudoise-tourisme.fr\/\",\"logo\":{\"@type\":\"ImageObject\",\"inLanguage\":\"es\",\"@id\":\"https:\/\/www.creilsudoise-tourisme.fr\/#\/schema\/logo\/image\/\",\"url\":\"https:\/\/www.creilsudoise-tourisme.fr\/wp-content\/uploads\/2021\/05\/logo-svg.png\",\"contentUrl\":\"https:\/\/www.creilsudoise-tourisme.fr\/wp-content\/uploads\/2021\/05\/logo-svg.png\",\"width\":182,\"height\":71,\"caption\":\"Creil Sud Oise Tourisme\"},\"image\":{\"@id\":\"https:\/\/www.creilsudoise-tourisme.fr\/#\/schema\/logo\/image\/\"},\"sameAs\":[\"https:\/\/www.facebook.com\/creilsudoisetourisme\/\",\"https:\/\/twitter.com\/CreilSudOiseOT\",\"https:\/\/www.instagram.com\/creilsudoisetourisme\/\",\"https:\/\/www.youtube.com\/channel\/UC8L_QD2wwyADW14zt9fY8kw\"]}]}<\/script>\n<!-- \/ Yoast SEO plugin. -->","yoast_head_json":{"title":"Visitez une carri\u00e8re souterraine \u00e0 la Maison de la Pierre \u00e0 Saint-Maximin","description":"Situ\u00e9e dans le sud de l'Oise, pr\u00e8s de Chantilly, Senlis ou Compi\u00e8gne, la carri\u00e8re souterraine de la Maison de la Pierre se visite !","robots":{"index":"index","follow":"follow","max-snippet":"max-snippet:-1","max-image-preview":"max-image-preview:large","max-video-preview":"max-video-preview:-1"},"canonical":"https:\/\/www.creilsudoise-tourisme.fr\/es\/jexplore\/imprescindibles\/maison-de-la-pierre-3\/","og_locale":"es_ES","og_type":"article","og_title":"Visitez une carri\u00e8re souterraine \u00e0 la Maison de la Pierre \u00e0 Saint-Maximin","og_description":"Situ\u00e9e dans le sud de l'Oise, pr\u00e8s de Chantilly, Senlis ou Compi\u00e8gne, la carri\u00e8re souterraine de la Maison de la Pierre se visite !","og_url":"https:\/\/www.creilsudoise-tourisme.fr\/es\/jexplore\/imprescindibles\/maison-de-la-pierre-3\/","og_site_name":"Office de Tourisme Creil Sud Oise","article_publisher":"https:\/\/www.facebook.com\/creilsudoisetourisme\/","article_modified_time":"2025-05-30T13:55:55+00:00","og_image":[{"width":1920,"height":1280,"url":"https:\/\/www.creilsudoise-tourisme.fr\/wp-content\/uploads\/2023\/02\/195_Maison-de-la-Pierre\u00a92022_Smellinckx-1.jpg","type":"image\/jpeg"}],"twitter_card":"summary_large_image","twitter_site":"@CreilSudOiseOT","twitter_misc":{"Tiempo de lectura":"7 minutos"},"schema":{"@context":"https:\/\/schema.org","@graph":[{"@type":"WebPage","@id":"https:\/\/www.creilsudoise-tourisme.fr\/jexplore\/incontournables\/maison-de-la-pierre\/","url":"https:\/\/www.creilsudoise-tourisme.fr\/jexplore\/incontournables\/maison-de-la-pierre\/","name":"Visitez une carri\u00e8re souterraine \u00e0 la Maison de la Pierre \u00e0 Saint-Maximin","isPartOf":{"@id":"https:\/\/www.creilsudoise-tourisme.fr\/#website"},"datePublished":"2021-02-17T09:02:29+00:00","dateModified":"2025-05-30T13:55:55+00:00","description":"Situ\u00e9e dans le sud de l'Oise, pr\u00e8s de Chantilly, Senlis ou Compi\u00e8gne, la carri\u00e8re souterraine de la Maison de la Pierre se visite !","breadcrumb":{"@id":"https:\/\/www.creilsudoise-tourisme.fr\/jexplore\/incontournables\/maison-de-la-pierre\/#breadcrumb"},"inLanguage":"es","potentialAction":[{"@type":"ReadAction","target":["https:\/\/www.creilsudoise-tourisme.fr\/jexplore\/incontournables\/maison-de-la-pierre\/"]}]},{"@type":"BreadcrumbList","@id":"https:\/\/www.creilsudoise-tourisme.fr\/jexplore\/incontournables\/maison-de-la-pierre\/#breadcrumb","itemListElement":[{"@type":"ListItem","position":1,"name":"Accueil","item":"https:\/\/www.creilsudoise-tourisme.fr\/"},{"@type":"ListItem","position":2,"name":"J&rsquo;explore","item":"https:\/\/www.creilsudoise-tourisme.fr\/jexplore\/"},{"@type":"ListItem","position":3,"name":"Les incontournables","item":"https:\/\/www.creilsudoise-tourisme.fr\/jexplore\/incontournables\/"},{"@type":"ListItem","position":4,"name":"La Maison de la Pierre"}]},{"@type":"WebSite","@id":"https:\/\/www.creilsudoise-tourisme.fr\/#website","url":"https:\/\/www.creilsudoise-tourisme.fr\/","name":"Office de Tourisme Creil Sud Oise","description":"Creil Sud Oise Tourisme, un territoire \u00e0 explorer !","publisher":{"@id":"https:\/\/www.creilsudoise-tourisme.fr\/#organization"},"potentialAction":[{"@type":"SearchAction","target":{"@type":"EntryPoint","urlTemplate":"https:\/\/www.creilsudoise-tourisme.fr\/?s={search_term_string}"},"query-input":"required name=search_term_string"}],"inLanguage":"es"},{"@type":"Organization","@id":"https:\/\/www.creilsudoise-tourisme.fr\/#organization","name":"Creil Sud Oise Tourisme","url":"https:\/\/www.creilsudoise-tourisme.fr\/","logo":{"@type":"ImageObject","inLanguage":"es","@id":"https:\/\/www.creilsudoise-tourisme.fr\/#\/schema\/logo\/image\/","url":"https:\/\/www.creilsudoise-tourisme.fr\/wp-content\/uploads\/2021\/05\/logo-svg.png","contentUrl":"https:\/\/www.creilsudoise-tourisme.fr\/wp-content\/uploads\/2021\/05\/logo-svg.png","width":182,"height":71,"caption":"Creil Sud Oise Tourisme"},"image":{"@id":"https:\/\/www.creilsudoise-tourisme.fr\/#\/schema\/logo\/image\/"},"sameAs":["https:\/\/www.facebook.com\/creilsudoisetourisme\/","https:\/\/twitter.com\/CreilSudOiseOT","https:\/\/www.instagram.com\/creilsudoisetourisme\/","https:\/\/www.youtube.com\/channel\/UC8L_QD2wwyADW14zt9fY8kw"]}]}},"_links":{"self":[{"href":"https:\/\/www.creilsudoise-tourisme.fr\/es\/wp-json\/wp\/v2\/pages\/133"}],"collection":[{"href":"https:\/\/www.creilsudoise-tourisme.fr\/es\/wp-json\/wp\/v2\/pages"}],"about":[{"href":"https:\/\/www.creilsudoise-tourisme.fr\/es\/wp-json\/wp\/v2\/types\/page"}],"author":[{"embeddable":true,"href":"https:\/\/www.creilsudoise-tourisme.fr\/es\/wp-json\/wp\/v2\/users\/1"}],"replies":[{"embeddable":true,"href":"https:\/\/www.creilsudoise-tourisme.fr\/es\/wp-json\/wp\/v2\/comments?post=133"}],"version-history":[{"count":37,"href":"https:\/\/www.creilsudoise-tourisme.fr\/es\/wp-json\/wp\/v2\/pages\/133\/revisions"}],"predecessor-version":[{"id":62854,"href":"https:\/\/www.creilsudoise-tourisme.fr\/es\/wp-json\/wp\/v2\/pages\/133\/revisions\/62854"}],"up":[{"embeddable":true,"href":"https:\/\/www.creilsudoise-tourisme.fr\/es\/wp-json\/wp\/v2\/pages\/131"}],"wp:featuredmedia":[{"embeddable":true,"href":"https:\/\/www.creilsudoise-tourisme.fr\/es\/wp-json\/wp\/v2\/media\/45091"}],"wp:attachment":[{"href":"https:\/\/www.creilsudoise-tourisme.fr\/es\/wp-json\/wp\/v2\/media?parent=133"}],"curies":[{"name":"wp","href":"https:\/\/api.w.org\/{rel}","templated":true}]}}