{"id":120,"date":"2021-02-17T10:02:17","date_gmt":"2021-02-17T09:02:17","guid":{"rendered":"https:\/\/www.creilsudoise-tourisme.fr\/les-offres-seminaires\/"},"modified":"2025-05-16T11:46:48","modified_gmt":"2025-05-16T09:46:48","slug":"seminaires","status":"publish","type":"page","link":"https:\/\/www.creilsudoise-tourisme.fr\/es\/explore-groups\/seminarios\/","title":{"rendered":"Ofertas de seminarios"},"content":{"rendered":"<h2 class=\"has-text-align-center\">\u00a1Organice su seminario o recepci\u00f3n en Creil Sud Oise!<\/h2>\n\n\n\n<p class=\"is-style-excerpt\">Situado cerca del Val d'Oise, a 15 minutos de Chantilly y Senlis y a 40 minutos de Compi\u00e8gne y Par\u00eds, Destination Creil Sud Oise dispone de varios emplazamientos que pueden acoger a <strong>sus seminarios, reuniones de empresa o recepciones<\/strong>.<\/p>\n\n\n\n<h2>P\u00f3ngase en contacto con nosotros<\/h2>\n\n\n\n<p>P\u00f3ngase en contacto con <strong>Nouara <\/strong>y <strong>Brigitte <\/strong>que le ayudar\u00e1n a encontrar los locales y proveedores de servicios que mejor se adapten a sus necesidades y presupuesto.<\/p>\n\n\n\n<div class=\"is-layout-flex wp-container-4 wp-block-columns\">\n<div class=\"is-layout-flow wp-block-column\" style=\"flex-basis:33.33%\">\n<figure class=\"wp-block-image size-large\"><img decoding=\"async\" loading=\"lazy\" width=\"1200\" height=\"1200\" data-src=\"https:\/\/www.creilsudoise-tourisme.fr\/wp-content\/uploads\/2025\/05\/Nouara-L-1200x1200.jpg\" alt=\"\" class=\"wp-image-62312\" data-srcset=\"https:\/\/www.creilsudoise-tourisme.fr\/wp-content\/uploads\/2025\/05\/Nouara-L-1200x1200.jpg 1200w, https:\/\/www.creilsudoise-tourisme.fr\/wp-content\/uploads\/2025\/05\/Nouara-L-600x600.jpg 600w, https:\/\/www.creilsudoise-tourisme.fr\/wp-content\/uploads\/2025\/05\/Nouara-L-300x300.jpg 300w, https:\/\/www.creilsudoise-tourisme.fr\/wp-content\/uploads\/2025\/05\/Nouara-L-900x900.jpg 900w, https:\/\/www.creilsudoise-tourisme.fr\/wp-content\/uploads\/2025\/05\/Nouara-L-1536x1536.jpg 1536w, https:\/\/www.creilsudoise-tourisme.fr\/wp-content\/uploads\/2025\/05\/Nouara-L-12x12.jpg 12w, https:\/\/www.creilsudoise-tourisme.fr\/wp-content\/uploads\/2025\/05\/Nouara-L-200x200.jpg 200w, https:\/\/www.creilsudoise-tourisme.fr\/wp-content\/uploads\/2025\/05\/Nouara-L-650x650.jpg 650w, https:\/\/www.creilsudoise-tourisme.fr\/wp-content\/uploads\/2025\/05\/Nouara-L-387x387.jpg 387w, https:\/\/www.creilsudoise-tourisme.fr\/wp-content\/uploads\/2025\/05\/Nouara-L.jpg 1574w\" sizes=\"(max-width: 1200px) 100vw, 1200px\" \/><\/figure>\n<\/div>\n\n\n\n<div class=\"is-layout-flow wp-block-column\" style=\"flex-basis:66.66%\"><div class=\"wp-block wp-block-highlight\">\n                <p class=\"wp-block-highlight-item wp-block-highlight-excerpt\"><strong>Nouara Lebachiche<\/strong>experto en organizaci\u00f3n de seminarios<br><a href=\"tel:0344617681\">03 44 61 76 81<\/a><\/p>\n    <\/div>\n\n\n<div class=\"is-layout-flex wp-block-buttons\">\n<div class=\"wp-block-button\"><a class=\"wp-block-button__link wp-element-button\" href=\"mailto:&#110;o&#117;a&#114;&#97;&#64;m&#97;&#105;&#115;&#111;&#110;&#100;&#101;&#108;ap&#105;e&#114;re&#45;o&#105;&#115;&#101;.fr\">P\u00f3ngase en contacto con<\/a><\/div>\n<\/div>\n<\/div>\n<\/div>\n\n\n\n<div class=\"is-layout-flex wp-container-8 wp-block-columns\">\n<div class=\"is-layout-flow wp-block-column\" style=\"flex-basis:33.33%\">\n<figure class=\"wp-block-image size-large\"><img decoding=\"async\" loading=\"lazy\" width=\"1200\" height=\"1200\" data-src=\"https:\/\/www.creilsudoise-tourisme.fr\/wp-content\/uploads\/2025\/05\/Brigitte-P-1200x1200.jpg\" alt=\"\" class=\"wp-image-62291\" data-srcset=\"https:\/\/www.creilsudoise-tourisme.fr\/wp-content\/uploads\/2025\/05\/Brigitte-P-1200x1200.jpg 1200w, https:\/\/www.creilsudoise-tourisme.fr\/wp-content\/uploads\/2025\/05\/Brigitte-P-600x600.jpg 600w, https:\/\/www.creilsudoise-tourisme.fr\/wp-content\/uploads\/2025\/05\/Brigitte-P-300x300.jpg 300w, https:\/\/www.creilsudoise-tourisme.fr\/wp-content\/uploads\/2025\/05\/Brigitte-P-900x900.jpg 900w, https:\/\/www.creilsudoise-tourisme.fr\/wp-content\/uploads\/2025\/05\/Brigitte-P-1536x1536.jpg 1536w, https:\/\/www.creilsudoise-tourisme.fr\/wp-content\/uploads\/2025\/05\/Brigitte-P-12x12.jpg 12w, https:\/\/www.creilsudoise-tourisme.fr\/wp-content\/uploads\/2025\/05\/Brigitte-P-200x200.jpg 200w, https:\/\/www.creilsudoise-tourisme.fr\/wp-content\/uploads\/2025\/05\/Brigitte-P-650x650.jpg 650w, https:\/\/www.creilsudoise-tourisme.fr\/wp-content\/uploads\/2025\/05\/Brigitte-P-387x387.jpg 387w, https:\/\/www.creilsudoise-tourisme.fr\/wp-content\/uploads\/2025\/05\/Brigitte-P.jpg 1920w\" sizes=\"(max-width: 1200px) 100vw, 1200px\" \/><\/figure>\n<\/div>\n\n\n\n<div class=\"is-layout-flow wp-block-column\" style=\"flex-basis:66.66%\"><div class=\"wp-block wp-block-highlight\">\n                <p class=\"wp-block-highlight-item wp-block-highlight-excerpt\"><strong>Brigitte Pawly, <\/strong>creador de estancias en grupo a medida<br><a href=\"tel:0375190175\">03 75 19 01 75<\/a><\/p>\n    <\/div>\n\n\n<div class=\"is-layout-flex wp-block-buttons\">\n<div class=\"wp-block-button\"><a class=\"wp-block-button__link wp-element-button\" href=\"mailto:bri&#103;itte&#64;c&#114;ei&#108;s&#117;d&#111;&#105;&#115;&#101;-tou&#114;is&#109;&#101;.fr\">P\u00f3ngase en contacto con<\/a><\/div>\n<\/div>\n<\/div>\n<\/div>","protected":false},"excerpt":{"rendered":"<p>\u00a1Organice su seminario o recepci\u00f3n en Creil Sud Oise! Situado cerca del Val d'Oise, a 15 minutos de Chantilly y Senlis y a 40 minutos de Compi\u00e8gne y Par\u00eds, Destination Creil Sud Oise dispone de varios emplazamientos que pueden acoger sus seminarios, reuniones de negocios o recepciones. \u00a1P\u00f3ngase en contacto con nosotros! P\u00f3ngase en contacto con Nouara y Brigitte [...]<\/p>","protected":false},"author":1,"featured_media":33439,"parent":100,"menu_order":1,"comment_status":"closed","ping_status":"closed","template":"page-templates\/sit-aside.php","meta":{"_relevanssi_hide_post":"","_relevanssi_hide_content":"","_relevanssi_pin_for_all":"","_relevanssi_pin_keywords":"","_relevanssi_unpin_keywords":"","_relevanssi_related_keywords":"","_relevanssi_related_include_ids":"","_relevanssi_related_exclude_ids":"","_relevanssi_related_no_append":"","_relevanssi_related_not_related":"","_relevanssi_related_posts":"273,271,32820,275,267","_relevanssi_noindex_reason":""},"yoast_head":"<!-- This site is optimized with the Yoast SEO plugin v20.2.1 - https:\/\/yoast.com\/wordpress\/plugins\/seo\/ -->\n<title>Les offres s\u00e9minaires - Office de Tourisme Creil Sud Oise<\/title>\n<meta name=\"description\" content=\"Organisez votre s\u00e9minaire ou votre r\u00e9ception \u00e0 Creil Sud Oise ! Situ\u00e9e proche du Val d\u2019Oise et \u00e0 15 min de Chantilly et Senlis et 40 min de Compi\u00e8gne et\" \/>\n<meta name=\"robots\" content=\"index, follow, max-snippet:-1, max-image-preview:large, max-video-preview:-1\" \/>\n<link rel=\"canonical\" href=\"https:\/\/www.creilsudoise-tourisme.fr\/es\/explore-groups\/seminarios\/\" \/>\n<meta property=\"og:locale\" content=\"es_ES\" \/>\n<meta property=\"og:type\" content=\"article\" \/>\n<meta property=\"og:title\" content=\"Les offres s\u00e9minaires - Office de Tourisme Creil Sud Oise\" \/>\n<meta property=\"og:description\" content=\"Organisez votre s\u00e9minaire ou votre r\u00e9ception \u00e0 Creil Sud Oise ! Situ\u00e9e proche du Val d\u2019Oise et \u00e0 15 min de Chantilly et Senlis et 40 min de Compi\u00e8gne et\" \/>\n<meta property=\"og:url\" content=\"https:\/\/www.creilsudoise-tourisme.fr\/es\/explore-groups\/seminarios\/\" \/>\n<meta property=\"og:site_name\" content=\"Office de Tourisme Creil Sud Oise\" \/>\n<meta property=\"article:publisher\" content=\"https:\/\/www.facebook.com\/creilsudoisetourisme\/\" \/>\n<meta property=\"article:modified_time\" content=\"2025-05-16T09:46:48+00:00\" \/>\n<meta property=\"og:image\" content=\"https:\/\/www.creilsudoise-tourisme.fr\/wp-content\/uploads\/2021\/04\/Seminaire-a-la-Maison-de-la-Pierre-a-Creil-Sud-Oise.jpg\" \/>\n\t<meta property=\"og:image:width\" content=\"1500\" \/>\n\t<meta property=\"og:image:height\" content=\"711\" \/>\n\t<meta property=\"og:image:type\" content=\"image\/jpeg\" \/>\n<meta name=\"twitter:card\" content=\"summary_large_image\" \/>\n<meta name=\"twitter:site\" content=\"@CreilSudOiseOT\" \/>\n<meta name=\"twitter:label1\" content=\"Tiempo de lectura\" \/>\n\t<meta name=\"twitter:data1\" content=\"1 minuto\" \/>\n<script type=\"application\/ld+json\" class=\"yoast-schema-graph\">{\"@context\":\"https:\/\/schema.org\",\"@graph\":[{\"@type\":\"WebPage\",\"@id\":\"https:\/\/www.creilsudoise-tourisme.fr\/explorez-groupes\/seminaires\/\",\"url\":\"https:\/\/www.creilsudoise-tourisme.fr\/explorez-groupes\/seminaires\/\",\"name\":\"Les offres s\u00e9minaires - Office de Tourisme Creil Sud Oise\",\"isPartOf\":{\"@id\":\"https:\/\/www.creilsudoise-tourisme.fr\/#website\"},\"datePublished\":\"2021-02-17T09:02:17+00:00\",\"dateModified\":\"2025-05-16T09:46:48+00:00\",\"description\":\"Organisez votre s\u00e9minaire ou votre r\u00e9ception \u00e0 Creil Sud Oise ! Situ\u00e9e proche du Val d\u2019Oise et \u00e0 15 min de Chantilly et Senlis et 40 min de Compi\u00e8gne et\",\"breadcrumb\":{\"@id\":\"https:\/\/www.creilsudoise-tourisme.fr\/explorez-groupes\/seminaires\/#breadcrumb\"},\"inLanguage\":\"es\",\"potentialAction\":[{\"@type\":\"ReadAction\",\"target\":[\"https:\/\/www.creilsudoise-tourisme.fr\/explorez-groupes\/seminaires\/\"]}]},{\"@type\":\"BreadcrumbList\",\"@id\":\"https:\/\/www.creilsudoise-tourisme.fr\/explorez-groupes\/seminaires\/#breadcrumb\",\"itemListElement\":[{\"@type\":\"ListItem\",\"position\":1,\"name\":\"Accueil\",\"item\":\"https:\/\/www.creilsudoise-tourisme.fr\/\"},{\"@type\":\"ListItem\",\"position\":2,\"name\":\"En groupe &amp; S\u00e9minaires\",\"item\":\"https:\/\/www.creilsudoise-tourisme.fr\/explorez-groupes\/\"},{\"@type\":\"ListItem\",\"position\":3,\"name\":\"Les offres s\u00e9minaires\"}]},{\"@type\":\"WebSite\",\"@id\":\"https:\/\/www.creilsudoise-tourisme.fr\/#website\",\"url\":\"https:\/\/www.creilsudoise-tourisme.fr\/\",\"name\":\"Office de Tourisme Creil Sud Oise\",\"description\":\"Creil Sud Oise Tourisme, un territoire \u00e0 explorer !\",\"publisher\":{\"@id\":\"https:\/\/www.creilsudoise-tourisme.fr\/#organization\"},\"potentialAction\":[{\"@type\":\"SearchAction\",\"target\":{\"@type\":\"EntryPoint\",\"urlTemplate\":\"https:\/\/www.creilsudoise-tourisme.fr\/?s={search_term_string}\"},\"query-input\":\"required name=search_term_string\"}],\"inLanguage\":\"es\"},{\"@type\":\"Organization\",\"@id\":\"https:\/\/www.creilsudoise-tourisme.fr\/#organization\",\"name\":\"Creil Sud Oise Tourisme\",\"url\":\"https:\/\/www.creilsudoise-tourisme.fr\/\",\"logo\":{\"@type\":\"ImageObject\",\"inLanguage\":\"es\",\"@id\":\"https:\/\/www.creilsudoise-tourisme.fr\/#\/schema\/logo\/image\/\",\"url\":\"https:\/\/www.creilsudoise-tourisme.fr\/wp-content\/uploads\/2021\/05\/logo-svg.png\",\"contentUrl\":\"https:\/\/www.creilsudoise-tourisme.fr\/wp-content\/uploads\/2021\/05\/logo-svg.png\",\"width\":182,\"height\":71,\"caption\":\"Creil Sud Oise Tourisme\"},\"image\":{\"@id\":\"https:\/\/www.creilsudoise-tourisme.fr\/#\/schema\/logo\/image\/\"},\"sameAs\":[\"https:\/\/www.facebook.com\/creilsudoisetourisme\/\",\"https:\/\/twitter.com\/CreilSudOiseOT\",\"https:\/\/www.instagram.com\/creilsudoisetourisme\/\",\"https:\/\/www.youtube.com\/channel\/UC8L_QD2wwyADW14zt9fY8kw\"]}]}<\/script>\n<!-- \/ Yoast SEO plugin. -->","yoast_head_json":{"title":"Les offres s\u00e9minaires - Office de Tourisme Creil Sud Oise","description":"Organisez votre s\u00e9minaire ou votre r\u00e9ception \u00e0 Creil Sud Oise ! Situ\u00e9e proche du Val d\u2019Oise et \u00e0 15 min de Chantilly et Senlis et 40 min de Compi\u00e8gne et","robots":{"index":"index","follow":"follow","max-snippet":"max-snippet:-1","max-image-preview":"max-image-preview:large","max-video-preview":"max-video-preview:-1"},"canonical":"https:\/\/www.creilsudoise-tourisme.fr\/es\/explore-groups\/seminarios\/","og_locale":"es_ES","og_type":"article","og_title":"Les offres s\u00e9minaires - Office de Tourisme Creil Sud Oise","og_description":"Organisez votre s\u00e9minaire ou votre r\u00e9ception \u00e0 Creil Sud Oise ! Situ\u00e9e proche du Val d\u2019Oise et \u00e0 15 min de Chantilly et Senlis et 40 min de Compi\u00e8gne et","og_url":"https:\/\/www.creilsudoise-tourisme.fr\/es\/explore-groups\/seminarios\/","og_site_name":"Office de Tourisme Creil Sud Oise","article_publisher":"https:\/\/www.facebook.com\/creilsudoisetourisme\/","article_modified_time":"2025-05-16T09:46:48+00:00","og_image":[{"width":1500,"height":711,"url":"https:\/\/www.creilsudoise-tourisme.fr\/wp-content\/uploads\/2021\/04\/Seminaire-a-la-Maison-de-la-Pierre-a-Creil-Sud-Oise.jpg","type":"image\/jpeg"}],"twitter_card":"summary_large_image","twitter_site":"@CreilSudOiseOT","twitter_misc":{"Tiempo de lectura":"1 minuto"},"schema":{"@context":"https:\/\/schema.org","@graph":[{"@type":"WebPage","@id":"https:\/\/www.creilsudoise-tourisme.fr\/explorez-groupes\/seminaires\/","url":"https:\/\/www.creilsudoise-tourisme.fr\/explorez-groupes\/seminaires\/","name":"Les offres s\u00e9minaires - Office de Tourisme Creil Sud Oise","isPartOf":{"@id":"https:\/\/www.creilsudoise-tourisme.fr\/#website"},"datePublished":"2021-02-17T09:02:17+00:00","dateModified":"2025-05-16T09:46:48+00:00","description":"Organisez votre s\u00e9minaire ou votre r\u00e9ception \u00e0 Creil Sud Oise ! Situ\u00e9e proche du Val d\u2019Oise et \u00e0 15 min de Chantilly et Senlis et 40 min de Compi\u00e8gne et","breadcrumb":{"@id":"https:\/\/www.creilsudoise-tourisme.fr\/explorez-groupes\/seminaires\/#breadcrumb"},"inLanguage":"es","potentialAction":[{"@type":"ReadAction","target":["https:\/\/www.creilsudoise-tourisme.fr\/explorez-groupes\/seminaires\/"]}]},{"@type":"BreadcrumbList","@id":"https:\/\/www.creilsudoise-tourisme.fr\/explorez-groupes\/seminaires\/#breadcrumb","itemListElement":[{"@type":"ListItem","position":1,"name":"Accueil","item":"https:\/\/www.creilsudoise-tourisme.fr\/"},{"@type":"ListItem","position":2,"name":"En groupe &amp; S\u00e9minaires","item":"https:\/\/www.creilsudoise-tourisme.fr\/explorez-groupes\/"},{"@type":"ListItem","position":3,"name":"Les offres s\u00e9minaires"}]},{"@type":"WebSite","@id":"https:\/\/www.creilsudoise-tourisme.fr\/#website","url":"https:\/\/www.creilsudoise-tourisme.fr\/","name":"Office de Tourisme Creil Sud Oise","description":"Creil Sud Oise Tourisme, un territoire \u00e0 explorer !","publisher":{"@id":"https:\/\/www.creilsudoise-tourisme.fr\/#organization"},"potentialAction":[{"@type":"SearchAction","target":{"@type":"EntryPoint","urlTemplate":"https:\/\/www.creilsudoise-tourisme.fr\/?s={search_term_string}"},"query-input":"required name=search_term_string"}],"inLanguage":"es"},{"@type":"Organization","@id":"https:\/\/www.creilsudoise-tourisme.fr\/#organization","name":"Creil Sud Oise Tourisme","url":"https:\/\/www.creilsudoise-tourisme.fr\/","logo":{"@type":"ImageObject","inLanguage":"es","@id":"https:\/\/www.creilsudoise-tourisme.fr\/#\/schema\/logo\/image\/","url":"https:\/\/www.creilsudoise-tourisme.fr\/wp-content\/uploads\/2021\/05\/logo-svg.png","contentUrl":"https:\/\/www.creilsudoise-tourisme.fr\/wp-content\/uploads\/2021\/05\/logo-svg.png","width":182,"height":71,"caption":"Creil Sud Oise Tourisme"},"image":{"@id":"https:\/\/www.creilsudoise-tourisme.fr\/#\/schema\/logo\/image\/"},"sameAs":["https:\/\/www.facebook.com\/creilsudoisetourisme\/","https:\/\/twitter.com\/CreilSudOiseOT","https:\/\/www.instagram.com\/creilsudoisetourisme\/","https:\/\/www.youtube.com\/channel\/UC8L_QD2wwyADW14zt9fY8kw"]}]}},"_links":{"self":[{"href":"https:\/\/www.creilsudoise-tourisme.fr\/es\/wp-json\/wp\/v2\/pages\/120"}],"collection":[{"href":"https:\/\/www.creilsudoise-tourisme.fr\/es\/wp-json\/wp\/v2\/pages"}],"about":[{"href":"https:\/\/www.creilsudoise-tourisme.fr\/es\/wp-json\/wp\/v2\/types\/page"}],"author":[{"embeddable":true,"href":"https:\/\/www.creilsudoise-tourisme.fr\/es\/wp-json\/wp\/v2\/users\/1"}],"replies":[{"embeddable":true,"href":"https:\/\/www.creilsudoise-tourisme.fr\/es\/wp-json\/wp\/v2\/comments?post=120"}],"version-history":[{"count":7,"href":"https:\/\/www.creilsudoise-tourisme.fr\/es\/wp-json\/wp\/v2\/pages\/120\/revisions"}],"predecessor-version":[{"id":62315,"href":"https:\/\/www.creilsudoise-tourisme.fr\/es\/wp-json\/wp\/v2\/pages\/120\/revisions\/62315"}],"up":[{"embeddable":true,"href":"https:\/\/www.creilsudoise-tourisme.fr\/es\/wp-json\/wp\/v2\/pages\/100"}],"wp:featuredmedia":[{"embeddable":true,"href":"https:\/\/www.creilsudoise-tourisme.fr\/es\/wp-json\/wp\/v2\/media\/33439"}],"wp:attachment":[{"href":"https:\/\/www.creilsudoise-tourisme.fr\/es\/wp-json\/wp\/v2\/media?parent=120"}],"curies":[{"name":"wp","href":"https:\/\/api.w.org\/{rel}","templated":true}]}}