{"id":114,"date":"2021-02-17T10:02:12","date_gmt":"2021-02-17T09:02:12","guid":{"rendered":"https:\/\/www.creilsudoise-tourisme.fr\/le-chateau-de-montataire\/"},"modified":"2026-03-05T16:17:56","modified_gmt":"2026-03-05T15:17:56","slug":"chateau-montataire","status":"publish","type":"page","link":"https:\/\/www.creilsudoise-tourisme.fr\/es\/explore-groups\/imprescindibles-grupos\/chateau-montataire\/","title":{"rendered":"El castillo de Montataire"},"content":{"rendered":"<p class=\"is-style-excerpt\">El castillo de Montataire domina la ciudad, a unos diez kil\u00f3metros del castillo de Chantilly y de Pierrefonds.<strong> La familia Bernet, padre e hija, propietarios del local <\/strong>que est\u00e1n renovando, le dan la bienvenida a<strong> una visita guiada, una comida familiar o un almuerzo de negocios<\/strong>.&nbsp;<\/p>\n\n\n\n<figure class=\"wp-block-embed is-type-video is-provider-youtube wp-block-embed-youtube wp-embed-aspect-16-9 wp-has-aspect-ratio\"><div class=\"wp-block-embed__wrapper\">\n<iframe loading=\"lazy\" title=\"[LES INCONTOURNABLES] El Castillo de Montataire | Creil Sud Oise Tourisme\" width=\"500\" height=\"281\" data-src=\"https:\/\/www.youtube.com\/embed\/J9OC7bhbpyk?feature=oembed\" frameborder=\"0\" allow=\"accelerometer; autoplay; clipboard-write; encrypted-media; gyroscope; picture-in-picture; web-share\" referrerpolicy=\"strict-origin-when-cross-origin\" allowfullscreen><\/iframe>\n<\/div><\/figure>\n\n\n\n<p>Descubre, acompa\u00f1ado de la<strong> propietarios Fran\u00e7ois-Xavier y Marie-Astrid<\/strong>padre e hija, este magn\u00edfico <strong>Castillo del siglo XI<\/strong> que domina el valle de Montataire.&nbsp;<\/p>\n\n\n\n<p>A trav\u00e9s de una visita guiada llena de humor y buen humor, ricos <strong>intercambios hist\u00f3ricos y an\u00e9cdotas<\/strong>Conocer\u00e1 este emblem\u00e1tico castillo de la regi\u00f3n que no le dejar\u00e1 indiferente.<\/p>\n\n\n\n<figure class=\"is-layout-flex wp-block-gallery-1 wp-block-gallery alignwide has-nested-images columns-2 is-cropped\">\n<figure class=\"wp-block-image size-full\"><a href=\"https:\/\/www.creilsudoise-tourisme.fr\/wp-content\/uploads\/2021\/04\/Exposition-au-Cha\u0302teau-de-Montataire.jpg\"><img decoding=\"async\" loading=\"lazy\" width=\"1200\" height=\"677\" data-id=\"33216\"  data-src=\"https:\/\/www.creilsudoise-tourisme.fr\/wp-content\/uploads\/2021\/04\/Exposition-au-Cha\u0302teau-de-Montataire.jpg\" alt=\"\" class=\"wp-image-33216\" data-srcset=\"https:\/\/www.creilsudoise-tourisme.fr\/wp-content\/uploads\/2021\/04\/Exposition-au-Cha\u0302teau-de-Montataire.jpg 1200w, https:\/\/www.creilsudoise-tourisme.fr\/wp-content\/uploads\/2021\/04\/Exposition-au-Cha\u0302teau-de-Montataire-600x339.jpg 600w, https:\/\/www.creilsudoise-tourisme.fr\/wp-content\/uploads\/2021\/04\/Exposition-au-Cha\u0302teau-de-Montataire-900x508.jpg 900w, https:\/\/www.creilsudoise-tourisme.fr\/wp-content\/uploads\/2021\/04\/Exposition-au-Cha\u0302teau-de-Montataire-200x113.jpg 200w, https:\/\/www.creilsudoise-tourisme.fr\/wp-content\/uploads\/2021\/04\/Exposition-au-Cha\u0302teau-de-Montataire-650x367.jpg 650w, https:\/\/www.creilsudoise-tourisme.fr\/wp-content\/uploads\/2021\/04\/Exposition-au-Cha\u0302teau-de-Montataire-387x218.jpg 387w, https:\/\/www.creilsudoise-tourisme.fr\/wp-content\/uploads\/2021\/04\/Exposition-au-Cha\u0302teau-de-Montataire-275x155.jpg 275w\" sizes=\"(max-width: 1200px) 100vw, 1200px\" \/><\/a><figcaption class=\"wp-element-caption\">Creil Sud Oise Tourisme<\/figcaption><\/figure>\n\n\n\n<figure class=\"wp-block-image size-full\"><a href=\"https:\/\/www.creilsudoise-tourisme.fr\/wp-content\/uploads\/2021\/04\/Le-Cha\u0302teau-de-Montataire-se-visite.jpg\"><img decoding=\"async\" loading=\"lazy\" width=\"907\" height=\"600\" data-id=\"33218\"  data-src=\"https:\/\/www.creilsudoise-tourisme.fr\/wp-content\/uploads\/2021\/04\/Le-Cha\u0302teau-de-Montataire-se-visite.jpg\" alt=\"\" class=\"wp-image-33218\" data-srcset=\"https:\/\/www.creilsudoise-tourisme.fr\/wp-content\/uploads\/2021\/04\/Le-Cha\u0302teau-de-Montataire-se-visite.jpg 907w, https:\/\/www.creilsudoise-tourisme.fr\/wp-content\/uploads\/2021\/04\/Le-Cha\u0302teau-de-Montataire-se-visite-600x397.jpg 600w, https:\/\/www.creilsudoise-tourisme.fr\/wp-content\/uploads\/2021\/04\/Le-Cha\u0302teau-de-Montataire-se-visite-900x595.jpg 900w, https:\/\/www.creilsudoise-tourisme.fr\/wp-content\/uploads\/2021\/04\/Le-Cha\u0302teau-de-Montataire-se-visite-200x132.jpg 200w, https:\/\/www.creilsudoise-tourisme.fr\/wp-content\/uploads\/2021\/04\/Le-Cha\u0302teau-de-Montataire-se-visite-650x430.jpg 650w, https:\/\/www.creilsudoise-tourisme.fr\/wp-content\/uploads\/2021\/04\/Le-Cha\u0302teau-de-Montataire-se-visite-387x256.jpg 387w, https:\/\/www.creilsudoise-tourisme.fr\/wp-content\/uploads\/2021\/04\/Le-Cha\u0302teau-de-Montataire-se-visite-275x182.jpg 275w\" sizes=\"(max-width: 907px) 100vw, 907px\" \/><\/a><figcaption class=\"wp-element-caption\">M. Bernet<\/figcaption><\/figure>\n\n\n\n<figure class=\"wp-block-image size-full\"><a href=\"https:\/\/www.creilsudoise-tourisme.fr\/wp-content\/uploads\/2021\/04\/Visite-guide\u0301e-en-groupes-du-Cha\u0302teau-de-Montataire.jpg\"><img decoding=\"async\" loading=\"lazy\" width=\"1200\" height=\"675\" data-id=\"33219\"  data-src=\"https:\/\/www.creilsudoise-tourisme.fr\/wp-content\/uploads\/2021\/04\/Visite-guide\u0301e-en-groupes-du-Cha\u0302teau-de-Montataire.jpg\" alt=\"\" class=\"wp-image-33219\" data-srcset=\"https:\/\/www.creilsudoise-tourisme.fr\/wp-content\/uploads\/2021\/04\/Visite-guide\u0301e-en-groupes-du-Cha\u0302teau-de-Montataire.jpg 1200w, https:\/\/www.creilsudoise-tourisme.fr\/wp-content\/uploads\/2021\/04\/Visite-guide\u0301e-en-groupes-du-Cha\u0302teau-de-Montataire-600x338.jpg 600w, https:\/\/www.creilsudoise-tourisme.fr\/wp-content\/uploads\/2021\/04\/Visite-guide\u0301e-en-groupes-du-Cha\u0302teau-de-Montataire-900x506.jpg 900w, https:\/\/www.creilsudoise-tourisme.fr\/wp-content\/uploads\/2021\/04\/Visite-guide\u0301e-en-groupes-du-Cha\u0302teau-de-Montataire-200x113.jpg 200w, https:\/\/www.creilsudoise-tourisme.fr\/wp-content\/uploads\/2021\/04\/Visite-guide\u0301e-en-groupes-du-Cha\u0302teau-de-Montataire-650x366.jpg 650w, https:\/\/www.creilsudoise-tourisme.fr\/wp-content\/uploads\/2021\/04\/Visite-guide\u0301e-en-groupes-du-Cha\u0302teau-de-Montataire-387x218.jpg 387w, https:\/\/www.creilsudoise-tourisme.fr\/wp-content\/uploads\/2021\/04\/Visite-guide\u0301e-en-groupes-du-Cha\u0302teau-de-Montataire-275x155.jpg 275w\" sizes=\"(max-width: 1200px) 100vw, 1200px\" \/><\/a><figcaption class=\"wp-element-caption\">Visita guiada del castillo de Montataire y sus jardines \u00a9 Creil Sud Oise Tourisme<\/figcaption><\/figure>\n\n\n\n<figure class=\"wp-block-image size-full\"><a href=\"https:\/\/www.creilsudoise-tourisme.fr\/wp-content\/uploads\/2021\/04\/La-fac\u0327ade-me\u0301die\u0301vale-du-Cha\u0302teau-de-Montataire.jpg\"><img decoding=\"async\" loading=\"lazy\" width=\"800\" height=\"533\" data-id=\"33217\"  data-src=\"https:\/\/www.creilsudoise-tourisme.fr\/wp-content\/uploads\/2021\/04\/La-fac\u0327ade-me\u0301die\u0301vale-du-Cha\u0302teau-de-Montataire.jpg\" alt=\"\" class=\"wp-image-33217\" data-srcset=\"https:\/\/www.creilsudoise-tourisme.fr\/wp-content\/uploads\/2021\/04\/La-fac\u0327ade-me\u0301die\u0301vale-du-Cha\u0302teau-de-Montataire.jpg 800w, https:\/\/www.creilsudoise-tourisme.fr\/wp-content\/uploads\/2021\/04\/La-fac\u0327ade-me\u0301die\u0301vale-du-Cha\u0302teau-de-Montataire-600x400.jpg 600w, https:\/\/www.creilsudoise-tourisme.fr\/wp-content\/uploads\/2021\/04\/La-fac\u0327ade-me\u0301die\u0301vale-du-Cha\u0302teau-de-Montataire-200x133.jpg 200w, https:\/\/www.creilsudoise-tourisme.fr\/wp-content\/uploads\/2021\/04\/La-fac\u0327ade-me\u0301die\u0301vale-du-Cha\u0302teau-de-Montataire-650x433.jpg 650w, https:\/\/www.creilsudoise-tourisme.fr\/wp-content\/uploads\/2021\/04\/La-fac\u0327ade-me\u0301die\u0301vale-du-Cha\u0302teau-de-Montataire-387x258.jpg 387w, https:\/\/www.creilsudoise-tourisme.fr\/wp-content\/uploads\/2021\/04\/La-fac\u0327ade-me\u0301die\u0301vale-du-Cha\u0302teau-de-Montataire-275x183.jpg 275w\" sizes=\"(max-width: 800px) 100vw, 800px\" \/><\/a><figcaption class=\"wp-element-caption\">J. Tartaglionne<\/figcaption><\/figure>\n<\/figure>\n\n\n\n<h2>Los Bernet: una renovaci\u00f3n familiar &nbsp;<\/h2>\n\n\n\n<p>En 2012,<strong> Fran\u00e7ois-Xavier y Marie-Astrid, padre e hija, hacen realidad su sue\u00f1o<\/strong> Estos dos aficionados a la historia decidieron<strong>adquirir, en familia, el castillo de Montataire y renovarlo<\/strong>. Tienen mucho trabajo por delante (renovaci\u00f3n del armaz\u00f3n del castillo y de las caballerizas, y del suelo de madera de los pisos superiores), as\u00ed como horas de investigaci\u00f3n en archivos hist\u00f3ricos, an\u00e9cdotas y objetos de \u00e9poca como vajillas y muebles. El resultado: Fran\u00e7ois-Xavier y Marie-Astrid le dan la bienvenida y le cuentan la historia de este lugar durante fascinantes visitas guiadas realizadas con buen humor.<\/p>\n\n\n\n<p>Recientemente, la pareja de Marie-Astrid se ha unido a la aventura y ofrece <strong>catering in situ para grupos y recepciones.<\/strong><\/p>\n\n\n\n<figure class=\"wp-block-image size-large\"><img decoding=\"async\" loading=\"lazy\" width=\"1000\" height=\"667\" data-src=\"https:\/\/www.creilsudoise-tourisme.fr\/wp-content\/uploads\/2021\/04\/Franc\u0327ois-Xavier-et-Marie-Astrid-Bernet-proprie\u0301taires-du-Cha\u0302teau-de-Montataire.png\" alt=\"\" class=\"wp-image-33220\" data-srcset=\"https:\/\/www.creilsudoise-tourisme.fr\/wp-content\/uploads\/2021\/04\/Franc\u0327ois-Xavier-et-Marie-Astrid-Bernet-proprie\u0301taires-du-Cha\u0302teau-de-Montataire.png 1000w, https:\/\/www.creilsudoise-tourisme.fr\/wp-content\/uploads\/2021\/04\/Franc\u0327ois-Xavier-et-Marie-Astrid-Bernet-proprie\u0301taires-du-Cha\u0302teau-de-Montataire-600x400.png 600w, https:\/\/www.creilsudoise-tourisme.fr\/wp-content\/uploads\/2021\/04\/Franc\u0327ois-Xavier-et-Marie-Astrid-Bernet-proprie\u0301taires-du-Cha\u0302teau-de-Montataire-900x600.png 900w, https:\/\/www.creilsudoise-tourisme.fr\/wp-content\/uploads\/2021\/04\/Franc\u0327ois-Xavier-et-Marie-Astrid-Bernet-proprie\u0301taires-du-Cha\u0302teau-de-Montataire-200x133.png 200w, https:\/\/www.creilsudoise-tourisme.fr\/wp-content\/uploads\/2021\/04\/Franc\u0327ois-Xavier-et-Marie-Astrid-Bernet-proprie\u0301taires-du-Cha\u0302teau-de-Montataire-650x434.png 650w, https:\/\/www.creilsudoise-tourisme.fr\/wp-content\/uploads\/2021\/04\/Franc\u0327ois-Xavier-et-Marie-Astrid-Bernet-proprie\u0301taires-du-Cha\u0302teau-de-Montataire-387x258.png 387w, https:\/\/www.creilsudoise-tourisme.fr\/wp-content\/uploads\/2021\/04\/Franc\u0327ois-Xavier-et-Marie-Astrid-Bernet-proprie\u0301taires-du-Cha\u0302teau-de-Montataire-275x183.png 275w\" sizes=\"(max-width: 1000px) 100vw, 1000px\" \/><\/figure>\n\n\n\n<h2>Completa tu jornada<\/h2>\n\n\n\n<p>Para completar su jornada, consulte nuestro <a href=\"https:\/\/www.creilsudoise-tourisme.fr\/es\/en-groupe-seminaires\/brochure-groupes\/\" target=\"_blank\" rel=\"noreferrer noopener\">folleto para grupos<\/a> !&nbsp;<\/p>\n\n\n\n<p>Le gusta descubrir el<strong>historia<\/strong> ? Contin\u00fae el d\u00eda visitando<strong> el Museo Gall\u00e9-Juillet y la Casa de la Fa\u00efencerie de Creil<\/strong> (RDV p. 10 Reg\u00e1late la vida de un castillo) y para el <strong>codicioso<\/strong>Descubra nuestra oferta de invierno:<strong> Navidad gastron\u00f3mica en el castillo<\/strong> (v\u00e9ase la p\u00e1gina 20).<\/p>\n\n\n\n<figure class=\"wp-block-image size-large\"><img decoding=\"async\" loading=\"lazy\" width=\"1200\" height=\"675\" data-src=\"https:\/\/www.creilsudoise-tourisme.fr\/wp-content\/uploads\/2021\/04\/Le-Cha\u0302teau-de-Montataire-sous-la-neige.jpg\" alt=\"\" class=\"wp-image-33223\" data-srcset=\"https:\/\/www.creilsudoise-tourisme.fr\/wp-content\/uploads\/2021\/04\/Le-Cha\u0302teau-de-Montataire-sous-la-neige.jpg 1200w, https:\/\/www.creilsudoise-tourisme.fr\/wp-content\/uploads\/2021\/04\/Le-Cha\u0302teau-de-Montataire-sous-la-neige-600x338.jpg 600w, https:\/\/www.creilsudoise-tourisme.fr\/wp-content\/uploads\/2021\/04\/Le-Cha\u0302teau-de-Montataire-sous-la-neige-900x506.jpg 900w, https:\/\/www.creilsudoise-tourisme.fr\/wp-content\/uploads\/2021\/04\/Le-Cha\u0302teau-de-Montataire-sous-la-neige-200x113.jpg 200w, https:\/\/www.creilsudoise-tourisme.fr\/wp-content\/uploads\/2021\/04\/Le-Cha\u0302teau-de-Montataire-sous-la-neige-650x366.jpg 650w, https:\/\/www.creilsudoise-tourisme.fr\/wp-content\/uploads\/2021\/04\/Le-Cha\u0302teau-de-Montataire-sous-la-neige-387x218.jpg 387w, https:\/\/www.creilsudoise-tourisme.fr\/wp-content\/uploads\/2021\/04\/Le-Cha\u0302teau-de-Montataire-sous-la-neige-275x155.jpg 275w\" sizes=\"(max-width: 1200px) 100vw, 1200px\" \/><figcaption class=\"wp-element-caption\">Creil Sud Oise Tourisme<\/figcaption><\/figure>\n\n\n\n<h2>P\u00f3ngase en contacto con nosotros<\/h2>\n\n\n\n<div class=\"is-layout-flex wp-container-6 wp-block-columns are-vertically-aligned-center\">\n<div class=\"is-layout-flow wp-block-column is-vertically-aligned-center\" style=\"flex-basis:50%\"><div class=\"wp-block-image\">\n<figure class=\"alignleft size-large\"><img decoding=\"async\" loading=\"lazy\" width=\"1200\" height=\"1200\" data-src=\"https:\/\/www.creilsudoise-tourisme.fr\/wp-content\/uploads\/2025\/05\/Brigitte-P-1200x1200.jpg\" alt=\"\" class=\"wp-image-62291\" data-srcset=\"https:\/\/www.creilsudoise-tourisme.fr\/wp-content\/uploads\/2025\/05\/Brigitte-P-1200x1200.jpg 1200w, https:\/\/www.creilsudoise-tourisme.fr\/wp-content\/uploads\/2025\/05\/Brigitte-P-600x600.jpg 600w, https:\/\/www.creilsudoise-tourisme.fr\/wp-content\/uploads\/2025\/05\/Brigitte-P-300x300.jpg 300w, https:\/\/www.creilsudoise-tourisme.fr\/wp-content\/uploads\/2025\/05\/Brigitte-P-900x900.jpg 900w, https:\/\/www.creilsudoise-tourisme.fr\/wp-content\/uploads\/2025\/05\/Brigitte-P-1536x1536.jpg 1536w, https:\/\/www.creilsudoise-tourisme.fr\/wp-content\/uploads\/2025\/05\/Brigitte-P-12x12.jpg 12w, https:\/\/www.creilsudoise-tourisme.fr\/wp-content\/uploads\/2025\/05\/Brigitte-P-200x200.jpg 200w, https:\/\/www.creilsudoise-tourisme.fr\/wp-content\/uploads\/2025\/05\/Brigitte-P-650x650.jpg 650w, https:\/\/www.creilsudoise-tourisme.fr\/wp-content\/uploads\/2025\/05\/Brigitte-P-387x387.jpg 387w, https:\/\/www.creilsudoise-tourisme.fr\/wp-content\/uploads\/2025\/05\/Brigitte-P.jpg 1920w\" sizes=\"(max-width: 1200px) 100vw, 1200px\" \/><figcaption class=\"wp-element-caption\">Brigitte Pawly<\/figcaption><\/figure><\/div><\/div>\n\n\n\n<div class=\"is-layout-flow wp-block-column is-vertically-aligned-center\" style=\"flex-basis:50%\"><div class=\"wp-block wp-block-highlight\">\n                <p class=\"wp-block-highlight-item wp-block-highlight-excerpt\"><strong>Brigitte Pawly, <\/strong>creador de estancias en grupo a medida<br><a href=\"tel:0375190175\">03 75 19 01 75<\/a><\/p>\n    <\/div>\n\n\n<div class=\"is-layout-flex wp-block-buttons\">\n<div class=\"wp-block-button\"><a class=\"wp-block-button__link wp-element-button\" href=\"mailto:&#103;&#114;&#111;upes&#64;creilsud&#111;&#105;&#115;e&#45;&#116;o&#117;ri&#115;&#109;&#101;.&#102;r\" target=\"_blank\" rel=\"noreferrer noopener\">P\u00f3ngase en contacto con<\/a><\/div>\n<\/div>\n<\/div>\n<\/div>\n\n\n\n<p>No dude en ponerse en contacto con <strong>Brigitte<\/strong>,<strong> experto en el territorio<\/strong>que te traer\u00e1 su bien <strong>consejo <\/strong>seg\u00fan sus deseos y su presupuesto para un <strong>programa totalmente personalizado<\/strong>. A <strong>ventanilla \u00fanica<\/strong> para una oferta con todo incluido.<\/p>\n\n\n\n<hr class=\"wp-block-separator has-css-opacity\"\/>\n\n\n\n<h2>Testimonio<\/h2>\n\n\n\n<div class=\"wp-block wp-block-testimonial\">\n    <div class=\"wp-block-testimonial-excerpt\">\n        Castillo muy bonito con propietarios apasionados, adem\u00e1s muy buena comida hicimos all\u00ed la comida de la AG de nuestra Asociaci\u00f3n.    <\/div>\n    <div class=\"wp-block-testimonial-details\">\n                <div class=\"wp-block-testimonial-content\">\n            <p class=\"wp-block-testimonial-content-author\">\n                <strong>Marilyse G.<\/strong>\n\n                                <span class=\"wp-block-testimonial-content-job\"> - P\u00e1gina de Facebook del Castillo de Montataire<\/span>\n                            <\/p>\n        <\/div>\n    <\/div>\n<\/div>\n\n\n<h2>Para las comidas o reuniones de su asociaci\u00f3n, \u00a1piense en el Ch\u00e2teau de Montataire!<\/h2>\n\n\n\n<div class=\"is-layout-flex wp-container-9 wp-block-columns\">\n<div class=\"is-layout-flow wp-block-column\" style=\"flex-basis:50%\">\n<figure class=\"wp-block-image size-medium\"><img decoding=\"async\" loading=\"lazy\" width=\"600\" height=\"398\" data-src=\"https:\/\/www.creilsudoise-tourisme.fr\/wp-content\/uploads\/2021\/04\/Location-de-salles-de-re\u0301ception-et-se\u0301minaire-au-Cha\u0302teau-de-Montataire-600x398.jpg\" alt=\"\" class=\"wp-image-33224\" data-srcset=\"https:\/\/www.creilsudoise-tourisme.fr\/wp-content\/uploads\/2021\/04\/Location-de-salles-de-re\u0301ception-et-se\u0301minaire-au-Cha\u0302teau-de-Montataire-600x398.jpg 600w, https:\/\/www.creilsudoise-tourisme.fr\/wp-content\/uploads\/2021\/04\/Location-de-salles-de-re\u0301ception-et-se\u0301minaire-au-Cha\u0302teau-de-Montataire-200x133.jpg 200w, https:\/\/www.creilsudoise-tourisme.fr\/wp-content\/uploads\/2021\/04\/Location-de-salles-de-re\u0301ception-et-se\u0301minaire-au-Cha\u0302teau-de-Montataire-650x431.jpg 650w, https:\/\/www.creilsudoise-tourisme.fr\/wp-content\/uploads\/2021\/04\/Location-de-salles-de-re\u0301ception-et-se\u0301minaire-au-Cha\u0302teau-de-Montataire-387x256.jpg 387w, https:\/\/www.creilsudoise-tourisme.fr\/wp-content\/uploads\/2021\/04\/Location-de-salles-de-re\u0301ception-et-se\u0301minaire-au-Cha\u0302teau-de-Montataire-275x182.jpg 275w, https:\/\/www.creilsudoise-tourisme.fr\/wp-content\/uploads\/2021\/04\/Location-de-salles-de-re\u0301ception-et-se\u0301minaire-au-Cha\u0302teau-de-Montataire.jpg 880w\" sizes=\"(max-width: 600px) 100vw, 600px\" \/><\/figure>\n<\/div>\n\n\n\n<div class=\"is-layout-flow wp-block-column\" style=\"flex-basis:50%\">\n<p><strong>Puede alquilar una o varias salas del Ch\u00e2teau de Montataire para sus recepciones en un ambiente hist\u00f3rico <\/strong>(imponente chimenea, paneles de madera, adornos en el techo, etc.). El peque\u00f1o extra: la familia Bernet le ofrece un <strong>servicio llave en mano: alquiler de salas, mesas, cubiertos y catering in situ.<\/strong><\/p>\n<\/div>\n<\/div>","protected":false},"excerpt":{"rendered":"<p>El castillo de Montataire domina la ciudad, a unos diez kil\u00f3metros del castillo de Chantilly y de Pierrefonds. La familia Bernet, padre e hija, propietarios de la finca que est\u00e1n renovando, le dan la bienvenida para una visita guiada, una comida familiar o un almuerzo de negocios.  Acompa\u00f1ado por los propietarios Fran\u00e7ois-Xavier y Marie-Astrid, descubra la [...]<\/p>","protected":false},"author":1,"featured_media":32353,"parent":102,"menu_order":5,"comment_status":"closed","ping_status":"closed","template":"","meta":{"_relevanssi_hide_post":"","_relevanssi_hide_content":"","_relevanssi_pin_for_all":"","_relevanssi_pin_keywords":"","_relevanssi_unpin_keywords":"","_relevanssi_related_keywords":"","_relevanssi_related_include_ids":"","_relevanssi_related_exclude_ids":"","_relevanssi_related_no_append":"","_relevanssi_related_not_related":"","_relevanssi_related_posts":"275,271,267,273","_relevanssi_noindex_reason":""},"yoast_head":"<!-- This site is optimized with the Yoast SEO plugin v20.2.1 - https:\/\/yoast.com\/wordpress\/plugins\/seo\/ -->\n<title>Visite guid\u00e9e du Ch\u00e2teau qui domine Montataire - Office de Tourisme Creil Sud Oise<\/title>\n<meta name=\"description\" content=\"Visitez le Ch\u00e2teau de Montataire avec ses propri\u00e9taires : les Bernet p\u00e8re et fille ! Vous pouvez \u00e9galement le louer pour vos r\u00e9ceptions ou s\u00e9minaires.\" \/>\n<meta name=\"robots\" content=\"index, follow, max-snippet:-1, max-image-preview:large, max-video-preview:-1\" \/>\n<link rel=\"canonical\" href=\"https:\/\/www.creilsudoise-tourisme.fr\/es\/explore-groups\/imprescindibles-grupos\/chateau-montataire\/\" \/>\n<meta property=\"og:locale\" content=\"es_ES\" \/>\n<meta property=\"og:type\" content=\"article\" \/>\n<meta property=\"og:title\" content=\"Visite guid\u00e9e du Ch\u00e2teau qui domine Montataire - Office de Tourisme Creil Sud Oise\" \/>\n<meta property=\"og:description\" content=\"Visitez le Ch\u00e2teau de Montataire avec ses propri\u00e9taires : les Bernet p\u00e8re et fille ! Vous pouvez \u00e9galement le louer pour vos r\u00e9ceptions ou s\u00e9minaires.\" \/>\n<meta property=\"og:url\" content=\"https:\/\/www.creilsudoise-tourisme.fr\/es\/explore-groups\/imprescindibles-grupos\/chateau-montataire\/\" \/>\n<meta property=\"og:site_name\" content=\"Office de Tourisme Creil Sud Oise\" \/>\n<meta property=\"article:publisher\" content=\"https:\/\/www.facebook.com\/creilsudoisetourisme\/\" \/>\n<meta property=\"article:modified_time\" content=\"2026-03-05T15:17:56+00:00\" \/>\n<meta property=\"og:image\" content=\"https:\/\/www.creilsudoise-tourisme.fr\/wp-content\/uploads\/2021\/03\/Le-Cha\u0302teau-de-Montataire-en-groupes.jpg\" \/>\n\t<meta property=\"og:image:width\" content=\"1600\" \/>\n\t<meta property=\"og:image:height\" content=\"1067\" \/>\n\t<meta property=\"og:image:type\" content=\"image\/jpeg\" \/>\n<meta name=\"twitter:card\" content=\"summary_large_image\" \/>\n<meta name=\"twitter:site\" content=\"@CreilSudOiseOT\" \/>\n<meta name=\"twitter:label1\" content=\"Tiempo de lectura\" \/>\n\t<meta name=\"twitter:data1\" content=\"4 minutos\" \/>\n<script type=\"application\/ld+json\" class=\"yoast-schema-graph\">{\"@context\":\"https:\/\/schema.org\",\"@graph\":[{\"@type\":\"WebPage\",\"@id\":\"https:\/\/www.creilsudoise-tourisme.fr\/explorez-groupes\/incontournables-groupes\/chateau-montataire\/\",\"url\":\"https:\/\/www.creilsudoise-tourisme.fr\/explorez-groupes\/incontournables-groupes\/chateau-montataire\/\",\"name\":\"Visite guid\u00e9e du Ch\u00e2teau qui domine Montataire - Office de Tourisme Creil Sud Oise\",\"isPartOf\":{\"@id\":\"https:\/\/www.creilsudoise-tourisme.fr\/#website\"},\"datePublished\":\"2021-02-17T09:02:12+00:00\",\"dateModified\":\"2026-03-05T15:17:56+00:00\",\"description\":\"Visitez le Ch\u00e2teau de Montataire avec ses propri\u00e9taires : les Bernet p\u00e8re et fille ! Vous pouvez \u00e9galement le louer pour vos r\u00e9ceptions ou s\u00e9minaires.\",\"breadcrumb\":{\"@id\":\"https:\/\/www.creilsudoise-tourisme.fr\/explorez-groupes\/incontournables-groupes\/chateau-montataire\/#breadcrumb\"},\"inLanguage\":\"es\",\"potentialAction\":[{\"@type\":\"ReadAction\",\"target\":[\"https:\/\/www.creilsudoise-tourisme.fr\/explorez-groupes\/incontournables-groupes\/chateau-montataire\/\"]}]},{\"@type\":\"BreadcrumbList\",\"@id\":\"https:\/\/www.creilsudoise-tourisme.fr\/explorez-groupes\/incontournables-groupes\/chateau-montataire\/#breadcrumb\",\"itemListElement\":[{\"@type\":\"ListItem\",\"position\":1,\"name\":\"Accueil\",\"item\":\"https:\/\/www.creilsudoise-tourisme.fr\/\"},{\"@type\":\"ListItem\",\"position\":2,\"name\":\"En groupe &amp; S\u00e9minaires\",\"item\":\"https:\/\/www.creilsudoise-tourisme.fr\/explorez-groupes\/\"},{\"@type\":\"ListItem\",\"position\":3,\"name\":\"Les incontournables \u00e0 explorer en groupes\",\"item\":\"https:\/\/www.creilsudoise-tourisme.fr\/explorez-groupes\/incontournables-groupes\/\"},{\"@type\":\"ListItem\",\"position\":4,\"name\":\"Le Ch\u00e2teau de Montataire\"}]},{\"@type\":\"WebSite\",\"@id\":\"https:\/\/www.creilsudoise-tourisme.fr\/#website\",\"url\":\"https:\/\/www.creilsudoise-tourisme.fr\/\",\"name\":\"Office de Tourisme Creil Sud Oise\",\"description\":\"Creil Sud Oise Tourisme, un territoire \u00e0 explorer !\",\"publisher\":{\"@id\":\"https:\/\/www.creilsudoise-tourisme.fr\/#organization\"},\"potentialAction\":[{\"@type\":\"SearchAction\",\"target\":{\"@type\":\"EntryPoint\",\"urlTemplate\":\"https:\/\/www.creilsudoise-tourisme.fr\/?s={search_term_string}\"},\"query-input\":\"required name=search_term_string\"}],\"inLanguage\":\"es\"},{\"@type\":\"Organization\",\"@id\":\"https:\/\/www.creilsudoise-tourisme.fr\/#organization\",\"name\":\"Creil Sud Oise Tourisme\",\"url\":\"https:\/\/www.creilsudoise-tourisme.fr\/\",\"logo\":{\"@type\":\"ImageObject\",\"inLanguage\":\"es\",\"@id\":\"https:\/\/www.creilsudoise-tourisme.fr\/#\/schema\/logo\/image\/\",\"url\":\"https:\/\/www.creilsudoise-tourisme.fr\/wp-content\/uploads\/2021\/05\/logo-svg.png\",\"contentUrl\":\"https:\/\/www.creilsudoise-tourisme.fr\/wp-content\/uploads\/2021\/05\/logo-svg.png\",\"width\":182,\"height\":71,\"caption\":\"Creil Sud Oise Tourisme\"},\"image\":{\"@id\":\"https:\/\/www.creilsudoise-tourisme.fr\/#\/schema\/logo\/image\/\"},\"sameAs\":[\"https:\/\/www.facebook.com\/creilsudoisetourisme\/\",\"https:\/\/twitter.com\/CreilSudOiseOT\",\"https:\/\/www.instagram.com\/creilsudoisetourisme\/\",\"https:\/\/www.youtube.com\/channel\/UC8L_QD2wwyADW14zt9fY8kw\"]}]}<\/script>\n<!-- \/ Yoast SEO plugin. -->","yoast_head_json":{"title":"Visite guid\u00e9e du Ch\u00e2teau qui domine Montataire - Office de Tourisme Creil Sud Oise","description":"Visitez le Ch\u00e2teau de Montataire avec ses propri\u00e9taires : les Bernet p\u00e8re et fille ! Vous pouvez \u00e9galement le louer pour vos r\u00e9ceptions ou s\u00e9minaires.","robots":{"index":"index","follow":"follow","max-snippet":"max-snippet:-1","max-image-preview":"max-image-preview:large","max-video-preview":"max-video-preview:-1"},"canonical":"https:\/\/www.creilsudoise-tourisme.fr\/es\/explore-groups\/imprescindibles-grupos\/chateau-montataire\/","og_locale":"es_ES","og_type":"article","og_title":"Visite guid\u00e9e du Ch\u00e2teau qui domine Montataire - Office de Tourisme Creil Sud Oise","og_description":"Visitez le Ch\u00e2teau de Montataire avec ses propri\u00e9taires : les Bernet p\u00e8re et fille ! Vous pouvez \u00e9galement le louer pour vos r\u00e9ceptions ou s\u00e9minaires.","og_url":"https:\/\/www.creilsudoise-tourisme.fr\/es\/explore-groups\/imprescindibles-grupos\/chateau-montataire\/","og_site_name":"Office de Tourisme Creil Sud Oise","article_publisher":"https:\/\/www.facebook.com\/creilsudoisetourisme\/","article_modified_time":"2026-03-05T15:17:56+00:00","og_image":[{"width":1600,"height":1067,"url":"https:\/\/www.creilsudoise-tourisme.fr\/wp-content\/uploads\/2021\/03\/Le-Cha\u0302teau-de-Montataire-en-groupes.jpg","type":"image\/jpeg"}],"twitter_card":"summary_large_image","twitter_site":"@CreilSudOiseOT","twitter_misc":{"Tiempo de lectura":"4 minutos"},"schema":{"@context":"https:\/\/schema.org","@graph":[{"@type":"WebPage","@id":"https:\/\/www.creilsudoise-tourisme.fr\/explorez-groupes\/incontournables-groupes\/chateau-montataire\/","url":"https:\/\/www.creilsudoise-tourisme.fr\/explorez-groupes\/incontournables-groupes\/chateau-montataire\/","name":"Visite guid\u00e9e du Ch\u00e2teau qui domine Montataire - Office de Tourisme Creil Sud Oise","isPartOf":{"@id":"https:\/\/www.creilsudoise-tourisme.fr\/#website"},"datePublished":"2021-02-17T09:02:12+00:00","dateModified":"2026-03-05T15:17:56+00:00","description":"Visitez le Ch\u00e2teau de Montataire avec ses propri\u00e9taires : les Bernet p\u00e8re et fille ! Vous pouvez \u00e9galement le louer pour vos r\u00e9ceptions ou s\u00e9minaires.","breadcrumb":{"@id":"https:\/\/www.creilsudoise-tourisme.fr\/explorez-groupes\/incontournables-groupes\/chateau-montataire\/#breadcrumb"},"inLanguage":"es","potentialAction":[{"@type":"ReadAction","target":["https:\/\/www.creilsudoise-tourisme.fr\/explorez-groupes\/incontournables-groupes\/chateau-montataire\/"]}]},{"@type":"BreadcrumbList","@id":"https:\/\/www.creilsudoise-tourisme.fr\/explorez-groupes\/incontournables-groupes\/chateau-montataire\/#breadcrumb","itemListElement":[{"@type":"ListItem","position":1,"name":"Accueil","item":"https:\/\/www.creilsudoise-tourisme.fr\/"},{"@type":"ListItem","position":2,"name":"En groupe &amp; S\u00e9minaires","item":"https:\/\/www.creilsudoise-tourisme.fr\/explorez-groupes\/"},{"@type":"ListItem","position":3,"name":"Les incontournables \u00e0 explorer en groupes","item":"https:\/\/www.creilsudoise-tourisme.fr\/explorez-groupes\/incontournables-groupes\/"},{"@type":"ListItem","position":4,"name":"Le Ch\u00e2teau de Montataire"}]},{"@type":"WebSite","@id":"https:\/\/www.creilsudoise-tourisme.fr\/#website","url":"https:\/\/www.creilsudoise-tourisme.fr\/","name":"Office de Tourisme Creil Sud Oise","description":"Creil Sud Oise Tourisme, un territoire \u00e0 explorer !","publisher":{"@id":"https:\/\/www.creilsudoise-tourisme.fr\/#organization"},"potentialAction":[{"@type":"SearchAction","target":{"@type":"EntryPoint","urlTemplate":"https:\/\/www.creilsudoise-tourisme.fr\/?s={search_term_string}"},"query-input":"required name=search_term_string"}],"inLanguage":"es"},{"@type":"Organization","@id":"https:\/\/www.creilsudoise-tourisme.fr\/#organization","name":"Creil Sud Oise Tourisme","url":"https:\/\/www.creilsudoise-tourisme.fr\/","logo":{"@type":"ImageObject","inLanguage":"es","@id":"https:\/\/www.creilsudoise-tourisme.fr\/#\/schema\/logo\/image\/","url":"https:\/\/www.creilsudoise-tourisme.fr\/wp-content\/uploads\/2021\/05\/logo-svg.png","contentUrl":"https:\/\/www.creilsudoise-tourisme.fr\/wp-content\/uploads\/2021\/05\/logo-svg.png","width":182,"height":71,"caption":"Creil Sud Oise Tourisme"},"image":{"@id":"https:\/\/www.creilsudoise-tourisme.fr\/#\/schema\/logo\/image\/"},"sameAs":["https:\/\/www.facebook.com\/creilsudoisetourisme\/","https:\/\/twitter.com\/CreilSudOiseOT","https:\/\/www.instagram.com\/creilsudoisetourisme\/","https:\/\/www.youtube.com\/channel\/UC8L_QD2wwyADW14zt9fY8kw"]}]}},"_links":{"self":[{"href":"https:\/\/www.creilsudoise-tourisme.fr\/es\/wp-json\/wp\/v2\/pages\/114"}],"collection":[{"href":"https:\/\/www.creilsudoise-tourisme.fr\/es\/wp-json\/wp\/v2\/pages"}],"about":[{"href":"https:\/\/www.creilsudoise-tourisme.fr\/es\/wp-json\/wp\/v2\/types\/page"}],"author":[{"embeddable":true,"href":"https:\/\/www.creilsudoise-tourisme.fr\/es\/wp-json\/wp\/v2\/users\/1"}],"replies":[{"embeddable":true,"href":"https:\/\/www.creilsudoise-tourisme.fr\/es\/wp-json\/wp\/v2\/comments?post=114"}],"version-history":[{"count":12,"href":"https:\/\/www.creilsudoise-tourisme.fr\/es\/wp-json\/wp\/v2\/pages\/114\/revisions"}],"predecessor-version":[{"id":68172,"href":"https:\/\/www.creilsudoise-tourisme.fr\/es\/wp-json\/wp\/v2\/pages\/114\/revisions\/68172"}],"up":[{"embeddable":true,"href":"https:\/\/www.creilsudoise-tourisme.fr\/es\/wp-json\/wp\/v2\/pages\/102"}],"wp:featuredmedia":[{"embeddable":true,"href":"https:\/\/www.creilsudoise-tourisme.fr\/es\/wp-json\/wp\/v2\/media\/32353"}],"wp:attachment":[{"href":"https:\/\/www.creilsudoise-tourisme.fr\/es\/wp-json\/wp\/v2\/media?parent=114"}],"curies":[{"name":"wp","href":"https:\/\/api.w.org\/{rel}","templated":true}]}}