{"id":108,"date":"2021-02-17T10:02:08","date_gmt":"2021-02-17T09:02:08","guid":{"rendered":"https:\/\/www.creilsudoise-tourisme.fr\/labbatiale-saint-nicolas\/"},"modified":"2025-05-16T10:59:22","modified_gmt":"2025-05-16T08:59:22","slug":"abbatiale","status":"publish","type":"page","link":"https:\/\/www.creilsudoise-tourisme.fr\/es\/explore-groups\/imprescindibles-grupos\/iglesia-abacial\/","title":{"rendered":"Abad\u00eda de San Nicol\u00e1s"},"content":{"rendered":"<p class=\"is-style-excerpt\">La abad\u00eda de Saint-Nicolas, situada en Saint-Leu-d'Esserent, a s\u00f3lo 10 minutos del castillo de Chantilly y a 15 minutos de la catedral de Senlis y de la abad\u00eda de Royaumont, es un lugar de ensue\u00f1o. <strong>una maravilla arquitect\u00f3nica de dimensiones impresionantes, verdadero testigo de la transici\u00f3n entre el arte rom\u00e1nico y el g\u00f3tico<\/strong>. Se puede visitar en grupos con cita previa, acompa\u00f1ados por un gu\u00eda y se puede completar con el descubrimiento del barrio medieval, la Cueva Banvin y la <a href=\"https:\/\/www.creilsudoise-tourisme.fr\/es\/jexplore\/les-incontournables\/musee-guesdiere\/\" target=\"_blank\" rel=\"noreferrer noopener\">Museo de la Guesdi\u00e8re<\/a>.<\/p>\n\n\n\n<figure class=\"wp-block-embed is-type-video is-provider-youtube wp-block-embed-youtube wp-embed-aspect-16-9 wp-has-aspect-ratio\"><div class=\"wp-block-embed__wrapper\">\n<iframe loading=\"lazy\" title=\"[LES INCONTOURNABLES] Abad\u00eda de Saint-Nicolas en Saint-Leu-d&#039;Esserent | Creil Sud Oise Tourisme\" width=\"500\" height=\"281\" data-src=\"https:\/\/www.youtube.com\/embed\/ZvtFctpH7TA?feature=oembed\" frameborder=\"0\" allow=\"accelerometer; autoplay; clipboard-write; encrypted-media; gyroscope; picture-in-picture; web-share\" referrerpolicy=\"strict-origin-when-cross-origin\" allowfullscreen><\/iframe>\n<\/div><\/figure>\n\n\n\n<p>Su imponente silueta llama la atenci\u00f3n nada m\u00e1s llegar a <strong>Saint-Leu-d'Esserent<\/strong> Esta iglesia abacial, que no es una abad\u00eda, es una<strong> Sitio cluniacense<\/strong> y un bello testimonio arquitect\u00f3nico de la<strong> transici\u00f3n del arte rom\u00e1nico al g\u00f3tico<\/strong>.&nbsp;<\/p>\n\n\n\n<p>Su gu\u00eda se lo contar\u00e1 todo y, si el tiempo lo permite, tambi\u00e9n le llevar\u00e1 al <strong>Cueva Banvin<\/strong> Se trata de un hermoso edificio del siglo XII donde los monjes de la Orden de Cluny almacenaban y vend\u00edan su vino.<\/p>\n\n\n\n<figure class=\"is-layout-flex wp-block-gallery-1 wp-block-gallery alignwide has-nested-images columns-3 is-cropped\">\n<figure class=\"wp-block-image size-large\"><a href=\"https:\/\/www.creilsudoise-tourisme.fr\/wp-content\/uploads\/2021\/04\/Abbatiale-de-Saint-Leu-d_Esserent.jpg\"><img decoding=\"async\" loading=\"lazy\" width=\"864\" height=\"563\" data-id=\"33158\"  data-src=\"https:\/\/www.creilsudoise-tourisme.fr\/wp-content\/uploads\/2021\/04\/Abbatiale-de-Saint-Leu-d_Esserent.jpg\" alt=\"\" class=\"wp-image-33158\" data-srcset=\"https:\/\/www.creilsudoise-tourisme.fr\/wp-content\/uploads\/2021\/04\/Abbatiale-de-Saint-Leu-d_Esserent.jpg 864w, https:\/\/www.creilsudoise-tourisme.fr\/wp-content\/uploads\/2021\/04\/Abbatiale-de-Saint-Leu-d_Esserent-600x391.jpg 600w, https:\/\/www.creilsudoise-tourisme.fr\/wp-content\/uploads\/2021\/04\/Abbatiale-de-Saint-Leu-d_Esserent-200x130.jpg 200w, https:\/\/www.creilsudoise-tourisme.fr\/wp-content\/uploads\/2021\/04\/Abbatiale-de-Saint-Leu-d_Esserent-650x424.jpg 650w, https:\/\/www.creilsudoise-tourisme.fr\/wp-content\/uploads\/2021\/04\/Abbatiale-de-Saint-Leu-d_Esserent-387x252.jpg 387w, https:\/\/www.creilsudoise-tourisme.fr\/wp-content\/uploads\/2021\/04\/Abbatiale-de-Saint-Leu-d_Esserent-275x179.jpg 275w\" sizes=\"(max-width: 864px) 100vw, 864px\" \/><\/a><figcaption class=\"wp-element-caption\">Creil Sud Oise Tourisme<\/figcaption><\/figure>\n\n\n\n<figure class=\"wp-block-image size-large\"><a href=\"https:\/\/www.creilsudoise-tourisme.fr\/wp-content\/uploads\/2021\/04\/Abbatiale-Saint-Nicolas-a\u0300-Saint-Leu-d_Esserent-absidioles.jpg\"><img decoding=\"async\" loading=\"lazy\" width=\"924\" height=\"608\" data-id=\"33159\"  data-src=\"https:\/\/www.creilsudoise-tourisme.fr\/wp-content\/uploads\/2021\/04\/Abbatiale-Saint-Nicolas-a\u0300-Saint-Leu-d_Esserent-absidioles.jpg\" alt=\"\" class=\"wp-image-33159\" data-srcset=\"https:\/\/www.creilsudoise-tourisme.fr\/wp-content\/uploads\/2021\/04\/Abbatiale-Saint-Nicolas-a\u0300-Saint-Leu-d_Esserent-absidioles.jpg 924w, https:\/\/www.creilsudoise-tourisme.fr\/wp-content\/uploads\/2021\/04\/Abbatiale-Saint-Nicolas-a\u0300-Saint-Leu-d_Esserent-absidioles-600x395.jpg 600w, https:\/\/www.creilsudoise-tourisme.fr\/wp-content\/uploads\/2021\/04\/Abbatiale-Saint-Nicolas-a\u0300-Saint-Leu-d_Esserent-absidioles-900x592.jpg 900w, https:\/\/www.creilsudoise-tourisme.fr\/wp-content\/uploads\/2021\/04\/Abbatiale-Saint-Nicolas-a\u0300-Saint-Leu-d_Esserent-absidioles-200x132.jpg 200w, https:\/\/www.creilsudoise-tourisme.fr\/wp-content\/uploads\/2021\/04\/Abbatiale-Saint-Nicolas-a\u0300-Saint-Leu-d_Esserent-absidioles-650x428.jpg 650w, https:\/\/www.creilsudoise-tourisme.fr\/wp-content\/uploads\/2021\/04\/Abbatiale-Saint-Nicolas-a\u0300-Saint-Leu-d_Esserent-absidioles-387x255.jpg 387w, https:\/\/www.creilsudoise-tourisme.fr\/wp-content\/uploads\/2021\/04\/Abbatiale-Saint-Nicolas-a\u0300-Saint-Leu-d_Esserent-absidioles-275x181.jpg 275w\" sizes=\"(max-width: 924px) 100vw, 924px\" \/><\/a><figcaption class=\"wp-element-caption\">Creil Sud Oise Tourisme<\/figcaption><\/figure>\n\n\n\n<figure class=\"wp-block-image size-large\"><a href=\"https:\/\/www.creilsudoise-tourisme.fr\/wp-content\/uploads\/2021\/04\/Abbatiale-Saint-Nicolas-de-Saint-Leu-d_Esserent.jpg\"><img decoding=\"async\" loading=\"lazy\" width=\"1200\" height=\"675\" data-id=\"33161\"  data-src=\"https:\/\/www.creilsudoise-tourisme.fr\/wp-content\/uploads\/2021\/04\/Abbatiale-Saint-Nicolas-de-Saint-Leu-d_Esserent.jpg\" alt=\"\" class=\"wp-image-33161\" data-srcset=\"https:\/\/www.creilsudoise-tourisme.fr\/wp-content\/uploads\/2021\/04\/Abbatiale-Saint-Nicolas-de-Saint-Leu-d_Esserent.jpg 1200w, https:\/\/www.creilsudoise-tourisme.fr\/wp-content\/uploads\/2021\/04\/Abbatiale-Saint-Nicolas-de-Saint-Leu-d_Esserent-600x338.jpg 600w, https:\/\/www.creilsudoise-tourisme.fr\/wp-content\/uploads\/2021\/04\/Abbatiale-Saint-Nicolas-de-Saint-Leu-d_Esserent-900x506.jpg 900w, https:\/\/www.creilsudoise-tourisme.fr\/wp-content\/uploads\/2021\/04\/Abbatiale-Saint-Nicolas-de-Saint-Leu-d_Esserent-200x113.jpg 200w, https:\/\/www.creilsudoise-tourisme.fr\/wp-content\/uploads\/2021\/04\/Abbatiale-Saint-Nicolas-de-Saint-Leu-d_Esserent-650x366.jpg 650w, https:\/\/www.creilsudoise-tourisme.fr\/wp-content\/uploads\/2021\/04\/Abbatiale-Saint-Nicolas-de-Saint-Leu-d_Esserent-387x218.jpg 387w, https:\/\/www.creilsudoise-tourisme.fr\/wp-content\/uploads\/2021\/04\/Abbatiale-Saint-Nicolas-de-Saint-Leu-d_Esserent-275x155.jpg 275w\" sizes=\"(max-width: 1200px) 100vw, 1200px\" \/><\/a><figcaption class=\"wp-element-caption\">Creil Sud Oise Tourisme<\/figcaption><\/figure>\n\n\n\n<figure class=\"wp-block-image size-large\"><a href=\"https:\/\/www.creilsudoise-tourisme.fr\/wp-content\/uploads\/2021\/04\/Chapelle-a\u0300-l_Abbatiale-Saint-Nicolas-a\u0300-Saint-Leu-d_Esserent.jpg\"><img decoding=\"async\" loading=\"lazy\" width=\"1200\" height=\"676\" data-id=\"33162\"  data-src=\"https:\/\/www.creilsudoise-tourisme.fr\/wp-content\/uploads\/2021\/04\/Chapelle-a\u0300-l_Abbatiale-Saint-Nicolas-a\u0300-Saint-Leu-d_Esserent.jpg\" alt=\"\" class=\"wp-image-33162\" data-srcset=\"https:\/\/www.creilsudoise-tourisme.fr\/wp-content\/uploads\/2021\/04\/Chapelle-a\u0300-l_Abbatiale-Saint-Nicolas-a\u0300-Saint-Leu-d_Esserent.jpg 1200w, https:\/\/www.creilsudoise-tourisme.fr\/wp-content\/uploads\/2021\/04\/Chapelle-a\u0300-l_Abbatiale-Saint-Nicolas-a\u0300-Saint-Leu-d_Esserent-600x338.jpg 600w, https:\/\/www.creilsudoise-tourisme.fr\/wp-content\/uploads\/2021\/04\/Chapelle-a\u0300-l_Abbatiale-Saint-Nicolas-a\u0300-Saint-Leu-d_Esserent-900x507.jpg 900w, https:\/\/www.creilsudoise-tourisme.fr\/wp-content\/uploads\/2021\/04\/Chapelle-a\u0300-l_Abbatiale-Saint-Nicolas-a\u0300-Saint-Leu-d_Esserent-200x113.jpg 200w, https:\/\/www.creilsudoise-tourisme.fr\/wp-content\/uploads\/2021\/04\/Chapelle-a\u0300-l_Abbatiale-Saint-Nicolas-a\u0300-Saint-Leu-d_Esserent-650x366.jpg 650w, https:\/\/www.creilsudoise-tourisme.fr\/wp-content\/uploads\/2021\/04\/Chapelle-a\u0300-l_Abbatiale-Saint-Nicolas-a\u0300-Saint-Leu-d_Esserent-387x218.jpg 387w, https:\/\/www.creilsudoise-tourisme.fr\/wp-content\/uploads\/2021\/04\/Chapelle-a\u0300-l_Abbatiale-Saint-Nicolas-a\u0300-Saint-Leu-d_Esserent-275x155.jpg 275w\" sizes=\"(max-width: 1200px) 100vw, 1200px\" \/><\/a><figcaption class=\"wp-element-caption\">Creil Sud Oise Tourisme<\/figcaption><\/figure>\n\n\n\n<figure class=\"wp-block-image size-large\"><a href=\"https:\/\/www.creilsudoise-tourisme.fr\/wp-content\/uploads\/2021\/04\/Le-Muse\u0301e-de-la-Guesdie\u0300re-a\u0300-Saint-Leu-d_Esserent.jpg\"><img decoding=\"async\" loading=\"lazy\" width=\"1200\" height=\"675\" data-id=\"33163\"  data-src=\"https:\/\/www.creilsudoise-tourisme.fr\/wp-content\/uploads\/2021\/04\/Le-Muse\u0301e-de-la-Guesdie\u0300re-a\u0300-Saint-Leu-d_Esserent-1200x675.jpg\" alt=\"\" class=\"wp-image-33163\" data-srcset=\"https:\/\/www.creilsudoise-tourisme.fr\/wp-content\/uploads\/2021\/04\/Le-Muse\u0301e-de-la-Guesdie\u0300re-a\u0300-Saint-Leu-d_Esserent-1200x675.jpg 1200w, https:\/\/www.creilsudoise-tourisme.fr\/wp-content\/uploads\/2021\/04\/Le-Muse\u0301e-de-la-Guesdie\u0300re-a\u0300-Saint-Leu-d_Esserent-600x338.jpg 600w, https:\/\/www.creilsudoise-tourisme.fr\/wp-content\/uploads\/2021\/04\/Le-Muse\u0301e-de-la-Guesdie\u0300re-a\u0300-Saint-Leu-d_Esserent-900x506.jpg 900w, https:\/\/www.creilsudoise-tourisme.fr\/wp-content\/uploads\/2021\/04\/Le-Muse\u0301e-de-la-Guesdie\u0300re-a\u0300-Saint-Leu-d_Esserent-1536x864.jpg 1536w, https:\/\/www.creilsudoise-tourisme.fr\/wp-content\/uploads\/2021\/04\/Le-Muse\u0301e-de-la-Guesdie\u0300re-a\u0300-Saint-Leu-d_Esserent-200x113.jpg 200w, https:\/\/www.creilsudoise-tourisme.fr\/wp-content\/uploads\/2021\/04\/Le-Muse\u0301e-de-la-Guesdie\u0300re-a\u0300-Saint-Leu-d_Esserent-650x366.jpg 650w, https:\/\/www.creilsudoise-tourisme.fr\/wp-content\/uploads\/2021\/04\/Le-Muse\u0301e-de-la-Guesdie\u0300re-a\u0300-Saint-Leu-d_Esserent-387x218.jpg 387w, https:\/\/www.creilsudoise-tourisme.fr\/wp-content\/uploads\/2021\/04\/Le-Muse\u0301e-de-la-Guesdie\u0300re-a\u0300-Saint-Leu-d_Esserent-275x155.jpg 275w, https:\/\/www.creilsudoise-tourisme.fr\/wp-content\/uploads\/2021\/04\/Le-Muse\u0301e-de-la-Guesdie\u0300re-a\u0300-Saint-Leu-d_Esserent.jpg 1600w\" sizes=\"(max-width: 1200px) 100vw, 1200px\" \/><\/a><figcaption class=\"wp-element-caption\">Creil Sud Oise Tourisme<\/figcaption><\/figure>\n\n\n\n<figure class=\"wp-block-image size-large\"><a href=\"https:\/\/www.creilsudoise-tourisme.fr\/wp-content\/uploads\/2021\/04\/Nef-de-l_Abbatiale-Saint-Nicolas-a\u0300-Saint-Leu-d_Esserent.jpg\"><img decoding=\"async\" loading=\"lazy\" width=\"837\" height=\"600\" data-id=\"33164\"  data-src=\"https:\/\/www.creilsudoise-tourisme.fr\/wp-content\/uploads\/2021\/04\/Nef-de-l_Abbatiale-Saint-Nicolas-a\u0300-Saint-Leu-d_Esserent.jpg\" alt=\"\" class=\"wp-image-33164\" data-srcset=\"https:\/\/www.creilsudoise-tourisme.fr\/wp-content\/uploads\/2021\/04\/Nef-de-l_Abbatiale-Saint-Nicolas-a\u0300-Saint-Leu-d_Esserent.jpg 837w, https:\/\/www.creilsudoise-tourisme.fr\/wp-content\/uploads\/2021\/04\/Nef-de-l_Abbatiale-Saint-Nicolas-a\u0300-Saint-Leu-d_Esserent-600x430.jpg 600w, https:\/\/www.creilsudoise-tourisme.fr\/wp-content\/uploads\/2021\/04\/Nef-de-l_Abbatiale-Saint-Nicolas-a\u0300-Saint-Leu-d_Esserent-200x143.jpg 200w, https:\/\/www.creilsudoise-tourisme.fr\/wp-content\/uploads\/2021\/04\/Nef-de-l_Abbatiale-Saint-Nicolas-a\u0300-Saint-Leu-d_Esserent-650x466.jpg 650w, https:\/\/www.creilsudoise-tourisme.fr\/wp-content\/uploads\/2021\/04\/Nef-de-l_Abbatiale-Saint-Nicolas-a\u0300-Saint-Leu-d_Esserent-780x560.jpg 780w, https:\/\/www.creilsudoise-tourisme.fr\/wp-content\/uploads\/2021\/04\/Nef-de-l_Abbatiale-Saint-Nicolas-a\u0300-Saint-Leu-d_Esserent-387x277.jpg 387w, https:\/\/www.creilsudoise-tourisme.fr\/wp-content\/uploads\/2021\/04\/Nef-de-l_Abbatiale-Saint-Nicolas-a\u0300-Saint-Leu-d_Esserent-275x197.jpg 275w\" sizes=\"(max-width: 837px) 100vw, 837px\" \/><\/a><figcaption class=\"wp-element-caption\">J\u00e9r\u00e9my Bourgeois<\/figcaption><\/figure>\n<\/figure>\n\n\n\n<h2>Completa tu jornada<\/h2>\n\n\n\n<p>Para completar su jornada, consulte nuestro <a href=\"https:\/\/www.creilsudoise-tourisme.fr\/es\/en-groupe-seminaires\/brochure-groupes\/\" target=\"_blank\" rel=\"noreferrer noopener\">folleto para grupos<\/a> !&nbsp;<\/p>\n\n\n\n<p>Le gusta descubrir el <strong>Herencia francesa <\/strong>? Contin\u00fae el d\u00eda visitando<strong> Abad\u00eda de Royaumont en Asni\u00e8res-sur-Oise<\/strong> (V\u00e9ase la p\u00e1gina 8 para los amantes de las piedras antiguas).<\/p>\n\n\n\n<p>Tambi\u00e9n puede disfrutar de la iglesia abacial de San Nicol\u00e1s durante un <strong>Estancia de 2 d\u00edas y 1 noche <\/strong>en un hotel del Destino Creil Sud Oise, RDV p. 22 y 23 Dos d\u00edas para descubrir Creil Sud Oise.<\/p>\n\n\n\n<h2>P\u00f3ngase en contacto con nosotros<\/h2>\n\n\n\n<div class=\"is-layout-flex wp-container-6 wp-block-columns are-vertically-aligned-center\">\n<div class=\"is-layout-flow wp-block-column is-vertically-aligned-center\" style=\"flex-basis:50%\"><div class=\"wp-block-image\">\n<figure class=\"alignleft size-large\"><img decoding=\"async\" loading=\"lazy\" width=\"1200\" height=\"1200\" data-src=\"https:\/\/www.creilsudoise-tourisme.fr\/wp-content\/uploads\/2025\/05\/Brigitte-P-1200x1200.jpg\" alt=\"\" class=\"wp-image-62291\" data-srcset=\"https:\/\/www.creilsudoise-tourisme.fr\/wp-content\/uploads\/2025\/05\/Brigitte-P-1200x1200.jpg 1200w, https:\/\/www.creilsudoise-tourisme.fr\/wp-content\/uploads\/2025\/05\/Brigitte-P-600x600.jpg 600w, https:\/\/www.creilsudoise-tourisme.fr\/wp-content\/uploads\/2025\/05\/Brigitte-P-300x300.jpg 300w, https:\/\/www.creilsudoise-tourisme.fr\/wp-content\/uploads\/2025\/05\/Brigitte-P-900x900.jpg 900w, https:\/\/www.creilsudoise-tourisme.fr\/wp-content\/uploads\/2025\/05\/Brigitte-P-1536x1536.jpg 1536w, https:\/\/www.creilsudoise-tourisme.fr\/wp-content\/uploads\/2025\/05\/Brigitte-P-12x12.jpg 12w, https:\/\/www.creilsudoise-tourisme.fr\/wp-content\/uploads\/2025\/05\/Brigitte-P-200x200.jpg 200w, https:\/\/www.creilsudoise-tourisme.fr\/wp-content\/uploads\/2025\/05\/Brigitte-P-650x650.jpg 650w, https:\/\/www.creilsudoise-tourisme.fr\/wp-content\/uploads\/2025\/05\/Brigitte-P-387x387.jpg 387w, https:\/\/www.creilsudoise-tourisme.fr\/wp-content\/uploads\/2025\/05\/Brigitte-P.jpg 1920w\" sizes=\"(max-width: 1200px) 100vw, 1200px\" \/><figcaption class=\"wp-element-caption\">Brigitte Pawly<\/figcaption><\/figure><\/div><\/div>\n\n\n\n<div class=\"is-layout-flow wp-block-column is-vertically-aligned-center\" style=\"flex-basis:50%\"><div class=\"wp-block wp-block-highlight\">\n                <p class=\"wp-block-highlight-item wp-block-highlight-excerpt\"><strong>Brigitte Pawly<\/strong>creador de viajes en grupo a medida<br><a href=\"tel:0375190175\">03 75 19 01 75<\/a><\/p>\n    <\/div>\n\n\n<div class=\"is-layout-flex wp-block-buttons\">\n<div class=\"wp-block-button\"><a class=\"wp-block-button__link wp-element-button\" href=\"mailto:g&#114;o&#117;&#112;e&#115;&#64;c&#114;&#101;i&#108;s&#117;do&#105;se-to&#117;&#114;i&#115;m&#101;.f&#114;\" target=\"_blank\" rel=\"noreferrer noopener\">P\u00f3ngase en contacto con<\/a><\/div>\n<\/div>\n<\/div>\n<\/div>\n\n\n\n<p>No dude en ponerse en contacto con <strong>Brigitte<\/strong>,<strong> experto en el territorio<\/strong>que te traer\u00e1 su bien <strong>consejo <\/strong>seg\u00fan sus deseos y su presupuesto para un <strong>programa totalmente personalizado<\/strong>. A <strong>ventanilla \u00fanica<\/strong> para una oferta con todo incluido.<\/p>\n\n\n\n<h2>Federaci\u00f3n Europea de Sitios Cluniacenses<\/h2>\n\n\n\n<div class=\"is-layout-flex wp-container-9 wp-block-columns are-vertically-aligned-center\">\n<div class=\"is-layout-flow wp-block-column is-vertically-aligned-center\" style=\"flex-basis:20%\">\n<figure class=\"wp-block-image size-large\"><img decoding=\"async\" loading=\"lazy\" width=\"517\" height=\"300\" data-src=\"https:\/\/www.creilsudoise-tourisme.fr\/wp-content\/uploads\/2021\/04\/Logo_Fe\u0301de\u0301rationSitesClunisien-transparent.png\" alt=\"\" class=\"wp-image-33165\" data-srcset=\"https:\/\/www.creilsudoise-tourisme.fr\/wp-content\/uploads\/2021\/04\/Logo_Fe\u0301de\u0301rationSitesClunisien-transparent.png 517w, https:\/\/www.creilsudoise-tourisme.fr\/wp-content\/uploads\/2021\/04\/Logo_Fe\u0301de\u0301rationSitesClunisien-transparent-200x116.png 200w, https:\/\/www.creilsudoise-tourisme.fr\/wp-content\/uploads\/2021\/04\/Logo_Fe\u0301de\u0301rationSitesClunisien-transparent-387x225.png 387w, https:\/\/www.creilsudoise-tourisme.fr\/wp-content\/uploads\/2021\/04\/Logo_Fe\u0301de\u0301rationSitesClunisien-transparent-275x160.png 275w\" sizes=\"(max-width: 517px) 100vw, 517px\" \/><\/figure>\n<\/div>\n\n\n\n<div class=\"is-layout-flow wp-block-column is-vertically-aligned-center\" style=\"flex-basis:80%\">\n<p>L'<strong>La Abad\u00eda de San Nicol\u00e1s est\u00e1 inscrita en el <a href=\"https:\/\/www.sitesclunisiens.org\/\" target=\"_blank\" rel=\"noreferrer noopener\">Federaci\u00f3n Europea de Sitios Cluniacenses<\/a><\/strong> cuyo objetivo es reunir los lugares que contribuyeron al desarrollo de la Orden de Cluny desde la Abad\u00eda de Cluny en Borgo\u00f1a hasta su influencia europea.<\/p>\n<\/div>\n<\/div>\n\n\n\n<p>La Federaci\u00f3n promociona estos lugares y ofrece visitas enriquecidas, por ejemplo con aplicaciones 3D.<\/p>\n\n\n\n<hr class=\"wp-block-separator has-css-opacity\"\/>\n\n\n\n<h2>Testimonio<\/h2>\n\n\n\n<div class=\"wp-block wp-block-testimonial\">\n    <div class=\"wp-block-testimonial-excerpt\">\n        \u00a1Muchas gracias por esta visita de la Abad\u00eda de Saint-Leu y sus alrededores, estamos encantados con nuestro d\u00eda con un gu\u00eda siempre sonriente y muy interesante! Nuestro grupo lo disfrut\u00f3, \u00a1volveremos!    <\/div>\n    <div class=\"wp-block-testimonial-details\">\n                <div class=\"wp-block-testimonial-content\">\n            <p class=\"wp-block-testimonial-content-author\">\n                <strong>Las Clairettes del Somme<\/strong>\n\n                            <\/p>\n        <\/div>\n    <\/div>\n<\/div>\n\n\n<h2>Es bueno saberlo<\/h2>\n\n\n\n<p>Nos esforzamos por organizar visitas guiadas a la iglesia abacial fuera de las ceremonias religiosas. Sin embargo, debido al car\u00e1cter imprevisto de ciertas reuniones, el acceso al interior del edificio est\u00e1 sujeto a ceremonias religiosas.<\/p>","protected":false},"excerpt":{"rendered":"<p>La iglesia abacial de Saint-Nicolas, situada en Saint-Leu-d'Esserent, a 10 minutos del castillo de Chantilly y a 15 minutos de la catedral de Senlis y de la abad\u00eda de Royaumont, es una maravilla arquitect\u00f3nica de dimensiones impresionantes, verdadero testimonio de la transici\u00f3n entre el arte rom\u00e1nico y el g\u00f3tico. Est\u00e1 abierto a grupos con cita previa, acompa\u00f1ados por un gu\u00eda, y puede visitarse [...].<\/p>","protected":false},"author":1,"featured_media":32341,"parent":102,"menu_order":2,"comment_status":"closed","ping_status":"closed","template":"","meta":{"_relevanssi_hide_post":"","_relevanssi_hide_content":"","_relevanssi_pin_for_all":"","_relevanssi_pin_keywords":"","_relevanssi_unpin_keywords":"","_relevanssi_related_keywords":"","_relevanssi_related_include_ids":"","_relevanssi_related_exclude_ids":"","_relevanssi_related_no_append":"","_relevanssi_related_not_related":"","_relevanssi_related_posts":"271,275,273,267","_relevanssi_noindex_reason":""},"yoast_head":"<!-- This site is optimized with the Yoast SEO plugin v20.2.1 - https:\/\/yoast.com\/wordpress\/plugins\/seo\/ -->\n<title>L\u2019Abbatiale se visite en groupe avec un guide conf\u00e9rencier - Office de Tourisme Creil Sud Oise<\/title>\n<meta name=\"description\" content=\"Visitez avec votre groupe l\u2019Abbatiale Saint-Nicolas \u00e0 Saint-Leu-d\u2019Esserent, une Prieurale appel\u00e9e Abbatiale aux dimensions d\u2019une Cath\u00e9drale\" \/>\n<meta name=\"robots\" content=\"index, follow, max-snippet:-1, max-image-preview:large, max-video-preview:-1\" \/>\n<link rel=\"canonical\" href=\"https:\/\/www.creilsudoise-tourisme.fr\/es\/explore-groups\/imprescindibles-grupos\/iglesia-abacial\/\" \/>\n<meta property=\"og:locale\" content=\"es_ES\" \/>\n<meta property=\"og:type\" content=\"article\" \/>\n<meta property=\"og:title\" content=\"L\u2019Abbatiale se visite en groupe avec un guide conf\u00e9rencier - Office de Tourisme Creil Sud Oise\" \/>\n<meta property=\"og:description\" content=\"Visitez avec votre groupe l\u2019Abbatiale Saint-Nicolas \u00e0 Saint-Leu-d\u2019Esserent, une Prieurale appel\u00e9e Abbatiale aux dimensions d\u2019une Cath\u00e9drale\" \/>\n<meta property=\"og:url\" content=\"https:\/\/www.creilsudoise-tourisme.fr\/es\/explore-groups\/imprescindibles-grupos\/iglesia-abacial\/\" \/>\n<meta property=\"og:site_name\" content=\"Office de Tourisme Creil Sud Oise\" \/>\n<meta property=\"article:publisher\" content=\"https:\/\/www.facebook.com\/creilsudoisetourisme\/\" \/>\n<meta property=\"article:modified_time\" content=\"2025-05-16T08:59:22+00:00\" \/>\n<meta property=\"og:image\" content=\"https:\/\/www.creilsudoise-tourisme.fr\/wp-content\/uploads\/2021\/03\/L_abbatiale-a\u0300-Saint-Leu-d_Esserent-en-groupes.jpg\" \/>\n\t<meta property=\"og:image:width\" content=\"1078\" \/>\n\t<meta property=\"og:image:height\" content=\"1600\" \/>\n\t<meta property=\"og:image:type\" content=\"image\/jpeg\" \/>\n<meta name=\"twitter:card\" content=\"summary_large_image\" \/>\n<meta name=\"twitter:site\" content=\"@CreilSudOiseOT\" \/>\n<meta name=\"twitter:label1\" content=\"Tiempo de lectura\" \/>\n\t<meta name=\"twitter:data1\" content=\"4 minutos\" \/>\n<script type=\"application\/ld+json\" class=\"yoast-schema-graph\">{\"@context\":\"https:\/\/schema.org\",\"@graph\":[{\"@type\":\"WebPage\",\"@id\":\"https:\/\/www.creilsudoise-tourisme.fr\/explorez-groupes\/incontournables-groupes\/abbatiale\/\",\"url\":\"https:\/\/www.creilsudoise-tourisme.fr\/explorez-groupes\/incontournables-groupes\/abbatiale\/\",\"name\":\"L\u2019Abbatiale se visite en groupe avec un guide conf\u00e9rencier - Office de Tourisme Creil Sud Oise\",\"isPartOf\":{\"@id\":\"https:\/\/www.creilsudoise-tourisme.fr\/#website\"},\"datePublished\":\"2021-02-17T09:02:08+00:00\",\"dateModified\":\"2025-05-16T08:59:22+00:00\",\"description\":\"Visitez avec votre groupe l\u2019Abbatiale Saint-Nicolas \u00e0 Saint-Leu-d\u2019Esserent, une Prieurale appel\u00e9e Abbatiale aux dimensions d\u2019une Cath\u00e9drale\",\"breadcrumb\":{\"@id\":\"https:\/\/www.creilsudoise-tourisme.fr\/explorez-groupes\/incontournables-groupes\/abbatiale\/#breadcrumb\"},\"inLanguage\":\"es\",\"potentialAction\":[{\"@type\":\"ReadAction\",\"target\":[\"https:\/\/www.creilsudoise-tourisme.fr\/explorez-groupes\/incontournables-groupes\/abbatiale\/\"]}]},{\"@type\":\"BreadcrumbList\",\"@id\":\"https:\/\/www.creilsudoise-tourisme.fr\/explorez-groupes\/incontournables-groupes\/abbatiale\/#breadcrumb\",\"itemListElement\":[{\"@type\":\"ListItem\",\"position\":1,\"name\":\"Accueil\",\"item\":\"https:\/\/www.creilsudoise-tourisme.fr\/\"},{\"@type\":\"ListItem\",\"position\":2,\"name\":\"En groupe &amp; S\u00e9minaires\",\"item\":\"https:\/\/www.creilsudoise-tourisme.fr\/explorez-groupes\/\"},{\"@type\":\"ListItem\",\"position\":3,\"name\":\"Les incontournables \u00e0 explorer en groupes\",\"item\":\"https:\/\/www.creilsudoise-tourisme.fr\/explorez-groupes\/incontournables-groupes\/\"},{\"@type\":\"ListItem\",\"position\":4,\"name\":\"L&rsquo;Abbatiale Saint-Nicolas\"}]},{\"@type\":\"WebSite\",\"@id\":\"https:\/\/www.creilsudoise-tourisme.fr\/#website\",\"url\":\"https:\/\/www.creilsudoise-tourisme.fr\/\",\"name\":\"Office de Tourisme Creil Sud Oise\",\"description\":\"Creil Sud Oise Tourisme, un territoire \u00e0 explorer !\",\"publisher\":{\"@id\":\"https:\/\/www.creilsudoise-tourisme.fr\/#organization\"},\"potentialAction\":[{\"@type\":\"SearchAction\",\"target\":{\"@type\":\"EntryPoint\",\"urlTemplate\":\"https:\/\/www.creilsudoise-tourisme.fr\/?s={search_term_string}\"},\"query-input\":\"required name=search_term_string\"}],\"inLanguage\":\"es\"},{\"@type\":\"Organization\",\"@id\":\"https:\/\/www.creilsudoise-tourisme.fr\/#organization\",\"name\":\"Creil Sud Oise Tourisme\",\"url\":\"https:\/\/www.creilsudoise-tourisme.fr\/\",\"logo\":{\"@type\":\"ImageObject\",\"inLanguage\":\"es\",\"@id\":\"https:\/\/www.creilsudoise-tourisme.fr\/#\/schema\/logo\/image\/\",\"url\":\"https:\/\/www.creilsudoise-tourisme.fr\/wp-content\/uploads\/2021\/05\/logo-svg.png\",\"contentUrl\":\"https:\/\/www.creilsudoise-tourisme.fr\/wp-content\/uploads\/2021\/05\/logo-svg.png\",\"width\":182,\"height\":71,\"caption\":\"Creil Sud Oise Tourisme\"},\"image\":{\"@id\":\"https:\/\/www.creilsudoise-tourisme.fr\/#\/schema\/logo\/image\/\"},\"sameAs\":[\"https:\/\/www.facebook.com\/creilsudoisetourisme\/\",\"https:\/\/twitter.com\/CreilSudOiseOT\",\"https:\/\/www.instagram.com\/creilsudoisetourisme\/\",\"https:\/\/www.youtube.com\/channel\/UC8L_QD2wwyADW14zt9fY8kw\"]}]}<\/script>\n<!-- \/ Yoast SEO plugin. -->","yoast_head_json":{"title":"L\u2019Abbatiale se visite en groupe avec un guide conf\u00e9rencier - Office de Tourisme Creil Sud Oise","description":"Visitez avec votre groupe l\u2019Abbatiale Saint-Nicolas \u00e0 Saint-Leu-d\u2019Esserent, une Prieurale appel\u00e9e Abbatiale aux dimensions d\u2019une Cath\u00e9drale","robots":{"index":"index","follow":"follow","max-snippet":"max-snippet:-1","max-image-preview":"max-image-preview:large","max-video-preview":"max-video-preview:-1"},"canonical":"https:\/\/www.creilsudoise-tourisme.fr\/es\/explore-groups\/imprescindibles-grupos\/iglesia-abacial\/","og_locale":"es_ES","og_type":"article","og_title":"L\u2019Abbatiale se visite en groupe avec un guide conf\u00e9rencier - Office de Tourisme Creil Sud Oise","og_description":"Visitez avec votre groupe l\u2019Abbatiale Saint-Nicolas \u00e0 Saint-Leu-d\u2019Esserent, une Prieurale appel\u00e9e Abbatiale aux dimensions d\u2019une Cath\u00e9drale","og_url":"https:\/\/www.creilsudoise-tourisme.fr\/es\/explore-groups\/imprescindibles-grupos\/iglesia-abacial\/","og_site_name":"Office de Tourisme Creil Sud Oise","article_publisher":"https:\/\/www.facebook.com\/creilsudoisetourisme\/","article_modified_time":"2025-05-16T08:59:22+00:00","og_image":[{"width":1078,"height":1600,"url":"https:\/\/www.creilsudoise-tourisme.fr\/wp-content\/uploads\/2021\/03\/L_abbatiale-a\u0300-Saint-Leu-d_Esserent-en-groupes.jpg","type":"image\/jpeg"}],"twitter_card":"summary_large_image","twitter_site":"@CreilSudOiseOT","twitter_misc":{"Tiempo de lectura":"4 minutos"},"schema":{"@context":"https:\/\/schema.org","@graph":[{"@type":"WebPage","@id":"https:\/\/www.creilsudoise-tourisme.fr\/explorez-groupes\/incontournables-groupes\/abbatiale\/","url":"https:\/\/www.creilsudoise-tourisme.fr\/explorez-groupes\/incontournables-groupes\/abbatiale\/","name":"L\u2019Abbatiale se visite en groupe avec un guide conf\u00e9rencier - Office de Tourisme Creil Sud Oise","isPartOf":{"@id":"https:\/\/www.creilsudoise-tourisme.fr\/#website"},"datePublished":"2021-02-17T09:02:08+00:00","dateModified":"2025-05-16T08:59:22+00:00","description":"Visitez avec votre groupe l\u2019Abbatiale Saint-Nicolas \u00e0 Saint-Leu-d\u2019Esserent, une Prieurale appel\u00e9e Abbatiale aux dimensions d\u2019une Cath\u00e9drale","breadcrumb":{"@id":"https:\/\/www.creilsudoise-tourisme.fr\/explorez-groupes\/incontournables-groupes\/abbatiale\/#breadcrumb"},"inLanguage":"es","potentialAction":[{"@type":"ReadAction","target":["https:\/\/www.creilsudoise-tourisme.fr\/explorez-groupes\/incontournables-groupes\/abbatiale\/"]}]},{"@type":"BreadcrumbList","@id":"https:\/\/www.creilsudoise-tourisme.fr\/explorez-groupes\/incontournables-groupes\/abbatiale\/#breadcrumb","itemListElement":[{"@type":"ListItem","position":1,"name":"Accueil","item":"https:\/\/www.creilsudoise-tourisme.fr\/"},{"@type":"ListItem","position":2,"name":"En groupe &amp; S\u00e9minaires","item":"https:\/\/www.creilsudoise-tourisme.fr\/explorez-groupes\/"},{"@type":"ListItem","position":3,"name":"Les incontournables \u00e0 explorer en groupes","item":"https:\/\/www.creilsudoise-tourisme.fr\/explorez-groupes\/incontournables-groupes\/"},{"@type":"ListItem","position":4,"name":"L&rsquo;Abbatiale Saint-Nicolas"}]},{"@type":"WebSite","@id":"https:\/\/www.creilsudoise-tourisme.fr\/#website","url":"https:\/\/www.creilsudoise-tourisme.fr\/","name":"Office de Tourisme Creil Sud Oise","description":"Creil Sud Oise Tourisme, un territoire \u00e0 explorer !","publisher":{"@id":"https:\/\/www.creilsudoise-tourisme.fr\/#organization"},"potentialAction":[{"@type":"SearchAction","target":{"@type":"EntryPoint","urlTemplate":"https:\/\/www.creilsudoise-tourisme.fr\/?s={search_term_string}"},"query-input":"required name=search_term_string"}],"inLanguage":"es"},{"@type":"Organization","@id":"https:\/\/www.creilsudoise-tourisme.fr\/#organization","name":"Creil Sud Oise Tourisme","url":"https:\/\/www.creilsudoise-tourisme.fr\/","logo":{"@type":"ImageObject","inLanguage":"es","@id":"https:\/\/www.creilsudoise-tourisme.fr\/#\/schema\/logo\/image\/","url":"https:\/\/www.creilsudoise-tourisme.fr\/wp-content\/uploads\/2021\/05\/logo-svg.png","contentUrl":"https:\/\/www.creilsudoise-tourisme.fr\/wp-content\/uploads\/2021\/05\/logo-svg.png","width":182,"height":71,"caption":"Creil Sud Oise Tourisme"},"image":{"@id":"https:\/\/www.creilsudoise-tourisme.fr\/#\/schema\/logo\/image\/"},"sameAs":["https:\/\/www.facebook.com\/creilsudoisetourisme\/","https:\/\/twitter.com\/CreilSudOiseOT","https:\/\/www.instagram.com\/creilsudoisetourisme\/","https:\/\/www.youtube.com\/channel\/UC8L_QD2wwyADW14zt9fY8kw"]}]}},"_links":{"self":[{"href":"https:\/\/www.creilsudoise-tourisme.fr\/es\/wp-json\/wp\/v2\/pages\/108"}],"collection":[{"href":"https:\/\/www.creilsudoise-tourisme.fr\/es\/wp-json\/wp\/v2\/pages"}],"about":[{"href":"https:\/\/www.creilsudoise-tourisme.fr\/es\/wp-json\/wp\/v2\/types\/page"}],"author":[{"embeddable":true,"href":"https:\/\/www.creilsudoise-tourisme.fr\/es\/wp-json\/wp\/v2\/users\/1"}],"replies":[{"embeddable":true,"href":"https:\/\/www.creilsudoise-tourisme.fr\/es\/wp-json\/wp\/v2\/comments?post=108"}],"version-history":[{"count":13,"href":"https:\/\/www.creilsudoise-tourisme.fr\/es\/wp-json\/wp\/v2\/pages\/108\/revisions"}],"predecessor-version":[{"id":62303,"href":"https:\/\/www.creilsudoise-tourisme.fr\/es\/wp-json\/wp\/v2\/pages\/108\/revisions\/62303"}],"up":[{"embeddable":true,"href":"https:\/\/www.creilsudoise-tourisme.fr\/es\/wp-json\/wp\/v2\/pages\/102"}],"wp:featuredmedia":[{"embeddable":true,"href":"https:\/\/www.creilsudoise-tourisme.fr\/es\/wp-json\/wp\/v2\/media\/32341"}],"wp:attachment":[{"href":"https:\/\/www.creilsudoise-tourisme.fr\/es\/wp-json\/wp\/v2\/media?parent=108"}],"curies":[{"name":"wp","href":"https:\/\/api.w.org\/{rel}","templated":true}]}}