{"id":106,"date":"2021-02-17T10:02:06","date_gmt":"2021-02-17T09:02:06","guid":{"rendered":"https:\/\/www.creilsudoise-tourisme.fr\/la-maison-de-la-pierre\/"},"modified":"2025-05-16T10:57:40","modified_gmt":"2025-05-16T08:57:40","slug":"maison-de-la-pierre","status":"publish","type":"page","link":"https:\/\/www.creilsudoise-tourisme.fr\/es\/explore-groups\/imprescindibles-grupos\/maison-de-la-pierre\/","title":{"rendered":"La Casa de Piedra"},"content":{"rendered":"<p class=\"is-style-excerpt\">Cerca de Chantilly y Senlis, <strong>la Maison de la Pierre es un museo situado bajo tierra en una antigua cantera de piedra<\/strong> \u00a1! Es uno de los raros lugares de memoria de la vida de los canteros del norte de Francia, que rinde homenaje a la<strong>El ADN del destino Creil Sud Oise: la piedra<\/strong>.<\/p>\n\n\n\n<p><strong>\u00bfDe d\u00f3nde proceden todas esas piedras que forman nuestros castillos, iglesias y edificios?<\/strong> Del Oise en gran parte y del <strong>Canteras de Saint-Maximin<\/strong> en particular, que desde el siglo XVI se han convertido en esenciales para la construcci\u00f3n de grandes monumentos como el<strong>La \u00d3pera Garnier, el Pont Neuf, los edificios Haussmann o el H\u00f4tel des Invalides...&nbsp;<\/strong><\/p>\n\n\n\n<figure class=\"is-layout-flex wp-block-gallery-1 wp-block-gallery alignwide has-nested-images columns-2 is-cropped\">\n<figure class=\"wp-block-image size-full\"><a href=\"https:\/\/www.creilsudoise-tourisme.fr\/wp-content\/uploads\/2021\/04\/Fossiles-a\u0300-la-Maison-de-la-Pierre-a\u0300-Saint-Maximin.jpg\"><img decoding=\"async\" loading=\"lazy\" width=\"1600\" height=\"1064\" data-id=\"33119\"  data-src=\"https:\/\/www.creilsudoise-tourisme.fr\/wp-content\/uploads\/2021\/04\/Fossiles-a\u0300-la-Maison-de-la-Pierre-a\u0300-Saint-Maximin.jpg\" alt=\"\" class=\"wp-image-33119\" data-srcset=\"https:\/\/www.creilsudoise-tourisme.fr\/wp-content\/uploads\/2021\/04\/Fossiles-a\u0300-la-Maison-de-la-Pierre-a\u0300-Saint-Maximin.jpg 1600w, https:\/\/www.creilsudoise-tourisme.fr\/wp-content\/uploads\/2021\/04\/Fossiles-a\u0300-la-Maison-de-la-Pierre-a\u0300-Saint-Maximin-600x399.jpg 600w, https:\/\/www.creilsudoise-tourisme.fr\/wp-content\/uploads\/2021\/04\/Fossiles-a\u0300-la-Maison-de-la-Pierre-a\u0300-Saint-Maximin-1200x798.jpg 1200w, https:\/\/www.creilsudoise-tourisme.fr\/wp-content\/uploads\/2021\/04\/Fossiles-a\u0300-la-Maison-de-la-Pierre-a\u0300-Saint-Maximin-900x599.jpg 900w, https:\/\/www.creilsudoise-tourisme.fr\/wp-content\/uploads\/2021\/04\/Fossiles-a\u0300-la-Maison-de-la-Pierre-a\u0300-Saint-Maximin-1536x1021.jpg 1536w, https:\/\/www.creilsudoise-tourisme.fr\/wp-content\/uploads\/2021\/04\/Fossiles-a\u0300-la-Maison-de-la-Pierre-a\u0300-Saint-Maximin-200x133.jpg 200w, https:\/\/www.creilsudoise-tourisme.fr\/wp-content\/uploads\/2021\/04\/Fossiles-a\u0300-la-Maison-de-la-Pierre-a\u0300-Saint-Maximin-650x432.jpg 650w, https:\/\/www.creilsudoise-tourisme.fr\/wp-content\/uploads\/2021\/04\/Fossiles-a\u0300-la-Maison-de-la-Pierre-a\u0300-Saint-Maximin-387x257.jpg 387w, https:\/\/www.creilsudoise-tourisme.fr\/wp-content\/uploads\/2021\/04\/Fossiles-a\u0300-la-Maison-de-la-Pierre-a\u0300-Saint-Maximin-275x183.jpg 275w\" sizes=\"(max-width: 1600px) 100vw, 1600px\" \/><\/a><figcaption class=\"wp-element-caption\">\u00bfPuedes identificar los peque\u00f1os f\u00f3siles incrustados en la roca?<br>Pizarra<\/figcaption><\/figure>\n\n\n\n<figure class=\"wp-block-image size-full\"><a href=\"https:\/\/www.creilsudoise-tourisme.fr\/wp-content\/uploads\/2021\/04\/Les-outils-des-carriers-a\u0300-la-Maison-de-la-Pierre-a\u0300-Saint-Maximin.jpg\"><img decoding=\"async\" loading=\"lazy\" width=\"1600\" height=\"1067\" data-id=\"33120\"  data-src=\"https:\/\/www.creilsudoise-tourisme.fr\/wp-content\/uploads\/2021\/04\/Les-outils-des-carriers-a\u0300-la-Maison-de-la-Pierre-a\u0300-Saint-Maximin.jpg\" alt=\"\" class=\"wp-image-33120\" data-srcset=\"https:\/\/www.creilsudoise-tourisme.fr\/wp-content\/uploads\/2021\/04\/Les-outils-des-carriers-a\u0300-la-Maison-de-la-Pierre-a\u0300-Saint-Maximin.jpg 1600w, https:\/\/www.creilsudoise-tourisme.fr\/wp-content\/uploads\/2021\/04\/Les-outils-des-carriers-a\u0300-la-Maison-de-la-Pierre-a\u0300-Saint-Maximin-600x400.jpg 600w, https:\/\/www.creilsudoise-tourisme.fr\/wp-content\/uploads\/2021\/04\/Les-outils-des-carriers-a\u0300-la-Maison-de-la-Pierre-a\u0300-Saint-Maximin-1200x800.jpg 1200w, https:\/\/www.creilsudoise-tourisme.fr\/wp-content\/uploads\/2021\/04\/Les-outils-des-carriers-a\u0300-la-Maison-de-la-Pierre-a\u0300-Saint-Maximin-900x600.jpg 900w, https:\/\/www.creilsudoise-tourisme.fr\/wp-content\/uploads\/2021\/04\/Les-outils-des-carriers-a\u0300-la-Maison-de-la-Pierre-a\u0300-Saint-Maximin-1536x1024.jpg 1536w, https:\/\/www.creilsudoise-tourisme.fr\/wp-content\/uploads\/2021\/04\/Les-outils-des-carriers-a\u0300-la-Maison-de-la-Pierre-a\u0300-Saint-Maximin-200x133.jpg 200w, https:\/\/www.creilsudoise-tourisme.fr\/wp-content\/uploads\/2021\/04\/Les-outils-des-carriers-a\u0300-la-Maison-de-la-Pierre-a\u0300-Saint-Maximin-650x433.jpg 650w, https:\/\/www.creilsudoise-tourisme.fr\/wp-content\/uploads\/2021\/04\/Les-outils-des-carriers-a\u0300-la-Maison-de-la-Pierre-a\u0300-Saint-Maximin-387x258.jpg 387w, https:\/\/www.creilsudoise-tourisme.fr\/wp-content\/uploads\/2021\/04\/Les-outils-des-carriers-a\u0300-la-Maison-de-la-Pierre-a\u0300-Saint-Maximin-275x183.jpg 275w\" sizes=\"(max-width: 1600px) 100vw, 1600px\" \/><\/a><figcaption class=\"wp-element-caption\">Se te presentar\u00e1 la profesi\u00f3n de cantero<br>Comdesimages B. Teissedre ADRTOise<\/figcaption><\/figure>\n\n\n\n<figure class=\"wp-block-image size-full\"><a href=\"https:\/\/www.creilsudoise-tourisme.fr\/wp-content\/uploads\/2021\/04\/Maison-de-la-Pierre-a\u0300-Saint-Maximin.jpg\"><img decoding=\"async\" loading=\"lazy\" width=\"1600\" height=\"1067\" data-id=\"33121\"  data-src=\"https:\/\/www.creilsudoise-tourisme.fr\/wp-content\/uploads\/2021\/04\/Maison-de-la-Pierre-a\u0300-Saint-Maximin.jpg\" alt=\"\" class=\"wp-image-33121\" data-srcset=\"https:\/\/www.creilsudoise-tourisme.fr\/wp-content\/uploads\/2021\/04\/Maison-de-la-Pierre-a\u0300-Saint-Maximin.jpg 1600w, https:\/\/www.creilsudoise-tourisme.fr\/wp-content\/uploads\/2021\/04\/Maison-de-la-Pierre-a\u0300-Saint-Maximin-600x400.jpg 600w, https:\/\/www.creilsudoise-tourisme.fr\/wp-content\/uploads\/2021\/04\/Maison-de-la-Pierre-a\u0300-Saint-Maximin-1200x800.jpg 1200w, https:\/\/www.creilsudoise-tourisme.fr\/wp-content\/uploads\/2021\/04\/Maison-de-la-Pierre-a\u0300-Saint-Maximin-900x600.jpg 900w, https:\/\/www.creilsudoise-tourisme.fr\/wp-content\/uploads\/2021\/04\/Maison-de-la-Pierre-a\u0300-Saint-Maximin-1536x1024.jpg 1536w, https:\/\/www.creilsudoise-tourisme.fr\/wp-content\/uploads\/2021\/04\/Maison-de-la-Pierre-a\u0300-Saint-Maximin-200x133.jpg 200w, https:\/\/www.creilsudoise-tourisme.fr\/wp-content\/uploads\/2021\/04\/Maison-de-la-Pierre-a\u0300-Saint-Maximin-650x433.jpg 650w, https:\/\/www.creilsudoise-tourisme.fr\/wp-content\/uploads\/2021\/04\/Maison-de-la-Pierre-a\u0300-Saint-Maximin-387x258.jpg 387w, https:\/\/www.creilsudoise-tourisme.fr\/wp-content\/uploads\/2021\/04\/Maison-de-la-Pierre-a\u0300-Saint-Maximin-275x183.jpg 275w\" sizes=\"(max-width: 1600px) 100vw, 1600px\" \/><\/a><\/figure>\n\n\n\n<figure class=\"wp-block-image size-full\"><a href=\"https:\/\/www.creilsudoise-tourisme.fr\/wp-content\/uploads\/2021\/04\/Visite-de-la-Galerie-du-Front-de-Taille-a\u0300-la-Maison-de-la-Pierre-a\u0300-Saint-Maximin.jpg\"><img decoding=\"async\" loading=\"lazy\" width=\"1600\" height=\"1067\" data-id=\"33122\"  data-src=\"https:\/\/www.creilsudoise-tourisme.fr\/wp-content\/uploads\/2021\/04\/Visite-de-la-Galerie-du-Front-de-Taille-a\u0300-la-Maison-de-la-Pierre-a\u0300-Saint-Maximin.jpg\" alt=\"\" class=\"wp-image-33122\" data-srcset=\"https:\/\/www.creilsudoise-tourisme.fr\/wp-content\/uploads\/2021\/04\/Visite-de-la-Galerie-du-Front-de-Taille-a\u0300-la-Maison-de-la-Pierre-a\u0300-Saint-Maximin.jpg 1600w, https:\/\/www.creilsudoise-tourisme.fr\/wp-content\/uploads\/2021\/04\/Visite-de-la-Galerie-du-Front-de-Taille-a\u0300-la-Maison-de-la-Pierre-a\u0300-Saint-Maximin-600x400.jpg 600w, https:\/\/www.creilsudoise-tourisme.fr\/wp-content\/uploads\/2021\/04\/Visite-de-la-Galerie-du-Front-de-Taille-a\u0300-la-Maison-de-la-Pierre-a\u0300-Saint-Maximin-1200x800.jpg 1200w, https:\/\/www.creilsudoise-tourisme.fr\/wp-content\/uploads\/2021\/04\/Visite-de-la-Galerie-du-Front-de-Taille-a\u0300-la-Maison-de-la-Pierre-a\u0300-Saint-Maximin-900x600.jpg 900w, https:\/\/www.creilsudoise-tourisme.fr\/wp-content\/uploads\/2021\/04\/Visite-de-la-Galerie-du-Front-de-Taille-a\u0300-la-Maison-de-la-Pierre-a\u0300-Saint-Maximin-1536x1024.jpg 1536w, https:\/\/www.creilsudoise-tourisme.fr\/wp-content\/uploads\/2021\/04\/Visite-de-la-Galerie-du-Front-de-Taille-a\u0300-la-Maison-de-la-Pierre-a\u0300-Saint-Maximin-200x133.jpg 200w, https:\/\/www.creilsudoise-tourisme.fr\/wp-content\/uploads\/2021\/04\/Visite-de-la-Galerie-du-Front-de-Taille-a\u0300-la-Maison-de-la-Pierre-a\u0300-Saint-Maximin-650x433.jpg 650w, https:\/\/www.creilsudoise-tourisme.fr\/wp-content\/uploads\/2021\/04\/Visite-de-la-Galerie-du-Front-de-Taille-a\u0300-la-Maison-de-la-Pierre-a\u0300-Saint-Maximin-387x258.jpg 387w, https:\/\/www.creilsudoise-tourisme.fr\/wp-content\/uploads\/2021\/04\/Visite-de-la-Galerie-du-Front-de-Taille-a\u0300-la-Maison-de-la-Pierre-a\u0300-Saint-Maximin-275x183.jpg 275w\" sizes=\"(max-width: 1600px) 100vw, 1600px\" \/><\/a><figcaption class=\"wp-element-caption\">Prolongue su visita descubriendo la exposici\u00f3n temporal del momento en la Galerie du Front de Taille<br>Comdesimages B. Teissedre ADRTOise<\/figcaption><\/figure>\n<\/figure>\n\n\n\n<p>Descubra la Maison de la Pierre du sud de l'Oise. Su gu\u00eda le adentrar\u00e1 en la cantera subterr\u00e1nea y le contar\u00e1 la historia de estos canteros: su vida a 15 metros bajo tierra y las etapas t\u00e9cnicas de su duro trabajo.<\/p>\n\n\n\n<h2>\u00bfLo sab\u00eda? Piedra, el ADN de Creil Sud Oise<\/h2>\n\n\n\n<div class=\"is-layout-flex wp-container-5 wp-block-columns\">\n<div class=\"is-layout-flow wp-block-column\" style=\"flex-basis:50%\">\n<figure class=\"wp-block-image size-large\"><img decoding=\"async\" loading=\"lazy\" width=\"1200\" height=\"798\" data-src=\"https:\/\/www.creilsudoise-tourisme.fr\/wp-content\/uploads\/2021\/04\/Visitez-la-Maison-de-la-Pierre-a\u0300-Saint-Maximin-1200x798.jpg\" alt=\"\" class=\"wp-image-33125\" data-srcset=\"https:\/\/www.creilsudoise-tourisme.fr\/wp-content\/uploads\/2021\/04\/Visitez-la-Maison-de-la-Pierre-a\u0300-Saint-Maximin-1200x798.jpg 1200w, https:\/\/www.creilsudoise-tourisme.fr\/wp-content\/uploads\/2021\/04\/Visitez-la-Maison-de-la-Pierre-a\u0300-Saint-Maximin-600x399.jpg 600w, https:\/\/www.creilsudoise-tourisme.fr\/wp-content\/uploads\/2021\/04\/Visitez-la-Maison-de-la-Pierre-a\u0300-Saint-Maximin-900x599.jpg 900w, https:\/\/www.creilsudoise-tourisme.fr\/wp-content\/uploads\/2021\/04\/Visitez-la-Maison-de-la-Pierre-a\u0300-Saint-Maximin-1536x1021.jpg 1536w, https:\/\/www.creilsudoise-tourisme.fr\/wp-content\/uploads\/2021\/04\/Visitez-la-Maison-de-la-Pierre-a\u0300-Saint-Maximin-200x133.jpg 200w, https:\/\/www.creilsudoise-tourisme.fr\/wp-content\/uploads\/2021\/04\/Visitez-la-Maison-de-la-Pierre-a\u0300-Saint-Maximin-650x432.jpg 650w, https:\/\/www.creilsudoise-tourisme.fr\/wp-content\/uploads\/2021\/04\/Visitez-la-Maison-de-la-Pierre-a\u0300-Saint-Maximin-387x257.jpg 387w, https:\/\/www.creilsudoise-tourisme.fr\/wp-content\/uploads\/2021\/04\/Visitez-la-Maison-de-la-Pierre-a\u0300-Saint-Maximin-275x183.jpg 275w, https:\/\/www.creilsudoise-tourisme.fr\/wp-content\/uploads\/2021\/04\/Visitez-la-Maison-de-la-Pierre-a\u0300-Saint-Maximin.jpg 1600w\" sizes=\"(max-width: 1200px) 100vw, 1200px\" \/><figcaption class=\"wp-element-caption\">Prolongue su visita descubriendo la exposici\u00f3n temporal del momento en la Galerie du Front de Taille<br>Comdesimages B. Teissedre ADRTOise<\/figcaption><\/figure>\n<\/div>\n\n\n\n<div class=\"is-layout-flow wp-block-column is-vertically-aligned-center\" style=\"flex-basis:50%\">\n<p>\u00bfSab\u00eda que todos los<strong> La cuenca del Creillois est\u00e1 llena de canteras<\/strong> ? Ya se han inventariado m\u00e1s de cien yacimientos subterr\u00e1neos, al aire libre, antiguos frentes de cantera y yacimientos trogloditas.<\/p>\n<\/div>\n<\/div>\n\n\n\n<h3>Iniciaci\u00f3n a la talla en piedra y al arte de las vidrieras<\/h3>\n\n\n\n<p>El equipo de la Maison de la Pierre ofrece <strong>iniciaciones<\/strong> <strong>escultura en piedra&nbsp; <\/strong>(1,5 horas dirigidas por un gu\u00eda de la Maison de la Pierre o varias horas dirigidas por un escultor profesional) y el arte de las vidrieras (dirigido por un maestro vidriero profesional). Los participantes aprenden primero a utilizar las herramientas (tijeras, mazos, etc.) y luego crean su propia obra de arte, \u00a1que se llevar\u00e1n a casa!<\/p>\n\n\n\n<p>Las herramientas se prestan y desinfectan entre usuarios.<\/p>\n\n\n\n<figure class=\"is-layout-flex wp-block-gallery-6 wp-block-gallery alignwide has-nested-images columns-default is-cropped\">\n<figure class=\"wp-block-image size-full\"><a href=\"https:\/\/www.creilsudoise-tourisme.fr\/wp-content\/uploads\/2021\/04\/Un-stage-de-sculpture-sur-pierre-a\u0300-la-Maison-de-la-Pierre-a\u0300-Saint-Maximin.jpg\"><img decoding=\"async\" loading=\"lazy\" width=\"1600\" height=\"900\" data-id=\"33127\"  data-src=\"https:\/\/www.creilsudoise-tourisme.fr\/wp-content\/uploads\/2021\/04\/Un-stage-de-sculpture-sur-pierre-a\u0300-la-Maison-de-la-Pierre-a\u0300-Saint-Maximin.jpg\" alt=\"\" class=\"wp-image-33127\" data-srcset=\"https:\/\/www.creilsudoise-tourisme.fr\/wp-content\/uploads\/2021\/04\/Un-stage-de-sculpture-sur-pierre-a\u0300-la-Maison-de-la-Pierre-a\u0300-Saint-Maximin.jpg 1600w, https:\/\/www.creilsudoise-tourisme.fr\/wp-content\/uploads\/2021\/04\/Un-stage-de-sculpture-sur-pierre-a\u0300-la-Maison-de-la-Pierre-a\u0300-Saint-Maximin-600x338.jpg 600w, https:\/\/www.creilsudoise-tourisme.fr\/wp-content\/uploads\/2021\/04\/Un-stage-de-sculpture-sur-pierre-a\u0300-la-Maison-de-la-Pierre-a\u0300-Saint-Maximin-1200x675.jpg 1200w, https:\/\/www.creilsudoise-tourisme.fr\/wp-content\/uploads\/2021\/04\/Un-stage-de-sculpture-sur-pierre-a\u0300-la-Maison-de-la-Pierre-a\u0300-Saint-Maximin-900x506.jpg 900w, https:\/\/www.creilsudoise-tourisme.fr\/wp-content\/uploads\/2021\/04\/Un-stage-de-sculpture-sur-pierre-a\u0300-la-Maison-de-la-Pierre-a\u0300-Saint-Maximin-1536x864.jpg 1536w, https:\/\/www.creilsudoise-tourisme.fr\/wp-content\/uploads\/2021\/04\/Un-stage-de-sculpture-sur-pierre-a\u0300-la-Maison-de-la-Pierre-a\u0300-Saint-Maximin-200x113.jpg 200w, https:\/\/www.creilsudoise-tourisme.fr\/wp-content\/uploads\/2021\/04\/Un-stage-de-sculpture-sur-pierre-a\u0300-la-Maison-de-la-Pierre-a\u0300-Saint-Maximin-650x366.jpg 650w, https:\/\/www.creilsudoise-tourisme.fr\/wp-content\/uploads\/2021\/04\/Un-stage-de-sculpture-sur-pierre-a\u0300-la-Maison-de-la-Pierre-a\u0300-Saint-Maximin-387x218.jpg 387w, https:\/\/www.creilsudoise-tourisme.fr\/wp-content\/uploads\/2021\/04\/Un-stage-de-sculpture-sur-pierre-a\u0300-la-Maison-de-la-Pierre-a\u0300-Saint-Maximin-275x155.jpg 275w\" sizes=\"(max-width: 1600px) 100vw, 1600px\" \/><\/a><figcaption class=\"wp-element-caption\">\u00a1Descubra el placer de tallar la piedra durante un curso en la Maison de la Pierre!<br>Creil Sud Oise Tourisme<\/figcaption><\/figure>\n\n\n\n<figure class=\"wp-block-image size-full\"><a href=\"https:\/\/www.creilsudoise-tourisme.fr\/wp-content\/uploads\/2021\/04\/Un-stage-de-vitrail-a\u0300-la-Maison-de-la-Pierre-a\u0300-Saint-Maximin.jpg.jpg\"><img decoding=\"async\" loading=\"lazy\" width=\"1600\" height=\"900\" data-id=\"33128\"  data-src=\"https:\/\/www.creilsudoise-tourisme.fr\/wp-content\/uploads\/2021\/04\/Un-stage-de-vitrail-a\u0300-la-Maison-de-la-Pierre-a\u0300-Saint-Maximin.jpg.jpg\" alt=\"\" class=\"wp-image-33128\" data-srcset=\"https:\/\/www.creilsudoise-tourisme.fr\/wp-content\/uploads\/2021\/04\/Un-stage-de-vitrail-a\u0300-la-Maison-de-la-Pierre-a\u0300-Saint-Maximin.jpg.jpg 1600w, https:\/\/www.creilsudoise-tourisme.fr\/wp-content\/uploads\/2021\/04\/Un-stage-de-vitrail-a\u0300-la-Maison-de-la-Pierre-a\u0300-Saint-Maximin.jpg-600x338.jpg 600w, https:\/\/www.creilsudoise-tourisme.fr\/wp-content\/uploads\/2021\/04\/Un-stage-de-vitrail-a\u0300-la-Maison-de-la-Pierre-a\u0300-Saint-Maximin.jpg-1200x675.jpg 1200w, https:\/\/www.creilsudoise-tourisme.fr\/wp-content\/uploads\/2021\/04\/Un-stage-de-vitrail-a\u0300-la-Maison-de-la-Pierre-a\u0300-Saint-Maximin.jpg-900x506.jpg 900w, https:\/\/www.creilsudoise-tourisme.fr\/wp-content\/uploads\/2021\/04\/Un-stage-de-vitrail-a\u0300-la-Maison-de-la-Pierre-a\u0300-Saint-Maximin.jpg-1536x864.jpg 1536w, https:\/\/www.creilsudoise-tourisme.fr\/wp-content\/uploads\/2021\/04\/Un-stage-de-vitrail-a\u0300-la-Maison-de-la-Pierre-a\u0300-Saint-Maximin.jpg-200x113.jpg 200w, https:\/\/www.creilsudoise-tourisme.fr\/wp-content\/uploads\/2021\/04\/Un-stage-de-vitrail-a\u0300-la-Maison-de-la-Pierre-a\u0300-Saint-Maximin.jpg-650x366.jpg 650w, https:\/\/www.creilsudoise-tourisme.fr\/wp-content\/uploads\/2021\/04\/Un-stage-de-vitrail-a\u0300-la-Maison-de-la-Pierre-a\u0300-Saint-Maximin.jpg-387x218.jpg 387w, https:\/\/www.creilsudoise-tourisme.fr\/wp-content\/uploads\/2021\/04\/Un-stage-de-vitrail-a\u0300-la-Maison-de-la-Pierre-a\u0300-Saint-Maximin.jpg-275x155.jpg 275w\" sizes=\"(max-width: 1600px) 100vw, 1600px\" \/><\/a><figcaption class=\"wp-element-caption\">Acompa\u00f1ado por un maestro vidriero profesional, aprenda a hacer vidrieras<br>Creil Sud Oise Tourisme<\/figcaption><\/figure>\n<\/figure>\n\n\n\n<h2>Una tienda de recuerdos<\/h2>\n\n\n\n<div class=\"is-layout-flex wp-container-10 wp-block-columns\">\n<div class=\"is-layout-flow wp-block-column\" style=\"flex-basis:50%\">\n<p>Para quienes deseen continuar la experiencia, visiten el <strong>tienda de la Maison de la Pierre<\/strong> Hay disponible un kit de talla para que cualquier principiante pueda crear su propia talla y muchos recuerdos originales (libros, joyas hechas con minerales, f\u00f3siles...).<\/p>\n<\/div>\n\n\n\n<div class=\"is-layout-flow wp-block-column\" style=\"flex-basis:50%\">\n<figure class=\"wp-block-image size-large\"><img decoding=\"async\" loading=\"lazy\" width=\"1200\" height=\"675\" data-src=\"https:\/\/www.creilsudoise-tourisme.fr\/wp-content\/uploads\/2021\/04\/Boutique-a\u0300-la-Maison-de-la-Pierre-a\u0300-Saint-Maximin-1200x675.jpg\" alt=\"\" class=\"wp-image-33129\" data-srcset=\"https:\/\/www.creilsudoise-tourisme.fr\/wp-content\/uploads\/2021\/04\/Boutique-a\u0300-la-Maison-de-la-Pierre-a\u0300-Saint-Maximin-1200x675.jpg 1200w, https:\/\/www.creilsudoise-tourisme.fr\/wp-content\/uploads\/2021\/04\/Boutique-a\u0300-la-Maison-de-la-Pierre-a\u0300-Saint-Maximin-600x338.jpg 600w, https:\/\/www.creilsudoise-tourisme.fr\/wp-content\/uploads\/2021\/04\/Boutique-a\u0300-la-Maison-de-la-Pierre-a\u0300-Saint-Maximin-900x506.jpg 900w, https:\/\/www.creilsudoise-tourisme.fr\/wp-content\/uploads\/2021\/04\/Boutique-a\u0300-la-Maison-de-la-Pierre-a\u0300-Saint-Maximin-1536x864.jpg 1536w, https:\/\/www.creilsudoise-tourisme.fr\/wp-content\/uploads\/2021\/04\/Boutique-a\u0300-la-Maison-de-la-Pierre-a\u0300-Saint-Maximin-200x113.jpg 200w, https:\/\/www.creilsudoise-tourisme.fr\/wp-content\/uploads\/2021\/04\/Boutique-a\u0300-la-Maison-de-la-Pierre-a\u0300-Saint-Maximin-650x366.jpg 650w, https:\/\/www.creilsudoise-tourisme.fr\/wp-content\/uploads\/2021\/04\/Boutique-a\u0300-la-Maison-de-la-Pierre-a\u0300-Saint-Maximin-387x218.jpg 387w, https:\/\/www.creilsudoise-tourisme.fr\/wp-content\/uploads\/2021\/04\/Boutique-a\u0300-la-Maison-de-la-Pierre-a\u0300-Saint-Maximin-275x155.jpg 275w, https:\/\/www.creilsudoise-tourisme.fr\/wp-content\/uploads\/2021\/04\/Boutique-a\u0300-la-Maison-de-la-Pierre-a\u0300-Saint-Maximin.jpg 1600w\" sizes=\"(max-width: 1200px) 100vw, 1200px\" \/><figcaption class=\"wp-element-caption\">Puede comprar en la tienda de la Maison de la Pierre<br>Creil Sud Oise Tourisme<\/figcaption><\/figure>\n<\/div>\n<\/div>\n\n\n\n<h2>Completa tu jornada<\/h2>\n\n\n\n<p>Para completar su jornada, consulte nuestro <a href=\"https:\/\/www.creilsudoise-tourisme.fr\/es\/en-groupe-seminaires\/brochure-groupes\/\" target=\"_blank\" rel=\"noreferrer noopener\">folleto para grupos<\/a> !&nbsp;<\/p>\n\n\n\n<p>Le gusta descubrir el <strong>Herencia francesa <\/strong>? Contin\u00fae el d\u00eda visitando<strong> Abad\u00eda de Royaumont en Asni\u00e8res-sur-Oise<\/strong> (V\u00e9ase p. 8 Para los amantes de las piedras antiguas). Tambi\u00e9n puede disfrutar de la Maison de la Pierre durante un <strong>Estancia de 2 d\u00edas y 1 noche <\/strong>en un hotel del Destino Creil Sud Oise, v\u00e9anse p. 22 y 23 Dos d\u00edas para descubrir Creil Sud Oise as\u00ed como p. 24 y 25 Los imprescindibles de Oise Sur.<\/p>\n\n\n\n<h2>P\u00f3ngase en contacto con nosotros<\/h2>\n\n\n\n<div class=\"is-layout-flex wp-container-14 wp-block-columns are-vertically-aligned-center\">\n<div class=\"is-layout-flow wp-block-column is-vertically-aligned-center\" style=\"flex-basis:50%\"><div class=\"wp-block-image\">\n<figure class=\"alignleft size-large\"><img decoding=\"async\" loading=\"lazy\" width=\"1200\" height=\"1200\" data-src=\"https:\/\/www.creilsudoise-tourisme.fr\/wp-content\/uploads\/2025\/05\/Brigitte-P-1200x1200.jpg\" alt=\"\" class=\"wp-image-62291\" data-srcset=\"https:\/\/www.creilsudoise-tourisme.fr\/wp-content\/uploads\/2025\/05\/Brigitte-P-1200x1200.jpg 1200w, https:\/\/www.creilsudoise-tourisme.fr\/wp-content\/uploads\/2025\/05\/Brigitte-P-600x600.jpg 600w, https:\/\/www.creilsudoise-tourisme.fr\/wp-content\/uploads\/2025\/05\/Brigitte-P-300x300.jpg 300w, https:\/\/www.creilsudoise-tourisme.fr\/wp-content\/uploads\/2025\/05\/Brigitte-P-900x900.jpg 900w, https:\/\/www.creilsudoise-tourisme.fr\/wp-content\/uploads\/2025\/05\/Brigitte-P-1536x1536.jpg 1536w, https:\/\/www.creilsudoise-tourisme.fr\/wp-content\/uploads\/2025\/05\/Brigitte-P-12x12.jpg 12w, https:\/\/www.creilsudoise-tourisme.fr\/wp-content\/uploads\/2025\/05\/Brigitte-P-200x200.jpg 200w, https:\/\/www.creilsudoise-tourisme.fr\/wp-content\/uploads\/2025\/05\/Brigitte-P-650x650.jpg 650w, https:\/\/www.creilsudoise-tourisme.fr\/wp-content\/uploads\/2025\/05\/Brigitte-P-387x387.jpg 387w, https:\/\/www.creilsudoise-tourisme.fr\/wp-content\/uploads\/2025\/05\/Brigitte-P.jpg 1920w\" sizes=\"(max-width: 1200px) 100vw, 1200px\" \/><figcaption class=\"wp-element-caption\">Brigitte Pawly<\/figcaption><\/figure><\/div><\/div>\n\n\n\n<div class=\"is-layout-flow wp-block-column is-vertically-aligned-center\" style=\"flex-basis:50%\"><div class=\"wp-block wp-block-highlight\">\n                <p class=\"wp-block-highlight-item wp-block-highlight-excerpt\"><strong>Brigitte Pawly, <\/strong>creador de estancias en grupo a medida<br><a href=\"tel:0375190175\">03 75 19 01 75<\/a><br><\/p>\n    <\/div>\n\n\n<div class=\"is-layout-flex wp-block-buttons\">\n<div class=\"wp-block-button\"><a class=\"wp-block-button__link wp-element-button\" href=\"mailto:&#103;r&#111;&#117;&#112;&#101;s&#64;&#99;re&#105;&#108;su&#100;oi&#115;&#101;-&#116;&#111;&#117;&#114;&#105;&#115;&#109;&#101;.&#102;r\" target=\"_blank\" rel=\"noreferrer noopener\">P\u00f3ngase en contacto con<\/a><\/div>\n<\/div>\n<\/div>\n<\/div>\n\n\n\n<p>No dude en ponerse en contacto con <strong>Brigitte<\/strong>,<strong> experto en el territorio<\/strong>que te traer\u00e1 su bien <strong>consejo <\/strong>seg\u00fan sus deseos y su presupuesto para un <strong>programa totalmente personalizado<\/strong>. A <strong>ventanilla \u00fanica<\/strong> para una oferta con todo incluido.<\/p>\n\n\n\n<hr class=\"wp-block-separator has-css-opacity\"\/>\n\n\n\n<h2>Testimonio<\/h2>\n\n\n\n<div class=\"wp-block wp-block-testimonial\">\n    <div class=\"wp-block-testimonial-excerpt\">\n        La Maison de la Pierre en Saint-Maximin fue un gran descubrimiento, \u00a1me la hab\u00edan recomendado calurosamente! Nuestra gu\u00eda dominaba perfectamente su tema y fue muy considerada con nosotros, \u00a1ten\u00edamos derecho a una manta para no pasar fr\u00edo!    <\/div>\n    <div class=\"wp-block-testimonial-details\">\n                <div class=\"wp-block-testimonial-content\">\n            <p class=\"wp-block-testimonial-content-author\">\n                <strong>Sra. Lupins<\/strong>\n\n                                <span class=\"wp-block-testimonial-content-job\"> - Comit\u00e9 de empresa en Val d'Oise<\/span>\n                            <\/p>\n        <\/div>\n    <\/div>\n<\/div>\n\n\n<h2>Una acogida de calidad reconocida<\/h2>\n\n\n\n<p>La Maison de la Pierre ha sido galardonada con el <strong>Calidad tur\u00edstica<\/strong> por su compromiso con los visitantes, sus servicios y su acogida de calidad.<\/p>\n\n\n\n<p>La Casa de Piedra est\u00e1 catalogada <strong>Turismo y Discapacidad para discapacitados motores, auditivos y mentales<\/strong>. Los gu\u00edas est\u00e1n formados para acoger a personas con discapacidad y el recorrido est\u00e1 adaptado.<\/p>\n\n\n\n<div class=\"is-layout-flex wp-container-19 wp-block-columns\">\n<div class=\"is-layout-flow wp-block-column\" style=\"flex-basis:100%\">\n<div class=\"is-layout-flex wp-container-17 wp-block-columns\">\n<div class=\"is-layout-flow wp-block-column\"><div class=\"wp-block-image\">\n<figure class=\"alignright size-large is-resized\"><img decoding=\"async\" loading=\"lazy\" data-src=\"https:\/\/www.creilsudoise-tourisme.fr\/wp-content\/uploads\/2021\/04\/Logo_qualite\u0301-tourisme-1.jpg\" alt=\"\" class=\"wp-image-33137\" width=\"198\" height=\"180\" data-srcset=\"https:\/\/www.creilsudoise-tourisme.fr\/wp-content\/uploads\/2021\/04\/Logo_qualite\u0301-tourisme-1.jpg 791w, https:\/\/www.creilsudoise-tourisme.fr\/wp-content\/uploads\/2021\/04\/Logo_qualite\u0301-tourisme-1-600x545.jpg 600w, https:\/\/www.creilsudoise-tourisme.fr\/wp-content\/uploads\/2021\/04\/Logo_qualite\u0301-tourisme-1-200x182.jpg 200w, https:\/\/www.creilsudoise-tourisme.fr\/wp-content\/uploads\/2021\/04\/Logo_qualite\u0301-tourisme-1-650x591.jpg 650w, https:\/\/www.creilsudoise-tourisme.fr\/wp-content\/uploads\/2021\/04\/Logo_qualite\u0301-tourisme-1-387x352.jpg 387w, https:\/\/www.creilsudoise-tourisme.fr\/wp-content\/uploads\/2021\/04\/Logo_qualite\u0301-tourisme-1-275x250.jpg 275w\" sizes=\"(max-width: 198px) 100vw, 198px\" \/><\/figure><\/div><\/div>\n\n\n\n<div class=\"is-layout-flow wp-block-column\">\n<figure class=\"wp-block-image size-large is-resized\"><img decoding=\"async\" loading=\"lazy\" data-src=\"https:\/\/www.creilsudoise-tourisme.fr\/wp-content\/uploads\/2021\/04\/Logo_Tourisme_Handicap_mental_moteur_auditif-bleu-1.jpg\" alt=\"\" class=\"wp-image-33139\" width=\"219\" height=\"155\" data-srcset=\"https:\/\/www.creilsudoise-tourisme.fr\/wp-content\/uploads\/2021\/04\/Logo_Tourisme_Handicap_mental_moteur_auditif-bleu-1.jpg 876w, https:\/\/www.creilsudoise-tourisme.fr\/wp-content\/uploads\/2021\/04\/Logo_Tourisme_Handicap_mental_moteur_auditif-bleu-1-600x424.jpg 600w, https:\/\/www.creilsudoise-tourisme.fr\/wp-content\/uploads\/2021\/04\/Logo_Tourisme_Handicap_mental_moteur_auditif-bleu-1-200x141.jpg 200w, https:\/\/www.creilsudoise-tourisme.fr\/wp-content\/uploads\/2021\/04\/Logo_Tourisme_Handicap_mental_moteur_auditif-bleu-1-650x459.jpg 650w, https:\/\/www.creilsudoise-tourisme.fr\/wp-content\/uploads\/2021\/04\/Logo_Tourisme_Handicap_mental_moteur_auditif-bleu-1-387x273.jpg 387w, https:\/\/www.creilsudoise-tourisme.fr\/wp-content\/uploads\/2021\/04\/Logo_Tourisme_Handicap_mental_moteur_auditif-bleu-1-275x194.jpg 275w\" sizes=\"(max-width: 219px) 100vw, 219px\" \/><\/figure>\n<\/div>\n<\/div>\n<\/div>\n<\/div>\n\n\n\n<h2>Es bueno saberlo<\/h2>\n\n\n\n<p>Un consejo: verano e invierno, <strong>abrigarse bien<\/strong>La cantera subterr\u00e1nea tiene una temperatura ambiente constante de 11 \u00b0C.&nbsp;<\/p>\n\n\n\n<p><strong>Ponte zapatos cerrados<\/strong> Aunque el suelo sea plano, no deja de ser suciedad y los peque\u00f1os trozos de piedra caliza pueden molestarte.<\/p>","protected":false},"excerpt":{"rendered":"<p>Cerca de Chantilly y Senlis, la Maison de la Pierre es un museo situado bajo tierra, en una antigua cantera de piedra. Es uno de los pocos lugares donde se puede conocer la vida de los trabajadores de las canteras del norte de Francia, y rinde homenaje al ADN del destino Creil Sud Oise: [...]<\/p>","protected":false},"author":1,"featured_media":32347,"parent":102,"menu_order":1,"comment_status":"closed","ping_status":"closed","template":"","meta":{"_relevanssi_hide_post":"","_relevanssi_hide_content":"","_relevanssi_pin_for_all":"","_relevanssi_pin_keywords":"","_relevanssi_unpin_keywords":"","_relevanssi_related_keywords":"","_relevanssi_related_include_ids":"","_relevanssi_related_exclude_ids":"","_relevanssi_related_no_append":"","_relevanssi_related_not_related":"","_relevanssi_related_posts":"275,267,273,271","_relevanssi_noindex_reason":""},"yoast_head":"<!-- This site is optimized with the Yoast SEO plugin v20.2.1 - https:\/\/yoast.com\/wordpress\/plugins\/seo\/ -->\n<title>La Maison de la Pierre, un mus\u00e9e dans une carri\u00e8re souterraine - Office de Tourisme Creil Sud Oise<\/title>\n<meta name=\"description\" content=\"La Maison de la Pierre organise pour les groupes des visites guid\u00e9es et th\u00e9matiques de la carri\u00e8re souterraine et des initiations \u00e0 la sculpture sur pierre ou vitrail\" \/>\n<meta name=\"robots\" content=\"index, follow, max-snippet:-1, max-image-preview:large, max-video-preview:-1\" \/>\n<link rel=\"canonical\" href=\"https:\/\/www.creilsudoise-tourisme.fr\/es\/explore-groups\/imprescindibles-grupos\/maison-de-la-pierre\/\" \/>\n<meta property=\"og:locale\" content=\"es_ES\" \/>\n<meta property=\"og:type\" content=\"article\" \/>\n<meta property=\"og:title\" content=\"La Maison de la Pierre, un mus\u00e9e dans une carri\u00e8re souterraine - Office de Tourisme Creil Sud Oise\" \/>\n<meta property=\"og:description\" content=\"La Maison de la Pierre organise pour les groupes des visites guid\u00e9es et th\u00e9matiques de la carri\u00e8re souterraine et des initiations \u00e0 la sculpture sur pierre ou vitrail\" \/>\n<meta property=\"og:url\" content=\"https:\/\/www.creilsudoise-tourisme.fr\/es\/explore-groups\/imprescindibles-grupos\/maison-de-la-pierre\/\" \/>\n<meta property=\"og:site_name\" content=\"Office de Tourisme Creil Sud Oise\" \/>\n<meta property=\"article:publisher\" content=\"https:\/\/www.facebook.com\/creilsudoisetourisme\/\" \/>\n<meta property=\"article:modified_time\" content=\"2025-05-16T08:57:40+00:00\" \/>\n<meta property=\"og:image\" content=\"https:\/\/www.creilsudoise-tourisme.fr\/wp-content\/uploads\/2021\/03\/Visite-a\u0300-la-Maison-de-la-Pierre-a\u0300-Saint-Maximin.jpg\" \/>\n\t<meta property=\"og:image:width\" content=\"1600\" \/>\n\t<meta property=\"og:image:height\" content=\"1064\" \/>\n\t<meta property=\"og:image:type\" content=\"image\/jpeg\" \/>\n<meta name=\"twitter:card\" content=\"summary_large_image\" \/>\n<meta name=\"twitter:site\" content=\"@CreilSudOiseOT\" \/>\n<meta name=\"twitter:label1\" content=\"Tiempo de lectura\" \/>\n\t<meta name=\"twitter:data1\" content=\"6 minutos\" \/>\n<script type=\"application\/ld+json\" class=\"yoast-schema-graph\">{\"@context\":\"https:\/\/schema.org\",\"@graph\":[{\"@type\":\"WebPage\",\"@id\":\"https:\/\/www.creilsudoise-tourisme.fr\/explorez-groupes\/incontournables-groupes\/maison-de-la-pierre\/\",\"url\":\"https:\/\/www.creilsudoise-tourisme.fr\/explorez-groupes\/incontournables-groupes\/maison-de-la-pierre\/\",\"name\":\"La Maison de la Pierre, un mus\u00e9e dans une carri\u00e8re souterraine - Office de Tourisme Creil Sud Oise\",\"isPartOf\":{\"@id\":\"https:\/\/www.creilsudoise-tourisme.fr\/#website\"},\"datePublished\":\"2021-02-17T09:02:06+00:00\",\"dateModified\":\"2025-05-16T08:57:40+00:00\",\"description\":\"La Maison de la Pierre organise pour les groupes des visites guid\u00e9es et th\u00e9matiques de la carri\u00e8re souterraine et des initiations \u00e0 la sculpture sur pierre ou vitrail\",\"breadcrumb\":{\"@id\":\"https:\/\/www.creilsudoise-tourisme.fr\/explorez-groupes\/incontournables-groupes\/maison-de-la-pierre\/#breadcrumb\"},\"inLanguage\":\"es\",\"potentialAction\":[{\"@type\":\"ReadAction\",\"target\":[\"https:\/\/www.creilsudoise-tourisme.fr\/explorez-groupes\/incontournables-groupes\/maison-de-la-pierre\/\"]}]},{\"@type\":\"BreadcrumbList\",\"@id\":\"https:\/\/www.creilsudoise-tourisme.fr\/explorez-groupes\/incontournables-groupes\/maison-de-la-pierre\/#breadcrumb\",\"itemListElement\":[{\"@type\":\"ListItem\",\"position\":1,\"name\":\"Accueil\",\"item\":\"https:\/\/www.creilsudoise-tourisme.fr\/\"},{\"@type\":\"ListItem\",\"position\":2,\"name\":\"En groupe &amp; S\u00e9minaires\",\"item\":\"https:\/\/www.creilsudoise-tourisme.fr\/explorez-groupes\/\"},{\"@type\":\"ListItem\",\"position\":3,\"name\":\"Les incontournables \u00e0 explorer en groupes\",\"item\":\"https:\/\/www.creilsudoise-tourisme.fr\/explorez-groupes\/incontournables-groupes\/\"},{\"@type\":\"ListItem\",\"position\":4,\"name\":\"La Maison de la Pierre\"}]},{\"@type\":\"WebSite\",\"@id\":\"https:\/\/www.creilsudoise-tourisme.fr\/#website\",\"url\":\"https:\/\/www.creilsudoise-tourisme.fr\/\",\"name\":\"Office de Tourisme Creil Sud Oise\",\"description\":\"Creil Sud Oise Tourisme, un territoire \u00e0 explorer !\",\"publisher\":{\"@id\":\"https:\/\/www.creilsudoise-tourisme.fr\/#organization\"},\"potentialAction\":[{\"@type\":\"SearchAction\",\"target\":{\"@type\":\"EntryPoint\",\"urlTemplate\":\"https:\/\/www.creilsudoise-tourisme.fr\/?s={search_term_string}\"},\"query-input\":\"required name=search_term_string\"}],\"inLanguage\":\"es\"},{\"@type\":\"Organization\",\"@id\":\"https:\/\/www.creilsudoise-tourisme.fr\/#organization\",\"name\":\"Creil Sud Oise Tourisme\",\"url\":\"https:\/\/www.creilsudoise-tourisme.fr\/\",\"logo\":{\"@type\":\"ImageObject\",\"inLanguage\":\"es\",\"@id\":\"https:\/\/www.creilsudoise-tourisme.fr\/#\/schema\/logo\/image\/\",\"url\":\"https:\/\/www.creilsudoise-tourisme.fr\/wp-content\/uploads\/2021\/05\/logo-svg.png\",\"contentUrl\":\"https:\/\/www.creilsudoise-tourisme.fr\/wp-content\/uploads\/2021\/05\/logo-svg.png\",\"width\":182,\"height\":71,\"caption\":\"Creil Sud Oise Tourisme\"},\"image\":{\"@id\":\"https:\/\/www.creilsudoise-tourisme.fr\/#\/schema\/logo\/image\/\"},\"sameAs\":[\"https:\/\/www.facebook.com\/creilsudoisetourisme\/\",\"https:\/\/twitter.com\/CreilSudOiseOT\",\"https:\/\/www.instagram.com\/creilsudoisetourisme\/\",\"https:\/\/www.youtube.com\/channel\/UC8L_QD2wwyADW14zt9fY8kw\"]}]}<\/script>\n<!-- \/ Yoast SEO plugin. -->","yoast_head_json":{"title":"La Maison de la Pierre, un mus\u00e9e dans une carri\u00e8re souterraine - Office de Tourisme Creil Sud Oise","description":"La Maison de la Pierre organise pour les groupes des visites guid\u00e9es et th\u00e9matiques de la carri\u00e8re souterraine et des initiations \u00e0 la sculpture sur pierre ou vitrail","robots":{"index":"index","follow":"follow","max-snippet":"max-snippet:-1","max-image-preview":"max-image-preview:large","max-video-preview":"max-video-preview:-1"},"canonical":"https:\/\/www.creilsudoise-tourisme.fr\/es\/explore-groups\/imprescindibles-grupos\/maison-de-la-pierre\/","og_locale":"es_ES","og_type":"article","og_title":"La Maison de la Pierre, un mus\u00e9e dans une carri\u00e8re souterraine - Office de Tourisme Creil Sud Oise","og_description":"La Maison de la Pierre organise pour les groupes des visites guid\u00e9es et th\u00e9matiques de la carri\u00e8re souterraine et des initiations \u00e0 la sculpture sur pierre ou vitrail","og_url":"https:\/\/www.creilsudoise-tourisme.fr\/es\/explore-groups\/imprescindibles-grupos\/maison-de-la-pierre\/","og_site_name":"Office de Tourisme Creil Sud Oise","article_publisher":"https:\/\/www.facebook.com\/creilsudoisetourisme\/","article_modified_time":"2025-05-16T08:57:40+00:00","og_image":[{"width":1600,"height":1064,"url":"https:\/\/www.creilsudoise-tourisme.fr\/wp-content\/uploads\/2021\/03\/Visite-a\u0300-la-Maison-de-la-Pierre-a\u0300-Saint-Maximin.jpg","type":"image\/jpeg"}],"twitter_card":"summary_large_image","twitter_site":"@CreilSudOiseOT","twitter_misc":{"Tiempo de lectura":"6 minutos"},"schema":{"@context":"https:\/\/schema.org","@graph":[{"@type":"WebPage","@id":"https:\/\/www.creilsudoise-tourisme.fr\/explorez-groupes\/incontournables-groupes\/maison-de-la-pierre\/","url":"https:\/\/www.creilsudoise-tourisme.fr\/explorez-groupes\/incontournables-groupes\/maison-de-la-pierre\/","name":"La Maison de la Pierre, un mus\u00e9e dans une carri\u00e8re souterraine - Office de Tourisme Creil Sud Oise","isPartOf":{"@id":"https:\/\/www.creilsudoise-tourisme.fr\/#website"},"datePublished":"2021-02-17T09:02:06+00:00","dateModified":"2025-05-16T08:57:40+00:00","description":"La Maison de la Pierre organise pour les groupes des visites guid\u00e9es et th\u00e9matiques de la carri\u00e8re souterraine et des initiations \u00e0 la sculpture sur pierre ou vitrail","breadcrumb":{"@id":"https:\/\/www.creilsudoise-tourisme.fr\/explorez-groupes\/incontournables-groupes\/maison-de-la-pierre\/#breadcrumb"},"inLanguage":"es","potentialAction":[{"@type":"ReadAction","target":["https:\/\/www.creilsudoise-tourisme.fr\/explorez-groupes\/incontournables-groupes\/maison-de-la-pierre\/"]}]},{"@type":"BreadcrumbList","@id":"https:\/\/www.creilsudoise-tourisme.fr\/explorez-groupes\/incontournables-groupes\/maison-de-la-pierre\/#breadcrumb","itemListElement":[{"@type":"ListItem","position":1,"name":"Accueil","item":"https:\/\/www.creilsudoise-tourisme.fr\/"},{"@type":"ListItem","position":2,"name":"En groupe &amp; S\u00e9minaires","item":"https:\/\/www.creilsudoise-tourisme.fr\/explorez-groupes\/"},{"@type":"ListItem","position":3,"name":"Les incontournables \u00e0 explorer en groupes","item":"https:\/\/www.creilsudoise-tourisme.fr\/explorez-groupes\/incontournables-groupes\/"},{"@type":"ListItem","position":4,"name":"La Maison de la Pierre"}]},{"@type":"WebSite","@id":"https:\/\/www.creilsudoise-tourisme.fr\/#website","url":"https:\/\/www.creilsudoise-tourisme.fr\/","name":"Office de Tourisme Creil Sud Oise","description":"Creil Sud Oise Tourisme, un territoire \u00e0 explorer !","publisher":{"@id":"https:\/\/www.creilsudoise-tourisme.fr\/#organization"},"potentialAction":[{"@type":"SearchAction","target":{"@type":"EntryPoint","urlTemplate":"https:\/\/www.creilsudoise-tourisme.fr\/?s={search_term_string}"},"query-input":"required name=search_term_string"}],"inLanguage":"es"},{"@type":"Organization","@id":"https:\/\/www.creilsudoise-tourisme.fr\/#organization","name":"Creil Sud Oise Tourisme","url":"https:\/\/www.creilsudoise-tourisme.fr\/","logo":{"@type":"ImageObject","inLanguage":"es","@id":"https:\/\/www.creilsudoise-tourisme.fr\/#\/schema\/logo\/image\/","url":"https:\/\/www.creilsudoise-tourisme.fr\/wp-content\/uploads\/2021\/05\/logo-svg.png","contentUrl":"https:\/\/www.creilsudoise-tourisme.fr\/wp-content\/uploads\/2021\/05\/logo-svg.png","width":182,"height":71,"caption":"Creil Sud Oise Tourisme"},"image":{"@id":"https:\/\/www.creilsudoise-tourisme.fr\/#\/schema\/logo\/image\/"},"sameAs":["https:\/\/www.facebook.com\/creilsudoisetourisme\/","https:\/\/twitter.com\/CreilSudOiseOT","https:\/\/www.instagram.com\/creilsudoisetourisme\/","https:\/\/www.youtube.com\/channel\/UC8L_QD2wwyADW14zt9fY8kw"]}]}},"_links":{"self":[{"href":"https:\/\/www.creilsudoise-tourisme.fr\/es\/wp-json\/wp\/v2\/pages\/106"}],"collection":[{"href":"https:\/\/www.creilsudoise-tourisme.fr\/es\/wp-json\/wp\/v2\/pages"}],"about":[{"href":"https:\/\/www.creilsudoise-tourisme.fr\/es\/wp-json\/wp\/v2\/types\/page"}],"author":[{"embeddable":true,"href":"https:\/\/www.creilsudoise-tourisme.fr\/es\/wp-json\/wp\/v2\/users\/1"}],"replies":[{"embeddable":true,"href":"https:\/\/www.creilsudoise-tourisme.fr\/es\/wp-json\/wp\/v2\/comments?post=106"}],"version-history":[{"count":22,"href":"https:\/\/www.creilsudoise-tourisme.fr\/es\/wp-json\/wp\/v2\/pages\/106\/revisions"}],"predecessor-version":[{"id":62302,"href":"https:\/\/www.creilsudoise-tourisme.fr\/es\/wp-json\/wp\/v2\/pages\/106\/revisions\/62302"}],"up":[{"embeddable":true,"href":"https:\/\/www.creilsudoise-tourisme.fr\/es\/wp-json\/wp\/v2\/pages\/102"}],"wp:featuredmedia":[{"embeddable":true,"href":"https:\/\/www.creilsudoise-tourisme.fr\/es\/wp-json\/wp\/v2\/media\/32347"}],"wp:attachment":[{"href":"https:\/\/www.creilsudoise-tourisme.fr\/es\/wp-json\/wp\/v2\/media?parent=106"}],"curies":[{"name":"wp","href":"https:\/\/api.w.org\/{rel}","templated":true}]}}