{"id":64155,"date":"2025-07-25T12:49:44","date_gmt":"2025-07-25T10:49:13","guid":{"rendered":"https:\/\/www.creilsudoise-tourisme.fr\/?page_id=64155"},"modified":"2025-07-25T15:03:36","modified_gmt":"2025-07-25T13:03:36","slug":"votre-actu","status":"publish","type":"page","link":"https:\/\/www.creilsudoise-tourisme.fr\/en\/espace-pro\/call-for-projects\/your-actu\/","title":{"rendered":"Tourism professionals: we're putting you on the map!"},"content":{"rendered":"<p class=\"is-style-excerpt\">We, at the Creil Sud Oise Tourist Office, <strong>we love a full diary! <\/strong>To make sure that your events, workshops, offers and new products don't go unnoticed, help us to promote them to the right audience at the right time. We're trying to gather as much information as possible so that we can promote you more effectively.<\/p>\n\n\n\n<div class=\"wp-block-cover alignfull\"><span aria-hidden=\"true\" class=\"wp-block-cover__background has-background-dim\"><\/span><img decoding=\"async\" loading=\"lazy\" width=\"1200\" height=\"800\" class=\"wp-block-cover__image-background wp-image-64169\" alt=\"\" data-src=\"https:\/\/www.creilsudoise-tourisme.fr\/wp-content\/uploads\/2025\/07\/Musee_Galle_Juillet-Creil-Escape_Game-Anne_Sophie_Flament_Ville_Creil-120-1200x800.jpg\" data-object-fit=\"cover\" data-srcset=\"https:\/\/www.creilsudoise-tourisme.fr\/wp-content\/uploads\/2025\/07\/Musee_Galle_Juillet-Creil-Escape_Game-Anne_Sophie_Flament_Ville_Creil-120-1200x800.jpg 1200w, https:\/\/www.creilsudoise-tourisme.fr\/wp-content\/uploads\/2025\/07\/Musee_Galle_Juillet-Creil-Escape_Game-Anne_Sophie_Flament_Ville_Creil-120-600x400.jpg 600w, https:\/\/www.creilsudoise-tourisme.fr\/wp-content\/uploads\/2025\/07\/Musee_Galle_Juillet-Creil-Escape_Game-Anne_Sophie_Flament_Ville_Creil-120-900x600.jpg 900w, https:\/\/www.creilsudoise-tourisme.fr\/wp-content\/uploads\/2025\/07\/Musee_Galle_Juillet-Creil-Escape_Game-Anne_Sophie_Flament_Ville_Creil-120-1536x1024.jpg 1536w, https:\/\/www.creilsudoise-tourisme.fr\/wp-content\/uploads\/2025\/07\/Musee_Galle_Juillet-Creil-Escape_Game-Anne_Sophie_Flament_Ville_Creil-120-18x12.jpg 18w, https:\/\/www.creilsudoise-tourisme.fr\/wp-content\/uploads\/2025\/07\/Musee_Galle_Juillet-Creil-Escape_Game-Anne_Sophie_Flament_Ville_Creil-120-200x133.jpg 200w, https:\/\/www.creilsudoise-tourisme.fr\/wp-content\/uploads\/2025\/07\/Musee_Galle_Juillet-Creil-Escape_Game-Anne_Sophie_Flament_Ville_Creil-120-650x433.jpg 650w, https:\/\/www.creilsudoise-tourisme.fr\/wp-content\/uploads\/2025\/07\/Musee_Galle_Juillet-Creil-Escape_Game-Anne_Sophie_Flament_Ville_Creil-120-387x258.jpg 387w, https:\/\/www.creilsudoise-tourisme.fr\/wp-content\/uploads\/2025\/07\/Musee_Galle_Juillet-Creil-Escape_Game-Anne_Sophie_Flament_Ville_Creil-120.jpg 1920w\" sizes=\"(max-width: 1200px) 100vw, 1200px\" \/><div class=\"wp-block-cover__inner-container\">\n<p class=\"has-text-align-center has-large-font-size\">So, are you ready to make your mark?<\/p>\n<\/div><\/div>\n\n\n\n<h2><strong>The issues we're highlighting <\/strong><\/h2>\n\n\n\n<h3><strong>Local and national news: keeping up with the times!<\/strong><\/h3>\n\n\n\n<p><strong>Each month, we choose a theme to reflect the news of the moment.<\/strong> We create tailor-made content... as long as we have enough events to include! <\/p>\n\n\n\n<p>Here are the topics we will be covering: (subject to changes in the timetable)<\/p>\n\n\n\n<ul>\n<li><strong>February<\/strong> Winter holidays and Valentine's Day (gift ideas, special menus...)<\/li>\n\n\n\n<li><strong>March<\/strong> European Crafts Days, Reading Night and Grandma's Day (gift ideas, outings and visits to do together...)<\/li>\n\n\n\n<li><strong>April<\/strong> Spring holidays, Easter festivities, Water Night, local festivals and 1<sup>ers<\/sup> flea markets of the year<\/li>\n\n\n\n<li><strong>May<\/strong> Museums' Night and Mother's Day (gift ideas, outings and visits to do together...)<\/li>\n\n\n\n<li><strong>June<\/strong> Music Day, Archaeology Day, Presentation of the seasons (or in September\/October according to your own calendar), Father's Day and End of school year (gift ideas, outings and visits to do together, etc.).<\/li>\n\n\n\n<li><strong>July<\/strong> : Big holidays and what to do when it's too hot? <\/li>\n\n\n\n<li><strong>August<\/strong> Bat Night<\/li>\n\n\n\n<li><strong>September<\/strong> European Heritage Days<\/li>\n\n\n\n<li><strong>October<\/strong> All Saints' Day holidays, Halloween festivities, F\u00eate de la Science and Architecture Day<\/li>\n\n\n\n<li><strong>December<\/strong> Christmas holidays, Christmas festivities (Christmas markets, creative workshops, special Christmas menus, local gift ideas...)<\/li>\n<\/ul>\n\n\n\n<hr class=\"wp-block-separator has-alpha-channel-opacity\"\/>\n\n\n\n<h3><strong>Partner news: what's happening in your area, we talk about it<\/strong><\/h3>\n\n\n\n<h4><strong>News: don't forget to keep your information up to date - we'll make the most of it!<\/strong><\/h4>\n\n\n\n<p>A new tourist offer? A new dish on the menu? A renovated dining room? A label awarded (or returned, it happens)? <strong>Let us know!<\/strong><\/p>\n\n\n\n<p>We update our website regularly, but we may miss some information (and yes, we still can't read crystal balls). Check that everything is correct on your pages:<\/p>\n\n\n\n<ul>\n<li>Click on the magnifying glass \ud83d\udd0d and type the name of your offer<\/li>\n\n\n\n<li>Several pages may exist for the same offer: check them all!<\/li>\n<\/ul>\n\n\n\n<p>And if you have <strong>new photos<\/strong>We'll take it too. There's nothing like a fresh image to catch the eye!<\/p>\n\n\n\n<h4><strong>Family news: the little ones get their moment of glory<\/strong><\/h4>\n\n\n\n<p>Baby-friendly outings, treasure hunts, cuddly movies, pushchair hikes... We've got it all here:<\/p>\n\n\n\n<p>\ud83d\udc49 Discover our page dedicated to families, <strong>the most consulted of the entire site<\/strong> :<br><a class=\"\" href=\"https:\/\/www.creilsudoise-tourisme.fr\/en\/with-the-family\/\">https:\/\/www.creilsudoise-tourisme.fr\/en-famille\/<\/a><\/p>\n\n\n\n<p>Send us your ideas, and we'll give them great exposure!<\/p>\n\n\n\n<h4><strong>Local anecdotes: make us smile, surprise us!<\/strong><\/h4>\n\n\n\n<p>An unusual story? A celebrity who stayed with you? A little-known historical fact? Tell us about it!<br>You provide the sources (photos, articles, documents, etc.), <strong>we'll take care of the rest<\/strong> article, video, slide show... And if you want to <strong>face the camera<\/strong>even better!<\/p>\n\n\n\n<hr class=\"wp-block-separator has-alpha-channel-opacity\"\/>\n\n\n\n<h3><strong>What about all the off-theme events? We'll take them too!<\/strong><\/h3>\n\n\n\n<p><strong>Not in the boxes? No problem. <\/strong>Your markets, flea markets, courses, open days, workshops, exhibitions... We want to know all about it, even if it doesn't fit into our monthly editorial schedule. There's no such thing as too little news!<\/p>\n\n\n\n<hr class=\"wp-block-separator has-alpha-channel-opacity\"\/>\n\n\n\n<figure class=\"wp-block-image size-large\"><img decoding=\"async\" loading=\"lazy\" width=\"1200\" height=\"675\" data-src=\"https:\/\/www.creilsudoise-tourisme.fr\/wp-content\/uploads\/2025\/07\/Visite-guidee-de-la-carriere-souterraine-\u00a9-Smellinckx-Oise-Tourisme-41-1200x675.jpg\" alt=\"Guided tour maison de la pierre oise saint maximin family partners agenda communication\" class=\"wp-image-64172\" data-srcset=\"https:\/\/www.creilsudoise-tourisme.fr\/wp-content\/uploads\/2025\/07\/Visite-guidee-de-la-carriere-souterraine-\u00a9-Smellinckx-Oise-Tourisme-41-1200x675.jpg 1200w, https:\/\/www.creilsudoise-tourisme.fr\/wp-content\/uploads\/2025\/07\/Visite-guidee-de-la-carriere-souterraine-\u00a9-Smellinckx-Oise-Tourisme-41-600x338.jpg 600w, https:\/\/www.creilsudoise-tourisme.fr\/wp-content\/uploads\/2025\/07\/Visite-guidee-de-la-carriere-souterraine-\u00a9-Smellinckx-Oise-Tourisme-41-900x506.jpg 900w, https:\/\/www.creilsudoise-tourisme.fr\/wp-content\/uploads\/2025\/07\/Visite-guidee-de-la-carriere-souterraine-\u00a9-Smellinckx-Oise-Tourisme-41-1536x864.jpg 1536w, https:\/\/www.creilsudoise-tourisme.fr\/wp-content\/uploads\/2025\/07\/Visite-guidee-de-la-carriere-souterraine-\u00a9-Smellinckx-Oise-Tourisme-41-18x10.jpg 18w, https:\/\/www.creilsudoise-tourisme.fr\/wp-content\/uploads\/2025\/07\/Visite-guidee-de-la-carriere-souterraine-\u00a9-Smellinckx-Oise-Tourisme-41-200x113.jpg 200w, https:\/\/www.creilsudoise-tourisme.fr\/wp-content\/uploads\/2025\/07\/Visite-guidee-de-la-carriere-souterraine-\u00a9-Smellinckx-Oise-Tourisme-41-1600x900.jpg 1600w, https:\/\/www.creilsudoise-tourisme.fr\/wp-content\/uploads\/2025\/07\/Visite-guidee-de-la-carriere-souterraine-\u00a9-Smellinckx-Oise-Tourisme-41-650x366.jpg 650w, https:\/\/www.creilsudoise-tourisme.fr\/wp-content\/uploads\/2025\/07\/Visite-guidee-de-la-carriere-souterraine-\u00a9-Smellinckx-Oise-Tourisme-41-387x218.jpg 387w, https:\/\/www.creilsudoise-tourisme.fr\/wp-content\/uploads\/2025\/07\/Visite-guidee-de-la-carriere-souterraine-\u00a9-Smellinckx-Oise-Tourisme-41.jpg 1920w\" sizes=\"(max-width: 1200px) 100vw, 1200px\" \/><figcaption class=\"wp-element-caption\">Smellincks - Oise Tourisme<\/figcaption><\/figure>\n\n\n\n<h2><strong>How do you send your information?<\/strong><\/h2>\n\n\n\n<p><strong>1. Your dated events?<\/strong><br>Fill in our online form to be included in our official diary:<br>\ud83d\udc49 <a class=\"\" href=\"https:\/\/www.creilsudoise-tourisme.fr\/en\/agenda\/\">www.creilsudoise-tourisme.fr\/agenda<\/a><\/p>\n\n\n\n<div class=\"is-layout-flex wp-block-buttons\">\n<div class=\"wp-block-button\"><a class=\"wp-block-button__link wp-element-button\" href=\"http:\/\/oise.tourinsoft.com\/questionnaire-web\/2f591c16-b52e-4dfc-8106-ffe735dad39e\/eef450e0-413e-4799-b603-660b1bec7447\/add.aspx\" target=\"_blank\" rel=\"noreferrer noopener\">Online form<\/a><\/div>\n<\/div>\n\n\n\n<p><strong>2. Your undated offers (new products, gift ideas, anecdotes, etc.)?<\/strong><br>Write to us directly at: bienvenue [at] creilsudoise-tourisme.fr<\/p>\n\n\n\n<p><strong>3. Not receiving our reminder emails?<\/strong><br>Sign up to receive our monthly \"special partners\" email with upcoming themes:<br>\ud83d\udc49 Write to us at: bienvenue [at] creilsudoise-tourisme.fr<\/p>\n\n\n\n<figure class=\"wp-block-image size-large\"><img decoding=\"async\" loading=\"lazy\" width=\"1200\" height=\"675\" data-src=\"https:\/\/www.creilsudoise-tourisme.fr\/wp-content\/uploads\/2025\/07\/CRAMOISY-Usine_Parville-Creil_Sud_Oise_Tourisme-23-1200x675.jpg\" alt=\"\" class=\"wp-image-64162\" data-srcset=\"https:\/\/www.creilsudoise-tourisme.fr\/wp-content\/uploads\/2025\/07\/CRAMOISY-Usine_Parville-Creil_Sud_Oise_Tourisme-23-1200x675.jpg 1200w, https:\/\/www.creilsudoise-tourisme.fr\/wp-content\/uploads\/2025\/07\/CRAMOISY-Usine_Parville-Creil_Sud_Oise_Tourisme-23-600x338.jpg 600w, https:\/\/www.creilsudoise-tourisme.fr\/wp-content\/uploads\/2025\/07\/CRAMOISY-Usine_Parville-Creil_Sud_Oise_Tourisme-23-900x506.jpg 900w, https:\/\/www.creilsudoise-tourisme.fr\/wp-content\/uploads\/2025\/07\/CRAMOISY-Usine_Parville-Creil_Sud_Oise_Tourisme-23-1536x864.jpg 1536w, https:\/\/www.creilsudoise-tourisme.fr\/wp-content\/uploads\/2025\/07\/CRAMOISY-Usine_Parville-Creil_Sud_Oise_Tourisme-23-18x10.jpg 18w, https:\/\/www.creilsudoise-tourisme.fr\/wp-content\/uploads\/2025\/07\/CRAMOISY-Usine_Parville-Creil_Sud_Oise_Tourisme-23-200x113.jpg 200w, https:\/\/www.creilsudoise-tourisme.fr\/wp-content\/uploads\/2025\/07\/CRAMOISY-Usine_Parville-Creil_Sud_Oise_Tourisme-23-1600x900.jpg 1600w, https:\/\/www.creilsudoise-tourisme.fr\/wp-content\/uploads\/2025\/07\/CRAMOISY-Usine_Parville-Creil_Sud_Oise_Tourisme-23-650x366.jpg 650w, https:\/\/www.creilsudoise-tourisme.fr\/wp-content\/uploads\/2025\/07\/CRAMOISY-Usine_Parville-Creil_Sud_Oise_Tourisme-23-387x218.jpg 387w, https:\/\/www.creilsudoise-tourisme.fr\/wp-content\/uploads\/2025\/07\/CRAMOISY-Usine_Parville-Creil_Sud_Oise_Tourisme-23.jpg 1920w\" sizes=\"(max-width: 1200px) 100vw, 1200px\" \/><figcaption class=\"wp-element-caption\">Creil Sud Oise Tourisme<\/figcaption><\/figure>\n\n\n\n<hr class=\"wp-block-separator has-alpha-channel-opacity\"\/>\n\n\n\n<h2><strong>Where (and how) do we distribute your information?<\/strong><\/h2>\n\n\n\n<h3><strong>Our targets: different seasons!<\/strong><\/h3>\n\n\n\n<ul>\n<li><strong>All year round<\/strong> :\n<ul>\n<li>Families from ACSO and nearby communes, up to 2 hours' drive away<\/li>\n\n\n\n<li>Active couples or curious young retirees<\/li>\n<\/ul>\n<\/li>\n\n\n\n<li><strong>Summer (and sometimes earlier)<\/strong> :\n<ul>\n<li>Tourists in transition (between two destinations)<\/li>\n\n\n\n<li>Tourists attracted by neighbouring towns (Senlis, Chantilly, Compi\u00e8gne, Pierrefonds...)<\/li>\n<\/ul>\n<\/li>\n<\/ul>\n\n\n\n<h3><strong>Our distribution channels: multi-media, maximum views<\/strong><\/h3>\n\n\n\n<ul>\n<li><strong>Social networks<\/strong> : <a href=\"https:\/\/www.facebook.com\/creilsudoisetourisme\" target=\"_blank\" rel=\"noreferrer noopener\">Facebook <\/a>&amp; <a href=\"https:\/\/www.instagram.com\/creilsudoisetourisme\/\" target=\"_blank\" rel=\"noreferrer noopener\">Instagram<\/a><\/li>\n\n\n\n<li><strong>Website<\/strong> : <a href=\"https:\/\/www.creilsudoise-tourisme.fr\/en\/agenda\/\" target=\"_blank\" rel=\"noreferrer noopener\">online agenda<\/a> + <a href=\"https:\/\/www.creilsudoise-tourisme.fr\/en\/jexplore\/actus-bons-plans\/\" target=\"_blank\" rel=\"noreferrer noopener\">blog<\/a><\/li>\n\n\n\n<li><strong>Newsletter for the general public<\/strong> (school holidays and Heritage Days)<\/li>\n\n\n\n<li><strong><strong>Paper diary<\/strong> distributed at the Office reception desk<\/strong><\/li>\n\n\n\n<li><strong><a href=\"https:\/\/www.creilsudoise-tourisme.fr\/en\/press\/press-releases\/\" target=\"_blank\" rel=\"noreferrer noopener\">Press releases<\/a><\/strong><\/li>\n\n\n\n<li><strong>Regional tourism database<\/strong><\/li>\n<\/ul>\n\n\n\n<p><strong>And that's not all:<\/strong><br>We encourage you to <strong>relay our content<\/strong> on your own networks, in your reception areas, with your customers.<\/p>\n\n\n\n<p>\ud83d\udc49 Subscribe to our <strong><a href=\"https:\/\/www.creilsudoise-tourisme.fr\/en\/newsletter\/\" target=\"_blank\" rel=\"noreferrer noopener\">public newsletter<\/a><\/strong><br>\ud83d\udc49 Follow us on <strong><a class=\"\" href=\"https:\/\/www.facebook.com\/CreilSudOiseTourisme\/\">Facebook<\/a><\/strong> and <strong><a class=\"\" href=\"https:\/\/www.instagram.com\/creilsudoisetourisme\/\">Instagram<\/a><\/strong><\/p>\n\n\n\n<figure class=\"wp-block-image size-large\"><img decoding=\"async\" loading=\"lazy\" width=\"1200\" height=\"800\" data-src=\"https:\/\/www.creilsudoise-tourisme.fr\/wp-content\/uploads\/2025\/07\/Sculpture-sur-pierre-\u00a9-Smellinckx-Oise-Tourisme-18-1200x800.jpg\" alt=\"\" class=\"wp-image-64170\" data-srcset=\"https:\/\/www.creilsudoise-tourisme.fr\/wp-content\/uploads\/2025\/07\/Sculpture-sur-pierre-\u00a9-Smellinckx-Oise-Tourisme-18-1200x800.jpg 1200w, https:\/\/www.creilsudoise-tourisme.fr\/wp-content\/uploads\/2025\/07\/Sculpture-sur-pierre-\u00a9-Smellinckx-Oise-Tourisme-18-600x400.jpg 600w, https:\/\/www.creilsudoise-tourisme.fr\/wp-content\/uploads\/2025\/07\/Sculpture-sur-pierre-\u00a9-Smellinckx-Oise-Tourisme-18-900x600.jpg 900w, https:\/\/www.creilsudoise-tourisme.fr\/wp-content\/uploads\/2025\/07\/Sculpture-sur-pierre-\u00a9-Smellinckx-Oise-Tourisme-18-1536x1024.jpg 1536w, https:\/\/www.creilsudoise-tourisme.fr\/wp-content\/uploads\/2025\/07\/Sculpture-sur-pierre-\u00a9-Smellinckx-Oise-Tourisme-18-18x12.jpg 18w, https:\/\/www.creilsudoise-tourisme.fr\/wp-content\/uploads\/2025\/07\/Sculpture-sur-pierre-\u00a9-Smellinckx-Oise-Tourisme-18-200x133.jpg 200w, https:\/\/www.creilsudoise-tourisme.fr\/wp-content\/uploads\/2025\/07\/Sculpture-sur-pierre-\u00a9-Smellinckx-Oise-Tourisme-18-650x433.jpg 650w, https:\/\/www.creilsudoise-tourisme.fr\/wp-content\/uploads\/2025\/07\/Sculpture-sur-pierre-\u00a9-Smellinckx-Oise-Tourisme-18-387x258.jpg 387w, https:\/\/www.creilsudoise-tourisme.fr\/wp-content\/uploads\/2025\/07\/Sculpture-sur-pierre-\u00a9-Smellinckx-Oise-Tourisme-18.jpg 1920w\" sizes=\"(max-width: 1200px) 100vw, 1200px\" \/><figcaption class=\"wp-element-caption\">Smellincks - Oise Tourisme<\/figcaption><\/figure>\n\n\n\n<hr class=\"wp-block-separator has-alpha-channel-opacity\"\/>\n\n\n\n<h2><strong>Need a hand? We're here (and we're friendly)<\/strong><\/h2>\n\n\n\n<p>Two people to contact depending on your needs:<\/p>\n\n\n\n<div class=\"is-layout-flex wp-container-5 wp-block-columns\">\n<div class=\"is-layout-flow wp-block-column is-vertically-aligned-center\" style=\"flex-basis:33.33%\">\n<figure class=\"wp-block-image size-large\"><img decoding=\"async\" loading=\"lazy\" width=\"1200\" height=\"1200\" data-src=\"https:\/\/www.creilsudoise-tourisme.fr\/wp-content\/uploads\/2025\/05\/Emilie-L-1200x1200.jpg\" alt=\"\" class=\"wp-image-62287\" data-srcset=\"https:\/\/www.creilsudoise-tourisme.fr\/wp-content\/uploads\/2025\/05\/Emilie-L-1200x1200.jpg 1200w, https:\/\/www.creilsudoise-tourisme.fr\/wp-content\/uploads\/2025\/05\/Emilie-L-600x600.jpg 600w, https:\/\/www.creilsudoise-tourisme.fr\/wp-content\/uploads\/2025\/05\/Emilie-L-300x300.jpg 300w, https:\/\/www.creilsudoise-tourisme.fr\/wp-content\/uploads\/2025\/05\/Emilie-L-900x900.jpg 900w, https:\/\/www.creilsudoise-tourisme.fr\/wp-content\/uploads\/2025\/05\/Emilie-L-1536x1536.jpg 1536w, https:\/\/www.creilsudoise-tourisme.fr\/wp-content\/uploads\/2025\/05\/Emilie-L-12x12.jpg 12w, https:\/\/www.creilsudoise-tourisme.fr\/wp-content\/uploads\/2025\/05\/Emilie-L-200x200.jpg 200w, https:\/\/www.creilsudoise-tourisme.fr\/wp-content\/uploads\/2025\/05\/Emilie-L-650x650.jpg 650w, https:\/\/www.creilsudoise-tourisme.fr\/wp-content\/uploads\/2025\/05\/Emilie-L-387x387.jpg 387w, https:\/\/www.creilsudoise-tourisme.fr\/wp-content\/uploads\/2025\/05\/Emilie-L.jpg 1920w\" sizes=\"(max-width: 1200px) 100vw, 1200px\" \/><\/figure>\n<\/div>\n\n\n\n<div class=\"is-layout-flow wp-block-column\" style=\"flex-basis:66.66%\">\n<h3>Emilie Laurentie<\/h3>\n\n\n\n<p><strong>Communications Officer<\/strong><\/p>\n\n\n\n<p><strong>Emilie <\/strong>is in charge of <strong>social networks<\/strong>the creation of <strong>contents <\/strong>(editorial, photos and videos) and the <strong>Newsletter for individuals.<\/strong><\/p>\n\n\n\n<p>03 75 19 01 72<\/p>\n\n\n\n<div class=\"is-layout-flex wp-block-buttons\">\n<div class=\"wp-block-button\"><a class=\"wp-block-button__link wp-element-button\" href=\"mailto:fr&#101;&#100;&#101;&#114;i&#113;&#117;&#101;&#64;&#99;&#114;e&#105;&#108;sudoi&#115;&#101;-t&#111;&#117;r&#105;sme.f&#114;\" target=\"_blank\" rel=\"noreferrer noopener\">Contact by mail<\/a><\/div>\n<\/div>\n<\/div>\n<\/div>\n\n\n\n<div class=\"is-layout-flex wp-container-9 wp-block-columns\">\n<div class=\"is-layout-flow wp-block-column is-vertically-aligned-center\" style=\"flex-basis:33.33%\">\n<figure class=\"wp-block-image size-large\"><img decoding=\"async\" loading=\"lazy\" width=\"1200\" height=\"1200\" data-src=\"https:\/\/www.creilsudoise-tourisme.fr\/wp-content\/uploads\/2025\/05\/Floriane-R-1200x1200.jpg\" alt=\"\" class=\"wp-image-62288\" data-srcset=\"https:\/\/www.creilsudoise-tourisme.fr\/wp-content\/uploads\/2025\/05\/Floriane-R-1200x1200.jpg 1200w, https:\/\/www.creilsudoise-tourisme.fr\/wp-content\/uploads\/2025\/05\/Floriane-R-600x600.jpg 600w, https:\/\/www.creilsudoise-tourisme.fr\/wp-content\/uploads\/2025\/05\/Floriane-R-300x300.jpg 300w, https:\/\/www.creilsudoise-tourisme.fr\/wp-content\/uploads\/2025\/05\/Floriane-R-900x900.jpg 900w, https:\/\/www.creilsudoise-tourisme.fr\/wp-content\/uploads\/2025\/05\/Floriane-R-1536x1536.jpg 1536w, https:\/\/www.creilsudoise-tourisme.fr\/wp-content\/uploads\/2025\/05\/Floriane-R-12x12.jpg 12w, https:\/\/www.creilsudoise-tourisme.fr\/wp-content\/uploads\/2025\/05\/Floriane-R-200x200.jpg 200w, https:\/\/www.creilsudoise-tourisme.fr\/wp-content\/uploads\/2025\/05\/Floriane-R-650x650.jpg 650w, https:\/\/www.creilsudoise-tourisme.fr\/wp-content\/uploads\/2025\/05\/Floriane-R-387x387.jpg 387w, https:\/\/www.creilsudoise-tourisme.fr\/wp-content\/uploads\/2025\/05\/Floriane-R.jpg 1920w\" sizes=\"(max-width: 1200px) 100vw, 1200px\" \/><\/figure>\n<\/div>\n\n\n\n<div class=\"is-layout-flow wp-block-column\" style=\"flex-basis:66.66%\">\n<h3>Floriane Riaudel<\/h3>\n\n\n\n<p><strong>Partner network coordinator<\/strong><\/p>\n\n\n\n<p><strong>Floriane <\/strong>is responsible for managing the<strong> Marketing Information System (MIS)<\/strong>a database containing information on <strong>entertainment and events <\/strong>taking place in the Creil Sud Oise area (and the wider Oise region).<\/p>\n\n\n\n<p>03 75 19 01 71<\/p>\n\n\n\n<div class=\"is-layout-flex wp-block-buttons\">\n<div class=\"wp-block-button\"><a class=\"wp-block-button__link wp-element-button\" href=\"mailto:&#102;l&#111;&#114;&#105;a&#110;&#101;&#64;c&#114;eil&#115;&#117;do&#105;&#115;e-tourisme.&#102;&#114;\" target=\"_blank\" rel=\"noreferrer noopener\">Contact by mail<\/a><\/div>\n<\/div>\n<\/div>\n<\/div>\n\n\n\n<hr class=\"wp-block-separator has-alpha-channel-opacity\"\/>","protected":false},"excerpt":{"rendered":"<p>Nous, \u00e0 l\u2019Office de Tourisme Creil Sud Oise, on adore les agendas bien remplis ! Pour que vos \u00e9v\u00e9nements, ateliers, offres et nouveaut\u00e9s ne passent pas inaper\u00e7us, aidez-nous \u00e0 les faire rayonner aupr\u00e8s du bon public, au bon moment. On cherche \u00e0 collecter un maximum d&rsquo;infos pour mieux vous valoriser. Les sujets qu\u2019on met en [&hellip;]<\/p>","protected":false},"author":3,"featured_media":0,"parent":38425,"menu_order":0,"comment_status":"closed","ping_status":"closed","template":"","meta":{"_relevanssi_hide_post":"","_relevanssi_hide_content":"","_relevanssi_pin_for_all":"","_relevanssi_pin_keywords":"","_relevanssi_unpin_keywords":"","_relevanssi_related_keywords":"","_relevanssi_related_include_ids":"","_relevanssi_related_exclude_ids":"","_relevanssi_related_no_append":"","_relevanssi_related_not_related":"","_relevanssi_related_posts":"41664,41684,41280,42153,40900,50806","_relevanssi_noindex_reason":""},"yoast_head":"<!-- This site is optimized with the Yoast SEO plugin v20.2.1 - https:\/\/yoast.com\/wordpress\/plugins\/seo\/ -->\n<title>Partenaires Tourisme \u2013 Diffusez vos \u00e9v\u00e9nements<\/title>\n<meta name=\"description\" content=\"Pro du tourisme \u00e0 Creil Sud Oise : diffusez vos offres, nouveaut\u00e9s, anecdotes. L&#039;Office de Tourisme vous aide \u00e0 gagner en visibilit\u00e9 !\" \/>\n<meta name=\"robots\" content=\"index, follow, max-snippet:-1, max-image-preview:large, max-video-preview:-1\" \/>\n<link rel=\"canonical\" href=\"https:\/\/www.creilsudoise-tourisme.fr\/en\/espace-pro\/call-for-projects\/your-actu\/\" \/>\n<meta property=\"og:locale\" content=\"en_GB\" \/>\n<meta property=\"og:type\" content=\"article\" \/>\n<meta property=\"og:title\" content=\"Partenaires Tourisme \u2013 Diffusez vos \u00e9v\u00e9nements\" \/>\n<meta property=\"og:description\" content=\"Pro du tourisme \u00e0 Creil Sud Oise : diffusez vos offres, nouveaut\u00e9s, anecdotes. L&#039;Office de Tourisme vous aide \u00e0 gagner en visibilit\u00e9 !\" \/>\n<meta property=\"og:url\" content=\"https:\/\/www.creilsudoise-tourisme.fr\/en\/espace-pro\/call-for-projects\/your-actu\/\" \/>\n<meta property=\"og:site_name\" content=\"Office de Tourisme Creil Sud Oise\" \/>\n<meta property=\"article:publisher\" content=\"https:\/\/www.facebook.com\/creilsudoisetourisme\/\" \/>\n<meta property=\"article:modified_time\" content=\"2025-07-25T13:03:36+00:00\" \/>\n<meta property=\"og:image\" content=\"https:\/\/www.creilsudoise-tourisme.fr\/wp-content\/uploads\/2025\/07\/Musee_Galle_Juillet-Creil-Escape_Game-Anne_Sophie_Flament_Ville_Creil-120-1200x800.jpg\" \/>\n<meta name=\"twitter:card\" content=\"summary_large_image\" \/>\n<meta name=\"twitter:site\" content=\"@CreilSudOiseOT\" \/>\n<meta name=\"twitter:label1\" content=\"Estimated reading time\" \/>\n\t<meta name=\"twitter:data1\" content=\"5 minutes\" \/>\n<script type=\"application\/ld+json\" class=\"yoast-schema-graph\">{\"@context\":\"https:\/\/schema.org\",\"@graph\":[{\"@type\":\"WebPage\",\"@id\":\"https:\/\/www.creilsudoise-tourisme.fr\/espace-pro\/appel-projet\/votre-actu\/\",\"url\":\"https:\/\/www.creilsudoise-tourisme.fr\/espace-pro\/appel-projet\/votre-actu\/\",\"name\":\"Partenaires Tourisme \u2013 Diffusez vos \u00e9v\u00e9nements\",\"isPartOf\":{\"@id\":\"https:\/\/www.creilsudoise-tourisme.fr\/#website\"},\"datePublished\":\"2025-07-25T10:49:13+00:00\",\"dateModified\":\"2025-07-25T13:03:36+00:00\",\"description\":\"Pro du tourisme \u00e0 Creil Sud Oise : diffusez vos offres, nouveaut\u00e9s, anecdotes. L'Office de Tourisme vous aide \u00e0 gagner en visibilit\u00e9 !\",\"breadcrumb\":{\"@id\":\"https:\/\/www.creilsudoise-tourisme.fr\/espace-pro\/appel-projet\/votre-actu\/#breadcrumb\"},\"inLanguage\":\"en-GB\",\"potentialAction\":[{\"@type\":\"ReadAction\",\"target\":[\"https:\/\/www.creilsudoise-tourisme.fr\/espace-pro\/appel-projet\/votre-actu\/\"]}]},{\"@type\":\"BreadcrumbList\",\"@id\":\"https:\/\/www.creilsudoise-tourisme.fr\/espace-pro\/appel-projet\/votre-actu\/#breadcrumb\",\"itemListElement\":[{\"@type\":\"ListItem\",\"position\":1,\"name\":\"Accueil\",\"item\":\"https:\/\/www.creilsudoise-tourisme.fr\/\"},{\"@type\":\"ListItem\",\"position\":2,\"name\":\"Espace pro\",\"item\":\"https:\/\/www.creilsudoise-tourisme.fr\/espace-pro\/\"},{\"@type\":\"ListItem\",\"position\":3,\"name\":\"Appels \u00e0 projets\",\"item\":\"https:\/\/www.creilsudoise-tourisme.fr\/espace-pro\/appel-projet\/\"},{\"@type\":\"ListItem\",\"position\":4,\"name\":\"Pro du tourisme : on vous met \u00e0 l&rsquo;affiche !\"}]},{\"@type\":\"WebSite\",\"@id\":\"https:\/\/www.creilsudoise-tourisme.fr\/#website\",\"url\":\"https:\/\/www.creilsudoise-tourisme.fr\/\",\"name\":\"Office de Tourisme Creil Sud Oise\",\"description\":\"Creil Sud Oise Tourisme, un territoire \u00e0 explorer !\",\"publisher\":{\"@id\":\"https:\/\/www.creilsudoise-tourisme.fr\/#organization\"},\"potentialAction\":[{\"@type\":\"SearchAction\",\"target\":{\"@type\":\"EntryPoint\",\"urlTemplate\":\"https:\/\/www.creilsudoise-tourisme.fr\/?s={search_term_string}\"},\"query-input\":\"required name=search_term_string\"}],\"inLanguage\":\"en-GB\"},{\"@type\":\"Organization\",\"@id\":\"https:\/\/www.creilsudoise-tourisme.fr\/#organization\",\"name\":\"Creil Sud Oise Tourisme\",\"url\":\"https:\/\/www.creilsudoise-tourisme.fr\/\",\"logo\":{\"@type\":\"ImageObject\",\"inLanguage\":\"en-GB\",\"@id\":\"https:\/\/www.creilsudoise-tourisme.fr\/#\/schema\/logo\/image\/\",\"url\":\"https:\/\/www.creilsudoise-tourisme.fr\/wp-content\/uploads\/2021\/05\/logo-svg.png\",\"contentUrl\":\"https:\/\/www.creilsudoise-tourisme.fr\/wp-content\/uploads\/2021\/05\/logo-svg.png\",\"width\":182,\"height\":71,\"caption\":\"Creil Sud Oise Tourisme\"},\"image\":{\"@id\":\"https:\/\/www.creilsudoise-tourisme.fr\/#\/schema\/logo\/image\/\"},\"sameAs\":[\"https:\/\/www.facebook.com\/creilsudoisetourisme\/\",\"https:\/\/twitter.com\/CreilSudOiseOT\",\"https:\/\/www.instagram.com\/creilsudoisetourisme\/\",\"https:\/\/www.youtube.com\/channel\/UC8L_QD2wwyADW14zt9fY8kw\"]}]}<\/script>\n<!-- \/ Yoast SEO plugin. -->","yoast_head_json":{"title":"Partenaires Tourisme \u2013 Diffusez vos \u00e9v\u00e9nements","description":"Pro du tourisme \u00e0 Creil Sud Oise : diffusez vos offres, nouveaut\u00e9s, anecdotes. L'Office de Tourisme vous aide \u00e0 gagner en visibilit\u00e9 !","robots":{"index":"index","follow":"follow","max-snippet":"max-snippet:-1","max-image-preview":"max-image-preview:large","max-video-preview":"max-video-preview:-1"},"canonical":"https:\/\/www.creilsudoise-tourisme.fr\/en\/espace-pro\/call-for-projects\/your-actu\/","og_locale":"en_GB","og_type":"article","og_title":"Partenaires Tourisme \u2013 Diffusez vos \u00e9v\u00e9nements","og_description":"Pro du tourisme \u00e0 Creil Sud Oise : diffusez vos offres, nouveaut\u00e9s, anecdotes. L'Office de Tourisme vous aide \u00e0 gagner en visibilit\u00e9 !","og_url":"https:\/\/www.creilsudoise-tourisme.fr\/en\/espace-pro\/call-for-projects\/your-actu\/","og_site_name":"Office de Tourisme Creil Sud Oise","article_publisher":"https:\/\/www.facebook.com\/creilsudoisetourisme\/","article_modified_time":"2025-07-25T13:03:36+00:00","og_image":[{"url":"https:\/\/www.creilsudoise-tourisme.fr\/wp-content\/uploads\/2025\/07\/Musee_Galle_Juillet-Creil-Escape_Game-Anne_Sophie_Flament_Ville_Creil-120-1200x800.jpg"}],"twitter_card":"summary_large_image","twitter_site":"@CreilSudOiseOT","twitter_misc":{"Estimated reading time":"5 minutes"},"schema":{"@context":"https:\/\/schema.org","@graph":[{"@type":"WebPage","@id":"https:\/\/www.creilsudoise-tourisme.fr\/espace-pro\/appel-projet\/votre-actu\/","url":"https:\/\/www.creilsudoise-tourisme.fr\/espace-pro\/appel-projet\/votre-actu\/","name":"Partenaires Tourisme \u2013 Diffusez vos \u00e9v\u00e9nements","isPartOf":{"@id":"https:\/\/www.creilsudoise-tourisme.fr\/#website"},"datePublished":"2025-07-25T10:49:13+00:00","dateModified":"2025-07-25T13:03:36+00:00","description":"Pro du tourisme \u00e0 Creil Sud Oise : diffusez vos offres, nouveaut\u00e9s, anecdotes. L'Office de Tourisme vous aide \u00e0 gagner en visibilit\u00e9 !","breadcrumb":{"@id":"https:\/\/www.creilsudoise-tourisme.fr\/espace-pro\/appel-projet\/votre-actu\/#breadcrumb"},"inLanguage":"en-GB","potentialAction":[{"@type":"ReadAction","target":["https:\/\/www.creilsudoise-tourisme.fr\/espace-pro\/appel-projet\/votre-actu\/"]}]},{"@type":"BreadcrumbList","@id":"https:\/\/www.creilsudoise-tourisme.fr\/espace-pro\/appel-projet\/votre-actu\/#breadcrumb","itemListElement":[{"@type":"ListItem","position":1,"name":"Accueil","item":"https:\/\/www.creilsudoise-tourisme.fr\/"},{"@type":"ListItem","position":2,"name":"Espace pro","item":"https:\/\/www.creilsudoise-tourisme.fr\/espace-pro\/"},{"@type":"ListItem","position":3,"name":"Appels \u00e0 projets","item":"https:\/\/www.creilsudoise-tourisme.fr\/espace-pro\/appel-projet\/"},{"@type":"ListItem","position":4,"name":"Pro du tourisme : on vous met \u00e0 l&rsquo;affiche !"}]},{"@type":"WebSite","@id":"https:\/\/www.creilsudoise-tourisme.fr\/#website","url":"https:\/\/www.creilsudoise-tourisme.fr\/","name":"Office de Tourisme Creil Sud Oise","description":"Creil Sud Oise Tourisme, un territoire \u00e0 explorer !","publisher":{"@id":"https:\/\/www.creilsudoise-tourisme.fr\/#organization"},"potentialAction":[{"@type":"SearchAction","target":{"@type":"EntryPoint","urlTemplate":"https:\/\/www.creilsudoise-tourisme.fr\/?s={search_term_string}"},"query-input":"required name=search_term_string"}],"inLanguage":"en-GB"},{"@type":"Organization","@id":"https:\/\/www.creilsudoise-tourisme.fr\/#organization","name":"Creil Sud Oise Tourisme","url":"https:\/\/www.creilsudoise-tourisme.fr\/","logo":{"@type":"ImageObject","inLanguage":"en-GB","@id":"https:\/\/www.creilsudoise-tourisme.fr\/#\/schema\/logo\/image\/","url":"https:\/\/www.creilsudoise-tourisme.fr\/wp-content\/uploads\/2021\/05\/logo-svg.png","contentUrl":"https:\/\/www.creilsudoise-tourisme.fr\/wp-content\/uploads\/2021\/05\/logo-svg.png","width":182,"height":71,"caption":"Creil Sud Oise Tourisme"},"image":{"@id":"https:\/\/www.creilsudoise-tourisme.fr\/#\/schema\/logo\/image\/"},"sameAs":["https:\/\/www.facebook.com\/creilsudoisetourisme\/","https:\/\/twitter.com\/CreilSudOiseOT","https:\/\/www.instagram.com\/creilsudoisetourisme\/","https:\/\/www.youtube.com\/channel\/UC8L_QD2wwyADW14zt9fY8kw"]}]}},"_links":{"self":[{"href":"https:\/\/www.creilsudoise-tourisme.fr\/en\/wp-json\/wp\/v2\/pages\/64155"}],"collection":[{"href":"https:\/\/www.creilsudoise-tourisme.fr\/en\/wp-json\/wp\/v2\/pages"}],"about":[{"href":"https:\/\/www.creilsudoise-tourisme.fr\/en\/wp-json\/wp\/v2\/types\/page"}],"author":[{"embeddable":true,"href":"https:\/\/www.creilsudoise-tourisme.fr\/en\/wp-json\/wp\/v2\/users\/3"}],"replies":[{"embeddable":true,"href":"https:\/\/www.creilsudoise-tourisme.fr\/en\/wp-json\/wp\/v2\/comments?post=64155"}],"version-history":[{"count":7,"href":"https:\/\/www.creilsudoise-tourisme.fr\/en\/wp-json\/wp\/v2\/pages\/64155\/revisions"}],"predecessor-version":[{"id":64181,"href":"https:\/\/www.creilsudoise-tourisme.fr\/en\/wp-json\/wp\/v2\/pages\/64155\/revisions\/64181"}],"up":[{"embeddable":true,"href":"https:\/\/www.creilsudoise-tourisme.fr\/en\/wp-json\/wp\/v2\/pages\/38425"}],"wp:attachment":[{"href":"https:\/\/www.creilsudoise-tourisme.fr\/en\/wp-json\/wp\/v2\/media?parent=64155"}],"curies":[{"name":"wp","href":"https:\/\/api.w.org\/{rel}","templated":true}]}}